{"id":29,"date":"2019-07-03T18:16:09","date_gmt":"2019-07-03T16:16:09","guid":{"rendered":"https:\/\/www.oaxaca.gob.mx\/gobiernoabierto\/?page_id=29"},"modified":"2021-03-02T13:11:13","modified_gmt":"2021-03-02T19:11:13","slug":"estructura-organica","status":"publish","type":"page","link":"https:\/\/www.oaxaca.gob.mx\/transparencia\/estructura-organica\/","title":{"rendered":"Estructuras"},"content":{"rendered":"\n<img loading=\"lazy\" decoding=\"async\" class=\"alignnone size-medium wp-image-1275\" src=\"https:\/\/www.oaxaca.gob.mx\/transparencia\/wp-content\/uploads\/sites\/3\/2020\/03\/ESTRUCTURA-ORGANICA-300x27.jpg\" alt=\"\" width=\"1111\" height=\"100\" srcset=\"https:\/\/www.oaxaca.gob.mx\/transparencia\/wp-content\/uploads\/sites\/3\/2020\/03\/ESTRUCTURA-ORGANICA-300x27.jpg 300w, https:\/\/www.oaxaca.gob.mx\/transparencia\/wp-content\/uploads\/sites\/3\/2020\/03\/ESTRUCTURA-ORGANICA-1024x92.jpg 1024w, https:\/\/www.oaxaca.gob.mx\/transparencia\/wp-content\/uploads\/sites\/3\/2020\/03\/ESTRUCTURA-ORGANICA-768x69.jpg 768w, https:\/\/www.oaxaca.gob.mx\/transparencia\/wp-content\/uploads\/sites\/3\/2020\/03\/ESTRUCTURA-ORGANICA-1536x139.jpg 1536w, https:\/\/www.oaxaca.gob.mx\/transparencia\/wp-content\/uploads\/sites\/3\/2020\/03\/ESTRUCTURA-ORGANICA-2048x185.jpg 2048w\" sizes=\"auto, (max-width: 1111px) 100vw, 1111px\" \/><\/p>\n<nav style=\"margin-bottom: 30px\">\n<div id=\"nav-tab\" class=\"nav nav-tabs\" role=\"tablist\"><a id=\"nav_tab_uno\" class=\"nav-item nav-link active\" role=\"tab\" href=\"#nav_uno\" data-toggle=\"tab\">Dependencias<\/a><br \/>\n<a id=\"nav_tab_dos\" class=\"nav-item nav-link\" role=\"tab\" href=\"#nav_dos\" data-toggle=\"tab\">Entidades<\/a><br \/>\n<a id=\"nav_tab_tres\" class=\"nav-item nav-link\" role=\"tab\" href=\"#nav_tres\" data-toggle=\"tab\">\u00d3rganos Desconcentrados<\/a><br \/>\n<a id=\"nav_tab_cuatro\" class=\"nav-item nav-link\" role=\"tab\" href=\"#nav_cuatro\" data-toggle=\"tab\">\u00d3rganos Auxiliares<\/a><br \/>\n<a id=\"nav_tab_cinco\" class=\"nav-item nav-link\" role=\"tab\" href=\"#nav_cinco\" data-toggle=\"tab\">Juntas<\/a><\/div>\n<\/nav>\n<div id=\"nav-tabContent\" class=\"tab-content\">\n<div id=\"nav_uno\" class=\"tab-pane fade show active\" role=\"tabpanel\" aria-labelledby=\"nav_tab_uno\">\n<table id=\"tablepress-2\" class=\"tablepress tablepress-id-2\">\n<thead>\n<tr class=\"row-1\">\n\t<th class=\"column-1\">Nombre<\/th><th class=\"column-2\">Descargar<\/th>\n<\/tr>\n<\/thead>\n<tbody class=\"row-striping row-hover\">\n<tr class=\"row-2\">\n\t<td class=\"column-1\">Secretar\u00eda de Administraci\u00f3n<\/td><td class=\"column-2\"><a target=\"_blank\" href=\"\/gobiernoabierto\/wp-content\/uploads\/sites\/52\/2019\/08\/2_SADMON.pdf\"><i class=\"far fa-file-pdf fa-2x\">&nbsp;<\/i><\/a><\/td>\n<\/tr>\n<tr class=\"row-3\">\n\t<td class=\"column-1\">Secretar\u00eda de Pueblos Ind\u00edgenas y Afromexicano<\/td><td class=\"column-2\"><a target=\"_blank\" href=\"\/gobiernoabierto\/wp-content\/uploads\/sites\/52\/2019\/08\/3_SEPIA.pdf\"><i class=\"far fa-file-pdf fa-2x\">&nbsp;<\/i><\/a><\/td>\n<\/tr>\n<tr class=\"row-4\">\n\t<td class=\"column-1\">Secretar\u00eda de Desarrollo Agropecuario, Pesca y Acuacultura<\/td><td class=\"column-2\"><a target=\"_blank\" href=\"\/gobiernoabierto\/wp-content\/uploads\/sites\/52\/2019\/08\/4_SEDAPA.pdf\"><i class=\"far fa-file-pdf fa-2x\">&nbsp;<\/i><\/a><\/td>\n<\/tr>\n<tr class=\"row-5\">\n\t<td class=\"column-1\">Secretar\u00eda de Desarrollo Social y Humano<\/td><td class=\"column-2\"><a target=\"_blank\" href=\"\/gobiernoabierto\/wp-content\/uploads\/sites\/52\/2019\/08\/5_SEDESOH.pdf\"><i class=\"far fa-file-pdf fa-2x\">&nbsp;<\/i><\/a><\/td>\n<\/tr>\n<tr class=\"row-6\">\n\t<td class=\"column-1\">Secretar\u00eda de Finanzas<\/td><td class=\"column-2\"><a target=\"_blank\" href=\"\/gobiernoabierto\/wp-content\/uploads\/sites\/52\/2019\/08\/6_SEFIN.pdf\"><i class=\"far fa-file-pdf fa-2x\">&nbsp;<\/i><\/a><\/td>\n<\/tr>\n<tr class=\"row-7\">\n\t<td class=\"column-1\">Secretar\u00eda de la Contralor\u00eda y Transparencia Gubernamental<\/td><td class=\"column-2\"><a target=\"_blank\" href=\"\/gobiernoabierto\/wp-content\/uploads\/sites\/52\/2019\/08\/7_SCYTG.pdf\"><i class=\"far fa-file-pdf fa-2x\">&nbsp;<\/i><\/a><\/td>\n<\/tr>\n<tr class=\"row-8\">\n\t<td class=\"column-1\">Secretar\u00eda de las Culturas y Artes de Oaxaca<\/td><td class=\"column-2\"><a target=\"_blank\" href=\"\/gobiernoabierto\/wp-content\/uploads\/sites\/52\/2019\/08\/8_SECULTA.pdf\"><i class=\"far fa-file-pdf fa-2x\">&nbsp;<\/i><\/a><\/td>\n<\/tr>\n<tr class=\"row-9\">\n\t<td class=\"column-1\">Secretar\u00eda de las Infraestructuras y el Ordenamiento Territorial sustentable<\/td><td class=\"column-2\"><a target=\"_blank\" href=\"\/gobiernoabierto\/wp-content\/uploads\/sites\/52\/2019\/08\/9_SINFRA.pdf\"><i class=\"far fa-file-pdf fa-2x\">&nbsp;<\/i><\/a><\/td>\n<\/tr>\n<tr class=\"row-10\">\n\t<td class=\"column-1\">Secretar\u00eda de Seguridad P\u00fablica<\/td><td class=\"column-2\"><a target=\"_blank\" href=\"\/gobiernoabierto\/wp-content\/uploads\/sites\/52\/2019\/08\/10_SEGURIDAD_PUBLICA.pdf\"><i class=\"far fa-file-pdf fa-2x\">&nbsp;<\/i><\/a><\/td>\n<\/tr>\n<tr class=\"row-11\">\n\t<td class=\"column-1\">Secretar\u00eda de Econom\u00eda<\/td><td class=\"column-2\"><a target=\"_blank\" href=\"\/gobiernoabierto\/wp-content\/uploads\/sites\/52\/2019\/08\/11_ECONOMIA.pdf\"><i class=\"far fa-file-pdf fa-2x\">&nbsp;<\/i><\/a><\/td>\n<\/tr>\n<tr class=\"row-12\">\n\t<td class=\"column-1\">Secretar\u00eda de Turismo<\/td><td class=\"column-2\"><a target=\"_blank\" href=\"\/gobiernoabierto\/wp-content\/uploads\/sites\/52\/2019\/08\/12_SECTUR.pdf\"><i class=\"far fa-file-pdf fa-2x\">&nbsp;<\/i><\/a><\/td>\n<\/tr>\n<tr class=\"row-13\">\n\t<td class=\"column-1\">Secretar\u00eda de la Mujer Oaxaque\u00f1a<\/td><td class=\"column-2\"><a target=\"_blank\" href=\"\/gobiernoabierto\/wp-content\/uploads\/sites\/52\/2019\/08\/13_MUJER_OAXAQUE\u00d1A.pdf\"><i class=\"far fa-file-pdf fa-2x\">&nbsp;<\/i><\/a><\/td>\n<\/tr>\n<tr class=\"row-14\">\n\t<td class=\"column-1\">Secretar\u00eda de Movilidad<\/td><td class=\"column-2\"><a target=\"_blank\" href=\"\/gobiernoabierto\/wp-content\/uploads\/sites\/52\/2019\/08\/14_SEMOVI.pdf\"><i class=\"far fa-file-pdf fa-2x\">&nbsp;<\/i><\/a><\/td>\n<\/tr>\n<tr class=\"row-15\">\n\t<td class=\"column-1\">Secretar\u00eda General de Gobierno<\/td><td class=\"column-2\"><a target=\"_blank\" href=\"\/gobiernoabierto\/wp-content\/uploads\/sites\/52\/2019\/08\/15_SEGEGO.pdf\"><i class=\"far fa-file-pdf fa-2x\">&nbsp;<\/i><\/a><\/td>\n<\/tr>\n<tr class=\"row-16\">\n\t<td class=\"column-1\">Secretar\u00eda del Medio Ambiente, Energ\u00edas y Desarrollo Sustentable<\/td><td class=\"column-2\"><a target=\"_blank\" href=\"\/gobiernoabierto\/wp-content\/uploads\/sites\/52\/2019\/08\/16_SEMAEDESO.pdf\"><i class=\"far fa-file-pdf fa-2x\">&nbsp;<\/i><\/a><\/td>\n<\/tr>\n<tr class=\"row-17\">\n\t<td class=\"column-1\">Consejer\u00eda Jur\u00eddica del Gobierno del Estado<\/td><td class=\"column-2\"><a target=\"_blank\" href=\"\/gobiernoabierto\/wp-content\/uploads\/sites\/52\/2019\/08\/17_CONSEJERIA_JURIDICA.pdf\"><i class=\"far fa-file-pdf fa-2x\">&nbsp;<\/i><\/a><\/td>\n<\/tr>\n<tr class=\"row-18\">\n\t<td class=\"column-1\">Coordinaci\u00f3n General del Comit\u00e9 Estatal de Planeaci\u00f3n para el Desarrollo de Oaxaca<\/td><td class=\"column-2\"><a target=\"_blank\" href=\"\/gobiernoabierto\/wp-content\/uploads\/sites\/52\/2019\/08\/18_COPLADE.pdf\"><i class=\"far fa-file-pdf fa-2x\">&nbsp;<\/i><\/a><\/td>\n<\/tr>\n<tr class=\"row-19\">\n\t<td class=\"column-1\">Gubernatura<\/td><td class=\"column-2\"><a target=\"_blank\" href=\"\/gobiernoabierto\/wp-content\/uploads\/sites\/52\/2019\/08\/1_GUBERNATURA.pdf\"><i class=\"far fa-file-pdf fa-2x\">&nbsp;<\/i><\/a><\/td>\n<\/tr>\n<\/tbody>\n<\/table>\n<!-- #tablepress-2 from cache --><\/div>\n<div id=\"nav_dos\" class=\"tab-pane fade\" role=\"tabpanel\" aria-labelledby=\"nav_tab_dos\">\n<table id=\"tablepress-3\" class=\"tablepress tablepress-id-3\">\n<thead>\n<tr class=\"row-1\">\n\t<th class=\"column-1\">Nombre<\/th><th class=\"column-2\">Descargar<\/th>\n<\/tr>\n<\/thead>\n<tbody class=\"row-striping row-hover\">\n<tr class=\"row-2\">\n\t<td class=\"column-1\">Caminos y Aeropistas de Oaxaca<\/td><td class=\"column-2\"><a target=\"_blank\" href=\"\/gobiernoabierto\/wp-content\/uploads\/sites\/52\/2019\/08\/1_CAO.pdf\" rel=\"noopener noreferrer\"><i class=\"far fa-file-pdf fa-2x\">&nbsp;<\/i><\/a><\/td>\n<\/tr>\n<tr class=\"row-3\">\n\t<td class=\"column-1\">Casa de la Cultura<\/td><td class=\"column-2\"><a target=\"_blank\" href=\"\/gobiernoabierto\/wp-content\/uploads\/sites\/52\/2019\/08\/2_CCO.pdf\" rel=\"noopener noreferrer\"><i class=\"far fa-file-pdf fa-2x\">&nbsp;<\/i><\/a><\/td>\n<\/tr>\n<tr class=\"row-4\">\n\t<td class=\"column-1\">Centro de las Artes de San Agust\u00edn<\/td><td class=\"column-2\"><a target=\"_blank\" href=\"\/gobiernoabierto\/wp-content\/uploads\/sites\/52\/2019\/08\/3_CASA.pdf\" rel=\"noopener noreferrer\"><i class=\"far fa-file-pdf fa-2x\">&nbsp;<\/i><\/a><br \/>\n\t\t\t\t\t\t  <\/td>\n<\/tr>\n<tr class=\"row-5\">\n\t<td class=\"column-1\">Colegio de Bachilleres del Estado de Oaxaca<\/td><td class=\"column-2\"><a target=\"_blank\" href=\"\/gobiernoabierto\/wp-content\/uploads\/sites\/52\/2019\/08\/4_COBAO.pdf\" rel=\"noopener noreferrer\"><i class=\"far fa-file-pdf fa-2x\">&nbsp;<\/i><\/a><\/td>\n<\/tr>\n<tr class=\"row-6\">\n\t<td class=\"column-1\">Colegio de Estudios Cient\u00edficos y Tecnol\u00f3gicos del Estado de Oaxaca<\/td><td class=\"column-2\"><a target=\"_blank\" href=\"\/gobiernoabierto\/wp-content\/uploads\/sites\/52\/2019\/08\/5_CECYTEO.pdf\" rel=\"noopener noreferrer\"><i class=\"far fa-file-pdf fa-2x\">&nbsp;<\/i><\/a><\/td>\n<\/tr>\n<tr class=\"row-7\">\n\t<td class=\"column-1\">Colegio Superior para la Educaci\u00f3n Integral Intercultural de Oaxaca<\/td><td class=\"column-2\"><a target=\"_blank\" href=\"\/gobiernoabierto\/wp-content\/uploads\/sites\/52\/2019\/08\/6_CESEIIO.pdf\" rel=\"noopener noreferrer\"><i class=\"far fa-file-pdf fa-2x\">&nbsp;<\/i><\/a><\/td>\n<\/tr>\n<tr class=\"row-8\">\n\t<td class=\"column-1\">Comisi\u00f3n Estatal de Cultura F\u00edsica y Deporte<\/td><td class=\"column-2\"><a target=\"_blank\" href=\"\/gobiernoabierto\/wp-content\/uploads\/sites\/52\/2019\/08\/7_CECUDE.pdf\" rel=\"noopener noreferrer\"><i class=\"far fa-file-pdf fa-2x\">&nbsp;<\/i><\/a><\/td>\n<\/tr>\n<tr class=\"row-9\">\n\t<td class=\"column-1\">Comisi\u00f3n Estatal de Vivienda<\/td><td class=\"column-2\"><a target=\"_blank\" href=\"\/gobiernoabierto\/wp-content\/uploads\/sites\/52\/2019\/08\/8_CEVI.pdf\" rel=\"noopener noreferrer\"><i class=\"far fa-file-pdf fa-2x\">&nbsp;<\/i><\/a><br \/>\n\t\t\t\t\t\t  <\/td>\n<\/tr>\n<tr class=\"row-10\">\n\t<td class=\"column-1\">Comisi\u00f3n Estatal del Agua<\/td><td class=\"column-2\"><a target=\"_blank\" href=\"\/gobiernoabierto\/wp-content\/uploads\/sites\/52\/2019\/08\/9_CEA.pdf\" rel=\"noopener noreferrer\"><i class=\"far fa-file-pdf fa-2x\">&nbsp;<\/i><\/a><\/td>\n<\/tr>\n<tr class=\"row-11\">\n\t<td class=\"column-1\">Comisi\u00f3n Estatal Forestal<\/td><td class=\"column-2\"><a target=\"_blank\" href=\"\/gobiernoabierto\/wp-content\/uploads\/sites\/52\/2019\/08\/10_COESFO.pdf\" rel=\"noopener noreferrer\"><i class=\"far fa-file-pdf fa-2x\">&nbsp;<\/i><\/a><br \/>\n\t\t\t\t\t\t  <\/td>\n<\/tr>\n<tr class=\"row-12\">\n\t<td class=\"column-1\">Comisi\u00f3n Estatal para la Planeaci\u00f3n de la Educaci\u00f3n Superior en el Estado de Oaxaca<\/td><td class=\"column-2\"><a target=\"_blank\" href=\"\/gobiernoabierto\/wp-content\/uploads\/sites\/52\/2019\/08\/11_COEPES.pdf\" rel=\"noopener noreferrer\"><i class=\"far fa-file-pdf fa-2x\">&nbsp;<\/i><\/a><\/td>\n<\/tr>\n<tr class=\"row-13\">\n\t<td class=\"column-1\">Comisi\u00f3n Estatal para la Planeaci\u00f3n y Programaci\u00f3n de la Educaci\u00f3n Media Superior del Estado de Oaxaca<\/td><td class=\"column-2\"><a target=\"_blank\" href=\"\/gobiernoabierto\/wp-content\/uploads\/sites\/52\/2019\/08\/12_CEPPEMS.pdf\" rel=\"noopener noreferrer\"><i class=\"far fa-file-pdf fa-2x\">&nbsp;<\/i><\/a><\/td>\n<\/tr>\n<tr class=\"row-14\">\n\t<td class=\"column-1\">Comisi\u00f3n para la Regularizaci\u00f3n de la Tenencia de la Tierra Urbana del Estado de Oaxaca<\/td><td class=\"column-2\"><a target=\"_blank\" href=\"\/gobiernoabierto\/wp-content\/uploads\/sites\/52\/2019\/08\/13_CORETURO.pdf\" rel=\"noopener noreferrer\"><i class=\"far fa-file-pdf fa-2x\">&nbsp;<\/i><\/a><\/td>\n<\/tr>\n<tr class=\"row-15\">\n\t<td class=\"column-1\">Consejo Estatal para la Prevenci\u00f3n y Control del Sida<\/td><td class=\"column-2\"><a target=\"_blank\" href=\"\/gobiernoabierto\/wp-content\/uploads\/sites\/52\/2019\/08\/14_COESIDA.pdf\" rel=\"noopener noreferrer\"><i class=\"far fa-file-pdf fa-2x\">&nbsp;<\/i><\/a><\/td>\n<\/tr>\n<tr class=\"row-16\">\n\t<td class=\"column-1\">Consejo Oaxaque\u00f1o de Ciencia, Tecnolog\u00eda e Innovaci\u00f3n<\/td><td class=\"column-2\"><a target=\"_blank\" href=\"\/gobiernoabierto\/wp-content\/uploads\/sites\/52\/2019\/08\/15_COCITEI.pdf\" rel=\"noopener noreferrer\"><i class=\"far fa-file-pdf fa-2x\">&nbsp;<\/i><\/a><\/td>\n<\/tr>\n<tr class=\"row-17\">\n\t<td class=\"column-1\">Coordinaci\u00f3n Estatal de Protecci\u00f3n Civil de Oaxaca<\/td><td class=\"column-2\"><a target=\"_blank\" href=\"\/gobiernoabierto\/wp-content\/uploads\/sites\/52\/2019\/08\/16_PROTECCION CIVIL.pdf\" rel=\"noopener noreferrer\"><i class=\"far fa-file-pdf fa-2x\">&nbsp;<\/i><\/a><\/td>\n<\/tr>\n<tr class=\"row-18\">\n\t<td class=\"column-1\">Corporaci\u00f3n Oaxaque\u00f1a de Radio y Televisi\u00f3n<\/td><td class=\"column-2\"><a target=\"_blank\" href=\"\/gobiernoabierto\/wp-content\/uploads\/sites\/52\/2019\/08\/17_CORTV.pdf\" rel=\"noopener noreferrer\"><i class=\"far fa-file-pdf fa-2x\">&nbsp;<\/i><\/a><\/td>\n<\/tr>\n<tr class=\"row-19\">\n\t<td class=\"column-1\">Defensor\u00eda P\u00fablica del Estado de Oaxaca<\/td><td class=\"column-2\"><a target=\"_blank\" href=\"\/gobiernoabierto\/wp-content\/uploads\/sites\/52\/2019\/08\/18_DEFENSORIA_PUBLICA.pdf\" rel=\"noopener noreferrer\"><i class=\"far fa-file-pdf fa-2x\">&nbsp;<\/i><\/a><\/td>\n<\/tr>\n<tr class=\"row-20\">\n\t<td class=\"column-1\">Direcci\u00f3n General de Poblaci\u00f3n de Oaxaca<\/td><td class=\"column-2\"><a target=\"_blank\" href=\"\/gobiernoabierto\/wp-content\/uploads\/sites\/52\/2019\/08\/19_DIGEPO.pdf\" rel=\"noopener noreferrer\"><i class=\"far fa-file-pdf fa-2x\">&nbsp;<\/i><\/a><\/td>\n<\/tr>\n<tr class=\"row-21\">\n\t<td class=\"column-1\">Fideicomiso de Fomento para el Estado de Oaxaca<\/td><td class=\"column-2\"><a target=\"_blank\" href=\"\/gobiernoabierto\/wp-content\/uploads\/sites\/52\/2019\/08\/21_FIFEO.pdf\" rel=\"noopener noreferrer\"><i class=\"far fa-file-pdf fa-2x\">&nbsp;<\/i><\/a>\t\t\t\t\t  <br \/>\n\t\t\t\t\t\t  <\/td>\n<\/tr>\n<tr class=\"row-22\">\n\t<td class=\"column-1\">Fideicomiso para el Desarrollo Log\u00edstico del Estado de Oaxaca<\/td><td class=\"column-2\"><a target=\"_blank\" href=\"\/gobiernoabierto\/wp-content\/uploads\/sites\/52\/2019\/08\/20_FIDELO.pdf\" rel=\"noopener noreferrer\"><i class=\"far fa-file-pdf fa-2x\">&nbsp;<\/i><\/a><\/td>\n<\/tr>\n<tr class=\"row-23\">\n\t<td class=\"column-1\">Hospital de la Ni\u00f1ez Oaxaque\u00f1a<\/td><td class=\"column-2\"><a target=\"_blank\" href=\"\/gobiernoabierto\/wp-content\/uploads\/sites\/52\/2019\/08\/22_HNO.pdf\" rel=\"noopener noreferrer\"><i class=\"far fa-file-pdf fa-2x\">&nbsp;<\/i><\/a><\/td>\n<\/tr>\n<tr class=\"row-24\">\n\t<td class=\"column-1\">Instituto de Capacitaci\u00f3n y Productividad para el Trabajo del Estado de Oaxaca<\/td><td class=\"column-2\"><a target=\"_blank\" href=\"\/gobiernoabierto\/wp-content\/uploads\/sites\/52\/2019\/08\/23_ICAPET.pdf\" rel=\"noopener noreferrer\"><i class=\"far fa-file-pdf fa-2x\">&nbsp;<\/i><\/a><\/td>\n<\/tr>\n<tr class=\"row-25\">\n\t<td class=\"column-1\">Instituto de Estudios de Bachillerato del Estado de Oaxaca<\/td><td class=\"column-2\"><a target=\"_blank\" href=\"\/gobiernoabierto\/wp-content\/uploads\/sites\/52\/2019\/08\/24_IEBO.pdf\" rel=\"noopener noreferrer\"><i class=\"far fa-file-pdf fa-2x\">&nbsp;<\/i><\/a><\/td>\n<\/tr>\n<tr class=\"row-26\">\n\t<td class=\"column-1\">Instituto de la Juventud del Estado de Oaxaca<\/td><td class=\"column-2\"><a target=\"_blank\" href=\"\/gobiernoabierto\/wp-content\/uploads\/sites\/52\/2019\/08\/25_INJEO.pdf\" rel=\"noopener noreferrer\"><i class=\"far fa-file-pdf fa-2x\">&nbsp;<\/i><\/a><\/td>\n<\/tr>\n<tr class=\"row-27\">\n\t<td class=\"column-1\">Instituto de la Funci\u00f3n Registral del Estado de Oaxaca<\/td><td class=\"column-2\"><a target=\"_blank\" href=\"\/gobiernoabierto\/wp-content\/uploads\/sites\/52\/2019\/08\/26_INSTITUTO_FUNCI\u00d3N_REGISTRAL.pdf\" rel=\"noopener noreferrer\"><i class=\"far fa-file-pdf fa-2x\">&nbsp;<\/i><\/a><\/td>\n<\/tr>\n<tr class=\"row-28\">\n\t<td class=\"column-1\">Instituto del Patrimonio Cultural del estado de Oaxaca<\/td><td class=\"column-2\"><a target=\"_blank\" href=\"\/gobiernoabierto\/wp-content\/uploads\/sites\/52\/2019\/08\/27_INPAC.pdf\" rel=\"noopener noreferrer\"><i class=\"far fa-file-pdf fa-2x\">&nbsp;<\/i><\/a><\/td>\n<\/tr>\n<tr class=\"row-29\">\n\t<td class=\"column-1\">Instituto Estatal de Educaci\u00f3n para Adultos<\/td><td class=\"column-2\"><a target=\"_blank\" href=\"\/gobiernoabierto\/wp-content\/uploads\/sites\/52\/2019\/08\/28_IEEA.pdf\" rel=\"noopener noreferrer\"><i class=\"far fa-file-pdf fa-2x\">&nbsp;<\/i><\/a><\/td>\n<\/tr>\n<tr class=\"row-30\">\n\t<td class=\"column-1\">Instituto Estatal de Educaci\u00f3n P\u00fablica de Oaxaca<\/td><td class=\"column-2\"><a target=\"_blank\" href=\"\/gobiernoabierto\/wp-content\/uploads\/sites\/52\/2019\/08\/29_IEEPO.pdf\" rel=\"noopener noreferrer\"><i class=\"far fa-file-pdf fa-2x\">&nbsp;<\/i><\/a><\/td>\n<\/tr>\n<tr class=\"row-31\">\n\t<td class=\"column-1\">Instituto Oaxaque\u00f1o Constructor de Infraestructura F\u00edsica Educativa<\/td><td class=\"column-2\"><a target=\"_blank\" href=\"\/gobiernoabierto\/wp-content\/uploads\/sites\/52\/2019\/08\/30_IOCIFED.pdf\" rel=\"noopener noreferrer\"><i class=\"far fa-file-pdf fa-2x\">&nbsp;<\/i><\/a><\/td>\n<\/tr>\n<tr class=\"row-32\">\n\t<td class=\"column-1\">Instituto Oaxaque\u00f1o de Atenci\u00f3n al Migrante<\/td><td class=\"column-2\"><a target=\"_blank\" href=\"\/gobiernoabierto\/wp-content\/uploads\/sites\/52\/2019\/08\/31_IOAM.pdf\" rel=\"noopener noreferrer\"><i class=\"far fa-file-pdf fa-2x\">&nbsp;<\/i><\/a><\/td>\n<\/tr>\n<tr class=\"row-33\">\n\t<td class=\"column-1\">Instituto Oaxaque\u00f1o de las Artesan\u00edas<\/td><td class=\"column-2\"><a target=\"_blank\" href=\"\/gobiernoabierto\/wp-content\/uploads\/sites\/52\/2019\/08\/32_IOA.pdf\" rel=\"noopener noreferrer\"><i class=\"far fa-file-pdf fa-2x\">&nbsp;<\/i><\/a><\/td>\n<\/tr>\n<tr class=\"row-34\">\n\t<td class=\"column-1\">Instituto Oaxaque\u00f1o del Emprendedor y la Competitividad<\/td><td class=\"column-2\"><a target=\"_blank\" href=\"\/gobiernoabierto\/wp-content\/uploads\/sites\/52\/2019\/08\/33_INSTITUTO_DEL_EMPRENDEDOR_Y_LA_COMPETITIVIDAD.pdf\" rel=\"noopener noreferrer\"><i class=\"far fa-file-pdf fa-2x\">&nbsp;<\/i><\/a><\/td>\n<\/tr>\n<tr class=\"row-35\">\n\t<td class=\"column-1\">Instituto Tecnol\u00f3gico Superior de San Miguel el Grande<\/td><td class=\"column-2\"><a target=\"_blank\" href=\"\/gobiernoabierto\/wp-content\/uploads\/sites\/52\/2019\/08\/34_ITSMIGRA.pdf\" rel=\"noopener noreferrer\"><i class=\"far fa-file-pdf fa-2x\">&nbsp;<\/i><\/a><\/td>\n<\/tr>\n<tr class=\"row-36\">\n\t<td class=\"column-1\">Instituto Tecnol\u00f3gico Superior de Teposcolula<\/td><td class=\"column-2\"><a target=\"_blank\" href=\"\/gobiernoabierto\/wp-content\/uploads\/sites\/52\/2019\/08\/35_TEPOSCOLULA.pdf\" rel=\"noopener noreferrer\"><i class=\"far fa-file-pdf fa-2x\">&nbsp;<\/i><\/a><\/td>\n<\/tr>\n<tr class=\"row-37\">\n\t<td class=\"column-1\">Monte de Piedad del Estado de Oaxaca<\/td><td class=\"column-2\"><a target=\"_blank\" href=\"\/gobiernoabierto\/wp-content\/uploads\/sites\/52\/2019\/08\/36_MONTE_DE_PIEDAD.pdf\" rel=\"noopener noreferrer\"><i class=\"far fa-file-pdf fa-2x\">&nbsp;<\/i><\/a><\/td>\n<\/tr>\n<tr class=\"row-38\">\n\t<td class=\"column-1\">Oficina de Convenciones y Visitantes de Oaxaca \u201cOCV OAXACA\u201d<\/td><td class=\"column-2\"><a target=\"_blank\" href=\"\/gobiernoabierto\/wp-content\/uploads\/sites\/52\/2019\/08\/38_OCV.pdf\" rel=\"noopener noreferrer\"><i class=\"far fa-file-pdf fa-2x\">&nbsp;<\/i><\/a><\/td>\n<\/tr>\n<tr class=\"row-39\">\n\t<td class=\"column-1\">Oficina de Pensiones de Oaxaca<\/td><td class=\"column-2\"><a target=\"_blank\" href=\"\/gobiernoabierto\/wp-content\/uploads\/sites\/52\/2019\/08\/39_OFICINA_DE_PENSIONES.pdf\" rel=\"noopener noreferrer\"><i class=\"far fa-file-pdf fa-2x\">&nbsp;<\/i><\/a><\/td>\n<\/tr>\n<tr class=\"row-40\">\n\t<td class=\"column-1\">R\u00e9gimen Estatal de Protecci\u00f3n Social en Salud del Estado de Oaxaca<\/td><td class=\"column-2\"><a target=\"_blank\" href=\"\/gobiernoabierto\/wp-content\/uploads\/sites\/52\/2019\/08\/40_REPSS.pdf\" rel=\"noopener noreferrer\"><i class=\"far fa-file-pdf fa-2x\">&nbsp;<\/i><\/a><\/td>\n<\/tr>\n<tr class=\"row-41\">\n\t<td class=\"column-1\">Secretar\u00eda Ejecutiva del Sistema Estatal de Combate a la Corrupci\u00f3n<\/td><td class=\"column-2\"><a target=\"_blank\" href=\"\/gobiernoabierto\/wp-content\/uploads\/sites\/52\/2019\/08\/41_CORRUPCION.pdf\" rel=\"noopener noreferrer\"><i class=\"far fa-file-pdf fa-2x\">&nbsp;<\/i><\/a><\/td>\n<\/tr>\n<tr class=\"row-42\">\n\t<td class=\"column-1\">Servicios de Agua  Potable y Alcantarillado de Oaxaca<\/td><td class=\"column-2\"><a target=\"_blank\" href=\"\/gobiernoabierto\/wp-content\/uploads\/sites\/52\/2019\/08\/42_SAPAO.pdf\" rel=\"noopener noreferrer\"><i class=\"far fa-file-pdf fa-2x\">&nbsp;<\/i><\/a><\/td>\n<\/tr>\n<tr class=\"row-43\">\n\t<td class=\"column-1\">Servicios de Salud de Oaxaca<\/td><td class=\"column-2\"><a target=\"_blank\" href=\"\/gobiernoabierto\/wp-content\/uploads\/sites\/52\/2019\/08\/43_SERVICIOS_DE_SALUD.pdf\" rel=\"noopener noreferrer\"><i class=\"far fa-file-pdf fa-2x\">&nbsp;<\/i><\/a><\/td>\n<\/tr>\n<tr class=\"row-44\">\n\t<td class=\"column-1\">Sistema para el Desarrollo Integral de la Familia del Estado de Oaxaca<\/td><td class=\"column-2\"><a target=\"_blank\" href=\"\/gobiernoabierto\/wp-content\/uploads\/sites\/52\/2019\/08\/44_SISTEMA_DIF.pdf\" rel=\"noopener noreferrer\"><i class=\"far fa-file-pdf fa-2x\">&nbsp;<\/i><\/a><\/td>\n<\/tr>\n<tr class=\"row-45\">\n\t<td class=\"column-1\">Universidad de Chalcatongo<\/td><td class=\"column-2\"><a target=\"_blank\" href=\"\/gobiernoabierto\/wp-content\/uploads\/sites\/52\/2019\/08\/45_UNICHA.pdf\" rel=\"noopener noreferrer\"><i class=\"far fa-file-pdf fa-2x\">&nbsp;<\/i><\/a><\/td>\n<\/tr>\n<tr class=\"row-46\">\n\t<td class=\"column-1\">Universidad de la Ca\u00f1ada<\/td><td class=\"column-2\"><a target=\"_blank\" href=\"\/gobiernoabierto\/wp-content\/uploads\/sites\/52\/2019\/08\/46_UNCA.pdf\" rel=\"noopener noreferrer\"><i class=\"far fa-file-pdf fa-2x\">&nbsp;<\/i><\/a><\/td>\n<\/tr>\n<tr class=\"row-47\">\n\t<td class=\"column-1\">Universidad de la Costa<\/td><td class=\"column-2\"><a target=\"_blank\" href=\"\/gobiernoabierto\/wp-content\/uploads\/sites\/52\/2019\/08\/47_UNCOS.pdf\" rel=\"noopener noreferrer\"><i class=\"far fa-file-pdf fa-2x\">&nbsp;<\/i><\/a><\/td>\n<\/tr>\n<tr class=\"row-48\">\n\t<td class=\"column-1\">Universidad de la Sierra Ju\u00e1rez<\/td><td class=\"column-2\"><a target=\"_blank\" href=\"https:\/\/www.oaxaca.gob.mx\/transparencia\/wp-content\/uploads\/sites\/3\/2019\/08\/48_USINJ.pdf\" rel=\"noopener noreferrer\"><i class=\"far fa-file-pdf fa-2x\">&nbsp;<\/i><\/a><\/td>\n<\/tr>\n<tr class=\"row-49\">\n\t<td class=\"column-1\">Universidad de la Sierra Sur<\/td><td class=\"column-2\"><a target=\"_blank\" href=\"https:\/\/www.oaxaca.gob.mx\/transparencia\/wp-content\/uploads\/sites\/3\/2019\/08\/49_UNSIS.pdf\" rel=\"noopener noreferrer\"><i class=\"far fa-file-pdf fa-2x\">&nbsp;<\/i><\/a><\/td>\n<\/tr>\n<tr class=\"row-50\">\n\t<td class=\"column-1\">Universidad del Istmo<\/td><td class=\"column-2\"><a target=\"_blank\" href=\"\/gobiernoabierto\/wp-content\/uploads\/sites\/52\/2019\/08\/50_UNISTMO.pdf\" rel=\"noopener noreferrer\"><i class=\"far fa-file-pdf fa-2x\">&nbsp;<\/i><\/a><\/td>\n<\/tr>\n<tr class=\"row-51\">\n\t<td class=\"column-1\">Universidad del Mar<\/td><td class=\"column-2\"><a target=\"_blank\" href=\"\/gobiernoabierto\/wp-content\/uploads\/sites\/52\/2019\/08\/51_UMAR.pdf\" rel=\"noopener noreferrer\"><i class=\"far fa-file-pdf fa-2x\">&nbsp;<\/i><\/a><\/td>\n<\/tr>\n<tr class=\"row-52\">\n\t<td class=\"column-1\">Universidad del Papaloapan<\/td><td class=\"column-2\"><a target=\"_blank\" href=\"\/gobiernoabierto\/wp-content\/uploads\/sites\/52\/2019\/08\/52_UNPA.pdf\" rel=\"noopener noreferrer\"><i class=\"far fa-file-pdf fa-2x\">&nbsp;<\/i><\/a><\/td>\n<\/tr>\n<tr class=\"row-53\">\n\t<td class=\"column-1\">Universidad Nova Universitas<\/td><td class=\"column-2\"><a target=\"_blank\" href=\"\/gobiernoabierto\/wp-content\/uploads\/sites\/52\/2019\/08\/37_SUNEO_NOVAUNIVERSITAS.pdf\" rel=\"noopener noreferrer\"><i class=\"far fa-file-pdf fa-2x\">&nbsp;<\/i><\/a><\/td>\n<\/tr>\n<tr class=\"row-54\">\n\t<td class=\"column-1\">Universidad Tecnol\u00f3gica de la Mixteca<\/td><td class=\"column-2\"><a target=\"_blank\" href=\"\/gobiernoabierto\/wp-content\/uploads\/sites\/52\/2019\/08\/53_UTM.pdf\" rel=\"noopener noreferrer\"><i class=\"far fa-file-pdf fa-2x\">&nbsp;<\/i><\/a><\/td>\n<\/tr>\n<tr class=\"row-55\">\n\t<td class=\"column-1\">Universidad Tecnol\u00f3gica de la Sierra Sur de Oaxaca<\/td><td class=\"column-2\"><a target=\"_blank\" href=\"\/gobiernoabierto\/wp-content\/uploads\/sites\/52\/2019\/08\/54_UTSSO.pdf\" rel=\"noopener noreferrer\"><i class=\"far fa-file-pdf fa-2x\">&nbsp;<\/i><\/a><\/td>\n<\/tr>\n<tr class=\"row-56\">\n\t<td class=\"column-1\">Universidad Tecnol\u00f3gica de los Valles Centrales de Oaxaca<\/td><td class=\"column-2\"><a target=\"_blank\" href=\"\/gobiernoabierto\/wp-content\/uploads\/sites\/52\/2019\/08\/55_UTVCO.pdf\" rel=\"noopener noreferrer\"><i class=\"far fa-file-pdf fa-2x\">&nbsp;<\/i><\/a><\/td>\n<\/tr>\n<\/tbody>\n<\/table>\n<!-- #tablepress-3 from cache --><\/div>\n<div id=\"nav_tres\" class=\"tab-pane fade\" role=\"tabpanel\" aria-labelledby=\"nav_tab_tres\">\n<table id=\"tablepress-4\" class=\"tablepress tablepress-id-4\">\n<thead>\n<tr class=\"row-1\">\n\t<th class=\"column-1\">Nombre<\/th><th class=\"column-2\">Descargar<\/th>\n<\/tr>\n<\/thead>\n<tbody class=\"row-striping row-hover\">\n<tr class=\"row-2\">\n\t<td class=\"column-1\">Administraci\u00f3n del Patrimonio de la Beneficencia P\u00fablica del Estado de Oaxaca<\/td><td class=\"column-2\"><a target=\"_blank\" href=\"\/gobiernoabierto\/wp-content\/uploads\/sites\/52\/2019\/08\/1_APBP.pdf\" rel=\"noopener noreferrer\"><i class=\"far fa-file-pdf fa-2x\">&nbsp;<\/i><\/a><\/td>\n<\/tr>\n<tr class=\"row-3\">\n\t<td class=\"column-1\">Centro de Desarrollo Infantil<\/td><td class=\"column-2\"><a target=\"_blank\" href=\"\/gobiernoabierto\/wp-content\/uploads\/sites\/52\/2019\/08\/2_CENDI.pdf\" rel=\"noopener noreferrer\"><i class=\"far fa-file-pdf fa-2x\">&nbsp;<\/i><\/a><\/td>\n<\/tr>\n<tr class=\"row-4\">\n\t<td class=\"column-1\">Patronato de Ayuda para la Reinserci\u00f3n Social<\/td><td class=\"column-2\"><a target=\"_blank\" href=\"\/gobiernoabierto\/wp-content\/uploads\/sites\/52\/2019\/08\/3_PATRONATO.pdf\" rel=\"noopener noreferrer\"><i class=\"far fa-file-pdf fa-2x\">&nbsp;<\/i><\/a><\/td>\n<\/tr>\n<tr class=\"row-5\">\n\t<td class=\"column-1\">Polic\u00eda Auxiliar Bancaria, Industrial y Comercial<\/td><td class=\"column-2\"><a target=\"_blank\" href=\"\/gobiernoabierto\/wp-content\/uploads\/sites\/52\/2019\/08\/4_PABIC.pdf\" rel=\"noopener noreferrer\"><i class=\"far fa-file-pdf fa-2x\">&nbsp;<\/i><\/a><\/td>\n<\/tr>\n<tr class=\"row-6\">\n\t<td class=\"column-1\">Instituto Catastral del Estado de Oaxaca<\/td><td class=\"column-2\"><a target=\"_blank\" href=\"\/gobiernoabierto\/wp-content\/uploads\/sites\/52\/2019\/08\/5_CATASTRO.pdf\" rel=\"noopener noreferrer\"><i class=\"far fa-file-pdf fa-2x\">&nbsp;<\/i><\/a> <\/td>\n<\/tr>\n<tr class=\"row-7\">\n\t<td class=\"column-1\">Direcci\u00f3n General de Tecnolog\u00edas e Innovaci\u00f3n Digital<\/td><td class=\"column-2\"><a target=\"_blank\" href=\"\/gobiernoabierto\/wp-content\/uploads\/sites\/52\/2019\/08\/6_Direcci\u00f3n_de_Tecnolog\u00edas.pdf\" rel=\"noopener noreferrer\"><i class=\"far fa-file-pdf fa-2x\">&nbsp;<\/i><\/a><\/td>\n<\/tr>\n<tr class=\"row-8\">\n\t<td class=\"column-1\">Secretariado Ejecutivo del Sistema Estatal de Seguridad P\u00fablica<\/td><td class=\"column-2\"><a target=\"_blank\" href=\"\/gobiernoabierto\/wp-content\/uploads\/sites\/52\/2019\/08\/7_SESSP.pdf\" rel=\"noopener noreferrer\"><i class=\"far fa-file-pdf fa-2x\">&nbsp;<\/i><\/a><\/td>\n<\/tr>\n<tr class=\"row-9\">\n\t<td class=\"column-1\">Secretar\u00eda Ejecutiva del Sistema Local de Protecci\u00f3n Integral de los Derechos de Ni\u00f1as, Ni\u00f1os y Adolescentes<\/td><td class=\"column-2\"><a target=\"_blank\" href=\"\/gobiernoabierto\/wp-content\/uploads\/sites\/52\/2019\/08\/8_SECRETAR\u00cdA_EJECUTIVA.pdf\" rel=\"noopener noreferrer\"><i class=\"far fa-file-pdf fa-2x\">&nbsp;<\/i><\/a><\/td>\n<\/tr>\n<tr class=\"row-10\">\n\t<td class=\"column-1\">Comisi\u00f3n de Limites del Estado de Oaxaca<\/td><td class=\"column-2\"><a target=\"_blank\" href=\"\/gobiernoabierto\/wp-content\/uploads\/sites\/52\/2019\/08\/9_COMISI\u00d3N_DE_LIMITES.pdf\" rel=\"noopener noreferrer\"><i class=\"far fa-file-pdf fa-2x\">&nbsp;<\/i><\/a><\/td>\n<\/tr>\n<tr class=\"row-11\">\n\t<td class=\"column-1\">Procuradur\u00eda Estatal de Protecci\u00f3n de los Derechos de Ni\u00f1as, Ni\u00f1os y Adolescentes del Estado de Oaxaca<\/td><td class=\"column-2\"><a target=\"_blank\" href=\"\/gobiernoabierto\/wp-content\/uploads\/sites\/52\/2019\/08\/10_PROCURADURIA_NI\u00d1OS_Y_NI\u00d1AS.pdf\" rel=\"noopener noreferrer\"><i class=\"far fa-file-pdf fa-2x\">&nbsp;<\/i><\/a><\/td>\n<\/tr>\n<tr class=\"row-12\">\n\t<td class=\"column-1\">Archivo General del Estado de Oaxaca<\/td><td class=\"column-2\"><a target=\"_blank\" href=\"\/gobiernoabierto\/wp-content\/uploads\/sites\/52\/2019\/08\/11_ARCHIVO_GENERAL.pdf\" rel=\"noopener noreferrer\"><i class=\"far fa-file-pdf fa-2x\">&nbsp;<\/i><\/a><\/td>\n<\/tr>\n<tr class=\"row-13\">\n\t<td class=\"column-1\">Coordinaci\u00f3n del Servicio Nacional de Empleo Oaxaca<\/td><td class=\"column-2\"><a target=\"_blank\" href=\"\/gobiernoabierto\/wp-content\/uploads\/sites\/52\/2019\/08\/12_CSNEO.pdf\" rel=\"noopener noreferrer\"><i class=\"far fa-file-pdf fa-2x\">&nbsp;<\/i><\/a><\/td>\n<\/tr>\n<tr class=\"row-14\">\n\t<td class=\"column-1\">Coordinaci\u00f3n de Planeaci\u00f3n y Evaluaci\u00f3n para el Desarrollo Social de Oaxaca<\/td><td class=\"column-2\"><a target=\"_blank\" href=\"\/gobiernoabierto\/wp-content\/uploads\/sites\/52\/2019\/08\/13_COPEVAL.pdf\" rel=\"noopener noreferrer\"><i class=\"far fa-file-pdf fa-2x\">&nbsp;<\/i><\/a><br \/>\n<\/td>\n<\/tr>\n<\/tbody>\n<\/table>\n<!-- #tablepress-4 from cache --><\/div>\n<div id=\"nav_cuatro\" class=\"tab-pane fade\" role=\"tabpanel\" aria-labelledby=\"nav_tab_cuatro\">\n<table id=\"tablepress-5\" class=\"tablepress tablepress-id-5\">\n<thead>\n<tr class=\"row-1\">\n\t<th class=\"column-1\">Nombre<\/th><th class=\"column-2\">Descargar<\/th>\n<\/tr>\n<\/thead>\n<tbody class=\"row-striping row-hover\">\n<tr class=\"row-2\">\n\t<td class=\"column-1\">Coordinaci\u00f3n General de Comunicaci\u00f3n Social y Vocer\u00eda del Gobierno del Estado<\/td><td class=\"column-2\"><a target=\"_blank\" href=\"\/gobiernoabierto\/wp-content\/uploads\/sites\/52\/2019\/08\/1_COMUNICACI\u00d3N_SOCIAL.pdf\"><i class=\"far fa-file-pdf fa-2x\">&nbsp;<\/i><\/a><\/td>\n<\/tr>\n<tr class=\"row-3\">\n\t<td class=\"column-1\">Coordinaci\u00f3n General de Educaci\u00f3n Media Superior y Superior, Ciencia y Tecnolog\u00eda<\/td><td class=\"column-2\"><a target=\"_blank\" href=\"\/gobiernoabierto\/wp-content\/uploads\/sites\/52\/2019\/08\/2_CGEMSSCYT.pdf\"><i class=\"far fa-file-pdf fa-2x\">&nbsp;<\/i><\/a><\/td>\n<\/tr>\n<tr class=\"row-4\">\n\t<td class=\"column-1\">Coordinaci\u00f3n para la Atenci\u00f3n de los Derechos Humanos<\/td><td class=\"column-2\"><a target=\"_blank\" href=\"\/gobiernoabierto\/wp-content\/uploads\/sites\/52\/2019\/08\/3_DERECHOS_HUMANOS.pdf\"><i class=\"far fa-file-pdf fa-2x\">&nbsp;<\/i><\/a><\/td>\n<\/tr>\n<tr class=\"row-5\">\n\t<td class=\"column-1\">Jefatura de la Gubernatura<\/td><td class=\"column-2\"><a target=\"_blank\" href=\"\/gobiernoabierto\/wp-content\/uploads\/sites\/52\/2019\/08\/4_JEFATURA_DE_LA_GUBERNATURA.pdf\"><i class=\"far fa-file-pdf fa-2x\">&nbsp;<\/i><\/a><\/td>\n<\/tr>\n<tr class=\"row-6\">\n\t<td class=\"column-1\">Coordinaci\u00f3n General  de Enlace Federal y Relaciones Internacionales<\/td><td class=\"column-2\"><a target=\"_blank\" href=\"\/gobiernoabierto\/wp-content\/uploads\/sites\/52\/2019\/08\/5_COORDINACI\u00d3N_DE_ENLACE_FEDERAL.pdf\"><i class=\"far fa-file-pdf fa-2x\">&nbsp;<\/i><\/a><\/td>\n<\/tr>\n<\/tbody>\n<\/table>\n<!-- #tablepress-5 from cache --><\/div>\n<div id=\"nav_cinco\" class=\"tab-pane fade\" role=\"tabpanel\" aria-labelledby=\"nav_tab_cinco\">\n<table id=\"tablepress-6\" class=\"tablepress tablepress-id-6\">\n<thead>\n<tr class=\"row-1\">\n\t<th class=\"column-1\">Nombre<\/th><th class=\"column-2\">Descargar<\/th>\n<\/tr>\n<\/thead>\n<tbody class=\"row-striping row-hover\">\n<tr class=\"row-2\">\n\t<td class=\"column-1\">Junta de Arbitraje para los Empleados al Servicio de los Poderes del Estado<\/td><td class=\"column-2\"><a target=\"_blank\" href=\"\/gobiernoabierto\/wp-content\/uploads\/sites\/52\/2019\/08\/1_JAESPE.pdf\"><i class=\"far fa-file-pdf fa-2x\">&nbsp;<\/i><\/a><\/td>\n<\/tr>\n<tr class=\"row-3\">\n\t<td class=\"column-1\">Junta de Conciliaci\u00f3n Agraria del Estado de Oaxaca<\/td><td class=\"column-2\"><a target=\"_blank\" href=\"\/gobiernoabierto\/wp-content\/uploads\/sites\/52\/2019\/08\/2_JUNTA_DE_CONCILIACI\u00d3N_AGRARIA.pdf\"><i class=\"far fa-file-pdf fa-2x\">&nbsp;<\/i><\/a><\/td>\n<\/tr>\n<tr class=\"row-4\">\n\t<td class=\"column-1\">Junta Local de Conciliaci\u00f3n y Arbitraje del Estado<\/td><td class=\"column-2\"><a target=\"_blank\" href=\"\/gobiernoabierto\/wp-content\/uploads\/sites\/52\/2019\/08\/3_JLCAEO.pdf\"><i class=\"far fa-file-pdf fa-2x\">&nbsp;<\/i><\/a><\/td>\n<\/tr>\n<\/tbody>\n<\/table>\n<!-- #tablepress-6 from cache --><\/div>\n<\/div>\n","protected":false},"excerpt":{"rendered":"<p>Dependencias Entidades \u00d3rganos Desconcentrados \u00d3rganos Auxiliares Juntas<\/p>\n","protected":false},"author":1,"featured_media":0,"parent":0,"menu_order":0,"comment_status":"closed","ping_status":"closed","template":"","meta":{"episode_type":"","audio_file":"","podmotor_file_id":"","podmotor_episode_id":"","cover_image":"","cover_image_id":"","duration":"","filesize":"","filesize_raw":"","date_recorded":"","explicit":"","block":"","itunes_episode_number":"","itunes_title":"","itunes_season_number":"","itunes_episode_type":"","footnotes":""},"categories":[],"tags":[],"class_list":["post-29","page","type-page","status-publish","hentry"],"publishpress_future_action":{"enabled":false,"date":"2026-05-06 09:36:51","action":"change-status","newStatus":"draft","terms":[],"taxonomy":"category","extraData":[]},"publishpress_future_workflow_manual_trigger":{"enabledWorkflows":[]},"_links":{"self":[{"href":"https:\/\/www.oaxaca.gob.mx\/transparencia\/wp-json\/wp\/v2\/pages\/29","targetHints":{"allow":["GET"]}}],"collection":[{"href":"https:\/\/www.oaxaca.gob.mx\/transparencia\/wp-json\/wp\/v2\/pages"}],"about":[{"href":"https:\/\/www.oaxaca.gob.mx\/transparencia\/wp-json\/wp\/v2\/types\/page"}],"author":[{"embeddable":true,"href":"https:\/\/www.oaxaca.gob.mx\/transparencia\/wp-json\/wp\/v2\/users\/1"}],"replies":[{"embeddable":true,"href":"https:\/\/www.oaxaca.gob.mx\/transparencia\/wp-json\/wp\/v2\/comments?post=29"}],"version-history":[{"count":4,"href":"https:\/\/www.oaxaca.gob.mx\/transparencia\/wp-json\/wp\/v2\/pages\/29\/revisions"}],"predecessor-version":[{"id":1824,"href":"https:\/\/www.oaxaca.gob.mx\/transparencia\/wp-json\/wp\/v2\/pages\/29\/revisions\/1824"}],"wp:attachment":[{"href":"https:\/\/www.oaxaca.gob.mx\/transparencia\/wp-json\/wp\/v2\/media?parent=29"}],"wp:term":[{"taxonomy":"category","embeddable":true,"href":"https:\/\/www.oaxaca.gob.mx\/transparencia\/wp-json\/wp\/v2\/categories?post=29"},{"taxonomy":"post_tag","embeddable":true,"href":"https:\/\/www.oaxaca.gob.mx\/transparencia\/wp-json\/wp\/v2\/tags?post=29"}],"curies":[{"name":"wp","href":"https:\/\/api.w.org\/{rel}","templated":true}]}}