{"id":8903,"date":"2022-08-11T16:10:31","date_gmt":"2022-08-11T21:10:31","guid":{"rendered":"https:\/\/www.oaxaca.gob.mx\/semovi\/?page_id=8903"},"modified":"2022-08-15T17:18:08","modified_gmt":"2022-08-15T22:18:08","slug":"metas-3","status":"publish","type":"page","link":"https:\/\/www.oaxaca.gob.mx\/semovi\/metas-semovi","title":{"rendered":"Metas"},"content":{"rendered":"\n<table id=\"tablepress-81\" class=\"tablepress tablepress-id-81 tbody-has-connected-cells\">\n<thead>\n<tr class=\"row-1\">\n\t<th colspan=\"5\" class=\"column-1\">ESTRUCTURA PROGRAM\u00c1TICA\t\t\t\t<br \/>\n<\/th><th colspan=\"4\" class=\"column-6\">2022\t\t\t<br \/>\n<\/th><th colspan=\"4\" class=\"column-10\">2023<\/th>\n<\/tr>\n<\/thead>\n<tbody class=\"row-striping row-hover\">\n<tr class=\"row-2\">\n\t<td rowspan=\"2\" class=\"column-1\">PROG<\/td><td rowspan=\"2\" class=\"column-2\">SUBPROG<\/td><td colspan=\"2\" rowspan=\"2\" class=\"column-3\">ACTIVIDAD PRESUPUESTAL<\/td><td rowspan=\"2\" class=\"column-5\">META<\/td><td colspan=\"4\" class=\"column-6\">METAS TRIMESTRALES ALCANZADAS\t\t\t<br \/>\n<\/td><td colspan=\"4\" class=\"column-10\">METAS TRIMESTRALES ALCANZADAS\t\t\t<br \/>\n<\/td>\n<\/tr>\n<tr class=\"row-3\">\n\t<td class=\"column-6\">1RO<\/td><td class=\"column-7\">2DO<\/td><td class=\"column-8\">3RO<\/td><td class=\"column-9\">4TO<\/td><td class=\"column-10\">1RO<\/td><td class=\"column-11\">2DO<\/td><td class=\"column-12\">3RO<\/td><td class=\"column-13\">4TO<\/td>\n<\/tr>\n<tr class=\"row-4\">\n\t<td rowspan=\"3\" class=\"column-1\">126<\/td><td rowspan=\"3\" class=\"column-2\"><\/td><td rowspan=\"3\" class=\"column-3\"><\/td><td rowspan=\"3\" class=\"column-4\"><strong>FORTALECIMIENTO Y MODERNIZACI\u00d3N DEL TRANSPORTE P\u00daBLICO Y PRIVADO DEL ESTADO<\/strong><\/td><td class=\"column-5\">TASA DE VARIACI\u00d3N DE LOS VEH\u00cdCULOS P\u00daBLICOS Y PRIVADOS REGISTRADOS EN EL ESTADO<br \/>\n<\/td><td class=\"column-6\"><\/td><td class=\"column-7\"><\/td><td class=\"column-8\"><\/td><td class=\"column-9\"><\/td><td class=\"column-10\"><\/td><td class=\"column-11\"><\/td><td class=\"column-12\"><\/td><td class=\"column-13\"><\/td>\n<\/tr>\n<tr class=\"row-5\">\n\t<td class=\"column-5\">TASA DE VARIACI\u00d3N DE LAS CONCESIONES OTORGADAS EN EL ESTADO<br \/>\n<\/td><td class=\"column-6\"><\/td><td class=\"column-7\"><\/td><td class=\"column-8\"><\/td><td class=\"column-9\"><\/td><td class=\"column-10\"><\/td><td class=\"column-11\"><\/td><td class=\"column-12\"><\/td><td class=\"column-13\"><\/td>\n<\/tr>\n<tr class=\"row-6\">\n\t<td class=\"column-5\"> TASA DE VARIACI\u00d3N DE PLACAS EMITIDAS EN EL ESTADO<br \/>\n<\/td><td class=\"column-6\"><\/td><td class=\"column-7\"><\/td><td class=\"column-8\"><\/td><td class=\"column-9\"><\/td><td class=\"column-10\"><\/td><td class=\"column-11\"><\/td><td class=\"column-12\"><\/td><td class=\"column-13\"><\/td>\n<\/tr>\n<tr class=\"row-7\">\n\t<td class=\"column-1\">126<\/td><td class=\"column-2\">00<\/td><td class=\"column-3\"><\/td><td class=\"column-4\">--<\/td><td class=\"column-5\">PORCENTAJE DE ACCIONES DE GESTION REALIZADAS<br \/>\n<\/td><td class=\"column-6\"><\/td><td class=\"column-7\"><\/td><td class=\"column-8\"><\/td><td class=\"column-9\"><\/td><td class=\"column-10\"><\/td><td class=\"column-11\"><\/td><td class=\"column-12\"><\/td><td class=\"column-13\"><\/td>\n<\/tr>\n<tr class=\"row-8\">\n\t<td class=\"column-1\">126<\/td><td class=\"column-2\">00<\/td><td class=\"column-3\">001<br \/>\n<\/td><td class=\"column-4\">GESTI\u00d3N ADMINISTRATIVA PARA EL FORTALECIMIENTO DEL TRANSPORTE.<br \/>\n<\/td><td class=\"column-5\">N\u00daMERO DE GESTIONES ADMINISTRATIVAS Y FINANCIERAS REALIZADAS<br \/>\n<\/td><td class=\"column-6\"><\/td><td class=\"column-7\"><\/td><td class=\"column-8\"><\/td><td class=\"column-9\"><br \/>\n<\/td><td class=\"column-10\">1 <a href=\"\/semovi\/wp-content\/uploads\/sites\/34\/2024\/10\/Informacion-financiera-primer-trimestre-2023.pdf\" target=\"_blank\" rel=\"noopener noreferrer\"><i class=\"far fa-file-pdf fa-2x\">\u00a0<\/i><\/a><\/td><td class=\"column-11\">2 <a href=\"\/semovi\/wp-content\/uploads\/sites\/34\/2024\/10\/Informacion-financiera-segundo-trimestre-2023.pdf\" target=\"_blank\" rel=\"noopener noreferrer\"><i class=\"far fa-file-pdf fa-2x\">\u00a0<\/i><\/a><\/td><td class=\"column-12\">3 <a href=\"\/semovi\/wp-content\/uploads\/sites\/34\/2024\/10\/Informacion-financiera-tercer-trimestre-2023.pdf\" target=\"_blank\" rel=\"noopener noreferrer\"><i class=\"far fa-file-pdf fa-2x\">\u00a0<\/i><\/a><\/td><td class=\"column-13\">4 <a href=\"\/semovi\/wp-content\/uploads\/sites\/34\/2024\/10\/Informacion-financiera-cuarto-trimestre-2023.pdf\" target=\"_blank\" rel=\"noopener noreferrer\"><i class=\"far fa-file-pdf fa-2x\">\u00a0<\/i><\/a><\/td>\n<\/tr>\n<tr class=\"row-9\">\n\t<td class=\"column-1\">126<\/td><td class=\"column-2\">01<\/td><td class=\"column-3\"><\/td><td class=\"column-4\">SIMPLIFICACI\u00d3N Y MEJORAMIENTO DE LOS PROCESOS DE GESTI\u00d3N DEL TRANSPORTE<br \/>\n<\/td><td class=\"column-5\">PORCENTAJE DE PROCESOS DE GESTI\u00d3N DEL TRANSPORTE SIMPLIFICADOS Y MEJORADOS<br \/>\n<\/td><td class=\"column-6\"><\/td><td class=\"column-7\"><\/td><td class=\"column-8\"><\/td><td class=\"column-9\"><\/td><td class=\"column-10\"><\/td><td class=\"column-11\"><\/td><td class=\"column-12\"><\/td><td class=\"column-13\"><\/td>\n<\/tr>\n<tr class=\"row-10\">\n\t<td class=\"column-1\">126<\/td><td class=\"column-2\">01<\/td><td class=\"column-3\">001<\/td><td class=\"column-4\">ACTUALIZAR EL MARCO JUR\u00cdDICO PARA LA GESTI\u00d3N DEL SERVICIO DE TRANSPORTE P\u00daBLICO Y PRIVADO.<br \/>\n<\/td><td class=\"column-5\">N\u00daMERO DE NORMAS APROBADAS<br \/>\n<\/td><td class=\"column-6\"><\/td><td class=\"column-7\"><\/td><td class=\"column-8\"><\/td><td class=\"column-9\"><\/td><td class=\"column-10\"><\/td><td class=\"column-11\"><\/td><td class=\"column-12\"><\/td><td class=\"column-13\"><\/td>\n<\/tr>\n<tr class=\"row-11\">\n\t<td class=\"column-1\">126<\/td><td class=\"column-2\">01<\/td><td class=\"column-3\">002<\/td><td class=\"column-4\">IMPLEMENTAR NUEVAS TECNOLOG\u00cdAS DE LA INFORMACI\u00d3N EN LOS PROCESOS DE GESTI\u00d3N DEL TRANSPORTE.<br \/>\n<\/td><td class=\"column-5\">N\u00daMERO DE NUEVAS TECNOLOG\u00cdAS IMPLEMENTADAS<br \/>\n<\/td><td class=\"column-6\">1 <a href=\"\/semovi\/wp-content\/uploads\/sites\/34\/2022\/08\/img068.pdf\" target=\"_blank\" rel=\"noopener noreferrer\"><i class=\"far fa-file-pdf fa-2x\">\u00a0<\/i><\/a><br \/>\n<\/td><td class=\"column-7\">1 <a href=\"\/semovi\/wp-content\/uploads\/sites\/34\/2022\/08\/img067.pdf\" target=\"_blank\" rel=\"noopener noreferrer\"><i class=\"far fa-file-pdf fa-2x\">\u00a0<\/i><\/a><br \/>\n<\/td><td class=\"column-8\">1<a href=\"\/semovi\/wp-content\/uploads\/sites\/34\/2022\/09\/20220914_165626.pdf\" target=\"_blank\" rel=\"noopener noreferrer\"><i class=\"far fa-file-pdf fa-2x\">\u00a0<\/i><\/a><br \/>\n<\/td><td class=\"column-9\"><\/td><td class=\"column-10\"><\/td><td class=\"column-11\"><\/td><td class=\"column-12\"><\/td><td class=\"column-13\"><\/td>\n<\/tr>\n<tr class=\"row-12\">\n\t<td class=\"column-1\">126<\/td><td class=\"column-2\">01<\/td><td class=\"column-3\">003<\/td><td class=\"column-4\">CAPACITACI\u00d3N PARA LA SIMPLIFICACI\u00d3N Y MEJORA DE LOS PROCESOS DE GESTI\u00d3N DEL TRANSPORTE.<br \/>\n<\/td><td class=\"column-5\">N\u00daMERO DE PERSONAL CAPACITADO<br \/>\n<\/td><td class=\"column-6\">66 <a href=\"\/semovi\/wp-content\/uploads\/sites\/34\/2022\/08\/CUADERNO-DE-AVANCES-TRIMESTRALES-2022...pdf\" target=\"_blank\" rel=\"noopener noreferrer\"><i class=\"far fa-file-pdf fa-2x\">\u00a0<\/i><\/a><br \/>\n<\/td><td class=\"column-7\">59 <a href=\"\/semovi\/wp-content\/uploads\/sites\/34\/2022\/08\/CUADERNO-DE-AVANCES-TRIMESTRALES-2022...pdf\" target=\"_blank\" rel=\"noopener noreferrer\"><i class=\"far fa-file-pdf fa-2x\">\u00a0<\/i><\/a><br \/>\n<\/td><td class=\"column-8\">88 <a href=\"\/semovi\/wp-content\/uploads\/sites\/34\/2022\/09\/20220920_112327.pdf\" target=\"_blank\" rel=\"noopener noreferrer\"><i class=\"far fa-file-pdf fa-2x\">\u00a0<\/i><\/a><br \/>\n<\/td><td class=\"column-9\"><\/td><td class=\"column-10\"><\/td><td class=\"column-11\"><\/td><td class=\"column-12\"><\/td><td class=\"column-13\"><\/td>\n<\/tr>\n<tr class=\"row-13\">\n\t<td class=\"column-1\">126<\/td><td class=\"column-2\">02<\/td><td class=\"column-3\"><\/td><td class=\"column-4\">OTORGAMIENTO DE CONCESIONES<br \/>\n<\/td><td class=\"column-5\">PORCENTAJE DE CONCESIONES OTORGADAS<br \/>\n<\/td><td class=\"column-6\"><\/td><td class=\"column-7\"><\/td><td class=\"column-8\"><\/td><td class=\"column-9\"><\/td><td class=\"column-10\"><\/td><td class=\"column-11\"><\/td><td class=\"column-12\"><\/td><td class=\"column-13\"><\/td>\n<\/tr>\n<tr class=\"row-14\">\n\t<td class=\"column-1\">126<\/td><td class=\"column-2\">02<\/td><td rowspan=\"2\" class=\"column-3\">001<\/td><td rowspan=\"2\" class=\"column-4\">PROMOVER LAS RENOVACIONES DE VEH\u00cdCULOS DEL SERVICIO DE TRANSPORTE P\u00daBLICO.<br \/>\n<br \/>\n<\/td><td class=\"column-5\">N\u00daMERO DE  CONCESIONES DE TRANSPORTE P\u00daBLICO RENOVADAS<br \/>\n<\/td><td class=\"column-6\"><\/td><td class=\"column-7\"><\/td><td class=\"column-8\"><\/td><td class=\"column-9\"><\/td><td class=\"column-10\"><\/td><td class=\"column-11\"><\/td><td class=\"column-12\"><\/td><td class=\"column-13\"><\/td>\n<\/tr>\n<tr class=\"row-15\">\n\t<td class=\"column-1\">126<\/td><td class=\"column-2\">02<\/td><td class=\"column-5\">N\u00daMERO DE VEH\u00cdCULOS DE TRANSPORTE P\u00daBLICO ACTUALIZADOS<br \/>\n<\/td><td class=\"column-6\"><\/td><td class=\"column-7\"><\/td><td class=\"column-8\"><\/td><td class=\"column-9\"><\/td><td class=\"column-10\"><\/td><td class=\"column-11\"><\/td><td class=\"column-12\"><\/td><td class=\"column-13\"><\/td>\n<\/tr>\n<tr class=\"row-16\">\n\t<td class=\"column-1\">126<\/td><td class=\"column-2\">02<\/td><td class=\"column-3\">002<\/td><td class=\"column-4\">REALIZAR ESTUDIOS T\u00c9CNICOS DE FACTIBILIDAD PARA LA OPERACI\u00d3N DEL TRANSPORTE P\u00daBLICO.<br \/>\n<\/td><td class=\"column-5\">N\u00daMERO DE ESTUDIOS T\u00c9CNICOS DE FACTIBILIDAD REALIZADOS PARA LA OPERACI\u00d3N DEL TRANSPORTE P\u00daBLICO<br \/>\n<\/td><td class=\"column-6\"><\/td><td class=\"column-7\"><\/td><td class=\"column-8\"><\/td><td class=\"column-9\"><\/td><td class=\"column-10\"><\/td><td class=\"column-11\"><\/td><td class=\"column-12\"><\/td><td class=\"column-13\"><\/td>\n<\/tr>\n<tr class=\"row-17\">\n\t<td class=\"column-1\">126<\/td><td class=\"column-2\">02<\/td><td class=\"column-3\">003<\/td><td class=\"column-4\">CAPACITAR A CONDUCTORES DEL SERVICIO DE TRANSPORTE P\u00daBLICO.<br \/>\n<\/td><td class=\"column-5\">CAPACITAR A CONDUCTORES DEL SERVICIO DE TRANSPORTE P\u00daBLICO.\tN\u00daMERO DE CONDUCTORES CAPACITADOS<br \/>\n<\/td><td class=\"column-6\">795 <a href=\"\/semovi\/wp-content\/uploads\/sites\/34\/2022\/08\/acuses-trimestres-1-y-2-2022.pdf\" target=\"_blank\" rel=\"noopener noreferrer\"><i class=\"far fa-file-pdf fa-2x\">\u00a0<\/i><\/a><br \/>\n<\/td><td class=\"column-7\">1954 <a href=\"\/semovi\/wp-content\/uploads\/sites\/34\/2022\/08\/acuses-trimestres-1-y-2-2022.pdf\" target=\"_blank\" rel=\"noopener noreferrer\"><i class=\"far fa-file-pdf fa-2x\">\u00a0<\/i><\/a><br \/>\n<\/td><td class=\"column-8\"><\/td><td class=\"column-9\"><\/td><td class=\"column-10\"><\/td><td class=\"column-11\"><\/td><td class=\"column-12\"><\/td><td class=\"column-13\"><\/td>\n<\/tr>\n<tr class=\"row-18\">\n\t<td class=\"column-1\">126<\/td><td class=\"column-2\">02<\/td><td class=\"column-3\">004<\/td><td class=\"column-4\">REALIZAR EL REGISTRO ESTATAL DE TRANSPORTE DE OAXACA.<br \/>\n<\/td><td class=\"column-5\">N\u00daMERO DE VEH\u00cdCULOS REGISTRADOS EN EL SISTEMA DE REGISTRO ESTATAL DE TRANSPORTE DE OAXACA<br \/>\n<\/td><td class=\"column-6\">170<a href=\"\/semovi\/wp-content\/uploads\/sites\/34\/2022\/08\/Primer-trimestre-reto.pdf\" target=\"_blank\" rel=\"noopener noreferrer\"><i class=\"far fa-file-pdf fa-2x\">\u00a0<\/i><\/a><br \/>\n<\/td><td class=\"column-7\">133<a href=\"\/semovi\/wp-content\/uploads\/sites\/34\/2022\/08\/segundo-trimestre-1.pdf\" target=\"_blank\" rel=\"noopener noreferrer\"><i class=\"far fa-file-pdf fa-2x\">\u00a0<\/i><\/a><br \/>\n<\/td><td class=\"column-8\">133<a href=\"\/semovi\/wp-content\/uploads\/sites\/34\/2022\/09\/REPORTE-DE-METAS-3ER-TRIMESTRE-202220220914_16032737.pdf\" target=\"_blank\" rel=\"noopener noreferrer\"><i class=\"far fa-file-pdf fa-2x\">\u00a0<\/i><\/a><br \/>\n<\/td><td class=\"column-9\"><\/td><td class=\"column-10\"><\/td><td class=\"column-11\"><\/td><td class=\"column-12\"><\/td><td class=\"column-13\"><\/td>\n<\/tr>\n<tr class=\"row-19\">\n\t<td class=\"column-1\">126<\/td><td class=\"column-2\">03<\/td><td class=\"column-3\"><\/td><td class=\"column-4\">PRESTACI\u00d3N DE SERVICIOS DE CONTROL VEHICULAR<br \/>\n<\/td><td class=\"column-5\">PORCENTAJE DE SERVICIOS DE CONTROL VEHICULAR PRESTADOS<br \/>\n<\/td><td class=\"column-6\"><\/td><td class=\"column-7\"><\/td><td class=\"column-8\"><\/td><td class=\"column-9\"><\/td><td class=\"column-10\"><\/td><td class=\"column-11\"><\/td><td class=\"column-12\"><\/td><td class=\"column-13\"><\/td>\n<\/tr>\n<tr class=\"row-20\">\n\t<td class=\"column-1\">126<\/td><td class=\"column-2\">03<\/td><td class=\"column-3\">001<\/td><td class=\"column-4\">LICENCIAS DE CONDUCIR<br \/>\n<\/td><td class=\"column-5\">N\u00daMERO DE LICENCIAS DE CONDUCIR EMITIDAS<br \/>\n<\/td><td class=\"column-6\"><\/td><td class=\"column-7\"><\/td><td class=\"column-8\"><\/td><td class=\"column-9\"><\/td><td class=\"column-10\"><\/td><td class=\"column-11\"><\/td><td class=\"column-12\"><\/td><td class=\"column-13\"><\/td>\n<\/tr>\n<tr class=\"row-21\">\n\t<td class=\"column-1\">126<\/td><td class=\"column-2\">03<\/td><td class=\"column-3\">002<\/td><td class=\"column-4\">TARJETAS DE CIRCULACI\u00d3N<br \/>\n<\/td><td class=\"column-5\">N\u00daMERO DE TARJETAS DE CIRCULACI\u00d3N EMITIDAS<br \/>\n<\/td><td class=\"column-6\"><\/td><td class=\"column-7\"><\/td><td class=\"column-8\"><\/td><td class=\"column-9\"><\/td><td class=\"column-10\"><\/td><td class=\"column-11\"><\/td><td class=\"column-12\"><\/td><td class=\"column-13\"><\/td>\n<\/tr>\n<tr class=\"row-22\">\n\t<td class=\"column-1\">126<\/td><td class=\"column-2\">03<\/td><td class=\"column-3\">003<\/td><td class=\"column-4\">PLACAS DE CIRCULACI\u00d3N<br \/>\n<\/td><td class=\"column-5\">N\u00daMERO DE PLACAS DE CIRCULACI\u00d3N EMITIDAS<br \/>\n<\/td><td class=\"column-6\"><\/td><td class=\"column-7\"><\/td><td class=\"column-8\"><\/td><td class=\"column-9\"><\/td><td class=\"column-10\"><\/td><td class=\"column-11\"><\/td><td class=\"column-12\"><\/td><td class=\"column-13\"><\/td>\n<\/tr>\n<tr class=\"row-23\">\n\t<td rowspan=\"3\" class=\"column-1\">126<\/td><td rowspan=\"3\" class=\"column-2\">03<\/td><td rowspan=\"3\" class=\"column-3\">004<\/td><td rowspan=\"3\" class=\"column-4\">SUPERVISAR EL SERVICIO DE TRANSPORTE P\u00daBLICO.<br \/>\n<br \/>\n<br \/>\n<\/td><td class=\"column-5\">N\u00daMERO DE SUPERVISIONES AL SERVICIOS DE TRANSPORTE P\u00daBLICO REALIZADAS<br \/>\n<\/td><td class=\"column-6\">88 <a href=\"\/semovi\/wp-content\/uploads\/sites\/34\/2022\/08\/PRIMER-TRIMESTRE.pdf\" target=\"_blank\" rel=\"noopener noreferrer\"><i class=\"far fa-file-pdf fa-2x\">\u00a0<\/i><\/a><br \/>\n<\/td><td class=\"column-7\">98 <a href=\"\/semovi\/wp-content\/uploads\/sites\/34\/2022\/08\/PRIMER-TRIMESTRE.pdf\" target=\"_blank\" rel=\"noopener noreferrer\"><i class=\"far fa-file-pdf fa-2x\">\u00a0<\/i><\/a><br \/>\n<\/td><td class=\"column-8\"><\/td><td class=\"column-9\"><\/td><td class=\"column-10\"><\/td><td class=\"column-11\"><\/td><td class=\"column-12\"><\/td><td class=\"column-13\"><\/td>\n<\/tr>\n<tr class=\"row-24\">\n\t<td class=\"column-5\">N\u00daMERO DE OPERATIVOS AL SERVICIO DE TRANSPORTE P\u00daBLICO DEL ESTADO REALIZADOS<br \/>\n<\/td><td class=\"column-6\">47 <a href=\"\/semovi\/wp-content\/uploads\/sites\/34\/2022\/08\/PRIMER-TRIMESTRE.pdf\" target=\"_blank\" rel=\"noopener noreferrer\"><i class=\"far fa-file-pdf fa-2x\">\u00a0<\/i><\/a><br \/>\n<\/td><td class=\"column-7\">23 <a href=\"\/semovi\/wp-content\/uploads\/sites\/34\/2022\/08\/PRIMER-TRIMESTRE.pdf\" target=\"_blank\" rel=\"noopener noreferrer\"><i class=\"far fa-file-pdf fa-2x\">\u00a0<\/i><\/a><br \/>\n<\/td><td class=\"column-8\"><\/td><td class=\"column-9\"><\/td><td class=\"column-10\"><\/td><td class=\"column-11\"><\/td><td class=\"column-12\"><\/td><td class=\"column-13\"><\/td>\n<\/tr>\n<tr class=\"row-25\">\n\t<td class=\"column-5\">N\u00daMERO DE REVISTAS F\u00cdSICO - MEC\u00c1NICAS A LAS UNIDADES DESTINADAS A LA PRESTACI\u00d3N DEL SERVICIO P\u00daBLICO DE TRANSPORTE REALIZADAS<br \/>\n<\/td><td class=\"column-6\">913 <a href=\"\/semovi\/wp-content\/uploads\/sites\/34\/2022\/08\/PRIMER-TRIMESTRE.pdf\" target=\"_blank\" rel=\"noopener noreferrer\"><i class=\"far fa-file-pdf fa-2x\">\u00a0<\/i><\/a><br \/>\n<\/td><td class=\"column-7\">738 <a href=\"\/semovi\/wp-content\/uploads\/sites\/34\/2022\/08\/PRIMER-TRIMESTRE.pdf\" target=\"_blank\" rel=\"noopener noreferrer\"><i class=\"far fa-file-pdf fa-2x\">\u00a0<\/i><\/a><br \/>\n<\/td><td class=\"column-8\"><\/td><td class=\"column-9\"><\/td><td class=\"column-10\"><\/td><td class=\"column-11\"><\/td><td class=\"column-12\"><\/td><td class=\"column-13\"><\/td>\n<\/tr>\n<tr class=\"row-26\">\n\t<td class=\"column-1\">126<\/td><td class=\"column-2\">04<\/td><td class=\"column-3\"><\/td><td class=\"column-4\">IMPLEMENTAR TRANSPORTE P\u00daBLICO MASIVO<br \/>\n<\/td><td class=\"column-5\">PORCENTAJE DE COBERTURA DEL SISTEMA INTEGRAL DE TRANSPORTE EN LA ZONA METROPOLITA DE LA CIUDAD DE OAXACA<br \/>\n<\/td><td class=\"column-6\"><\/td><td class=\"column-7\"><\/td><td class=\"column-8\"><\/td><td class=\"column-9\"><\/td><td class=\"column-10\"><\/td><td class=\"column-11\"><\/td><td class=\"column-12\"><\/td><td class=\"column-13\"><\/td>\n<\/tr>\n<tr class=\"row-27\">\n\t<td class=\"column-1\">126<\/td><td class=\"column-2\">04<\/td><td class=\"column-3\">001<\/td><td class=\"column-4\">TRANSPORTE GRATUITO<br \/>\n<\/td><td class=\"column-5\">N\u00daMERO DE USUARIOS DEL TRANSPORTE GRATUITO TRASLADADOS<br \/>\n<\/td><td class=\"column-6\"><\/td><td class=\"column-7\"><\/td><td class=\"column-8\"><\/td><td class=\"column-9\"><\/td><td class=\"column-10\"><\/td><td class=\"column-11\"><\/td><td class=\"column-12\"><\/td><td class=\"column-13\"><\/td>\n<\/tr>\n<tr class=\"row-28\">\n\t<td class=\"column-1\">126<\/td><td class=\"column-2\">05<\/td><td class=\"column-3\"><\/td><td class=\"column-4\">IMPLEMENTACI\u00d3N DE MOVILIDAD NO MOTORIZADA<br \/>\n<\/td><td class=\"column-5\">  PORCENTAJE DE PROCESOS DE GESTI\u00d3N PARA UNA MOVILIDAD NO MOTORIZADA REALIZADOS<br \/>\n<\/td><td class=\"column-6\"><\/td><td class=\"column-7\"><\/td><td class=\"column-8\"><\/td><td class=\"column-9\"><\/td><td class=\"column-10\"><\/td><td class=\"column-11\"><\/td><td class=\"column-12\"><\/td><td class=\"column-13\"><\/td>\n<\/tr>\n<tr class=\"row-29\">\n\t<td class=\"column-1\">126<\/td><td class=\"column-2\">05<\/td><td class=\"column-3\">001<\/td><td class=\"column-4\">IMPLEMENTAR ACCIONES PARA UNA MOVILIDAD SEGURA.<br \/>\n<\/td><td class=\"column-5\">N\u00daMERO DE ACCIONES PARA UNA MOVILIDAD SEGURA IMPLEMENTADAS<br \/>\n<\/td><td class=\"column-6\"><\/td><td class=\"column-7\"><\/td><td class=\"column-8\"><\/td><td class=\"column-9\"><\/td><td class=\"column-10\"><\/td><td class=\"column-11\"><\/td><td class=\"column-12\"><\/td><td class=\"column-13\"><\/td>\n<\/tr>\n<tr class=\"row-30\">\n\t<td class=\"column-1\">126<\/td><td class=\"column-2\">05<\/td><td class=\"column-3\">002<\/td><td class=\"column-4\">FOMENTO PARA EL USO DE LA BICICLETA.<br \/>\n<\/td><td class=\"column-5\">N\u00daMERO DE ACCIONES PARA EL FOMENTO DEL USO DE LA BICICLETA IMPLEMENTADAS<br \/>\n<\/td><td class=\"column-6\">3 <a href=\"\/semovi\/wp-content\/uploads\/sites\/34\/2022\/08\/acuses-trimestres-1-y-2-2022.pdf\" target=\"_blank\" rel=\"noopener noreferrer\"><i class=\"far fa-file-pdf fa-2x\">\u00a0<\/i><\/a><br \/>\n<\/td><td class=\"column-7\">7 <a href=\"\/semovi\/wp-content\/uploads\/sites\/34\/2022\/08\/acuses-trimestres-1-y-2-2022.pdf\" target=\"_blank\" rel=\"noopener noreferrer\"><i class=\"far fa-file-pdf fa-2x\">\u00a0<\/i><\/a><br \/>\n<\/td><td class=\"column-8\"><\/td><td class=\"column-9\"><\/td><td class=\"column-10\"><\/td><td class=\"column-11\"><\/td><td class=\"column-12\"><\/td><td class=\"column-13\"><\/td>\n<\/tr>\n<tr class=\"row-31\">\n\t<td class=\"column-1\">209<\/td><td class=\"column-2\"><\/td><td class=\"column-3\"><\/td><td class=\"column-4\">MOVILIDAD INTEGRAL URBANA<br \/>\n<\/td><td class=\"column-5\">PORCENTAJE DE INFRAESTRUCTURA VIAL Y DE TRANSPORTE DESARROLLADA CON SOPORTE DE ESTUDIOS Y PROYECTOS DE MOVILIDAD<br \/>\n<\/td><td class=\"column-6\"><\/td><td class=\"column-7\"><\/td><td class=\"column-8\"><\/td><td class=\"column-9\"><\/td><td class=\"column-10\"><\/td><td class=\"column-11\"><\/td><td class=\"column-12\"><\/td><td class=\"column-13\"><\/td>\n<\/tr>\n<tr class=\"row-32\">\n\t<td class=\"column-1\">209<\/td><td class=\"column-2\">01<\/td><td class=\"column-3\"><\/td><td class=\"column-4\">REALIZACI\u00d3N DE ESTUDIOS Y PROYECTOS DE INFRAESTRUCTURA VIAL Y TRANSPORTE<br \/>\n<\/td><td class=\"column-5\">PORCENTAJE DE ESTUDIOS Y PROYECTOS DE INFRAESTRUCTURA VIAL Y DE TRANSPORTE REALIZADOS<br \/>\n<\/td><td class=\"column-6\"><\/td><td class=\"column-7\"><\/td><td class=\"column-8\"><\/td><td class=\"column-9\"><\/td><td class=\"column-10\"><\/td><td class=\"column-11\"><\/td><td class=\"column-12\"><\/td><td class=\"column-13\"><\/td>\n<\/tr>\n<tr class=\"row-33\">\n\t<td class=\"column-1\">209<\/td><td class=\"column-2\">02<\/td><td class=\"column-3\"><\/td><td class=\"column-4\">DESARROLLO DE INFRAESTRUCTURA VIAL Y DE TRANSPORTE<br \/>\n<\/td><td class=\"column-5\">PORCENTAJE DE INFRAESTRUCTURA VIAL Y DE TRANSPORTE DESARROLLADA<br \/>\n<\/td><td class=\"column-6\"><\/td><td class=\"column-7\"><\/td><td class=\"column-8\"><\/td><td class=\"column-9\"><\/td><td class=\"column-10\"><\/td><td class=\"column-11\"><\/td><td class=\"column-12\"><\/td><td class=\"column-13\"><\/td>\n<\/tr>\n<\/tbody>\n<\/table>\n<!-- #tablepress-81 from cache -->\n","protected":false},"excerpt":{"rendered":"","protected":false},"author":42,"featured_media":0,"parent":0,"menu_order":0,"comment_status":"closed","ping_status":"closed","template":"","meta":{"episode_type":"","audio_file":"","podmotor_file_id":"","podmotor_episode_id":"","cover_image":"","cover_image_id":"","duration":"","filesize":"","filesize_raw":"","date_recorded":"","explicit":"","block":"","itunes_episode_number":"","itunes_title":"","itunes_season_number":"","itunes_episode_type":"","footnotes":""},"categories":[],"tags":[],"class_list":["post-8903","page","type-page","status-publish","hentry"],"acf":[],"publishpress_future_action":{"enabled":false,"date":"2026-05-04 15:51:46","action":"change-status","newStatus":"draft","terms":[],"taxonomy":"category","extraData":[]},"publishpress_future_workflow_manual_trigger":{"enabledWorkflows":[]},"_links":{"self":[{"href":"https:\/\/www.oaxaca.gob.mx\/semovi\/wp-json\/wp\/v2\/pages\/8903","targetHints":{"allow":["GET"]}}],"collection":[{"href":"https:\/\/www.oaxaca.gob.mx\/semovi\/wp-json\/wp\/v2\/pages"}],"about":[{"href":"https:\/\/www.oaxaca.gob.mx\/semovi\/wp-json\/wp\/v2\/types\/page"}],"author":[{"embeddable":true,"href":"https:\/\/www.oaxaca.gob.mx\/semovi\/wp-json\/wp\/v2\/users\/42"}],"replies":[{"embeddable":true,"href":"https:\/\/www.oaxaca.gob.mx\/semovi\/wp-json\/wp\/v2\/comments?post=8903"}],"version-history":[{"count":3,"href":"https:\/\/www.oaxaca.gob.mx\/semovi\/wp-json\/wp\/v2\/pages\/8903\/revisions"}],"predecessor-version":[{"id":8917,"href":"https:\/\/www.oaxaca.gob.mx\/semovi\/wp-json\/wp\/v2\/pages\/8903\/revisions\/8917"}],"wp:attachment":[{"href":"https:\/\/www.oaxaca.gob.mx\/semovi\/wp-json\/wp\/v2\/media?parent=8903"}],"wp:term":[{"taxonomy":"category","embeddable":true,"href":"https:\/\/www.oaxaca.gob.mx\/semovi\/wp-json\/wp\/v2\/categories?post=8903"},{"taxonomy":"post_tag","embeddable":true,"href":"https:\/\/www.oaxaca.gob.mx\/semovi\/wp-json\/wp\/v2\/tags?post=8903"}],"curies":[{"name":"wp","href":"https:\/\/api.w.org\/{rel}","templated":true}]}}