{"id":7209,"date":"2021-01-08T11:50:56","date_gmt":"2021-01-08T17:50:56","guid":{"rendered":"https:\/\/www.oaxaca.gob.mx\/semovi\/?page_id=7209"},"modified":"2024-02-06T15:24:00","modified_gmt":"2024-02-06T21:24:00","slug":"citybus-oaxaca","status":"publish","type":"page","link":"https:\/\/www.oaxaca.gob.mx\/semovi\/citybus-oaxaca\/","title":{"rendered":"Citybus Oaxaca"},"content":{"rendered":"<div class=\"post\">\n<nav style=\"margin-bottom: 30px\">\n<div id=\"nav-tab\" class=\"nav nav-tabs\" role=\"tablist\">\n<a class=\"nav-item nav-link active\" role=\"tab\" href=\"#panel-0\" data-bs-toggle=\"tab\">Citybus<\/a><br \/>\n<a class=\"nav-item nav-link\" role=\"tab\" href=\"#panel-1\" data-bs-toggle=\"tab\">Costo Beneficio<\/a><\/p>\n<div role=\"tablist\"><\/div>\n<\/div>\n<\/nav>\n<div class=\"tab-content\">\n<div id=\"panel-0\" class=\"tab-pane active\">\n<table id=\"tablepress-53\" class=\"tablepress tablepress-id-53\">\n<thead>\n<tr class=\"row-1\">\n\t<th class=\"column-1\">#<\/th><th class=\"column-2\">Titulo<\/th><th class=\"column-3\">Descarga<\/th>\n<\/tr>\n<\/thead>\n<tbody class=\"row-striping row-hover\">\n<tr class=\"row-2\">\n\t<td class=\"column-1\">1<\/td><td class=\"column-2\">Base Encuesta Rutas OD<\/td><td class=\"column-3\"><a href=\"\/semovi\/wp-content\/uploads\/sites\/34\/2021\/01\/Base-Encuesta-Rutas-OD.xlsx\" target=\"_blank\" rel=\"noopener noreferrer\"><i class=\"far fa-file-excel fa-2x\">\u00a0<\/i><\/a><\/td>\n<\/tr>\n<tr class=\"row-3\">\n\t<td class=\"column-1\">2<\/td><td class=\"column-2\">Indicadores AD<\/td><td class=\"column-3\"><a href=\"\/semovi\/wp-content\/uploads\/sites\/34\/2021\/01\/Indicadores-AD.xlsx\" target=\"_blank\" rel=\"noopener noreferrer\"><i class=\"far fa-file-excel fa-2x\">\u00a0<\/i><\/a><\/td>\n<\/tr>\n<tr class=\"row-4\">\n\t<td class=\"column-1\">3<\/td><td class=\"column-2\">Sondeo de Opini\u00f3n al Usuario<\/td><td class=\"column-3\"><a href=\"\/semovi\/wp-content\/uploads\/sites\/34\/2021\/01\/SONDEO-DE-OPINION-AL-USUARIO.pdf\" target=\"_blank\" rel=\"noopener noreferrer\"><i class=\"far fa-file-pdf fa-2x\">\u00a0<\/i><\/a><\/td>\n<\/tr>\n<tr class=\"row-5\">\n\t<td class=\"column-1\">4<\/td><td class=\"column-2\">Contrato SEMOVI-TRANSCONSUL<\/td><td class=\"column-3\"><a href=\"\/semovi\/wp-content\/uploads\/sites\/34\/2021\/02\/CONTRATO-SEMOVI-TRANSCONSUL.pdf\" target=\"_blank\" rel=\"noopener noreferrer\"><i class=\"far fa-file-pdf fa-2x\"> <\/i><\/a><\/td>\n<\/tr>\n<tr class=\"row-6\">\n\t<td class=\"column-1\">5<\/td><td class=\"column-2\">Informe de especificaciones t\u00e9cnicas<\/td><td class=\"column-3\"><a href=\"\/semovi\/wp-content\/uploads\/sites\/34\/2021\/02\/Informe-de-especificaciones-tecnicas.pdf\" target=\"_blank\" rel=\"noopener noreferrer\"><i class=\"far fa-file-pdf fa-2x\"> <\/i><\/a><\/td>\n<\/tr>\n<tr class=\"row-7\">\n\t<td class=\"column-1\">6<\/td><td class=\"column-2\">Propuesta de Especificaci\u00f3n de Veh\u00edculos de Transporte P\u00fablico<\/td><td class=\"column-3\"><a href=\"\/semovi\/wp-content\/uploads\/sites\/34\/2021\/02\/PROPUESTA-DE-ESPECIFICACION-DE-VEHICULOS-DE-TRANSPORTE-PUBLICO.pdf\" target=\"_blank\" rel=\"noopener noreferrer\"><i class=\"far fa-file-pdf fa-2x\"> <\/i><\/a><\/td>\n<\/tr>\n<tr class=\"row-8\">\n\t<td class=\"column-1\">7<\/td><td class=\"column-2\">Modelo de negocio<\/td><td class=\"column-3\"><a href=\"\/semovi\/wp-content\/uploads\/sites\/34\/2021\/02\/Modelo-de-negocio.pdf\" target=\"_blank\" rel=\"noopener noreferrer\"><i class=\"far fa-file-pdf fa-2x\"> <\/i><\/a><\/td>\n<\/tr>\n<tr class=\"row-9\">\n\t<td class=\"column-1\">8<\/td><td class=\"column-2\">Contrato y anexos, mantenimiento a 25 autobuses<\/td><td class=\"column-3\"><a href=\"\/semovi\/wp-content\/uploads\/sites\/34\/2021\/02\/Contrato-y-anexos-mantenimiento-a-25-autobuses.pdf\" target=\"_blank\" rel=\"noopener noreferrer\"><i class=\"far fa-file-pdf fa-2x\"> <\/i><\/a><\/td>\n<\/tr>\n<tr class=\"row-10\">\n\t<td class=\"column-1\">9<\/td><td class=\"column-2\">Terminaci\u00f3n anticipada, mantenimiento 25 autobuses<\/td><td class=\"column-3\"><a href=\"\/semovi\/wp-content\/uploads\/sites\/34\/2021\/02\/Terminacion-anticipada-mantenimiento-25-autobuses.pdf\" target=\"_blank\" rel=\"noopener noreferrer\"><i class=\"far fa-file-pdf fa-2x\"> <\/i><\/a><\/td>\n<\/tr>\n<tr class=\"row-11\">\n\t<td class=\"column-1\">10<\/td><td class=\"column-2\">Contrato de Obra P\u00fablica BREMIC<\/td><td class=\"column-3\"><a href=\"\/semovi\/wp-content\/uploads\/sites\/34\/2021\/02\/CONTRATO-DE-OBRA-PUBLICA-BREMIC.pdf\" target=\"_blank\" rel=\"noopener noreferrer\"><i class=\"far fa-file-pdf fa-2x\"> <\/i><\/a><\/td>\n<\/tr>\n<tr class=\"row-12\">\n\t<td class=\"column-1\">11<\/td><td class=\"column-2\">Contrato y anexos mantenimiento a 17 autobuses<\/td><td class=\"column-3\"><a href=\"\/semovi\/wp-content\/uploads\/sites\/34\/2021\/02\/Contrato-y-anexos-mantenimiento-a-17-autobuses.pdf\" target=\"_blank\" rel=\"noopener noreferrer\"><i class=\"far fa-file-pdf fa-2x\"> <\/i><\/a><\/td>\n<\/tr>\n<tr class=\"row-13\">\n\t<td class=\"column-1\">12<\/td><td class=\"column-2\">EXT-CITYBUS-2020-07-07 (Decreto Publicado)<\/td><td class=\"column-3\"><a href=\"\/semovi\/wp-content\/uploads\/sites\/34\/2021\/02\/EXT-CITYBUS-2020-07-07-Decreto-Publicado.pdf\" target=\"_blank\" rel=\"noopener noreferrer\"><i class=\"far fa-file-pdf fa-2x\"> <\/i><\/a><\/td>\n<\/tr>\n<tr class=\"row-14\">\n\t<td class=\"column-1\">13<\/td><td class=\"column-2\">Modificatorio CAF con firmas<\/td><td class=\"column-3\"><a href=\"\/semovi\/wp-content\/uploads\/sites\/34\/2021\/02\/Modificatorio-CAF-con-firmas.pdf\" target=\"_blank\" rel=\"noopener noreferrer\"><i class=\"far fa-file-pdf fa-2x\"> <\/i><\/a><\/td>\n<\/tr>\n<tr class=\"row-15\">\n\t<td class=\"column-1\">14<\/td><td class=\"column-2\">CONTRATO CITYBUS, CIFO<\/td><td class=\"column-3\"><a href=\"\/semovi\/wp-content\/uploads\/sites\/34\/2023\/10\/citybus-09.pdf\" target=\"_blank\" rel=\"noopener noreferrer\"><i class=\"far fa-file-pdf fa-2x\"> <\/i><\/a><\/td>\n<\/tr>\n<tr class=\"row-16\">\n\t<td class=\"column-1\">15<\/td><td class=\"column-2\">Contrato parque del amor CFE<\/td><td class=\"column-3\"><a href=\"\/semovi\/wp-content\/uploads\/sites\/34\/2021\/02\/Contrato-parque-del-amor-CFE.pdf\" target=\"_blank\" rel=\"noopener noreferrer\"><i class=\"far fa-file-pdf fa-2x\"> <\/i><\/a><\/td>\n<\/tr>\n<tr class=\"row-17\">\n\t<td class=\"column-1\">16<\/td><td class=\"column-2\">Convenio de coordinacion SINFRA SEMOVI FONADIN<\/td><td class=\"column-3\"><a href=\"\/semovi\/wp-content\/uploads\/sites\/34\/2021\/02\/Convenio-de-coordinacion-SINFRA-SEMOVI-FONADIN.pdf\" target=\"_blank\" rel=\"noopener noreferrer\"><i class=\"far fa-file-pdf fa-2x\"> <\/i><\/a><\/td>\n<\/tr>\n<tr class=\"row-18\">\n\t<td class=\"column-1\">17<\/td><td class=\"column-2\">Convenio SEMOVI SINFRA SEMAFORIZACI\u00d3N<\/td><td class=\"column-3\"><a href=\"\/semovi\/wp-content\/uploads\/sites\/34\/2021\/02\/Convenio-SEMOVI-SINFRA-SEMAFORIZACION.pdf\" target=\"_blank\" rel=\"noopener noreferrer\"><i class=\"far fa-file-pdf fa-2x\"> <\/i><\/a><\/td>\n<\/tr>\n<tr class=\"row-19\">\n\t<td class=\"column-1\">18<\/td><td class=\"column-2\">CTO 232-2020 SEMAFORIZACION<\/td><td class=\"column-3\"><a href=\"\/semovi\/wp-content\/uploads\/sites\/34\/2021\/02\/CTO-232-2020-SEMAFORIZACION.pdf\" target=\"_blank\" rel=\"noopener noreferrer\"><i class=\"far fa-file-pdf fa-2x\"> <\/i><\/a><\/td>\n<\/tr>\n<tr class=\"row-20\">\n\t<td class=\"column-1\">19<\/td><td class=\"column-2\">CTO 331 4 ESTACIONES INT ESPECIALES<\/td><td class=\"column-3\"><a href=\"\/semovi\/wp-content\/uploads\/sites\/34\/2021\/02\/CTO-331-4-ESTACIONES-INT-ESPECIALES.pdf\" target=\"_blank\" rel=\"noopener noreferrer\"><i class=\"far fa-file-pdf fa-2x\"> <\/i><\/a><\/td>\n<\/tr>\n<tr class=\"row-21\">\n\t<td class=\"column-1\">20<\/td><td class=\"column-2\">CTO 332-2020 ACCESO FRANCO PARQUE DEL AMOR<\/td><td class=\"column-3\"><a href=\"\/semovi\/wp-content\/uploads\/sites\/34\/2021\/02\/CTO-332-2020-ACCESO-FRANCO-PARQUE-DEL-AMOR.pdf\" target=\"_blank\" rel=\"noopener noreferrer\"><i class=\"far fa-file-pdf fa-2x\"> <\/i><\/a><\/td>\n<\/tr>\n<tr class=\"row-22\">\n\t<td class=\"column-1\">21<\/td><td class=\"column-2\">Tarjeta Sistema de Recaudo FONADIN<\/td><td class=\"column-3\"><a href=\"\/semovi\/wp-content\/uploads\/sites\/34\/2021\/02\/Tarjeta-Sistema-de-Recaudo-FONADIN.pdf\" target=\"_blank\" rel=\"noopener noreferrer\"><i class=\"far fa-file-pdf fa-2x\"> <\/i><\/a><\/td>\n<\/tr>\n<tr class=\"row-23\">\n\t<td class=\"column-1\">22<\/td><td class=\"column-2\">Contrato CFE PUEBLO NUEVO<\/td><td class=\"column-3\"><a href=\"\/semovi\/wp-content\/uploads\/sites\/34\/2021\/02\/Contrato-CFE-PUEBLO-NUEVO.pdf\" target=\"_blank\" rel=\"noopener noreferrer\"><i class=\"far fa-file-pdf fa-2x\"> <\/i><\/a><\/td>\n<\/tr>\n<tr class=\"row-24\">\n\t<td class=\"column-1\">23<\/td><td class=\"column-2\">Declaratoria de desastre natural DOF 14 sep 2017<\/td><td class=\"column-3\"><a href=\"\/semovi\/wp-content\/uploads\/sites\/34\/2021\/02\/Declaratoria-de-desastre-natural-DOF-14-sep-2017.pdf\" target=\"_blank\" rel=\"noopener noreferrer\"><i class=\"far fa-file-pdf fa-2x\"> <\/i><\/a><\/td>\n<\/tr>\n<tr class=\"row-25\">\n\t<td class=\"column-1\">24<\/td><td class=\"column-2\">Declaratoria de desatre natural DOF 26 Feb 2018<\/td><td class=\"column-3\"><a href=\"\/semovi\/wp-content\/uploads\/sites\/34\/2021\/02\/Declaratoria-de-desatre-natural-DOF-26-Feb-2018.pdf\" target=\"_blank\" rel=\"noopener noreferrer\"><i class=\"far fa-file-pdf fa-2x\"> <\/i><\/a><\/td>\n<\/tr>\n<tr class=\"row-26\">\n\t<td class=\"column-1\">25<\/td><td class=\"column-2\">Declaratoria de desastre natural DOF 5 sep 2018<\/td><td class=\"column-3\"><a href=\"\/semovi\/wp-content\/uploads\/sites\/34\/2021\/02\/Declaratoria-de-desastre-natural-DOF-5-sep-2018.pdf\" target=\"_blank\" rel=\"noopener noreferrer\"><i class=\"far fa-file-pdf fa-2x\"> <\/i><\/a><\/td>\n<\/tr>\n<tr class=\"row-27\">\n\t<td class=\"column-1\">26<\/td><td class=\"column-2\">CONTRATO  SEMOVI-DA-LPN-002\/2021<\/td><td class=\"column-3\"><a href=\"\/semovi\/wp-content\/uploads\/sites\/34\/2022\/01\/CONTRATO-SEMOVI-DA-LPN-002-2021version-publica.pdf\" target=\"_blank\" rel=\"noopener noreferrer\"><i class=\"far fa-file-pdf fa-2x\"> <\/i><\/a><\/td>\n<\/tr>\n<tr class=\"row-28\">\n\t<td class=\"column-1\">27<\/td><td class=\"column-2\">Acta de Entrega de Software<\/td><td class=\"column-3\"><a href=\"\/semovi\/wp-content\/uploads\/sites\/34\/2022\/01\/acta-de-entrega-Software.pdf\" target=\"_blank\" rel=\"noopener noreferrer\"><i class=\"far fa-file-pdf fa-2x\"> <\/i><\/a><\/td>\n<\/tr>\n<\/tbody>\n<\/table>\n<!-- #tablepress-53 from cache --><\/div>\n<div id=\"panel-1\" class=\"tab-pane\">\n<table id=\"tablepress-82\" class=\"tablepress tablepress-id-82\">\n<thead>\n<tr class=\"row-1\">\n\t<th class=\"column-1\">#<\/th><th class=\"column-2\">Titulo<\/th><th class=\"column-3\">Descarga<\/th>\n<\/tr>\n<\/thead>\n<tbody class=\"row-striping row-hover\">\n<tr class=\"row-2\">\n\t<td class=\"column-1\">1<\/td><td class=\"column-2\">IV INFORME COSTO<\/td><td class=\"column-3\"><a href=\"\/semovi\/wp-content\/uploads\/sites\/34\/2023\/03\/IV-INFORME-COSTO-BENEFICIO-CITYBUS_opt.pdf\" target=\"_blank\" rel=\"noopener noreferrer\"><i class=\"far fa-file-pdf fa-2x\">\u00a0<\/i><\/a><\/td>\n<\/tr>\n<tr class=\"row-3\">\n\t<td class=\"column-1\">2<\/td><td class=\"column-2\">ACTUALIZACION COSTO<\/td><td class=\"column-3\"><a href=\"\/semovi\/wp-content\/uploads\/sites\/34\/2023\/03\/ACTUALIZACION-COSTO-BENEFICIO-CITYBUS-2021.pdf\" target=\"_blank\" rel=\"noopener noreferrer\"><i class=\"far fa-file-pdf fa-2x\">\u00a0<\/i><\/a><\/td>\n<\/tr>\n<\/tbody>\n<\/table>\n<!-- #tablepress-82 from cache --><\/div>\n<\/div>\n<\/div>\n","protected":false},"excerpt":{"rendered":"<p>Citybus Costo Beneficio<\/p>\n","protected":false},"author":42,"featured_media":0,"parent":0,"menu_order":0,"comment_status":"closed","ping_status":"closed","template":"","meta":{"episode_type":"","audio_file":"","podmotor_file_id":"","podmotor_episode_id":"","cover_image":"","cover_image_id":"","duration":"","filesize":"","filesize_raw":"","date_recorded":"","explicit":"","block":"","itunes_episode_number":"","itunes_title":"","itunes_season_number":"","itunes_episode_type":"","footnotes":""},"categories":[],"tags":[],"class_list":["post-7209","page","type-page","status-publish","hentry"],"acf":[],"publishpress_future_action":{"enabled":false,"date":"2026-05-08 03:03:52","action":"change-status","newStatus":"draft","terms":[],"taxonomy":"category","extraData":[]},"publishpress_future_workflow_manual_trigger":{"enabledWorkflows":[]},"_links":{"self":[{"href":"https:\/\/www.oaxaca.gob.mx\/semovi\/wp-json\/wp\/v2\/pages\/7209","targetHints":{"allow":["GET"]}}],"collection":[{"href":"https:\/\/www.oaxaca.gob.mx\/semovi\/wp-json\/wp\/v2\/pages"}],"about":[{"href":"https:\/\/www.oaxaca.gob.mx\/semovi\/wp-json\/wp\/v2\/types\/page"}],"author":[{"embeddable":true,"href":"https:\/\/www.oaxaca.gob.mx\/semovi\/wp-json\/wp\/v2\/users\/42"}],"replies":[{"embeddable":true,"href":"https:\/\/www.oaxaca.gob.mx\/semovi\/wp-json\/wp\/v2\/comments?post=7209"}],"version-history":[{"count":2,"href":"https:\/\/www.oaxaca.gob.mx\/semovi\/wp-json\/wp\/v2\/pages\/7209\/revisions"}],"predecessor-version":[{"id":11394,"href":"https:\/\/www.oaxaca.gob.mx\/semovi\/wp-json\/wp\/v2\/pages\/7209\/revisions\/11394"}],"wp:attachment":[{"href":"https:\/\/www.oaxaca.gob.mx\/semovi\/wp-json\/wp\/v2\/media?parent=7209"}],"wp:term":[{"taxonomy":"category","embeddable":true,"href":"https:\/\/www.oaxaca.gob.mx\/semovi\/wp-json\/wp\/v2\/categories?post=7209"},{"taxonomy":"post_tag","embeddable":true,"href":"https:\/\/www.oaxaca.gob.mx\/semovi\/wp-json\/wp\/v2\/tags?post=7209"}],"curies":[{"name":"wp","href":"https:\/\/api.w.org\/{rel}","templated":true}]}}