{"id":3762,"date":"2018-07-24T12:53:46","date_gmt":"2018-07-24T18:53:46","guid":{"rendered":"https:\/\/www.oaxaca.gob.mx\/sevitra\/?page_id=3762"},"modified":"2024-03-01T13:13:24","modified_gmt":"2024-03-01T19:13:24","slug":"control-de-transporte","status":"publish","type":"page","link":"https:\/\/www.oaxaca.gob.mx\/semovi\/control-de-transporte\/","title":{"rendered":"Control de Transporte"},"content":{"rendered":"<ul>\n<li style=\"list-style-type: none\">\n<ul>\n<li><a href=\"\/semovi\/wp-content\/uploads\/sites\/34\/2024\/03\/SOLICITUD-DE-REGISTRO-DE-AGRUPACION-2.pdf\" target=\"_blank\" rel=\"noopener\">Descarga aqu\u00ed el formato de SOLICITUD DE REGISTRO DE AGRUPACI\u00d3N<\/a><\/li>\n<li><a href=\"\/semovi\/wp-content\/uploads\/sites\/34\/2024\/03\/SOLICITUD-DE-REGISTRO-DE-CAMBIO-DE-AGRUPACION-2.pdf\" target=\"_blank\" rel=\"noopener\">Descarga aqu\u00ed el formato de SOLICITUD DE REGISTRO DE CAMBIO AGRUPACION<\/a><\/li>\n<li><a href=\"\/semovi\/wp-content\/uploads\/sites\/34\/2024\/03\/SOLICITUD-DE-AUTORIZACION-DE-CROMATICA-DISTINTIVOS-Y-ADITAMENTOS-2.pdf\" target=\"_blank\" rel=\"noopener\">Descarga aqu\u00ed el formato de ASIGNACION DE COLORES<\/a><\/li>\n<li><a href=\"\/semovi\/wp-content\/uploads\/sites\/34\/2024\/03\/FORMATO-de-QUEJA-2024-1.pdf\" target=\"_blank\" rel=\"noopener\">Descarga aqu\u00ed el formato de QUEJAS <\/a><\/li>\n<\/ul>\n<p>&nbsp;<\/p>\n<p><a href=\"https:\/\/www.oaxaca.gob.mx\/semovi\/wp-content\/uploads\/sites\/34\/2023\/03\/operaciondeltransporte.pdf\">https:\/\/www.oaxaca.gob.mx\/semovi\/wp-content\/uploads\/sites\/34\/2023\/03\/operaciondeltransporte.pdf<\/a><\/li>\n<\/ul>\n","protected":false},"excerpt":{"rendered":"<p>Descarga aqu\u00ed el formato de SOLICITUD DE REGISTRO DE AGRUPACI\u00d3N Descarga aqu\u00ed el formato de SOLICITUD DE REGISTRO DE CAMBIO AGRUPACION Descarga aqu\u00ed el formato de ASIGNACION DE COLORES Descarga aqu\u00ed el formato de QUEJAS &nbsp;<\/p>\n","protected":false},"author":1,"featured_media":0,"parent":0,"menu_order":0,"comment_status":"closed","ping_status":"closed","template":"","meta":{"episode_type":"","audio_file":"","podmotor_file_id":"","podmotor_episode_id":"","cover_image":"","cover_image_id":"","duration":"","filesize":"","filesize_raw":"","date_recorded":"","explicit":"","block":"","itunes_episode_number":"","itunes_title":"","itunes_season_number":"","itunes_episode_type":"","footnotes":""},"categories":[],"tags":[],"class_list":["post-3762","page","type-page","status-publish","hentry"],"acf":[],"publishpress_future_action":{"enabled":false,"date":"2026-05-08 19:21:44","action":"change-status","newStatus":"draft","terms":[],"taxonomy":"category","extraData":[]},"publishpress_future_workflow_manual_trigger":{"enabledWorkflows":[]},"_links":{"self":[{"href":"https:\/\/www.oaxaca.gob.mx\/semovi\/wp-json\/wp\/v2\/pages\/3762","targetHints":{"allow":["GET"]}}],"collection":[{"href":"https:\/\/www.oaxaca.gob.mx\/semovi\/wp-json\/wp\/v2\/pages"}],"about":[{"href":"https:\/\/www.oaxaca.gob.mx\/semovi\/wp-json\/wp\/v2\/types\/page"}],"author":[{"embeddable":true,"href":"https:\/\/www.oaxaca.gob.mx\/semovi\/wp-json\/wp\/v2\/users\/1"}],"replies":[{"embeddable":true,"href":"https:\/\/www.oaxaca.gob.mx\/semovi\/wp-json\/wp\/v2\/comments?post=3762"}],"version-history":[{"count":2,"href":"https:\/\/www.oaxaca.gob.mx\/semovi\/wp-json\/wp\/v2\/pages\/3762\/revisions"}],"predecessor-version":[{"id":11493,"href":"https:\/\/www.oaxaca.gob.mx\/semovi\/wp-json\/wp\/v2\/pages\/3762\/revisions\/11493"}],"wp:attachment":[{"href":"https:\/\/www.oaxaca.gob.mx\/semovi\/wp-json\/wp\/v2\/media?parent=3762"}],"wp:term":[{"taxonomy":"category","embeddable":true,"href":"https:\/\/www.oaxaca.gob.mx\/semovi\/wp-json\/wp\/v2\/categories?post=3762"},{"taxonomy":"post_tag","embeddable":true,"href":"https:\/\/www.oaxaca.gob.mx\/semovi\/wp-json\/wp\/v2\/tags?post=3762"}],"curies":[{"name":"wp","href":"https:\/\/api.w.org\/{rel}","templated":true}]}}