{"id":3159,"date":"2018-08-14T10:48:36","date_gmt":"2018-08-14T16:48:36","guid":{"rendered":"http:\/\/www.segego.oaxaca.gob.mx\/?page_id=3159"},"modified":"2018-08-14T10:48:36","modified_gmt":"2018-08-14T16:48:36","slug":"marco-normativo-2","status":"publish","type":"page","link":"https:\/\/www.oaxaca.gob.mx\/sego\/marco-normativo-2\/","title":{"rendered":"Marco Jur\u00eddico"},"content":{"rendered":"<nav style=\"margin-bottom: 30px\">\n<div id=\"nav-tab\" class=\"nav nav-tabs\" role=\"tablist\">\n    <a id=\"nav_tab_uno\" class=\"nav-item nav-link active\" role=\"tab\" href=\"#nav_uno\" data-toggle=\"tab\">Constituci\u00f3n Pol\u00edtica<\/a><br \/>\n    <a id=\"nav_tab_dos\" class=\"nav-item nav-link\" role=\"tab\" href=\"#nav_dos\" data-toggle=\"tab\">Ley Federal<\/a><br \/>\n    <a id=\"nav_tab_tres\" class=\"nav-item nav-link\" role=\"tab\" href=\"#nav_tres\" data-toggle=\"tab\">Ley General<\/a><br \/>\n    <a id=\"nav_tab_cuatro\" class=\"nav-item nav-link\" role=\"tab\" href=\"#nav_cuatro\" data-toggle=\"tab\">Ley Local<\/a><br \/>\n    <a id=\"nav_tab_cinco\" class=\"nav-item nav-link\" role=\"tab\" href=\"#nav_cinco\" data-toggle=\"tab\">Tratado Internacional<\/a>\n  <\/div>\n<\/nav>\n<div id=\"nav-tabContent\" class=\"tab-content\">\n<div id=\"nav_uno\" class=\"tab-pane fade show active\" role=\"tabpanel\" aria-labelledby=\"nav_tab_uno\">\n<h4>Constituci\u00f3n Pol\u00edtica de los Estados Unidos Mexicanos<\/h4>\n\n<table id=\"tablepress-2\" class=\"tablepress tablepress-id-2\">\n<thead>\n<tr class=\"row-1\">\n\t<th class=\"column-1\">Documento<\/th><th class=\"column-2\">Descargar<\/th>\n<\/tr>\n<\/thead>\n<tbody class=\"row-striping row-hover\">\n<tr class=\"row-2\">\n\t<td class=\"column-1\">Constituci\u00f3n Pol\u00edtica de los Estados Unidos Mexicanos<\/td><td class=\"column-2\"><a target=\"_blank\" href=\"\/segego\/wp-content\/uploads\/sites\/74\/2019\/06\/CPEUM-Reforma_15-05-19.pdf\"><i class=\"far fa-file-pdf fa-2x\">&nbsp;<\/i><\/a><\/td>\n<\/tr>\n<\/tbody>\n<\/table>\n<!-- #tablepress-2 from cache --><\/div>\n<div id=\"nav_dos\" class=\"tab-pane fade\" role=\"tabpanel\" aria-labelledby=\"nav_tab_dos\">\n<h4>Ley Federal<\/h4>\n\n<table id=\"tablepress-3\" class=\"tablepress tablepress-id-3\">\n<thead>\n<tr class=\"row-1\">\n\t<th class=\"column-1\">Documento<\/th><th class=\"column-2\">Descargar<\/th>\n<\/tr>\n<\/thead>\n<tbody class=\"row-striping row-hover\">\n<tr class=\"row-2\">\n\t<td class=\"column-1\">Ley General de Poblaci\u00f3n<\/td><td class=\"column-2\"><a target=\"_blank\" href=\"\/segego\/wp-content\/uploads\/sites\/74\/2018\/11\/LGPOBLACION_FED.docx\"><i class=\"far fa-file-pdf fa-2x\">&nbsp;<\/i><\/a><br \/>\n<\/td>\n<\/tr>\n<tr class=\"row-3\">\n\t<td class=\"column-1\">Ley de Migraci\u00f3n<\/td><td class=\"column-2\"><a target=\"_blank\" href=\"\/segego\/wp-content\/uploads\/sites\/74\/2018\/11\/LEYMIGRACION.docx\"><i class=\"far fa-file-pdf fa-2x\">&nbsp;<\/i><\/a><\/td>\n<\/tr>\n<tr class=\"row-4\">\n\t<td class=\"column-1\">Ley sobre Refugiados,<a target=\"_blank\" ref=\" Protecci\u00f3n Complementaria y Asilo Pol\u00edtico\"<\/td><td class=\"column-2\"><a target=\"_blank\" href=\"\/segego\/wp-content\/uploads\/sites\/74\/2018\/11\/LRPCAP_301014.docx\"><i class=\"far fa-file-pdf fa-2x\">&nbsp;<\/i><\/a><\/td>\n<\/tr>\n<tr class=\"row-5\">\n\t<td class=\"column-1\">Ley Org\u00e1nica de la Administraci\u00f3n P\u00fablica Federal<\/td><td class=\"column-2\"><a target=\"_blank\" href=\"\/segego\/wp-content\/uploads\/sites\/74\/2018\/11\/LOADMONPF_FED.docx\"><i class=\"far fa-file-pdf fa-2x\">&nbsp;<\/i><\/a><\/td>\n<\/tr>\n<tr class=\"row-6\">\n\t<td class=\"column-1\">Ley General para Prevenir,<a target=\"_blank\" ref=\" Sancionar y Erradicar los Delitos en Materia de Trata de Personas y para la Protecci\u00f3n y Asistencia a las V\u00edctimas de estos Delitos\"<\/td><td class=\"column-2\"><a target=\"_blank\" href=\"\/segego\/wp-content\/uploads\/sites\/74\/2018\/11\/LGPSEDMTP_190118.docx\"><i class=\"far fa-file-pdf fa-2x\">&nbsp;<\/i><\/a><\/td>\n<\/tr>\n<tr class=\"row-7\">\n\t<td class=\"column-1\">Ley General de Protecci\u00f3n Civil<\/td><td class=\"column-2\"><a target=\"_blank\" href=\"\/segego\/wp-content\/uploads\/sites\/74\/2018\/11\/LGPC_190118.docx\"><i class=\"far fa-file-pdf fa-2x\">&nbsp;<\/i><\/a><\/td>\n<\/tr>\n<tr class=\"row-8\">\n\t<td class=\"column-1\">Ley Federal del Trabajo<\/td><td class=\"column-2\"><a target=\"_blank\" href=\"\/segego\/wp-content\/uploads\/sites\/74\/2018\/11\/LFTRABAJO_FED.docx\"><i class=\"far fa-file-pdf fa-2x\">&nbsp;<\/i><\/a><\/td>\n<\/tr>\n<tr class=\"row-9\">\n\t<td class=\"column-1\">Ley General de Transparencia y Acceso a la Informaci\u00f3n P\u00fablica<\/td><td class=\"column-2\"><a target=\"_blank\" href=\"\/segego\/wp-content\/uploads\/sites\/74\/2018\/11\/LGTAIP.docx\"><i class=\"far fa-file-pdf fa-2x\">&nbsp;<\/i><\/a><\/td>\n<\/tr>\n<tr class=\"row-10\">\n\t<td class=\"column-1\">C\u00f3digo Fiscal de la Federacion<\/td><td class=\"column-2\"><a target=\"_blank\" href=\"\/segego\/wp-content\/uploads\/sites\/74\/2018\/11\/CODFIS_FED.docx\"><i class=\"far fa-file-pdf fa-2x\">&nbsp;<\/i><\/a><\/td>\n<\/tr>\n<tr class=\"row-11\">\n\t<td class=\"column-1\">Ley de Asociaciones Religiosas y Culto P\u00fablico<\/td><td class=\"column-2\"><a target=\"_blank\" href=\"\/segego\/wp-content\/uploads\/sites\/74\/2018\/11\/LARYCP_FED.docx\"><i class=\"far fa-file-pdf fa-2x\">&nbsp;<\/i><\/a><\/td>\n<\/tr>\n<tr class=\"row-12\">\n\t<td class=\"column-1\">Ley Federal de Juegos y Sorteos<\/td><td class=\"column-2\"><a target=\"_blank\" href=\"\/segego\/wp-content\/uploads\/sites\/74\/2018\/11\/LFJYS_FED.docx\"><i class=\"far fa-file-pdf fa-2x\">&nbsp;<\/i><\/a><\/td>\n<\/tr>\n<tr class=\"row-13\">\n\t<td class=\"column-1\">Ley General de Protecci\u00f3n de Datos Personales en posesi\u00f3n de sujetos obligados<\/td><td class=\"column-2\"><a target=\"_blank\" href=\"\/segego\/wp-content\/uploads\/sites\/74\/2018\/11\/LGPDPPSO.docx\"><i class=\"far fa-file-pdf fa-2x\">&nbsp;<\/i><\/a><\/td>\n<\/tr>\n<tr class=\"row-14\">\n\t<td class=\"column-1\">Reglamento de la Ley General de Poblaci\u00f3n<\/td><td class=\"column-2\"><a target=\"_blank\" href=\"\/segego\/wp-content\/uploads\/sites\/74\/2018\/11\/Reg_LGP.docx\"><i class=\"far fa-file-pdf fa-2x\">&nbsp;<\/i><\/a><\/td>\n<\/tr>\n<tr class=\"row-15\">\n\t<td class=\"column-1\">Reglamento de la Ley de Migraci\u00f3n<\/td><td class=\"column-2\"><a target=\"_blank\" href=\"\/segego\/wp-content\/uploads\/sites\/74\/2018\/11\/Reg_Lmigra.docx\"><i class=\"far fa-file-pdf fa-2x\">&nbsp;<\/i><\/a><\/td>\n<\/tr>\n<tr class=\"row-16\">\n\t<td class=\"column-1\">Reglamento de la Ley sobre Refugiados y Protecci\u00f3n Complementaria<\/td><td class=\"column-2\"><a target=\"_blank\" href=\"\/segego\/wp-content\/uploads\/sites\/74\/2018\/11\/Reg_LRPC.docx\"><i class=\"far fa-file-pdf fa-2x\">&nbsp;<\/i><\/a><\/td>\n<\/tr>\n<tr class=\"row-17\">\n\t<td class=\"column-1\">Reglamento de la Ley General para Prevenir,<a target=\"_blank\" ref=\" Sancionar y Erradicar los Delitos en Materia de Trata de Personas y para la Protecci\u00f3n y Asistencia a las V\u00edctimas de estos Delitos\"<\/td><td class=\"column-2\"><a target=\"_blank\" href=\"\/segego\/wp-content\/uploads\/sites\/74\/2018\/11\/Reg_LGPSEDMTP.docx\"><i class=\"far fa-file-pdf fa-2x\">&nbsp;<\/i><\/a><\/td>\n<\/tr>\n<tr class=\"row-18\">\n\t<td class=\"column-1\">Reglamento de la Ley de Asociaciones Religiosas y Culto Publico.<\/td><td class=\"column-2\"><a target=\"_blank\" href=\"\/segego\/wp-content\/uploads\/sites\/74\/2018\/11\/Reg_LARCP.docx\"><i class=\"far fa-file-pdf fa-2x\">&nbsp;<\/i><\/a><\/td>\n<\/tr>\n<tr class=\"row-19\">\n\t<td class=\"column-1\">Reglamento de la Ley Federal de Juegos y Sorteos<\/td><td class=\"column-2\"><a target=\"_blank\" href=\"\/segego\/wp-content\/uploads\/sites\/74\/2018\/11\/Reg_LFJS.docx\"><i class=\"far fa-file-pdf fa-2x\">&nbsp;<\/i><\/a><\/td>\n<\/tr>\n<tr class=\"row-20\">\n\t<td class=\"column-1\">Lineamientos para tr\u00e1mites y procedimientos migratorios<\/td><td class=\"column-2\"><a target=\"_blank\" href=\"\/segego\/wp-content\/uploads\/sites\/74\/2018\/11\/LTPM_FED.docx\"><i class=\"far fa-file-pdf fa-2x\">&nbsp;<\/i><\/a><\/td>\n<\/tr>\n<tr class=\"row-21\">\n\t<td class=\"column-1\">Acuerdo por el que se emiten los Lineamientos en materia de Protecci\u00f3n a Migrantes del Instituto Nacional de Migraci\u00f3n<\/td><td class=\"column-2\"><a target=\"_blank\" href=\"\/segego\/wp-content\/uploads\/sites\/74\/2018\/11\/LMPMSG_FED.docx\"><i class=\"far fa-file-pdf fa-2x\">&nbsp;<\/i><\/a><\/td>\n<\/tr>\n<tr class=\"row-22\">\n\t<td class=\"column-1\">Acuerdo por el que se crea el Consejo Consultivo de Pol\u00edtica Migratoria de la Secretar\u00eda de Gobernaci\u00f3n<\/td><td class=\"column-2\"><a target=\"_blank\" href=\"\/segego\/wp-content\/uploads\/sites\/74\/2018\/11\/CCPMSG_FED.docx\"><i class=\"far fa-file-pdf fa-2x\">&nbsp;<\/i><\/a><\/td>\n<\/tr>\n<\/tbody>\n<\/table>\n<!-- #tablepress-3 from cache --><\/div>\n<div id=\"nav_tres\" class=\"tab-pane fade\" role=\"tabpanel\" aria-labelledby=\"nav_tab_tres\">\n<h4>Ley General<\/h4>\n\n<table id=\"tablepress-4\" class=\"tablepress tablepress-id-4\">\n<thead>\n<tr class=\"row-1\">\n\t<th class=\"column-1\">Documento<\/th><th class=\"column-2\">Descargar<\/th>\n<\/tr>\n<\/thead>\n<tbody class=\"row-striping row-hover\">\n<tr class=\"row-2\">\n\t<td class=\"column-1\">Ley General de Archivos<\/td><td class=\"column-2\"><a target=\"_blank\" href=\"\/segego\/wp-content\/uploads\/sites\/74\/2018\/11\/LGA_150618.docx\"><i class=\"far fa-file-pdf fa-2x\">&nbsp;<\/i><\/a><\/td>\n<\/tr>\n<\/tbody>\n<\/table>\n<!-- #tablepress-4 from cache --><\/div>\n<div id=\"nav_cuatro\" class=\"tab-pane fade\" role=\"tabpanel\" aria-labelledby=\"nav_tab_cuatro\">\n<h4>Ley Local<\/h4>\n\n<table id=\"tablepress-5\" class=\"tablepress tablepress-id-5\">\n<thead>\n<tr class=\"row-1\">\n\t<th class=\"column-1\">Documento<\/th><th class=\"column-2\">Descargar<\/th>\n<\/tr>\n<\/thead>\n<tbody class=\"row-striping row-hover\">\n<tr class=\"row-2\">\n\t<td class=\"column-1\">Constituci\u00f3n Pol\u00edtica del Estado Libre y Soberano de Oaxaca<\/td><td class=\"column-2\"><a target=\"_blank\" href=\"\/segego\/wp-content\/uploads\/sites\/74\/2018\/11\/CPELYS_OAX.docx\" rel=\"noopener\"><i class=\"far fa-file-pdf fa-2x\">&nbsp;<\/i><\/a><br \/>\n<\/td>\n<\/tr>\n<tr class=\"row-3\">\n\t<td class=\"column-1\">Plan Estatal de Desarrollo de Oaxaca 2016-2022<\/td><td class=\"column-2\"><a target=\"_blank\" href=\"\/segego\/wp-content\/uploads\/sites\/74\/2018\/11\/PED_2016_2022_OAX.docx\" rel=\"noopener\"><i class=\"far fa-file-pdf fa-2x\">&nbsp;<\/i><\/a><\/td>\n<\/tr>\n<tr class=\"row-4\">\n\t<td class=\"column-1\">C\u00f3digo Civil para el Estado de Oaxaca<\/td><td class=\"column-2\"><a target=\"_blank\" href=\"\/segego\/wp-content\/uploads\/sites\/74\/2018\/11\/CODCIVIL_OAX.docx\" rel=\"noopener\"><i class=\"far fa-file-pdf fa-2x\">&nbsp;<\/i><\/a><\/td>\n<\/tr>\n<tr class=\"row-5\">\n\t<td class=\"column-1\">C\u00f3digo de Procedimientos Civiles para el Estado de Oaxaca<\/td><td class=\"column-2\"><a target=\"_blank\" href=\"\/segego\/wp-content\/uploads\/sites\/74\/2018\/11\/CODPROCCIVILES_OAX.docx\" rel=\"noopener\"><i class=\"far fa-file-pdf fa-2x\">&nbsp;<\/i><\/a><\/td>\n<\/tr>\n<tr class=\"row-6\">\n\t<td class=\"column-1\">Ley de Pensiones para los Integrantes de las Instituciones Policiales de la Secretar\u00eda de Seguridad P\u00fablica del Estado de Oaxaca.<\/td><td class=\"column-2\"><a target=\"_blank\" href=\"\/segego\/wp-content\/uploads\/sites\/74\/2018\/11\/LPPLIIP_SSPO.docx\" rel=\"noopener\"><i class=\"far fa-file-pdf fa-2x\">&nbsp;<\/i><\/a><\/td>\n<\/tr>\n<tr class=\"row-7\">\n\t<td class=\"column-1\">Ley de Pensiones para los Trabajadores del Gobierno del Estado de Oaxaca<\/td><td class=\"column-2\"><a target=\"_blank\" href=\"\/segego\/wp-content\/uploads\/sites\/74\/2018\/11\/LPPLTGE_OAX.docx\" rel=\"noopener\"><i class=\"far fa-file-pdf fa-2x\">&nbsp;<\/i><\/a><\/td>\n<\/tr>\n<tr class=\"row-8\">\n\t<td class=\"column-1\">Ley de Protecci\u00f3n Civil y Gesti\u00f3n Integral de Riesgos de Desastres para el Estado de Oaxaca<\/td><td class=\"column-2\"><a target=\"_blank\" href=\"\/segego\/wp-content\/uploads\/sites\/74\/2018\/11\/LPROTECCIONCIVIL_Y_GIRD_OAX.docx\" rel=\"noopener\"><i class=\"far fa-file-pdf fa-2x\">&nbsp;<\/i><\/a><\/td>\n<\/tr>\n<tr class=\"row-9\">\n\t<td class=\"column-1\">Ley de Archivos del Estado de Oaxaca<\/td><td class=\"column-2\"><a target=\"_blank\" href=\"\/segego\/wp-content\/uploads\/sites\/74\/2018\/11\/LARCHIVOS_OAX.docx\" rel=\"noopener\"><i class=\"far fa-file-pdf fa-2x\">&nbsp;<\/i><\/a><\/td>\n<\/tr>\n<tr class=\"row-10\">\n\t<td class=\"column-1\">Ley de los Derechos de las Ni\u00f1as, Ni\u00f1os y Adolescentes del Estado de Oaxaca.<\/td><td class=\"column-2\"><a target=\"_blank\" href=\"\/segego\/wp-content\/uploads\/sites\/74\/2018\/11\/LDCHOSNNYA_OAX.docx\" rel=\"noopener\"><i class=\"far fa-file-pdf fa-2x\">&nbsp;<\/i><\/a><\/td>\n<\/tr>\n<tr class=\"row-11\">\n\t<td class=\"column-1\">Ley para Atender, Prevenir y Eliminar la Discriminaci\u00f3n en el Estado de Oaxaca<\/td><td class=\"column-2\"><a target=\"_blank\" href=\"\/segego\/wp-content\/uploads\/sites\/74\/2018\/11\/LAPYEDISCRIMINACION_OAX.docx\" rel=\"noopener\"><i class=\"far fa-file-pdf fa-2x\">&nbsp;<\/i><\/a><\/td>\n<\/tr>\n<tr class=\"row-12\">\n\t<td class=\"column-1\">Ley para Prevenir, Sancionar y Erradicar los Delitos en Materia de Trata de Personas y para la Protecci\u00f3n y Asistencia a las V\u00edctimas de estos Delitos en el Estado de Oaxaca<\/td><td class=\"column-2\"><a target=\"_blank\" href=\"\/segego\/wp-content\/uploads\/sites\/74\/2018\/11\/LPSYEDMTRATADPYPYAV_OAX.docx\" rel=\"noopener\"><i class=\"far fa-file-pdf fa-2x\">&nbsp;<\/i><\/a><\/td>\n<\/tr>\n<tr class=\"row-13\">\n\t<td class=\"column-1\">Ley de Derechos de los Pueblos y Comunidades Ind\u00edgenas del Estado de Oaxaca<\/td><td class=\"column-2\"><a target=\"_blank\" href=\"\/segego\/wp-content\/uploads\/sites\/74\/2018\/11\/LDPYCI_OAX.docx\" rel=\"noopener\"><i class=\"far fa-file-pdf fa-2x\">&nbsp;<\/i><\/a><\/td>\n<\/tr>\n<tr class=\"row-14\">\n\t<td class=\"column-1\">Ley para el Reconocimiento y Atenci\u00f3n de los Derechos de los Migrantes y sus Familias para el Estado de Oaxaca<\/td><td class=\"column-2\"><a target=\"_blank\" href=\"\/segego\/wp-content\/uploads\/sites\/74\/2018\/11\/LRYADCHOSMIGRAYF_OAX.docx\" rel=\"noopener\"><i class=\"far fa-file-pdf fa-2x\">&nbsp;<\/i><\/a><\/td>\n<\/tr>\n<tr class=\"row-15\">\n\t<td class=\"column-1\">Ley de Atenci\u00f3n a V\u00edctimas del Estado de Oaxaca<\/td><td class=\"column-2\"><a target=\"_blank\" href=\"\/segego\/wp-content\/uploads\/sites\/74\/2018\/11\/LVICTIMAS_OAX.docx\" rel=\"noopener\"><i class=\"far fa-file-pdf fa-2x\">&nbsp;<\/i><\/a><\/td>\n<\/tr>\n<tr class=\"row-16\">\n\t<td class=\"column-1\">Ley de Entidades Paraestatales del Estado de Oaxaca<\/td><td class=\"column-2\"><a target=\"_blank\" href=\"\/segego\/wp-content\/uploads\/sites\/74\/2018\/11\/LENTIDADESP_OAX.docx\" rel=\"noopener\"><i class=\"far fa-file-pdf fa-2x\">&nbsp;<\/i><\/a><\/td>\n<\/tr>\n<tr class=\"row-17\">\n\t<td class=\"column-1\">Ley de Est\u00edmulo y Recompensasa los Funcionarios y empleados del Gobierno del Estado y Maestros Federalizados<\/td><td class=\"column-2\"><a target=\"_blank\" href=\"\/segego\/wp-content\/uploads\/sites\/74\/2018\/11\/LEYRFYEGEYMF_OAX.docx\" rel=\"noopener\"><i class=\"far fa-file-pdf fa-2x\">&nbsp;<\/i><\/a><\/td>\n<\/tr>\n<tr class=\"row-18\">\n\t<td class=\"column-1\">Ley de Expropiaci\u00f3n del Estado de Oaxaca<\/td><td class=\"column-2\"><a target=\"_blank\" href=\"\/segego\/wp-content\/uploads\/sites\/74\/2018\/11\/LEXPROPIACION_OAX.docx\" rel=\"noopener\"><i class=\"far fa-file-pdf fa-2x\">&nbsp;<\/i><\/a><\/td>\n<\/tr>\n<tr class=\"row-19\">\n\t<td class=\"column-1\">Ley de Igualdad entre Mujeres y Hombres para el Estado de Oaxaca<\/td><td class=\"column-2\"><a target=\"_blank\" href=\"\/segego\/wp-content\/uploads\/sites\/74\/2018\/11\/LIGUALDADEMYH_OAX.docx\" rel=\"noopener\"><i class=\"far fa-file-pdf fa-2x\">&nbsp;<\/i><\/a><\/td>\n<\/tr>\n<tr class=\"row-20\">\n\t<td class=\"column-1\">Ley de Instituciones y Procedimientos Electorales del Estado de Oaxaca<\/td><td class=\"column-2\"><a target=\"_blank\" href=\"\/segego\/wp-content\/uploads\/sites\/74\/2018\/11\/LINSTYPELECTORALES_OAX.docx\" rel=\"noopener\"><i class=\"far fa-file-pdf fa-2x\">&nbsp;<\/i><\/a><\/td>\n<\/tr>\n<tr class=\"row-21\">\n\t<td class=\"column-1\">Ley de Procedimientos y Justicia Administrativa Para el Estado<\/td><td class=\"column-2\"><a target=\"_blank\" href=\"\/segego\/wp-content\/uploads\/sites\/74\/2018\/11\/LPROC_Y_JUSTADMVA_OAX.docx\" rel=\"noopener\"><i class=\"far fa-file-pdf fa-2x\">&nbsp;<\/i><\/a><\/td>\n<\/tr>\n<tr class=\"row-22\">\n\t<td class=\"column-1\">Ley de la Corporaci\u00f3n Oaxaque\u00f1a de Radio y Televisi\u00f3n<\/td><td class=\"column-2\"><a target=\"_blank\" href=\"\/segego\/wp-content\/uploads\/sites\/74\/2018\/11\/LCORTV_OAX.docx\" rel=\"noopener\"><i class=\"far fa-file-pdf fa-2x\">&nbsp;<\/i><\/a><\/td>\n<\/tr>\n<tr class=\"row-23\">\n\t<td class=\"column-1\">Ley del Ejercicio Profesional en el Estado de Oaxaca.<\/td><td class=\"column-2\"><a target=\"_blank\" href=\"\/segego\/wp-content\/uploads\/sites\/74\/2018\/11\/LEP_OAX.docx\" rel=\"noopener\"><i class=\"far fa-file-pdf fa-2x\">&nbsp;<\/i><\/a><\/td>\n<\/tr>\n<tr class=\"row-24\">\n\t<td class=\"column-1\">Ley de Protecci\u00f3n de Datos Personales En Posesi\u00f3n de Sujetos Obligados Del Estado de Oaxaca.<\/td><td class=\"column-2\"><a target=\"_blank\" href=\"\/segego\/wp-content\/uploads\/sites\/74\/2018\/11\/LPROTECDATOSPERSONALESPSO_OAX.docx\" rel=\"noopener\"><i class=\"far fa-file-pdf fa-2x\">&nbsp;<\/i><\/a><\/td>\n<\/tr>\n<tr class=\"row-25\">\n\t<td class=\"column-1\">Ley de Juicio Pol\u00edtico del Estado de Oaxaca<\/td><td class=\"column-2\"><a target=\"_blank\" href=\"\/segego\/wp-content\/uploads\/sites\/74\/2018\/11\/LJUICIOPOLITICO_OAX.docx\" rel=\"noopener\"><i class=\"far fa-file-pdf fa-2x\">&nbsp;<\/i><\/a><\/td>\n<\/tr>\n<tr class=\"row-26\">\n\t<td class=\"column-1\">Ley de Reponsabilidades Administrativas del Estado y Municipios del Estado de Oaxaca<\/td><td class=\"column-2\"><a target=\"_blank\" href=\"\/segego\/wp-content\/uploads\/sites\/74\/2018\/11\/LRESP_SERVPUBEDOYMUN_OAX.docx\" rel=\"noopener\"><i class=\"far fa-file-pdf fa-2x\">&nbsp;<\/i><\/a><\/td>\n<\/tr>\n<tr class=\"row-27\">\n\t<td class=\"column-1\">Ley de Transparencia, Acceso  a la Informaci\u00f3n P\u00fablica y Buen Gobierno del Estado de Oaxaca<\/td><td class=\"column-2\"><a target=\"_blank\" href=\"\/segego\/wp-content\/uploads\/sites\/74\/2022\/06\/Ley_de_Transparencia_Acceso_a_la_informacion_publica_y_Buen_Gobierno_del_Est_de_Oax_may_2022.pdf\" rel=\"noopener\"><i class=\"far fa-file-pdf fa-2x\">&nbsp;<\/i><\/a><\/td>\n<\/tr>\n<tr class=\"row-28\">\n\t<td class=\"column-1\">Ley del Notariado de Oaxaca<\/td><td class=\"column-2\"><a target=\"_blank\" href=\"\/segego\/wp-content\/uploads\/sites\/74\/2018\/11\/LNOTARIADO_OAX.docx\" rel=\"noopener\"><i class=\"far fa-file-pdf fa-2x\">&nbsp;<\/i><\/a><\/td>\n<\/tr>\n<tr class=\"row-29\">\n\t<td class=\"column-1\">Ley del Servicio Civil para los Empleados del Gobierno del Estado.<\/td><td class=\"column-2\"><a target=\"_blank\" href=\"\/segego\/wp-content\/uploads\/sites\/74\/2018\/11\/LSERVCIVIL_OAX.docx\" rel=\"noopener\"><i class=\"far fa-file-pdf fa-2x\">&nbsp;<\/i><\/a><\/td>\n<\/tr>\n<tr class=\"row-30\">\n\t<td class=\"column-1\">Ley del Sistema Estatal de Seguridad P\u00fablica en Oaxaca<\/td><td class=\"column-2\"><a target=\"_blank\" href=\"\/segego\/wp-content\/uploads\/sites\/74\/2018\/11\/LSESPO_OAX.docx\" rel=\"noopener\"><i class=\"far fa-file-pdf fa-2x\">&nbsp;<\/i><\/a><\/td>\n<\/tr>\n<tr class=\"row-31\">\n\t<td class=\"column-1\">Ley Estatal de Planeaci\u00f3n<\/td><td class=\"column-2\"><a target=\"_blank\" href=\"\/segego\/wp-content\/uploads\/sites\/74\/2018\/11\/LEPLANEACION_OAX.docx\" rel=\"noopener\"><i class=\"far fa-file-pdf fa-2x\">&nbsp;<\/i><\/a><\/td>\n<\/tr>\n<tr class=\"row-32\">\n\t<td class=\"column-1\">Ley Estatal de Premios<\/td><td class=\"column-2\"><a target=\"_blank\" href=\"\/segego\/wp-content\/uploads\/sites\/74\/2018\/11\/LEPREMIOS_OAX.docx\" rel=\"noopener\"><i class=\"far fa-file-pdf fa-2x\">&nbsp;<\/i><\/a><\/td>\n<\/tr>\n<tr class=\"row-33\">\n\t<td class=\"column-1\">Ley Estatal de Presupuesto y Responsabilidad Hacendaria<\/td><td class=\"column-2\"><a target=\"_blank\" href=\"\/segego\/wp-content\/uploads\/sites\/74\/2018\/11\/LEPYRH_OAX.docx\" rel=\"noopener\"><i class=\"far fa-file-pdf fa-2x\">&nbsp;<\/i><\/a><\/td>\n<\/tr>\n<tr class=\"row-34\">\n\t<td class=\"column-1\">Ley Organica del Poder Ejecutivo del Estado de Oaxaca<\/td><td class=\"column-2\"><a target=\"_blank\" href=\"\/segego\/wp-content\/uploads\/sites\/74\/2018\/11\/LOPE_OAX.docx\" rel=\"noopener\"><i class=\"far fa-file-pdf fa-2x\">&nbsp;<\/i><\/a><\/td>\n<\/tr>\n<tr class=\"row-35\">\n\t<td class=\"column-1\">Ley Organica de la Junta de Conciliaci\u00f3n Agraria del Estado de Oaxaca<\/td><td class=\"column-2\"><a target=\"_blank\" href=\"\/segego\/wp-content\/uploads\/sites\/74\/2018\/11\/LOJCA_OAX.docx\" rel=\"noopener\"><i class=\"far fa-file-pdf fa-2x\">&nbsp;<\/i><\/a><\/td>\n<\/tr>\n<tr class=\"row-36\">\n\t<td class=\"column-1\">Ley Organica Municipal<\/td><td class=\"column-2\"><a target=\"_blank\" href=\"\/segego\/wp-content\/uploads\/sites\/74\/2018\/11\/LOM_OAX.docx\" rel=\"noopener\"><i class=\"far fa-file-pdf fa-2x\">&nbsp;<\/i><\/a><\/td>\n<\/tr>\n<tr class=\"row-37\">\n\t<td class=\"column-1\">Reglamento Interno de la Junta de Conciliaci\u00f3n Agraria del Estado de Oaxaca<\/td><td class=\"column-2\"><a target=\"_blank\" href=\"\/segego\/wp-content\/uploads\/sites\/74\/2018\/11\/REG_INT_JCA_OAX.docx\" rel=\"noopener\"><i class=\"far fa-file-pdf fa-2x\">&nbsp;<\/i><\/a><\/td>\n<\/tr>\n<tr class=\"row-38\">\n\t<td class=\"column-1\">Reglamento Interno de la Secretar\u00eda General de Gobierno<\/td><td class=\"column-2\"><a target=\"_blank\" href=\"\/segego\/wp-content\/uploads\/sites\/74\/2022\/04\/SEC15-16VA-2022-04-09.pdf\" rel=\"noopener\"><i class=\"far fa-file-pdf fa-2x\">&nbsp;<\/i><\/a><\/td>\n<\/tr>\n<tr class=\"row-39\">\n\t<td class=\"column-1\">Reglamento de la Ley para Prevenir, Sancionar y Erradicar los Delitos en Materia de Trata de Personas y para la Protecci\u00f3n y Asistencia a las V\u00edctimas de estos delitos en el Estado de Oaxaca<\/td><td class=\"column-2\"><a target=\"_blank\" href=\"\/segego\/wp-content\/uploads\/sites\/74\/2018\/11\/Reg_LGPSEDMTP.docx\" rel=\"noopener\"><i class=\"far fa-file-pdf fa-2x\">&nbsp;<\/i><\/a><\/td>\n<\/tr>\n<tr class=\"row-40\">\n\t<td class=\"column-1\">Reglamento de la Ley de Igualdad entre Mujeres y Hombres para el Estado de Oaxaca.<\/td><td class=\"column-2\"><a target=\"_blank\" href=\"\/segego\/wp-content\/uploads\/sites\/74\/2018\/11\/RLIGUALDADMYH_OAX.docx\" rel=\"noopener\"><i class=\"far fa-file-pdf fa-2x\">&nbsp;<\/i><\/a><\/td>\n<\/tr>\n<tr class=\"row-41\">\n\t<td class=\"column-1\">Reglamento para la Suspensi\u00f3n de Actividades de los Establecimientos Comerciales y de Servicios en el Estado de Oaxaca<\/td><td class=\"column-2\"><a target=\"_blank\" href=\"\/segego\/wp-content\/uploads\/sites\/74\/2018\/11\/REGSUSPENSION DE ACTIVIDADES_OAX.docx\" rel=\"noopener\"><i class=\"far fa-file-pdf fa-2x\">&nbsp;<\/i><\/a><\/td>\n<\/tr>\n<tr class=\"row-42\">\n\t<td class=\"column-1\">Reglamento de la Ley Estatal de Presupuesto y Responsabilidad Hacendaria.<\/td><td class=\"column-2\"><a target=\"_blank\" href=\"\/segego\/wp-content\/uploads\/sites\/74\/2018\/11\/REG_LEPYRH_OAX.docx\" rel=\"noopener\"><i class=\"far fa-file-pdf fa-2x\">&nbsp;<\/i><\/a><\/td>\n<\/tr>\n<tr class=\"row-43\">\n\t<td class=\"column-1\">Lineamiento para la Expedici\u00f3n de las Credenciales de Acreditaci\u00f3n de las Autoridades Municipales y Auxiliares de los 570 Municipios del Estado de Oaxaca, as\u00ed como el Registro de los Sellos Oficiales.<\/td><td class=\"column-2\"><a target=\"_blank\" href=\"\/segego\/wp-content\/uploads\/sites\/74\/2018\/11\/LPECREDENCIALESACREDITACION_AM_OAX.docx\" rel=\"noopener\"><i class=\"far fa-file-pdf fa-2x\">&nbsp;<\/i><\/a><\/td>\n<\/tr>\n<tr class=\"row-44\">\n\t<td class=\"column-1\">Lineamientos para la Actuaci\u00f3n de la Secretar\u00eda General de Gobierno ante los conflictos en el Estado de Oaxaca<\/td><td class=\"column-2\"><a target=\"_blank\" href=\"\/segego\/wp-content\/uploads\/sites\/74\/2018\/11\/LSGGCONFLICTOS_OAX.docx\" rel=\"noopener\"><i class=\"far fa-file-pdf fa-2x\">&nbsp;<\/i><\/a><\/td>\n<\/tr>\n<tr class=\"row-45\">\n\t<td class=\"column-1\">Acuerdo Administrativo por el que se reconoce al Secretariado Ejecutivo del Sistema Estatal de Seguridad P\u00fablica, como una Unidad Responsable (UR) para Efectos Presupuestales y Contables.<\/td><td class=\"column-2\"><a target=\"_blank\" href=\"\/segego\/wp-content\/uploads\/sites\/74\/2018\/11\/AARSESSPO_UR_PYC.docx\" rel=\"noopener\"><i class=\"far fa-file-pdf fa-2x\">&nbsp;<\/i><\/a><\/td>\n<\/tr>\n<\/tbody>\n<\/table>\n<!-- #tablepress-5 from cache --><\/div>\n<div id=\"nav_cinco\" class=\"tab-pane fade\" role=\"tabpanel\" aria-labelledby=\"nav_tab_cinco\">\n<h4>Tratado Internacional<\/h4>\n\n<table id=\"tablepress-6\" class=\"tablepress tablepress-id-6\">\n<thead>\n<tr class=\"row-1\">\n\t<th class=\"column-1\">Documento<\/th><th class=\"column-2\">Descargar<\/th>\n<\/tr>\n<\/thead>\n<tbody class=\"row-striping row-hover\">\n<tr class=\"row-2\">\n\t<td class=\"column-1\">Pacto Internacional de Derechos Civiles y Pol\u00edticos (ONU, Nueva York, E.U.A)<\/td><td class=\"column-2\"><a target=\"_blank\" href=\"\/segego\/wp-content\/uploads\/sites\/74\/2018\/11\/42_INTERNAL.docx\"><i class=\"far fa-file-pdf fa-2x\">&nbsp;<\/i><\/a><\/td>\n<\/tr>\n<tr class=\"row-3\">\n\t<td class=\"column-1\">Primer Protocolo facultativo del Pacto Internacional de Derechos Civiles y Pol\u00edticos (ONU, Nueva York, E.U.A.)<\/td><td class=\"column-2\"><a target=\"_blank\" href=\"\/segego\/wp-content\/uploads\/sites\/74\/2018\/11\/5_INTERNAL.docx\"><i class=\"far fa-file-pdf fa-2x\">&nbsp;<\/i><\/a><\/td>\n<\/tr>\n<tr class=\"row-4\">\n\t<td class=\"column-1\">Segundo Protocolo facultativo del Pacto Internacional de Derechos Civiles y Pol\u00edticos, destinados a abolir la Pena de Muerte (ONU, Nueva York, E.U.A.)<\/td><td class=\"column-2\"><a target=\"_blank\" href=\"\/segego\/wp-content\/uploads\/sites\/74\/2019\/06\/52_INTERNAL.docx\"><i class=\"far fa-file-pdf fa-2x\">&nbsp;<\/i><\/a><\/td>\n<\/tr>\n<tr class=\"row-5\">\n\t<td class=\"column-1\">Convenci\u00f3n sobre Extradici\u00f3n (OEA, Montevideo, Uruguay)<\/td><td class=\"column-2\"><a target=\"_blank\" href=\"\/segego\/wp-content\/uploads\/sites\/74\/2018\/11\/15_INTERNAL.docx\"><i class=\"far fa-file-pdf fa-2x\">&nbsp;<\/i><\/a><\/td>\n<\/tr>\n<tr class=\"row-6\">\n\t<td class=\"column-1\">Convenci\u00f3n Americana sobre Derechos Humanos \"Pacto de San Jos\u00e9 de Costa Rica\" (OEA, San Jos\u00e9 de Costa Rica)<\/td><td class=\"column-2\"><a target=\"_blank\" href=\"\/segego\/wp-content\/uploads\/sites\/74\/2018\/11\/26_INTERNAL.docx\"><i class=\"far fa-file-pdf fa-2x\">&nbsp;<\/i><\/a><\/td>\n<\/tr>\n<tr class=\"row-7\">\n\t<td class=\"column-1\">Protocolo a la Convenci\u00f3n Americana sobre Derechos Humanos relativo a la Abolici\u00f3n de la Pena de Muerte (OEA, Asunci\u00f3n, Paraguay)<\/td><td class=\"column-2\"><a target=\"_blank\" href=\"\/segego\/wp-content\/uploads\/sites\/74\/2018\/11\/44_INTERNAL.docx\"><i class=\"far fa-file-pdf fa-2x\">&nbsp;<\/i><\/a><\/td>\n<\/tr>\n<tr class=\"row-8\">\n\t<td class=\"column-1\">Convenci\u00f3n Interamericana sobre desaparici\u00f3n forzada de Personas (OEA, Belem, Brasil)<\/td><td class=\"column-2\"><a target=\"_blank\" href=\"\/segego\/wp-content\/uploads\/sites\/74\/2018\/11\/6_INTERNAL.docx\"><i class=\"far fa-file-pdf fa-2x\">&nbsp;<\/i><\/a><\/td>\n<\/tr>\n<tr class=\"row-9\">\n\t<td class=\"column-1\">Pacto Internacional de Derechos Econ\u00f3micos, Sociales y Culturales (ONU, Nueva York, E.U.A.)<\/td><td class=\"column-2\"><a target=\"_blank\" href=\"\/segego\/wp-content\/uploads\/sites\/74\/2018\/11\/43_INTERNAL.docx\"><i class=\"far fa-file-pdf fa-2x\">&nbsp;<\/i><\/a><\/td>\n<\/tr>\n<tr class=\"row-10\">\n\t<td class=\"column-1\">Convenci\u00f3n sobre las medidas que deben adoptarse para prohibir e impedir la importaci\u00f3n, la exportaci\u00f3n y la transferencia de propiedad il\u00edcitas de bienes culturales (UNESCOP, Paris, Francia)<\/td><td class=\"column-2\"><a target=\"_blank\" href=\"\/segego\/wp-content\/uploads\/sites\/74\/2018\/11\/20_INTERNAL.docx\"><i class=\"far fa-file-pdf fa-2x\">&nbsp;<\/i><\/a><\/td>\n<\/tr>\n<tr class=\"row-11\">\n\t<td class=\"column-1\">Protocolo adicional a la Convenci\u00f3n Americana sobre Derechos Humanos en materia de Derechos Econ\u00f3micos, Sociales y Culturales \"Protocolo de San Salvador\" (OEA, San Salvador, El Salvador)<\/td><td class=\"column-2\"><a target=\"_blank\" href=\"\/segego\/wp-content\/uploads\/sites\/74\/2018\/11\/45_INTERNAL.docx\"><i class=\"far fa-file-pdf fa-2x\">&nbsp;<\/i><\/a><\/td>\n<\/tr>\n<tr class=\"row-12\">\n\t<td class=\"column-1\">Convenci\u00f3n contra la Tortura y otros tratos o penas crueles Inhumanos o Degradantes (ONU, Nueva York, E.U.A.)<\/td><td class=\"column-2\"><a target=\"_blank\" href=\"\/segego\/wp-content\/uploads\/sites\/74\/2018\/11\/27_INTERNAL.docx\"><i class=\"far fa-file-pdf fa-2x\">&nbsp;<\/i><\/a><\/td>\n<\/tr>\n<tr class=\"row-13\">\n\t<td class=\"column-1\">Convenci\u00f3n Interamericana para Prevenir y Sancionar la Tortura (OEA, Cartagena de Indias, Colombia)<\/td><td class=\"column-2\"><a target=\"_blank\" href=\"\/segego\/wp-content\/uploads\/sites\/74\/2018\/11\/2_INTERNAL.docx\"><i class=\"far fa-file-pdf fa-2x\">&nbsp;<\/i><\/a><\/td>\n<\/tr>\n<tr class=\"row-14\">\n\t<td class=\"column-1\">Convenci\u00f3n Internacional para la Supresi\u00f3n de la Trata de Mujeres y Menores (ONU, Ginebra, Suiza)<\/td><td class=\"column-2\"><a target=\"_blank\" href=\"\/segego\/wp-content\/uploads\/sites\/74\/2018\/11\/7_INTERNAL.docx\"><i class=\"far fa-file-pdf fa-2x\">&nbsp;<\/i><\/a><\/td>\n<\/tr>\n<tr class=\"row-15\">\n\t<td class=\"column-1\">Convenci\u00f3n relativa a la Esclavitud (ONU, Ginebra, Suiza)<\/td><td class=\"column-2\"><a target=\"_blank\" href=\"\/segego\/wp-content\/uploads\/sites\/74\/2018\/11\/18_INTERNAL.docx\"><i class=\"far fa-file-pdf fa-2x\">&nbsp;<\/i><\/a><\/td>\n<\/tr>\n<tr class=\"row-16\">\n\t<td class=\"column-1\">Convenio Internacional del Trabajo (Num. 29) relativo al Trabajo forzoso u obligatorio (OIT, Ginebra, Suiza)<\/td><td class=\"column-2\"><a target=\"_blank\" href=\"\/segego\/wp-content\/uploads\/sites\/74\/2018\/11\/34_INTERNAL.docx\"><i class=\"far fa-file-pdf fa-2x\">&nbsp;<\/i><\/a><\/td>\n<\/tr>\n<tr class=\"row-17\">\n\t<td class=\"column-1\">Convenci\u00f3n Internacional relativa a la Represi\u00f3n de la Trata de Mujeres mayores de edad (ONU, Ginebra, Suiza)<\/td><td class=\"column-2\"><a target=\"_blank\" href=\"\/segego\/wp-content\/uploads\/sites\/74\/2018\/11\/8_INTERNAL.docx\"><i class=\"far fa-file-pdf fa-2x\">&nbsp;<\/i><\/a><\/td>\n<\/tr>\n<tr class=\"row-18\">\n\t<td class=\"column-1\">Protocolo que modifica el Convenio para la Supresi\u00f3n de la Trata de Mujeres y Menores concluido en Ginebra el 30 de septiembre de 1921 y el Convenio para la represi\u00f3n de la trata de mujeres mayores de edad, concluido en la misma ciudad el 11 de octubre de 1933 (ONU, Lake Sucess, Nueva York, E.U.A.)<\/td><td class=\"column-2\"><a target=\"_blank\" href=\"\/segego\/wp-content\/uploads\/sites\/74\/2018\/11\/50_INTERNAL.docx\"><i class=\"far fa-file-pdf fa-2x\">&nbsp;<\/i><\/a><\/td>\n<\/tr>\n<tr class=\"row-19\">\n\t<td class=\"column-1\">Convenci\u00f3n para la represi\u00f3n de la trata de personas y de la explotaci\u00f3n de la prostituci\u00f3n ajena y protocolo final (ONU, Lake Sucess, Nueva York, E.U.A.)<\/td><td class=\"column-2\"><a target=\"_blank\" href=\"\/segego\/wp-content\/uploads\/sites\/74\/2018\/11\/10_INTERNAL.docx\"><i class=\"far fa-file-pdf fa-2x\">&nbsp;<\/i><\/a><\/td>\n<\/tr>\n<tr class=\"row-20\">\n\t<td class=\"column-1\">Protocolo para modificar la Convenci\u00f3n relativa a la Esclavitud firmada en Ginebra el 25 de septiembre de 1926 (ONU, Nueva York, E.U.A.)<\/td><td class=\"column-2\"><a target=\"_blank\" href=\"\/segego\/wp-content\/uploads\/sites\/74\/2018\/11\/48_INTERNAL.docx\"><i class=\"far fa-file-pdf fa-2x\">&nbsp;<\/i><\/a><\/td>\n<\/tr>\n<tr class=\"row-21\">\n\t<td class=\"column-1\">Convenci\u00f3n suplementaria sobre la Abolici\u00f3n de la Esclavitud, la trata de esclavos y las Instituciones y pr\u00e1cticas an\u00e1logas a la esclavitud (ONU, Ginebra, Suiza)<\/td><td class=\"column-2\"><a target=\"_blank\" href=\"\/segego\/wp-content\/uploads\/sites\/74\/2018\/11\/24_INTERNAL.docx\"><i class=\"far fa-file-pdf fa-2x\">&nbsp;<\/i><\/a><\/td>\n<\/tr>\n<tr class=\"row-22\">\n\t<td class=\"column-1\">Protocolo para Prevenir, Reprimir y Sancionar la Trata de Personas, Especialmente Mujeres y Ni\u00f1os<\/td><td class=\"column-2\"><a target=\"_blank\" href=\"\/segego\/wp-content\/uploads\/sites\/74\/2018\/11\/49_INTERNAL.docx\"><i class=\"far fa-file-pdf fa-2x\">&nbsp;<\/i><\/a><\/td>\n<\/tr>\n<tr class=\"row-23\">\n\t<td class=\"column-1\">Convenci\u00f3n sobre el estatuto de los Refugiados (ONU, Ginebra, Suiza)<\/td><td class=\"column-2\"><a target=\"_blank\" href=\"\/segego\/wp-content\/uploads\/sites\/74\/2018\/11\/14_INTERNAL.docx\"><i class=\"far fa-file-pdf fa-2x\">&nbsp;<\/i><\/a><\/td>\n<\/tr>\n<tr class=\"row-24\">\n\t<td class=\"column-1\">Convenio sobre el Estatuto de los Ap\u00e1tridas (ONU, Nueva York, E.U.A.)<\/td><td class=\"column-2\"><a target=\"_blank\" href=\"\/segego\/wp-content\/uploads\/sites\/74\/2018\/11\/13_INTERNAL.docx\"><i class=\"far fa-file-pdf fa-2x\">&nbsp;<\/i><\/a><\/td>\n<\/tr>\n<tr class=\"row-25\">\n\t<td class=\"column-1\">Protocolo sobre el Estatuto de los Refugiados (ONU, Nueva York, E.U.A.)<\/td><td class=\"column-2\"><a target=\"_blank\" href=\"\/segego\/wp-content\/uploads\/sites\/74\/2018\/11\/51_INTERNAL.docx\"><i class=\"far fa-file-pdf fa-2x\">&nbsp;<\/i><\/a><\/td>\n<\/tr>\n<tr class=\"row-26\">\n\t<td class=\"column-1\">Convenci\u00f3n sobre Asilo (OEA, La Habana, Cuba)<\/td><td class=\"column-2\"><a target=\"_blank\" href=\"\/segego\/wp-content\/uploads\/sites\/74\/2018\/11\/12_INTERNAL.docx\"><i class=\"far fa-file-pdf fa-2x\">&nbsp;<\/i><\/a><\/td>\n<\/tr>\n<tr class=\"row-27\">\n\t<td class=\"column-1\">Convenci\u00f3n sobre Asilo Pol\u00edtico (OEA, Montevideo, Uruguay)<\/td><td class=\"column-2\"><a target=\"_blank\" href=\"\/segego\/wp-content\/uploads\/sites\/74\/2018\/11\/CONV_ASILOPOL_  EXTRAD_INTERNAL.docx\"><i class=\"far fa-file-pdf fa-2x\">&nbsp;<\/i><\/a><\/td>\n<\/tr>\n<tr class=\"row-28\">\n\t<td class=\"column-1\">Convenio sobre Asilo Territorial (OEA, Caracas, Venezuela)<\/td><td class=\"column-2\"><a target=\"_blank\" href=\"\/segego\/wp-content\/uploads\/sites\/74\/2018\/11\/11_INTERNAL.docx\"><i class=\"far fa-file-pdf fa-2x\">&nbsp;<\/i><\/a><\/td>\n<\/tr>\n<tr class=\"row-29\">\n\t<td class=\"column-1\">Convenio sobre Asilo Diplom\u00e1tico (OEA, Caracas, Venezuela)<\/td><td class=\"column-2\"><a target=\"_blank\" href=\"\/segego\/wp-content\/uploads\/sites\/74\/2018\/11\/35_INTERNAL.docx\"><i class=\"far fa-file-pdf fa-2x\">&nbsp;<\/i><\/a><\/td>\n<\/tr>\n<tr class=\"row-30\">\n\t<td class=\"column-1\">Convenci\u00f3n sobre los Derechos Pol\u00edticos de la Mujer (ONU, Nueva York, E.U.A)<\/td><td class=\"column-2\"><a target=\"_blank\" href=\"\/segego\/wp-content\/uploads\/sites\/74\/2018\/11\/22_INTERNAL.docx\"><i class=\"far fa-file-pdf fa-2x\">&nbsp;<\/i><\/a><\/td>\n<\/tr>\n<tr class=\"row-31\">\n\t<td class=\"column-1\">Convenci\u00f3n sobre la Eliminaci\u00f3n de todas las formas de Discriminaci\u00f3n contra la Mujer (ONU, Nueva York, E.U.A.)<\/td><td class=\"column-2\"><a target=\"_blank\" href=\"\/segego\/wp-content\/uploads\/sites\/74\/2018\/11\/17_INTERNAL.docx\"><i class=\"far fa-file-pdf fa-2x\">&nbsp;<\/i><\/a><\/td>\n<\/tr>\n<tr class=\"row-32\">\n\t<td class=\"column-1\">Protocolo facultativo de la Convenci\u00f3n sobre la Eliminaci\u00f3n de todas las formas de Discriminaci\u00f3n contra la Mujer (ONU, Nueva York, E.U.A.)<\/td><td class=\"column-2\"><a target=\"_blank\" href=\"\/segego\/wp-content\/uploads\/sites\/74\/2018\/11\/46_INTERNAL.docx\"><i class=\"far fa-file-pdf fa-2x\">&nbsp;<\/i><\/a><\/td>\n<\/tr>\n<tr class=\"row-33\">\n\t<td class=\"column-1\">Convenci\u00f3n sobre Nacionalidad de la Mujer (OEA, Montevideo, Uruguay)<\/td><td class=\"column-2\"><a target=\"_blank\" href=\"\/segego\/wp-content\/uploads\/sites\/74\/2018\/11\/19_INTERNAL.docx\"><i class=\"far fa-file-pdf fa-2x\">&nbsp;<\/i><\/a><\/td>\n<\/tr>\n<tr class=\"row-34\">\n\t<td class=\"column-1\">Convenci\u00f3n Interamericana sobre concesi\u00f3n de los Derechos civiles a la Mujer(OEA, Bogota, Colombia)<\/td><td class=\"column-2\"><a target=\"_blank\" href=\"\/segego\/wp-content\/uploads\/sites\/74\/2018\/11\/4_INTERNAL.docx\"><i class=\"far fa-file-pdf fa-2x\">&nbsp;<\/i><\/a><\/td>\n<\/tr>\n<tr class=\"row-35\">\n\t<td class=\"column-1\">Convenci\u00f3n Interamericana sobre concesi\u00f3n de los Derechos Pol\u00edticos de la Mujer(OEA, Bogot\u00e1, Colombia)<\/td><td class=\"column-2\"><a target=\"_blank\" href=\"\/segego\/wp-content\/uploads\/sites\/74\/2018\/11\/53_INTERNAL.docx\"><i class=\"far fa-file-pdf fa-2x\">&nbsp;<\/i><\/a><\/td>\n<\/tr>\n<tr class=\"row-36\">\n\t<td class=\"column-1\">Convenci\u00f3n Interamericana para Prevenir, Sancionar y Erradicar la Violencia contra la Mujer \"Belem do Par\u00e1\"(OEA, Belem do Par\u00e1, Brasil)<\/td><td class=\"column-2\"><a target=\"_blank\" href=\"\/segego\/wp-content\/uploads\/sites\/74\/2018\/11\/3_INTERNAL.docx\"><i class=\"far fa-file-pdf fa-2x\">&nbsp;<\/i><\/a><\/td>\n<\/tr>\n<tr class=\"row-37\">\n\t<td class=\"column-1\">Convenio Internacional del Trabajo (N\u00fam. 87) relativo a la Libertad Sindical y la Protecci\u00f3n al Derecho Sindical (OIT, San Francisco California)<\/td><td class=\"column-2\"><a target=\"_blank\" href=\"\/segego\/wp-content\/uploads\/sites\/74\/2018\/11\/32_INTERNAL.docx\"><i class=\"far fa-file-pdf fa-2x\">&nbsp;<\/i><\/a><\/td>\n<\/tr>\n<tr class=\"row-38\">\n\t<td class=\"column-1\">Convenio n\u00famero 95 de la Organizaci\u00f3n Internacional del Trabajo sobre la Protecci\u00f3n del Salario (OIT, Ginebra, Suiza)<\/td><td class=\"column-2\"><a target=\"_blank\" href=\"\/segego\/wp-content\/uploads\/sites\/74\/2018\/11\/31_INTERNAL.docx\"><i class=\"far fa-file-pdf fa-2x\">&nbsp;<\/i><\/a><\/td>\n<\/tr>\n<tr class=\"row-39\">\n\t<td class=\"column-1\">Convenio (N\u00fam. 100) relativo a la Igualdad de Remuneraci\u00f3n entre la mano de obra masculina y femenina por un trabajo de igual valor (OIT, Ginebra, Suiza)<\/td><td class=\"column-2\"><a target=\"_blank\" href=\"\/segego\/wp-content\/uploads\/sites\/74\/2018\/11\/33_INTERNAL.docx\"><i class=\"far fa-file-pdf fa-2x\">&nbsp;<\/i><\/a><\/td>\n<\/tr>\n<tr class=\"row-40\">\n\t<td class=\"column-1\">Convenio N\u00famero 102 de la Organizaci\u00f3n Internacional del Trabajo sobre la Seguridad Social (norma m\u00ednima) (OIT, Ginebra, Suiza)<\/td><td class=\"column-2\"><a target=\"_blank\" href=\"\/segego\/wp-content\/uploads\/sites\/74\/2018\/11\/36_INTERNAL.docx\"><i class=\"far fa-file-pdf fa-2x\">&nbsp;<\/i><\/a><\/td>\n<\/tr>\n<tr class=\"row-41\">\n\t<td class=\"column-1\">Convenci\u00f3n sobre los Derechos del Ni\u00f1o (ONU, Nueva York, E.U.A.)<\/td><td class=\"column-2\"><a target=\"_blank\" href=\"\/segego\/wp-content\/uploads\/sites\/74\/2018\/11\/21_INTERNAL.docx\"><i class=\"far fa-file-pdf fa-2x\">&nbsp;<\/i><\/a><\/td>\n<\/tr>\n<tr class=\"row-42\">\n\t<td class=\"column-1\">Convenci\u00f3n sobre la Protecci\u00f3n de Menores y la cooperaci\u00f3n en materia de Adopci\u00f3n Internacional (La Haya, Paises Bajos)<\/td><td class=\"column-2\"><a target=\"_blank\" href=\"\/segego\/wp-content\/uploads\/sites\/74\/2018\/11\/25_INTERNAL.docx\"><i class=\"far fa-file-pdf fa-2x\">&nbsp;<\/i><\/a><\/td>\n<\/tr>\n<tr class=\"row-43\">\n\t<td class=\"column-1\">Convenio (Num. 182) sobre la Prohibici\u00f3n de las peores formas de Trabajo Infantil y la acci\u00f3n inmediata para su eliminaci\u00f3n (OIT, Ginebra, Suiza)<\/td><td class=\"column-2\"><a target=\"_blank\" href=\"\/segego\/wp-content\/uploads\/sites\/74\/2018\/11\/38_INTERNAL.docx\"><i class=\"far fa-file-pdf fa-2x\">&nbsp;<\/i><\/a><\/td>\n<\/tr>\n<tr class=\"row-44\">\n\t<td class=\"column-1\">Protocolo facultativo de la Convenci\u00f3n sobre los Derechos del Ni\u00f1o, relativo a la participaci\u00f3n de Ni\u00f1os en los Conflictos Armados (ONU, Nueva York, E.U.A.)<\/td><td class=\"column-2\"><a target=\"_blank\" href=\"\/segego\/wp-content\/uploads\/sites\/74\/2018\/11\/.docx\"><i class=\"far fa-file-pdf fa-2x\">&nbsp;<\/i><\/a><\/td>\n<\/tr>\n<tr class=\"row-45\">\n\t<td class=\"column-1\">Convenio Internacional del Trabajo (Num. 107) sobre Poblaciones Ind\u00edgenas y tribales (OIT, Ginebra, Suiza)<\/td><td class=\"column-2\"><a target=\"_blank\" href=\"\/segego\/wp-content\/uploads\/sites\/74\/2018\/11\/37_INTERNAL.docx\"><i class=\"far fa-file-pdf fa-2x\">&nbsp;<\/i><\/a><\/td>\n<\/tr>\n<tr class=\"row-46\">\n\t<td class=\"column-1\">Protocolo facultativo de la Convenci\u00f3n sobre los Derechos del Ni\u00f1o relativo a la Venta de Ni\u00f1os, la Prostituci\u00f3n Infantil y la utilizaci\u00f3n de los Ni\u00f1os en la Pornograf\u00eda (ONU, Nueva York, E.U.A.)<\/td><td class=\"column-2\"><a target=\"_blank\" href=\"\/segego\/wp-content\/uploads\/sites\/74\/2018\/11\/47_INTERNAL.docx\"><i class=\"far fa-file-pdf fa-2x\">&nbsp;<\/i><\/a><\/td>\n<\/tr>\n<tr class=\"row-47\">\n\t<td class=\"column-1\">Convenio (Num. 169) sobre Pueblos Ind\u00edgenas y Tribales en Pa\u00edses Independientes(OIT, Ginebra, Suiza)<\/td><td class=\"column-2\"><a target=\"_blank\" href=\"\/segego\/wp-content\/uploads\/sites\/74\/2018\/11\/28_INTERNAL.docx\"><i class=\"far fa-file-pdf fa-2x\">&nbsp;<\/i><\/a><\/td>\n<\/tr>\n<tr class=\"row-48\">\n\t<td class=\"column-1\">Convenio constitutivo del fondo para el Desarrollo de los Pueblos Ind\u00edgenas de America Latina y el Caribe (ONU, Madrid, Espa\u00f1a)<\/td><td class=\"column-2\"><a target=\"_blank\" href=\"\/segego\/wp-content\/uploads\/sites\/74\/2018\/11\/30_INTERNAL.docx\"><i class=\"far fa-file-pdf fa-2x\">&nbsp;<\/i><\/a><\/td>\n<\/tr>\n<tr class=\"row-49\">\n\t<td class=\"column-1\">Convenci\u00f3n Internacional sobre la Eliminaci\u00f3n de todas las formas de Discriminaci\u00f3n Racial (ONU, Nueva York, E.U.A.)<\/td><td class=\"column-2\"><a target=\"_blank\" href=\"\/segego\/wp-content\/uploads\/sites\/74\/2018\/11\/9_INTERNAL.docx\"><i class=\"far fa-file-pdf fa-2x\">&nbsp;<\/i><\/a><\/td>\n<\/tr>\n<tr class=\"row-50\">\n\t<td class=\"column-1\">Convenci\u00f3n Interamericana para la Eliminaci\u00f3n de todas las formas de Discriminaci\u00f3n contra las personas con Discapacidad (OEA, Guatemala)<\/td><td class=\"column-2\"><a target=\"_blank\" href=\"\/segego\/wp-content\/uploads\/sites\/74\/2018\/11\/CONV_INTER_DISCRIMINACI\u00d3N CONTRA LAS PERSONAS CON DISCAPACIDAD.docx\"><i class=\"far fa-file-pdf fa-2x\">&nbsp;<\/i><\/a><\/td>\n<\/tr>\n<tr class=\"row-51\">\n\t<td class=\"column-1\">Convenci\u00f3n Interamericana contra el Racismo, la Discriminaci\u00f3n Racial y Formas Conexas de Intolerancia (OEA, La Antigua, Guatemala)<\/td><td class=\"column-2\"><a target=\"_blank\" href=\"\/segego\/wp-content\/uploads\/sites\/74\/2018\/11\/CONV_INTERAMERICANA_RACISMO_INTERNAL.docx\"><i class=\"far fa-file-pdf fa-2x\">&nbsp;<\/i><\/a><\/td>\n<\/tr>\n<tr class=\"row-52\">\n\t<td class=\"column-1\">Convenio Internacional del Trabajo No. 118 relativo a la Igualdad de Trato de Nacionales y Extranjeros en materia de Seguridad Social.<\/td><td class=\"column-2\"><a target=\"_blank\" href=\"\/segego\/wp-content\/uploads\/sites\/74\/2018\/11\/29_INTERNAL.docx\"><i class=\"far fa-file-pdf fa-2x\">&nbsp;<\/i><\/a><\/td>\n<\/tr>\n<tr class=\"row-53\">\n\t<td class=\"column-1\">Convenio sobre la Condici\u00f3n de los Extranjeros (OEA, La Habana, Cuba)<\/td><td class=\"column-2\"><a target=\"_blank\" href=\"\/segego\/wp-content\/uploads\/sites\/74\/2018\/11\/16_INTERNBAL.docx\"><i class=\"far fa-file-pdf fa-2x\">&nbsp;<\/i><\/a><\/td>\n<\/tr>\n<tr class=\"row-54\">\n\t<td class=\"column-1\">Constituci\u00f3n de la Organizaci\u00f3n Internacional para las Migraciones<\/td><td class=\"column-2\"><a target=\"_blank\" href=\"\/segego\/wp-content\/uploads\/sites\/74\/2018\/11\/CONST_ORGIMIGRACIONES_INTERNAL.docx\"><i class=\"far fa-file-pdf fa-2x\">&nbsp;<\/i><\/a><\/td>\n<\/tr>\n<tr class=\"row-55\">\n\t<td class=\"column-1\">Convenci\u00f3n sobre Prerrogativas e Inmunidades de las Naciones Unidas<\/td><td class=\"column-2\"><a target=\"_blank\" href=\"\/segego\/wp-content\/uploads\/sites\/74\/2018\/11\/23_INTERNAL.docx\"><i class=\"far fa-file-pdf fa-2x\">&nbsp;<\/i><\/a><\/td>\n<\/tr>\n<tr class=\"row-56\">\n\t<td class=\"column-1\">Convenci\u00f3n de Viena sobre Relaciones Diplom\u00e1ticas<\/td><td class=\"column-2\"><a target=\"_blank\" href=\"\/segego\/wp-content\/uploads\/sites\/74\/2018\/11\/CONV_VIENA_RELDIPL_INTERNAL.docx\"><i class=\"far fa-file-pdf fa-2x\">&nbsp;<\/i><\/a><\/td>\n<\/tr>\n<tr class=\"row-57\">\n\t<td class=\"column-1\">Declaraci\u00f3n Conjunta y Plan de Acci\u00f3n de la Cumbre Tuxtla Guti\u00e9rrez II<\/td><td class=\"column-2\"><a target=\"_blank\" href=\"\/segego\/wp-content\/uploads\/sites\/74\/2018\/11\/39_INTERNAL.docx\"><i class=\"far fa-file-pdf fa-2x\">&nbsp;<\/i><\/a><\/td>\n<\/tr>\n<tr class=\"row-58\">\n\t<td class=\"column-1\">Lineamientos para el establecimiento de Mecanismos Multi y\/o Bilaterales entre los Pa\u00edses Miembros de la Conferencia Regional sobre Migraci\u00f3n (CRM) en Materia de Retorno de Migrantes Regionales por V\u00eda Terrestre<\/td><td class=\"column-2\"><a target=\"_blank\" href=\"\/segego\/wp-content\/uploads\/sites\/74\/2018\/11\/40_INTERNAL.docx\"><i class=\"far fa-file-pdf fa-2x\">&nbsp;<\/i><\/a><\/td>\n<\/tr>\n<tr class=\"row-59\">\n\t<td class=\"column-1\">Acuerdo por el que se fija como lugar destinado al tr\u00e1nsito internacional de personas, el cruce terrestre de Boquillas del Carmen<\/td><td class=\"column-2\"><a target=\"_blank\" href=\"\/segego\/wp-content\/uploads\/sites\/74\/2018\/11\/1-INTERNAL.docx\"><i class=\"far fa-file-pdf fa-2x\">&nbsp;<\/i><\/a><\/td>\n<\/tr>\n<\/tbody>\n<\/table>\n<!-- #tablepress-6 from cache --><\/div>\n<\/p><\/div>\n","protected":false},"excerpt":{"rendered":"<p>Constituci\u00f3n Pol\u00edtica Ley Federal Ley General Ley Local Tratado Internacional Constituci\u00f3n Pol\u00edtica de los Estados Unidos Mexicanos Ley Federal Ley General Ley Local Tratado Internacional<\/p>\n","protected":false},"author":1,"featured_media":0,"parent":0,"menu_order":0,"comment_status":"closed","ping_status":"closed","template":"","meta":{"episode_type":"","audio_file":"","podmotor_file_id":"","podmotor_episode_id":"","cover_image":"","cover_image_id":"","duration":"","filesize":"","filesize_raw":"","date_recorded":"","explicit":"","block":"","itunes_episode_number":"","itunes_title":"","itunes_season_number":"","itunes_episode_type":"","footnotes":""},"categories":[],"tags":[],"class_list":["post-3159","page","type-page","status-publish","hentry"],"acf":[],"publishpress_future_action":{"enabled":false,"date":"2026-05-05 09:29:09","action":"change-status","newStatus":"draft","terms":[],"taxonomy":"category","extraData":[]},"publishpress_future_workflow_manual_trigger":{"enabledWorkflows":[]},"_links":{"self":[{"href":"https:\/\/www.oaxaca.gob.mx\/sego\/wp-json\/wp\/v2\/pages\/3159","targetHints":{"allow":["GET"]}}],"collection":[{"href":"https:\/\/www.oaxaca.gob.mx\/sego\/wp-json\/wp\/v2\/pages"}],"about":[{"href":"https:\/\/www.oaxaca.gob.mx\/sego\/wp-json\/wp\/v2\/types\/page"}],"author":[{"embeddable":true,"href":"https:\/\/www.oaxaca.gob.mx\/sego\/wp-json\/wp\/v2\/users\/1"}],"replies":[{"embeddable":true,"href":"https:\/\/www.oaxaca.gob.mx\/sego\/wp-json\/wp\/v2\/comments?post=3159"}],"version-history":[{"count":0,"href":"https:\/\/www.oaxaca.gob.mx\/sego\/wp-json\/wp\/v2\/pages\/3159\/revisions"}],"wp:attachment":[{"href":"https:\/\/www.oaxaca.gob.mx\/sego\/wp-json\/wp\/v2\/media?parent=3159"}],"wp:term":[{"taxonomy":"category","embeddable":true,"href":"https:\/\/www.oaxaca.gob.mx\/sego\/wp-json\/wp\/v2\/categories?post=3159"},{"taxonomy":"post_tag","embeddable":true,"href":"https:\/\/www.oaxaca.gob.mx\/sego\/wp-json\/wp\/v2\/tags?post=3159"}],"curies":[{"name":"wp","href":"https:\/\/api.w.org\/{rel}","templated":true}]}}