{"id":167,"date":"2016-02-10T13:23:17","date_gmt":"2016-02-10T19:23:17","guid":{"rendered":"http:\/\/www.segego.oaxaca.gob.mx\/?page_id=167"},"modified":"2023-12-06T13:38:46","modified_gmt":"2023-12-06T19:38:46","slug":"mapa-del-sitio","status":"publish","type":"page","link":"https:\/\/www.oaxaca.gob.mx\/sego\/mapa-del-sitio\/","title":{"rendered":"Mapa del Sitio"},"content":{"rendered":"<div class=\"wsp-container\"><h2 class=\"wsp-pages-title\">P\u00e1ginas<\/h2>\n<ul class=\"wsp-pages-list\">\n<li class=\"page_item page-item-16215\"><a href=\"https:\/\/www.oaxaca.gob.mx\/sego\/dossier-2023\/\">#16215 (sin t\u00edtulo)<\/a><\/li>\n<li class=\"page_item page-item-3097\"><a href=\"https:\/\/www.oaxaca.gob.mx\/sego\/quienes-somos\/\">\u00bfQuienes Somos?<\/a><\/li>\n<li class=\"page_item page-item-10079\"><a href=\"https:\/\/www.oaxaca.gob.mx\/sego\/2021-acreditaciones-de-autoridades-municipales-region-canada\/\">2021 Acreditaciones de Autoridades Municipales Regi\u00f3n Ca\u00f1ada<\/a><\/li>\n<li class=\"page_item page-item-10081\"><a href=\"https:\/\/www.oaxaca.gob.mx\/sego\/2021-acreditaciones-de-autoridades-municipales-region-costa\/\">2021 Acreditaciones de Autoridades Municipales Regi\u00f3n Costa<\/a><\/li>\n<li class=\"page_item page-item-10083\"><a href=\"https:\/\/www.oaxaca.gob.mx\/sego\/2021-acreditaciones-de-autoridades-municipales-region-istmo\/\">2021 Acreditaciones de Autoridades Municipales Regi\u00f3n Istmo<\/a><\/li>\n<li class=\"page_item page-item-10085\"><a href=\"https:\/\/www.oaxaca.gob.mx\/sego\/2021-acreditaciones-de-autoridades-municipales-region-mixteca\/\">2021 Acreditaciones de Autoridades Municipales Regi\u00f3n Mixteca<\/a><\/li>\n<li class=\"page_item page-item-10094\"><a href=\"https:\/\/www.oaxaca.gob.mx\/sego\/2021-acreditaciones-de-autoridades-municipales-region-papaloapan\/\">2021 Acreditaciones de Autoridades Municipales Regi\u00f3n Papaloapan<\/a><\/li>\n<li class=\"page_item page-item-10087\"><a href=\"https:\/\/www.oaxaca.gob.mx\/sego\/2021-acreditaciones-de-autoridades-municipales-region-sierra-norte\/\">2021 Acreditaciones de Autoridades Municipales Regi\u00f3n Sierra Norte<\/a><\/li>\n<li class=\"page_item page-item-10089\"><a href=\"https:\/\/www.oaxaca.gob.mx\/sego\/2021-acreditaciones-de-autoridades-municipales-region-sierra-sur\/\">2021 Acreditaciones de Autoridades Municipales Regi\u00f3n Sierra Sur<\/a><\/li>\n<li class=\"page_item page-item-10091\"><a href=\"https:\/\/www.oaxaca.gob.mx\/sego\/2021-acreditaciones-de-autoridades-municipales-region-sierra-sur-2\/\">2021 Acreditaciones de Autoridades Municipales Regi\u00f3n Sierra Sur<\/a><\/li>\n<li class=\"page_item page-item-10096\"><a href=\"https:\/\/www.oaxaca.gob.mx\/sego\/2021-acreditaciones-de-autoridades-municipales-region-valles-centrales\/\">2021 Acreditaciones de Autoridades Municipales Regi\u00f3n Valles Centrales<\/a><\/li>\n<li class=\"page_item page-item-9953\"><a href=\"https:\/\/www.oaxaca.gob.mx\/sego\/2021region1\/\">2021Region1<\/a><\/li>\n<li class=\"page_item page-item-18091\"><a href=\"https:\/\/www.oaxaca.gob.mx\/sego\/31-concurso-nacional-de-dibujo-y-pintura-infantil-y-juvenil-2024\/\">31\u00b0 Concurso Nacional de Dibujo y Pintura Infantil y Juvenil 2024<\/a><\/li>\n<li class=\"page_item page-item-8322\"><a href=\"https:\/\/www.oaxaca.gob.mx\/sego\/acta-de-baja-documental-de-la-segego\/\">Acta de Baja Documental de la SEGEGO<\/a><\/li>\n<li class=\"page_item page-item-2061\"><a href=\"https:\/\/www.oaxaca.gob.mx\/sego\/articulo-71-primer-trimestre-2018\/\">Art\u00edculo 71, Primer Trimestre 2018.<\/a><\/li>\n<li class=\"page_item page-item-17550\"><a href=\"https:\/\/www.oaxaca.gob.mx\/sego\/atlas-de-genero\/\">Atl\u00e1s de Genero<\/a><\/li>\n<li class=\"page_item page-item-18721\"><a href=\"https:\/\/www.oaxaca.gob.mx\/sego\/aulas-de-paz\/\">Aulas de Paz<\/a><\/li>\n<li class=\"page_item page-item-8957\"><a href=\"https:\/\/www.oaxaca.gob.mx\/sego\/aviso-de-privacidad\/\">Aviso de Privacidad<\/a><\/li>\n<li class=\"page_item page-item-3293\"><a href=\"https:\/\/www.oaxaca.gob.mx\/sego\/aviso-de-pub\/\">Aviso de Privacidad Integral<\/a><\/li>\n<li class=\"page_item page-item-3376\"><a href=\"https:\/\/www.oaxaca.gob.mx\/sego\/aviso-de-privacidad-simplificada\/\">Aviso de Privacidad Simplificado<\/a><\/li>\n<li class=\"page_item page-item-3313\"><a href=\"https:\/\/www.oaxaca.gob.mx\/sego\/bajas-documentales-2\/\">Bajas Documentales<\/a><\/li>\n<li class=\"page_item page-item-3\"><a href=\"https:\/\/www.oaxaca.gob.mx\/sego\/calendar\/\">Calendar<\/a><\/li>\n<li class=\"page_item page-item-6080\"><a href=\"https:\/\/www.oaxaca.gob.mx\/sego\/calendar-2\/\">Calendar<\/a><\/li>\n<li class=\"page_item page-item-9168\"><a href=\"https:\/\/www.oaxaca.gob.mx\/sego\/codigo-de-conducta\/\">C\u00f3digo de Conducta<\/a><\/li>\n<li class=\"page_item page-item-18053\"><a href=\"https:\/\/www.oaxaca.gob.mx\/sego\/comite-de-etica\/\">Comit\u00e9 de \u00c9tica<\/a><\/li>\n<li class=\"page_item page-item-5425\"><a href=\"https:\/\/www.oaxaca.gob.mx\/sego\/comites-internos\/\">Comit\u00e9s Internos<\/a><\/li>\n<li class=\"page_item page-item-161\"><a href=\"https:\/\/www.oaxaca.gob.mx\/sego\/contacto-2\/\">Contacto<\/a><\/li>\n<li class=\"page_item page-item-5315\"><a href=\"https:\/\/www.oaxaca.gob.mx\/sego\/cumplimiento-obligaciones-lgtaip\/\">CUMPLIMIENTO DE OBLIGACIONES DE TRANSPARENCIA<\/a><\/li>\n<li class=\"page_item page-item-670\"><a href=\"https:\/\/www.oaxaca.gob.mx\/sego\/transparencia\/\">CUMPLIMIENTO DE OBLIGACIONES DE TRANSPARENCIA<\/a><\/li>\n<li class=\"page_item page-item-6060\"><a href=\"https:\/\/www.oaxaca.gob.mx\/sego\/transparencia-2\/\">CUMPLIMIENTO DE OBLIGACIONES DE TRANSPARENCIA<\/a><\/li>\n<li class=\"page_item page-item-4113\"><a href=\"https:\/\/www.oaxaca.gob.mx\/sego\/cumplimiento-de-lgt\/\">Cumplimiento LGTAIP<\/a><\/li>\n<li class=\"page_item page-item-12349\"><a href=\"https:\/\/www.oaxaca.gob.mx\/sego\/diagnostico\/\">Diagnostico<\/a><\/li>\n<li class=\"page_item page-item-3240\"><a href=\"https:\/\/www.oaxaca.gob.mx\/sego\/dictamen-de-desincorporacion-de-la-setrao-del-padron-de-sujetos-obligados\/\">Dictamen de Desincorporaci\u00f3n de la SETRAO del Padr\u00f3n de Sujetos Obligados<\/a><\/li>\n<li class=\"page_item page-item-16124\"><a href=\"https:\/\/www.oaxaca.gob.mx\/sego\/direccion-de-gobierno\/\">Direcci\u00f3n de Gobierno<\/a><\/li>\n<li class=\"page_item page-item-17545\"><a href=\"https:\/\/www.oaxaca.gob.mx\/sego\/direccion-de-migracion\/\">Direcci\u00f3n de Migraci\u00f3n<\/a><\/li>\n<li class=\"page_item page-item-18195\"><a href=\"https:\/\/www.oaxaca.gob.mx\/sego\/direccion-juridica\/\">Direcci\u00f3n Jur\u00eddica<\/a><\/li>\n<li class=\"page_item page-item-3129\"><a href=\"https:\/\/www.oaxaca.gob.mx\/sego\/directorio-2\/\">Directorio<\/a><\/li>\n<li class=\"page_item page-item-15381\"><a href=\"https:\/\/www.oaxaca.gob.mx\/sego\/directorio-de-delegados-de-paz-social\/\">Directorio de Delegados de Paz Social<\/a><\/li>\n<li class=\"page_item page-item-6094\"><a href=\"https:\/\/www.oaxaca.gob.mx\/sego\/estructura-organica-2\/\">Estructura Org\u00e1nica<\/a><\/li>\n<li class=\"page_item page-item-14471 page_item_has_children\"><a href=\"https:\/\/www.oaxaca.gob.mx\/sego\/eventos\/\">Eventos<\/a>\n<ul class='children'>\n\t<li class=\"page_item page-item-14473\"><a href=\"https:\/\/www.oaxaca.gob.mx\/sego\/eventos\/categorias\/\">Categor\u00edas<\/a><\/li>\n\t<li class=\"page_item page-item-14474\"><a href=\"https:\/\/www.oaxaca.gob.mx\/sego\/eventos\/etiquetas\/\">Etiquetas<\/a><\/li>\n\t<li class=\"page_item page-item-14475\"><a href=\"https:\/\/www.oaxaca.gob.mx\/sego\/eventos\/mis-reservas\/\">Mis Reservas<\/a><\/li>\n\t<li class=\"page_item page-item-14472\"><a href=\"https:\/\/www.oaxaca.gob.mx\/sego\/eventos\/ubicaciones\/\">Ubicaciones<\/a><\/li>\n<\/ul>\n<\/li>\n<li class=\"page_item page-item-50\"><a href=\"https:\/\/www.oaxaca.gob.mx\/sego\/galeria\/\">Fotogaleria<\/a><\/li>\n<li class=\"page_item page-item-3223\"><a href=\"https:\/\/www.oaxaca.gob.mx\/sego\/funciones-2\/\">Funciones<\/a><\/li>\n<li class=\"page_item page-item-17612\"><a href=\"https:\/\/www.oaxaca.gob.mx\/sego\/hablamos-no-bloqueamos\/\">Hablamos no Bloqueamos<\/a><\/li>\n<li class=\"page_item page-item-18369\"><a href=\"https:\/\/www.oaxaca.gob.mx\/sego\/hablamos-no-bloqueamos-2\/\">Hablamos, No Bloqueamos<\/a><\/li>\n<li class=\"page_item page-item-3331\"><a href=\"https:\/\/www.oaxaca.gob.mx\/sego\/indice-de-expedientes-clasificados-como-reservados-2\/\">\u00cdndice de Expedientes Clasificados como Reservados<\/a><\/li>\n<li class=\"page_item page-item-18154\"><a href=\"https:\/\/www.oaxaca.gob.mx\/sego\/informacion-tramite\/\">Informaci\u00f3n del Tr\u00e1mite<\/a><\/li>\n<li class=\"page_item page-item-5995\"><a href=\"https:\/\/www.oaxaca.gob.mx\/sego\/\">Inicio<\/a><\/li>\n<li class=\"page_item page-item-10055\"><a href=\"https:\/\/www.oaxaca.gob.mx\/sego\/invitacion-al-seminario-de-capacitacion-para-el-fortalecimiento-de-la-recaudacion-del-impuesto-predial\/\">Invitaci\u00f3n al Seminario de Capacitaci\u00f3n para el Fortalecimiento de la Recaudaci\u00f3n del Impuesto Predial<\/a><\/li>\n<li class=\"page_item page-item-6079\"><a href=\"https:\/\/www.oaxaca.gob.mx\/sego\/loginpress\/\">LoginPress<\/a><\/li>\n<li class=\"page_item page-item-13485\"><a href=\"https:\/\/www.oaxaca.gob.mx\/sego\/manual-de-organizacion\/\">Manual de Organizaci\u00f3n<\/a><\/li>\n<li class=\"page_item page-item-167\"><a href=\"https:\/\/www.oaxaca.gob.mx\/sego\/mapa-del-sitio\/\">Mapa del Sitio<\/a><\/li>\n<li class=\"page_item page-item-3159\"><a href=\"https:\/\/www.oaxaca.gob.mx\/sego\/marco-normativo-2\/\">Marco Jur\u00eddico<\/a><\/li>\n<li class=\"page_item page-item-3077\"><a href=\"https:\/\/www.oaxaca.gob.mx\/sego\/marco-normativo\/\">Marco Normativo<\/a><\/li>\n<li class=\"page_item page-item-3099\"><a href=\"https:\/\/www.oaxaca.gob.mx\/sego\/mision-y-vision-2\/\">Misi\u00f3n , Visi\u00f3n y Atribuciones<\/a><\/li>\n<li class=\"page_item page-item-9910\"><a href=\"https:\/\/www.oaxaca.gob.mx\/sego\/normatividad-electoral-2021\/\">Normatividad Electoral 2021<\/a><\/li>\n<li class=\"page_item page-item-48 current_page_parent\"><a href=\"https:\/\/www.oaxaca.gob.mx\/sego\/noticias-2\/\">Noticias<\/a><\/li>\n<li class=\"page_item page-item-18066\"><a href=\"https:\/\/www.oaxaca.gob.mx\/sego\/sala-de-prensa\/\">Noticias<\/a><\/li>\n<li class=\"page_item page-item-3228\"><a href=\"https:\/\/www.oaxaca.gob.mx\/sego\/objetivos\/\">Objetivos<\/a><\/li>\n<li class=\"page_item page-item-18743\"><a href=\"https:\/\/www.oaxaca.gob.mx\/sego\/oficina-virtual\/\">Oficina Virtual<\/a><\/li>\n<li class=\"page_item page-item-18381\"><a href=\"https:\/\/www.oaxaca.gob.mx\/sego\/pa-las-oaxaquenas\/\">Pa\u2019 las Oaxaque\u00f1as<\/a><\/li>\n<li class=\"page_item page-item-18175\"><a href=\"https:\/\/www.oaxaca.gob.mx\/sego\/padron-de-tarjeta-migrante\/\">Padr\u00f3n de Tarjeta Migrante<\/a><\/li>\n<li class=\"page_item page-item-5994\"><a href=\"https:\/\/www.oaxaca.gob.mx\/sego\/pagina-ejemplo-2\/\">P\u00e1gina de ejemplo<\/a><\/li>\n<li class=\"page_item page-item-6970\"><a href=\"https:\/\/www.oaxaca.gob.mx\/sego\/pagina-ejemplo-3\/\">P\u00e1gina de ejemplo<\/a><\/li>\n<li class=\"page_item page-item-15392\"><a href=\"https:\/\/www.oaxaca.gob.mx\/sego\/paz-con-justicia-para-el-pueblo-de-oaxaca\/\">Paz con Justicia y Bienestar para el Pueblo de Oaxaca<\/a><\/li>\n<li class=\"page_item page-item-18377\"><a href=\"https:\/\/www.oaxaca.gob.mx\/sego\/paz-territorial\/\">Paz Territorial<\/a><\/li>\n<li class=\"page_item page-item-12382\"><a href=\"https:\/\/www.oaxaca.gob.mx\/sego\/perspectiva-de-genero-avgm\/\">Perspectiva de G\u00e9nero (AVGM)<\/a><\/li>\n<li class=\"page_item page-item-18723\"><a href=\"https:\/\/www.oaxaca.gob.mx\/sego\/procedimiento-de-acreditaciones-municipales\/\">PROCEDIMIENTO DE ACREDITACIONES MUNICIPALES<\/a><\/li>\n<li class=\"page_item page-item-18722\"><a href=\"https:\/\/www.oaxaca.gob.mx\/sego\/programa-de-paz-con-justicia-y-bienestar-para-el-pueblo-de-oaxaca\/\">PROGRAMA DE PAZ CON JUSTICIA Y BIENESTAR PARA EL PUEBLO DE OAXACA<\/a><\/li>\n<li class=\"page_item page-item-18148\"><a href=\"https:\/\/www.oaxaca.gob.mx\/sego\/registro-al-padron-de-tarjeta-migrante\/\">Registro al Padr\u00f3n de Tarjeta Migrante<\/a><\/li>\n<li class=\"page_item page-item-9890\"><a href=\"https:\/\/www.oaxaca.gob.mx\/sego\/reglamento-interno-segego-2\/\">Reglamento Interno<\/a><\/li>\n<li class=\"page_item page-item-18214\"><a href=\"https:\/\/www.oaxaca.gob.mx\/sego\/secretaria-de-gobierno-segundo-informe-2024\/\">Secretar\u00eda de Gobierno Segundo Informe 2024<\/a><\/li>\n<li class=\"page_item page-item-432\"><a href=\"https:\/\/www.oaxaca.gob.mx\/sego\/segego-informa\/\">SEGEGO Minuto a Minuto<\/a><\/li>\n<li class=\"page_item page-item-16198\"><a href=\"https:\/\/www.oaxaca.gob.mx\/sego\/sego-informa\/\">SEGO INFORMA<\/a><\/li>\n<li class=\"page_item page-item-3168\"><a href=\"https:\/\/www.oaxaca.gob.mx\/sego\/sistema-de-transparencia-municipal\/\">SISTEMA DE TRANSPARENCIA MUNICIPAL<\/a><\/li>\n<li class=\"page_item page-item-8335\"><a href=\"https:\/\/www.oaxaca.gob.mx\/sego\/sistema-institucional-de-archivos\/\">Sistema Institucional de Archivos<\/a><\/li>\n<li class=\"page_item page-item-559\"><a href=\"https:\/\/www.oaxaca.gob.mx\/sego\/titular\/\">Titular<\/a><\/li>\n<li class=\"page_item page-item-6089\"><a href=\"https:\/\/www.oaxaca.gob.mx\/sego\/titular-de-la-dependencia\/\">Titular de la Dependencia<\/a><\/li>\n<li class=\"page_item page-item-18736\"><a href=\"https:\/\/www.oaxaca.gob.mx\/sego\/listado-tramites\/\">Tr\u00e1mites en L\u00ednea<\/a><\/li>\n<li class=\"page_item page-item-5792\"><a href=\"https:\/\/www.oaxaca.gob.mx\/sego\/tramites\/\">Tr\u00e1mites y Servicios<\/a><\/li>\n<li class=\"page_item page-item-4179\"><a href=\"https:\/\/www.oaxaca.gob.mx\/sego\/transparencia-2015-2017\/\">Transparencia 2015-2017<\/a><\/li>\n<li class=\"page_item page-item-4147\"><a href=\"https:\/\/www.oaxaca.gob.mx\/sego\/obligaciones\/\">Transparencia 2018<\/a><\/li>\n<li class=\"page_item page-item-5996\"><a href=\"https:\/\/www.oaxaca.gob.mx\/sego\/transparencia-2019\/\">Transparencia 2019<\/a><\/li>\n<li class=\"page_item page-item-3182\"><a href=\"https:\/\/www.oaxaca.gob.mx\/sego\/transparencia-municipal\/\">Transparencia Municipal<\/a><\/li>\n<li class=\"page_item page-item-3154\"><a href=\"https:\/\/www.oaxaca.gob.mx\/sego\/transparencia-municipal-2\/\">Transparencia Municipal (PNT)<\/a><\/li>\n<li class=\"page_item page-item-3277\"><a href=\"https:\/\/www.oaxaca.gob.mx\/sego\/transparencia-presupuestaria\/\">Transparencia Presupuestaria<\/a><\/li>\n<li class=\"page_item page-item-17601\"><a href=\"https:\/\/www.oaxaca.gob.mx\/sego\/viviendo-la-paz\/\">Viviendo la Paz<\/a><\/li>\n<li class=\"page_item page-item-18384\"><a href=\"https:\/\/www.oaxaca.gob.mx\/sego\/viviendo-la-paz-2\/\">Viviendo la Paz<\/a><\/li>\n<li class=\"page_item page-item-18712\"><a href=\"https:\/\/www.oaxaca.gob.mx\/sego\/viviendo-la-paz-3\/\">Viviendo la Paz<\/a><\/li>\n<\/ul>\n<\/div>\n","protected":false},"excerpt":{"rendered":"","protected":false},"author":1,"featured_media":0,"parent":0,"menu_order":0,"comment_status":"closed","ping_status":"closed","template":"","meta":{"episode_type":"","audio_file":"","podmotor_file_id":"","podmotor_episode_id":"","cover_image":"","cover_image_id":"","duration":"","filesize":"","filesize_raw":"","date_recorded":"","explicit":"","block":"","itunes_episode_number":"","itunes_title":"","itunes_season_number":"","itunes_episode_type":"","footnotes":""},"categories":[],"tags":[],"class_list":["post-167","page","type-page","status-publish","hentry"],"acf":[],"publishpress_future_action":{"enabled":false,"date":"2026-05-03 13:20:38","action":"change-status","newStatus":"draft","terms":[],"taxonomy":"category","extraData":[]},"publishpress_future_workflow_manual_trigger":{"enabledWorkflows":[]},"_links":{"self":[{"href":"https:\/\/www.oaxaca.gob.mx\/sego\/wp-json\/wp\/v2\/pages\/167","targetHints":{"allow":["GET"]}}],"collection":[{"href":"https:\/\/www.oaxaca.gob.mx\/sego\/wp-json\/wp\/v2\/pages"}],"about":[{"href":"https:\/\/www.oaxaca.gob.mx\/sego\/wp-json\/wp\/v2\/types\/page"}],"author":[{"embeddable":true,"href":"https:\/\/www.oaxaca.gob.mx\/sego\/wp-json\/wp\/v2\/users\/1"}],"replies":[{"embeddable":true,"href":"https:\/\/www.oaxaca.gob.mx\/sego\/wp-json\/wp\/v2\/comments?post=167"}],"version-history":[{"count":1,"href":"https:\/\/www.oaxaca.gob.mx\/sego\/wp-json\/wp\/v2\/pages\/167\/revisions"}],"predecessor-version":[{"id":16184,"href":"https:\/\/www.oaxaca.gob.mx\/sego\/wp-json\/wp\/v2\/pages\/167\/revisions\/16184"}],"wp:attachment":[{"href":"https:\/\/www.oaxaca.gob.mx\/sego\/wp-json\/wp\/v2\/media?parent=167"}],"wp:term":[{"taxonomy":"category","embeddable":true,"href":"https:\/\/www.oaxaca.gob.mx\/sego\/wp-json\/wp\/v2\/categories?post=167"},{"taxonomy":"post_tag","embeddable":true,"href":"https:\/\/www.oaxaca.gob.mx\/sego\/wp-json\/wp\/v2\/tags?post=167"}],"curies":[{"name":"wp","href":"https:\/\/api.w.org\/{rel}","templated":true}]}}