{"id":10079,"date":"2021-04-29T13:24:11","date_gmt":"2021-04-29T18:24:11","guid":{"rendered":"https:\/\/www.oaxaca.gob.mx\/segego\/?page_id=10079"},"modified":"2021-06-26T14:21:00","modified_gmt":"2021-06-26T19:21:00","slug":"2021-acreditaciones-de-autoridades-municipales-region-canada","status":"publish","type":"page","link":"https:\/\/www.oaxaca.gob.mx\/sego\/2021-acreditaciones-de-autoridades-municipales-region-canada\/","title":{"rendered":"2021 Acreditaciones de Autoridades Municipales Regi\u00f3n Ca\u00f1ada"},"content":{"rendered":"<h2 style=\"text-align: center\"><strong>Acreditaciones emitidas por la Direcci\u00f3n de Gobierno dependiente de la Secretar\u00eda General de Gobierno. <\/strong><\/h2>\n<p>informaci\u00f3n global por ajustes.<\/p>\n<p>&nbsp;<\/p>\n<p><strong>\u00a0\n<table id=\"tablepress-27\" class=\"tablepress tablepress-id-27\">\n<thead>\n<tr class=\"row-1\">\n\t<th class=\"column-1\">REGION<\/th><th class=\"column-2\">MUNICIPIO<\/th><th class=\"column-3\">FOLIO DE REGISTRO<\/th><th class=\"column-4\">FECHA DE ACREDITACI\u00d3N (M\/D\/A)<\/th><th class=\"column-5\">NOMBRE DEL ACREDITADO<\/th><th class=\"column-6\">CARGO<\/th><th class=\"column-7\">VIGENCIA<\/th>\n<\/tr>\n<\/thead>\n<tbody class=\"row-striping row-hover\">\n<tr class=\"row-2\">\n\t<td class=\"column-1\">CA\u00d1ADA<\/td><td class=\"column-2\">SAN MIGUEL SANTA FLOR<\/td><td class=\"column-3\">1235<\/td><td class=\"column-4\">4\/30\/2021<\/td><td class=\"column-5\">SILVESTRE CANCINO GARMENDIA<\/td><td class=\"column-6\">CONSEJERO PRESIDENTE<\/td><td class=\"column-7\">CONCLUIR PER\u00cdODO 2020-2022<\/td>\n<\/tr>\n<tr class=\"row-3\">\n\t<td class=\"column-1\">CA\u00d1ADA<\/td><td class=\"column-2\">SAN MIGUEL SANTA FLOR<\/td><td class=\"column-3\">1241<\/td><td class=\"column-4\">4\/30\/2021<\/td><td class=\"column-5\">FRANCISCA VILLAGRAN VERA<\/td><td class=\"column-6\">SECRETARIA DEL CONSEJO MUNICIPAL<\/td><td class=\"column-7\">CONCLUIR PER\u00cdODO 2020-2022<\/td>\n<\/tr>\n<tr class=\"row-4\">\n\t<td class=\"column-1\">CA\u00d1ADA<\/td><td class=\"column-2\">SAN MIGUEL SANTA FLOR<\/td><td class=\"column-3\">1242<\/td><td class=\"column-4\">4\/30\/2021<\/td><td class=\"column-5\">ROSALIA GUERRERO  PANTOJA<\/td><td class=\"column-6\">TESORERA DEL CONSEJO MUNICIPAL<\/td><td class=\"column-7\">CONCLUIR PER\u00cdODO 2020-2022<\/td>\n<\/tr>\n<tr class=\"row-5\">\n\t<td class=\"column-1\">CA\u00d1ADA<\/td><td class=\"column-2\">SAN MIGUEL SANTA FLOR<\/td><td class=\"column-3\">1236<\/td><td class=\"column-4\">4\/30\/2021<\/td><td class=\"column-5\">MARIA MERCEDES RIVERA  MARTINEZ<\/td><td class=\"column-6\">CONSEJERA SINDICA<\/td><td class=\"column-7\">CONCLUIR PER\u00cdODO 2020-2022<\/td>\n<\/tr>\n<tr class=\"row-6\">\n\t<td class=\"column-1\">CA\u00d1ADA<\/td><td class=\"column-2\">SAN MIGUEL SANTA FLOR<\/td><td class=\"column-3\">1237<\/td><td class=\"column-4\">4\/30\/2021<\/td><td class=\"column-5\">BARTOLOME  VILLEGAS VERA<\/td><td class=\"column-6\">CONSEJERO DE HACIENDA Y EDUCACI\u00d3N<\/td><td class=\"column-7\">CONCLUIR PER\u00cdODO 2020-2022<\/td>\n<\/tr>\n<tr class=\"row-7\">\n\t<td class=\"column-1\">CA\u00d1ADA<\/td><td class=\"column-2\">SAN MIGUEL SANTA FLOR<\/td><td class=\"column-3\">1238<\/td><td class=\"column-4\">4\/30\/2021<\/td><td class=\"column-5\">MARIA DEL ROSARIO ALVAREZ VARGAS<\/td><td class=\"column-6\">CONSEJERA DE SALUD<\/td><td class=\"column-7\">CONCLUIR PER\u00cdODO 2020-2022<\/td>\n<\/tr>\n<tr class=\"row-8\">\n\t<td class=\"column-1\">CA\u00d1ADA<\/td><td class=\"column-2\">SAN MIGUEL SANTA FLOR<\/td><td class=\"column-3\">1239<\/td><td class=\"column-4\">4\/30\/2021<\/td><td class=\"column-5\">GIL MEDINA  GARCIA<\/td><td class=\"column-6\">CONSEJERO DE SEGURIDAD<\/td><td class=\"column-7\">CONCLUIR PER\u00cdODO 2020-2022<\/td>\n<\/tr>\n<tr class=\"row-9\">\n\t<td class=\"column-1\">CA\u00d1ADA<\/td><td class=\"column-2\">SAN MIGUEL SANTA FLOR<\/td><td class=\"column-3\">1240<\/td><td class=\"column-4\">4\/30\/2021<\/td><td class=\"column-5\">GUDELIA  TROVAMALA CRUZ<\/td><td class=\"column-6\">CONSEJERA DE OBRAS<\/td><td class=\"column-7\">CONCLUIR PER\u00cdODO 2020-2022<\/td>\n<\/tr>\n<tr class=\"row-10\">\n\t<td class=\"column-1\">MIXTECA<\/td><td class=\"column-2\">SAN MATEO NEJ\u00c1PAM<\/td><td class=\"column-3\">1234<\/td><td class=\"column-4\">4\/30\/2021<\/td><td class=\"column-5\">GABRIEL  GARCIA  MEJIA<\/td><td class=\"column-6\">TESORERO MUNICIPAL<\/td><td class=\"column-7\">2021-2022<\/td>\n<\/tr>\n<tr class=\"row-11\">\n\t<td class=\"column-1\">SIERRA SUR<\/td><td class=\"column-2\">SANTA MARIA LACHIXIO<\/td><td class=\"column-3\">1235<\/td><td class=\"column-4\">5\/3\/2021<\/td><td class=\"column-5\">ALBERTO ANGELES SANTIAGO<\/td><td class=\"column-6\">TESORERO MUNICIPAL<\/td><td class=\"column-7\">19 DE ABRIL 2021 AL 31 DE DICIEMBRE 2021<\/td>\n<\/tr>\n<tr class=\"row-12\">\n\t<td class=\"column-1\">VALLES CENTRALES<\/td><td class=\"column-2\">SANTA GERTRUDIS<\/td><td class=\"column-3\">1243<\/td><td class=\"column-4\">5\/4\/2021<\/td><td class=\"column-5\">URIEL IVAN RAMIREZ ARRAZOLA<\/td><td class=\"column-6\">TESORERO MUNICIPAL<\/td><td class=\"column-7\">30 DE ABRIL AL 7 DE JUNIO 2021<\/td>\n<\/tr>\n<tr class=\"row-13\">\n\t<td class=\"column-1\">MIXTECA<\/td><td class=\"column-2\">HEROICA CIUDAD DE TLAXIACO<\/td><td class=\"column-3\">1624<\/td><td class=\"column-4\">5\/4\/2021<\/td><td class=\"column-5\">EDUARDO MELCHOR SANTIAGO<\/td><td class=\"column-6\">AGENTE DE POLICIA<\/td><td class=\"column-7\">24 DE ENERO 2021 AL 31 DE DICIEMBRE DE 2021<\/td>\n<\/tr>\n<tr class=\"row-14\">\n\t<td class=\"column-1\">MIXTECA<\/td><td class=\"column-2\">SAN JUAN MIXTEPEC<\/td><td class=\"column-3\">1591<\/td><td class=\"column-4\">5\/4\/2021<\/td><td class=\"column-5\">AARON ELENO  L\u00d3PEZ  VAZQUEZ<\/td><td class=\"column-6\">AGENTE DE POLICIA<\/td><td class=\"column-7\">01 DE ENERO DE 2021 AL 31 DE DICIEMBRE DE 2021<\/td>\n<\/tr>\n<tr class=\"row-15\">\n\t<td class=\"column-1\">VALLES CENTRALES<\/td><td class=\"column-2\">SANTA LUC\u00cdA OCOTL\u00c1N<\/td><td class=\"column-3\">1244<\/td><td class=\"column-4\">5\/5\/2021<\/td><td class=\"column-5\">CARLOS SALVADOR PABLO P\u00c9REZ<\/td><td class=\"column-6\">PRESIDENTE MUNICIPAL<\/td><td class=\"column-7\">07 DE ABRIL 2021 AL 31 DE DICIEMBRE DE 2022<\/td>\n<\/tr>\n<tr class=\"row-16\">\n\t<td class=\"column-1\">MIXTECA<\/td><td class=\"column-2\">ZAPOTITL\u00c1N LAGUNAS<\/td><td class=\"column-3\">1245<\/td><td class=\"column-4\">5\/5\/2021<\/td><td class=\"column-5\">ELISEO  TOLEDO ZAVALETA<\/td><td class=\"column-6\">TESORERO MUNICIPAL<\/td><td class=\"column-7\">01 DE MAYO DE 2021 AL 31 DICIEMBRE 2021<\/td>\n<\/tr>\n<tr class=\"row-17\">\n\t<td class=\"column-1\">VALLES CENTRALES<\/td><td class=\"column-2\">SANTIAGO MATATL\u00c1N<\/td><td class=\"column-3\">1246<\/td><td class=\"column-4\">5\/6\/2021<\/td><td class=\"column-5\">JUAN JOSE SANTIAGO HERNANDEZ<\/td><td class=\"column-6\">TESORERO MUNICIPAL<\/td><td class=\"column-7\">2021<\/td>\n<\/tr>\n<tr class=\"row-18\">\n\t<td class=\"column-1\">VALLES CENTRALES<\/td><td class=\"column-2\">MAGDALENA APASCO<\/td><td class=\"column-3\">1625<\/td><td class=\"column-4\">5\/7\/2021<\/td><td class=\"column-5\">OTHON CABALLERO RUIZ<\/td><td class=\"column-6\">AGENTE DE POLICIA<\/td><td class=\"column-7\">2021<\/td>\n<\/tr>\n<tr class=\"row-19\">\n\t<td class=\"column-1\">VALLES CENTRALES<\/td><td class=\"column-2\">SAN AGUSTIN AMATENGO<\/td><td class=\"column-3\">1247<\/td><td class=\"column-4\">5\/7\/2021<\/td><td class=\"column-5\">LORENZO REYES PATRICIO<\/td><td class=\"column-6\">TESORERO MUNICIPAL<\/td><td class=\"column-7\">01 DE MAYO DE 2021 AL 31 DICIEMBRE 2021<\/td>\n<\/tr>\n<tr class=\"row-20\">\n\t<td class=\"column-1\">MIXTECA<\/td><td class=\"column-2\">SAN JORGE NUCHITA<\/td><td class=\"column-3\">1248<\/td><td class=\"column-4\">5\/7\/2021<\/td><td class=\"column-5\">ROSA LIZBET SIXTO VENTURA<\/td><td class=\"column-6\">SECRETARIA MUNICIPAL<\/td><td class=\"column-7\">01 DE MAYO DE 2021 AL 31 DICIEMBRE 2021<\/td>\n<\/tr>\n<tr class=\"row-21\">\n\t<td class=\"column-1\">MIXTECA<\/td><td class=\"column-2\">SANTIAGO HUAUCLILLA \u00a0 \u00a0 \u00a0 \u00a0 \u00a0 \u00a0 \u00a0 \u00a0 \u00a0 \u00a0 \u00a0 \u00a0 \u00a0<\/td><td class=\"column-3\">1249<\/td><td class=\"column-4\">5\/7\/2021<\/td><td class=\"column-5\">RAFAEL PEREZ CRUZ<\/td><td class=\"column-6\">SECRETARIO MUNICIPAL<\/td><td class=\"column-7\">01 DE MAYO DE 2021 AL 31 DICIEMBRE DE 2021<\/td>\n<\/tr>\n<tr class=\"row-22\">\n\t<td class=\"column-1\">VALLES CENTRALES<\/td><td class=\"column-2\">SANTA GERTRUDIS<\/td><td class=\"column-3\">1250<\/td><td class=\"column-4\">5\/10\/2021<\/td><td class=\"column-5\">YOLANDA LORENA DIAZ BARRITA<\/td><td class=\"column-6\">ENCARGADA DEL DESPACHO DE LA PRESIDENCIA MUNICIPAL<\/td><td class=\"column-7\">DEL 4 DE MAYO DE 2021 AL 7 DE JUNIO DE 2021<\/td>\n<\/tr>\n<tr class=\"row-23\">\n\t<td class=\"column-1\">VALLES CENTRALES<\/td><td class=\"column-2\">SAN LORENZO CACAOTEPEC<\/td><td class=\"column-3\">1626<\/td><td class=\"column-4\">5\/11\/2021<\/td><td class=\"column-5\">RUFINA ISABEL MORALES VASQUEZ<\/td><td class=\"column-6\">AGENTE MUNICIPAL<\/td><td class=\"column-7\">DEL 21 DE MARZO 2021 AL 31 DICIEMBRE DE 2022<\/td>\n<\/tr>\n<tr class=\"row-24\">\n\t<td class=\"column-1\">MIXTECA<\/td><td class=\"column-2\">SAN JUAN MIXTEPEC<\/td><td class=\"column-3\">1355<\/td><td class=\"column-4\">5\/12\/2021<\/td><td class=\"column-5\">AURELIANO JUAN HERN\u00c1NDEZ CIPRIANO<\/td><td class=\"column-6\">AGENTE MUNICIPAL<\/td><td class=\"column-7\">2021<\/td>\n<\/tr>\n<tr class=\"row-25\">\n\t<td class=\"column-1\">CA\u00d1ADA<\/td><td class=\"column-2\">SAN JUAN COATZOSPAM<\/td><td class=\"column-3\">1251<\/td><td class=\"column-4\">5\/12\/2021<\/td><td class=\"column-5\">HELADIO CHAVEZ AVENDA\u00d1O<\/td><td class=\"column-6\">TESORERO MUNICIPAL<\/td><td class=\"column-7\">DEL 1 DE ABRIL DE 2021 AL 31 DE DICIEMBRE DE 2021<\/td>\n<\/tr>\n<tr class=\"row-26\">\n\t<td class=\"column-1\">ISTMO<\/td><td class=\"column-2\">SANTO DOMINGO TEHUANTEPEC<\/td><td class=\"column-3\">1252<\/td><td class=\"column-4\">5\/15\/2021<\/td><td class=\"column-5\">FRANCISCO MATUS GARC\u00cdA<\/td><td class=\"column-6\">ENCARGADO DEL DESPACHO DEL HONORABLE AYUNTAMIENTO CONSTITUCIONAL<\/td><td class=\"column-7\">DEL 3 DE MAYO AL 21 DE JUNIO DE 2021<\/td>\n<\/tr>\n<tr class=\"row-27\">\n\t<td class=\"column-1\">ISTMO<\/td><td class=\"column-2\">SAN MATEO DEL MAR<\/td><td class=\"column-3\">1627<\/td><td class=\"column-4\">5\/13\/2021<\/td><td class=\"column-5\">VICENTE SILVA TAPIA<\/td><td class=\"column-6\">AGENTE DE POLIC\u00cdA<\/td><td class=\"column-7\">DEL 01 DE ENERO DE 2021 AL 31 DE ENERO DE 2021<\/td>\n<\/tr>\n<tr class=\"row-28\">\n\t<td class=\"column-1\">SIERRA NORTE \u00a0 \u00a0 \u00a0<\/td><td class=\"column-2\">SANTIAGO XIACU\u00cd<\/td><td class=\"column-3\">1253<\/td><td class=\"column-4\">5\/14\/2021<\/td><td class=\"column-5\">DOMINGO  FENTANES  ROBLES<\/td><td class=\"column-6\">COMISIONADO MUNICIPAL PROVISIONAL<\/td><td class=\"column-7\">DEL 10 DE MAYO DE 2021 AL 8 DE JULIO DE 2021 O HASTA QUE EXISTA AUTORIDAD JUR\u00cdDICAMENTE V\u00c1LIDA<\/td>\n<\/tr>\n<tr class=\"row-29\">\n\t<td class=\"column-1\">SIERRA NORTE \u00a0 \u00a0 \u00a0<\/td><td class=\"column-2\">SANTIAGO XIACU\u00cd<\/td><td class=\"column-3\">1254<\/td><td class=\"column-4\">5\/14\/2021<\/td><td class=\"column-5\">SAVANT YOVANNI MORALES  GARC\u00cdA<\/td><td class=\"column-6\">TESORERO DE LA COMISI\u00d3N MUNICIPAL PROVISIONAL<\/td><td class=\"column-7\">DEL 10 DE MAYO DE 2021 AL 8 DE JULIO DE 2021 O HASTA QUE EXISTA AUTORIDAD JUR\u00cdDICAMENTE V\u00c1LIDA<\/td>\n<\/tr>\n<tr class=\"row-30\">\n\t<td class=\"column-1\">SIERRA NORTE \u00a0 \u00a0 \u00a0<\/td><td class=\"column-2\">SANTIAGO XIACU\u00cd<\/td><td class=\"column-3\">1255<\/td><td class=\"column-4\">5\/14\/2021<\/td><td class=\"column-5\">MARTHA MARTINEZ  BAUTISTA<\/td><td class=\"column-6\">SECRETARIA DE LA COMISI\u00d3N MUNICIPAL PROVISIONAL<\/td><td class=\"column-7\">DEL 10 DE MAYO DE 2021 AL 8 DE JULIO DE 2021 O HASTA QUE EXISTA AUTORIDAD JUR\u00cdDICAMENTE V\u00c1LIDA<\/td>\n<\/tr>\n<tr class=\"row-31\">\n\t<td class=\"column-1\">SIERRA SUR \u00a0 \u00a0 \u00a0 \u00a0<\/td><td class=\"column-2\">SANTO TOM\u00c1S TAMAZULAPAN<\/td><td class=\"column-3\">1256<\/td><td class=\"column-4\">5\/14\/2021<\/td><td class=\"column-5\">AD\u00c1N PINACHO CORT\u00c9S<\/td><td class=\"column-6\">PRESIDENTE MUNICIPAL<\/td><td class=\"column-7\">2020-2022<\/td>\n<\/tr>\n<tr class=\"row-32\">\n\t<td class=\"column-1\">ISTMO\u00a0 \u00a0 \u00a0 \u00a0 \u00a0 \u00a0 \u00a0<\/td><td class=\"column-2\">SALINA CRUZ<\/td><td class=\"column-3\">1257<\/td><td class=\"column-4\">5\/14\/2021<\/td><td class=\"column-5\">IRAN L\u00d3PEZ  OSORIO<\/td><td class=\"column-6\">PRESIDENTE MUNICIPAL<\/td><td class=\"column-7\">DEL 29 DE ABRIL DE 2021 AL 27 DE AGOSTO DE 2021<\/td>\n<\/tr>\n<tr class=\"row-33\">\n\t<td class=\"column-1\">SIERRA SUR \u00a0 \u00a0 \u00a0 \u00a0<\/td><td class=\"column-2\">SANTIAGO TEXTITL\u00c1N<\/td><td class=\"column-3\">1628<\/td><td class=\"column-4\">5\/15\/2021<\/td><td class=\"column-5\">YUBIEL CALLEJA HERNANDEZ<\/td><td class=\"column-6\">AGENTE MUNICIPAL<\/td><td class=\"column-7\">DEL 01 DE ENERO DE 2021 AL 31 DE ENERO DE 2021<\/td>\n<\/tr>\n<tr class=\"row-34\">\n\t<td class=\"column-1\">MIXTECA\u00a0 \u00a0 \u00a0 \u00a0 \u00a0 \u00a0<\/td><td class=\"column-2\">HEROICA CIUDAD DE TLAXIACO<\/td><td class=\"column-3\">1629<\/td><td class=\"column-4\">5\/17\/2021<\/td><td class=\"column-5\">AQUILINO REYES ALBERTO<\/td><td class=\"column-6\">AGENTE DE POLIC\u00cdA<\/td><td class=\"column-7\">2021<\/td>\n<\/tr>\n<tr class=\"row-35\">\n\t<td class=\"column-1\">MIXTECA\u00a0 \u00a0 \u00a0 \u00a0 \u00a0 \u00a0<\/td><td class=\"column-2\">ZAPOTITL\u00c1N PALMAS<\/td><td class=\"column-3\">1258<\/td><td class=\"column-4\">5\/17\/2021<\/td><td class=\"column-5\">LIVIA  BAZAN MART\u00cdNEZ<\/td><td class=\"column-6\">SECRETARIA MUNICIPAL<\/td><td class=\"column-7\">DEL 2 DE MAYO DE 2021 AL 31 DE DICIEMBRE DE 2022<\/td>\n<\/tr>\n<tr class=\"row-36\">\n\t<td class=\"column-1\">PAPALOAPAN \u00a0 \u00a0 \u00a0 \u00a0<\/td><td class=\"column-2\">SANTIAGO YAVEO<\/td><td class=\"column-3\">1630<\/td><td class=\"column-4\">5\/18\/2021<\/td><td class=\"column-5\">ROBERTO  P\u00c9REZ ESTEBAN<\/td><td class=\"column-6\">AGENTE MUNICIPAL<\/td><td class=\"column-7\">2021<\/td>\n<\/tr>\n<tr class=\"row-37\">\n\t<td class=\"column-1\">VALLES CENTRALES \u00a0<\/td><td class=\"column-2\">SANTA IN\u00c9S DEL MONTE<\/td><td class=\"column-3\">1631<\/td><td class=\"column-4\">5\/19\/2021<\/td><td class=\"column-5\">CARLOS  FLORES BAUTISTA<\/td><td class=\"column-6\">REPRESENTANTE DE NUCLEO RURAL<\/td><td class=\"column-7\">DEL 15 DE MAYO DE 2021 AL 31 DE DICIEMBRE DE 2021<\/td>\n<\/tr>\n<tr class=\"row-38\">\n\t<td class=\"column-1\">MIXTECA\u00a0 \u00a0 \u00a0 \u00a0 \u00a0 \u00a0<\/td><td class=\"column-2\">SAN MATEO ETLATONGO<\/td><td class=\"column-3\">1259<\/td><td class=\"column-4\">5\/19\/2021<\/td><td class=\"column-5\">MARIBEL GARC\u00cdA RAM\u00cdREZ<\/td><td class=\"column-6\">SECRETARIA MUNICIPAL<\/td><td class=\"column-7\">DEL 17 DE MAYO DE 2021 AL 31 DE DICIEMBRE DE 2021<\/td>\n<\/tr>\n<tr class=\"row-39\">\n\t<td class=\"column-1\">MIXTECA\u00a0 \u00a0 \u00a0 \u00a0 \u00a0 \u00a0<\/td><td class=\"column-2\">SAN PABLO TIJALTEPEC<\/td><td class=\"column-3\">1632<\/td><td class=\"column-4\">5\/20\/2021<\/td><td class=\"column-5\">CRISTINO CRUZ SILVA<\/td><td class=\"column-6\">AGENTE MUNICIPAL<\/td><td class=\"column-7\">DEL 20 DE ABRIL DE 2021 AL 31 DE DICIEMBRE DE 2021<\/td>\n<\/tr>\n<tr class=\"row-40\">\n\t<td class=\"column-1\">MIXTECA\u00a0 \u00a0 \u00a0 \u00a0 \u00a0 \u00a0<\/td><td class=\"column-2\">CHALCATONGO DE HIDALGO<\/td><td class=\"column-3\">761<\/td><td class=\"column-4\">5\/20\/2021<\/td><td class=\"column-5\">PRIMITIVO  JIM\u00c9NEZ  CORTES<\/td><td class=\"column-6\">AGENTE DE POLIC\u00cdA<\/td><td class=\"column-7\">2021<\/td>\n<\/tr>\n<tr class=\"row-41\">\n\t<td class=\"column-1\">COSTA\u00a0 \u00a0 \u00a0 \u00a0 \u00a0 \u00a0 \u00a0<\/td><td class=\"column-2\">SANTOS REYES NOPALA<\/td><td class=\"column-3\">1260<\/td><td class=\"column-4\">5\/20\/2021<\/td><td class=\"column-5\">TOMAS  TORRES PE\u00d1A<\/td><td class=\"column-6\">ENCARGADO DEL DESPACHO DEL HONORABLE AYUNTAMIENTO CONSTITUCIONAL<\/td><td class=\"column-7\">DEL 20 DE MARZO DE 2021 AL 11 DE JUNIO DE 2021<\/td>\n<\/tr>\n<tr class=\"row-42\">\n\t<td class=\"column-1\">MIXTECA\u00a0 \u00a0 \u00a0 \u00a0 \u00a0 \u00a0<\/td><td class=\"column-2\">SAN PEDRO MOLINOS<\/td><td class=\"column-3\">1633<\/td><td class=\"column-4\">5\/21\/2021<\/td><td class=\"column-5\">MISAEL  JU\u00c1REZ REYES<\/td><td class=\"column-6\">AGENTE MUNICIPAL<\/td><td class=\"column-7\">DEL 18 DE ABRIL DE 2021 AL 31 DE DICIEMBRE DE 2021<\/td>\n<\/tr>\n<tr class=\"row-43\">\n\t<td class=\"column-1\">VALLES CENTRALES \u00a0<\/td><td class=\"column-2\">SAN SEBASTI\u00c1N ABASOLO<\/td><td class=\"column-3\">1634<\/td><td class=\"column-4\">5\/21\/2021<\/td><td class=\"column-5\">CARLOS V\u00c1SQUEZ GARC\u00cdA<\/td><td class=\"column-6\">AGENTE DE POLIC\u00cdA<\/td><td class=\"column-7\">DEL 6 DE MAYO DE 2021 AL 31 DE DICIEMBRE DE 2021<\/td>\n<\/tr>\n<tr class=\"row-44\">\n\t<td class=\"column-1\">MIXTECA\u00a0 \u00a0 \u00a0 \u00a0 \u00a0 \u00a0<\/td><td class=\"column-2\">SAN PEDRO NOPALA<\/td><td class=\"column-3\">1261<\/td><td class=\"column-4\">5\/24\/2021<\/td><td class=\"column-5\">ELIZABETH RIVERA  GARC\u00cdA<\/td><td class=\"column-6\">SECRETARIA MUNICIPAL<\/td><td class=\"column-7\">DEL 16 DE MAYO DE 2021 AL 30 DE JUNIO DE 2021<\/td>\n<\/tr>\n<tr class=\"row-45\">\n\t<td class=\"column-1\">MIXTECA\u00a0 \u00a0 \u00a0 \u00a0 \u00a0 \u00a0<\/td><td class=\"column-2\">SAN JUAN BAUTISTA SUCHITEPEC<\/td><td class=\"column-3\">836<\/td><td class=\"column-4\">5\/24\/2021<\/td><td class=\"column-5\">IRMA GEORGINA  FLORES GUZM\u00c1N<\/td><td class=\"column-6\">AGENTE MUNICIPAL<\/td><td class=\"column-7\">2021<\/td>\n<\/tr>\n<tr class=\"row-46\">\n\t<td class=\"column-1\">VALLES CENTRALES \u00a0<\/td><td class=\"column-2\">MAGDALENA APASCO<\/td><td class=\"column-3\">1635<\/td><td class=\"column-4\">5\/24\/2021<\/td><td class=\"column-5\">SILVERIO GUSTAVO NARVAEZ NARVAEZ<\/td><td class=\"column-6\">AGENTE MUNICIPAL<\/td><td class=\"column-7\">DEL 1 DE ENERO DE 2021 AL 31 DE DICIEMBRE DE 2021<\/td>\n<\/tr>\n<tr class=\"row-47\">\n\t<td class=\"column-1\">CA\u00d1ADA \u00a0 \u00a0 \u00a0 \u00a0 \u00a0 \u00a0<\/td><td class=\"column-2\">SANTA MAR\u00cdA IXCATL\u00c1N<\/td><td class=\"column-3\">1262<\/td><td class=\"column-4\">5\/25\/2021<\/td><td class=\"column-5\">JOSE LUIS HERN\u00c1NDEZ AVENDA\u00d1O<\/td><td class=\"column-6\">S\u00cdNDICO MUNICIPAL<\/td><td class=\"column-7\">2020-2022<\/td>\n<\/tr>\n<tr class=\"row-48\">\n\t<td class=\"column-1\">MIXTECA\u00a0 \u00a0 \u00a0 \u00a0 \u00a0 \u00a0<\/td><td class=\"column-2\">SAN JUAN IHUALTEPEC<\/td><td class=\"column-3\">1263<\/td><td class=\"column-4\">5\/25\/2021<\/td><td class=\"column-5\">GABRIELA VERA VILLANUEVA<\/td><td class=\"column-6\">SECRETARIA MUNICIPAL<\/td><td class=\"column-7\">DEL 4 DE MAYO DE 2021 AL 31 DE DICIEMBRE DE 2021<\/td>\n<\/tr>\n<tr class=\"row-49\">\n\t<td class=\"column-1\">CA\u00d1ADA \u00a0 \u00a0 \u00a0 \u00a0 \u00a0 \u00a0<\/td><td class=\"column-2\">HUAUTLA DE JIM\u00c9NEZ<\/td><td class=\"column-3\">1637<\/td><td class=\"column-4\">5\/26\/2021<\/td><td class=\"column-5\">MART\u00cdN GARC\u00cdA MART\u00cdNEZ<\/td><td class=\"column-6\">AGENTE MUNICIPAL<\/td><td class=\"column-7\">DEL 23 DE ABRIL DE 2021 AL 31 DE DICIEMBRE DE 2021<\/td>\n<\/tr>\n<tr class=\"row-50\">\n\t<td class=\"column-1\">CA\u00d1ADA \u00a0 \u00a0 \u00a0 \u00a0 \u00a0 \u00a0<\/td><td class=\"column-2\">HUAUTLA DE JIM\u00c9NEZ<\/td><td class=\"column-3\">1636<\/td><td class=\"column-4\">5\/26\/2021<\/td><td class=\"column-5\">EDILBERTO GARC\u00cdA GUERRERO<\/td><td class=\"column-6\">AGENTE MUNICIPAL<\/td><td class=\"column-7\">2021<\/td>\n<\/tr>\n<tr class=\"row-51\">\n\t<td class=\"column-1\">COSTA\u00a0 \u00a0 \u00a0 \u00a0 \u00a0 \u00a0 \u00a0<\/td><td class=\"column-2\">M\u00c1RTIRES DE TACUBAYA<\/td><td class=\"column-3\">1264<\/td><td class=\"column-4\">5\/27\/2021<\/td><td class=\"column-5\">BETZAIRA YOSELIN MART\u00cdNEZ MELO<\/td><td class=\"column-6\">TESORERA MUNICIPAL<\/td><td class=\"column-7\">DEL 25 DE MAYO DE 2021 AL 31 DE DICIEMBRE DE 2021<\/td>\n<\/tr>\n<tr class=\"row-52\">\n\t<td class=\"column-1\">COSTA\u00a0 \u00a0 \u00a0 \u00a0 \u00a0 \u00a0 \u00a0<\/td><td class=\"column-2\">M\u00c1RTIRES DE TACUBAYA<\/td><td class=\"column-3\">1265<\/td><td class=\"column-4\">5\/27\/2021<\/td><td class=\"column-5\">MARIA CRISTINA MEJIA  CHUPIN<\/td><td class=\"column-6\">SECRETARIA MUNICIPAL<\/td><td class=\"column-7\">DEL 25 DE MAYO DE 2021 AL 31 DE DICIEMBRE DE 2021<\/td>\n<\/tr>\n<tr class=\"row-53\">\n\t<td class=\"column-1\">CA\u00d1ADA \u00a0 \u00a0 \u00a0 \u00a0 \u00a0 \u00a0<\/td><td class=\"column-2\">SAN PEDRO OCOPETATILLO<\/td><td class=\"column-3\">1266<\/td><td class=\"column-4\">5\/31\/2021<\/td><td class=\"column-5\">JAVIER FELIPE ORTIZ GARC\u00cdA<\/td><td class=\"column-6\">COMISIONADO MUNICIPAL PROVISIONAL<\/td><td class=\"column-7\">DEL 27 DE MAYO DE 2021 AL 25 DE JULIO DE 2021<\/td>\n<\/tr>\n<tr class=\"row-54\">\n\t<td class=\"column-1\">CA\u00d1ADA \u00a0 \u00a0 \u00a0 \u00a0 \u00a0 \u00a0<\/td><td class=\"column-2\">SAN PEDRO OCOPETATILLO<\/td><td class=\"column-3\">1267<\/td><td class=\"column-4\">5\/31\/2021<\/td><td class=\"column-5\">FERNANDO  L\u00d3PEZ  BAUTISTA<\/td><td class=\"column-6\">SECRETARIO DE LA COMISI\u00d3N MUNICIPAL PROVISIONAL<\/td><td class=\"column-7\">DEL 27 DE MAYO DE 2021 AL 25 DE JULIO DE 2021<\/td>\n<\/tr>\n<tr class=\"row-55\">\n\t<td class=\"column-1\">CA\u00d1ADA \u00a0 \u00a0 \u00a0 \u00a0 \u00a0 \u00a0<\/td><td class=\"column-2\">SAN PEDRO OCOPETATILLO<\/td><td class=\"column-3\">1268<\/td><td class=\"column-4\">5\/31\/2021<\/td><td class=\"column-5\">OLIVER URIEL  VASQUEZ ROJAS<\/td><td class=\"column-6\">TESORERO DE LA COMISI\u00d3N MUNICIPAL PROVISIONAL<\/td><td class=\"column-7\">DEL 27 DE MAYO DE 2021 AL 25 DE JULIO DE 2021<\/td>\n<\/tr>\n<tr class=\"row-56\">\n\t<td class=\"column-1\">MIXTECA\u00a0 \u00a0 \u00a0 \u00a0 \u00a0 \u00a0<\/td><td class=\"column-2\">SAN JUAN YUCUITA<\/td><td class=\"column-3\">1270<\/td><td class=\"column-4\">5\/31\/2021<\/td><td class=\"column-5\">JORGE CRUZ ALCANTAR<\/td><td class=\"column-6\">COMISIONADO MUNICIPAL PROVISIONAL<\/td><td class=\"column-7\">DEL 21 DE MAYO DE 2021 AL 19 DE JULIO DE 2021<\/td>\n<\/tr>\n<tr class=\"row-57\">\n\t<td class=\"column-1\">CA\u00d1ADA \u00a0 \u00a0 \u00a0 \u00a0 \u00a0 \u00a0<\/td><td class=\"column-2\">SAN FRANCISCO CHAPULAPA<\/td><td class=\"column-3\">1269<\/td><td class=\"column-4\">5\/31\/2021<\/td><td class=\"column-5\">EUTIMIO CID VARELA<\/td><td class=\"column-6\">TESORERO MUNICIPAL<\/td><td class=\"column-7\">DEL 16 DE MAYO DE 2021 AL 31 DE DICIEMBRE DE 2021<\/td>\n<\/tr>\n<tr class=\"row-58\">\n\t<td class=\"column-1\">MIXTECA\u00a0 \u00a0 \u00a0 \u00a0 \u00a0 \u00a0<\/td><td class=\"column-2\">SAN JUAN YUCUITA<\/td><td class=\"column-3\">1271<\/td><td class=\"column-4\">5\/31\/2021<\/td><td class=\"column-5\">LUIS ALBERTO L\u00d3PEZ  DIEGO<\/td><td class=\"column-6\">TESORERO DE LA COMISI\u00d3N MUNICIPAL PROVISIONAL<\/td><td class=\"column-7\">DEL 21 DE MAYO DE 2021 AL 19 DE JULIO DE 2021<\/td>\n<\/tr>\n<tr class=\"row-59\">\n\t<td class=\"column-1\">MIXTECA\u00a0 \u00a0 \u00a0 \u00a0 \u00a0 \u00a0<\/td><td class=\"column-2\">SAN JUAN YUCUITA<\/td><td class=\"column-3\">1272<\/td><td class=\"column-4\">5\/31\/2021<\/td><td class=\"column-5\">SALVADOR GARC\u00cdA MART\u00cdNEZ<\/td><td class=\"column-6\">SECRETARIO DE LA COMISI\u00d3N MUNICIPAL PROVISIONAL<\/td><td class=\"column-7\">DEL 21 DE MAYO DE 2021 AL 19 DE JULIO DE 2021<\/td>\n<\/tr>\n<tr class=\"row-60\">\n\t<td class=\"column-1\">VALLES CENTRALES \u00a0<\/td><td class=\"column-2\">NAZARENO ETLA<\/td><td class=\"column-3\">1273<\/td><td class=\"column-4\">6\/1\/2021<\/td><td class=\"column-5\">REY PAULO CASTELLANOS P\u00c9REZ<\/td><td class=\"column-6\">SECRETARIO MUNICIPAL<\/td><td class=\"column-7\">DEL 17 DE MAYO DE 2021 AL 31 DE DICIEMBRE DE 2022<\/td>\n<\/tr>\n<tr class=\"row-61\">\n\t<td class=\"column-1\">MIXTECA\u00a0 \u00a0 \u00a0 \u00a0 \u00a0 \u00a0<\/td><td class=\"column-2\">SAN JUAN SAYULTEPEC<\/td><td class=\"column-3\">1274<\/td><td class=\"column-4\">6\/1\/2021<\/td><td class=\"column-5\">BERTHA CRUZ VELASCO<\/td><td class=\"column-6\">REGIDORA DE HACIENDA<\/td><td class=\"column-7\">2020-2022<\/td>\n<\/tr>\n<tr class=\"row-62\">\n\t<td class=\"column-1\">ISTMO\u00a0 \u00a0 \u00a0 \u00a0 \u00a0 \u00a0 \u00a0<\/td><td class=\"column-2\">SAN MATEO DEL MAR<\/td><td class=\"column-3\">1638<\/td><td class=\"column-4\">6\/2\/2021<\/td><td class=\"column-5\">DOROTEO HERN\u00c1NDEZ COBARUBIA<\/td><td class=\"column-6\">AGENTE MUNICIPAL<\/td><td class=\"column-7\">2021-2022<\/td>\n<\/tr>\n<tr class=\"row-63\">\n\t<td class=\"column-1\">MIXTECA\u00a0 \u00a0 \u00a0 \u00a0 \u00a0 \u00a0<\/td><td class=\"column-2\">SANTOS REYES TEPEJILLO<\/td><td class=\"column-3\">1275<\/td><td class=\"column-4\">6\/8\/2021<\/td><td class=\"column-5\">OLGA CRUZ MORALES<\/td><td class=\"column-6\">REGIDORA DE HACIENDA<\/td><td class=\"column-7\">DEL 4 DE JUNIO DE 2021 AL 31 DE DICIEMBRE DE 2022<\/td>\n<\/tr>\n<tr class=\"row-64\">\n\t<td class=\"column-1\">MIXTECA\u00a0 \u00a0 \u00a0 \u00a0 \u00a0 \u00a0<\/td><td class=\"column-2\">SANTOS REYES TEPEJILLO<\/td><td class=\"column-3\">1276<\/td><td class=\"column-4\">6\/8\/2021<\/td><td class=\"column-5\">SERGIO SANTOS REYES<\/td><td class=\"column-6\">REGIDOR DE EDUCACI\u00d3N<\/td><td class=\"column-7\">DEL 4 DE JUNIO DE 2021 AL 31 DE DICIEMBRE DE 2022<\/td>\n<\/tr>\n<tr class=\"row-65\">\n\t<td class=\"column-1\">SIERRA SUR \u00a0 \u00a0 \u00a0 \u00a0<\/td><td class=\"column-2\">SAN SEBASTI\u00c1N R\u00cdO HONDO<\/td><td class=\"column-3\">1277<\/td><td class=\"column-4\">6\/9\/2021<\/td><td class=\"column-5\">HERMENEGILDO HERN\u00c1NDEZ  MART\u00cdNEZ<\/td><td class=\"column-6\">PRESIDENTE MUNICIPAL<\/td><td class=\"column-7\">DEL 23 DE FEBRERO DE 2021 AL 31 DE DICIEMBRE DE 2022<\/td>\n<\/tr>\n<tr class=\"row-66\">\n\t<td class=\"column-1\">SIERRA SUR \u00a0 \u00a0 \u00a0 \u00a0<\/td><td class=\"column-2\">SAN SEBASTI\u00c1N R\u00cdO HONDO<\/td><td class=\"column-3\">1278<\/td><td class=\"column-4\">6\/9\/2021<\/td><td class=\"column-5\">PEDRO ANDR\u00c9S GARC\u00cdA MART\u00cdNEZ<\/td><td class=\"column-6\">S\u00cdNDICO MUNICIPAL<\/td><td class=\"column-7\">DEL 23 DE FEBRERO DE 2021 AL 31 DE DICIEMBRE DE 2022<\/td>\n<\/tr>\n<tr class=\"row-67\">\n\t<td class=\"column-1\">VALLES CENTRALES \u00a0<\/td><td class=\"column-2\">SANTA MAR\u00cdA PE\u00d1OLES<\/td><td class=\"column-3\">1279<\/td><td class=\"column-4\">6\/9\/2021<\/td><td class=\"column-5\">MARCOS L\u00d3PEZ  ROJAS<\/td><td class=\"column-6\">TESORERO MUNICIPAL<\/td><td class=\"column-7\">2020 - 2022<\/td>\n<\/tr>\n<tr class=\"row-68\">\n\t<td class=\"column-1\">MIXTECA\u00a0 \u00a0 \u00a0 \u00a0 \u00a0 \u00a0<\/td><td class=\"column-2\">SANTIAGO TILANTONGO<\/td><td class=\"column-3\">1639<\/td><td class=\"column-4\">6\/10\/2021<\/td><td class=\"column-5\">ABIMAEL SANTIAGO PABLO<\/td><td class=\"column-6\">AGENTE DE POLICIA<\/td><td class=\"column-7\">DEL 21 DE MAYO DE 2021 AL 31 DE DICIEMBRE DEL 2021<\/td>\n<\/tr>\n<tr class=\"row-69\">\n\t<td class=\"column-1\">VALLES CENTRALES \u00a0<\/td><td class=\"column-2\">SANTA GERTRUDIS<\/td><td class=\"column-3\">1280<\/td><td class=\"column-4\">6\/11\/2021<\/td><td class=\"column-5\">ANDRES ALBERTO VELASCO AQUINO<\/td><td class=\"column-6\">TESORERO MUNICIPAL<\/td><td class=\"column-7\">DEL 8 DE JUNIO AL 31 DE DICIEMBRE DE 2021<\/td>\n<\/tr>\n<tr class=\"row-70\">\n\t<td class=\"column-1\">SIERRA SUR \u00a0 \u00a0 \u00a0 \u00a0<\/td><td class=\"column-2\">SAN ANDR\u00c9S CABECERA NUEVA<\/td><td class=\"column-3\">1281<\/td><td class=\"column-4\">6\/11\/2021<\/td><td class=\"column-5\">GERARDO GARC\u00cdA LUCERO<\/td><td class=\"column-6\">PRESIDENTE MUNICIPAL<\/td><td class=\"column-7\">2019-2021<\/td>\n<\/tr>\n<tr class=\"row-71\">\n\t<td class=\"column-1\">VALLES CENTRALES \u00a0<\/td><td class=\"column-2\">MAGDALENA MIXTEPEC<\/td><td class=\"column-3\">1282<\/td><td class=\"column-4\">6\/15\/2021<\/td><td class=\"column-5\">PONCIANO ANTONIO MART\u00cdNEZ<\/td><td class=\"column-6\">PRESIDENTE MUNICIPAL<\/td><td class=\"column-7\">2020-2021<\/td>\n<\/tr>\n<tr class=\"row-72\">\n\t<td class=\"column-1\">MIXTECA\u00a0 \u00a0 \u00a0 \u00a0 \u00a0 \u00a0<\/td><td class=\"column-2\">SANTA MAR\u00cdA CHACHO\u00c1PAM<\/td><td class=\"column-3\">1640<\/td><td class=\"column-4\">6\/15\/2021<\/td><td class=\"column-5\">FRANCISCO  CRUZ<\/td><td class=\"column-6\">AGENTE MUNICIPAL<\/td><td class=\"column-7\">DEL 01 DE ENERO DE 2021 AL 31 DE DICIEMBRE DE 2021<\/td>\n<\/tr>\n<tr class=\"row-73\">\n\t<td class=\"column-1\">MIXTECA\u00a0 \u00a0 \u00a0 \u00a0 \u00a0 \u00a0<\/td><td class=\"column-2\">SAN PEDRO TEOZACOALCO<\/td><td class=\"column-3\">1284<\/td><td class=\"column-4\">6\/15\/2021<\/td><td class=\"column-5\">REYNA CRUZ  SILVA<\/td><td class=\"column-6\">TESORERA MUNICIPAL<\/td><td class=\"column-7\">DEL 1 DE JUNIO DE 2021 AL 31 DE DICIEMBRE DE 2021<\/td>\n<\/tr>\n<tr class=\"row-74\">\n\t<td class=\"column-1\">MIXTECA\u00a0 \u00a0 \u00a0 \u00a0 \u00a0 \u00a0<\/td><td class=\"column-2\">SAN PEDRO TEOZACOALCO<\/td><td class=\"column-3\">1283<\/td><td class=\"column-4\">6\/15\/2021<\/td><td class=\"column-5\">NANCY  ZARATE  RAM\u00cdREZ<\/td><td class=\"column-6\">SECRETARIA MUNICIPAL<\/td><td class=\"column-7\">DEL 1 DE JUNIO DE 2021 AL 31 DE DICIEMBRE DE 2021<\/td>\n<\/tr>\n<tr class=\"row-75\">\n\t<td class=\"column-1\">SIERRA SUR \u00a0 \u00a0 \u00a0 \u00a0<\/td><td class=\"column-2\">VILLA SOLA DE VEGA<\/td><td class=\"column-3\">1285<\/td><td class=\"column-4\">6\/15\/2021<\/td><td class=\"column-5\">BARTOLA SANTOS PERALTA<\/td><td class=\"column-6\">COMISIONADA MUNICIPAL PROVISIONAL<\/td><td class=\"column-7\">DEL 11 DE JUNIO DE 2021 AL 09 DE AGOSTO DE 2021 O HASTA QUE EXISTA AUTORIDAD JUR\u00cdDICAMENTE V\u00c1LIDA<\/td>\n<\/tr>\n<tr class=\"row-76\">\n\t<td class=\"column-1\">SIERRA SUR \u00a0 \u00a0 \u00a0 \u00a0<\/td><td class=\"column-2\">VILLA SOLA DE VEGA<\/td><td class=\"column-3\">1286<\/td><td class=\"column-4\">6\/15\/2021<\/td><td class=\"column-5\">JACINTA RAMOS CRUZ<\/td><td class=\"column-6\">TESORERA DE LA COMISI\u00d3N MUNICIPAL PROVICIONAL<\/td><td class=\"column-7\">DEL 11 DE JUNIO DE 2021 AL 09 DE AGOSTO DE 2021 O HASTA QUE EXISTA AUTORIDAD JUR\u00cdDICAMENTE V\u00c1LIDA<\/td>\n<\/tr>\n<tr class=\"row-77\">\n\t<td class=\"column-1\">CA\u00d1ADA \u00a0 \u00a0 \u00a0 \u00a0 \u00a0 \u00a0<\/td><td class=\"column-2\">SANTA MAR\u00cdA TLALIXTAC<\/td><td class=\"column-3\">1287<\/td><td class=\"column-4\">6\/15\/2021<\/td><td class=\"column-5\">VICTOR HUGO TORRES P\u00c9REZ<\/td><td class=\"column-6\">COMISIONADO MUNICIPAL PROVISIONAL<\/td><td class=\"column-7\">DEL 10 DE JUNIO DE 2021 AL 08 DE AGOSTO DE 2021 O HASTA QUE EXISTA AUTORIDAD JUR\u00cdDICAMENTE V\u00c1LIDA<\/td>\n<\/tr>\n<tr class=\"row-78\">\n\t<td class=\"column-1\">CA\u00d1ADA \u00a0 \u00a0 \u00a0 \u00a0 \u00a0 \u00a0<\/td><td class=\"column-2\">SANTA MAR\u00cdA TLALIXTAC<\/td><td class=\"column-3\">1288<\/td><td class=\"column-4\">6\/15\/2021<\/td><td class=\"column-5\">JOSE LUIS D\u00cdAZ ORTIZ<\/td><td class=\"column-6\">TESORERO DE LA COMISI\u00d3N MUNICIPAL PROVICIONAL<\/td><td class=\"column-7\">DEL 10 DE JUNIO DE 2021 AL 08 DE AGOSTO DE 2021 O HASTA QUE EXISTA AUTORIDAD JUR\u00cdDICAMENTE V\u00c1LIDA<\/td>\n<\/tr>\n<tr class=\"row-79\">\n\t<td class=\"column-1\">CA\u00d1ADA \u00a0 \u00a0 \u00a0 \u00a0 \u00a0 \u00a0<\/td><td class=\"column-2\">SANTA MAR\u00cdA TLALIXTAC<\/td><td class=\"column-3\">1289<\/td><td class=\"column-4\">6\/15\/2021<\/td><td class=\"column-5\">YONI OSVALDO MART\u00cdNEZ  RODR\u00cdGUEZ<\/td><td class=\"column-6\">SECRETARIO DE LA COMISI\u00d3N MUNICIPAL PROVICIONAL<\/td><td class=\"column-7\">DEL 10 DE JUNIO DE 2021 AL 08 DE AGOSTO DE 2021 O HASTA QUE EXISTA AUTORIDAD JUR\u00cdDICAMENTE V\u00c1LIDA<\/td>\n<\/tr>\n<tr class=\"row-80\">\n\t<td class=\"column-1\">SIERRA SUR \u00a0 \u00a0 \u00a0 \u00a0<\/td><td class=\"column-2\">SAN SEBASTI\u00c1N R\u00cdO HONDO<\/td><td class=\"column-3\">1290<\/td><td class=\"column-4\">6\/16\/2021<\/td><td class=\"column-5\">ONOFRE VALERIANO PASCUAL  CRUZ<\/td><td class=\"column-6\">TESORERO MUNICIPAL<\/td><td class=\"column-7\">2020-2022<\/td>\n<\/tr>\n<tr class=\"row-81\">\n\t<td class=\"column-1\">ISTMO\u00a0 \u00a0 \u00a0 \u00a0 \u00a0 \u00a0 \u00a0<\/td><td class=\"column-2\">SAN DIONISIO DEL MAR<\/td><td class=\"column-3\">1641<\/td><td class=\"column-4\">6\/16\/2021<\/td><td class=\"column-5\">ARMANDO  P\u00c9REZ CORTEZ<\/td><td class=\"column-6\">AGENTE DE POLIC\u00cdA<\/td><td class=\"column-7\">DEL 20 DE ABRIL DE 2021 AL 31 DE DICIEMBRE DE 2021<\/td>\n<\/tr>\n<tr class=\"row-82\">\n\t<td class=\"column-1\">SIERRA SUR \u00a0 \u00a0 \u00a0 \u00a0<\/td><td class=\"column-2\">VILLA SOLA DE VEGA<\/td><td class=\"column-3\">1291<\/td><td class=\"column-4\">6\/16\/2021<\/td><td class=\"column-5\">ANA LAURA ROBLES D\u00cdAZ<\/td><td class=\"column-6\">SECRETARIA DE LA COMISI\u00d3N MUNICIPAL PROVISIONAL<\/td><td class=\"column-7\">DEL 11 DE JUNIO DE 2021 AL 09 DE AGOSTO DE 2021 O HASTA QUE EXISTA AUTORIDAD JUR\u00cdDICAMENTE V\u00c1LIDA<\/td>\n<\/tr>\n<tr class=\"row-83\">\n\t<td class=\"column-1\">ISTMO\u00a0 \u00a0 \u00a0 \u00a0 \u00a0 \u00a0 \u00a0<\/td><td class=\"column-2\">MAT\u00cdAS ROMERO AVENDA\u00d1O<\/td><td class=\"column-3\">1642<\/td><td class=\"column-4\">6\/17\/2021<\/td><td class=\"column-5\">REY HERN\u00c1NDEZ CASTILLO<\/td><td class=\"column-6\">AGENTE DE POLIC\u00cdA<\/td><td class=\"column-7\">DEL 8 DE JUNIO DE 2021 AL 31 DE DICIEMBRE DE 2021<\/td>\n<\/tr>\n<tr class=\"row-84\">\n\t<td class=\"column-1\">VALLES CENTRALES \u00a0<\/td><td class=\"column-2\">SAN ANTONIO DE LA CAL<\/td><td class=\"column-3\">1292<\/td><td class=\"column-4\">6\/17\/2021<\/td><td class=\"column-5\">TOMAS DAVID ANTONIO  MART\u00cdNEZ<\/td><td class=\"column-6\">COMISIONADO MUNICIPAL PROVISIONAL<\/td><td class=\"column-7\">DEL 14 DE JUNIO DE 2021 AL 12 DE AGOSTO DE 2021 O HASTA QUE EXISTA AUTORIDAD JUR\u00cdDICAMENTE V\u00c1LIDA<\/td>\n<\/tr>\n<tr class=\"row-85\">\n\t<td class=\"column-1\">VALLES CENTRALES \u00a0<\/td><td class=\"column-2\">SAN ANTONIO DE LA CAL<\/td><td class=\"column-3\">1293<\/td><td class=\"column-4\">6\/17\/2021<\/td><td class=\"column-5\">MART\u00cdN GERARDO REYES GUTIERREZ<\/td><td class=\"column-6\">TESORERO DE LA COMISI\u00d3N MUNICIPAL PROVICIONAL<\/td><td class=\"column-7\">DEL 14 DE JUNIO DE 2021 AL 12 DE AGOSTO DE 2021 O HASTA QUE EXISTA AUTORIDAD JUR\u00cdDICAMENTE V\u00c1LIDA<\/td>\n<\/tr>\n<tr class=\"row-86\">\n\t<td class=\"column-1\">VALLES CENTRALES \u00a0<\/td><td class=\"column-2\">SAN ANTONIO DE LA CAL<\/td><td class=\"column-3\">1294<\/td><td class=\"column-4\">6\/17\/2021<\/td><td class=\"column-5\">FILIBERTO MART\u00cdNEZ GARC\u00cdA<\/td><td class=\"column-6\">SECRETARIO DE LA COMISI\u00d3N MUNICIPAL PROVICIONAL<\/td><td class=\"column-7\">DEL 14 DE JUNIO DE 2021 AL 12 DE AGOSTO DE 2021 O HASTA QUE EXISTA AUTORIDAD JUR\u00cdDICAMENTE V\u00c1LIDA<\/td>\n<\/tr>\n<tr class=\"row-87\">\n\t<td class=\"column-1\">MIXTECA\u00a0 \u00a0 \u00a0 \u00a0 \u00a0 \u00a0<\/td><td class=\"column-2\">ASUNCI\u00d3N NOCHIXTL\u00c1N<\/td><td class=\"column-3\">1295<\/td><td class=\"column-4\">6\/21\/2021<\/td><td class=\"column-5\">ELIZABETH MEJ\u00cdA L\u00d3PEZ<\/td><td class=\"column-6\">ENCARGADA DEL DESPACHO DEL HONORABLE AYUNTAMIENTO CONSTITUCIONAL<\/td><td class=\"column-7\">DEL 17 DE  MAYO DE 2021 HASTA EL 13 DE SEPTIEMBRE DEL 2021<\/td>\n<\/tr>\n<tr class=\"row-88\">\n\t<td class=\"column-1\">MIXTECA\u00a0 \u00a0 \u00a0 \u00a0 \u00a0 \u00a0<\/td><td class=\"column-2\">SAN PEDRO TOPILTEPEC<\/td><td class=\"column-3\">1296<\/td><td class=\"column-4\">6\/21\/2021<\/td><td class=\"column-5\">YOLANDA  GARC\u00cdA  IBA\u00d1EZ<\/td><td class=\"column-6\">REGIDORA DE EDUCACI\u00d3N<\/td><td class=\"column-7\">DEL 4 DE JUNIO DEL 2021 AL 31 DE DICIEMBRE DEL 2022<\/td>\n<\/tr>\n<tr class=\"row-89\">\n\t<td class=\"column-1\">MIXTECA\u00a0 \u00a0 \u00a0 \u00a0 \u00a0 \u00a0<\/td><td class=\"column-2\">SAN PEDRO TOPILTEPEC<\/td><td class=\"column-3\">1297<\/td><td class=\"column-4\">6\/21\/2021<\/td><td class=\"column-5\">EDUARDO ISMAEL CRUZ BAUTISTA<\/td><td class=\"column-6\">TESORERO MUNICIPAL<\/td><td class=\"column-7\">DEL 01 DE JULIO DEL 2021 AL 31 DE DICIEMBRE DE 2022<\/td>\n<\/tr>\n<tr class=\"row-90\">\n\t<td class=\"column-1\">CA\u00d1ADA \u00a0 \u00a0 \u00a0 \u00a0 \u00a0 \u00a0<\/td><td class=\"column-2\">SANTOS REYES P\u00c1PALO<\/td><td class=\"column-3\">1298<\/td><td class=\"column-4\">6\/22\/2021<\/td><td class=\"column-5\">CONSTANTINO  MORELOS  PANTOJA<\/td><td class=\"column-6\">TESORERO MUNICIPAL<\/td><td class=\"column-7\">DEL 22 DE JUNIO DE 2021 AL 31 DE DICIEMBRE DE 2022<\/td>\n<\/tr>\n<tr class=\"row-91\">\n\t<td class=\"column-1\">CA\u00d1ADA \u00a0 \u00a0 \u00a0 \u00a0 \u00a0 \u00a0<\/td><td class=\"column-2\">CONCEPCI\u00d3N P\u00c1PALO<\/td><td class=\"column-3\">1299<\/td><td class=\"column-4\">6\/23\/2021<\/td><td class=\"column-5\">MAR\u00cdA ASUNCI\u00d3N CONTRERAS CASTILLO<\/td><td class=\"column-6\">PRESIDENTA MUNICIPAL<\/td><td class=\"column-7\">DEL 4 DE JUNIO DE 2021 AL 31 DE DICIEMBRE DE 2022<\/td>\n<\/tr>\n<tr class=\"row-92\">\n\t<td class=\"column-1\">CA\u00d1ADA \u00a0 \u00a0 \u00a0 \u00a0 \u00a0 \u00a0<\/td><td class=\"column-2\">CONCEPCI\u00d3N P\u00c1PALO<\/td><td class=\"column-3\">1304<\/td><td class=\"column-4\">6\/23\/2021<\/td><td class=\"column-5\">MONSERRAT CID CONTRERAS<\/td><td class=\"column-6\">TESORERA MUNICIPAL<\/td><td class=\"column-7\">DEL 4 DE JUNIO DE 2021 AL 31 DE DICIEMBRE DE 2022<\/td>\n<\/tr>\n<tr class=\"row-93\">\n\t<td class=\"column-1\">CA\u00d1ADA \u00a0 \u00a0 \u00a0 \u00a0 \u00a0 \u00a0<\/td><td class=\"column-2\">CONCEPCI\u00d3N P\u00c1PALO<\/td><td class=\"column-3\">1303<\/td><td class=\"column-4\">6\/23\/2021<\/td><td class=\"column-5\">JES\u00daS S\u00c1NCHEZ GOMES<\/td><td class=\"column-6\">SECRETARIO MUNICIPAL<\/td><td class=\"column-7\">DEL 4 DE JUNIO DE 2021 AL 31 DE DICIEMBRE DE 2022<\/td>\n<\/tr>\n<tr class=\"row-94\">\n\t<td class=\"column-1\">CA\u00d1ADA \u00a0 \u00a0 \u00a0 \u00a0 \u00a0 \u00a0<\/td><td class=\"column-2\">CONCEPCI\u00d3N P\u00c1PALO<\/td><td class=\"column-3\">1300<\/td><td class=\"column-4\">6\/23\/2021<\/td><td class=\"column-5\">JOS\u00c9 ANTONIO ORTIZ CASTRO<\/td><td class=\"column-6\">S\u00cdNDICO MUNICIPAL<\/td><td class=\"column-7\">DEL 4 DE JUNIO DE 2021 AL 31 DE DICIEMBRE DE 2022<\/td>\n<\/tr>\n<tr class=\"row-95\">\n\t<td class=\"column-1\">CA\u00d1ADA \u00a0 \u00a0 \u00a0 \u00a0 \u00a0 \u00a0<\/td><td class=\"column-2\">CONCEPCI\u00d3N P\u00c1PALO<\/td><td class=\"column-3\">1302<\/td><td class=\"column-4\">6\/23\/2021<\/td><td class=\"column-5\">OSCAR  MEJ\u00cdA  RAM\u00cdREZ<\/td><td class=\"column-6\">REGIDOR DE OBRAS<\/td><td class=\"column-7\">DEL 4 DE JUNIO DE 2021 AL 31 DE DICIEMBRE DE 2022<\/td>\n<\/tr>\n<tr class=\"row-96\">\n\t<td class=\"column-1\">CA\u00d1ADA \u00a0 \u00a0 \u00a0 \u00a0 \u00a0 \u00a0<\/td><td class=\"column-2\">CONCEPCI\u00d3N P\u00c1PALO<\/td><td class=\"column-3\">1301<\/td><td class=\"column-4\">6\/23\/2021<\/td><td class=\"column-5\">CATALINA AVENDA\u00d1O MART\u00cdNEZ<\/td><td class=\"column-6\">REGIDORA DE HACIENDA<\/td><td class=\"column-7\">DEL 4 DE JUNIO DE 2021 AL 31 DE DICIEMBRE DE 2022<\/td>\n<\/tr>\n<tr class=\"row-97\">\n\t<td class=\"column-1\">VALLES CENTRALES \u00a0<\/td><td class=\"column-2\">REYES ETLA<\/td><td class=\"column-3\">1305<\/td><td class=\"column-4\">6\/26\/2021<\/td><td class=\"column-5\">CLAUDIA CRUZ CASTELLANOS<\/td><td class=\"column-6\">SECRETARIA MUNICIPAL<\/td><td class=\"column-7\">DEL 22 DE JUNIO DE 2021 AL 31 DE DICIEMBRE DE 2021<\/td>\n<\/tr>\n<\/tbody>\n<\/table>\n<!-- #tablepress-27 from cache --><\/strong><\/p>\n","protected":false},"excerpt":{"rendered":"<p>Acreditaciones emitidas por la Direcci\u00f3n de Gobierno dependiente de la Secretar\u00eda General de Gobierno. informaci\u00f3n global por ajustes. &nbsp; \u00a0<\/p>\n","protected":false},"author":82,"featured_media":0,"parent":0,"menu_order":0,"comment_status":"closed","ping_status":"closed","template":"","meta":{"episode_type":"","audio_file":"","podmotor_file_id":"","podmotor_episode_id":"","cover_image":"","cover_image_id":"","duration":"","filesize":"","filesize_raw":"","date_recorded":"","explicit":"","block":"","itunes_episode_number":"","itunes_title":"","itunes_season_number":"","itunes_episode_type":"","footnotes":""},"categories":[1],"tags":[],"class_list":["post-10079","page","type-page","status-publish","hentry","category-sin-categoria"],"acf":[],"publishpress_future_action":{"enabled":false,"date":"2026-05-03 13:52:04","action":"change-status","newStatus":"draft","terms":[],"taxonomy":"category","extraData":[]},"publishpress_future_workflow_manual_trigger":{"enabledWorkflows":[]},"_links":{"self":[{"href":"https:\/\/www.oaxaca.gob.mx\/sego\/wp-json\/wp\/v2\/pages\/10079","targetHints":{"allow":["GET"]}}],"collection":[{"href":"https:\/\/www.oaxaca.gob.mx\/sego\/wp-json\/wp\/v2\/pages"}],"about":[{"href":"https:\/\/www.oaxaca.gob.mx\/sego\/wp-json\/wp\/v2\/types\/page"}],"author":[{"embeddable":true,"href":"https:\/\/www.oaxaca.gob.mx\/sego\/wp-json\/wp\/v2\/users\/82"}],"replies":[{"embeddable":true,"href":"https:\/\/www.oaxaca.gob.mx\/sego\/wp-json\/wp\/v2\/comments?post=10079"}],"version-history":[{"count":6,"href":"https:\/\/www.oaxaca.gob.mx\/sego\/wp-json\/wp\/v2\/pages\/10079\/revisions"}],"predecessor-version":[{"id":10320,"href":"https:\/\/www.oaxaca.gob.mx\/sego\/wp-json\/wp\/v2\/pages\/10079\/revisions\/10320"}],"wp:attachment":[{"href":"https:\/\/www.oaxaca.gob.mx\/sego\/wp-json\/wp\/v2\/media?parent=10079"}],"wp:term":[{"taxonomy":"category","embeddable":true,"href":"https:\/\/www.oaxaca.gob.mx\/sego\/wp-json\/wp\/v2\/categories?post=10079"},{"taxonomy":"post_tag","embeddable":true,"href":"https:\/\/www.oaxaca.gob.mx\/sego\/wp-json\/wp\/v2\/tags?post=10079"}],"curies":[{"name":"wp","href":"https:\/\/api.w.org\/{rel}","templated":true}]}}