{"id":6420,"date":"2023-09-01T12:13:18","date_gmt":"2023-09-01T18:13:18","guid":{"rendered":"https:\/\/www.oaxaca.gob.mx\/gabinete\/?page_id=6420"},"modified":"2023-09-01T12:39:11","modified_gmt":"2023-09-01T18:39:11","slug":"mision-vision-y-objetivos-3","status":"publish","type":"page","link":"https:\/\/www.oaxaca.gob.mx\/sed\/mision-vision-y-objetivos-3\/","title":{"rendered":"Misi\u00f3n, Visi\u00f3n y Objetivos"},"content":{"rendered":"<h1><strong>MISION:<\/strong><\/h1>\n<p>Proponer, analizar y evaluar que las Pol\u00edticas P\u00fablicas de la Administraci\u00f3n Publica Estatal, est\u00e9n alineadas con las acciones y proyectos estrat\u00e9gicos que enmarcan el Plan Estatal de Desarrollo (PED); generando las condiciones para la eficaz relaci\u00f3n del Gobierno con la Atenci\u00f3n Ciudadana y como Instancia de Vinculo Pol\u00edtico; presidiendo los Gabinetes Sectoriales y especializados que permitan conocer el Estado que guarda la Administraci\u00f3n Publica e informar y proponer al Ejecutivo del Estado las \u00e1reas de oportunidad para el desarrollo del Estado.<\/p>\n<p>&nbsp;<\/p>\n<h1><\/h1>\n<h1><strong>VISION:<\/strong><\/h1>\n<p>Ser el \u00e1rea estrat\u00e9gica inmediata de concentraci\u00f3n de informaci\u00f3n y evaluaci\u00f3n de la Administraci\u00f3n Publica Estatal, as\u00ed como el v\u00ednculo pol\u00edtico para efectos de que el Poder Ejecutivo del Estado est\u00e9 en condiciones de las mejores tomas de decisiones, fortaleciendo su imagen y relaci\u00f3n con la Ciudadan\u00eda para beneficio del Estado.<\/p>\n<p>&nbsp;<\/p>\n<p>&nbsp;<\/p>\n<h1><strong>OBJETIVOS:<\/strong><\/h1>\n<p>Evaluaci\u00f3n de las Pol\u00edticas P\u00fablicas de la Administraci\u00f3n P\u00fablica Estatal, y que las mismas est\u00e9n alineadas con las acciones y proyectos estrat\u00e9gicos que enmarcan el Plan Estatal de Desarrollo (PED).<\/p>\n<p>&nbsp;<\/p>\n<p>&nbsp;<\/p>\n<h1><strong>OBJETIVO ESTRAT\u00c9GICO:<\/strong><\/h1>\n<p>Derivado de la Evaluaci\u00f3n de las Pol\u00edticas P\u00fablicas, observar \u00e1reas de oportunidad para la mejora en la eficiencia de los programas, as\u00ed como de la coordinaci\u00f3n interinstitucional.<\/p>\n<p>&nbsp;<\/p>\n<p>&nbsp;<\/p>\n<h1><strong>PRODUCTOS INSTITUCIONALES:<\/strong><\/h1>\n<p>Seguimiento a los indicadores de cumplimiento de metas y objetivos de los programas del Plan Estatal de Desarrollo (PED).<\/p>\n<ul>\n<li>Coordinaci\u00f3n Interinstitucional a trav\u00e9s de los gabinetes especiales y sectoriales para la definici\u00f3n de acuerdos en temas de Pol\u00edticas Publicas.\n<ul>\n<li>Informe de Gobierno.<\/li>\n<\/ul>\n<\/li>\n<\/ul>\n<p>Programa Anual de Evaluaci\u00f3n<\/p>\n","protected":false},"excerpt":{"rendered":"<p>MISION: Proponer, analizar y evaluar que las Pol\u00edticas P\u00fablicas de la Administraci\u00f3n Publica Estatal, est\u00e9n alineadas con las acciones y proyectos estrat\u00e9gicos que enmarcan el Plan Estatal de Desarrollo (PED); generando las condiciones para la eficaz relaci\u00f3n del Gobierno con la Atenci\u00f3n Ciudadana y como Instancia de Vinculo Pol\u00edtico; presidiendo los Gabinetes Sectoriales y especializados [&hellip;]<\/p>\n","protected":false},"author":91,"featured_media":0,"parent":0,"menu_order":0,"comment_status":"closed","ping_status":"closed","template":"","meta":{"episode_type":"","audio_file":"","podmotor_file_id":"","podmotor_episode_id":"","cover_image":"","cover_image_id":"","duration":"","filesize":"","filesize_raw":"","date_recorded":"","explicit":"","block":"","itunes_episode_number":"","itunes_title":"","itunes_season_number":"","itunes_episode_type":"","footnotes":""},"categories":[],"tags":[],"class_list":["post-6420","page","type-page","status-publish","hentry"],"acf":[],"publishpress_future_action":{"enabled":false,"date":"2026-05-10 02:50:18","action":"change-status","newStatus":"draft","terms":[],"taxonomy":"category","extraData":[]},"publishpress_future_workflow_manual_trigger":{"enabledWorkflows":[]},"_links":{"self":[{"href":"https:\/\/www.oaxaca.gob.mx\/sed\/wp-json\/wp\/v2\/pages\/6420","targetHints":{"allow":["GET"]}}],"collection":[{"href":"https:\/\/www.oaxaca.gob.mx\/sed\/wp-json\/wp\/v2\/pages"}],"about":[{"href":"https:\/\/www.oaxaca.gob.mx\/sed\/wp-json\/wp\/v2\/types\/page"}],"author":[{"embeddable":true,"href":"https:\/\/www.oaxaca.gob.mx\/sed\/wp-json\/wp\/v2\/users\/91"}],"replies":[{"embeddable":true,"href":"https:\/\/www.oaxaca.gob.mx\/sed\/wp-json\/wp\/v2\/comments?post=6420"}],"version-history":[{"count":3,"href":"https:\/\/www.oaxaca.gob.mx\/sed\/wp-json\/wp\/v2\/pages\/6420\/revisions"}],"predecessor-version":[{"id":6442,"href":"https:\/\/www.oaxaca.gob.mx\/sed\/wp-json\/wp\/v2\/pages\/6420\/revisions\/6442"}],"wp:attachment":[{"href":"https:\/\/www.oaxaca.gob.mx\/sed\/wp-json\/wp\/v2\/media?parent=6420"}],"wp:term":[{"taxonomy":"category","embeddable":true,"href":"https:\/\/www.oaxaca.gob.mx\/sed\/wp-json\/wp\/v2\/categories?post=6420"},{"taxonomy":"post_tag","embeddable":true,"href":"https:\/\/www.oaxaca.gob.mx\/sed\/wp-json\/wp\/v2\/tags?post=6420"}],"curies":[{"name":"wp","href":"https:\/\/api.w.org\/{rel}","templated":true}]}}