{"id":414,"date":"2019-10-22T16:48:49","date_gmt":"2019-10-22T14:48:49","guid":{"rendered":"https:\/\/www.oaxaca.gob.mx\/jefatura\/?page_id=414"},"modified":"2026-03-04T10:31:40","modified_gmt":"2026-03-04T16:31:40","slug":"evaluacion-detalle","status":"publish","type":"page","link":"https:\/\/www.oaxaca.gob.mx\/sed\/evaluacion-detalle\/","title":{"rendered":"Evaluaci\u00f3n"},"content":{"rendered":"<ul class=\"nav nav-tabs\" id=\"myTab\" role=\"tablist\">\n<li class=\"nav-item\" role=\"presentation\">\n    <button class=\"nav-link active\" id=\"paer-tab\" data-bs-toggle=\"tab\" data-bs-target=\"#paer-tab-pane\" type=\"button\" role=\"tab\" aria-controls=\"paer-tab-pane\">Programa Anual de Evaluaci\u00f3n y Resultados<\/button>\n  <\/li>\n<li class=\"nav-item\" role=\"presentation\">\n    <button class=\"nav-link\" id=\"asm-tab\" data-bs-toggle=\"tab\" data-bs-target=\"#asm-tab-pane\" type=\"button\" role=\"tab\" aria-controls=\"asm-tab-pane\">Aspectos Susceptibles de Mejora (ASM)<\/button>\n  <\/li>\n<li class=\"nav-item\" role=\"presentation\">\n    <button class=\"nav-link\" id=\"sesam-tab\" data-bs-toggle=\"tab\" data-bs-target=\"#sesam-tab-pane\" type=\"button\" role=\"tab\" aria-controls=\"sesam-tab-pane\">Sistema Estatal de Seguimiento a los Aspectos Susceptibles de Mejora<\/button>\n  <\/li>\n<li class=\"nav-item\" role=\"presentation\">\n    <button class=\"nav-link\" id=\"ape-tab\" data-bs-toggle=\"tab\" data-bs-target=\"#ape-tab-pane\" type=\"button\" role=\"tab\" aria-controls=\"ape-tab-pane\">Agenda Plurianual de Evaluaci\u00f3n 2017-2023<\/button>\n  <\/li>\n<\/ul>\n<div class=\"tab-content\" id=\"myTabContent\">\n<div class=\"tab-pane fade show active\" id=\"paer-tab-pane\" role=\"tabpanel\" aria-labelledby=\"paer-tab\">\n<h4>PROP\u00d3SITOS:<\/h4>\n<ul class=\"listas-geo\">\n<li>Determinar el tipo de evaluaci\u00f3n que se aplicar\u00e1 a los programas presupuestarios, como parte de un proceso integral, gradual y \u00fatil para apoyar las decisiones en materia presupuestaria;<\/li>\n<li>Articular los resultados de las evaluaciones de los programas presupuestarios como elemento relevante del Presupuesto basado en Resultados y del Sistema de Evaluaci\u00f3n del Desempe\u00f1o, conforme a lo previsto en los art\u00edculos 2, fracci\u00f3n LV, 25, 79, 83 y 84 de la Ley Estatal de Presupuesto y Responsabilidad Hacendaria, as\u00ed como en los art\u00edculos 45 fracci\u00f3n IV y 50 fracciones III, IV y V de la Ley Org\u00e1nica del Poder Ejecutivo del Estado.<\/li>\n<\/ul>\n<h4>MARCO NORMATIVO<\/h4>\n\n<table id=\"tablepress-243\" class=\"tablepress tablepress-id-243\">\n<thead>\n<tr class=\"row-1\">\n\t<th class=\"column-1\">No.<\/th><th class=\"column-2\">Documento<\/th><th class=\"column-3\">Descarga<\/th>\n<\/tr>\n<\/thead>\n<tbody class=\"row-striping row-hover\">\n<tr class=\"row-2\">\n\t<td class=\"column-1\">1<br \/>\n<\/td><td class=\"column-2\">LINEAMIENTOS GENERALES PARA EL MONITOREO Y EVALUACI\u00d3N DE LOS PROGRAMAS<br \/>\nESTATALES DEL PODER EJECUTIVO DEL ESTADO DE OAXACA.<\/td><td class=\"column-3\"><a href=\"\/wp-content\/uploads\/sites\/77\/2026\/02\/Lineamientos_generales_para_el_monitoreo_y_evaluacion_2024.pdf\" target=\"_blank\" rel=\"noopener noreferrer\"><br \/>\n<i class=\"fa fa-download\"><\/i><br \/>\n<\/a><br \/>\n<\/td>\n<\/tr>\n<\/tbody>\n<\/table>\n<!-- #tablepress-243 from cache -->\n<ul class=\"nav nav-tabs\" id=\"myTab\" role=\"tablist\">\n<li class=\"nav-item\" role=\"presentation\">\n        <button class=\"nav-item nav-link active\" id=\"nav_tab_2025\" data-bs-toggle=\"tab\" data-bs-target=\"#collapse2025\" type=\"button\" role=\"tab\" data-toggle=\"tab\" aria-controls=\"collapse2025\">PAE 2025<\/button>\n      <\/li>\n<li class=\"nav-item\" role=\"presentation\">\n        <button class=\"nav-item nav-link\" id=\"nav_tab_2024\" data-bs-toggle=\"tab\" data-bs-target=\"#collapse2024\" type=\"button\" role=\"tab\" data-toggle=\"tab\" aria-controls=\"collapse2024\">PAE 2024<\/button>\n      <\/li>\n<li class=\"nav-item\" role=\"presentation\">\n        <button class=\"nav-item nav-link\" id=\"nav_tab_2023\" data-bs-toggle=\"tab\" data-bs-target=\"#collapse2023\" type=\"button\" role=\"tab\" data-toggle=\"tab\" aria-controls=\"collapse2023\">PAE 2023<\/button>\n      <\/li>\n<li class=\"nav-item\" role=\"presentation\">\n        <button class=\"nav-link\" id=\"nav_tab_2022\" data-bs-toggle=\"tab\" data-bs-target=\"#collapse2022\" type=\"button\" role=\"tab\" aria-controls=\"collapse2022\">PAE 2022<\/button>\n      <\/li>\n<li class=\"nav-item\" role=\"presentation\">\n        <button class=\"nav-link\" id=\"nav_tab_2021\" data-bs-toggle=\"tab\" data-bs-target=\"#collapse2021\" type=\"button\" role=\"tab\" aria-controls=\"collapse2021\">PAE 2021<\/button>\n      <\/li>\n<li class=\"nav-item\" role=\"presentation\">\n        <button class=\"nav-link\" id=\"nav_tab_unod\" data-bs-toggle=\"tab\" data-bs-target=\"#collapseUnod\" type=\"button\" role=\"tab\" aria-controls=\"collapseUnod\">PAE 2020<\/button>\n      <\/li>\n<li class=\"nav-item\" role=\"presentation\">\n        <button class=\"nav-link\" id=\"nav_tab_unoc\" data-bs-toggle=\"tab\" data-bs-target=\"#collapseUno\" type=\"button\" role=\"tab\" aria-controls=\"collapseUno\">PAE 2019<\/button>\n      <\/li>\n<li class=\"nav-item\" role=\"presentation\">\n        <button class=\"nav-link\" id=\"nav_tab_dosc\" data-bs-toggle=\"tab\" data-bs-target=\"#collapseDos\" type=\"button\" role=\"tab\" aria-controls=\"collapseDos\">PAE 2018<\/button>\n      <\/li>\n<li class=\"nav-item\" role=\"presentation\">\n        <button class=\"nav-link\" id=\"nav_tab_tresc\" data-bs-toggle=\"tab\" data-bs-target=\"#collapseTres\" type=\"button\" role=\"tab\" aria-controls=\"collapseTres\">PAE 2017<\/button>\n      <\/li>\n<li class=\"nav-item\" role=\"presentation\">\n        <button class=\"nav-link\" id=\"nav_tab_cuatroc\" data-bs-toggle=\"tab\" data-bs-target=\"#collapseCuatro\" type=\"button\" role=\"tab\" aria-controls=\"collapseCuatro\">PAE 2016<\/button>\n      <\/li>\n<li class=\"nav-item\" role=\"presentation\">\n        <button class=\"nav-link\" id=\"nav_tab_cincoc\" data-bs-toggle=\"tab\" data-bs-target=\"#collapseCinco\" type=\"button\" role=\"tab\" aria-controls=\"collapseCinco\">PAE 2015<\/button>\n      <\/li>\n<li class=\"nav-item\" role=\"presentation\">\n        <button class=\"nav-link\" id=\"nav_tab_seisc\" data-bs-toggle=\"tab\" data-bs-target=\"#collapseSeis\" type=\"button\" role=\"tab\" aria-controls=\"collapseSeis\">PAE 2014<\/button>\n      <\/li>\n<li class=\"nav-item\" role=\"presentation\">\n        <button class=\"nav-link\" id=\"nav_tab_sietec\" data-bs-toggle=\"tab\" data-bs-target=\"#collapseSiete\" type=\"button\" role=\"tab\" aria-controls=\"collapseSiete\">PAE 2013<\/button>\n      <\/li>\n<\/ul>\n<div class=\"tab-content\" id=\"ejercTabContent\">\n<div id=\"collapse2025\" class=\"tab-pane fade show active\" role=\"tabpanel\" aria-labelledby=\"nav_tab_2025\">\n<h4>PAE 2025<\/h4>\n\n<table id=\"tablepress-233\" class=\"tablepress tablepress-id-233\">\n<thead>\n<tr class=\"row-1\">\n\t<th class=\"column-1\">No.<\/th><th class=\"column-2\">Documento<\/th><th class=\"column-3\">Descarga<\/th>\n<\/tr>\n<\/thead>\n<tbody class=\"row-striping row-hover\">\n<tr class=\"row-2\">\n\t<td class=\"column-1\">1<br \/>\n<\/td><td class=\"column-2\">Programa Anual de Evaluaci\u00f3n 2025<\/td><td class=\"column-3\"><a href=\"\/wp-content\/uploads\/sites\/77\/2025\/04\/POE_PAE_2025.pdf\" target=\"_blank\" rel=\"noopener noreferrer\"><br \/>\n<i class=\"fa fa-download\"><\/i><br \/>\n<\/a><br \/>\n<\/td>\n<\/tr>\n<tr class=\"row-3\">\n\t<td class=\"column-1\">2<\/td><td class=\"column-2\">An\u00e1lisis de Evaluabilidad 2025<\/td><td class=\"column-3\"><a href=\"\/wp-content\/uploads\/sites\/77\/2026\/01\/Analisis-de-Evaluabilidad-2025.pdf\" target=\"_blank\" rel=\"noopener noreferrer\"><br \/>\n<i class=\"fa fa-download\"><\/i><br \/>\n<\/a><br \/>\n<\/td>\n<\/tr>\n<tr class=\"row-4\">\n\t<td class=\"column-1\">3<\/td><td class=\"column-2\">Criterios para la Evaluaci\u00f3n de Consistencia y Resultados: Tarjeta Joven<\/td><td class=\"column-3\"><a href=\"\/wp-content\/uploads\/sites\/77\/2026\/01\/Criterios-para-la-Evaluacion-de-Consistencia-y-Resultados-al-Programa-de-Atencion-a-las-Juventudes-_Tarjeta-Joven_.pdf\" target=\"_blank\" rel=\"noopener noreferrer\"><br \/>\n<i class=\"fa fa-download\"><\/i><br \/>\n<\/a><\/td>\n<\/tr>\n<tr class=\"row-5\">\n\t<td class=\"column-1\">4<\/td><td class=\"column-2\">Criterios para la Evaluaci\u00f3n de Procesos:  Comit\u00e9s de Contralor\u00eda<\/td><td class=\"column-3\"><a href=\"\/wp-content\/uploads\/sites\/77\/2026\/01\/Criterios-para-la-Evaluacion-de-Procesos-al-Programa-Acreditacion-Capacitacion-y-Seguimiento-a-los-Comites-de-Contraloria-Social.pdf\" target=\"_blank\" rel=\"noopener noreferrer\"><br \/>\n<i class=\"fa fa-download\"><\/i><br \/>\n<\/a><\/td>\n<\/tr>\n<tr class=\"row-6\">\n\t<td class=\"column-1\">5<\/td><td class=\"column-2\">T\u00e9rminos de Referencia: Evaluaci\u00f3n Espec\u00edfica de Desempe\u00f1o - Paz con Justicia y Bienestar<\/td><td class=\"column-3\"><a href=\"\/wp-content\/uploads\/sites\/77\/2026\/01\/TdR-de-la-Evaluacion-Especifica-de-Desempeno-al-Programa-Paz-con-Justicia-y-Bienestar-para-el-Pueblo-de-Oaxaca.pdf\" target=\"_blank\" rel=\"noopener noreferrer\"><br \/>\n<i class=\"fa fa-download\"><\/i><br \/>\n<\/a><\/td>\n<\/tr>\n<tr class=\"row-7\">\n\t<td class=\"column-1\">6<\/td><td class=\"column-2\">T\u00e9rminos de Referencia: Evaluaci\u00f3n Espec\u00edfica de Desempe\u00f1o - FAETA<\/td><td class=\"column-3\"><a href=\"\/wp-content\/uploads\/sites\/77\/2026\/01\/TdR-de-la-Evaluacion-Especifica-de-Desempeno-del-Fondo-de-Aportaciones-para-la-Educacion-Tecnologica-y-de-Adultos-EA.pdf\" target=\"_blank\" rel=\"noopener noreferrer\"><br \/>\n<i class=\"fa fa-download\"><\/i><br \/>\n<\/a><\/td>\n<\/tr>\n<tr class=\"row-8\">\n\t<td class=\"column-1\">7<br \/>\n<\/td><td class=\"column-2\">T\u00e9rminos de Referencia: Evaluaci\u00f3n del Desempe\u00f1o - FAM AS<\/td><td class=\"column-3\"><a href=\"\/wp-content\/uploads\/sites\/77\/2026\/01\/Terminos-de-Referencia-de-la-Evaluacion-del-Desempeno-del-Fondo-de-Aportaciones-Multiples-FAM-AS.pdf\" target=\"_blank\" rel=\"noopener noreferrer\"><br \/>\n<i class=\"fa fa-download\"><\/i><br \/>\n<\/a><\/td>\n<\/tr>\n<tr class=\"row-9\">\n\t<td class=\"column-1\">8<\/td><td class=\"column-2\">T\u00e9rminos de Referencia: Evaluaci\u00f3n Espec\u00edfica de Desempe\u00f1o - Pol\u00edtica de Igualdad de G\u00e9nero<\/td><td class=\"column-3\"><a href=\"\/wp-content\/uploads\/sites\/77\/2026\/01\/Terminos-de-Referencia-de-la-Evaluacion-Especifica-de-Desempeno-a-la-Politica-de-la-Igualdad-de-Genero-.pdf\" target=\"_blank\" rel=\"noopener noreferrer\"><br \/>\n<i class=\"fa fa-download\"><\/i><br \/>\n<\/a><\/td>\n<\/tr>\n<tr class=\"row-10\">\n\t<td class=\"column-1\">9<\/td><td class=\"column-2\">T\u00e9rminos de Referencia: Evaluaci\u00f3n Espec\u00edfica de Desempe\u00f1o - Autosuficiencia Alimentaria<\/td><td class=\"column-3\"><a href=\"\/wp-content\/uploads\/sites\/77\/2026\/01\/Terminos-de-Referencia-de-la-Evaluacion-Especifica-de-Desempeno-al-Programa-de-Autosuficiencia-Alimentaria-.pdf\" target=\"_blank\" rel=\"noopener noreferrer\"><br \/>\n<i class=\"fa fa-download\"><\/i><br \/>\n<\/a><\/td>\n<\/tr>\n<tr class=\"row-11\">\n\t<td class=\"column-1\">10<\/td><td class=\"column-2\">T\u00e9rminos de Referencia: Evaluaci\u00f3n Participativa - CityBus Oaxaca<\/td><td class=\"column-3\"><a href=\"\/wp-content\/uploads\/sites\/77\/2026\/01\/Terminos-de-Referencia-de-la-Evaluacion-Participativa-al-Sistema-de-Transporte-Colectivo-Metropolitano-CityBus-Oaxaca.pdf\" target=\"_blank\" rel=\"noopener noreferrer\"><br \/>\n<i class=\"fa fa-download\"><\/i><br \/>\n<\/a><\/td>\n<\/tr>\n<tr class=\"row-12\">\n\t<td class=\"column-1\">11<\/td><td class=\"column-2\">Notificaci\u00f3n de Modificaci\u00f3n del Cronograma de Ejecuci\u00f3n PAE 2025<\/td><td class=\"column-3\"><a href=\"\/wp-content\/uploads\/sites\/77\/2026\/01\/Notificacion-de-Modificacion.pdf\" target=\"_blank\" rel=\"noopener noreferrer\"><br \/>\n<i class=\"fa fa-download\"><\/i><br \/>\n<\/a><\/td>\n<\/tr>\n<\/tbody>\n<\/table>\n<!-- #tablepress-233 from cache -->\n<h4>Programas Evaluados 2025<\/h4>\n<h4>Evaluaciones Externas<\/h4>\n<h5>Evaluaci\u00f3n Espec\u00edfica de Desempe\u00f1o<\/h5>\n\n<table id=\"tablepress-235\" class=\"tablepress tablepress-id-235\">\n<thead>\n<tr class=\"row-1\">\n\t<th class=\"column-1\">No.<\/th><th class=\"column-2\">Programa<\/th><th class=\"column-3\">Informe de Resultados<\/th><th class=\"column-4\">Fichas de Difusi\u00f3n de Resultados (Formatos CONAC)<\/th>\n<\/tr>\n<\/thead>\n<tbody class=\"row-striping row-hover\">\n<tr class=\"row-2\">\n\t<td class=\"column-1\">1<\/td><td class=\"column-2\">Fondo de Aportaciones para la Educaci\u00f3n Tecnol\u00f3gica y de Adultos - Componente Educaci\u00f3n para Adultos (FAETA)<\/td><td class=\"column-3\"><a href=\"\/wp-content\/uploads\/sites\/77\/2026\/01\/Fondo-de-Aportaciones-para-la-Educacion-Tecnologica-y-de-Adultos-Componente-Educacion-para-Adultos-FAETA.pdf\" target=\"_blank\" rel=\"noopener noreferrer\"><br \/>\n<i class=\"fa fa-download\"><\/i><br \/>\n<\/a><\/td><td class=\"column-4\"><a href=\"\/wp-content\/uploads\/sites\/77\/2026\/01\/Ficha-CONAC-FAETA-EA.pdf\" target=\"_blank\" rel=\"noopener noreferrer\"><br \/>\n<i class=\"fa fa-download\"><\/i><br \/>\n<\/a><br \/>\n<\/td>\n<\/tr>\n<tr class=\"row-3\">\n\t<td class=\"column-1\">2<\/td><td class=\"column-2\">Fondo de Aportaciones M\u00faltiples - Componente Asistencia Social (FAM)<\/td><td class=\"column-3\"><a href=\"\/wp-content\/uploads\/sites\/77\/2026\/01\/Fondo-de-Aportaciones-Multiples-Componente-Asistencia-Social-FAM.pdf\" target=\"_blank\" rel=\"noopener noreferrer\"><br \/>\n<i class=\"fa fa-download\"><\/i><br \/>\n<\/a><\/td><td class=\"column-4\"><a href=\"\/wp-content\/uploads\/sites\/77\/2026\/01\/Ficha-CONAC-EED-al-FAM-AS.pdf\" target=\"_blank\" rel=\"noopener noreferrer\"><br \/>\n<i class=\"fa fa-download\"><\/i><br \/>\n<\/a><br \/>\n<\/td>\n<\/tr>\n<tr class=\"row-4\">\n\t<td class=\"column-1\">3<\/td><td class=\"column-2\">Programa de Autosuficiencia Alimentaria<\/td><td class=\"column-3\"><a href=\"\/wp-content\/uploads\/sites\/77\/2026\/01\/Programa-de-Autosuficiencia-Alimentaria.pdf\" target=\"_blank\" rel=\"noopener noreferrer\"><br \/>\n<i class=\"fa fa-download\"><\/i><br \/>\n<\/a><\/td><td class=\"column-4\"><a href=\"\/wp-content\/uploads\/sites\/77\/2026\/01\/Ficha-CONAC-de-la-Evaluacion-Especifica-de-Desempeno-al-Programa-de-Autosuficiencia-Alimentaria.pdf\" target=\"_blank\" rel=\"noopener noreferrer\"><br \/>\n<i class=\"fa fa-download\"><\/i><br \/>\n<\/a><br \/>\n<\/td>\n<\/tr>\n<tr class=\"row-5\">\n\t<td class=\"column-1\">4<\/td><td class=\"column-2\">Pol\u00edtica de la Igualdad de G\u00e9nero<\/td><td class=\"column-3\"><a href=\"\/wp-content\/uploads\/sites\/77\/2026\/01\/Politica-de-Igualdad-de-Genero.pdf\" target=\"_blank\" rel=\"noopener noreferrer\"><br \/>\n<i class=\"fa fa-download\"><\/i><br \/>\n<\/a><\/td><td class=\"column-4\"><a href=\"\/wp-content\/uploads\/sites\/77\/2026\/01\/Ficha-CONAC-de-la-Evaluacion-Especificad-de-Desempeno-a-la-Politica-de-Igualdad-de-Genero.pdf\" target=\"_blank\" rel=\"noopener noreferrer\"><br \/>\n<i class=\"fa fa-download\"><\/i><br \/>\n<\/a><br \/>\n<\/td>\n<\/tr>\n<tr class=\"row-6\">\n\t<td class=\"column-1\">5<\/td><td class=\"column-2\">Paz con Justicia y Bienestar para el Pueblo de Oaxaca<\/td><td class=\"column-3\"><a href=\"\/wp-content\/uploads\/sites\/77\/2026\/01\/Paz-con-Justicia-y-Bienestar-para-el-pueblo-de-Oaxaca.pdf\" target=\"_blank\" rel=\"noopener noreferrer\"><br \/>\n<i class=\"fa fa-download\"><\/i><br \/>\n<\/a><\/td><td class=\"column-4\"><a href=\"\/wp-content\/uploads\/sites\/77\/2026\/01\/Ficha-CONAC-Paz-con-Justicia-y-Bienestar-para-el-Pueblo-de-Oaxaca.pdf\" target=\"_blank\" rel=\"noopener noreferrer\"><br \/>\n<i class=\"fa fa-download\"><\/i><br \/>\n<\/a><br \/>\n<\/td>\n<\/tr>\n<\/tbody>\n<\/table>\n<!-- #tablepress-235 from cache -->\n<h5>Evaluaci\u00f3n Institucional y Evaluaci\u00f3n Integral<\/h5>\n\n<table id=\"tablepress-244\" class=\"tablepress tablepress-id-244\">\n<thead>\n<tr class=\"row-1\">\n\t<th class=\"column-1\">No.<\/th><th class=\"column-2\">Programa<\/th><th class=\"column-3\">Informe de Resultados<\/th><th class=\"column-4\">Fichas de Difusi\u00f3n de Resultados (Formatos CONAC)<\/th>\n<\/tr>\n<\/thead>\n<tbody class=\"row-striping row-hover\">\n<tr class=\"row-2\">\n\t<td class=\"column-1\">1<\/td><td class=\"column-2\">Fondo de Aportaciones para la Seguridad P\u00fablica (FASP)<\/td><td class=\"column-3\"><a href=\"\/wp-content\/uploads\/sites\/77\/2026\/03\/TI_FASP.pdf\" target=\"_blank\" rel=\"noopener noreferrer\"><br \/>\n<i class=\"fa fa-download\"><\/i><br \/>\n<\/a><\/td><td class=\"column-4\"><\/td>\n<\/tr>\n<\/tbody>\n<\/table>\n<!-- #tablepress-244 from cache -->\n<h5>Evaluaci\u00f3n Participativa<\/h5>\n\n<table id=\"tablepress-236\" class=\"tablepress tablepress-id-236\">\n<thead>\n<tr class=\"row-1\">\n\t<th class=\"column-1\">No.<\/th><th class=\"column-2\">Programa<\/th><th class=\"column-3\">Informe de Resultados<\/th><th class=\"column-4\">Fichas de Difusi\u00f3n de Resultados (Formatos CONAC)<\/th>\n<\/tr>\n<\/thead>\n<tbody class=\"row-striping row-hover\">\n<tr class=\"row-2\">\n\t<td class=\"column-1\">1<\/td><td class=\"column-2\">Sistema de Transporte Colectivo Metropolitano CityBus Oaxaca<\/td><td class=\"column-3\"><a href=\"\/wp-content\/uploads\/sites\/77\/2026\/01\/1-Sistema-de-Transporte-Colectivo-Metropolitano-CityBus-Oaxaca.pdf\" target=\"_blank\" rel=\"noopener noreferrer\"><br \/>\n<i class=\"fa fa-download\"><\/i><br \/>\n<\/a><\/td><td class=\"column-4\"><a href=\"\/wp-content\/uploads\/sites\/77\/2026\/02\/FICHA-CONAC-Ev-Participativa.pdf\" target=\"_blank\" rel=\"noopener noreferrer\"><br \/>\n<i class=\"fa fa-download\"><\/i><br \/>\n<\/a><br \/>\n<\/td>\n<\/tr>\n<\/tbody>\n<\/table>\n<!-- #tablepress-236 from cache -->\n<h4>Evaluaciones Internas<\/h4>\n<h5>Evaluaci\u00f3n de Consistencia y Resultados<\/h5>\n\n<table id=\"tablepress-237\" class=\"tablepress tablepress-id-237\">\n<thead>\n<tr class=\"row-1\">\n\t<th class=\"column-1\">No.<\/th><th class=\"column-2\">Programa<\/th><th class=\"column-3\">Informe de Resultados<\/th><th class=\"column-4\">Fichas de Difusi\u00f3n de Resultados (Formatos CONAC)<\/th>\n<\/tr>\n<\/thead>\n<tbody class=\"row-striping row-hover\">\n<tr class=\"row-2\">\n\t<td class=\"column-1\">1<\/td><td class=\"column-2\">Programa de Atenci\u00f3n a las Juventudes \"Tarjeta Joven\"<\/td><td class=\"column-3\"><a href=\"\/wp-content\/uploads\/sites\/77\/2026\/01\/Programa-de-Atencion-a-las-Juventudes-_Tarjeta-Joven_.pdf\" target=\"_blank\" rel=\"noopener noreferrer\"><br \/>\n<i class=\"fa fa-download\"><\/i><br \/>\n<\/a><\/td><td class=\"column-4\"><\/td>\n<\/tr>\n<\/tbody>\n<\/table>\n<!-- #tablepress-237 from cache -->\n<h5>Evaluaci\u00f3n de Procesos<\/h5>\n\n<table id=\"tablepress-238\" class=\"tablepress tablepress-id-238\">\n<thead>\n<tr class=\"row-1\">\n\t<th class=\"column-1\">No.<\/th><th class=\"column-2\">Programa<\/th><th class=\"column-3\">Informe de Resultados<\/th><th class=\"column-4\">Fichas de Difusi\u00f3n de Resultados (Formatos CONAC)<\/th>\n<\/tr>\n<\/thead>\n<tbody class=\"row-striping row-hover\">\n<tr class=\"row-2\">\n\t<td class=\"column-1\">1<\/td><td class=\"column-2\">Acreditaci\u00f3n, Capacitaci\u00f3n y Seguimiento a los Comit\u00e9s de Contralor\u00eda Social<\/td><td class=\"column-3\"><a href=\"\/wp-content\/uploads\/sites\/77\/2026\/01\/Acreditacion-Capacitacion-y-Seguimiento-a-los-Comites-de-Contraloria-Social.pdf\" target=\"_blank\" rel=\"noopener noreferrer\"><br \/>\n<i class=\"fa fa-download\"><\/i><br \/>\n<\/a><\/td><td class=\"column-4\"><\/td>\n<\/tr>\n<\/tbody>\n<\/table>\n<!-- #tablepress-238 from cache --><\/div>\n<div id=\"collapse2024\" class=\"tab-pane fade \" role=\"tabpanel\" aria-labelledby=\"nav_tab_2024\">\n<h4>PAE 2024<\/h4>\n\n<table id=\"tablepress-230\" class=\"tablepress tablepress-id-230\">\n<thead>\n<tr class=\"row-1\">\n\t<th class=\"column-1\">No.<\/th><th class=\"column-2\">Documento<\/th><th class=\"column-3\">Descarga<\/th>\n<\/tr>\n<\/thead>\n<tbody class=\"row-striping row-hover\">\n<tr class=\"row-2\">\n\t<td class=\"column-1\">1<br \/>\n<\/td><td class=\"column-2\">An\u00e1lisis de Evaluabilidad 2024<\/td><td class=\"column-3\"><a href=\"\/wp-content\/uploads\/sites\/77\/2024\/12\/A-Evaluabilidad.pdf\" target=\"_blank\" rel=\"noopener noreferrer\"><br \/>\n<i class=\"fa fa-download\"><\/i><br \/>\n<\/a><br \/>\n<\/td>\n<\/tr>\n<tr class=\"row-3\">\n\t<td class=\"column-1\">2<\/td><td class=\"column-2\">Programa Anual de Evaluaci\u00f3n 2024<\/td><td class=\"column-3\"><a href=\"\/wp-content\/uploads\/sites\/77\/2024\/12\/PAE-2024.pdf\" target=\"_blank\" rel=\"noopener noreferrer\"><br \/>\n<i class=\"fa fa-download\"><\/i><br \/>\n<\/a><\/td>\n<\/tr>\n<tr class=\"row-4\">\n\t<td class=\"column-1\">3<\/td><td class=\"column-2\">T\u00e9rminos de Referencia, Evaluaci\u00f3n de Dise\u00f1o 2024<\/td><td class=\"column-3\"><a href=\"\/wp-content\/uploads\/sites\/77\/2024\/12\/TdRD.pdf\" target=\"_blank\" rel=\"noopener noreferrer\"><br \/>\n<i class=\"fa fa-download\"><\/i><br \/>\n<\/a><\/td>\n<\/tr>\n<tr class=\"row-5\">\n\t<td class=\"column-1\">4<\/td><td class=\"column-2\">Criterios para la Evaluaci\u00f3n Espec\u00edfica de Dise\u00f1o 2024<\/td><td class=\"column-3\"><a href=\"\/wp-content\/uploads\/sites\/77\/2024\/12\/TdRED.pdf\" target=\"_blank\" rel=\"noopener noreferrer\"><br \/>\n<i class=\"fa fa-download\"><\/i><br \/>\n<\/a><\/td>\n<\/tr>\n<tr class=\"row-6\">\n\t<td class=\"column-1\">5<\/td><td class=\"column-2\">Criterios para la Evaluaci\u00f3n Espec\u00edfica de Desempe\u00f1o 2024<\/td><td class=\"column-3\"><a href=\"\/wp-content\/uploads\/sites\/77\/2025\/01\/TdREDesempeno.pdf\" target=\"_blank\" rel=\"noopener noreferrer\"><br \/>\n<i class=\"fa fa-download\"><\/i><br \/>\n<\/a><\/td>\n<\/tr>\n<tr class=\"row-7\">\n\t<td class=\"column-1\">6<\/td><td class=\"column-2\">Criterios para la Evaluaci\u00f3n Espec\u00edfica, Congruencia y Pertinencia Program\u00e1tica 2024<\/td><td class=\"column-3\"><a href=\"\/wp-content\/uploads\/sites\/77\/2024\/12\/TdREPC.pdf\" target=\"_blank\" rel=\"noopener noreferrer\"><br \/>\n<i class=\"fa fa-download\"><\/i><br \/>\n<\/a><\/td>\n<\/tr>\n<\/tbody>\n<\/table>\n<!-- #tablepress-230 from cache -->\n<h4>Programas Evaluados 2024<\/h4>\n<h4>Evaluaciones Externas<\/h4>\n\n<table id=\"tablepress-231\" class=\"tablepress tablepress-id-231\">\n<thead>\n<tr class=\"row-1\">\n\t<th class=\"column-1\">No.<\/th><th class=\"column-2\">Programa<\/th><th class=\"column-3\">Informe de Resultados<\/th><th class=\"column-4\">Fichas de Difusi\u00f3n de Resultados (Formatos CONAC)<\/th>\n<\/tr>\n<\/thead>\n<tbody class=\"row-striping row-hover\">\n<tr class=\"row-2\">\n\t<td class=\"column-1\">1<\/td><td class=\"column-2\">Evaluaci\u00f3n de Dise\u00f1o al programa \"Protecci\u00f3n, promoci\u00f3n y fomento de la diversidad cultural\".<\/td><td class=\"column-3\"><a href=\"\/wp-content\/uploads\/sites\/77\/2024\/12\/101.ED_.pdf\" target=\"_blank\" rel=\"noopener noreferrer\"><br \/>\n<i class=\"fa fa-download\"><\/i><br \/>\n<\/a><\/td><td class=\"column-4\"><a href=\"\/wp-content\/uploads\/sites\/77\/2024\/12\/pp_101_2024.pdf\" target=\"_blank\" rel=\"noopener noreferrer\"><br \/>\n<i class=\"fa fa-download\"><\/i><br \/>\n<\/a><br \/>\n<\/td>\n<\/tr>\n<tr class=\"row-3\">\n\t<td class=\"column-1\">2<\/td><td class=\"column-2\">Evaluaci\u00f3n de Dise\u00f1o al programa \"Desarrollo, Profesionalizaci\u00f3n y certificaci\u00f3n de seguridad y protecci\u00f3n ciudadana\".<\/td><td class=\"column-3\"><a href=\"\/wp-content\/uploads\/sites\/77\/2024\/12\/106.ED_.pdf\" target=\"_blank\" rel=\"noopener noreferrer\"><br \/>\n<i class=\"fa fa-download\"><\/i><br \/>\n<\/a><\/td><td class=\"column-4\"><a href=\"\/wp-content\/uploads\/sites\/77\/2024\/12\/pp_106_2024.pdf\" target=\"_blank\" rel=\"noopener noreferrer\"><br \/>\n<i class=\"fa fa-download\"><\/i><br \/>\n<\/a><br \/>\n<\/td>\n<\/tr>\n<tr class=\"row-4\">\n\t<td class=\"column-1\">3<\/td><td class=\"column-2\">Evaluaci\u00f3n de Dise\u00f1o al programa \"Planeaci\u00f3n Tur\u00edstica y desarrollo sustentable e incluyente\".<\/td><td class=\"column-3\"><a href=\"\/wp-content\/uploads\/sites\/77\/2024\/12\/128.ED_.pdf\" target=\"_blank\" rel=\"noopener noreferrer\"><br \/>\n<i class=\"fa fa-download\"><\/i><br \/>\n<\/a><\/td><td class=\"column-4\"><a href=\"\/wp-content\/uploads\/sites\/77\/2024\/12\/pp_128_2024.pdf\" target=\"_blank\" rel=\"noopener noreferrer\"><br \/>\n<i class=\"fa fa-download\"><\/i><br \/>\n<\/a><br \/>\n<\/td>\n<\/tr>\n<tr class=\"row-5\">\n\t<td class=\"column-1\">4<\/td><td class=\"column-2\">Evaluaci\u00f3n de Dise\u00f1o al programa \"Infraestructura vial en el Estado de Oaxaca\".<\/td><td class=\"column-3\"><a href=\"\/wp-content\/uploads\/sites\/77\/2024\/12\/137.-ED.pdf\" target=\"_blank\" rel=\"noopener noreferrer\"><br \/>\n<i class=\"fa fa-download\"><\/i><br \/>\n<\/a><\/td><td class=\"column-4\"><a href=\"\/wp-content\/uploads\/sites\/77\/2024\/12\/pp_137_2024.pdf\" target=\"_blank\" rel=\"noopener noreferrer\"><br \/>\n<i class=\"fa fa-download\"><\/i><br \/>\n<\/a><br \/>\n<\/td>\n<\/tr>\n<tr class=\"row-6\">\n\t<td class=\"column-1\">5<\/td><td class=\"column-2\">Evaluaci\u00f3n de Dise\u00f1o al programa \"Desarrollo Agr\u00edcola\".<\/td><td class=\"column-3\"><a href=\"\/wp-content\/uploads\/sites\/77\/2024\/12\/139.-ED.pdf\" target=\"_blank\" rel=\"noopener noreferrer\"><br \/>\n<i class=\"fa fa-download\"><\/i><br \/>\n<\/a><\/td><td class=\"column-4\"><a href=\"\/wp-content\/uploads\/sites\/77\/2024\/12\/pp_139_2024.pdf\" target=\"_blank\" rel=\"noopener noreferrer\"><br \/>\n<i class=\"fa fa-download\"><\/i><br \/>\n<\/a><br \/>\n<\/td>\n<\/tr>\n<tr class=\"row-7\">\n\t<td class=\"column-1\">6<\/td><td class=\"column-2\">Evaluaci\u00f3n de Dise\u00f1o al programa \"Promoci\u00f3n de la igualdad sustantiva, prevenci\u00f3n de la violencia de g\u00e9nero y atenci\u00f3n a la declaratoria de alerta de violencia de g\u00e9nero\".<\/td><td class=\"column-3\"><a href=\"\/wp-content\/uploads\/sites\/77\/2024\/12\/152.ED_.pdf\" target=\"_blank\" rel=\"noopener noreferrer\"><br \/>\n<i class=\"fa fa-download\"><\/i><br \/>\n<\/a><\/td><td class=\"column-4\"><a href=\"\/wp-content\/uploads\/sites\/77\/2024\/12\/pp_152_2024.pdf\" target=\"_blank\" rel=\"noopener noreferrer\"><br \/>\n<i class=\"fa fa-download\"><\/i><br \/>\n<\/a><br \/>\n<\/td>\n<\/tr>\n<tr class=\"row-8\">\n\t<td class=\"column-1\">7<\/td><td class=\"column-2\">Evaluaci\u00f3n de Dise\u00f1o al programa \"Fortalecimiento de la Educaci\u00f3n Media Superior en Oaxaca\".<\/td><td class=\"column-3\"><a href=\"\/wp-content\/uploads\/sites\/77\/2024\/12\/154.ED_.pdf\" target=\"_blank\" rel=\"noopener noreferrer\"><br \/>\n<i class=\"fa fa-download\"><\/i><br \/>\n<\/a><\/td><td class=\"column-4\"><a href=\"\/wp-content\/uploads\/sites\/77\/2024\/12\/pp_154_2024.pdf\" target=\"_blank\" rel=\"noopener noreferrer\"><br \/>\n<i class=\"fa fa-download\"><\/i><br \/>\n<\/a><br \/>\n<\/td>\n<\/tr>\n<tr class=\"row-9\">\n\t<td class=\"column-1\">8<\/td><td class=\"column-2\">Evaluaci\u00f3n de Dise\u00f1o al programa \"Prevenci\u00f3n de la enfermedad y promoci\u00f3n de la salud\".<\/td><td class=\"column-3\"><a href=\"\/wp-content\/uploads\/sites\/77\/2024\/12\/170.ED_.pdf\" target=\"_blank\" rel=\"noopener noreferrer\"><br \/>\n<i class=\"fa fa-download\"><\/i><br \/>\n<\/a><\/td><td class=\"column-4\"><a href=\"\/wp-content\/uploads\/sites\/77\/2024\/12\/pp_170_2024.pdf\" target=\"_blank\" rel=\"noopener noreferrer\"><br \/>\n<i class=\"fa fa-download\"><\/i><br \/>\n<\/a><br \/>\n<\/td>\n<\/tr>\n<tr class=\"row-10\">\n\t<td class=\"column-1\">9<\/td><td class=\"column-2\">Evaluaci\u00f3n de Dise\u00f1o al programa \"Atenci\u00f3n a jefas de familia, Tarjeta Margarita Maza\".<\/td><td class=\"column-3\"><a href=\"\/wp-content\/uploads\/sites\/77\/2024\/12\/EDP_Margarita.pdf\" target=\"_blank\" rel=\"noopener noreferrer\"><br \/>\n<i class=\"fa fa-download\"><\/i><br \/>\n<\/a><\/td><td class=\"column-4\"><a href=\"\/wp-content\/uploads\/sites\/77\/2025\/01\/T_Margarita_M.pdf\" target=\"_blank\" rel=\"noopener noreferrer\"><br \/>\n<i class=\"fa fa-download\"><\/i><br \/>\n<\/a><\/td>\n<\/tr>\n<\/tbody>\n<\/table>\n<!-- #tablepress-231 from cache -->\n<h4>Evaluaciones Internas<\/h4>\n\n<table id=\"tablepress-232\" class=\"tablepress tablepress-id-232\">\n<thead>\n<tr class=\"row-1\">\n\t<th class=\"column-1\">No.<\/th><th class=\"column-2\">Programa<\/th><th class=\"column-3\">Informe de Resultados<\/th>\n<\/tr>\n<\/thead>\n<tbody class=\"row-striping row-hover\">\n<tr class=\"row-2\">\n\t<td class=\"column-1\">1<\/td><td class=\"column-2\">Evaluaci\u00f3n espec\u00edfica de pertinencia y congruencia program\u00e1tica al programa \"Impulso a la generaci\u00f3n de empleos dignos y formales\".<\/td><td class=\"column-3\"><a href=\"\/wp-content\/uploads\/sites\/77\/2024\/12\/pp_112_2024.pdf\" target=\"_blank\" rel=\"noopener noreferrer\"><br \/>\n<i class=\"fa fa-download\"><\/i><br \/>\n<\/a><\/td>\n<\/tr>\n<tr class=\"row-3\">\n\t<td class=\"column-1\">2<\/td><td class=\"column-2\">Evaluaci\u00f3n espec\u00edfica de pertinencia y congruencia program\u00e1tica a los programas <br \/>\n\"Impulso al desarrollo econ\u00f3mico (2024)\"<br \/>\n\"Fomento al empleo (2025)\"<br \/>\n\"Fortalecimiento del mercado interno (2025)\"<br \/>\n\"Productividad y transferencia de conocimiento (2025)\"<br \/>\n\"Atracci\u00f3n de Inversi\u00f3n y Apertura Inernacional (2025)\".<\/td><td class=\"column-3\"><a href=\"\/wp-content\/uploads\/sites\/77\/2024\/12\/pp_121_2024.pdf\" target=\"_blank\" rel=\"noopener noreferrer\"><br \/>\n<i class=\"fa fa-download\"><\/i><br \/>\n<\/a><\/td>\n<\/tr>\n<tr class=\"row-4\">\n\t<td class=\"column-1\">3<\/td><td class=\"column-2\">Evaluaci\u00f3n espec\u00edfica de desempe\u00f1o al programa \"Fortalecimiento a la vivienda\".<\/td><td class=\"column-3\"><a href=\"\/wp-content\/uploads\/sites\/77\/2025\/01\/pp_129_2024.pdf\" target=\"_blank\" rel=\"noopener noreferrer\"><br \/>\n<i class=\"fa fa-download\"><\/i><br \/>\n<\/a><\/td>\n<\/tr>\n<tr class=\"row-5\">\n\t<td class=\"column-1\">4<\/td><td class=\"column-2\">Evaluaci\u00f3n espec\u00edfica de dise\u00f1o al programa \"Mi primer empleo, experiencia que transforma\".<\/td><td class=\"column-3\"><a href=\"\/wp-content\/uploads\/sites\/77\/2024\/12\/mi_primer_empleo_2024.pdf\" target=\"_blank\" rel=\"noopener noreferrer\"><br \/>\n<i class=\"fa fa-download\"><\/i><br \/>\n<\/a><\/td>\n<\/tr>\n<tr class=\"row-6\">\n\t<td class=\"column-1\">5<\/td><td class=\"column-2\">Evaluaci\u00f3n espec\u00edfica de dise\u00f1o al programa \"Promoci\u00f3n y preservaci\u00f3n de la identidad musical de los pueblos y comunidades ind\u00edgenas y afromexicanas, Expresiones de mi comunidad\"<\/td><td class=\"column-3\"><a href=\"\/wp-content\/uploads\/sites\/77\/2024\/12\/expresiones_comunidad_2024.pdf\" target=\"_blank\" rel=\"noopener noreferrer\"><br \/>\n<i class=\"fa fa-download\"><\/i><br \/>\n<\/a><\/td>\n<\/tr>\n<\/tbody>\n<\/table>\n<!-- #tablepress-232 from cache --><\/div>\n<div id=\"collapse2023\" class=\"tab-pane fade \" role=\"tabpanel\" aria-labelledby=\"nav_tab_2023\">\n<h4>PAE 2023<\/h4>\n\n<table id=\"tablepress-220\" class=\"tablepress tablepress-id-220\">\n<thead>\n<tr class=\"row-1\">\n\t<th class=\"column-1\">No.<\/th><th class=\"column-2\">Documento<\/th><th class=\"column-3\">Descarga<\/th>\n<\/tr>\n<\/thead>\n<tbody class=\"row-striping row-hover\">\n<tr class=\"row-2\">\n\t<td class=\"column-1\">1<br \/>\n<\/td><td class=\"column-2\">An\u00e1lisis de Evaluabilidad 2023<\/td><td class=\"column-3\"><a href=\"\/wp-content\/uploads\/sites\/77\/2023\/05\/AEvaluabilidad_2023.pdf\" target=\"_blank\" rel=\"noopener noreferrer\"><br \/>\n<i class=\"fa fa-download\"><\/i><br \/>\n<\/a><\/td>\n<\/tr>\n<tr class=\"row-3\">\n\t<td class=\"column-1\">2<\/td><td class=\"column-2\">Programa Anual de Evaluaci\u00f3n 2023<\/td><td class=\"column-3\"><a href=\"\/wp-content\/uploads\/sites\/77\/2023\/05\/PAE_2023.pdf\" target=\"_blank\" rel=\"noopener noreferrer\"><br \/>\n<i class=\"fa fa-download\"><\/i><br \/>\n<\/a><\/td>\n<\/tr>\n<tr class=\"row-4\">\n\t<td class=\"column-1\">3<\/td><td class=\"column-2\">Modificaci\u00f3n PAE 2023 <\/td><td class=\"column-3\"><a href=\"\/wp-content\/uploads\/sites\/77\/2024\/01\/Modificacion-PAE-2023.pdf\" target=\"_blank\" rel=\"noopener noreferrer\"><br \/>\n<i class=\"fa fa-download\"><\/i><br \/>\n<\/a><\/td>\n<\/tr>\n<tr class=\"row-5\">\n\t<td class=\"column-1\">4<\/td><td class=\"column-2\">Terminos de Referencia 2023 (TdR)<\/td><td class=\"column-3\"><a href=\"\/wp-content\/uploads\/sites\/77\/2024\/01\/TdR-2023.pdf\" target=\"_blank\" rel=\"noopener noreferrer\"><br \/>\n<i class=\"fa fa-download\"><\/i><br \/>\n<\/a><\/td>\n<\/tr>\n<\/tbody>\n<\/table>\n<!-- #tablepress-220 from cache -->\n<h4>Programas Evaluados 2023<\/h4>\n\n<table id=\"tablepress-229\" class=\"tablepress tablepress-id-229\">\n<thead>\n<tr class=\"row-1\">\n\t<th class=\"column-1\">No.<\/th><th class=\"column-2\">Programa<\/th><th class=\"column-3\">Informe de Resultados<\/th><th class=\"column-4\">Fichas de Difusi\u00f3n de Resultados (Formatos CONAC)<\/th>\n<\/tr>\n<\/thead>\n<tbody class=\"row-striping row-hover\">\n<tr class=\"row-2\">\n\t<td class=\"column-1\">1<\/td><td class=\"column-2\">Evaluaci\u00f3n de Consistencia y Resultados del Pp Promoci\u00f3n Tur\u00edstica<\/td><td class=\"column-3\"><a href=\"\/wp-content\/uploads\/sites\/77\/2024\/01\/Informe-de-Evaluacion-103.pdf\" target=\"_blank\" rel=\"noopener noreferrer\"><br \/>\n<i class=\"fa fa-download\"><\/i><br \/>\n<\/a><\/td><td class=\"column-4\"><a href=\"\/wp-content\/uploads\/sites\/77\/2024\/01\/Ficha-CONAC-103.pdf\" target=\"_blank\" rel=\"noopener noreferrer\"><br \/>\n<i class=\"fa fa-download\"><\/i><br \/>\n<\/a><br \/>\n<\/td>\n<\/tr>\n<tr class=\"row-3\">\n\t<td class=\"column-1\">2<\/td><td class=\"column-2\">Evaluaci\u00f3n de Consistencia y Resultados del Pp Prevenci\u00f3n, Seguridad y Protecci\u00f3n P\u00fablica <\/td><td class=\"column-3\"><a href=\"\/wp-content\/uploads\/sites\/77\/2024\/01\/Informe-de-Evaluacion-120.pdf\" target=\"_blank\" rel=\"noopener noreferrer\"><br \/>\n<i class=\"fa fa-download\"><\/i><br \/>\n<\/a><\/td><td class=\"column-4\"><a href=\"\/wp-content\/uploads\/sites\/77\/2024\/01\/Ficha-CONAC-120.pdf\" target=\"_blank\" rel=\"noopener noreferrer\"><br \/>\n<i class=\"fa fa-download\"><\/i><br \/>\n<\/a><\/td>\n<\/tr>\n<tr class=\"row-4\">\n\t<td class=\"column-1\">3<\/td><td class=\"column-2\">Evaluaci\u00f3n de Consistencia y Resultados del Pp Ampliaci\u00f3n y Mejoramiento de los Servicios de Agua Potable, Drenaje y Saneamiento<\/td><td class=\"column-3\"><a href=\"\/wp-content\/uploads\/sites\/77\/2024\/01\/Informe-de-Evaluacion-146.pdf\" target=\"_blank\" rel=\"noopener noreferrer\"><br \/>\n<i class=\"fa fa-download\"><\/i><br \/>\n<\/a><\/td><td class=\"column-4\"><a href=\"\/wp-content\/uploads\/sites\/77\/2024\/01\/Ficha-CONAC-146.pdf\" target=\"_blank\" rel=\"noopener noreferrer\"><br \/>\n<i class=\"fa fa-download\"><\/i><br \/>\n<\/a><\/td>\n<\/tr>\n<tr class=\"row-5\">\n\t<td class=\"column-1\">4<\/td><td class=\"column-2\">Evaluaci\u00f3n de Consistencia y Resultados del Pp Atenci\u00f3n M\u00e9dica<\/td><td class=\"column-3\"><a href=\"\/wp-content\/uploads\/sites\/77\/2024\/01\/Informe-de-Evaluacion-159.pdf\" target=\"_blank\" rel=\"noopener noreferrer\"><br \/>\n<i class=\"fa fa-download\"><\/i><br \/>\n<\/a><\/td><td class=\"column-4\"><a href=\"\/wp-content\/uploads\/sites\/77\/2024\/01\/Ficha-CONAC-159.pdf\" target=\"_blank\" rel=\"noopener noreferrer\"><br \/>\n<i class=\"fa fa-download\"><\/i><br \/>\n<\/a><\/td>\n<\/tr>\n<tr class=\"row-6\">\n\t<td class=\"column-1\"><\/td><td class=\"column-2\"><\/td><td class=\"column-3\"><\/td><td class=\"column-4\"><\/td>\n<\/tr>\n<tr class=\"row-7\">\n\t<td class=\"column-1\"><\/td><td class=\"column-2\"><\/td><td class=\"column-3\"><\/td><td class=\"column-4\"><\/td>\n<\/tr>\n<\/tbody>\n<\/table>\n<!-- #tablepress-229 from cache --><\/div>\n<div id=\"collapse2022\" class=\"tab-pane fade\" role=\"tabpanel\" aria-labelledby=\"nav_tab_2022\">\n<h4>PAE 2022<\/h4>\n\n<table id=\"tablepress-208\" class=\"tablepress tablepress-id-208\">\n<thead>\n<tr class=\"row-1\">\n\t<th class=\"column-1\">No.<\/th><th class=\"column-2\">Documento<\/th><th class=\"column-3\">Descarga<\/th>\n<\/tr>\n<\/thead>\n<tbody class=\"row-striping row-hover\">\n<tr class=\"row-2\">\n\t<td class=\"column-1\">1<br \/>\n<\/td><td class=\"column-2\">An\u00e1lisis de Evaluabilidad 2022<\/td><td class=\"column-3\"><a href=\"\/wp-content\/uploads\/sites\/77\/2023\/05\/AEvaluabilidad_2022.pdf\" target=\"_blank\" rel=\"noopener noreferrer\"><br \/>\n<i class=\"fa fa-download\"><\/i><br \/>\n<\/a><\/td>\n<\/tr>\n<tr class=\"row-3\">\n\t<td class=\"column-1\">2<\/td><td class=\"column-2\">Programa Anual de Evaluaci\u00f3n 2022<\/td><td class=\"column-3\"><a href=\"https:\/\/www.oaxaca.gob.mx\/gabinete\/wp-content\/uploads\/sites\/77\/2022\/05\/PUBLICACION_PAE_2022.pdf\" target=\"_blank\" rel=\"noopener noreferrer\"><br \/>\n<i class=\"fa fa-download\"><\/i><br \/>\n<\/a><br \/>\n<a href=\"https:\/\/www.oaxaca.gob.mx\/gabinete\/wp-content\/uploads\/sites\/77\/2022\/05\/PAE_2022.pdf\" target=\"_blank\" rel=\"noopener noreferrer\"><br \/>\n<i class=\"fa fa-download\"><\/i><br \/>\n<\/a><\/td>\n<\/tr>\n<tr class=\"row-4\">\n\t<td class=\"column-1\">3<\/td><td class=\"column-2\">T\u00e9rminos de Referencia 2022: Evaluaci\u00f3n Espec\u00edfica<\/td><td class=\"column-3\"><a href=\"https:\/\/www.oaxaca.gob.mx\/gabinete\/wp-content\/uploads\/sites\/77\/2022\/10\/Anexo-2.-TdR-Especifica-Turismo-PAE-2022.pdf\" target=\"_blank\" rel=\"noopener noreferrer\"><br \/>\n<i class=\"fa fa-download\"><\/i><br \/>\n<\/a><\/td>\n<\/tr>\n<tr class=\"row-5\">\n\t<td class=\"column-1\">4<\/td><td class=\"column-2\">T\u00e9rminos de Referencia 2022: Evaluaci\u00f3n Estrat\u00e9gica CG-COPLADE<\/td><td class=\"column-3\"><a href=\"https:\/\/www.oaxaca.gob.mx\/gabinete\/wp-content\/uploads\/sites\/77\/2022\/10\/Anexo-3.-TdR-Estrategica-Fortalecimiento-Planeacion-PAE-2022.pdf\" target=\"_blank\" rel=\"noopener noreferrer\"><br \/>\n<i class=\"fa fa-download\"><\/i><br \/>\n<\/a><\/td>\n<\/tr>\n<tr class=\"row-6\">\n\t<td class=\"column-1\">5<\/td><td class=\"column-2\">T\u00e9rminos de Referencia 2022: Evaluaci\u00f3n Estrat\u00e9gica - SCTG <\/td><td class=\"column-3\"><a href=\"https:\/\/www.oaxaca.gob.mx\/gabinete\/wp-content\/uploads\/sites\/77\/2022\/10\/Anexo-4.-TdR-Estrategica-Transparencia-PAE2022.pdf\" target=\"_blank\" rel=\"noopener noreferrer\"><br \/>\n<i class=\"fa fa-download\"><\/i><br \/>\n<\/a><br \/>\n<\/td>\n<\/tr>\n<tr class=\"row-7\">\n\t<td class=\"column-1\">6<\/td><td class=\"column-2\">T\u00e9rminos de Referencia 2022: Evaluaci\u00f3n Diagn\u00f3stica<\/td><td class=\"column-3\"><a href=\"https:\/\/www.oaxaca.gob.mx\/gabinete\/wp-content\/uploads\/sites\/77\/2022\/10\/Anexo-5.-TdR-Diagnostica-PP-211-PAE-2022.pdf\" target=\"_blank\" rel=\"noopener noreferrer\"><br \/>\n<i class=\"fa fa-download\"><\/i><br \/>\n<\/a><\/td>\n<\/tr>\n<\/tbody>\n<\/table>\n<!-- #tablepress-208 from cache -->\n<h4>Resultados PAE 2022<\/h4>\n\n<table id=\"tablepress-218\" class=\"tablepress tablepress-id-218\">\n<thead>\n<tr class=\"row-1\">\n\t<th class=\"column-1\">No.<\/th><th class=\"column-2\">Documento<\/th><th class=\"column-3\">Descarga<\/th><th class=\"column-4\">Ficha de Difusi\u00f3n<\/th>\n<\/tr>\n<\/thead>\n<tbody class=\"row-striping row-hover\">\n<tr class=\"row-2\">\n\t<td class=\"column-1\">1<\/td><td class=\"column-2\">Evaluaci\u00f3n Estrat\u00e9gica: Pol\u00edtica de Fortalecimiento de la Planeaci\u00f3n Municipal con Enfoque Sostenible<\/td><td class=\"column-3\"><a href=\"https:\/\/www.oaxaca.gob.mx\/gabinete\/wp-content\/uploads\/sites\/77\/2022\/11\/IF_-EE_PFPMES.pdf\" target=\"_blank\" rel=\"noopener noreferrer\"><br \/>\n<i class=\"fa fa-download\"><\/i><br \/>\n<\/a><\/td><td class=\"column-4\"><a href=\"https:\/\/www.oaxaca.gob.mx\/gabinete\/wp-content\/uploads\/sites\/77\/2022\/11\/FC_EEPFPM_PAE-2022.pdf\" target=\"_blank\" rel=\"noopener noreferrer\"><br \/>\n<i class=\"fa fa-download\"><\/i><br \/>\n<\/a><\/td>\n<\/tr>\n<tr class=\"row-3\">\n\t<td class=\"column-1\">2<\/td><td class=\"column-2\">Evaluaci\u00f3n Diagn\u00f3stica: B\u00fasqueda y Localizaci\u00f3n de Personas Desaparecidas<\/td><td class=\"column-3\"><a href=\"https:\/\/www.oaxaca.gob.mx\/gabinete\/wp-content\/uploads\/sites\/77\/2022\/11\/IF_ED_BLPD.pdf\" target=\"_blank\" rel=\"noopener noreferrer\"><br \/>\n<i class=\"fa fa-download\"><\/i><br \/>\n<\/a><\/td><td class=\"column-4\"><a href=\"https:\/\/www.oaxaca.gob.mx\/gabinete\/wp-content\/uploads\/sites\/77\/2022\/11\/FC_D_PAE-2022.pdf\" target=\"_blank\" rel=\"noopener noreferrer\"><br \/>\n<i class=\"fa fa-download\"><\/i><br \/>\n<\/a><\/td>\n<\/tr>\n<tr class=\"row-4\">\n\t<td class=\"column-1\">3<\/td><td class=\"column-2\">Evaluaci\u00f3n Espec\u00edfica del Desarrollo Tur\u00edstico como Factor de Impulso Econ\u00f3mico<\/td><td class=\"column-3\"><a href=\"https:\/\/www.oaxaca.gob.mx\/gabinete\/wp-content\/uploads\/sites\/77\/2022\/11\/IF_EE_DTFE.pdf\" target=\"_blank\" rel=\"noopener noreferrer\"><br \/>\n<i class=\"fa fa-download\"><\/i><br \/>\n<\/a><\/td><td class=\"column-4\"><a href=\"https:\/\/www.oaxaca.gob.mx\/gabinete\/wp-content\/uploads\/sites\/77\/2022\/11\/FC_EEDT_PAE-2022.pdf\" target=\"_blank\" rel=\"noopener noreferrer\"><br \/>\n<i class=\"fa fa-download\"><\/i><br \/>\n<\/a><\/td>\n<\/tr>\n<tr class=\"row-5\">\n\t<td class=\"column-1\">4<\/td><td class=\"column-2\">Evaluaci\u00f3n Estrat\u00e9gica de Transparencia Gubernamental<\/td><td class=\"column-3\"><a href=\"https:\/\/www.oaxaca.gob.mx\/gabinete\/wp-content\/uploads\/sites\/77\/2022\/11\/IF_EE_TG.pdf\" target=\"_blank\" rel=\"noopener noreferrer\"><br \/>\n<i class=\"fa fa-download\"><\/i><br \/>\n<\/a><br \/>\n<\/td><td class=\"column-4\"><a href=\"https:\/\/www.oaxaca.gob.mx\/gabinete\/wp-content\/uploads\/sites\/77\/2022\/11\/FC_EEE_T_PAE-2022.pdf\" target=\"_blank\" rel=\"noopener noreferrer\"><br \/>\n<i class=\"fa fa-download\"><\/i><br \/>\n<\/a><\/td>\n<\/tr>\n<\/tbody>\n<\/table>\n<!-- #tablepress-218 from cache --><\/div>\n<div id=\"collapse2021\" class=\"tab-pane fade\" role=\"tabpanel\" aria-labelledby=\"nav_tab_2021\">\n<h4>PAE 2021<\/h4>\n\n<table id=\"tablepress-196\" class=\"tablepress tablepress-id-196\">\n<thead>\n<tr class=\"row-1\">\n\t<th class=\"column-1\">No.<\/th><th class=\"column-2\">Documento<\/th><th class=\"column-3\">Descarga<\/th>\n<\/tr>\n<\/thead>\n<tbody class=\"row-striping row-hover\">\n<tr class=\"row-2\">\n\t<td class=\"column-1\">1<\/td><td class=\"column-2\">Gu\u00eda de Necesidades de Evaluaci\u00f3n<\/td><td class=\"column-3\"><a href=\"https:\/\/www.oaxaca.gob.mx\/dgite\/wp-content\/uploads\/sites\/77\/2022\/04\/G_N_E.pdf\" target=\"_blank\" rel=\"noopener noreferrer\"><br \/>\n<i class=\"fa fa-download\"><\/i><br \/>\n<\/a><\/td>\n<\/tr>\n<tr class=\"row-3\">\n\t<td class=\"column-1\">2<\/td><td class=\"column-2\">Programa Anual de Evaluaci\u00f3n 2021<\/td><td class=\"column-3\"><a href=\"https:\/\/www.oaxaca.gob.mx\/dgite\/wp-content\/uploads\/sites\/77\/2022\/02\/B.1-PAE-periodico-oficial.pdf\" target=\"_blank\" rel=\"noopener noreferrer\"><br \/>\n<i class=\"fa fa-download\"><\/i><br \/>\n<\/a><br \/>\n<a href=\"https:\/\/www.oaxaca.gob.mx\/dgite\/wp-content\/uploads\/sites\/77\/2022\/02\/PAE2021.pdf\" target=\"_blank\" rel=\"noopener noreferrer\"><br \/>\n<i class=\"fa fa-download\"><\/i><br \/>\n<\/a><\/td>\n<\/tr>\n<tr class=\"row-4\">\n\t<td class=\"column-1\">3<\/td><td class=\"column-2\">T\u00e9rminos de referencia 2021: Evaluaci\u00f3n Espec\u00edfica de Desempe\u00f1o<\/td><td class=\"column-3\"><a href=\"https:\/\/www.oaxaca.gob.mx\/dgite\/wp-content\/uploads\/sites\/77\/2022\/01\/Anexo-2_TdR_Especifica-Desempeno.pdf\" target=\"_blank\" rel=\"noopener noreferrer\"><br \/>\n<i class=\"fa fa-download\"><\/i><br \/>\n<\/a><br \/>\n<\/td>\n<\/tr>\n<tr class=\"row-5\">\n\t<td class=\"column-1\">4<\/td><td class=\"column-2\">T\u00e9rminos de referencia 2021: Evaluaci\u00f3n Estrat\u00e9gica<\/td><td class=\"column-3\"><a href=\"https:\/\/www.oaxaca.gob.mx\/dgite\/wp-content\/uploads\/sites\/77\/2022\/01\/TDR_EE_2021.pdf\" target=\"_blank\" rel=\"noopener noreferrer\"><br \/>\n<i class=\"fa fa-download\"><\/i><br \/>\n<\/a><br \/>\n<br \/>\n<\/td>\n<\/tr>\n<tr class=\"row-6\">\n\t<td class=\"column-1\">5<\/td><td class=\"column-2\">T\u00e9rminos de referencia 2021: Evaluaci\u00f3n de Dise\u00f1o<\/td><td class=\"column-3\"><a href=\"https:\/\/www.oaxaca.gob.mx\/dgite\/wp-content\/uploads\/sites\/77\/2022\/01\/TDR_EDI_2021.pdf\" target=\"_blank\" rel=\"noopener noreferrer\"><br \/>\n<i class=\"fa fa-download\"><\/i><br \/>\n<\/a><\/td>\n<\/tr>\n<tr class=\"row-7\">\n\t<td class=\"column-1\">6<\/td><td class=\"column-2\">T\u00e9rminos de referencia 2021: Evaluaci\u00f3n de Consistencia y Resultados<\/td><td class=\"column-3\"><a href=\"https:\/\/www.oaxaca.gob.mx\/dgite\/wp-content\/uploads\/sites\/77\/2022\/01\/TDR_CyR_2021.pdf\" target=\"_blank\" rel=\"noopener noreferrer\"><br \/>\n<i class=\"fa fa-download\"><\/i><br \/>\n<\/a><br \/>\n<\/td>\n<\/tr>\n<tr class=\"row-8\">\n\t<td class=\"column-1\">7<\/td><td class=\"column-2\">Criterios de An\u00e1lisis de Factibilidad de una Evaluaci\u00f3n de Impacto<\/td><td class=\"column-3\"><a href=\"https:\/\/www.oaxaca.gob.mx\/dgite\/wp-content\/uploads\/sites\/77\/2022\/01\/Criterios_analisis-de-factibilidad_VJE.pdf\" target=\"_blank\" rel=\"noopener noreferrer\"><br \/>\n<i class=\"fa fa-download\"><\/i><br \/>\n<\/a><\/td>\n<\/tr>\n<\/tbody>\n<\/table>\n<!-- #tablepress-196 from cache -->\n<h4>Evaluaciones 2021<\/h4>\n<p>        \n<table id=\"tablepress-198\" class=\"tablepress tablepress-id-198\">\n<thead>\n<tr class=\"row-1\">\n\t<th class=\"column-1\">No.<\/th><th class=\"column-2\">Documento<\/th><th class=\"column-3\">Descarga<\/th><th class=\"column-4\">Fichas de Difusi\u00f3n<\/th>\n<\/tr>\n<\/thead>\n<tbody class=\"row-striping row-hover\">\n<tr class=\"row-2\">\n\t<td class=\"column-1\">1<\/td><td class=\"column-2\">Evaluaci\u00f3n Especifica de Desempe\u00f1o Desarrollo Acu\u00edcula Pesquero<\/td><td class=\"column-3\"><a href=\"https:\/\/www.oaxaca.gob.mx\/dgite\/wp-content\/uploads\/sites\/77\/2022\/02\/IF_EED_111.pdf\" target=\"_blank\" rel=\"noopener noreferrer\"><br \/>\n<i class=\"fa fa-download\"><\/i><br \/>\n<\/a><\/td><td class=\"column-4\"><a href=\"https:\/\/www.oaxaca.gob.mx\/dgite\/wp-content\/uploads\/sites\/77\/2022\/02\/FC_EED_111.pdf\" target=\"_blank\" rel=\"noopener noreferrer\"><br \/>\n<i class=\"fa fa-download\"><\/i><br \/>\n<\/a><\/td>\n<\/tr>\n<tr class=\"row-3\">\n\t<td class=\"column-1\">2<\/td><td class=\"column-2\">Evaluaci\u00f3n Especifica de Desempe\u00f1o Fondo de Aportaciones para la N\u00f3mina Educativo y Gasto Operativo<\/td><td class=\"column-3\"><a href=\"https:\/\/www.oaxaca.gob.mx\/dgite\/wp-content\/uploads\/sites\/77\/2022\/02\/IF_EED_FONE_2021.pdf\" target=\"_blank\" rel=\"noopener noreferrer\"><br \/>\n<i class=\"fa fa-download\"><\/i><br \/>\n<\/a><\/td><td class=\"column-4\"><a href=\"https:\/\/www.oaxaca.gob.mx\/dgite\/wp-content\/uploads\/sites\/77\/2022\/01\/Ficha-CONAC_FONE.pdf\" target=\"_blank\" rel=\"noopener noreferrer\"><br \/>\n<i class=\"fa fa-download\"><\/i><br \/>\n<\/a><\/td>\n<\/tr>\n<tr class=\"row-4\">\n\t<td class=\"column-1\">3<\/td><td class=\"column-2\">Evaluaci\u00f3n de Dise\u00f1o Prevenci\u00f3n y Promoci\u00f3n de la Salud<\/td><td class=\"column-3\"><a href=\"https:\/\/www.oaxaca.gob.mx\/dgite\/wp-content\/uploads\/sites\/77\/2022\/02\/IF_DiseNo_169.pdf\" target=\"_blank\" rel=\"noopener noreferrer\"><br \/>\n<i class=\"fa fa-download\"><\/i><br \/>\n<\/a><\/td><td class=\"column-4\"><a href=\"https:\/\/www.oaxaca.gob.mx\/dgite\/wp-content\/uploads\/sites\/77\/2022\/02\/FC_ED_169.pdf\" target=\"_blank\" rel=\"noopener noreferrer\"><br \/>\n<i class=\"fa fa-download\"><\/i><br \/>\n<\/a><\/td>\n<\/tr>\n<tr class=\"row-5\">\n\t<td class=\"column-1\">4<\/td><td class=\"column-2\">Evaluaci\u00f3n estrat\u00e9gica a las Reglas de Operaci\u00f3n de Programas de Desarrollo Social, Programas Presupuestarios que inciden en el abatimiento de carencias sociales y Lineamientos de acciones sociales.<\/td><td class=\"column-3\"><a href=\"https:\/\/www.oaxaca.gob.mx\/dgite\/wp-content\/uploads\/sites\/77\/2022\/02\/IF_Estrategica.pdf\" target=\"_blank\" rel=\"noopener noreferrer\"><br \/>\n<i class=\"fa fa-download\"><\/i><br \/>\n<\/a><\/td><td class=\"column-4\"><a href=\"https:\/\/www.oaxaca.gob.mx\/dgite\/wp-content\/uploads\/sites\/77\/2022\/01\/Ficha-CONAC_Evaluacion-Estrategica_ROP.pdf\" target=\"_blank\" rel=\"noopener noreferrer\"><br \/>\n<i class=\"fa fa-download\"><\/i><br \/>\n<\/a><\/td>\n<\/tr>\n<tr class=\"row-6\">\n\t<td class=\"column-1\">5<\/td><td class=\"column-2\">Analisis de Factibilidad para llevar a cabo la Evaluaci\u00f3n de Impacto del Programa \"Vamos Juntos a la Escuela\"<\/td><td class=\"column-3\"><a href=\"https:\/\/www.oaxaca.gob.mx\/dgite\/wp-content\/uploads\/sites\/77\/2022\/01\/Reporte-Analisis-factibilidad-VJE-2021-1-1.pdf\" target=\"_blank\" rel=\"noopener noreferrer\"><br \/>\n<i class=\"fa fa-download\"><\/i><br \/>\n<\/a><\/td><td class=\"column-4\"><a href=\"https:\/\/www.oaxaca.gob.mx\/dgite\/wp-content\/uploads\/sites\/77\/2022\/01\/Ficha-CONAC_Analisis-factibilidad-VJE.pdf\" target=\"_blank\" rel=\"noopener noreferrer\"><br \/>\n<i class=\"fa fa-download\"><\/i><br \/>\n<\/a><\/td>\n<\/tr>\n<tr class=\"row-7\">\n\t<td class=\"column-1\">6<\/td><td class=\"column-2\">Evaluaci\u00f3n de Consistencia y Resultados Participaci\u00f3n Comunitaria para el Desarrollo Humano con Asistencia Alimentaria<\/td><td class=\"column-3\"><a href=\"https:\/\/www.oaxaca.gob.mx\/dgite\/wp-content\/uploads\/sites\/77\/2022\/02\/IF_CyR_163.pdf\" target=\"_blank\" rel=\"noopener noreferrer\"><br \/>\n<i class=\"fa fa-download\"><\/i><br \/>\n<\/a><\/td><td class=\"column-4\"><a href=\"https:\/\/www.oaxaca.gob.mx\/dgite\/wp-content\/uploads\/sites\/77\/2022\/02\/FC_CyR.pdf\" target=\"_blank\" rel=\"noopener noreferrer\"><i class=\"fa fa-download\"><\/i><br \/>\n<\/a><\/td>\n<\/tr>\n<tr class=\"row-8\">\n\t<td class=\"column-1\">7<\/td><td class=\"column-2\">Evaluaci\u00f3n Complementaria de Dise\u00f1o del Proyecto Fortalecimiento del Proceso de Gesti\u00f3n Territorial y Planificaci\u00f3n Participativa con un Enfoque Basado en Derechos Humanos<\/td><td class=\"column-3\"><a href=\"https:\/\/www.oaxaca.gob.mx\/dgite\/wp-content\/uploads\/sites\/77\/2022\/04\/Ev_C_COPLADE_reporte-finalF.pdf\" target=\"_blank\" rel=\"noopener noreferrer\"><br \/>\n<i class=\"fa fa-download\"><\/i><br \/>\n<\/a><\/td><td class=\"column-4\"><\/td>\n<\/tr>\n<\/tbody>\n<\/table>\n<!-- #tablepress-198 from cache -->\n        &nbsp;\n      <\/p><\/div>\n<div id=\"collapseUnod\" class=\"tab-pane fade\" role=\"tabpanel\" aria-labelledby=\"nav_tab_unod\">\n<h4>PAE 2020<\/h4>\n\n<table id=\"tablepress-174\" class=\"tablepress tablepress-id-174\">\n<thead>\n<tr class=\"row-1\">\n\t<th class=\"column-1\">No.<\/th><th class=\"column-2\">Documento<\/th><th colspan=\"2\" class=\"column-3\">Descarga<\/th>\n<\/tr>\n<\/thead>\n<tbody class=\"row-striping row-hover\">\n<tr class=\"row-2\">\n\t<td class=\"column-1\">1<\/td><td class=\"column-2\">An\u00e1lisis de Evaluabilidad 2020<\/td><td class=\"column-3\"><a href=\"https:\/\/www.oaxaca.gob.mx\/dgite\/wp-content\/uploads\/sites\/77\/2022\/11\/AE_2020.pdf\" target=\"_blank\" rel=\"noopener noreferrer\"><br \/>\n<i class=\"fa fa-download\"><\/i><br \/>\n<\/a><\/td><td class=\"column-4\"><\/td>\n<\/tr>\n<tr class=\"row-3\">\n\t<td class=\"column-1\">2<\/td><td class=\"column-2\">Programa Anual de Evaluaci\u00f3n 2020<\/td><td class=\"column-3\"><a href=\"https:\/\/www.oaxaca.gob.mx\/dgite\/wp-content\/uploads\/sites\/77\/2022\/11\/PAE2020.pdf\" target=\"_blank\" rel=\"noopener noreferrer\"><br \/>\n<i class=\"fa fa-download\"><\/i><br \/>\n<\/a><\/td><td class=\"column-4\"><a href=\"https:\/\/www.oaxaca.gob.mx\/dgite\/wp-content\/uploads\/sites\/77\/2022\/11\/EXT-PAE20-2020-04-30.pdf\" target=\"_blank\" rel=\"noopener noreferrer\"><br \/>\n<i class=\"fa fa-download\"><\/i><br \/>\n<\/a><\/td>\n<\/tr>\n<tr class=\"row-4\">\n\t<td class=\"column-1\">3<\/td><td class=\"column-2\">T\u00e9rminos de Referencia 2020: Evaluaci\u00f3n Estrat\u00e9gica<\/td><td class=\"column-3\"><a href=\"https:\/\/www.oaxaca.gob.mx\/dgite\/wp-content\/uploads\/sites\/77\/2022\/11\/TdR_Estrategica.pdf\" target=\"_blank\" rel=\"noopener noreferrer\"><br \/>\n<i class=\"fa fa-download\"><\/i><br \/>\n<\/a><\/td><td class=\"column-4\"><\/td>\n<\/tr>\n<tr class=\"row-5\">\n\t<td class=\"column-1\">4<\/td><td class=\"column-2\">T\u00e9rminos de Referencia 2020: Evaluaci\u00f3n de Dise\u00f1o<\/td><td class=\"column-3\"><a href=\"https:\/\/www.oaxaca.gob.mx\/dgite\/wp-content\/uploads\/sites\/77\/2022\/11\/TdR_Diseno.pdf\" target=\"_blank\" rel=\"noopener noreferrer\"><br \/>\n<i class=\"fa fa-download\"><\/i><br \/>\n<\/a><\/td><td class=\"column-4\"><\/td>\n<\/tr>\n<tr class=\"row-6\">\n\t<td class=\"column-1\">5<\/td><td class=\"column-2\">T\u00e9rminos de Referencia 2020: Evaluaci\u00f3n Espec\u00edfica de Dise\u00f1o<\/td><td class=\"column-3\"><a href=\"https:\/\/www.oaxaca.gob.mx\/dgite\/wp-content\/uploads\/sites\/77\/2022\/11\/TdR_Esp_Diseno.pdf\" target=\"_blank\" rel=\"noopener noreferrer\"><br \/>\n<i class=\"fa fa-download\"><\/i><br \/>\n<\/a><\/td><td class=\"column-4\"><\/td>\n<\/tr>\n<tr class=\"row-7\">\n\t<td class=\"column-1\">6<\/td><td class=\"column-2\">T\u00e9rminos de Referencia 2020: Evaluaci\u00f3n Espec\u00edfica de Desempe\u00f1o<\/td><td class=\"column-3\"><a href=\"https:\/\/www.oaxaca.gob.mx\/dgite\/wp-content\/uploads\/sites\/77\/2022\/11\/TdR_EDesempeno.pdf\" target=\"_blank\" rel=\"noopener noreferrer\"><br \/>\n<i class=\"fa fa-download\"><\/i><br \/>\n<\/a><\/td><td class=\"column-4\"><\/td>\n<\/tr>\n<tr class=\"row-8\">\n\t<td class=\"column-1\">7<\/td><td class=\"column-2\">T\u00e9rminos de Referencia 2020: Evaluaci\u00f3n de Consistencia y Resultados<\/td><td class=\"column-3\"><a href=\"https:\/\/www.oaxaca.gob.mx\/dgite\/wp-content\/uploads\/sites\/77\/2022\/11\/TdR_CyR.pdf\" target=\"_blank\" rel=\"noopener noreferrer\"><br \/>\n<i class=\"fa fa-download\"><\/i><br \/>\n<\/a><\/td><td class=\"column-4\"><\/td>\n<\/tr>\n<tr class=\"row-9\">\n\t<td class=\"column-1\">8<\/td><td class=\"column-2\">Lineamientos para las Evaluaciones Internas 2020: Evaluaci\u00f3n Diagn\u00f3stica y Evaluaci\u00f3n Espec\u00edfica de Dise\u00f1o<\/td><td class=\"column-3\"><a href=\"https:\/\/www.oaxaca.gob.mx\/dgite\/wp-content\/uploads\/sites\/77\/2022\/11\/Criterios_Evaluaciones-INTERNAS_PAE-2020_act_agosto.pdf\" target=\"_blank\" rel=\"noopener noreferrer\"><br \/>\n<i class=\"fa fa-download\"><\/i><br \/>\n<\/a><\/td><td class=\"column-4\"><\/td>\n<\/tr>\n<\/tbody>\n<\/table>\n<!-- #tablepress-174 from cache -->\n<h4>Evaluaciones de Dise\u00f1o<\/h4>\n\n<table id=\"tablepress-187\" class=\"tablepress tablepress-id-187\">\n<thead>\n<tr class=\"row-1\">\n\t<th class=\"column-1\">No.<\/th><th class=\"column-2\">Programa<\/th><th class=\"column-3\">Informe de Resultados<\/th><th class=\"column-4\">Fichas de Difusi\u00f3n de Resultados<\/th>\n<\/tr>\n<\/thead>\n<tbody class=\"row-striping row-hover\">\n<tr class=\"row-2\">\n\t<td class=\"column-1\">134<\/td><td class=\"column-2\">ATENCI\u00d3N SOCIAL A GRUPOS VULNERABLES<\/td><td class=\"column-3\"><a href=\"https:\/\/www.oaxaca.gob.mx\/dgite\/wp-content\/uploads\/sites\/77\/2022\/11\/Evaluacion-134.pdf\" target=\"_blank\" rel=\"noopener noreferrer\"><br \/>\n    <i class=\"fa fa-download\"><\/i><br \/>\n<\/a><\/td><td class=\"column-4\"><a href=\"https:\/\/www.oaxaca.gob.mx\/dgite\/wp-content\/uploads\/sites\/77\/2022\/11\/Ficha-CONAC_Disen\u0303o_134.pdf\" target=\"_blank\" rel=\"noopener noreferrer\"><br \/>\n    <i class=\"fa fa-download\"><\/i><br \/>\n<\/a><\/td>\n<\/tr>\n<tr class=\"row-3\">\n\t<td class=\"column-1\">161<\/td><td class=\"column-2\">IMPULSO A LA ECONOM\u00cdA<\/td><td class=\"column-3\"><a href=\"https:\/\/www.oaxaca.gob.mx\/dgite\/wp-content\/uploads\/sites\/77\/2022\/11\/Evaluacion-161.pdf\" target=\"_blank\" rel=\"noopener noreferrer\"><br \/>\n    <i class=\"fa fa-download\"><\/i><br \/>\n<\/a><\/td><td class=\"column-4\"><a href=\"https:\/\/www.oaxaca.gob.mx\/dgite\/wp-content\/uploads\/sites\/77\/2022\/11\/Ficha-CONAC_Disen\u0303o_161.pdf\" target=\"_blank\" rel=\"noopener noreferrer\"><br \/>\n    <i class=\"fa fa-download\"><\/i><br \/>\n<\/a><\/td>\n<\/tr>\n<tr class=\"row-4\">\n\t<td class=\"column-1\">172<\/td><td class=\"column-2\">INCLUSI\u00d3N SOCIAL PARA EL BIENESTAR DEL ESTADO DE OAXACA<\/td><td class=\"column-3\"><a href=\"https:\/\/www.oaxaca.gob.mx\/dgite\/wp-content\/uploads\/sites\/77\/2022\/11\/Evaluacion-172.pdf\" target=\"_blank\" rel=\"noopener noreferrer\"><br \/>\n    <i class=\"fa fa-download\"><\/i><br \/>\n<\/a><\/td><td class=\"column-4\"><a href=\"https:\/\/www.oaxaca.gob.mx\/dgite\/wp-content\/uploads\/sites\/77\/2022\/11\/Ficha-CONAC_Disen\u0303o_172.pdf\" target=\"_blank\" rel=\"noopener noreferrer\"><br \/>\n    <i class=\"fa fa-download\"><\/i><br \/>\n<\/a><\/td>\n<\/tr>\n<\/tbody>\n<\/table>\n<!-- #tablepress-187 from cache -->\n<h4>Evaluaciones Estrat\u00e9gicas<\/h4>\n\n<table id=\"tablepress-188\" class=\"tablepress tablepress-id-188\">\n<thead>\n<tr class=\"row-1\">\n\t<th class=\"column-1\">No.<\/th><th class=\"column-2\">Programa<\/th><th colspan=\"2\" class=\"column-3\">Informe de Resultados<\/th><th class=\"column-5\">Fichas de Difusi\u00f3n de Resultados<\/th>\n<\/tr>\n<\/thead>\n<tbody class=\"row-striping row-hover\">\n<tr class=\"row-2\">\n\t<td class=\"column-1\">1<\/td><td class=\"column-2\">SECTUR TURISMO<\/td><td class=\"column-3\"><a href=\"https:\/\/www.oaxaca.gob.mx\/dgite\/wp-content\/uploads\/sites\/77\/2022\/11\/Evaluacion-Estrategica.pdf\" target=\"_blank\" rel=\"noopener noreferrer\"><br \/>\n    <i class=\"fa fa-download\"><\/i><br \/>\n<\/a><\/td><td class=\"column-4\"><a href=\"https:\/\/www.oaxaca.gob.mx\/dgite\/wp-content\/uploads\/sites\/77\/2022\/11\/Evaluacion-Estrategica_Anexos.pdf\" target=\"_blank\" rel=\"noopener noreferrer\"><br \/>\n    <i class=\"fa fa-download\"><\/i><br \/>\n<\/a><\/td><td class=\"column-5\"><a href=\"https:\/\/www.oaxaca.gob.mx\/dgite\/wp-content\/uploads\/sites\/77\/2022\/11\/Ficha-CONAC_estrategica_turismo.pdf\" target=\"_blank\" rel=\"noopener noreferrer\"><br \/>\n    <i class=\"fa fa-download\"><\/i><br \/>\n<\/a><\/td>\n<\/tr>\n<\/tbody>\n<\/table>\n<!-- #tablepress-188 from cache -->\n<h4>Evaluaciones Espec\u00edficas de Dise\u00f1o<\/h4>\n\n<table id=\"tablepress-189\" class=\"tablepress tablepress-id-189\">\n<thead>\n<tr class=\"row-1\">\n\t<th class=\"column-1\">No.<\/th><th class=\"column-2\">Programa<\/th><th class=\"column-3\">Informe de Resultados<br \/>\n<\/th><th class=\"column-4\">Fichas de Difusi\u00f3n de Resultados<\/th>\n<\/tr>\n<\/thead>\n<tbody class=\"row-striping row-hover\">\n<tr class=\"row-2\">\n\t<td class=\"column-1\">126<\/td><td class=\"column-2\">FORTALECIMIENTO Y MODERNIZACI\u00d3N DEL TRANSPORTE P\u00daBLICO Y PRIVADO DEL ESTADO<\/td><td class=\"column-3\"><a href=\"https:\/\/www.oaxaca.gob.mx\/dgite\/wp-content\/uploads\/sites\/77\/2022\/11\/Evaluacion-126.pdf\" target=\"_blank\" rel=\"noopener noreferrer\"><br \/>\n    <i class=\"fa fa-download\"><\/i><br \/>\n<\/a><\/td><td class=\"column-4\"><a href=\"https:\/\/www.oaxaca.gob.mx\/dgite\/wp-content\/uploads\/sites\/77\/2022\/11\/Ficha-CONAC_Especifica-Disen\u0303o_126.pdf\" target=\"_blank\" rel=\"noopener noreferrer\"><br \/>\n    <i class=\"fa fa-download\"><\/i><br \/>\n<\/a><\/td>\n<\/tr>\n<tr class=\"row-3\">\n\t<td class=\"column-1\">151<\/td><td class=\"column-2\">GESTI\u00d3N INTEGRAL DE RIESGOS<\/td><td class=\"column-3\"><a href=\"https:\/\/www.oaxaca.gob.mx\/dgite\/wp-content\/uploads\/sites\/77\/2022\/11\/Evaluacion-151.pdf\" target=\"_blank\" rel=\"noopener noreferrer\"><br \/>\n    <i class=\"fa fa-download\"><\/i><br \/>\n<\/a><\/td><td class=\"column-4\"><a href=\"https:\/\/www.oaxaca.gob.mx\/dgite\/wp-content\/uploads\/sites\/77\/2022\/11\/Ficha-CONAC_Especi\u0301fica-Disen\u0303o_151.pdf\" target=\"_blank\" rel=\"noopener noreferrer\"><br \/>\n    <i class=\"fa fa-download\"><\/i><br \/>\n<\/a><\/td>\n<\/tr>\n<\/tbody>\n<\/table>\n<!-- #tablepress-189 from cache -->\n<h4>Evaluaciones Espec\u00edficas de Desempe\u00f1o<\/h4>\n\n<table id=\"tablepress-190\" class=\"tablepress tablepress-id-190\">\n<thead>\n<tr class=\"row-1\">\n\t<th class=\"column-1\">No.<\/th><th class=\"column-2\">Programa<\/th><th class=\"column-3\">Informe de Resultados<br \/>\n<\/th><th class=\"column-4\">Fichas de Difusi\u00f3n de Resultados<\/th>\n<\/tr>\n<\/thead>\n<tbody class=\"row-striping row-hover\">\n<tr class=\"row-2\">\n\t<td class=\"column-1\">209<\/td><td class=\"column-2\">MOVILIDAD INTEGRAL URBANA<\/td><td class=\"column-3\"><a href=\"https:\/\/www.oaxaca.gob.mx\/dgite\/wp-content\/uploads\/sites\/77\/2022\/11\/Evaluacion-209.pdf\" target=\"_blank\" rel=\"noopener noreferrer\"><br \/>\n    <i class=\"fa fa-download\"><\/i><br \/>\n<\/a><\/td><td class=\"column-4\"><a href=\"https:\/\/www.oaxaca.gob.mx\/dgite\/wp-content\/uploads\/sites\/77\/2022\/11\/Ficha-CONAC_especifica-de-desempen\u0303o_209.pdf\" target=\"_blank\" rel=\"noopener noreferrer\"><br \/>\n    <i class=\"fa fa-download\"><\/i><br \/>\n<\/a><\/td>\n<\/tr>\n<\/tbody>\n<\/table>\n<!-- #tablepress-190 from cache -->\n<h4>Evaluaciones de Consistencia y Resultados<\/h4>\n\n<table id=\"tablepress-191\" class=\"tablepress tablepress-id-191\">\n<thead>\n<tr class=\"row-1\">\n\t<th class=\"column-1\">No.<\/th><th class=\"column-2\">Programa<\/th><th class=\"column-3\">Informe de Resultados<br \/>\n<\/th><th class=\"column-4\">Fichas de Difusi\u00f3n de Resultados<\/th>\n<\/tr>\n<\/thead>\n<tbody class=\"row-striping row-hover\">\n<tr class=\"row-2\">\n\t<td class=\"column-1\">122<\/td><td class=\"column-2\">MEJORAMIENTO URBANO DE LOS CENTROS DE POBLACI\u00d3N<\/td><td class=\"column-3\"><a href=\"https:\/\/www.oaxaca.gob.mx\/dgite\/wp-content\/uploads\/sites\/77\/2022\/11\/Evaluacion-122.pdf\" target=\"_blank\" rel=\"noopener noreferrer\"><br \/>\n    <i class=\"fa fa-download\"><\/i><br \/>\n<\/a><\/td><td class=\"column-4\"><a href=\"https:\/\/www.oaxaca.gob.mx\/dgite\/wp-content\/uploads\/sites\/77\/2022\/11\/Ficha-CONAC_Consistencia-y-Resultados_122.pdf\" target=\"_blank\" rel=\"noopener noreferrer\"><br \/>\n    <i class=\"fa fa-download\"><\/i><br \/>\n<\/a><\/td>\n<\/tr>\n<\/tbody>\n<\/table>\n<!-- #tablepress-191 from cache -->\n<h4>Evaluaciones Internas<\/h4>\n\n<table id=\"tablepress-192\" class=\"tablepress tablepress-id-192\">\n<thead>\n<tr class=\"row-1\">\n\t<th class=\"column-1\">No.<\/th><th class=\"column-2\">Programa<\/th><th class=\"column-3\">Tipo de Evaluaci\u00f3n<\/th><th class=\"column-4\">Reporte Final 2020<\/th><th class=\"column-5\">Ficha de Difusi\u00f3n<\/th>\n<\/tr>\n<\/thead>\n<tbody class=\"row-striping row-hover\">\n<tr class=\"row-2\">\n\t<td class=\"column-1\">152<\/td><td class=\"column-2\">PROMOCI\u00d3N Y FOMENTO DE LAS POL\u00cdTICAS P\u00daBLICAS IGUALITARIAS PARA MUJERES Y HOMBRES<\/td><td class=\"column-3\">ESPEC\u00cdFICA DE DISE\u00d1O<\/td><td class=\"column-4\"><a href=\"https:\/\/www.oaxaca.gob.mx\/dgite\/wp-content\/uploads\/sites\/77\/2022\/11\/Ev-especifica-de-disen\u0303o_interna_PAE2020.pdf\" target=\"_blank\" rel=\"noopener noreferrer\"><br \/>\n    <i class=\"fa fa-download\"><\/i><br \/>\n<\/a><\/td><td class=\"column-5\"><a href=\"https:\/\/www.oaxaca.gob.mx\/dgite\/wp-content\/uploads\/sites\/77\/2022\/11\/Ficha-CONAC_152.pdf\" target=\"_blank\" rel=\"noopener noreferrer\"><br \/>\n    <i class=\"fa fa-download\"><\/i><br \/>\n<\/a><\/td>\n<\/tr>\n<tr class=\"row-3\">\n\t<td class=\"column-1\">210<\/td><td class=\"column-2\">APROVECHAMIENTO SUSTENTABLE DE FACTORES PRODUCTIVOS DEL ESTADO<\/td><td class=\"column-3\">DIAGN\u00d3STICA<\/td><td class=\"column-4\"><a href=\"https:\/\/www.oaxaca.gob.mx\/dgite\/wp-content\/uploads\/sites\/77\/2022\/11\/Reporte-Ev-diagnostica_interna_PAE2020.pdf\" target=\"_blank\" rel=\"noopener noreferrer\"><br \/>\n    <i class=\"fa fa-download\"><\/i><br \/>\n<\/a><\/td><td class=\"column-5\"><a href=\"https:\/\/www.oaxaca.gob.mx\/dgite\/wp-content\/uploads\/sites\/77\/2022\/11\/Ficha-CONAC_210.pdf\" target=\"_blank\" rel=\"noopener noreferrer\"><br \/>\n    <i class=\"fa fa-download\"><\/i><br \/>\n<\/a><\/td>\n<\/tr>\n<\/tbody>\n<\/table>\n<!-- #tablepress-192 from cache --><\/div>\n<div id=\"collapseUno\" class=\"tab-pane fade\" role=\"tabpanel\" aria-labelledby=\"nav_tab_unoc\">\n<h4>PAE 2019<\/h4>\n\n<table id=\"tablepress-14\" class=\"tablepress tablepress-id-14\">\n<thead>\n<tr class=\"row-1\">\n\t<th class=\"column-1\">No.<\/th><th class=\"column-2\">Documento<\/th><th class=\"column-3\">Descarga<\/th>\n<\/tr>\n<\/thead>\n<tbody class=\"row-striping row-hover\">\n<tr class=\"row-2\">\n\t<td class=\"column-1\">1<\/td><td class=\"column-2\">An\u00e1lisis de Evaluabilidad<\/td><td class=\"column-3\"><a href=\"\/wp-content\/uploads\/sites\/77\/pdf\/evaluaciones_2019\/analisis_evaluabilidad.pdf\" target=\"_blank\" rel=\"noopener noreferrer\"><br \/>\n<i class=\"fa fa-download\"><\/i><br \/>\n<\/a><\/td>\n<\/tr>\n<tr class=\"row-3\">\n\t<td class=\"column-1\">2<\/td><td class=\"column-2\">Programa Anual de Evaluaci\u00f3n 2019<\/td><td class=\"column-3\"><a href=\"\/wp-content\/uploads\/sites\/77\/pdf\/evaluaciones_2019\/PAE2019.pdf\" target=\"_blank\" rel=\"noopener noreferrer\"><br \/>\n<i class=\"fa fa-download\"><\/i><br \/>\n<\/a><\/td>\n<\/tr>\n<tr class=\"row-4\">\n\t<td class=\"column-1\">3<\/td><td class=\"column-2\">T\u00e9rminos de Referencia 2019: Evaluaci\u00f3n de Procesos<\/td><td class=\"column-3\"><a href=\"\/wp-content\/uploads\/sites\/77\/pdf\/evaluaciones_2019\/TDR_Procesos.pdf\" target=\"_blank\" rel=\"noopener noreferrer\"><br \/>\n<i class=\"fa fa-download\"><\/i><br \/>\n<\/a><\/td>\n<\/tr>\n<tr class=\"row-5\">\n\t<td class=\"column-1\">4<\/td><td class=\"column-2\">T\u00e9rminos de Referencia 2019: Evaluaci\u00f3n de Dise\u00f1o<\/td><td class=\"column-3\"><a href=\"\/wp-content\/uploads\/sites\/77\/pdf\/evaluaciones_2019\/TDR_Dise\u00f1o.pdf\" target=\"_blank\" rel=\"noopener noreferrer\"><br \/>\n<i class=\"fa fa-download\"><\/i><br \/>\n<\/a><\/td>\n<\/tr>\n<tr class=\"row-6\">\n\t<td class=\"column-1\">5<\/td><td class=\"column-2\">T\u00e9rminos de Referencia 2019: Evaluaci\u00f3n Estrat\u00e9gica <\/td><td class=\"column-3\"><a href=\"\/wp-content\/uploads\/sites\/77\/pdf\/evaluaciones_2019\/TDR_Estrategica.pdf\" target=\"_blank\" rel=\"noopener noreferrer\"><br \/>\n<i class=\"fa fa-download\"><\/i><br \/>\n<\/a><\/td>\n<\/tr>\n<tr class=\"row-7\">\n\t<td class=\"column-1\">6<\/td><td class=\"column-2\">Lineamientos para Evaluaciones Internas 2019: Espec\u00edfica de Dise\u00f1o <\/td><td class=\"column-3\"><a href=\"\/wp-content\/uploads\/sites\/77\/pdf\/evaluaciones_2019\/lineamientos_e_d_2019.pdf\" target=\"_blank\" rel=\"noopener noreferrer\"><br \/>\n<i class=\"fa fa-download\"><\/i><br \/>\n<\/a><\/td>\n<\/tr>\n<\/tbody>\n<\/table>\n<!-- #tablepress-14 from cache -->\n<h4>Evaluaciones de Dise\u00f1o<\/h4>\n\n<table id=\"tablepress-164\" class=\"tablepress tablepress-id-164\">\n<thead>\n<tr class=\"row-1\">\n\t<th class=\"column-1\">No.<\/th><th class=\"column-2\">Programa<\/th><th class=\"column-3\">Informe de Resultados<\/th><th class=\"column-4\">Fichas de Difusi\u00f3n de Resultados<\/th>\n<\/tr>\n<\/thead>\n<tbody class=\"row-striping row-hover\">\n<tr class=\"row-2\">\n\t<td class=\"column-1\">106<\/td><td class=\"column-2\">FORTALECIMIENTO A LA COMPETENCIA LABORAL Y EMPLEO DE CALIDAD<\/td><td class=\"column-3\"><a href=\"https:\/\/www.oaxaca.gob.mx\/dgite\/wp-content\/uploads\/sites\/77\/2022\/11\/informe_106.pdf\" target=\"_blank\" rel=\"noopener\"><br \/>\n    <i class=\"fa fa-download\"><\/i><br \/>\n<\/a><\/td><td class=\"column-4\"><a href=\"https:\/\/www.oaxaca.gob.mx\/dgite\/wp-content\/uploads\/sites\/77\/2022\/11\/ficha_106.pdf\" target=\"_blank\" rel=\"noopener\"><br \/>\n    <i class=\"fa fa-download\"><\/i><br \/>\n<\/a><\/td>\n<\/tr>\n<tr class=\"row-3\">\n\t<td class=\"column-1\">125<\/td><td class=\"column-2\">EDUCACI\u00d3N PARA J\u00d3VENES Y ADULTOS Y DESARROLLO DE COMPETENCIAS PARA EL TRABAJO<\/td><td class=\"column-3\"><a href=\"https:\/\/www.oaxaca.gob.mx\/dgite\/wp-content\/uploads\/sites\/77\/2022\/11\/informe_125.pdf\" target=\"_blank\" rel=\"noopener\"><br \/>\n    <i class=\"fa fa-download\"><\/i><br \/>\n<\/a><\/td><td class=\"column-4\"><a href=\"https:\/\/www.oaxaca.gob.mx\/dgite\/wp-content\/uploads\/sites\/77\/2022\/11\/ficha_125.pdf\" target=\"_blank\" rel=\"noopener\"><br \/>\n    <i class=\"fa fa-download\"><\/i><br \/>\n<\/a><\/td>\n<\/tr>\n<\/tbody>\n<\/table>\n<!-- #tablepress-164 from cache -->\n<h4>Evaluaciones Estrat\u00e9gicas<\/h4>\n\n<table id=\"tablepress-165\" class=\"tablepress tablepress-id-165\">\n<thead>\n<tr class=\"row-1\">\n\t<th class=\"column-1\">No.<\/th><th class=\"column-2\">Programa<\/th><th class=\"column-3\">Informe de Resultados<\/th><th class=\"column-4\">Fichas de Difusi\u00f3n de Resultados<\/th>\n<\/tr>\n<\/thead>\n<tbody class=\"row-striping row-hover\">\n<tr class=\"row-2\">\n\t<td class=\"column-1\">1<\/td><td class=\"column-2\">SECTOR VIVIENDA Y SERVICIOS B\u00c1SICOS<\/td><td class=\"column-3\"><a href=\"https:\/\/www.oaxaca.gob.mx\/dgite\/wp-content\/uploads\/sites\/77\/2022\/11\/informe_sector_vivienda.pdf\" target=\"_blank\" rel=\"noopener\"><br \/>\n    <i class=\"fa fa-download\"><\/i><br \/>\n<\/a><\/td><td class=\"column-4\"><a href=\"https:\/\/www.oaxaca.gob.mx\/dgite\/wp-content\/uploads\/sites\/77\/2022\/11\/ficha_sector_vivienda.pdf\" target=\"_blank\" rel=\"noopener\"><br \/>\n    <i class=\"fa fa-download\"><\/i><br \/>\n<\/a><\/td>\n<\/tr>\n<\/tbody>\n<\/table>\n<!-- #tablepress-165 from cache -->\n<h4>Evaluaciones Espec\u00edficas de Dise\u00f1o<\/h4>\n\n<table id=\"tablepress-167\" class=\"tablepress tablepress-id-167\">\n<thead>\n<tr class=\"row-1\">\n\t<th class=\"column-1\">No.<\/th><th class=\"column-2\">Programa<\/th><th class=\"column-3\">Informe de Resultados<\/th><th class=\"column-4\">Fichas de Difusi\u00f3n de Resultados<\/th>\n<\/tr>\n<\/thead>\n<tbody class=\"row-striping row-hover\">\n<tr class=\"row-2\">\n\t<td class=\"column-1\">132<\/td><td class=\"column-2\">FORMACI\u00d3N CON CALIDAD EN LA EDUCACI\u00d3N MEDIA SUPERIOR<\/td><td class=\"column-3\"><a href=\"https:\/\/www.oaxaca.gob.mx\/dgite\/wp-content\/uploads\/sites\/77\/2022\/11\/informe_132.pdf\" target=\"_blank\" rel=\"noopener\"><br \/>\n    <i class=\"fa fa-download\"><\/i><br \/>\n<\/a><\/td><td class=\"column-4\"><a href=\"https:\/\/www.oaxaca.gob.mx\/dgite\/wp-content\/uploads\/sites\/77\/2022\/11\/ficha_132.pdf\" target=\"_blank\" rel=\"noopener\"><br \/>\n    <i class=\"fa fa-download\"><\/i><br \/>\n<\/a><\/td>\n<\/tr>\n<tr class=\"row-3\">\n\t<td class=\"column-1\">109<\/td><td class=\"column-2\">DESARROLLO AGRICOLA<\/td><td class=\"column-3\"><a href=\"https:\/\/www.oaxaca.gob.mx\/dgite\/wp-content\/uploads\/sites\/77\/2022\/11\/informe_109.pdf\" target=\"_blank\" rel=\"noopener\"><br \/>\n    <i class=\"fa fa-download\"><\/i><br \/>\n<\/a><\/td><td class=\"column-4\"><a href=\"https:\/\/www.oaxaca.gob.mx\/dgite\/wp-content\/uploads\/sites\/77\/2022\/11\/ficha_109.pdf\" target=\"_blank\" rel=\"noopener\"><br \/>\n    <i class=\"fa fa-download\"><\/i><br \/>\n<\/a><\/td>\n<\/tr>\n<\/tbody>\n<\/table>\n<!-- #tablepress-167 from cache -->\n<h4>Evaluaci\u00f3n de Procesos<\/h4>\n\n<table id=\"tablepress-186\" class=\"tablepress tablepress-id-186\">\n<thead>\n<tr class=\"row-1\">\n\t<th class=\"column-1\">No.<\/th><th class=\"column-2\">Programa<\/th><th class=\"column-3\">Informe de Resultados<\/th><th class=\"column-4\">Fichas de Difusi\u00f3n de Resultados<\/th>\n<\/tr>\n<\/thead>\n<tbody class=\"row-striping row-hover\">\n<tr class=\"row-2\">\n\t<td class=\"column-1\">105<\/td><td class=\"column-2\">VAMOS JUNTOS A LA ESCUELA<\/td><td class=\"column-3\"><a href=\"https:\/\/www.oaxaca.gob.mx\/dgite\/wp-content\/uploads\/sites\/77\/2022\/11\/vamos_juntos.pdf\" target=\"_blank\" rel=\"noopener noreferrer\"><br \/>\n    <i class=\"fa fa-download\"><\/i><br \/>\n<\/a><\/td><td class=\"column-4\"><a href=\"https:\/\/www.oaxaca.gob.mx\/dgite\/wp-content\/uploads\/sites\/77\/2022\/11\/Ficha_vamos_juntos.pdf\" target=\"_blank\" rel=\"noopener noreferrer\"><br \/>\n    <i class=\"fa fa-download\"><\/i><br \/>\n<\/a><\/td>\n<\/tr>\n<\/tbody>\n<\/table>\n<!-- #tablepress-186 from cache --><\/div>\n<div id=\"collapseDos\" class=\"tab-pane fade\" role=\"tabpanel\" aria-labelledby=\"nav_tab_dosc\">\n<h4>PAE 2018<\/h4>\n\n<table id=\"tablepress-15\" class=\"tablepress tablepress-id-15\">\n<thead>\n<tr class=\"row-1\">\n\t<th class=\"column-1\">No.<\/th><th class=\"column-2\">Documento<\/th><th class=\"column-3\">Descarga<\/th>\n<\/tr>\n<\/thead>\n<tbody class=\"row-striping row-hover\">\n<tr class=\"row-2\">\n\t<td class=\"column-1\">1<\/td><td class=\"column-2\">Programa Anual de Evaluaci\u00f3n 2018<\/td><td class=\"column-3\"><a href=\"\/wp-content\/uploads\/sites\/77\/pdf\/evaluaciones_2018\/PAE2018.pdf\" target=\"_blank\" rel=\"noopener noreferrer\"><br \/>\n    <i class=\"fa fa-download\"><\/i><br \/>\n<\/a><\/td>\n<\/tr>\n<tr class=\"row-3\">\n\t<td class=\"column-1\">2<\/td><td class=\"column-2\">An\u00e1lisis de evaluabilidad.<\/td><td class=\"column-3\"><a href=\"\/wp-content\/uploads\/sites\/77\/pdf\/evaluaciones_2018\/An\u00e1lisis evaluabilidad para evaluaci\u00f3n diagn\u00f3stica.pdf\" target=\"_blank\" rel=\"noopener noreferrer\"><br \/>\n    <i class=\"fa fa-download\"><\/i><br \/>\n<\/a><\/td>\n<\/tr>\n<tr class=\"row-4\">\n\t<td class=\"column-1\">3<\/td><td class=\"column-2\">An\u00e1lisis de Pertinencia de Evaluaci\u00f3n Diagn\u00f3stica<\/td><td class=\"column-3\"><a href=\"\/wp-content\/uploads\/sites\/77\/pdf\/evaluaciones_2018\/Analisis de Pertinencia de Evaluacion Diagnostica.pdf\" target=\"_blank\" rel=\"noopener noreferrer\"><br \/>\n    <i class=\"fa fa-download\"><\/i><br \/>\n<\/a><\/td>\n<\/tr>\n<tr class=\"row-5\">\n\t<td class=\"column-1\">4<\/td><td class=\"column-2\">T\u00e9rminos de Referencia 2018: Evaluaci\u00f3n de Dise\u00f1o<\/td><td class=\"column-3\"><a href=\"\/wp-content\/uploads\/sites\/77\/pdf\/evaluaciones_2018\/tdr_disenio_pae2018.pdf\" target=\"_blank\" rel=\"noopener noreferrer\"><br \/>\n    <i class=\"fa fa-download\"><\/i><br \/>\n<\/a><\/td>\n<\/tr>\n<tr class=\"row-6\">\n\t<td class=\"column-1\">5<\/td><td class=\"column-2\">T\u00e9rminos de Referencia 2018: Evaluaci\u00f3n de Diagn\u00f3stica<\/td><td class=\"column-3\"><a href=\"\/wp-content\/uploads\/sites\/77\/pdf\/evaluaciones_2018\/tdr_diagnostica_pae2018.pdf\" target=\"_blank\" rel=\"noopener noreferrer\"><br \/>\n    <i class=\"fa fa-download\"><\/i><br \/>\n<\/a><\/td>\n<\/tr>\n<tr class=\"row-7\">\n\t<td class=\"column-1\">6<\/td><td class=\"column-2\">T\u00e9rminos de Referencia 2018: Evaluaci\u00f3n Estrat\u00e9gica<\/td><td class=\"column-3\"><a href=\"\/wp-content\/uploads\/sites\/77\/pdf\/evaluaciones_2018\/tdr_estrategica_pae2018.pdf\" target=\"_blank\" rel=\"noopener noreferrer\"><br \/>\n    <i class=\"fa fa-download\"><\/i><br \/>\n<\/a><\/td>\n<\/tr>\n<tr class=\"row-8\">\n\t<td class=\"column-1\">7<\/td><td class=\"column-2\">T\u00e9rminos de Referencia 2018: Evaluaci\u00f3n de Consistencia y Resultados.<\/td><td class=\"column-3\"><a href=\"\/wp-content\/uploads\/sites\/77\/pdf\/evaluaciones_2018\/tdr_consistenciaresultados_pae2018.pdf\" target=\"_blank\" rel=\"noopener noreferrer\"><br \/>\n    <i class=\"fa fa-download\"><\/i><br \/>\n<\/a><\/td>\n<\/tr>\n<\/tbody>\n<\/table>\n<!-- #tablepress-15 from cache -->\n<h4>Evaluaciones de Dise\u00f1o<\/h4>\n\n<table id=\"tablepress-16\" class=\"tablepress tablepress-id-16\">\n<thead>\n<tr class=\"row-1\">\n\t<th class=\"column-1\">No.<\/th><th class=\"column-2\">Programa<\/th><th class=\"column-3\">Informe de Resultados<\/th><th class=\"column-4\">Fichas de Difusi\u00f3n de Resultados<\/th>\n<\/tr>\n<\/thead>\n<tbody class=\"row-striping row-hover\">\n<tr class=\"row-2\">\n\t<td class=\"column-1\">126<\/td><td class=\"column-2\">FORTALECIMIENTO Y MODERNIZACI\u00d3N DEL TRANSPORTE P\u00daBLICO Y PRIVADO EN EL ESTADO<\/td><td class=\"column-3\"><a href=\"https:\/\/www.oaxaca.gob.mx\/dgite\/wp-content\/uploads\/sites\/77\/2022\/11\/Informe_126.pdf\" target=\"_blank\" rel=\"noopener\"><br \/>\n    <i class=\"fa fa-download\"><\/i><br \/>\n<\/a><\/td><td class=\"column-4\"><a href=\"https:\/\/www.oaxaca.gob.mx\/dgite\/wp-content\/uploads\/sites\/77\/2022\/11\/Ficha_126.pdf\" target=\"_blank\" rel=\"noopener\"><br \/>\n    <i class=\"fa fa-download\"><\/i><br \/>\n<\/a><\/td>\n<\/tr>\n<tr class=\"row-3\">\n\t<td class=\"column-1\">151<\/td><td class=\"column-2\">GESTI\u00d3N INTEGRAL DE RIESGOS<\/td><td class=\"column-3\"><a href=\"https:\/\/www.oaxaca.gob.mx\/dgite\/wp-content\/uploads\/sites\/77\/2022\/11\/Informe_151.pdf\" target=\"_blank\" rel=\"noopener\"><br \/>\n    <i class=\"fa fa-download\"><\/i><br \/>\n<\/a><\/td><td class=\"column-4\"><a href=\"https:\/\/www.oaxaca.gob.mx\/dgite\/wp-content\/uploads\/sites\/77\/2022\/11\/Ficha_151.pdf\" target=\"_blank\" rel=\"noopener\"><br \/>\n    <i class=\"fa fa-download\"><\/i><br \/>\n<\/a><\/td>\n<\/tr>\n<tr class=\"row-4\">\n\t<td class=\"column-1\">160<\/td><td class=\"column-2\">CONSERVACION DE ECOSISTEMAS Y PREVENCION DEL DETERIORO AMBIENTAL<\/td><td class=\"column-3\"><a href=\"https:\/\/www.oaxaca.gob.mx\/dgite\/wp-content\/uploads\/sites\/77\/2022\/11\/Informe_160.pdf\" target=\"_blank\" rel=\"noopener\"><br \/>\n    <i class=\"fa fa-download\"><\/i><br \/>\n<\/a><\/td><td class=\"column-4\"><a href=\"https:\/\/www.oaxaca.gob.mx\/dgite\/wp-content\/uploads\/sites\/77\/2022\/11\/Ficha_160.pdf\" target=\"_blank\" rel=\"noopener\"><br \/>\n    <i class=\"fa fa-download\"><\/i><br \/>\n<\/a><\/td>\n<\/tr>\n<\/tbody>\n<\/table>\n<!-- #tablepress-16 from cache -->\n<h4>Evaluaciones Diagn\u00f3sticas<\/h4>\n\n<table id=\"tablepress-17\" class=\"tablepress tablepress-id-17\">\n<thead>\n<tr class=\"row-1\">\n\t<th class=\"column-1\">No.<\/th><th class=\"column-2\">Programa<\/th><th class=\"column-3\">Informe de Resultados<\/th><th class=\"column-4\">Fichas de Difusi\u00f3n de Resultados<\/th>\n<\/tr>\n<\/thead>\n<tbody class=\"row-striping row-hover\">\n<tr class=\"row-2\">\n\t<td class=\"column-1\">105<\/td><td class=\"column-2\">EDUCACI\u00d3N B\u00c1SICA INCLUYENTE<\/td><td class=\"column-3\"><a href=\"\/wp-content\/uploads\/sites\/77\/pdf\/evaluaciones_2018\/informes\/Evaluacion de Diagnostico\/Informe_105.pdf\" target=\"_blank\"><br \/>\n    <i class=\"fa fa-download\"><\/i><br \/>\n<\/a><\/td><td class=\"column-4\"><a href=\"\/wp-content\/uploads\/sites\/77\/pdf\/evaluaciones_2018\/anexos\/Diagnostica\/Ficha 105 F.pdf\" target=\"_blank\"><br \/>\n    <i class=\"fa fa-download\"><\/i><br \/>\n<\/a><\/td>\n<\/tr>\n<tr class=\"row-3\">\n\t<td class=\"column-1\">106<\/td><td class=\"column-2\">FORTALECIMIENTO A LA COMPETENCIA LABORAL Y EMPLEO DE CALIDAD<\/td><td class=\"column-3\"><a href=\"\/wp-content\/uploads\/sites\/77\/pdf\/evaluaciones_2018\/informes\/Evaluacion de Diagnostico\/Informe_106.pdf\" target=\"_blank\"><br \/>\n    <i class=\"fa fa-download\"><\/i><br \/>\n<\/a><\/td><td class=\"column-4\"><a href=\"\/wp-content\/uploads\/sites\/77\/pdf\/evaluaciones_2018\/anexos\/Diagnostica\/Ficha 106 F.pdf\" target=\"_blank\"><br \/>\n    <i class=\"fa fa-download\"><\/i><br \/>\n<\/a><\/td>\n<\/tr>\n<tr class=\"row-4\">\n\t<td class=\"column-1\">108<\/td><td class=\"column-2\">INFRAESTRUCTURA VIAL EN EL ESTADO DE OAXACA<\/td><td class=\"column-3\"><a href=\"\/wp-content\/uploads\/sites\/77\/pdf\/evaluaciones_2018\/informes\/Evaluacion de Diagnostico\/Informe_108.pdf\" target=\"_blank\"><br \/>\n    <i class=\"fa fa-download\"><\/i><br \/>\n<\/a><\/td><td class=\"column-4\"><a href=\"\/wp-content\/uploads\/sites\/77\/pdf\/evaluaciones_2018\/anexos\/Diagnostica\/Ficha 108 F.pdf\" target=\"_blank\"><br \/>\n    <i class=\"fa fa-download\"><\/i><br \/>\n<\/a><\/td>\n<\/tr>\n<tr class=\"row-5\">\n\t<td class=\"column-1\">122<\/td><td class=\"column-2\">MEJORAMIENTO URBANO DE LOS CENTROS DE POBLACI\u00d3N<\/td><td class=\"column-3\"><a href=\"\/wp-content\/uploads\/sites\/77\/pdf\/evaluaciones_2018\/informes\/Evaluacion de Diagnostico\/Informe_122.pdf\" target=\"_blank\"><br \/>\n    <i class=\"fa fa-download\"><\/i><br \/>\n<\/a><\/td><td class=\"column-4\"><a href=\"\/wp-content\/uploads\/sites\/77\/pdf\/evaluaciones_2018\/anexos\/Diagnostica\/Ficha 122 F.pdf\" target=\"_blank\"><br \/>\n    <i class=\"fa fa-download\"><\/i><br \/>\n<\/a><\/td>\n<\/tr>\n<tr class=\"row-6\">\n\t<td class=\"column-1\">134<\/td><td class=\"column-2\">ATENCI\u00d3N SOCIAL A GRUPOS VULNERABLES<\/td><td class=\"column-3\"><a href=\"\/wp-content\/uploads\/sites\/77\/pdf\/evaluaciones_2018\/informes\/Evaluacion de Diagnostico\/Informe_134.pdf\" target=\"_blank\"><br \/>\n    <i class=\"fa fa-download\"><\/i><br \/>\n<\/a><\/td><td class=\"column-4\"><a href=\"\/wp-content\/uploads\/sites\/77\/pdf\/evaluaciones_2018\/anexos\/Diagnostica\/Ficha 134 F.pdf\" target=\"_blank\"><br \/>\n    <i class=\"fa fa-download\"><\/i><br \/>\n<\/a><\/td>\n<\/tr>\n<tr class=\"row-7\">\n\t<td class=\"column-1\">145<\/td><td class=\"column-2\">DESARROLLO INTEGRAL E INTERCULTURAL DE LOS PUEBLOS Y COMUNIDADES IND\u00cdGENAS Y AFROMEXICANAS<\/td><td class=\"column-3\"><a href=\"\/wp-content\/uploads\/sites\/77\/pdf\/evaluaciones_2018\/informes\/Evaluacion de Diagnostico\/Informe_145.pdf\" target=\"_blank\"><br \/>\n    <i class=\"fa fa-download\"><\/i><br \/>\n<\/a><\/td><td class=\"column-4\"><a href=\"\/wp-content\/uploads\/sites\/77\/pdf\/evaluaciones_2018\/anexos\/Diagnostica\/Ficha 145 F.pdf\" target=\"_blank\"><br \/>\n    <i class=\"fa fa-download\"><\/i><br \/>\n<\/a><\/td>\n<\/tr>\n<tr class=\"row-8\">\n\t<td class=\"column-1\">146<\/td><td class=\"column-2\">AMPLIACI\u00d3N Y MEJORAMIENTO DE LOS SERVICIOS DE AGUA POTABLE, DRENAJE Y SANEAMIENTO<\/td><td class=\"column-3\"><a href=\"\/wp-content\/uploads\/sites\/77\/pdf\/evaluaciones_2018\/informes\/Evaluacion de Diagnostico\/Informe_146.pdf\" target=\"_blank\"><br \/>\n    <i class=\"fa fa-download\"><\/i><br \/>\n<\/a><\/td><td class=\"column-4\"><a href=\"\/wp-content\/uploads\/sites\/77\/pdf\/evaluaciones_2018\/anexos\/Diagnostica\/Ficha 146 F.pdf\" target=\"_blank\"><br \/>\n    <i class=\"fa fa-download\"><\/i><br \/>\n<\/a><\/td>\n<\/tr>\n<tr class=\"row-9\">\n\t<td class=\"column-1\">161<\/td><td class=\"column-2\">IMPULSO A LA ECONOM\u00cdA<\/td><td class=\"column-3\"><a href=\"\/wp-content\/uploads\/sites\/77\/pdf\/evaluaciones_2018\/informes\/Evaluacion de Diagnostico\/Informe_161.pdf\" target=\"_blank\"><br \/>\n    <i class=\"fa fa-download\"><\/i><br \/>\n<\/a><\/td><td class=\"column-4\"><a href=\"\/wp-content\/uploads\/sites\/77\/pdf\/evaluaciones_2018\/anexos\/Diagnostica\/Ficha 161 F.pdf\" target=\"_blank\"><br \/>\n    <i class=\"fa fa-download\"><\/i><br \/>\n<\/a><\/td>\n<\/tr>\n<tr class=\"row-10\">\n\t<td class=\"column-1\">169<\/td><td class=\"column-2\">PREVENCI\u00d3N Y PROMOCI\u00d3N DE LA SALUD<\/td><td class=\"column-3\"><a href=\"\/wp-content\/uploads\/sites\/77\/pdf\/evaluaciones_2018\/informes\/Evaluacion de Diagnostico\/Informe_169.pdf\" target=\"_blank\"><br \/>\n    <i class=\"fa fa-download\"><\/i><br \/>\n<\/a><\/td><td class=\"column-4\"><a href=\"\/wp-content\/uploads\/sites\/77\/pdf\/evaluaciones_2018\/anexos\/Diagnostica\/Ficha 169 F.pdf\" target=\"_blank\"><br \/>\n    <i class=\"fa fa-download\"><\/i><br \/>\n<\/a><\/td>\n<\/tr>\n<tr class=\"row-11\">\n\t<td class=\"column-1\">172<\/td><td class=\"column-2\">INCLUSI\u00d3N SOCIAL EN LA ECONOM\u00cdA<\/td><td class=\"column-3\"><a href=\"\/wp-content\/uploads\/sites\/77\/pdf\/evaluaciones_2018\/informes\/Evaluacion de Diagnostico\/Informe_172.pdf\" target=\"_blank\"><br \/>\n    <i class=\"fa fa-download\"><\/i><br \/>\n<\/a><\/td><td class=\"column-4\"><a href=\"\/wp-content\/uploads\/sites\/77\/pdf\/evaluaciones_2018\/anexos\/Diagnostica\/Ficha 172 F.pdf\" target=\"_blank\"><br \/>\n    <i class=\"fa fa-download\"><\/i><br \/>\n<\/a><\/td>\n<\/tr>\n<tr class=\"row-12\">\n\t<td class=\"column-1\">201<\/td><td class=\"column-2\">SALVAGUARDA DEL PATRIMONIO CULTURAL<\/td><td class=\"column-3\"><a href=\"\/wp-content\/uploads\/sites\/77\/pdf\/evaluaciones_2018\/informes\/Evaluacion de Diagnostico\/Informe_201.pdf\" target=\"_blank\"><br \/>\n    <i class=\"fa fa-download\"><\/i><br \/>\n<\/a><\/td><td class=\"column-4\"><a href=\"\/wp-content\/uploads\/sites\/77\/pdf\/evaluaciones_2018\/anexos\/Diagnostica\/Ficha 201 F.pdf\" target=\"_blank\"><br \/>\n    <i class=\"fa fa-download\"><\/i><br \/>\n<\/a><\/td>\n<\/tr>\n<\/tbody>\n<\/table>\n<!-- #tablepress-17 from cache -->\n<h4>Evaluaciones de Consistencia y Resultados<\/h4>\n\n<table id=\"tablepress-18\" class=\"tablepress tablepress-id-18\">\n<thead>\n<tr class=\"row-1\">\n\t<th class=\"column-1\">No.<\/th><th class=\"column-2\">Programa<\/th><th class=\"column-3\">Informe de Resultados<\/th><th class=\"column-4\">Fichas de Difusi\u00f3n de Resultados<\/th>\n<\/tr>\n<\/thead>\n<tbody class=\"row-striping row-hover\">\n<tr class=\"row-2\">\n\t<td class=\"column-1\">1<\/td><td class=\"column-2\">ESTRATEGIA DE PROTECCI\u00d3N SOCIAL EN SALUD<\/td><td class=\"column-3\"><a href=\"\/wp-content\/uploads\/sites\/77\/pdf\/evaluaciones_2018\/informes\/Consistencia y Resultados\/Estrategia_Proteccion_Social_Salud.pdf\" target=\"_blank\"><br \/>\n    <i class=\"fa fa-download\"><\/i><br \/>\n<\/a><\/td><td class=\"column-4\"><a href=\"\/wp-content\/uploads\/sites\/77\/pdf\/evaluaciones_2018\/anexos\/Consistencia\/REPSS.pdf\" target=\"_blank\"><br \/>\n    <i class=\"fa fa-download\"><\/i><br \/>\n<\/a><\/td>\n<\/tr>\n<\/tbody>\n<\/table>\n<!-- #tablepress-18 from cache -->\n<h4>Evaluaciones Estrat\u00e9gicas<\/h4>\n\n<table id=\"tablepress-19\" class=\"tablepress tablepress-id-19\">\n<thead>\n<tr class=\"row-1\">\n\t<th class=\"column-1\">No.<\/th><th class=\"column-2\">Programa<\/th><th class=\"column-3\">Informe de Resultados<\/th><th class=\"column-4\">Fichas de Difusi\u00f3n de Resultados<\/th>\n<\/tr>\n<\/thead>\n<tbody class=\"row-striping row-hover\">\n<tr class=\"row-2\">\n\t<td class=\"column-1\">1<\/td><td class=\"column-2\">POL\u00cdTICA DE DESARROLLO SOCIAL DEL ESTADO DE OAXACA<\/td><td class=\"column-3\"><a href=\"https:\/\/www.oaxaca.gob.mx\/dgite\/wp-content\/uploads\/sites\/77\/2022\/11\/Informe_PDSE.pdf\" target=\"_blank\" rel=\"noopener\"><br \/>\n    <i class=\"fa fa-download\"><\/i><br \/>\n<\/a><\/td><td class=\"column-4\"><a href=\"https:\/\/www.oaxaca.gob.mx\/dgite\/wp-content\/uploads\/sites\/77\/2022\/11\/PS.pdf\" target=\"_blank\" rel=\"noopener\"><br \/>\n    <i class=\"fa fa-download\"><\/i><br \/>\n<\/a><\/td>\n<\/tr>\n<tr class=\"row-3\">\n\t<td class=\"column-1\">2<\/td><td class=\"column-2\">INFORMES EJECUTIVOS DE CARENCIAS SOCIALES<\/td><td class=\"column-3\"><a href=\"https:\/\/www.oaxaca.gob.mx\/dgite\/wp-content\/uploads\/sites\/77\/2022\/11\/Informes_Ejecutivos_CS.zip\" target=\"_blank\" rel=\"noopener\"><br \/>\n    <i class=\"fa fa-download\"><\/i><br \/>\n<\/a><\/td><td class=\"column-4\"><a href=\"#\" target=\"_blank\" rel=\"noopener\"><br \/>\n    <i class=\"fa fa-download\"><\/i><br \/>\n<\/a><\/td>\n<\/tr>\n<\/tbody>\n<\/table>\n<!-- #tablepress-19 from cache --><\/div>\n<div id=\"collapseTres\" class=\"tab-pane fade\" role=\"tabpanel\" aria-labelledby=\"nav_tab_tresc\">\n<h4>PAE 2017<\/h4>\n\n<table id=\"tablepress-20\" class=\"tablepress tablepress-id-20\">\n<thead>\n<tr class=\"row-1\">\n\t<th class=\"column-1\">No.<\/th><th class=\"column-2\">Documento<\/th><th class=\"column-3\">Descarga<\/th>\n<\/tr>\n<\/thead>\n<tbody class=\"row-striping row-hover\">\n<tr class=\"row-2\">\n\t<td class=\"column-1\">1<\/td><td class=\"column-2\">Programa Anual de Evaluaci\u00f3n 2017<\/td><td class=\"column-3\"><a href=\"\/wp-content\/uploads\/sites\/77\/pdf\/evaluaciones_2017\/PAE2017.pdf\" target=\"_blank\" rel=\"noopener noreferrer\"><i class=\"fa fa-download\"\/><\/a><\/td>\n<\/tr>\n<tr class=\"row-3\">\n\t<td class=\"column-1\">2<\/td><td class=\"column-2\">T\u00e9rminos de Referencia 2017: Evaluaci\u00f3n de Dise\u00f1o<\/td><td class=\"column-3\"><a href=\"\/wp-content\/uploads\/sites\/77\/pdf\/evaluaciones_2017\/TdR_Evaluaci\u00f3n de Dise\u00f1o_2017.pdf\" target=\"_blank\" rel=\"noopener noreferrer\"><i class=\"fa fa-download\"\/><\/a><\/td>\n<\/tr>\n<tr class=\"row-4\">\n\t<td class=\"column-1\">3<\/td><td class=\"column-2\">T\u00e9rminos de Referencia 2017: Evaluaci\u00f3n Diagn\u00f3stica<\/td><td class=\"column-3\"><a href=\"\/wp-content\/uploads\/sites\/77\/pdf\/evaluaciones_2017\/TdR_Evaluaci\u00f3n Diagnostica_2017.pdf\" target=\"_blank\" rel=\"noopener noreferrer\"><i class=\"fa fa-download\"\/><\/a><\/td>\n<\/tr>\n<tr class=\"row-5\">\n\t<td class=\"column-1\">4<\/td><td class=\"column-2\">Reporte transversal de evaluaciones de dise\u00f1o<\/td><td class=\"column-3\"><a href=\"\/wp-content\/uploads\/sites\/77\/pdf\/evaluaciones_2017\/Reporte transversal de evaluaciones de dise\u00f1o.pdf\" target=\"_blank\" rel=\"noopener noreferrer\"><i class=\"fa fa-download\"\/><\/a><\/td>\n<\/tr>\n<tr class=\"row-6\">\n\t<td class=\"column-1\">5<\/td><td class=\"column-2\">An\u00e1lisis evaluabilidad para evaluaci\u00f3n diagn\u00f3stica<\/td><td class=\"column-3\"><a href=\"\/wp-content\/uploads\/sites\/77\/pdf\/evaluaciones_2017\/An\u00e1lisis evaluabilidad para evaluaci\u00f3n diagn\u00f3stica.pdf\" target=\"_blank\" rel=\"noopener noreferrer\"><i class=\"fa fa-download\"\/><\/a><\/td>\n<\/tr>\n<tr class=\"row-7\">\n\t<td class=\"column-1\">6<\/td><td class=\"column-2\">Reporte transversal de evaluaciones diagn\u00f3sticas<\/td><td class=\"column-3\"><a href=\"\/wp-content\/uploads\/sites\/77\/pdf\/evaluaciones_2017\/Reporte transversal de evaluaciones diagn\u00f3sticas.pdf\" target=\"_blank\" rel=\"noopener noreferrer\"><br \/>\n<i class=\"fa fa-download\"\/><\/a><\/td>\n<\/tr>\n<\/tbody>\n<\/table>\n<!-- #tablepress-20 from cache -->\n<h4>Evaluaciones de Dise\u00f1o<\/h4>\n\n<table id=\"tablepress-21\" class=\"tablepress tablepress-id-21\">\n<thead>\n<tr class=\"row-1\">\n\t<th class=\"column-1\">No.<\/th><th class=\"column-2\">Programa<\/th><th class=\"column-3\">Informe de Resultados<\/th><th class=\"column-4\">Fichas de Difusi\u00f3n de Resultados<\/th>\n<\/tr>\n<\/thead>\n<tbody class=\"row-striping row-hover\">\n<tr class=\"row-2\">\n\t<td class=\"column-1\">105<\/td><td class=\"column-2\">EDUCACION BASICA INCLUYENTE<\/td><td class=\"column-3\"><a href=\"\/wp-content\/uploads\/sites\/77\/pdf\/evaluaciones_2017\/informes\/Informe 105.pdf\" target=\"_blank\"><i class=\"fa fa-download\"\/><\/a><\/td><td class=\"column-4\"><a href=\"\/wp-content\/uploads\/sites\/77\/pdf\/evaluaciones_2017\/anexos\/Evaluaci\u00f3n de Dise\u00f1o\/Ficha 105.pdf\" target=\"_blank\"><i class=\"fa fa-download\"\/><\/a><\/td>\n<\/tr>\n<tr class=\"row-3\">\n\t<td class=\"column-1\">109<\/td><td class=\"column-2\">DESARROLLO AGR\u00cdCOLA<\/td><td class=\"column-3\"><a href=\"\/wp-content\/uploads\/sites\/77\/pdf\/evaluaciones_2017\/informes\/Informe 109.pdf\" target=\"_blank\"><i class=\"fa fa-download\"\/><\/a><\/td><td class=\"column-4\"><a href=\"\/wp-content\/uploads\/sites\/77\/pdf\/evaluaciones_2017\/anexos\/Evaluaci\u00f3n de Dise\u00f1o\/Ficha 109.pdf\" target=\"_blank\"><i class=\"fa fa-download\"\/><\/a><\/td>\n<\/tr>\n<tr class=\"row-4\">\n\t<td class=\"column-1\">132<\/td><td class=\"column-2\">FORMACI\u00d3N CON CALIDAD EN LA EDUCACI\u00d3N MEDIA SUPERIOR<\/td><td class=\"column-3\"><a href=\"\/wp-content\/uploads\/sites\/77\/pdf\/evaluaciones_2017\/informes\/Informe 132.pdf\" target=\"_blank\"><i class=\"fa fa-download\"\/><\/a><\/td><td class=\"column-4\"><a href=\"\/wp-content\/uploads\/sites\/77\/pdf\/evaluaciones_2017\/anexos\/Evaluaci\u00f3n de Dise\u00f1o\/Ficha 132.pdf\" target=\"_blank\"><i class=\"fa fa-download\"\/><\/a><\/td>\n<\/tr>\n<tr class=\"row-5\">\n\t<td class=\"column-1\">152<\/td><td class=\"column-2\">PROMOCI\u00d3N Y FOMENTO DE LAS POL\u00cdTICAS P\u00daBLICAS IGUALITARIAS PARA MUJERES Y HOMBRES<\/td><td class=\"column-3\"><a href=\"\/wp-content\/uploads\/sites\/77\/pdf\/evaluaciones_2017\/informes\/Informe 152.pdf\" target=\"_blank\"><i class=\"fa fa-download\"\/><\/a><\/td><td class=\"column-4\"><a href=\"\/wp-content\/uploads\/sites\/77\/pdf\/evaluaciones_2017\/anexos\/Evaluaci\u00f3n de Dise\u00f1o\/Ficha 152.pdf\" target=\"_blank\"><i class=\"fa fa-download\"\/><\/a><\/td>\n<\/tr>\n<tr class=\"row-6\">\n\t<td class=\"column-1\">212<\/td><td class=\"column-2\">ECONOM\u00cdA SOCIAL INCLUYENTE - CR\u00c9DITO A LA PABRA DE LA MUJER<\/td><td class=\"column-3\"><a href=\"\/wp-content\/uploads\/sites\/77\/pdf\/evaluaciones_2017\/informes\/Informe 161.pdf\" target=\"_blank\"><i class=\"fa fa-download\"\/><\/a><\/td><td class=\"column-4\"><a href=\"\/wp-content\/uploads\/sites\/77\/pdf\/evaluaciones_2017\/anexos\/Evaluaci\u00f3n de Dise\u00f1o\/Ficha 161.pdf\" target=\"_blank\"><i class=\"fa fa-download\"\/><\/a><\/td>\n<\/tr>\n<tr class=\"row-7\">\n\t<td class=\"column-1\">161<\/td><td class=\"column-2\">FORTALECIMIENTO EMPRESARIAL<\/td><td class=\"column-3\"><a href=\"\/wp-content\/uploads\/sites\/77\/pdf\/evaluaciones_2017\/informes\/Informe 212.pdf\" target=\"_blank\"><i class=\"fa fa-download\"\/><\/a><\/td><td class=\"column-4\"><a href=\"\/wp-content\/uploads\/sites\/77\/pdf\/evaluaciones_2017\/anexos\/Evaluaci\u00f3n de Dise\u00f1o\/Ficha 212.pdf\" target=\"_blank\"><i class=\"fa fa-download\"\/><\/a><\/td>\n<\/tr>\n<\/tbody>\n<\/table>\n<!-- #tablepress-21 from cache -->\n<h4>Evaluaciones Diagn\u00f3sticas<\/h4>\n\n<table id=\"tablepress-22\" class=\"tablepress tablepress-id-22\">\n<thead>\n<tr class=\"row-1\">\n\t<th class=\"column-1\">No.<\/th><th class=\"column-2\">Programa<\/th><th class=\"column-3\">Informe de Resultados<\/th><th class=\"column-4\">Fichas de Difusi\u00f3n de Resultados<\/th>\n<\/tr>\n<\/thead>\n<tbody class=\"row-striping row-hover\">\n<tr class=\"row-2\">\n\t<td class=\"column-1\">101<\/td><td class=\"column-2\">FORTALECIMIENTO A LA VIVIENDA<\/td><td class=\"column-3\"><a href=\"\/wp-content\/uploads\/sites\/77\/pdf\/evaluaciones_2017\/informes\/Reporte 101.pdf\" target=\"_blank\" rel=\"noopener\"><br \/>\n<i class=\"fa fa-download\" \/><\/a><\/td><td class=\"column-4\"><a href=\"\/wp-content\/uploads\/sites\/77\/pdf\/evaluaciones_2017\/anexos\/Evaluaci\u00f3n Diagn\u00f3stica\/Ficha 101.pdf\" target=\"_blank\" rel=\"noopener\"><i class=\"fa fa-download\" \/><\/a><\/td>\n<\/tr>\n<tr class=\"row-3\">\n\t<td class=\"column-1\">102<\/td><td class=\"column-2\">GOBERNABILIDAD DEMOCRATICA<\/td><td class=\"column-3\">                <a href=\"\/wp-content\/uploads\/sites\/77\/pdf\/evaluaciones_2017\/informes\/Reporte 102.pdf\" target=\"_blank\" rel=\"noopener\"><br \/>\n                    <i class=\"fa fa-download\" \/><br \/>\n                <\/a><\/td><td class=\"column-4\">                <a href=\"\/wp-content\/uploads\/sites\/77\/pdf\/evaluaciones_2017\/anexos\/Evaluaci\u00f3n Diagn\u00f3stica\/Ficha 102.pdf\" target=\"_blank\" rel=\"noopener\"><br \/>\n                    <i class=\"fa fa-download\" \/><br \/>\n                <\/a><\/td>\n<\/tr>\n<tr class=\"row-4\">\n\t<td class=\"column-1\">103<\/td><td class=\"column-2\">PROMOCION TURISTICA<\/td><td class=\"column-3\">                <a href=\"\/wp-content\/uploads\/sites\/77\/pdf\/evaluaciones_2017\/informes\/Reporte 103.pdf\" target=\"_blank\" rel=\"noopener\"><br \/>\n                    <i class=\"fa fa-download\" \/><br \/>\n                <\/a><\/td><td class=\"column-4\">                <a href=\"\/wp-content\/uploads\/sites\/77\/pdf\/evaluaciones_2017\/anexos\/Evaluaci\u00f3n Diagn\u00f3stica\/Ficha 103.pdf\" target=\"_blank\" rel=\"noopener\"><br \/>\n                    <i class=\"fa fa-download\" \/><br \/>\n                <\/a><\/td>\n<\/tr>\n<tr class=\"row-5\">\n\t<td class=\"column-1\">104<\/td><td class=\"column-2\">INVESTIGACI\u00d3N CIENT\u00cdFICA Y TECNOL\u00d3GICA<\/td><td class=\"column-3\">                <a href=\"\/wp-content\/uploads\/sites\/77\/pdf\/evaluaciones_2017\/informes\/Reporte 104.pdf\" target=\"_blank\" rel=\"noopener\"><br \/>\n                    <i class=\"fa fa-download\" \/><br \/>\n                <\/a><\/td><td class=\"column-4\">                <a href=\"\/wp-content\/uploads\/sites\/77\/pdf\/evaluaciones_2017\/anexos\/Evaluaci\u00f3n Diagn\u00f3stica\/Ficha 104.pdf\" target=\"_blank\" rel=\"noopener\"><br \/>\n                    <i class=\"fa fa-download\" \/><br \/>\n                <\/a><\/td>\n<\/tr>\n<tr class=\"row-6\">\n\t<td class=\"column-1\">105<\/td><td class=\"column-2\">EDUCACION BASICA INCLUYENTE<\/td><td class=\"column-3\">                <a href=\"\/wp-content\/uploads\/sites\/77\/pdf\/evaluaciones_2017\/informes\/Reporte 105.pdf\" target=\"_blank\" rel=\"noopener\"><br \/>\n                    <i class=\"fa fa-download\" \/><br \/>\n                <\/a><\/td><td class=\"column-4\">                <a href=\"\/wp-content\/uploads\/sites\/77\/pdf\/evaluaciones_2017\/anexos\/Evaluaci\u00f3n Diagn\u00f3stica\/Ficha 105.pdf\" target=\"_blank\" rel=\"noopener\"><br \/>\n                    <i class=\"fa fa-download\" \/><br \/>\n                <\/a><\/td>\n<\/tr>\n<tr class=\"row-7\">\n\t<td class=\"column-1\">106<\/td><td class=\"column-2\">CAPACITACION Y PROFESIONALIZACION PARA Y EN EL TRABAJO<\/td><td class=\"column-3\">                <a href=\"\/wp-content\/uploads\/sites\/77\/pdf\/evaluaciones_2017\/informes\/Reporte 106.pdf\" target=\"_blank\" rel=\"noopener\"><br \/>\n                    <i class=\"fa fa-download\" \/><br \/>\n                <\/a><\/td><td class=\"column-4\">                <a href=\"\/wp-content\/uploads\/sites\/77\/pdf\/evaluaciones_2017\/anexos\/Evaluaci\u00f3n Diagn\u00f3stica\/Ficha 106.pdf\" target=\"_blank\" rel=\"noopener\"><br \/>\n                    <i class=\"fa fa-download\" \/><br \/>\n                <\/a><\/td>\n<\/tr>\n<tr class=\"row-8\">\n\t<td class=\"column-1\">108<\/td><td class=\"column-2\">AMPLIACION Y MEJORA DE CAMINOS RURALES<\/td><td class=\"column-3\">                <a href=\"\/wp-content\/uploads\/sites\/77\/pdf\/evaluaciones_2017\/informes\/Reporte 108.pdf\" target=\"_blank\" rel=\"noopener\"><br \/>\n                    <i class=\"fa fa-download\" \/><br \/>\n                <\/a><\/td><td class=\"column-4\">                <a href=\"\/wp-content\/uploads\/sites\/77\/pdf\/evaluaciones_2017\/anexos\/Evaluaci\u00f3n Diagn\u00f3stica\/Ficha 108.pdf\" target=\"_blank\" rel=\"noopener\"><br \/>\n                    <i class=\"fa fa-download\" \/><br \/>\n                <\/a><\/td>\n<\/tr>\n<tr class=\"row-9\">\n\t<td class=\"column-1\">109<\/td><td class=\"column-2\">DESARROLLO AGRICOLA<\/td><td class=\"column-3\">                <a href=\"\/wp-content\/uploads\/sites\/77\/pdf\/evaluaciones_2017\/informes\/Reporte 109.pdf\" target=\"_blank\" rel=\"noopener\"><br \/>\n                    <i class=\"fa fa-download\" \/><br \/>\n                <\/a><\/td><td class=\"column-4\">                <a href=\"\/wp-content\/uploads\/sites\/77\/pdf\/evaluaciones_2017\/anexos\/Evaluaci\u00f3n Diagn\u00f3stica\/Ficha 109.pdf\" target=\"_blank\" rel=\"noopener\"><br \/>\n                    <i class=\"fa fa-download\" \/><br \/>\n                <\/a><\/td>\n<\/tr>\n<tr class=\"row-10\">\n\t<td class=\"column-1\">110<\/td><td class=\"column-2\">DESARROLLO PECUARIO<\/td><td class=\"column-3\">                <a href=\"\/wp-content\/uploads\/sites\/77\/pdf\/evaluaciones_2017\/informes\/Reporte 110.pdf\" target=\"_blank\" rel=\"noopener\"><br \/>\n                    <i class=\"fa fa-download\" \/><br \/>\n                <\/a><\/td><td class=\"column-4\">                <a href=\"\/wp-content\/uploads\/sites\/77\/pdf\/evaluaciones_2017\/anexos\/Evaluaci\u00f3n Diagn\u00f3stica\/Ficha 110.pdf\" target=\"_blank\" rel=\"noopener\"><br \/>\n                    <i class=\"fa fa-download\" \/><br \/>\n                <\/a><\/td>\n<\/tr>\n<tr class=\"row-11\">\n\t<td class=\"column-1\">111<\/td><td class=\"column-2\">DESARROLLO ACUICOLA Y PESQUERO<\/td><td class=\"column-3\">                <a href=\"\/wp-content\/uploads\/sites\/77\/pdf\/evaluaciones_2017\/informes\/Reporte 111.pdf\" target=\"_blank\" rel=\"noopener\"><br \/>\n                    <i class=\"fa fa-download\" \/><br \/>\n                <\/a><\/td><td class=\"column-4\">                <a href=\"\/wp-content\/uploads\/sites\/77\/pdf\/evaluaciones_2017\/anexos\/Evaluaci\u00f3n Diagn\u00f3stica\/Ficha 111.pdf\" target=\"_blank\" rel=\"noopener\"><br \/>\n                    <i class=\"fa fa-download\" \/><br \/>\n                <\/a><\/td>\n<\/tr>\n<tr class=\"row-12\">\n\t<td class=\"column-1\">113<\/td><td class=\"column-2\">AUTOEMPLEO Y FORMALIDAD LABORAL<\/td><td class=\"column-3\">                <a href=\"\/wp-content\/uploads\/sites\/77\/pdf\/evaluaciones_2017\/informes\/Reporte 113.pdf\" target=\"_blank\" rel=\"noopener\"><br \/>\n                    <i class=\"fa fa-download\" \/><br \/>\n                <\/a><\/td><td class=\"column-4\">                <a href=\"\/wp-content\/uploads\/sites\/77\/pdf\/evaluaciones_2017\/anexos\/Evaluaci\u00f3n Diagn\u00f3stica\/Ficha 113.pdf\" target=\"_blank\" rel=\"noopener\"><br \/>\n                    <i class=\"fa fa-download\" \/><br \/>\n                <\/a><\/td>\n<\/tr>\n<tr class=\"row-13\">\n\t<td class=\"column-1\">114<\/td><td class=\"column-2\">PROFESIONALIZACION DE LAS INSTITUCIONES DE SEGURIDAD PUBLICA<\/td><td class=\"column-3\">                <a href=\"\/wp-content\/uploads\/sites\/77\/pdf\/evaluaciones_2017\/informes\/Reporte 114.pdf\" target=\"_blank\" rel=\"noopener\"><br \/>\n                    <i class=\"fa fa-download\" \/><br \/>\n                <\/a><\/td><td class=\"column-4\">                <a href=\"\/wp-content\/uploads\/sites\/77\/pdf\/evaluaciones_2017\/anexos\/Evaluaci\u00f3n Diagn\u00f3stica\/Ficha 114.pdf\" target=\"_blank\" rel=\"noopener\"><br \/>\n                    <i class=\"fa fa-download\" \/><br \/>\n                <\/a><\/td>\n<\/tr>\n<tr class=\"row-14\">\n\t<td class=\"column-1\">115<\/td><td class=\"column-2\">EVALUACION Y CERTIFICACION POLICIAL<\/td><td class=\"column-3\">                <a href=\"\/wp-content\/uploads\/sites\/77\/pdf\/evaluaciones_2017\/informes\/Reporte 115.pdf\" target=\"_blank\" rel=\"noopener\"><br \/>\n                    <i class=\"fa fa-download\" \/><br \/>\n                <\/a><\/td><td class=\"column-4\">                <a href=\"\/wp-content\/uploads\/sites\/77\/pdf\/evaluaciones_2017\/anexos\/Evaluaci\u00f3n Diagn\u00f3stica\/Ficha 115.pdf\" target=\"_blank\" rel=\"noopener\"><br \/>\n                    <i class=\"fa fa-download\" \/><br \/>\n                <\/a><\/td>\n<\/tr>\n<tr class=\"row-15\">\n\t<td class=\"column-1\">116<\/td><td class=\"column-2\">AMPLIACION Y MEJORA DE CARRETERAS ALIMENTADORAS<\/td><td class=\"column-3\">                <a href=\"\/wp-content\/uploads\/sites\/77\/pdf\/evaluaciones_2017\/informes\/Reporte 116.pdf\" target=\"_blank\" rel=\"noopener\"><br \/>\n                    <i class=\"fa fa-download\" \/><br \/>\n                <\/a><\/td><td class=\"column-4\">                <a href=\"\/wp-content\/uploads\/sites\/77\/pdf\/evaluaciones_2017\/anexos\/Evaluaci\u00f3n Diagn\u00f3stica\/Ficha 116.pdf\" target=\"_blank\" rel=\"noopener\"><br \/>\n                    <i class=\"fa fa-download\" \/><br \/>\n                <\/a><\/td>\n<\/tr>\n<tr class=\"row-16\">\n\t<td class=\"column-1\">120<\/td><td class=\"column-2\">PREVENCION, SEGURIDAD Y PROTECCION PUBLICA<\/td><td class=\"column-3\">                <a href=\"\/wp-content\/uploads\/sites\/77\/pdf\/evaluaciones_2017\/informes\/Reporte 120.pdf\" target=\"_blank\" rel=\"noopener\"><br \/>\n                    <i class=\"fa fa-download\" \/><br \/>\n                <\/a><\/td><td class=\"column-4\">                <a href=\"\/wp-content\/uploads\/sites\/77\/pdf\/evaluaciones_2017\/anexos\/Evaluaci\u00f3n Diagn\u00f3stica\/Ficha 120.pdf\" target=\"_blank\" rel=\"noopener\"><br \/>\n                    <i class=\"fa fa-download\" \/><br \/>\n                <\/a><\/td>\n<\/tr>\n<tr class=\"row-17\">\n\t<td class=\"column-1\">121<\/td><td class=\"column-2\">FORTALECIMIENTO DEL SISTEMA PENITENCIARIO<\/td><td class=\"column-3\">                <a href=\"\/wp-content\/uploads\/sites\/77\/pdf\/evaluaciones_2017\/informes\/Reporte 121.pdf\" target=\"_blank\" rel=\"noopener\"><br \/>\n                    <i class=\"fa fa-download\" \/><br \/>\n                <\/a><\/td><td class=\"column-4\">                <a href=\"\/wp-content\/uploads\/sites\/77\/pdf\/evaluaciones_2017\/anexos\/Evaluaci\u00f3n Diagn\u00f3stica\/Ficha 121.pdf\" target=\"_blank\" rel=\"noopener\"><br \/>\n                    <i class=\"fa fa-download\" \/><br \/>\n                <\/a><\/td>\n<\/tr>\n<tr class=\"row-18\">\n\t<td class=\"column-1\">122<\/td><td class=\"column-2\">MEJORAMIENTO URBANO DE LOS CENTROS DE POBLACION<\/td><td class=\"column-3\">                <a href=\"\/wp-content\/uploads\/sites\/77\/pdf\/evaluaciones_2017\/informes\/Reporte 122.pdf\" target=\"_blank\" rel=\"noopener\"><br \/>\n                    <i class=\"fa fa-download\" \/><br \/>\n                <\/a><\/td><td class=\"column-4\">                <a href=\"\/wp-content\/uploads\/sites\/77\/pdf\/evaluaciones_2017\/anexos\/Evaluaci\u00f3n Diagn\u00f3stica\/Ficha 122.pdf\" target=\"_blank\" rel=\"noopener\"><br \/>\n                    <i class=\"fa fa-download\" \/><br \/>\n                <\/a><\/td>\n<\/tr>\n<tr class=\"row-19\">\n\t<td class=\"column-1\">123<\/td><td class=\"column-2\">PROCESOS ELECTORALES Y MECANISMOS DE PARTICIPACION CIUDADANA<\/td><td class=\"column-3\">                <a href=\"\/wp-content\/uploads\/sites\/77\/pdf\/evaluaciones_2017\/informes\/Reporte 123.pdf\" target=\"_blank\" rel=\"noopener\"><br \/>\n                    <i class=\"fa fa-download\" \/><br \/>\n                <\/a><\/td><td class=\"column-4\">                <a href=\"\/wp-content\/uploads\/sites\/77\/pdf\/evaluaciones_2017\/anexos\/Evaluaci\u00f3n Diagn\u00f3stica\/Ficha 123.pdf\" target=\"_blank\" rel=\"noopener\"><br \/>\n                    <i class=\"fa fa-download\" \/><br \/>\n                <\/a><\/td>\n<\/tr>\n<tr class=\"row-20\">\n\t<td class=\"column-1\">125<\/td><td class=\"column-2\">EDUCACION PARA JOVENES Y ADULTOS Y DESARROLLO DE COMPETENCIAS PARA EL TRABAJO<\/td><td class=\"column-3\">                <a href=\"\/wp-content\/uploads\/sites\/77\/pdf\/evaluaciones_2017\/informes\/Reporte 125.pdf\" target=\"_blank\" rel=\"noopener\"><br \/>\n                    <i class=\"fa fa-download\" \/><br \/>\n                <\/a><\/td><td class=\"column-4\">                <a href=\"\/wp-content\/uploads\/sites\/77\/pdf\/evaluaciones_2017\/anexos\/Evaluaci\u00f3n Diagn\u00f3stica\/Ficha 125.pdf\" target=\"_blank\" rel=\"noopener\"><br \/>\n                    <i class=\"fa fa-download\" \/><br \/>\n                <\/a><\/td>\n<\/tr>\n<tr class=\"row-21\">\n\t<td class=\"column-1\">126<\/td><td class=\"column-2\">FORTALECIMIENTO Y MODERNIZACION DEL TRANSPORTE PUBLICO Y PRIVADO DEL ESTADO<\/td><td class=\"column-3\">                <a href=\"\/wp-content\/uploads\/sites\/77\/pdf\/evaluaciones_2017\/informes\/Reporte 126.pdf\" target=\"_blank\" rel=\"noopener\"><br \/>\n                    <i class=\"fa fa-download\" \/><br \/>\n                <\/a><\/td><td class=\"column-4\">                <a href=\"\/wp-content\/uploads\/sites\/77\/pdf\/evaluaciones_2017\/anexos\/Evaluaci\u00f3n Diagn\u00f3stica\/Ficha 126.pdf\" target=\"_blank\" rel=\"noopener\"><br \/>\n                    <i class=\"fa fa-download\" \/><br \/>\n                <\/a><\/td>\n<\/tr>\n<tr class=\"row-22\">\n\t<td class=\"column-1\">127<\/td><td class=\"column-2\">INCREMENTO DE LA OFERTA EDUCATIVA SUPERIOR<\/td><td class=\"column-3\">                <a href=\"\/wp-content\/uploads\/sites\/77\/pdf\/evaluaciones_2017\/informes\/Reporte 127.pdf\" target=\"_blank\" rel=\"noopener\"><br \/>\n                    <i class=\"fa fa-download\" \/><br \/>\n                <\/a><\/td><td class=\"column-4\">                <a href=\"\/wp-content\/uploads\/sites\/77\/pdf\/evaluaciones_2017\/anexos\/Evaluaci\u00f3n Diagn\u00f3stica\/Ficha 127.pdf\" target=\"_blank\" rel=\"noopener\"><br \/>\n                    <i class=\"fa fa-download\" \/><br \/>\n                <\/a><\/td>\n<\/tr>\n<tr class=\"row-23\">\n\t<td class=\"column-1\">129<\/td><td class=\"column-2\">FORTALECIMIENTO DE RECURSOS HUMANOS Y MODERNIZACION ADMINISTRATIVA<\/td><td class=\"column-3\">                <a href=\"\/wp-content\/uploads\/sites\/77\/pdf\/evaluaciones_2017\/informes\/Reporte 129.pdf\" target=\"_blank\" rel=\"noopener\"><br \/>\n                    <i class=\"fa fa-download\" \/><br \/>\n                <\/a><\/td><td class=\"column-4\">                <a href=\"\/wp-content\/uploads\/sites\/77\/pdf\/evaluaciones_2017\/anexos\/Evaluaci\u00f3n Diagn\u00f3stica\/Ficha 129.pdf\" target=\"_blank\" rel=\"noopener\"><br \/>\n                    <i class=\"fa fa-download\" \/><br \/>\n                <\/a><\/td>\n<\/tr>\n<tr class=\"row-24\">\n\t<td class=\"column-1\">131<\/td><td class=\"column-2\">IMPARTICION DE JUSTICIA<\/td><td class=\"column-3\">                <a href=\"\/wp-content\/uploads\/sites\/77\/pdf\/evaluaciones_2017\/informes\/Reporte 131.pdf\" target=\"_blank\" rel=\"noopener\"><br \/>\n                    <i class=\"fa fa-download\" \/><br \/>\n                <\/a><\/td><td class=\"column-4\">                <a href=\"\/wp-content\/uploads\/sites\/77\/pdf\/evaluaciones_2017\/anexos\/Evaluaci\u00f3n Diagn\u00f3stica\/Ficha 131.pdf\" target=\"_blank\" rel=\"noopener\"><br \/>\n                    <i class=\"fa fa-download\" \/><br \/>\n                <\/a><\/td>\n<\/tr>\n<tr class=\"row-25\">\n\t<td class=\"column-1\">132<\/td><td class=\"column-2\">FORMACION CON CALIDAD EN LA EDUCACION MEDIA SUPERIOR<\/td><td class=\"column-3\">                <a href=\"\/wp-content\/uploads\/sites\/77\/pdf\/evaluaciones_2017\/informes\/Reporte 132.pdf\" target=\"_blank\" rel=\"noopener\"><br \/>\n                    <i class=\"fa fa-download\" \/><br \/>\n                <\/a><\/td><td class=\"column-4\">                <a href=\"\/wp-content\/uploads\/sites\/77\/pdf\/evaluaciones_2017\/anexos\/Evaluaci\u00f3n Diagn\u00f3stica\/Ficha 132.pdf\" target=\"_blank\" rel=\"noopener\"><br \/>\n                    <i class=\"fa fa-download\" \/><br \/>\n                <\/a><\/td>\n<\/tr>\n<tr class=\"row-26\">\n\t<td class=\"column-1\">133<\/td><td class=\"column-2\">FISCALIZACION DE LOS RECURSOS PUBLICOS<\/td><td class=\"column-3\">                <a href=\"\/wp-content\/uploads\/sites\/77\/pdf\/evaluaciones_2017\/informes\/Reporte 133.pdf\" target=\"_blank\" rel=\"noopener\"><br \/>\n                    <i class=\"fa fa-download\" \/><br \/>\n                <\/a><\/td><td class=\"column-4\">                <a href=\"\/wp-content\/uploads\/sites\/77\/pdf\/evaluaciones_2017\/anexos\/Evaluaci\u00f3n Diagn\u00f3stica\/Ficha 133.pdf\" target=\"_blank\" rel=\"noopener\"><br \/>\n                    <i class=\"fa fa-download\" \/><br \/>\n                <\/a><\/td>\n<\/tr>\n<tr class=\"row-27\">\n\t<td class=\"column-1\">134<\/td><td class=\"column-2\">ATENCION REGIONAL A GRUPOS EN VULNERABILIDAD<\/td><td class=\"column-3\">                <a href=\"\/wp-content\/uploads\/sites\/77\/pdf\/evaluaciones_2017\/informes\/Reporte 134.pdf\" target=\"_blank\" rel=\"noopener\"><br \/>\n                    <i class=\"fa fa-download\" \/><br \/>\n                <\/a><\/td><td class=\"column-4\">                <a href=\"\/wp-content\/uploads\/sites\/77\/pdf\/evaluaciones_2017\/anexos\/Evaluaci\u00f3n Diagn\u00f3stica\/Ficha 134.pdf\" target=\"_blank\" rel=\"noopener\"><br \/>\n                    <i class=\"fa fa-download\" \/><br \/>\n                <\/a><\/td>\n<\/tr>\n<tr class=\"row-28\">\n\t<td class=\"column-1\">137<\/td><td class=\"column-2\">AMPLIACION Y MEJORAMIENTO DE LA COBERTURA ELECTRICA<\/td><td class=\"column-3\">                <a href=\"\/wp-content\/uploads\/sites\/77\/pdf\/evaluaciones_2017\/informes\/Reporte 137.pdf\" target=\"_blank\" rel=\"noopener\"><br \/>\n                    <i class=\"fa fa-download\" \/><br \/>\n                <\/a><\/td><td class=\"column-4\">                <a href=\"\/wp-content\/uploads\/sites\/77\/pdf\/evaluaciones_2017\/anexos\/Evaluaci\u00f3n Diagn\u00f3stica\/Ficha 137.pdf\" target=\"_blank\" rel=\"noopener\"><br \/>\n                    <i class=\"fa fa-download\" \/><br \/>\n                <\/a><\/td>\n<\/tr>\n<tr class=\"row-29\">\n\t<td class=\"column-1\">138<\/td><td class=\"column-2\">ATENCION JURIDICA-ADMINISTRATIVA A LA POBLACION MIGRANTE Y SUS FAMILIAS<\/td><td class=\"column-3\">                <a href=\"\/wp-content\/uploads\/sites\/77\/pdf\/evaluaciones_2017\/informes\/Reporte 138.pdf\" target=\"_blank\" rel=\"noopener\"><br \/>\n                    <i class=\"fa fa-download\" \/><br \/>\n                <\/a><\/td><td class=\"column-4\">                <a href=\"\/wp-content\/uploads\/sites\/77\/pdf\/evaluaciones_2017\/anexos\/Evaluaci\u00f3n Diagn\u00f3stica\/Ficha 138.pdf\" target=\"_blank\" rel=\"noopener\"><br \/>\n                    <i class=\"fa fa-download\" \/><br \/>\n                <\/a><\/td>\n<\/tr>\n<tr class=\"row-30\">\n\t<td class=\"column-1\">139<\/td><td class=\"column-2\">FORMACION PROFESIONAL Y POSGRADO<\/td><td class=\"column-3\">                <a href=\"\/wp-content\/uploads\/sites\/77\/pdf\/evaluaciones_2017\/informes\/Reporte 139.pdf\" target=\"_blank\" rel=\"noopener\"><br \/>\n                    <i class=\"fa fa-download\" \/><br \/>\n                <\/a><\/td><td class=\"column-4\">                <a href=\"\/wp-content\/uploads\/sites\/77\/pdf\/evaluaciones_2017\/anexos\/Evaluaci\u00f3n Diagn\u00f3stica\/Ficha 139.pdf\" target=\"_blank\" rel=\"noopener\"><br \/>\n                    <i class=\"fa fa-download\" \/><br \/>\n                <\/a><\/td>\n<\/tr>\n<tr class=\"row-31\">\n\t<td class=\"column-1\">140<\/td><td class=\"column-2\">EFICIENCIA EN LA CAPTACION Y ADMINISTRACION DE INGRESOS<\/td><td class=\"column-3\">                <a href=\"\/wp-content\/uploads\/sites\/77\/pdf\/evaluaciones_2017\/informes\/Reporte 140.pdf\" target=\"_blank\" rel=\"noopener\"><br \/>\n                    <i class=\"fa fa-download\" \/><br \/>\n                <\/a><\/td><td class=\"column-4\">                <a href=\"\/wp-content\/uploads\/sites\/77\/pdf\/evaluaciones_2017\/anexos\/Evaluaci\u00f3n Diagn\u00f3stica\/Ficha 140.pdf\" target=\"_blank\" rel=\"noopener\"><br \/>\n                    <i class=\"fa fa-download\" \/><br \/>\n                <\/a><\/td>\n<\/tr>\n<tr class=\"row-32\">\n\t<td class=\"column-1\">143<\/td><td class=\"column-2\">SEGURIDAD Y BIENESTAR SOCIAL PARA LOS TRABAJADORES, JUBILADOS, PENSIONADOS, PENSIONISTAS E INTEGRANTES DE LAS INSTITUCIONES POLICIALES DEL GOBIERNO DEL ESTADO<\/td><td class=\"column-3\">                <a href=\"\/wp-content\/uploads\/sites\/77\/pdf\/evaluaciones_2017\/informes\/Reporte 143.pdf\" target=\"_blank\" rel=\"noopener\"><br \/>\n                    <i class=\"fa fa-download\" \/><br \/>\n                <\/a><\/td><td class=\"column-4\">                <a href=\"\/wp-content\/uploads\/sites\/77\/pdf\/evaluaciones_2017\/anexos\/Evaluaci\u00f3n Diagn\u00f3stica\/Ficha 143.pdf\" target=\"_blank\" rel=\"noopener\"><br \/>\n                    <i class=\"fa fa-download\" \/><br \/>\n                <\/a><\/td>\n<\/tr>\n<tr class=\"row-33\">\n\t<td class=\"column-1\">145<\/td><td class=\"column-2\">DESARROLLO INTEGRAL DE LOS PUEBLOS Y COMUNIDADES INDIGENAS Y AFROMEXICANAS<\/td><td class=\"column-3\">                <a href=\"\/wp-content\/uploads\/sites\/77\/pdf\/evaluaciones_2017\/informes\/Reporte 145.pdf\" target=\"_blank\" rel=\"noopener\"><br \/>\n                    <i class=\"fa fa-download\" \/><br \/>\n                <\/a><\/td><td class=\"column-4\">                <a href=\"\/wp-content\/uploads\/sites\/77\/pdf\/evaluaciones_2017\/anexos\/Evaluaci\u00f3n Diagn\u00f3stica\/Ficha 145.pdf\" target=\"_blank\" rel=\"noopener\"><br \/>\n                    <i class=\"fa fa-download\" \/><br \/>\n                <\/a><\/td>\n<\/tr>\n<tr class=\"row-34\">\n\t<td class=\"column-1\">146<\/td><td class=\"column-2\">AMPLIACION Y MEJORAMIENTO DE LA COBERTURA DE AGUA POTABLE<\/td><td class=\"column-3\">                <a href=\"\/wp-content\/uploads\/sites\/77\/pdf\/evaluaciones_2017\/informes\/Reporte 146.pdf\" target=\"_blank\" rel=\"noopener\"><br \/>\n                    <i class=\"fa fa-download\" \/><br \/>\n                <\/a><\/td><td class=\"column-4\">                <a href=\"\/wp-content\/uploads\/sites\/77\/pdf\/evaluaciones_2017\/anexos\/Evaluaci\u00f3n Diagn\u00f3stica\/Ficha 146.pdf\" target=\"_blank\" rel=\"noopener\"><br \/>\n                    <i class=\"fa fa-download\" \/><br \/>\n                <\/a><\/td>\n<\/tr>\n<tr class=\"row-35\">\n\t<td class=\"column-1\">147<\/td><td class=\"column-2\">PROMOCION, FOMENTO Y DIFUSION DE LAS DIVERSIDADES CULTURALES Y BIOCULTURALES<\/td><td class=\"column-3\">                <a href=\"\/wp-content\/uploads\/sites\/77\/pdf\/evaluaciones_2017\/informes\/Reporte 147.pdf\" target=\"_blank\" rel=\"noopener\"><br \/>\n                    <i class=\"fa fa-download\" \/><br \/>\n                <\/a><\/td><td class=\"column-4\">                <a href=\"\/wp-content\/uploads\/sites\/77\/pdf\/evaluaciones_2017\/anexos\/Evaluaci\u00f3n Diagn\u00f3stica\/Ficha 147.pdf\" target=\"_blank\" rel=\"noopener\"><br \/>\n                    <i class=\"fa fa-download\" \/><br \/>\n                <\/a><\/td>\n<\/tr>\n<tr class=\"row-36\">\n\t<td class=\"column-1\">150<\/td><td class=\"column-2\">PRODUCCION Y PRODUCTIVIDAD FORESTAL SUSTENTABLE<\/td><td class=\"column-3\">                <a href=\"\/wp-content\/uploads\/sites\/77\/pdf\/evaluaciones_2017\/informes\/Reporte 150.pdf\" target=\"_blank\" rel=\"noopener\"><br \/>\n                    <i class=\"fa fa-download\" \/><br \/>\n                <\/a><\/td><td class=\"column-4\">                <a href=\"\/wp-content\/uploads\/sites\/77\/pdf\/evaluaciones_2017\/anexos\/Evaluaci\u00f3n Diagn\u00f3stica\/Ficha 150.pdf\" target=\"_blank\" rel=\"noopener\"><br \/>\n                    <i class=\"fa fa-download\" \/><br \/>\n                <\/a><\/td>\n<\/tr>\n<tr class=\"row-37\">\n\t<td class=\"column-1\">151<\/td><td class=\"column-2\">GESTION INTEGRAL DE RIESGOS<\/td><td class=\"column-3\">                <a href=\"\/wp-content\/uploads\/sites\/77\/pdf\/evaluaciones_2017\/informes\/Reporte 151.pdf\" target=\"_blank\" rel=\"noopener\"><br \/>\n                    <i class=\"fa fa-download\" \/><br \/>\n                <\/a><\/td><td class=\"column-4\">                <a href=\"\/wp-content\/uploads\/sites\/77\/pdf\/evaluaciones_2017\/anexos\/Evaluaci\u00f3n Diagn\u00f3stica\/Ficha 151.pdf\" target=\"_blank\" rel=\"noopener\"><br \/>\n                    <i class=\"fa fa-download\" \/><br \/>\n                <\/a><\/td>\n<\/tr>\n<tr class=\"row-38\">\n\t<td class=\"column-1\">152<\/td><td class=\"column-2\">PROMOCION Y FOMENTO DE LAS POLITICAS PUBLICAS IGUALITARIAS PARA MUJERES Y HOMBRES<\/td><td class=\"column-3\">                <a href=\"\/wp-content\/uploads\/sites\/77\/pdf\/evaluaciones_2017\/informes\/Reporte 152.pdf\" target=\"_blank\" rel=\"noopener\"><br \/>\n                    <i class=\"fa fa-download\" \/><br \/>\n                <\/a><\/td><td class=\"column-4\">                <a href=\"\/wp-content\/uploads\/sites\/77\/pdf\/evaluaciones_2017\/anexos\/Evaluaci\u00f3n Diagn\u00f3stica\/Ficha 152.pdf\" target=\"_blank\" rel=\"noopener\"><br \/>\n                    <i class=\"fa fa-download\" \/><br \/>\n                <\/a><\/td>\n<\/tr>\n<tr class=\"row-39\">\n\t<td class=\"column-1\">153<\/td><td class=\"column-2\">AMPLIACION Y MEJORA DE LA COBERTURA DE SANEAMIENTO BASICO<\/td><td class=\"column-3\">                <a href=\"\/wp-content\/uploads\/sites\/77\/pdf\/evaluaciones_2017\/informes\/Reporte 153.pdf\" target=\"_blank\" rel=\"noopener\"><br \/>\n                    <i class=\"fa fa-download\" \/><br \/>\n                <\/a><\/td><td class=\"column-4\">                <a href=\"\/wp-content\/uploads\/sites\/77\/pdf\/evaluaciones_2017\/anexos\/Evaluaci\u00f3n Diagn\u00f3stica\/Ficha 153.pdf\" target=\"_blank\" rel=\"noopener\"><br \/>\n                    <i class=\"fa fa-download\" \/><br \/>\n                <\/a><\/td>\n<\/tr>\n<tr class=\"row-40\">\n\t<td class=\"column-1\">155<\/td><td class=\"column-2\">ATENCION INTEGRAL DE LOS DERECHOS HUMANOS<\/td><td class=\"column-3\">                <a href=\"\/wp-content\/uploads\/sites\/77\/pdf\/evaluaciones_2017\/informes\/Reporte 155.pdf\" target=\"_blank\" rel=\"noopener\"><br \/>\n                    <i class=\"fa fa-download\" \/><br \/>\n                <\/a><\/td><td class=\"column-4\">                <a href=\"\/wp-content\/uploads\/sites\/77\/pdf\/evaluaciones_2017\/anexos\/Evaluaci\u00f3n Diagn\u00f3stica\/Ficha 155.pdf\" target=\"_blank\" rel=\"noopener\"><br \/>\n                    <i class=\"fa fa-download\" \/><br \/>\n                <\/a><\/td>\n<\/tr>\n<tr class=\"row-41\">\n\t<td class=\"column-1\">156<\/td><td class=\"column-2\">VINCULACION DE LAS INSTITUCIONES DE EDUCACION SUPERIOR CON EL SECTOR PRODUCTIVO Y SOCIAL<\/td><td class=\"column-3\">                <a href=\"\/wp-content\/uploads\/sites\/77\/pdf\/evaluaciones_2017\/informes\/Reporte 156.pdf\" target=\"_blank\" rel=\"noopener\"><br \/>\n                    <i class=\"fa fa-download\" \/><br \/>\n                <\/a><\/td><td class=\"column-4\">                <a href=\"\/wp-content\/uploads\/sites\/77\/pdf\/evaluaciones_2017\/anexos\/Evaluaci\u00f3n Diagn\u00f3stica\/Ficha 156.pdf\" target=\"_blank\" rel=\"noopener\"><br \/>\n                    <i class=\"fa fa-download\" \/><br \/>\n                <\/a><\/td>\n<\/tr>\n<tr class=\"row-42\">\n\t<td class=\"column-1\">157<\/td><td class=\"column-2\">DERECHOS DE LOS PUEBLOS Y COMUNIDADES INDIGENAS Y AFROMEXICANAS<\/td><td class=\"column-3\">                <a href=\"\/wp-content\/uploads\/sites\/77\/pdf\/evaluaciones_2017\/informes\/Reporte 157.pdf\" target=\"_blank\" rel=\"noopener\"><br \/>\n                    <i class=\"fa fa-download\" \/><br \/>\n                <\/a><\/td><td class=\"column-4\">                <a href=\"\/wp-content\/uploads\/sites\/77\/pdf\/evaluaciones_2017\/anexos\/Evaluaci\u00f3n Diagn\u00f3stica\/Ficha 157.pdf\" target=\"_blank\" rel=\"noopener\"><br \/>\n                    <i class=\"fa fa-download\" \/><br \/>\n                <\/a><\/td>\n<\/tr>\n<tr class=\"row-43\">\n\t<td class=\"column-1\">158<\/td><td class=\"column-2\">DERECHOS DE NI\u00d1AS, NI\u00d1OS Y ADOLESCENTES<\/td><td class=\"column-3\">                <a href=\"\/wp-content\/uploads\/sites\/77\/pdf\/evaluaciones_2017\/informes\/Reporte 158.pdf\" target=\"_blank\" rel=\"noopener\"><br \/>\n                    <i class=\"fa fa-download\" \/><br \/>\n                <\/a><\/td><td class=\"column-4\">                <a href=\"\/wp-content\/uploads\/sites\/77\/pdf\/evaluaciones_2017\/anexos\/Evaluaci\u00f3n Diagn\u00f3stica\/Ficha 158.pdf\" target=\"_blank\" rel=\"noopener\"><br \/>\n                    <i class=\"fa fa-download\" \/><br \/>\n                <\/a><\/td>\n<\/tr>\n<tr class=\"row-44\">\n\t<td class=\"column-1\">159<\/td><td class=\"column-2\">ATENCION MEDICA<\/td><td class=\"column-3\">                <a href=\"\/wp-content\/uploads\/sites\/77\/pdf\/evaluaciones_2017\/informes\/Reporte 159.pdf\" target=\"_blank\" rel=\"noopener\"><br \/>\n                    <i class=\"fa fa-download\" \/><br \/>\n                <\/a><\/td><td class=\"column-4\">                <a href=\"\/wp-content\/uploads\/sites\/77\/pdf\/evaluaciones_2017\/anexos\/Evaluaci\u00f3n Diagn\u00f3stica\/Ficha 159.pdf\" target=\"_blank\" rel=\"noopener\"><br \/>\n                    <i class=\"fa fa-download\" \/><br \/>\n                <\/a><\/td>\n<\/tr>\n<tr class=\"row-45\">\n\t<td class=\"column-1\">160<\/td><td class=\"column-2\">CONSERVACION DE ECOSISTEMAS Y PREVENCION DEL DETERIORO AMBIENTAL<\/td><td class=\"column-3\">                <a href=\"\/wp-content\/uploads\/sites\/77\/pdf\/evaluaciones_2017\/informes\/Reporte 160.pdf\" target=\"_blank\" rel=\"noopener\"><br \/>\n                    <i class=\"fa fa-download\" \/><br \/>\n                <\/a><\/td><td class=\"column-4\">                <a href=\"\/wp-content\/uploads\/sites\/77\/pdf\/evaluaciones_2017\/anexos\/Evaluaci\u00f3n Diagn\u00f3stica\/Ficha 160.pdf\" target=\"_blank\" rel=\"noopener\"><br \/>\n                    <i class=\"fa fa-download\" \/><br \/>\n                <\/a><\/td>\n<\/tr>\n<tr class=\"row-46\">\n\t<td class=\"column-1\">161<\/td><td class=\"column-2\">FORTALECIMIENTO EMPRESARIAL<\/td><td class=\"column-3\">                <a href=\"\/wp-content\/uploads\/sites\/77\/pdf\/evaluaciones_2017\/informes\/Reporte 161.pdf\" target=\"_blank\" rel=\"noopener\"><br \/>\n                    <i class=\"fa fa-download\" \/><br \/>\n                <\/a><\/td><td class=\"column-4\">                <a href=\"\/wp-content\/uploads\/sites\/77\/pdf\/evaluaciones_2017\/anexos\/Evaluaci\u00f3n Diagn\u00f3stica\/Ficha 161.pdf\" target=\"_blank\" rel=\"noopener\"><br \/>\n                    <i class=\"fa fa-download\" \/><br \/>\n                <\/a><\/td>\n<\/tr>\n<tr class=\"row-47\">\n\t<td class=\"column-1\">162<\/td><td class=\"column-2\">PROCURACION GENERAL DE JUSTICIA<\/td><td class=\"column-3\">                <a href=\"\/wp-content\/uploads\/sites\/77\/pdf\/evaluaciones_2017\/informes\/Reporte 162.pdf\" target=\"_blank\" rel=\"noopener\"><br \/>\n                    <i class=\"fa fa-download\" \/><br \/>\n                <\/a><\/td><td class=\"column-4\">                <a href=\"\/wp-content\/uploads\/sites\/77\/pdf\/evaluaciones_2017\/anexos\/Evaluaci\u00f3n Diagn\u00f3stica\/Ficha 162.pdf\" target=\"_blank\" rel=\"noopener\"><br \/>\n                    <i class=\"fa fa-download\" \/><br \/>\n                <\/a><\/td>\n<\/tr>\n<tr class=\"row-48\">\n\t<td class=\"column-1\">163<\/td><td class=\"column-2\">PARTICIPACION COMUNITARIA PARA EL DESARROLLO HUMANO CON ASISTENCIA ALIMENTARIA<\/td><td class=\"column-3\">                <a href=\"\/wp-content\/uploads\/sites\/77\/pdf\/evaluaciones_2017\/informes\/Reporte 163.pdf\" target=\"_blank\" rel=\"noopener\"><br \/>\n                    <i class=\"fa fa-download\" \/><br \/>\n                <\/a><\/td><td class=\"column-4\">                <a href=\"\/wp-content\/uploads\/sites\/77\/pdf\/evaluaciones_2017\/anexos\/Evaluaci\u00f3n Diagn\u00f3stica\/Ficha 163.pdf\" target=\"_blank\" rel=\"noopener\"><br \/>\n                    <i class=\"fa fa-download\" \/><br \/>\n                <\/a><\/td>\n<\/tr>\n<tr class=\"row-49\">\n\t<td class=\"column-1\">164<\/td><td class=\"column-2\">FORTALECIMIENTO DEL SISTEMA DE SALUD<\/td><td class=\"column-3\">                <a href=\"\/wp-content\/uploads\/sites\/77\/pdf\/evaluaciones_2017\/informes\/Reporte 164.pdf\" target=\"_blank\" rel=\"noopener\"><br \/>\n                    <i class=\"fa fa-download\" \/><br \/>\n                <\/a><\/td><td class=\"column-4\">                <a href=\"\/wp-content\/uploads\/sites\/77\/pdf\/evaluaciones_2017\/anexos\/Evaluaci\u00f3n Diagn\u00f3stica\/Ficha 164.pdf\" target=\"_blank\" rel=\"noopener\"><br \/>\n                    <i class=\"fa fa-download\" \/><br \/>\n                <\/a><\/td>\n<\/tr>\n<tr class=\"row-50\">\n\t<td class=\"column-1\">165<\/td><td class=\"column-2\">TRANSPARENCIA, RENDICION DE CUENTAS, ACCESO A LA INFORMACION PUBLICA Y PROTECCION DE DATOS PERSONALES<\/td><td class=\"column-3\">                <a href=\"\/wp-content\/uploads\/sites\/77\/pdf\/evaluaciones_2017\/informes\/Reporte 165.pdf\" target=\"_blank\" rel=\"noopener\"><br \/>\n                    <i class=\"fa fa-download\" \/><br \/>\n                <\/a><\/td><td class=\"column-4\">                <a href=\"\/wp-content\/uploads\/sites\/77\/pdf\/evaluaciones_2017\/anexos\/Evaluaci\u00f3n Diagn\u00f3stica\/Ficha 165.pdf\" target=\"_blank\" rel=\"noopener\"><br \/>\n                    <i class=\"fa fa-download\" \/><br \/>\n                <\/a><\/td>\n<\/tr>\n<tr class=\"row-51\">\n\t<td class=\"column-1\">166<\/td><td class=\"column-2\">DESARROLLO Y FORTALECIMIENTO DE CAPACIDADES DE LOS MUNICIPIOS<\/td><td class=\"column-3\">                <a href=\"\/wp-content\/uploads\/sites\/77\/pdf\/evaluaciones_2017\/informes\/Reporte 166.pdf\" target=\"_blank\" rel=\"noopener\"><br \/>\n                    <i class=\"fa fa-download\" \/><br \/>\n                <\/a><\/td><td class=\"column-4\">                <a href=\"\/wp-content\/uploads\/sites\/77\/pdf\/evaluaciones_2017\/anexos\/Evaluaci\u00f3n Diagn\u00f3stica\/Ficha 166.pdf\" target=\"_blank\" rel=\"noopener\"><br \/>\n                    <i class=\"fa fa-download\" \/><br \/>\n                <\/a><\/td>\n<\/tr>\n<tr class=\"row-52\">\n\t<td class=\"column-1\">167<\/td><td class=\"column-2\">DEFENSA TECNICA, ASESORIA Y PATROCINIO JURIDICO EN EL ESTADO<\/td><td class=\"column-3\">                <a href=\"\/wp-content\/uploads\/sites\/77\/pdf\/evaluaciones_2017\/informes\/Reporte 167.pdf\" target=\"_blank\" rel=\"noopener\"><br \/>\n                    <i class=\"fa fa-download\" \/><br \/>\n                <\/a><\/td><td class=\"column-4\">                <a href=\"\/wp-content\/uploads\/sites\/77\/pdf\/evaluaciones_2017\/anexos\/Evaluaci\u00f3n Diagn\u00f3stica\/Ficha 167.pdf\" target=\"_blank\" rel=\"noopener\"><br \/>\n                    <i class=\"fa fa-download\" \/><br \/>\n                <\/a><\/td>\n<\/tr>\n<tr class=\"row-53\">\n\t<td class=\"column-1\">168<\/td><td class=\"column-2\">ATENCION SOCIAL A GRUPOS VULNERABLES<\/td><td class=\"column-3\">                <a href=\"\/wp-content\/uploads\/sites\/77\/pdf\/evaluaciones_2017\/informes\/Reporte 168.pdf\" target=\"_blank\" rel=\"noopener\"><br \/>\n                    <i class=\"fa fa-download\" \/><br \/>\n                <\/a><\/td><td class=\"column-4\">                <a href=\"\/wp-content\/uploads\/sites\/77\/pdf\/evaluaciones_2017\/anexos\/Evaluaci\u00f3n Diagn\u00f3stica\/Ficha 168.pdf\" target=\"_blank\" rel=\"noopener\"><br \/>\n                    <i class=\"fa fa-download\" \/><br \/>\n                <\/a><\/td>\n<\/tr>\n<tr class=\"row-54\">\n\t<td class=\"column-1\">169<\/td><td class=\"column-2\">PREVENCION Y PROMOCION DE LA SALUD<\/td><td class=\"column-3\">                <a href=\"\/wp-content\/uploads\/sites\/77\/pdf\/evaluaciones_2017\/informes\/Reporte 169.pdf\" target=\"_blank\" rel=\"noopener\"><br \/>\n                    <i class=\"fa fa-download\" \/><br \/>\n                <\/a><\/td><td class=\"column-4\">                <a href=\"\/wp-content\/uploads\/sites\/77\/pdf\/evaluaciones_2017\/anexos\/Evaluaci\u00f3n Diagn\u00f3stica\/Ficha 169.pdf\" target=\"_blank\" rel=\"noopener\"><br \/>\n                    <i class=\"fa fa-download\" \/><br \/>\n                <\/a><\/td>\n<\/tr>\n<tr class=\"row-55\">\n\t<td class=\"column-1\">171<\/td><td class=\"column-2\">VIGILANCIA Y FISCALIZACION EN EL USO DE LOS RECURSOS PUBLICOS<\/td><td class=\"column-3\">                <a href=\"\/wp-content\/uploads\/sites\/77\/pdf\/evaluaciones_2017\/informes\/Reporte 171.pdf\" target=\"_blank\" rel=\"noopener\"><br \/>\n                    <i class=\"fa fa-download\" \/><br \/>\n                <\/a><\/td><td class=\"column-4\">                <a href=\"\/wp-content\/uploads\/sites\/77\/pdf\/evaluaciones_2017\/anexos\/Evaluaci\u00f3n Diagn\u00f3stica\/Ficha 171.pdf\" target=\"_blank\" rel=\"noopener\"><br \/>\n                    <i class=\"fa fa-download\" \/><br \/>\n                <\/a><\/td>\n<\/tr>\n<tr class=\"row-56\">\n\t<td class=\"column-1\">172<\/td><td class=\"column-2\">FOMENTO E INCLUSION ECONOMICA DE LA POBLACION JOVEN<\/td><td class=\"column-3\">                <a href=\"\/wp-content\/uploads\/sites\/77\/pdf\/evaluaciones_2017\/informes\/Reporte 172.pdf\" target=\"_blank\" rel=\"noopener\"><br \/>\n                    <i class=\"fa fa-download\" \/><br \/>\n                <\/a><\/td><td class=\"column-4\">                <a href=\"\/wp-content\/uploads\/sites\/77\/pdf\/evaluaciones_2017\/anexos\/Evaluaci\u00f3n Diagn\u00f3stica\/Ficha 172.pdf\" target=\"_blank\" rel=\"noopener\"><br \/>\n                    <i class=\"fa fa-download\" \/><br \/>\n                <\/a><\/td>\n<\/tr>\n<tr class=\"row-57\">\n\t<td class=\"column-1\">173<\/td><td class=\"column-2\">PREVENCION Y RESOLUCION DE CONFLICTOS EN LA PRESTACION DE LOS SERVICIOS DE SALUD<\/td><td class=\"column-3\">                <a href=\"\/wp-content\/uploads\/sites\/77\/pdf\/evaluaciones_2017\/informes\/Reporte 173.pdf\" target=\"_blank\" rel=\"noopener\"><br \/>\n                    <i class=\"fa fa-download\" \/><br \/>\n                <\/a><\/td><td class=\"column-4\">                <a href=\"\/wp-content\/uploads\/sites\/77\/pdf\/evaluaciones_2017\/anexos\/Evaluaci\u00f3n Diagn\u00f3stica\/Ficha 173.pdf\" target=\"_blank\" rel=\"noopener\"><br \/>\n                    <i class=\"fa fa-download\" \/><br \/>\n                <\/a><\/td>\n<\/tr>\n<tr class=\"row-58\">\n\t<td class=\"column-1\">174<\/td><td class=\"column-2\">PROMOCION, RECREACION Y FOMENTO DE LA ACTIVACION FISICA Y DEL DEPORTE<\/td><td class=\"column-3\">                <a href=\"\/wp-content\/uploads\/sites\/77\/pdf\/evaluaciones_2017\/informes\/Reporte 174.pdf\" target=\"_blank\" rel=\"noopener\"><br \/>\n                    <i class=\"fa fa-download\" \/><br \/>\n                <\/a><\/td><td class=\"column-4\">                <a href=\"\/wp-content\/uploads\/sites\/77\/pdf\/evaluaciones_2017\/anexos\/Evaluaci\u00f3n Diagn\u00f3stica\/Ficha 174.pdf\" target=\"_blank\" rel=\"noopener\"><br \/>\n                    <i class=\"fa fa-download\" \/><br \/>\n                <\/a><\/td>\n<\/tr>\n<tr class=\"row-59\">\n\t<td class=\"column-1\">175<\/td><td class=\"column-2\">REGULACION Y FOMENTO SANITARIO<\/td><td class=\"column-3\">                <a href=\"\/wp-content\/uploads\/sites\/77\/pdf\/evaluaciones_2017\/informes\/Reporte 175.pdf\" target=\"_blank\" rel=\"noopener\"><br \/>\n                    <i class=\"fa fa-download\" \/><br \/>\n                <\/a><\/td><td class=\"column-4\">                <a href=\"\/wp-content\/uploads\/sites\/77\/pdf\/evaluaciones_2017\/anexos\/Evaluaci\u00f3n Diagn\u00f3stica\/Ficha 175.pdf\" target=\"_blank\" rel=\"noopener\"><br \/>\n                    <i class=\"fa fa-download\" \/><br \/>\n                <\/a><\/td>\n<\/tr>\n<tr class=\"row-60\">\n\t<td class=\"column-1\">177<\/td><td class=\"column-2\">PRODUCCION, TRANSMISION Y COBERTURA DE RADIO, TELEVISION Y TELECOMUNICACIONES PUBLICAS<\/td><td class=\"column-3\">                <a href=\"\/wp-content\/uploads\/sites\/77\/pdf\/evaluaciones_2017\/informes\/Reporte 177.pdf\" target=\"_blank\" rel=\"noopener\"><br \/>\n                    <i class=\"fa fa-download\" \/><br \/>\n                <\/a><\/td><td class=\"column-4\">                <a href=\"\/wp-content\/uploads\/sites\/77\/pdf\/evaluaciones_2017\/anexos\/Evaluaci\u00f3n Diagn\u00f3stica\/Ficha 177.pdf\" target=\"_blank\" rel=\"noopener\"><br \/>\n                    <i class=\"fa fa-download\" \/><br \/>\n                <\/a><\/td>\n<\/tr>\n<tr class=\"row-61\">\n\t<td class=\"column-1\">178<\/td><td class=\"column-2\">DIFUSION DE ACCIONES, PROGRAMAS Y POLITICAS GUBERNAMENTALES<\/td><td class=\"column-3\">                <a href=\"\/wp-content\/uploads\/sites\/77\/pdf\/evaluaciones_2017\/informes\/Reporte 178.pdf\" target=\"_blank\" rel=\"noopener\"><br \/>\n                    <i class=\"fa fa-download\" \/><br \/>\n                <\/a><\/td><td class=\"column-4\">                <a href=\"\/wp-content\/uploads\/sites\/77\/pdf\/evaluaciones_2017\/anexos\/Evaluaci\u00f3n Diagn\u00f3stica\/Ficha 178.pdf\" target=\"_blank\" rel=\"noopener\"><br \/>\n                    <i class=\"fa fa-download\" \/><br \/>\n                <\/a><\/td>\n<\/tr>\n<tr class=\"row-62\">\n\t<td class=\"column-1\">181<\/td><td class=\"column-2\">MAS OAXACA<\/td><td class=\"column-3\">                <a href=\"\/wp-content\/uploads\/sites\/77\/pdf\/evaluaciones_2017\/informes\/Reporte 181.pdf\" target=\"_blank\" rel=\"noopener\"><br \/>\n                    <i class=\"fa fa-download\" \/><br \/>\n                <\/a><\/td><td class=\"column-4\">                <a href=\"\/wp-content\/uploads\/sites\/77\/pdf\/evaluaciones_2017\/anexos\/Evaluaci\u00f3n Diagn\u00f3stica\/Ficha 181.pdf\" target=\"_blank\" rel=\"noopener\"><br \/>\n                    <i class=\"fa fa-download\" \/><br \/>\n                <\/a><\/td>\n<\/tr>\n<tr class=\"row-63\">\n\t<td class=\"column-1\">182<\/td><td class=\"column-2\">FORMACION INTEGRAL Y DESARROLLO DE COMPETENCIAS<\/td><td class=\"column-3\">                <a href=\"\/wp-content\/uploads\/sites\/77\/pdf\/evaluaciones_2017\/informes\/Reporte 182.pdf\" target=\"_blank\" rel=\"noopener\"><br \/>\n                    <i class=\"fa fa-download\" \/><br \/>\n                <\/a><\/td><td class=\"column-4\">                <a href=\"\/wp-content\/uploads\/sites\/77\/pdf\/evaluaciones_2017\/anexos\/Evaluaci\u00f3n Diagn\u00f3stica\/Ficha 182.pdf\" target=\"_blank\" rel=\"noopener\"><br \/>\n                    <i class=\"fa fa-download\" \/><br \/>\n                <\/a><\/td>\n<\/tr>\n<tr class=\"row-64\">\n\t<td class=\"column-1\">183<\/td><td class=\"column-2\">FORMACION Y DESARROLLO PROFESIONAL DOCENTE<\/td><td class=\"column-3\">                <a href=\"\/wp-content\/uploads\/sites\/77\/pdf\/evaluaciones_2017\/informes\/Reporte 183.pdf\" target=\"_blank\" rel=\"noopener\"><br \/>\n                    <i class=\"fa fa-download\" \/><br \/>\n                <\/a><\/td><td class=\"column-4\">                <a href=\"\/wp-content\/uploads\/sites\/77\/pdf\/evaluaciones_2017\/anexos\/Evaluaci\u00f3n Diagn\u00f3stica\/Ficha 183.pdf\" target=\"_blank\" rel=\"noopener\"><br \/>\n                    <i class=\"fa fa-download\" \/><br \/>\n                <\/a><\/td>\n<\/tr>\n<tr class=\"row-65\">\n\t<td class=\"column-1\">184<\/td><td class=\"column-2\">ADMINISTRACION ESTRATEGICA EN EL QUEHACER EDUCATIVO<\/td><td class=\"column-3\">                <a href=\"\/wp-content\/uploads\/sites\/77\/pdf\/evaluaciones_2017\/informes\/Reporte 184.pdf\" target=\"_blank\" rel=\"noopener\"><br \/>\n                    <i class=\"fa fa-download\" \/><br \/>\n                <\/a><\/td><td class=\"column-4\">                <a href=\"\/wp-content\/uploads\/sites\/77\/pdf\/evaluaciones_2017\/anexos\/Evaluaci\u00f3n Diagn\u00f3stica\/Ficha 184.pdf\" target=\"_blank\" rel=\"noopener\"><br \/>\n                    <i class=\"fa fa-download\" \/><br \/>\n                <\/a><\/td>\n<\/tr>\n<tr class=\"row-66\">\n\t<td class=\"column-1\">185<\/td><td class=\"column-2\">PRODUCTIVIDAD Y COMPETITIVIDAD ARTESANAL<\/td><td class=\"column-3\">                <a href=\"\/wp-content\/uploads\/sites\/77\/pdf\/evaluaciones_2017\/informes\/Reporte 185.pdf\" target=\"_blank\" rel=\"noopener\"><br \/>\n                    <i class=\"fa fa-download\" \/><br \/>\n                <\/a><\/td><td class=\"column-4\">                <a href=\"\/wp-content\/uploads\/sites\/77\/pdf\/evaluaciones_2017\/anexos\/Evaluaci\u00f3n Diagn\u00f3stica\/Ficha 185.pdf\" target=\"_blank\" rel=\"noopener\"><br \/>\n                    <i class=\"fa fa-download\" \/><br \/>\n                <\/a><\/td>\n<\/tr>\n<tr class=\"row-67\">\n\t<td class=\"column-1\">187<\/td><td class=\"column-2\">ADMINISTRACION DE JUSTICIA EN MATERIA AMBIENTAL<\/td><td class=\"column-3\">                <a href=\"\/wp-content\/uploads\/sites\/77\/pdf\/evaluaciones_2017\/informes\/Reporte 187.pdf\" target=\"_blank\" rel=\"noopener\"><br \/>\n                    <i class=\"fa fa-download\" \/><br \/>\n                <\/a><\/td><td class=\"column-4\">                <a href=\"\/wp-content\/uploads\/sites\/77\/pdf\/evaluaciones_2017\/anexos\/Evaluaci\u00f3n Diagn\u00f3stica\/Ficha 187.pdf\" target=\"_blank\" rel=\"noopener\"><br \/>\n                    <i class=\"fa fa-download\" \/><br \/>\n                <\/a><\/td>\n<\/tr>\n<tr class=\"row-68\">\n\t<td class=\"column-1\">188<\/td><td class=\"column-2\">CAMBIO CLIMATICO<\/td><td class=\"column-3\">                <a href=\"\/wp-content\/uploads\/sites\/77\/pdf\/evaluaciones_2017\/informes\/Reporte 188.pdf\" target=\"_blank\" rel=\"noopener\"><br \/>\n                    <i class=\"fa fa-download\" \/><br \/>\n                <\/a><\/td><td class=\"column-4\">                <a href=\"\/wp-content\/uploads\/sites\/77\/pdf\/evaluaciones_2017\/anexos\/Evaluaci\u00f3n Diagn\u00f3stica\/Ficha 188.pdf\" target=\"_blank\" rel=\"noopener\"><br \/>\n                    <i class=\"fa fa-download\" \/><br \/>\n                <\/a><\/td>\n<\/tr>\n<tr class=\"row-69\">\n\t<td class=\"column-1\">189<\/td><td class=\"column-2\">ORDENAMIENTO ECOLOGICO TERRITORIAL<\/td><td class=\"column-3\">                <a href=\"\/wp-content\/uploads\/sites\/77\/pdf\/evaluaciones_2017\/informes\/Reporte 189.pdf\" target=\"_blank\" rel=\"noopener\"><br \/>\n                    <i class=\"fa fa-download\" \/><br \/>\n                <\/a><\/td><td class=\"column-4\">                <a href=\"\/wp-content\/uploads\/sites\/77\/pdf\/evaluaciones_2017\/anexos\/Evaluaci\u00f3n Diagn\u00f3stica\/Ficha 189.pdf\" target=\"_blank\" rel=\"noopener\"><br \/>\n                    <i class=\"fa fa-download\" \/><br \/>\n                <\/a><\/td>\n<\/tr>\n<tr class=\"row-70\">\n\t<td class=\"column-1\">190<\/td><td class=\"column-2\">PROMOCION DE LA INVERSION EN ENERGIAS RENOVABLES<\/td><td class=\"column-3\">                <a href=\"\/wp-content\/uploads\/sites\/77\/pdf\/evaluaciones_2017\/informes\/Reporte 190.pdf\" target=\"_blank\" rel=\"noopener\"><br \/>\n                    <i class=\"fa fa-download\" \/><br \/>\n                <\/a><\/td><td class=\"column-4\">                <a href=\"\/wp-content\/uploads\/sites\/77\/pdf\/evaluaciones_2017\/anexos\/Evaluaci\u00f3n Diagn\u00f3stica\/Ficha 190.pdf\" target=\"_blank\" rel=\"noopener\"><br \/>\n                    <i class=\"fa fa-download\" \/><br \/>\n                <\/a><\/td>\n<\/tr>\n<tr class=\"row-71\">\n\t<td class=\"column-1\">191<\/td><td class=\"column-2\">CONSERVACION Y RESTAURACION FORESTAL<\/td><td class=\"column-3\">                <a href=\"\/wp-content\/uploads\/sites\/77\/pdf\/evaluaciones_2017\/informes\/Reporte 191.pdf\" target=\"_blank\" rel=\"noopener\"><br \/>\n                    <i class=\"fa fa-download\" \/><br \/>\n                <\/a><\/td><td class=\"column-4\">                <a href=\"\/wp-content\/uploads\/sites\/77\/pdf\/evaluaciones_2017\/anexos\/Evaluaci\u00f3n Diagn\u00f3stica\/Ficha 191.pdf\" target=\"_blank\" rel=\"noopener\"><br \/>\n                    <i class=\"fa fa-download\" \/><br \/>\n                <\/a><\/td>\n<\/tr>\n<tr class=\"row-72\">\n\t<td class=\"column-1\">192<\/td><td class=\"column-2\">GESTION INTEGRAL DE RESIDUOS SOLIDOS<\/td><td class=\"column-3\">                <a href=\"\/wp-content\/uploads\/sites\/77\/pdf\/evaluaciones_2017\/informes\/Reporte 192.pdf\" target=\"_blank\" rel=\"noopener\"><br \/>\n                    <i class=\"fa fa-download\" \/><br \/>\n                <\/a><\/td><td class=\"column-4\">                <a href=\"\/wp-content\/uploads\/sites\/77\/pdf\/evaluaciones_2017\/anexos\/Evaluaci\u00f3n Diagn\u00f3stica\/Ficha 192.pdf\" target=\"_blank\" rel=\"noopener\"><br \/>\n                    <i class=\"fa fa-download\" \/><br \/>\n                <\/a><\/td>\n<\/tr>\n<tr class=\"row-73\">\n\t<td class=\"column-1\">193<\/td><td class=\"column-2\">PROYECTOS DE ENERGIAS RENOVABLES<\/td><td class=\"column-3\">                <a href=\"\/wp-content\/uploads\/sites\/77\/pdf\/evaluaciones_2017\/informes\/Reporte 193.pdf\" target=\"_blank\" rel=\"noopener\"><br \/>\n                    <i class=\"fa fa-download\" \/><br \/>\n                <\/a><\/td><td class=\"column-4\">                <a href=\"\/wp-content\/uploads\/sites\/77\/pdf\/evaluaciones_2017\/anexos\/Evaluaci\u00f3n Diagn\u00f3stica\/Ficha 193.pdf\" target=\"_blank\" rel=\"noopener\"><br \/>\n                    <i class=\"fa fa-download\" \/><br \/>\n                <\/a><\/td>\n<\/tr>\n<tr class=\"row-74\">\n\t<td class=\"column-1\">194<\/td><td class=\"column-2\">ORDENAMIENTO TERRITORIAL Y DESARROLLO HUMANO<\/td><td class=\"column-3\">                <a href=\"\/wp-content\/uploads\/sites\/77\/pdf\/evaluaciones_2017\/informes\/Reporte 194.pdf\" target=\"_blank\" rel=\"noopener\"><br \/>\n                    <i class=\"fa fa-download\" \/><br \/>\n                <\/a><\/td><td class=\"column-4\">                <a href=\"\/wp-content\/uploads\/sites\/77\/pdf\/evaluaciones_2017\/anexos\/Evaluaci\u00f3n Diagn\u00f3stica\/Ficha 194.pdf\" target=\"_blank\" rel=\"noopener\"><br \/>\n                    <i class=\"fa fa-download\" \/><br \/>\n                <\/a><\/td>\n<\/tr>\n<tr class=\"row-75\">\n\t<td class=\"column-1\">195<\/td><td class=\"column-2\">PLANEACION TURISTICA Y DESARROLLO ESTRATEGICO<\/td><td class=\"column-3\">                <a href=\"\/wp-content\/uploads\/sites\/77\/pdf\/evaluaciones_2017\/informes\/Reporte 195.pdf\" target=\"_blank\" rel=\"noopener\"><br \/>\n                    <i class=\"fa fa-download\" \/><br \/>\n                <\/a><\/td><td class=\"column-4\">                <a href=\"\/wp-content\/uploads\/sites\/77\/pdf\/evaluaciones_2017\/anexos\/Evaluaci\u00f3n Diagn\u00f3stica\/Ficha 195.pdf\" target=\"_blank\" rel=\"noopener\"><br \/>\n                    <i class=\"fa fa-download\" \/><br \/>\n                <\/a><\/td>\n<\/tr>\n<tr class=\"row-76\">\n\t<td class=\"column-1\">196<\/td><td class=\"column-2\">PROFESIONALIZACION TURISTICA<\/td><td class=\"column-3\">                <a href=\"\/wp-content\/uploads\/sites\/77\/pdf\/evaluaciones_2017\/informes\/Reporte 196.pdf\" target=\"_blank\" rel=\"noopener\"><br \/>\n                    <i class=\"fa fa-download\" \/><br \/>\n                <\/a><\/td><td class=\"column-4\">                <a href=\"\/wp-content\/uploads\/sites\/77\/pdf\/evaluaciones_2017\/anexos\/Evaluaci\u00f3n Diagn\u00f3stica\/Ficha 196.pdf\" target=\"_blank\" rel=\"noopener\"><br \/>\n                    <i class=\"fa fa-download\" \/><br \/>\n                <\/a><\/td>\n<\/tr>\n<tr class=\"row-77\">\n\t<td class=\"column-1\">197<\/td><td class=\"column-2\">COMERCIALIZACION TURISTICA<\/td><td class=\"column-3\">                <a href=\"\/wp-content\/uploads\/sites\/77\/pdf\/evaluaciones_2017\/informes\/Reporte 197.pdf\" target=\"_blank\" rel=\"noopener\"><br \/>\n                    <i class=\"fa fa-download\" \/><br \/>\n                <\/a><\/td><td class=\"column-4\">                <a href=\"\/wp-content\/uploads\/sites\/77\/pdf\/evaluaciones_2017\/anexos\/Evaluaci\u00f3n Diagn\u00f3stica\/Ficha 197.pdf\" target=\"_blank\" rel=\"noopener\"><br \/>\n                    <i class=\"fa fa-download\" \/><br \/>\n                <\/a><\/td>\n<\/tr>\n<tr class=\"row-78\">\n\t<td class=\"column-1\">198<\/td><td class=\"column-2\">DESARROLLO TURISTICO SUSTENTABLE<\/td><td class=\"column-3\">                <a href=\"\/wp-content\/uploads\/sites\/77\/pdf\/evaluaciones_2017\/informes\/Reporte 198.pdf\" target=\"_blank\" rel=\"noopener\"><br \/>\n                    <i class=\"fa fa-download\" \/><br \/>\n                <\/a><\/td><td class=\"column-4\">                <a href=\"\/wp-content\/uploads\/sites\/77\/pdf\/evaluaciones_2017\/anexos\/Evaluaci\u00f3n Diagn\u00f3stica\/Ficha 198.pdf\" target=\"_blank\" rel=\"noopener\"><br \/>\n                    <i class=\"fa fa-download\" \/><br \/>\n                <\/a><\/td>\n<\/tr>\n<tr class=\"row-79\">\n\t<td class=\"column-1\">199<\/td><td class=\"column-2\">CONSTRUCCION Y MEJORA DE AEROPISTAS<\/td><td class=\"column-3\">                <a href=\"\/wp-content\/uploads\/sites\/77\/pdf\/evaluaciones_2017\/informes\/Reporte 199.pdf\" target=\"_blank\" rel=\"noopener\"><br \/>\n                    <i class=\"fa fa-download\" \/><br \/>\n                <\/a><\/td><td class=\"column-4\">                <a href=\"\/wp-content\/uploads\/sites\/77\/pdf\/evaluaciones_2017\/anexos\/Evaluaci\u00f3n Diagn\u00f3stica\/Ficha 199.pdf\" target=\"_blank\" rel=\"noopener\"><br \/>\n                    <i class=\"fa fa-download\" \/><br \/>\n                <\/a><\/td>\n<\/tr>\n<tr class=\"row-80\">\n\t<td class=\"column-1\">200<\/td><td class=\"column-2\">AMPLIACION DE LA COBERTURA DE EDUCACION MEDIA SUPERIOR<\/td><td class=\"column-3\">                <a href=\"\/wp-content\/uploads\/sites\/77\/pdf\/evaluaciones_2017\/informes\/Reporte 200.pdf\" target=\"_blank\" rel=\"noopener\"><br \/>\n                    <i class=\"fa fa-download\" \/><br \/>\n                <\/a><\/td><td class=\"column-4\">                <a href=\"\/wp-content\/uploads\/sites\/77\/pdf\/evaluaciones_2017\/anexos\/Evaluaci\u00f3n Diagn\u00f3stica\/Ficha 200.pdf\" target=\"_blank\" rel=\"noopener\"><br \/>\n                    <i class=\"fa fa-download\" \/><br \/>\n                <\/a><\/td>\n<\/tr>\n<tr class=\"row-81\">\n\t<td class=\"column-1\">201<\/td><td class=\"column-2\">SALVAGUARDAR EL PATRIMONIO CULTURAL E INMATERIAL<\/td><td class=\"column-3\">                <a href=\"\/wp-content\/uploads\/sites\/77\/pdf\/evaluaciones_2017\/informes\/Reporte 201.pdf\" target=\"_blank\" rel=\"noopener\"><br \/>\n                    <i class=\"fa fa-download\" \/><br \/>\n                <\/a><\/td><td class=\"column-4\">                <a href=\"\/wp-content\/uploads\/sites\/77\/pdf\/evaluaciones_2017\/anexos\/Evaluaci\u00f3n Diagn\u00f3stica\/Ficha 201.pdf\" target=\"_blank\" rel=\"noopener\"><br \/>\n                    <i class=\"fa fa-download\" \/><br \/>\n                <\/a><\/td>\n<\/tr>\n<tr class=\"row-82\">\n\t<td class=\"column-1\">202<\/td><td class=\"column-2\">PRESERVAR EL PATRIMONIO EDIFICADO CON VALOR HISTORICO Y ARTISTICO<\/td><td class=\"column-3\">                <a href=\"\/wp-content\/uploads\/sites\/77\/pdf\/evaluaciones_2017\/informes\/Reporte 202.pdf\" target=\"_blank\" rel=\"noopener\"><br \/>\n                    <i class=\"fa fa-download\" \/><br \/>\n                <\/a><\/td><td class=\"column-4\">                <a href=\"\/wp-content\/uploads\/sites\/77\/pdf\/evaluaciones_2017\/anexos\/Evaluaci\u00f3n Diagn\u00f3stica\/Ficha 202.pdf\" target=\"_blank\" rel=\"noopener\"><br \/>\n                    <i class=\"fa fa-download\" \/><br \/>\n                <\/a><\/td>\n<\/tr>\n<tr class=\"row-83\">\n\t<td class=\"column-1\">203<\/td><td class=\"column-2\">DESARROLLO SUSTENTABLE Y SOSTENIBLE DE LA PRODUCCION CULTURAL<\/td><td class=\"column-3\">                <a href=\"\/wp-content\/uploads\/sites\/77\/pdf\/evaluaciones_2017\/informes\/Reporte 203.pdf\" target=\"_blank\" rel=\"noopener\"><br \/>\n                    <i class=\"fa fa-download\" \/><br \/>\n                <\/a><\/td><td class=\"column-4\">                <a href=\"\/wp-content\/uploads\/sites\/77\/pdf\/evaluaciones_2017\/anexos\/Evaluaci\u00f3n Diagn\u00f3stica\/Ficha 203.pdf\" target=\"_blank\" rel=\"noopener\"><br \/>\n                    <i class=\"fa fa-download\" \/><br \/>\n                <\/a><\/td>\n<\/tr>\n<tr class=\"row-84\">\n\t<td class=\"column-1\">206<\/td><td class=\"column-2\">VAMOS JUNTOS A LA ESCUELA<\/td><td class=\"column-3\">                <a href=\"\/wp-content\/uploads\/sites\/77\/pdf\/evaluaciones_2017\/informes\/Reporte 206.pdf\" target=\"_blank\" rel=\"noopener\"><br \/>\n                    <i class=\"fa fa-download\" \/><br \/>\n                <\/a><\/td><td class=\"column-4\">                <a href=\"\/wp-content\/uploads\/sites\/77\/pdf\/evaluaciones_2017\/anexos\/Evaluaci\u00f3n Diagn\u00f3stica\/Ficha 206.pdf\" target=\"_blank\" rel=\"noopener\"><br \/>\n                    <i class=\"fa fa-download\" \/><br \/>\n                <\/a><\/td>\n<\/tr>\n<tr class=\"row-85\">\n\t<td class=\"column-1\">207<\/td><td class=\"column-2\">FORTALECIMIENTO A LA INFRAESTRUCTURA FISICA EDUCATIVA<\/td><td class=\"column-3\">                <a href=\"\/wp-content\/uploads\/sites\/77\/pdf\/evaluaciones_2017\/informes\/Reporte 207.pdf\" target=\"_blank\" rel=\"noopener\"><br \/>\n                    <i class=\"fa fa-download\" \/><br \/>\n                <\/a><\/td><td class=\"column-4\">                <a href=\"\/wp-content\/uploads\/sites\/77\/pdf\/evaluaciones_2017\/anexos\/Evaluaci\u00f3n Diagn\u00f3stica\/Ficha 207.pdf\" target=\"_blank\" rel=\"noopener\"><br \/>\n                    <i class=\"fa fa-download\" \/><br \/>\n                <\/a><\/td>\n<\/tr>\n<tr class=\"row-86\">\n\t<td class=\"column-1\">208<\/td><td class=\"column-2\">INCLUSION ECONOMICA DE LOS MIGRANTES Y SUS FAMILIAS<\/td><td class=\"column-3\">                <a href=\"\/wp-content\/uploads\/sites\/77\/pdf\/evaluaciones_2017\/informes\/Reporte 208.pdf\" target=\"_blank\" rel=\"noopener\"><br \/>\n                    <i class=\"fa fa-download\" \/><br \/>\n                <\/a><\/td><td class=\"column-4\">                <a href=\"\/wp-content\/uploads\/sites\/77\/pdf\/evaluaciones_2017\/anexos\/Evaluaci\u00f3n Diagn\u00f3stica\/Ficha 208.pdf\" target=\"_blank\" rel=\"noopener\"><br \/>\n                    <i class=\"fa fa-download\" \/><br \/>\n                <\/a><\/td>\n<\/tr>\n<tr class=\"row-87\">\n\t<td class=\"column-1\">209<\/td><td class=\"column-2\">MOVILIDAD INTEGRAL URBANA<\/td><td class=\"column-3\">                <a href=\"\/wp-content\/uploads\/sites\/77\/pdf\/evaluaciones_2017\/informes\/Reporte 209.pdf\" target=\"_blank\" rel=\"noopener\"><br \/>\n                    <i class=\"fa fa-download\" \/><br \/>\n                <\/a><\/td><td class=\"column-4\">                <a href=\"\/wp-content\/uploads\/sites\/77\/pdf\/evaluaciones_2017\/anexos\/Evaluaci\u00f3n Diagn\u00f3stica\/Ficha 209.pdf\" target=\"_blank\" rel=\"noopener\"><br \/>\n                    <i class=\"fa fa-download\" \/><br \/>\n                <\/a><\/td>\n<\/tr>\n<tr class=\"row-88\">\n\t<td class=\"column-1\">210<\/td><td class=\"column-2\">ATRACCION DE INVERSIONES<\/td><td class=\"column-3\">                <a href=\"\/wp-content\/uploads\/sites\/77\/pdf\/evaluaciones_2017\/informes\/Reporte 210.pdf\" target=\"_blank\" rel=\"noopener\"><br \/>\n                    <i class=\"fa fa-download\" \/><br \/>\n                <\/a><\/td><td class=\"column-4\">                <a href=\"\/wp-content\/uploads\/sites\/77\/pdf\/evaluaciones_2017\/anexos\/Evaluaci\u00f3n Diagn\u00f3stica\/Ficha 210.pdf\" target=\"_blank\" rel=\"noopener\"><br \/>\n                    <i class=\"fa fa-download\" \/><br \/>\n                <\/a><\/td>\n<\/tr>\n<tr class=\"row-89\">\n\t<td class=\"column-1\">212<\/td><td class=\"column-2\">ECONOMIA SOCIAL INCLUYENTE<\/td><td class=\"column-3\">                <a href=\"\/wp-content\/uploads\/sites\/77\/pdf\/evaluaciones_2017\/informes\/Reporte 212.pdf\" target=\"_blank\" rel=\"noopener\"><br \/>\n                    <i class=\"fa fa-download\" \/><br \/>\n                <\/a><\/td><td class=\"column-4\">                <a href=\"\/wp-content\/uploads\/sites\/77\/pdf\/evaluaciones_2017\/anexos\/Evaluaci\u00f3n Diagn\u00f3stica\/Ficha 212.pdf\" target=\"_blank\" rel=\"noopener\"><br \/>\n                    <i class=\"fa fa-download\" \/><br \/>\n                <\/a><\/td>\n<\/tr>\n<\/tbody>\n<\/table>\n<!-- #tablepress-22 from cache --><\/div>\n<div id=\"collapseCuatro\" class=\"tab-pane fade\" role=\"tabpanel\" aria-labelledby=\"nav_tab_cuatroc\">\n<h4>PAE 2016<\/h4>\n\n<table id=\"tablepress-23\" class=\"tablepress tablepress-id-23\">\n<thead>\n<tr class=\"row-1\">\n\t<th class=\"column-1\">No.<\/th><th class=\"column-2\">Documento<\/th><th class=\"column-3\">Descarga<\/th>\n<\/tr>\n<\/thead>\n<tbody class=\"row-striping row-hover\">\n<tr class=\"row-2\">\n\t<td class=\"column-1\">1<\/td><td class=\"column-2\">Programa Anual de Evaluaci\u00f3n 2016<\/td><td class=\"column-3\"><a href=\"\/wp-content\/uploads\/sites\/77\/pdf\/evaluaciones_2016\/PAE2016.pdf\" target=\"_blank\" rel=\"noopener noreferrer\"><br \/>\n    <i class=\"fa fa-download\"><\/i><br \/>\n<\/a><\/td>\n<\/tr>\n<tr class=\"row-3\">\n\t<td class=\"column-1\">2<\/td><td class=\"column-2\">T\u00e9rminos de Referencia 2016<\/td><td class=\"column-3\"><a href=\"\/wp-content\/uploads\/sites\/77\/pdf\/evaluaciones_2016\/TdR2016.pdf\" target=\"_blank\" rel=\"noopener noreferrer\"><br \/>\n    <i class=\"fa fa-download\"><\/i><br \/>\n<\/a><\/td>\n<\/tr>\n<\/tbody>\n<\/table>\n<!-- #tablepress-23 from cache -->\n<h4>Evaluaci\u00f3n de Programas Estatales<\/h4>\n\n<table id=\"tablepress-24\" class=\"tablepress tablepress-id-24\">\n<thead>\n<tr class=\"row-1\">\n\t<th class=\"column-1\">No.<\/th><th class=\"column-2\">Programa<\/th><th class=\"column-3\">Informe de Resultados<\/th><th class=\"column-4\">Fichas de Difusi\u00f3n de Resultados<\/th>\n<\/tr>\n<\/thead>\n<tbody class=\"row-striping row-hover\">\n<tr class=\"row-2\">\n\t<td class=\"column-1\">1<\/td><td class=\"column-2\">Fondo Oaxaca<\/td><td class=\"column-3\"><a href=\"\/wp-content\/uploads\/sites\/77\/pdf\/evaluaciones_2016\/informes\/InformeFondoOaxaca.pdf\" target=\"_blank\"><br \/>\n    <i class=\"fa fa-download\"><\/i><br \/>\n<\/a><\/td><td class=\"column-4\"><a href=\"\/wp-content\/uploads\/sites\/77\/pdf\/evaluaciones_2016\/anexos\/fdr_FondoOaxaca.pdf\" target=\"_blank\"><br \/>\n    <i class=\"fa fa-download\"><\/i><br \/>\n<\/a><\/td>\n<\/tr>\n<\/tbody>\n<\/table>\n<!-- #tablepress-24 from cache -->\n<h4>Evaluaci\u00f3n de Fondos Federales<\/h4>\n\n<table id=\"tablepress-25\" class=\"tablepress tablepress-id-25\">\n<thead>\n<tr class=\"row-1\">\n\t<th class=\"column-1\">No.<\/th><th class=\"column-2\">Fondo<\/th><th class=\"column-3\">Informe de Resultados<\/th><th class=\"column-4\">Fichas de Difusi\u00f3n de Resultados<\/th>\n<\/tr>\n<\/thead>\n<tbody class=\"row-striping row-hover\">\n<tr class=\"row-2\">\n\t<td class=\"column-1\">1<\/td><td class=\"column-2\">Fondo de Aportaciones para la Educaci\u00f3n Tecnol\u00f3gica y de Adultos (FAETA)<\/td><td class=\"column-3\">                <a href=\"\/wp-content\/uploads\/sites\/77\/pdf\/evaluaciones_2016\/informes\/InformeFAETA.pdf\" target=\"_blank\"><br \/>\n                    <i class=\"fa fa-download\"\/><br \/>\n                <\/a><\/td><td class=\"column-4\">                <a href=\"\/wp-content\/uploads\/sites\/77\/pdf\/evaluaciones_2016\/anexos\/fdr_FAETA.pdf\" target=\"_blank\"><br \/>\n                    <i class=\"fa fa-download\"\/><br \/>\n                <\/a><\/td>\n<\/tr>\n<tr class=\"row-3\">\n\t<td class=\"column-1\">2<\/td><td class=\"column-2\">Fondo de Aportaciones para la Seguridad P\u00fablica (FASP)<\/td><td class=\"column-3\">                <a href=\"\/wp-content\/uploads\/sites\/77\/pdf\/evaluaciones_2016\/informes\/InformeFASP.pdf\" target=\"_blank\"><br \/>\n                    <i class=\"fa fa-download\"\/><br \/>\n                <\/a><\/td><td class=\"column-4\">                <a href=\"\/wp-content\/uploads\/sites\/77\/pdf\/evaluaciones_2016\/anexos\/fdr_FASP.pdf\" target=\"_blank\"><br \/>\n                    <i class=\"fa fa-download\"\/><br \/>\n                <\/a><\/td>\n<\/tr>\n<tr class=\"row-4\">\n\t<td class=\"column-1\">3<\/td><td class=\"column-2\">Fondo de Aportaciones para los Servicios de Salud (FASSA)<\/td><td class=\"column-3\">                <a href=\"\/wp-content\/uploads\/sites\/77\/pdf\/evaluaciones_2016\/informes\/InformeFASSA.pdf\" target=\"_blank\"><br \/>\n                    <i class=\"fa fa-download\"\/><br \/>\n                <\/a><\/td><td class=\"column-4\">                <a href=\"\/wp-content\/uploads\/sites\/77\/pdf\/evaluaciones_2016\/anexos\/fdr_FASSA.pdf\" target=\"_blank\"><br \/>\n                    <i class=\"fa fa-download\"\/><br \/>\n                <\/a><\/td>\n<\/tr>\n<tr class=\"row-5\">\n\t<td class=\"column-1\">4<\/td><td class=\"column-2\">Fondo de Aportaciones para el Fortalecimiento de las Entidades Federativas (FAFEF)<\/td><td class=\"column-3\">                <a href=\"\/wp-content\/uploads\/sites\/77\/pdf\/evaluaciones_2016\/informes\/InformeFAFEF.pdf\" target=\"_blank\"><br \/>\n                    <i class=\"fa fa-download\"\/><br \/>\n                <\/a><\/td><td class=\"column-4\">                <a href=\"\/wp-content\/uploads\/sites\/77\/pdf\/evaluaciones_2016\/anexos\/fdr_FAFEF.pdf\" target=\"_blank\"><br \/>\n                    <i class=\"fa fa-download\"\/><br \/>\n                <\/a><\/td>\n<\/tr>\n<tr class=\"row-6\">\n\t<td class=\"column-1\">5<\/td><td class=\"column-2\">Fondo de Aportaciones para la N\u00f3mina Educativa y Gasto Operativo (FONE)<\/td><td class=\"column-3\">                <a href=\"\/wp-content\/uploads\/sites\/77\/pdf\/evaluaciones_2016\/informes\/InformeFONE.pdf\" target=\"_blank\"><br \/>\n                    <i class=\"fa fa-download\"\/><br \/>\n                <\/a><\/td><td class=\"column-4\">                <a href=\"\/wp-content\/uploads\/sites\/77\/pdf\/evaluaciones_2016\/anexos\/fdr_FONE.pdf\" target=\"_blank\"><br \/>\n                    <i class=\"fa fa-download\"\/><br \/>\n                <\/a><\/td>\n<\/tr>\n<tr class=\"row-7\">\n\t<td class=\"column-1\">6<\/td><td class=\"column-2\">Fondo de Aportaciones M\u00faltiples (FAM): Asistencia Social<\/td><td class=\"column-3\">                <a href=\"\/wp-content\/uploads\/sites\/77\/pdf\/evaluaciones_2016\/informes\/InformeFAMAS.pdf\" target=\"_blank\"><br \/>\n                    <i class=\"fa fa-download\"\/><br \/>\n                <\/a><\/td><td class=\"column-4\">                <a href=\"\/wp-content\/uploads\/sites\/77\/pdf\/evaluaciones_2016\/anexos\/fdr_FAMAS.pdf\" target=\"_blank\"><br \/>\n                    <i class=\"fa fa-download\"\/><br \/>\n                <\/a><\/td>\n<\/tr>\n<tr class=\"row-8\">\n\t<td class=\"column-1\">7<\/td><td class=\"column-2\">Fondo de Aportaciones M\u00faltiples (FAM): Infraestructura Educativa<\/td><td class=\"column-3\">                <a href=\"\/wp-content\/uploads\/sites\/77\/pdf\/evaluaciones_2016\/informes\/InformeFAMIE.pdf\" target=\"_blank\"><br \/>\n                    <i class=\"fa fa-download\"\/><br \/>\n                <\/a><\/td><td class=\"column-4\">                <a href=\"\/wp-content\/uploads\/sites\/77\/pdf\/evaluaciones_2016\/anexos\/fdr_FAMIE.pdf\" target=\"_blank\"><br \/>\n                    <i class=\"fa fa-download\"\/><br \/>\n                <\/a><\/td>\n<\/tr>\n<tr class=\"row-9\">\n\t<td class=\"column-1\">8<\/td><td class=\"column-2\">Fondo de Infraestructura Social para las Entidades (FISE)<\/td><td class=\"column-3\">                <a href=\"\/wp-content\/uploads\/sites\/77\/pdf\/evaluaciones_2016\/informes\/InformeFISE.pdf\" target=\"_blank\"><br \/>\n                    <i class=\"fa fa-download\"\/><br \/>\n                <\/a><\/td><td class=\"column-4\">                <a href=\"\/wp-content\/uploads\/sites\/77\/pdf\/evaluaciones_2016\/anexos\/fdr_FISE.pdf\" target=\"_blank\"><br \/>\n                    <i class=\"fa fa-download\"\/><br \/>\n                <\/a><\/td>\n<\/tr>\n<tr class=\"row-10\">\n\t<td class=\"column-1\">9<\/td><td class=\"column-2\">Fondo Regional (FONREGION)<\/td><td class=\"column-3\">                <a href=\"\/wp-content\/uploads\/sites\/77\/pdf\/evaluaciones_2016\/informes\/InformeFONREGION.pdf\" target=\"_blank\"><br \/>\n                    <i class=\"fa fa-download\"\/><br \/>\n                <\/a><\/td><td class=\"column-4\">                <a href=\"\/wp-content\/uploads\/sites\/77\/pdf\/evaluaciones_2016\/anexos\/fdr_FONREGION.pdf\" target=\"_blank\"><br \/>\n                    <i class=\"fa fa-download\"\/><br \/>\n                <\/a><\/td>\n<\/tr>\n<\/tbody>\n<\/table>\n<!-- #tablepress-25 from cache --><\/div>\n<div id=\"collapseCinco\" class=\"tab-pane fade\" role=\"tabpanel\" aria-labelledby=\"nav_tab_cincoc\">\n<h4>PAE 2015<\/h4>\n\n<table id=\"tablepress-26\" class=\"tablepress tablepress-id-26\">\n<thead>\n<tr class=\"row-1\">\n\t<th class=\"column-1\">No.<\/th><th class=\"column-2\">Documento<\/th><th class=\"column-3\">Descarga<\/th>\n<\/tr>\n<\/thead>\n<tbody class=\"row-striping row-hover\">\n<tr class=\"row-2\">\n\t<td class=\"column-1\"><\/td><td class=\"column-2\">Programa Anual de Evaluaci\u00f3n 2015<\/td><td class=\"column-3\"><a href=\"\/wp-content\/uploads\/sites\/77\/pdf\/normativa\/pae_2015.pdf\" target=\"_blank\" rel=\"noopener noreferrer\"><i class=\"fa fa-download\"\/><\/a><\/td>\n<\/tr>\n<tr class=\"row-3\">\n\t<td class=\"column-1\"><\/td><td class=\"column-2\">T\u00e9rminos de Referencia 2015<\/td><td class=\"column-3\"><a href=\"\/wp-content\/uploads\/sites\/77\/pdf\/evaluaciones_2015\/TdR2015.pdf\" target=\"_blank\" rel=\"noopener noreferrer\"><i class=\"fa fa-download\"\/><\/a><\/td>\n<\/tr>\n<\/tbody>\n<\/table>\n<!-- #tablepress-26 from cache -->\n<h4>Evaluaci\u00f3n de los Programas Estatales que operan con recursos de los Fondos de Aportaciones Federales del Ramo General 33 y FONREGION<\/h4>\n\n<table id=\"tablepress-27\" class=\"tablepress tablepress-id-27\">\n<thead>\n<tr class=\"row-1\">\n\t<th class=\"column-1\">No.<\/th><th class=\"column-2\">Fondo<\/th><th class=\"column-3\">Informe de Resultados<\/th><th class=\"column-4\">Fichas de Difusi\u00f3n de Resultados<\/th>\n<\/tr>\n<\/thead>\n<tbody class=\"row-striping row-hover\">\n<tr class=\"row-2\">\n\t<td class=\"column-1\">1<\/td><td class=\"column-2\">Fondo de Aportaciones para la Educaci\u00f3n B\u00e1sica y Normal (FAEB)<\/td><td class=\"column-3\">                <a href=\"\/wp-content\/uploads\/sites\/77\/pdf\/evaluaciones_2015\/informes\/InformeFAEB2015Final.pdf\" target=\"_blank\"><br \/>\n                    <i class=\"fa fa-download\"\/><br \/>\n                <\/a><\/td><td class=\"column-4\">                <a href=\"\/wp-content\/uploads\/sites\/77\/pdf\/evaluaciones_2015\/anexos\/fdr_FAEB_2015.pdf\" target=\"_blank\"><br \/>\n                    <i class=\"fa fa-download\"\/><br \/>\n                <\/a><\/td>\n<\/tr>\n<tr class=\"row-3\">\n\t<td class=\"column-1\">2<\/td><td class=\"column-2\">Fondo de Aportaciones para la Educaci\u00f3n Tecnol\u00f3gica y de Adultos (FAETA)<\/td><td class=\"column-3\">                <a href=\"\/wp-content\/uploads\/sites\/77\/pdf\/evaluaciones_2015\/informes\/InformeFAETA2015Final.pdf\" target=\"_blank\"><br \/>\n                    <i class=\"fa fa-download\"\/><br \/>\n                <\/a><\/td><td class=\"column-4\">                <a href=\"\/wp-content\/uploads\/sites\/77\/pdf\/evaluaciones_2015\/anexos\/fdr_FAETA_2015.pdf\" target=\"_blank\"><br \/>\n                    <i class=\"fa fa-download\"\/><br \/>\n                <\/a><\/td>\n<\/tr>\n<tr class=\"row-4\">\n\t<td class=\"column-1\">3<\/td><td class=\"column-2\">Fondo de Aportaciones para el Fortalecimiento de las Entidades Federativas (FAFEF)<\/td><td class=\"column-3\">                <a href=\"\/wp-content\/uploads\/sites\/77\/pdf\/evaluaciones_2015\/informes\/InformeFAFEF2015Final.pdf\" target=\"_blank\"><br \/>\n                    <i class=\"fa fa-download\"\/><br \/>\n                <\/a><\/td><td class=\"column-4\">                <a href=\"\/wp-content\/uploads\/sites\/77\/pdf\/evaluaciones_2015\/anexos\/fdr_FAFEF_2015.pdf\" target=\"_blank\"><br \/>\n                    <i class=\"fa fa-download\"\/><br \/>\n                <\/a><\/td>\n<\/tr>\n<tr class=\"row-5\">\n\t<td class=\"column-1\">4<\/td><td class=\"column-2\">Fondo de Aportaciones M\u00faltiples (FAM): Asistencia Social<\/td><td class=\"column-3\">                <a href=\"\/wp-content\/uploads\/sites\/77\/pdf\/evaluaciones_2015\/informes\/InformeFAMAS2015Final.pdf\" target=\"_blank\"><br \/>\n                    <i class=\"fa fa-download\"\/><br \/>\n                <\/a><\/td><td class=\"column-4\">                <a href=\"\/wp-content\/uploads\/sites\/77\/pdf\/evaluaciones_2015\/anexos\/fdr_FAMAS_2015.pdf\" target=\"_blank\"><br \/>\n                    <i class=\"fa fa-download\"\/><br \/>\n                <\/a><\/td>\n<\/tr>\n<tr class=\"row-6\">\n\t<td class=\"column-1\">5<\/td><td class=\"column-2\">Fondo de Aportaciones M\u00faltiples (FAM): Infraestructura Educativa<\/td><td class=\"column-3\">                <a href=\"\/wp-content\/uploads\/sites\/77\/pdf\/evaluaciones_2015\/informes\/InformeFAMIE2015Final.pdf\" target=\"_blank\"><br \/>\n                    <i class=\"fa fa-download\"\/><br \/>\n                <\/a><\/td><td class=\"column-4\">                <a href=\"\/wp-content\/uploads\/sites\/77\/pdf\/evaluaciones_2015\/anexos\/fdr_FAMIE_2015.pdf\" target=\"_blank\"><br \/>\n                    <i class=\"fa fa-download\"\/><br \/>\n                <\/a><\/td>\n<\/tr>\n<tr class=\"row-7\">\n\t<td class=\"column-1\">6<\/td><td class=\"column-2\">Fondo de Aportaciones para la Seguridad P\u00fablica (FASP)<\/td><td class=\"column-3\">                <a href=\"\/wp-content\/uploads\/sites\/77\/pdf\/evaluaciones_2015\/informes\/InformeFASP2015Final.pdf\" target=\"_blank\"><br \/>\n                    <i class=\"fa fa-download\"\/><br \/>\n                <\/a><\/td><td class=\"column-4\">                <a href=\"\/wp-content\/uploads\/sites\/77\/pdf\/evaluaciones_2015\/anexos\/fdr_FASP_2015.pdf\" target=\"_blank\"><br \/>\n                    <i class=\"fa fa-download\"\/><br \/>\n                <\/a><\/td>\n<\/tr>\n<tr class=\"row-8\">\n\t<td class=\"column-1\">7<\/td><td class=\"column-2\">Fondo de Aportaciones para los Servicios de Salud (FASSA)<\/td><td class=\"column-3\">                <a href=\"\/wp-content\/uploads\/sites\/77\/pdf\/evaluaciones_2015\/informes\/InformeFASSA2015Final.pdf\" target=\"_blank\"><br \/>\n                    <i class=\"fa fa-download\"\/><br \/>\n                <\/a><\/td><td class=\"column-4\">                <a href=\"\/wp-content\/uploads\/sites\/77\/pdf\/evaluaciones_2015\/anexos\/fdr_FASSA_2015.pdf\" target=\"_blank\"><br \/>\n                    <i class=\"fa fa-download\"\/><br \/>\n                <\/a><\/td>\n<\/tr>\n<tr class=\"row-9\">\n\t<td class=\"column-1\">8<\/td><td class=\"column-2\">Fondo de Aportaciones para la Infraestructura Social en su componente de Infraestructura Social Estatal (FISE)<\/td><td class=\"column-3\">                <a href=\"\/wp-content\/uploads\/sites\/77\/pdf\/evaluaciones_2015\/informes\/InformeFISE2015Final.pdf\" target=\"_blank\"><br \/>\n                    <i class=\"fa fa-download\"\/><br \/>\n                <\/a><\/td><td class=\"column-4\">                <a href=\"\/wp-content\/uploads\/sites\/77\/pdf\/evaluaciones_2015\/anexos\/fdr_FISE_2015.pdf\" target=\"_blank\"><br \/>\n                    <i class=\"fa fa-download\"\/><br \/>\n                <\/a><\/td>\n<\/tr>\n<tr class=\"row-10\">\n\t<td class=\"column-1\">9<\/td><td class=\"column-2\">Fondo Regional<\/td><td class=\"column-3\">                <a href=\"\/wp-content\/uploads\/sites\/77\/pdf\/evaluaciones_2015\/informes\/InformeFONREGION2015Final.pdf\" target=\"_blank\"><br \/>\n                    <i class=\"fa fa-download\"\/><br \/>\n                <\/a><\/td><td class=\"column-4\">                <a href=\"\/wp-content\/uploads\/sites\/77\/pdf\/evaluaciones_2015\/anexos\/fdr_FONREGION_2015.pdf\" target=\"_blank\"><br \/>\n                    <i class=\"fa fa-download\"\/><br \/>\n                <\/a><\/td>\n<\/tr>\n<\/tbody>\n<\/table>\n<!-- #tablepress-27 from cache -->\n<h4>Evaluaci\u00f3n de Programas Estatales<\/h4>\n\n<table id=\"tablepress-28\" class=\"tablepress tablepress-id-28\">\n<thead>\n<tr class=\"row-1\">\n\t<th class=\"column-1\">No.<\/th><th class=\"column-2\">Programa<\/th><th class=\"column-3\">Informe de Resultados<\/th><th class=\"column-4\">Fichas de Difusi\u00f3n de Resultados<\/th>\n<\/tr>\n<\/thead>\n<tbody class=\"row-striping row-hover\">\n<tr class=\"row-2\">\n\t<td class=\"column-1\">1<\/td><td class=\"column-2\">Programa de Fortalecimiento a la Formaci\u00f3n y Capacitaci\u00f3n Art\u00edstica y Cultural<\/td><td class=\"column-3\">                <a href=\"\/wp-content\/uploads\/sites\/77\/pdf\/evaluaciones_2015\/informes\/Evaluaci\u00f3n_Capacitaci\u00f3nArt\u00edsticaCultural.pdf\" target=\"_blank\"><br \/>\n                    <i class=\"fa fa-download\"\/><br \/>\n                <\/a><\/td><td class=\"column-4\">                <a href=\"\/wp-content\/uploads\/sites\/77\/pdf\/evaluaciones_2015\/anexos\/fdr_Capacitaci\u00f3nArt\u00edsticaCultural.pdf\" target=\"_blank\"><br \/>\n                    <i class=\"fa fa-download\"\/><br \/>\n                <\/a><\/td>\n<\/tr>\n<tr class=\"row-3\">\n\t<td class=\"column-1\">2<\/td><td class=\"column-2\">Programa Sistemas de Agua Potable<\/td><td class=\"column-3\">                <a href=\"\/wp-content\/uploads\/sites\/77\/pdf\/evaluaciones_2015\/informes\/Evaluaci\u00f3n_SistemasAgua.pdf\" target=\"_blank\"><br \/>\n                    <i class=\"fa fa-download\"\/><br \/>\n                <\/a><\/td><td class=\"column-4\">                <a href=\"\/wp-content\/uploads\/sites\/77\/pdf\/evaluaciones_2015\/anexos\/fdr_SistemasAgua.pdf\" target=\"_blank\"><br \/>\n                    <i class=\"fa fa-download\"\/><br \/>\n                <\/a><\/td>\n<\/tr>\n<tr class=\"row-4\">\n\t<td class=\"column-1\">3<\/td><td class=\"column-2\">Programa Bienestar de Microfinanciamiento a la Econom\u00eda Familiar con Perspectiva de G\u00e9nero<\/td><td class=\"column-3\">                <a href=\"\/wp-content\/uploads\/sites\/77\/pdf\/evaluaciones_2015\/informes\/Evaluaci\u00f3n_Econom\u00edaFamiliar.pdf\" target=\"_blank\"><br \/>\n                    <i class=\"fa fa-download\"\/><br \/>\n                <\/a><\/td><td class=\"column-4\">                <a href=\"\/wp-content\/uploads\/sites\/77\/pdf\/evaluaciones_2015\/anexos\/fdr_Econom\u00edaFamiliar.pdf\" target=\"_blank\"><br \/>\n                    <i class=\"fa fa-download\"\/><br \/>\n                <\/a><\/td>\n<\/tr>\n<tr class=\"row-5\">\n\t<td class=\"column-1\">4<\/td><td class=\"column-2\">Programa de Servicios de Profesionalizaci\u00f3n Policial<\/td><td class=\"column-3\">                <a href=\"\/wp-content\/uploads\/sites\/77\/pdf\/evaluaciones_2015\/informes\/Evaluaci\u00f3n_ServiciosProfesionalizaci\u00f3n.pdf\" target=\"_blank\"><br \/>\n                    <i class=\"fa fa-download\"\/><br \/>\n                <\/a><\/td><td class=\"column-4\">                <a href=\"\/wp-content\/uploads\/sites\/77\/pdf\/evaluaciones_2015\/anexos\/fdr_ServiciosProfesionalizaci\u00f3n.pdf\" target=\"_blank\"><br \/>\n                    <i class=\"fa fa-download\"\/><br \/>\n                <\/a><\/td>\n<\/tr>\n<\/tbody>\n<\/table>\n<!-- #tablepress-28 from cache --><\/div>\n<div id=\"collapseSeis\" class=\"tab-pane fade\" role=\"tabpanel\" aria-labelledby=\"nav_tab_seisc\">\n<h4>PAE 2014<\/h4>\n\n<table id=\"tablepress-29\" class=\"tablepress tablepress-id-29\">\n<thead>\n<tr class=\"row-1\">\n\t<th class=\"column-1\">No.<\/th><th class=\"column-2\">Documento<\/th><th class=\"column-3\">Descarga<\/th>\n<\/tr>\n<\/thead>\n<tbody class=\"row-striping row-hover\">\n<tr class=\"row-2\">\n\t<td class=\"column-1\">1<\/td><td class=\"column-2\">Programa Anual de Evaluaci\u00f3n 2014<\/td><td class=\"column-3\"><a href=\"\/wp-content\/uploads\/sites\/77\/pdf\/normativa\/pae2014_act.pdf\" target=\"_blank\" rel=\"noopener noreferrer\"><i class=\"fa fa-download\"><\/i><\/a><\/td>\n<\/tr>\n<\/tbody>\n<\/table>\n<!-- #tablepress-29 from cache -->\n<h4>Evaluaci\u00f3n de los Programas Estatales<\/h4>\n\n<table id=\"tablepress-30\" class=\"tablepress tablepress-id-30\">\n<thead>\n<tr class=\"row-1\">\n\t<th class=\"column-1\">No.<\/th><th class=\"column-2\">Programa<\/th><th class=\"column-3\">T\u00e9rminos de Referencia<\/th><th class=\"column-4\">Informe de Resultados<\/th><th class=\"column-5\">Fichas de Difusi\u00f3n de Resultados<\/th>\n<\/tr>\n<\/thead>\n<tbody class=\"row-striping row-hover\">\n<tr class=\"row-2\">\n\t<td class=\"column-1\">1<\/td><td class=\"column-2\">Programas de Capacitaci\u00f3n y Profesionalizaci\u00f3n del Sector Laboral<\/td><td class=\"column-3\">                <a href=\"\/wp-content\/uploads\/sites\/77\/pdf\/evaluaciones_2014\/tdrs\/2. TdR\u00b4S_ConsisyResul_SETRAO.pdf\" target=\"_blank\"><br \/>\n                    <i class=\"fa fa-download\"\/><br \/>\n                <\/a><\/td><td class=\"column-4\">                <a href=\"\/wp-content\/uploads\/sites\/77\/pdf\/evaluaciones_2014\/informes\/Capacitacion_.pdf\" target=\"_blank\"><br \/>\n                    <i class=\"fa fa-download\"\/><br \/>\n                <\/a><\/td><td class=\"column-5\">                <a href=\"\/wp-content\/uploads\/sites\/77\/pdf\/evaluaciones_2014\/fdr_conac\/FDR-Capacitacion.pdf\" target=\"_blank\"><br \/>\n                    <i class=\"fa fa-download\"\/><br \/>\n                <\/a><\/td>\n<\/tr>\n<tr class=\"row-3\">\n\t<td class=\"column-1\">2<\/td><td class=\"column-2\">Programa de Restauraci\u00f3n de Ecosistemas Forestales<\/td><td class=\"column-3\">                <a href=\"\/wp-content\/uploads\/sites\/77\/pdf\/evaluaciones_2014\/tdrs\/3. TdR\u00b4S_ConsisyResul_SEDAFPA_ECOSISTEMAS.pdf\" target=\"_blank\"><br \/>\n                    <i class=\"fa fa-download\"\/><br \/>\n                <\/a><\/td><td class=\"column-4\">                <a href=\"\/wp-content\/uploads\/sites\/77\/pdf\/evaluaciones_2014\/informes\/Ecosistemas2014_.pdf\" target=\"_blank\"><br \/>\n                    <i class=\"fa fa-download\"\/><br \/>\n                <\/a><\/td><td class=\"column-5\">                <a href=\"\/wp-content\/uploads\/sites\/77\/pdf\/evaluaciones_2014\/fdr_conac\/FDR-Ecosistemas.pdf\" target=\"_blank\"><br \/>\n                    <i class=\"fa fa-download\"\/><br \/>\n                <\/a><\/td>\n<\/tr>\n<tr class=\"row-4\">\n\t<td class=\"column-1\">3<\/td><td class=\"column-2\">Proyecto estrat\u00e9gico de seguridad alimentaria (PESA)<\/td><td class=\"column-3\">                <a href=\"\/wp-content\/uploads\/sites\/77\/pdf\/evaluaciones_2014\/tdrs\/4. TdR\u00b4S_ConsisyResul_SEDAFPA_PESA.pdf\" target=\"_blank\"><br \/>\n                    <i class=\"fa fa-download\"\/><br \/>\n                <\/a><\/td><td class=\"column-4\">                <a href=\"\/wp-content\/uploads\/sites\/77\/pdf\/evaluaciones_2014\/informes\/PESA.pdf\" target=\"_blank\"><br \/>\n                    <i class=\"fa fa-download\"\/><br \/>\n                <\/a><\/td><td class=\"column-5\">                <a href=\"\/wp-content\/uploads\/sites\/77\/pdf\/evaluaciones_2014\/fdr_conac\/FDR-PESA.pdf\" target=\"_blank\"><br \/>\n                    <i class=\"fa fa-download\"\/><br \/>\n                <\/a><\/td>\n<\/tr>\n<tr class=\"row-5\">\n\t<td class=\"column-1\">4<\/td><td class=\"column-2\">Mejoramiento de la red carretera en el estado<\/td><td class=\"column-3\">                <a href=\"\/wp-content\/uploads\/sites\/77\/pdf\/evaluaciones_2014\/tdrs\/5. TdR\u00b4S_Espec\u00edfica_CAO.pdf\" target=\"_blank\"><br \/>\n                    <i class=\"fa fa-download\"\/><br \/>\n                <\/a><\/td><td class=\"column-4\">                <a href=\"\/wp-content\/uploads\/sites\/77\/pdf\/evaluaciones_2014\/informes\/Carretera.pdf\" target=\"_blank\"><br \/>\n                    <i class=\"fa fa-download\"\/><br \/>\n                <\/a><\/td><td class=\"column-5\">                <a href=\"\/wp-content\/uploads\/sites\/77\/pdf\/evaluaciones_2014\/fdr_conac\/FDR-RED.pdf\" target=\"_blank\"><br \/>\n                    <i class=\"fa fa-download\"\/><br \/>\n                <\/a><\/td>\n<\/tr>\n<tr class=\"row-6\">\n\t<td class=\"column-1\">5<\/td><td class=\"column-2\">Programa de Dotaci\u00f3n de \u00datiles y Uniformes Escolares Bienestar<\/td><td class=\"column-3\">                <a href=\"\/wp-content\/uploads\/sites\/77\/pdf\/evaluaciones_2014\/tdrs\/6.TdR\u00b4S_ConsisyResul_SEDESOH_UtilesUniformes.pdf\" target=\"_blank\"><br \/>\n                    <i class=\"fa fa-download\"\/><br \/>\n                <\/a><\/td><td class=\"column-4\">                <a href=\"\/wp-content\/uploads\/sites\/77\/pdf\/evaluaciones_2014\/informes\/UtilesUniformes2014_.pdf\" target=\"_blank\"><br \/>\n                    <i class=\"fa fa-download\"\/><br \/>\n                <\/a><\/td><td class=\"column-5\">                <a href=\"\/wp-content\/uploads\/sites\/77\/pdf\/evaluaciones_2014\/fdr_conac\/FDR-UtilesUniformes.pdf\" target=\"_blank\"><br \/>\n                    <i class=\"fa fa-download\"\/><br \/>\n                <\/a><\/td>\n<\/tr>\n<tr class=\"row-7\">\n\t<td class=\"column-1\">6<\/td><td class=\"column-2\">Cocinas Comedores Comunitarias<\/td><td class=\"column-3\">                <a href=\"\/wp-content\/uploads\/sites\/77\/pdf\/evaluaciones_2014\/tdrs\/7.TdR\u00b4S_ConsisyResul_DIF_COCINAS.pdf\" target=\"_blank\"><br \/>\n                    <i class=\"fa fa-download\"\/><br \/>\n                <\/a><\/td><td class=\"column-4\">                <a href=\"\/wp-content\/uploads\/sites\/77\/pdf\/evaluaciones_2014\/informes\/Cocinas2014_.pdf\" target=\"_blank\"><br \/>\n                    <i class=\"fa fa-download\"\/><br \/>\n                <\/a><\/td><td class=\"column-5\">                <a href=\"\/wp-content\/uploads\/sites\/77\/pdf\/evaluaciones_2014\/fdr_conac\/FDR-Cocinas.pdf\" target=\"_blank\"><br \/>\n                    <i class=\"fa fa-download\"\/><br \/>\n                <\/a><\/td>\n<\/tr>\n<tr class=\"row-8\">\n\t<td class=\"column-1\">7<\/td><td class=\"column-2\">Atenci\u00f3n integral de personas con discapacidad<\/td><td class=\"column-3\">                <a href=\"\/wp-content\/uploads\/sites\/77\/pdf\/evaluaciones_2014\/tdrs\/1.TdR\u00b4S_ConsisyResul_DIF_DISCAPACIDAD.pdf\" target=\"_blank\"><br \/>\n                    <i class=\"fa fa-download\"\/><br \/>\n                <\/a><\/td><td class=\"column-4\">                <a href=\"\/wp-content\/uploads\/sites\/77\/pdf\/evaluaciones_2014\/informes\/Discapacidad2014_.pdf\" target=\"_blank\"><br \/>\n                    <i class=\"fa fa-download\"\/><br \/>\n                <\/a><\/td><td class=\"column-5\">                <a href=\"\/wp-content\/uploads\/sites\/77\/pdf\/evaluaciones_2014\/fdr_conac\/FDR-Discapacidad.pdf\" target=\"_blank\"><br \/>\n                    <i class=\"fa fa-download\"\/><br \/>\n                <\/a><\/td>\n<\/tr>\n<tr class=\"row-9\">\n\t<td class=\"column-1\">8<\/td><td class=\"column-2\">Programa Arranque Parejo en la Vida (APV)<\/td><td class=\"column-3\">                <a href=\"\/wp-content\/uploads\/sites\/77\/pdf\/evaluaciones_2014\/tdrs\/8.TdR\u00b4S_ConsisyResul_SSO_APV.pdf\" target=\"_blank\"><br \/>\n                    <i class=\"fa fa-download\"\/><br \/>\n                <\/a><\/td><td class=\"column-4\">                <a href=\"\/wp-content\/uploads\/sites\/77\/pdf\/evaluaciones_2014\/informes\/APV.pdf\" target=\"_blank\"><br \/>\n                    <i class=\"fa fa-download\"\/><br \/>\n                <\/a><\/td><td class=\"column-5\">                <a href=\"\/wp-content\/uploads\/sites\/77\/pdf\/evaluaciones_2014\/fdr_conac\/FDR-APV.pdf\" target=\"_blank\"><br \/>\n                    <i class=\"fa fa-download\"\/><br \/>\n                <\/a><\/td>\n<\/tr>\n<\/tbody>\n<\/table>\n<!-- #tablepress-30 from cache -->\n<h4>Evaluaci\u00f3n de los Programas Estatales que operan con recursos de los Fondos de Aportaciones Federales del Ramo General 33 y FONREGION<\/h4>\n\n<table id=\"tablepress-31\" class=\"tablepress tablepress-id-31\">\n<thead>\n<tr class=\"row-1\">\n\t<th class=\"column-1\">No.<\/th><th class=\"column-2\">Fondo<\/th><th class=\"column-3\">T\u00e9rminos de Referencia<\/th><th colspan=\"2\" class=\"column-4\">Informe de Resultados<\/th><th colspan=\"2\" class=\"column-6\">Fichas de Difusi\u00f3n de Resultados<\/th>\n<\/tr>\n<\/thead>\n<tbody class=\"row-striping row-hover\">\n<tr class=\"row-2\">\n\t<td class=\"column-1\">1<\/td><td class=\"column-2\">Fondo de Aportaciones para el Fortalecimiento de las Entidades Federativas (FAFEF)<\/td><td class=\"column-3\">                <a href=\"\/wp-content\/uploads\/sites\/77\/pdf\/evaluaciones_2014\/tdrs\/TdREvaluaci\u00f3nEspecifica_FAFEF.pdf\" target=\"_blank\" rel=\"noopener\"><br \/>\n                    <i class=\"fa fa-download\" \/><br \/>\n                <\/a><\/td><td class=\"column-4\"><a href=\"\/wp-content\/uploads\/sites\/77\/pdf\/evaluaciones_2014\/informes\/InformeFinalEvaluacionFAFEFOax.pdf\" target=\"_blank\" rel=\"noopener\"><br \/>\n                    <i class=\"fa fa-download\" \/><\/a><\/td><td class=\"column-5\"><\/td><td class=\"column-6\"><a href=\"\/wp-content\/uploads\/sites\/77\/pdf\/evaluaciones_2014\/anexos\/ANEXO_FAFEF_FINAL.pdf\" target=\"_blank\" rel=\"noopener\"><br \/>\n                    <i class=\"fa fa-download\" \/><br \/>\n                <\/a><\/td><td class=\"column-7\"><\/td>\n<\/tr>\n<tr class=\"row-3\">\n\t<td class=\"column-1\">2<\/td><td class=\"column-2\">Fondo de Aportaciones para la Educaci\u00f3n B\u00e1sica y Normal (FAEB)<\/td><td class=\"column-3\">                <a href=\"\/wp-content\/uploads\/sites\/77\/pdf\/evaluaciones_2014\/tdrs\/TdRConsistenciayResultados_FAEB_1.pdf\" target=\"_blank\" rel=\"noopener\"><br \/>\n                    <i class=\"fa fa-download\" \/><br \/>\n                <\/a><\/td><td class=\"column-4\"><a href=\"\/wp-content\/uploads\/sites\/77\/pdf\/evaluaciones_2014\/informes\/InformeFinalEvaluacionFAEBOax.pdf\" target=\"_blank\" rel=\"noopener\"><br \/>\n                    <i class=\"fa fa-download\" \/><\/a><\/td><td class=\"column-5\"><\/td><td class=\"column-6\">                <a href=\"\/wp-content\/uploads\/sites\/77\/pdf\/evaluaciones_2014\/anexos\/ANEXO_FAEB.pdf\" target=\"_blank\" rel=\"noopener\"><br \/>\n                    <i class=\"fa fa-download\" \/><br \/>\n                <\/a><\/td><td class=\"column-7\"><\/td>\n<\/tr>\n<tr class=\"row-4\">\n\t<td class=\"column-1\">3<\/td><td class=\"column-2\">Fondo de Aportaciones para la Infraestructura Social (FAIS) en su componente Infraestructura Social Estatal (FISE)<\/td><td class=\"column-3\">                <a href=\"\/wp-content\/uploads\/sites\/77\/pdf\/evaluaciones_2014\/tdrs\/TdREvaluaci\u00f3nEspecifica_FISE.pdf\" target=\"_blank\" rel=\"noopener\"><br \/>\n                    <i class=\"fa fa-download\" \/><br \/>\n                <\/a><\/td><td class=\"column-4\">                <a href=\"\/wp-content\/uploads\/sites\/77\/pdf\/evaluaciones_2014\/informes\/InformeFinalEvaluacionFISEOax.pdf\" target=\"_blank\" rel=\"noopener\"><br \/>\n                    <i class=\"fa fa-download\" \/><\/a><\/td><td class=\"column-5\"><\/td><td class=\"column-6\">                <a href=\"\/wp-content\/uploads\/sites\/77\/pdf\/evaluaciones_2014\/anexos\/ANEXO_FISE.pdf\" target=\"_blank\" rel=\"noopener\"><br \/>\n                    <i class=\"fa fa-download\" \/><br \/>\n                <\/a><\/td><td class=\"column-7\"><\/td>\n<\/tr>\n<tr class=\"row-5\">\n\t<td class=\"column-1\">4<\/td><td class=\"column-2\">Fondo de Aportaciones para los Servicios de Salud (FASSA)<\/td><td class=\"column-3\">                <a href=\"\/wp-content\/uploads\/sites\/77\/pdf\/evaluaciones_2014\/tdrs\/TdRConsistenciayResultados_FASSA_1.pdf\" target=\"_blank\" rel=\"noopener\"><br \/>\n                    <i class=\"fa fa-download\" \/><br \/>\n                <\/a><\/td><td class=\"column-4\"><a href=\"\/wp-content\/uploads\/sites\/77\/pdf\/evaluaciones_2014\/informes\/InformeFinalEvaluacionFASSAOax.pdf\" target=\"_blank\" rel=\"noopener\"><i class=\"fa fa-download\" \/><\/a><\/td><td class=\"column-5\"><\/td><td class=\"column-6\"><a href=\"\/wp-content\/uploads\/sites\/77\/pdf\/evaluaciones_2014\/anexos\/ANEXO_FASSA_FINAL.pdf\" target=\"_blank\" rel=\"noopener\"><i class=\"fa fa-download\" \/><\/a><\/td><td class=\"column-7\"><\/td>\n<\/tr>\n<tr class=\"row-6\">\n\t<td class=\"column-1\">5<\/td><td class=\"column-2\">Fondo de Aportaciones M\u00faltiples (FAM)<\/td><td class=\"column-3\">                <a href=\"\/wp-content\/uploads\/sites\/77\/pdf\/evaluaciones_2014\/tdrs\/TdRConsistenciayResultados_FAM_1.pdf\" target=\"_blank\" rel=\"noopener\"><br \/>\n                    <i class=\"fa fa-download\" \/><\/a><\/td><td class=\"column-4\"><a href=\"\/wp-content\/uploads\/sites\/77\/pdf\/evaluaciones_2014\/informes\/InformeFinalEvaluacionFAMEducacionOax.pdf\" target=\"_blank\" rel=\"noopener\"><i class=\"fa fa-download\" \/><\/a><\/td><td class=\"column-5\"><a href=\"\/wp-content\/uploads\/sites\/77\/pdf\/evaluaciones_2014\/informes\/InformeFinalFAMAsistenciaSocial.pdf\" target=\"_blank\" rel=\"noopener\"><i class=\"fa fa-download\" \/><\/a><\/td><td class=\"column-6\"><a href=\"\/wp-content\/uploads\/sites\/77\/pdf\/evaluaciones_2014\/anexos\/ANEXO_FAMInfraEduca.pdf\" target=\"_blank\" rel=\"noopener\"><i class=\"fa fa-download\" \/><\/a><\/td><td class=\"column-7\"><a href=\"\/wp-content\/uploads\/sites\/77\/pdf\/evaluaciones_2014\/anexos\/ANEXO_FAMAsisSoc.pdf\" target=\"_blank\" rel=\"noopener\"><i class=\"fa fa-download\" \/><\/a><\/td>\n<\/tr>\n<tr class=\"row-7\">\n\t<td class=\"column-1\">6<\/td><td class=\"column-2\">Fondo de Aportaciones para la Seguridad P\u00fablica de los Estados y del Distrito Federal (FASP)<\/td><td class=\"column-3\">                <a href=\"\/wp-content\/uploads\/sites\/77\/pdf\/evaluaciones_2014\/tdrs\/TdRConsistenciayResultados_FASP_1.pdf\" target=\"_blank\" rel=\"noopener\"><br \/>\n                    <i class=\"fa fa-download\" \/><br \/>\n                <\/a><\/td><td class=\"column-4\"><a href=\"\/wp-content\/uploads\/sites\/77\/pdf\/evaluaciones_2014\/informes\/InformeFinalEvaluacionFASPOax.pdf\" target=\"_blank\" rel=\"noopener\"><i class=\"fa fa-download\" \/><\/a><\/td><td class=\"column-5\"><\/td><td class=\"column-6\"><a href=\"\/wp-content\/uploads\/sites\/77\/pdf\/evaluaciones_2014\/anexos\/ANEXO_FASP.pdf\" target=\"_blank\" rel=\"noopener\"><i class=\"fa fa-download\" \/><\/a><\/td><td class=\"column-7\"><\/td>\n<\/tr>\n<tr class=\"row-8\">\n\t<td class=\"column-1\">7<\/td><td class=\"column-2\">Fondo de Aportaciones para la Educaci\u00f3n Tecnol\u00f3gica y de Adultos (FAETA)<\/td><td class=\"column-3\">                <a href=\"\/wp-content\/uploads\/sites\/77\/pdf\/evaluaciones_2014\/tdrs\/TdRConsistenciayResultados_FAETA_1.pdf\" target=\"_blank\" rel=\"noopener\"><br \/>\n                    <i class=\"fa fa-download\" \/><br \/>\n                <\/a><\/td><td class=\"column-4\"><a href=\"\/wp-content\/uploads\/sites\/77\/pdf\/evaluaciones_2014\/informes\/InformeFinalEvaluacionFAETAOax.pdf\" target=\"_blank\" rel=\"noopener\"><i class=\"fa fa-download\" \/><\/a><\/td><td class=\"column-5\"><\/td><td class=\"column-6\"><a href=\"\/wp-content\/uploads\/sites\/77\/pdf\/evaluaciones_2014\/anexos\/ANEXO_FAETA_FINAL.pdf\" target=\"_blank\" rel=\"noopener\"><i class=\"fa fa-download\" \/><\/a><\/td><td class=\"column-7\"><\/td>\n<\/tr>\n<tr class=\"row-9\">\n\t<td class=\"column-1\">8<\/td><td class=\"column-2\">Fondo de Aportaciones para el Fortalecimiento de los Municipios (FORTAMUN)<\/td><td class=\"column-3\">                <a href=\"\/wp-content\/uploads\/sites\/77\/pdf\/evaluaciones_2014\/tdrs\/TdREvaluaci\u00f3nEspecifica_FORTAMUN.pdf\" target=\"_blank\" rel=\"noopener\"><br \/>\n                    <i class=\"fa fa-download\" \/><br \/>\n                <\/a><\/td><td class=\"column-4\">                <a href=\"\/wp-content\/uploads\/sites\/77\/pdf\/evaluaciones_2014\/informes\/InformeFinalEvaluacionFortamunOax.pdf\" target=\"_blank\" rel=\"noopener\"><i class=\"fa fa-download\" \/><\/a><\/td><td class=\"column-5\"><\/td><td class=\"column-6\"><a href=\"\/wp-content\/uploads\/sites\/77\/pdf\/evaluaciones_2014\/anexos\/ANEXO_FORTAMUN.pdf\" target=\"_blank\" rel=\"noopener\"><i class=\"fa fa-download\" \/><\/a><\/td><td class=\"column-7\"><\/td>\n<\/tr>\n<tr class=\"row-10\">\n\t<td class=\"column-1\">9<\/td><td class=\"column-2\">Fondo Regional (FONREGI\u00d3N)<\/td><td class=\"column-3\">                <a href=\"\/wp-content\/uploads\/sites\/77\/pdf\/evaluaciones_2014\/tdrs\/TdRConsistenciayResultados_FONREGION_1.pdf\" target=\"_blank\" rel=\"noopener\"><br \/>\n                    <i class=\"fa fa-download\" \/><br \/>\n                <\/a><\/td><td class=\"column-4\"><a href=\"\/wp-content\/uploads\/sites\/77\/pdf\/evaluaciones_2014\/informes\/InformeFinalEvaluacionFONREGIONOax.pdf\" target=\"_blank\" rel=\"noopener\"><i class=\"fa fa-download\" \/><\/a><\/td><td class=\"column-5\"><\/td><td class=\"column-6\"><a href=\"\/wp-content\/uploads\/sites\/77\/pdf\/evaluaciones_2014\/anexos\/ANEXO_FONREGION.pdf\" target=\"_blank\" rel=\"noopener\"><i class=\"fa fa-download\" \/><\/a><\/td><td class=\"column-7\"><\/td>\n<\/tr>\n<\/tbody>\n<\/table>\n<!-- #tablepress-31 from cache --><\/div>\n<div id=\"collapseSiete\" class=\"tab-pane fade\" role=\"tabpanel\" aria-labelledby=\"nav_tab_sietec\">\n<h4>PAE 2013<\/h4>\n\n<table id=\"tablepress-32\" class=\"tablepress tablepress-id-32\">\n<thead>\n<tr class=\"row-1\">\n\t<th class=\"column-1\">No.<\/th><th class=\"column-2\">Documento<\/th><th class=\"column-3\">Descarga<\/th>\n<\/tr>\n<\/thead>\n<tbody class=\"row-striping row-hover\">\n<tr class=\"row-2\">\n\t<td class=\"column-1\">1<\/td><td class=\"column-2\">Programa Anual de Evaluaci\u00f3n 2013<\/td><td class=\"column-3\"><a href=\"\/wp-content\/uploads\/sites\/77\/pdf\/normativa\/pae2012.pdf\" target=\"_blank\" rel=\"noopener noreferrer\"><i class=\"fa fa-download\"><\/i><\/a><\/td>\n<\/tr>\n<tr class=\"row-3\">\n\t<td class=\"column-1\">2<\/td><td class=\"column-2\">Modelo de T\u00e9rminos de Referencia para la Evaluaci\u00f3n en Materia de Dise\u00f1o<\/td><td class=\"column-3\"><a href=\"\/wp-content\/uploads\/sites\/77\/pdf\/evaluaciones_2013\/tdr's evaluacion_dise\u00f1o.pdf\" target=\"_blank\" rel=\"noopener noreferrer\"><i class=\"fa fa-download\"><\/i><\/a><\/td>\n<\/tr>\n<\/tbody>\n<\/table>\n<!-- #tablepress-32 from cache -->\n<h4>Evaluaci\u00f3n de los Programas de Desarrollo Social<\/h4>\n\n<table id=\"tablepress-33\" class=\"tablepress tablepress-id-33\">\n<thead>\n<tr class=\"row-1\">\n\t<th class=\"column-1\">No.<\/th><th class=\"column-2\">Programa<\/th><th class=\"column-3\">Informe de Resultados<\/th><th class=\"column-4\">Fichas de Difusi\u00f3n de Resultados<\/th>\n<\/tr>\n<\/thead>\n<tbody class=\"row-striping row-hover\">\n<tr class=\"row-2\">\n\t<td class=\"column-1\">1<\/td><td class=\"column-2\">Programa de Pensi\u00f3n Alimentaria Bienestar para Adultos Mayores de 70 y m\u00e1s A\u00f1os<\/td><td class=\"column-3\">                <a href=\"\/wp-content\/uploads\/sites\/77\/pdf\/evaluaciones_2013\/informes\/70_y_mas_evaluacion.pdf\" target=\"_blank\"><br \/>\n                    <i class=\"fa fa-download\"\/><br \/>\n                <\/a><\/td><td class=\"column-4\">                <a href=\"\/wp-content\/uploads\/sites\/77\/pdf\/evaluaciones_2013\/fichas_difusion_resultados\/DRE-Adultos.pdf\" target=\"_blank\"><br \/>\n                    <i class=\"fa fa-download\"\/><br \/>\n                <\/a><\/td>\n<\/tr>\n<tr class=\"row-3\">\n\t<td class=\"column-1\">2<\/td><td class=\"column-2\">Programa Bienestar de Becas para J\u00f3venes Estudiantes de Nivel Superior<\/td><td class=\"column-3\">                <a href=\"\/wp-content\/uploads\/sites\/77\/pdf\/evaluaciones_2013\/informes\/becas_evaluacion.pdf\" target=\"_blank\"><br \/>\n                    <i class=\"fa fa-download\"\/><br \/>\n                <\/a><\/td><td class=\"column-4\">                <a href=\"\/wp-content\/uploads\/sites\/77\/pdf\/evaluaciones_2013\/fichas_difusion_resultados\/DRE-Becas.pdf\" target=\"_blank\"><br \/>\n                    <i class=\"fa fa-download\"\/><br \/>\n                <\/a><\/td>\n<\/tr>\n<tr class=\"row-4\">\n\t<td class=\"column-1\">3<\/td><td class=\"column-2\">Programa Bienestar de Apoyo a Personas con Discapacidad<\/td><td class=\"column-3\">                <a href=\"\/wp-content\/uploads\/sites\/77\/pdf\/evaluaciones_2013\/informes\/discapacidad_evaluacion.pdf\" target=\"_blank\"><br \/>\n                    <i class=\"fa fa-download\"\/><br \/>\n                <\/a><\/td><td class=\"column-4\">                <a href=\"\/wp-content\/uploads\/sites\/77\/pdf\/evaluaciones_2013\/fichas_difusion_resultados\/DRE-Discapacidad.pdf\" target=\"_blank\"><br \/>\n                    <i class=\"fa fa-download\"\/><br \/>\n                <\/a><\/td>\n<\/tr>\n<tr class=\"row-5\">\n\t<td class=\"column-1\">4<\/td><td class=\"column-2\">Programa Bienestar Impulso a Jefas de Familia Desempleadas o en Situaci\u00f3n de Violencia de G\u00e9nero<\/td><td class=\"column-3\">                <a href=\"\/wp-content\/uploads\/sites\/77\/pdf\/evaluaciones_2013\/informes\/jefas_de_familia_evaluacion.pdf\" target=\"_blank\"><br \/>\n                    <i class=\"fa fa-download\"\/><br \/>\n                <\/a><\/td><td class=\"column-4\">                <a href=\"\/wp-content\/uploads\/sites\/77\/pdf\/evaluaciones_2013\/fichas_difusion_resultados\/DRE-Jefas.pdf\" target=\"_blank\"><br \/>\n                    <i class=\"fa fa-download\"\/><br \/>\n                <\/a><\/td>\n<\/tr>\n<tr class=\"row-6\">\n\t<td class=\"column-1\">5<\/td><td class=\"column-2\">Programa Integral Bienestar de Prevenci\u00f3n al C\u00e1ncer C\u00e9rvico Uterino<\/td><td class=\"column-3\">                <a href=\"\/wp-content\/uploads\/sites\/77\/pdf\/evaluaciones_2013\/informes\/prevencion_cancer_cu_evaluacion.pdf\" target=\"_blank\"><br \/>\n                    <i class=\"fa fa-download\"\/><br \/>\n                <\/a><\/td><td class=\"column-4\">                <a href=\"\/wp-content\/uploads\/sites\/77\/pdf\/evaluaciones_2013\/fichas_difusion_resultados\/DRE-CaCU.pdf\" target=\"_blank\"><br \/>\n                    <i class=\"fa fa-download\"\/><br \/>\n                <\/a><\/td>\n<\/tr>\n<tr class=\"row-7\">\n\t<td class=\"column-1\">6<\/td><td class=\"column-2\">Programa Bienestar de Dotaci\u00f3n Gratuita de Uniformes Escolares a los Alumnos de Educaci\u00f3n B\u00e1sica en Escuelas P\u00fablicas<\/td><td class=\"column-3\">                <a href=\"\/wp-content\/uploads\/sites\/77\/pdf\/evaluaciones_2013\/informes\/uniformes_evaluacion.pdf\" target=\"_blank\"><br \/>\n                    <i class=\"fa fa-download\"\/><br \/>\n                <\/a><\/td><td class=\"column-4\">                <a href=\"\/wp-content\/uploads\/sites\/77\/pdf\/evaluaciones_2013\/fichas_difusion_resultados\/DRE-Uniformes.pdf\" target=\"_blank\"><br \/>\n                    <i class=\"fa fa-download\"\/><br \/>\n                <\/a><\/td>\n<\/tr>\n<tr class=\"row-8\">\n\t<td class=\"column-1\">7<\/td><td class=\"column-2\">Programa Bienestar de Dotaci\u00f3n Gratuita de \u00datiles Escolares a los Alumnos de Educaci\u00f3n B\u00e1sica en Escuelas P\u00fablicas<\/td><td class=\"column-3\">                <a href=\"\/wp-content\/uploads\/sites\/77\/pdf\/evaluaciones_2013\/informes\/utiles_evaluacion.pdf\" target=\"_blank\"><br \/>\n                    <i class=\"fa fa-download\"\/><br \/>\n                <\/a><\/td><td class=\"column-4\">                <a href=\"\/wp-content\/uploads\/sites\/77\/pdf\/evaluaciones_2013\/fichas_difusion_resultados\/DRE-Utiles.pdf\" target=\"_blank\"><br \/>\n                    <i class=\"fa fa-download\"\/><br \/>\n                <\/a><\/td>\n<\/tr>\n<\/tbody>\n<\/table>\n<!-- #tablepress-33 from cache --><\/div>\n<\/p><\/div>\n<\/p><\/div>\n<div class=\"tab-pane fade\" id=\"asm-tab-pane\" role=\"tabpanel\" aria-labelledby=\"asm-tab\">\n    A los hallazgos, debilidades, oportunidades y amenazas identificadas en la evaluaci\u00f3n externa y\/o informes, que pueden ser atendidos para la mejora del programa.<br \/>\n    Para que el seguimiento y la evaluaci\u00f3n de la gesti\u00f3n p\u00fablica sean verdaderas herramientas para la toma de decisiones, es vital el desarrollo de capacidad institucional y la apropiaci\u00f3n gradual de nuevos h\u00e1bitos de gesti\u00f3n al interior de la Administraci\u00f3n P\u00fablica. Para ello, se proporcionan diversos materiales de apoyo y se han establecido v\u00ednculos con otras instituciones, a fin de que los servidores p\u00fablicos desarrollen sus habilidades te\u00f3ricas y pr\u00e1cticas para un Presupuesto en Resultados.<\/p>\n<ul class=\"nav nav-tabs\" id=\"maasmTab\" role=\"tablist\">\n<li class=\"nav-item\" role=\"presentation\">\n <button id=\"nav_tab_2025m\" class=\"nav-link active\" data-bs-toggle=\"tab\" type=\"button\" role=\"tab\" data-bs-target=\"#collapse2025m\" data-toggle=\"tab\" aria-controls=\"collapse2025m\">MAASM 2025<\/button>\n   <\/li>\n<li class=\"nav-item\" role=\"presentation\">\n        <button id=\"nav_tab_2023m\" class=\"nav-link\" data-bs-toggle=\"tab\" type=\"button\" role=\"tab\" data-bs-target=\"#collapse2023m\" data-toggle=\"tab\" aria-controls=\"collapse2023m\">MAASM 2023<\/button>\n      <\/li>\n<li class=\"nav-item\" role=\"presentation\">\n        <button id=\"nav_tab_2022m\" class=\"nav-link\" data-bs-toggle=\"tab\" type=\"button\" role=\"tab\" data-bs-target=\"#collapse2022m\" data-toggle=\"tab\" aria-controls=\"collapse2022m\">MAASM 2022<\/button>\n      <\/li>\n<li class=\"nav-item\" role=\"presentation\">\n        <button id=\"nav_tab_2021m\" class=\"nav-link\" data-bs-toggle=\"tab\" type=\"button\" role=\"tab\" data-bs-target=\"#collapse2021m\" data-toggle=\"tab\" aria-controls=\"collapse2021m\">MAASM 2021<\/button>\n      <\/li>\n<li class=\"nav-item\" role=\"presentation\">\n        <button id=\"nav_tab_prim\" class=\"nav-link\" data-bs-toggle=\"tab\" type=\"button\" role=\"tab\" data-bs-target=\"#collapsePrim\" data-toggle=\"tab\" aria-controls=\"collapsePrim\">MAASM 2020<\/button>\n      <\/li>\n<li class=\"nav-item\" role=\"presentation\">\n        <button id=\"nav_tab_unom\" class=\"nav-link\" data-bs-toggle=\"tab\" type=\"button\" role=\"tab\" data-bs-target=\"#collapseUnom\" data-toggle=\"tab\" aria-controls=\"collapseUnom\">MAASM 2019<\/button>\n      <\/li>\n<li class=\"nav-item\" role=\"presentation\">\n        <button id=\"nav_tab_dosm\" class=\"nav-link\" data-bs-toggle=\"tab\" type=\"button\" role=\"tab\" data-bs-target=\"#collapseDosm\" data-toggle=\"tab\" aria-controls=\"collapseDosm\">MAASM 2018<\/button>\n      <\/li>\n<li class=\"nav-item\" role=\"presentation\">\n        <button id=\"nav_tab_tresm\" class=\"nav-link\" data-bs-toggle=\"tab\" type=\"button\" role=\"tab\" data-bs-target=\"#collapseTresm\" data-toggle=\"tab\" aria-controls=\"collapseTresm\">MAASM 2017<\/button>\n      <\/li>\n<li class=\"nav-item\" role=\"presentation\">\n        <button id=\"nav_tab_cuatrom\" class=\"nav-link\" data-bs-toggle=\"tab\" type=\"button\" role=\"tab\" data-bs-target=\"#collapseCuatrom\" data-toggle=\"tab\" aria-controls=\"collapseCuatrom\">MAASM 2016<\/button>\n      <\/li>\n<li class=\"nav-item\" role=\"presentation\">\n        <button id=\"nav_tab_cincom\" class=\"nav-link\" data-bs-toggle=\"tab\" type=\"button\" role=\"tab\" data-bs-target=\"#collapseCincom\" data-toggle=\"tab\" aria-controls=\"collapseCincom\">MAASM 2015<\/button>\n      <\/li>\n<li class=\"nav-item\" role=\"presentation\">\n        <button id=\"nav_tab_seism\" class=\"nav-link\" data-bs-toggle=\"tab\" type=\"button\" role=\"tab\" data-bs-target=\"#collapseSeism\" data-toggle=\"tab\" aria-controls=\"collapseSeism\">MAASM 2013<\/button>\n      <\/li>\n<\/ul>\n<div id=\"nav-maasmContent\" class=\"tab-content\">\n<div id=\"collapse2025m\" class=\"tab-pane fade show active\" role=\"tabpanel\" aria-labelledby=\"nav_tab_2025m\">\n<h4>Evaluaci\u00f3n de Dise\u00f1o<\/h4>\n\n<table id=\"tablepress-239\" class=\"tablepress tablepress-id-239\">\n<thead>\n<tr class=\"row-1\">\n\t<th class=\"column-1\">Elemento<\/th><th class=\"column-2\">Documento de Opini\u00f3n<\/th><th class=\"column-3\">Dependencia<\/th><th class=\"column-4\">Anexo \u00danico P1<\/th><th class=\"column-5\">Anexo \u00danico P2<\/th>\n<\/tr>\n<\/thead>\n<tbody class=\"row-striping row-hover\">\n<tr class=\"row-2\">\n\t<td class=\"column-1\">Fortalecimiento de la Educaci\u00f3n Media Superior<\/td><td class=\"column-2\"><a href=\"\/wp-content\/uploads\/sites\/77\/2026\/01\/Opinion-154-Fortalecimiento-de-la-Educacion-Media-Superior.pdf\" target=\"_blank\" rel=\"noopener noreferrer\"><i class=\"fa fa-download\"><\/i><\/a><\/td><td class=\"column-3\">SEP<\/td><td class=\"column-4\"><a href=\"\/wp-content\/uploads\/sites\/77\/2026\/01\/Anexo-1-154-Fortalecimiento-de-la-Educacion-Media-Superior.pdf\" target=\"_blank\" rel=\"noopener noreferrer\"><i class=\"fa fa-download\"><\/i><\/a><\/td><td class=\"column-5\"><a href=\"\/wp-content\/uploads\/sites\/77\/2026\/01\/Anexo-2-154-Fortalecimiento-de-la-Educacion-Media-Superior.pdf\" target=\"_blank\" rel=\"noopener noreferrer\"><i class=\"fa fa-download\"><\/i><\/a><\/td>\n<\/tr>\n<tr class=\"row-3\">\n\t<td class=\"column-1\">Prevenci\u00f3n de la enfermedad y promoci\u00f3n de la salud<\/td><td class=\"column-2\"><a href=\"\/wp-content\/uploads\/sites\/77\/2026\/01\/Opinion-170-Prevencion-de-la-Enfermedad-y-Promocion-de-la-Salud.pdf\" target=\"_blank\" rel=\"noopener noreferrer\"><i class=\"fa fa-download\"><\/i><\/a><\/td><td class=\"column-3\">SSO<\/td><td class=\"column-4\"><a href=\"\/wp-content\/uploads\/sites\/77\/2026\/01\/Anexo-1-170-Prevencion-de-la-Enfermedad-y-Promocion-de-la-Salud.pdf\" target=\"_blank\" rel=\"noopener noreferrer\"><i class=\"fa fa-download\"><\/i><\/a><\/td><td class=\"column-5\"><a href=\"\/wp-content\/uploads\/sites\/77\/2026\/01\/Anexo-2-170-Prevencion-de-la-Enfermedad-y-Promocion-de-la-Salud.pdf\" target=\"_blank\" rel=\"noopener noreferrer\"><i class=\"fa fa-download\"><\/i><\/a><\/td>\n<\/tr>\n<tr class=\"row-4\">\n\t<td class=\"column-1\">Infraestructura vial en el estado de Oaxaca<\/td><td class=\"column-2\"><a href=\"\/wp-content\/uploads\/sites\/77\/2026\/01\/Opinion-137-Infraestructura-Vial-en-el-Estado-de-Oaxaca.pdf\" target=\"_blank\" rel=\"noopener noreferrer\"><i class=\"fa fa-download\"><\/i><\/a><\/td><td class=\"column-3\">CABIEN<\/td><td class=\"column-4\"><a href=\"\/wp-content\/uploads\/sites\/77\/2026\/01\/Anexo-1-137-Infraestructura-Vial-en-el-Estado-de-Oaxaca.pdf\" target=\"_blank\" rel=\"noopener noreferrer\"><i class=\"fa fa-download\"><\/i><\/a><\/td><td class=\"column-5\"><a href=\"\/wp-content\/uploads\/sites\/77\/2026\/01\/Anexo-2-137-Infraestructura-Vial-en-el-Estado-de-Oaxaca.pdf\" target=\"_blank\" rel=\"noopener noreferrer\"><i class=\"fa fa-download\"><\/i><\/a><\/td>\n<\/tr>\n<tr class=\"row-5\">\n\t<td class=\"column-1\">Desarrollo Agr\u00edcola<\/td><td class=\"column-2\"><a href=\"\/wp-content\/uploads\/sites\/77\/2026\/01\/Opinion-139-Programa-Desarrollo-Agricola.pdf\" target=\"_blank\" rel=\"noopener noreferrer\"><i class=\"fa fa-download\"><\/i><\/a><\/td><td class=\"column-3\">SEFADER<\/td><td class=\"column-4\"><a href=\"\/wp-content\/uploads\/sites\/77\/2026\/01\/Anexo-1-139-Desarrollo-Agricola.pdf\" target=\"_blank\" rel=\"noopener noreferrer\"><i class=\"fa fa-download\"><\/i><\/a><\/td><td class=\"column-5\"><a href=\"\/wp-content\/uploads\/sites\/77\/2026\/01\/Anexo-2-139-Desarrollo-Agricola.pdf\" target=\"_blank\" rel=\"noopener noreferrer\"><i class=\"fa fa-download\"><\/i><\/a><\/td>\n<\/tr>\n<tr class=\"row-6\">\n\t<td class=\"column-1\">Protecci\u00f3n, promoci\u00f3n y fomento de la diversidad cultural<\/td><td class=\"column-2\"><a href=\"\/wp-content\/uploads\/sites\/77\/2026\/01\/Opinion-101-Proteccion-promocion-y-fomento-de-la-diversidad-cultural.pdf\" target=\"_blank\" rel=\"noopener noreferrer\"><i class=\"fa fa-download\"><\/i><\/a><\/td><td class=\"column-3\">SECULTA<\/td><td class=\"column-4\"><a href=\"\/wp-content\/uploads\/sites\/77\/2026\/01\/Anexo-1-101-Proteccion-promocion-y-fomento-de-la-diversidad-cultural.pdf\" target=\"_blank\" rel=\"noopener noreferrer\"><i class=\"fa fa-download\"><\/i><\/a><\/td><td class=\"column-5\"><a href=\"\/wp-content\/uploads\/sites\/77\/2026\/01\/Anexo-2-101-Proteccion-promocion-y-fomento-de-la-diversidad-cultural.pdf\" target=\"_blank\" rel=\"noopener noreferrer\"><i class=\"fa fa-download\"><\/i><\/a><\/td>\n<\/tr>\n<tr class=\"row-7\">\n\t<td class=\"column-1\">Planeaci\u00f3n tur\u00edstica y desarrollo sustentable e incluyente<\/td><td class=\"column-2\"><a href=\"\/wp-content\/uploads\/sites\/77\/2026\/01\/Opinion-128-Planeacion-Turistica-y-Desarrollo-Sustentable-e-Incluyente.pdf\" target=\"_blank\" rel=\"noopener noreferrer\"><i class=\"fa fa-download\"><\/i><\/a><\/td><td class=\"column-3\">SECTUR<\/td><td class=\"column-4\"><a href=\"\/wp-content\/uploads\/sites\/77\/2026\/01\/Anexo-1-128-Planeacion-Turistica-y-Desarrollo-Sustentable-e-Incluyente.pdf\" target=\"_blank\" rel=\"noopener noreferrer\"><i class=\"fa fa-download\"><\/i><\/a><\/td><td class=\"column-5\"><a href=\"\/wp-content\/uploads\/sites\/77\/2026\/01\/Anexo-2-128-Planeacion-Turistica-y-Desarrollo-Sustentable-e-Incluyente.pdf\" target=\"_blank\" rel=\"noopener noreferrer\"><i class=\"fa fa-download\"><\/i><\/a><\/td>\n<\/tr>\n<tr class=\"row-8\">\n\t<td class=\"column-1\">Promoci\u00f3n de la igualdad sustantiva<\/td><td class=\"column-2\"><a href=\"\/wp-content\/uploads\/sites\/77\/2026\/01\/Opinion-Programa-Promocion-a-la-Igualdad-Sustantiva-Prevencion-de-la-Violencia-de-Genero.pdf\" target=\"_blank\" rel=\"noopener noreferrer\"><i class=\"fa fa-download\"><\/i><\/a><\/td><td class=\"column-3\">SMO<\/td><td class=\"column-4\"><a href=\"\/wp-content\/uploads\/sites\/77\/2026\/01\/Anexo-1-152-Promocion-de-la-igualdad-sustantiva-prevencion-de-la-violencia-de-genero.pdf\" target=\"_blank\" rel=\"noopener noreferrer\"><i class=\"fa fa-download\"><\/i><\/a><\/td><td class=\"column-5\"><a href=\"\/wp-content\/uploads\/sites\/77\/2026\/01\/Anexo-2-152-Promocion-de-la-igualdad-sustantiva-prevencion-de-la-violencia-de-genero.pdf\" target=\"_blank\" rel=\"noopener noreferrer\"><i class=\"fa fa-download\"><\/i><\/a><\/td>\n<\/tr>\n<tr class=\"row-9\">\n\t<td class=\"column-1\">Programa de atenci\u00f3n a jefas de familia Tarjeta Margarita Maza<\/td><td class=\"column-2\"><a href=\"\/wp-content\/uploads\/sites\/77\/2026\/01\/Opinion-Programa-de-Atencion-a-Jefas-de-Familia-Tarjeta-Margarita-Maza.pdf\" target=\"_blank\" rel=\"noopener noreferrer\"><i class=\"fa fa-download\"><\/i><\/a><\/td><td class=\"column-3\">SEBIENTI<\/td><td class=\"column-4\"><a href=\"\/wp-content\/uploads\/sites\/77\/2026\/01\/Anexo-1-Programa-de-Atencion-a-Jefas-de-Familia-Tarjeta-Margarita-Maza.pdf\" target=\"_blank\" rel=\"noopener noreferrer\"><i class=\"fa fa-download\"><\/i><\/a><\/td><td class=\"column-5\"><a href=\"\/wp-content\/uploads\/sites\/77\/2026\/01\/Anexo-2-Programa-de-Atencion-a-Jefas-de-Familia-Tarjeta-Margarita-Maza.pdf\" target=\"_blank\" rel=\"noopener noreferrer\"><i class=\"fa fa-download\"><\/i><\/a><\/td>\n<\/tr>\n<\/tbody>\n<\/table>\n<!-- #tablepress-239 from cache -->\n<h4>Evaluaci\u00f3n Espec\u00edfica<\/h4>\n\n<table id=\"tablepress-240\" class=\"tablepress tablepress-id-240\">\n<thead>\n<tr class=\"row-1\">\n\t<th class=\"column-1\">Elemento<\/th><th class=\"column-2\">Documento de Opini\u00f3n<\/th><th class=\"column-3\">Dependencia<\/th><th class=\"column-4\">Anexo \u00danico P1<\/th><th class=\"column-5\">Anexo \u00danico P2<\/th>\n<\/tr>\n<\/thead>\n<tbody class=\"row-striping row-hover\">\n<tr class=\"row-2\">\n\t<td class=\"column-1\">Experiencia que transforma tu futuro: Mi primera chamba<\/td><td class=\"column-2\"><a href=\"\/wp-content\/uploads\/sites\/77\/2026\/01\/Opinion-Programa-Mi-primer-Empleo-Experiencia-que-Transforma.pdf\" target=\"_blank\" rel=\"noopener noreferrer\"><i class=\"fa fa-download\"><\/i><\/a><\/td><td class=\"column-3\">SEBIENTI<\/td><td class=\"column-4\"><a href=\"\/wp-content\/uploads\/sites\/77\/2026\/01\/Anexo-1-Programa-Mi-primer-Empleo-Experiencia-que-Transforma.pdf\" target=\"_blank\" rel=\"noopener noreferrer\"><i class=\"fa fa-download\"><\/i><\/a><\/td><td class=\"column-5\"><a href=\"\/wp-content\/uploads\/sites\/77\/2026\/01\/Anexo-2-Programa-Mi-primer-Empleo-Experiencia-que-Transforma.pdf\" target=\"_blank\" rel=\"noopener noreferrer\"><i class=\"fa fa-download\"><\/i><\/a><\/td>\n<\/tr>\n<tr class=\"row-3\">\n\t<td class=\"column-1\">Impulso al Desarrollo Econ\u00f3mico<\/td><td class=\"column-2\"><a href=\"\/wp-content\/uploads\/sites\/77\/2026\/01\/Opinion-Programa-Impulso-al-Desarrollo-Economico.pdf\" target=\"_blank\" rel=\"noopener noreferrer\"><i class=\"fa fa-download\"><\/i><\/a><\/td><td class=\"column-3\">SEDECO<\/td><td class=\"column-4\"><a href=\"\/wp-content\/uploads\/sites\/77\/2026\/01\/Anexo-1-Programa-Impulso-al-Desarrollo-Economico.pdf\" target=\"_blank\" rel=\"noopener noreferrer\"><i class=\"fa fa-download\"><\/i><\/a><\/td><td class=\"column-5\"><a href=\"\/wp-content\/uploads\/sites\/77\/2026\/01\/Anexo-2-Programa-Impulso-al-Desarrollo-Economico.pdf\" target=\"_blank\" rel=\"noopener noreferrer\"><i class=\"fa fa-download\"><\/i><\/a><\/td>\n<\/tr>\n<tr class=\"row-4\">\n\t<td class=\"column-1\">Fortalecimiento a la vivienda<\/td><td class=\"column-2\"><a href=\"\/wp-content\/uploads\/sites\/77\/2026\/01\/Opinion-129-Programa-Fortalecimiento-a-la-Vivienda.pdf\" target=\"_blank\" rel=\"noopener noreferrer\"><i class=\"fa fa-download\"><\/i><\/a><\/td><td class=\"column-3\">VIVIEN<\/td><td class=\"column-4\"><a href=\"\/wp-content\/uploads\/sites\/77\/2026\/01\/Anexo-1-Programa-Fortalecimiento-a-la-Vivienda.pdf\" target=\"_blank\" rel=\"noopener noreferrer\"><i class=\"fa fa-download\"><\/i><\/a><\/td><td class=\"column-5\"><a href=\"\/wp-content\/uploads\/sites\/77\/2026\/01\/Anexo-2-Programa-Fortalecimiento-a-la-Vivienda.pdf\" target=\"_blank\" rel=\"noopener noreferrer\"><i class=\"fa fa-download\"><\/i><\/a><\/td>\n<\/tr>\n<tr class=\"row-5\">\n\t<td class=\"column-1\">Impulso a la generaci\u00f3n de empleos dignos y formales<\/td><td class=\"column-2\"><a href=\"\/wp-content\/uploads\/sites\/77\/2026\/01\/Opinion-Programa-Impulso-a-la-generacion-de-empleos-formales.pdf\" target=\"_blank\" rel=\"noopener noreferrer\"><i class=\"fa fa-download\"><\/i><\/a><\/td><td class=\"column-3\">SETRAO<\/td><td class=\"column-4\"><a href=\"\/wp-content\/uploads\/sites\/77\/2026\/01\/Anexo-1-Programa-Impulso-a-la-generacion-de-empleos-formales.pdf\" target=\"_blank\" rel=\"noopener noreferrer\"><i class=\"fa fa-download\"><\/i><\/a><\/td><td class=\"column-5\"><a href=\"\/wp-content\/uploads\/sites\/77\/2026\/01\/Anexo-2-Programa-Impulso-a-la-generacion-de-empleos-formales.pdf\" target=\"_blank\" rel=\"noopener noreferrer\"><i class=\"fa fa-download\"><\/i><\/a><\/td>\n<\/tr>\n<\/tbody>\n<\/table>\n<!-- #tablepress-240 from cache --><\/div>\n<div id=\"collapse2023m\" class=\"tab-pane fade\" role=\"tabpanel\" aria-labelledby=\"nav_tab_2023m\">\n<h4>Evaluaci\u00f3n Estrat\u00e9gica<\/h4>\n\n<table id=\"tablepress-221\" class=\"tablepress tablepress-id-221\">\n<thead>\n<tr class=\"row-1\">\n\t<th class=\"column-1\">Elemento<\/th><th class=\"column-2\">Dependencia<\/th><th class=\"column-3\">Documento de Opini\u00f3n<\/th><th class=\"column-4\">Anexo \u00danico<br \/>\n1ra. Parte<\/th>\n<\/tr>\n<\/thead>\n<tbody class=\"row-striping row-hover\">\n<tr class=\"row-2\">\n\t<td class=\"column-1\">Pol\u00edtica de Fortalecimiento de la Planeaci\u00f3n Municipal con Enfoque Sostenible<\/td><td class=\"column-2\">INPLABIEN<\/td><td class=\"column-3\"><a href=\"https:\/\/www.oaxaca.gob.mx\/gabinete\/wp-content\/uploads\/sites\/77\/2023\/06\/Documento-Op_INPLABIEN_MAASM-2023.pdf\" target=\"_blank\" rel=\"noopener noreferrer\"><i class=\"fa fa-download\"><\/i><\/a><\/td><td class=\"column-4\"><\/td>\n<\/tr>\n<tr class=\"row-3\">\n\t<td class=\"column-1\">Evaluaci\u00f3n Estrat\u00e9gica de Transparencia Gubernamental<\/td><td class=\"column-2\">HONESTIDAD<\/td><td class=\"column-3\"><a href=\"https:\/\/www.oaxaca.gob.mx\/gabinete\/wp-content\/uploads\/sites\/77\/2023\/06\/Documento-Op_HONESTIDAD_MAASM-2023.pdf\" target=\"_blank\" rel=\"noopener noreferrer\"><i class=\"fa fa-download\"><\/i><\/a><\/td><td class=\"column-4\"><a href=\"https:\/\/www.oaxaca.gob.mx\/gabinete\/wp-content\/uploads\/sites\/77\/2023\/10\/AU1-SHTFUP-MAASM-2023.pdf\" target=\"_blank\" rel=\"noopener noreferrer\"><i class=\"fa fa-download\"><\/i><\/a><\/td>\n<\/tr>\n<\/tbody>\n<\/table>\n<!-- #tablepress-221 from cache -->\n<h4>Evaluaci\u00f3n Diagn\u00f3stico<\/h4>\n\n<table id=\"tablepress-222\" class=\"tablepress tablepress-id-222\">\n<thead>\n<tr class=\"row-1\">\n\t<th class=\"column-1\">Elemento<\/th><th class=\"column-2\">Dependencia<\/th><th class=\"column-3\">Documento de Opini\u00f3n<\/th>\n<\/tr>\n<\/thead>\n<tbody class=\"row-striping row-hover\">\n<tr class=\"row-2\">\n\t<td class=\"column-1\">B\u00fasqueda y Localizaci\u00f3n de Personas Desaparecidas<\/td><td class=\"column-2\">CEBPEO<\/td><td class=\"column-3\"><a href=\"https:\/\/www.oaxaca.gob.mx\/gabinete\/wp-content\/uploads\/sites\/77\/2023\/06\/Documento-Op_CEBPEO_MAASM-2023.pdf\" target=\"_blank\" rel=\"noopener noreferrer\"><i class=\"fa fa-download\"><\/i><\/a><\/td>\n<\/tr>\n<\/tbody>\n<\/table>\n<!-- #tablepress-222 from cache -->\n<h4>Evaluaci\u00f3n Espec\u00edfica<\/h4>\n\n<table id=\"tablepress-223\" class=\"tablepress tablepress-id-223\">\n<thead>\n<tr class=\"row-1\">\n\t<th class=\"column-1\">Elemento<\/th><th class=\"column-2\">Dependencia<\/th><th class=\"column-3\">Documento de Opini\u00f3n<\/th><th class=\"column-4\">Anexo \u00danico<br \/>\n1ra. Parte<\/th>\n<\/tr>\n<\/thead>\n<tbody class=\"row-striping row-hover\">\n<tr class=\"row-2\">\n\t<td class=\"column-1\">Desarrollo Tur\u00edstico como Factor de Impulso Econ\u00f3mico<\/td><td class=\"column-2\">SEDECO<\/td><td class=\"column-3\"><a href=\"https:\/\/www.oaxaca.gob.mx\/gabinete\/wp-content\/uploads\/sites\/77\/2023\/06\/Documento-Op_SEDECO_MAASM-2023.pdf\" target=\"_blank\" rel=\"noopener noreferrer\"><i class=\"fa fa-download\"><\/i><\/a><\/td><td class=\"column-4\"><a href=\"https:\/\/www.oaxaca.gob.mx\/gabinete\/wp-content\/uploads\/sites\/77\/2023\/10\/AU1-SEDECO-MAASM-2023.pdf\" target=\"_blank\" rel=\"noopener noreferrer\"><i class=\"fa fa-download\"><\/i><\/a><\/td>\n<\/tr>\n<tr class=\"row-3\">\n\t<td class=\"column-1\">Desarrollo Tur\u00edstico como Factor de Impulso Econ\u00f3mico<\/td><td class=\"column-2\">SECTUR<\/td><td class=\"column-3\"><a href=\"https:\/\/www.oaxaca.gob.mx\/gabinete\/wp-content\/uploads\/sites\/77\/2023\/06\/Documento-Op_SECTUR_MAASM-2023.pdf\" target=\"_blank\" rel=\"noopener noreferrer\"><i class=\"fa fa-download\"><\/i><\/a><\/td><td class=\"column-4\"><a href=\"https:\/\/www.oaxaca.gob.mx\/gabinete\/wp-content\/uploads\/sites\/77\/2023\/10\/AU1-sectur-MAASM-2023.pdf\" target=\"_blank\" rel=\"noopener noreferrer\"><i class=\"fa fa-download\"><\/i><\/a><\/td>\n<\/tr>\n<tr class=\"row-4\">\n\t<td class=\"column-1\">Desarrollo Tur\u00edstico como Factor de Impulso Econ\u00f3mico<\/td><td class=\"column-2\">SECULTA<\/td><td class=\"column-3\"><a href=\"https:\/\/www.oaxaca.gob.mx\/gabinete\/wp-content\/uploads\/sites\/77\/2023\/06\/Documento-Op_SECULTA_MAASM-2023.pdf\" target=\"_blank\" rel=\"noopener noreferrer\"><i class=\"fa fa-download\"><\/i><\/a><\/td><td class=\"column-4\"><\/td>\n<\/tr>\n<tr class=\"row-5\">\n\t<td class=\"column-1\">Desarrollo Tur\u00edstico como Factor de Impulso Econ\u00f3mico<\/td><td class=\"column-2\">IFPA<\/td><td class=\"column-3\"><a href=\"https:\/\/www.oaxaca.gob.mx\/gabinete\/wp-content\/uploads\/sites\/77\/2023\/06\/Documento-Op_IFPA_MAASM-2023.pdf\" target=\"_blank\" rel=\"noopener noreferrer\"><i class=\"fa fa-download\"><\/i><\/a><\/td><td class=\"column-4\"><a href=\"https:\/\/www.oaxaca.gob.mx\/gabinete\/wp-content\/uploads\/sites\/77\/2023\/10\/AU1-IFPA-MAASM-2023.pdf\" target=\"_blank\" rel=\"noopener noreferrer\"><i class=\"fa fa-download\"><\/i><\/a><\/td>\n<\/tr>\n<\/tbody>\n<\/table>\n<!-- #tablepress-223 from cache --><\/div>\n<div id=\"collapse2022m\" class=\"tab-pane fade\" role=\"tabpanel\" aria-labelledby=\"nav_tab_2022m\">\n<h4>Descargas<\/h4>\n\n<table id=\"tablepress-219\" class=\"tablepress tablepress-id-219\">\n<thead>\n<tr class=\"row-1\">\n\t<th class=\"column-1\">No.<\/th><th class=\"column-2\">Documento<\/th><th class=\"column-3\">Descarga<\/th>\n<\/tr>\n<\/thead>\n<tbody class=\"row-striping row-hover\">\n<tr class=\"row-2\">\n\t<td class=\"column-1\">1<\/td><td class=\"column-2\">Informe Final de Atenci\u00f3n a los Aspectos Susceptibles de Mejora 2022<\/td><td class=\"column-3\"><a href=\"\/wp-content\/uploads\/sites\/77\/2023\/05\/Informe_MAASM_2022.pdf\" target=\"_blank\" rel=\"noopener noreferrer\"><i class=\"fa fa-download\"><\/i><\/a><\/td>\n<\/tr>\n<\/tbody>\n<\/table>\n<!-- #tablepress-219 from cache -->\n<h4>Evaluaci\u00f3n Espec\u00edfica de Desempe\u00f1o<\/h4>\n\n<table id=\"tablepress-209\" class=\"tablepress tablepress-id-209\">\n<thead>\n<tr class=\"row-1\">\n\t<th class=\"column-1\">Elemento<\/th><th class=\"column-2\">Dependencia <\/th><th class=\"column-3\">Documento de Opini\u00f3n<\/th><th class=\"column-4\">Anexo \u00danico <br \/>\n1ra. Parte<\/th><th class=\"column-5\">Anexo \u00danico<br \/>\n2da. Parte<\/th>\n<\/tr>\n<\/thead>\n<tbody class=\"row-striping row-hover\">\n<tr class=\"row-2\">\n\t<td class=\"column-1\">Desarrollo Acu\u00edcola y Pesquero<\/td><td class=\"column-2\">SEDAPA<\/td><td class=\"column-3\"><a href=\"https:\/\/www.oaxaca.gob.mx\/gabinete\/wp-content\/uploads\/sites\/77\/2022\/05\/SEDAPA.pdf\" target=\"_blank\" rel=\"noopener noreferrer\"><i class=\"fa fa-download\"><\/i><\/a><\/td><td class=\"column-4\"><a href=\"https:\/\/www.oaxaca.gob.mx\/gabinete\/wp-content\/uploads\/sites\/77\/2022\/11\/AU1-M22-SEDAPA.pdf\" target=\"_blank\" rel=\"noopener noreferrer\"><i class=\"fa fa-download\"><\/i><\/a><\/td><td class=\"column-5\"><a href=\"https:\/\/www.oaxaca.gob.mx\/gabinete\/wp-content\/uploads\/sites\/77\/2023\/06\/AU2-SEDAPA-MAASM-2022.pdf\" target=\"_blank\" rel=\"noopener noreferrer\"><i class=\"fa fa-download\"><\/i><\/a><\/td>\n<\/tr>\n<tr class=\"row-3\">\n\t<td class=\"column-1\">Fondo de Aportaciones para la N\u00f3mina Educativo y Gasto Operativo<\/td><td class=\"column-2\">IEEPO<\/td><td class=\"column-3\"><a href=\"https:\/\/www.oaxaca.gob.mx\/gabinete\/wp-content\/uploads\/sites\/77\/2022\/05\/IEEPO.pdf\" target=\"_blank\" rel=\"noopener noreferrer\"><i class=\"fa fa-download\"><\/i><\/a><\/td><td class=\"column-4\"><a href=\"https:\/\/www.oaxaca.gob.mx\/gabinete\/wp-content\/uploads\/sites\/77\/2023\/06\/AU1-IEEPO-MAASM-2022.pdf\" target=\"_blank\" rel=\"noopener noreferrer\"><i class=\"fa fa-download\"><\/i><\/a><\/td><td class=\"column-5\"><a href=\"https:\/\/www.oaxaca.gob.mx\/gabinete\/wp-content\/uploads\/sites\/77\/2023\/06\/AU2-IEEPO-MAASM-2022.pdf\" target=\"_blank\" rel=\"noopener noreferrer\"><i class=\"fa fa-download\"><\/i><\/a><\/td>\n<\/tr>\n<\/tbody>\n<\/table>\n<!-- #tablepress-209 from cache -->\n<h4>Evaluaci\u00f3n de Dise\u00f1o<\/h4>\n\n<table id=\"tablepress-210\" class=\"tablepress tablepress-id-210\">\n<thead>\n<tr class=\"row-1\">\n\t<th class=\"column-1\">Elemento<\/th><th class=\"column-2\">Dependencia <\/th><th class=\"column-3\">Documento de Opini\u00f3n<\/th><th class=\"column-4\">Anexo \u00danico<br \/>\n1ra. Parte<\/th><th class=\"column-5\">Anexo \u00danico<br \/>\n2da. Parte<\/th>\n<\/tr>\n<\/thead>\n<tbody class=\"row-striping row-hover\">\n<tr class=\"row-2\">\n\t<td class=\"column-1\">Prevenci\u00f3n y Promoci\u00f3n de la Salud<\/td><td class=\"column-2\">SSO<\/td><td class=\"column-3\"><a href=\"https:\/\/www.oaxaca.gob.mx\/gabinete\/wp-content\/uploads\/sites\/77\/2022\/05\/SSO.pdf\" target=\"_blank\" rel=\"noopener noreferrer\"><i class=\"fa fa-download\"><\/i><\/a><\/td><td class=\"column-4\"><a href=\"https:\/\/www.oaxaca.gob.mx\/gabinete\/wp-content\/uploads\/sites\/77\/2022\/11\/SSO-AU1-M22.pdf\" target=\"_blank\" rel=\"noopener noreferrer\"><i class=\"fa fa-download\"><\/i><\/a><\/td><td class=\"column-5\"><a href=\"https:\/\/www.oaxaca.gob.mx\/gabinete\/wp-content\/uploads\/sites\/77\/2023\/06\/AU2-SSO-MAASM-2022.pdf\" target=\"_blank\" rel=\"noopener noreferrer\"><i class=\"fa fa-download\"><\/i><\/a><\/td>\n<\/tr>\n<tr class=\"row-3\">\n\t<td class=\"column-1\">Prevenci\u00f3n y Promoci\u00f3n de la Salud<\/td><td class=\"column-2\">COESIDA<\/td><td class=\"column-3\"><a href=\"https:\/\/www.oaxaca.gob.mx\/gabinete\/wp-content\/uploads\/sites\/77\/2022\/05\/COESIDA.pdf\" target=\"_blank\" rel=\"noopener noreferrer\"><i class=\"fa fa-download\"><\/i><\/a><\/td><td class=\"column-4\"><\/td><td class=\"column-5\"><\/td>\n<\/tr>\n<\/tbody>\n<\/table>\n<!-- #tablepress-210 from cache -->\n<h4>Evaluaci\u00f3n Estrat\u00e9gica<\/h4>\n\n<table id=\"tablepress-211\" class=\"tablepress tablepress-id-211\">\n<thead>\n<tr class=\"row-1\">\n\t<th class=\"column-1\">Elemento<\/th><th class=\"column-2\">Dependencia <\/th><th class=\"column-3\">Documento de Opini\u00f3n<\/th><th class=\"column-4\">Anexo \u00danico<br \/>\n1ra. Parte<\/th><th class=\"column-5\">Anexo \u00danico<br \/>\n2da. Parte<\/th>\n<\/tr>\n<\/thead>\n<tbody class=\"row-striping row-hover\">\n<tr class=\"row-2\">\n\t<td class=\"column-1\">Reglas de Operaci\u00f3n de Programas de Desarrollo Social, Programas Presupuestarios que inciden en el abatimiento de carencias sociales y Lineamientos de acciones sociales.<\/td><td class=\"column-2\">SEBIEN-COPEVAL<\/td><td class=\"column-3\"><a href=\"https:\/\/www.oaxaca.gob.mx\/gabinete\/wp-content\/uploads\/sites\/77\/2022\/05\/SEBIEN-COPEVAL.pdf\" target=\"_blank\" rel=\"noopener noreferrer\"><i class=\"fa fa-download\"><\/i><\/a><\/td><td class=\"column-4\"><a href=\"https:\/\/www.oaxaca.gob.mx\/gabinete\/wp-content\/uploads\/sites\/77\/2022\/11\/AU1-SEBIEN-M22.pdf\" target=\"_blank\" rel=\"noopener noreferrer\"><i class=\"fa fa-download\"><\/i><\/a><\/td><td class=\"column-5\"><a href=\"https:\/\/www.oaxaca.gob.mx\/gabinete\/wp-content\/uploads\/sites\/77\/2023\/06\/AU2-SEBIENTI-MAASM-2022.pdf\" target=\"_blank\" rel=\"noopener noreferrer\"><i class=\"fa fa-download\"><\/i><\/a><\/td>\n<\/tr>\n<tr class=\"row-3\">\n\t<td class=\"column-1\">Reglas de Operaci\u00f3n de Programas de Desarrollo Social, Programas Presupuestarios que inciden en el abatimiento de carencias sociales y Lineamientos de acciones sociales.<\/td><td class=\"column-2\">SEPIA<\/td><td class=\"column-3\"><a href=\"https:\/\/www.oaxaca.gob.mx\/gabinete\/wp-content\/uploads\/sites\/77\/2022\/05\/SEPIA.pdf\" target=\"_blank\" rel=\"noopener noreferrer\"><i class=\"fa fa-download\"><\/i><\/a><\/td><td class=\"column-4\"><a href=\"https:\/\/www.oaxaca.gob.mx\/gabinete\/wp-content\/uploads\/sites\/77\/2022\/11\/SEPIA-M22-AU1.pdf\" target=\"_blank\" rel=\"noopener noreferrer\"><i class=\"fa fa-download\"><\/i><\/a><\/td><td class=\"column-5\"><a href=\"https:\/\/www.oaxaca.gob.mx\/gabinete\/wp-content\/uploads\/sites\/77\/2023\/06\/AU2-SEPIA-MAASM-2022.pdf\" target=\"_blank\" rel=\"noopener noreferrer\"><i class=\"fa fa-download\"><\/i><\/a><\/td>\n<\/tr>\n<tr class=\"row-4\">\n\t<td class=\"column-1\">Reglas de Operaci\u00f3n de Programas de Desarrollo Social, Programas Presupuestarios que inciden en el abatimiento de carencias sociales y Lineamientos de acciones sociales.<\/td><td class=\"column-2\">SMO<\/td><td class=\"column-3\"><a href=\"https:\/\/www.oaxaca.gob.mx\/gabinete\/wp-content\/uploads\/sites\/77\/2022\/05\/SMO.pdf\" target=\"_blank\" rel=\"noopener noreferrer\"><i class=\"fa fa-download\"><\/i><\/a><\/td><td class=\"column-4\"><\/td><td class=\"column-5\"><\/td>\n<\/tr>\n<\/tbody>\n<\/table>\n<!-- #tablepress-211 from cache -->\n<h4>Evaluaci\u00f3n de Consistencia y Resultados<\/h4>\n\n<table id=\"tablepress-212\" class=\"tablepress tablepress-id-212\">\n<thead>\n<tr class=\"row-1\">\n\t<th class=\"column-1\">Elemento<\/th><th class=\"column-2\">Dependencia <\/th><th class=\"column-3\">Documento de Opini\u00f3n<\/th><th class=\"column-4\">Anexo \u00danico<br \/>\n1ra. Parte<\/th><th class=\"column-5\">Anexo \u00danico<br \/>\n2da. Parte<\/th>\n<\/tr>\n<\/thead>\n<tbody class=\"row-striping row-hover\">\n<tr class=\"row-2\">\n\t<td class=\"column-1\">Participaci\u00f3n Comunitaria para el Desarrollo Humano con Asistencia Alimentaria<\/td><td class=\"column-2\">DIF<\/td><td class=\"column-3\"><a href=\"https:\/\/www.oaxaca.gob.mx\/gabinete\/wp-content\/uploads\/sites\/77\/2022\/05\/DIF.pdf\" target=\"_blank\" rel=\"noopener noreferrer\"><i class=\"fa fa-download\"><\/i><\/a><\/td><td class=\"column-4\"><a href=\"https:\/\/www.oaxaca.gob.mx\/gabinete\/wp-content\/uploads\/sites\/77\/2022\/11\/AU1-DIF-M22.pdf\" target=\"_blank\" rel=\"noopener noreferrer\"><i class=\"fa fa-download\"><\/i><\/a><\/td><td class=\"column-5\"><a href=\"https:\/\/www.oaxaca.gob.mx\/gabinete\/wp-content\/uploads\/sites\/77\/2023\/06\/AU2-DIF-MAASM-2022.pdf\" target=\"_blank\" rel=\"noopener noreferrer\"><i class=\"fa fa-download\"><\/i><\/a><\/td>\n<\/tr>\n<tr class=\"row-3\">\n\t<td class=\"column-1\">Participaci\u00f3n Comunitaria para el Desarrollo Humano con Asistencia Alimentaria<\/td><td class=\"column-2\">INJEO<\/td><td class=\"column-3\"><a href=\"https:\/\/www.oaxaca.gob.mx\/gabinete\/wp-content\/uploads\/sites\/77\/2022\/05\/INJEO_.pdf\" target=\"_blank\" rel=\"noopener noreferrer\"><i class=\"fa fa-download\"><\/i><\/a><\/td><td class=\"column-4\"><a href=\"https:\/\/www.oaxaca.gob.mx\/gabinete\/wp-content\/uploads\/sites\/77\/2023\/06\/AU1-INJEO-MAASM-2022.pdf\" target=\"_blank\" rel=\"noopener noreferrer\"><i class=\"fa fa-download\"><\/i><\/a><\/td><td class=\"column-5\"><a href=\"https:\/\/www.oaxaca.gob.mx\/gabinete\/wp-content\/uploads\/sites\/77\/2023\/06\/AU2-INJEO-MAASM-2022.pdf\" target=\"_blank\" rel=\"noopener noreferrer\"><i class=\"fa fa-download\"><\/i><\/a><\/td>\n<\/tr>\n<\/tbody>\n<\/table>\n<!-- #tablepress-212 from cache --><\/div>\n<div id=\"collapse2021m\" class=\"tab-pane fade\" role=\"tabpanel\" aria-labelledby=\"nav_tab_2021m\">\n<h4>Descargas<\/h4>\n\n<table id=\"tablepress-194\" class=\"tablepress tablepress-id-194\">\n<thead>\n<tr class=\"row-1\">\n\t<th class=\"column-1\">No.<\/th><th class=\"column-2\">Documento<\/th><th class=\"column-3\">Descarga<\/th>\n<\/tr>\n<\/thead>\n<tbody class=\"row-striping row-hover\">\n<tr class=\"row-2\">\n\t<td class=\"column-1\">1<\/td><td class=\"column-2\">Cronograma de Atenci\u00f3n a ASM del MAASM 2021<\/td><td class=\"column-3\"><a href=\"https:\/\/www.oaxaca.gob.mx\/dgite\/wp-content\/uploads\/sites\/77\/2022\/03\/Cronograma_maasm2021.pdf\" target=\"_blank\" rel=\"noopener noreferrer\"><i class=\"fa fa-download\"><\/i><\/a><\/td>\n<\/tr>\n<tr class=\"row-3\">\n\t<td class=\"column-1\">2<\/td><td class=\"column-2\">Formato de Designaci\u00f3n de Enlace<\/td><td class=\"column-3\"><a href=\"https:\/\/www.oaxaca.gob.mx\/dgite\/wp-content\/uploads\/sites\/77\/2022\/03\/Formato-Designacion-de-enlace-SED-2022.docx\" target=\"_blank\" rel=\"noopener noreferrer\"><i class=\"fa fa-download\"><\/i><\/a><\/td>\n<\/tr>\n<tr class=\"row-4\">\n\t<td class=\"column-1\">3<\/td><td class=\"column-2\">Informe Final de Atenci\u00f3n a los Aspectos Susceptibles de Mejora 2021 <\/td><td class=\"column-3\"><a href=\"https:\/\/www.oaxaca.gob.mx\/dgite\/wp-content\/uploads\/sites\/77\/2022\/10\/INFORME-MAASM-2021.pdf\" target=\"_blank\" rel=\"noopener noreferrer\"><i class=\"fa fa-download\"><\/i><\/a><\/td>\n<\/tr>\n<\/tbody>\n<\/table>\n<!-- #tablepress-194 from cache -->\n<h4>Evaluaci\u00f3n de Dise\u00f1o<\/h4>\n\n<table id=\"tablepress-199\" class=\"tablepress tablepress-id-199\">\n<thead>\n<tr class=\"row-1\">\n\t<th class=\"column-1\">Id.<\/th><th class=\"column-2\">Elemento<\/th><th class=\"column-3\">Dependencia <\/th><th class=\"column-4\">Documento de Opini\u00f3n<\/th><th class=\"column-5\">Anexo \u00danico 1ra Parte<\/th><th class=\"column-6\">Anexo \u00danico 2da Parte<\/th><td class=\"column-7\"><\/td>\n<\/tr>\n<\/thead>\n<tbody class=\"row-striping row-hover\">\n<tr class=\"row-2\">\n\t<td class=\"column-1\">134<\/td><td class=\"column-2\">Atenci\u00f3n Social a Grupos Vulnerables<\/td><td class=\"column-3\">DIF<\/td><td class=\"column-4\"><a href=\"https:\/\/www.oaxaca.gob.mx\/dgite\/wp-content\/uploads\/sites\/77\/2022\/02\/Doc.-Op._DIF_134.pdf\" target=\"_blank\" rel=\"noopener noreferrer\"><i class=\"fa fa-download\"><\/i><\/a><\/td><td class=\"column-5\"><a href=\"https:\/\/www.oaxaca.gob.mx\/dgite\/wp-content\/uploads\/sites\/77\/2022\/03\/AU1-DIF.pdf\" target=\"_blank\" rel=\"noopener noreferrer\"><i class=\"fa fa-download\"><\/i><\/a><\/td><td class=\"column-6\"><a href=\"https:\/\/www.oaxaca.gob.mx\/dgite\/wp-content\/uploads\/sites\/77\/2022\/03\/AU2-DIF.pdf\" target=\"_blank\" rel=\"noopener noreferrer\"><i class=\"fa fa-download\"><\/i><\/a><\/td><td class=\"column-7\"><\/td>\n<\/tr>\n<tr class=\"row-3\">\n\t<td class=\"column-1\">161<\/td><td class=\"column-2\">Impulso a la Econom\u00eda<\/td><td class=\"column-3\">SE<\/td><td class=\"column-4\"><a href=\"https:\/\/www.oaxaca.gob.mx\/dgite\/wp-content\/uploads\/sites\/77\/2022\/02\/Doc.-OP_SE_161-2.pdf\" target=\"_blank\" rel=\"noopener noreferrer\"><i class=\"fa fa-download\"><\/i><\/a><\/td><td class=\"column-5\"><a href=\"https:\/\/www.oaxaca.gob.mx\/dgite\/wp-content\/uploads\/sites\/77\/2022\/03\/au1-SE-161-M2021.pdf\" target=\"_blank\" rel=\"noopener noreferrer\"><i class=\"fa fa-download\"><\/i><\/a><\/td><td class=\"column-6\"><a href=\"https:\/\/www.oaxaca.gob.mx\/dgite\/wp-content\/uploads\/sites\/77\/2022\/03\/au2-SE-161-M2021.pdf\" target=\"_blank\" rel=\"noopener noreferrer\"><i class=\"fa fa-download\"><\/i><\/a><\/td><td class=\"column-7\"><\/td>\n<\/tr>\n<tr class=\"row-4\">\n\t<td class=\"column-1\">161<\/td><td class=\"column-2\">Impulso a la Econom\u00eda<\/td><td class=\"column-3\">IODEMC<\/td><td class=\"column-4\"><a href=\"https:\/\/www.oaxaca.gob.mx\/dgite\/wp-content\/uploads\/sites\/77\/2022\/02\/Doc.-Op.-IODEMC_161.pdf\" target=\"_blank\" rel=\"noopener noreferrer\"><i class=\"fa fa-download\"><\/i><\/a><\/td><td class=\"column-5\"><a href=\"https:\/\/www.oaxaca.gob.mx\/dgite\/wp-content\/uploads\/sites\/77\/2022\/02\/AU1_IODEMC.pdf\" target=\"_blank\" rel=\"noopener noreferrer\"><i class=\"fa fa-download\"><\/i><\/a><\/td><td class=\"column-6\"><a href=\"https:\/\/www.oaxaca.gob.mx\/dgite\/wp-content\/uploads\/sites\/77\/2022\/03\/AU2_IODEMC.pdf\" target=\"_blank\" rel=\"noopener noreferrer\"><i class=\"fa fa-download\"><\/i><\/a><\/td><td class=\"column-7\"><\/td>\n<\/tr>\n<tr class=\"row-5\">\n\t<td class=\"column-1\">161<\/td><td class=\"column-2\">Impulso a la Econom\u00eda<\/td><td class=\"column-3\">FIFEO<\/td><td class=\"column-4\"><a href=\"https:\/\/www.oaxaca.gob.mx\/dgite\/wp-content\/uploads\/sites\/77\/2022\/02\/D.O._FIFEO.pdf\" target=\"_blank\" rel=\"noopener noreferrer\"><i class=\"fa fa-download\"><\/i><\/a><\/td><td class=\"column-5\"><a href=\"https:\/\/www.oaxaca.gob.mx\/dgite\/wp-content\/uploads\/sites\/77\/2022\/02\/AU1_FIFEO.pdf\" target=\"_blank\" rel=\"noopener noreferrer\"><i class=\"fa fa-download\"><\/i><\/a><\/td><td class=\"column-6\"><a href=\"https:\/\/www.oaxaca.gob.mx\/dgite\/wp-content\/uploads\/sites\/77\/2022\/11\/FIFEO-AU2-M2021.pdf\" target=\"_blank\" rel=\"noopener noreferrer\"><i class=\"fa fa-download\"><\/i><\/a><\/td><td class=\"column-7\"><\/td>\n<\/tr>\n<tr class=\"row-6\">\n\t<td class=\"column-1\">161<\/td><td class=\"column-2\">Impulso a la Econom\u00eda<\/td><td class=\"column-3\">IOA<\/td><td class=\"column-4\"><a href=\"https:\/\/www.oaxaca.gob.mx\/dgite\/wp-content\/uploads\/sites\/77\/2022\/02\/Doc.-Op._IOA_161.pdf\" target=\"_blank\" rel=\"noopener noreferrer\"><i class=\"fa fa-download\"><\/i><\/a><\/td><td class=\"column-5\"><a href=\"https:\/\/www.oaxaca.gob.mx\/dgite\/wp-content\/uploads\/sites\/77\/2022\/02\/AU1_IOA.pdf\" target=\"_blank\" rel=\"noopener noreferrer\"><i class=\"fa fa-download\"><\/i><\/a><\/td><td class=\"column-6\"><a href=\"https:\/\/www.oaxaca.gob.mx\/dgite\/wp-content\/uploads\/sites\/77\/2022\/03\/AU2_IOA.pdf\" target=\"_blank\" rel=\"noopener noreferrer\"><i class=\"fa fa-download\"><\/i><\/a><\/td><td class=\"column-7\"><\/td>\n<\/tr>\n<tr class=\"row-7\">\n\t<td class=\"column-1\">172<\/td><td class=\"column-2\">Inclusi\u00f3n Social para el Bienestar de Oaxaca<\/td><td class=\"column-3\">SEBIEN<\/td><td class=\"column-4\"><a href=\"https:\/\/www.oaxaca.gob.mx\/dgite\/wp-content\/uploads\/sites\/77\/2022\/02\/Doc.Op_._SEBIEN_172.pdf\" target=\"_blank\" rel=\"noopener noreferrer\"><i class=\"fa fa-download\"><\/i><\/a><\/td><td class=\"column-5\"><a href=\"https:\/\/www.oaxaca.gob.mx\/dgite\/wp-content\/uploads\/sites\/77\/2022\/02\/AU1_SEBIEN.pdf\" target=\"_blank\" rel=\"noopener noreferrer\"><i class=\"fa fa-download\"><\/i><\/a><\/td><td class=\"column-6\"><a href=\"https:\/\/www.oaxaca.gob.mx\/dgite\/wp-content\/uploads\/sites\/77\/2022\/11\/AU2-SEBIEN-M2021-172.pdf\" target=\"_blank\" rel=\"noopener noreferrer\"><i class=\"fa fa-download\"><\/i><\/a><\/td><td class=\"column-7\"><\/td>\n<\/tr>\n<tr class=\"row-8\">\n\t<td class=\"column-1\">172<\/td><td class=\"column-2\">Inclusi\u00f3n Social para el Bienestar de Oaxaca<\/td><td class=\"column-3\">INJEO<\/td><td class=\"column-4\"><a href=\"https:\/\/www.oaxaca.gob.mx\/dgite\/wp-content\/uploads\/sites\/77\/2022\/03\/documento-opinion-injeo.pdf\" target=\"_blank\" rel=\"noopener noreferrer\"><i class=\"fa fa-download\"><\/i><\/a><\/td><td class=\"column-5\"><a href=\"https:\/\/www.oaxaca.gob.mx\/dgite\/wp-content\/uploads\/sites\/77\/2022\/02\/AU1_INJEO.pdf\" target=\"_blank\" rel=\"noopener noreferrer\"><i class=\"fa fa-download\"><\/i><\/a><\/td><td class=\"column-6\"><a href=\"https:\/\/www.oaxaca.gob.mx\/dgite\/wp-content\/uploads\/sites\/77\/2022\/03\/AU2_INJEO.pdf\" target=\"_blank\" rel=\"noopener noreferrer\"><i class=\"fa fa-download\"><\/i><\/a><\/td><td class=\"column-7\"><\/td>\n<\/tr>\n<\/tbody>\n<\/table>\n<!-- #tablepress-199 from cache -->\n<h4>Evaluaci\u00f3n Estrat\u00e9gica<\/h4>\n\n<table id=\"tablepress-200\" class=\"tablepress tablepress-id-200\">\n<thead>\n<tr class=\"row-1\">\n\t<th class=\"column-1\">Id.<\/th><th class=\"column-2\">Elemento<\/th><th class=\"column-3\">Dependencia <\/th><th class=\"column-4\">Documento de Opini\u00f3n<\/th><th class=\"column-5\">Anexo \u00danico 1ra Parte<\/th><th class=\"column-6\">Anexo \u00danico 2da Parte<\/th>\n<\/tr>\n<\/thead>\n<tbody class=\"row-striping row-hover\">\n<tr class=\"row-2\">\n\t<td class=\"column-1\">109<\/td><td class=\"column-2\">Promoci\u00f3n Tur\u00edstica<\/td><td class=\"column-3\">SECTUR<\/td><td class=\"column-4\"><a href=\"https:\/\/www.oaxaca.gob.mx\/dgite\/wp-content\/uploads\/sites\/77\/2022\/02\/Estrategica_-SECTUR.pdf\" target=\"_blank\" rel=\"noopener noreferrer\"><i class=\"fa fa-download\"><\/i><\/a><\/td><td class=\"column-5\"><a href=\"https:\/\/www.oaxaca.gob.mx\/dgite\/wp-content\/uploads\/sites\/77\/2022\/02\/AU1_SECTUR.pdf\" target=\"_blank\" rel=\"noopener noreferrer\"><i class=\"fa fa-download\"><\/i><\/a><\/td><td class=\"column-6\"><a href=\"https:\/\/www.oaxaca.gob.mx\/dgite\/wp-content\/uploads\/sites\/77\/2022\/03\/AU2_SECTUR.pdf\" target=\"_blank\" rel=\"noopener noreferrer\"><i class=\"fa fa-download\"><\/i><\/a><\/td>\n<\/tr>\n<tr class=\"row-3\">\n\t<td class=\"column-1\">109<\/td><td class=\"column-2\">Promoci\u00f3n Tur\u00edstica<\/td><td class=\"column-3\">OCV<\/td><td class=\"column-4\"><a href=\"https:\/\/www.oaxaca.gob.mx\/dgite\/wp-content\/uploads\/sites\/77\/2022\/02\/DOC.OP_._OCVO.pdf\" target=\"_blank\" rel=\"noopener noreferrer\"><i class=\"fa fa-download\"><\/i><\/a><\/td><td class=\"column-5\"><a href=\"https:\/\/www.oaxaca.gob.mx\/dgite\/wp-content\/uploads\/sites\/77\/2022\/02\/AU1_OCVO.pdf\" target=\"_blank\" rel=\"noopener noreferrer\"><i class=\"fa fa-download\"><\/i><\/a><\/td><td class=\"column-6\"><a href=\"https:\/\/www.oaxaca.gob.mx\/dgite\/wp-content\/uploads\/sites\/77\/2022\/03\/AU2-OCVO-1.pdf\" target=\"_blank\" rel=\"noopener noreferrer\"><i class=\"fa fa-download\"><\/i><\/a><\/td>\n<\/tr>\n<\/tbody>\n<\/table>\n<!-- #tablepress-200 from cache -->\n<h4>Evaluaci\u00f3n Espec\u00edfica de Desempe\u00f1o<\/h4>\n\n<table id=\"tablepress-202\" class=\"tablepress tablepress-id-202\">\n<thead>\n<tr class=\"row-1\">\n\t<th class=\"column-1\">Id.<\/th><th class=\"column-2\">Elemento<\/th><th class=\"column-3\">Dependencia <\/th><th class=\"column-4\">Documento de Opini\u00f3n<\/th><th class=\"column-5\">Anexo \u00danico 1ra Parte<\/th><th class=\"column-6\">Anexo \u00danico 2da Parte<\/th>\n<\/tr>\n<\/thead>\n<tbody class=\"row-striping row-hover\">\n<tr class=\"row-2\">\n\t<td class=\"column-1\">209<\/td><td class=\"column-2\">Movilidad Integral Urbana<\/td><td class=\"column-3\">SINFRA<\/td><td class=\"column-4\"><a href=\"https:\/\/www.oaxaca.gob.mx\/dgite\/wp-content\/uploads\/sites\/77\/2022\/02\/Doc.-de-Opinion-Progr.-209.pdf\" target=\"_blank\" rel=\"noopener noreferrer\"><i class=\"fa fa-download\"><\/i><\/a><\/td><td class=\"column-5\"><\/td><td class=\"column-6\"><a href=\"https:\/\/www.oaxaca.gob.mx\/dgite\/wp-content\/uploads\/sites\/77\/2022\/03\/AU2-SINFRA-209.pdf\" target=\"_blank\" rel=\"noopener noreferrer\"><i class=\"fa fa-download\"><\/i><\/a><\/td>\n<\/tr>\n<tr class=\"row-3\">\n\t<td class=\"column-1\">209<\/td><td class=\"column-2\">Movilidad Integral Urbana<\/td><td class=\"column-3\">SEMOVI<\/td><td class=\"column-4\"><a href=\"https:\/\/www.oaxaca.gob.mx\/dgite\/wp-content\/uploads\/sites\/77\/2022\/02\/DOC.op_SEMOVI_209.pdf\" target=\"_blank\" rel=\"noopener noreferrer\"><i class=\"fa fa-download\"><\/i><\/a><\/td><td class=\"column-5\"><a href=\"https:\/\/www.oaxaca.gob.mx\/dgite\/wp-content\/uploads\/sites\/77\/2022\/02\/AU1_SEMOVI_209.pdf\" target=\"_blank\" rel=\"noopener noreferrer\"><i class=\"fa fa-download\"><\/i><\/a><\/td><td class=\"column-6\"><a href=\"https:\/\/www.oaxaca.gob.mx\/dgite\/wp-content\/uploads\/sites\/77\/2022\/03\/AU2_SEMOVI-209.pdf\" target=\"_blank\" rel=\"noopener noreferrer\"><i class=\"fa fa-download\"><\/i><\/a><\/td>\n<\/tr>\n<\/tbody>\n<\/table>\n<!-- #tablepress-202 from cache -->\n<h4>Evaluaci\u00f3n de Consistencia y Resultados<\/h4>\n\n<table id=\"tablepress-203\" class=\"tablepress tablepress-id-203\">\n<thead>\n<tr class=\"row-1\">\n\t<th class=\"column-1\">Id.<\/th><th class=\"column-2\">Elemento<\/th><th class=\"column-3\">Dependencia <\/th><th class=\"column-4\">Documento de Opini\u00f3n<\/th><th class=\"column-5\">Anexo \u00danico 1ra Parte<\/th><th class=\"column-6\">Anexo \u00danico 2da Parte <\/th>\n<\/tr>\n<\/thead>\n<tbody class=\"row-striping row-hover\">\n<tr class=\"row-2\">\n\t<td class=\"column-1\">122<\/td><td class=\"column-2\">Mejoramiento urbano de los centros de poblaci\u00f3n<\/td><td class=\"column-3\">SINFRA<\/td><td class=\"column-4\"><a href=\"https:\/\/www.oaxaca.gob.mx\/dgite\/wp-content\/uploads\/sites\/77\/2022\/02\/Doc.-de-Opinion-Progr.-209.pdf\" target=\"_blank\" rel=\"noopener noreferrer\"><i class=\"fa fa-download\"><\/i><\/a><\/td><td class=\"column-5\"><a href=\"https:\/\/www.oaxaca.gob.mx\/dgite\/wp-content\/uploads\/sites\/77\/2022\/02\/AU1_SINFRA_122.pdf\" target=\"_blank\" rel=\"noopener noreferrer\"><i class=\"fa fa-download\"><\/i><\/a><\/td><td class=\"column-6\"><a href=\"https:\/\/www.oaxaca.gob.mx\/dgite\/wp-content\/uploads\/sites\/77\/2022\/03\/AU2-SINFRA-122.pdf\" target=\"_blank\" rel=\"noopener noreferrer\"><i class=\"fa fa-download\"><\/i><\/a><\/td>\n<\/tr>\n<tr class=\"row-3\">\n\t<td class=\"column-1\">122<\/td><td class=\"column-2\">Mejoramiento urbano de los centros de poblaci\u00f3n<\/td><td class=\"column-3\">CAO<\/td><td class=\"column-4\"><a href=\"https:\/\/www.oaxaca.gob.mx\/dgite\/wp-content\/uploads\/sites\/77\/2022\/02\/Doc.-op._CyR-_122_CAO.pdf\" target=\"_blank\" rel=\"noopener noreferrer\"><i class=\"fa fa-download\"><\/i><\/a><\/td><td class=\"column-5\"><a href=\"https:\/\/www.oaxaca.gob.mx\/dgite\/wp-content\/uploads\/sites\/77\/2022\/02\/AU1_CAO.pdf\" target=\"_blank\" rel=\"noopener noreferrer\"><i class=\"fa fa-download\"><\/i><\/a><br \/>\n<\/td><td class=\"column-6\"><a href=\"https:\/\/www.oaxaca.gob.mx\/gabinete\/wp-content\/uploads\/sites\/77\/2023\/06\/AU1-CAO-MAASM-2021.pdf\" target=\"_blank\" rel=\"noopener noreferrer\"><i class=\"fa fa-download\"><\/i><\/a><\/td>\n<\/tr>\n<\/tbody>\n<\/table>\n<!-- #tablepress-203 from cache -->\n<h4>Evaluaci\u00f3n Espec\u00edfica de Dise\u00f1o<\/h4>\n\n<table id=\"tablepress-206\" class=\"tablepress tablepress-id-206\">\n<thead>\n<tr class=\"row-1\">\n\t<th class=\"column-1\">Id.<\/th><th class=\"column-2\">Elemento<\/th><th class=\"column-3\">Dependencia <\/th><th class=\"column-4\">Documento de Opini\u00f3n<\/th><th class=\"column-5\">Anexo \u00danico 1ra Parte<\/th><th class=\"column-6\">Anexo \u00danico 2da Parte<\/th>\n<\/tr>\n<\/thead>\n<tbody class=\"row-striping row-hover\">\n<tr class=\"row-2\">\n\t<td class=\"column-1\">126<\/td><td class=\"column-2\">Fortalecimiento y Modernizaci\u00f3n del<br \/>\nTransporte P\u00fablico y Privado del Estado<\/td><td class=\"column-3\">SEMOVI<\/td><td class=\"column-4\"><a href=\"https:\/\/www.oaxaca.gob.mx\/dgite\/wp-content\/uploads\/sites\/77\/2022\/02\/DOC.OP_._SEMOVI_126.pdf\" target=\"_blank\" rel=\"noopener noreferrer\"><i class=\"fa fa-download\"><\/i><\/a><\/td><td class=\"column-5\"><a href=\"https:\/\/www.oaxaca.gob.mx\/dgite\/wp-content\/uploads\/sites\/77\/2022\/02\/AU1_SEMOVI_126.pdf\" target=\"_blank\" rel=\"noopener noreferrer\"><i class=\"fa fa-download\"><\/i><\/a><\/td><td class=\"column-6\"><a href=\"https:\/\/www.oaxaca.gob.mx\/dgite\/wp-content\/uploads\/sites\/77\/2022\/03\/AU2-SINFRA-126.pdf\" target=\"_blank\" rel=\"noopener noreferrer\"><i class=\"fa fa-download\"><\/i><\/a><\/td>\n<\/tr>\n<tr class=\"row-3\">\n\t<td class=\"column-1\">151<\/td><td class=\"column-2\">Gesti\u00f3n Integral de Riesgos<\/td><td class=\"column-3\">CEPCO<\/td><td class=\"column-4\"><a href=\"https:\/\/www.oaxaca.gob.mx\/dgite\/wp-content\/uploads\/sites\/77\/2022\/03\/DOC-OP-CEPCO.pdf\" target=\"_blank\" rel=\"noopener noreferrer\"><i class=\"fa fa-download\"><\/i><\/a><\/td><td class=\"column-5\"><a href=\"https:\/\/www.oaxaca.gob.mx\/dgite\/wp-content\/uploads\/sites\/77\/2022\/03\/AU1-CEPCO.pdf\" target=\"_blank\" rel=\"noopener noreferrer\"><i class=\"fa fa-download\"><\/i><\/a><\/td><td class=\"column-6\"><a href=\"https:\/\/www.oaxaca.gob.mx\/dgite\/wp-content\/uploads\/sites\/77\/2022\/11\/cepco-AU2.pdf\" target=\"_blank\" rel=\"noopener noreferrer\"><i class=\"fa fa-download\"><\/i><\/a><\/td>\n<\/tr>\n<tr class=\"row-4\">\n\t<td class=\"column-1\">152<\/td><td class=\"column-2\">Promoci\u00f3n y Fomento de las Pol\u00edticas Igualitarias para Mujeres y Hombres<\/td><td class=\"column-3\">SMO<\/td><td class=\"column-4\"><a href=\"https:\/\/www.oaxaca.gob.mx\/dgite\/wp-content\/uploads\/sites\/77\/2022\/02\/SMO.pdf\" target=\"_blank\" rel=\"noopener noreferrer\"><i class=\"fa fa-download\"><\/i><\/a><\/td><td class=\"column-5\"><a href=\"https:\/\/www.oaxaca.gob.mx\/dgite\/wp-content\/uploads\/sites\/77\/2022\/02\/AU1_SMO.pdf\" target=\"_blank\" rel=\"noopener noreferrer\"><i class=\"fa fa-download\"><\/i><\/a><br \/>\n<\/td><td class=\"column-6\"><a href=\"https:\/\/www.oaxaca.gob.mx\/dgite\/wp-content\/uploads\/sites\/77\/2022\/03\/AU2_SMO.pdf\" target=\"_blank\" rel=\"noopener noreferrer\"><i class=\"fa fa-download\"><\/i><\/a><\/td>\n<\/tr>\n<\/tbody>\n<\/table>\n<!-- #tablepress-206 from cache -->\n<h4>Evaluaci\u00f3n Diagn\u00f3stica<\/h4>\n\n<table id=\"tablepress-207\" class=\"tablepress tablepress-id-207\">\n<thead>\n<tr class=\"row-1\">\n\t<th class=\"column-1\">Id.<\/th><th class=\"column-2\">Elemento<\/th><th class=\"column-3\">Dependencia <\/th><th class=\"column-4\">Documento de Opini\u00f3n<\/th><th class=\"column-5\">Anexo \u00danico 1ra Parte<\/th><th class=\"column-6\">Anexo \u00danico 2da Parte<\/th>\n<\/tr>\n<\/thead>\n<tbody class=\"row-striping row-hover\">\n<tr class=\"row-2\">\n\t<td class=\"column-1\">210<\/td><td class=\"column-2\">Aprovechamiento Sustentable de los Factores Productivos del Estado<\/td><td class=\"column-3\">SE<\/td><td class=\"column-4\"><a href=\"https:\/\/www.oaxaca.gob.mx\/dgite\/wp-content\/uploads\/sites\/77\/2022\/02\/D.O._SE_210.pdf\" target=\"_blank\" rel=\"noopener noreferrer\"><i class=\"fa fa-download\"><\/i><\/a><\/td><td class=\"column-5\"><a href=\"https:\/\/www.oaxaca.gob.mx\/dgite\/wp-content\/uploads\/sites\/77\/2022\/03\/au1-SE-210-M2021.pdf\" target=\"_blank\" rel=\"noopener noreferrer\"><i class=\"fa fa-download\"><\/i><\/a><\/td><td class=\"column-6\"><a href=\"https:\/\/www.oaxaca.gob.mx\/dgite\/wp-content\/uploads\/sites\/77\/2022\/03\/au2-SE-210-M2021.pdf\" target=\"_blank\" rel=\"noopener noreferrer\"><i class=\"fa fa-download\"><\/i><\/a><\/td>\n<\/tr>\n<tr class=\"row-3\">\n\t<td class=\"column-1\">210<\/td><td class=\"column-2\">Aprovechamiento Sustentable de los Factores Productivos del Estado<\/td><td class=\"column-3\">FIDELO<\/td><td class=\"column-4\"><a href=\"https:\/\/www.oaxaca.gob.mx\/dgite\/wp-content\/uploads\/sites\/77\/2022\/02\/D.O._FIDELO.pdf\" target=\"_blank\" rel=\"noopener noreferrer\"><i class=\"fa fa-download\"><\/i><\/a><\/td><td class=\"column-5\"><a href=\"https:\/\/www.oaxaca.gob.mx\/dgite\/wp-content\/uploads\/sites\/77\/2022\/02\/AU1_FIDELO.pdf\" target=\"_blank\" rel=\"noopener noreferrer\"><i class=\"fa fa-download\"><\/i><\/a><\/td><td class=\"column-6\"><a href=\"https:\/\/www.oaxaca.gob.mx\/dgite\/wp-content\/uploads\/sites\/77\/2022\/03\/AU2_FIDELO.pdf\" target=\"_blank\" rel=\"noopener noreferrer\"><i class=\"fa fa-download\"><\/i><\/a><\/td>\n<\/tr>\n<\/tbody>\n<\/table>\n<!-- #tablepress-207 from cache --><\/div>\n<div id=\"collapsePrim\" class=\"tab-pane fade\" role=\"tabpanel\" aria-labelledby=\"nav_tab_prim\">\n<h4>Descargas<\/h4>\n\n<table id=\"tablepress-170\" class=\"tablepress tablepress-id-170\">\n<thead>\n<tr class=\"row-1\">\n\t<th class=\"column-1\">No.<\/th><th class=\"column-2\">Documento<\/th><th class=\"column-3\">Descarga<\/th>\n<\/tr>\n<\/thead>\n<tbody class=\"row-striping row-hover\">\n<tr class=\"row-2\">\n\t<td class=\"column-1\">1<\/td><td class=\"column-2\">Formato de Designaci\u00f3n de Enlace<\/td><td class=\"column-3\"><a href=\"http:\/\/www.jefaturadelagubernatura.oaxaca.gob.mx\/files\/pdf\/maasm_2020\/Formato_Enlace.docx\" target=\"_blank\" rel=\"noopener noreferrer\"><i class=\"fa fa-download\"><\/i><\/a><\/td>\n<\/tr>\n<tr class=\"row-3\">\n\t<td class=\"column-1\">2<\/td><td class=\"column-2\">Lineamientos para la Operaci\u00f3n del Mecanismo de Atenci\u00f3n a los Aspectos Susceptibles de Mejora 2020<\/td><td class=\"column-3\"><a href=\"http:\/\/www.jefaturadelagubernatura.oaxaca.gob.mx\/files\/pdf\/maasm_2020\/Lineamientos MAASM 2020_P.O.pdf\" target=\"_blank\" rel=\"noopener noreferrer\"><i class=\"fa fa-download\"><\/i><\/a><\/td>\n<\/tr>\n<tr class=\"row-4\">\n\t<td class=\"column-1\">3<\/td><td class=\"column-2\">Cronograma de Atenci\u00f3n a ASM del MAASM 2020<\/td><td class=\"column-3\"><a href=\"http:\/\/www.jefaturadelagubernatura.oaxaca.gob.mx\/files\/pdf\/maasm_2020\/Cronograma_maasm2020.pdf\" target=\"_blank\" rel=\"noopener noreferrer\"><i class=\"fa fa-download\"><\/i><\/a><\/td>\n<\/tr>\n<tr class=\"row-5\">\n\t<td class=\"column-1\">4<\/td><td class=\"column-2\">Informe final de Atenci\u00f3n a los Aspectos Susceptibles de Mejora 2020<\/td><td class=\"column-3\"><a href=\"https:\/\/www.oaxaca.gob.mx\/dgite\/wp-content\/uploads\/sites\/77\/2022\/03\/Informe-MAASM-2020.pdf\" target=\"_blank\" rel=\"noopener noreferrer\"><i class=\"fa fa-download\"><\/i><\/a><\/td>\n<\/tr>\n<\/tbody>\n<\/table>\n<!-- #tablepress-170 from cache -->\n<h4>Evaluaciones de Dise\u00f1o<\/h4>\n\n<table id=\"tablepress-182\" class=\"tablepress tablepress-id-182\">\n<thead>\n<tr class=\"row-1\">\n\t<th class=\"column-1\">ID Elemento<\/th><th class=\"column-2\">Elemento<\/th><th class=\"column-3\">Tipo Elemento<\/th><th class=\"column-4\">Dependencia<\/th><th class=\"column-5\">Documento de Opini\u00f3n<\/th><th class=\"column-6\">Anexo \u00danico 1ra Parte<\/th><th class=\"column-7\">Anexo \u00danico 2da Parte<\/th>\n<\/tr>\n<\/thead>\n<tbody class=\"row-striping row-hover\">\n<tr class=\"row-2\">\n\t<td class=\"column-1\">106<\/td><td class=\"column-2\">Fortalecimiento a la competencia laboral y empleo de calidad.<\/td><td class=\"column-3\">Programa Presupuestario<\/td><td class=\"column-4\">SE<\/td><td class=\"column-5\"><a href=\"https:\/\/www.oaxaca.gob.mx\/jefatura\/wp-content\/uploads\/sites\/77\/2020\/09\/documento-de-opinion_dise\u00f1o_106.pdf\" target=\"_blank\" rel=\"noopener noreferrer\"><i class=\"fa fa-download\"><\/i><\/a><\/td><td class=\"column-6\"><a href=\"http:\/\/www.jefaturadelagubernatura.oaxaca.gob.mx\/files\/pdf\/maasm_2020\/disenio\/AU1_128 SE.pdf\" target=\"_blank\" rel=\"noopener noreferrer\"><i class=\"fa fa-download\"><\/i><\/a><\/td><td class=\"column-7\"><a href=\"https:\/\/www.oaxaca.gob.mx\/dgite\/wp-content\/uploads\/sites\/77\/2022\/03\/au2-106-se-M2020.pdf\" target=\"_blank\" rel=\"noopener noreferrer\"><i class=\"fa fa-download\"><\/i><\/a><\/td>\n<\/tr>\n<tr class=\"row-3\">\n\t<td class=\"column-1\">106<\/td><td class=\"column-2\">Fortalecimiento a la competencia laboral y empleo de calidad.<\/td><td class=\"column-3\">Programa Presupuestario<\/td><td class=\"column-4\">ICAPET<\/td><td class=\"column-5\"><a href=\"http:\/\/www.jefaturadelagubernatura.oaxaca.gob.mx\/files\/pdf\/maasm_2020\/disenio\/DOC.OP._524 ICAPET.pdf\" target=\"_blank\" rel=\"noopener noreferrer\"><i class=\"fa fa-download\"><\/i><\/a><\/td><td class=\"column-6\"><a href=\"http:\/\/www.jefaturadelagubernatura.oaxaca.gob.mx\/files\/pdf\/maasm_2020\/disenio\/AU1_ 524 ICAPET.pdf\" target=\"_blank\" rel=\"noopener noreferrer\"><i class=\"fa fa-download\"><\/i><\/a><\/td><td class=\"column-7\"><a href=\"https:\/\/www.oaxaca.gob.mx\/dgite\/wp-content\/uploads\/sites\/77\/2022\/11\/ICAPET-AU2-M2020-106.pdf\" target=\"_blank\" rel=\"noopener noreferrer\"><i class=\"fa fa-download\"><\/i><\/a><\/td>\n<\/tr>\n<tr class=\"row-4\">\n\t<td class=\"column-1\">106<\/td><td class=\"column-2\">Fortalecimiento a la competencia laboral y empleo de calidad.<\/td><td class=\"column-3\">Programa Presupuestario<\/td><td class=\"column-4\">SEGEGO<\/td><td class=\"column-5\"><a href=\"https:\/\/www.oaxaca.gob.mx\/dgite\/wp-content\/uploads\/sites\/77\/2022\/02\/DOC.OP_._102-SEGEGO.pdf\" target=\"_blank\" rel=\"noopener noreferrer\"><i class=\"fa fa-download\"><\/i><\/a><\/td><td class=\"column-6\"><a href=\"https:\/\/www.oaxaca.gob.mx\/dgite\/wp-content\/uploads\/sites\/77\/2022\/02\/AU1_102-SEGEGO.pdf\" target=\"_blank\" rel=\"noopener noreferrer\"><i class=\"fa fa-download\"><\/i><\/a><\/td><td class=\"column-7\"><a href=\"https:\/\/www.oaxaca.gob.mx\/dgite\/wp-content\/uploads\/sites\/77\/2022\/11\/SEGEGO-AU2-M2020-106.pdf\" target=\"_blank\" rel=\"noopener noreferrer\"><i class=\"fa fa-download\"><\/i><\/a><\/td>\n<\/tr>\n<tr class=\"row-5\">\n\t<td class=\"column-1\">125<\/td><td class=\"column-2\">Educaci\u00f3n para j\u00f3venes y adultos y desarrollo de competencia para el trabajo.<\/td><td class=\"column-3\">Programa Presupuestario<\/td><td class=\"column-4\">IEEA<\/td><td class=\"column-5\"><a href=\"https:\/\/www.oaxaca.gob.mx\/jefatura\/wp-content\/uploads\/sites\/77\/2020\/09\/documento-de-opini\u00f3n_dise\u00f1o_125.pdf\" target=\"_blank\" rel=\"noopener noreferrer\"><i class=\"fa fa-download\"><\/i><\/a><\/td><td class=\"column-6\"><a href=\"http:\/\/www.jefaturadelagubernatura.oaxaca.gob.mx\/files\/pdf\/maasm_2020\/disenio\/AU1_530 IEEA.pdf\" target=\"_blank\" rel=\"noopener noreferrer\"><i class=\"fa fa-download\"><\/i><\/a><\/td><td class=\"column-7\"><a href=\"https:\/\/www.oaxaca.gob.mx\/dgite\/wp-content\/uploads\/sites\/77\/2022\/02\/AU2-IEEA.pdf\" target=\"_blank\" rel=\"noopener noreferrer\"><i class=\"fa fa-download\"><\/i><\/a><\/td>\n<\/tr>\n<\/tbody>\n<\/table>\n<!-- #tablepress-182 from cache -->\n<h4>Evaluaciones de Procesos<\/h4>\n\n<table id=\"tablepress-183\" class=\"tablepress tablepress-id-183\">\n<thead>\n<tr class=\"row-1\">\n\t<th class=\"column-1\">ID Elemento<\/th><th class=\"column-2\">Elemento<\/th><th class=\"column-3\">Tipo Elemento<\/th><th class=\"column-4\">Dependencia<\/th><th class=\"column-5\">Documento de Opini\u00f3n<\/th><th class=\"column-6\">Anexo \u00danico 1ra Parte<\/th><th class=\"column-7\">Anexo \u00danico 2da Parte<\/th>\n<\/tr>\n<\/thead>\n<tbody class=\"row-striping row-hover\">\n<tr class=\"row-2\">\n\t<td class=\"column-1\">105<\/td><td class=\"column-2\">Educaci\u00f3n B\u00e1sica Incluyente, componente \"Vamos Juntos a la Escuela\"<\/td><td class=\"column-3\">Programa Presupuestario<\/td><td class=\"column-4\">SEBIEN<\/td><td class=\"column-5\"><a href=\"http:\/\/www.jefaturadelagubernatura.oaxaca.gob.mx\/files\/pdf\/maasm_2020\/procesos\/Doc.op._111 SEBIEN.pdf\" target=\"_blank\" rel=\"noopener noreferrer\"><i class=\"fa fa-download\"><\/i><\/a><\/td><td class=\"column-6\"><a href=\"http:\/\/www.jefaturadelagubernatura.oaxaca.gob.mx\/files\/pdf\/maasm_2020\/procesos\/AU1_111 SEBIEN.pdf\" target=\"_blank\" rel=\"noopener noreferrer\"><i class=\"fa fa-download\"><\/i><\/a><\/td><td class=\"column-7\"><a href=\"https:\/\/www.oaxaca.gob.mx\/dgite\/wp-content\/uploads\/sites\/77\/2022\/02\/AU2_SEBIEN.pdf\" target=\"_blank\" rel=\"noopener noreferrer\"><i class=\"fa fa-download\"><\/i><\/a><\/td>\n<\/tr>\n<tr class=\"row-3\">\n\t<td class=\"column-1\">105<\/td><td class=\"column-2\">Educaci\u00f3n B\u00e1sica Incluyente, componente \"Vamos Juntos a la Escuela\"<\/td><td class=\"column-3\">Programa Presupuestario<\/td><td class=\"column-4\">IEEPO<\/td><td class=\"column-5\"><a href=\"http:\/\/www.jefaturadelagubernatura.oaxaca.gob.mx\/files\/pdf\/maasm_2020\/procesos\/Doc.Op_531 IEEPO.pdf\" target=\"_blank\" rel=\"noopener noreferrer\"><i class=\"fa fa-download\"><\/i><\/a><\/td><td class=\"column-6\"><a href=\"http:\/\/www.jefaturadelagubernatura.oaxaca.gob.mx\/files\/pdf\/maasm_2020\/procesos\/AU1_ 531 IEEPO.pdf\" target=\"_blank\" rel=\"noopener noreferrer\"><i class=\"fa fa-download\"><\/i><\/a><\/td><td class=\"column-7\"><a href=\"https:\/\/www.oaxaca.gob.mx\/dgite\/wp-content\/uploads\/sites\/77\/2022\/02\/AU2_IEEPO.pdf\" target=\"_blank\" rel=\"noopener noreferrer\"><i class=\"fa fa-download\"><\/i><\/a><\/td>\n<\/tr>\n<\/tbody>\n<\/table>\n<!-- #tablepress-183 from cache -->\n<h4>Evaluaciones Estrat\u00e9gica<\/h4>\n\n<table id=\"tablepress-184\" class=\"tablepress tablepress-id-184\">\n<thead>\n<tr class=\"row-1\">\n\t<th class=\"column-1\">ID Elemento<\/th><th class=\"column-2\">Elemento<\/th><th class=\"column-3\">Tipo de Elemento<\/th><th class=\"column-4\">Dependencia<\/th><th class=\"column-5\">Documento de Opini\u00f3n<\/th><th class=\"column-6\">Anexo \u00danico 1ra Parte<\/th><th class=\"column-7\">Anexo \u00danico 2da parte<\/th>\n<\/tr>\n<\/thead>\n<tbody class=\"row-striping row-hover\">\n<tr class=\"row-2\">\n\t<td class=\"column-1\">SVSB<\/td><td class=\"column-2\">Sector Vivienda y Servicios B\u00e1sicos<\/td><td class=\"column-3\">Sector<\/td><td class=\"column-4\">CEVI<\/td><td class=\"column-5\"><a href=\"https:\/\/www.oaxaca.gob.mx\/jefatura\/wp-content\/uploads\/sites\/77\/2020\/09\/documento-de-opinio\u0301n_estrate\u0301gica.pdf\" target=\"_blank\" rel=\"noopener noreferrer\"><i class=\"fa fa-download\"><\/i><\/a><\/td><td class=\"column-6\"><a href=\"http:\/\/www.jefaturadelagubernatura.oaxaca.gob.mx\/files\/pdf\/maasm_2020\/estrategica\/AU1_ 511 CEVI.pdf\" target=\"_blank\" rel=\"noopener noreferrer\"><i class=\"fa fa-download\"><\/i><\/a><\/td><td class=\"column-7\"><a href=\"https:\/\/www.oaxaca.gob.mx\/dgite\/wp-content\/uploads\/sites\/77\/2022\/02\/AU2_CEVI.pdf\" target=\"_blank\" rel=\"noopener noreferrer\"><i class=\"fa fa-download\"><\/i><\/a><\/td>\n<\/tr>\n<tr class=\"row-3\">\n\t<td class=\"column-1\">SVSB<\/td><td class=\"column-2\">\t<br \/>\nSector Vivienda y Servicios B\u00e1sicos<\/td><td class=\"column-3\">Sector<\/td><td class=\"column-4\">CORETURO<\/td><td class=\"column-5\"><a href=\"http:\/\/www.jefaturadelagubernatura.oaxaca.gob.mx\/files\/pdf\/maasm_2020\/estrategica\/DOC.OP._ 516 CORETURO.pdf\" target=\"_blank\" rel=\"noopener noreferrer\"><i class=\"fa fa-download\"><\/i><\/a><\/td><td class=\"column-6\"><a href=\"http:\/\/www.jefaturadelagubernatura.oaxaca.gob.mx\/files\/pdf\/maasm_2020\/estrategica\/AU1_ 516 CORETURO.pdf\" target=\"_blank\" rel=\"noopener noreferrer\"><i class=\"fa fa-download\"><\/i><\/a><\/td><td class=\"column-7\"><a href=\"http:\/\/www.jefaturadelagubernatura.oaxaca.gob.mx\/files\/pdf\/maasm_2020\/estrategica\/AU2_516 CORETURO.pdf\" target=\"_blank\" rel=\"noopener noreferrer\"><i class=\"fa fa-download\"><\/i><\/a><\/td>\n<\/tr>\n<tr class=\"row-4\">\n\t<td class=\"column-1\">SVSB<\/td><td class=\"column-2\">\t<br \/>\nSector Vivienda y Servicios B\u00e1sicos<\/td><td class=\"column-3\">Sector<\/td><td class=\"column-4\">SINFRA<\/td><td class=\"column-5\"><a href=\"http:\/\/www.jefaturadelagubernatura.oaxaca.gob.mx\/files\/pdf\/maasm_2020\/estrategica\/DOC.OP._106 SINFRA.pdf\" target=\"_blank\" rel=\"noopener noreferrer\"><i class=\"fa fa-download\"><\/i><\/a><\/td><td class=\"column-6\"><a href=\"http:\/\/www.jefaturadelagubernatura.oaxaca.gob.mx\/files\/pdf\/maasm_2020\/estrategica\/AU1_106 SINFRA.pdf\" target=\"_blank\" rel=\"noopener noreferrer\"><i class=\"fa fa-download\"><\/i><\/a><\/td><td class=\"column-7\"><a href=\"https:\/\/www.oaxaca.gob.mx\/dgite\/wp-content\/uploads\/sites\/77\/2022\/02\/AU2-SINFRA.pdf\" target=\"_blank\" rel=\"noopener noreferrer\"><i class=\"fa fa-download\"><\/i><\/a><\/td>\n<\/tr>\n<tr class=\"row-5\">\n\t<td class=\"column-1\">SVSB<\/td><td class=\"column-2\">\t<br \/>\nSector Vivienda y Servicios B\u00e1sicos<\/td><td class=\"column-3\">Sector<\/td><td class=\"column-4\">SEPIA<\/td><td class=\"column-5\"><a href=\"http:\/\/www.jefaturadelagubernatura.oaxaca.gob.mx\/files\/pdf\/maasm_2020\/estrategica\/DOC.OP._112 SEPIA.pdf\" target=\"_blank\" rel=\"noopener noreferrer\"><i class=\"fa fa-download\"><\/i><\/a><\/td><td class=\"column-6\"><a href=\"http:\/\/www.jefaturadelagubernatura.oaxaca.gob.mx\/files\/pdf\/maasm_2020\/estrategica\/AU1_ 112 SEPIA.pdf\" target=\"_blank\" rel=\"noopener noreferrer\"><i class=\"fa fa-download\"><\/i><\/a><\/td><td class=\"column-7\"><a href=\"http:\/\/www.jefaturadelagubernatura.oaxaca.gob.mx\/files\/pdf\/maasm_2020\/estrategica\/AU2_112 SEPIA.pdf\" target=\"_blank\" rel=\"noopener noreferrer\"><i class=\"fa fa-download\"><\/i><\/a><\/td>\n<\/tr>\n<tr class=\"row-6\">\n\t<td class=\"column-1\">SVSB<\/td><td class=\"column-2\">\t<br \/>\nSector Vivienda y Servicios B\u00e1sicos<\/td><td class=\"column-3\">Sector<\/td><td class=\"column-4\">SAPAO<\/td><td class=\"column-5\"><a href=\"http:\/\/www.jefaturadelagubernatura.oaxaca.gob.mx\/files\/pdf\/maasm_2020\/estrategica\/Doc.Op._539 SAPAO.pdf\" target=\"_blank\" rel=\"noopener noreferrer\"><i class=\"fa fa-download\"><\/i><\/a><\/td><td class=\"column-6\"><a href=\"http:\/\/www.jefaturadelagubernatura.oaxaca.gob.mx\/files\/pdf\/maasm_2020\/estrategica\/AU1_ 539 SAPAO.pdf\" target=\"_blank\" rel=\"noopener noreferrer\"><i class=\"fa fa-download\"><\/i><\/a><\/td><td class=\"column-7\"><a href=\"https:\/\/www.oaxaca.gob.mx\/dgite\/wp-content\/uploads\/sites\/77\/2022\/02\/AU2_SAPAO.pdf\" target=\"_blank\" rel=\"noopener noreferrer\"><i class=\"fa fa-download\"><\/i><\/a><\/td>\n<\/tr>\n<tr class=\"row-7\">\n\t<td class=\"column-1\">SVSB<\/td><td class=\"column-2\">\t<br \/>\nSector Vivienda y Servicios B\u00e1sicos<\/td><td class=\"column-3\">Sector<\/td><td class=\"column-4\">SEFIN<\/td><td class=\"column-5\"><a href=\"http:\/\/www.jefaturadelagubernatura.oaxaca.gob.mx\/files\/pdf\/maasm_2020\/estrategica\/DOC.OP._114 SEFIN.pdf\" target=\"_blank\" rel=\"noopener noreferrer\"><i class=\"fa fa-download\"><\/i><\/a><\/td><td class=\"column-6\"><a href=\"http:\/\/www.jefaturadelagubernatura.oaxaca.gob.mx\/files\/pdf\/maasm_2020\/estrategica\/AU1_114 SEFIN.pdf\" target=\"_blank\" rel=\"noopener noreferrer\"><i class=\"fa fa-download\"><\/i><\/a><\/td><td class=\"column-7\"><\/td>\n<\/tr>\n<\/tbody>\n<\/table>\n<!-- #tablepress-184 from cache -->\n<h4>Evaluaciones Espec\u00edfica de Dise\u00f1o<\/h4>\n\n<table id=\"tablepress-185\" class=\"tablepress tablepress-id-185\">\n<thead>\n<tr class=\"row-1\">\n\t<th class=\"column-1\">ID Elemento<\/th><th class=\"column-2\">Elemento<\/th><th class=\"column-3\">Tipo Elemento<\/th><th class=\"column-4\">Dependencia<\/th><th class=\"column-5\">Documento de Opini\u00f3n<\/th><th class=\"column-6\">Anexo \u00danico 1ra Parte<\/th><th class=\"column-7\">Anexo \u00danico 2da Parte<\/th>\n<\/tr>\n<\/thead>\n<tbody class=\"row-striping row-hover\">\n<tr class=\"row-2\">\n\t<td class=\"column-1\">132<\/td><td class=\"column-2\">Formaci\u00f3n con Calidad en la Educaci\u00f3n Media Superior<\/td><td class=\"column-3\">Programa Presupuestario<\/td><td class=\"column-4\">CGEMSySCyT<\/td><td class=\"column-5\"><a href=\"https:\/\/www.oaxaca.gob.mx\/jefatura\/wp-content\/uploads\/sites\/77\/2020\/09\/doumento-de-opini\u00f3n_especifica-de-dise\u00f1o_132.pdf\" target=\"_blank\" rel=\"noopener noreferrer\"><i class=\"fa fa-download\"><\/i><\/a><\/td><td class=\"column-6\"><a href=\"http:\/\/www.jefaturadelagubernatura.oaxaca.gob.mx\/files\/pdf\/maasm_2020\/especifica_disenio\/AU1_122 CGEMSYSCYT.pdf\" target=\"_blank\" rel=\"noopener noreferrer\"><i class=\"fa fa-download\"><\/i><\/a><\/td><td class=\"column-7\"><a href=\"https:\/\/www.oaxaca.gob.mx\/dgite\/wp-content\/uploads\/sites\/77\/2022\/02\/OFICIO-Y-AU2_CGEMSYSCYT.pdf\" target=\"_blank\" rel=\"noopener noreferrer\"><i class=\"fa fa-download\"><\/i><\/a><\/td>\n<\/tr>\n<tr class=\"row-3\">\n\t<td class=\"column-1\">132<\/td><td class=\"column-2\">Formaci\u00f3n con Calidad en la Educaci\u00f3n Media Superior<\/td><td class=\"column-3\">Programa Presupuestario<\/td><td class=\"column-4\">CECYTEO<\/td><td class=\"column-5\"><a href=\"http:\/\/www.jefaturadelagubernatura.oaxaca.gob.mx\/files\/pdf\/maasm_2020\/especifica_disenio\/DOC.OP._507 CECYTEO.pdf\" target=\"_blank\" rel=\"noopener noreferrer\"><i class=\"fa fa-download\"><\/i><\/a><\/td><td class=\"column-6\"><a href=\"http:\/\/www.jefaturadelagubernatura.oaxaca.gob.mx\/files\/pdf\/maasm_2020\/especifica_disenio\/AU1_507 CECYTEO.pdf\" target=\"_blank\" rel=\"noopener noreferrer\"><i class=\"fa fa-download\"><\/i><\/a><\/td><td class=\"column-7\"><a href=\"https:\/\/www.oaxaca.gob.mx\/dgite\/wp-content\/uploads\/sites\/77\/2022\/02\/AU2_CECYTEO.pdf\" target=\"_blank\" rel=\"noopener noreferrer\"><i class=\"fa fa-download\"><\/i><\/a><\/td>\n<\/tr>\n<tr class=\"row-4\">\n\t<td class=\"column-1\">132<\/td><td class=\"column-2\">Formaci\u00f3n con Calidad en la Educaci\u00f3n Media Superior<\/td><td class=\"column-3\">Programa Presupuestario<\/td><td class=\"column-4\">CEPPEMS<\/td><td class=\"column-5\"><a href=\"http:\/\/www.jefaturadelagubernatura.oaxaca.gob.mx\/files\/pdf\/maasm_2020\/especifica_disenio\/doc.op._515 CEPPEMS_M2020.pdf\" target=\"_blank\" rel=\"noopener noreferrer\"><i class=\"fa fa-download\"><\/i><\/a><\/td><td class=\"column-6\"><a href=\"http:\/\/www.jefaturadelagubernatura.oaxaca.gob.mx\/files\/pdf\/maasm_2020\/especifica_disenio\/AU1_CEPPEMS_M2020.pdf\" target=\"_blank\" rel=\"noopener noreferrer\"><i class=\"fa fa-download\"><\/i><\/a><\/td><td class=\"column-7\"><a href=\"https:\/\/www.oaxaca.gob.mx\/dgite\/wp-content\/uploads\/sites\/77\/2022\/02\/AU2_CEPPEMS.pdf\" target=\"_blank\" rel=\"noopener noreferrer\"><i class=\"fa fa-download\"><\/i><\/a><\/td>\n<\/tr>\n<tr class=\"row-5\">\n\t<td class=\"column-1\">132<\/td><td class=\"column-2\">Formaci\u00f3n con Calidad en la Educaci\u00f3n Media Superior<\/td><td class=\"column-3\">Programa Presupuestario<\/td><td class=\"column-4\">TEBCEO<\/td><td class=\"column-5\"><a href=\"http:\/\/www.jefaturadelagubernatura.oaxaca.gob.mx\/files\/pdf\/maasm_2020\/especifica_disenio\/DOC.OP._563 TEBCEO.pdf\" target=\"_blank\" rel=\"noopener noreferrer\"><i class=\"fa fa-download\"><\/i><\/a><\/td><td class=\"column-6\"><a href=\"http:\/\/www.jefaturadelagubernatura.oaxaca.gob.mx\/files\/pdf\/maasm_2020\/especifica_disenio\/AU1_563 TEBCEO.pdf\" target=\"_blank\" rel=\"noopener noreferrer\"><i class=\"fa fa-download\"><\/i><\/a><\/td><td class=\"column-7\"><a href=\"https:\/\/www.oaxaca.gob.mx\/dgite\/wp-content\/uploads\/sites\/77\/2022\/11\/TEBCEO-AU2-M2020-132.pdf\" target=\"_blank\" rel=\"noopener noreferrer\"><i class=\"fa fa-download\"><\/i><\/a><\/td>\n<\/tr>\n<tr class=\"row-6\">\n\t<td class=\"column-1\">132<\/td><td class=\"column-2\">Formaci\u00f3n con Calidad en la Educaci\u00f3n Media Superior<\/td><td class=\"column-3\">Programa Presupuestario<\/td><td class=\"column-4\">COBAO<\/td><td class=\"column-5\"><a href=\"http:\/\/www.jefaturadelagubernatura.oaxaca.gob.mx\/files\/pdf\/maasm_2020\/especifica_disenio\/DOC.OP._506 COBAO.pdf\" target=\"_blank\" rel=\"noopener noreferrer\"><i class=\"fa fa-download\"><\/i><\/a><\/td><td class=\"column-6\"><a href=\"http:\/\/www.jefaturadelagubernatura.oaxaca.gob.mx\/files\/pdf\/maasm_2020\/especifica_disenio\/AU1_ 506 COBAO.pdf\" target=\"_blank\" rel=\"noopener noreferrer\"><i class=\"fa fa-download\"><\/i><\/a><\/td><td class=\"column-7\"><a href=\"https:\/\/www.oaxaca.gob.mx\/dgite\/wp-content\/uploads\/sites\/77\/2022\/02\/AU2_COBAO.pdf\" target=\"_blank\" rel=\"noopener noreferrer\"><i class=\"fa fa-download\"><\/i><\/a><\/td>\n<\/tr>\n<tr class=\"row-7\">\n\t<td class=\"column-1\">132<\/td><td class=\"column-2\">Formaci\u00f3n con Calidad en la Educaci\u00f3n Media Superior<\/td><td class=\"column-3\">Programa Presupuestario<\/td><td class=\"column-4\">CSEIIO<\/td><td class=\"column-5\"><a href=\"http:\/\/www.jefaturadelagubernatura.oaxaca.gob.mx\/files\/pdf\/maasm_2020\/especifica_disenio\/DOC.OP._508 CSEIIO.pdf\" target=\"_blank\" rel=\"noopener noreferrer\"><i class=\"fa fa-download\"><\/i><\/a><\/td><td class=\"column-6\"><a href=\"http:\/\/www.jefaturadelagubernatura.oaxaca.gob.mx\/files\/pdf\/maasm_2020\/especifica_disenio\/AU1_508 CSEIIO.pdf\" target=\"_blank\" rel=\"noopener noreferrer\"><i class=\"fa fa-download\"><\/i><\/a><\/td><td class=\"column-7\"><a href=\"https:\/\/www.oaxaca.gob.mx\/dgite\/wp-content\/uploads\/sites\/77\/2022\/02\/OFICIO-Y-AU2-CSEIIO.pdf\" target=\"_blank\" rel=\"noopener noreferrer\"><i class=\"fa fa-download\"><\/i><\/a><\/td>\n<\/tr>\n<tr class=\"row-8\">\n\t<td class=\"column-1\">132<\/td><td class=\"column-2\">Formaci\u00f3n con Calidad en la Educaci\u00f3n Media Superior<\/td><td class=\"column-3\">Programa Presupuestario<\/td><td class=\"column-4\">IEBO<\/td><td class=\"column-5\"><a href=\"http:\/\/www.jefaturadelagubernatura.oaxaca.gob.mx\/files\/pdf\/maasm_2020\/especifica_disenio\/DOC.OP._525 IEBO.pdf\" target=\"_blank\" rel=\"noopener noreferrer\"><i class=\"fa fa-download\"><\/i><\/a><\/td><td class=\"column-6\"><a href=\"http:\/\/www.jefaturadelagubernatura.oaxaca.gob.mx\/files\/pdf\/maasm_2020\/especifica_disenio\/AU1_525 IEBO.pdf\" target=\"_blank\" rel=\"noopener noreferrer\"><i class=\"fa fa-download\"><\/i><\/a><\/td><td class=\"column-7\"><a href=\"https:\/\/www.oaxaca.gob.mx\/dgite\/wp-content\/uploads\/sites\/77\/2022\/02\/AU2_IEBO.pdf\" target=\"_blank\" rel=\"noopener noreferrer\"><i class=\"fa fa-download\"><\/i><\/a><\/td>\n<\/tr>\n<tr class=\"row-9\">\n\t<td class=\"column-1\">109<\/td><td class=\"column-2\">Desarrollo Agr\u00edcola<\/td><td class=\"column-3\">Programa Presupuestario<\/td><td class=\"column-4\">SEDAPA<\/td><td class=\"column-5\"><a href=\"https:\/\/www.oaxaca.gob.mx\/jefatura\/wp-content\/uploads\/sites\/77\/2020\/09\/documento-de-opini\u00f3n_especifica-de-dise\u00f1o_109.pdf\" target=\"_blank\" rel=\"noopener noreferrer\"><i class=\"fa fa-download\"><\/i><\/a><\/td><td class=\"column-6\"><a href=\"http:\/\/www.jefaturadelagubernatura.oaxaca.gob.mx\/files\/pdf\/maasm_2020\/especifica_disenio\/AU1_113 SEDAPA .pdf\" target=\"_blank\" rel=\"noopener noreferrer\"><i class=\"fa fa-download\"><\/i><\/a><\/td><td class=\"column-7\"><a href=\"https:\/\/www.oaxaca.gob.mx\/dgite\/wp-content\/uploads\/sites\/77\/2022\/02\/AU2_SEDAPA.pdf\" target=\"_blank\" rel=\"noopener noreferrer\"><i class=\"fa fa-download\"><\/i><\/a><\/td>\n<\/tr>\n<\/tbody>\n<\/table>\n<!-- #tablepress-185 from cache -->\n<h4>Evaluaci\u00f3n de Consistencia y Resultados<\/h4>\n\n<table id=\"tablepress-205\" class=\"tablepress tablepress-id-205\">\n<thead>\n<tr class=\"row-1\">\n\t<th class=\"column-1\">ID Elemento<\/th><th class=\"column-2\">Elemento<\/th><th class=\"column-3\">Tipo Elemento<\/th><th class=\"column-4\">Dependencia<\/th><th class=\"column-5\">Documento de Opini\u00f3n<\/th><th class=\"column-6\">Anexo \u00danico 1ra Parte<\/th><th class=\"column-7\">Anexo \u00danico 2da Parte<\/th>\n<\/tr>\n<\/thead>\n<tbody class=\"row-striping row-hover\">\n<tr class=\"row-2\">\n\t<td class=\"column-1\">201<\/td><td class=\"column-2\">Fortalecimiento a la Capacitaci\u00f3n y Formaci\u00f3n Art\u00edstica y Cultural<\/td><td class=\"column-3\">Programa Presupuestario<\/td><td class=\"column-4\">SECULTA<\/td><td class=\"column-5\"><a href=\"https:\/\/www.oaxaca.gob.mx\/dgite\/wp-content\/uploads\/sites\/77\/2022\/02\/D.O._SECULTA.pdf\" target=\"_blank\" rel=\"noopener noreferrer\"><i class=\"fa fa-download\"><\/i><\/a><\/td><td class=\"column-6\"><a href=\"https:\/\/www.oaxaca.gob.mx\/dgite\/wp-content\/uploads\/sites\/77\/2022\/02\/AU1_102-SEGEGO-1.pdf\" target=\"_blank\" rel=\"noopener noreferrer\"><i class=\"fa fa-download\"><\/i><\/a><\/td><td class=\"column-7\"><a href=\"https:\/\/www.oaxaca.gob.mx\/dgite\/wp-content\/uploads\/sites\/77\/2022\/02\/AU2_SECULTA.pdf\" target=\"_blank\" rel=\"noopener noreferrer\"><i class=\"fa fa-download\"><\/i><\/a><\/td>\n<\/tr>\n<\/tbody>\n<\/table>\n<!-- #tablepress-205 from cache --><\/div>\n<div id=\"collapseUnom\" class=\"tab-pane fade\" role=\"tabpanel\" aria-labelledby=\"nav_tab_unom\">\n<h4>Descargas<\/h4>\n\n<table id=\"tablepress-34\" class=\"tablepress tablepress-id-34\">\n<thead>\n<tr class=\"row-1\">\n\t<th class=\"column-1\">No.<\/th><th class=\"column-2\">Documento<\/th><th class=\"column-3\">Descarga<\/th>\n<\/tr>\n<\/thead>\n<tbody class=\"row-striping row-hover\">\n<tr class=\"row-2\">\n\t<td class=\"column-1\">1<\/td><td class=\"column-2\">Formato de Designaci\u00f3n de Enlace<\/td><td class=\"column-3\"><a href=\"http:\/\/www.jefaturadelagubernatura.oaxaca.gob.mx\/files\/pdf\/evaluaciones_2019\/enlace.docx\" target=\"_blank\" rel=\"noopener noreferrer\"><i class=\"fa fa-download\"><\/i><\/a><\/td>\n<\/tr>\n<tr class=\"row-3\">\n\t<td class=\"column-1\">2<\/td><td class=\"column-2\">Lineamientos del Mecanismo de Atenci\u00f3n a los Aspectos Susceptibles de Mejora (MAASM)<\/td><td class=\"column-3\"><a href=\"http:\/\/www.jefaturadelagubernatura.oaxaca.gob.mx\/files\/pdf\/evaluaciones_2019\/lineamientos_MAASM_2019.pdf\" target=\"_blank\" rel=\"noopener noreferrer\"><i class=\"fa fa-download\"><\/i><\/a><\/td>\n<\/tr>\n<tr class=\"row-4\">\n\t<td class=\"column-1\">3<\/td><td class=\"column-2\">Anexo del MAASM 2019<\/td><td class=\"column-3\"><a href=\"\/wp-content\/uploads\/sites\/77\/pdf\/maasm_2019\/anexo_unico.xlsx\" target=\"_blank\" rel=\"noopener noreferrer\"><i class=\"fa fa-download\"><\/i><\/a><\/td>\n<\/tr>\n<tr class=\"row-5\">\n\t<td class=\"column-1\">4<\/td><td class=\"column-2\">Informe de Atenci\u00f3n a los Aspectos Susceptibles de Mejora 2019<\/td><td class=\"column-3\"><a href=\"http:\/\/www.jefaturadelagubernatura.oaxaca.gob.mx\/files\/pdf\/maasm_2019\/I_S_MAASM 2019.pdf\" target=\"_blank\" rel=\"noopener noreferrer\"><i class=\"fa fa-download\"><\/i><\/a><br \/>\n<\/td>\n<\/tr>\n<tr class=\"row-6\">\n\t<td class=\"column-1\">5<\/td><td class=\"column-2\">Cronograma de Atenci\u00f3n a ASM del MAASM 2019<\/td><td class=\"column-3\"><a href=\"http:\/\/www.jefaturadelagubernatura.oaxaca.gob.mx\/files\/pdf\/maasm_2019\/Cronograma_maasm2019.pdf\" target=\"_blank\" rel=\"noopener noreferrer\"><i class=\"fa fa-download\"><\/i><\/a><\/td>\n<\/tr>\n<\/tbody>\n<\/table>\n<!-- #tablepress-34 from cache -->\n<h4>Evaluaciones Diagn\u00f3sticas<\/h4>\n\n<table id=\"tablepress-35\" class=\"tablepress tablepress-id-35\">\n<thead>\n<tr class=\"row-1\">\n\t<th class=\"column-1\">Clave<\/th><th class=\"column-2\">Descripci\u00f3n<\/th><th class=\"column-3\">Tipo de Elemento<\/th><th class=\"column-4\">Dependencia<\/th><th class=\"column-5\">Documento de Opini\u00f3n<\/th><th class=\"column-6\">Anexo 1ra. Parte<\/th><th class=\"column-7\">Anexo 2da. Parte<\/th>\n<\/tr>\n<\/thead>\n<tbody class=\"row-striping row-hover\">\n<tr class=\"row-2\">\n\t<td class=\"column-1\">105<\/td><td class=\"column-2\">Educaci\u00f3n B\u00e1sica Incluyente<\/td><td class=\"column-3\">Programa Presupuestario<\/td><td class=\"column-4\">IEEPO<\/td><td class=\"column-5\">                <a href=\"\/wp-content\/uploads\/sites\/77\/pdf\/maasm_2019\/diagnostica\/doc_opinion\/IEEPO_105_DocOpini\u00f3nDiag_M19.pdf\" target=\"_blank\" rel=\"noopener noreferrer\"><i class=\"fa fa-download\" \/><\/a><br \/>\n            <\/td><td class=\"column-6\">                <a href=\"\/wp-content\/uploads\/sites\/77\/pdf\/maasm_2019\/diagnostica\/anexos1\/IEEPO_105_AU1_M19.pdf\" target=\"_blank\" rel=\"noopener noreferrer\"><i class=\"fa fa-download\" \/><\/a><br \/>\n            <\/td><td class=\"column-7\"> <a href=\"http:\/\/www.jefaturadelagubernatura.oaxaca.gob.mx\/files\/pdf\/maasm_2019\/diagnostica\/anexos2\/IEEPO_105_AU2_M19.pdf\" target=\"_blank\" rel=\"noopener noreferrer\"><i class=\"fa fa-download\" \/><\/a><br \/>\n            <\/td>\n<\/tr>\n<tr class=\"row-3\">\n\t<td class=\"column-1\">105<\/td><td class=\"column-2\">Educaci\u00f3n B\u00e1sica Incluyente<\/td><td class=\"column-3\">Programa Presupuestario<\/td><td class=\"column-4\">SEDESOH<\/td><td class=\"column-5\"><a href=\"http:\/\/www.jefaturadelagubernatura.oaxaca.gob.mx\/files\/pdf\/maasm_2019\/diagnostica\/doc_opinion\/SEDESOH_105.pdf\" target=\"_blank\" rel=\"noopener noreferrer\"><i class=\"fa fa-download\" \/><\/a><\/td><td class=\"column-6\"><a href=\"http:\/\/www.jefaturadelagubernatura.oaxaca.gob.mx\/files\/pdf\/maasm_2019\/diagnostica\/anexos1\/SEDESOH_105_AU1_M19.pdf\" target=\"_blank\" rel=\"noopener noreferrer\"><i class=\"fa fa-download\" \/><\/a><\/td><td class=\"column-7\"> <a href=\"http:\/\/www.jefaturadelagubernatura.oaxaca.gob.mx\/files\/pdf\/maasm_2019\/diagnostica\/anexos2\/SEDESOH_105_AU2_M19.pdf\" target=\"_blank\" rel=\"noopener noreferrer\"><i class=\"fa fa-download\" \/><\/a><\/td>\n<\/tr>\n<tr class=\"row-4\">\n\t<td class=\"column-1\">106<\/td><td class=\"column-2\">Fortalecimiento a la Competencia Laboral y empleo de Calidad<\/td><td class=\"column-3\">Programa Presupuestario<\/td><td class=\"column-4\">SEGEGO<\/td><td class=\"column-5\">                <a href=\"\/wp-content\/uploads\/sites\/77\/pdf\/maasm_2019\/diagnostica\/doc_opinion\/SEGEGO_106_DocOpini\u00f3nDiag_M19.pdf\" target=\"_blank\" rel=\"noopener noreferrer\"><i class=\"fa fa-download\" \/><\/a><br \/>\n            <\/td><td class=\"column-6\">                <a href=\"\/wp-content\/uploads\/sites\/77\/pdf\/maasm_2019\/diagnostica\/anexos1\/SEGEGO_106_AU1_M19.pdf\" target=\"_blank\" rel=\"noopener noreferrer\"><i class=\"fa fa-download\" \/><\/a><br \/>\n            <\/td><td class=\"column-7\"> <a href=\"http:\/\/www.jefaturadelagubernatura.oaxaca.gob.mx\/files\/pdf\/maasm_2019\/diagnostica\/anexos2\/SEGEGO_106_AU2_M19.pdf\" target=\"_blank\" rel=\"noopener noreferrer\"><i class=\"fa fa-download\" \/><\/a><\/td>\n<\/tr>\n<tr class=\"row-5\">\n\t<td class=\"column-1\">106<\/td><td class=\"column-2\">Fortalecimiento a la Competencia Laboral y empleo de Calidad<\/td><td class=\"column-3\">Programa Presupuestario<\/td><td class=\"column-4\">ICAPET<\/td><td class=\"column-5\"><a href=\"http:\/\/www.jefaturadelagubernatura.oaxaca.gob.mx\/files\/pdf\/maasm_2019\/diagnostica\/anexos1\/ICAPET_106_2019.pdf\" target=\"_blank\" rel=\"noopener noreferrer\"><i class=\"fa fa-download\" \/><\/a><\/td><td class=\"column-6\">                <a href=\"http:\/\/www.jefaturadelagubernatura.oaxaca.gob.mx\/files\/pdf\/maasm_2019\/diagnostica\/anexos1\/ICAPET_106_AU1_M19.pdf\" target=\"_blank\" rel=\"noopener noreferrer\"><i class=\"fa fa-download\" \/><\/a><\/td><td class=\"column-7\"> <a href=\"http:\/\/www.jefaturadelagubernatura.oaxaca.gob.mx\/files\/pdf\/maasm_2019\/diagnostica\/anexos2\/ICAPET_106_AU2_M19.pdf\" target=\"_blank\" rel=\"noopener noreferrer\"><i class=\"fa fa-download\" \/><\/a><\/td>\n<\/tr>\n<tr class=\"row-6\">\n\t<td class=\"column-1\">106<\/td><td class=\"column-2\">Fortalecimiento a la Competencia Laboral y empleo de Calidad<\/td><td class=\"column-3\">Programa Presupuestario<\/td><td class=\"column-4\">SE<\/td><td class=\"column-5\">                <a href=\"http:\/\/www.jefaturadelagubernatura.oaxaca.gob.mx\/files\/pdf\/maasm_2019\/diagnostica\/doc_opinion\/SE_106_2019.pdf\" target=\"_blank\" rel=\"noopener noreferrer\"><i class=\"fa fa-download\" \/><\/a><br \/>\n            <\/td><td class=\"column-6\"><a href=\"http:\/\/www.jefaturadelagubernatura.oaxaca.gob.mx\/files\/pdf\/maasm_2019\/diagnostica\/anexos1\/SE_106_AU1_M19.pdf\" target=\"_blank\" rel=\"noopener noreferrer\"><i class=\"fa fa-download\" \/><\/a><\/td><td class=\"column-7\"><\/td>\n<\/tr>\n<tr class=\"row-7\">\n\t<td class=\"column-1\">108<\/td><td class=\"column-2\">Infraestructura Vial en el Estado de Oaxaca<\/td><td class=\"column-3\">Programa Presupuestario<\/td><td class=\"column-4\">SINFRA<\/td><td class=\"column-5\"><a href=\"http:\/\/www.jefaturadelagubernatura.oaxaca.gob.mx\/files\/pdf\/maasm_2019\/diagnostica\/doc_opinion\/SINFRA_108_2019.pdf\" target=\"_blank\" rel=\"noopener noreferrer\"><i class=\"fa fa-download\" \/><\/a><\/td><td class=\"column-6\"><a href=\"http:\/\/www.jefaturadelagubernatura.oaxaca.gob.mx\/files\/pdf\/maasm_2019\/diagnostica\/anexos1\/SINFRA_108_AU1_M19.pdf\" target=\"_blank\" rel=\"noopener noreferrer\"><i class=\"fa fa-download\" \/><\/a><\/td><td class=\"column-7\"> <a href=\"http:\/\/www.jefaturadelagubernatura.oaxaca.gob.mx\/files\/pdf\/maasm_2019\/diagnostica\/anexos2\/SINFRA_108_AU2_M19.pdf\" target=\"_blank\" rel=\"noopener noreferrer\"><i class=\"fa fa-download\" \/><\/a><\/td>\n<\/tr>\n<tr class=\"row-8\">\n\t<td class=\"column-1\">108<\/td><td class=\"column-2\">Infraestructura Vial en el Estado de Oaxaca<\/td><td class=\"column-3\">Programa Presupuestario<\/td><td class=\"column-4\">CAO<\/td><td class=\"column-5\"><a href=\"http:\/\/www.jefaturadelagubernatura.oaxaca.gob.mx\/files\/pdf\/maasm_2019\/diagnostica\/doc_opinion\/CAO_108_2019.pdf\" target=\"_blank\" rel=\"noopener noreferrer\"><i class=\"fa fa-download\" \/><\/a><\/td><td class=\"column-6\"><a href=\"http:\/\/www.jefaturadelagubernatura.oaxaca.gob.mx\/files\/pdf\/maasm_2019\/diagnostica\/anexos1\/CAO_108_AU1_M19.pdf\" target=\"_blank\" rel=\"noopener noreferrer\"><i class=\"fa fa-download\" \/><\/a><\/td><td class=\"column-7\"><a href=\"http:\/\/www.jefaturadelagubernatura.oaxaca.gob.mx\/files\/pdf\/maasm_2019\/diagnostica\/anexos2\/CAO_108_AU2_M19.pdf\" target=\"_blank\" rel=\"noopener noreferrer\"><i class=\"fa fa-download\" \/><\/a><\/td>\n<\/tr>\n<tr class=\"row-9\">\n\t<td class=\"column-1\">122<\/td><td class=\"column-2\">Mejoramiento Urbano de los Centros de Poblaci\u00f3n<\/td><td class=\"column-3\">Programa Presupuestario<\/td><td class=\"column-4\">SINFRA<\/td><td class=\"column-5\"><a href=\"http:\/\/www.jefaturadelagubernatura.oaxaca.gob.mx\/files\/pdf\/maasm_2019\/diagnostica\/doc_opinion\/SINFRA_122_2019.pdf\" target=\"_blank\" rel=\"noopener noreferrer\"><i class=\"fa fa-download\" \/><\/a><\/td><td class=\"column-6\"><a href=\"http:\/\/www.jefaturadelagubernatura.oaxaca.gob.mx\/files\/pdf\/maasm_2019\/diagnostica\/anexos1\/SINFRA_122_AU1_M19.pdf\" target=\"_blank\" rel=\"noopener noreferrer\"><i class=\"fa fa-download\" \/><\/a><\/td><td class=\"column-7\"><a href=\"http:\/\/www.jefaturadelagubernatura.oaxaca.gob.mx\/files\/pdf\/maasm_2019\/diagnostica\/anexos2\/SINFRA_122_AU2_M18-19.pdf\" target=\"_blank\" rel=\"noopener noreferrer\"><i class=\"fa fa-download\" \/><\/a><\/td>\n<\/tr>\n<tr class=\"row-10\">\n\t<td class=\"column-1\">122<\/td><td class=\"column-2\">Mejoramiento Urbano de los Centros de Poblaci\u00f3n<\/td><td class=\"column-3\">Programa Presupuestario<\/td><td class=\"column-4\">COPLADE<\/td><td class=\"column-5\"><a href=\"http:\/\/www.jefaturadelagubernatura.oaxaca.gob.mx\/files\/pdf\/maasm_2019\/diagnostica\/doc_opinion\/COPLADE_122_2019.pdf\" target=\"_blank\" rel=\"noopener noreferrer\"><i class=\"fa fa-download\" \/><\/a><\/td><td class=\"column-6\"><a href=\"http:\/\/www.jefaturadelagubernatura.oaxaca.gob.mx\/files\/pdf\/maasm_2019\/diagnostica\/anexos1\/COPLADE_122_AU1_M19.pdf\" target=\"_blank\" rel=\"noopener noreferrer\"><i class=\"fa fa-download\" \/><\/a><\/td><td class=\"column-7\"><a href=\"http:\/\/www.jefaturadelagubernatura.oaxaca.gob.mx\/files\/pdf\/maasm_2019\/diagnostica\/anexos2\/COPLADE_122_AU2_M19.pdf\" target=\"_blank\" rel=\"noopener noreferrer\"><i class=\"fa fa-download\" \/><\/a><\/td>\n<\/tr>\n<tr class=\"row-11\">\n\t<td class=\"column-1\">122<\/td><td class=\"column-2\">Mejoramiento Urbano de los Centros de Poblaci\u00f3n<\/td><td class=\"column-3\">Programa Presupuestario<\/td><td class=\"column-4\">CAO<\/td><td class=\"column-5\"><a href=\"http:\/\/www.jefaturadelagubernatura.oaxaca.gob.mx\/files\/pdf\/maasm_2019\/diagnostica\/doc_opinion\/CAO_122_2019.pdf\" target=\"_blank\" rel=\"noopener noreferrer\"><i class=\"fa fa-download\" \/><\/a><\/td><td class=\"column-6\"><a href=\"http:\/\/www.jefaturadelagubernatura.oaxaca.gob.mx\/files\/pdf\/maasm_2019\/diagnostica\/anexos1\/CAO_122_AU1_M19.pdf\" target=\"_blank\" rel=\"noopener noreferrer\"><i class=\"fa fa-download\" \/><\/a><\/td><td class=\"column-7\"><a href=\"http:\/\/www.jefaturadelagubernatura.oaxaca.gob.mx\/files\/pdf\/maasm_2019\/diagnostica\/anexos2\/CAO_122_AU2_M19.pdf\" target=\"_blank\" rel=\"noopener noreferrer\"><i class=\"fa fa-download\" \/><\/a><\/td>\n<\/tr>\n<tr class=\"row-12\">\n\t<td class=\"column-1\">134<\/td><td class=\"column-2\">Atenci\u00f3n Social a Grupos Vulnerables<\/td><td class=\"column-3\">Programa Presupuestario<\/td><td class=\"column-4\">DIF<\/td><td class=\"column-5\">                <a href=\"\/wp-content\/uploads\/sites\/77\/pdf\/maasm_2019\/diagnostica\/doc_opinion\/DIF_134_DocOpini\u00f3nDiag_M19.pdf\" target=\"_blank\" rel=\"noopener noreferrer\"><i class=\"fa fa-download\" \/><\/a><br \/>\n            <\/td><td class=\"column-6\"> <a href=\"http:\/\/www.jefaturadelagubernatura.oaxaca.gob.mx\/files\/pdf\/maasm_2019\/diagnostica\/anexos1\/DIF_134_AU1_M19.pdf\" target=\"_blank\" rel=\"noopener noreferrer\"><i class=\"fa fa-download\" \/><\/a><\/td><td class=\"column-7\"><\/td>\n<\/tr>\n<tr class=\"row-13\">\n\t<td class=\"column-1\">134<\/td><td class=\"column-2\">Atenci\u00f3n Social a Grupos Vulnerables<\/td><td class=\"column-3\">Programa Presupuestario<\/td><td class=\"column-4\">SEDESOH<\/td><td class=\"column-5\">                <a href=\"\/wp-content\/uploads\/sites\/77\/pdf\/maasm_2019\/diagnostica\/doc_opinion\/SEDESOH_134_2019.pdf\" target=\"_blank\" rel=\"noopener noreferrer\"><i class=\"fa fa-download\" \/><\/a><br \/>\n            <\/td><td class=\"column-6\"><a href=\"http:\/\/www.jefaturadelagubernatura.oaxaca.gob.mx\/files\/pdf\/maasm_2019\/diagnostica\/anexos1\/SEDESOH_134_AU1_M19.pdf\" target=\"_blank\" rel=\"noopener noreferrer\"><i class=\"fa fa-download\" \/><\/a><br \/>\n            <\/td><td class=\"column-7\"><a href=\"http:\/\/www.jefaturadelagubernatura.oaxaca.gob.mx\/files\/pdf\/maasm_2019\/diagnostica\/anexos2\/SEDESOH_134_AU2_M19.pdf\" target=\"_blank\" rel=\"noopener noreferrer\"><i class=\"fa fa-download\" \/><\/a><\/td>\n<\/tr>\n<tr class=\"row-14\">\n\t<td class=\"column-1\">145<\/td><td class=\"column-2\">Desarrollo Integral de los Pueblos y Comunidades Ind\u00edgenas y Afromexicanas<\/td><td class=\"column-3\">Programa Presupuestario<\/td><td class=\"column-4\">SEPIA<\/td><td class=\"column-5\">          <a href=\"\/wp-content\/uploads\/sites\/77\/pdf\/maasm_2019\/diagnostica\/doc_opinion\/SEPIA_145_2019.pdf\" target=\"_blank\" rel=\"noopener noreferrer\"><i class=\"fa fa-download\" \/><\/a><\/td><td class=\"column-6\"><a href=\"http:\/\/www.jefaturadelagubernatura.oaxaca.gob.mx\/files\/pdf\/maasm_2019\/diagnostica\/anexos1\/SEPIA_145_AU1.pdf\" target=\"_blank\" rel=\"noopener noreferrer\"><i class=\"fa fa-download\" \/><\/a><\/td><td class=\"column-7\"><\/td>\n<\/tr>\n<tr class=\"row-15\">\n\t<td class=\"column-1\">146<\/td><td class=\"column-2\">Ampliaci\u00f3n y Mejoramiento de la Cobertura de Agua Potable, Drenaje y Saneamiento<\/td><td class=\"column-3\">Programa Presupuestario<\/td><td class=\"column-4\">CEA<\/td><td class=\"column-5\">                <a href=\"\/wp-content\/uploads\/sites\/77\/pdf\/maasm_2019\/diagnostica\/doc_opinion\/CEA_146_DocOpini\u00f3nDiag_M19.pdf\" target=\"_blank\" rel=\"noopener noreferrer\"><i class=\"fa fa-download\" \/><\/a><br \/>\n            <\/td><td class=\"column-6\">                <a href=\"\/wp-content\/uploads\/sites\/77\/pdf\/maasm_2019\/diagnostica\/anexos1\/CEA_146_AU1_M19.pdf\" target=\"_blank\" rel=\"noopener noreferrer\"><i class=\"fa fa-download\" \/><\/a><br \/>\n            <\/td><td class=\"column-7\"><a href=\"http:\/\/www.jefaturadelagubernatura.oaxaca.gob.mx\/files\/pdf\/maasm_2019\/diagnostica\/anexos2\/CEA_146_AU2_M19.pdf\" target=\"_blank\" rel=\"noopener noreferrer\"><i class=\"fa fa-download\" \/><\/a><\/td>\n<\/tr>\n<tr class=\"row-16\">\n\t<td class=\"column-1\">146<\/td><td class=\"column-2\">Ampliaci\u00f3n y Mejoramiento de la Cobertura de Agua Potable, Drenaje y Saneamiento<\/td><td class=\"column-3\">Programa Presupuestario<\/td><td class=\"column-4\">SAPAO<\/td><td class=\"column-5\">                <a href=\"\/wp-content\/uploads\/sites\/77\/pdf\/maasm_2019\/diagnostica\/doc_opinion\/SAPAO_146_DocOpini\u00f3nDiag_M19.pdf\" target=\"_blank\" rel=\"noopener noreferrer\"><i class=\"fa fa-download\" \/><\/a><br \/>\n            <\/td><td class=\"column-6\">                <a href=\"\/wp-content\/uploads\/sites\/77\/pdf\/maasm_2019\/diagnostica\/anexos1\/SAPAO_146_AU1_M19.pdf\" target=\"_blank\" rel=\"noopener noreferrer\"><i class=\"fa fa-download\" \/><\/a><br \/>\n            <\/td><td class=\"column-7\"><a href=\"http:\/\/www.jefaturadelagubernatura.oaxaca.gob.mx\/files\/pdf\/maasm_2019\/diagnostica\/anexos2\/SAPAO_146_AU2_M19.pdf\" target=\"_blank\" rel=\"noopener noreferrer\"><i class=\"fa fa-download\" \/><\/a><\/td>\n<\/tr>\n<tr class=\"row-17\">\n\t<td class=\"column-1\">146<\/td><td class=\"column-2\">Ampliaci\u00f3n y Mejoramiento de la Cobertura de Agua Potable, Drenaje y Saneamiento<\/td><td class=\"column-3\">Programa Presupuestario<\/td><td class=\"column-4\">SINFRA<\/td><td class=\"column-5\">               <a href=\"http:\/\/www.jefaturadelagubernatura.oaxaca.gob.mx\/files\/pdf\/maasm_2019\/diagnostica\/doc_opinion\/SINFRA_146_2019.pdf\" target=\"_blank\" rel=\"noopener noreferrer\"><i class=\"fa fa-download\" \/><\/a><\/td><td class=\"column-6\">                <a href=\"http:\/\/www.jefaturadelagubernatura.oaxaca.gob.mx\/files\/pdf\/maasm_2019\/diagnostica\/anexos1\/SINFRA_146_AU1_M19.pdf\" target=\"_blank\" rel=\"noopener noreferrer\"><i class=\"fa fa-download\" \/><\/a><\/td><td class=\"column-7\"><a href=\"http:\/\/www.jefaturadelagubernatura.oaxaca.gob.mx\/files\/pdf\/maasm_2019\/diagnostica\/anexos2\/SINFRA_146_AU2_M19.pdf\" target=\"_blank\" rel=\"noopener noreferrer\"><i class=\"fa fa-download\" \/><\/a><\/td>\n<\/tr>\n<tr class=\"row-18\">\n\t<td class=\"column-1\">161<\/td><td class=\"column-2\">Impulso a la Econom\u00eda<\/td><td class=\"column-3\">Programa Presupuestario<\/td><td class=\"column-4\">FIDELO<\/td><td class=\"column-5\">                <a href=\"\/wp-content\/uploads\/sites\/77\/pdf\/maasm_2019\/diagnostica\/doc_opinion\/FIDELO_161_DocOpini\u00f3nDiag_M19.pdf\" target=\"_blank\" rel=\"noopener noreferrer\"><i class=\"fa fa-download\" \/><\/a><br \/>\n            <\/td><td class=\"column-6\">                 <a href=\"http:\/\/www.jefaturadelagubernatura.oaxaca.gob.mx\/files\/pdf\/maasm_2019\/diagnostica\/anexos1\/FIDELO_161_AU1_M19.pdf\" target=\"_blank\" rel=\"noopener noreferrer\"><i class=\"fa fa-download\" \/><\/a><br \/>\n            <\/td><td class=\"column-7\"><a href=\"http:\/\/www.jefaturadelagubernatura.oaxaca.gob.mx\/files\/pdf\/maasm_2019\/diagnostica\/anexos2\/FIDELO_161_AU2_M19.pdf\" target=\"_blank\" rel=\"noopener noreferrer\"><i class=\"fa fa-download\" \/><\/a><\/td>\n<\/tr>\n<tr class=\"row-19\">\n\t<td class=\"column-1\">161<\/td><td class=\"column-2\">Impulso a la Econom\u00eda<\/td><td class=\"column-3\">Programa Presupuestario<\/td><td class=\"column-4\">IOA<\/td><td class=\"column-5\">                <a href=\"\/wp-content\/uploads\/sites\/77\/pdf\/maasm_2019\/diagnostica\/doc_opinion\/IOA_161_DocOpini\u00f3nDiag_M19.pdf\" target=\"_blank\" rel=\"noopener noreferrer\"><i class=\"fa fa-download\" \/><\/a><br \/>\n            <\/td><td class=\"column-6\"><a href=\"http:\/\/www.jefaturadelagubernatura.oaxaca.gob.mx\/files\/pdf\/maasm_2019\/diagnostica\/anexos1\/IOA_161_AU1_M19.pdf\" target=\"_blank\" rel=\"noopener noreferrer\"><i class=\"fa fa-download\" \/><\/a><br \/>\n            <\/td><td class=\"column-7\"><a href=\"http:\/\/www.jefaturadelagubernatura.oaxaca.gob.mx\/files\/pdf\/maasm_2019\/diagnostica\/anexos2\/IOA_161_AU2_M19.pdf\" target=\"_blank\" rel=\"noopener noreferrer\"><i class=\"fa fa-download\" \/><\/a><\/td>\n<\/tr>\n<tr class=\"row-20\">\n\t<td class=\"column-1\">161<\/td><td class=\"column-2\">Impulso a la Econom\u00eda<\/td><td class=\"column-3\">Programa Presupuestario<\/td><td class=\"column-4\">IODEMC<\/td><td class=\"column-5\">                <a href=\"\/wp-content\/uploads\/sites\/77\/pdf\/maasm_2019\/diagnostica\/doc_opinion\/IODEMC_161_DocOpini\u00f3nDiag_M19.pdf\" target=\"_blank\" rel=\"noopener noreferrer\"><i class=\"fa fa-download\" \/><\/a><br \/>\n            <\/td><td class=\"column-6\">                <a href=\"\/wp-content\/uploads\/sites\/77\/pdf\/maasm_2019\/diagnostica\/anexos1\/IODEMC_161_AU1_M19.pdf\" target=\"_blank\" rel=\"noopener noreferrer\"><i class=\"fa fa-download\" \/><\/a><br \/>\n            <\/td><td class=\"column-7\"><a href=\"http:\/\/www.jefaturadelagubernatura.oaxaca.gob.mx\/files\/pdf\/maasm_2019\/diagnostica\/anexos2\/IODEMC_161_AU2_M19.pdf\" target=\"_blank\" rel=\"noopener noreferrer\"><i class=\"fa fa-download\" \/><\/a><\/td>\n<\/tr>\n<tr class=\"row-21\">\n\t<td class=\"column-1\">161<\/td><td class=\"column-2\">Impulso a la Econom\u00eda<\/td><td class=\"column-3\">Programa Presupuestario<\/td><td class=\"column-4\">SE<\/td><td class=\"column-5\">                <a href=\"\/wp-content\/uploads\/sites\/77\/pdf\/maasm_2019\/diagnostica\/doc_opinion\/SE_161_DocOpini\u00f3nDiag_M19.pdf\" target=\"_blank\" rel=\"noopener noreferrer\"><i class=\"fa fa-download\" \/><\/a><br \/>\n            <\/td><td class=\"column-6\"><a href=\"http:\/\/www.jefaturadelagubernatura.oaxaca.gob.mx\/files\/pdf\/maasm_2019\/diagnostica\/anexos1\/SE_161_AU1_M19.pdf\" target=\"_blank\" rel=\"noopener noreferrer\"><i class=\"fa fa-download\" \/><\/a><br \/>\n            <\/td><td class=\"column-7\"><\/td>\n<\/tr>\n<tr class=\"row-22\">\n\t<td class=\"column-1\">161<\/td><td class=\"column-2\">Impulso a la Econom\u00eda<\/td><td class=\"column-3\">Programa Presupuestario<\/td><td class=\"column-4\">FIFEO<\/td><td class=\"column-5\">                <a href=\"http:\/\/www.jefaturadelagubernatura.oaxaca.gob.mx\/files\/pdf\/maasm_2019\/diagnostica\/doc_opinion\/FIFEO_161_2019.pdf\" target=\"_blank\" rel=\"noopener noreferrer\"><i class=\"fa fa-download\" \/><\/a><\/td><td class=\"column-6\">               <a href=\"http:\/\/www.jefaturadelagubernatura.oaxaca.gob.mx\/files\/pdf\/maasm_2019\/diagnostica\/anexos1\/FIFEO_161_AU1_M19.pdf\" target=\"_blank\" rel=\"noopener noreferrer\"><i class=\"fa fa-download\" \/><\/a><\/td><td class=\"column-7\"><a href=\"http:\/\/www.jefaturadelagubernatura.oaxaca.gob.mx\/files\/pdf\/maasm_2019\/diagnostica\/anexos2\/FIFEO_161_AU2_M19.pdf\" target=\"_blank\" rel=\"noopener noreferrer\"><i class=\"fa fa-download\" \/><\/a><\/td>\n<\/tr>\n<tr class=\"row-23\">\n\t<td class=\"column-1\">169<\/td><td class=\"column-2\">Prevenci\u00f3n y promoci\u00f3n de la Salud<\/td><td class=\"column-3\">Programa Presupuestario<\/td><td class=\"column-4\">COESIDA<\/td><td class=\"column-5\">                <a href=\"\/wp-content\/uploads\/sites\/77\/pdf\/maasm_2019\/diagnostica\/doc_opinion\/COESIDA_169_DocOpini\u00f3nDiag_M19.pdf\" target=\"_blank\" rel=\"noopener noreferrer\"><i class=\"fa fa-download\" \/><\/a><br \/>\n            <\/td><td class=\"column-6\">                <a href=\"http:\/\/www.jefaturadelagubernatura.oaxaca.gob.mx\/files\/pdf\/maasm_2019\/diagnostica\/anexos1\/COESIDA_169_AU1_M19.pdf\" target=\"_blank\" rel=\"noopener noreferrer\"><i class=\"fa fa-download\" \/><\/a><\/td><td class=\"column-7\"><\/td>\n<\/tr>\n<tr class=\"row-24\">\n\t<td class=\"column-1\">169<\/td><td class=\"column-2\">Prevenci\u00f3n y promoci\u00f3n de la Salud<\/td><td class=\"column-3\">Programa Presupuestario<\/td><td class=\"column-4\">REPSS<\/td><td class=\"column-5\">                <a href=\"\/wp-content\/uploads\/sites\/77\/pdf\/maasm_2019\/diagnostica\/doc_opinion\/REPSS_169_DocOpini\u00f3nDiag_M19.pdf\" target=\"_blank\" rel=\"noopener noreferrer\"><i class=\"fa fa-download\" \/><\/a><br \/>\n            <\/td><td class=\"column-6\">                <a href=\"http:\/\/www.jefaturadelagubernatura.oaxaca.gob.mx\/files\/pdf\/maasm_2019\/diagnostica\/anexos1\/REPSS_169_AU1_M19.pdf\" target=\"_blank\" rel=\"noopener noreferrer\"><i class=\"fa fa-download\" \/><\/a><\/td><td class=\"column-7\"><\/td>\n<\/tr>\n<tr class=\"row-25\">\n\t<td class=\"column-1\">169<\/td><td class=\"column-2\">Prevenci\u00f3n y promoci\u00f3n de la Salud<\/td><td class=\"column-3\">Programa Presupuestario<\/td><td class=\"column-4\">SSO<\/td><td class=\"column-5\">                <a href=\"\/wp-content\/uploads\/sites\/77\/pdf\/maasm_2019\/diagnostica\/doc_opinion\/SSO_169_DocOpini\u00f3nDiag_M19.pdf\" target=\"_blank\" rel=\"noopener noreferrer\"><i class=\"fa fa-download\" \/><\/a><br \/>\n            <\/td><td class=\"column-6\">                <a href=\"\/wp-content\/uploads\/sites\/77\/pdf\/maasm_2019\/diagnostica\/anexos1\/SSO_169_AU1_M19.pdf\" target=\"_blank\" rel=\"noopener noreferrer\"><i class=\"fa fa-download\" \/><\/a><br \/>\n            <\/td><td class=\"column-7\"><\/td>\n<\/tr>\n<tr class=\"row-26\">\n\t<td class=\"column-1\">172<\/td><td class=\"column-2\">Inclusi\u00f3n Social en la Econom\u00eda<\/td><td class=\"column-3\">Programa Presupuestario<\/td><td class=\"column-4\">SMO<\/td><td class=\"column-5\">                <a href=\"\/wp-content\/uploads\/sites\/77\/pdf\/maasm_2019\/diagnostica\/doc_opinion\/SMO_172_DocOpini\u00f3nDiag_M19.pdf\" target=\"_blank\" rel=\"noopener noreferrer\"><i class=\"fa fa-download\" \/><\/a><br \/>\n            <\/td><td class=\"column-6\">                <a href=\"http:\/\/www.jefaturadelagubernatura.oaxaca.gob.mx\/files\/pdf\/maasm_2019\/diagnostica\/anexos1\/SMO_172_AU1_M19.pdf\" target=\"_blank\" rel=\"noopener noreferrer\"><i class=\"fa fa-download\" \/><\/a><\/td><td class=\"column-7\"><a href=\"http:\/\/www.jefaturadelagubernatura.oaxaca.gob.mx\/files\/pdf\/maasm_2019\/diagnostica\/anexos2\/SMO_172_AU2_M19.pdf\" target=\"_blank\" rel=\"noopener noreferrer\"><i class=\"fa fa-download\" \/><\/a><\/td>\n<\/tr>\n<tr class=\"row-27\">\n\t<td class=\"column-1\">172<\/td><td class=\"column-2\">Inclusi\u00f3n Social en la Econom\u00eda<\/td><td class=\"column-3\">Programa Presupuestario<\/td><td class=\"column-4\">SEDESOH<\/td><td class=\"column-5\">                <a href=\"http:\/\/www.jefaturadelagubernatura.oaxaca.gob.mx\/files\/pdf\/maasm_2019\/diagnostica\/doc_opinion\/SEDESOH_172_2019.pdf\" target=\"_blank\" rel=\"noopener noreferrer\"><i class=\"fa fa-download\" \/><\/a><\/td><td class=\"column-6\">              <a href=\"http:\/\/www.jefaturadelagubernatura.oaxaca.gob.mx\/files\/pdf\/maasm_2019\/diagnostica\/anexos1\/SEDESOH_172_AU1_M19.pdf\" target=\"_blank\" rel=\"noopener noreferrer\"><i class=\"fa fa-download\" \/><\/a><\/td><td class=\"column-7\"><a href=\"http:\/\/www.jefaturadelagubernatura.oaxaca.gob.mx\/files\/pdf\/maasm_2019\/diagnostica\/anexos2\/SEDESOH_172_AU2_M19.pdf\" target=\"_blank\" rel=\"noopener noreferrer\"><i class=\"fa fa-download\" \/><\/a><\/td>\n<\/tr>\n<tr class=\"row-28\">\n\t<td class=\"column-1\">201<\/td><td class=\"column-2\">Salvaguarda del Patrimonio Cultural Material e Inmaterial<\/td><td class=\"column-3\">Programa Presupuestario<\/td><td class=\"column-4\">INPAC<\/td><td class=\"column-5\">                <a href=\"\/wp-content\/uploads\/sites\/77\/pdf\/maasm_2019\/diagnostica\/doc_opinion\/INPAC_201_DocOpini\u00f3nDiag_M19.pdf\" target=\"_blank\" rel=\"noopener noreferrer\"><i class=\"fa fa-download\" \/><\/a><br \/>\n            <\/td><td class=\"column-6\">      <a href=\"http:\/\/www.jefaturadelagubernatura.oaxaca.gob.mx\/files\/pdf\/maasm_2019\/diagnostica\/anexos1\/INPAC_201_AU1_M19.pdf\" target=\"_blank\" rel=\"noopener noreferrer\"><i class=\"fa fa-download\" \/><\/a><\/td><td class=\"column-7\"><a href=\"http:\/\/www.jefaturadelagubernatura.oaxaca.gob.mx\/files\/pdf\/maasm_2019\/diagnostica\/anexos2\/INPAC_201_AU2_M19.pdf\" target=\"_blank\" rel=\"noopener noreferrer\"><i class=\"fa fa-download\" \/><\/a><\/td>\n<\/tr>\n<tr class=\"row-29\">\n\t<td class=\"column-1\">201<\/td><td class=\"column-2\">Salvaguarda del Patrimonio Cultural Material e Inmaterial<\/td><td class=\"column-3\">Programa Presupuestario<\/td><td class=\"column-4\">SECULTA<\/td><td class=\"column-5\">                <a href=\"http:\/\/www.jefaturadelagubernatura.oaxaca.gob.mx\/files\/pdf\/maasm_2019\/diagnostica\/doc_opinion\/SECULTA_201_2019.pdf\" target=\"_blank\" rel=\"noopener noreferrer\"><i class=\"fa fa-download\" \/><\/a><\/td><td class=\"column-6\">              <a href=\"http:\/\/www.jefaturadelagubernatura.oaxaca.gob.mx\/files\/pdf\/maasm_2019\/diagnostica\/anexos1\/SECULTA_201_AU1_M19.pdf\" target=\"_blank\" rel=\"noopener noreferrer\"><i class=\"fa fa-download\" \/><\/a><\/td><td class=\"column-7\"><a href=\"http:\/\/www.jefaturadelagubernatura.oaxaca.gob.mx\/files\/pdf\/maasm_2019\/diagnostica\/anexos2\/SECULTA_201_AU2_M19.pdf\" target=\"_blank\" rel=\"noopener noreferrer\"><i class=\"fa fa-download\" \/><\/a><\/td>\n<\/tr>\n<\/tbody>\n<\/table>\n<!-- #tablepress-35 from cache -->\n<h4>Evaluaciones de Dise\u00f1o<\/h4>\n\n<table id=\"tablepress-36\" class=\"tablepress tablepress-id-36\">\n<thead>\n<tr class=\"row-1\">\n\t<th class=\"column-1\">Clave<\/th><th class=\"column-2\">Descripci\u00f3n<\/th><th class=\"column-3\">Tipo de Elemento<\/th><th class=\"column-4\">Dependencia<\/th><th class=\"column-5\">Documento de Opini\u00f3n<\/th><th class=\"column-6\">Anexo 1ra. Parte<\/th><th class=\"column-7\">Anexo 2da. Parte<\/th>\n<\/tr>\n<\/thead>\n<tbody class=\"row-striping row-hover\">\n<tr class=\"row-2\">\n\t<td class=\"column-1\">126<\/td><td class=\"column-2\">Fortalecimiento y Modernizaci\u00f3n del Transporte P\u00fablico y Privado en el Estado<\/td><td class=\"column-3\">Programa Presupuestario<\/td><td class=\"column-4\">SEMOVI<\/td><td class=\"column-5\">                <a href=\"\/wp-content\/uploads\/sites\/77\/pdf\/maasm_2019\/disenio\/doc_opinion\/SEMOVI_126_DocOpini\u00f3nDis_M19.pdf\" target=\"_blank\"><i class=\"fa fa-download\" \/><\/a><br \/>\n            <\/td><td class=\"column-6\"><a href=\"http:\/\/www.jefaturadelagubernatura.oaxaca.gob.mx\/files\/pdf\/maasm_2019\/disenio\/anexos1\/SEMOVI_126_AU1_M19.pdf\" target=\"_blank\"><i class=\"fa fa-download\" \/><\/a><br \/>\n            <\/td><td class=\"column-7\"><\/td>\n<\/tr>\n<tr class=\"row-3\">\n\t<td class=\"column-1\">151<\/td><td class=\"column-2\">Gesti\u00f3n Integral de Riesgos<\/td><td class=\"column-3\">Programa Presupuestario<\/td><td class=\"column-4\">CEPCO<\/td><td class=\"column-5\">                <a href=\"\/wp-content\/uploads\/sites\/77\/pdf\/maasm_2019\/disenio\/doc_opinion\/CEPCO_151_DocOpini\u00f3nDis_M19.pdf\" target=\"_blank\"><i class=\"fa fa-download\" \/><\/a><br \/>\n            <\/td><td class=\"column-6\"><a href=\"http:\/\/www.jefaturadelagubernatura.oaxaca.gob.mx\/files\/pdf\/maasm_2019\/disenio\/anexos1\/CEPCO_151_AU1_M19.pdf\" target=\"_blank\"><i class=\"fa fa-download\" \/><\/a><\/td><td class=\"column-7\"><a href=\"http:\/\/www.jefaturadelagubernatura.oaxaca.gob.mx\/files\/pdf\/maasm_2019\/disenio\/anexos2\/CEPCO_151_AU2_M19.pdf\" target=\"_blank\"><i class=\"fa fa-download\" \/><\/a><\/td>\n<\/tr>\n<tr class=\"row-4\">\n\t<td class=\"column-1\">160<\/td><td class=\"column-2\">Conservaci\u00f3n de Ecosistemas y Prevenci\u00f3n del Deterioro Ambiental<\/td><td class=\"column-3\">Programa Presupuestario<\/td><td class=\"column-4\">SEMAEDESO<\/td><td class=\"column-5\">                <a href=\"\/wp-content\/uploads\/sites\/77\/pdf\/maasm_2019\/disenio\/doc_opinion\/SEMAEDESO_160_DocOpini\u00f3nDis_M19.pdf\" target=\"_blank\"><i class=\"fa fa-download\" \/><\/a><br \/>\n            <\/td><td class=\"column-6\"><a href=\"http:\/\/www.jefaturadelagubernatura.oaxaca.gob.mx\/files\/pdf\/maasm_2019\/disenio\/anexos1\/SEMAEDESO_160_AU1_M19.pdf\" target=\"_blank\"><i class=\"fa fa-download\" \/><\/a><\/td><td class=\"column-7\"><a href=\"http:\/\/www.jefaturadelagubernatura.oaxaca.gob.mx\/files\/pdf\/maasm_2019\/disenio\/anexos2\/SEMAEDESO_160_AU2_M19.pdf\" target=\"_blank\"><i class=\"fa fa-download\" \/><\/a><\/td>\n<\/tr>\n<tr class=\"row-5\">\n\t<td class=\"column-1\">160<\/td><td class=\"column-2\">Conservaci\u00f3n de Ecosistemas y Prevenci\u00f3n del Deterioro Ambiental<\/td><td class=\"column-3\">Programa Presupuestario<\/td><td class=\"column-4\">SEDAPA<\/td><td class=\"column-5\">                <a href=\"\/wp-content\/uploads\/sites\/77\/pdf\/maasm_2019\/disenio\/doc_opinion\/SEDAPA_160_DocOpini\u00f3nDis_M19.pdf\" target=\"_blank\"><i class=\"fa fa-download\" \/><\/a><br \/>\n            <\/td><td class=\"column-6\"><a href=\"http:\/\/www.jefaturadelagubernatura.oaxaca.gob.mx\/files\/pdf\/maasm_2019\/disenio\/anexos1\/SEDAPA_160_AU1_M19.pdf\" target=\"_blank\"><i class=\"fa fa-download\" \/><\/a><\/td><td class=\"column-7\"><a href=\"http:\/\/www.jefaturadelagubernatura.oaxaca.gob.mx\/files\/pdf\/maasm_2019\/disenio\/anexos2\/SEDAPA_160_AU2_M19.pdf\" target=\"_blank\"><i class=\"fa fa-download\" \/><\/a><\/td>\n<\/tr>\n<tr class=\"row-6\">\n\t<td class=\"column-1\">160<\/td><td class=\"column-2\">Conservaci\u00f3n de Ecosistemas y Prevenci\u00f3n del Deterioro Ambiental<\/td><td class=\"column-3\">Programa Presupuestario<\/td><td class=\"column-4\">CEA<\/td><td class=\"column-5\">                <a href=\"\/wp-content\/uploads\/sites\/77\/pdf\/maasm_2019\/disenio\/doc_opinion\/CEA_160_DocOpini\u00f3nDis_M19.pdf\" target=\"_blank\"><i class=\"fa fa-download\" \/><\/a><br \/>\n            <\/td><td class=\"column-6\">                <a href=\"\/wp-content\/uploads\/sites\/77\/pdf\/maasm_2019\/disenio\/anexos1\/CEA_160_AU1_M19.pdf\" target=\"_blank\"><i class=\"fa fa-download\" \/><\/a><br \/>\n            <\/td><td class=\"column-7\"><a href=\"http:\/\/www.jefaturadelagubernatura.oaxaca.gob.mx\/files\/pdf\/maasm_2019\/disenio\/anexos2\/CEA_160_AU2_M19.pdf\" target=\"_blank\"><i class=\"fa fa-download\" \/><\/a><\/td>\n<\/tr>\n<tr class=\"row-7\">\n\t<td class=\"column-1\">160<\/td><td class=\"column-2\">Conservaci\u00f3n de Ecosistemas y Prevenci\u00f3n del Deterioro Ambiental<\/td><td class=\"column-3\">Programa Presupuestario<\/td><td class=\"column-4\">SAPAO<\/td><td class=\"column-5\">                <a href=\"\/wp-content\/uploads\/sites\/77\/pdf\/maasm_2019\/disenio\/doc_opinion\/SAPAO_160_DocOpini\u00f3nDis_M19.pdf\" target=\"_blank\"><i class=\"fa fa-download\" \/><\/a><br \/>\n            <\/td><td class=\"column-6\">                <a href=\"\/wp-content\/uploads\/sites\/77\/pdf\/maasm_2019\/disenio\/anexos1\/SAPAO_160_AU1_M19.pdf\" target=\"_blank\"><i class=\"fa fa-download\" \/><\/a><br \/>\n            <\/td><td class=\"column-7\"><a href=\"http:\/\/www.jefaturadelagubernatura.oaxaca.gob.mx\/files\/pdf\/maasm_2019\/disenio\/anexos2\/SAPAO_160_AU2_M19.pdf\" target=\"_blank\"><i class=\"fa fa-download\" \/><\/a><\/td>\n<\/tr>\n<tr class=\"row-8\">\n\t<td class=\"column-1\">160<\/td><td class=\"column-2\">Conservaci\u00f3n de Ecosistemas y Prevenci\u00f3n del Deterioro Ambiental<\/td><td class=\"column-3\">Programa Presupuestario<\/td><td class=\"column-4\">SA<\/td><td class=\"column-5\">                <a href=\"http:\/\/www.jefaturadelagubernatura.oaxaca.gob.mx\/files\/pdf\/maasm_2019\/disenio\/doc_opinion\/SA_160_2019.pdf\" target=\"_blank\"><i class=\"fa fa-download\" \/><\/a><br \/>\n            <\/td><td class=\"column-6\">                <a href=\"http:\/\/www.jefaturadelagubernatura.oaxaca.gob.mx\/files\/pdf\/maasm_2019\/disenio\/anexos1\/SA_160_AU1_M19.pdf\" target=\"_blank\"><i class=\"fa fa-download\" \/><\/a><\/td><td class=\"column-7\"><a href=\"http:\/\/www.jefaturadelagubernatura.oaxaca.gob.mx\/files\/pdf\/maasm_2019\/disenio\/anexos2\/SA_160_AU2_M19.pdf\" target=\"_blank\"><i class=\"fa fa-download\" \/><\/a><\/td>\n<\/tr>\n<\/tbody>\n<\/table>\n<!-- #tablepress-36 from cache -->\n<h4>Evaluaciones de Consistencia y Resultados<\/h4>\n\n<table id=\"tablepress-37\" class=\"tablepress tablepress-id-37\">\n<thead>\n<tr class=\"row-1\">\n\t<th class=\"column-1\">Clave<\/th><th class=\"column-2\">Descripci\u00f3n<\/th><th class=\"column-3\">Tipo de Elemento<\/th><th class=\"column-4\">Dependencia<\/th><th class=\"column-5\">Documento de Opini\u00f3n<\/th><th class=\"column-6\">Anexo 1ra. Parte<\/th>\n<\/tr>\n<\/thead>\n<tbody class=\"row-striping row-hover\">\n<tr class=\"row-2\">\n\t<td class=\"column-1\">EPSS<\/td><td class=\"column-2\">Estrategia de Protecci\u00f3n Social en Salud<\/td><td class=\"column-3\">Evaluaci\u00f3n Especial<\/td><td class=\"column-4\">REPSS<\/td><td class=\"column-5\">                <a href=\"\/wp-content\/uploads\/sites\/77\/pdf\/maasm_2019\/consistencia\/doc_opinion\/REPSS_EPSS_DocOpini\u00f3nCyR_M19.pdf\" target=\"_blank\"><i class=\"fa fa-download\" \/><\/a><\/td><td class=\"column-6\">   <a href=\"http:\/\/www.jefaturadelagubernatura.oaxaca.gob.mx\/files\/pdf\/maasm_2019\/consistencia\/anexos1\/REPSS_EPSS_AU1_M19.pdf\" target=\"_blank\"><i class=\"fa fa-download\" \/><\/a><\/td>\n<\/tr>\n<tr class=\"row-3\">\n\t<td class=\"column-1\">EPSS<\/td><td class=\"column-2\">Estrategia de Protecci\u00f3n Social en Salud<\/td><td class=\"column-3\">Evaluaci\u00f3n Especial<\/td><td class=\"column-4\">COESIDA<\/td><td class=\"column-5\">                <a href=\"http:\/\/www.jefaturadelagubernatura.oaxaca.gob.mx\/files\/pdf\/maasm_2019\/consistencia\/doc_opinion\/EPSS_COESIDA_2019.pdf\" target=\"_blank\"><i class=\"fa fa-download\" \/><\/a><br \/>\n<\/td><td class=\"column-6\">   <a href=\"http:\/\/www.jefaturadelagubernatura.oaxaca.gob.mx\/files\/pdf\/maasm_2019\/consistencia\/anexos1\/COESIDA_EPSS_AU1_M19.pdf\" target=\"_blank\"><i class=\"fa fa-download\" \/><\/a><\/td>\n<\/tr>\n<tr class=\"row-4\">\n\t<td class=\"column-1\">EPSS<\/td><td class=\"column-2\">Estrategia de Protecci\u00f3n Social en Salud<\/td><td class=\"column-3\">Evaluaci\u00f3n Especial<\/td><td class=\"column-4\">SSO<\/td><td class=\"column-5\">                 <a href=\"http:\/\/www.jefaturadelagubernatura.oaxaca.gob.mx\/files\/pdf\/maasm_2019\/consistencia\/doc_opinion\/EPSS_SSO_2019.pdf\" target=\"_blank\"><i class=\"fa fa-download\" \/><\/a><br \/>\n<\/td><td class=\"column-6\">   <a href=\"http:\/\/www.jefaturadelagubernatura.oaxaca.gob.mx\/files\/pdf\/maasm_2019\/consistencia\/anexos1\/SSO_EPSS_AU1_M19.pdf\" target=\"_blank\"><i class=\"fa fa-download\" \/><\/a><\/td>\n<\/tr>\n<\/tbody>\n<\/table>\n<!-- #tablepress-37 from cache -->\n<h4>Evaluaci\u00f3n Estrat\u00e9gica<\/h4>\n\n<table id=\"tablepress-38\" class=\"tablepress tablepress-id-38\">\n<thead>\n<tr class=\"row-1\">\n\t<th class=\"column-1\">Clave<\/th><th class=\"column-2\">Descripci\u00f3n<\/th><th class=\"column-3\">Tipo de Elemento<\/th><th class=\"column-4\">Dependencia<\/th><th class=\"column-5\">Documento de Opini\u00f3n<\/th><th class=\"column-6\">Anexo 1ra. Parte<\/th><th class=\"column-7\">Anexo 2da. Parte<\/th>\n<\/tr>\n<\/thead>\n<tbody class=\"row-striping row-hover\">\n<tr class=\"row-2\">\n\t<td class=\"column-1\">EPDS<\/td><td class=\"column-2\">Pol\u00edtica de Desarrollo Social del Estado de Oaxaca<\/td><td class=\"column-3\">Evaluaci\u00f3n Especial<\/td><td class=\"column-4\">SEDESOH<\/td><td class=\"column-5\"><a href=\"\/wp-content\/uploads\/sites\/77\/pdf\/maasm_2019\/estrategica\/doc_opinion\/SEDESOH_EPDS_DocOpini\u00f3nEstrat_M19 FTFTFT.pdf\" target=\"_blank\" rel=\"noopener noreferrer\"><i class=\"fa fa-download\"><\/i><\/a><\/td><td class=\"column-6\"><a href=\"http:\/\/www.jefaturadelagubernatura.oaxaca.gob.mx\/files\/pdf\/maasm_2019\/estrategica\/anexos1\/SEDESOH_EPDS_AU1_M19.pdf\" target=\"_blank\" rel=\"noopener noreferrer\"><i class=\"fa fa-download\"><\/i><\/a><\/td><td class=\"column-7\"><a href=\"http:\/\/www.jefaturadelagubernatura.oaxaca.gob.mx\/files\/pdf\/maasm_2019\/estrategica\/anexos2\/EPDS_SEDESOH_AU2_M19.pdf\" target=\"_blank\" rel=\"noopener noreferrer\"><i class=\"fa fa-download\"><\/i><\/a><\/td>\n<\/tr>\n<\/tbody>\n<\/table>\n<!-- #tablepress-38 from cache -->\n<h4>Evaluaciones Anteriores<\/h4>\n\n<table id=\"tablepress-39\" class=\"tablepress tablepress-id-39\">\n<thead>\n<tr class=\"row-1\">\n\t<th class=\"column-1\">Clave<\/th><th class=\"column-2\">Tipo de Elemento \/ Denominaci\u00f3n<\/th><th class=\"column-3\">A\u00f1o Evaluaci\u00f3n<\/th><th class=\"column-4\">Tipo Evaluaci\u00f3n<\/th><th class=\"column-5\">Dependencia<\/th><th class=\"column-6\">Documento de Opini\u00f3n<\/th><th class=\"column-7\">Archivos <\/th>\n<\/tr>\n<\/thead>\n<tbody class=\"row-striping row-hover\">\n<tr class=\"row-2\">\n\t<td class=\"column-1\">6.6<\/td><td class=\"column-2\">Fondo Federal- Fondo de Aportaciones para la Seguridad P\u00fablica<\/td><td class=\"column-3\">2016<\/td><td class=\"column-4\">Espec\u00edfica de Desempe\u00f1o<\/td><td class=\"column-5\">SESESP<\/td><td class=\"column-6\"><a href=\"#\"><i class=\"fa fa-download\" \/><\/a><\/td><td class=\"column-7\"><a href=\"\/wp-content\/uploads\/sites\/77\/pdf\/maasm_2019\/anteriores\/anexos1\/6.6 fasp M19.PDF\" target=\"_blank\"><i class=\"fa fa-download\" \/><\/a><\/td>\n<\/tr>\n<tr class=\"row-3\">\n\t<td class=\"column-1\">181<\/td><td class=\"column-2\">Programa Presupuestario - M\u00e1s Oaxaca<\/td><td class=\"column-3\">2017<\/td><td class=\"column-4\">Diagn\u00f3stica<\/td><td class=\"column-5\">CEA<\/td><td class=\"column-6\"><a href=\"#\"><i class=\"fa fa-download\" \/><\/a><\/td><td class=\"column-7\"><a href=\"\/wp-content\/uploads\/sites\/77\/pdf\/maasm_2019\/anteriores\/anexos1\/CEA_181_FU2_TERMINADO.pdf\" target=\"_blank\"><i class=\"fa fa-download\" \/><\/a><\/td>\n<\/tr>\n<tr class=\"row-4\">\n\t<td class=\"column-1\">182<\/td><td class=\"column-2\">Programa Presupuestario-Formaci\u00f3n Integral y Desarrollo de Competencias<\/td><td class=\"column-3\">2017<\/td><td class=\"column-4\">Diagn\u00f3stica<\/td><td class=\"column-5\">IEEPO<\/td><td class=\"column-6\"><a href=\"#\"><i class=\"fa fa-download\" \/><\/a><\/td><td class=\"column-7\"><a href=\"\/wp-content\/uploads\/sites\/77\/pdf\/maasm_2019\/anteriores\/anexos1\/IEEPO_182_AU1_M19-M18.pdf\" target=\"_blank\"><i class=\"fa fa-download\" \/><\/a><\/td>\n<\/tr>\n<tr class=\"row-5\">\n\t<td class=\"column-1\">5.12<\/td><td class=\"column-2\">SISTEMAS DE AGUA POTABLE<br \/>\n<\/td><td class=\"column-3\">2015<\/td><td class=\"column-4\">Consistencia y Resultados<\/td><td class=\"column-5\">CEA<\/td><td class=\"column-6\"><\/td><td class=\"column-7\"><a href=\"http:\/\/www.jefaturadelagubernatura.oaxaca.gob.mx\/files\/pdf\/maasm_2019\/anteriores\/archivos\/CEA_5.12_AU2_M16-19.pdf\" target=\"_blank\"><i class=\"fa fa-download\" \/><\/a><\/td>\n<\/tr>\n<tr class=\"row-6\">\n\t<td class=\"column-1\">5.14<\/td><td class=\"column-2\">FONDO OAXACA<br \/>\n<\/td><td class=\"column-3\">2014<\/td><td class=\"column-4\">Cuantitativa y Cualitativa<\/td><td class=\"column-5\">FIFEO<\/td><td class=\"column-6\"><a href=\"http:\/\/www.jefaturadelagubernatura.oaxaca.gob.mx\/files\/pdf\/maasm_2019\/anteriores\/doc_opinion\/FIFEO_2019_FON_OAXACA.pdf\" target=\"_blank\"><i class=\"fa fa-download\" \/><\/a><\/td><td class=\"column-7\"><a href=\"http:\/\/www.jefaturadelagubernatura.oaxaca.gob.mx\/files\/pdf\/maasm_2019\/anteriores\/archivos\/FIFEO_5.14_AU2_M15-19.pdf\" target=\"_blank\"><i class=\"fa fa-download\" \/><\/a><\/td>\n<\/tr>\n<tr class=\"row-7\">\n\t<td class=\"column-1\">5.3<\/td><td class=\"column-2\">PROGRAMA BIENESTAR DE APOYO A PERSONAS CON DISCAPACIDAD<br \/>\n<\/td><td class=\"column-3\">2013<\/td><td class=\"column-4\">Percepci\u00f3n de la Poblaci\u00f3n Objetivo<\/td><td class=\"column-5\">DIF<\/td><td class=\"column-6\"><\/td><td class=\"column-7\"><a href=\"http:\/\/www.jefaturadelagubernatura.oaxaca.gob.mx\/files\/pdf\/maasm_2019\/anteriores\/archivos\/DIF_5.3_AU2_M14-19.pdf\" target=\"_blank\"><i class=\"fa fa-download\" \/><\/a><\/td>\n<\/tr>\n<tr class=\"row-8\">\n\t<td class=\"column-1\">6.2<\/td><td class=\"column-2\">FONDO DE APORTACIONES M\u00daLTIPLES - ASISTENCIA SOCIAL<br \/>\n<\/td><td class=\"column-3\">2016<\/td><td class=\"column-4\">Espec\u00edfica de Desempe\u00f1o<\/td><td class=\"column-5\">DIF<\/td><td class=\"column-6\"><\/td><td class=\"column-7\"><a href=\"http:\/\/www.jefaturadelagubernatura.oaxaca.gob.mx\/files\/pdf\/maasm_2019\/anteriores\/archivos\/DIF_6.2_AU2_M17-19.pdf\" target=\"_blank\"><i class=\"fa fa-download\" \/><\/a><br \/>\n<\/td>\n<\/tr>\n<tr class=\"row-9\">\n\t<td class=\"column-1\">6.9<\/td><td class=\"column-2\">FONDO REGIONAL<br \/>\n<\/td><td class=\"column-3\">2016<\/td><td class=\"column-4\">Espec\u00edfica de Desempe\u00f1o<\/td><td class=\"column-5\">CEA<\/td><td class=\"column-6\"><a href=\"http:\/\/www.jefaturadelagubernatura.oaxaca.gob.mx\/files\/pdf\/maasm_2019\/anteriores\/doc_opinion\/6.9_CEA_2019-16.pdf\" target=\"_blank\"><i class=\"fa fa-download\" \/><\/a><\/td><td class=\"column-7\"><a href=\"http:\/\/www.jefaturadelagubernatura.oaxaca.gob.mx\/files\/pdf\/maasm_2019\/anteriores\/archivos\/CEA_6.9_AU2_M17-19.pdf\" target=\"_blank\"><i class=\"fa fa-download\" \/><\/a><br \/>\n<\/td>\n<\/tr>\n<tr class=\"row-10\">\n\t<td class=\"column-1\">FAFEF<\/td><td class=\"column-2\">FONDO DE APORTACIONES PARA EL FORTALECIMIENTO DE LAS ENTIDADES FEDERATIVAS<br \/>\n<\/td><td class=\"column-3\">2016<\/td><td class=\"column-4\">Espec\u00edfica de Desempe\u00f1o<\/td><td class=\"column-5\">CAO<\/td><td class=\"column-6\"><a href=\"http:\/\/www.jefaturadelagubernatura.oaxaca.gob.mx\/files\/pdf\/maasm_2019\/anteriores\/doc_opinion\/FAFEF_CAO_M2016-2019.pdf\" target=\"_blank\"><i class=\"fa fa-download\" \/><\/a><\/td><td class=\"column-7\"><a href=\"http:\/\/www.jefaturadelagubernatura.oaxaca.gob.mx\/files\/pdf\/maasm_2019\/anteriores\/archivos\/CAO_FAFEF_AU2_M17-19.pdf\" target=\"_blank\"><i class=\"fa fa-download\" \/><\/a><br \/>\n<\/td>\n<\/tr>\n<tr class=\"row-11\">\n\t<td class=\"column-1\">FAFEF<\/td><td class=\"column-2\">FONDO DE APORTACIONES PARA EL FORTALECIMIENTO DE LAS ENTIDADES FEDERATIVAS<br \/>\n<\/td><td class=\"column-3\">2016<\/td><td class=\"column-4\">Espec\u00edfica de Desempe\u00f1o<\/td><td class=\"column-5\">CEA<\/td><td class=\"column-6\"><a href=\"http:\/\/www.jefaturadelagubernatura.oaxaca.gob.mx\/files\/pdf\/maasm_2019\/anteriores\/doc_opinion\/FAFEF_CEA_2019-16.pdf\" target=\"_blank\"><i class=\"fa fa-download\" \/><\/a><\/td><td class=\"column-7\"><a href=\"http:\/\/www.jefaturadelagubernatura.oaxaca.gob.mx\/files\/pdf\/maasm_2019\/anteriores\/archivos\/CEA_FAFEF_AU2_M17-19.pdf\" target=\"_blank\"><i class=\"fa fa-download\" \/><\/a><br \/>\n<\/td>\n<\/tr>\n<tr class=\"row-12\">\n\t<td class=\"column-1\">FAM-IE<\/td><td class=\"column-2\">FONDO DE APORTACIONES M\u00daLTIPLES - INFRAESTRUCTURA EDUCATIVA<br \/>\n<\/td><td class=\"column-3\">2016<\/td><td class=\"column-4\">Espec\u00edfica de Desempe\u00f1o<\/td><td class=\"column-5\">IOCIFED<\/td><td class=\"column-6\"><a href=\"http:\/\/www.jefaturadelagubernatura.oaxaca.gob.mx\/files\/pdf\/maasm_2019\/anteriores\/doc_opinion\/FAM-IE_IOCIFED_2019-16.pdf\" target=\"_blank\"><i class=\"fa fa-download\" \/><\/a><\/td><td class=\"column-7\"><a href=\"http:\/\/www.jefaturadelagubernatura.oaxaca.gob.mx\/files\/pdf\/maasm_2019\/anteriores\/archivos\/IOCIFED_FAM-IE_AU1_M17-19.pdf\" target=\"_blank\"><i class=\"fa fa-download\" \/><\/a>&nbsp;<a href=\"http:\/\/www.jefaturadelagubernatura.oaxaca.gob.mx\/files\/pdf\/maasm_2019\/anteriores\/archivos\/IOCIFED_FAM-IE_AU2_M17-19.pdf\" target=\"_blank\"><i class=\"fa fa-download\" \/><\/a><\/td>\n<\/tr>\n<tr class=\"row-13\">\n\t<td class=\"column-1\">FISE<\/td><td class=\"column-2\">FONDO DE INFRAESTRUCTURA SOCIAL PARA LAS ENTIDADES<br \/>\n<\/td><td class=\"column-3\">2016<\/td><td class=\"column-4\">Espec\u00edfica de Desempe\u00f1o<\/td><td class=\"column-5\">CAO<\/td><td class=\"column-6\"><a href=\"http:\/\/www.jefaturadelagubernatura.oaxaca.gob.mx\/files\/pdf\/maasm_2019\/anteriores\/doc_opinion\/FISE_CAO_M2016-2019.pdf\" target=\"_blank\"><i class=\"fa fa-download\" \/><\/a><\/td><td class=\"column-7\"><a href=\"http:\/\/www.jefaturadelagubernatura.oaxaca.gob.mx\/files\/pdf\/maasm_2019\/anteriores\/archivos\/CAO_FISE_AU2_M17-19.pdf\" target=\"_blank\"><i class=\"fa fa-download\" \/><\/a><\/td>\n<\/tr>\n<tr class=\"row-14\">\n\t<td class=\"column-1\">FISE<\/td><td class=\"column-2\">FONDO DE INFRAESTRUCTURA SOCIAL PARA LAS ENTIDADES<br \/>\n<\/td><td class=\"column-3\">2016<\/td><td class=\"column-4\">Espec\u00edfica de Desempe\u00f1o<\/td><td class=\"column-5\">CEA<\/td><td class=\"column-6\"><a href=\"http:\/\/www.jefaturadelagubernatura.oaxaca.gob.mx\/files\/pdf\/maasm_2019\/anteriores\/doc_opinion\/FISE_CEA_2019-16.pdf\" target=\"_blank\"><i class=\"fa fa-download\" \/><\/a><br \/>\n<\/td><td class=\"column-7\"><a href=\"http:\/\/www.jefaturadelagubernatura.oaxaca.gob.mx\/files\/pdf\/maasm_2019\/anteriores\/archivos\/CEA_FISE_AU2_M17-19.pdf\" target=\"_blank\"><i class=\"fa fa-download\" \/><\/a><\/td>\n<\/tr>\n<tr class=\"row-15\">\n\t<td class=\"column-1\">101<\/td><td class=\"column-2\">FORTALECIMIENTO A LA VIVIENDA<br \/>\n<\/td><td class=\"column-3\">2017<\/td><td class=\"column-4\">Diagn\u00f3stica<\/td><td class=\"column-5\">CEVI<\/td><td class=\"column-6\"><\/td><td class=\"column-7\"><a href=\"http:\/\/www.jefaturadelagubernatura.oaxaca.gob.mx\/files\/pdf\/maasm_2019\/anteriores\/archivos\/CEVI_101_AU2_M18-19.pdf\" target=\"_blank\"><i class=\"fa fa-download\" \/><\/a><\/td>\n<\/tr>\n<tr class=\"row-16\">\n\t<td class=\"column-1\">122<\/td><td class=\"column-2\">MEJORAMIENTO URBANO DE LOS CENTROS DE POBLACI\u00d3N<br \/>\n<\/td><td class=\"column-3\">2017<\/td><td class=\"column-4\">Diagn\u00f3stica<\/td><td class=\"column-5\">SINFRA<\/td><td class=\"column-6\"><\/td><td class=\"column-7\"><a href=\"http:\/\/www.jefaturadelagubernatura.oaxaca.gob.mx\/files\/pdf\/maasm_2019\/anteriores\/archivos\/SINFRA_122_AU1_M19.pdf\" target=\"_blank\"><i class=\"fa fa-download\" \/><\/a><a href=\"http:\/\/www.jefaturadelagubernatura.oaxaca.gob.mx\/files\/pdf\/maasm_2019\/anteriores\/archivos\/SINFRA_122_AU2_M19.pdf\" target=\"_blank\"><i class=\"fa fa-download\" \/><\/a><\/td>\n<\/tr>\n<tr class=\"row-17\">\n\t<td class=\"column-1\">127<\/td><td class=\"column-2\">INCREMENTO DE LA OFERTA EDUCATIVA SUPERIOR<br \/>\n<\/td><td class=\"column-3\">2017<\/td><td class=\"column-4\">Diagn\u00f3stica<\/td><td class=\"column-5\">CGEMSYSCYT<\/td><td class=\"column-6\"><\/td><td class=\"column-7\"><a href=\"http:\/\/www.jefaturadelagubernatura.oaxaca.gob.mx\/files\/pdf\/maasm_2019\/anteriores\/archivos\/CGEMSYSCYT_127_AU2_M18-19.PDF\" target=\"_blank\"><i class=\"fa fa-download\" \/><\/a><\/td>\n<\/tr>\n<tr class=\"row-18\">\n\t<td class=\"column-1\">129<\/td><td class=\"column-2\">FORTALECIMIENTO DE RECURSOS HUMANOS Y MODERNIZACI\u00d3N ADMINISTRATIVA<br \/>\n<\/td><td class=\"column-3\">2017<\/td><td class=\"column-4\">Diagn\u00f3stica<\/td><td class=\"column-5\">SA<\/td><td class=\"column-6\"><a href=\"http:\/\/www.jefaturadelagubernatura.oaxaca.gob.mx\/files\/pdf\/maasm_2019\/anteriores\/doc_opinion\/129_SA_2018-2019.pdf\" target=\"_blank\"><i class=\"fa fa-download\" \/><\/a><br \/>\n<\/td><td class=\"column-7\"><a href=\"http:\/\/www.jefaturadelagubernatura.oaxaca.gob.mx\/files\/pdf\/maasm_2019\/anteriores\/archivos\/SA_129_AU1_M18-19.pdf\" target=\"_blank\"><i class=\"fa fa-download\" \/><\/a><a href=\"http:\/\/www.jefaturadelagubernatura.oaxaca.gob.mx\/files\/pdf\/maasm_2019\/anteriores\/archivos\/SA_129_AU2_M18-19.pdf\" target=\"_blank\"><i class=\"fa fa-download\" \/><\/a><\/td>\n<\/tr>\n<tr class=\"row-19\">\n\t<td class=\"column-1\">139<\/td><td class=\"column-2\">FORMACI\u00d3N PROFESIONAL Y POSGRADO<br \/>\n<\/td><td class=\"column-3\">2017<\/td><td class=\"column-4\">Diagn\u00f3stica<\/td><td class=\"column-5\">CGEMSYSCYT<\/td><td class=\"column-6\"><\/td><td class=\"column-7\"><a href=\"http:\/\/www.jefaturadelagubernatura.oaxaca.gob.mx\/files\/pdf\/maasm_2019\/anteriores\/archivos\/CGEMSYSCYT_139_AU2_M18-19.PDF\" target=\"_blank\"><i class=\"fa fa-download\" \/><\/a><\/td>\n<\/tr>\n<tr class=\"row-20\">\n\t<td class=\"column-1\">152<\/td><td class=\"column-2\">PROMOCI\u00d3N Y FOMENTO DE LAS POL\u00cdTICAS P\u00daBLICAS IGUALITARIAS PARA MUJERES Y HOMBRES<br \/>\n<\/td><td class=\"column-3\">2017<\/td><td class=\"column-4\">Dise\u00f1o<\/td><td class=\"column-5\">SMO<\/td><td class=\"column-6\"><\/td><td class=\"column-7\"><a href=\"http:\/\/www.jefaturadelagubernatura.oaxaca.gob.mx\/files\/pdf\/maasm_2019\/anteriores\/archivos\/SMO_152_AU2_M17-19 dIS.pdf\" target=\"_blank\"><i class=\"fa fa-download\" \/><\/a><\/td>\n<\/tr>\n<tr class=\"row-21\">\n\t<td class=\"column-1\">152<\/td><td class=\"column-2\">PROMOCI\u00d3N Y FOMENTO DE LAS POL\u00cdTICAS P\u00daBLICAS IGUALITARIAS PARA MUJERES Y HOMBRES<br \/>\n<\/td><td class=\"column-3\">2017<\/td><td class=\"column-4\">Diagn\u00f3stica<\/td><td class=\"column-5\">SMO<\/td><td class=\"column-6\"><\/td><td class=\"column-7\"><a href=\"http:\/\/www.jefaturadelagubernatura.oaxaca.gob.mx\/files\/pdf\/maasm_2019\/anteriores\/archivos\/SMO_152_AU2_M17-19.pdf\" target=\"_blank\"><i class=\"fa fa-download\" \/><\/a><\/td>\n<\/tr>\n<tr class=\"row-22\">\n\t<td class=\"column-1\">160<\/td><td class=\"column-2\">CONSERVACI\u00d3N DE ECOSISTEMAS Y PREVENCI\u00d3N DEL DETERIORO AMBIENTAL<br \/>\n<\/td><td class=\"column-3\">2017<\/td><td class=\"column-4\">Diagn\u00f3stica<\/td><td class=\"column-5\">SA<\/td><td class=\"column-6\"><a href=\"http:\/\/www.jefaturadelagubernatura.oaxaca.gob.mx\/files\/pdf\/maasm_2019\/anteriores\/doc_opinion\/160_SA_2019.pdf\" target=\"_blank\"><i class=\"fa fa-download\" \/><\/a><br \/>\n<\/td><td class=\"column-7\"><a href=\"http:\/\/www.jefaturadelagubernatura.oaxaca.gob.mx\/files\/pdf\/maasm_2019\/anteriores\/archivos\/SA_160_AU2_M18-19.pdf\" target=\"_blank\"><i class=\"fa fa-download\" \/><\/a><\/td>\n<\/tr>\n<tr class=\"row-23\">\n\t<td class=\"column-1\">171<\/td><td class=\"column-2\">Vigilancia y fiscalizaci\u00f3n en el uso de los recursos p\u00fablicos<br \/>\n<\/td><td class=\"column-3\">2017<\/td><td class=\"column-4\">Diagn\u00f3stica<\/td><td class=\"column-5\">SCYTG<\/td><td class=\"column-6\"><\/td><td class=\"column-7\"><a href=\"http:\/\/www.jefaturadelagubernatura.oaxaca.gob.mx\/files\/pdf\/maasm_2019\/anteriores\/archivos\/SCYTG_171_AU2_M18-19.pdf\" target=\"_blank\"><i class=\"fa fa-download\" \/><\/a><\/td>\n<\/tr>\n<tr class=\"row-24\">\n\t<td class=\"column-1\">194<\/td><td class=\"column-2\">ORDENAMIENTO TERRITORIAL Y DESARROLLO HUMANO<br \/>\n<\/td><td class=\"column-3\">2017<\/td><td class=\"column-4\">Diagn\u00f3stica<\/td><td class=\"column-5\">SINFRA<\/td><td class=\"column-6\"><\/td><td class=\"column-7\"><a href=\"http:\/\/www.jefaturadelagubernatura.oaxaca.gob.mx\/files\/pdf\/maasm_2019\/anteriores\/archivos\/SINFRA_194_AU2_M18-19.pdf\" target=\"_blank\"><i class=\"fa fa-download\" \/><\/a><\/td>\n<\/tr>\n<\/tbody>\n<\/table>\n<!-- #tablepress-39 from cache --><\/div>\n<div id=\"collapseDosm\" class=\"tab-pane fade\" role=\"tabpanel\" aria-labelledby=\"nav_tab_dosm\">\n<h4>Descargas<\/h4>\n\n<table id=\"tablepress-40\" class=\"tablepress tablepress-id-40\">\n<thead>\n<tr class=\"row-1\">\n\t<th class=\"column-1\">No.<\/th><th class=\"column-2\">Documento<\/th><th class=\"column-3\">Descarga<\/th>\n<\/tr>\n<\/thead>\n<tbody class=\"row-striping row-hover\">\n<tr class=\"row-2\">\n\t<td class=\"column-1\">1<\/td><td class=\"column-2\">Lineamientos del Mecanismo de Atenci\u00f3n los Aspectos Susceptibles de Mejora (MAASM)<\/td><td class=\"column-3\"><a href=\"\/wp-content\/uploads\/sites\/77\/pdf\/maasm_2018\/1_Lineamientos_MAASM.pdf\" target=\"_blank\"><i class=\"fa fa-download\"\/><\/a><\/td>\n<\/tr>\n<tr class=\"row-3\">\n\t<td class=\"column-1\">2<\/td><td class=\"column-2\">Formato \u00danico del MAASM 2018<\/td><td class=\"column-3\"><a href=\"\/wp-content\/uploads\/sites\/77\/pdf\/maasm_2018\/Formato_unico_MAASM2018.xlsx\" target=\"_blank\"><i class=\"fa fa-download\"\/><\/a><\/td>\n<\/tr>\n<tr class=\"row-4\">\n\t<td class=\"column-1\">3<\/td><td class=\"column-2\">Informe de Seguimiento MAASM 2018<\/td><td class=\"column-3\"><a href=\"\/wp-content\/uploads\/sites\/77\/pdf\/maasm_2018\/informe_maasm_2018.pdf\" target=\"_blank\"><i class=\"fa fa-download\"\/><\/a><\/td>\n<\/tr>\n<tr class=\"row-5\">\n\t<td class=\"column-1\">4<\/td><td class=\"column-2\">Ficha MAASM<\/td><td class=\"column-3\"><a href=\"\/wp-content\/uploads\/sites\/77\/pdf\/maasm_2018\/ficha_maasm_2018.pdf\" target=\"_blank\"><i class=\"fa fa-download\"\/><\/a><\/td>\n<\/tr>\n<tr class=\"row-6\">\n\t<td class=\"column-1\">5<\/td><td class=\"column-2\">Inventario de Aspectos Susceptibles de Mejora 2018<\/td><td class=\"column-3\"><a href=\"\/wp-content\/uploads\/sites\/77\/pdf\/maasm_2018\/inventario_asm_2018.xlsx\" target=\"_blank\"><i class=\"fa fa-download\"\/><\/a><\/td>\n<\/tr>\n<\/tbody>\n<\/table>\n<!-- #tablepress-40 from cache -->\n<h4>Evaluaciones Diagn\u00f3sticas<\/h4>\n\n<table id=\"tablepress-41\" class=\"tablepress tablepress-id-41\">\n<thead>\n<tr class=\"row-1\">\n\t<th class=\"column-1\">No.<\/th><th class=\"column-2\">Programa<\/th><th class=\"column-3\">Dependencia<\/th><th class=\"column-4\">Documento de Opini\u00f3n<\/th><th class=\"column-5\">Anexo 1ra parte<\/th><th class=\"column-6\">Anexo 2da parte<\/th>\n<\/tr>\n<\/thead>\n<tbody class=\"row-striping row-hover\">\n<tr class=\"row-2\">\n\t<td class=\"column-1\">1<\/td><td class=\"column-2\">FORTALECIMIENTO A LA VIVIENDA<\/td><td class=\"column-3\">CEVI<\/td><td class=\"column-4\"><a href=\"\/wp-content\/uploads\/sites\/77\/pdf\/maasm_2018\/diagnostica\/DO\/101_CEVI_DOCOPINION.pdf\" target=\"_blank\"><i class=\"fa fa-download\"\/><\/a><\/td><td class=\"column-5\"><a href=\"\/wp-content\/uploads\/sites\/77\/pdf\/maasm_2018\/diagnostica\/FU\/CEVI_101_FU.pdf\" target=\"_blank\"><i class=\"fa fa-download\"\/><\/a><\/td><td class=\"column-6\"><a href=\"\/wp-content\/uploads\/sites\/77\/pdf\/maasm_2018\/diagnostica\/FU2\/CEVI_101_FU2.pdf\" target=\"_blank\"><i class=\"fa fa-download\"\/><\/a><\/td>\n<\/tr>\n<tr class=\"row-3\">\n\t<td class=\"column-1\">2<\/td><td class=\"column-2\">GOBERNABILIDAD DEMOCR\u00c1TICA<\/td><td class=\"column-3\">CGEFRI<\/td><td class=\"column-4\"><a href=\"\/wp-content\/uploads\/sites\/77\/pdf\/maasm_2018\/diagnostica\/DO\/102_CGEFRI_DOCOPINION.pdf\" target=\"_blank\"><i class=\"fa fa-download\"\/><\/a><\/td><td class=\"column-5\"><a href=\"\/wp-content\/uploads\/sites\/77\/pdf\/maasm_2018\/diagnostica\/FU\/CGEFYRI_102_FU.pdf\" target=\"_blank\"><i class=\"fa fa-download\"\/><\/a><\/td><td class=\"column-6\"><\/td>\n<\/tr>\n<tr class=\"row-4\">\n\t<td class=\"column-1\">3<\/td><td class=\"column-2\">GOBERNABILIDAD DEMOCR\u00c1TICA<\/td><td class=\"column-3\">JG<\/td><td class=\"column-4\"><a href=\"\/wp-content\/uploads\/sites\/77\/pdf\/maasm_2018\/diagnostica\/DO\/102_JG_DOCOPINION.pdf\" target=\"_blank\"><i class=\"fa fa-download\"\/><\/a><\/td><td class=\"column-5\"><a href=\"\/wp-content\/uploads\/sites\/77\/pdf\/maasm_2018\/diagnostica\/FU\/JG_102_FU.pdf\" target=\"_blank\"><i class=\"fa fa-download\"\/><\/a><\/td><td class=\"column-6\"><\/td>\n<\/tr>\n<tr class=\"row-5\">\n\t<td class=\"column-1\">4<\/td><td class=\"column-2\">GOBERNABILIDAD DEMOCR\u00c1TICA<\/td><td class=\"column-3\">SEGEGO<\/td><td class=\"column-4\"><a href=\"\/wp-content\/uploads\/sites\/77\/pdf\/maasm_2018\/diagnostica\/DO\/102_SEGEGO_DOCOPINION.pdf\" target=\"_blank\"><i class=\"fa fa-download\"\/><\/a><\/td><td class=\"column-5\"><a href=\"\/wp-content\/uploads\/sites\/77\/pdf\/maasm_2018\/diagnostica\/FU\/SEGEGO_102_FU.pdf\" target=\"_blank\"><i class=\"fa fa-download\"\/><\/a><\/td><td class=\"column-6\"><a href=\"\/wp-content\/uploads\/sites\/77\/pdf\/maasm_2018\/diagnostica\/FU2\/SEGEGO_102_FU2.pdf\" target=\"_blank\"><i class=\"fa fa-download\"\/><\/a><\/td>\n<\/tr>\n<tr class=\"row-6\">\n\t<td class=\"column-1\">5<\/td><td class=\"column-2\">PROMOCI\u00d3N TUR\u00cdSTICA<\/td><td class=\"column-3\">OCVO<\/td><td class=\"column-4\"><a href=\"\/wp-content\/uploads\/sites\/77\/pdf\/maasm_2018\/diagnostica\/DO\/103_OCVO_DOCOPINION.pdf\" target=\"_blank\"><i class=\"fa fa-download\"\/><\/a><\/td><td class=\"column-5\"><a href=\"\/wp-content\/uploads\/sites\/77\/pdf\/maasm_2018\/diagnostica\/FU\/OCVO_103_FU-000.pdf\" target=\"_blank\"><i class=\"fa fa-download\"\/><\/a><\/td><td class=\"column-6\"><a href=\"\/wp-content\/uploads\/sites\/77\/pdf\/maasm_2018\/diagnostica\/FU2\/OCVO_103_FU2.pdf\" target=\"_blank\"><i class=\"fa fa-download\"\/><\/a><\/td>\n<\/tr>\n<tr class=\"row-7\">\n\t<td class=\"column-1\">6<\/td><td class=\"column-2\">PROMOCI\u00d3N TUR\u00cdSTICA<\/td><td class=\"column-3\">SECTUR<\/td><td class=\"column-4\"><a href=\"\/wp-content\/uploads\/sites\/77\/pdf\/maasm_2018\/diagnostica\/DO\/103_SECTUR_DOCOPINION.pdf\" target=\"_blank\"><i class=\"fa fa-download\"\/><\/a><\/td><td class=\"column-5\"><a href=\"\/wp-content\/uploads\/sites\/77\/pdf\/maasm_2018\/diagnostica\/FU\/SECTUR_103_FU.pdf\" target=\"_blank\"><i class=\"fa fa-download\"\/><\/a><\/td><td class=\"column-6\"><\/td>\n<\/tr>\n<tr class=\"row-8\">\n\t<td class=\"column-1\">7<\/td><td class=\"column-2\">INVESTIGACI\u00d3N CIENT\u00cdFICA Y TECNOL\u00d3GICA<\/td><td class=\"column-3\">COCITEI<\/td><td class=\"column-4\"><a href=\"\/wp-content\/uploads\/sites\/77\/pdf\/maasm_2018\/diagnostica\/DO\/104_COCITEI_DOCOPINION.pdf\" target=\"_blank\"><i class=\"fa fa-download\"\/><\/a><\/td><td class=\"column-5\"><a href=\"\/wp-content\/uploads\/sites\/77\/pdf\/maasm_2018\/diagnostica\/FU\/COCITEI_104_FU.pdf\" target=\"_blank\"><i class=\"fa fa-download\"\/><\/a><\/td><td class=\"column-6\"><a href=\"\/wp-content\/uploads\/sites\/77\/pdf\/maasm_2018\/diagnostica\/FU2\/COCITEI_104_FU2.pdf\" target=\"_blank\"><i class=\"fa fa-download\"\/><\/a><\/td>\n<\/tr>\n<tr class=\"row-9\">\n\t<td class=\"column-1\">8<\/td><td class=\"column-2\">INVESTIGACI\u00d3N CIENT\u00cdFICA Y TECNOL\u00d3GICA<\/td><td class=\"column-3\">NOVA<\/td><td class=\"column-4\"><a href=\"\/wp-content\/uploads\/sites\/77\/pdf\/maasm_2018\/diagnostica\/DO\/104_NOVA_DOCOPINION.pdf\" target=\"_blank\"><i class=\"fa fa-download\"\/><\/a><\/td><td class=\"column-5\"><a href=\"\/wp-content\/uploads\/sites\/77\/pdf\/maasm_2018\/diagnostica\/FU\/NV_104_FU.pdf\" target=\"_blank\"><i class=\"fa fa-download\"\/><\/a><\/td><td class=\"column-6\"><a href=\"\/wp-content\/uploads\/sites\/77\/pdf\/maasm_2018\/diagnostica\/FU2\/NV_104_FU2.pdf\" target=\"_blank\"><i class=\"fa fa-download\"\/><\/a><\/td>\n<\/tr>\n<tr class=\"row-10\">\n\t<td class=\"column-1\">9<\/td><td class=\"column-2\">INVESTIGACI\u00d3N CIENT\u00cdFICA Y TECNOL\u00d3GICA<\/td><td class=\"column-3\">UMAR<\/td><td class=\"column-4\"><a href=\"\/wp-content\/uploads\/sites\/77\/pdf\/maasm_2018\/diagnostica\/DO\/104_UMAR_DOCOPINION.pdf\" target=\"_blank\"><i class=\"fa fa-download\"\/><\/a><\/td><td class=\"column-5\"><a href=\"\/wp-content\/uploads\/sites\/77\/pdf\/maasm_2018\/diagnostica\/FU\/UMAR_104_FU.pdf\" target=\"_blank\"><i class=\"fa fa-download\"\/><\/a><\/td><td class=\"column-6\"><a href=\"\/wp-content\/uploads\/sites\/77\/pdf\/maasm_2018\/diagnostica\/FU2\/UMAR_104_FU2.pdf\" target=\"_blank\"><i class=\"fa fa-download\"\/><\/a><\/td>\n<\/tr>\n<tr class=\"row-11\">\n\t<td class=\"column-1\">10<\/td><td class=\"column-2\">INVESTIGACI\u00d3N CIENT\u00cdFICA Y TECNOL\u00d3GICA<\/td><td class=\"column-3\">UNCA<\/td><td class=\"column-4\"><a href=\"\/wp-content\/uploads\/sites\/77\/pdf\/maasm_2018\/diagnostica\/DO\/104_UNCA_DOCOPINION.pdf\" target=\"_blank\"><i class=\"fa fa-download\"\/><\/a><\/td><td class=\"column-5\"><a href=\"\/wp-content\/uploads\/sites\/77\/pdf\/maasm_2018\/diagnostica\/FU\/UNCA_104_FU.pdf\" target=\"_blank\"><i class=\"fa fa-download\"\/><\/a><\/td><td class=\"column-6\"><a href=\"\/wp-content\/uploads\/sites\/77\/pdf\/maasm_2018\/diagnostica\/FU2\/UNCA_104_FU2.pdf\" target=\"_blank\"><i class=\"fa fa-download\"\/><\/a><\/td>\n<\/tr>\n<tr class=\"row-12\">\n\t<td class=\"column-1\">11<\/td><td class=\"column-2\">INVESTIGACI\u00d3N CIENT\u00cdFICA Y TECNOL\u00d3GICA<\/td><td class=\"column-3\">UNCOS<\/td><td class=\"column-4\"><a href=\"\/wp-content\/uploads\/sites\/77\/pdf\/maasm_2018\/diagnostica\/DO\/104_UNCOS_DOCOPINION.pdf\" target=\"_blank\"><i class=\"fa fa-download\"\/><\/a><\/td><td class=\"column-5\"><a href=\"\/wp-content\/uploads\/sites\/77\/pdf\/maasm_2018\/diagnostica\/FU\/UNCOS_104_FU.pdf\" target=\"_blank\"><i class=\"fa fa-download\"\/><\/a><\/td><td class=\"column-6\"><a href=\"\/wp-content\/uploads\/sites\/77\/pdf\/maasm_2018\/diagnostica\/FU2\/UNCOS_104_FU2.pdf\" target=\"_blank\"><i class=\"fa fa-download\"\/><\/a><\/td>\n<\/tr>\n<tr class=\"row-13\">\n\t<td class=\"column-1\">12<\/td><td class=\"column-2\">INVESTIGACI\u00d3N CIENT\u00cdFICA Y TECNOL\u00d3GICA<\/td><td class=\"column-3\">UNICHA<\/td><td class=\"column-4\"><a href=\"\/wp-content\/uploads\/sites\/77\/pdf\/maasm_2018\/diagnostica\/DO\/104_UNICHA_DOCOPINION.pdf\" target=\"_blank\"><i class=\"fa fa-download\"\/><\/a><\/td><td class=\"column-5\"><a href=\"\/wp-content\/uploads\/sites\/77\/pdf\/maasm_2018\/diagnostica\/FU\/UNICHA_104_FU.pdf\" target=\"_blank\"><i class=\"fa fa-download\"\/><\/a><\/td><td class=\"column-6\"><a href=\"\/wp-content\/uploads\/sites\/77\/pdf\/maasm_2018\/diagnostica\/FU2\/UNICHA_104_FU2.pdf\" target=\"_blank\"><i class=\"fa fa-download\"\/><\/a><\/td>\n<\/tr>\n<tr class=\"row-14\">\n\t<td class=\"column-1\">13<\/td><td class=\"column-2\">INVESTIGACI\u00d3N CIENT\u00cdFICA Y TECNOL\u00d3GICA<\/td><td class=\"column-3\">UNISTMO<\/td><td class=\"column-4\"><a href=\"\/wp-content\/uploads\/sites\/77\/pdf\/maasm_2018\/diagnostica\/DO\/104_UNISTMO_DOCOPINION.pdf\" target=\"_blank\"><i class=\"fa fa-download\"\/><\/a><\/td><td class=\"column-5\"><a href=\"\/wp-content\/uploads\/sites\/77\/pdf\/maasm_2018\/diagnostica\/FU\/UNISTMO_104_FU.pdf\" target=\"_blank\"><i class=\"fa fa-download\"\/><\/a><\/td><td class=\"column-6\"><a href=\"\/wp-content\/uploads\/sites\/77\/pdf\/maasm_2018\/diagnostica\/FU2\/UNISTMO_104_FU2.pdf\" target=\"_blank\"><i class=\"fa fa-download\"\/><\/a><\/td>\n<\/tr>\n<tr class=\"row-15\">\n\t<td class=\"column-1\">14<\/td><td class=\"column-2\">INVESTIGACI\u00d3N CIENT\u00cdFICA Y TECNOL\u00d3GICA<\/td><td class=\"column-3\">UNSIJ<\/td><td class=\"column-4\"><a href=\"\/wp-content\/uploads\/sites\/77\/pdf\/maasm_2018\/diagnostica\/DO\/104_UNSIJ_DOCOPINION.pdf\" target=\"_blank\"><i class=\"fa fa-download\"\/><\/a><\/td><td class=\"column-5\"><a href=\"\/wp-content\/uploads\/sites\/77\/pdf\/maasm_2018\/diagnostica\/FU\/UNSIJ_104_FU.pdf\" target=\"_blank\"><i class=\"fa fa-download\"\/><\/a><\/td><td class=\"column-6\"><a href=\"\/wp-content\/uploads\/sites\/77\/pdf\/maasm_2018\/diagnostica\/FU2\/UNSIJ_104_FU2.pdf\" target=\"_blank\"><i class=\"fa fa-download\"\/><\/a><\/td>\n<\/tr>\n<tr class=\"row-16\">\n\t<td class=\"column-1\">15<\/td><td class=\"column-2\">INVESTIGACI\u00d3N CIENT\u00cdFICA Y TECNOL\u00d3GICA<\/td><td class=\"column-3\">UTM<\/td><td class=\"column-4\"><a href=\"\/wp-content\/uploads\/sites\/77\/pdf\/maasm_2018\/diagnostica\/DO\/104_UTM_DOCOPINION.pdf\" target=\"_blank\"><i class=\"fa fa-download\"\/><\/a><\/td><td class=\"column-5\"><a href=\"\/wp-content\/uploads\/sites\/77\/pdf\/maasm_2018\/diagnostica\/FU\/UTM_104_FU.pdf\" target=\"_blank\"><i class=\"fa fa-download\"\/><\/a><\/td><td class=\"column-6\"><a href=\"\/wp-content\/uploads\/sites\/77\/pdf\/maasm_2018\/diagnostica\/FU2\/UTM_104_FU2.pdf\" target=\"_blank\"><i class=\"fa fa-download\"\/><\/a><\/td>\n<\/tr>\n<tr class=\"row-17\">\n\t<td class=\"column-1\">16<\/td><td class=\"column-2\">EDUCACI\u00d3N B\u00c1SICA INCLUYENTE<\/td><td class=\"column-3\">IEEPO<\/td><td class=\"column-4\"><a href=\"\/wp-content\/uploads\/sites\/77\/pdf\/maasm_2018\/diagnostica\/DO\/105_IEEPO_DOCOPINION.pdf\" target=\"_blank\"><i class=\"fa fa-download\"\/><\/a><\/td><td class=\"column-5\"><a href=\"\/wp-content\/uploads\/sites\/77\/pdf\/maasm_2018\/diagnostica\/FU\/IEEPO_105_FU.pdf\" target=\"_blank\"><i class=\"fa fa-download\"\/><\/a><\/td><td class=\"column-6\"><a href=\"\/wp-content\/uploads\/sites\/77\/pdf\/maasm_2018\/diagnostica\/FU2\/IEEPO_105_FU2.pdf\" target=\"_blank\"><i class=\"fa fa-download\"\/><\/a><\/td>\n<\/tr>\n<tr class=\"row-18\">\n\t<td class=\"column-1\">17<\/td><td class=\"column-2\">CAPACITACI\u00d3N Y PROFESIONALIZACI\u00d3N PARA Y EN EL TRABAJO<\/td><td class=\"column-3\">ICAPET<\/td><td class=\"column-4\"><a href=\"\/wp-content\/uploads\/sites\/77\/pdf\/maasm_2018\/diagnostica\/DO\/106_ICAPET_DOCOPINION.pdf\" target=\"_blank\"><i class=\"fa fa-download\"\/><\/a><\/td><td class=\"column-5\"><a href=\"\/wp-content\/uploads\/sites\/77\/pdf\/maasm_2018\/diagnostica\/FU\/ICAPET_106_FU.pdf\" target=\"_blank\"><i class=\"fa fa-download\"\/><\/a><\/td><td class=\"column-6\"><a href=\"\/wp-content\/uploads\/sites\/77\/pdf\/maasm_2018\/diagnostica\/FU2\/ICAPET_106_FU2.pdf\" target=\"_blank\"><i class=\"fa fa-download\"\/><\/a><\/td>\n<\/tr>\n<tr class=\"row-19\">\n\t<td class=\"column-1\">18<\/td><td class=\"column-2\">AUTOEMPLEO Y FORMALIDAD LABORAL<\/td><td class=\"column-3\">SEGEGO<\/td><td class=\"column-4\"><a href=\"\/wp-content\/uploads\/sites\/77\/pdf\/maasm_2018\/diagnostica\/DO\/113_SEGEGO_DOCOPINION.pdf\" target=\"_blank\"><i class=\"fa fa-download\"\/><\/a><\/td><td class=\"column-5\"><a href=\"\/wp-content\/uploads\/sites\/77\/pdf\/maasm_2018\/diagnostica\/FU\/SEGEGO_113_FU.pdf\" target=\"_blank\"><i class=\"fa fa-download\"\/><\/a><\/td><td class=\"column-6\"><a href=\"\/wp-content\/uploads\/sites\/77\/pdf\/maasm_2018\/diagnostica\/FU2\/SEGEGO_113_FU2.pdf\" target=\"_blank\"><i class=\"fa fa-download\"\/><\/a><\/td>\n<\/tr>\n<tr class=\"row-20\">\n\t<td class=\"column-1\">19<\/td><td class=\"column-2\">INCREMENTO DE LA OFERTA EDUCATIVA SUPERIOR<\/td><td class=\"column-3\">COEPES<\/td><td class=\"column-4\"><a href=\"\/wp-content\/uploads\/sites\/77\/pdf\/maasm_2018\/diagnostica\/DO\/127_COEPES_DOCOPINION.pdf\" target=\"_blank\"><i class=\"fa fa-download\"\/><\/a><\/td><td class=\"column-5\"><a href=\"#\"><i class=\"fa fa-download\"\/><\/a><\/td><td class=\"column-6\"><\/td>\n<\/tr>\n<tr class=\"row-21\">\n\t<td class=\"column-1\">20<\/td><td class=\"column-2\">INCREMENTO DE LA OFERTA EDUCATIVA SUPERIOR<\/td><td class=\"column-3\">NOVA<\/td><td class=\"column-4\"><a href=\"\/wp-content\/uploads\/sites\/77\/pdf\/maasm_2018\/diagnostica\/DO\/127_NOVA_DOCOPINION.pdf\" target=\"_blank\"><i class=\"fa fa-download\"\/><\/a><\/td><td class=\"column-5\"><a href=\"\/wp-content\/uploads\/sites\/77\/pdf\/maasm_2018\/diagnostica\/FU\/NV_127_FU.pdf\" target=\"_blank\"><i class=\"fa fa-download\"\/><\/a><\/td><td class=\"column-6\"><a href=\"\/wp-content\/uploads\/sites\/77\/pdf\/maasm_2018\/diagnostica\/FU2\/NV_127_FU2.pdf\" target=\"_blank\"><i class=\"fa fa-download\"\/><\/a><\/td>\n<\/tr>\n<tr class=\"row-22\">\n\t<td class=\"column-1\">21<\/td><td class=\"column-2\">INCREMENTO DE LA OFERTA EDUCATIVA SUPERIOR<\/td><td class=\"column-3\">UMAR<\/td><td class=\"column-4\"><a href=\"\/wp-content\/uploads\/sites\/77\/pdf\/maasm_2018\/diagnostica\/DO\/127_UMAR_DOCOPINION.pdf\" target=\"_blank\"><i class=\"fa fa-download\"\/><\/a><\/td><td class=\"column-5\"><a href=\"\/wp-content\/uploads\/sites\/77\/pdf\/maasm_2018\/diagnostica\/FU\/UMAR_127_FU.pdf\" target=\"_blank\"><i class=\"fa fa-download\"\/><\/a><\/td><td class=\"column-6\"><\/td>\n<\/tr>\n<tr class=\"row-23\">\n\t<td class=\"column-1\">22<\/td><td class=\"column-2\">INCREMENTO DE LA OFERTA EDUCATIVA SUPERIOR<\/td><td class=\"column-3\">UNCA<\/td><td class=\"column-4\"><a href=\"\/wp-content\/uploads\/sites\/77\/pdf\/maasm_2018\/diagnostica\/DO\/127_UNCA_DOCOPINION.pdf\" target=\"_blank\"><i class=\"fa fa-download\"\/><\/a><\/td><td class=\"column-5\"><a href=\"\/wp-content\/uploads\/sites\/77\/pdf\/maasm_2018\/diagnostica\/FU\/UNCA_127_FU.pdf\" target=\"_blank\"><i class=\"fa fa-download\"\/><\/a><\/td><td class=\"column-6\"><a href=\"\/wp-content\/uploads\/sites\/77\/pdf\/maasm_2018\/diagnostica\/FU2\/UNCA_127_FU2.pdf\" target=\"_blank\"><i class=\"fa fa-download\"\/><\/a><\/td>\n<\/tr>\n<tr class=\"row-24\">\n\t<td class=\"column-1\">23<\/td><td class=\"column-2\">INCREMENTO DE LA OFERTA EDUCATIVA SUPERIOR<\/td><td class=\"column-3\">UNCOS<\/td><td class=\"column-4\"><a href=\"\/wp-content\/uploads\/sites\/77\/pdf\/maasm_2018\/diagnostica\/DO\/127_UNCOS_DOCOPINION.pdf\" target=\"_blank\"><i class=\"fa fa-download\"\/><\/a><\/td><td class=\"column-5\"><a href=\"\/wp-content\/uploads\/sites\/77\/pdf\/maasm_2018\/diagnostica\/FU\/UNCOS_127_FU.pdf\" target=\"_blank\"><i class=\"fa fa-download\"\/><\/a><\/td><td class=\"column-6\"><a href=\"\/wp-content\/uploads\/sites\/77\/pdf\/maasm_2018\/diagnostica\/FU2\/UNCOS_127_FU2.pdf\" target=\"_blank\"><i class=\"fa fa-download\"\/><\/a><\/td>\n<\/tr>\n<tr class=\"row-25\">\n\t<td class=\"column-1\">24<\/td><td class=\"column-2\">INCREMENTO DE LA OFERTA EDUCATIVA SUPERIOR<\/td><td class=\"column-3\">UNICHA<\/td><td class=\"column-4\"><a href=\"\/wp-content\/uploads\/sites\/77\/pdf\/maasm_2018\/diagnostica\/DO\/127_UNICHA_DOCOPINION.pdf\" target=\"_blank\"><i class=\"fa fa-download\"\/><\/a><\/td><td class=\"column-5\"><a href=\"\/wp-content\/uploads\/sites\/77\/pdf\/maasm_2018\/diagnostica\/FU\/UNICHA_127_FU.pdf\" target=\"_blank\"><i class=\"fa fa-download\"\/><\/a><\/td><td class=\"column-6\"><a href=\"\/wp-content\/uploads\/sites\/77\/pdf\/maasm_2018\/diagnostica\/FU2\/UNICHA_127_FU2.pdf\" target=\"_blank\"><i class=\"fa fa-download\"\/><\/a><\/td>\n<\/tr>\n<tr class=\"row-26\">\n\t<td class=\"column-1\">25<\/td><td class=\"column-2\">INCREMENTO DE LA OFERTA EDUCATIVA SUPERIOR<\/td><td class=\"column-3\">UNISTMO<\/td><td class=\"column-4\"><a href=\"\/wp-content\/uploads\/sites\/77\/pdf\/maasm_2018\/diagnostica\/DO\/127_UNISTMO_DOCOPINION.pdf\" target=\"_blank\"><i class=\"fa fa-download\"\/><\/a><\/td><td class=\"column-5\"><a href=\"\/wp-content\/uploads\/sites\/77\/pdf\/maasm_2018\/diagnostica\/FU\/UNISTMO_127_FU.pdf\" target=\"_blank\"><i class=\"fa fa-download\"\/><\/a><\/td><td class=\"column-6\"><a href=\"\/wp-content\/uploads\/sites\/77\/pdf\/maasm_2018\/diagnostica\/FU2\/UNISTMO_127_FU2.pdf\" target=\"_blank\"><i class=\"fa fa-download\"\/><\/a><\/td>\n<\/tr>\n<tr class=\"row-27\">\n\t<td class=\"column-1\">26<\/td><td class=\"column-2\">INCREMENTO DE LA OFERTA EDUCATIVA SUPERIOR<\/td><td class=\"column-3\">UNSIJ<\/td><td class=\"column-4\"><a href=\"\/wp-content\/uploads\/sites\/77\/pdf\/maasm_2018\/diagnostica\/DO\/127_UNSIJ_DOCOPINION.pdf\" target=\"_blank\"><i class=\"fa fa-download\"\/><\/a><\/td><td class=\"column-5\"><a href=\"\/wp-content\/uploads\/sites\/77\/pdf\/maasm_2018\/diagnostica\/FU\/UNSIJ_127_FU.pdf\" target=\"_blank\"><i class=\"fa fa-download\"\/><\/a><\/td><td class=\"column-6\"><a href=\"\/wp-content\/uploads\/sites\/77\/pdf\/maasm_2018\/diagnostica\/FU2\/UNSIJ_127_FU2.pdf\" target=\"_blank\"><i class=\"fa fa-download\"\/><\/a><\/td>\n<\/tr>\n<tr class=\"row-28\">\n\t<td class=\"column-1\">27<\/td><td class=\"column-2\">INCREMENTO DE LA OFERTA EDUCATIVA SUPERIOR<\/td><td class=\"column-3\">UTM<\/td><td class=\"column-4\"><a href=\"\/wp-content\/uploads\/sites\/77\/pdf\/maasm_2018\/diagnostica\/DO\/127_UTM_DOCOPINION.pdf\" target=\"_blank\"><i class=\"fa fa-download\"\/><\/a><\/td><td class=\"column-5\"><a href=\"\/wp-content\/uploads\/sites\/77\/pdf\/maasm_2018\/diagnostica\/FU\/UTM_127_FU.pdf\" target=\"_blank\"><i class=\"fa fa-download\"\/><\/a><\/td><td class=\"column-6\"><a href=\"\/wp-content\/uploads\/sites\/77\/pdf\/maasm_2018\/diagnostica\/FU2\/UTM_127_FU2.pdf\" target=\"_blank\"><i class=\"fa fa-download\"\/><\/a><\/td>\n<\/tr>\n<tr class=\"row-29\">\n\t<td class=\"column-1\">28<\/td><td class=\"column-2\">INCREMENTO DE LA OFERTA EDUCATIVA SUPERIOR<\/td><td class=\"column-3\">UTSSO<\/td><td class=\"column-4\"><a href=\"\/wp-content\/uploads\/sites\/77\/pdf\/maasm_2018\/diagnostica\/DO\/127_UTSSO_DOCOPINION.pdf\" target=\"_blank\"><i class=\"fa fa-download\"\/><\/a><\/td><td class=\"column-5\"><a href=\"\/wp-content\/uploads\/sites\/77\/pdf\/maasm_2018\/diagnostica\/FU\/UTSSO_127_FU.pdf\" target=\"_blank\"><i class=\"fa fa-download\"\/><\/a><\/td><td class=\"column-6\"><a href=\"\/wp-content\/uploads\/sites\/77\/pdf\/maasm_2018\/diagnostica\/FU2\/UTSSO_127_FU2.pdf\" target=\"_blank\"><i class=\"fa fa-download\"\/><\/a><\/td>\n<\/tr>\n<tr class=\"row-30\">\n\t<td class=\"column-1\">29<\/td><td class=\"column-2\">IMPARTICI\u00d3N DE JUSTICIA<\/td><td class=\"column-3\">CJO<\/td><td class=\"column-4\"><a href=\"\/wp-content\/uploads\/sites\/77\/pdf\/maasm_2018\/diagnostica\/DO\/131_CJO_DOCOPINION.pdf\" target=\"_blank\"><i class=\"fa fa-download\"\/><\/a><\/td><td class=\"column-5\"><a href=\"\/wp-content\/uploads\/sites\/77\/pdf\/maasm_2018\/diagnostica\/FU\/CJO_131_FU.pdf\" target=\"_blank\"><i class=\"fa fa-download\"\/><\/a><\/td><td class=\"column-6\"><\/td>\n<\/tr>\n<tr class=\"row-31\">\n\t<td class=\"column-1\">30<\/td><td class=\"column-2\">IMPARTICI\u00d3N DE JUSTICIA<\/td><td class=\"column-3\">TRIBUNAL JUDICIAL<\/td><td class=\"column-4\"><a href=\"\/wp-content\/uploads\/sites\/77\/pdf\/maasm_2018\/diagnostica\/DO\/131_TRIBUNALJUDICIAL_DOCOPINION.pdf\" target=\"_blank\"><i class=\"fa fa-download\"\/><\/a><\/td><td class=\"column-5\"><a href=\"\/wp-content\/uploads\/sites\/77\/pdf\/maasm_2018\/diagnostica\/FU\/TSJ_131_FU.pdf\" target=\"_blank\"><i class=\"fa fa-download\"\/><\/a><\/td><td class=\"column-6\"><a href=\"\/wp-content\/uploads\/sites\/77\/pdf\/maasm_2018\/diagnostica\/FU2\/TSJ_131_FU2.pdf\" target=\"_blank\"><i class=\"fa fa-download\"\/><\/a><\/td>\n<\/tr>\n<tr class=\"row-32\">\n\t<td class=\"column-1\">31<\/td><td class=\"column-2\">FORMACI\u00d3N CON CALIDAD EN EDUCACI\u00d3N MEDIA SUPERIOR<\/td><td class=\"column-3\">CECYTE<\/td><td class=\"column-4\"><a href=\"\/wp-content\/uploads\/sites\/77\/pdf\/maasm_2018\/diagnostica\/DO\/132_CECYTE_DOCOPINION.pdf\" target=\"_blank\"><i class=\"fa fa-download\"\/><\/a><\/td><td class=\"column-5\"><a href=\"\/wp-content\/uploads\/sites\/77\/pdf\/maasm_2018\/diagnostica\/FU\/CECYTEO_132_FU.pdf\" target=\"_blank\"><i class=\"fa fa-download\"\/><\/a><\/td><td class=\"column-6\"><a href=\"\/wp-content\/uploads\/sites\/77\/pdf\/maasm_2018\/diagnostica\/FU2\/CECYTEO_132_FU2.pdf\" target=\"_blank\"><i class=\"fa fa-download\"\/><\/a><\/td>\n<\/tr>\n<tr class=\"row-33\">\n\t<td class=\"column-1\">32<\/td><td class=\"column-2\">FORMACI\u00d3N CON CALIDAD EN EDUCACI\u00d3N MEDIA SUPERIOR<\/td><td class=\"column-3\">CEPPEMS<\/td><td class=\"column-4\"><a href=\"\/wp-content\/uploads\/sites\/77\/pdf\/maasm_2018\/diagnostica\/DO\/132_CEPPEMS_DOCOPINION.pdf\" target=\"_blank\"><i class=\"fa fa-download\"\/><\/a><\/td><td class=\"column-5\"><a href=\"\/wp-content\/uploads\/sites\/77\/pdf\/maasm_2018\/diagnostica\/FU\/CEPPEMS_132_FU.pdf\" target=\"_blank\"><i class=\"fa fa-download\"\/><\/a><\/td><td class=\"column-6\"><a href=\"\/wp-content\/uploads\/sites\/77\/pdf\/maasm_2018\/diagnostica\/FU2\/CEPPEMS_132_FU2.pdf\" target=\"_blank\"><i class=\"fa fa-download\"\/><\/a><\/td>\n<\/tr>\n<tr class=\"row-34\">\n\t<td class=\"column-1\">33<\/td><td class=\"column-2\">FORMACI\u00d3N CON CALIDAD EN EDUCACI\u00d3N MEDIA SUPERIOR<\/td><td class=\"column-3\">IEBO<\/td><td class=\"column-4\"><a href=\"\/wp-content\/uploads\/sites\/77\/pdf\/maasm_2018\/diagnostica\/DO\/132_IEBO_DOCOPINION.pdf\" target=\"_blank\"><i class=\"fa fa-download\"\/><\/a><\/td><td class=\"column-5\"><a href=\"\/wp-content\/uploads\/sites\/77\/pdf\/maasm_2018\/diagnostica\/FU\/IEBO_132_FU.pdf\" target=\"_blank\"><i class=\"fa fa-download\"\/><\/a><\/td><td class=\"column-6\"><a href=\"\/wp-content\/uploads\/sites\/77\/pdf\/maasm_2018\/diagnostica\/FU2\/IEBO_132_FU2.pdf\" target=\"_blank\"><i class=\"fa fa-download\"\/><\/a><\/td>\n<\/tr>\n<tr class=\"row-35\">\n\t<td class=\"column-1\">34<\/td><td class=\"column-2\">FORMACI\u00d3N PROFESIONAL Y POSGRADO<\/td><td class=\"column-3\">COEPES<\/td><td class=\"column-4\"><a href=\"\/wp-content\/uploads\/sites\/77\/pdf\/maasm_2018\/diagnostica\/DO\/139_COEPES_DOCOPINION.pdf\" target=\"_blank\"><i class=\"fa fa-download\"\/><\/a><\/td><td class=\"column-5\"><a href=\"#\"><i class=\"fa fa-download\"\/><\/a><\/td><td class=\"column-6\"><\/td>\n<\/tr>\n<tr class=\"row-36\">\n\t<td class=\"column-1\">35<\/td><td class=\"column-2\">FORMACI\u00d3N PROFESIONAL Y POSGRADO<\/td><td class=\"column-3\">NOVA<\/td><td class=\"column-4\"><a href=\"\/wp-content\/uploads\/sites\/77\/pdf\/maasm_2018\/diagnostica\/DO\/139_NOVA_DOCOPINION.pdf\" target=\"_blank\"><i class=\"fa fa-download\"\/><\/a><\/td><td class=\"column-5\"><a href=\"\/wp-content\/uploads\/sites\/77\/pdf\/maasm_2018\/diagnostica\/FU\/NV_139_FU.pdf\" target=\"_blank\"><i class=\"fa fa-download\"\/><\/a><\/td><td class=\"column-6\"><a href=\"\/wp-content\/uploads\/sites\/77\/pdf\/maasm_2018\/diagnostica\/FU2\/NV_139_FU2.pdf\" target=\"_blank\"><i class=\"fa fa-download\"\/><\/a><\/td>\n<\/tr>\n<tr class=\"row-37\">\n\t<td class=\"column-1\">36<\/td><td class=\"column-2\">FORMACI\u00d3N PROFESIONAL Y POSGRADO<\/td><td class=\"column-3\">UMAR<\/td><td class=\"column-4\"><a href=\"\/wp-content\/uploads\/sites\/77\/pdf\/maasm_2018\/diagnostica\/DO\/139_UMAR_DOCOPINION.pdf\" target=\"_blank\"><i class=\"fa fa-download\"\/><\/a><\/td><td class=\"column-5\"><a href=\"\/wp-content\/uploads\/sites\/77\/pdf\/maasm_2018\/diagnostica\/FU\/UMAR_139_FU.pdf\" target=\"_blank\"><i class=\"fa fa-download\"\/><\/a><\/td><td class=\"column-6\"><a href=\"\/wp-content\/uploads\/sites\/77\/pdf\/maasm_2018\/diagnostica\/FU2\/UMAR_139_FU2.pdf\" target=\"_blank\"><i class=\"fa fa-download\"\/><\/a><\/td>\n<\/tr>\n<tr class=\"row-38\">\n\t<td class=\"column-1\">37<\/td><td class=\"column-2\">FORMACI\u00d3N PROFESIONAL Y POSGRADO<\/td><td class=\"column-3\">UNCA<\/td><td class=\"column-4\"><a href=\"\/wp-content\/uploads\/sites\/77\/pdf\/maasm_2018\/diagnostica\/DO\/139_UNCA_DOCOPINION.pdf\" target=\"_blank\"><i class=\"fa fa-download\"\/><\/a><\/td><td class=\"column-5\"><a href=\"\/wp-content\/uploads\/sites\/77\/pdf\/maasm_2018\/diagnostica\/FU\/UNCA_139_FU.pdf\" target=\"_blank\"><i class=\"fa fa-download\"\/><\/a><\/td><td class=\"column-6\"><a href=\"\/wp-content\/uploads\/sites\/77\/pdf\/maasm_2018\/diagnostica\/FU2\/UNCA_139_FU2.pdf\" target=\"_blank\"><i class=\"fa fa-download\"\/><\/a><\/td>\n<\/tr>\n<tr class=\"row-39\">\n\t<td class=\"column-1\">38<\/td><td class=\"column-2\">FORMACI\u00d3N PROFESIONAL Y POSGRADO<\/td><td class=\"column-3\">UNCOS<\/td><td class=\"column-4\"><a href=\"\/wp-content\/uploads\/sites\/77\/pdf\/maasm_2018\/diagnostica\/DO\/139_UNCOS_DOCOPINION.pdf\" target=\"_blank\"><i class=\"fa fa-download\"\/><\/a><\/td><td class=\"column-5\"><a href=\"\/wp-content\/uploads\/sites\/77\/pdf\/maasm_2018\/diagnostica\/FU\/UNCOS_139_FU.pdf\" target=\"_blank\"><i class=\"fa fa-download\"\/><\/a><\/td><td class=\"column-6\"><a href=\"\/wp-content\/uploads\/sites\/77\/pdf\/maasm_2018\/diagnostica\/FU2\/UNCOS_139_FU2.pdf\" target=\"_blank\"><i class=\"fa fa-download\"\/><\/a><\/td>\n<\/tr>\n<tr class=\"row-40\">\n\t<td class=\"column-1\">39<\/td><td class=\"column-2\">FORMACI\u00d3N PROFESIONAL Y POSGRADO<\/td><td class=\"column-3\">UNICHA<\/td><td class=\"column-4\"><a href=\"\/wp-content\/uploads\/sites\/77\/pdf\/maasm_2018\/diagnostica\/DO\/139_UNICHA_DOCOPINION.pdf\" target=\"_blank\"><i class=\"fa fa-download\"\/><\/a><\/td><td class=\"column-5\"><a href=\"\/wp-content\/uploads\/sites\/77\/pdf\/maasm_2018\/diagnostica\/FU\/UNICHA_139_FU.pdf\" target=\"_blank\"><i class=\"fa fa-download\"\/><\/a><\/td><td class=\"column-6\"><a href=\"\/wp-content\/uploads\/sites\/77\/pdf\/maasm_2018\/diagnostica\/FU2\/UNICHA_139_FU2.pdf\" target=\"_blank\"><i class=\"fa fa-download\"\/><\/a><\/td>\n<\/tr>\n<tr class=\"row-41\">\n\t<td class=\"column-1\">40<\/td><td class=\"column-2\">FORMACI\u00d3N PROFESIONAL Y POSGRADO<\/td><td class=\"column-3\">UNISTMO<\/td><td class=\"column-4\"><a href=\"\/wp-content\/uploads\/sites\/77\/pdf\/maasm_2018\/diagnostica\/DO\/139_UNISTMO_DOCOPINION.pdf\" target=\"_blank\"><i class=\"fa fa-download\"\/><\/a><\/td><td class=\"column-5\"><a href=\"\/wp-content\/uploads\/sites\/77\/pdf\/maasm_2018\/diagnostica\/FU\/UNISTMO_139_FU.pdf\" target=\"_blank\"><i class=\"fa fa-download\"\/><\/a><\/td><td class=\"column-6\"><a href=\"\/wp-content\/uploads\/sites\/77\/pdf\/maasm_2018\/diagnostica\/FU2\/UNISTMO_139_FU2.pdf\" target=\"_blank\"><i class=\"fa fa-download\"\/><\/a><\/td>\n<\/tr>\n<tr class=\"row-42\">\n\t<td class=\"column-1\">41<\/td><td class=\"column-2\">FORMACI\u00d3N PROFESIONAL Y POSGRADO<\/td><td class=\"column-3\">UNSIJ<\/td><td class=\"column-4\"><a href=\"\/wp-content\/uploads\/sites\/77\/pdf\/maasm_2018\/diagnostica\/DO\/139_UNSIJ_DOCOPINION.pdf\" target=\"_blank\"><i class=\"fa fa-download\"\/><\/a><\/td><td class=\"column-5\"><a href=\"\/wp-content\/uploads\/sites\/77\/pdf\/maasm_2018\/diagnostica\/FU\/UNSIJ_139_FU.pdf\" target=\"_blank\"><i class=\"fa fa-download\"\/><\/a><\/td><td class=\"column-6\"><a href=\"\/wp-content\/uploads\/sites\/77\/pdf\/maasm_2018\/diagnostica\/FU2\/UNSIJ_139_FU2.pdf\" target=\"_blank\"><i class=\"fa fa-download\"\/><\/a><\/td>\n<\/tr>\n<tr class=\"row-43\">\n\t<td class=\"column-1\">42<\/td><td class=\"column-2\">FORMACI\u00d3N PROFESIONAL Y POSGRADO<\/td><td class=\"column-3\">UTM<\/td><td class=\"column-4\"><a href=\"\/wp-content\/uploads\/sites\/77\/pdf\/maasm_2018\/diagnostica\/DO\/139_UTM_DOCOPINION.pdf\" target=\"_blank\"><i class=\"fa fa-download\"\/><\/a><\/td><td class=\"column-5\"><a href=\"\/wp-content\/uploads\/sites\/77\/pdf\/maasm_2018\/diagnostica\/FU\/UTM_139_FU.pdf\" target=\"_blank\"><i class=\"fa fa-download\"\/><\/a><\/td><td class=\"column-6\"><a href=\"\/wp-content\/uploads\/sites\/77\/pdf\/maasm_2018\/diagnostica\/FU2\/UTM_139_FU2.pdf\" target=\"_blank\"><i class=\"fa fa-download\"\/><\/a><\/td>\n<\/tr>\n<tr class=\"row-44\">\n\t<td class=\"column-1\">43<\/td><td class=\"column-2\">FORMACI\u00d3N PROFESIONAL Y POSGRADO<\/td><td class=\"column-3\">UTSSO<\/td><td class=\"column-4\"><a href=\"\/wp-content\/uploads\/sites\/77\/pdf\/maasm_2018\/diagnostica\/DO\/139_UTSSO_DOCOPINION.pdf\" target=\"_blank\"><i class=\"fa fa-download\"\/><\/a><\/td><td class=\"column-5\"><a href=\"\/wp-content\/uploads\/sites\/77\/pdf\/maasm_2018\/diagnostica\/FU\/UTSSO_139_FU.pdf\" target=\"_blank\"><i class=\"fa fa-download\"\/><\/a><\/td><td class=\"column-6\"><a href=\"\/wp-content\/uploads\/sites\/77\/pdf\/maasm_2018\/diagnostica\/FU2\/UTSSO_139_FU2.pdf\" target=\"_blank\"><i class=\"fa fa-download\"\/><\/a><\/td>\n<\/tr>\n<tr class=\"row-45\">\n\t<td class=\"column-1\">44<\/td><td class=\"column-2\">EFICIENCIA EN LA CAPTACI\u00d3N Y ADMINISTRACI\u00d3N DE INGRESOS<\/td><td class=\"column-3\">SEFIN<\/td><td class=\"column-4\"><a href=\"\/wp-content\/uploads\/sites\/77\/pdf\/maasm_2018\/diagnostica\/DO\/140_SEFIN_DOCOPINION.pdf\" target=\"_blank\"><i class=\"fa fa-download\"\/><\/a><\/td><td class=\"column-5\"><a href=\"\/wp-content\/uploads\/sites\/77\/pdf\/maasm_2018\/diagnostica\/FU\/SEFIN_140_FU.pdf\" target=\"_blank\"><i class=\"fa fa-download\"\/><\/a><\/td><td class=\"column-6\"><a href=\"\/wp-content\/uploads\/sites\/77\/pdf\/maasm_2018\/diagnostica\/FU2\/SEFIN_140_FU2.pdf\" target=\"_blank\"><i class=\"fa fa-download\"\/><\/a><\/td>\n<\/tr>\n<tr class=\"row-46\">\n\t<td class=\"column-1\">45<\/td><td class=\"column-2\">PROMOCI\u00d3N, FOMENTO Y DIFUSI\u00d3N DE LAS DIVERSIDADES CULTURALES Y BIOCULTURALES<\/td><td class=\"column-3\">CASA<\/td><td class=\"column-4\"><a href=\"\/wp-content\/uploads\/sites\/77\/pdf\/maasm_2018\/diagnostica\/DO\/147_CASA_DOCOPINION.pdf\" target=\"_blank\"><i class=\"fa fa-download\"\/><\/a><\/td><td class=\"column-5\"><a href=\"\/wp-content\/uploads\/sites\/77\/pdf\/maasm_2018\/diagnostica\/FU\/CASA_147_FU.pdf\" target=\"_blank\"><i class=\"fa fa-download\"\/><\/a><\/td><td class=\"column-6\"><a href=\"\/wp-content\/uploads\/sites\/77\/pdf\/maasm_2018\/diagnostica\/FU2\/CASA_147_FU2.pdf\" target=\"_blank\"><i class=\"fa fa-download\"\/><\/a><\/td>\n<\/tr>\n<tr class=\"row-47\">\n\t<td class=\"column-1\">46<\/td><td class=\"column-2\">PROMOCI\u00d3N, FOMENTO Y DIFUSI\u00d3N DE LAS DIVERSIDADES CULTURALES Y BIOCULTURALES<\/td><td class=\"column-3\">CCO<\/td><td class=\"column-4\"><a href=\"\/wp-content\/uploads\/sites\/77\/pdf\/maasm_2018\/diagnostica\/DO\/147_CCO_DOCOPINION.pdf\" target=\"_blank\"><i class=\"fa fa-download\"\/><\/a><\/td><td class=\"column-5\"><a href=\"\/wp-content\/uploads\/sites\/77\/pdf\/maasm_2018\/diagnostica\/FU\/CCO_147_FU-000.pdf\" target=\"_blank\"><i class=\"fa fa-download\"\/><\/a><\/td><td class=\"column-6\"><a href=\"\/wp-content\/uploads\/sites\/77\/pdf\/maasm_2018\/diagnostica\/FU2\/CCO_147_FU2.pdf\" target=\"_blank\"><i class=\"fa fa-download\"\/><\/a><\/td>\n<\/tr>\n<tr class=\"row-48\">\n\t<td class=\"column-1\">47<\/td><td class=\"column-2\">PROMOCI\u00d3N, FOMENTO Y DIFUSI\u00d3N DE LAS DIVERSIDADES CULTURALES Y BIOCULTURALES<\/td><td class=\"column-3\">NOVA<\/td><td class=\"column-4\"><a href=\"\/wp-content\/uploads\/sites\/77\/pdf\/maasm_2018\/diagnostica\/DO\/147_NOVA_DOCOPINION.pdf\" target=\"_blank\"><i class=\"fa fa-download\"\/><\/a><\/td><td class=\"column-5\"><a href=\"\/wp-content\/uploads\/sites\/77\/pdf\/maasm_2018\/diagnostica\/FU\/NV_147_FU-0.pdf\" target=\"_blank\"><i class=\"fa fa-download\"\/><\/a><\/td><td class=\"column-6\"><a href=\"\/wp-content\/uploads\/sites\/77\/pdf\/maasm_2018\/diagnostica\/FU2\/NV_147_FU2.pdf\" target=\"_blank\"><i class=\"fa fa-download\"\/><\/a><\/td>\n<\/tr>\n<tr class=\"row-49\">\n\t<td class=\"column-1\">48<\/td><td class=\"column-2\">PROMOCI\u00d3N, FOMENTO Y DIFUSI\u00d3N DE LAS DIVERSIDADES CULTURALES Y BIOCULTURALES<\/td><td class=\"column-3\">UMAR<\/td><td class=\"column-4\"><a href=\"\/wp-content\/uploads\/sites\/77\/pdf\/maasm_2018\/diagnostica\/DO\/147_UMAR_DOCOPINION.pdf\" target=\"_blank\"><i class=\"fa fa-download\"\/><\/a><\/td><td class=\"column-5\"><a href=\"\/wp-content\/uploads\/sites\/77\/pdf\/maasm_2018\/diagnostica\/FU\/UMAR_147_FU.pdf\" target=\"_blank\"><i class=\"fa fa-download\"\/><\/a><\/td><td class=\"column-6\"><a href=\"\/wp-content\/uploads\/sites\/77\/pdf\/maasm_2018\/diagnostica\/FU2\/UMAR_147_FU2.pdf\" target=\"_blank\"><i class=\"fa fa-download\"\/><\/a><\/td>\n<\/tr>\n<tr class=\"row-50\">\n\t<td class=\"column-1\">49<\/td><td class=\"column-2\">PROMOCI\u00d3N, FOMENTO Y DIFUSI\u00d3N DE LAS DIVERSIDADES CULTURALES Y BIOCULTURALES<\/td><td class=\"column-3\">UNCA<\/td><td class=\"column-4\"><a href=\"\/wp-content\/uploads\/sites\/77\/pdf\/maasm_2018\/diagnostica\/DO\/147_UNCA_DOCOPINION.pdf\" target=\"_blank\"><i class=\"fa fa-download\"\/><\/a><\/td><td class=\"column-5\"><a href=\"\/wp-content\/uploads\/sites\/77\/pdf\/maasm_2018\/diagnostica\/FU\/UNCA_147_FU.pdf\" target=\"_blank\"><i class=\"fa fa-download\"\/><\/a><\/td><td class=\"column-6\"><a href=\"\/wp-content\/uploads\/sites\/77\/pdf\/maasm_2018\/diagnostica\/FU2\/UNCA_147_FU2.pdf\" target=\"_blank\"><i class=\"fa fa-download\"\/><\/a><\/td>\n<\/tr>\n<tr class=\"row-51\">\n\t<td class=\"column-1\">50<\/td><td class=\"column-2\">PROMOCI\u00d3N, FOMENTO Y DIFUSI\u00d3N DE LAS DIVERSIDADES CULTURALES Y BIOCULTURALES<\/td><td class=\"column-3\">UNCOS<\/td><td class=\"column-4\"><a href=\"\/wp-content\/uploads\/sites\/77\/pdf\/maasm_2018\/diagnostica\/DO\/147_UNCOS_DOCOPINION.pdf\" target=\"_blank\"><i class=\"fa fa-download\"\/><\/a><\/td><td class=\"column-5\"><a href=\"\/wp-content\/uploads\/sites\/77\/pdf\/maasm_2018\/diagnostica\/FU\/UNCOS_147_FU.pdf\" target=\"_blank\"><i class=\"fa fa-download\"\/><\/a><\/td><td class=\"column-6\"><a href=\"\/wp-content\/uploads\/sites\/77\/pdf\/maasm_2018\/diagnostica\/FU2\/UNCOS_147_FU2.pdf\" target=\"_blank\"><i class=\"fa fa-download\"\/><\/a><\/td>\n<\/tr>\n<tr class=\"row-52\">\n\t<td class=\"column-1\">51<\/td><td class=\"column-2\">PROMOCI\u00d3N, FOMENTO Y DIFUSI\u00d3N DE LAS DIVERSIDADES CULTURALES Y BIOCULTURALES<\/td><td class=\"column-3\">UNICHA<\/td><td class=\"column-4\"><a href=\"\/wp-content\/uploads\/sites\/77\/pdf\/maasm_2018\/diagnostica\/DO\/147_UNICHA_DOCOPINION.pdf\" target=\"_blank\"><i class=\"fa fa-download\"\/><\/a><\/td><td class=\"column-5\"><a href=\"\/wp-content\/uploads\/sites\/77\/pdf\/maasm_2018\/diagnostica\/FU\/UNICHA_147_FU.pdf\" target=\"_blank\"><i class=\"fa fa-download\"\/><\/a><\/td><td class=\"column-6\"><a href=\"\/wp-content\/uploads\/sites\/77\/pdf\/maasm_2018\/diagnostica\/FU2\/UNICHA_147_FU2.pdf\" target=\"_blank\"><i class=\"fa fa-download\"\/><\/a><\/td>\n<\/tr>\n<tr class=\"row-53\">\n\t<td class=\"column-1\">52<\/td><td class=\"column-2\">PROMOCI\u00d3N, FOMENTO Y DIFUSI\u00d3N DE LAS DIVERSIDADES CULTURALES Y BIOCULTURALES<\/td><td class=\"column-3\">UNISTMO<\/td><td class=\"column-4\"><a href=\"\/wp-content\/uploads\/sites\/77\/pdf\/maasm_2018\/diagnostica\/DO\/147_UNISTMO_DOCOPINION.pdf\" target=\"_blank\"><i class=\"fa fa-download\"\/><\/a><\/td><td class=\"column-5\"><a href=\"\/wp-content\/uploads\/sites\/77\/pdf\/maasm_2018\/diagnostica\/FU\/UNISTMO_147_FU.pdf\" target=\"_blank\"><i class=\"fa fa-download\"\/><\/a><\/td><td class=\"column-6\"><a href=\"\/wp-content\/uploads\/sites\/77\/pdf\/maasm_2018\/diagnostica\/FU2\/UNISTMO_147_FU2.pdf\" target=\"_blank\"><i class=\"fa fa-download\"\/><\/a><\/td>\n<\/tr>\n<tr class=\"row-54\">\n\t<td class=\"column-1\">53<\/td><td class=\"column-2\">PROMOCI\u00d3N, FOMENTO Y DIFUSI\u00d3N DE LAS DIVERSIDADES CULTURALES Y BIOCULTURALES<\/td><td class=\"column-3\">UNSIJ<\/td><td class=\"column-4\"><a href=\"\/wp-content\/uploads\/sites\/77\/pdf\/maasm_2018\/diagnostica\/DO\/147_UNSIJ_DOCOPINION.pdf\" target=\"_blank\"><i class=\"fa fa-download\"\/><\/a><\/td><td class=\"column-5\"><a href=\"\/wp-content\/uploads\/sites\/77\/pdf\/maasm_2018\/diagnostica\/FU\/UNSIJ_147_FU.pdf\" target=\"_blank\"><i class=\"fa fa-download\"\/><\/a><\/td><td class=\"column-6\"><a href=\"\/wp-content\/uploads\/sites\/77\/pdf\/maasm_2018\/diagnostica\/FU2\/UNSIJ_147_FU2.pdf\" target=\"_blank\"><i class=\"fa fa-download\"\/><\/a><\/td>\n<\/tr>\n<tr class=\"row-55\">\n\t<td class=\"column-1\">54<\/td><td class=\"column-2\">PROMOCI\u00d3N, FOMENTO Y DIFUSI\u00d3N DE LAS DIVERSIDADES CULTURALES Y BIOCULTURALES<\/td><td class=\"column-3\">UTM<\/td><td class=\"column-4\"><a href=\"\/wp-content\/uploads\/sites\/77\/pdf\/maasm_2018\/diagnostica\/DO\/147_UTM_DOCOPINION.pdf\" target=\"_blank\"><i class=\"fa fa-download\"\/><\/a><\/td><td class=\"column-5\"><a href=\"\/wp-content\/uploads\/sites\/77\/pdf\/maasm_2018\/diagnostica\/FU\/UTM_147_FU.pdf\" target=\"_blank\"><i class=\"fa fa-download\"\/><\/a><\/td><td class=\"column-6\"><a href=\"\/wp-content\/uploads\/sites\/77\/pdf\/maasm_2018\/diagnostica\/FU2\/UTM_147_FU2.pdf\" target=\"_blank\"><i class=\"fa fa-download\"\/><\/a><\/td>\n<\/tr>\n<tr class=\"row-56\">\n\t<td class=\"column-1\">55<\/td><td class=\"column-2\">ATENCI\u00d3N INTEGRAL DE LOS DERECHOS HUMANOS<\/td><td class=\"column-3\">CADH<\/td><td class=\"column-4\"><a href=\"\/wp-content\/uploads\/sites\/77\/pdf\/maasm_2018\/diagnostica\/DO\/155_CADH_DOCOPINION.pdf\" target=\"_blank\"><i class=\"fa fa-download\"\/><\/a><\/td><td class=\"column-5\"><a href=\"\/wp-content\/uploads\/sites\/77\/pdf\/maasm_2018\/diagnostica\/FU\/CADH_155_FU.pdf\" target=\"_blank\"><i class=\"fa fa-download\"\/><\/a><\/td><td class=\"column-6\"><a href=\"\/wp-content\/uploads\/sites\/77\/pdf\/maasm_2018\/diagnostica\/FU2\/CADH_155_FU2.PDF\" target=\"_blank\"><i class=\"fa fa-download\"\/><\/a><\/td>\n<\/tr>\n<tr class=\"row-57\">\n\t<td class=\"column-1\">56<\/td><td class=\"column-2\">VINCULACI\u00d3N DE LAS INSTITUCIONES DE EDUCACI\u00d3N SUPERIOR CON EL SECTOR PRODUCTIVO Y SOCIAL<\/td><td class=\"column-3\">COEPES<\/td><td class=\"column-4\"><a href=\"\/wp-content\/uploads\/sites\/77\/pdf\/maasm_2018\/diagnostica\/DO\/156_COEPES_DOCOPINION.pdf\" target=\"_blank\"><i class=\"fa fa-download\"\/><\/a><\/td><td class=\"column-5\"><a href=\"#\"><i class=\"fa fa-download\"\/><\/a><\/td><td class=\"column-6\"><\/td>\n<\/tr>\n<tr class=\"row-58\">\n\t<td class=\"column-1\">57<\/td><td class=\"column-2\">VINCULACI\u00d3N DE LAS INSTITUCIONES DE EDUCACI\u00d3N SUPERIOR CON EL SECTOR PRODUCTIVO Y SOCIAL<\/td><td class=\"column-3\">NOVA<\/td><td class=\"column-4\"><a href=\"\/wp-content\/uploads\/sites\/77\/pdf\/maasm_2018\/diagnostica\/DO\/156_NOVA_DOCOPINION.pdf\" target=\"_blank\"><i class=\"fa fa-download\"\/><\/a><\/td><td class=\"column-5\"><a href=\"\/wp-content\/uploads\/sites\/77\/pdf\/maasm_2018\/diagnostica\/FU\/NV_156_FU.pdf\" target=\"_blank\"><i class=\"fa fa-download\"\/><\/a><\/td><td class=\"column-6\"><a href=\"\/wp-content\/uploads\/sites\/77\/pdf\/maasm_2018\/diagnostica\/FU2\/NV_156_FU2.pdf\" target=\"_blank\"><i class=\"fa fa-download\"\/><\/a><\/td>\n<\/tr>\n<tr class=\"row-59\">\n\t<td class=\"column-1\">58<\/td><td class=\"column-2\">VINCULACI\u00d3N DE LAS INSTITUCIONES DE EDUCACI\u00d3N SUPERIOR CON EL SECTOR PRODUCTIVO Y SOCIAL<\/td><td class=\"column-3\">UMAR<\/td><td class=\"column-4\"><a href=\"\/wp-content\/uploads\/sites\/77\/pdf\/maasm_2018\/diagnostica\/DO\/156_UMAR_DOCOPINION.pdf\" target=\"_blank\"><i class=\"fa fa-download\"\/><\/a><\/td><td class=\"column-5\"><a href=\"\/wp-content\/uploads\/sites\/77\/pdf\/maasm_2018\/diagnostica\/FU\/UMAR_156_FU.pdf\" target=\"_blank\"><i class=\"fa fa-download\"\/><\/a><\/td><td class=\"column-6\"><a href=\"\/wp-content\/uploads\/sites\/77\/pdf\/maasm_2018\/diagnostica\/FU2\/UMAR_156_FU2.pdf\" target=\"_blank\"><i class=\"fa fa-download\"\/><\/a><\/td>\n<\/tr>\n<tr class=\"row-60\">\n\t<td class=\"column-1\">59<\/td><td class=\"column-2\">VINCULACI\u00d3N DE LAS INSTITUCIONES DE EDUCACI\u00d3N SUPERIOR CON EL SECTOR PRODUCTIVO Y SOCIAL<\/td><td class=\"column-3\">UNCA<\/td><td class=\"column-4\"><a href=\"\/wp-content\/uploads\/sites\/77\/pdf\/maasm_2018\/diagnostica\/DO\/156_UNCA_DOCOPINION.pdf\" target=\"_blank\"><i class=\"fa fa-download\"\/><\/a><\/td><td class=\"column-5\"><a href=\"\/wp-content\/uploads\/sites\/77\/pdf\/maasm_2018\/diagnostica\/FU\/UNCA_156_FU.pdf\" target=\"_blank\"><i class=\"fa fa-download\"\/><\/a><\/td><td class=\"column-6\"><a href=\"\/wp-content\/uploads\/sites\/77\/pdf\/maasm_2018\/diagnostica\/FU2\/UNCA_156_FU2.pdf\" target=\"_blank\"><i class=\"fa fa-download\"\/><\/a><\/td>\n<\/tr>\n<tr class=\"row-61\">\n\t<td class=\"column-1\">60<\/td><td class=\"column-2\">VINCULACI\u00d3N DE LAS INSTITUCIONES DE EDUCACI\u00d3N SUPERIOR CON EL SECTOR PRODUCTIVO Y SOCIAL<\/td><td class=\"column-3\">UNCOS<\/td><td class=\"column-4\"><a href=\"\/wp-content\/uploads\/sites\/77\/pdf\/maasm_2018\/diagnostica\/DO\/156_UNCOS_DOCOPINION.pdf\" target=\"_blank\"><i class=\"fa fa-download\"\/><\/a><\/td><td class=\"column-5\"><a href=\"\/wp-content\/uploads\/sites\/77\/pdf\/maasm_2018\/diagnostica\/FU\/UNCOS_156_FU.pdf\" target=\"_blank\"><i class=\"fa fa-download\"\/><\/a><\/td><td class=\"column-6\"><a href=\"\/wp-content\/uploads\/sites\/77\/pdf\/maasm_2018\/diagnostica\/FU2\/UNCOS_156_FU2.pdf\" target=\"_blank\"><i class=\"fa fa-download\"\/><\/a><\/td>\n<\/tr>\n<tr class=\"row-62\">\n\t<td class=\"column-1\">61<\/td><td class=\"column-2\">VINCULACI\u00d3N DE LAS INSTITUCIONES DE EDUCACI\u00d3N SUPERIOR CON EL SECTOR PRODUCTIVO Y SOCIAL<\/td><td class=\"column-3\">UNICHA<\/td><td class=\"column-4\"><a href=\"\/wp-content\/uploads\/sites\/77\/pdf\/maasm_2018\/diagnostica\/DO\/156_UNICHA_DOCOPINION.pdf\" target=\"_blank\"><i class=\"fa fa-download\"\/><\/a><\/td><td class=\"column-5\"><a href=\"\/wp-content\/uploads\/sites\/77\/pdf\/maasm_2018\/diagnostica\/FU\/UNICHA_156_FU.pdf\" target=\"_blank\"><i class=\"fa fa-download\"\/><\/a><\/td><td class=\"column-6\"><a href=\"\/wp-content\/uploads\/sites\/77\/pdf\/maasm_2018\/diagnostica\/FU2\/UNICHA_156_FU2.pdf\" target=\"_blank\"><i class=\"fa fa-download\"\/><\/a><\/td>\n<\/tr>\n<tr class=\"row-63\">\n\t<td class=\"column-1\">62<\/td><td class=\"column-2\">VINCULACI\u00d3N DE LAS INSTITUCIONES DE EDUCACI\u00d3N SUPERIOR CON EL SECTOR PRODUCTIVO Y SOCIAL<\/td><td class=\"column-3\">UNISTMO<\/td><td class=\"column-4\"><a href=\"\/wp-content\/uploads\/sites\/77\/pdf\/maasm_2018\/diagnostica\/DO\/156_UNISTMO_DOCOPINION.pdf\" target=\"_blank\"><i class=\"fa fa-download\"\/><\/a><\/td><td class=\"column-5\"><a href=\"\/wp-content\/uploads\/sites\/77\/pdf\/maasm_2018\/diagnostica\/FU\/UNISTMO_156_FU.pdf\" target=\"_blank\"><i class=\"fa fa-download\"\/><\/a><\/td><td class=\"column-6\"><a href=\"\/wp-content\/uploads\/sites\/77\/pdf\/maasm_2018\/diagnostica\/FU2\/UNISTMO_156_FU2.pdf\" target=\"_blank\"><i class=\"fa fa-download\"\/><\/a><\/td>\n<\/tr>\n<tr class=\"row-64\">\n\t<td class=\"column-1\">63<\/td><td class=\"column-2\">VINCULACI\u00d3N DE LAS INSTITUCIONES DE EDUCACI\u00d3N SUPERIOR CON EL SECTOR PRODUCTIVO Y SOCIAL<\/td><td class=\"column-3\">UNSIJ<\/td><td class=\"column-4\"><a href=\"\/wp-content\/uploads\/sites\/77\/pdf\/maasm_2018\/diagnostica\/DO\/156_UNSIJ_DOCOPINION.pdf\" target=\"_blank\"><i class=\"fa fa-download\"\/><\/a><\/td><td class=\"column-5\"><a href=\"\/wp-content\/uploads\/sites\/77\/pdf\/maasm_2018\/diagnostica\/FU\/UNSIJ_156_FU.pdf\" target=\"_blank\"><i class=\"fa fa-download\"\/><\/a><\/td><td class=\"column-6\"><a href=\"\/wp-content\/uploads\/sites\/77\/pdf\/maasm_2018\/diagnostica\/FU2\/UNSIJ_156_FU2.pdf\" target=\"_blank\"><i class=\"fa fa-download\"\/><\/a><\/td>\n<\/tr>\n<tr class=\"row-65\">\n\t<td class=\"column-1\">64<\/td><td class=\"column-2\">VINCULACI\u00d3N DE LAS INSTITUCIONES DE EDUCACI\u00d3N SUPERIOR CON EL SECTOR PRODUCTIVO Y SOCIAL<\/td><td class=\"column-3\">UTM<\/td><td class=\"column-4\"><a href=\"\/wp-content\/uploads\/sites\/77\/pdf\/maasm_2018\/diagnostica\/DO\/156_UTM_DOCOPINION.pdf\" target=\"_blank\"><i class=\"fa fa-download\"\/><\/a><\/td><td class=\"column-5\"><a href=\"\/wp-content\/uploads\/sites\/77\/pdf\/maasm_2018\/diagnostica\/FU\/UTM_156_FU.pdf\" target=\"_blank\"><i class=\"fa fa-download\"\/><\/a><\/td><td class=\"column-6\"><a href=\"\/wp-content\/uploads\/sites\/77\/pdf\/maasm_2018\/diagnostica\/FU2\/UTM_156_FU2.pdf\" target=\"_blank\"><i class=\"fa fa-download\"\/><\/a><\/td>\n<\/tr>\n<tr class=\"row-66\">\n\t<td class=\"column-1\">65<\/td><td class=\"column-2\">VINCULACI\u00d3N DE LAS INSTITUCIONES DE EDUCACI\u00d3N SUPERIOR CON EL SECTOR PRODUCTIVO Y SOCIAL<\/td><td class=\"column-3\">UTSSO<\/td><td class=\"column-4\"><a href=\"\/wp-content\/uploads\/sites\/77\/pdf\/maasm_2018\/diagnostica\/DO\/156_UTSSO_DOCOPINION.pdf\" target=\"_blank\"><i class=\"fa fa-download\"\/><\/a><\/td><td class=\"column-5\"><a href=\"\/wp-content\/uploads\/sites\/77\/pdf\/maasm_2018\/diagnostica\/FU\/UTSSO_156_FU.pdf\" target=\"_blank\"><i class=\"fa fa-download\"\/><\/a><\/td><td class=\"column-6\"><a href=\"\/wp-content\/uploads\/sites\/77\/pdf\/maasm_2018\/diagnostica\/FU2\/UTSSO_156_FU2.pdf\" target=\"_blank\"><i class=\"fa fa-download\"\/><\/a><\/td>\n<\/tr>\n<tr class=\"row-67\">\n\t<td class=\"column-1\">66<\/td><td class=\"column-2\">DERECHOS DE NI\u00d1AS, NI\u00d1OS Y ADOLESCENTES<\/td><td class=\"column-3\">SEGEGO<\/td><td class=\"column-4\"><a href=\"\/wp-content\/uploads\/sites\/77\/pdf\/maasm_2018\/diagnostica\/DO\/158_SEGEGO_DOCOPINION.pdf\" target=\"_blank\"><i class=\"fa fa-download\"\/><\/a><\/td><td class=\"column-5\"><a href=\"\/wp-content\/uploads\/sites\/77\/pdf\/maasm_2018\/diagnostica\/FU\/SEGEGO_158_FU.pdf\" target=\"_blank\"><i class=\"fa fa-download\"\/><\/a><\/td><td class=\"column-6\"><a href=\"\/wp-content\/uploads\/sites\/77\/pdf\/maasm_2018\/diagnostica\/FU2\/SEGEGO_158_FU2.pdf\" target=\"_blank\"><i class=\"fa fa-download\"\/><\/a><\/td>\n<\/tr>\n<tr class=\"row-68\">\n\t<td class=\"column-1\">67<\/td><td class=\"column-2\">CONSERVACI\u00d3N DE ECOSISTEMAS Y PREVENCI\u00d3N DEL DETERIORO AMBIENTAL<\/td><td class=\"column-3\">SEMAEDESO<\/td><td class=\"column-4\"><a href=\"\/wp-content\/uploads\/sites\/77\/pdf\/maasm_2018\/diagnostica\/DO\/160_SEMAEDESO_DOCOPINION.pdf\" target=\"_blank\"><i class=\"fa fa-download\"\/><\/a><\/td><td class=\"column-5\"><a href=\"\/wp-content\/uploads\/sites\/77\/pdf\/maasm_2018\/diagnostica\/FU\/SEMAEDESO_160_FU.pdf\" target=\"_blank\"><i class=\"fa fa-download\"\/><\/a><\/td><td class=\"column-6\"><a href=\"\/wp-content\/uploads\/sites\/77\/pdf\/maasm_2018\/diagnostica\/FU2\/SEMAEDESO_160_FU2.pdf\" target=\"_blank\"><i class=\"fa fa-download\"\/><\/a><\/td>\n<\/tr>\n<tr class=\"row-69\">\n\t<td class=\"column-1\">68<\/td><td class=\"column-2\">FORTALECIMIENTO EMPRESARIAL<\/td><td class=\"column-3\">IODEMC<\/td><td class=\"column-4\"><a href=\"\/wp-content\/uploads\/sites\/77\/pdf\/maasm_2018\/diagnostica\/DO\/161_IODEMC_DOCOPINION.pdf\" target=\"_blank\"><i class=\"fa fa-download\"\/><\/a><\/td><td class=\"column-5\"><a href=\"\/wp-content\/uploads\/sites\/77\/pdf\/maasm_2018\/diagnostica\/FU\/IODEMEC_161_FU.pdf\" target=\"_blank\"><i class=\"fa fa-download\"\/><\/a><\/td><td class=\"column-6\"><\/td>\n<\/tr>\n<tr class=\"row-70\">\n\t<td class=\"column-1\">69<\/td><td class=\"column-2\">DEFENSA T\u00c9CNICA, ASESOR\u00cdA Y PATROCINIO JUR\u00cdDICO EN EL ESTADO<\/td><td class=\"column-3\">DEFENSOR\u00cdA<\/td><td class=\"column-4\"><a href=\"\/wp-content\/uploads\/sites\/77\/pdf\/maasm_2018\/diagnostica\/DO\/167_DEFENSOR\u00cdA_DOCOPINION.pdf\" target=\"_blank\"><i class=\"fa fa-download\"\/><\/a><\/td><td class=\"column-5\"><a href=\"\/wp-content\/uploads\/sites\/77\/pdf\/maasm_2018\/diagnostica\/FU\/DPE_167_FU.pdf\" target=\"_blank\"><i class=\"fa fa-download\"\/><\/a><\/td><td class=\"column-6\"><a href=\"\/wp-content\/uploads\/sites\/77\/pdf\/maasm_2018\/diagnostica\/FU2\/DPE_167_FU2.pdf\" target=\"_blank\"><i class=\"fa fa-download\"\/><\/a><\/td>\n<\/tr>\n<tr class=\"row-71\">\n\t<td class=\"column-1\">70<\/td><td class=\"column-2\">DEFENSA T\u00c9CNICA, ASESOR\u00cdA Y PATROCINIO JUR\u00cdDICO EN EL ESTADO<\/td><td class=\"column-3\">SEGEGO<\/td><td class=\"column-4\"><a href=\"\/wp-content\/uploads\/sites\/77\/pdf\/maasm_2018\/diagnostica\/DO\/167_SEGEGO_DOCOPINION.pdf\" target=\"_blank\"><i class=\"fa fa-download\"\/><\/a><\/td><td class=\"column-5\"><a href=\"\/wp-content\/uploads\/sites\/77\/pdf\/maasm_2018\/diagnostica\/FU\/SEGEGO_167_FU.pdf\" target=\"_blank\"><i class=\"fa fa-download\"\/><\/a><\/td><td class=\"column-6\"><a href=\"\/wp-content\/uploads\/sites\/77\/pdf\/maasm_2018\/diagnostica\/FU2\/SEGEGO_167_FU2.pdf\" target=\"_blank\"><i class=\"fa fa-download\"\/><\/a><\/td>\n<\/tr>\n<tr class=\"row-72\">\n\t<td class=\"column-1\">71<\/td><td class=\"column-2\">FOMENTO E INCLUSI\u00d3N ECON\u00d3MICA DE LA POBLACI\u00d3N JOVEN<\/td><td class=\"column-3\">INJEO<\/td><td class=\"column-4\"><a href=\"\/wp-content\/uploads\/sites\/77\/pdf\/maasm_2018\/diagnostica\/DO\/172_INJEO_DOCOPINION.pdf\" target=\"_blank\"><i class=\"fa fa-download\"\/><\/a><\/td><td class=\"column-5\"><a href=\"\/wp-content\/uploads\/sites\/77\/pdf\/maasm_2018\/diagnostica\/FU\/INJEO_172_FU.pdf\" target=\"_blank\"><i class=\"fa fa-download\"\/><\/a><\/td><td class=\"column-6\"><a href=\"\/wp-content\/uploads\/sites\/77\/pdf\/maasm_2018\/diagnostica\/FU2\/INJEO_172_FU2.pdf\" target=\"_blank\"><i class=\"fa fa-download\"\/><\/a><\/td>\n<\/tr>\n<tr class=\"row-73\">\n\t<td class=\"column-1\">72<\/td><td class=\"column-2\">PREVENCI\u00d3N Y RESOLUCI\u00d3N DE CONFLICTOS EN LA PRESTACI\u00d3N DE LOS SERVICIOS DE SALUD<\/td><td class=\"column-3\">CEAMO<\/td><td class=\"column-4\"><a href=\"\/wp-content\/uploads\/sites\/77\/pdf\/maasm_2018\/diagnostica\/DO\/173_CEAMO_DOCOPINION.pdf\" target=\"_blank\"><i class=\"fa fa-download\"\/><\/a><\/td><td class=\"column-5\"><a href=\"\/wp-content\/uploads\/sites\/77\/pdf\/maasm_2018\/diagnostica\/FU\/CEAMO_173_FU.pdf\" target=\"_blank\"><i class=\"fa fa-download\"\/><\/a><\/td><td class=\"column-6\"><\/td>\n<\/tr>\n<tr class=\"row-74\">\n\t<td class=\"column-1\">73<\/td><td class=\"column-2\">FORMACI\u00d3N INTEGRAL Y DESARROLLO DE COMPETENCIAS<\/td><td class=\"column-3\">IEEPO<\/td><td class=\"column-4\"><a href=\"\/wp-content\/uploads\/sites\/77\/pdf\/maasm_2018\/diagnostica\/DO\/182_IEEPO_DOCOPINION.pdf\" target=\"_blank\"><i class=\"fa fa-download\"\/><\/a><\/td><td class=\"column-5\"><a href=\"\/wp-content\/uploads\/sites\/77\/pdf\/maasm_2018\/diagnostica\/FU\/IEEPO_182_FU.pdf\" target=\"_blank\"><i class=\"fa fa-download\"\/><\/a><\/td><td class=\"column-6\"><a href=\"\/wp-content\/uploads\/sites\/77\/pdf\/maasm_2018\/diagnostica\/FU2\/IEEPO_182_FU2.pdf\" target=\"_blank\"><i class=\"fa fa-download\"\/><\/a><\/td>\n<\/tr>\n<tr class=\"row-75\">\n\t<td class=\"column-1\">74<\/td><td class=\"column-2\">ADMINISTRACI\u00d3N ESTRAT\u00c9GICA EN EL QUEHACER EDUCATIVO<\/td><td class=\"column-3\">IEEPO<\/td><td class=\"column-4\"><a href=\"\/wp-content\/uploads\/sites\/77\/pdf\/maasm_2018\/diagnostica\/DO\/184_IEEPO_DOCOPINION.pdf\" target=\"_blank\"><i class=\"fa fa-download\"\/><\/a><\/td><td class=\"column-5\"><a href=\"\/wp-content\/uploads\/sites\/77\/pdf\/maasm_2018\/diagnostica\/FU\/IEEPO_184_FU.pdf\" target=\"_blank\"><i class=\"fa fa-download\"\/><\/a><\/td><td class=\"column-6\"><a href=\"\/wp-content\/uploads\/sites\/77\/pdf\/maasm_2018\/diagnostica\/FU2\/IEEPO_184_FU2.pdf\" target=\"_blank\"><i class=\"fa fa-download\"\/><\/a><\/td>\n<\/tr>\n<tr class=\"row-76\">\n\t<td class=\"column-1\">75<\/td><td class=\"column-2\">ADMINISTRACI\u00d3N DE JUSTICIA EN MATERIA AMBIENTAL<\/td><td class=\"column-3\">SEMAEDESO<\/td><td class=\"column-4\"><a href=\"\/wp-content\/uploads\/sites\/77\/pdf\/maasm_2018\/diagnostica\/DO\/187_SEMAEDESO_DOCOPINION.pdf\" target=\"_blank\"><i class=\"fa fa-download\"\/><\/a><\/td><td class=\"column-5\"><a href=\"\/wp-content\/uploads\/sites\/77\/pdf\/maasm_2018\/diagnostica\/FU\/SEMAEDESO_187_FU.pdf\" target=\"_blank\"><i class=\"fa fa-download\"\/><\/a><\/td><td class=\"column-6\"><a href=\"\/wp-content\/uploads\/sites\/77\/pdf\/maasm_2018\/diagnostica\/FU2\/SEMAEDESO_187_FU2.pdf\" target=\"_blank\"><i class=\"fa fa-download\"\/><\/a><\/td>\n<\/tr>\n<tr class=\"row-77\">\n\t<td class=\"column-1\">76<\/td><td class=\"column-2\">CAMBIO CLIM\u00c1TICO<\/td><td class=\"column-3\">SEMAEDESO<\/td><td class=\"column-4\"><a href=\"\/wp-content\/uploads\/sites\/77\/pdf\/maasm_2018\/diagnostica\/DO\/188_SEMAEDESO_DOCOPINION.pdf\" target=\"_blank\"><i class=\"fa fa-download\"\/><\/a><\/td><td class=\"column-5\"><a href=\"\/wp-content\/uploads\/sites\/77\/pdf\/maasm_2018\/diagnostica\/FU\/SEMAEDESO_188_FU.pdf\" target=\"_blank\"><i class=\"fa fa-download\"\/><\/a><\/td><td class=\"column-6\"><a href=\"\/wp-content\/uploads\/sites\/77\/pdf\/maasm_2018\/diagnostica\/FU2\/SEMAEDESO_188_FU2.pdf\" target=\"_blank\"><i class=\"fa fa-download\"\/><\/a><\/td>\n<\/tr>\n<tr class=\"row-78\">\n\t<td class=\"column-1\">77<\/td><td class=\"column-2\">ORDENAMIENTO ECOL\u00d3GICO TERRITORIAL<\/td><td class=\"column-3\">SEMAEDESO<\/td><td class=\"column-4\"><a href=\"\/wp-content\/uploads\/sites\/77\/pdf\/maasm_2018\/diagnostica\/DO\/189_SEMAEDESO_DOCOPINION.pdf\" target=\"_blank\"><i class=\"fa fa-download\"\/><\/a><\/td><td class=\"column-5\"><a href=\"\/wp-content\/uploads\/sites\/77\/pdf\/maasm_2018\/diagnostica\/FU\/SEMAEDESO_189_FU.pdf\" target=\"_blank\"><i class=\"fa fa-download\"\/><\/a><\/td><td class=\"column-6\"><a href=\"\/wp-content\/uploads\/sites\/77\/pdf\/maasm_2018\/diagnostica\/FU2\/SEMAEDESO_189_FU2.pdf\" target=\"_blank\"><i class=\"fa fa-download\"\/><\/a><\/td>\n<\/tr>\n<tr class=\"row-79\">\n\t<td class=\"column-1\">78<\/td><td class=\"column-2\">PROMOCI\u00d3N DE LA INVERSI\u00d3N EN ENERG\u00cdAS RENOVABLES<\/td><td class=\"column-3\">SEMAEDESO<\/td><td class=\"column-4\"><a href=\"\/wp-content\/uploads\/sites\/77\/pdf\/maasm_2018\/diagnostica\/DO\/190_SEMAEDESO_DOCOPINION.pdf\" target=\"_blank\"><i class=\"fa fa-download\"\/><\/a><\/td><td class=\"column-5\"><a href=\"\/wp-content\/uploads\/sites\/77\/pdf\/maasm_2018\/diagnostica\/FU\/SEMAEDESO_190_FU.pdf\" target=\"_blank\"><i class=\"fa fa-download\"\/><\/a><\/td><td class=\"column-6\"><a href=\"\/wp-content\/uploads\/sites\/77\/pdf\/maasm_2018\/diagnostica\/FU2\/SEMAEDESO_190_FU2.pdf\" target=\"_blank\"><i class=\"fa fa-download\"\/><\/a><\/td>\n<\/tr>\n<tr class=\"row-80\">\n\t<td class=\"column-1\">79<\/td><td class=\"column-2\">GESTI\u00d3N INTEGRAL DE RESIDUOS S\u00d3LIDOS<\/td><td class=\"column-3\">SEMAEDESO<\/td><td class=\"column-4\"><a href=\"\/wp-content\/uploads\/sites\/77\/pdf\/maasm_2018\/diagnostica\/DO\/192_SEMAEDESO_DOCOPINION.pdf\" target=\"_blank\"><i class=\"fa fa-download\"\/><\/a><\/td><td class=\"column-5\"><a href=\"\/wp-content\/uploads\/sites\/77\/pdf\/maasm_2018\/diagnostica\/FU\/SEMAEDESO_192_FU.pdf\" target=\"_blank\"><i class=\"fa fa-download\"\/><\/a><\/td><td class=\"column-6\"><a href=\"\/wp-content\/uploads\/sites\/77\/pdf\/maasm_2018\/diagnostica\/FU2\/SEMAEDESO_192_FU2.pdf\" target=\"_blank\"><i class=\"fa fa-download\"\/><\/a><\/td>\n<\/tr>\n<tr class=\"row-81\">\n\t<td class=\"column-1\">80<\/td><td class=\"column-2\">PROYECTOS DE ENERG\u00cdAS RENOVABLES<\/td><td class=\"column-3\">SEMAEDESO<\/td><td class=\"column-4\"><a href=\"\/wp-content\/uploads\/sites\/77\/pdf\/maasm_2018\/diagnostica\/DO\/193_SEMAEDESO_DOCOPINION.pdf\" target=\"_blank\"><i class=\"fa fa-download\"\/><\/a><\/td><td class=\"column-5\"><a href=\"\/wp-content\/uploads\/sites\/77\/pdf\/maasm_2018\/diagnostica\/FU\/SEMAEDESO_193_FU.pdf\" target=\"_blank\"><i class=\"fa fa-download\"\/><\/a><\/td><td class=\"column-6\"><a href=\"\/wp-content\/uploads\/sites\/77\/pdf\/maasm_2018\/diagnostica\/FU2\/SEMAEDESO_193_FU2.pdf\" target=\"_blank\"><i class=\"fa fa-download\"\/><\/a><\/td>\n<\/tr>\n<tr class=\"row-82\">\n\t<td class=\"column-1\">81<\/td><td class=\"column-2\">PLANEACI\u00d3N TUR\u00cdSTICA Y DESARROLLO ESTRAT\u00c9GICO<\/td><td class=\"column-3\">OCVO<\/td><td class=\"column-4\"><a href=\"\/wp-content\/uploads\/sites\/77\/pdf\/maasm_2018\/diagnostica\/DO\/195_OCVO_DOCOPINION.pdf\" target=\"_blank\"><i class=\"fa fa-download\"\/><\/a><\/td><td class=\"column-5\"><a href=\"\/wp-content\/uploads\/sites\/77\/pdf\/maasm_2018\/diagnostica\/FU\/OCVO_195_FU-00.pdf\" target=\"_blank\"><i class=\"fa fa-download\"\/><\/a><\/td><td class=\"column-6\"><a href=\"\/wp-content\/uploads\/sites\/77\/pdf\/maasm_2018\/diagnostica\/FU2\/OCVO_195_FU2.pdf\" target=\"_blank\"><i class=\"fa fa-download\"\/><\/a><\/td>\n<\/tr>\n<tr class=\"row-83\">\n\t<td class=\"column-1\">82<\/td><td class=\"column-2\">PLANEACI\u00d3N TUR\u00cdSTICA Y DESARROLLO ESTRAT\u00c9GICO<\/td><td class=\"column-3\">SECTUR<\/td><td class=\"column-4\"><a href=\"\/wp-content\/uploads\/sites\/77\/pdf\/maasm_2018\/diagnostica\/DO\/195_SECTUR_DOCOPINION.pdf\" target=\"_blank\"><i class=\"fa fa-download\"\/><\/a><\/td><td class=\"column-5\"><a href=\"\/wp-content\/uploads\/sites\/77\/pdf\/maasm_2018\/diagnostica\/FU\/SECTUR_195_FU.pdf\" target=\"_blank\"><i class=\"fa fa-download\"\/><\/a><\/td><td class=\"column-6\"><\/td>\n<\/tr>\n<tr class=\"row-84\">\n\t<td class=\"column-1\">83<\/td><td class=\"column-2\">PROFESIONALIZACI\u00d3N TUR\u00cdSTICA<\/td><td class=\"column-3\">OCVO<\/td><td class=\"column-4\"><a href=\"\/wp-content\/uploads\/sites\/77\/pdf\/maasm_2018\/diagnostica\/DO\/196_OCVO_DOCOPINION.pdf\" target=\"_blank\"><i class=\"fa fa-download\"\/><\/a><\/td><td class=\"column-5\"><a href=\"\/wp-content\/uploads\/sites\/77\/pdf\/maasm_2018\/diagnostica\/FU\/OCVO_196_FU-00.pdf\" target=\"_blank\"><i class=\"fa fa-download\"\/><\/a><\/td><td class=\"column-6\"><a href=\"\/wp-content\/uploads\/sites\/77\/pdf\/maasm_2018\/diagnostica\/FU2\/OCVO_196_FU2.pdf\" target=\"_blank\"><i class=\"fa fa-download\"\/><\/a><\/td>\n<\/tr>\n<tr class=\"row-85\">\n\t<td class=\"column-1\">84<\/td><td class=\"column-2\">PROFESIONALIZACI\u00d3N TUR\u00cdSTICA<\/td><td class=\"column-3\">SECTUR<\/td><td class=\"column-4\"><a href=\"\/wp-content\/uploads\/sites\/77\/pdf\/maasm_2018\/diagnostica\/DO\/196_SECTUR_DOCOPINION.pdf\" target=\"_blank\"><i class=\"fa fa-download\"\/><\/a><\/td><td class=\"column-5\"><a href=\"\/wp-content\/uploads\/sites\/77\/pdf\/maasm_2018\/diagnostica\/FU\/SECTUR_196_FU.pdf\" target=\"_blank\"><i class=\"fa fa-download\"\/><\/a><\/td><td class=\"column-6\"><\/td>\n<\/tr>\n<tr class=\"row-86\">\n\t<td class=\"column-1\">85<\/td><td class=\"column-2\">COMERCIALIZACI\u00d3N TUR\u00cdSTICA<\/td><td class=\"column-3\">OCVO<\/td><td class=\"column-4\"><a href=\"\/wp-content\/uploads\/sites\/77\/pdf\/maasm_2018\/diagnostica\/DO\/197_OCVO_DOCOPINION.pdf\" target=\"_blank\"><i class=\"fa fa-download\"\/><\/a><\/td><td class=\"column-5\"><a href=\"\/wp-content\/uploads\/sites\/77\/pdf\/maasm_2018\/diagnostica\/FU\/OCVO_197_FU-00.pdf\" target=\"_blank\"><i class=\"fa fa-download\"\/><\/a><\/td><td class=\"column-6\"><a href=\"\/wp-content\/uploads\/sites\/77\/pdf\/maasm_2018\/diagnostica\/FU2\/OCVO_197_FU2.pdf\" target=\"_blank\"><i class=\"fa fa-download\"\/><\/a><\/td>\n<\/tr>\n<tr class=\"row-87\">\n\t<td class=\"column-1\">86<\/td><td class=\"column-2\">COMERCIALIZACI\u00d3N TUR\u00cdSTICA<\/td><td class=\"column-3\">SECTUR<\/td><td class=\"column-4\"><a href=\"\/wp-content\/uploads\/sites\/77\/pdf\/maasm_2018\/diagnostica\/DO\/197_SECTUR_DOCOPINION.pdf\" target=\"_blank\"><i class=\"fa fa-download\"\/><\/a><\/td><td class=\"column-5\"><a href=\"\/wp-content\/uploads\/sites\/77\/pdf\/maasm_2018\/diagnostica\/FU\/SECTUR_197_FU.pdf\" target=\"_blank\"><i class=\"fa fa-download\"\/><\/a><\/td><td class=\"column-6\"><\/td>\n<\/tr>\n<tr class=\"row-88\">\n\t<td class=\"column-1\">87<\/td><td class=\"column-2\">DESARROLLO TUR\u00cdSTICO SUSTENTABLE<\/td><td class=\"column-3\">SECTUR<\/td><td class=\"column-4\"><a href=\"\/wp-content\/uploads\/sites\/77\/pdf\/maasm_2018\/diagnostica\/DO\/198_SECTUR_DOCOPINION.pdf\" target=\"_blank\"><i class=\"fa fa-download\"\/><\/a><\/td><td class=\"column-5\"><a href=\"\/wp-content\/uploads\/sites\/77\/pdf\/maasm_2018\/diagnostica\/FU\/SECTUR_198_FU.pdf\" target=\"_blank\"><i class=\"fa fa-download\"\/><\/a><\/td><td class=\"column-6\"><\/td>\n<\/tr>\n<tr class=\"row-89\">\n\t<td class=\"column-1\">88<\/td><td class=\"column-2\">AMPLIACI\u00d3N DE LA COBERTURA DE EDUCACI\u00d3N MEDIA SUPERIOR<\/td><td class=\"column-3\">CECYTE<\/td><td class=\"column-4\"><a href=\"\/wp-content\/uploads\/sites\/77\/pdf\/maasm_2018\/diagnostica\/DO\/200_CECYTE_DOCOPINION.pdf\" target=\"_blank\"><i class=\"fa fa-download\"\/><\/a><\/td><td class=\"column-5\"><a href=\"\/wp-content\/uploads\/sites\/77\/pdf\/maasm_2018\/diagnostica\/FU\/CECYTEO_200_FU.pdf\" target=\"_blank\"><i class=\"fa fa-download\"\/><\/a><\/td><td class=\"column-6\"><a href=\"\/wp-content\/uploads\/sites\/77\/pdf\/maasm_2018\/diagnostica\/FU2\/CECYTEO_200_FU2.pdf\" target=\"_blank\"><i class=\"fa fa-download\"\/><\/a><\/td>\n<\/tr>\n<tr class=\"row-90\">\n\t<td class=\"column-1\">89<\/td><td class=\"column-2\">AMPLIACI\u00d3N DE LA COBERTURA DE EDUCACI\u00d3N MEDIA SUPERIOR<\/td><td class=\"column-3\">CEPPEMS<\/td><td class=\"column-4\"><a href=\"\/wp-content\/uploads\/sites\/77\/pdf\/maasm_2018\/diagnostica\/DO\/200_CEPPEMS_DOCOPINION.pdf\" target=\"_blank\"><i class=\"fa fa-download\"\/><\/a><\/td><td class=\"column-5\"><a href=\"\/wp-content\/uploads\/sites\/77\/pdf\/maasm_2018\/diagnostica\/FU\/CEPPEMS_200_FU.pdf\" target=\"_blank\"><i class=\"fa fa-download\"\/><\/a><\/td><td class=\"column-6\"><a href=\"\/wp-content\/uploads\/sites\/77\/pdf\/maasm_2018\/diagnostica\/FU2\/CEPPEMS_200_FU2.pdf\" target=\"_blank\"><i class=\"fa fa-download\"\/><\/a><\/td>\n<\/tr>\n<tr class=\"row-91\">\n\t<td class=\"column-1\">90<\/td><td class=\"column-2\">AMPLIACI\u00d3N DE LA COBERTURA DE EDUCACI\u00d3N MEDIA SUPERIOR<\/td><td class=\"column-3\">IEBO<\/td><td class=\"column-4\"><a href=\"\/wp-content\/uploads\/sites\/77\/pdf\/maasm_2018\/diagnostica\/DO\/200_IEBO_DOCOPINION.pdf\" target=\"_blank\"><i class=\"fa fa-download\"\/><\/a><\/td><td class=\"column-5\"><a href=\"\/wp-content\/uploads\/sites\/77\/pdf\/maasm_2018\/diagnostica\/FU\/IEBO_200_FU.pdf\" target=\"_blank\"><i class=\"fa fa-download\"\/><\/a><\/td><td class=\"column-6\"><a href=\"\/wp-content\/uploads\/sites\/77\/pdf\/maasm_2018\/diagnostica\/FU2\/IEBO_200_FU2.pdf\" target=\"_blank\"><i class=\"fa fa-download\"\/><\/a><\/td>\n<\/tr>\n<tr class=\"row-92\">\n\t<td class=\"column-1\">91<\/td><td class=\"column-2\">SALVAGUARDAR EL PATRIMONIO CULTURAL E INMATERIAL<\/td><td class=\"column-3\">INPAC<\/td><td class=\"column-4\"><a href=\"\/wp-content\/uploads\/sites\/77\/pdf\/maasm_2018\/diagnostica\/DO\/201_INPAC_DOCOPINION.pdf\" target=\"_blank\"><i class=\"fa fa-download\"\/><\/a><\/td><td class=\"column-5\"><a href=\"\/wp-content\/uploads\/sites\/77\/pdf\/maasm_2018\/diagnostica\/FU\/INPAC_201_FU.pdf\" target=\"_blank\"><i class=\"fa fa-download\"\/><\/a><\/td><td class=\"column-6\"><a href=\"\/wp-content\/uploads\/sites\/77\/pdf\/maasm_2018\/diagnostica\/FU2\/INPAC_201_FU2.pdf\" target=\"_blank\"><i class=\"fa fa-download\"\/><\/a><\/td>\n<\/tr>\n<tr class=\"row-93\">\n\t<td class=\"column-1\">92<\/td><td class=\"column-2\">PRESERVAR EL PATRIMONIO EDIFICADO CON VALOR HIST\u00d3RICO Y ART\u00cdSTICO<\/td><td class=\"column-3\">INPAC<\/td><td class=\"column-4\"><a href=\"\/wp-content\/uploads\/sites\/77\/pdf\/maasm_2018\/diagnostica\/DO\/202_INPAC_DOCOPINION.pdf\" target=\"_blank\"><i class=\"fa fa-download\"\/><\/a><\/td><td class=\"column-5\"><a href=\"\/wp-content\/uploads\/sites\/77\/pdf\/maasm_2018\/diagnostica\/FU\/INPAC_202_FU.pdf\" target=\"_blank\"><i class=\"fa fa-download\"\/><\/a><\/td><td class=\"column-6\"><a href=\"\/wp-content\/uploads\/sites\/77\/pdf\/maasm_2018\/diagnostica\/FU2\/INPAC_202_FU2.pdf\" target=\"_blank\"><i class=\"fa fa-download\"\/><\/a><\/td>\n<\/tr>\n<tr class=\"row-94\">\n\t<td class=\"column-1\">93<\/td><td class=\"column-2\">DESARROLLO SUSTENTABLE Y SOSTENIBLE DE LA PRODUCCI\u00d3N CULTURAL<\/td><td class=\"column-3\">CASA<\/td><td class=\"column-4\"><a href=\"\/wp-content\/uploads\/sites\/77\/pdf\/maasm_2018\/diagnostica\/DO\/203_CASA_DOCOPINION.pdf\" target=\"_blank\"><i class=\"fa fa-download\"\/><\/a><\/td><td class=\"column-5\"><a href=\"\/wp-content\/uploads\/sites\/77\/pdf\/maasm_2018\/diagnostica\/FU\/CASA_203_FU.pdf\" target=\"_blank\"><i class=\"fa fa-download\"\/><\/a><\/td><td class=\"column-6\"><a href=\"\/wp-content\/uploads\/sites\/77\/pdf\/maasm_2018\/diagnostica\/FU2\/CASA_203_FU2.pdf\" target=\"_blank\"><i class=\"fa fa-download\"\/><\/a><\/td>\n<\/tr>\n<tr class=\"row-95\">\n\t<td class=\"column-1\">94<\/td><td class=\"column-2\">DESARROLLO SUSTENTABLE Y SOSTENIBLE DE LA PRODUCCI\u00d3N CULTURAL<\/td><td class=\"column-3\">CCO<\/td><td class=\"column-4\"><a href=\"\/wp-content\/uploads\/sites\/77\/pdf\/maasm_2018\/diagnostica\/DO\/203_CCO_DOCOPINION.pdf\" target=\"_blank\"><i class=\"fa fa-download\"\/><\/a><\/td><td class=\"column-5\"><a href=\"\/wp-content\/uploads\/sites\/77\/pdf\/maasm_2018\/diagnostica\/FU\/CCO_203_FU-00.pdf\" target=\"_blank\"><i class=\"fa fa-download\"\/><\/a><\/td><td class=\"column-6\"><\/td>\n<\/tr>\n<tr class=\"row-96\">\n\t<td class=\"column-1\">95<\/td><td class=\"column-2\">ATRACCI\u00d3N DE INVERSIONES<\/td><td class=\"column-3\">FIDELO<\/td><td class=\"column-4\"><a href=\"\/wp-content\/uploads\/sites\/77\/pdf\/maasm_2018\/diagnostica\/DO\/210_FIDELO_DOCOPINION.pdf\" target=\"_blank\"><i class=\"fa fa-download\"\/><\/a><\/td><td class=\"column-5\"><a href=\"\/wp-content\/uploads\/sites\/77\/pdf\/maasm_2018\/diagnostica\/FU\/FIDELO_210_FU.pdf\" target=\"_blank\"><i class=\"fa fa-download\"\/><\/a><\/td><td class=\"column-6\"><a href=\"\/wp-content\/uploads\/sites\/77\/pdf\/maasm_2018\/diagnostica\/FU2\/FIDELO_210_FU2.pdf\" target=\"_blank\"><i class=\"fa fa-download\"\/><\/a><\/td>\n<\/tr>\n<tr class=\"row-97\">\n\t<td class=\"column-1\">96<\/td><td class=\"column-2\">VINCULACI\u00d3N DE LAS INSTITUCIONES DE EDUCACI\u00d3N SUPERIOR CON EL SECTOR PRODUCTIVO Y SOCIAL<\/td><td class=\"column-3\">ITSTE<\/td><td class=\"column-4\"><a href=\"\/wp-content\/uploads\/sites\/77\/pdf\/maasm_2018\/diagnostica\/DO\/156_ITSTE_DOCOPINION.pdf\" target=\"_blank\"><i class=\"fa fa-download\"\/><\/a><\/td><td class=\"column-5\"><a href=\"\/wp-content\/uploads\/sites\/77\/pdf\/maasm_2018\/diagnostica\/FU\/ITSTE_156_FU.pdf\" target=\"_blank\"><i class=\"fa fa-download\"\/><\/a><\/td><td class=\"column-6\"><a href=\"\/wp-content\/uploads\/sites\/77\/pdf\/maasm_2018\/diagnostica\/FU2\/ITSTE_156_FU2.pdf\" target=\"_blank\"><i class=\"fa fa-download\"\/><\/a><\/td>\n<\/tr>\n<tr class=\"row-98\">\n\t<td class=\"column-1\">97<\/td><td class=\"column-2\">VINCULACI\u00d3N DE LAS INSTITUCIONES DE EDUCACI\u00d3N SUPERIOR CON EL SECTOR PRODUCTIVO Y SOCIAL<\/td><td class=\"column-3\">UNPA<\/td><td class=\"column-4\"><a href=\"\/wp-content\/uploads\/sites\/77\/pdf\/maasm_2018\/diagnostica\/DO\/156_UNPA_DOCOPINION.pdf\" target=\"_blank\"><i class=\"fa fa-download\"\/><\/a><\/td><td class=\"column-5\"><a href=\"\/wp-content\/uploads\/sites\/77\/pdf\/maasm_2018\/diagnostica\/FU\/UNPA_156_FU.pdf\" target=\"_blank\"><i class=\"fa fa-download\"\/><\/a><\/td><td class=\"column-6\"><a href=\"\/wp-content\/uploads\/sites\/77\/pdf\/maasm_2018\/diagnostica\/FU2\/UNPA_156_FU2.pdf\" target=\"_blank\"><i class=\"fa fa-download\"\/><\/a><\/td>\n<\/tr>\n<tr class=\"row-99\">\n\t<td class=\"column-1\">98<\/td><td class=\"column-2\">FORTALECIMIENTO A LA VIVIENDA<\/td><td class=\"column-3\">CORETURO<\/td><td class=\"column-4\"><a href=\"\/wp-content\/uploads\/sites\/77\/pdf\/maasm_2018\/diagnostica\/DO\/101_CORETURO_DOCOPINION.pdf\" target=\"_blank\"><i class=\"fa fa-download\"\/><\/a><\/td><td class=\"column-5\"><a href=\"\/wp-content\/uploads\/sites\/77\/pdf\/maasm_2018\/diagnostica\/FU\/CORETURO_101_FU.pdf\" target=\"_blank\"><i class=\"fa fa-download\"\/><\/a><\/td><td class=\"column-6\"><a href=\"\/wp-content\/uploads\/sites\/77\/pdf\/maasm_2018\/diagnostica\/FU2\/CORETURO_101_FU2.pdf\" target=\"_blank\"><i class=\"fa fa-download\"\/><\/a><\/td>\n<\/tr>\n<tr class=\"row-100\">\n\t<td class=\"column-1\">99<\/td><td class=\"column-2\">VINCULACI\u00d3N DE LAS INSTITUCIONES DE EDUCACI\u00d3N SUPERIOR CON EL SECTOR PRODUCTIVO Y SOCIAL<\/td><td class=\"column-3\">UNSIS<\/td><td class=\"column-4\"><a href=\"\/wp-content\/uploads\/sites\/77\/pdf\/maasm_2018\/diagnostica\/DO\/156_UNSIS_DOCOPINION.pdf\" target=\"_blank\"><i class=\"fa fa-download\"\/><\/a><\/td><td class=\"column-5\"><a href=\"\/wp-content\/uploads\/sites\/77\/pdf\/maasm_2018\/diagnostica\/FU\/UNSIS_156_FU.pdf\" target=\"_blank\"><i class=\"fa fa-download\"\/><\/a><\/td><td class=\"column-6\"><a href=\"\/wp-content\/uploads\/sites\/77\/pdf\/maasm_2018\/diagnostica\/FU2\/UNSIS_156_FU2.pdf\" target=\"_blank\"><i class=\"fa fa-download\"\/><\/a><\/td>\n<\/tr>\n<tr class=\"row-101\">\n\t<td class=\"column-1\">100<\/td><td class=\"column-2\">FORTALECIMIENTO A LA VIVIENDA<\/td><td class=\"column-3\">SINFRA<\/td><td class=\"column-4\"><a href=\"\/wp-content\/uploads\/sites\/77\/pdf\/maasm_2018\/diagnostica\/DO\/101_SINFRA_DOCOPINION.pdf\" target=\"_blank\"><i class=\"fa fa-download\"\/><\/a><\/td><td class=\"column-5\"><a href=\"\/wp-content\/uploads\/sites\/77\/pdf\/maasm_2018\/diagnostica\/FU\/SINFRA_101_FU.pdf\" target=\"_blank\"><i class=\"fa fa-download\"\/><\/a><\/td><td class=\"column-6\"><a href=\"\/wp-content\/uploads\/sites\/77\/pdf\/maasm_2018\/diagnostica\/FU2\/SINFRA_101_FU2.pdf\" target=\"_blank\"><i class=\"fa fa-download\"\/><\/a><\/td>\n<\/tr>\n<tr class=\"row-102\">\n\t<td class=\"column-1\">101<\/td><td class=\"column-2\">VINCULACI\u00d3N DE LAS INSTITUCIONES DE EDUCACI\u00d3N SUPERIOR CON EL SECTOR PRODUCTIVO Y SOCIAL<\/td><td class=\"column-3\">UTVCO<\/td><td class=\"column-4\"><a href=\"\/wp-content\/uploads\/sites\/77\/pdf\/maasm_2018\/diagnostica\/DO\/156_UTVCO_DOCOPINION.pdf\" target=\"_blank\"><i class=\"fa fa-download\"\/><\/a><\/td><td class=\"column-5\"><a href=\"\/wp-content\/uploads\/sites\/77\/pdf\/maasm_2018\/diagnostica\/FU\/UTVCO_156_FU.pdf\" target=\"_blank\"><i class=\"fa fa-download\"\/><\/a><\/td><td class=\"column-6\"><a href=\"\/wp-content\/uploads\/sites\/77\/pdf\/maasm_2018\/diagnostica\/FU2\/UTVCO_156_FU2.pdf\" target=\"_blank\"><i class=\"fa fa-download\"\/><\/a><\/td>\n<\/tr>\n<tr class=\"row-103\">\n\t<td class=\"column-1\">102<\/td><td class=\"column-2\">INVESTIGACI\u00d3N CIENT\u00cdFICA Y TECNOL\u00d3GICA<\/td><td class=\"column-3\">UNPA<\/td><td class=\"column-4\"><a href=\"\/wp-content\/uploads\/sites\/77\/pdf\/maasm_2018\/diagnostica\/DO\/104_UNPA_DOCOPINION.pdf\" target=\"_blank\"><i class=\"fa fa-download\"\/><\/a><\/td><td class=\"column-5\"><a href=\"\/wp-content\/uploads\/sites\/77\/pdf\/maasm_2018\/diagnostica\/FU\/UNPA_104_FU.pdf\" target=\"_blank\"><i class=\"fa fa-download\"\/><\/a><\/td><td class=\"column-6\"><a href=\"\/wp-content\/uploads\/sites\/77\/pdf\/maasm_2018\/diagnostica\/FU2\/UNPA_104_FU2.pdf\" target=\"_blank\"><i class=\"fa fa-download\"\/><\/a><\/td>\n<\/tr>\n<tr class=\"row-104\">\n\t<td class=\"column-1\">103<\/td><td class=\"column-2\">DERECHOS DE LOS PUEBLOS Y COMUNIDADES IND\u00cdGENAS Y AFROMEXICANAS<\/td><td class=\"column-3\">SAI<\/td><td class=\"column-4\"><a href=\"\/wp-content\/uploads\/sites\/77\/pdf\/maasm_2018\/diagnostica\/DO\/157_SAI_DOCOPINION.pdf\" target=\"_blank\"><i class=\"fa fa-download\"\/><\/a><\/td><td class=\"column-5\"><a href=\"\/wp-content\/uploads\/sites\/77\/pdf\/maasm_2018\/diagnostica\/FU\/SAI_157_FU.pdf\" target=\"_blank\"><i class=\"fa fa-download\"\/><\/a><\/td><td class=\"column-6\"><a href=\"\/wp-content\/uploads\/sites\/77\/pdf\/maasm_2018\/diagnostica\/FU2\/SAI_157_FU2.pdf\" target=\"_blank\"><i class=\"fa fa-download\"\/><\/a><\/td>\n<\/tr>\n<tr class=\"row-105\">\n\t<td class=\"column-1\">104<\/td><td class=\"column-2\">INVESTIGACI\u00d3N CIENT\u00cdFICA Y TECNOL\u00d3GICA<\/td><td class=\"column-3\">UNSIS<\/td><td class=\"column-4\"><a href=\"\/wp-content\/uploads\/sites\/77\/pdf\/maasm_2018\/diagnostica\/DO\/104_UNSIS_DOCOPINION.pdf\" target=\"_blank\"><i class=\"fa fa-download\"\/><\/a><\/td><td class=\"column-5\"><a href=\"\/wp-content\/uploads\/sites\/77\/pdf\/maasm_2018\/diagnostica\/FU\/UNSIS_104_FU.pdf\" target=\"_blank\"><i class=\"fa fa-download\"\/><\/a><\/td><td class=\"column-6\"><a href=\"\/wp-content\/uploads\/sites\/77\/pdf\/maasm_2018\/diagnostica\/FU2\/UNSIS_104_FU2.pdf\" target=\"_blank\"><i class=\"fa fa-download\"\/><\/a><\/td>\n<\/tr>\n<tr class=\"row-106\">\n\t<td class=\"column-1\">105<\/td><td class=\"column-2\">POL\u00cdTICA TRANSVERSAL DE DERECHOS DE NI\u00d1AS, NI\u00d1OS Y ADOLESCENTES<\/td><td class=\"column-3\">DIF<\/td><td class=\"column-4\"><a href=\"\/wp-content\/uploads\/sites\/77\/pdf\/maasm_2018\/diagnostica\/DO\/158_DIF_DOCOPINION.pdf\" target=\"_blank\"><i class=\"fa fa-download\"\/><\/a><\/td><td class=\"column-5\"><a href=\"\/wp-content\/uploads\/sites\/77\/pdf\/maasm_2018\/diagnostica\/FU\/DIF_158_FU.pdf\" target=\"_blank\"><i class=\"fa fa-download\"\/><\/a><\/td><td class=\"column-6\"><a href=\"\/wp-content\/uploads\/sites\/77\/pdf\/maasm_2018\/diagnostica\/FU2\/DIF_158_FU2.pdf\" target=\"_blank\"><i class=\"fa fa-download\"\/><\/a><\/td>\n<\/tr>\n<tr class=\"row-107\">\n\t<td class=\"column-1\">106<\/td><td class=\"column-2\">AMPLIACI\u00d3N Y MEJORA DE CAMINOS RURALES<\/td><td class=\"column-3\">CAO<\/td><td class=\"column-4\"><a href=\"\/wp-content\/uploads\/sites\/77\/pdf\/maasm_2018\/diagnostica\/DO\/108_CAO_DOCOPINION.pdf\" target=\"_blank\"><i class=\"fa fa-download\"\/><\/a><\/td><td class=\"column-5\"><a href=\"\/wp-content\/uploads\/sites\/77\/pdf\/maasm_2018\/diagnostica\/FU\/CAO_108_FU-0.pdf\" target=\"_blank\"><i class=\"fa fa-download\"\/><\/a><\/td><td class=\"column-6\"><\/td>\n<\/tr>\n<tr class=\"row-108\">\n\t<td class=\"column-1\">107<\/td><td class=\"column-2\">ATENCI\u00d3N M\u00c9DICA<\/td><td class=\"column-3\">HNO<\/td><td class=\"column-4\"><a href=\"\/wp-content\/uploads\/sites\/77\/pdf\/maasm_2018\/diagnostica\/DO\/159_NHO_DOCOPINION.pdf\" target=\"_blank\"><i class=\"fa fa-download\"\/><\/a><\/td><td class=\"column-5\"><a href=\"\/wp-content\/uploads\/sites\/77\/pdf\/maasm_2018\/diagnostica\/FU\/HNO_159_FU.pdf\" target=\"_blank\"><i class=\"fa fa-download\"\/><\/a><\/td><td class=\"column-6\"><\/td>\n<\/tr>\n<tr class=\"row-109\">\n\t<td class=\"column-1\">108<\/td><td class=\"column-2\">AMPLIACI\u00d3N Y MEJORA DE CAMINOS RURALES<\/td><td class=\"column-3\">SINFRA<\/td><td class=\"column-4\"><a href=\"\/wp-content\/uploads\/sites\/77\/pdf\/maasm_2018\/diagnostica\/DO\/108_SINFRA_DOCOPINION.pdf\" target=\"_blank\"><i class=\"fa fa-download\"\/><\/a><\/td><td class=\"column-5\"><a href=\"\/wp-content\/uploads\/sites\/77\/pdf\/maasm_2018\/diagnostica\/FU\/SINFRA_108_FU.pdf\" target=\"_blank\"><i class=\"fa fa-download\"\/><\/a><\/td><td class=\"column-6\"><a href=\"\/wp-content\/uploads\/sites\/77\/pdf\/maasm_2018\/diagnostica\/FU2\/SINFRA_108_FU2.pdf\" target=\"_blank\"><i class=\"fa fa-download\"\/><\/a><\/td>\n<\/tr>\n<tr class=\"row-110\">\n\t<td class=\"column-1\">109<\/td><td class=\"column-2\">ATENCI\u00d3N M\u00c9DICA<\/td><td class=\"column-3\">REPSS<\/td><td class=\"column-4\"><a href=\"\/wp-content\/uploads\/sites\/77\/pdf\/maasm_2018\/diagnostica\/DO\/159_REPSS_DOCOPINION.pdf\" target=\"_blank\"><i class=\"fa fa-download\"\/><\/a><\/td><td class=\"column-5\"><a href=\"\/wp-content\/uploads\/sites\/77\/pdf\/maasm_2018\/diagnostica\/FU\/REPSSO_159_FU.pdf\" target=\"_blank\"><i class=\"fa fa-download\"\/><\/a><\/td><td class=\"column-6\"><a href=\"\/wp-content\/uploads\/sites\/77\/pdf\/maasm_2018\/diagnostica\/FU2\/REPSSO_159_FU2.pdf\" target=\"_blank\"><i class=\"fa fa-download\"\/><\/a><\/td>\n<\/tr>\n<tr class=\"row-111\">\n\t<td class=\"column-1\">110<\/td><td class=\"column-2\">DESARROLLO AGR\u00cdCOLA<\/td><td class=\"column-3\">SEDAPA<\/td><td class=\"column-4\"><a href=\"\/wp-content\/uploads\/sites\/77\/pdf\/maasm_2018\/diagnostica\/DO\/109_SEDAPA_DOCOPINION.pdf\" target=\"_blank\"><i class=\"fa fa-download\"\/><\/a><\/td><td class=\"column-5\"><a href=\"\/wp-content\/uploads\/sites\/77\/pdf\/maasm_2018\/diagnostica\/FU\/SEDAPA_109_FU.pdf\" target=\"_blank\"><i class=\"fa fa-download\"\/><\/a><\/td><td class=\"column-6\"><a href=\"\/wp-content\/uploads\/sites\/77\/pdf\/maasm_2018\/diagnostica\/FU2\/SEDAPA_109_FU2.pdf\" target=\"_blank\"><i class=\"fa fa-download\"\/><\/a><\/td>\n<\/tr>\n<tr class=\"row-112\">\n\t<td class=\"column-1\">111<\/td><td class=\"column-2\">ATENCI\u00d3N M\u00c9DICA<\/td><td class=\"column-3\">SSO<\/td><td class=\"column-4\"><a href=\"\/wp-content\/uploads\/sites\/77\/pdf\/maasm_2018\/diagnostica\/DO\/159_SSO_DOCOPINION.pdf\" target=\"_blank\"><i class=\"fa fa-download\"\/><\/a><\/td><td class=\"column-5\"><a href=\"\/wp-content\/uploads\/sites\/77\/pdf\/maasm_2018\/diagnostica\/FU\/SSO_159_FU.pdf\" target=\"_blank\"><i class=\"fa fa-download\"\/><\/a><\/td><td class=\"column-6\"><a href=\"\/wp-content\/uploads\/sites\/77\/pdf\/maasm_2018\/diagnostica\/FU2\/SSO_159_FU2.pdf\" target=\"_blank\"><i class=\"fa fa-download\"\/><\/a><\/td>\n<\/tr>\n<tr class=\"row-113\">\n\t<td class=\"column-1\">112<\/td><td class=\"column-2\">DESARROLLO PECUARIO<\/td><td class=\"column-3\">SEDAPA<\/td><td class=\"column-4\"><a href=\"\/wp-content\/uploads\/sites\/77\/pdf\/maasm_2018\/diagnostica\/DO\/110_SEDAPA_DOCOPINION.pdf\" target=\"_blank\"><i class=\"fa fa-download\"\/><\/a><\/td><td class=\"column-5\"><a href=\"\/wp-content\/uploads\/sites\/77\/pdf\/maasm_2018\/diagnostica\/FU\/SEDAPA_110_FU.pdf\" target=\"_blank\"><i class=\"fa fa-download\"\/><\/a><\/td><td class=\"column-6\"><a href=\"\/wp-content\/uploads\/sites\/77\/pdf\/maasm_2018\/diagnostica\/FU2\/SEDAPA_110_FU2.pdf\" target=\"_blank\"><i class=\"fa fa-download\"\/><\/a><\/td>\n<\/tr>\n<tr class=\"row-114\">\n\t<td class=\"column-1\">113<\/td><td class=\"column-2\">CONSERVACI\u00d3N DE ECOSISTEMAS Y PREVENCI\u00d3N DEL DETERIORO AMBIENTAL<\/td><td class=\"column-3\">CEA<\/td><td class=\"column-4\"><a href=\"\/wp-content\/uploads\/sites\/77\/pdf\/maasm_2018\/diagnostica\/DO\/160_CEA_DOCOPINION.pdf\" target=\"_blank\"><i class=\"fa fa-download\"\/><\/a><\/td><td class=\"column-5\"><a href=\"\/wp-content\/uploads\/sites\/77\/pdf\/maasm_2018\/diagnostica\/FU\/CEA_160_FU.pdf\" target=\"_blank\"><i class=\"fa fa-download\"\/><\/a><\/td><td class=\"column-6\"><a href=\"\/wp-content\/uploads\/sites\/77\/pdf\/maasm_2018\/diagnostica\/FU2\/CEA_160_FU2.pdf\" target=\"_blank\"><i class=\"fa fa-download\"\/><\/a><\/td>\n<\/tr>\n<tr class=\"row-115\">\n\t<td class=\"column-1\">114<\/td><td class=\"column-2\">DESARROLLO ACU\u00cdCOLA Y PESQUERO<\/td><td class=\"column-3\">SEDAPA<\/td><td class=\"column-4\"><a href=\"\/wp-content\/uploads\/sites\/77\/pdf\/maasm_2018\/diagnostica\/DO\/111_SEDAPA_DOCOPINION.pdf\" target=\"_blank\"><i class=\"fa fa-download\"\/><\/a><\/td><td class=\"column-5\"><a href=\"\/wp-content\/uploads\/sites\/77\/pdf\/maasm_2018\/diagnostica\/FU\/SEDAPA_111_FU.pdf\" target=\"_blank\"><i class=\"fa fa-download\"\/><\/a><\/td><td class=\"column-6\"><a href=\"\/wp-content\/uploads\/sites\/77\/pdf\/maasm_2018\/diagnostica\/FU2\/SEDAPA_111_FU2.pdf\" target=\"_blank\"><i class=\"fa fa-download\"\/><\/a><\/td>\n<\/tr>\n<tr class=\"row-116\">\n\t<td class=\"column-1\">115<\/td><td class=\"column-2\">CONSERVACI\u00d3N DE ECOSISTEMAS Y PREVENCI\u00d3N DEL DETERIORO AMBIENTAL<\/td><td class=\"column-3\">SAPAO<\/td><td class=\"column-4\"><a href=\"\/wp-content\/uploads\/sites\/77\/pdf\/maasm_2018\/diagnostica\/DO\/160_SAPAO_DOCOPINION.pdf\" target=\"_blank\"><i class=\"fa fa-download\"\/><\/a><\/td><td class=\"column-5\"><a href=\"\/wp-content\/uploads\/sites\/77\/pdf\/maasm_2018\/diagnostica\/FU\/SAPAO_160_FU.pdf\" target=\"_blank\"><i class=\"fa fa-download\"\/><\/a><\/td><td class=\"column-6\"><a href=\"\/wp-content\/uploads\/sites\/77\/pdf\/maasm_2018\/diagnostica\/FU2\/SAPAO_160_FU2.pdf\" target=\"_blank\"><i class=\"fa fa-download\"\/><\/a><\/td>\n<\/tr>\n<tr class=\"row-117\">\n\t<td class=\"column-1\">116<\/td><td class=\"column-2\">AUTOEMPLEO Y FORMALIDAD LABORAL<\/td><td class=\"column-3\">SE<\/td><td class=\"column-4\"><a href=\"\/wp-content\/uploads\/sites\/77\/pdf\/maasm_2018\/diagnostica\/DO\/113_SE_DOCOPINION.pdf\" target=\"_blank\"><i class=\"fa fa-download\"\/><\/a><\/td><td class=\"column-5\"><a href=\"\/wp-content\/uploads\/sites\/77\/pdf\/maasm_2018\/diagnostica\/FU\/SE_113_FU.pdf\" target=\"_blank\"><i class=\"fa fa-download\"\/><\/a><\/td><td class=\"column-6\"><a href=\"\/wp-content\/uploads\/sites\/77\/pdf\/maasm_2018\/diagnostica\/FU2\/SE_113_FU2.pdf\" target=\"_blank\"><i class=\"fa fa-download\"\/><\/a><\/td>\n<\/tr>\n<tr class=\"row-118\">\n\t<td class=\"column-1\">117<\/td><td class=\"column-2\">CONSERVACI\u00d3N DE ECOSISTEMAS Y PREVENCI\u00d3N DEL DETERIORO AMBIENTAL<\/td><td class=\"column-3\">SEDAPA<\/td><td class=\"column-4\"><a href=\"\/wp-content\/uploads\/sites\/77\/pdf\/maasm_2018\/diagnostica\/DO\/160_SEDAPA_DOCOPINION.pdf\" target=\"_blank\"><i class=\"fa fa-download\"\/><\/a><\/td><td class=\"column-5\"><a href=\"\/wp-content\/uploads\/sites\/77\/pdf\/maasm_2018\/diagnostica\/FU\/SEDAPA_160_FU.pdf\" target=\"_blank\"><i class=\"fa fa-download\"\/><\/a><\/td><td class=\"column-6\"><a href=\"\/wp-content\/uploads\/sites\/77\/pdf\/maasm_2018\/diagnostica\/FU2\/SEDAPA_160_FU2.pdf\" target=\"_blank\"><i class=\"fa fa-download\"\/><\/a><\/td>\n<\/tr>\n<tr class=\"row-119\">\n\t<td class=\"column-1\">118<\/td><td class=\"column-2\">PROFESIONALIZACI\u00d3N DE LAS INSTITUCIONES DE SEGURIDAD P\u00daBLICA<\/td><td class=\"column-3\">SSPO<\/td><td class=\"column-4\"><a href=\"\/wp-content\/uploads\/sites\/77\/pdf\/maasm_2018\/diagnostica\/DO\/114_SSPO_DOCOPINION.pdf\" target=\"_blank\"><i class=\"fa fa-download\"\/><\/a><\/td><td class=\"column-5\"><a href=\"\/wp-content\/uploads\/sites\/77\/pdf\/maasm_2018\/diagnostica\/FU\/SSPO_114_FU.pdf\" target=\"_blank\"><i class=\"fa fa-download\"\/><\/a><\/td><td class=\"column-6\"><a href=\"\/wp-content\/uploads\/sites\/77\/pdf\/maasm_2018\/diagnostica\/FU2\/SSPO_114_FU2.pdf\" target=\"_blank\"><i class=\"fa fa-download\"\/><\/a><\/td>\n<\/tr>\n<tr class=\"row-120\">\n\t<td class=\"column-1\">119<\/td><td class=\"column-2\">FORTALECIMIENTO EMPRESARIAL<\/td><td class=\"column-3\">FIFEO<\/td><td class=\"column-4\"><a href=\"\/wp-content\/uploads\/sites\/77\/pdf\/maasm_2018\/diagnostica\/DO\/161_FIFEO_DOCOPINION.pdf\" target=\"_blank\"><i class=\"fa fa-download\"\/><\/a><\/td><td class=\"column-5\"><a href=\"\/wp-content\/uploads\/sites\/77\/pdf\/maasm_2018\/diagnostica\/FU\/FIFEO_161_FU.pdf\" target=\"_blank\"><i class=\"fa fa-download\"\/><\/a><\/td><td class=\"column-6\"><a href=\"\/wp-content\/uploads\/sites\/77\/pdf\/maasm_2018\/diagnostica\/FU2\/FIFEO_161_FU2.pdf\" target=\"_blank\"><i class=\"fa fa-download\"\/><\/a><\/td>\n<\/tr>\n<tr class=\"row-121\">\n\t<td class=\"column-1\">120<\/td><td class=\"column-2\">EVALUACI\u00d3N Y CERTIFICACI\u00d3N POLICIAL<\/td><td class=\"column-3\">SESESP<\/td><td class=\"column-4\"><a href=\"\/wp-content\/uploads\/sites\/77\/pdf\/maasm_2018\/diagnostica\/DO\/115_SESESP_DOCOPINION.pdf\" target=\"_blank\"><i class=\"fa fa-download\"\/><\/a><\/td><td class=\"column-5\"><a href=\"\/wp-content\/uploads\/sites\/77\/pdf\/maasm_2018\/diagnostica\/FU\/SESESP_115_FU.pdf\" target=\"_blank\"><i class=\"fa fa-download\"\/><\/a><\/td><td class=\"column-6\"><a href=\"\/wp-content\/uploads\/sites\/77\/pdf\/maasm_2018\/diagnostica\/FU2\/SESESP_115_FU2.pdf\" target=\"_blank\"><i class=\"fa fa-download\"\/><\/a><\/td>\n<\/tr>\n<tr class=\"row-122\">\n\t<td class=\"column-1\">121<\/td><td class=\"column-2\">FORTALECIMIENTO EMPRESARIAL<\/td><td class=\"column-3\">SE<\/td><td class=\"column-4\"><a href=\"\/wp-content\/uploads\/sites\/77\/pdf\/maasm_2018\/diagnostica\/DO\/161_SE_DOCOPINION.pdf\" target=\"_blank\"><i class=\"fa fa-download\"\/><\/a><\/td><td class=\"column-5\"><a href=\"\/wp-content\/uploads\/sites\/77\/pdf\/maasm_2018\/diagnostica\/FU\/SE_161_FU.pdf\" target=\"_blank\"><i class=\"fa fa-download\"\/><\/a><\/td><td class=\"column-6\"><a href=\"\/wp-content\/uploads\/sites\/77\/pdf\/maasm_2018\/diagnostica\/FU2\/SE_161_FU2.pdf\" target=\"_blank\"><i class=\"fa fa-download\"\/><\/a><\/td>\n<\/tr>\n<tr class=\"row-123\">\n\t<td class=\"column-1\">122<\/td><td class=\"column-2\">AMPLIACI\u00d3N Y MEJORA DE CARRETERAS ALIMENTADORAS<\/td><td class=\"column-3\">CAO<\/td><td class=\"column-4\"><a href=\"\/wp-content\/uploads\/sites\/77\/pdf\/maasm_2018\/diagnostica\/DO\/116_CAO_DOCOPINION.pdf\" target=\"_blank\"><i class=\"fa fa-download\"\/><\/a><\/td><td class=\"column-5\"><a href=\"\/wp-content\/uploads\/sites\/77\/pdf\/maasm_2018\/diagnostica\/FU\/CAO_116_FU-0.pdf\" target=\"_blank\"><i class=\"fa fa-download\"\/><\/a><\/td><td class=\"column-6\"><\/td>\n<\/tr>\n<tr class=\"row-124\">\n\t<td class=\"column-1\">123<\/td><td class=\"column-2\">PROCURACI\u00d3N GENERAL DE JUSTICIA<\/td><td class=\"column-3\">FIGEO<\/td><td class=\"column-4\"><a href=\"\/wp-content\/uploads\/sites\/77\/pdf\/maasm_2018\/diagnostica\/DO\/162_FIGEO_DOCOPINION.pdf\" target=\"_blank\"><i class=\"fa fa-download\"\/><\/a><\/td><td class=\"column-5\"><a href=\"\/wp-content\/uploads\/sites\/77\/pdf\/maasm_2018\/diagnostica\/FU\/FIGEO_162_FU.pdf\" target=\"_blank\"><i class=\"fa fa-download\"\/><\/a><\/td><td class=\"column-6\"><\/td>\n<\/tr>\n<tr class=\"row-125\">\n\t<td class=\"column-1\">124<\/td><td class=\"column-2\">AMPLIACI\u00d3N Y MEJORA DE CARRETERAS ALIMENTADORAS<\/td><td class=\"column-3\">SINFRA<\/td><td class=\"column-4\"><a href=\"\/wp-content\/uploads\/sites\/77\/pdf\/maasm_2018\/diagnostica\/DO\/116_SINFRA_DOCOPINION.pdf\" target=\"_blank\"><i class=\"fa fa-download\"\/><\/a><\/td><td class=\"column-5\"><a href=\"\/wp-content\/uploads\/sites\/77\/pdf\/maasm_2018\/diagnostica\/FU\/SINFRA_116_FU.pdf\" target=\"_blank\"><i class=\"fa fa-download\"\/><\/a><\/td><td class=\"column-6\"><a href=\"\/wp-content\/uploads\/sites\/77\/pdf\/maasm_2018\/diagnostica\/FU2\/SINFRA_116_FU2.pdf\" target=\"_blank\"><i class=\"fa fa-download\"\/><\/a><\/td>\n<\/tr>\n<tr class=\"row-126\">\n\t<td class=\"column-1\">125<\/td><td class=\"column-2\">PARTICIPACI\u00d3N COMUNITARIA PARA EL DESARROLLO HUMANO CON ASISTENCIA ALIMENTARIA<\/td><td class=\"column-3\">DIF<\/td><td class=\"column-4\"><a href=\"\/wp-content\/uploads\/sites\/77\/pdf\/maasm_2018\/diagnostica\/DO\/163_DIF_DOCOPINION.pdf\" target=\"_blank\"><i class=\"fa fa-download\"\/><\/a><\/td><td class=\"column-5\"><a href=\"\/wp-content\/uploads\/sites\/77\/pdf\/maasm_2018\/diagnostica\/FU\/DIF_163_FU.pdf\" target=\"_blank\"><i class=\"fa fa-download\"\/><\/a><\/td><td class=\"column-6\"><a href=\"\/wp-content\/uploads\/sites\/77\/pdf\/maasm_2018\/diagnostica\/FU2\/DIF_163_FU2.pdf\" target=\"_blank\"><i class=\"fa fa-download\"\/><\/a><\/td>\n<\/tr>\n<tr class=\"row-127\">\n\t<td class=\"column-1\">126<\/td><td class=\"column-2\">PREVENCI\u00d3N, SEGURIDAD Y PROTECCI\u00d3N P\u00daBLICA<\/td><td class=\"column-3\">SSPO<\/td><td class=\"column-4\"><a href=\"\/wp-content\/uploads\/sites\/77\/pdf\/maasm_2018\/diagnostica\/DO\/120_SSPO_DOCOPINION.pdf\" target=\"_blank\"><i class=\"fa fa-download\"\/><\/a><\/td><td class=\"column-5\"><a href=\"\/wp-content\/uploads\/sites\/77\/pdf\/maasm_2018\/diagnostica\/FU\/SSPO_120_FU.pdf\" target=\"_blank\"><i class=\"fa fa-download\"\/><\/a><\/td><td class=\"column-6\"><a href=\"\/wp-content\/uploads\/sites\/77\/pdf\/maasm_2018\/diagnostica\/FU2\/SSPO_120_FU2.pdf\" target=\"_blank\"><i class=\"fa fa-download\"\/><\/a><\/td>\n<\/tr>\n<tr class=\"row-128\">\n\t<td class=\"column-1\">127<\/td><td class=\"column-2\">PARTICIPACI\u00d3N COMUNITARIA PARA EL DESARROLLO HUMANO CON ASISTENCIA ALIMENTARIA<\/td><td class=\"column-3\">SEDESOH<\/td><td class=\"column-4\"><a href=\"\/wp-content\/uploads\/sites\/77\/pdf\/maasm_2018\/diagnostica\/DO\/163_SEDESOH_DOCOPINION.pdf\" target=\"_blank\"><i class=\"fa fa-download\"\/><\/a><\/td><td class=\"column-5\"><a href=\"\/wp-content\/uploads\/sites\/77\/pdf\/maasm_2018\/diagnostica\/FU\/SEDESOH_163_FU.pdf\" target=\"_blank\"><i class=\"fa fa-download\"\/><\/a><\/td><td class=\"column-6\"><a href=\"\/wp-content\/uploads\/sites\/77\/pdf\/maasm_2018\/diagnostica\/FU2\/SEDESOH_163_FU2.pdf\" target=\"_blank\"><i class=\"fa fa-download\"\/><\/a><\/td>\n<\/tr>\n<tr class=\"row-129\">\n\t<td class=\"column-1\">128<\/td><td class=\"column-2\">FORTALECIMIENTO DEL SISTEMA PENITENCIARIO<\/td><td class=\"column-3\">SINFRA<\/td><td class=\"column-4\"><a href=\"\/wp-content\/uploads\/sites\/77\/pdf\/maasm_2018\/diagnostica\/DO\/121_SINFRA_DOCOPINION.pdf\" target=\"_blank\"><i class=\"fa fa-download\"\/><\/a><\/td><td class=\"column-5\"><a href=\"\/wp-content\/uploads\/sites\/77\/pdf\/maasm_2018\/diagnostica\/FU\/SINFRA_121_FU.pdf\" target=\"_blank\"><i class=\"fa fa-download\"\/><\/a><\/td><td class=\"column-6\"><a href=\"\/wp-content\/uploads\/sites\/77\/pdf\/maasm_2018\/diagnostica\/FU2\/SINFRA_121_FU2.pdf\" target=\"_blank\"><i class=\"fa fa-download\"\/><\/a><\/td>\n<\/tr>\n<tr class=\"row-130\">\n\t<td class=\"column-1\">129<\/td><td class=\"column-2\">FORTALECIMIENTO DEL SISTEMA DE SALUD<\/td><td class=\"column-3\">REPSS<\/td><td class=\"column-4\"><a href=\"\/wp-content\/uploads\/sites\/77\/pdf\/maasm_2018\/diagnostica\/DO\/164_REPSS_DOCOPINION.pdf\" target=\"_blank\"><i class=\"fa fa-download\"\/><\/a><\/td><td class=\"column-5\"><a href=\"\/wp-content\/uploads\/sites\/77\/pdf\/maasm_2018\/diagnostica\/FU\/REPSSO_164_FU.pdf\" target=\"_blank\"><i class=\"fa fa-download\"\/><\/a><\/td><td class=\"column-6\"><a href=\"\/wp-content\/uploads\/sites\/77\/pdf\/maasm_2018\/diagnostica\/FU2\/REPSSO_164_FU2.pdf\" target=\"_blank\"><i class=\"fa fa-download\"\/><\/a><\/td>\n<\/tr>\n<tr class=\"row-131\">\n\t<td class=\"column-1\">130<\/td><td class=\"column-2\">FORTALECIMIENTO DEL SISTEMA PENITENCIARIO<\/td><td class=\"column-3\">SSPO<\/td><td class=\"column-4\"><a href=\"\/wp-content\/uploads\/sites\/77\/pdf\/maasm_2018\/diagnostica\/DO\/121_SSPO_DOCOPINION.pdf\" target=\"_blank\"><i class=\"fa fa-download\"\/><\/a><\/td><td class=\"column-5\"><a href=\"\/wp-content\/uploads\/sites\/77\/pdf\/maasm_2018\/diagnostica\/FU\/SSPO_121_FU.pdf\" target=\"_blank\"><i class=\"fa fa-download\"\/><\/a><\/td><td class=\"column-6\"><a href=\"\/wp-content\/uploads\/sites\/77\/pdf\/maasm_2018\/diagnostica\/FU2\/SSPO_121_FU2.pdf\" target=\"_blank\"><i class=\"fa fa-download\"\/><\/a><\/td>\n<\/tr>\n<tr class=\"row-132\">\n\t<td class=\"column-1\">131<\/td><td class=\"column-2\">FORTALECIMIENTO DEL SISTEMA DE SALUD<\/td><td class=\"column-3\">SINFRA<\/td><td class=\"column-4\"><a href=\"\/wp-content\/uploads\/sites\/77\/pdf\/maasm_2018\/diagnostica\/DO\/164_SINFRA_DOCOPINION.pdf\" target=\"_blank\"><i class=\"fa fa-download\"\/><\/a><\/td><td class=\"column-5\"><a href=\"\/wp-content\/uploads\/sites\/77\/pdf\/maasm_2018\/diagnostica\/FU\/SINFRA_164_FU.pdf\" target=\"_blank\"><i class=\"fa fa-download\"\/><\/a><\/td><td class=\"column-6\"><a href=\"\/wp-content\/uploads\/sites\/77\/pdf\/maasm_2018\/diagnostica\/FU2\/SINFRA_164_FU2.pdf\" target=\"_blank\"><i class=\"fa fa-download\"\/><\/a><\/td>\n<\/tr>\n<tr class=\"row-133\">\n\t<td class=\"column-1\">132<\/td><td class=\"column-2\">MEJORAMIENTO URBANO DE LOS CENTROS DE POBLACI\u00d3N<\/td><td class=\"column-3\">SINFRA<\/td><td class=\"column-4\"><a href=\"\/wp-content\/uploads\/sites\/77\/pdf\/maasm_2018\/diagnostica\/DO\/122_SINFRA_DOCOPINION.pdf\" target=\"_blank\"><i class=\"fa fa-download\"\/><\/a><\/td><td class=\"column-5\"><a href=\"\/wp-content\/uploads\/sites\/77\/pdf\/maasm_2018\/diagnostica\/FU\/SINFRA_122_FU.pdf\" target=\"_blank\"><i class=\"fa fa-download\"\/><\/a><\/td><td class=\"column-6\"><a href=\"\/wp-content\/uploads\/sites\/77\/pdf\/maasm_2018\/diagnostica\/FU2\/SINFRA_122_FU2.pdf\" target=\"_blank\"><i class=\"fa fa-download\"\/><\/a><\/td>\n<\/tr>\n<tr class=\"row-134\">\n\t<td class=\"column-1\">133<\/td><td class=\"column-2\">FORTALECIMIENTO DEL SISTEMA DE SALUD<\/td><td class=\"column-3\">SSO<\/td><td class=\"column-4\"><a href=\"\/wp-content\/uploads\/sites\/77\/pdf\/maasm_2018\/diagnostica\/DO\/164_SSO_DOCOPINION.pdf\" target=\"_blank\"><i class=\"fa fa-download\"\/><\/a><\/td><td class=\"column-5\"><a href=\"\/wp-content\/uploads\/sites\/77\/pdf\/maasm_2018\/diagnostica\/FU\/SSO_164_FU.pdf\" target=\"_blank\"><i class=\"fa fa-download\"\/><\/a><\/td><td class=\"column-6\"><a href=\"\/wp-content\/uploads\/sites\/77\/pdf\/maasm_2018\/diagnostica\/FU2\/SSO_164_FU2.pdf\" target=\"_blank\"><i class=\"fa fa-download\"\/><\/a><\/td>\n<\/tr>\n<tr class=\"row-135\">\n\t<td class=\"column-1\">134<\/td><td class=\"column-2\">PROCESOS ELECTORALES Y MECANISMOS DE PARTICIPACI\u00d3N CIUDADANA<\/td><td class=\"column-3\">IEEPCO<\/td><td class=\"column-4\"><a href=\"\/wp-content\/uploads\/sites\/77\/pdf\/maasm_2018\/diagnostica\/DO\/123_IEEPCO_DOCOPINION.pdf\" target=\"_blank\"><i class=\"fa fa-download\"\/><\/a><\/td><td class=\"column-5\"><a href=\"\/wp-content\/uploads\/sites\/77\/pdf\/maasm_2018\/diagnostica\/FU\/IEEPCO_123_FU.pdf\" target=\"_blank\"><i class=\"fa fa-download\"\/><\/a><\/td><td class=\"column-6\"><a href=\"\/wp-content\/uploads\/sites\/77\/pdf\/maasm_2018\/diagnostica\/FU2\/IEEPCO_123_FU2.pdf\" target=\"_blank\"><i class=\"fa fa-download\"\/><\/a><\/td>\n<\/tr>\n<tr class=\"row-136\">\n\t<td class=\"column-1\">135<\/td><td class=\"column-2\">TRANSPARENCIA, RENDICI\u00d3N DE CUENTAS, ACCESO A LA INFORMACI\u00d3N P\u00daBLICA Y PROTECCI\u00d3N DE DATOS PERSONALES<\/td><td class=\"column-3\">IAIP<\/td><td class=\"column-4\"><a href=\"\/wp-content\/uploads\/sites\/77\/pdf\/maasm_2018\/diagnostica\/DO\/165_IAIP_DOCOPINION.pdf\" target=\"_blank\"><i class=\"fa fa-download\"\/><\/a><\/td><td class=\"column-5\"><a href=\"\/wp-content\/uploads\/sites\/77\/pdf\/maasm_2018\/diagnostica\/FU\/IAIP_165_FU.pdf\" target=\"_blank\"><i class=\"fa fa-download\"\/><\/a><\/td><td class=\"column-6\"><a href=\"\/wp-content\/uploads\/sites\/77\/pdf\/maasm_2018\/diagnostica\/FU2\/IAIP_165_FU2.pdf\" target=\"_blank\"><i class=\"fa fa-download\"\/><\/a><\/td>\n<\/tr>\n<tr class=\"row-137\">\n\t<td class=\"column-1\">136<\/td><td class=\"column-2\">PROCESOS ELECTORALES Y MECANISMOS DE PARTICIPACI\u00d3N CIUDADANA<\/td><td class=\"column-3\">TEEO<\/td><td class=\"column-4\"><a href=\"\/wp-content\/uploads\/sites\/77\/pdf\/maasm_2018\/diagnostica\/DO\/123_TEEO_DOCOPINION.pdf\" target=\"_blank\"><i class=\"fa fa-download\"\/><\/a><\/td><td class=\"column-5\"><a href=\"\/wp-content\/uploads\/sites\/77\/pdf\/maasm_2018\/diagnostica\/FU\/TEEO_123_FU.pdf\" target=\"_blank\"><i class=\"fa fa-download\"\/><\/a><\/td><td class=\"column-6\"><a href=\"\/wp-content\/uploads\/sites\/77\/pdf\/maasm_2018\/diagnostica\/FU2\/TEEO_123_FU2.pdf\" target=\"_blank\"><i class=\"fa fa-download\"\/><\/a><\/td>\n<\/tr>\n<tr class=\"row-138\">\n\t<td class=\"column-1\">137<\/td><td class=\"column-2\">TRANSPARENCIA, RENDICI\u00d3N DE CUENTAS, ACCESO A LA INFORMACI\u00d3N P\u00daBLICA Y PROTECCI\u00d3N DE DATOS PERSONALES<\/td><td class=\"column-3\">SCTG<\/td><td class=\"column-4\"><a href=\"\/wp-content\/uploads\/sites\/77\/pdf\/maasm_2018\/diagnostica\/DO\/165_SCTG_DOCOPINION.pdf\" target=\"_blank\"><i class=\"fa fa-download\"\/><\/a><\/td><td class=\"column-5\"><a href=\"\/wp-content\/uploads\/sites\/77\/pdf\/maasm_2018\/diagnostica\/FU\/SCYTG_165_FU.pdf\" target=\"_blank\"><i class=\"fa fa-download\"\/><\/a><\/td><td class=\"column-6\"><a href=\"\/wp-content\/uploads\/sites\/77\/pdf\/maasm_2018\/diagnostica\/FU2\/SCYTG_165_FU2.pdf\" target=\"_blank\"><i class=\"fa fa-download\"\/><\/a><\/td>\n<\/tr>\n<tr class=\"row-139\">\n\t<td class=\"column-1\">138<\/td><td class=\"column-2\">EDUCACI\u00d3N PARA J\u00d3VENES Y ADULTOS Y DESARROLLO DE COMPETENCIAS PARA EL TRABAJO<\/td><td class=\"column-3\">IEEA<\/td><td class=\"column-4\"><a href=\"\/wp-content\/uploads\/sites\/77\/pdf\/maasm_2018\/diagnostica\/DO\/2125_IEEA_DOCOPINION.pdf\" target=\"_blank\"><i class=\"fa fa-download\"\/><\/a><\/td><td class=\"column-5\"><a href=\"\/wp-content\/uploads\/sites\/77\/pdf\/maasm_2018\/diagnostica\/FU\/IEEA_125_FU.pdf\" target=\"_blank\"><i class=\"fa fa-download\"\/><\/a><\/td><td class=\"column-6\"><\/td>\n<\/tr>\n<tr class=\"row-140\">\n\t<td class=\"column-1\">139<\/td><td class=\"column-2\">DESARROLLO Y FORTALECIMIENTO DE CAPACIDADES DE LOS MUNICIPIOS<\/td><td class=\"column-3\">COPLADE<\/td><td class=\"column-4\"><a href=\"\/wp-content\/uploads\/sites\/77\/pdf\/maasm_2018\/diagnostica\/DO\/166_COPLADE_DOCOPINION.pdf\" target=\"_blank\"><i class=\"fa fa-download\"\/><\/a><\/td><td class=\"column-5\"><a href=\"\/wp-content\/uploads\/sites\/77\/pdf\/maasm_2018\/diagnostica\/FU\/COPLADE_166_FU.pdf\" target=\"_blank\"><i class=\"fa fa-download\"\/><\/a><\/td><td class=\"column-6\"><\/td>\n<\/tr>\n<tr class=\"row-141\">\n\t<td class=\"column-1\">140<\/td><td class=\"column-2\">FORTALECIMIENTO Y MODERNIZACI\u00d3N DEL TRASPORTE P\u00daBLICO Y PRIVADO DEL ESTADO<\/td><td class=\"column-3\">SEVITRA<\/td><td class=\"column-4\"><a href=\"\/wp-content\/uploads\/sites\/77\/pdf\/maasm_2018\/diagnostica\/DO\/126_SEVITRA_DOCOPINION.pdf\" target=\"_blank\"><i class=\"fa fa-download\"\/><\/a><\/td><td class=\"column-5\"><a href=\"\/wp-content\/uploads\/sites\/77\/pdf\/maasm_2018\/diagnostica\/FU\/SEVITRA_126_FU.pdf\" target=\"_blank\"><i class=\"fa fa-download\"\/><\/a><\/td><td class=\"column-6\"><a href=\"\/wp-content\/uploads\/sites\/77\/pdf\/maasm_2018\/diagnostica\/FU2\/SEMOVI_126_FU2.pdf\" target=\"_blank\"><i class=\"fa fa-download\"\/><\/a><\/td>\n<\/tr>\n<tr class=\"row-142\">\n\t<td class=\"column-1\">141<\/td><td class=\"column-2\">DESARROLLO Y FORTALECIMIENTO DE CAPACIDADES DE LOS MUNICIPIOS<\/td><td class=\"column-3\">SINFRA<\/td><td class=\"column-4\"><a href=\"\/wp-content\/uploads\/sites\/77\/pdf\/maasm_2018\/diagnostica\/DO\/166_SINFRA_DOCOPINION.pdf\" target=\"_blank\"><i class=\"fa fa-download\"\/><\/a><\/td><td class=\"column-5\"><a href=\"\/wp-content\/uploads\/sites\/77\/pdf\/maasm_2018\/diagnostica\/FU\/SINFRA_166_FU.pdf\" target=\"_blank\"><i class=\"fa fa-download\"\/><\/a><\/td><td class=\"column-6\"><a href=\"\/wp-content\/uploads\/sites\/77\/pdf\/maasm_2018\/diagnostica\/FU2\/SINFRA_166_FU2.pdf\" target=\"_blank\"><i class=\"fa fa-download\"\/><\/a><\/td>\n<\/tr>\n<tr class=\"row-143\">\n\t<td class=\"column-1\">142<\/td><td class=\"column-2\">INCREMENTO DE LA OFERTA EDUCATIVA SUPERIOR<\/td><td class=\"column-3\">CGEMSYSCYT<\/td><td class=\"column-4\"><a href=\"\/wp-content\/uploads\/sites\/77\/pdf\/maasm_2018\/diagnostica\/DO\/127_CGEMSYSCYT_DOCOPINION.pdf\" target=\"_blank\"><i class=\"fa fa-download\"\/><\/a><\/td><td class=\"column-5\"><a href=\"\/wp-content\/uploads\/sites\/77\/pdf\/maasm_2018\/diagnostica\/FU\/CGEMSYSCYT_127_FU.pdf\" target=\"_blank\"><i class=\"fa fa-download\"\/><\/a><\/td><td class=\"column-6\"><a href=\"\/wp-content\/uploads\/sites\/77\/pdf\/maasm_2018\/diagnostica\/FU2\/CGEMSYSCYT_127_FU2.pdf\" target=\"_blank\"><i class=\"fa fa-download\"\/><\/a><\/td>\n<\/tr>\n<tr class=\"row-144\">\n\t<td class=\"column-1\">143<\/td><td class=\"column-2\">ATENCI\u00d3N SOCIAL A GRUPOS VULNERABLES<\/td><td class=\"column-3\">DIF<\/td><td class=\"column-4\"><a href=\"\/wp-content\/uploads\/sites\/77\/pdf\/maasm_2018\/diagnostica\/DO\/168_DIF_DOCOPINION.pdf\" target=\"_blank\"><i class=\"fa fa-download\"\/><\/a><\/td><td class=\"column-5\"><a href=\"\/wp-content\/uploads\/sites\/77\/pdf\/maasm_2018\/diagnostica\/FU\/DIF_168_FU.pdf\" target=\"_blank\"><i class=\"fa fa-download\"\/><\/a><\/td><td class=\"column-6\"><a href=\"\/wp-content\/uploads\/sites\/77\/pdf\/maasm_2018\/diagnostica\/FU2\/DIF_168_FU2.pdf\" target=\"_blank\"><i class=\"fa fa-download\"\/><\/a><\/td>\n<\/tr>\n<tr class=\"row-145\">\n\t<td class=\"column-1\">144<\/td><td class=\"column-2\">INCREMENTO DE LA OFERTA EDUCATIVA SUPERIOR<\/td><td class=\"column-3\">ITSMIGRA<\/td><td class=\"column-4\"><a href=\"\/wp-content\/uploads\/sites\/77\/pdf\/maasm_2018\/diagnostica\/DO\/127_ITSMIGRA_DOCOPINION.pdf\" target=\"_blank\"><i class=\"fa fa-download\"\/><\/a><\/td><td class=\"column-5\"><a href=\"\/wp-content\/uploads\/sites\/77\/pdf\/maasm_2018\/diagnostica\/FU\/ITSMIGRA_127_FU.pdf\" target=\"_blank\"><i class=\"fa fa-download\"\/><\/a><\/td><td class=\"column-6\"><\/td>\n<\/tr>\n<tr class=\"row-146\">\n\t<td class=\"column-1\">145<\/td><td class=\"column-2\">ATENCI\u00d3N SOCIAL A GRUPOS VULNERABLES<\/td><td class=\"column-3\">SEDESOH<\/td><td class=\"column-4\"><a href=\"\/wp-content\/uploads\/sites\/77\/pdf\/maasm_2018\/diagnostica\/DO\/168_SEDESOH_DOCOPINION.pdf\" target=\"_blank\"><i class=\"fa fa-download\"\/><\/a><\/td><td class=\"column-5\"><a href=\"\/wp-content\/uploads\/sites\/77\/pdf\/maasm_2018\/diagnostica\/FU\/SEDESOH_168_FU.pdf\" target=\"_blank\"><i class=\"fa fa-download\"\/><\/a><\/td><td class=\"column-6\"><a href=\"\/wp-content\/uploads\/sites\/77\/pdf\/maasm_2018\/diagnostica\/FU2\/SEDESOH_168_FU2.pdf\" target=\"_blank\"><i class=\"fa fa-download\"\/><\/a><\/td>\n<\/tr>\n<tr class=\"row-147\">\n\t<td class=\"column-1\">146<\/td><td class=\"column-2\">INCREMENTO DE LA OFERTA EDUCATIVA SUPERIOR<\/td><td class=\"column-3\">ITSTE<\/td><td class=\"column-4\"><a href=\"\/wp-content\/uploads\/sites\/77\/pdf\/maasm_2018\/diagnostica\/DO\/127_ITSTE_DOCOPINION.pdf\" target=\"_blank\"><i class=\"fa fa-download\"\/><\/a><\/td><td class=\"column-5\"><a href=\"\/wp-content\/uploads\/sites\/77\/pdf\/maasm_2018\/diagnostica\/FU\/ITSTE_127_FU.pdf\" target=\"_blank\"><i class=\"fa fa-download\"\/><\/a><\/td><td class=\"column-6\"><a href=\"\/wp-content\/uploads\/sites\/77\/pdf\/maasm_2018\/diagnostica\/FU2\/ITSTE_127_FU2.pdf\" target=\"_blank\"><i class=\"fa fa-download\"\/><\/a><\/td>\n<\/tr>\n<tr class=\"row-148\">\n\t<td class=\"column-1\">147<\/td><td class=\"column-2\">PREVENCI\u00d3N Y PROMOCI\u00d3N DE LA SALUD<\/td><td class=\"column-3\">HNO<\/td><td class=\"column-4\"><a href=\"\/wp-content\/uploads\/sites\/77\/pdf\/maasm_2018\/diagnostica\/DO\/169_NHO_DOCOPINION.pdf\" target=\"_blank\"><i class=\"fa fa-download\"\/><\/a><\/td><td class=\"column-5\"><a href=\"\/wp-content\/uploads\/sites\/77\/pdf\/maasm_2018\/diagnostica\/FU\/HNO_169_FU.pdf\" target=\"_blank\"><i class=\"fa fa-download\"\/><\/a><\/td><td class=\"column-6\"><\/td>\n<\/tr>\n<tr class=\"row-149\">\n\t<td class=\"column-1\">148<\/td><td class=\"column-2\">INCREMENTO DE LA OFERTA EDUCATIVA SUPERIOR<\/td><td class=\"column-3\">SINFRA<\/td><td class=\"column-4\"><a href=\"\/wp-content\/uploads\/sites\/77\/pdf\/maasm_2018\/diagnostica\/DO\/127_SINFRA_DOCOPINION.pdf\" target=\"_blank\"><i class=\"fa fa-download\"\/><\/a><\/td><td class=\"column-5\"><a href=\"\/wp-content\/uploads\/sites\/77\/pdf\/maasm_2018\/diagnostica\/FU\/SINFRA_127_FU.pdf\" target=\"_blank\"><i class=\"fa fa-download\"\/><\/a><\/td><td class=\"column-6\"><a href=\"\/wp-content\/uploads\/sites\/77\/pdf\/maasm_2018\/diagnostica\/FU2\/SINFRA_127_FU2.pdf\" target=\"_blank\"><i class=\"fa fa-download\"\/><\/a><\/td>\n<\/tr>\n<tr class=\"row-150\">\n\t<td class=\"column-1\">149<\/td><td class=\"column-2\">PREVENCI\u00d3N Y PROMOCI\u00d3N DE LA SALUD<\/td><td class=\"column-3\">REPSS<\/td><td class=\"column-4\"><a href=\"\/wp-content\/uploads\/sites\/77\/pdf\/maasm_2018\/diagnostica\/DO\/169_REPSS_DOCOPINION.pdf\" target=\"_blank\"><i class=\"fa fa-download\"\/><\/a><\/td><td class=\"column-5\"><a href=\"\/wp-content\/uploads\/sites\/77\/pdf\/maasm_2018\/diagnostica\/FU\/REPSSO_169_FU.pdf\" target=\"_blank\"><i class=\"fa fa-download\"\/><\/a><\/td><td class=\"column-6\"><a href=\"\/wp-content\/uploads\/sites\/77\/pdf\/maasm_2018\/diagnostica\/FU2\/REPSSO_169_FU2.pdf\" target=\"_blank\"><i class=\"fa fa-download\"\/><\/a><\/td>\n<\/tr>\n<tr class=\"row-151\">\n\t<td class=\"column-1\">150<\/td><td class=\"column-2\">INCREMENTO DE LA OFERTA EDUCATIVA SUPERIOR<\/td><td class=\"column-3\">UNPA<\/td><td class=\"column-4\"><a href=\"\/wp-content\/uploads\/sites\/77\/pdf\/maasm_2018\/diagnostica\/DO\/127_UNPA_DOCOPINION.pdf\" target=\"_blank\"><i class=\"fa fa-download\"\/><\/a><\/td><td class=\"column-5\"><a href=\"\/wp-content\/uploads\/sites\/77\/pdf\/maasm_2018\/diagnostica\/FU\/UNPA_127_FU.pdf\" target=\"_blank\"><i class=\"fa fa-download\"\/><\/a><\/td><td class=\"column-6\"><a href=\"\/wp-content\/uploads\/sites\/77\/pdf\/maasm_2018\/diagnostica\/FU2\/UNPA_127_FU2.pdf\" target=\"_blank\"><i class=\"fa fa-download\"\/><\/a><\/td>\n<\/tr>\n<tr class=\"row-152\">\n\t<td class=\"column-1\">151<\/td><td class=\"column-2\">PREVENCI\u00d3N Y PROMOCI\u00d3N DE LA SALUD<\/td><td class=\"column-3\">SAI<\/td><td class=\"column-4\"><a href=\"\/wp-content\/uploads\/sites\/77\/pdf\/maasm_2018\/diagnostica\/DO\/169_SAI_DOCOPINION.pdf\" target=\"_blank\"><i class=\"fa fa-download\"\/><\/a><\/td><td class=\"column-5\"><a href=\"\/wp-content\/uploads\/sites\/77\/pdf\/maasm_2018\/diagnostica\/FU\/SAI_169_FU.pdf\" target=\"_blank\"><i class=\"fa fa-download\"\/><\/a><\/td><td class=\"column-6\"><a href=\"\/wp-content\/uploads\/sites\/77\/pdf\/maasm_2018\/diagnostica\/FU2\/SAI_169_FU2.pdf\" target=\"_blank\"><i class=\"fa fa-download\"\/><\/a><\/td>\n<\/tr>\n<tr class=\"row-153\">\n\t<td class=\"column-1\">152<\/td><td class=\"column-2\">INCREMENTO DE LA OFERTA EDUCATIVA SUPERIOR<\/td><td class=\"column-3\">UNSIS<\/td><td class=\"column-4\"><a href=\"\/wp-content\/uploads\/sites\/77\/pdf\/maasm_2018\/diagnostica\/DO\/127_UNSIS_DOCOPINION.pdf\" target=\"_blank\"><i class=\"fa fa-download\"\/><\/a><\/td><td class=\"column-5\"><a href=\"\/wp-content\/uploads\/sites\/77\/pdf\/maasm_2018\/diagnostica\/FU\/UNSIS_127_FU.pdf\" target=\"_blank\"><i class=\"fa fa-download\"\/><\/a><\/td><td class=\"column-6\"><a href=\"\/wp-content\/uploads\/sites\/77\/pdf\/maasm_2018\/diagnostica\/FU2\/UNSIS_127_FU2.pdf\" target=\"_blank\"><i class=\"fa fa-download\"\/><\/a><\/td>\n<\/tr>\n<tr class=\"row-154\">\n\t<td class=\"column-1\">153<\/td><td class=\"column-2\">PREVENCI\u00d3N Y PROMOCI\u00d3N DE LA SALUD<\/td><td class=\"column-3\">SSO<\/td><td class=\"column-4\"><a href=\"\/wp-content\/uploads\/sites\/77\/pdf\/maasm_2018\/diagnostica\/DO\/169_SSO_DOCOPINION.pdf\" target=\"_blank\"><i class=\"fa fa-download\"\/><\/a><\/td><td class=\"column-5\"><a href=\"\/wp-content\/uploads\/sites\/77\/pdf\/maasm_2018\/diagnostica\/FU\/SSSO_169_FU.pdf\" target=\"_blank\"><i class=\"fa fa-download\"\/><\/a><\/td><td class=\"column-6\"><a href=\"\/wp-content\/uploads\/sites\/77\/pdf\/maasm_2018\/diagnostica\/FU2\/SSO_169_FU2.pdf\" target=\"_blank\"><i class=\"fa fa-download\"\/><\/a><\/td>\n<\/tr>\n<tr class=\"row-155\">\n\t<td class=\"column-1\">154<\/td><td class=\"column-2\">INCREMENTO DE LA OFERTA EDUCATIVA SUPERIOR<\/td><td class=\"column-3\">UTVCO<\/td><td class=\"column-4\"><a href=\"\/wp-content\/uploads\/sites\/77\/pdf\/maasm_2018\/diagnostica\/DO\/127_UTVCO_DOCOPINION.pdf\" target=\"_blank\"><i class=\"fa fa-download\"\/><\/a><\/td><td class=\"column-5\"><a href=\"\/wp-content\/uploads\/sites\/77\/pdf\/maasm_2018\/diagnostica\/FU\/UTVCO_127_FU.pdf\" target=\"_blank\"><i class=\"fa fa-download\"\/><\/a><\/td><td class=\"column-6\"><a href=\"\/wp-content\/uploads\/sites\/77\/pdf\/maasm_2018\/diagnostica\/FU2\/UTVCO_127_FU2.pdf\" target=\"_blank\"><i class=\"fa fa-download\"\/><\/a><\/td>\n<\/tr>\n<tr class=\"row-156\">\n\t<td class=\"column-1\">155<\/td><td class=\"column-2\">VIGILANCIA Y FISCALIZACI\u00d3N EN EL USO DE LOS RECURSOS P\u00daBLICOS<\/td><td class=\"column-3\">SCTG<\/td><td class=\"column-4\"><a href=\"\/wp-content\/uploads\/sites\/77\/pdf\/maasm_2018\/diagnostica\/DO\/171_SCTG_DOCOPINION.pdf\" target=\"_blank\"><i class=\"fa fa-download\"\/><\/a><\/td><td class=\"column-5\"><a href=\"\/wp-content\/uploads\/sites\/77\/pdf\/maasm_2018\/diagnostica\/FU\/SCYTG_171_FU.pdf\" target=\"_blank\"><i class=\"fa fa-download\"\/><\/a><\/td><td class=\"column-6\"><a href=\"\/wp-content\/uploads\/sites\/77\/pdf\/maasm_2018\/diagnostica\/FU2\/SCYTG_171_FU2.pdf\" target=\"_blank\"><i class=\"fa fa-download\"\/><\/a><\/td>\n<\/tr>\n<tr class=\"row-157\">\n\t<td class=\"column-1\">156<\/td><td class=\"column-2\">FORMACI\u00d3N CON CALIDAD EN LA EDUCACI\u00d3N MEDIA SUPERIOR<\/td><td class=\"column-3\">CGEMSYSCYT<\/td><td class=\"column-4\"><a href=\"\/wp-content\/uploads\/sites\/77\/pdf\/maasm_2018\/diagnostica\/DO\/132_CGEMSYSCYT_DOCOPINION.pdf\" target=\"_blank\"><i class=\"fa fa-download\"\/><\/a><\/td><td class=\"column-5\"><a href=\"\/wp-content\/uploads\/sites\/77\/pdf\/maasm_2018\/diagnostica\/FU\/CGEMSYSCYT_132_FU_DIAG.pdf\" target=\"_blank\"><i class=\"fa fa-download\"\/><\/a><\/td><td class=\"column-6\"><a href=\"\/wp-content\/uploads\/sites\/77\/pdf\/maasm_2018\/diagnostica\/FU2\/CGEMSYSCYT_132_FU2.pdf\" target=\"_blank\"><i class=\"fa fa-download\"\/><\/a><\/td>\n<\/tr>\n<tr class=\"row-158\">\n\t<td class=\"column-1\">157<\/td><td class=\"column-2\">PROMOCI\u00d3N, RECREACI\u00d3N Y FOMENTO DE LA ACTIVACI\u00d3N F\u00cdSICA Y DEL DEPORTE<\/td><td class=\"column-3\">SINFRA<\/td><td class=\"column-4\"><a href=\"\/wp-content\/uploads\/sites\/77\/pdf\/maasm_2018\/diagnostica\/DO\/174_SINFRA_DOCOPINION.pdf\" target=\"_blank\"><i class=\"fa fa-download\"\/><\/a><\/td><td class=\"column-5\"><a href=\"\/wp-content\/uploads\/sites\/77\/pdf\/maasm_2018\/diagnostica\/FU\/SINFRA_174_FU.pdf\" target=\"_blank\"><i class=\"fa fa-download\"\/><\/a><\/td><td class=\"column-6\"><a href=\"\/wp-content\/uploads\/sites\/77\/pdf\/maasm_2018\/diagnostica\/FU2\/SINFRA_174_FU2.pdf\" target=\"_blank\"><i class=\"fa fa-download\"\/><\/a><\/td>\n<\/tr>\n<tr class=\"row-159\">\n\t<td class=\"column-1\">158<\/td><td class=\"column-2\">FORMACI\u00d3N CON CALIDAD EN LA EDUCACI\u00d3N MEDIA SUPERIOR<\/td><td class=\"column-3\">COBAO<\/td><td class=\"column-4\"><a href=\"\/wp-content\/uploads\/sites\/77\/pdf\/maasm_2018\/diagnostica\/DO\/132_COBAO_DOCOPINION.pdf\" target=\"_blank\"><i class=\"fa fa-download\"\/><\/a><\/td><td class=\"column-5\"><a href=\"\/wp-content\/uploads\/sites\/77\/pdf\/maasm_2018\/diagnostica\/FU\/COBAO_132_FU.pdf\" target=\"_blank\"><i class=\"fa fa-download\"\/><\/a><\/td><td class=\"column-6\"><\/td>\n<\/tr>\n<tr class=\"row-160\">\n\t<td class=\"column-1\">159<\/td><td class=\"column-2\">REGULACI\u00d3N Y FOMENTO SANITARIO<\/td><td class=\"column-3\">HNO<\/td><td class=\"column-4\"><a href=\"\/wp-content\/uploads\/sites\/77\/pdf\/maasm_2018\/diagnostica\/DO\/175_NHO_DOCOPINION.pdf\" target=\"_blank\"><i class=\"fa fa-download\"\/><\/a><\/td><td class=\"column-5\"><a href=\"\/wp-content\/uploads\/sites\/77\/pdf\/maasm_2018\/diagnostica\/FU\/HNO_175_FU.pdf\" target=\"_blank\"><i class=\"fa fa-download\"\/><\/a><\/td><td class=\"column-6\"><\/td>\n<\/tr>\n<tr class=\"row-161\">\n\t<td class=\"column-1\">160<\/td><td class=\"column-2\">FORMACI\u00d3N CON CALIDAD EN LA EDUCACI\u00d3N MEDIA SUPERIOR<\/td><td class=\"column-3\">CSEIIO<\/td><td class=\"column-4\"><a href=\"\/wp-content\/uploads\/sites\/77\/pdf\/maasm_2018\/diagnostica\/DO\/132_CSEIIO_DOCOPINION.pdf\" target=\"_blank\"><i class=\"fa fa-download\"\/><\/a><\/td><td class=\"column-5\"><a href=\"\/wp-content\/uploads\/sites\/77\/pdf\/maasm_2018\/diagnostica\/FU\/CSEIIO_132_FU.pdf\" target=\"_blank\"><i class=\"fa fa-download\"\/><\/a><\/td><td class=\"column-6\"><a href=\"\/wp-content\/uploads\/sites\/77\/pdf\/maasm_2018\/diagnostica\/FU2\/CSEIIO_132_FU2.pdf\" target=\"_blank\"><i class=\"fa fa-download\"\/><\/a><\/td>\n<\/tr>\n<tr class=\"row-162\">\n\t<td class=\"column-1\">161<\/td><td class=\"column-2\">REGULACI\u00d3N Y FOMENTO SANITARIO<\/td><td class=\"column-3\">SSO<\/td><td class=\"column-4\"><a href=\"\/wp-content\/uploads\/sites\/77\/pdf\/maasm_2018\/diagnostica\/DO\/175_SSO_DOCOPINION.pdf\" target=\"_blank\"><i class=\"fa fa-download\"\/><\/a><\/td><td class=\"column-5\"><a href=\"\/wp-content\/uploads\/sites\/77\/pdf\/maasm_2018\/diagnostica\/FU\/SSO_175_FU.pdf\" target=\"_blank\"><i class=\"fa fa-download\"\/><\/a><\/td><td class=\"column-6\"><a href=\"\/wp-content\/uploads\/sites\/77\/pdf\/maasm_2018\/diagnostica\/FU2\/SSO_175_FU2.pdf\" target=\"_blank\"><i class=\"fa fa-download\"\/><\/a><\/td>\n<\/tr>\n<tr class=\"row-163\">\n\t<td class=\"column-1\">162<\/td><td class=\"column-2\">FORMACI\u00d3N CON CALIDAD EN LA EDUCACI\u00d3N MEDIA SUPERIOR<\/td><td class=\"column-3\">UABJO<\/td><td class=\"column-4\"><a href=\"\/wp-content\/uploads\/sites\/77\/pdf\/maasm_2018\/diagnostica\/DO\/132_UABJO_DOCOPINION.pdf\" target=\"_blank\"><i class=\"fa fa-download\"\/><\/a><\/td><td class=\"column-5\"><a href=\"\/wp-content\/uploads\/sites\/77\/pdf\/maasm_2018\/diagnostica\/FU\/UABJO_132_FU.pdf\" target=\"_blank\"><i class=\"fa fa-download\"\/><\/a><\/td><td class=\"column-6\"><a href=\"\/wp-content\/uploads\/sites\/77\/pdf\/maasm_2018\/diagnostica\/FU2\/UABJO_132_FU2.pdf\" target=\"_blank\"><i class=\"fa fa-download\"\/><\/a><\/td>\n<\/tr>\n<tr class=\"row-164\">\n\t<td class=\"column-1\">163<\/td><td class=\"column-2\">PRODUCCI\u00d3N, TRANSMISI\u00d3N Y COBERTURA DE RADIO, TELEVISI\u00d3N Y TELECOMUNICACIONES P\u00daBLICAS<\/td><td class=\"column-3\">CORTV<\/td><td class=\"column-4\"><a href=\"\/wp-content\/uploads\/sites\/77\/pdf\/maasm_2018\/diagnostica\/DO\/177_CORTV_DOCOPINION.pdf\" target=\"_blank\"><i class=\"fa fa-download\"\/><\/a><\/td><td class=\"column-5\"><a href=\"\/wp-content\/uploads\/sites\/77\/pdf\/maasm_2018\/diagnostica\/FU\/CORTV_177_FU-00.pdf\" target=\"_blank\"><i class=\"fa fa-download\"\/><\/a><\/td><td class=\"column-6\"><a href=\"\/wp-content\/uploads\/sites\/77\/pdf\/maasm_2018\/diagnostica\/FU2\/CORTV_177_FU2.pdf\" target=\"_blank\"><i class=\"fa fa-download\"\/><\/a><\/td>\n<\/tr>\n<tr class=\"row-165\">\n\t<td class=\"column-1\">164<\/td><td class=\"column-2\">ATENCI\u00d3N REGIONAL A GRUPOS EN VULNERABILIDAD<\/td><td class=\"column-3\">SEDESOH<\/td><td class=\"column-4\"><a href=\"\/wp-content\/uploads\/sites\/77\/pdf\/maasm_2018\/diagnostica\/DO\/134_SEDESOH_DOCOPINION.pdf\" target=\"_blank\"><i class=\"fa fa-download\"\/><\/a><\/td><td class=\"column-5\"><a href=\"\/wp-content\/uploads\/sites\/77\/pdf\/maasm_2018\/diagnostica\/FU\/SEDESOH_134_FU.pdf\" target=\"_blank\"><i class=\"fa fa-download\"\/><\/a><\/td><td class=\"column-6\"><a href=\"\/wp-content\/uploads\/sites\/77\/pdf\/maasm_2018\/diagnostica\/FU2\/SEDESOH_134_FU2.pdf\" target=\"_blank\"><i class=\"fa fa-download\"\/><\/a><\/td>\n<\/tr>\n<tr class=\"row-166\">\n\t<td class=\"column-1\">165<\/td><td class=\"column-2\">DIFUSI\u00d3N DE ACCIONES, PROGRAMAS Y POL\u00cdTICAS GUBERNAMENTALES<\/td><td class=\"column-3\">CJ<\/td><td class=\"column-4\"><a href=\"\/wp-content\/uploads\/sites\/77\/pdf\/maasm_2018\/diagnostica\/DO\/178_CJ_DOCOPINION.pdf\" target=\"_blank\"><i class=\"fa fa-download\"\/><\/a><\/td><td class=\"column-5\"><a href=\"\/wp-content\/uploads\/sites\/77\/pdf\/maasm_2018\/diagnostica\/FU\/CJ_178_FU.pdf\" target=\"_blank\"><i class=\"fa fa-download\"\/><\/a><\/td><td class=\"column-6\"><a href=\"\/wp-content\/uploads\/sites\/77\/pdf\/maasm_2018\/diagnostica\/FU2\/CJ_178_FU2.pdf\" target=\"_blank\"><i class=\"fa fa-download\"\/><\/a><\/td>\n<\/tr>\n<tr class=\"row-167\">\n\t<td class=\"column-1\">166<\/td><td class=\"column-2\">AMPLIACI\u00d3N Y MEJORAMIENTO DE LA COBERTURA EL\u00c9CTRICA<\/td><td class=\"column-3\">CEVI<\/td><td class=\"column-4\"><a href=\"\/wp-content\/uploads\/sites\/77\/pdf\/maasm_2018\/diagnostica\/DO\/137_CEVI_DOCOPINION.pdf\" target=\"_blank\"><i class=\"fa fa-download\"\/><\/a><\/td><td class=\"column-5\"><a href=\"\/wp-content\/uploads\/sites\/77\/pdf\/maasm_2018\/diagnostica\/FU\/CEVI_137_FU-IV.pdf\" target=\"_blank\"><i class=\"fa fa-download\"\/><\/a><\/td><td class=\"column-6\"><a href=\"\/wp-content\/uploads\/sites\/77\/pdf\/maasm_2018\/diagnostica\/FU2\/CEVI_137_FU2.pdf\" target=\"_blank\"><i class=\"fa fa-download\"\/><\/a><\/td>\n<\/tr>\n<tr class=\"row-168\">\n\t<td class=\"column-1\">167<\/td><td class=\"column-2\">DIFUSI\u00d3N DE ACCIONES, PROGRAMAS Y POL\u00cdTICAS GUBERNAMENTALES<\/td><td class=\"column-3\">VOCER\u00cdA<\/td><td class=\"column-4\"><a href=\"\/wp-content\/uploads\/sites\/77\/pdf\/maasm_2018\/diagnostica\/DO\/178_VOCERIA_DOCOPINION.pdf\" target=\"_blank\"><i class=\"fa fa-download\"\/><\/a><\/td><td class=\"column-5\"><a href=\"\/wp-content\/uploads\/sites\/77\/pdf\/maasm_2018\/diagnostica\/FU\/VOCERIA_178_FU.pdf\" target=\"_blank\"><i class=\"fa fa-download\"\/><\/a><\/td><td class=\"column-6\"><a href=\"\/wp-content\/uploads\/sites\/77\/pdf\/maasm_2018\/diagnostica\/FU2\/VOCERIA_178_FU2.pdf\" target=\"_blank\"><i class=\"fa fa-download\"\/><\/a><\/td>\n<\/tr>\n<tr class=\"row-169\">\n\t<td class=\"column-1\">168<\/td><td class=\"column-2\">AMPLIACI\u00d3N Y MEJORAMIENTO DE LA COBERTURA EL\u00c9CTRICA<\/td><td class=\"column-3\">COPLADE<\/td><td class=\"column-4\"><a href=\"\/wp-content\/uploads\/sites\/77\/pdf\/maasm_2018\/diagnostica\/DO\/137_COPLADE_DOCOPINION.pdf\" target=\"_blank\"><i class=\"fa fa-download\"\/><\/a><\/td><td class=\"column-5\"><a href=\"\/wp-content\/uploads\/sites\/77\/pdf\/maasm_2018\/diagnostica\/FU\/COPLADE_137_FU.pdf\" target=\"_blank\"><i class=\"fa fa-download\"\/><\/a><\/td><td class=\"column-6\"><\/td>\n<\/tr>\n<tr class=\"row-170\">\n\t<td class=\"column-1\">169<\/td><td class=\"column-2\">M\u00c1S OAXACA<\/td><td class=\"column-3\">CEA<\/td><td class=\"column-4\"><a href=\"\/wp-content\/uploads\/sites\/77\/pdf\/maasm_2018\/diagnostica\/DO\/181_CEA_DOCOPINION.pdf\" target=\"_blank\"><i class=\"fa fa-download\"\/><\/a><\/td><td class=\"column-5\"><a href=\"\/wp-content\/uploads\/sites\/77\/pdf\/maasm_2018\/diagnostica\/FU\/CEA_181_FU.pdf\" target=\"_blank\"><i class=\"fa fa-download\"\/><\/a><\/td><td class=\"column-6\"><a href=\"\/wp-content\/uploads\/sites\/77\/pdf\/maasm_2018\/diagnostica\/FU2\/CEA_181_FU2.pdf\" target=\"_blank\"><i class=\"fa fa-download\"\/><\/a><\/td>\n<\/tr>\n<tr class=\"row-171\">\n\t<td class=\"column-1\">170<\/td><td class=\"column-2\">AMPLIACI\u00d3N Y MEJORAMIENTO DE LA COBERTURA EL\u00c9CTRICA<\/td><td class=\"column-3\">SINFRA<\/td><td class=\"column-4\"><a href=\"\/wp-content\/uploads\/sites\/77\/pdf\/maasm_2018\/diagnostica\/DO\/137_SINFRA_DOCOPINION.pdf\" target=\"_blank\"><i class=\"fa fa-download\"\/><\/a><\/td><td class=\"column-5\"><a href=\"\/wp-content\/uploads\/sites\/77\/pdf\/maasm_2018\/diagnostica\/FU\/SINFRA_137_FU.pdf\" target=\"_blank\"><i class=\"fa fa-download\"\/><\/a><\/td><td class=\"column-6\"><a href=\"\/wp-content\/uploads\/sites\/77\/pdf\/maasm_2018\/diagnostica\/FU2\/SINFRA_137_FU2.pdf\" target=\"_blank\"><i class=\"fa fa-download\"\/><\/a><\/td>\n<\/tr>\n<tr class=\"row-172\">\n\t<td class=\"column-1\">171<\/td><td class=\"column-2\">M\u00c1S OAXACA<\/td><td class=\"column-3\">SAPAO<\/td><td class=\"column-4\"><a href=\"\/wp-content\/uploads\/sites\/77\/pdf\/maasm_2018\/diagnostica\/DO\/181_SAPAO_DOCOPINION.pdf\" target=\"_blank\"><i class=\"fa fa-download\"\/><\/a><\/td><td class=\"column-5\"><a href=\"\/wp-content\/uploads\/sites\/77\/pdf\/maasm_2018\/diagnostica\/FU\/SAPAO_181_FU.pdf\" target=\"_blank\"><i class=\"fa fa-download\"\/><\/a><\/td><td class=\"column-6\"><a href=\"\/wp-content\/uploads\/sites\/77\/pdf\/maasm_2018\/diagnostica\/FU2\/SAPAO_181_FU2.pdf\" target=\"_blank\"><i class=\"fa fa-download\"\/><\/a><\/td>\n<\/tr>\n<tr class=\"row-173\">\n\t<td class=\"column-1\">172<\/td><td class=\"column-2\">ATENCI\u00d3N JURIDICA-ADMINISTRATIVA A LA POBLACI\u00d3N MIGRANTE Y SUS FAMILIAS<\/td><td class=\"column-3\">IOAM<\/td><td class=\"column-4\"><a href=\"\/wp-content\/uploads\/sites\/77\/pdf\/maasm_2018\/diagnostica\/DO\/138_IOAM_DOCOPINION.pdf\" target=\"_blank\"><i class=\"fa fa-download\"\/><\/a><\/td><td class=\"column-5\"><a href=\"\/wp-content\/uploads\/sites\/77\/pdf\/maasm_2018\/diagnostica\/FU\/IOAM_138_FU.pdf\" target=\"_blank\"><i class=\"fa fa-download\"\/><\/a><\/td><td class=\"column-6\"><a href=\"\/wp-content\/uploads\/sites\/77\/pdf\/maasm_2018\/diagnostica\/FU2\/IOAM_138_FU2.pdf\" target=\"_blank\"><i class=\"fa fa-download\"\/><\/a><\/td>\n<\/tr>\n<tr class=\"row-174\">\n\t<td class=\"column-1\">173<\/td><td class=\"column-2\">M\u00c1S OAXACA<\/td><td class=\"column-3\">SEFIN<\/td><td class=\"column-4\"><a href=\"\/wp-content\/uploads\/sites\/77\/pdf\/maasm_2018\/diagnostica\/DO\/181_SEFIN_DOCOPINION.pdf\" target=\"_blank\"><i class=\"fa fa-download\"\/><\/a><\/td><td class=\"column-5\"><a href=\"\/wp-content\/uploads\/sites\/77\/pdf\/maasm_2018\/diagnostica\/FU\/SEFIN_181_FU.pdf\" target=\"_blank\"><i class=\"fa fa-download\"\/><\/a><\/td><td class=\"column-6\"><a href=\"\/wp-content\/uploads\/sites\/77\/pdf\/maasm_2018\/diagnostica\/FU2\/SEFIN_181_FU2.pdf\" target=\"_blank\"><i class=\"fa fa-download\"\/><\/a><\/td>\n<\/tr>\n<tr class=\"row-175\">\n\t<td class=\"column-1\">174<\/td><td class=\"column-2\">FORMACI\u00d3N PROFESIONAL Y POSGRADO<\/td><td class=\"column-3\">CGEMSYSCYT<\/td><td class=\"column-4\"><a href=\"\/wp-content\/uploads\/sites\/77\/pdf\/maasm_2018\/diagnostica\/DO\/139_CGEMSYSCYT_DOCOPINION.pdf\" target=\"_blank\"><i class=\"fa fa-download\"\/><\/a><\/td><td class=\"column-5\"><a href=\"\/wp-content\/uploads\/sites\/77\/pdf\/maasm_2018\/diagnostica\/FU\/CGEMSYSCYT_139_FU_DIAG.pdf\" target=\"_blank\"><i class=\"fa fa-download\"\/><\/a><\/td><td class=\"column-6\"><a href=\"\/wp-content\/uploads\/sites\/77\/pdf\/maasm_2018\/diagnostica\/FU2\/CGEMSYSCYT_139_FU2.pdf\" target=\"_blank\"><i class=\"fa fa-download\"\/><\/a><\/td>\n<\/tr>\n<tr class=\"row-176\">\n\t<td class=\"column-1\">175<\/td><td class=\"column-2\">FORMACI\u00d3N Y DESARROLLO PROFESIONAL DOCENTE<\/td><td class=\"column-3\">IEEPO<\/td><td class=\"column-4\"><a href=\"\/wp-content\/uploads\/sites\/77\/pdf\/maasm_2018\/diagnostica\/DO\/183_IEEPO_DOCOPINION.pdf\" target=\"_blank\"><i class=\"fa fa-download\"\/><\/a><\/td><td class=\"column-5\"><a href=\"\/wp-content\/uploads\/sites\/77\/pdf\/maasm_2018\/diagnostica\/FU\/IEEPO_183_FU.pdf\" target=\"_blank\"><i class=\"fa fa-download\"\/><\/a><\/td><td class=\"column-6\"><a href=\"\/wp-content\/uploads\/sites\/77\/pdf\/maasm_2018\/diagnostica\/FU2\/IEEPO_183_FU2.pdf\" target=\"_blank\"><i class=\"fa fa-download\"\/><\/a><\/td>\n<\/tr>\n<tr class=\"row-177\">\n\t<td class=\"column-1\">176<\/td><td class=\"column-2\">FORMACI\u00d3N PROFESIONAL Y POSGRADO<\/td><td class=\"column-3\">CSEIIO<\/td><td class=\"column-4\"><a href=\"\/wp-content\/uploads\/sites\/77\/pdf\/maasm_2018\/diagnostica\/DO\/139_CSEIIO_DOCOPINION.pdf\" target=\"_blank\"><i class=\"fa fa-download\"\/><\/a><\/td><td class=\"column-5\"><a href=\"\/wp-content\/uploads\/sites\/77\/pdf\/maasm_2018\/diagnostica\/FU\/CSEIIO_139_FU.pdf\" target=\"_blank\"><i class=\"fa fa-download\"\/><\/a><\/td><td class=\"column-6\"><a href=\"\/wp-content\/uploads\/sites\/77\/pdf\/maasm_2018\/diagnostica\/FU2\/CSEIIO_139_FU2.pdf\" target=\"_blank\"><i class=\"fa fa-download\"\/><\/a><\/td>\n<\/tr>\n<tr class=\"row-178\">\n\t<td class=\"column-1\">177<\/td><td class=\"column-2\">PRODUCTIVIDAD Y COMPETITIVIDAD ARTESANAL<\/td><td class=\"column-3\">IOA<\/td><td class=\"column-4\"><a href=\"\/wp-content\/uploads\/sites\/77\/pdf\/maasm_2018\/diagnostica\/DO\/185_IOA_DOCOPINION.pdf\" target=\"_blank\"><i class=\"fa fa-download\"\/><\/a><\/td><td class=\"column-5\"><a href=\"\/wp-content\/uploads\/sites\/77\/pdf\/maasm_2018\/diagnostica\/FU\/IOA_185_FU.pdf\" target=\"_blank\"><i class=\"fa fa-download\"\/><\/a><\/td><td class=\"column-6\"><a href=\"\/wp-content\/uploads\/sites\/77\/pdf\/maasm_2018\/diagnostica\/FU2\/IOA_185_FU2.pdf\" target=\"_blank\"><i class=\"fa fa-download\"\/><\/a><\/td>\n<\/tr>\n<tr class=\"row-179\">\n\t<td class=\"column-1\">178<\/td><td class=\"column-2\">FORMACI\u00d3N PROFESIONAL Y POSGRADO<\/td><td class=\"column-3\">ITSMIGRA<\/td><td class=\"column-4\"><a href=\"\/wp-content\/uploads\/sites\/77\/pdf\/maasm_2018\/diagnostica\/DO\/139_ITSMIGRA_DOCOPINION.pdf\" target=\"_blank\"><i class=\"fa fa-download\"\/><\/a><\/td><td class=\"column-5\"><a href=\"\/wp-content\/uploads\/sites\/77\/pdf\/maasm_2018\/diagnostica\/FU\/ITSMIGRA_139_FU.pdf\" target=\"_blank\"><i class=\"fa fa-download\"\/><\/a><\/td><td class=\"column-6\"><\/td>\n<\/tr>\n<tr class=\"row-180\">\n\t<td class=\"column-1\">179<\/td><td class=\"column-2\">PROMOCI\u00d3N DE LA INVERSI\u00d3N EN ENERG\u00cdAS RENOVABLES<\/td><td class=\"column-3\">CEPCO<\/td><td class=\"column-4\"><a href=\"\/wp-content\/uploads\/sites\/77\/pdf\/maasm_2018\/diagnostica\/DO\/190_CEPCO_DOCOPINION.pdf\" target=\"_blank\"><i class=\"fa fa-download\"\/><\/a><\/td><td class=\"column-5\"><a href=\"\/wp-content\/uploads\/sites\/77\/pdf\/maasm_2018\/diagnostica\/FU\/CEPCO_190_FU.pdf\" target=\"_blank\"><i class=\"fa fa-download\"\/><\/a><\/td><td class=\"column-6\"><a href=\"\/wp-content\/uploads\/sites\/77\/pdf\/maasm_2018\/diagnostica\/FU2\/CEPCO_190_FU2.pdf\" target=\"_blank\"><i class=\"fa fa-download\"\/><\/a><\/td>\n<\/tr>\n<tr class=\"row-181\">\n\t<td class=\"column-1\">180<\/td><td class=\"column-2\">FORMACI\u00d3N PROFESIONAL Y POSGRADO<\/td><td class=\"column-3\">ITSTE<\/td><td class=\"column-4\"><a href=\"\/wp-content\/uploads\/sites\/77\/pdf\/maasm_2018\/diagnostica\/DO\/139_ITSTE_DOCOPINION.pdf\" target=\"_blank\"><i class=\"fa fa-download\"\/><\/a><\/td><td class=\"column-5\"><a href=\"\/wp-content\/uploads\/sites\/77\/pdf\/maasm_2018\/diagnostica\/FU\/ITSTE_139_FU.pdf\" target=\"_blank\"><i class=\"fa fa-download\"\/><\/a><\/td><td class=\"column-6\"><a href=\"\/wp-content\/uploads\/sites\/77\/pdf\/maasm_2018\/diagnostica\/FU2\/ITSTE_139_FU2.pdf\" target=\"_blank\"><i class=\"fa fa-download\"\/><\/a><\/td>\n<\/tr>\n<tr class=\"row-182\">\n\t<td class=\"column-1\">181<\/td><td class=\"column-2\">CONSERVACI\u00d3N Y RESTAURACI\u00d3N FORESTAL<\/td><td class=\"column-3\">COESFO<\/td><td class=\"column-4\"><a href=\"\/wp-content\/uploads\/sites\/77\/pdf\/maasm_2018\/diagnostica\/DO\/191_COESFO_DOCOPINION.pdf\" target=\"_blank\"><i class=\"fa fa-download\"\/><\/a><\/td><td class=\"column-5\"><a href=\"\/wp-content\/uploads\/sites\/77\/pdf\/maasm_2018\/diagnostica\/FU\/COESFO_191_FU.pdf\" target=\"_blank\"><i class=\"fa fa-download\"\/><\/a><\/td><td class=\"column-6\"><a href=\"\/wp-content\/uploads\/sites\/77\/pdf\/maasm_2018\/diagnostica\/FU2\/COESFO_191_FU2.pdf\" target=\"_blank\"><i class=\"fa fa-download\"\/><\/a><\/td>\n<\/tr>\n<tr class=\"row-183\">\n\t<td class=\"column-1\">182<\/td><td class=\"column-2\">FORMACI\u00d3N PROFESIONAL Y POSGRADO<\/td><td class=\"column-3\">UABJO<\/td><td class=\"column-4\"><a href=\"\/wp-content\/uploads\/sites\/77\/pdf\/maasm_2018\/diagnostica\/DO\/139_UABJO_DOCOPINION.pdf\" target=\"_blank\"><i class=\"fa fa-download\"\/><\/a><\/td><td class=\"column-5\"><a href=\"\/wp-content\/uploads\/sites\/77\/pdf\/maasm_2018\/diagnostica\/FU\/UABJO_139_FU.pdf\" target=\"_blank\"><i class=\"fa fa-download\"\/><\/a><\/td><td class=\"column-6\"><a href=\"\/wp-content\/uploads\/sites\/77\/pdf\/maasm_2018\/diagnostica\/FU2\/UABJO_139_FU2.pdf\" target=\"_blank\"><i class=\"fa fa-download\"\/><\/a><\/td>\n<\/tr>\n<tr class=\"row-184\">\n\t<td class=\"column-1\">183<\/td><td class=\"column-2\">GESTI\u00d3N INTEGRAL DE RESIDUOS S\u00d3LIDOS<\/td><td class=\"column-3\">SINFRA<\/td><td class=\"column-4\"><a href=\"\/wp-content\/uploads\/sites\/77\/pdf\/maasm_2018\/diagnostica\/DO\/192_SINFRA_DOCOPINION.pdf\" target=\"_blank\"><i class=\"fa fa-download\"\/><\/a><\/td><td class=\"column-5\"><a href=\"\/wp-content\/uploads\/sites\/77\/pdf\/maasm_2018\/diagnostica\/FU\/SINFRA_192_FU.pdf\" target=\"_blank\"><i class=\"fa fa-download\"\/><\/a><\/td><td class=\"column-6\"><a href=\"\/wp-content\/uploads\/sites\/77\/pdf\/maasm_2018\/diagnostica\/FU2\/SINFRA_192_FU2.pdf\" target=\"_blank\"><i class=\"fa fa-download\"\/><\/a><\/td>\n<\/tr>\n<tr class=\"row-185\">\n\t<td class=\"column-1\">184<\/td><td class=\"column-2\">FORMACI\u00d3N PROFESIONAL Y POSGRADO<\/td><td class=\"column-3\">UNPA<\/td><td class=\"column-4\"><a href=\"\/wp-content\/uploads\/sites\/77\/pdf\/maasm_2018\/diagnostica\/DO\/139_UNPA_DOCOPINION.pdf\" target=\"_blank\"><i class=\"fa fa-download\"\/><\/a><\/td><td class=\"column-5\"><a href=\"\/wp-content\/uploads\/sites\/77\/pdf\/maasm_2018\/diagnostica\/FU\/UNPA_139_FU.pdf\" target=\"_blank\"><i class=\"fa fa-download\"\/><\/a><\/td><td class=\"column-6\"><a href=\"\/wp-content\/uploads\/sites\/77\/pdf\/maasm_2018\/diagnostica\/FU2\/UNPA_139_FU2.pdf\" target=\"_blank\"><i class=\"fa fa-download\"\/><\/a><\/td>\n<\/tr>\n<tr class=\"row-186\">\n\t<td class=\"column-1\">185<\/td><td class=\"column-2\">ORDENAMIENTO TERRITORIAL Y DESARROLLO HUMANO<\/td><td class=\"column-3\">CORETURO<\/td><td class=\"column-4\"><a href=\"\/wp-content\/uploads\/sites\/77\/pdf\/maasm_2018\/diagnostica\/DO\/194_CORETURO_DOCOPINION.pdf\" target=\"_blank\"><i class=\"fa fa-download\"\/><\/a><\/td><td class=\"column-5\"><a href=\"\/wp-content\/uploads\/sites\/77\/pdf\/maasm_2018\/diagnostica\/FU\/CORETURO_194_FU.pdf\" target=\"_blank\"><i class=\"fa fa-download\"\/><\/a><\/td><td class=\"column-6\"><a href=\"\/wp-content\/uploads\/sites\/77\/pdf\/maasm_2018\/diagnostica\/FU2\/CORETURO_194_FU2.pdf\" target=\"_blank\"><i class=\"fa fa-download\"\/><\/a><\/td>\n<\/tr>\n<tr class=\"row-187\">\n\t<td class=\"column-1\">186<\/td><td class=\"column-2\">FORMACI\u00d3N PROFESIONAL Y POSGRADO<\/td><td class=\"column-3\">UNSIS<\/td><td class=\"column-4\"><a href=\"\/wp-content\/uploads\/sites\/77\/pdf\/maasm_2018\/diagnostica\/DO\/139_UNSIS_DOCOPINION.pdf\" target=\"_blank\"><i class=\"fa fa-download\"\/><\/a><\/td><td class=\"column-5\"><a href=\"\/wp-content\/uploads\/sites\/77\/pdf\/maasm_2018\/diagnostica\/FU\/UNSIS_139_FU.pdf\" target=\"_blank\"><i class=\"fa fa-download\"\/><\/a><\/td><td class=\"column-6\"><a href=\"\/wp-content\/uploads\/sites\/77\/pdf\/maasm_2018\/diagnostica\/FU2\/UNSIS_139_FU2.pdf\" target=\"_blank\"><i class=\"fa fa-download\"\/><\/a><\/td>\n<\/tr>\n<tr class=\"row-188\">\n\t<td class=\"column-1\">187<\/td><td class=\"column-2\">ORDENAMIENTO TERRITORIAL Y DESARROLLO HUMANO<\/td><td class=\"column-3\">SINFRA<\/td><td class=\"column-4\"><a href=\"\/wp-content\/uploads\/sites\/77\/pdf\/maasm_2018\/diagnostica\/DO\/194_SINFRA_DOCOPINION.pdf\" target=\"_blank\"><i class=\"fa fa-download\"\/><\/a><\/td><td class=\"column-5\"><a href=\"\/wp-content\/uploads\/sites\/77\/pdf\/maasm_2018\/diagnostica\/FU\/SINFRA_194_FU.pdf\" target=\"_blank\"><i class=\"fa fa-download\"\/><\/a><\/td><td class=\"column-6\"><a href=\"\/wp-content\/uploads\/sites\/77\/pdf\/maasm_2018\/diagnostica\/FU2\/SINFRA_194_FU2.pdf\" target=\"_blank\"><i class=\"fa fa-download\"\/><\/a><\/td>\n<\/tr>\n<tr class=\"row-189\">\n\t<td class=\"column-1\">188<\/td><td class=\"column-2\">FORMACI\u00d3N PROFESIONAL Y POSGRADO<\/td><td class=\"column-3\">UTVCO<\/td><td class=\"column-4\"><a href=\"\/wp-content\/uploads\/sites\/77\/pdf\/maasm_2018\/diagnostica\/DO\/139_UTVCO_DOCOPINION.pdf\" target=\"_blank\"><i class=\"fa fa-download\"\/><\/a><\/td><td class=\"column-5\"><a href=\"\/wp-content\/uploads\/sites\/77\/pdf\/maasm_2018\/diagnostica\/FU\/UTVCO_139_FU.pdf\" target=\"_blank\"><i class=\"fa fa-download\"\/><\/a><\/td><td class=\"column-6\"><a href=\"\/wp-content\/uploads\/sites\/77\/pdf\/maasm_2018\/diagnostica\/FU2\/UTVCO_139_FU2.pdf\" target=\"_blank\"><i class=\"fa fa-download\"\/><\/a><\/td>\n<\/tr>\n<tr class=\"row-190\">\n\t<td class=\"column-1\">189<\/td><td class=\"column-2\">DESARROLLO TUR\u00cdSTICO SUSTENTABLE<\/td><td class=\"column-3\">OCVO<\/td><td class=\"column-4\"><a href=\"\/wp-content\/uploads\/sites\/77\/pdf\/maasm_2018\/diagnostica\/DO\/198_OCVO_DOCOPINION.pdf\" target=\"_blank\"><i class=\"fa fa-download\"\/><\/a><\/td><td class=\"column-5\"><a href=\"\/wp-content\/uploads\/sites\/77\/pdf\/maasm_2018\/diagnostica\/FU\/OCVO_198_FU-00.pdf\" target=\"_blank\"><i class=\"fa fa-download\"\/><\/a><\/td><td class=\"column-6\"><a href=\"\/wp-content\/uploads\/sites\/77\/pdf\/maasm_2018\/diagnostica\/FU2\/OCVO_198_FU2.pdf\" target=\"_blank\"><i class=\"fa fa-download\"\/><\/a><\/td>\n<\/tr>\n<tr class=\"row-191\">\n\t<td class=\"column-1\">190<\/td><td class=\"column-2\">SEGURIDAD Y BIENESTAR SOCIAL PARA LOS TRABAJADORES, JUBILADOS, PENSIONADOS, PENSIONISTAS E INTEGRANTES DE LAS INSTITUCIONES POLICIALES DEL GOBIERNO DEL ESTADO<\/td><td class=\"column-3\">PENSIONES<\/td><td class=\"column-4\"><a href=\"\/wp-content\/uploads\/sites\/77\/pdf\/maasm_2018\/diagnostica\/DO\/143_PENSIONES_DOCOPINION.pdf\" target=\"_blank\"><i class=\"fa fa-download\"\/><\/a><\/td><td class=\"column-5\"><a href=\"\/wp-content\/uploads\/sites\/77\/pdf\/maasm_2018\/diagnostica\/FU\/PENSIONES_143_FU.pdf\" target=\"_blank\"><i class=\"fa fa-download\"\/><\/a><\/td><td class=\"column-6\"><a href=\"\/wp-content\/uploads\/sites\/77\/pdf\/maasm_2018\/diagnostica\/FU2\/PENSIONES_143_FU2.pdf\" target=\"_blank\"><i class=\"fa fa-download\"\/><\/a><\/td>\n<\/tr>\n<tr class=\"row-192\">\n\t<td class=\"column-1\">191<\/td><td class=\"column-2\">CONSTRUCCI\u00d3N Y MEJORA DE AEROPISTAS<\/td><td class=\"column-3\">CAO<\/td><td class=\"column-4\"><a href=\"\/wp-content\/uploads\/sites\/77\/pdf\/maasm_2018\/diagnostica\/DO\/199_CAO_DOCOPINION.pdf\" target=\"_blank\"><i class=\"fa fa-download\"\/><\/a><\/td><td class=\"column-5\"><a href=\"\/wp-content\/uploads\/sites\/77\/pdf\/maasm_2018\/diagnostica\/FU\/CAO_199_FU.pdf\" target=\"_blank\"><i class=\"fa fa-download\"\/><\/a><\/td><td class=\"column-6\"><\/td>\n<\/tr>\n<tr class=\"row-193\">\n\t<td class=\"column-1\">192<\/td><td class=\"column-2\">SEGURIDAD Y BIENESTAR SOCIAL PARA LOS TRABAJADORES, JUBILADOS, PENSIONADOS, PENSIONISTAS E INTEGRANTES DE LAS INSTITUCIONES POLICIALES DEL GOBIERNO DEL ESTADO<\/td><td class=\"column-3\">SSPO<\/td><td class=\"column-4\"><a href=\"\/wp-content\/uploads\/sites\/77\/pdf\/maasm_2018\/diagnostica\/DO\/143_SSPO_DOCOPINION.pdf\" target=\"_blank\"><i class=\"fa fa-download\"\/><\/a><\/td><td class=\"column-5\"><a href=\"\/wp-content\/uploads\/sites\/77\/pdf\/maasm_2018\/diagnostica\/FU\/SSPO_143_FU.pdf\" target=\"_blank\"><i class=\"fa fa-download\"\/><\/a><\/td><td class=\"column-6\"><a href=\"\/wp-content\/uploads\/sites\/77\/pdf\/maasm_2018\/diagnostica\/FU2\/SSPO_143_FU2.pdf\" target=\"_blank\"><i class=\"fa fa-download\"\/><\/a><\/td>\n<\/tr>\n<tr class=\"row-194\">\n\t<td class=\"column-1\">193<\/td><td class=\"column-2\">AMPLIACI\u00d3N DE LA COBERTURA DE EDUCACI\u00d3N MEDIA SUPERIOR<\/td><td class=\"column-3\">CGEMSYSCYT<\/td><td class=\"column-4\"><a href=\"\/wp-content\/uploads\/sites\/77\/pdf\/maasm_2018\/diagnostica\/DO\/200_CGEMSYSCYT_DOCOPINION.pdf\" target=\"_blank\"><i class=\"fa fa-download\"\/><\/a><\/td><td class=\"column-5\"><a href=\"\/wp-content\/uploads\/sites\/77\/pdf\/maasm_2018\/diagnostica\/FU\/CGEMSYSCYT_200_FU.pdf\" target=\"_blank\"><i class=\"fa fa-download\"\/><\/a><\/td><td class=\"column-6\"><a href=\"\/wp-content\/uploads\/sites\/77\/pdf\/maasm_2018\/diagnostica\/FU2\/CGEMSYSCYT_200_FU2.pdf\" target=\"_blank\"><i class=\"fa fa-download\"\/><\/a><\/td>\n<\/tr>\n<tr class=\"row-195\">\n\t<td class=\"column-1\">194<\/td><td class=\"column-2\">DESARROLLO INTEGRAL DE LOS PUEBLOS Y COMUNIDADES IND\u00cdGENAS Y AFROMEXICANAS<\/td><td class=\"column-3\">SAI<\/td><td class=\"column-4\"><a href=\"\/wp-content\/uploads\/sites\/77\/pdf\/maasm_2018\/diagnostica\/DO\/145_SAI_DOCOPINION.pdf\" target=\"_blank\"><i class=\"fa fa-download\"\/><\/a><\/td><td class=\"column-5\"><a href=\"\/wp-content\/uploads\/sites\/77\/pdf\/maasm_2018\/diagnostica\/FU\/SAI_145_FU.pdf\" target=\"_blank\"><i class=\"fa fa-download\"\/><\/a><\/td><td class=\"column-6\"><a href=\"\/wp-content\/uploads\/sites\/77\/pdf\/maasm_2018\/diagnostica\/FU2\/SAI_145_FU2.pdf\" target=\"_blank\"><i class=\"fa fa-download\"\/><\/a><\/td>\n<\/tr>\n<tr class=\"row-196\">\n\t<td class=\"column-1\">195<\/td><td class=\"column-2\">AMPLIACI\u00d3N DE LA COBERTURA DE EDUCACI\u00d3N MEDIA SUPERIOR<\/td><td class=\"column-3\">COBAO<\/td><td class=\"column-4\"><a href=\"\/wp-content\/uploads\/sites\/77\/pdf\/maasm_2018\/diagnostica\/DO\/200_COBAO_DOCOPINION.pdf\" target=\"_blank\"><i class=\"fa fa-download\"\/><\/a><\/td><td class=\"column-5\"><a href=\"\/wp-content\/uploads\/sites\/77\/pdf\/maasm_2018\/diagnostica\/FU\/COBAO_200_FU.pdf\" target=\"_blank\"><i class=\"fa fa-download\"\/><\/a><\/td><td class=\"column-6\"><\/td>\n<\/tr>\n<tr class=\"row-197\">\n\t<td class=\"column-1\">196<\/td><td class=\"column-2\">AMPLIACI\u00d3N Y MEJORAMIENTO DE LA COBERTURA DE AGUA POTABLE<\/td><td class=\"column-3\">CEA<\/td><td class=\"column-4\"><a href=\"\/wp-content\/uploads\/sites\/77\/pdf\/maasm_2018\/diagnostica\/DO\/146_CEA_DOCOPINION.pdf\" target=\"_blank\"><i class=\"fa fa-download\"\/><\/a><\/td><td class=\"column-5\"><a href=\"\/wp-content\/uploads\/sites\/77\/pdf\/maasm_2018\/diagnostica\/FU\/CEA_146_FU.pdf\" target=\"_blank\"><i class=\"fa fa-download\"\/><\/a><\/td><td class=\"column-6\"><a href=\"\/wp-content\/uploads\/sites\/77\/pdf\/maasm_2018\/diagnostica\/FU2\/CEA_146_FU2.pdf\" target=\"_blank\"><i class=\"fa fa-download\"\/><\/a><\/td>\n<\/tr>\n<tr class=\"row-198\">\n\t<td class=\"column-1\">197<\/td><td class=\"column-2\">AMPLIACI\u00d3N DE LA COBERTURA DE EDUCACI\u00d3N MEDIA SUPERIOR<\/td><td class=\"column-3\">CSEIIO<\/td><td class=\"column-4\"><a href=\"\/wp-content\/uploads\/sites\/77\/pdf\/maasm_2018\/diagnostica\/DO\/200_CSEIIO_DOCOPINION.pdf\" target=\"_blank\"><i class=\"fa fa-download\"\/><\/a><\/td><td class=\"column-5\"><a href=\"\/wp-content\/uploads\/sites\/77\/pdf\/maasm_2018\/diagnostica\/FU\/CSEIIO_200_FU.pdf\" target=\"_blank\"><i class=\"fa fa-download\"\/><\/a><\/td><td class=\"column-6\"><a href=\"\/wp-content\/uploads\/sites\/77\/pdf\/maasm_2018\/diagnostica\/FU2\/CSEIIO_200_FU2.pdf\" target=\"_blank\"><i class=\"fa fa-download\"\/><\/a><\/td>\n<\/tr>\n<tr class=\"row-199\">\n\t<td class=\"column-1\">198<\/td><td class=\"column-2\">AMPLIACI\u00d3N Y MEJORAMIENTO DE LA COBERTURA DE AGUA POTABLE<\/td><td class=\"column-3\">SAPAO<\/td><td class=\"column-4\"><a href=\"\/wp-content\/uploads\/sites\/77\/pdf\/maasm_2018\/diagnostica\/DO\/146_SAPAO_DOCOPINION.pdf\" target=\"_blank\"><i class=\"fa fa-download\"\/><\/a><\/td><td class=\"column-5\"><a href=\"\/wp-content\/uploads\/sites\/77\/pdf\/maasm_2018\/diagnostica\/FU\/SAPAO_146_FU.pdf\" target=\"_blank\"><i class=\"fa fa-download\"\/><\/a><\/td><td class=\"column-6\"><a href=\"\/wp-content\/uploads\/sites\/77\/pdf\/maasm_2018\/diagnostica\/FU2\/SAPAO_146_FU2.pdf\" target=\"_blank\"><i class=\"fa fa-download\"\/><\/a><\/td>\n<\/tr>\n<tr class=\"row-200\">\n\t<td class=\"column-1\">199<\/td><td class=\"column-2\">AMPLIACI\u00d3N DE LA COBERTURA DE EDUCACI\u00d3N MEDIA SUPERIOR<\/td><td class=\"column-3\">SINFRA<\/td><td class=\"column-4\"><a href=\"\/wp-content\/uploads\/sites\/77\/pdf\/maasm_2018\/diagnostica\/DO\/200_SINFRA_DOCOPINION.pdf\" target=\"_blank\"><i class=\"fa fa-download\"\/><\/a><\/td><td class=\"column-5\"><a href=\"\/wp-content\/uploads\/sites\/77\/pdf\/maasm_2018\/diagnostica\/FU\/SINFRA_200_FU.pdf\" target=\"_blank\"><i class=\"fa fa-download\"\/><\/a><\/td><td class=\"column-6\"><a href=\"\/wp-content\/uploads\/sites\/77\/pdf\/maasm_2018\/diagnostica\/FU2\/SINFRA_200_FU2.pdf\" target=\"_blank\"><i class=\"fa fa-download\"\/><\/a><\/td>\n<\/tr>\n<tr class=\"row-201\">\n\t<td class=\"column-1\">200<\/td><td class=\"column-2\">AMPLIACI\u00d3N Y MEJORAMIENTO DE LA COBERTURA DE AGUA POTABLE<\/td><td class=\"column-3\">SINFRA<\/td><td class=\"column-4\"><a href=\"\/wp-content\/uploads\/sites\/77\/pdf\/maasm_2018\/diagnostica\/DO\/146_SINFRA_DOCOPINION.pdf\" target=\"_blank\"><i class=\"fa fa-download\"\/><\/a><\/td><td class=\"column-5\"><a href=\"\/wp-content\/uploads\/sites\/77\/pdf\/maasm_2018\/diagnostica\/FU\/SINFRA_146_FU.pdf\" target=\"_blank\"><i class=\"fa fa-download\"\/><\/a><\/td><td class=\"column-6\"><a href=\"\/wp-content\/uploads\/sites\/77\/pdf\/maasm_2018\/diagnostica\/FU2\/SINFRA_146_FU2.pdf\" target=\"_blank\"><i class=\"fa fa-download\"\/><\/a><\/td>\n<\/tr>\n<tr class=\"row-202\">\n\t<td class=\"column-1\">201<\/td><td class=\"column-2\">AMPLIACI\u00d3N DE LA COBERTURA DE EDUCACI\u00d3N MEDIA SUPERIOR<\/td><td class=\"column-3\">UABJO<\/td><td class=\"column-4\"><a href=\"\/wp-content\/uploads\/sites\/77\/pdf\/maasm_2018\/diagnostica\/DO\/200_UABJO_DOCOPINION.pdf\" target=\"_blank\"><i class=\"fa fa-download\"\/><\/a><\/td><td class=\"column-5\"><a href=\"\/wp-content\/uploads\/sites\/77\/pdf\/maasm_2018\/diagnostica\/FU\/UABJO_200_FU.pdf\" target=\"_blank\"><i class=\"fa fa-download\"\/><\/a><\/td><td class=\"column-6\"><a href=\"\/wp-content\/uploads\/sites\/77\/pdf\/maasm_2018\/diagnostica\/FU2\/UABJO_200_FU2.pdf\" target=\"_blank\"><i class=\"fa fa-download\"\/><\/a><\/td>\n<\/tr>\n<tr class=\"row-203\">\n\t<td class=\"column-1\">202<\/td><td class=\"column-2\">PROMOCI\u00d3N, FOMENTO Y DIFUSI\u00d3N DE LAS DIVERSIDADES CULTURALES Y BIOCULTURALES<\/td><td class=\"column-3\">SAI<\/td><td class=\"column-4\"><a href=\"\/wp-content\/uploads\/sites\/77\/pdf\/maasm_2018\/diagnostica\/DO\/147_SAI_DOCOPINION.pdf\" target=\"_blank\"><i class=\"fa fa-download\"\/><\/a><\/td><td class=\"column-5\"><a href=\"\/wp-content\/uploads\/sites\/77\/pdf\/maasm_2018\/diagnostica\/FU\/SAI_147_FU.pdf\" target=\"_blank\"><i class=\"fa fa-download\"\/><\/a><\/td><td class=\"column-6\"><a href=\"\/wp-content\/uploads\/sites\/77\/pdf\/maasm_2018\/diagnostica\/FU2\/SAI_147_FU2.pdf\" target=\"_blank\"><i class=\"fa fa-download\"\/><\/a><\/td>\n<\/tr>\n<tr class=\"row-204\">\n\t<td class=\"column-1\">203<\/td><td class=\"column-2\">SALVAGUARDAR EL PATRIMONIO CULTURAL E INMATERIAL<\/td><td class=\"column-3\">SECULTA<\/td><td class=\"column-4\"><a href=\"\/wp-content\/uploads\/sites\/77\/pdf\/maasm_2018\/diagnostica\/DO\/201_SECULTA_DOCOPINION.pdf\" target=\"_blank\"><i class=\"fa fa-download\"\/><\/a><\/td><td class=\"column-5\"><a href=\"\/wp-content\/uploads\/sites\/77\/pdf\/maasm_2018\/diagnostica\/FU\/SECULTA_201_FU.pdf\" target=\"_blank\"><i class=\"fa fa-download\"\/><\/a><\/td><td class=\"column-6\"><\/td>\n<\/tr>\n<tr class=\"row-205\">\n\t<td class=\"column-1\">204<\/td><td class=\"column-2\">PROMOCI\u00d3N, FOMENTO Y DIFUSI\u00d3N DE LAS DIVERSIDADES CULTURALES Y BIOCULTURALES<\/td><td class=\"column-3\">SECULTA<\/td><td class=\"column-4\"><a href=\"\/wp-content\/uploads\/sites\/77\/pdf\/maasm_2018\/diagnostica\/DO\/147_SECULTA_DOCOPINION.pdf\" target=\"_blank\"><i class=\"fa fa-download\"\/><\/a><\/td><td class=\"column-5\"><a href=\"\/wp-content\/uploads\/sites\/77\/pdf\/maasm_2018\/diagnostica\/FU\/SECULTA_147_FU.pdf\" target=\"_blank\"><i class=\"fa fa-download\"\/><\/a><\/td><td class=\"column-6\"><\/td>\n<\/tr>\n<tr class=\"row-206\">\n\t<td class=\"column-1\">205<\/td><td class=\"column-2\">SALVAGUARDAR EL PATRIMONIO CULTURAL E INMATERIAL<\/td><td class=\"column-3\">SINFRA<\/td><td class=\"column-4\"><a href=\"\/wp-content\/uploads\/sites\/77\/pdf\/maasm_2018\/diagnostica\/DO\/201_SINFRA_DOCOPINION.pdf\" target=\"_blank\"><i class=\"fa fa-download\"\/><\/a><\/td><td class=\"column-5\"><a href=\"\/wp-content\/uploads\/sites\/77\/pdf\/maasm_2018\/diagnostica\/FU\/SINFRA_201_FU.pdf\" target=\"_blank\"><i class=\"fa fa-download\"\/><\/a><\/td><td class=\"column-6\"><a href=\"\/wp-content\/uploads\/sites\/77\/pdf\/maasm_2018\/diagnostica\/FU2\/SINFRA_201_FU2.pdf\" target=\"_blank\"><i class=\"fa fa-download\"\/><\/a><\/td>\n<\/tr>\n<tr class=\"row-207\">\n\t<td class=\"column-1\">206<\/td><td class=\"column-2\">PROMOCI\u00d3N, FOMENTO Y DIFUSI\u00d3N DE LAS DIVERSIDADES CULTURALES Y BIOCULTURALES<\/td><td class=\"column-3\">UNPA<\/td><td class=\"column-4\"><a href=\"\/wp-content\/uploads\/sites\/77\/pdf\/maasm_2018\/diagnostica\/DO\/147_UNPA_DOCOPINION.pdf\" target=\"_blank\"><i class=\"fa fa-download\"\/><\/a><\/td><td class=\"column-5\"><a href=\"\/wp-content\/uploads\/sites\/77\/pdf\/maasm_2018\/diagnostica\/FU\/UNPA_147_FU.pdf\" target=\"_blank\"><i class=\"fa fa-download\"\/><\/a><\/td><td class=\"column-6\"><a href=\"\/wp-content\/uploads\/sites\/77\/pdf\/maasm_2018\/diagnostica\/FU2\/UNPA_147_FU2.pdf\" target=\"_blank\"><i class=\"fa fa-download\"\/><\/a><\/td>\n<\/tr>\n<tr class=\"row-208\">\n\t<td class=\"column-1\">207<\/td><td class=\"column-2\">DESARROLLO SUSTENTABLE Y SOSTENIBLE DE LA PRODUCCI\u00d3N CULTURAL<\/td><td class=\"column-3\">SECULTA<\/td><td class=\"column-4\"><a href=\"\/wp-content\/uploads\/sites\/77\/pdf\/maasm_2018\/diagnostica\/DO\/203_SECULTA_DOCOPINION.pdf\" target=\"_blank\"><i class=\"fa fa-download\"\/><\/a><\/td><td class=\"column-5\"><a href=\"\/wp-content\/uploads\/sites\/77\/pdf\/maasm_2018\/diagnostica\/FU\/SECULTA_203_FU.pdf\" target=\"_blank\"><i class=\"fa fa-download\"\/><\/a><\/td><td class=\"column-6\"><\/td>\n<\/tr>\n<tr class=\"row-209\">\n\t<td class=\"column-1\">208<\/td><td class=\"column-2\">PROMOCI\u00d3N, FOMENTO Y DIFUSI\u00d3N DE LAS DIVERSIDADES CULTURALES Y BIOCULTURALES<\/td><td class=\"column-3\">UNSIS<\/td><td class=\"column-4\"><a href=\"\/wp-content\/uploads\/sites\/77\/pdf\/maasm_2018\/diagnostica\/DO\/147_UNSIS_DOCOPINION.pdf\" target=\"_blank\"><i class=\"fa fa-download\"\/><\/a><\/td><td class=\"column-5\"><a href=\"\/wp-content\/uploads\/sites\/77\/pdf\/maasm_2018\/diagnostica\/FU\/UNSIS_147_FU.pdf\" target=\"_blank\"><i class=\"fa fa-download\"\/><\/a><\/td><td class=\"column-6\"><a href=\"\/wp-content\/uploads\/sites\/77\/pdf\/maasm_2018\/diagnostica\/FU2\/UNSIS_147_FU2.pdf\" target=\"_blank\"><i class=\"fa fa-download\"\/><\/a><\/td>\n<\/tr>\n<tr class=\"row-210\">\n\t<td class=\"column-1\">209<\/td><td class=\"column-2\">VAMOS JUNTOS A LA ESCUELA<\/td><td class=\"column-3\">IEEPO<\/td><td class=\"column-4\"><a href=\"\/wp-content\/uploads\/sites\/77\/pdf\/maasm_2018\/diagnostica\/DO\/206_IEEPO_DOCOPINION.pdf\" target=\"_blank\"><i class=\"fa fa-download\"\/><\/a><\/td><td class=\"column-5\"><a href=\"\/wp-content\/uploads\/sites\/77\/pdf\/maasm_2018\/diagnostica\/FU\/IEEPO_206_FU.pdf\" target=\"_blank\"><i class=\"fa fa-download\"\/><\/a><\/td><td class=\"column-6\"><a href=\"\/wp-content\/uploads\/sites\/77\/pdf\/maasm_2018\/diagnostica\/FU2\/IEEPO_206_FU2.pdf\" target=\"_blank\"><i class=\"fa fa-download\"\/><\/a><\/td>\n<\/tr>\n<tr class=\"row-211\">\n\t<td class=\"column-1\">210<\/td><td class=\"column-2\">PRODUCCI\u00d3N Y PRODUCTIVIDAD FORESTAL SUSTENTABLE<\/td><td class=\"column-3\">COESFO<\/td><td class=\"column-4\"><a href=\"\/wp-content\/uploads\/sites\/77\/pdf\/maasm_2018\/diagnostica\/DO\/150_COESFO_DOCOPINION.pdf\" target=\"_blank\"><i class=\"fa fa-download\"\/><\/a><\/td><td class=\"column-5\"><a href=\"\/wp-content\/uploads\/sites\/77\/pdf\/maasm_2018\/diagnostica\/FU\/COESFO_150_FU.pdf\" target=\"_blank\"><i class=\"fa fa-download\"\/><\/a><\/td><td class=\"column-6\"><a href=\"\/wp-content\/uploads\/sites\/77\/pdf\/maasm_2018\/diagnostica\/FU2\/COESFO_150_FU2.pdf\" target=\"_blank\"><i class=\"fa fa-download\"\/><\/a><\/td>\n<\/tr>\n<tr class=\"row-212\">\n\t<td class=\"column-1\">211<\/td><td class=\"column-2\">VAMOS JUNTOS A LA ESCUELA<\/td><td class=\"column-3\">SEDESOH<\/td><td class=\"column-4\"><a href=\"\/wp-content\/uploads\/sites\/77\/pdf\/maasm_2018\/diagnostica\/DO\/206_SEDESOH_DOCOPINION.pdf\" target=\"_blank\"><i class=\"fa fa-download\"\/><\/a><\/td><td class=\"column-5\"><a href=\"\/wp-content\/uploads\/sites\/77\/pdf\/maasm_2018\/diagnostica\/FU\/SEDESOH_206_FU.pdf\" target=\"_blank\"><i class=\"fa fa-download\"\/><\/a><\/td><td class=\"column-6\"><a href=\"\/wp-content\/uploads\/sites\/77\/pdf\/maasm_2018\/diagnostica\/FU2\/SEDESOH_206_FU2.pdf\" target=\"_blank\"><i class=\"fa fa-download\"\/><\/a><\/td>\n<\/tr>\n<tr class=\"row-213\">\n\t<td class=\"column-1\">212<\/td><td class=\"column-2\">PRODUCCI\u00d3N Y PRODUCTIVIDAD FORESTAL SUSTENTABLE<\/td><td class=\"column-3\">SEDAPA<\/td><td class=\"column-4\"><a href=\"\/wp-content\/uploads\/sites\/77\/pdf\/maasm_2018\/diagnostica\/DO\/150_SEDAPA_DOCOPINION.pdf\" target=\"_blank\"><i class=\"fa fa-download\"\/><\/a><\/td><td class=\"column-5\"><a href=\"\/wp-content\/uploads\/sites\/77\/pdf\/maasm_2018\/diagnostica\/FU\/SEDAPA_150_FU.pdf\" target=\"_blank\"><i class=\"fa fa-download\"\/><\/a><\/td><td class=\"column-6\"><a href=\"\/wp-content\/uploads\/sites\/77\/pdf\/maasm_2018\/diagnostica\/FU2\/SEDAPA_150_FU2.pdf\" target=\"_blank\"><i class=\"fa fa-download\"\/><\/a><\/td>\n<\/tr>\n<tr class=\"row-214\">\n\t<td class=\"column-1\">213<\/td><td class=\"column-2\">FORTALECIMIENTO A LA INFRAESTRUCTURA F\u00cdSICA EDUCATIVA<\/td><td class=\"column-3\">IEEPO<\/td><td class=\"column-4\"><a href=\"\/wp-content\/uploads\/sites\/77\/pdf\/maasm_2018\/diagnostica\/DO\/207_IEEPO_DOCOPINION.pdf\" target=\"_blank\"><i class=\"fa fa-download\"\/><\/a><\/td><td class=\"column-5\"><a href=\"\/wp-content\/uploads\/sites\/77\/pdf\/maasm_2018\/diagnostica\/FU\/IEEPO_207_FU.pdf\" target=\"_blank\"><i class=\"fa fa-download\"\/><\/a><\/td><td class=\"column-6\"><a href=\"\/wp-content\/uploads\/sites\/77\/pdf\/maasm_2018\/diagnostica\/FU2\/IEEPO_207_FU2.pdf\" target=\"_blank\"><i class=\"fa fa-download\"\/><\/a><\/td>\n<\/tr>\n<tr class=\"row-215\">\n\t<td class=\"column-1\">214<\/td><td class=\"column-2\">Gesti\u00f3n integral de Riesgos<\/td><td class=\"column-3\">CEPCO<\/td><td class=\"column-4\"><a href=\"\/wp-content\/uploads\/sites\/77\/pdf\/maasm_2018\/diagnostica\/DO\/151_CEPCO_DOCOPINION.pdf\" target=\"_blank\"><i class=\"fa fa-download\"\/><\/a><\/td><td class=\"column-5\"><a href=\"\/wp-content\/uploads\/sites\/77\/pdf\/maasm_2018\/diagnostica\/FU\/CEPCO_151_FU.pdf\" target=\"_blank\"><i class=\"fa fa-download\"\/><\/a><\/td><td class=\"column-6\"><a href=\"\/wp-content\/uploads\/sites\/77\/pdf\/maasm_2018\/diagnostica\/FU2\/CEPCO_151_FU2.pdf\" target=\"_blank\"><i class=\"fa fa-download\"\/><\/a><\/td>\n<\/tr>\n<tr class=\"row-216\">\n\t<td class=\"column-1\">215<\/td><td class=\"column-2\">FORTALECIMIENTO A LA INFRAESTRUCTURA F\u00cdSICA EDUCATIVA<\/td><td class=\"column-3\">IOCIFED<\/td><td class=\"column-4\"><a href=\"\/wp-content\/uploads\/sites\/77\/pdf\/maasm_2018\/diagnostica\/DO\/207_IOCIFED_DOCOPINION.pdf\" target=\"_blank\"><i class=\"fa fa-download\"\/><\/a><\/td><td class=\"column-5\"><a href=\"\/wp-content\/uploads\/sites\/77\/pdf\/maasm_2018\/diagnostica\/FU\/IOCIFED_207_FU.pdf\" target=\"_blank\"><i class=\"fa fa-download\"\/><\/a><\/td><td class=\"column-6\"><a href=\"\/wp-content\/uploads\/sites\/77\/pdf\/maasm_2018\/diagnostica\/FU2\/IOCIFED_207_FU2.pdf\" target=\"_blank\"><i class=\"fa fa-download\"\/><\/a><\/td>\n<\/tr>\n<tr class=\"row-217\">\n\t<td class=\"column-1\">216<\/td><td class=\"column-2\">PROMOCI\u00d3N Y FOMENTO DE LAS POL\u00cdTICAS P\u00daBLICAS IGUALITARIAS PARA MUJERES Y HOMBRES<\/td><td class=\"column-3\">SMO<\/td><td class=\"column-4\"><a href=\"\/wp-content\/uploads\/sites\/77\/pdf\/maasm_2018\/diagnostica\/DO\/152_SMO_DOCOPINION.pdf\" target=\"_blank\"><i class=\"fa fa-download\"\/><\/a><\/td><td class=\"column-5\"><a href=\"\/wp-content\/uploads\/sites\/77\/pdf\/maasm_2018\/diagnostica\/FU\/SMO_152_FU.pdf\" target=\"_blank\"><i class=\"fa fa-download\"\/><\/a><\/td><td class=\"column-6\"><a href=\"\/wp-content\/uploads\/sites\/77\/pdf\/maasm_2018\/diagnostica\/FU2\/SMO_152_FU2.pdf\" target=\"_blank\"><i class=\"fa fa-download\"\/><\/a><\/td>\n<\/tr>\n<tr class=\"row-218\">\n\t<td class=\"column-1\">217<\/td><td class=\"column-2\">FORTALECIMIENTO A LA INFRAESTRUCTURA F\u00cdSICA EDUCATIVA<\/td><td class=\"column-3\">SINFRA<\/td><td class=\"column-4\"><a href=\"\/wp-content\/uploads\/sites\/77\/pdf\/maasm_2018\/diagnostica\/DO\/207_SINFRA_DOCOPINION.pdf\" target=\"_blank\"><i class=\"fa fa-download\"\/><\/a><\/td><td class=\"column-5\"><a href=\"\/wp-content\/uploads\/sites\/77\/pdf\/maasm_2018\/diagnostica\/FU\/SINFRA_207_FU.pdf\" target=\"_blank\"><i class=\"fa fa-download\"\/><\/a><\/td><td class=\"column-6\"><a href=\"\/wp-content\/uploads\/sites\/77\/pdf\/maasm_2018\/diagnostica\/FU2\/SINFRA_207_FU2.pdf\" target=\"_blank\"><i class=\"fa fa-download\"\/><\/a><\/td>\n<\/tr>\n<tr class=\"row-219\">\n\t<td class=\"column-1\">218<\/td><td class=\"column-2\">AMPLIACI\u00d3N Y MEJORA DE LA COBERTURA DE SANEAMIENTO B\u00c1SICO<\/td><td class=\"column-3\">CEA<\/td><td class=\"column-4\"><a href=\"\/wp-content\/uploads\/sites\/77\/pdf\/maasm_2018\/diagnostica\/DO\/153_CEA_DOCOPINION.pdf\" target=\"_blank\"><i class=\"fa fa-download\"\/><\/a><\/td><td class=\"column-5\"><a href=\"\/wp-content\/uploads\/sites\/77\/pdf\/maasm_2018\/diagnostica\/FU\/CEA_153_FU.pdf\" target=\"_blank\"><i class=\"fa fa-download\"\/><\/a><\/td><td class=\"column-6\"><a href=\"\/wp-content\/uploads\/sites\/77\/pdf\/maasm_2018\/diagnostica\/FU2\/CEA_153_FU2.pdf\" target=\"_blank\"><i class=\"fa fa-download\"\/><\/a><\/td>\n<\/tr>\n<tr class=\"row-220\">\n\t<td class=\"column-1\">219<\/td><td class=\"column-2\">INCLUSI\u00d3N ECON\u00d3MICA DE LOS MIGRANTES Y SUS FAMILIAS<\/td><td class=\"column-3\">IOAM<\/td><td class=\"column-4\"><a href=\"\/wp-content\/uploads\/sites\/77\/pdf\/maasm_2018\/diagnostica\/DO\/208_IOAM_DOCOPINION.pdf\" target=\"_blank\"><i class=\"fa fa-download\"\/><\/a><\/td><td class=\"column-5\"><a href=\"\/wp-content\/uploads\/sites\/77\/pdf\/maasm_2018\/diagnostica\/FU\/IOAM_208_FU.pdf\" target=\"_blank\"><i class=\"fa fa-download\"\/><\/a><\/td><td class=\"column-6\"><a href=\"\/wp-content\/uploads\/sites\/77\/pdf\/maasm_2018\/diagnostica\/FU2\/IOAM_208_FU2.pdf\" target=\"_blank\"><i class=\"fa fa-download\"\/><\/a><\/td>\n<\/tr>\n<tr class=\"row-221\">\n\t<td class=\"column-1\">220<\/td><td class=\"column-2\">AMPLIACI\u00d3N Y MEJORA DE LA COBERTURA DE SANEAMIENTO B\u00c1SICO<\/td><td class=\"column-3\">CEVI<\/td><td class=\"column-4\"><a href=\"\/wp-content\/uploads\/sites\/77\/pdf\/maasm_2018\/diagnostica\/DO\/153_CEVI_DOCOPINION.pdf\" target=\"_blank\"><i class=\"fa fa-download\"\/><\/a><\/td><td class=\"column-5\"><a href=\"\/wp-content\/uploads\/sites\/77\/pdf\/maasm_2018\/diagnostica\/FU\/CEVI_153_FU-IV.pdf\" target=\"_blank\"><i class=\"fa fa-download\"\/><\/a><\/td><td class=\"column-6\"><a href=\"\/wp-content\/uploads\/sites\/77\/pdf\/maasm_2018\/diagnostica\/FU2\/CEVI_153_FU2.pdf\" target=\"_blank\"><i class=\"fa fa-download\"\/><\/a><\/td>\n<\/tr>\n<tr class=\"row-222\">\n\t<td class=\"column-1\">221<\/td><td class=\"column-2\">MOVILIDAD INTEGRAL URBANA<\/td><td class=\"column-3\">SEVITRA<\/td><td class=\"column-4\"><a href=\"\/wp-content\/uploads\/sites\/77\/pdf\/maasm_2018\/diagnostica\/DO\/209_SEVITRA_DOCOPINION.pdf\" target=\"_blank\"><i class=\"fa fa-download\"\/><\/a><\/td><td class=\"column-5\"><a href=\"\/wp-content\/uploads\/sites\/77\/pdf\/maasm_2018\/diagnostica\/FU\/SEVITRA_209_FU.pdf\" target=\"_blank\"><i class=\"fa fa-download\"\/><\/a><\/td><td class=\"column-6\"><a href=\"\/wp-content\/uploads\/sites\/77\/pdf\/maasm_2018\/diagnostica\/FU2\/SEMOVI_209_FU2.pdf\" target=\"_blank\"><i class=\"fa fa-download\"\/><\/a><\/td>\n<\/tr>\n<tr class=\"row-223\">\n\t<td class=\"column-1\">222<\/td><td class=\"column-2\">AMPLIACI\u00d3N Y MEJORA DE LA COBERTURA DE SANEAMIENTO B\u00c1SICO<\/td><td class=\"column-3\">SAPAO<\/td><td class=\"column-4\"><a href=\"\/wp-content\/uploads\/sites\/77\/pdf\/maasm_2018\/diagnostica\/DO\/153_SAPAO_DOCOPINION.pdf\" target=\"_blank\"><i class=\"fa fa-download\"\/><\/a><\/td><td class=\"column-5\"><a href=\"\/wp-content\/uploads\/sites\/77\/pdf\/maasm_2018\/diagnostica\/FU\/SAPAO_153_FU.pdf\" target=\"_blank\"><i class=\"fa fa-download\"\/><\/a><\/td><td class=\"column-6\"><a href=\"\/wp-content\/uploads\/sites\/77\/pdf\/maasm_2018\/diagnostica\/FU2\/SAPAO_153_FU2.pdf\" target=\"_blank\"><i class=\"fa fa-download\"\/><\/a><\/td>\n<\/tr>\n<tr class=\"row-224\">\n\t<td class=\"column-1\">223<\/td><td class=\"column-2\">MOVILIDAD INTEGRAL URBANA<\/td><td class=\"column-3\">SINFRA<\/td><td class=\"column-4\"><a href=\"\/wp-content\/uploads\/sites\/77\/pdf\/maasm_2018\/diagnostica\/DO\/209_SINFRA_DOCOPINION.pdf\" target=\"_blank\"><i class=\"fa fa-download\"\/><\/a><\/td><td class=\"column-5\"><a href=\"\/wp-content\/uploads\/sites\/77\/pdf\/maasm_2018\/diagnostica\/FU\/SINFRA_209_FU.pdf\" target=\"_blank\"><i class=\"fa fa-download\"\/><\/a><\/td><td class=\"column-6\"><a href=\"\/wp-content\/uploads\/sites\/77\/pdf\/maasm_2018\/diagnostica\/FU2\/SINFRA_209_FU2.pdf\" target=\"_blank\"><i class=\"fa fa-download\"\/><\/a><\/td>\n<\/tr>\n<tr class=\"row-225\">\n\t<td class=\"column-1\">224<\/td><td class=\"column-2\">AMPLIACI\u00d3N Y MEJORA DE LA COBERTURA DE SANEAMIENTO B\u00c1SICO<\/td><td class=\"column-3\">SINFRA<\/td><td class=\"column-4\"><a href=\"\/wp-content\/uploads\/sites\/77\/pdf\/maasm_2018\/diagnostica\/DO\/153_SINFRA_DOCOPINION.pdf\" target=\"_blank\"><i class=\"fa fa-download\"\/><\/a><\/td><td class=\"column-5\"><a href=\"\/wp-content\/uploads\/sites\/77\/pdf\/maasm_2018\/diagnostica\/FU\/SINFRA_153_FU.pdf\" target=\"_blank\"><i class=\"fa fa-download\"\/><\/a><\/td><td class=\"column-6\"><a href=\"\/wp-content\/uploads\/sites\/77\/pdf\/maasm_2018\/diagnostica\/FU2\/SINFRA_153_FU2.pdf\" target=\"_blank\"><i class=\"fa fa-download\"\/><\/a><\/td>\n<\/tr>\n<tr class=\"row-226\">\n\t<td class=\"column-1\">225<\/td><td class=\"column-2\">ATRACCI\u00d3N DE INVERSIONES<\/td><td class=\"column-3\">SE<\/td><td class=\"column-4\"><a href=\"\/wp-content\/uploads\/sites\/77\/pdf\/maasm_2018\/diagnostica\/DO\/210_SE_DOCOPINION.pdf\" target=\"_blank\"><i class=\"fa fa-download\"\/><\/a><\/td><td class=\"column-5\"><a href=\"\/wp-content\/uploads\/sites\/77\/pdf\/maasm_2018\/diagnostica\/FU\/SE_210_FU.pdf\" target=\"_blank\"><i class=\"fa fa-download\"\/><\/a><\/td><td class=\"column-6\"><a href=\"\/wp-content\/uploads\/sites\/77\/pdf\/maasm_2018\/diagnostica\/FU2\/SE_210_FU2.pdf\" target=\"_blank\"><i class=\"fa fa-download\"\/><\/a><\/td>\n<\/tr>\n<tr class=\"row-227\">\n\t<td class=\"column-1\">226<\/td><td class=\"column-2\">ATENCI\u00d3N INTEGRAL DE LOS DERECHOS HUMANOS<\/td><td class=\"column-3\">DDHPO<\/td><td class=\"column-4\"><a href=\"\/wp-content\/uploads\/sites\/77\/pdf\/maasm_2018\/diagnostica\/DO\/155_DDHPO_DOCOPINION.pdf\" target=\"_blank\"><i class=\"fa fa-download\"\/><\/a><\/td><td class=\"column-5\"><a href=\"\/wp-content\/uploads\/sites\/77\/pdf\/maasm_2018\/diagnostica\/FU\/DDHPO_155_FU.pdf\" target=\"_blank\"><i class=\"fa fa-download\"\/><\/a><\/td><td class=\"column-6\"><a href=\"\/wp-content\/uploads\/sites\/77\/pdf\/maasm_2018\/diagnostica\/FU2\/DDHPO_155_FU2.pdf\" target=\"_blank\"><i class=\"fa fa-download\"\/><\/a><\/td>\n<\/tr>\n<tr class=\"row-228\">\n\t<td class=\"column-1\">227<\/td><td class=\"column-2\">ECONOM\u00cdA SOCIAL INCLUYENTE<\/td><td class=\"column-3\">SEDESOH<\/td><td class=\"column-4\"><a href=\"\/wp-content\/uploads\/sites\/77\/pdf\/maasm_2018\/diagnostica\/DO\/212_SEDESOH_DOCOPINION.pdf\" target=\"_blank\"><i class=\"fa fa-download\"\/><\/a><\/td><td class=\"column-5\"><a href=\"\/wp-content\/uploads\/sites\/77\/pdf\/maasm_2018\/diagnostica\/FU\/SEDESOH_212_FU.pdf\" target=\"_blank\"><i class=\"fa fa-download\"\/><\/a><\/td><td class=\"column-6\"><a href=\"\/wp-content\/uploads\/sites\/77\/pdf\/maasm_2018\/diagnostica\/FU2\/SEDESOH_212_FU2.pdf\" target=\"_blank\"><i class=\"fa fa-download\"\/><\/a><\/td>\n<\/tr>\n<tr class=\"row-229\">\n\t<td class=\"column-1\">228<\/td><td class=\"column-2\">VINCULACI\u00d3N DE LAS INSTITUCIONES DE EDUCACI\u00d3N SUPERIOR CON EL SECTOR PRODUCTIVO Y SOCIAL<\/td><td class=\"column-3\">CGEMSYSCYT<\/td><td class=\"column-4\"><a href=\"\/wp-content\/uploads\/sites\/77\/pdf\/maasm_2018\/diagnostica\/DO\/156_CGEMSYSCYT_DOCOPINION.pdf\" target=\"_blank\"><i class=\"fa fa-download\"\/><\/a><\/td><td class=\"column-5\"><a href=\"\/wp-content\/uploads\/sites\/77\/pdf\/maasm_2018\/diagnostica\/FU\/CGEMSYSCYT_156_FU.pdf\" target=\"_blank\"><i class=\"fa fa-download\"\/><\/a><\/td><td class=\"column-6\"><a href=\"\/wp-content\/uploads\/sites\/77\/pdf\/maasm_2018\/diagnostica\/FU2\/CGEMSYSCYT_156_FU2.pdf\" target=\"_blank\"><i class=\"fa fa-download\"\/><\/a><\/td>\n<\/tr>\n<tr class=\"row-230\">\n\t<td class=\"column-1\">229<\/td><td class=\"column-2\">ECONOM\u00cdA SOCIAL INCLUYENTE<\/td><td class=\"column-3\">SMO<\/td><td class=\"column-4\"><a href=\"\/wp-content\/uploads\/sites\/77\/pdf\/maasm_2018\/diagnostica\/DO\/212_SMO_DOCOPINION.pdf\" target=\"_blank\"><i class=\"fa fa-download\"\/><\/a><\/td><td class=\"column-5\"><a href=\"\/wp-content\/uploads\/sites\/77\/pdf\/maasm_2018\/diagnostica\/FU\/SMO_212_FU.pdf\" target=\"_blank\"><i class=\"fa fa-download\"\/><\/a><\/td><td class=\"column-6\"><\/td>\n<\/tr>\n<tr class=\"row-231\">\n\t<td class=\"column-1\">230<\/td><td class=\"column-2\">VINCULACI\u00d3N DE LAS INSTITUCIONES DE EDUCACI\u00d3N SUPERIOR CON EL SECTOR PRODUCTIVO Y SOCIAL<\/td><td class=\"column-3\">CSEIIO<\/td><td class=\"column-4\"><a href=\"\/wp-content\/uploads\/sites\/77\/pdf\/maasm_2018\/diagnostica\/DO\/156_CSEIIO_DOCOPINION.pdf\" target=\"_blank\"><i class=\"fa fa-download\"\/><\/a><\/td><td class=\"column-5\"><a href=\"\/wp-content\/uploads\/sites\/77\/pdf\/maasm_2018\/diagnostica\/FU\/CSEIIO_156_FU.pdf\" target=\"_blank\"><i class=\"fa fa-download\"\/><\/a><\/td><td class=\"column-6\"><a href=\"\/wp-content\/uploads\/sites\/77\/pdf\/maasm_2018\/diagnostica\/FU2\/CSEIIO_156_FU2.pdf\" target=\"_blank\"><i class=\"fa fa-download\"\/><\/a><\/td>\n<\/tr>\n<tr class=\"row-232\">\n\t<td class=\"column-1\">231<\/td><td class=\"column-2\">VINCULACI\u00d3N DE LAS INSTITUCIONES DE EDUCACI\u00d3N SUPERIOR CON EL SECTOR PRODUCTIVO Y SOCIAL<\/td><td class=\"column-3\">ITSMIGRA<\/td><td class=\"column-4\"><a href=\"\/wp-content\/uploads\/sites\/77\/pdf\/maasm_2018\/diagnostica\/DO\/156_ITSMIGRA_DOCOPINION.pdf\" target=\"_blank\"><i class=\"fa fa-download\"\/><\/a><\/td><td class=\"column-5\"><a href=\"\/wp-content\/uploads\/sites\/77\/pdf\/maasm_2018\/diagnostica\/FU\/ITSMIGRA_156_FU.pdf\" target=\"_blank\"><i class=\"fa fa-download\"\/><\/a><\/td><td class=\"column-6\"><\/td>\n<\/tr>\n<tr class=\"row-233\">\n\t<td class=\"column-1\">232<\/td><td class=\"column-2\">AMPLIACI\u00d3N DE LA COBERTURA DE EDUCACI\u00d3N MEDIA SUPERIOR<\/td><td class=\"column-3\">IOCIFED<\/td><td class=\"column-4\"><a href=\"\/wp-content\/uploads\/sites\/77\/pdf\/maasm_2018\/diagnostica\/DO\/200_IOCIFED_DOCOPINION.pdf\" target=\"_blank\"><i class=\"fa fa-download\"\/><\/a><\/td><td class=\"column-5\"><a href=\"\/wp-content\/uploads\/sites\/77\/pdf\/maasm_2018\/diagnostica\/FU\/IOCIFED_200_FU.pdf\" target=\"_blank\"><i class=\"fa fa-download\"\/><\/a><\/td><td class=\"column-6\"><a href=\"\/wp-content\/uploads\/sites\/77\/pdf\/maasm_2018\/diagnostica\/FU2\/IOCIFED_200_FU2.pdf\" target=\"_blank\"><i class=\"fa fa-download\"\/><\/a><\/td>\n<\/tr>\n<tr class=\"row-234\">\n\t<td class=\"column-1\">233<\/td><td class=\"column-2\">PREVENCI\u00d3N Y PROMOCI\u00d3N DE LA SALUD<\/td><td class=\"column-3\">COESIDA<\/td><td class=\"column-4\"><a href=\"\/wp-content\/uploads\/sites\/77\/pdf\/maasm_2018\/diagnostica\/DO\/169_COESIDA_DOCOPINION.pdf\" target=\"_blank\"><i class=\"fa fa-download\"\/><\/a><\/td><td class=\"column-5\"><a href=\"\/wp-content\/uploads\/sites\/77\/pdf\/maasm_2018\/diagnostica\/FU\/COESIDA_169_FU.pdf\" target=\"_blank\"><i class=\"fa fa-download\"\/><\/a><\/td><td class=\"column-6\"><a href=\"\/wp-content\/uploads\/sites\/77\/pdf\/maasm_2018\/diagnostica\/FU2\/COESIDA_169_FU2.pdf\" target=\"_blank\"><i class=\"fa fa-download\"\/><\/a><\/td>\n<\/tr>\n<tr class=\"row-235\">\n\t<td class=\"column-1\">234<\/td><td class=\"column-2\">ATENCI\u00d3N M\u00c9DICA<\/td><td class=\"column-3\">COESIDA<\/td><td class=\"column-4\"><a href=\"\/wp-content\/uploads\/sites\/77\/pdf\/maasm_2018\/diagnostica\/DO\/159_COESIDA_DOCOPINION.pdf\" target=\"_blank\"><i class=\"fa fa-download\"\/><\/a><\/td><td class=\"column-5\"><a href=\"\/wp-content\/uploads\/sites\/77\/pdf\/maasm_2018\/diagnostica\/FU\/COESIDA_159_FU.pdf\" target=\"_blank\"><i class=\"fa fa-download\"\/><\/a><\/td><td class=\"column-6\"><a href=\"\/wp-content\/uploads\/sites\/77\/pdf\/maasm_2018\/diagnostica\/FU2\/COESIDA_159_FU2.pdf\" target=\"_blank\"><i class=\"fa fa-download\"\/><\/a><\/td>\n<\/tr>\n<tr class=\"row-236\">\n\t<td class=\"column-1\">235<\/td><td class=\"column-2\">INCREMENTO DE LA OFERTA EDUCATIVA SUPERIOR<\/td><td class=\"column-3\">IOCIFED<\/td><td class=\"column-4\"><a href=\"\/wp-content\/uploads\/sites\/77\/pdf\/maasm_2018\/diagnostica\/DO\/127_IOCIFED_DOCOPINION.pdf\" target=\"_blank\"><i class=\"fa fa-download\"\/><\/a><\/td><td class=\"column-5\"><a href=\"\/wp-content\/uploads\/sites\/77\/pdf\/maasm_2018\/diagnostica\/FU\/IOCIFED_127_FU.pdf\" target=\"_blank\"><i class=\"fa fa-download\"\/><\/a><\/td><td class=\"column-6\"><a href=\"\/wp-content\/uploads\/sites\/77\/pdf\/maasm_2018\/diagnostica\/FU2\/IOCIFED_127_FU2.pdf\" target=\"_blank\"><i class=\"fa fa-download\"\/><\/a><\/td>\n<\/tr>\n<tr class=\"row-237\">\n\t<td class=\"column-1\">236<\/td><td class=\"column-2\">PROMOCI\u00d3N, RECREACI\u00d3N Y FOMENTO DE LA ACTIVACI\u00d3N F\u00cdSICA Y DEL DEPORTE<\/td><td class=\"column-3\">CECUDE<\/td><td class=\"column-4\"><a href=\"\/wp-content\/uploads\/sites\/77\/pdf\/maasm_2018\/diagnostica\/DO\/174_CECUDE_DOCOPINION.pdf\" target=\"_blank\"><i class=\"fa fa-download\"\/><\/a><\/td><td class=\"column-5\"><a href=\"\/wp-content\/uploads\/sites\/77\/pdf\/maasm_2018\/diagnostica\/FU\/CECUDE_174_FU.pdf\" target=\"_blank\"><i class=\"fa fa-download\"\/><\/a><\/td><td class=\"column-6\"><\/td>\n<\/tr>\n<\/tbody>\n<\/table>\n<!-- #tablepress-41 from cache -->\n<h4>Evaluaciones de dise\u00f1o<\/h4>\n\n<table id=\"tablepress-42\" class=\"tablepress tablepress-id-42\">\n<thead>\n<tr class=\"row-1\">\n\t<th class=\"column-1\">No.<\/th><th class=\"column-2\">Programa<\/th><th class=\"column-3\">Dependencia<\/th><th class=\"column-4\">Documento de Opini\u00f3n<\/th><th class=\"column-5\">Anexos<\/th><td class=\"column-6\"><\/td>\n<\/tr>\n<\/thead>\n<tbody class=\"row-striping row-hover\">\n<tr class=\"row-2\">\n\t<td class=\"column-1\">105<\/td><td class=\"column-2\">EDUCACI\u00d3N B\u00c1SICA INCLUYENTE<\/td><td class=\"column-3\">IEEPO<\/td><td class=\"column-4\"><a href=\"\/wp-content\/uploads\/sites\/77\/pdf\/maasm_2018\/dise\u00f1o\/DO\/105_IEEPO_ DOCOPINION.pdf\" target=\"_blank\"><i class=\"fa fa-download\"\/><\/a><\/td><td class=\"column-5\"><a href=\"\/wp-content\/uploads\/sites\/77\/pdf\/maasm_2018\/dise\u00f1o\/FU\/IEEPO_105_FU.pdf\" target=\"_blank\"><i class=\"fa fa-download\"\/><\/a><\/td><td class=\"column-6\"><a href=\"\/wp-content\/uploads\/sites\/77\/pdf\/maasm_2018\/dise\u00f1o\/FU\/IEEPO_105_FU2.pdf\" target=\"_blank\"><i class=\"fa fa-download\"\/><\/a><\/td>\n<\/tr>\n<tr class=\"row-3\">\n\t<td class=\"column-1\">109<\/td><td class=\"column-2\">DESARROLLO AGR\u00cdCOLA<\/td><td class=\"column-3\">SEDAPA<\/td><td class=\"column-4\"><a href=\"\/wp-content\/uploads\/sites\/77\/pdf\/maasm_2018\/dise\u00f1o\/DO\/109_SEDAPA_DOCOPINION.pdf\" target=\"_blank\"><i class=\"fa fa-download\"\/><\/a><\/td><td class=\"column-5\"><a href=\"\/wp-content\/uploads\/sites\/77\/pdf\/maasm_2018\/dise\u00f1o\/FU\/SEDAPA_109_FU.pdf\" target=\"_blank\"><i class=\"fa fa-download\"\/><\/a><\/td><td class=\"column-6\"><a href=\"\/wp-content\/uploads\/sites\/77\/pdf\/maasm_2018\/dise\u00f1o\/FU\/SEDAPA_109_FU2.pdf\" target=\"_blank\"><i class=\"fa fa-download\"\/><\/a><\/td>\n<\/tr>\n<tr class=\"row-4\">\n\t<td class=\"column-1\">132<\/td><td class=\"column-2\">FORMACI\u00d3N CON CALIDAD EN EDUCACI\u00d3N MEDIA SUPERIOR<\/td><td class=\"column-3\">UABJO<\/td><td class=\"column-4\"><a href=\"\/wp-content\/uploads\/sites\/77\/pdf\/maasm_2018\/dise\u00f1o\/DO\/132_UABJO_DOCOPINION.pdf\" target=\"_blank\"><i class=\"fa fa-download\"\/><\/a><\/td><td class=\"column-5\"><a href=\"\/wp-content\/uploads\/sites\/77\/pdf\/maasm_2018\/dise\u00f1o\/FU\/UABJO_132_FU.pdf\" target=\"_blank\"><i class=\"fa fa-download\"\/><\/a><\/td><td class=\"column-6\"><a href=\"\/wp-content\/uploads\/sites\/77\/pdf\/maasm_2018\/dise\u00f1o\/FU\/UABJO_132_FU2.pdf\" target=\"_blank\"><i class=\"fa fa-download\"\/><\/a><\/td>\n<\/tr>\n<tr class=\"row-5\">\n\t<td class=\"column-1\">132<\/td><td class=\"column-2\">FORMACI\u00d3N CON CALIDAD EN EDUCACI\u00d3N MEDIA SUPERIOR<\/td><td class=\"column-3\">CSEIIO<\/td><td class=\"column-4\"><a href=\"\/wp-content\/uploads\/sites\/77\/pdf\/maasm_2018\/dise\u00f1o\/DO\/132_CSEIIO_DOCOPINION.pdf\" target=\"_blank\"><i class=\"fa fa-download\"\/><\/a><\/td><td class=\"column-5\"><a href=\"\/wp-content\/uploads\/sites\/77\/pdf\/maasm_2018\/dise\u00f1o\/FU\/CSEIIO_132_FU.pdf\" target=\"_blank\"><i class=\"fa fa-download\"\/><\/a><\/td><td class=\"column-6\"><a href=\"\/wp-content\/uploads\/sites\/77\/pdf\/maasm_2018\/dise\u00f1o\/FU\/CSEIIO_132_FU2.pdf\" target=\"_blank\"><i class=\"fa fa-download\"\/><\/a><\/td>\n<\/tr>\n<tr class=\"row-6\">\n\t<td class=\"column-1\">132<\/td><td class=\"column-2\">FORMACI\u00d3N CON CALIDAD EN EDUCACI\u00d3N MEDIA SUPERIOR<\/td><td class=\"column-3\">COBAO<\/td><td class=\"column-4\"><a href=\"\/wp-content\/uploads\/sites\/77\/pdf\/maasm_2018\/dise\u00f1o\/DO\/132_COBAO_DOCOPINION.pdf\" target=\"_blank\"><i class=\"fa fa-download\"\/><\/a><\/td><td class=\"column-5\"><a href=\"\/wp-content\/uploads\/sites\/77\/pdf\/maasm_2018\/dise\u00f1o\/FU\/COBAO_132_FU.pdf\" target=\"_blank\"><i class=\"fa fa-download\"\/><\/a><\/td><td class=\"column-6\"><a href=\"\/wp-content\/uploads\/sites\/77\/pdf\/maasm_2018\/dise\u00f1o\/FU\/COBAO_132_FU2.pdf\" target=\"_blank\"><i class=\"fa fa-download\"\/><\/a><\/td>\n<\/tr>\n<tr class=\"row-7\">\n\t<td class=\"column-1\">132<\/td><td class=\"column-2\">FORMACI\u00d3N CON CALIDAD EN EDUCACI\u00d3N MEDIA SUPERIOR<\/td><td class=\"column-3\">CGEMSYSCYT<\/td><td class=\"column-4\"><a href=\"\/wp-content\/uploads\/sites\/77\/pdf\/maasm_2018\/dise\u00f1o\/DO\/132_CGEMSYSCYT_DOCOPINION.pdf\" target=\"_blank\"><i class=\"fa fa-download\"\/><\/a><\/td><td class=\"column-5\"><a href=\"\/wp-content\/uploads\/sites\/77\/pdf\/maasm_2018\/dise\u00f1o\/FU\/CGEMSYSCYT_132_FU.pdf\" target=\"_blank\"><i class=\"fa fa-download\"\/><\/a><\/td><td class=\"column-6\"><a href=\"\/wp-content\/uploads\/sites\/77\/pdf\/maasm_2018\/dise\u00f1o\/FU\/CGEMSYSCYT_132_FU2.pdf\" target=\"_blank\"><i class=\"fa fa-download\"\/><\/a><\/td>\n<\/tr>\n<tr class=\"row-8\">\n\t<td class=\"column-1\">132<\/td><td class=\"column-2\">FORMACI\u00d3N CON CALIDAD EN EDUCACI\u00d3N MEDIA SUPERIOR<\/td><td class=\"column-3\">CECYTE<\/td><td class=\"column-4\"><a href=\"\/wp-content\/uploads\/sites\/77\/pdf\/maasm_2018\/dise\u00f1o\/DO\/132_CECYTE_ DOCOPINION.pdf\" target=\"_blank\"><i class=\"fa fa-download\"\/><\/a><\/td><td class=\"column-5\"><a href=\"\/wp-content\/uploads\/sites\/77\/pdf\/maasm_2018\/dise\u00f1o\/FU\/CECYTEO_132_FU.pdf\" target=\"_blank\"><i class=\"fa fa-download\"\/><\/a><\/td><td class=\"column-6\"><a href=\"\/wp-content\/uploads\/sites\/77\/pdf\/maasm_2018\/dise\u00f1o\/FU\/CECYTEO_132_FU2.pdf\" target=\"_blank\"><i class=\"fa fa-download\"\/><\/a><\/td>\n<\/tr>\n<tr class=\"row-9\">\n\t<td class=\"column-1\">132<\/td><td class=\"column-2\">FORMACI\u00d3N CON CALIDAD EN EDUCACI\u00d3N MEDIA SUPERIOR<\/td><td class=\"column-3\">CEPPEMS<\/td><td class=\"column-4\"><a href=\"\/wp-content\/uploads\/sites\/77\/pdf\/maasm_2018\/dise\u00f1o\/DO\/132_CEPPEMS_DOCOPINION.pdf\" target=\"_blank\"><i class=\"fa fa-download\"\/><\/a><\/td><td class=\"column-5\"><a href=\"\/wp-content\/uploads\/sites\/77\/pdf\/maasm_2018\/dise\u00f1o\/FU\/CEPPEMS_132_FU.pdf\" target=\"_blank\"><i class=\"fa fa-download\"\/><\/a><\/td><td class=\"column-6\"><a href=\"\/wp-content\/uploads\/sites\/77\/pdf\/maasm_2018\/dise\u00f1o\/FU\/CEPPESMS_132_FU2.pdf\" target=\"_blank\"><i class=\"fa fa-download\"\/><\/a><\/td>\n<\/tr>\n<tr class=\"row-10\">\n\t<td class=\"column-1\">132<\/td><td class=\"column-2\">FORMACI\u00d3N CON CALIDAD EN EDUCACI\u00d3N MEDIA SUPERIOR<\/td><td class=\"column-3\">IEBO<\/td><td class=\"column-4\"><a href=\"\/wp-content\/uploads\/sites\/77\/pdf\/maasm_2018\/dise\u00f1o\/DO\/132_IEBO_DOCOPINION.pdf\" target=\"_blank\"><i class=\"fa fa-download\"\/><\/a><\/td><td class=\"column-5\"><a href=\"\/wp-content\/uploads\/sites\/77\/pdf\/maasm_2018\/dise\u00f1o\/FU\/IEBO_132_FU.pdf\" target=\"_blank\"><i class=\"fa fa-download\"\/><\/a><\/td><td class=\"column-6\"><a href=\"\/wp-content\/uploads\/sites\/77\/pdf\/maasm_2018\/dise\u00f1o\/FU\/IEBO_132_FU2.pdf\" target=\"_blank\"><i class=\"fa fa-download\"\/><\/a><\/td>\n<\/tr>\n<tr class=\"row-11\">\n\t<td class=\"column-1\">152<\/td><td class=\"column-2\">PROMOCI\u00d3N Y FOMENTO DE LAS POL\u00cdTICAS P\u00daBLICAS IGUALITARIAS PARA MUJERES Y HOMBRES<\/td><td class=\"column-3\">SMO<\/td><td class=\"column-4\"><a href=\"\/wp-content\/uploads\/sites\/77\/pdf\/maasm_2018\/dise\u00f1o\/DO\/152_SMO_DOCOPINION.pdf\" target=\"_blank\"><i class=\"fa fa-download\"\/><\/a><\/td><td class=\"column-5\"><a href=\"\/wp-content\/uploads\/sites\/77\/pdf\/maasm_2018\/dise\u00f1o\/FU\/SMO_152_FU.pdf\" target=\"_blank\"><i class=\"fa fa-download\"\/><\/a><\/td><td class=\"column-6\"><a href=\"\/wp-content\/uploads\/sites\/77\/pdf\/maasm_2018\/dise\u00f1o\/FU\/SMO_152_FU2.pdf\" target=\"_blank\"><i class=\"fa fa-download\"\/><\/a><\/td>\n<\/tr>\n<tr class=\"row-12\">\n\t<td class=\"column-1\">161<\/td><td class=\"column-2\">FORTALECIMIENTO EMPRESARIAL<\/td><td class=\"column-3\">IODEMC<\/td><td class=\"column-4\"><a href=\"\/wp-content\/uploads\/sites\/77\/pdf\/maasm_2018\/dise\u00f1o\/DO\/161_IODEMC_DOCOPINION.pdf\" target=\"_blank\"><i class=\"fa fa-download\"\/><\/a><\/td><td class=\"column-5\"><a href=\"\/wp-content\/uploads\/sites\/77\/pdf\/maasm_2018\/dise\u00f1o\/FU\/IODEMEC_161_FU.pdf\" target=\"_blank\"><i class=\"fa fa-download\"\/><\/a><\/td><td class=\"column-6\"><a href=\"\/wp-content\/uploads\/sites\/77\/pdf\/maasm_2018\/dise\u00f1o\/FU\/IODEMC_161_FU2.pdf\" target=\"_blank\"><i class=\"fa fa-download\"\/><\/a><\/td>\n<\/tr>\n<tr class=\"row-13\">\n\t<td class=\"column-1\">161<\/td><td class=\"column-2\">FORTALECIMIENTO EMPRESARIAL<\/td><td class=\"column-3\">FIFEO<\/td><td class=\"column-4\"><a href=\"\/wp-content\/uploads\/sites\/77\/pdf\/maasm_2018\/dise\u00f1o\/DO\/161_FIFEO_DOCOPINION.pdf\" target=\"_blank\"><i class=\"fa fa-download\"\/><\/a><\/td><td class=\"column-5\"><a href=\"\/wp-content\/uploads\/sites\/77\/pdf\/maasm_2018\/dise\u00f1o\/FU\/FIFEO_161_FU.pdf\" target=\"_blank\"><i class=\"fa fa-download\"\/><\/a><\/td><td class=\"column-6\"><a href=\"\/wp-content\/uploads\/sites\/77\/pdf\/maasm_2018\/dise\u00f1o\/FU\/FIFEO_161_FU2.pdf\" target=\"_blank\"><i class=\"fa fa-download\"\/><\/a><\/td>\n<\/tr>\n<tr class=\"row-14\">\n\t<td class=\"column-1\">161<\/td><td class=\"column-2\">FORTALECIMIENTO EMPRESARIAL<\/td><td class=\"column-3\">SE<\/td><td class=\"column-4\"><a href=\"\/wp-content\/uploads\/sites\/77\/pdf\/maasm_2018\/dise\u00f1o\/DO\/161_SE_DOCOPINION.pdf\" target=\"_blank\"><i class=\"fa fa-download\"\/><\/a><\/td><td class=\"column-5\"><a href=\"\/wp-content\/uploads\/sites\/77\/pdf\/maasm_2018\/dise\u00f1o\/FU\/SE_161_FU.pdf\" target=\"_blank\"><i class=\"fa fa-download\"\/><\/a><\/td><td class=\"column-6\"><a href=\"\/wp-content\/uploads\/sites\/77\/pdf\/maasm_2018\/dise\u00f1o\/FU\/SE_161_FU2.pdf\" target=\"_blank\"><i class=\"fa fa-download\"\/><\/a><\/td>\n<\/tr>\n<tr class=\"row-15\">\n\t<td class=\"column-1\">212<\/td><td class=\"column-2\">ECONOM\u00cdA SOCIAL INCLUYENTE<\/td><td class=\"column-3\">SEDESOH<\/td><td class=\"column-4\"><a href=\"\/wp-content\/uploads\/sites\/77\/pdf\/maasm_2018\/dise\u00f1o\/DO\/212_SEDESOH_DOCOPINION.pdf\" target=\"_blank\"><i class=\"fa fa-download\"\/><\/a><\/td><td class=\"column-5\"><a href=\"\/wp-content\/uploads\/sites\/77\/pdf\/maasm_2018\/dise\u00f1o\/FU\/SEDESOH_212_FU.pdf\" target=\"_blank\"><i class=\"fa fa-download\"\/><\/a><\/td><td class=\"column-6\"><a href=\"\/wp-content\/uploads\/sites\/77\/pdf\/maasm_2018\/dise\u00f1o\/FU\/SEDESOH_212_FU2.pdf\" target=\"_blank\"><i class=\"fa fa-download\"\/><\/a><\/td>\n<\/tr>\n<tr class=\"row-16\">\n\t<td class=\"column-1\">212<\/td><td class=\"column-2\">ECONOM\u00cdA SOCIAL INCLUYENTE<\/td><td class=\"column-3\">SMO<\/td><td class=\"column-4\"><a href=\"\/wp-content\/uploads\/sites\/77\/pdf\/maasm_2018\/dise\u00f1o\/DO\/212_SMO_DOCOPINION.pdf\" target=\"_blank\"><i class=\"fa fa-download\"\/><\/a><\/td><td class=\"column-5\"><a href=\"\/wp-content\/uploads\/sites\/77\/pdf\/maasm_2018\/dise\u00f1o\/FU\/SMO_212_FU.pdf\" target=\"_blank\"><i class=\"fa fa-download\"\/><\/a><\/td><td class=\"column-6\"><a href=\"\/wp-content\/uploads\/sites\/77\/pdf\/maasm_2018\/dise\u00f1o\/FU\/SMO_212_FU2.pdf\" target=\"_blank\"><i class=\"fa fa-download\"\/><\/a><\/td>\n<\/tr>\n<\/tbody>\n<\/table>\n<!-- #tablepress-42 from cache -->\n<h4>Evaluaciones Anteriores<\/h4>\n\n<table id=\"tablepress-43\" class=\"tablepress tablepress-id-43\">\n<thead>\n<tr class=\"row-1\">\n\t<th class=\"column-1\">No.<\/th><th class=\"column-2\">Programa o Fondo<\/th><th class=\"column-3\">A\u00f1o de Evaluaci\u00f3n<\/th><th class=\"column-4\">Tipo de Evaluaci\u00f3n<\/th><th class=\"column-5\">Dependencia<\/th><th class=\"column-6\">Anexos<\/th><td class=\"column-7\"><\/td>\n<\/tr>\n<\/thead>\n<tbody class=\"row-striping row-hover\">\n<tr class=\"row-2\">\n\t<td class=\"column-1\">1<\/td><td class=\"column-2\">Dotaci\u00f3n de \u00datiles y Uniformes Escolares Bienestar<\/td><td class=\"column-3\">2014<\/td><td class=\"column-4\">Consistencia y Resultados<\/td><td class=\"column-5\">SEDESOH<\/td><td class=\"column-6\"><a href=\"\/wp-content\/uploads\/sites\/77\/pdf\/maasm_2018\/anteriores\/anexo2\/SEDESOH_5.4_FU2.pdf\" target=\"_blank\"><i class=\"fa fa-download\"\/><\/a><\/td><td class=\"column-7\"><\/td>\n<\/tr>\n<tr class=\"row-3\">\n\t<td class=\"column-1\">2<\/td><td class=\"column-2\">Restauraci\u00f3n de Ecosistemas Forestales<\/td><td class=\"column-3\">2014<\/td><td class=\"column-4\">Consistencia y Resultados<\/td><td class=\"column-5\">SEDAPA<\/td><td class=\"column-6\"><a href=\"\/wp-content\/uploads\/sites\/77\/pdf\/maasm_2018\/anteriores\/anexo2\/SEDAPA_5.1_FU2.pdf\" target=\"_blank\"><i class=\"fa fa-download\"\/><\/a><\/td><td class=\"column-7\"><\/td>\n<\/tr>\n<tr class=\"row-4\">\n\t<td class=\"column-1\">3<\/td><td class=\"column-2\">Programa Arranque Parejo en la Vida<\/td><td class=\"column-3\">2014<\/td><td class=\"column-4\">Consistencia y Resultados<\/td><td class=\"column-5\">SSO<\/td><td class=\"column-6\"><a href=\"\/wp-content\/uploads\/sites\/77\/pdf\/maasm_2018\/anteriores\/anexo1\/SSO_6.1_FU.PDF\" target=\"_blank\"><i class=\"fa fa-download\"\/><\/a><\/td><td class=\"column-7\"><a href=\"\/wp-content\/uploads\/sites\/77\/pdf\/maasm_2018\/anteriores\/anexo2\/SSO_5.13_FU2.PDF\" target=\"_blank\"><i class=\"fa fa-download\"\/><\/a><\/td>\n<\/tr>\n<tr class=\"row-5\">\n\t<td class=\"column-1\">4<\/td><td class=\"column-2\">Servicios de Profesionalizaci\u00f3n Forestal<\/td><td class=\"column-3\">2015<\/td><td class=\"column-4\">Consistencia y Resultados<\/td><td class=\"column-5\">SSPO<\/td><td class=\"column-6\"><a href=\"\/wp-content\/uploads\/sites\/77\/pdf\/maasm_2018\/anteriores\/anexo2\/SSPO_5.11_FU2.pdf\" target=\"_blank\"><i class=\"fa fa-download\"\/><\/a><\/td><td class=\"column-7\"><\/td>\n<\/tr>\n<tr class=\"row-6\">\n\t<td class=\"column-1\">5<\/td><td class=\"column-2\">Fondo de Aportaciones M\u00faltiples - Infraestructura Educativa<\/td><td class=\"column-3\">2016<\/td><td class=\"column-4\">Espec\u00edfica de Desempe\u00f1o<\/td><td class=\"column-5\">UMAR<\/td><td class=\"column-6\"><a href=\"\/wp-content\/uploads\/sites\/77\/pdf\/maasm_2018\/anteriores\/anexo2\/UMAR_FAM_FU2.pdf\" target=\"_blank\"><i class=\"fa fa-download\"\/><\/a><\/td><td class=\"column-7\"><\/td>\n<\/tr>\n<tr class=\"row-7\">\n\t<td class=\"column-1\">6<\/td><td class=\"column-2\">Fondo de Aportaciones M\u00faltiples - Infraestructura Educativa<\/td><td class=\"column-3\">2016<\/td><td class=\"column-4\">Espec\u00edfica de Desempe\u00f1o<\/td><td class=\"column-5\">UNCA<\/td><td class=\"column-6\"><a href=\"\/wp-content\/uploads\/sites\/77\/pdf\/maasm_2018\/anteriores\/anexo2\/UNCA_FAM_FU2.pdf\" target=\"_blank\"><i class=\"fa fa-download\"\/><\/a><\/td><td class=\"column-7\"><\/td>\n<\/tr>\n<tr class=\"row-8\">\n\t<td class=\"column-1\">7<\/td><td class=\"column-2\">Fondo de Aportaciones M\u00faltiples - Infraestructura Educativa<\/td><td class=\"column-3\">2016<\/td><td class=\"column-4\">Espec\u00edfica de Desempe\u00f1o<\/td><td class=\"column-5\">UNISTMO<\/td><td class=\"column-6\"><a href=\"\/wp-content\/uploads\/sites\/77\/pdf\/maasm_2018\/anteriores\/anexo2\/UNISTMO_FAM_FU2.pdf\" target=\"_blank\"><i class=\"fa fa-download\"\/><\/a><\/td><td class=\"column-7\"><\/td>\n<\/tr>\n<tr class=\"row-9\">\n\t<td class=\"column-1\">8<\/td><td class=\"column-2\">Fondo de Aportaciones M\u00faltiples - Infraestructura Educativa<\/td><td class=\"column-3\">2016<\/td><td class=\"column-4\">Espec\u00edfica de Desempe\u00f1o<\/td><td class=\"column-5\">UNPA<\/td><td class=\"column-6\"><a href=\"\/wp-content\/uploads\/sites\/77\/pdf\/maasm_2018\/anteriores\/anexo2\/UNPA_FAM_FU2.pdf\" target=\"_blank\"><i class=\"fa fa-download\"\/><\/a><\/td><td class=\"column-7\"><\/td>\n<\/tr>\n<tr class=\"row-10\">\n\t<td class=\"column-1\">9<\/td><td class=\"column-2\">Fondo de Aportaciones M\u00faltiples - Infraestructura Educativa<\/td><td class=\"column-3\">2016<\/td><td class=\"column-4\">Espec\u00edfica de Desempe\u00f1o<\/td><td class=\"column-5\">UNSIJ<\/td><td class=\"column-6\"><a href=\"\/wp-content\/uploads\/sites\/77\/pdf\/maasm_2018\/anteriores\/anexo2\/UNSIJ_FAM_FU2.pdf\" target=\"_blank\"><i class=\"fa fa-download\"\/><\/a><\/td><td class=\"column-7\"><\/td>\n<\/tr>\n<tr class=\"row-11\">\n\t<td class=\"column-1\">10<\/td><td class=\"column-2\">Fondo de Aportaciones M\u00faltiples - Infraestructura Educativa<\/td><td class=\"column-3\">2016<\/td><td class=\"column-4\">Espec\u00edfica de Desempe\u00f1o<\/td><td class=\"column-5\">UNSIS<\/td><td class=\"column-6\"><a href=\"\/wp-content\/uploads\/sites\/77\/pdf\/maasm_2018\/anteriores\/anexo2\/UNSIS_FAM_FU2.pdf\" target=\"_blank\"><i class=\"fa fa-download\"\/><\/a><\/td><td class=\"column-7\"><\/td>\n<\/tr>\n<tr class=\"row-12\">\n\t<td class=\"column-1\">11<\/td><td class=\"column-2\">Fondo de Aportaciones M\u00faltiples - Infraestructura Educativa<\/td><td class=\"column-3\">2016<\/td><td class=\"column-4\">Espec\u00edfica de Desempe\u00f1o<\/td><td class=\"column-5\">UTM<\/td><td class=\"column-6\"><a href=\"\/wp-content\/uploads\/sites\/77\/pdf\/maasm_2018\/anteriores\/anexo2\/UTM_FAM_FU2.pdf\" target=\"_blank\"><i class=\"fa fa-download\"\/><\/a><\/td><td class=\"column-7\"><\/td>\n<\/tr>\n<tr class=\"row-13\">\n\t<td class=\"column-1\">12<\/td><td class=\"column-2\">Fondo de Aportaciones para el Fortalecimiento de las Entidades Federativas<\/td><td class=\"column-3\">2016<\/td><td class=\"column-4\">Espec\u00edfica de Desempe\u00f1o<\/td><td class=\"column-5\">INPAC<\/td><td class=\"column-6\"><a href=\"\/wp-content\/uploads\/sites\/77\/pdf\/maasm_2018\/anteriores\/anexo2\/INPAC_FAFEF_FU2.pdf\" target=\"_blank\"><i class=\"fa fa-download\"\/><\/a><\/td><td class=\"column-7\"><\/td>\n<\/tr>\n<tr class=\"row-14\">\n\t<td class=\"column-1\">13<\/td><td class=\"column-2\">Fondo de Aportaciones para el Fortalecimiento de las Entidades Federativas<\/td><td class=\"column-3\">2016<\/td><td class=\"column-4\">Espec\u00edfica de Desempe\u00f1o<\/td><td class=\"column-5\">SAPAO<\/td><td class=\"column-6\"><a href=\"\/wp-content\/uploads\/sites\/77\/pdf\/maasm_2018\/anteriores\/anexo1\/SAPAO_FAFEF_FU1.pdf\" target=\"_blank\"><i class=\"fa fa-download\"\/><\/a><\/td><td class=\"column-7\"><a href=\"\/wp-content\/uploads\/sites\/77\/pdf\/maasm_2018\/anteriores\/anexo2\/SAPAO_FAFEF_FU2.pdf\" target=\"_blank\"><i class=\"fa fa-download\"\/><\/a><\/td>\n<\/tr>\n<tr class=\"row-15\">\n\t<td class=\"column-1\">14<\/td><td class=\"column-2\">Fondo Regional<\/td><td class=\"column-3\">2016<\/td><td class=\"column-4\">Espec\u00edfica de Desempe\u00f1o<\/td><td class=\"column-5\">CEVI<\/td><td class=\"column-6\"><a href=\"\/wp-content\/uploads\/sites\/77\/pdf\/maasm_2018\/anteriores\/anexo2\/CEVI_FONREG_FU2.pdf\" target=\"_blank\"><i class=\"fa fa-download\"\/><\/a><\/td><td class=\"column-7\"><\/td>\n<\/tr>\n<tr class=\"row-16\">\n\t<td class=\"column-1\">15<\/td><td class=\"column-2\">Fondo Regional<\/td><td class=\"column-3\">2016<\/td><td class=\"column-4\">Espec\u00edfica de Desempe\u00f1o<\/td><td class=\"column-5\">SAPAO<\/td><td class=\"column-6\"><a href=\"\/wp-content\/uploads\/sites\/77\/pdf\/maasm_2018\/anteriores\/anexo1\/SAPAO_FONREG_FU1.pdf\" target=\"_blank\"><i class=\"fa fa-download\"\/><\/a><\/td><td class=\"column-7\"><a href=\"\/wp-content\/uploads\/sites\/77\/pdf\/maasm_2018\/anteriores\/anexo2\/SAPAO_FONREG_FU2.pdf\" target=\"_blank\"><i class=\"fa fa-download\"\/><\/a><\/td>\n<\/tr>\n<\/tbody>\n<\/table>\n<!-- #tablepress-43 from cache --><\/div>\n<div id=\"collapseTresm\" class=\"tab-pane fade\" role=\"tabpanel\" aria-labelledby=\"nav_tab_tresm\">\n<h4>Descargas<\/h4>\n\n<table id=\"tablepress-44\" class=\"tablepress tablepress-id-44\">\n<thead>\n<tr class=\"row-1\">\n\t<th class=\"column-1\">No.<\/th><th class=\"column-2\">Documento<\/th><th class=\"column-3\">Descarga<\/th>\n<\/tr>\n<\/thead>\n<tbody class=\"row-striping row-hover\">\n<tr class=\"row-2\">\n\t<td class=\"column-1\">1<\/td><td class=\"column-2\">Mecanismo de Atenci\u00f3n los Aspectos Susceptibles de Mejora (MAASM)<\/td><td class=\"column-3\"><a href=\"\/\/wp-content\/uploads\/sites\/77\/pdf\/maasm\/MAASM.pdf\" target=\"_blank\" rel=\"noopener noreferrer\"><i class=\"fa fa-download\"\/><\/a><\/td>\n<\/tr>\n<tr class=\"row-3\">\n\t<td class=\"column-1\">2<\/td><td class=\"column-2\">Anexos del MAASM 2017<\/td><td class=\"column-3\"><a href=\"\/\/wp-content\/uploads\/sites\/77\/pdf\/maasm_2017\/Anexos_MAASM2017.xlsx\" target=\"_blank\" rel=\"noopener noreferrer\"><i class=\"fa fa-download\"\/><\/a><\/td>\n<\/tr>\n<tr class=\"row-4\">\n\t<td class=\"column-1\">3<\/td><td class=\"column-2\">Informe de Seguimiento a la Atenci\u00f3n de los Aspectos Susceptibles de Mejora 2017<\/td><td class=\"column-3\"><a href=\"\/\/wp-content\/uploads\/sites\/77\/pdf\/maasm_2017\/Informe de Seguimiento a la Atenc\u00edon de los ASM 2017.pdf\" target=\"_blank\" rel=\"noopener noreferrer\"><i class=\"fa fa-download\"\/><\/a><\/td>\n<\/tr>\n<\/tbody>\n<\/table>\n<!-- #tablepress-44 from cache -->\n<h4>Fondos Federales<\/h4>\n\n<table id=\"tablepress-45\" class=\"tablepress tablepress-id-45\">\n<thead>\n<tr class=\"row-1\">\n\t<th class=\"column-1\">No.<\/th><th class=\"column-2\">Fondo de aportaci\u00f3n Federal<\/th><th class=\"column-3\">Documento de Opini\u00f3n<\/th><th class=\"column-4\">Anexos<\/th>\n<\/tr>\n<\/thead>\n<tbody class=\"row-striping row-hover\">\n<tr class=\"row-2\">\n\t<td class=\"column-1\">1<\/td><td class=\"column-2\">FASSA<\/td><td class=\"column-3\"><a href=\"\/wp-content\/uploads\/sites\/77\/pdf\/maasm_2017\/Fondos Federales\/FASSA\/FASSA_SSO_DocOpinion.pdf\" target=\"_blank\" rel=\"noopener noreferrer\"><i class=\"fa fa-download\"\/><\/a><\/td><td class=\"column-4\"><a href=\"\/wp-content\/uploads\/sites\/77\/pdf\/maasm_2017\/Fondos Federales\/FASSA\/FASSA_SSO_Anexos\" target=\"_blank\" rel=\"noopener noreferrer\"><i class=\"fa fa-download\"\/><\/a><\/td>\n<\/tr>\n<tr class=\"row-3\">\n\t<td class=\"column-1\">2<\/td><td class=\"column-2\">FAM AS<\/td><td class=\"column-3\"><a href=\"\/wp-content\/uploads\/sites\/77\/pdf\/maasm_2017\/Fondos Federales\/FAM AS\/FAMAS_DIF_DocOpinion.pdf\" target=\"_blank\" rel=\"noopener noreferrer\"><i class=\"fa fa-download\"\/><\/a><\/td><td class=\"column-4\"><a href=\"\/wp-content\/uploads\/sites\/77\/pdf\/maasm_2017\/Fondos Federales\/FAM AS\/FAMAS_DIF_Anexos\" target=\"_blank\" rel=\"noopener noreferrer\"><i class=\"fa fa-download\"\/><\/a><\/td>\n<\/tr>\n<tr class=\"row-4\">\n\t<td class=\"column-1\">3<\/td><td class=\"column-2\">FAM IE: IOCIFED<\/td><td class=\"column-3\"><a href=\"\/wp-content\/uploads\/sites\/77\/pdf\/maasm_2017\/Fondos Federales\/FAM IE\/IOCIFED\/FAMIE_IOCIFED_DocOpini\u00f3n .pdf\" target=\"_blank\" rel=\"noopener noreferrer\"><i class=\"fa fa-download\"\/><\/a><\/td><td class=\"column-4\"><a href=\"\/wp-content\/uploads\/sites\/77\/pdf\/maasm_2017\/Fondos Federales\/FAM IE\/IOCIFED\/FAMIE_IOCIFED_Anexos \" target=\"_blank\" rel=\"noopener noreferrer\"><i class=\"fa fa-download\"\/><\/a><\/td>\n<\/tr>\n<tr class=\"row-5\">\n\t<td class=\"column-1\"><\/td><td class=\"column-2\">FAM IE: UMAR<\/td><td class=\"column-3\"><a href=\"\/wp-content\/uploads\/sites\/77\/pdf\/maasm_2017\/Fondos Federales\/FAM IE\/UMAR\/FAMIE_UMAR_DocOpinion.pdf\" target=\"_blank\" rel=\"noopener noreferrer\"><i class=\"fa fa-download\"\/><\/a><\/td><td class=\"column-4\"><a href=\"\/wp-content\/uploads\/sites\/77\/pdf\/maasm_2017\/Fondos Federales\/FAM IE\/UMAR\/FAMIE_UMAR_Anexos\" target=\"_blank\" rel=\"noopener noreferrer\"><i class=\"fa fa-download\"\/><\/a><\/td>\n<\/tr>\n<tr class=\"row-6\">\n\t<td class=\"column-1\"><\/td><td class=\"column-2\">FAM IE: UNCA<\/td><td class=\"column-3\"><a href=\"\/wp-content\/uploads\/sites\/77\/pdf\/maasm_2017\/Fondos Federales\/FAM IE\/UNCA\/FAMIE_UNCA_DocOpinion.pdf\" target=\"_blank\" rel=\"noopener noreferrer\"><i class=\"fa fa-download\"\/><\/a><\/td><td class=\"column-4\"><a href=\"\/wp-content\/uploads\/sites\/77\/pdf\/maasm_2017\/Fondos Federales\/FAM IE\/UNCA\/FAMIE_UNCA_Anexos\" target=\"_blank\" rel=\"noopener noreferrer\"><i class=\"fa fa-download\"\/><\/a><\/td>\n<\/tr>\n<tr class=\"row-7\">\n\t<td class=\"column-1\"><\/td><td class=\"column-2\">FAM IE:UNISTMO<\/td><td class=\"column-3\"><a href=\"\/wp-content\/uploads\/sites\/77\/pdf\/maasm_2017\/Fondos Federales\/FAM IE\/UNISTMO\/FAMIE_UNISTMO_DocOpinion.pdf\" target=\"_blank\" rel=\"noopener noreferrer\"><i class=\"fa fa-download\"\/><\/a><\/td><td class=\"column-4\"><a href=\"\/wp-content\/uploads\/sites\/77\/pdf\/maasm_2017\/Fondos Federales\/FAM IE\/UNISTMO\/FAMIE_UNISTMO_Anexos\" target=\"_blank\" rel=\"noopener noreferrer\"><i class=\"fa fa-download\"\/><\/a><\/td>\n<\/tr>\n<tr class=\"row-8\">\n\t<td class=\"column-1\"><\/td><td class=\"column-2\">FAM IE: UNPA<\/td><td class=\"column-3\"><a href=\"\/wp-content\/uploads\/sites\/77\/pdf\/maasm_2017\/Fondos Federales\/FAM IE\/UNPA\/FAMIE_UNPA_DocOpini\u00f3n.pdf\" target=\"_blank\" rel=\"noopener noreferrer\"><i class=\"fa fa-download\"\/><\/a><\/td><td class=\"column-4\"><a href=\"\/wp-content\/uploads\/sites\/77\/pdf\/maasm_2017\/Fondos Federales\/FAM IE\/UNPA\/FAMIE_ UNPA_Anexos\" target=\"_blank\" rel=\"noopener noreferrer\"><i class=\"fa fa-download\"\/><\/a><\/td>\n<\/tr>\n<tr class=\"row-9\">\n\t<td class=\"column-1\"><\/td><td class=\"column-2\">FAM IE: UNSIJ<\/td><td class=\"column-3\"><a href=\"\/wp-content\/uploads\/sites\/77\/pdf\/maasm_2017\/Fondos Federales\/FAM IE\/UNSIJ\/FAMIE_UNSIJ_DocOpini\u00f3n.pdf\" target=\"_blank\" rel=\"noopener noreferrer\"><i class=\"fa fa-download\"\/><\/a><\/td><td class=\"column-4\"><a href=\"\/wp-content\/uploads\/sites\/77\/pdf\/maasm_2017\/Fondos Federales\/FAM IE\/UNSIJ\/FAMIE_UNSIJ_Anexos\" target=\"_blank\" rel=\"noopener noreferrer\"><i class=\"fa fa-download\"\/><\/a><\/td>\n<\/tr>\n<tr class=\"row-10\">\n\t<td class=\"column-1\"><\/td><td class=\"column-2\">FAM IE: UNSIS<\/td><td class=\"column-3\"><a href=\"\/wp-content\/uploads\/sites\/77\/pdf\/maasm_2017\/Fondos Federales\/FAM IE\/UNSIS\/FAMIE_UNSIS_DocOpini\u00f3n.pdf\" target=\"_blank\" rel=\"noopener noreferrer\"><i class=\"fa fa-download\"\/><\/a><\/td><td class=\"column-4\"><a href=\"\/wp-content\/uploads\/sites\/77\/pdf\/maasm_2017\/Fondos Federales\/FAM IE\/UNSIS\/FAMIE_UNSIS_Anexos\" target=\"_blank\" rel=\"noopener noreferrer\"><i class=\"fa fa-download\"\/><\/a><\/td>\n<\/tr>\n<tr class=\"row-11\">\n\t<td class=\"column-1\"><\/td><td class=\"column-2\">FAM IE: UTM<\/td><td class=\"column-3\"><a href=\"\/wp-content\/uploads\/sites\/77\/pdf\/maasm_2017\/Fondos Federales\/FAM IE\/UTM\/FAMIE_UTM_DocOpinion.pdf\" target=\"_blank\" rel=\"noopener noreferrer\"><i class=\"fa fa-download\"\/><\/a><\/td><td class=\"column-4\"><a href=\"\/wp-content\/uploads\/sites\/77\/pdf\/maasm_2017\/Fondos Federales\/FAM IE\/UTM\/FAMIE_UTM_Anexos\" target=\"_blank\" rel=\"noopener noreferrer\"><i class=\"fa fa-download\"\/><\/a><\/td>\n<\/tr>\n<tr class=\"row-12\">\n\t<td class=\"column-1\">4<\/td><td class=\"column-2\">FAETA<\/td><td class=\"column-3\"><a href=\"\/wp-content\/uploads\/sites\/77\/pdf\/maasm_2017\/Fondos Federales\/FAETA\/FAETA_IEEA_DocOpinion.pdf\" target=\"_blank\" rel=\"noopener noreferrer\"><i class=\"fa fa-download\"\/><\/a><\/td><td class=\"column-4\"><a href=\"\/wp-content\/uploads\/sites\/77\/pdf\/maasm_2017\/Fondos Federales\/FAETA\/FAETA_IEEA_Anexos\" target=\"_blank\" rel=\"noopener noreferrer\"><i class=\"fa fa-download\"\/><\/a><\/td>\n<\/tr>\n<tr class=\"row-13\">\n\t<td class=\"column-1\">5<\/td><td class=\"column-2\">FONE<\/td><td class=\"column-3\"><a href=\"#\"><i class=\"fa fa-download\"\/><\/a><\/td><td class=\"column-4\"><a href=\"#\"><i class=\"fa fa-download\"\/><\/a><\/td>\n<\/tr>\n<tr class=\"row-14\">\n\t<td class=\"column-1\">6<\/td><td class=\"column-2\">FASP<\/td><td class=\"column-3\"><a href=\"\/wp-content\/uploads\/sites\/77\/pdf\/maasm_2017\/Fondos Federales\/FASP\/FASP_SESESP_DocOpinion.pdf\" target=\"_blank\" rel=\"noopener noreferrer\"><i class=\"fa fa-download\"\/><\/a><\/td><td class=\"column-4\"><a href=\"\/wp-content\/uploads\/sites\/77\/pdf\/maasm_2017\/Fondos Federales\/FASP\/FASP__SESESP_Anexos\" target=\"_blank\" rel=\"noopener noreferrer\"><i class=\"fa fa-download\"\/><\/a><\/td>\n<\/tr>\n<tr class=\"row-15\">\n\t<td class=\"column-1\">7<\/td><td class=\"column-2\">FAFEF: CAO<\/td><td class=\"column-3\"><a href=\"\/wp-content\/uploads\/sites\/77\/pdf\/maasm_2017\/Fondos Federales\/FAFEF\/CAO\/FAFEF_CAO_DocOpini\u00f3n.pdf\" target=\"_blank\" rel=\"noopener noreferrer\"><i class=\"fa fa-download\"\/><\/a><\/td><td class=\"column-4\"><a href=\"\/wp-content\/uploads\/sites\/77\/pdf\/maasm_2017\/Fondos Federales\/FAFEF\/CAO\/FAFEF_CAO_Anexos.pdf\" target=\"_blank\" rel=\"noopener noreferrer\"><i class=\"fa fa-download\"\/><\/a><\/td>\n<\/tr>\n<tr class=\"row-16\">\n\t<td class=\"column-1\"><\/td><td class=\"column-2\">FAFEF: CEA<\/td><td class=\"column-3\"><a href=\"\/wp-content\/uploads\/sites\/77\/pdf\/maasm_2017\/Fondos Federales\/FAFEF\/CEA\/FAFEF_CEA_DocOpini\u00f3n.pdf\" target=\"_blank\" rel=\"noopener noreferrer\"><i class=\"fa fa-download\"\/><\/a><\/td><td class=\"column-4\"><a href=\"\/wp-content\/uploads\/sites\/77\/pdf\/maasm_2017\/Fondos Federales\/FAFEF\/CEA\/FAFEF_CEA_Anexos\" target=\"_blank\" rel=\"noopener noreferrer\"><i class=\"fa fa-download\"\/><\/a><\/td>\n<\/tr>\n<tr class=\"row-17\">\n\t<td class=\"column-1\"><\/td><td class=\"column-2\">FAFEF: INPAC<\/td><td class=\"column-3\"><a href=\"\/wp-content\/uploads\/sites\/77\/pdf\/maasm_2017\/Fondos Federales\/FAFEF\/INPAC\/FAFEF_INPAC_DocOpinion.pdf\" target=\"_blank\" rel=\"noopener noreferrer\"><i class=\"fa fa-download\"\/><\/a><\/td><td class=\"column-4\"><a href=\"\/wp-content\/uploads\/sites\/77\/pdf\/maasm_2017\/Fondos Federales\/FAFEF\/INPAC\/FAFEF_INPAC_Anexos\" target=\"_blank\" rel=\"noopener noreferrer\"><i class=\"fa fa-download\"\/><\/a><\/td>\n<\/tr>\n<tr class=\"row-18\">\n\t<td class=\"column-1\"><\/td><td class=\"column-2\">FAFEF: SAPAO<\/td><td class=\"column-3\"><a href=\"\/wp-content\/uploads\/sites\/77\/pdf\/maasm_2017\/Fondos Federales\/FAFEF\/SAPAO\/FAFEF_SAPAO_DocOpini\u00f3n.pdf\" target=\"_blank\" rel=\"noopener noreferrer\"><i class=\"fa fa-download\"\/><\/a><\/td><td class=\"column-4\"><a href=\"\/wp-content\/uploads\/sites\/77\/pdf\/maasm_2017\/Fondos Federales\/FAFEF\/SAPAO\/FAFEF_SAPAO_Anexos.pdf\" target=\"_blank\" rel=\"noopener noreferrer\"><i class=\"fa fa-download\"\/><\/a><\/td>\n<\/tr>\n<tr class=\"row-19\">\n\t<td class=\"column-1\">8<\/td><td class=\"column-2\">FISE: CAO<\/td><td class=\"column-3\"><a href=\"\/wp-content\/uploads\/sites\/77\/pdf\/maasm_2017\/Fondos Federales\/FISE\/CAO\/FISE_CAO_DocOpini\u00f3n.pdf\" target=\"_blank\" rel=\"noopener noreferrer\"><i class=\"fa fa-download\"\/><\/a><\/td><td class=\"column-4\"><a href=\"\/wp-content\/uploads\/sites\/77\/pdf\/maasm_2017\/Fondos Federales\/FISE\/CAO\/FISE_CAO_Anexos\" target=\"_blank\" rel=\"noopener noreferrer\"><i class=\"fa fa-download\"\/><\/a><\/td>\n<\/tr>\n<tr class=\"row-20\">\n\t<td class=\"column-1\"><\/td><td class=\"column-2\">FISE: CEA<\/td><td class=\"column-3\"><a href=\"\/wp-content\/uploads\/sites\/77\/pdf\/maasm_2017\/Fondos Federales\/FISE\/CEA\/FISE_CEA_DocOpini\u00f3n.pdf\" target=\"_blank\" rel=\"noopener noreferrer\"><i class=\"fa fa-download\"\/><\/a><\/td><td class=\"column-4\"><a href=\"\/wp-content\/uploads\/sites\/77\/pdf\/maasm_2017\/Fondos Federales\/FISE\/CEA\/FISE_CEA_Anexos\" target=\"_blank\" rel=\"noopener noreferrer\"><i class=\"fa fa-download\"\/><\/a><\/td>\n<\/tr>\n<tr class=\"row-21\">\n\t<td class=\"column-1\"><\/td><td class=\"column-2\">FISE: CEVI<\/td><td class=\"column-3\"><a href=\"\/wp-content\/uploads\/sites\/77\/pdf\/maasm_2017\/Fondos Federales\/FISE\/CEVI\/FISE_CEVI_DocOpini\u00f3n.pdf\" target=\"_blank\" rel=\"noopener noreferrer\"><i class=\"fa fa-download\"\/><\/a><\/td><td class=\"column-4\"><a href=\"\/wp-content\/uploads\/sites\/77\/pdf\/maasm_2017\/Fondos Federales\/FISE\/CEVI\/FISE_CEVI_Anexos\" target=\"_blank\" rel=\"noopener noreferrer\"><i class=\"fa fa-download\"\/><\/a><\/td>\n<\/tr>\n<tr class=\"row-22\">\n\t<td class=\"column-1\">9<\/td><td class=\"column-2\">FONREGI\u00d3N: CAO<\/td><td class=\"column-3\"><a href=\"\/wp-content\/uploads\/sites\/77\/pdf\/maasm_2017\/Fondos Federales\/FONREGI\u00d3N\/CAO\/FONREGION_CAO_DocOpinion.pdf\" target=\"_blank\" rel=\"noopener noreferrer\"><i class=\"fa fa-download\"\/><\/a><\/td><td class=\"column-4\"><a href=\"\/wp-content\/uploads\/sites\/77\/pdf\/maasm_2017\/Fondos Federales\/FONREGI\u00d3N\/CAO\/FONREGION_CAO_Anexos\" target=\"_blank\" rel=\"noopener noreferrer\"><i class=\"fa fa-download\"\/><\/a><\/td>\n<\/tr>\n<tr class=\"row-23\">\n\t<td class=\"column-1\"><\/td><td class=\"column-2\">FONREGI\u00d3N: CEA<\/td><td class=\"column-3\"><a href=\"\/wp-content\/uploads\/sites\/77\/pdf\/maasm_2017\/Fondos Federales\/FONREGI\u00d3N\/CEA\/FONREGION_CEA_DocOpinion.pdf\" target=\"_blank\" rel=\"noopener noreferrer\"><i class=\"fa fa-download\"\/><\/a><\/td><td class=\"column-4\"><a href=\"\/wp-content\/uploads\/sites\/77\/pdf\/maasm_2017\/Fondos Federales\/FONREGI\u00d3N\/CEA\/FONREGION_CEA_Anexos\" target=\"_blank\" rel=\"noopener noreferrer\"><i class=\"fa fa-download\"\/><\/a><\/td>\n<\/tr>\n<tr class=\"row-24\">\n\t<td class=\"column-1\"><\/td><td class=\"column-2\">FONREGI\u00d3N: CEVI<\/td><td class=\"column-3\"><a href=\"\/wp-content\/uploads\/sites\/77\/pdf\/maasm_2017\/Fondos Federales\/FONREGI\u00d3N\/CEVI\/FONREGION_CEVI_DocOpinion.pdf\" target=\"_blank\" rel=\"noopener noreferrer\"><i class=\"fa fa-download\"\/><\/a><\/td><td class=\"column-4\"><a href=\"\/wp-content\/uploads\/sites\/77\/pdf\/maasm_2017\/Fondos Federales\/FONREGI\u00d3N\/CEVI\/FONREGION_CEVI_Anexos\" target=\"_blank\" rel=\"noopener noreferrer\"><i class=\"fa fa-download\"\/><\/a><\/td>\n<\/tr>\n<tr class=\"row-25\">\n\t<td class=\"column-1\"><\/td><td class=\"column-2\">FONREGI\u00d3N: SAPAO<\/td><td class=\"column-3\"><a href=\"\/wp-content\/uploads\/sites\/77\/pdf\/maasm_2017\/Fondos Federales\/FONREGI\u00d3N\/SAPAO\/FONREGION_SAPAO_DocOpinion.pdf\" target=\"_blank\" rel=\"noopener noreferrer\"><i class=\"fa fa-download\"\/><\/a><\/td><td class=\"column-4\"><a href=\"\/wp-content\/uploads\/sites\/77\/pdf\/maasm_2017\/Fondos Federales\/FONREGI\u00d3N\/SAPAO\/FONREGION_SAPAO_Anexos.pdf\" target=\"_blank\" rel=\"noopener noreferrer\"><i class=\"fa fa-download\"\/><\/a><\/td>\n<\/tr>\n<\/tbody>\n<\/table>\n<!-- #tablepress-45 from cache -->\n<h4>Programas Estatales<\/h4>\n\n<table id=\"tablepress-46\" class=\"tablepress tablepress-id-46\">\n<thead>\n<tr class=\"row-1\">\n\t<th class=\"column-1\">No.<\/th><th class=\"column-2\">Programa<\/th><th class=\"column-3\">Documento de Opini\u00f3n<\/th><th class=\"column-4\">Anexos<\/th>\n<\/tr>\n<\/thead>\n<tbody class=\"row-striping row-hover\">\n<tr class=\"row-2\">\n\t<td class=\"column-1\">1<\/td><td class=\"column-2\">Capacitaci\u00f3n y Profesionalizaci\u00f3n SE<\/td><td class=\"column-3\"><a href=\"\/wp-content\/uploads\/sites\/77\/pdf\/maasm_2017\/Programas Estatales\/Capacitaci\u00f3n y Profesionalizaci\u00f3n SE\/CapyProf_SE_DocOpinion.pdf\" target=\"_blank\" rel=\"noopener noreferrer\"><i class=\"fa fa-download\"\/><\/a><\/td><td class=\"column-4\"><a href=\"\/wp-content\/uploads\/sites\/77\/pdf\/maasm_2017\/Programas Estatales\/Capacitaci\u00f3n y Profesionalizaci\u00f3n SE\/CapyProf_SE_Anexos.pdf\" target=\"_blank\" rel=\"noopener noreferrer\"><i class=\"fa fa-download\"\/><\/a><\/td>\n<\/tr>\n<tr class=\"row-3\">\n\t<td class=\"column-1\">2<\/td><td class=\"column-2\">Cocinas Comunitarias<\/td><td class=\"column-3\"><a href=\"\/wp-content\/uploads\/sites\/77\/pdf\/maasm_2017\/Programas Estatales\/Cocinas Comunitarias\/AsistenciaAlimentaria_DIF_DocOpini\u00f3n.pdf\" target=\"_blank\" rel=\"noopener noreferrer\"><i class=\"fa fa-download\"\/><\/a><\/td><td class=\"column-4\"><a href=\"\/wp-content\/uploads\/sites\/77\/pdf\/maasm_2017\/Programas Estatales\/Cocinas Comunitarias\/AsistenciaAlimentaria_DIF_Anexos\" target=\"_blank\" rel=\"noopener noreferrer\"><i class=\"fa fa-download\"\/><\/a><\/td>\n<\/tr>\n<tr class=\"row-4\">\n\t<td class=\"column-1\">3<\/td><td class=\"column-2\">Personas con discapacidad<\/td><td class=\"column-3\"><a href=\"\/wp-content\/uploads\/sites\/77\/pdf\/maasm_2017\/Programas Estatales\/Personas con discapacidad\/Discapacidad_DIF_DocOpini\u00f3n.pdf\" target=\"_blank\" rel=\"noopener noreferrer\"><i class=\"fa fa-download\"\/><\/a><\/td><td class=\"column-4\"><a href=\"\/wp-content\/uploads\/sites\/77\/pdf\/maasm_2017\/Programas Estatales\/Personas con discapacidad\/Discapacidad_DIF_Anexos\" target=\"_blank\" rel=\"noopener noreferrer\"><i class=\"fa fa-download\"\/><\/a><\/td>\n<\/tr>\n<tr class=\"row-5\">\n\t<td class=\"column-1\">4<\/td><td class=\"column-2\">Dotaci\u00f3n de \u00fatiles escolares SEDESOH<\/td><td class=\"column-3\"><a href=\"\/wp-content\/uploads\/sites\/77\/pdf\/maasm_2017\/Programas Estatales\/Dotaci\u00f3n de \u00fatiles escolares SEDESOH\/\u00datilesyUniformes_SEDESOH_DocOpini\u00f3n.pdf\" target=\"_blank\" rel=\"noopener noreferrer\"><i class=\"fa fa-download\"\/><\/a><\/td><td class=\"column-4\"><a href=\"\/wp-content\/uploads\/sites\/77\/pdf\/maasm_2017\/Programas Estatales\/Dotaci\u00f3n de \u00fatiles escolares SEDESOH\/\u00datilesyUniformes_SEDESOH_Anexos\" target=\"_blank\" rel=\"noopener noreferrer\"><i class=\"fa fa-download\"\/><\/a><\/td>\n<\/tr>\n<tr class=\"row-6\">\n\t<td class=\"column-1\">5<\/td><td class=\"column-2\">Microcr\u00e9ditos SEDESOH<\/td><td class=\"column-3\"><a href=\"\/wp-content\/uploads\/sites\/77\/pdf\/maasm_2017\/Programas Estatales\/Microcr\u00e9ditos SEDESOH\/Microcr\u00e9ditos_SEDESOH_Doc.Opini\u00f3n.pdf\" target=\"_blank\" rel=\"noopener noreferrer\"><i class=\"fa fa-download\"\/><\/a><\/td><td class=\"column-4\"><a href=\"#\"><i class=\"fa fa-download\"\/><\/a><\/td>\n<\/tr>\n<tr class=\"row-7\">\n\t<td class=\"column-1\">6<\/td><td class=\"column-2\">Becas SEDESOH<\/td><td class=\"column-3\"><a href=\"\/wp-content\/uploads\/sites\/77\/pdf\/maasm_2017\/Programas Estatales\/Becas SEDESOH\/Becas_SEDESOH_DocOpini\u00f3n.pdf\" target=\"_blank\" rel=\"noopener noreferrer\"><i class=\"fa fa-download\"\/><\/a><\/td><td class=\"column-4\"><a href=\"#\"><i class=\"fa fa-download\"\/><\/a><\/td>\n<\/tr>\n<tr class=\"row-8\">\n\t<td class=\"column-1\">7<\/td><td class=\"column-2\">Formaci\u00f3n y Capacitaci\u00f3n SECULTA<\/td><td class=\"column-3\"><a href=\"\/wp-content\/uploads\/sites\/77\/pdf\/maasm_2017\/Programas Estatales\/Formaci\u00f3n y Capacitaci\u00f3n SECULTA\/Formaci\u00f3nyCap_SECULTA_DocOpini\u00f3n.pdf\" target=\"_blank\" rel=\"noopener noreferrer\"><i class=\"fa fa-download\"\/><\/a><\/td><td class=\"column-4\"><a href=\"\/wp-content\/uploads\/sites\/77\/pdf\/maasm_2017\/Programas Estatales\/Formaci\u00f3n y Capacitaci\u00f3n SECULTA\/Formaci\u00f3nyCap_SECULTA_Anexos\" target=\"_blank\" rel=\"noopener noreferrer\"><i class=\"fa fa-download\"\/><\/a><\/td>\n<\/tr>\n<tr class=\"row-9\">\n\t<td class=\"column-1\">8<\/td><td class=\"column-2\">Mejoramiento de la Red Carretera (CAO)<\/td><td class=\"column-3\"><a href=\"\/wp-content\/uploads\/sites\/77\/pdf\/maasm_2017\/Programas Estatales\/Mejoramiento de la Red Carretera (CAO)\/RedCarretera_CAO_DocOpini\u00f3n.pdf\" target=\"_blank\" rel=\"noopener noreferrer\"><i class=\"fa fa-download\"\/><\/a><\/td><td class=\"column-4\"><a href=\"\/wp-content\/uploads\/sites\/77\/pdf\/maasm_2017\/Programas Estatales\/Mejoramiento de la Red Carretera (CAO)\/RedCarretera_CAO_Anexos\" target=\"_blank\" rel=\"noopener noreferrer\"><i class=\"fa fa-download\"\/><\/a><\/td>\n<\/tr>\n<tr class=\"row-10\">\n\t<td class=\"column-1\">9<\/td><td class=\"column-2\">Seguridad Alimentaria PESA (SEDAPA)<\/td><td class=\"column-3\"><a href=\"\/wp-content\/uploads\/sites\/77\/pdf\/maasm_2017\/Programas Estatales\/Seguridad Alimentaria PESA (SEDAPA)\/PESA_SEDAPA_DocOpin\u00f3n.pdf\" target=\"_blank\" rel=\"noopener noreferrer\"><i class=\"fa fa-download\"\/><\/a><\/td><td class=\"column-4\"><a href=\"\/wp-content\/uploads\/sites\/77\/pdf\/maasm_2017\/Programas Estatales\/Seguridad Alimentaria PESA (SEDAPA)\/PESA_SEDAPA_Anexos\" target=\"_blank\" rel=\"noopener noreferrer\"><i class=\"fa fa-download\"\/><\/a><\/td>\n<\/tr>\n<tr class=\"row-11\">\n\t<td class=\"column-1\">10<\/td><td class=\"column-2\">Restauraci\u00f3n Ecosistemas Forestales (SEDAPA)<\/td><td class=\"column-3\"><a href=\"#\"><i class=\"fa fa-download\"\/><\/a><\/td><td class=\"column-4\"><a href=\"\/wp-content\/uploads\/sites\/77\/pdf\/maasm_2017\/Programas Estatales\/Restauraci\u00f3n Ecosistemas Forestales (SEDAPA)\/SEDAPA_Forestal_Anexos\" target=\"_blank\" rel=\"noopener noreferrer\"><i class=\"fa fa-download\"\/><\/a><\/td>\n<\/tr>\n<tr class=\"row-12\">\n\t<td class=\"column-1\">11<\/td><td class=\"column-2\">Profesionalizacion Policial (SSPO)<\/td><td class=\"column-3\"><a href=\"\/wp-content\/uploads\/sites\/77\/pdf\/maasm_2017\/Programas Estatales\/Profesionalizacion Policial (SSPO)\/ProfPolicial_SSPO_DocOpini\u00f3n.pdf\" target=\"_blank\" rel=\"noopener noreferrer\"><i class=\"fa fa-download\"\/><\/a><\/td><td class=\"column-4\"><a href=\"\/wp-content\/uploads\/sites\/77\/pdf\/maasm_2017\/Programas Estatales\/Profesionalizacion Policial (SSPO)\/ProfPolicial_SSPO_Anexos\" target=\"_blank\" rel=\"noopener noreferrer\"><i class=\"fa fa-download\"\/><\/a><\/td>\n<\/tr>\n<tr class=\"row-13\">\n\t<td class=\"column-1\">12<\/td><td class=\"column-2\">Sistema de Agua Potable (CEA)<\/td><td class=\"column-3\"><a href=\"\/wp-content\/uploads\/sites\/77\/pdf\/maasm_2017\/Programas Estatales\/Sistema de Agua Potable (CEA)\/SisAguaPotable_CEA_DocOpini\u00f3n.pdf\" target=\"_blank\" rel=\"noopener noreferrer\"><i class=\"fa fa-download\"\/><\/a><\/td><td class=\"column-4\"><a href=\"\/wp-content\/uploads\/sites\/77\/pdf\/maasm_2017\/Programas Estatales\/Sistema de Agua Potable (CEA)\/SisAguaPotable_CEA_Anexos\" target=\"_blank\" rel=\"noopener noreferrer\"><i class=\"fa fa-download\"\/><\/a><\/td>\n<\/tr>\n<tr class=\"row-14\">\n\t<td class=\"column-1\">13<\/td><td class=\"column-2\">Programa Arranque Parejo (SSO)<\/td><td class=\"column-3\"><a href=\"\/wp-content\/uploads\/sites\/77\/pdf\/maasm_2017\/Programas Estatales\/Programa Arranque Parejo (SSO)\/APV_SSO_DocOpini\u00f3n.pdf\" target=\"_blank\" rel=\"noopener noreferrer\"><i class=\"fa fa-download\"\/><\/a><\/td><td class=\"column-4\"><a href=\"\/wp-content\/uploads\/sites\/77\/pdf\/maasm_2017\/Programas Estatales\/Programa Arranque Parejo (SSO)\/APV_SSO_Anexos\" target=\"_blank\" rel=\"noopener noreferrer\"><i class=\"fa fa-download\"\/><\/a><\/td>\n<\/tr>\n<tr class=\"row-15\">\n\t<td class=\"column-1\">14<\/td><td class=\"column-2\">Fondo Oaxaca FIFEO<\/td><td class=\"column-3\"><a href=\"\/wp-content\/uploads\/sites\/77\/pdf\/maasm_2017\/Programas Estatales\/Fondo Oaxaca FIFEO\/FondoOaxaca_FIFEO_DocOpinion.pdf\" target=\"_blank\" rel=\"noopener noreferrer\"><i class=\"fa fa-download\"\/><\/a><\/td><td class=\"column-4\"><a href=\"\/wp-content\/uploads\/sites\/77\/pdf\/maasm_2017\/Programas Estatales\/Fondo Oaxaca FIFEO\/FondoOaxaca_FIFEO_Anexos\" target=\"_blank\" rel=\"noopener noreferrer\"><i class=\"fa fa-download\"\/><\/a><\/td>\n<\/tr>\n<\/tbody>\n<\/table>\n<!-- #tablepress-46 from cache --><\/div>\n<div id=\"collapseCuatrom\" class=\"tab-pane fade\" role=\"tabpanel\" aria-labelledby=\"nav_tab_cuatrom\">\n<h4>DESCARGAS<\/h4>\n\n<table id=\"tablepress-47\" class=\"tablepress tablepress-id-47\">\n<thead>\n<tr class=\"row-1\">\n\t<th class=\"column-1\">No.<\/th><th class=\"column-2\">Documento<\/th><th class=\"column-3\">Descarga<\/th>\n<\/tr>\n<\/thead>\n<tbody class=\"row-striping row-hover\">\n<tr class=\"row-2\">\n\t<td class=\"column-1\">1<\/td><td class=\"column-2\">Mecanismo de Atenci\u00f3n los Aspectos Susceptibles de Mejora<\/td><td class=\"column-3\"><a href=\"\/wp-content\/uploads\/sites\/77\/pdf\/maasm\/MAASM.pdf\" target=\"_blank\" rel=\"noopener noreferrer\"><i class=\"fa fa-download\"\/><\/a><\/td>\n<\/tr>\n<tr class=\"row-3\">\n\t<td class=\"column-1\">2<\/td><td class=\"column-2\">Anexos del MAASM 2016<\/td><td class=\"column-3\"><a href=\"\/wp-content\/uploads\/sites\/77\/pdf\/maasm_2016\/Anexos_MAASM2016.xlsx\" target=\"_blank\" rel=\"noopener noreferrer\"><i class=\"fa fa-download\"\/><\/a><\/td>\n<\/tr>\n<tr class=\"row-4\">\n\t<td class=\"column-1\">3<\/td><td class=\"column-2\">Inventario de Aspectos Susceptibles de Mejora 2016: Programas Estatales<\/td><td class=\"column-3\"><a href=\"\/wp-content\/uploads\/sites\/77\/pdf\/maasm_2016\/Inventario_ASM_Programas.pdf\" target=\"_blank\" rel=\"noopener noreferrer\"><i class=\"fa fa-download\"\/><\/a><\/td>\n<\/tr>\n<tr class=\"row-5\">\n\t<td class=\"column-1\">4<\/td><td class=\"column-2\">Inventario de Aspectos Susceptibles de Mejora 2016: Fondos de Aportaciones Federales y FONREGION<\/td><td class=\"column-3\"><a href=\"\/wp-content\/uploads\/sites\/77\/pdf\/maasm_2016\/Inventario_ASM_Fondos.pdf\" target=\"_blank\" rel=\"noopener noreferrer\"><i class=\"fa fa-download\"\/><\/a><\/td>\n<\/tr>\n<tr class=\"row-6\">\n\t<td class=\"column-1\">5<\/td><td class=\"column-2\">Informe de Seguimiento a la Atenci\u00f3n de los Aspectos Susceptibles de Mejora 2016<\/td><td class=\"column-3\"><a href=\"\/wp-content\/uploads\/sites\/77\/pdf\/maasm_2016\/InformeMAASM2016.pdf\" target=\"_blank\" rel=\"noopener noreferrer\"><i class=\"fa fa-download\"\/><\/a><\/td>\n<\/tr>\n<\/tbody>\n<\/table>\n<!-- #tablepress-47 from cache -->\n<h4>EVALUACI\u00d3N DE LOS PROGRAMAS ESTATALES<\/h4>\n\n<table id=\"tablepress-48\" class=\"tablepress tablepress-id-48\">\n<thead>\n<tr class=\"row-1\">\n\t<th class=\"column-1\">No.<\/th><th class=\"column-2\">Documento<\/th><th class=\"column-3\">Ir a...<\/th>\n<\/tr>\n<\/thead>\n<tbody class=\"row-striping row-hover\">\n<tr class=\"row-2\">\n\t<td class=\"column-1\">1<\/td><td class=\"column-2\">Programa de Servicios de Profesionalizaci\u00f3n Policial<\/td><td class=\"column-3\"><a href=\"#profesionalizacion\" target=\"_self\" rel=\"noopener noreferrer\"><i class=\"fa fa-arrow-down\"\/><\/a><\/td>\n<\/tr>\n<tr class=\"row-3\">\n\t<td class=\"column-1\">2<\/td><td class=\"column-2\">Programa Bienestar de Microfinanciamiento a la Econom\u00eda Familiar con Perspectiva de G\u00e9nero<\/td><td class=\"column-3\"><a href=\"#microfinanciamiento\" target=\"_self\" rel=\"noopener noreferrer\"><i class=\"fa fa-arrow-down\"\/><\/a><\/td>\n<\/tr>\n<\/tbody>\n<\/table>\n<!-- #tablepress-48 from cache -->\n<h4>EVALUACI\u00d3N DE LOS PROGRAMAS ESTATALES QUE OPERAN CON RECURSOS DE LOS FONDOS DE APORTACIONES FEDERALES DEL RAMO GENERAL 33 Y FONREGION<\/h4>\n\n<table id=\"tablepress-49\" class=\"tablepress tablepress-id-49\">\n<thead>\n<tr class=\"row-1\">\n\t<th class=\"column-1\">No.<\/th><th class=\"column-2\">Documento<\/th><th class=\"column-3\">Ir a...<\/th>\n<\/tr>\n<\/thead>\n<tbody class=\"row-striping row-hover\">\n<tr class=\"row-2\">\n\t<td class=\"column-1\">1<\/td><td class=\"column-2\">Fondo de Aportaciones para el Fortalecimiento de las Entidades Federativas (FAFEF)<\/td><td class=\"column-3\"><a href=\"#FAFEF\" target=\"_self\" rel=\"noopener noreferrer\"><i class=\"fa fa-download\"\/><\/a><\/td>\n<\/tr>\n<tr class=\"row-3\">\n\t<td class=\"column-1\">2<\/td><td class=\"column-2\">Fondo de Aportaciones para la Educaci\u00f3n B\u00e1sica y Normal (FAEB)<\/td><td class=\"column-3\"><a href=\"#FAEB\" target=\"_self\" rel=\"noopener noreferrer\"><i class=\"fa fa-download\"\/><\/a><\/td>\n<\/tr>\n<tr class=\"row-4\">\n\t<td class=\"column-1\">3<\/td><td class=\"column-2\">Fondo de Aportaciones M\u00faltiples (FAM) - Componente de Infraestructura Educativa<\/td><td class=\"column-3\"><a href=\"#FAMIE\" target=\"_self\" rel=\"noopener noreferrer\"><i class=\"fa fa-download\"\/><\/a><\/td>\n<\/tr>\n<tr class=\"row-5\">\n\t<td class=\"column-1\">4<\/td><td class=\"column-2\">Fondo de Aportaciones para la Seguridad P\u00fablica (FASP)<\/td><td class=\"column-3\"><a href=\"#FASP\" target=\"_self\" rel=\"noopener noreferrer\"><i class=\"fa fa-download\"\/><\/a><\/td>\n<\/tr>\n<tr class=\"row-6\">\n\t<td class=\"column-1\">5<\/td><td class=\"column-2\">Fondo de Aportaciones para la Educaci\u00f3n Tecnol\u00f3gica y de Adultos (FAETA)<\/td><td class=\"column-3\"><a href=\"#FAETA\" target=\"_self\" rel=\"noopener noreferrer\"><i class=\"fa fa-download\"\/><\/a><\/td>\n<\/tr>\n<tr class=\"row-7\">\n\t<td class=\"column-1\">6<\/td><td class=\"column-2\">Fondo de Aportaciones para la Infraestructura Social Estatal (FISE)<\/td><td class=\"column-3\"><a href=\"#FISE\" target=\"_self\" rel=\"noopener noreferrer\"><i class=\"fa fa-download\"\/><\/a><\/td>\n<\/tr>\n<tr class=\"row-8\">\n\t<td class=\"column-1\">7<\/td><td class=\"column-2\">Fondo Regional (FONREGION)<\/td><td class=\"column-3\"><a href=\"#FONREGION\" target=\"_self\" rel=\"noopener noreferrer\"><i class=\"fa fa-download\"\/><\/a><\/td>\n<\/tr>\n<\/tbody>\n<\/table>\n<!-- #tablepress-49 from cache -->\n<h4>EVALUACI\u00d3N DE LOS PROGRAMAS ESTATALES<\/h4>\n<h4>Programa de Servicios de Profesionalizaci\u00f3n Policial<\/h4>\n\n<table id=\"tablepress-50\" class=\"tablepress tablepress-id-50\">\n<thead>\n<tr class=\"row-1\">\n\t<th class=\"column-1\">No.<\/th><th class=\"column-2\">Dependencia<\/th><th class=\"column-3\">Documento de Opini\u00f3n<\/th><th class=\"column-4\">Anexos<\/th>\n<\/tr>\n<\/thead>\n<tbody class=\"row-striping row-hover\">\n<tr class=\"row-2\">\n\t<td class=\"column-1\">1<\/td><td class=\"column-2\">Secretar\u00eda de Seguridad P\u00fablica (SSP)<\/td><td class=\"column-3\"><a href=\"\/wp-content\/uploads\/sites\/77\/pdf\/maasm_2016\/programas\/profesionalizacion\/SSP\/SSP_DoctoOpinion.pdf\" target=\"_blank\" rel=\"noopener noreferrer\"><i class=\"fa fa-download\"\/><\/a><\/td><td class=\"column-4\"><a href=\"\/wp-content\/uploads\/sites\/77\/pdf\/maasm_2016\/programas\/profesionalizacion\/SSP\/SSP_AnexosByE.pdf\" target=\"_blank\" rel=\"noopener noreferrer\"><i class=\"fa fa-download\"\/><\/a><\/td>\n<\/tr>\n<\/tbody>\n<\/table>\n<!-- #tablepress-50 from cache -->\n<h4>Programa Bienestar de Microfinanciamiento a la Econom\u00eda Familiar con Perspectiva de G\u00e9nero<\/h4>\n\n<table id=\"tablepress-51\" class=\"tablepress tablepress-id-51\">\n<thead>\n<tr class=\"row-1\">\n\t<th class=\"column-1\">No.<\/th><th class=\"column-2\">Dependencia<\/th><th class=\"column-3\">Documento de Opini\u00f3n<\/th><th class=\"column-4\">Anexos<\/th>\n<\/tr>\n<\/thead>\n<tbody class=\"row-striping row-hover\">\n<tr class=\"row-2\">\n\t<td class=\"column-1\">1<\/td><td class=\"column-2\">Secretar\u00eda de Desarrollo Social y Humano (SEDESOH)<\/td><td class=\"column-3\"><a href=\"\/wp-content\/uploads\/sites\/77\/pdf\/maasm_2016\/programas\/microfinanciamiento\/SEDESOH\/SEDESOH_DoctoOpinion_.pdf\" target=\"_blank\" rel=\"noopener noreferrer\"><i class=\"fa fa-download\"\/><\/a><\/td><td class=\"column-4\"><a href=\"\/wp-content\/uploads\/sites\/77\/pdf\/maasm_2016\/programas\/microfinanciamiento\/SEDESOH\/SEDESOH_Anexos B_C_D_E_.pdf\" target=\"_blank\" rel=\"noopener noreferrer\"><i class=\"fa fa-download\"\/><\/a><\/td>\n<\/tr>\n<\/tbody>\n<\/table>\n<!-- #tablepress-51 from cache -->\n<h4>EVALUACI\u00d3N DE LOS PROGRAMAS ESTATALES QUE OPERAN CON RECURSOS DE LOS FONDOS DE APORTACIONES FEDERALES DEL RAMO GENERAL 33 Y FONREGION<\/h4>\n<h4>Fondo de Aportaciones para el Fortalecimiento de las Entidades Federativas (FAFEF)<\/h4>\n\n<table id=\"tablepress-52\" class=\"tablepress tablepress-id-52\">\n<thead>\n<tr class=\"row-1\">\n\t<th class=\"column-1\">No.<\/th><th class=\"column-2\">Dependencia<\/th><th class=\"column-3\">Documento de Opini\u00f3n<\/th><th class=\"column-4\">Anexos<\/th>\n<\/tr>\n<\/thead>\n<tbody class=\"row-striping row-hover\">\n<tr class=\"row-2\">\n\t<td class=\"column-1\">1<\/td><td class=\"column-2\">Colegio de Bachilleres del Estado de Oaxaca (COBAO)<\/td><td class=\"column-3\"><a href=\"\/wp-content\/uploads\/sites\/77\/pdf\/maasm_2016\/fondos\/FAFEF\/COBAO\/FAFEF_COBAO_DoctoOpinion.pdf\" target=\"_blank\" rel=\"noopener noreferrer\"><i class=\"fa fa-download\"\/><\/a><\/td><td class=\"column-4\"><a href=\"#\"><i class=\"fa fa-download\"\/><\/a><\/td>\n<\/tr>\n<tr class=\"row-3\">\n\t<td class=\"column-1\">2<\/td><td class=\"column-2\">Instituto del Patrimonio Cultural del Estado de Oaxaca (INPAC)<\/td><td class=\"column-3\"><a href=\"\/wp-content\/uploads\/sites\/77\/pdf\/maasm_2016\/fondos\/FAFEF\/INPAC\/FAFEF_INPAC_DoctoOpinion.pdf\" target=\"_blank\" rel=\"noopener noreferrer\"><i class=\"fa fa-download\"\/><\/a><\/td><td class=\"column-4\"><a href=\"\/wp-content\/uploads\/sites\/77\/pdf\/maasm_2016\/fondos\/FAFEF\/INPAC\/FAFEF_INPAC_Anexos.pdf\" target=\"_blank\" rel=\"noopener noreferrer\"><i class=\"fa fa-download\"\/><\/a><\/td>\n<\/tr>\n<tr class=\"row-4\">\n\t<td class=\"column-1\">3<\/td><td class=\"column-2\">Secretar\u00eda de Finanzas (SEFIN)<\/td><td class=\"column-3\"><a href=\"\/wp-content\/uploads\/sites\/77\/pdf\/maasm_2016\/fondos\/FAFEF\/SEFIN\/FAFEF_SEFIN_Doctopinion.pdf\" target=\"_blank\" rel=\"noopener noreferrer\"><i class=\"fa fa-download\"\/><\/a><\/td><td class=\"column-4\"><a href=\"\/wp-content\/uploads\/sites\/77\/pdf\/maasm_2016\/fondos\/FAFEF\/SEFIN\/FAFEF_SEFIN_AnexosByD.pdf\" target=\"_blank\" rel=\"noopener noreferrer\"><i class=\"fa fa-download\"\/><\/a><\/td>\n<\/tr>\n<tr class=\"row-5\">\n\t<td class=\"column-1\">4<\/td><td class=\"column-2\">Secretar\u00eda General de Gobierno (SEGEGO)<\/td><td class=\"column-3\"><a href=\"\/wp-content\/uploads\/sites\/77\/pdf\/maasm_2016\/fondos\/FAFEF\/SEGEGO\/FAFEF_SEGEGO_DoctoOpinion.pdf\" target=\"_blank\" rel=\"noopener noreferrer\"><i class=\"fa fa-download\"\/><\/a><\/td><td class=\"column-4\"><a href=\"\/wp-content\/uploads\/sites\/77\/pdf\/maasm_2016\/fondos\/FAFEF\/SEGEGO\/FAFEF_SEGEGO_Anexos.pdf\" target=\"_blank\" rel=\"noopener noreferrer\"><i class=\"fa fa-download\"\/><\/a><\/td>\n<\/tr>\n<tr class=\"row-6\">\n\t<td class=\"column-1\">5<\/td><td class=\"column-2\">Caminos y Aeropistas de Oaxaca (CAO)<\/td><td class=\"column-3\"><a href=\"\/wp-content\/uploads\/sites\/77\/pdf\/maasm_2016\/fondos\/FAFEF\/CAO\/CAO_FAFEF_DoctoOpinion.pdf\" target=\"_blank\" rel=\"noopener noreferrer\"><i class=\"fa fa-download\"\/><\/a><\/td><td class=\"column-4\"><a href=\"\/wp-content\/uploads\/sites\/77\/pdf\/maasm_2016\/fondos\/FAFEF\/CAO\/CAO_FAFEF_AnexosB_D_E.pdf\" target=\"_blank\" rel=\"noopener noreferrer\"><i class=\"fa fa-download\"\/><\/a><\/td>\n<\/tr>\n<\/tbody>\n<\/table>\n<!-- #tablepress-52 from cache -->\n<h4>Fondo de Aportaciones para la Educaci\u00f3n B\u00e1sica y Normal (FAEB)<\/h4>\n\n<table id=\"tablepress-53\" class=\"tablepress tablepress-id-53\">\n<thead>\n<tr class=\"row-1\">\n\t<th class=\"column-1\">No.<\/th><th class=\"column-2\">Dependencia<\/th><th class=\"column-3\">Documento de Opini\u00f3n<\/th><th class=\"column-4\">Anexos<\/th>\n<\/tr>\n<\/thead>\n<tbody class=\"row-striping row-hover\">\n<tr class=\"row-2\">\n\t<td class=\"column-1\">1<\/td><td class=\"column-2\">Instituto Estatal de Educaci\u00f3n P\u00fablica de Oaxaca (IEEPO)<\/td><td class=\"column-3\"><a href=\"\/wp-content\/uploads\/sites\/77\/pdf\/maasm_2016\/fondos\/FAEB\/IEEPO\/FAEB_IEEPO_Doctopinion.pdf\" target=\"_blank\" rel=\"noopener noreferrer\"><i class=\"fa fa-download\"\/><\/a><\/td><td class=\"column-4\"><a href=\"#\"><i class=\"fa fa-download\"\/><\/a><\/td>\n<\/tr>\n<\/tbody>\n<\/table>\n<!-- #tablepress-53 from cache -->\n<h4>Fondo de Aportaciones M\u00faltiples (FAM) &#8211; Componente de Infraestructura Educativa<\/h4>\n\n<table id=\"tablepress-54\" class=\"tablepress tablepress-id-54\">\n<thead>\n<tr class=\"row-1\">\n\t<th class=\"column-1\">No.<\/th><th class=\"column-2\">Dependencia<\/th><th class=\"column-3\">Documento de Opini\u00f3n<\/th><th class=\"column-4\">Anexos<\/th>\n<\/tr>\n<\/thead>\n<tbody class=\"row-striping row-hover\">\n<tr class=\"row-2\">\n\t<td class=\"column-1\">1<\/td><td class=\"column-2\">Insituto Estatal de Educaci\u00f3n P\u00fablica de Oaxaca<\/td><td class=\"column-3\"><a href=\"\/wp-content\/uploads\/sites\/77\/pdf\/maasm_2016\/fondos\/FAM-IE\/IEEPO\/IEEPO_FAM_IE_Doctopinion.pdf\" target=\"_blank\" rel=\"noopener noreferrer\"><i class=\"fa fa-download\"\/><\/a><\/td><td class=\"column-4\"><a href=\"\/wp-content\/uploads\/sites\/77\/pdf\/maasm_2016\/fondos\/FAM-IE\/IEEPO\/IEEPO_FAM_IE_Anexos.pdf\" target=\"_blank\" rel=\"noopener noreferrer\"><i class=\"fa fa-download\"\/><\/a><\/td>\n<\/tr>\n<tr class=\"row-3\">\n\t<td class=\"column-1\">2<\/td><td class=\"column-2\">Instituto Oaxaque\u00f1o Constructor de Infraestructura F\u00edsica Educativa<\/td><td class=\"column-3\"><a href=\"\/wp-content\/uploads\/sites\/77\/pdf\/maasm_2016\/fondos\/FAM-IE\/IOCIFED\/FAM-IE_IOCIFED_Doctopinion.pdf\" target=\"_blank\" rel=\"noopener noreferrer\"><i class=\"fa fa-download\"\/><\/a><\/td><td class=\"column-4\"><a href=\"\/wp-content\/uploads\/sites\/77\/pdf\/maasm_2016\/fondos\/FAM-IE\/IOCIFED\/FAM-IE_IOCIFED_AnexosByE.pdf\" target=\"_blank\" rel=\"noopener noreferrer\"><i class=\"fa fa-download\"\/><\/a><\/td>\n<\/tr>\n<tr class=\"row-4\">\n\t<td class=\"column-1\">4<\/td><td class=\"column-2\">Universidad Aut\u00f3noma Benito Ju\u00e1rez de Oaxaca<\/td><td class=\"column-3\"><a href=\"\/wp-content\/uploads\/sites\/77\/pdf\/maasm_2016\/fondos\/FAM-IE\/UABJO\/FAM_IE_UABJO_doc. opini\u00f3n.pdf\" target=\"_blank\" rel=\"noopener noreferrer\"><i class=\"fa fa-download\"\/><\/a><\/td><td class=\"column-4\"><a href=\"\/wp-content\/uploads\/sites\/77\/pdf\/maasm_2016\/fondos\/FAM-IE\/UABJO\/FAM_IE_UABJO_Anexos.pdf\" target=\"_blank\" rel=\"noopener noreferrer\"><i class=\"fa fa-download\"\/><\/a><\/td>\n<\/tr>\n<tr class=\"row-5\">\n\t<td class=\"column-1\">5<\/td><td class=\"column-2\">Universidad del Mar<\/td><td class=\"column-3\"><a href=\"\/wp-content\/uploads\/sites\/77\/pdf\/maasm_2016\/fondos\/FAM-IE\/UMAR\/FAM_IE_UMAR_DoctoOpinion.pdf\" target=\"_blank\" rel=\"noopener noreferrer\"><i class=\"fa fa-download\"\/><\/a><\/td><td class=\"column-4\"><a href=\"\/wp-content\/uploads\/sites\/77\/pdf\/maasm_2016\/fondos\/FAM-IE\/UMAR\/FAM_IE_UMAR_Anexos.pdf\" target=\"_blank\" rel=\"noopener noreferrer\"><i class=\"fa fa-download\"\/><\/a><\/td>\n<\/tr>\n<tr class=\"row-6\">\n\t<td class=\"column-1\">6<\/td><td class=\"column-2\">Universidad de la Ca\u00f1ada<\/td><td class=\"column-3\"><a href=\"\/wp-content\/uploads\/sites\/77\/pdf\/maasm_2016\/fondos\/FAM-IE\/UNCA\/FAM_IE_UNCA_DoctoOpnion.pdf\" target=\"_blank\" rel=\"noopener noreferrer\"><i class=\"fa fa-download\"\/><\/a><\/td><td class=\"column-4\"><a href=\"\/wp-content\/uploads\/sites\/77\/pdf\/maasm_2016\/fondos\/FAM-IE\/UNCA\/FAM-IE_UNCA_AnexosB,C,DyE.pdf\" target=\"_blank\" rel=\"noopener noreferrer\"><i class=\"fa fa-download\"\/><\/a><\/td>\n<\/tr>\n<tr class=\"row-7\">\n\t<td class=\"column-1\">7<\/td><td class=\"column-2\">Universidad del Istmo<\/td><td class=\"column-3\"><a href=\"\/wp-content\/uploads\/sites\/77\/pdf\/maasm_2016\/fondos\/FAM-IE\/UNISTMO\/FAM_IE_UNISTMO_DocOpinion.pdf\" target=\"_blank\" rel=\"noopener noreferrer\"><i class=\"fa fa-download\"\/><\/a><\/td><td class=\"column-4\"><a href=\"\/wp-content\/uploads\/sites\/77\/pdf\/maasm_2016\/fondos\/FAM-IE\/UNISTMO\/FAM_IE_UNISTMO_Anexos.pdf\" target=\"_blank\" rel=\"noopener noreferrer\"><i class=\"fa fa-download\"\/><\/a><\/td>\n<\/tr>\n<tr class=\"row-8\">\n\t<td class=\"column-1\">8<\/td><td class=\"column-2\">Universidad del Papaloapam<\/td><td class=\"column-3\"><a href=\"\/wp-content\/uploads\/sites\/77\/pdf\/maasm_2016\/fondos\/FAM-IE\/UNPA\/FAM_IE_UNPA_Doctopinion.pdf\" target=\"_blank\" rel=\"noopener noreferrer\"><i class=\"fa fa-download\"\/><\/a><\/td><td class=\"column-4\"><a href=\"\/wp-content\/uploads\/sites\/77\/pdf\/maasm_2016\/fondos\/FAM-IE\/UNPA\/FAM_IE_UNPA_Anexos.pdf\" target=\"_blank\" rel=\"noopener noreferrer\"><i class=\"fa fa-download\"\/><\/a><\/td>\n<\/tr>\n<tr class=\"row-9\">\n\t<td class=\"column-1\">9<\/td><td class=\"column-2\">Universidad de la Sierra Ju\u00e1rez<\/td><td class=\"column-3\"><a href=\"\/wp-content\/uploads\/sites\/77\/pdf\/maasm_2016\/fondos\/FAM-IE\/UNSIJ\/FAM_IE_UNSIJ_DoctoOpinion.pdf\" target=\"_blank\" rel=\"noopener noreferrer\"><i class=\"fa fa-download\"\/><\/a><\/td><td class=\"column-4\"><a href=\"\/wp-content\/uploads\/sites\/77\/pdf\/maasm_2016\/fondos\/FAM-IE\/UNSIJ\/FAM_IE_UNSIJ_Anexos.pdff\" target=\"_blank\" rel=\"noopener noreferrer\"><i class=\"fa fa-download\"\/><\/a><\/td>\n<\/tr>\n<tr class=\"row-10\">\n\t<td class=\"column-1\">10<\/td><td class=\"column-2\">Universidad de la Sierra del Sur<\/td><td class=\"column-3\"><a href=\"\/wp-content\/uploads\/sites\/77\/pdf\/maasm_2016\/fondos\/FAM-IE\/UNSIS\/FAM_IE_UNSIS_DoctoOpinion.pdf\" target=\"_blank\" rel=\"noopener noreferrer\"><i class=\"fa fa-download\"\/><\/a><\/td><td class=\"column-4\"><a href=\"\/wp-content\/uploads\/sites\/77\/pdf\/maasm_2016\/fondos\/FAM-IE\/UNSIS\/FAM_IE_UNSIS_Anexo.pdf\" target=\"_blank\" rel=\"noopener noreferrer\"><i class=\"fa fa-download\"\/><\/a><\/td>\n<\/tr>\n<tr class=\"row-11\">\n\t<td class=\"column-1\">11<\/td><td class=\"column-2\">Universidad Tecnol\u00f3gica de la Mixteca<\/td><td class=\"column-3\"><a href=\"\/wp-content\/uploads\/sites\/77\/pdf\/maasm_2016\/fondos\/FAM-IE\/UTM\/FAM_IE_UTM_DoctoOpinion.pdf\" target=\"_blank\" rel=\"noopener noreferrer\"><i class=\"fa fa-download\"\/><\/a><\/td><td class=\"column-4\"><a href=\"\/wp-content\/uploads\/sites\/77\/pdf\/maasm_2016\/fondos\/FAM-IE\/UTM\/FAM_IE_UTM_Anexo.pdf\" target=\"_blank\" rel=\"noopener noreferrer\"><i class=\"fa fa-download\"\/><\/a><\/td>\n<\/tr>\n<\/tbody>\n<\/table>\n<!-- #tablepress-54 from cache -->\n<h4>Fondo de Aportaciones para la Seguridad P\u00fablica (FASP)<\/h4>\n\n<table id=\"tablepress-55\" class=\"tablepress tablepress-id-55\">\n<thead>\n<tr class=\"row-1\">\n\t<th class=\"column-1\">No.<\/th><th class=\"column-2\">Dependencia<\/th><th class=\"column-3\">Documento de Opini\u00f3n<\/th><th class=\"column-4\">Anexos<\/th>\n<\/tr>\n<\/thead>\n<tbody class=\"row-striping row-hover\">\n<tr class=\"row-2\">\n\t<td class=\"column-1\">1<\/td><td class=\"column-2\">Secretar\u00eda de Seguridad P\u00fablica (SSP)<\/td><td class=\"column-3\"><a href=\"\/wp-content\/uploads\/sites\/77\/pdf\/maasm_2016\/fondos\/FASP\/SSP\/FASP_SSP_DoctoOpinion.pdf\" target=\"_blank\" rel=\"noopener noreferrer\"><i class=\"fa fa-download\"\/><\/a><\/td><td class=\"column-4\"><a href=\"#\"><i class=\"fa fa-download\"\/><\/a><\/td>\n<\/tr>\n<\/tbody>\n<\/table>\n<!-- #tablepress-55 from cache -->\n<h4>Fondo de Aportaciones para la Educaci\u00f3n Tecnol\u00f3gica y de Adultos (FAETA)<\/h4>\n\n<table id=\"tablepress-56\" class=\"tablepress tablepress-id-56\">\n<thead>\n<tr class=\"row-1\">\n\t<th class=\"column-1\">No.<\/th><th class=\"column-2\">Dependencia<\/th><th class=\"column-3\">Documento de Opini\u00f3n<\/th><th class=\"column-4\">Anexos<\/th>\n<\/tr>\n<\/thead>\n<tbody class=\"row-striping row-hover\">\n<tr class=\"row-2\">\n\t<td class=\"column-1\">1<\/td><td class=\"column-2\">Instituto Estatal de Eduaci\u00f3n para los Adultos (IEEA)<\/td><td class=\"column-3\"><a href=\"\/wp-content\/uploads\/sites\/77\/pdf\/maasm_2016\/fondos\/FAETA\/IEEA\/FAETA_IEEA_DoctoOpinion.pdf\" target=\"_blank\" rel=\"noopener noreferrer\"><i class=\"fa fa-download\"\/><\/a><\/td><td class=\"column-4\"><a href=\"\/wp-content\/uploads\/sites\/77\/pdf\/maasm_2016\/fondos\/FAETA\/IEEA\/FAETA_IEEA_Anexo.pdf\" target=\"_blank\" rel=\"noopener noreferrer\"><i class=\"fa fa-download\"\/><\/a><\/td>\n<\/tr>\n<\/tbody>\n<\/table>\n<!-- #tablepress-56 from cache -->\n<h4>Fondo de Aportaciones para la Infraestructura Social Estatal (FISE)<\/h4>\n\n<table id=\"tablepress-57\" class=\"tablepress tablepress-id-57\">\n<thead>\n<tr class=\"row-1\">\n\t<th class=\"column-1\">No.<\/th><th class=\"column-2\">Dependencia<\/th><th class=\"column-3\">Documento de Opini\u00f3n<\/th><th class=\"column-4\">Anexos<\/th>\n<\/tr>\n<\/thead>\n<tbody class=\"row-striping row-hover\">\n<tr class=\"row-2\">\n\t<td class=\"column-1\">1<\/td><td class=\"column-2\">Secretar\u00eda de Finanzas (SEFIN)<\/td><td class=\"column-3\"><a href=\"\/wp-content\/uploads\/sites\/77\/pdf\/maasm_2016\/fondos\/FISE\/SEFIN\/FISE_SEFIN_Doctopinion.pdf\" target=\"_blank\" rel=\"noopener noreferrer\"><i class=\"fa fa-download\"\/><\/a><\/td><td class=\"column-4\"><a href=\"\/wp-content\/uploads\/sites\/77\/pdf\/maasm_2016\/fondos\/FISE\/SEFIN\/FISE_SEFIN_AnexoByD.pdf\" target=\"_blank\" rel=\"noopener noreferrer\"><i class=\"fa fa-download\"\/><\/a><\/td>\n<\/tr>\n<tr class=\"row-3\">\n\t<td class=\"column-1\">2<\/td><td class=\"column-2\">Caminos y Aeropistas de Oaxaca (CAO)<\/td><td class=\"column-3\"><a href=\"\/wp-content\/uploads\/sites\/77\/pdf\/maasm_2016\/fondos\/FISE\/CAO\/CAO_FISE_DoctoOpinion.pdf\" target=\"_blank\" rel=\"noopener noreferrer\"><i class=\"fa fa-download\"\/><\/a><\/td><td class=\"column-4\"><a href=\"\/wp-content\/uploads\/sites\/77\/pdf\/maasm_2016\/fondos\/FISE\/CAO\/CAO_FISE_AnexosB_D_E.pdf\" target=\"_blank\" rel=\"noopener noreferrer\"><i class=\"fa fa-download\"\/><\/a><\/td>\n<\/tr>\n<tr class=\"row-4\">\n\t<td class=\"column-1\">3<\/td><td class=\"column-2\">Comisi\u00f3n Estatal de Vivienda (CEVI)<\/td><td class=\"column-3\"><a href=\"\/wp-content\/uploads\/sites\/77\/pdf\/maasm_2016\/fondos\/FISE\/CEVI\/FISE_CEVI_DoctoOpinion.pdf\" target=\"_blank\" rel=\"noopener noreferrer\"><i class=\"fa fa-download\"\/><\/a><\/td><td class=\"column-4\"><a href=\"\/wp-content\/uploads\/sites\/77\/pdf\/maasm_2016\/fondos\/FISE\/CEVI\/FISE_CEVI_AnexosByD.pdf\" target=\"_blank\" rel=\"noopener noreferrer\"><i class=\"fa fa-download\"\/><\/a><\/td>\n<\/tr>\n<\/tbody>\n<\/table>\n<!-- #tablepress-57 from cache -->\n<h4>Fondo Regional (FONREGION)<\/h4>\n\n<table id=\"tablepress-58\" class=\"tablepress tablepress-id-58\">\n<thead>\n<tr class=\"row-1\">\n\t<th class=\"column-1\">No.<\/th><th class=\"column-2\">Dependencia<\/th><th class=\"column-3\">Documento de Opini\u00f3n<\/th><th class=\"column-4\">Anexos<\/th>\n<\/tr>\n<\/thead>\n<tbody class=\"row-striping row-hover\">\n<tr class=\"row-2\">\n\t<td class=\"column-1\">1<\/td><td class=\"column-2\">Secretar\u00eda de Finanzas (SEFIN)<\/td><td class=\"column-3\"><a href=\"\/wp-content\/uploads\/sites\/77\/pdf\/maasm_2016\/fondos\/FONREGION\/SEFIN\/FONREGION_SEFIN_Doctopinion.pdf\" target=\"_blank\" rel=\"noopener noreferrer\"><i class=\"fa fa-download\"\/><\/a><\/td><td class=\"column-4\"><a href=\"\/wp-content\/uploads\/sites\/77\/pdf\/maasm_2016\/fondos\/FONREGION\/SEFIN\/FONREGION_SEFIN_AnexosByD.pdf\" target=\"_blank\" rel=\"noopener noreferrer\"><i class=\"fa fa-download\"\/><\/a><\/td>\n<\/tr>\n<tr class=\"row-3\">\n\t<td class=\"column-1\">2<\/td><td class=\"column-2\">Comisi\u00f3n Estatal de Vivienda (CEVI)<\/td><td class=\"column-3\"><a href=\"\/wp-content\/uploads\/sites\/77\/pdf\/maasm_2016\/fondos\/FONREGION\/CEVI\/FONREGION_CEVI_DoctoOpinion.pdf\" target=\"_blank\" rel=\"noopener noreferrer\"><i class=\"fa fa-download\"\/><\/a><\/td><td class=\"column-4\"><a href=\"\/wp-content\/uploads\/sites\/77\/pdf\/maasm_2016\/fondos\/FONREGION\/CEVI\/FONREGION_CEVI_AnexosB_D_E.pdf\" target=\"_blank\" rel=\"noopener noreferrer\"><i class=\"fa fa-download\"\/><\/a><\/td>\n<\/tr>\n<\/tbody>\n<\/table>\n<!-- #tablepress-58 from cache --><\/div>\n<div id=\"collapseCincom\" class=\"tab-pane fade\" role=\"tabpanel\" aria-labelledby=\"nav_tab_cincom\">\n<h4>Descargas<\/h4>\n\n<table id=\"tablepress-59\" class=\"tablepress tablepress-id-59\">\n<thead>\n<tr class=\"row-1\">\n\t<th class=\"column-1\">No.<\/th><th class=\"column-2\">Documento<\/th><th class=\"column-3\">Descarga<\/th>\n<\/tr>\n<\/thead>\n<tbody class=\"row-striping row-hover\">\n<tr class=\"row-2\">\n\t<td class=\"column-1\">1<\/td><td class=\"column-2\">Mecanismo de Atenci\u00f3n los Aspectos Susceptibles de Mejora<\/td><td class=\"column-3\"><a href=\"\/wp-content\/uploads\/sites\/77\/pdf\/maasm\/MAASM.pdf\" target=\"_blank\" rel=\"noopener noreferrer\"><i class=\"fa fa-download\"\/><\/a><\/td>\n<\/tr>\n<tr class=\"row-3\">\n\t<td class=\"column-1\">2<\/td><td class=\"column-2\">Anexos del MAASM 2015<\/td><td class=\"column-3\"><a href=\"\/wp-content\/uploads\/sites\/77\/pdf\/maasm_2015\/Anexos_MAASM2015.pdf\" target=\"_blank\" rel=\"noopener noreferrer\"><i class=\"fa fa-download\"\/><\/a><\/td>\n<\/tr>\n<\/tbody>\n<\/table>\n<!-- #tablepress-59 from cache -->\n<h4>EVALUACI\u00d3N DE LOS PROGRAMAS ESTATALES<\/h4>\n\n<table id=\"tablepress-60\" class=\"tablepress tablepress-id-60\">\n<thead>\n<tr class=\"row-1\">\n\t<th class=\"column-1\">No.<\/th><th class=\"column-2\">Documento<\/th><th class=\"column-3\">Ir a...<\/th>\n<\/tr>\n<\/thead>\n<tbody class=\"row-striping row-hover\">\n<tr class=\"row-2\">\n\t<td class=\"column-1\">1<\/td><td class=\"column-2\">Programas de Capacitaci\u00f3n y Profesionalizaci\u00f3n del Sector Laboral<\/td><td class=\"column-3\">                <a href=\"#laboral\" target=\"_self\" rel=\"noopener noreferrer\"><br \/>\n                    <i class=\"fa fa-download\"\/><br \/>\n                <\/a><br \/>\n            <\/td>\n<\/tr>\n<tr class=\"row-3\">\n\t<td class=\"column-1\">2<\/td><td class=\"column-2\">Programa de Restauraci\u00f3n de Ecosistemas Forestales<\/td><td class=\"column-3\">                <a href=\"#ecosistemas\" target=\"_self\" rel=\"noopener noreferrer\"><br \/>\n                    <i class=\"fa fa-download\"\/><br \/>\n                <\/a><br \/>\n            <\/td>\n<\/tr>\n<tr class=\"row-4\">\n\t<td class=\"column-1\">3<\/td><td class=\"column-2\">Programa de Participaci\u00f3n Comunitaria para el Desarrollo Humano con Asistencia Alimentaria (Cocina Comedor Nutricional Comunitaria)<\/td><td class=\"column-3\">                <a href=\"#cocinas\" target=\"_self\" rel=\"noopener noreferrer\"><br \/>\n                    <i class=\"fa fa-download\"\/><br \/>\n                <\/a><br \/>\n            <\/td>\n<\/tr>\n<tr class=\"row-5\">\n\t<td class=\"column-1\">4<\/td><td class=\"column-2\">Programa Bienestar de Apoyo a Personas con Discapacidad<\/td><td class=\"column-3\">                <a href=\"#discapacidad\" target=\"_self\" rel=\"noopener noreferrer\"><br \/>\n                    <i class=\"fa fa-download\"\/><br \/>\n                <\/a><br \/>\n            <\/td>\n<\/tr>\n<\/tbody>\n<\/table>\n<!-- #tablepress-60 from cache -->\n<h4>EVALUACI\u00d3N DE LOS PROGRAMAS ESTATALES QUE OPERAN CON RECURSOS DE LOS FONDOS DE APORTACIONES FEDERALES DEL RAMO GENERAL 33 Y FONREGION<\/h4>\n<p>        \n<table id=\"tablepress-61\" class=\"tablepress tablepress-id-61\">\n<thead>\n<tr class=\"row-1\">\n\t<th class=\"column-1\">No.<\/th><th class=\"column-2\">Documento<\/th><th class=\"column-3\">Ir a...<\/th>\n<\/tr>\n<\/thead>\n<tbody class=\"row-striping row-hover\">\n<tr class=\"row-2\">\n\t<td class=\"column-1\">1<\/td><td class=\"column-2\">Fondo de Aportaciones para el Fortalecimiento de las Entidades Federativas (FAFEF)<\/td><td class=\"column-3\"><a href=\"#FAFEF\" target=\"_self\" rel=\"noopener noreferrer\"><i class=\"fa fa-arrow-down\"\/><\/a><\/td>\n<\/tr>\n<tr class=\"row-3\">\n\t<td class=\"column-1\">2<\/td><td class=\"column-2\">Fondo de Aportaciones para la Educaci\u00f3n B\u00e1sica y Normal (FAEB)<\/td><td class=\"column-3\"><a href=\"#FAEB\" target=\"_self\" rel=\"noopener noreferrer\"><i class=\"fa fa-arrow-down\"\/><\/a><\/td>\n<\/tr>\n<tr class=\"row-4\">\n\t<td class=\"column-1\">3<\/td><td class=\"column-2\">Fondo de Aportaciones para los Servicios de Salud (FASSA)<\/td><td class=\"column-3\"><a href=\"#FASSA\" target=\"_self\" rel=\"noopener noreferrer\"><i class=\"fa fa-arrow-down\"\/><\/a><\/td>\n<\/tr>\n<tr class=\"row-5\">\n\t<td class=\"column-1\">4<\/td><td class=\"column-2\">Fondo de Aportaciones M\u00faltiples (FAM) - Componente de Asistencia Social<\/td><td class=\"column-3\"><a href=\"#FAMAS\" target=\"_self\" rel=\"noopener noreferrer\"><i class=\"fa fa-arrow-down\"\/><\/a><\/td>\n<\/tr>\n<tr class=\"row-6\">\n\t<td class=\"column-1\">5<\/td><td class=\"column-2\">Fondo de Aportaciones M\u00faltiples (FAM) - Componente de Infraestructura Educativa<\/td><td class=\"column-3\"><a href=\"#FAMIE\" target=\"_self\" rel=\"noopener noreferrer\"><i class=\"fa fa-arrow-down\"\/><\/a><\/td>\n<\/tr>\n<tr class=\"row-7\">\n\t<td class=\"column-1\">6<\/td><td class=\"column-2\">Fondo de Aportaciones para la Seguridad P\u00fablica (FASP)<\/td><td class=\"column-3\"><a href=\"#FASP\" target=\"_self\" rel=\"noopener noreferrer\"><i class=\"fa fa-arrow-down\"\/><\/a><\/td>\n<\/tr>\n<tr class=\"row-8\">\n\t<td class=\"column-1\">7<\/td><td class=\"column-2\">Fondo de Aportaciones para la Educaci\u00f3n Tecnol\u00f3gica y de Adultos (FAETA)<\/td><td class=\"column-3\"><a href=\"#FAETA\" target=\"_self\" rel=\"noopener noreferrer\"><i class=\"fa fa-arrow-down\"\/><\/a><\/td>\n<\/tr>\n<tr class=\"row-9\">\n\t<td class=\"column-1\">8<\/td><td class=\"column-2\">Fondo de Aportaciones para la Infraestructura Social Estatal (FISE)<\/td><td class=\"column-3\"><a href=\"#FISE\" target=\"_self\" rel=\"noopener noreferrer\"><i class=\"fa fa-arrow-down\"\/><\/a><\/td>\n<\/tr>\n<tr class=\"row-10\">\n\t<td class=\"column-1\">9<\/td><td class=\"column-2\">Fondo de Aportaciones para el Fortalecimiento de los Municipios (FORTAMUN)<\/td><td class=\"column-3\"><a href=\"#FORTAMUN\" target=\"_self\" rel=\"noopener noreferrer\"><i class=\"fa fa-arrow-down\"\/><\/a><\/td>\n<\/tr>\n<tr class=\"row-11\">\n\t<td class=\"column-1\">10<\/td><td class=\"column-2\">Fondo Regional (FONREGION)<\/td><td class=\"column-3\"><a href=\"#FONREGION\" target=\"_self\" rel=\"noopener noreferrer\"><i class=\"fa fa-arrow-down\"\/><\/a><\/td>\n<\/tr>\n<\/tbody>\n<\/table>\n<!-- #tablepress-61 from cache -->\n        EVALUACI\u00d3N DE LOS PROGRAMAS ESTATALES<br \/>\n        Programas de Capacitaci\u00f3n y Profesionalizaci\u00f3n del Sector Laboral<br \/>\n        \n<table id=\"tablepress-62\" class=\"tablepress tablepress-id-62\">\n<thead>\n<tr class=\"row-1\">\n\t<th class=\"column-1\">No.<\/th><th class=\"column-2\">Dependencia<\/th><th class=\"column-3\">Documento de Opini\u00f3n<\/th><th class=\"column-4\">Anexos<\/th>\n<\/tr>\n<\/thead>\n<tbody class=\"row-striping row-hover\">\n<tr class=\"row-2\">\n\t<td class=\"column-1\">1<\/td><td class=\"column-2\">Secretar\u00eda del Trabajo (SETRAO)<\/td><td class=\"column-3\"><a href=\"\/wp-content\/uploads\/sites\/77\/pdf\/maasm_2015\/doc_opin_anexos\/laboral\/SETRAO\/DoctoOpinion\/DoctoOpinion_SETRAO.pdf\" target=\"_blank\" rel=\"noopener noreferrer\"><i class=\"fa fa-download\"><\/i><\/a><\/td><td class=\"column-4\"><a href=\"\/wp-content\/uploads\/sites\/77\/pdf\/maasm_2015\/doc_opin_anexos\/laboral\/SETRAO\/Anexos\/Laboral_AnexosB,C,DyE.pdf\" target=\"_blank\" rel=\"noopener noreferrer\"><i class=\"fa fa-download\"><\/i><\/a><\/td>\n<\/tr>\n<\/tbody>\n<\/table>\n<!-- #tablepress-62 from cache -->\n        Programa de Restauraci\u00f3n de Ecosistemas Forestales<br \/>\n        \n<table id=\"tablepress-63\" class=\"tablepress tablepress-id-63\">\n<thead>\n<tr class=\"row-1\">\n\t<th class=\"column-1\">No.<\/th><th class=\"column-2\">Dependencia<\/th><th class=\"column-3\">Documento de Opini\u00f3n<\/th><th class=\"column-4\">Anexos<\/th>\n<\/tr>\n<\/thead>\n<tbody class=\"row-striping row-hover\">\n<tr class=\"row-2\">\n\t<td class=\"column-1\">1<\/td><td class=\"column-2\">Secretar\u00eda de Desarrollo Agropuecuario, Pesca y Acuacultura (SEDAPA)<\/td><td class=\"column-3\"><a href=\"\/wp-content\/uploads\/sites\/77\/pdf\/maasm_2015\/doc_opin_anexos\/ecosistemas\/COESFOR\/DoctoOpinion\/DoctoOpinion_COESFOR.pdf\" target=\"_blank\" rel=\"noopener noreferrer\"><i class=\"fa fa-download\"><\/i><\/a><\/td><td class=\"column-4\"><a href=\"\/wp-content\/uploads\/sites\/77\/pdf\/maasm_2015\/doc_opin_anexos\/ecosistemas\/SEDAPA\/Anexos\/Ecosistemas_AnexosB,D,EyF.pdf\" target=\"_blank\" rel=\"noopener noreferrer\"><i class=\"fa fa-download\"><\/i><\/a><\/td>\n<\/tr>\n<\/tbody>\n<\/table>\n<!-- #tablepress-63 from cache -->\n        Programa de Participaci\u00f3n Comunitaria para el Desarrollo Humano con Asistencia Alimentaria (Cocina Comedor Nutricional Comunitaria)<br \/>\n        \n<table id=\"tablepress-64\" class=\"tablepress tablepress-id-64\">\n<thead>\n<tr class=\"row-1\">\n\t<th class=\"column-1\">No.<\/th><th class=\"column-2\">Dependencia<\/th><th class=\"column-3\">Documento de Opini\u00f3n<\/th><th class=\"column-4\">Anexos<\/th>\n<\/tr>\n<\/thead>\n<tbody class=\"row-striping row-hover\">\n<tr class=\"row-2\">\n\t<td class=\"column-1\">1<\/td><td class=\"column-2\">Sistema para el Desarrollo Integral de la Familia (DIF)<\/td><td class=\"column-3\"><a href=\"\/wp-content\/uploads\/sites\/77\/pdf\/maasm_2015\/doc_opin_anexos\/cocinas\/DoctoOpinion\/Cocinas_DoctoOpinion.pdf\" target=\"_blank\" rel=\"noopener noreferrer\"><i class=\"fa fa-download\"><\/i><\/a><\/td><td class=\"column-4\"><a href=\"\/wp-content\/uploads\/sites\/77\/pdf\/maasm_2015\/doc_opin_anexos\/cocinas\/Anexos\/Cocinas_AnexosB,CyD.pdf\" target=\"_blank\" rel=\"noopener noreferrer\"><i class=\"fa fa-download\"><\/i><\/a><\/td>\n<\/tr>\n<\/tbody>\n<\/table>\n<!-- #tablepress-64 from cache -->\n        Programa Bienestar de Apoyo a Personas con Discapacidad<br \/>\n        \n<table id=\"tablepress-65\" class=\"tablepress tablepress-id-65\">\n<thead>\n<tr class=\"row-1\">\n\t<th class=\"column-1\">No.<\/th><th class=\"column-2\">Dependencia<\/th><th class=\"column-3\">Documento de Opini\u00f3n<\/th><th class=\"column-4\">Anexos<\/th>\n<\/tr>\n<\/thead>\n<tbody class=\"row-striping row-hover\">\n<tr class=\"row-2\">\n\t<td class=\"column-1\">1<\/td><td class=\"column-2\">Sistema para el Desarrollo Integral de la Familia (DIF)<\/td><td class=\"column-3\"><a href=\"\/wp-content\/uploads\/sites\/77\/pdf\/maasm_2015\/doc_opin_anexos\/discapacidad\/DoctoOpinion\/Discapacidad_DoctoOpinion.pdf\" target=\"_blank\" rel=\"noopener noreferrer\"><i class=\"fa fa-download\"><\/i><\/a><\/td><td class=\"column-4\"><a href=\"\/wp-content\/uploads\/sites\/77\/pdf\/maasm_2015\/doc_opin_anexos\/discapacidad\/Anexos\/Discapacidad_AnexosByD.pdf\" target=\"_blank\" rel=\"noopener noreferrer\"><i class=\"fa fa-download\"><\/i><\/a><\/td>\n<\/tr>\n<\/tbody>\n<\/table>\n<!-- #tablepress-65 from cache -->\n        EVALUACI\u00d3N DE LOS PROGRAMAS ESTATALES QUE OPERAN CON RECURSOS DE LOS FONDOS DE APORTACIONES FEDERALES DEL RAMO GENERAL 33 Y FONREGION<br \/>\n        Fondo de Aportaciones para el Fortalecimiento de las Entidades Federativas (FAFEF)<br \/>\n        \n<table id=\"tablepress-66\" class=\"tablepress tablepress-id-66\">\n<thead>\n<tr class=\"row-1\">\n\t<th class=\"column-1\">No.<\/th><th class=\"column-2\">Dependencia<\/th><th class=\"column-3\">Documento de Opini\u00f3n<\/th><th class=\"column-4\">Anexos<\/th>\n<\/tr>\n<\/thead>\n<tbody class=\"row-striping row-hover\">\n<tr class=\"row-2\">\n\t<td class=\"column-1\">1<\/td><td class=\"column-2\">Caminos y Aeropistas de Oaxaca (CAO)<\/td><td class=\"column-3\"><a href=\"#\" target=\"_blank\" rel=\"noopener noreferrer\"><i class=\"fa fa-download\"\/><\/a><\/td><td class=\"column-4\"><a href=\"#\" target=\"_blank\" rel=\"noopener noreferrer\"><i class=\"fa fa-download\"\/><\/a><\/td>\n<\/tr>\n<tr class=\"row-3\">\n\t<td class=\"column-1\">2<\/td><td class=\"column-2\">Comisi\u00f3n Estatal del Agua (CEA)<\/td><td class=\"column-3\"><a href=\"\/wp-content\/uploads\/sites\/77\/pdf\/maasm_2015\/doc_opin_anexos\/fafef\/cea\/DoctoOpinion\/DoctoOpinionCEA_FAFEF.pdf\" target=\"_blank\" rel=\"noopener noreferrer\"><i class=\"fa fa-download\"\/><\/a><\/td><td class=\"column-4\"><a href=\"\/wp-content\/uploads\/sites\/77\/pdf\/maasm_2015\/doc_opin_anexos\/fafef\/cea\/Anexos\/AnexosCEA_FAFEF.pdf\" target=\"_blank\" rel=\"noopener noreferrer\"><i class=\"fa fa-download\"\/><\/a><\/td>\n<\/tr>\n<tr class=\"row-4\">\n\t<td class=\"column-1\">3<\/td><td class=\"column-2\">Comisi\u00f3n Estatal de la Vivienda (CEVI)<\/td><td class=\"column-3\"><a href=\"#\" target=\"_blank\" rel=\"noopener noreferrer\"><i class=\"fa fa-download\"\/><\/a><\/td><td class=\"column-4\"><a href=\"#\" target=\"_blank\" rel=\"noopener noreferrer\"><i class=\"fa fa-download\"\/><\/a><\/td>\n<\/tr>\n<tr class=\"row-5\">\n\t<td class=\"column-1\">4<\/td><td class=\"column-2\">Colegio de Bachilleres del Estado de Oaxaca (COBAO)<\/td><td class=\"column-3\"><a href=\"\/wp-content\/uploads\/sites\/77\/pdf\/maasm_2015\/doc_opin_anexos\/fafef\/cobao\/DoctoOpinion\/DoctoOpini\u00f3n_COBAO_FAFEF.pdf\" target=\"_blank\" rel=\"noopener noreferrer\"><i class=\"fa fa-download\"\/><\/a><\/td><td class=\"column-4\"><a href=\"\/wp-content\/uploads\/sites\/77\/pdf\/maasm_2015\/doc_opin_anexos\/fafef\/cobao\/Anexos\/AnexoByD_Cobao_Fafef.pdf\" target=\"_blank\" rel=\"noopener noreferrer\"><i class=\"fa fa-download\"\/><\/a><\/td>\n<\/tr>\n<tr class=\"row-6\">\n\t<td class=\"column-1\">5<\/td><td class=\"column-2\">Instituto Oaxaque\u00f1o de Infraestructura F\u00edsica Educativa (IOCIFED)<\/td><td class=\"column-3\"><a href=\"\/wp-content\/uploads\/sites\/77\/pdf\/maasm_2015\/doc_opin_anexos\/fafef\/iocifed\/DoctoOpinion\/DoctoOpinionFAFEF_IOCIFED.pdf\" target=\"_blank\" rel=\"noopener noreferrer\"><i class=\"fa fa-download\"\/><\/a><\/td><td class=\"column-4\"><a href=\"\/wp-content\/uploads\/sites\/77\/pdf\/maasm_2015\/doc_opin_anexos\/fafef\/iocifed\/Anexos\/AnexosFAFEF_IOCIFED.pdf\" target=\"_blank\" rel=\"noopener noreferrer\"><i class=\"fa fa-download\"\/><\/a><\/td>\n<\/tr>\n<tr class=\"row-7\">\n\t<td class=\"column-1\">6<\/td><td class=\"column-2\">Instituto del Patrimonio Cultural del Estado de Oaxaca (INPAC)<\/td><td class=\"column-3\"><a href=\"\/wp-content\/uploads\/sites\/77\/pdf\/maasm_2015\/doc_opin_anexos\/fafef\/inpac\/DoctoOpinion\/Docto_Opinion_INPAC.pdf\" target=\"_blank\" rel=\"noopener noreferrer\"><i class=\"fa fa-download\"\/><\/a><\/td><td class=\"column-4\"><a href=\"\/wp-content\/uploads\/sites\/77\/pdf\/maasm_2015\/doc_opin_anexos\/fafef\/inpac\/Anexos\/INPACAnexoByD.pdf\" target=\"_blank\" rel=\"noopener noreferrer\"><i class=\"fa fa-download\"\/><\/a><\/td>\n<\/tr>\n<tr class=\"row-8\">\n\t<td class=\"column-1\">7<\/td><td class=\"column-2\">Secretar\u00eda de las Infraestructuras y el Ordenamiento Territorial Sustentable (SINFRA)<\/td><td class=\"column-3\"><a href=\"\/wp-content\/uploads\/sites\/77\/pdf\/maasm_2015\/doc_opin_anexos\/fafef\/sinfra\/DoctoOpinion\/SINFRA_DoctoOpinionFAFEF.pdf\" target=\"_blank\" rel=\"noopener noreferrer\"><i class=\"fa fa-download\"\/><\/a><\/td><td class=\"column-4\"><a href=\"\/wp-content\/uploads\/sites\/77\/pdf\/maasm_2015\/doc_opin_anexos\/fafef\/sinfra\/Anexos\/SINFRA_AnexosFAFEF.pdf\" target=\"_blank\" rel=\"noopener noreferrer\"><i class=\"fa fa-download\"\/><\/a><\/td>\n<\/tr>\n<tr class=\"row-9\">\n\t<td class=\"column-1\">8<\/td><td class=\"column-2\">Secretar\u00eda de Salud del Estado de Oaxaca (SSO)<\/td><td class=\"column-3\"><a href=\"#\" target=\"_blank\" rel=\"noopener noreferrer\"><i class=\"fa fa-download\"\/><\/a><\/td><td class=\"column-4\"><a href=\"#\" target=\"_blank\" rel=\"noopener noreferrer\"><i class=\"fa fa-download\"\/><\/a><\/td>\n<\/tr>\n<tr class=\"row-10\">\n\t<td class=\"column-1\">9<\/td><td class=\"column-2\">Universidad de la Sierra Ju\u00e1rez (UNSIJ)<\/td><td class=\"column-3\"><a href=\"\/wp-content\/uploads\/sites\/77\/pdf\/maasm_2015\/doc_opin_anexos\/fafef\/unsij\/DoctoOpinion\/Docto_Opinion_UNSIJ.pdf\" target=\"_blank\" rel=\"noopener noreferrer\"><i class=\"fa fa-download\"\/><\/a><\/td><td class=\"column-4\"><a href=\"\/wp-content\/uploads\/sites\/77\/pdf\/maasm_2015\/doc_opin_anexos\/fafef\/unsij\/Anexos\/UNSIJAnexosByC.pdf\" target=\"_blank\" rel=\"noopener noreferrer\"><i class=\"fa fa-download\"\/><\/a><\/td>\n<\/tr>\n<tr class=\"row-11\">\n\t<td class=\"column-1\">10<\/td><td class=\"column-2\">Secretar\u00eda de Finanzas (SEFIN)<\/td><td class=\"column-3\"><a href=\"\/wp-content\/uploads\/sites\/77\/pdf\/maasm_2015\/doc_opin_anexos\/fafef\/sefin\/DoctoOpinion\/DoctoOpinion_FAFEF_SEFIN.pdf\" target=\"_blank\" rel=\"noopener noreferrer\"><i class=\"fa fa-download\"\/><\/a><\/td><td class=\"column-4\"><a href=\"#\" target=\"_blank\" rel=\"noopener noreferrer\"><i class=\"fa fa-download\"\/><\/a><\/td>\n<\/tr>\n<\/tbody>\n<\/table>\n<!-- #tablepress-66 from cache -->\n        Fondo de Aportaciones para la Educaci\u00f3n B\u00e1sica y Normal (FAEB)<br \/>\n        \n<table id=\"tablepress-67\" class=\"tablepress tablepress-id-67\">\n<thead>\n<tr class=\"row-1\">\n\t<th class=\"column-1\">No.<\/th><th class=\"column-2\">Dependencia<\/th><th class=\"column-3\">Documento de Opini\u00f3n<\/th><th class=\"column-4\">Anexos<\/th>\n<\/tr>\n<\/thead>\n<tbody class=\"row-striping row-hover\">\n<tr class=\"row-2\">\n\t<td class=\"column-1\">1<\/td><td class=\"column-2\">Instituto Estatal de Educaci\u00f3n P\u00fablica de Oaxaca (IEEPO)<\/td><td class=\"column-3\"><a href=\"\/wp-content\/uploads\/sites\/77\/pdf\/maasm_2015\/doc_opin_anexos\/faeb\/ieepo\/DoctoOpinion\/Docto_Opinion_IEEPO.pdf\" target=\"_blank\" rel=\"noopener noreferrer\"><i class=\"fa fa-download\"><\/i><\/a><br \/>\n<\/td><td class=\"column-4\"><a href=\"\/wp-content\/uploads\/sites\/77\/pdf\/maasm_2015\/doc_opin_anexos\/faeb\/ieepo\/Anexos\/FAEB_Anexos_IEEPO.pdf\" target=\"_blank\" rel=\"noopener noreferrer\"><i class=\"fa fa-download\"><\/i><\/a><br \/>\n<\/td>\n<\/tr>\n<\/tbody>\n<\/table>\n<!-- #tablepress-67 from cache -->\n        Fondo de Aportaciones para los Servicios de Salud (FASSA)<br \/>\n        \n<table id=\"tablepress-68\" class=\"tablepress tablepress-id-68\">\n<thead>\n<tr class=\"row-1\">\n\t<th class=\"column-1\">No.<\/th><th class=\"column-2\">Dependencia<\/th><th class=\"column-3\">Documento de Opini\u00f3n<\/th><th class=\"column-4\">Anexos<\/th>\n<\/tr>\n<\/thead>\n<tbody class=\"row-striping row-hover\">\n<tr class=\"row-2\">\n\t<td class=\"column-1\">1<\/td><td class=\"column-2\">Secretar\u00eda de Salud del Estado de Oaxaca (SSO)<\/td><td class=\"column-3\"><a href=\"\/wp-content\/uploads\/sites\/77\/pdf\/maasm_2015\/doc_opin_anexos\/fassa\/sso\/DoctoOpinion\/FASSA_DoctoOpinion_SSO.pdf\" target=\"_blank\" rel=\"noopener noreferrer\"><i class=\"fa fa-download\"><\/i><\/a><\/td><td class=\"column-4\"><a href=\"\/wp-content\/uploads\/sites\/77\/pdf\/maasm_2015\/doc_opin_anexos\/fassa\/sso\/Anexos\/FASSA_Anexos_SSO.pdf\" target=\"_blank\" rel=\"noopener noreferrer\"><i class=\"fa fa-download\"><\/i><\/a><\/td>\n<\/tr>\n<\/tbody>\n<\/table>\n<!-- #tablepress-68 from cache -->\n        Fondo de Aportaciones M\u00faltiples (FAM) &#8211; Componente de Asistencia Social<br \/>\n        \n<table id=\"tablepress-69\" class=\"tablepress tablepress-id-69\">\n<thead>\n<tr class=\"row-1\">\n\t<th class=\"column-1\">No.<\/th><th class=\"column-2\">Dependencia<\/th><th class=\"column-3\">Documento de Opini\u00f3n<\/th><th class=\"column-4\">Anexos<\/th>\n<\/tr>\n<\/thead>\n<tbody class=\"row-striping row-hover\">\n<tr class=\"row-2\">\n\t<td class=\"column-1\">1<\/td><td class=\"column-2\">Sistema para el Desarrollo Integral de la Familia<\/td><td class=\"column-3\"><a href=\"\/wp-content\/uploads\/sites\/77\/pdf\/maasm_2015\/doc_opin_anexos\/fam\/ie\/DIF\/DoctoOpinion\/Docto_Opinion_DIF.pdf\" target=\"_blank\" rel=\"noopener noreferrer\"><i class=\"fa fa-download\"><\/i><\/a><\/td><td class=\"column-4\"><a href=\"\/wp-content\/uploads\/sites\/77\/pdf\/maasm_2015\/doc_opin_anexos\/fam\/ie\/DIF\/Anexos\/DIFAnexosBCyDFinal.pdf\" target=\"_blank\" rel=\"noopener noreferrer\"><i class=\"fa fa-download\"><\/i><\/a><\/td>\n<\/tr>\n<\/tbody>\n<\/table>\n<!-- #tablepress-69 from cache -->\n        Fondo de Aportaciones M\u00faltiples (FAM) &#8211; Componente de Infraestructura Educativa<br \/>\n        \n<table id=\"tablepress-70\" class=\"tablepress tablepress-id-70\">\n<thead>\n<tr class=\"row-1\">\n\t<th class=\"column-1\">No.<\/th><th class=\"column-2\">Dependencia<\/th><th class=\"column-3\">Documento de Opini\u00f3n<\/th><th class=\"column-4\">Anexos<\/th>\n<\/tr>\n<\/thead>\n<tbody class=\"row-striping row-hover\">\n<tr class=\"row-2\">\n\t<td class=\"column-1\">1<\/td><td class=\"column-2\">Insituto Estatal de Educaci\u00f3n P\u00fablica de Oaxaca<\/td><td class=\"column-3\"><a href=\"\/wp-content\/uploads\/sites\/77\/pdf\/maasm_2015\/doc_opin_anexos\/fam\/ie\/IEEPO\/DoctoOpinion\/Docto_Opinion_IEEPO.pdf\" target=\"_blank\" rel=\"noopener noreferrer\"><i class=\"fa fa-download\"\/><\/a><\/td><td class=\"column-4\"><a href=\"#\" target=\"_blank\" rel=\"noopener noreferrer\"><i class=\"fa fa-download\"\/><\/a><\/td>\n<\/tr>\n<tr class=\"row-3\">\n\t<td class=\"column-1\">2<\/td><td class=\"column-2\">Instituto Oaxaque\u00f1o Constructor de Infraestructura F\u00edsica Educativa<\/td><td class=\"column-3\"><a href=\"\/wp-content\/uploads\/sites\/77\/pdf\/maasm_2015\/doc_opin_anexos\/fam\/ie\/IOCIFED\/DoctoOpinion\/DoctoOpinionFAM_IOCIFED.pdf\" target=\"_blank\" rel=\"noopener noreferrer\"><i class=\"fa fa-download\"\/><\/a><\/td><td class=\"column-4\"><a href=\"\/wp-content\/uploads\/sites\/77\/pdf\/maasm_2015\/doc_opin_anexos\/fam\/ie\/IOCIFED\/Anexos\/AnexosFAM_IOCIFED.pdf\" target=\"_blank\" rel=\"noopener noreferrer\"><i class=\"fa fa-download\"\/><\/a><\/td>\n<\/tr>\n<tr class=\"row-4\">\n\t<td class=\"column-1\">3<\/td><td class=\"column-2\">Secretar\u00eda de las Infraestructuras y el Ordenamiento Territorial Sustentable<\/td><td class=\"column-3\"><a href=\"#\" target=\"_blank\" rel=\"noopener noreferrer\"><i class=\"fa fa-download\"\/><\/a><\/td><td class=\"column-4\"><a href=\"#\" target=\"_blank\" rel=\"noopener noreferrer\"><i class=\"fa fa-download\"\/><\/a><\/td>\n<\/tr>\n<tr class=\"row-5\">\n\t<td class=\"column-1\">4<\/td><td class=\"column-2\">Universidad Aut\u00f3noma Benito Ju\u00e1rez de Oaxaca<\/td><td class=\"column-3\"><a href=\"\/wp-content\/uploads\/sites\/77\/pdf\/maasm_2015\/doc_opin_anexos\/fam\/ie\/UABJO\/DoctoOpinion\/Docto_Opinion_UABJO.pdf\" target=\"_blank\" rel=\"noopener noreferrer\"><i class=\"fa fa-download\"\/><\/a><\/td><td class=\"column-4\"><a href=\"\/wp-content\/uploads\/sites\/77\/pdf\/maasm_2015\/doc_opin_anexos\/fam\/ie\/UABJO\/Anexos\/UABJO_AnexosFAM_IE.pdf\" target=\"_blank\" rel=\"noopener noreferrer\"><i class=\"fa fa-download\"\/><\/a><\/td>\n<\/tr>\n<tr class=\"row-6\">\n\t<td class=\"column-1\">5<\/td><td class=\"column-2\">Universidad del Mar<\/td><td class=\"column-3\"><a href=\"\/wp-content\/uploads\/sites\/77\/pdf\/maasm_2015\/doc_opin_anexos\/fam\/ie\/UMAR\/DoctoOpinion\/Docto_Opinion_UMAR.pdf\" target=\"_blank\" rel=\"noopener noreferrer\"><i class=\"fa fa-download\"\/><\/a><\/td><td class=\"column-4\"><a href=\"\/wp-content\/uploads\/sites\/77\/pdf\/maasm_2015\/doc_opin_anexos\/fam\/ie\/UMAR\/Anexos\/UMARAnexosByCFinal.pdf\" target=\"_blank\" rel=\"noopener noreferrer\"><i class=\"fa fa-download\"\/><\/a><\/td>\n<\/tr>\n<tr class=\"row-7\">\n\t<td class=\"column-1\">6<\/td><td class=\"column-2\">Universidad de la Ca\u00f1ada<\/td><td class=\"column-3\"><a href=\"\/wp-content\/uploads\/sites\/77\/pdf\/maasm_2015\/doc_opin_anexos\/fam\/ie\/UNCA\/DoctoOpinion\/Docto_Opinion_UNCA.pdf\" target=\"_blank\" rel=\"noopener noreferrer\"><i class=\"fa fa-download\"\/><\/a><\/td><td class=\"column-4\"><a href=\"\/wp-content\/uploads\/sites\/77\/pdf\/maasm_2015\/doc_opin_anexos\/fam\/ie\/UNCA\/Anexos\/UNCAAnexosByCFinal.pdf\" target=\"_blank\" rel=\"noopener noreferrer\"><i class=\"fa fa-download\"\/><\/a><\/td>\n<\/tr>\n<tr class=\"row-8\">\n\t<td class=\"column-1\">7<\/td><td class=\"column-2\">Universidad del Istmo<\/td><td class=\"column-3\"><a href=\"\/wp-content\/uploads\/sites\/77\/pdf\/maasm_2015\/doc_opin_anexos\/fam\/ie\/UNISTMO\/DoctoOpinion\/Docto_Opinion_UNISTMO.pdf\" target=\"_blank\" rel=\"noopener noreferrer\"><i class=\"fa fa-download\"\/><\/a><\/td><td class=\"column-4\"><a href=\"\/wp-content\/uploads\/sites\/77\/pdf\/maasm_2015\/doc_opin_anexos\/fam\/ie\/UNISTMO\/Anexos\/UNISTMOAnexosByCFinal.pdf\" target=\"_blank\" rel=\"noopener noreferrer\"><i class=\"fa fa-download\"\/><\/a><\/td>\n<\/tr>\n<tr class=\"row-9\">\n\t<td class=\"column-1\">8<\/td><td class=\"column-2\">Universidad del Papaloapam<\/td><td class=\"column-3\"><a href=\"\/wp-content\/uploads\/sites\/77\/pdf\/maasm_2015\/doc_opin_anexos\/fam\/ie\/UNPA\/DoctoOpinion\/Docto_Opinion_UNPA.pdf\" target=\"_blank\" rel=\"noopener noreferrer\"><i class=\"fa fa-download\"\/><\/a><\/td><td class=\"column-4\"><a href=\"\/wp-content\/uploads\/sites\/77\/pdf\/maasm_2015\/doc_opin_anexos\/fam\/ie\/UNPA\/Anexos\/UNPAAnexosByCFinal.pdf\" target=\"_blank\" rel=\"noopener noreferrer\"><i class=\"fa fa-download\"\/><\/a><\/td>\n<\/tr>\n<tr class=\"row-10\">\n\t<td class=\"column-1\">9<\/td><td class=\"column-2\">Universidad de la Sierra Ju\u00e1rez<\/td><td class=\"column-3\"><a href=\"\/wp-content\/uploads\/sites\/77\/pdf\/maasm_2015\/doc_opin_anexos\/fam\/ie\/UNSIJ\/DoctoOpinion\/Docto_Opinion_UNSIJ.pdf\" target=\"_blank\" rel=\"noopener noreferrer\"><i class=\"fa fa-download\"\/><\/a><\/td><td class=\"column-4\"><a href=\"\/wp-content\/uploads\/sites\/77\/pdf\/maasm_2015\/doc_opin_anexos\/fam\/ie\/UNSIJ\/Anexos\/UNSIJAnexosByCFinal.pdf\" target=\"_blank\" rel=\"noopener noreferrer\"><i class=\"fa fa-download\"\/><\/a><\/td>\n<\/tr>\n<tr class=\"row-11\">\n\t<td class=\"column-1\">10<\/td><td class=\"column-2\">Universidad de la Sierra del Sur<\/td><td class=\"column-3\"><a href=\"\/wp-content\/uploads\/sites\/77\/pdf\/maasm_2015\/doc_opin_anexos\/fam\/ie\/UNSIS\/DoctoOpinion\/Docto_Opinion_UNSIS.pdf\" target=\"_blank\" rel=\"noopener noreferrer\"><i class=\"fa fa-download\"\/><\/a><\/td><td class=\"column-4\"><a href=\"\/wp-content\/uploads\/sites\/77\/pdf\/maasm_2015\/doc_opin_anexos\/fam\/ie\/UNSIS\/Anexos\/UNSISAnexosByCFinal.pdf\" target=\"_blank\" rel=\"noopener noreferrer\"><i class=\"fa fa-download\"\/><\/a><\/td>\n<\/tr>\n<tr class=\"row-12\">\n\t<td class=\"column-1\">11<\/td><td class=\"column-2\">Universidad Tecnol\u00f3gica de la Mixteca<\/td><td class=\"column-3\"><a href=\"\/wp-content\/uploads\/sites\/77\/pdf\/maasm_2015\/doc_opin_anexos\/fam\/ie\/UTM\/DoctoOpinion\/Docto_Opinion_UTM.pdf\" target=\"_blank\" rel=\"noopener noreferrer\"><i class=\"fa fa-download\"\/><\/a><\/td><td class=\"column-4\"><a href=\"\/wp-content\/uploads\/sites\/77\/pdf\/maasm_2015\/doc_opin_anexos\/fam\/ie\/UTM\/Anexos\/UTMAnexosByCFinal.pdf\" target=\"_blank\" rel=\"noopener noreferrer\"><i class=\"fa fa-download\"\/><\/a><\/td>\n<\/tr>\n<\/tbody>\n<\/table>\n<!-- #tablepress-70 from cache -->\n        Fondo de Aportaciones para la Seguridad P\u00fablica (FASP)<br \/>\n        \n<table id=\"tablepress-71\" class=\"tablepress tablepress-id-71\">\n<thead>\n<tr class=\"row-1\">\n\t<th class=\"column-1\">No.<\/th><th class=\"column-2\">Dependencia<\/th><th class=\"column-3\">Documento de Opini\u00f3n<\/th><th class=\"column-4\">Anexos<\/th>\n<\/tr>\n<\/thead>\n<tbody class=\"row-striping row-hover\">\n<tr class=\"row-2\">\n\t<td class=\"column-1\">1<\/td><td class=\"column-2\">Secretar\u00eda de Seguridad P\u00fablica (SSP)<\/td><td class=\"column-3\"><a href=\"\/wp-content\/uploads\/sites\/77\/pdf\/maasm_2015\/doc_opin_anexos\/fasp\/ssp\/DoctoOpinion\/Docto_Opinion_SSP.pdf\" target=\"_blank\" rel=\"noopener noreferrer\"><i class=\"fa fa-download\"><\/i><\/a><\/td><td class=\"column-4\"><a href=\"#\" target=\"_blank\" rel=\"noopener noreferrer\"><i class=\"fa fa-download\"><\/i><\/a><\/td>\n<\/tr>\n<\/tbody>\n<\/table>\n<!-- #tablepress-71 from cache -->\n        <i class=\"fa fa-download\"><\/i><br \/>\n        Fondo de Aportaciones para la Educaci\u00f3n Tecnol\u00f3gica y de Adultos (FAETA)<br \/>\n        \n<table id=\"tablepress-72\" class=\"tablepress tablepress-id-72\">\n<thead>\n<tr class=\"row-1\">\n\t<th class=\"column-1\">No.<\/th><th class=\"column-2\">Dependencia<\/th><th class=\"column-3\">Documento de Opini\u00f3n<\/th><th class=\"column-4\">Anexos<\/th>\n<\/tr>\n<\/thead>\n<tbody class=\"row-striping row-hover\">\n<tr class=\"row-2\">\n\t<td class=\"column-1\">1<\/td><td class=\"column-2\">Instituto Estatal de Eduaci\u00f3n para los Adultos (IEEA)<\/td><td class=\"column-3\"><a href=\"\/wp-content\/uploads\/sites\/77\/pdf\/maasm_2015\/doc_opin_anexos\/faeta\/ieea\/DoctoOpinion\/Docto_Opinion_IEEA.pdf\" target=\"_blank\" rel=\"noopener noreferrer\"><i class=\"fa fa-download\"><\/i><\/a><\/td><td class=\"column-4\"><a href=\"\/wp-content\/uploads\/sites\/77\/pdf\/maasm_2015\/doc_opin_anexos\/faeta\/ieea\/Anexos\/IEEAAnexosBCyE.pdf\" target=\"_blank\" rel=\"noopener noreferrer\"><i class=\"fa fa-download\"><\/i><\/a><\/td>\n<\/tr>\n<\/tbody>\n<\/table>\n<!-- #tablepress-72 from cache -->\n        Fondo de Aportaciones para la Infraestructura Social Estatal (FISE)<br \/>\n        \n<table id=\"tablepress-73\" class=\"tablepress tablepress-id-73\">\n<thead>\n<tr class=\"row-1\">\n\t<th class=\"column-1\">No.<\/th><th class=\"column-2\">Dependencia<\/th><th class=\"column-3\">Documento de Opini\u00f3n<\/th><th class=\"column-4\">Anexos<\/th>\n<\/tr>\n<\/thead>\n<tbody class=\"row-striping row-hover\">\n<tr class=\"row-2\">\n\t<td class=\"column-1\">1<\/td><td class=\"column-2\">Secretar\u00eda de las Infraestructuras y el Ordenamiento Territorial Sustentable (SINFRA)<\/td><td class=\"column-3\"><a href=\"\/wp-content\/uploads\/sites\/77\/pdf\/maasm_2015\/doc_opin_anexos\/fise\/sinfra\/DoctoOpinion\/SINFRA_DoctoOpinionFISE.pdf\" target=\"_blank\" rel=\"noopener noreferrer\"><i class=\"fa fa-download\"\/><\/a><\/td><td class=\"column-4\"><a href=\"\/wp-content\/uploads\/sites\/77\/pdf\/maasm_2015\/doc_opin_anexos\/fise\/sinfra\/Anexos\/SINFRA_AnexosFISE.pdf\" target=\"_blank\" rel=\"noopener noreferrer\"><i class=\"fa fa-download\"\/><\/a><\/td>\n<\/tr>\n<tr class=\"row-3\">\n\t<td class=\"column-1\">2<\/td><td class=\"column-2\">Secretar\u00eda de Finanzas (SEFIN)<\/td><td class=\"column-3\"><a href=\"\/wp-content\/uploads\/sites\/77\/pdf\/maasm_2015\/doc_opin_anexos\/fise\/sefin\/DoctoOpinion\/DoctoOpinion_FISE_SEFIN.pdf\" target=\"_blank\" rel=\"noopener noreferrer\"><i class=\"fa fa-download\"\/><\/a><\/td><td class=\"column-4\"><a href=\"#\" target=\"_blank\" rel=\"noopener noreferrer\"><i class=\"fa fa-download\"\/><\/a><\/td>\n<\/tr>\n<tr class=\"row-4\">\n\t<td class=\"column-1\">3<\/td><td class=\"column-2\">Comisi\u00f3n Estatal del Agua (CEA)<\/td><td class=\"column-3\"><a href=\"\/wp-content\/uploads\/sites\/77\/pdf\/maasm_2015\/doc_opin_anexos\/fise\/cea\/DoctoOpinion\/DoctoOpinionCEA_FISE.pdf\" target=\"_blank\" rel=\"noopener noreferrer\"><i class=\"fa fa-download\"\/><\/a><\/td><td class=\"column-4\"><a href=\"\/wp-content\/uploads\/sites\/77\/pdf\/maasm_2015\/doc_opin_anexos\/fise\/cea\/Anexos\/AnexosCEA_FISE.pdf\" target=\"_blank\" rel=\"noopener noreferrer\"><i class=\"fa fa-download\"\/><\/a><\/td>\n<\/tr>\n<\/tbody>\n<\/table>\n<!-- #tablepress-73 from cache -->\n        Fondo de Aportaciones para el Fortalecimiento de los Municipios (FORTAMUN)<br \/>\n        \n<table id=\"tablepress-74\" class=\"tablepress tablepress-id-74\">\n<thead>\n<tr class=\"row-1\">\n\t<th class=\"column-1\">No.<\/th><th class=\"column-2\">Dependencia<\/th><th class=\"column-3\">Documento de Opini\u00f3n<\/th><th class=\"column-4\">Anexos<\/th>\n<\/tr>\n<\/thead>\n<tbody class=\"row-striping row-hover\">\n<tr class=\"row-2\">\n\t<td class=\"column-1\">1<\/td><td class=\"column-2\">Secretar\u00eda de Finanzas (SEFIN)<\/td><td class=\"column-3\"><a href=\"\/wp-content\/uploads\/sites\/77\/pdf\/maasm_2015\/doc_opin_anexos\/fortamun\/sefin\/DoctoOpinion\/SEFIN_DoctoOpinion_FORTAMUN.pdf\" target=\"_blank\" rel=\"noopener noreferrer\"><i class=\"fa fa-download\"><\/i><\/a><\/td><td class=\"column-4\"><a href=\"\/wp-content\/uploads\/sites\/77\/pdf\/maasm_2015\/doc_opin_anexos\/fortamun\/sefin\/Anexos\/SEFIN_AnexosByC_FORTAMUN.pdf\" target=\"_blank\" rel=\"noopener noreferrer\"><i class=\"fa fa-download\"><\/i><\/a><\/td>\n<\/tr>\n<\/tbody>\n<\/table>\n<!-- #tablepress-74 from cache -->\n        Fondo Regional (FONREGION)<br \/>\n        \n<table id=\"tablepress-75\" class=\"tablepress tablepress-id-75\">\n<thead>\n<tr class=\"row-1\">\n\t<th class=\"column-1\">No.<\/th><th class=\"column-2\">Dependencia<\/th><th class=\"column-3\">Documento de Opini\u00f3n<\/th><th class=\"column-4\">Anexos<\/th>\n<\/tr>\n<\/thead>\n<tbody class=\"row-striping row-hover\">\n<tr class=\"row-2\">\n\t<td class=\"column-1\">1<\/td><td class=\"column-2\">Secretar\u00eda de las Infraestructuras y el Ordenamiento Territorial Sustentable (SINFRA)<\/td><td class=\"column-3\"><a href=\"\/wp-content\/uploads\/sites\/77\/pdf\/maasm_2015\/doc_opin_anexos\/fonregion\/sinfra\/DoctoOpinion\/SINFRA_DoctoOpinionFONREGION.pdf\" target=\"_blank\" rel=\"noopener noreferrer\"><i class=\"fa fa-download\"\/><\/a><\/td><td class=\"column-4\"><a href=\"\/wp-content\/uploads\/sites\/77\/pdf\/maasm_2015\/doc_opin_anexos\/fonregion\/sinfra\/Anexos\/SINFRA_AnexosFONREGION.pdf\" target=\"_blank\" rel=\"noopener noreferrer\"><i class=\"fa fa-download\"\/><\/a><\/td>\n<\/tr>\n<tr class=\"row-3\">\n\t<td class=\"column-1\">2<\/td><td class=\"column-2\">Secretar\u00eda de Finanzas (SEFIN)<\/td><td class=\"column-3\"><a href=\"\/wp-content\/uploads\/sites\/77\/pdf\/maasm_2015\/doc_opin_anexos\/fonregion\/sefin\/DoctoOpinion\/DoctoOpinion_FONREGION_SEFIN.pdf\" target=\"_blank\" rel=\"noopener noreferrer\"><i class=\"fa fa-download\"\/><\/a><\/td><td class=\"column-4\"><a href=\"#\" target=\"_blank\" rel=\"noopener noreferrer\"><i class=\"fa fa-download\"\/><\/a><\/td>\n<\/tr>\n<tr class=\"row-4\">\n\t<td class=\"column-1\">3<\/td><td class=\"column-2\">Comisi\u00f3n Estatal del Agua (CEA)<\/td><td class=\"column-3\"><a href=\"\/wp-content\/uploads\/sites\/77\/pdf\/maasm_2015\/doc_opin_anexos\/fonregion\/cea\/DoctoOpinion\/DoctoOpinionCEA_FONREGION.pdf\" target=\"_blank\" rel=\"noopener noreferrer\"><i class=\"fa fa-download\"\/><\/a><\/td><td class=\"column-4\"><a href=\"\/wp-content\/uploads\/sites\/77\/pdf\/maasm_2015\/doc_opin_anexos\/fonregion\/cea\/Anexos\/AnexosCEA_FONREGION.pdf\" target=\"_blank\" rel=\"noopener noreferrer\"><i class=\"fa fa-download\"\/><\/a><\/td>\n<\/tr>\n<tr class=\"row-5\">\n\t<td class=\"column-1\">4<\/td><td class=\"column-2\">Instituto Oaxaque\u00f1o Constructor de Infraestructura F\u00edsica Educativa (IOCIFED)<\/td><td class=\"column-3\"><a href=\"\/wp-content\/uploads\/sites\/77\/pdf\/maasm_2015\/doc_opin_anexos\/fonregion\/iocifed\/DoctoOpinion\/DoctoOpinionFONREGION_IOCIFED.pdf\" target=\"_blank\" rel=\"noopener noreferrer\"><i class=\"fa fa-download\"\/><\/a><\/td><td class=\"column-4\"><a href=\"\/wp-content\/uploads\/sites\/77\/pdf\/maasm_2015\/doc_opin_anexos\/fonregion\/iocifed\/Anexos\/AnexosFONREGION_IOCIFED.pdf\" target=\"_blank\" rel=\"noopener noreferrer\"><i class=\"fa fa-download\"\/><\/a><\/td>\n<\/tr>\n<\/tbody>\n<\/table>\n<!-- #tablepress-75 from cache -->\n      <\/div>\n<div id=\"collapseSeism\" class=\"tab-pane fade\" role=\"tabpanel\" aria-labelledby=\"nav_tab_seism\">\n        Como establece en el Plan de Ejecuci\u00f3n del Mecanismo 2013 (Anexo H), las dependencias y entidades responsables de los programas evaluados, analizaron las recomendaciones derivadas de la evaluaci\u00f3n y emitieron su respectivo Documento de Opini\u00f3n o Posici\u00f3n Institucional.<br \/>\n        Estos documentos reflejan la opini\u00f3n fundada y los compromisos de mejora de cada dependencia o entidad responsable, respecto de los hallazgos, \u00e1reas de oportunidad y recomendaciones derivadas de la evaluaci\u00f3n realizada.<\/p>\n<h4>Descargas<\/h4>\n\n<table id=\"tablepress-76\" class=\"tablepress tablepress-id-76\">\n<thead>\n<tr class=\"row-1\">\n\t<th class=\"column-1\">No.<\/th><th class=\"column-2\">Documento<\/th><th class=\"column-3\">Descarga<\/th>\n<\/tr>\n<\/thead>\n<tbody class=\"row-striping row-hover\">\n<tr class=\"row-2\">\n\t<td class=\"column-1\">1<\/td><td class=\"column-2\">Mecanismo de Atenci\u00f3n los Aspectos Susceptibles de Mejora 2013<\/td><td class=\"column-3\"><a href=\"\/wp-content\/uploads\/sites\/77\/pdf\/maasm_2013\/MAASM2013.pdf\" target=\"_blank\" rel=\"noopener noreferrer\"><i class=\"fa fa-download\"\/><\/a><\/td>\n<\/tr>\n<tr class=\"row-3\">\n\t<td class=\"column-1\">2<\/td><td class=\"column-2\">Flujo de trabajo para el Mecanismo de Atenci\u00f3n los Aspectos Susceptibles de Mejora 2013<\/td><td class=\"column-3\"><a href=\"\/wp-content\/uploads\/sites\/77\/pdf\/maasm_2013\/Flujograma_de_trabajo_MAASM_311013.pdf\" target=\"_blank\" rel=\"noopener noreferrer\"><i class=\"fa fa-download\"\/><\/a><\/td>\n<\/tr>\n<tr class=\"row-4\">\n\t<td class=\"column-1\">3<\/td><td class=\"column-2\">Informe de Seguimiento a los Aspectos Susceptibles de Mejora 2013<\/td><td class=\"column-3\"><a href=\"\/wp-content\/uploads\/sites\/77\/pdf\/maasm_2013\/Informe_Seguimiento_Mecanismo_de_Atencin_ASM2013.pdf\" target=\"_blank\" rel=\"noopener noreferrer\"><i class=\"fa fa-download\"\/><\/a><\/td>\n<\/tr>\n<tr class=\"row-5\">\n\t<td class=\"column-1\">4<\/td><td class=\"column-2\">Inventario de los Aspectos Susceptibles de Mejora 2013<\/td><td class=\"column-3\"><a href=\"\/wp-content\/uploads\/sites\/77\/pdf\/maasm_2013\/Inventario_asm_2013.pdf\" target=\"_blank\" rel=\"noopener noreferrer\"><i class=\"fa fa-download\"\/><\/a><\/td>\n<\/tr>\n<\/tbody>\n<\/table>\n<!-- #tablepress-76 from cache -->\n<h4>Programas Estatales de beneficio social<\/h4>\n\n<table id=\"tablepress-77\" class=\"tablepress tablepress-id-77\">\n<thead>\n<tr class=\"row-1\">\n\t<th class=\"column-1\">No.<\/th><th class=\"column-2\">Documento<\/th><th class=\"column-3\">Documento de Opini\u00f3n<\/th><th class=\"column-4\">Documento de Trabajo<\/th>\n<\/tr>\n<\/thead>\n<tbody class=\"row-striping row-hover\">\n<tr class=\"row-2\">\n\t<td class=\"column-1\">1<\/td><td class=\"column-2\">Programa de Pensi\u00f3n Alimentaria Bienestar para Adultos Mayores de 70 y m\u00e1s A\u00f1os<\/td><td class=\"column-3\"><a href=\"\/wp-content\/uploads\/sites\/77\/pdf\/maasm_2013\/Documento_opinion_70ymas.pdf\" target=\"_blank\" rel=\"noopener noreferrer\"><i class=\"fa fa-download\"\/><\/a><\/td><td class=\"column-4\"><\/td>\n<\/tr>\n<tr class=\"row-3\">\n\t<td class=\"column-1\">2<\/td><td class=\"column-2\">Programa Estatal de Becas para J\u00f3venes Estudiantes de Nivel Superior residentes en el estado de Oaxaca<\/td><td class=\"column-3\"><a href=\"\/wp-content\/uploads\/sites\/77\/pdf\/maasm_2013\/Documento_opinion_Becas.pdf\" target=\"_blank\" rel=\"noopener noreferrer\"><i class=\"fa fa-download\"\/><\/a><\/td><td class=\"column-4\"><a href=\"\/wp-content\/uploads\/sites\/77\/pdf\/maasm_2013\/Anexos_BecasBienestar2013.zip\" target=\"_blank\" rel=\"noopener noreferrer\"><i class=\"fa fa-download\"\/><\/a><\/td>\n<\/tr>\n<tr class=\"row-4\">\n\t<td class=\"column-1\">3<\/td><td class=\"column-2\">Programa Bienestar C\u00e1ncer C\u00e9rvico Uterino<\/td><td class=\"column-3\"><a href=\"\/wp-content\/uploads\/sites\/77\/pdf\/maasm_2013\/Documento_opinion_CaCu.pdf\" target=\"_blank\" rel=\"noopener noreferrer\"><i class=\"fa fa-download\"\/><\/a><\/td><td class=\"column-4\"><\/td>\n<\/tr>\n<\/tbody>\n<\/table>\n<!-- #tablepress-77 from cache --><\/div>\n<\/p><\/div>\n<\/p><\/div>\n<div class=\"tab-pane fade text-center p-10\" id=\"sesam-tab-pane\" role=\"tabpanel\" aria-labelledby=\"sesam-tab\">\n<a href=\"https:\/\/sesam.oaxaca.gob.mx\/\" target=\"_blank\" rel=\"noopener\"><button class=\"btn btn-primary\"><i class=\"fas fa-angle-double-right\"><\/i> ir al SESAM<\/button><\/a><\/p><\/div>\n<div class=\"tab-pane fade\" id=\"ape-tab-pane\" role=\"tabpanel\" aria-labelledby=\"ape-tab\">\n<h4>Agenda Plurianual de Evaluaci\u00f3n 2017-2023<\/h4>\n<a href=\"https:\/\/www.oaxaca.gob.mx\/gabinete\/wp-content\/uploads\/sites\/77\/2021\/12\/Agenda-Plurianual-de-Evaluacion-2017-2022.pdf\" class=\"pdfemb-viewer\" style=\"width:800px;\" data-width=\"800\" data-height=\"max\" data-toolbar=\"top\" data-toolbar-fixed=\"on\">Agenda Plurianual de Evaluaci\u00f3n 2017-2023<\/a><\/div>\n<\/div>\n","protected":false},"excerpt":{"rendered":"<p>Programa Anual de Evaluaci\u00f3n y Resultados Aspectos Susceptibles de Mejora (ASM) Sistema Estatal de Seguimiento a los Aspectos Susceptibles de Mejora Agenda Plurianual de Evaluaci\u00f3n 2017-2023 PROP\u00d3SITOS: Determinar el tipo de evaluaci\u00f3n que se aplicar\u00e1 a los programas presupuestarios, como parte de un proceso integral, gradual y \u00fatil para apoyar las decisiones en materia presupuestaria; [&hellip;]<\/p>\n","protected":false},"author":1,"featured_media":0,"parent":0,"menu_order":0,"comment_status":"closed","ping_status":"closed","template":"","meta":{"episode_type":"","audio_file":"","podmotor_file_id":"","podmotor_episode_id":"","cover_image":"","cover_image_id":"","duration":"","filesize":"","filesize_raw":"","date_recorded":"","explicit":"","block":"","itunes_episode_number":"","itunes_title":"","itunes_season_number":"","itunes_episode_type":"","footnotes":""},"categories":[],"tags":[],"class_list":["post-414","page","type-page","status-publish","hentry"],"acf":[],"publishpress_future_action":{"enabled":false,"date":"2026-05-10 02:50:24","action":"change-status","newStatus":"draft","terms":[],"taxonomy":"category","extraData":[]},"publishpress_future_workflow_manual_trigger":{"enabledWorkflows":[]},"_links":{"self":[{"href":"https:\/\/www.oaxaca.gob.mx\/sed\/wp-json\/wp\/v2\/pages\/414","targetHints":{"allow":["GET"]}}],"collection":[{"href":"https:\/\/www.oaxaca.gob.mx\/sed\/wp-json\/wp\/v2\/pages"}],"about":[{"href":"https:\/\/www.oaxaca.gob.mx\/sed\/wp-json\/wp\/v2\/types\/page"}],"author":[{"embeddable":true,"href":"https:\/\/www.oaxaca.gob.mx\/sed\/wp-json\/wp\/v2\/users\/1"}],"replies":[{"embeddable":true,"href":"https:\/\/www.oaxaca.gob.mx\/sed\/wp-json\/wp\/v2\/comments?post=414"}],"version-history":[{"count":3,"href":"https:\/\/www.oaxaca.gob.mx\/sed\/wp-json\/wp\/v2\/pages\/414\/revisions"}],"predecessor-version":[{"id":6914,"href":"https:\/\/www.oaxaca.gob.mx\/sed\/wp-json\/wp\/v2\/pages\/414\/revisions\/6914"}],"wp:attachment":[{"href":"https:\/\/www.oaxaca.gob.mx\/sed\/wp-json\/wp\/v2\/media?parent=414"}],"wp:term":[{"taxonomy":"category","embeddable":true,"href":"https:\/\/www.oaxaca.gob.mx\/sed\/wp-json\/wp\/v2\/categories?post=414"},{"taxonomy":"post_tag","embeddable":true,"href":"https:\/\/www.oaxaca.gob.mx\/sed\/wp-json\/wp\/v2\/tags?post=414"}],"curies":[{"name":"wp","href":"https:\/\/api.w.org\/{rel}","templated":true}]}}