{"id":246,"date":"2019-10-11T22:12:09","date_gmt":"2019-10-11T20:12:09","guid":{"rendered":"https:\/\/www.oaxaca.gob.mx\/jefatura\/?page_id=246"},"modified":"2026-02-11T16:09:21","modified_gmt":"2026-02-11T22:09:21","slug":"monitoreo","status":"publish","type":"page","link":"https:\/\/www.oaxaca.gob.mx\/sed\/monitoreo\/","title":{"rendered":"Seguimiento"},"content":{"rendered":"<nav style=\"margin-bottom: 30px\">\n<div id=\"nav-tab\" class=\"nav nav-tabs\" role=\"tablist\">\n<a id=\"nav_tab_uno\" class=\"nav-item nav-link active\" href=\"#nav_uno\" role=\"tab\" data-bs-toggle=\"tab\" data-bs-target=\"#nav_uno\">Indicadores Estrat\u00e9gicos<\/a><br \/>\n<a id=\"nav_tab_dos\" class=\"nav-item nav-link\" href=\"#nav_dos\" role=\"tab\" data-bs-toggle=\"tab\" data-bs-target=\"#nav_dos\">Indicadores de Gesti\u00f3n<\/a><br \/>\n<a id=\"nav_tab_tres\" class=\"nav-item nav-link\" href=\"#nav_tres\" role=\"tab\" data-bs-toggle=\"tab\" data-bs-target=\"#nav_tres\">Programas Estatales<\/a><br \/>\n<a id=\"nav_tab_cuatro\" class=\"nav-item nav-link\" href=\"#nav_cuatro\" role=\"tab\" data-bs-toggle=\"tab\" data-bs-target=\"#nav_cuatro\">Programas de Desarrollo Social<\/a><\/div>\n<\/nav>\n<div id=\"nav-tabContent\" class=\"tab-content\">\n<div id=\"nav_uno\" class=\"tab-pane fade show active\" role=\"tabpanel\" aria-labelledby=\"nav_tab_uno\">\n<h4>Plan Estatal de Desarrollo 2022-2028<\/h4>\n\n<table id=\"tablepress-241\" class=\"tablepress tablepress-id-241\">\n<thead>\n<tr class=\"row-1\">\n\t<th class=\"column-1\">No.<\/th><th class=\"column-2\">Descripci\u00f3n<\/th><th class=\"column-3\">Reporte<\/th>\n<\/tr>\n<\/thead>\n<tbody class=\"row-striping row-hover\">\n<tr class=\"row-2\">\n\t<td class=\"column-1\">1<\/td><td class=\"column-2\">Informe 2025<\/td><td class=\"column-3\"><a href=\"\/wp-content\/uploads\/sites\/77\/2026\/02\/Evaluacion-PED-2022-2028-INFORME-2025.pdf\" target=\"_blank\" rel=\"noopener noreferrer\"><br \/>\n<i class=\"fa fa-file-pdf\"><\/i><\/td>\n<\/tr>\n<tr class=\"row-3\">\n\t<td class=\"column-1\">2<\/td><td class=\"column-2\">informe 2023<\/td><td class=\"column-3\"><a href=\"\/wp-content\/uploads\/sites\/77\/2024\/01\/Seguimiento-PED-2022-2028.pdf\" target=\"_blank\" rel=\"noopener noreferrer\"><br \/>\n<i class=\"fa fa-file-pdf\"><\/i><\/td>\n<\/tr>\n<\/tbody>\n<\/table>\n\n<h4>Datos abiertos<\/h4>\n\n<table id=\"tablepress-242\" class=\"tablepress tablepress-id-242\">\n<thead>\n<tr class=\"row-1\">\n\t<th class=\"column-1\">No.<\/th><th class=\"column-2\">Descripci\u00f3n<\/th><th class=\"column-3\">Reporte<\/th>\n<\/tr>\n<\/thead>\n<tbody class=\"row-striping row-hover\">\n<tr class=\"row-2\">\n\t<td class=\"column-1\">1<\/td><td class=\"column-2\">Base de Indicadores 2024<\/td><td class=\"column-3\"><a href=\"\/wp-content\/uploads\/sites\/77\/2026\/02\/Base-de-Indicadores-2024.xlsx\" target=\"_blank\" rel=\"noopener noreferrer\"><br \/>\n<i class=\"fa fa-file-excel\"><\/i><\/td>\n<\/tr>\n<tr class=\"row-3\">\n\t<td class=\"column-1\">2<\/td><td class=\"column-2\">Base de Indicadores 2023 <\/td><td class=\"column-3\"><a href=\"\/wp-content\/uploads\/sites\/77\/2026\/02\/Base-de-Indicadores-2023.xlsx\" target=\"_blank\" rel=\"noopener noreferrer\"><br \/>\n<i class=\"fa fa-file-excel\"><\/i><\/td>\n<\/tr>\n<\/tbody>\n<\/table>\n\n<h4>Anteriores<\/h4>\n\n<table id=\"tablepress-162\" class=\"tablepress tablepress-id-162\">\n<thead>\n<tr class=\"row-1\">\n\t<th class=\"column-1\">No.<\/th><th class=\"column-2\">Descripci\u00f3n<\/th><th class=\"column-3\">Reporte<\/th>\n<\/tr>\n<\/thead>\n<tbody class=\"row-striping row-hover\">\n<tr class=\"row-2\">\n\t<td class=\"column-1\">1<\/td><td class=\"column-2\">Reporte 2022<\/td><td class=\"column-3\"><a href=\"\/wp-content\/uploads\/sites\/77\/2022\/11\/Reporte-mie-2022.pdf\" target=\"_blank\" rel=\"noopener noreferrer\"><br \/>\n                    <i class=\"fa fa-file-pdf\"><\/i><\/td>\n<\/tr>\n<tr class=\"row-3\">\n\t<td class=\"column-1\">2<\/td><td class=\"column-2\">Reporte 2021<\/td><td class=\"column-3\"><a href=\"\/wp-content\/uploads\/sites\/77\/2022\/10\/Reporte-final_mie2021.pdf\" target=\"_blank\" rel=\"noopener noreferrer\"><br \/>\n                    <i class=\"fa fa-file-pdf\"><\/i><br \/>\n                <\/a><\/td>\n<\/tr>\n<tr class=\"row-4\">\n\t<td class=\"column-1\">3<\/td><td class=\"column-2\">Reporte 2020<\/td><td class=\"column-3\"><a href=\"https:\/\/www.oaxaca.gob.mx\/dgite\/wp-content\/uploads\/sites\/77\/2022\/11\/mie_2020.pdf\" target=\"_blank\" rel=\"noopener noreferrer\"><br \/>\n                    <i class=\"fa fa-file-pdf\"><\/i><br \/>\n                <\/a><\/td>\n<\/tr>\n<tr class=\"row-5\">\n\t<td class=\"column-1\">4<\/td><td class=\"column-2\">Reporte 2019<\/td><td class=\"column-3\"><a href=\"https:\/\/www.oaxaca.gob.mx\/dgite\/wp-content\/uploads\/sites\/77\/2022\/11\/mie_2019.pdf\" target=\"_blank\" rel=\"noopener noreferrer\"><br \/>\n                    <i class=\"fa fa-file-pdf\"><\/i><br \/>\n                <\/a><\/td>\n<\/tr>\n<tr class=\"row-6\">\n\t<td class=\"column-1\">5<\/td><td class=\"column-2\">Reporte 2018<\/td><td class=\"column-3\"><a href=\"https:\/\/www.oaxaca.gob.mx\/dgite\/wp-content\/uploads\/sites\/77\/2022\/11\/mie_2018.pdf\" target=\"_blank\" rel=\"noopener noreferrer\"><br \/>\n                    <i class=\"fa fa-file-pdf\"><\/i><br \/>\n                <\/a><\/td>\n<\/tr>\n<\/tbody>\n<\/table>\n\n<\/div>\n<div id=\"nav_dos\" class=\"tab-pane fade\" role=\"tabpanel\" aria-labelledby=\"nav_tab_dos\">\n<h4>Plan Estatal de Desarrollo 2022-2028<\/h4>\n<p><!--[table id=163 \/]--><\/p>\n<h4>Anteriores<\/h4>\n\n<table id=\"tablepress-215\" class=\"tablepress tablepress-id-215\">\n<thead>\n<tr class=\"row-1\">\n\t<th class=\"column-1\">No.<\/th><th class=\"column-2\">Descripci\u00f3n<\/th><th class=\"column-3\">Reporte<\/th>\n<\/tr>\n<\/thead>\n<tbody class=\"row-striping row-hover\">\n<tr class=\"row-2\">\n\t<td class=\"column-1\">1<\/td><td class=\"column-2\">Reporte 2022<\/td><td class=\"column-3\"><a href=\"\/wp-content\/uploads\/sites\/77\/2023\/05\/mlaped_2022.pdf\" target=\"_blank\" rel=\"noopener\"><br \/>\n                    <i class=\"fa fa-download\"><\/i><br \/>\n                <\/a><\/td>\n<\/tr>\n<tr class=\"row-3\">\n\t<td class=\"column-1\">2<\/td><td class=\"column-2\">Reporte 2021<\/td><td class=\"column-3\"><a href=\"\/wp-content\/uploads\/sites\/77\/2023\/05\/mlaped_2021.pdf\" target=\"_blank\" rel=\"noopener\"><br \/>\n                    <i class=\"fa fa-download\"><\/i><br \/>\n                <\/a><\/td>\n<\/tr>\n<tr class=\"row-4\">\n\t<td class=\"column-1\">3<\/td><td class=\"column-2\">Reporte 2020 <\/td><td class=\"column-3\"><a href=\"https:\/\/www.oaxaca.gob.mx\/dgite\/wp-content\/uploads\/sites\/77\/2022\/11\/mlaped_2020.pdf\" target=\"_blank\" rel=\"noopener\"><br \/>\n                    <i class=\"fa fa-download\"><\/i><br \/>\n                <\/a><\/td>\n<\/tr>\n<tr class=\"row-5\">\n\t<td class=\"column-1\">4<\/td><td class=\"column-2\">Reporte 2019<\/td><td class=\"column-3\"><a href=\"https:\/\/www.oaxaca.gob.mx\/dgite\/wp-content\/uploads\/sites\/77\/2022\/11\/mlaped_2019.pdf\" target=\"_blank\" rel=\"noopener\"><br \/>\n                    <i class=\"fa fa-download\"><\/i><br \/>\n                <\/a><\/td>\n<\/tr>\n<tr class=\"row-6\">\n\t<td class=\"column-1\">5<\/td><td class=\"column-2\">Reporte 2018<\/td><td class=\"column-3\"><a href=\"https:\/\/www.oaxaca.gob.mx\/dgite\/wp-content\/uploads\/sites\/77\/2022\/11\/mlaped_2018.pdf\" target=\"_blank\" rel=\"noopener\"><br \/>\n                    <i class=\"fa fa-download\"><\/i><br \/>\n                <\/a><\/td>\n<\/tr>\n<\/tbody>\n<\/table>\n\n<\/div>\n<div id=\"nav_tres\" class=\"tab-pane fade\" role=\"tabpanel\" aria-labelledby=\"nav_tab_tres\">\n<nav style=\"margin-bottom: 30px\">\n<div id=\"nav-tab-mir\" class=\"nav nav-tabs\" role=\"tablist\"><a id=\"nav_tab_2020\" class=\"nav-item nav-link active\" role=\"tab\" href=\"#nav_2021\" data-toggle=\"tab\">MIR 2021<\/a><br \/>\n<a id=\"nav_tab_2020\" class=\"nav-item nav-link\" role=\"tab\" href=\"#nav_2020\" data-toggle=\"tab\">MIR 2020<\/a><br \/>\n<a id=\"nav_tab_2019\" class=\"nav-item nav-link\" role=\"tab\" href=\"#nav_2019\" data-toggle=\"tab\">MIR 2019<\/a><br \/>\n<a id=\"nav_tab_2018\" class=\"nav-item nav-link\" role=\"tab\" href=\"#nav_2018\" data-toggle=\"tab\">MIR 2018<\/a><br \/>\n<a id=\"nav_tab_2017\" class=\"nav-item nav-link\" role=\"tab\" href=\"#nav_2017\" data-toggle=\"tab\">MIR 2017<\/a><br \/>\n<a id=\"nav_tab_2016\" class=\"nav-item nav-link\" role=\"tab\" href=\"#nav_2016\" data-toggle=\"tab\">MIR 2016<\/a><br \/>\n<a id=\"nav_tab_2015\" class=\"nav-item nav-link\" role=\"tab\" href=\"#nav_2015\" data-toggle=\"tab\">MIR 2015<\/a><\/div>\n<\/nav>\n<div id=\"nav-tabContent\" class=\"tab-content\">\n<div id=\"nav_2021\" class=\"tab-pane fade show active\" role=\"tabpanel\" aria-labelledby=\"nav_tab_2020\">\n<h4>Matriz de Indicadores para Resultados 2021<\/h4>\n\n<table id=\"tablepress-193\" class=\"tablepress tablepress-id-193\">\n<thead>\n<tr class=\"row-1\">\n\t<th class=\"column-1\">N\u00fam.<\/th><th class=\"column-2\">Programa<\/th><th class=\"column-3\">MIR<\/th>\n<\/tr>\n<\/thead>\n<tbody class=\"row-hover\">\n<tr class=\"row-2\">\n\t<td class=\"column-1\">101<\/td><td class=\"column-2\">FORTALECIMIENTO A LA VIVIENDA<\/td><td class=\"column-3\"><a href=\"https:\/\/www.oaxaca.gob.mx\/dgite\/wp-content\/uploads\/sites\/77\/2022\/11\/101.pdf\" target=\"_blank\" rel=\"noopener\"><i class=\"fa fa-download\" \/><\/a><\/td>\n<\/tr>\n<tr class=\"row-3\">\n\t<td class=\"column-1\">102<\/td><td class=\"column-2\">GOBERNABILIDAD DEMOCR\u00c1TICA<\/td><td class=\"column-3\"><a href=\"https:\/\/www.oaxaca.gob.mx\/dgite\/wp-content\/uploads\/sites\/77\/2022\/11\/102.pdf\" target=\"_blank\" rel=\"noopener\"><i class=\"fa fa-download\" \/><\/a><\/td>\n<\/tr>\n<tr class=\"row-4\">\n\t<td class=\"column-1\">103<\/td><td class=\"column-2\">PROMOCI\u00d3N TUR\u00cdSTICA<\/td><td class=\"column-3\">                <a href=\"https:\/\/www.oaxaca.gob.mx\/dgite\/wp-content\/uploads\/sites\/77\/2022\/11\/103.pdf\" target=\"_blank\" rel=\"noopener\"><br \/>\n                    <i class=\"fa fa-download\" \/><\/a><\/td>\n<\/tr>\n<tr class=\"row-5\">\n\t<td class=\"column-1\">104<\/td><td class=\"column-2\">FOMENTO AL DESARROLLO DE LA CIENCIA, LA TECNOLOGIA Y LA INNOVACION<\/td><td class=\"column-3\">                <a href=\"https:\/\/www.oaxaca.gob.mx\/dgite\/wp-content\/uploads\/sites\/77\/2022\/11\/104.pdf\" target=\"_blank\" rel=\"noopener\"><br \/>\n                    <i class=\"fa fa-download\" \/><\/a><\/td>\n<\/tr>\n<tr class=\"row-6\">\n\t<td class=\"column-1\">105<\/td><td class=\"column-2\">EDUCACI\u00d3N B\u00c1SICA INCLUYENTE<\/td><td class=\"column-3\">                <a href=\"https:\/\/www.oaxaca.gob.mx\/dgite\/wp-content\/uploads\/sites\/77\/2022\/11\/105.pdf\" target=\"_blank\" rel=\"noopener\"><br \/>\n                    <i class=\"fa fa-download\" \/><\/a><\/td>\n<\/tr>\n<tr class=\"row-7\">\n\t<td class=\"column-1\">106<\/td><td class=\"column-2\">FORTALECIMIENTO A LA COMPETENCIA LABORAL Y EMPLEO DE CALIDAD<\/td><td class=\"column-3\">                <a href=\"https:\/\/www.oaxaca.gob.mx\/dgite\/wp-content\/uploads\/sites\/77\/2022\/11\/106.pdf\" target=\"_blank\" rel=\"noopener\"><br \/>\n                    <i class=\"fa fa-download\" \/><\/a><\/td>\n<\/tr>\n<tr class=\"row-8\">\n\t<td class=\"column-1\">107<\/td><td class=\"column-2\">CERTEZA JUR\u00cdDICA PARA LA SOCIEDAD<\/td><td class=\"column-3\">                <a href=\"https:\/\/www.oaxaca.gob.mx\/dgite\/wp-content\/uploads\/sites\/77\/2022\/11\/107.pdf\" target=\"_blank\" rel=\"noopener\"><br \/>\n                    <i class=\"fa fa-download\" \/><\/a><\/td>\n<\/tr>\n<tr class=\"row-9\">\n\t<td class=\"column-1\">108<\/td><td class=\"column-2\">INFRAESTRUCTURA VIAL EN EL ESTADO DE OAXACA<\/td><td class=\"column-3\">                <a href=\"https:\/\/www.oaxaca.gob.mx\/dgite\/wp-content\/uploads\/sites\/77\/2022\/11\/108.pdf\" target=\"_blank\" rel=\"noopener\"><br \/>\n                    <i class=\"fa fa-download\" \/><\/a><\/td>\n<\/tr>\n<tr class=\"row-10\">\n\t<td class=\"column-1\">109<\/td><td class=\"column-2\">DESARROLLO AGR\u00cdCOLA<\/td><td class=\"column-3\"><a href=\"https:\/\/www.oaxaca.gob.mx\/dgite\/wp-content\/uploads\/sites\/77\/2022\/11\/109.pdf\" target=\"_blank\" rel=\"noopener\"><br \/>\n                    <i class=\"fa fa-download\" \/><\/a><\/td>\n<\/tr>\n<tr class=\"row-11\">\n\t<td class=\"column-1\">110<\/td><td class=\"column-2\">DESARROLLO PECUARIO<\/td><td class=\"column-3\">                <a href=\"https:\/\/www.oaxaca.gob.mx\/dgite\/wp-content\/uploads\/sites\/77\/2022\/11\/110.pdf\" target=\"_blank\" rel=\"noopener\"><br \/>\n                    <i class=\"fa fa-download\" \/><\/a><\/td>\n<\/tr>\n<tr class=\"row-12\">\n\t<td class=\"column-1\">111<\/td><td class=\"column-2\">DESARROLLO ACU\u00cdCOLA Y PESQUERO<\/td><td class=\"column-3\">                <a href=\"https:\/\/www.oaxaca.gob.mx\/dgite\/wp-content\/uploads\/sites\/77\/2022\/11\/111.pdf\" target=\"_blank\" rel=\"noopener\"><br \/>\n                    <i class=\"fa fa-download\" \/><\/a><\/td>\n<\/tr>\n<tr class=\"row-13\">\n\t<td class=\"column-1\">114<\/td><td class=\"column-2\">DESARROLLO, PROFESIONALIZACION Y CERTIFICACION DE SEGURIDAD PUBLICA<\/td><td class=\"column-3\">                <a href=\"https:\/\/www.oaxaca.gob.mx\/dgite\/wp-content\/uploads\/sites\/77\/2022\/11\/114.pdf\" target=\"_blank\" rel=\"noopener\"><br \/>\n                    <i class=\"fa fa-download\" \/><\/a><\/td>\n<\/tr>\n<tr class=\"row-14\">\n\t<td class=\"column-1\">117<\/td><td class=\"column-2\">ADMINISTRACION EFICIENTE DE LOS RECURSOS DEL GOBIERNO DEL ESTADO<\/td><td class=\"column-3\">                <a href=\"https:\/\/www.oaxaca.gob.mx\/dgite\/wp-content\/uploads\/sites\/77\/2022\/11\/117.pdf\" target=\"_blank\" rel=\"noopener\"><br \/>\n                    <i class=\"fa fa-download\" \/><\/a><\/td>\n<\/tr>\n<tr class=\"row-15\">\n\t<td class=\"column-1\">120<\/td><td class=\"column-2\">PREVENCI\u00d3N, SEGURIDAD Y PROTECCI\u00d3N P\u00daBLICA<\/td><td class=\"column-3\">                <a href=\"https:\/\/www.oaxaca.gob.mx\/dgite\/wp-content\/uploads\/sites\/77\/2022\/11\/120.pdf\" target=\"_blank\" rel=\"noopener\"><br \/>\n                    <i class=\"fa fa-download\" \/><\/a><\/td>\n<\/tr>\n<tr class=\"row-16\">\n\t<td class=\"column-1\">121<\/td><td class=\"column-2\">FORTALECIMIENTO DEL SISTEMA PENITENCIARIO<\/td><td class=\"column-3\">                <a href=\"https:\/\/www.oaxaca.gob.mx\/dgite\/wp-content\/uploads\/sites\/77\/2022\/11\/121.pdf\" target=\"_blank\" rel=\"noopener\"><br \/>\n                    <i class=\"fa fa-download\" \/><\/a><\/td>\n<\/tr>\n<tr class=\"row-17\">\n\t<td class=\"column-1\">122<\/td><td class=\"column-2\">MEJORAMIENTO URBANO DE LOS CENTROS DE POBLACI\u00d3N<\/td><td class=\"column-3\">                <a href=\"https:\/\/www.oaxaca.gob.mx\/dgite\/wp-content\/uploads\/sites\/77\/2022\/11\/122.pdf\" target=\"_blank\" rel=\"noopener\"><br \/>\n                    <i class=\"fa fa-download\" \/><\/a><\/td>\n<\/tr>\n<tr class=\"row-18\">\n\t<td class=\"column-1\">123<\/td><td class=\"column-2\">PROCESOS ELECTORALES Y MECANISMOS DE PARTICIPACION CIUDADANA<\/td><td class=\"column-3\">                <a href=\"https:\/\/www.oaxaca.gob.mx\/dgite\/wp-content\/uploads\/sites\/77\/2022\/11\/123.pdf\" target=\"_blank\" rel=\"noopener\"><br \/>\n                    <i class=\"fa fa-download\" \/><\/a><\/td>\n<\/tr>\n<tr class=\"row-19\">\n\t<td class=\"column-1\">125<\/td><td class=\"column-2\">EDUCACI\u00d3N PARA J\u00d3VENES Y ADULTOS Y DESARROLLO DE COMPETENCIAS PARA EL TRABAJO<\/td><td class=\"column-3\">                <a href=\"https:\/\/www.oaxaca.gob.mx\/dgite\/wp-content\/uploads\/sites\/77\/2022\/11\/125.pdf\" target=\"_blank\" rel=\"noopener\"><br \/>\n                    <i class=\"fa fa-download\" \/><\/a><\/td>\n<\/tr>\n<tr class=\"row-20\">\n\t<td class=\"column-1\">126<\/td><td class=\"column-2\">FORTALECIMIENTO Y MODERNIZACI\u00d3N DEL TRANSPORTE P\u00daBLICO Y PRIVADO DEL ESTADO<\/td><td class=\"column-3\">                <a href=\"https:\/\/www.oaxaca.gob.mx\/dgite\/wp-content\/uploads\/sites\/77\/2022\/11\/126.pdf\" target=\"_blank\" rel=\"noopener\"><br \/>\n                    <i class=\"fa fa-download\" \/><\/a><\/td>\n<\/tr>\n<tr class=\"row-21\">\n\t<td class=\"column-1\">127<\/td><td class=\"column-2\">INCREMENTO DE LA OFERTA EDUCATIVA SUPERIOR<\/td><td class=\"column-3\">                <a href=\"https:\/\/www.oaxaca.gob.mx\/dgite\/wp-content\/uploads\/sites\/77\/2022\/11\/127.pdf\" target=\"_blank\" rel=\"noopener\"><br \/>\n                    <i class=\"fa fa-download\" \/><\/a><\/td>\n<\/tr>\n<tr class=\"row-22\">\n\t<td class=\"column-1\">131<\/td><td class=\"column-2\">IMPARTICI\u00d3N DE JUSTICIA<\/td><td class=\"column-3\">                <a href=\"https:\/\/www.oaxaca.gob.mx\/dgite\/wp-content\/uploads\/sites\/77\/2022\/11\/131.pdf\" target=\"_blank\" rel=\"noopener\"><br \/>\n                    <i class=\"fa fa-download\" \/><\/a><\/td>\n<\/tr>\n<tr class=\"row-23\">\n\t<td class=\"column-1\">132<\/td><td class=\"column-2\">FORMACI\u00d3N CON CALIDAD EN EDUCACI\u00d3N MEDIA SUPERIOR<\/td><td class=\"column-3\">                <a href=\"https:\/\/www.oaxaca.gob.mx\/dgite\/wp-content\/uploads\/sites\/77\/2022\/11\/132.pdf\" target=\"_blank\" rel=\"noopener\"><br \/>\n                    <i class=\"fa fa-download\" \/><\/a><\/td>\n<\/tr>\n<tr class=\"row-24\">\n\t<td class=\"column-1\">133<\/td><td class=\"column-2\">FISCALIZACI\u00d3N DE LOS RECURSOS P\u00daBLICOS<\/td><td class=\"column-3\">                <a href=\"https:\/\/www.oaxaca.gob.mx\/dgite\/wp-content\/uploads\/sites\/77\/2022\/11\/133.pdf\" target=\"_blank\" rel=\"noopener\"><br \/>\n                    <i class=\"fa fa-download\" \/><\/a><\/td>\n<\/tr>\n<tr class=\"row-25\">\n\t<td class=\"column-1\">134<\/td><td class=\"column-2\">ATENCION SOCIAL A GRUPOS VULNERABLES<\/td><td class=\"column-3\">                <a href=\"https:\/\/www.oaxaca.gob.mx\/dgite\/wp-content\/uploads\/sites\/77\/2022\/11\/134.pdf\" target=\"_blank\" rel=\"noopener\"><br \/>\n                    <i class=\"fa fa-download\" \/><\/a><\/td>\n<\/tr>\n<tr class=\"row-26\">\n\t<td class=\"column-1\">138<\/td><td class=\"column-2\">ATENCI\u00d3N JUR\u00cdDICA-ADMINISTRATIVA A LA POBLACI\u00d3N MIGRANTE Y SUS FAMILIAS<\/td><td class=\"column-3\">                <a href=\"https:\/\/www.oaxaca.gob.mx\/dgite\/wp-content\/uploads\/sites\/77\/2022\/11\/138.pdf\" target=\"_blank\" rel=\"noopener\"><br \/>\n                    <i class=\"fa fa-download\" \/><\/a><\/td>\n<\/tr>\n<tr class=\"row-27\">\n\t<td class=\"column-1\">139<\/td><td class=\"column-2\">FORMACI\u00d3N PROFESIONAL Y POSGRADO<\/td><td class=\"column-3\">                <a href=\"https:\/\/www.oaxaca.gob.mx\/dgite\/wp-content\/uploads\/sites\/77\/2022\/11\/139.pdf\" target=\"_blank\" rel=\"noopener\"><br \/>\n                    <i class=\"fa fa-download\" \/><\/a><\/td>\n<\/tr>\n<tr class=\"row-28\">\n\t<td class=\"column-1\">140<\/td><td class=\"column-2\">EFICIENCIA EN LA CAPTACION DE INGRESOS<\/td><td class=\"column-3\">                <a href=\"https:\/\/www.oaxaca.gob.mx\/dgite\/wp-content\/uploads\/sites\/77\/2022\/11\/140.pdf\" target=\"_blank\" rel=\"noopener\"><br \/>\n                    <i class=\"fa fa-download\" \/><\/a><\/td>\n<\/tr>\n<tr class=\"row-29\">\n\t<td class=\"column-1\">142<\/td><td class=\"column-2\">FORTALECIMIENTO LEGISLATIVO DEL ESTADO<\/td><td class=\"column-3\">                <a href=\"https:\/\/www.oaxaca.gob.mx\/dgite\/wp-content\/uploads\/sites\/77\/2022\/11\/142.pdf\" target=\"_blank\" rel=\"noopener\"><br \/>\n                    <i class=\"fa fa-download\" \/><\/a><\/td>\n<\/tr>\n<tr class=\"row-30\">\n\t<td class=\"column-1\">143<\/td><td class=\"column-2\">SEGURIDAD Y BIENESTAR SOCIAL PARA LOS TRABAJADORES, JUBILADOS, PENSIONADOS, PENSIONISTAS E INTEGRANTES DE LAS INSTITUCIONES POLICIALES DEL GOBIERNO DEL ESTADO<\/td><td class=\"column-3\">                <a href=\"https:\/\/www.oaxaca.gob.mx\/dgite\/wp-content\/uploads\/sites\/77\/2022\/11\/143.pdf\" target=\"_blank\" rel=\"noopener\"><br \/>\n                    <i class=\"fa fa-download\" \/><\/a><\/td>\n<\/tr>\n<tr class=\"row-31\">\n\t<td class=\"column-1\">145<\/td><td class=\"column-2\">DESARROLLO INTEGRAL E INTERCULTURAL DE LOS PUEBLOS Y COMUNIDADES INDIGENAS Y AFROMEXICANAS<\/td><td class=\"column-3\">                <a href=\"https:\/\/www.oaxaca.gob.mx\/dgite\/wp-content\/uploads\/sites\/77\/2022\/11\/145.pdf\" target=\"_blank\" rel=\"noopener\"><br \/>\n                    <i class=\"fa fa-download\" \/><\/a><\/td>\n<\/tr>\n<tr class=\"row-32\">\n\t<td class=\"column-1\">146<\/td><td class=\"column-2\">AMPLIACION Y MEJORAMIENTO DE LOS SERVICIOS DE AGUA POTABLE, DRENAJE Y SANEAMIENTO<\/td><td class=\"column-3\">                <a href=\"https:\/\/www.oaxaca.gob.mx\/dgite\/wp-content\/uploads\/sites\/77\/2022\/11\/146.pdf\" target=\"_blank\" rel=\"noopener\"><br \/>\n                    <i class=\"fa fa-download\" \/><\/a><\/td>\n<\/tr>\n<tr class=\"row-33\">\n\t<td class=\"column-1\">147<\/td><td class=\"column-2\">PROMOCION, FOMENTO Y DIFUSION DE LAS DIVERSIDADES CULTURALES Y BIOCULTURALES<\/td><td class=\"column-3\">                <a href=\"https:\/\/www.oaxaca.gob.mx\/dgite\/wp-content\/uploads\/sites\/77\/2022\/11\/147.pdf\" target=\"_blank\" rel=\"noopener\"><br \/>\n                    <i class=\"fa fa-download\" \/><\/a><\/td>\n<\/tr>\n<tr class=\"row-34\">\n\t<td class=\"column-1\">148<\/td><td class=\"column-2\">EFICIENCIA DEL GASTO P\u00daBLICO PARA RESULTADOS<\/td><td class=\"column-3\">                <a href=\"https:\/\/www.oaxaca.gob.mx\/dgite\/wp-content\/uploads\/sites\/77\/2022\/11\/148.pdf\" target=\"_blank\" rel=\"noopener\"><br \/>\n                    <i class=\"fa fa-download\" \/><\/a><\/td>\n<\/tr>\n<tr class=\"row-35\">\n\t<td class=\"column-1\">150<\/td><td class=\"column-2\">PRODUCCI\u00d3N Y PRODUCTIVIDAD FORESTAL SUSTENTABLE<\/td><td class=\"column-3\">                <a href=\"https:\/\/www.oaxaca.gob.mx\/dgite\/wp-content\/uploads\/sites\/77\/2022\/11\/150.pdf\" target=\"_blank\" rel=\"noopener\"><br \/>\n                    <i class=\"fa fa-download\" \/><\/a><\/td>\n<\/tr>\n<tr class=\"row-36\">\n\t<td class=\"column-1\">151<\/td><td class=\"column-2\">GESTI\u00d3N INTEGRAL DE RIESGOS<\/td><td class=\"column-3\">                <a href=\"https:\/\/www.oaxaca.gob.mx\/dgite\/wp-content\/uploads\/sites\/77\/2022\/11\/151.pdf\" target=\"_blank\" rel=\"noopener\"><br \/>\n                    <i class=\"fa fa-download\" \/><\/a><\/td>\n<\/tr>\n<tr class=\"row-37\">\n\t<td class=\"column-1\">152<\/td><td class=\"column-2\">PROMOCI\u00d3N Y FOMENTO DE LAS POL\u00cdTICAS P\u00daBLICAS IGUALITARIAS PARA MUJERES Y HOMBRES<\/td><td class=\"column-3\">                <a href=\"https:\/\/www.oaxaca.gob.mx\/dgite\/wp-content\/uploads\/sites\/77\/2022\/11\/152.pdf\" target=\"_blank\" rel=\"noopener\"><br \/>\n                    <i class=\"fa fa-download\" \/><\/a><\/td>\n<\/tr>\n<tr class=\"row-38\">\n\t<td class=\"column-1\">155<\/td><td class=\"column-2\">POLITICA TRANSVERSAL DE ATENCION INTEGRAL DE LOS DERECHOS HUMANOS<\/td><td class=\"column-3\">                <a href=\"https:\/\/www.oaxaca.gob.mx\/dgite\/wp-content\/uploads\/sites\/77\/2022\/11\/155.pdf\" target=\"_blank\" rel=\"noopener\"><br \/>\n                    <i class=\"fa fa-download\" \/><\/a><\/td>\n<\/tr>\n<tr class=\"row-39\">\n\t<td class=\"column-1\">156<\/td><td class=\"column-2\">VINCULACI\u00d3N DE LAS INSTITUCIONES DE EDUCACI\u00d3N SUPERIOR CON EL SECTOR PRODUCTIVO Y SOCIAL<\/td><td class=\"column-3\">                <a href=\"https:\/\/www.oaxaca.gob.mx\/dgite\/wp-content\/uploads\/sites\/77\/2022\/11\/156.pdf\" target=\"_blank\" rel=\"noopener\"><br \/>\n                    <i class=\"fa fa-download\" \/><\/a><\/td>\n<\/tr>\n<tr class=\"row-40\">\n\t<td class=\"column-1\">158<\/td><td class=\"column-2\">DEFENSA Y PROTECCION DE LOS DERECHOS HUMANOS<\/td><td class=\"column-3\">                <a href=\"https:\/\/www.oaxaca.gob.mx\/dgite\/wp-content\/uploads\/sites\/77\/2022\/11\/158.pdf\" target=\"_blank\" rel=\"noopener\"><br \/>\n                    <i class=\"fa fa-download\" \/><\/a><\/td>\n<\/tr>\n<tr class=\"row-41\">\n\t<td class=\"column-1\">159<\/td><td class=\"column-2\">ATENCI\u00d3N M\u00c9DICA<\/td><td class=\"column-3\">                <a href=\"https:\/\/www.oaxaca.gob.mx\/dgite\/wp-content\/uploads\/sites\/77\/2022\/11\/159.pdf\" target=\"_blank\" rel=\"noopener\"><br \/>\n                    <i class=\"fa fa-download\" \/><\/a><\/td>\n<\/tr>\n<tr class=\"row-42\">\n\t<td class=\"column-1\">160<\/td><td class=\"column-2\">CONSERVACI\u00d3N DE ECOSISTEMAS Y PREVENCI\u00d3N DEL DETERIORO AMBIENTAL<\/td><td class=\"column-3\">                <a href=\"https:\/\/www.oaxaca.gob.mx\/dgite\/wp-content\/uploads\/sites\/77\/2022\/11\/160.pdf\" target=\"_blank\" rel=\"noopener\"><br \/>\n                    <i class=\"fa fa-download\" \/><\/a><\/td>\n<\/tr>\n<tr class=\"row-43\">\n\t<td class=\"column-1\">161<\/td><td class=\"column-2\">IMPULSO A LA ECONOMIA<\/td><td class=\"column-3\">                <a href=\"https:\/\/www.oaxaca.gob.mx\/dgite\/wp-content\/uploads\/sites\/77\/2022\/11\/161.pdf\" target=\"_blank\" rel=\"noopener\"><br \/>\n                    <i class=\"fa fa-download\" \/><\/a><\/td>\n<\/tr>\n<tr class=\"row-44\">\n\t<td class=\"column-1\">162<\/td><td class=\"column-2\">PROCURACION GENERAL DE JUSTICIA<\/td><td class=\"column-3\">                <a href=\"https:\/\/www.oaxaca.gob.mx\/dgite\/wp-content\/uploads\/sites\/77\/2022\/11\/162.pdf\" target=\"_blank\" rel=\"noopener\"><br \/>\n                    <i class=\"fa fa-download\" \/><\/a><\/td>\n<\/tr>\n<tr class=\"row-45\">\n\t<td class=\"column-1\">163<\/td><td class=\"column-2\">PARTICIPACION COMUNITARIA PARA EL DESARROLLO HUMANO CON ASISTENCIA ALIMENTARIA<\/td><td class=\"column-3\">                <a href=\"https:\/\/www.oaxaca.gob.mx\/dgite\/wp-content\/uploads\/sites\/77\/2022\/11\/163.pdf\" target=\"_blank\" rel=\"noopener\"><br \/>\n                    <i class=\"fa fa-download\" \/><\/a><\/td>\n<\/tr>\n<tr class=\"row-46\">\n\t<td class=\"column-1\">164<\/td><td class=\"column-2\">FORTALECIMIENTO DEL SISTEMA DE SALUD<\/td><td class=\"column-3\">                <a href=\"https:\/\/www.oaxaca.gob.mx\/dgite\/wp-content\/uploads\/sites\/77\/2022\/11\/164.pdf\" target=\"_blank\" rel=\"noopener\"><br \/>\n                    <i class=\"fa fa-download\" \/><\/a><\/td>\n<\/tr>\n<tr class=\"row-47\">\n\t<td class=\"column-1\">165<\/td><td class=\"column-2\">PREVENCION, SANCION, TRANSPARENCIA, RENDICION DE CUENTAS Y COMBATE A LA CORRUPCION<\/td><td class=\"column-3\">                <a href=\"https:\/\/www.oaxaca.gob.mx\/dgite\/wp-content\/uploads\/sites\/77\/2022\/11\/165.pdf\" target=\"_blank\" rel=\"noopener\"><br \/>\n                    <i class=\"fa fa-download\" \/><\/a><\/td>\n<\/tr>\n<tr class=\"row-48\">\n\t<td class=\"column-1\">166<\/td><td class=\"column-2\">DESARROLLO Y FORTALECIMIENTO DE CAPACIDADES EN LOS MUNICIPIOS<\/td><td class=\"column-3\">                <a href=\"https:\/\/www.oaxaca.gob.mx\/dgite\/wp-content\/uploads\/sites\/77\/2022\/11\/166.pdf\" target=\"_blank\" rel=\"noopener\"><br \/>\n                    <i class=\"fa fa-download\" \/><\/a><\/td>\n<\/tr>\n<tr class=\"row-49\">\n\t<td class=\"column-1\">167<\/td><td class=\"column-2\">DEFENSORIA JURIDICA Y JUSTICIA LABORAL<\/td><td class=\"column-3\">                <a href=\"https:\/\/www.oaxaca.gob.mx\/dgite\/wp-content\/uploads\/sites\/77\/2022\/11\/167.pdf\" target=\"_blank\" rel=\"noopener\"><br \/>\n                    <i class=\"fa fa-download\" \/><\/a><\/td>\n<\/tr>\n<tr class=\"row-50\">\n\t<td class=\"column-1\">169<\/td><td class=\"column-2\">PREVENCI\u00d3N Y PROMOCI\u00d3N DE LA SALUD<\/td><td class=\"column-3\">                <a href=\"https:\/\/www.oaxaca.gob.mx\/dgite\/wp-content\/uploads\/sites\/77\/2022\/11\/169.pdf\" target=\"_blank\" rel=\"noopener\"><br \/>\n                    <i class=\"fa fa-download\" \/><\/a><\/td>\n<\/tr>\n<tr class=\"row-51\">\n\t<td class=\"column-1\">171<\/td><td class=\"column-2\">VIGILANCIA Y FISCALIZACI\u00d3N EN EL USO DE LOS RECURSOS P\u00daBLICOS<\/td><td class=\"column-3\">                <a href=\"https:\/\/www.oaxaca.gob.mx\/dgite\/wp-content\/uploads\/sites\/77\/2022\/11\/171.pdf\" target=\"_blank\" rel=\"noopener\"><br \/>\n                    <i class=\"fa fa-download\" \/><\/a><\/td>\n<\/tr>\n<tr class=\"row-52\">\n\t<td class=\"column-1\">172<\/td><td class=\"column-2\">INCLUSI\u00d3N SOCIAL PARA EL BIENESTAR DEL ESTADO DE OAXACA<\/td><td class=\"column-3\">                <a href=\"https:\/\/www.oaxaca.gob.mx\/dgite\/wp-content\/uploads\/sites\/77\/2022\/11\/172.pdf\" target=\"_blank\" rel=\"noopener\"><br \/>\n                    <i class=\"fa fa-download\" \/><\/a><\/td>\n<\/tr>\n<tr class=\"row-53\">\n\t<td class=\"column-1\">173<\/td><td class=\"column-2\">PREVENCI\u00d3N Y RESOLUCI\u00d3N DE CONFLICTOS EN LA PRESTACI\u00d3N DE LOS SERVICIOS DE SALUD<\/td><td class=\"column-3\">                <a href=\"https:\/\/www.oaxaca.gob.mx\/dgite\/wp-content\/uploads\/sites\/77\/2022\/11\/173.pdf\" target=\"_blank\" rel=\"noopener\"><br \/>\n                    <i class=\"fa fa-download\" \/><\/a><\/td>\n<\/tr>\n<tr class=\"row-54\">\n\t<td class=\"column-1\">174<\/td><td class=\"column-2\">PROMOCI\u00d3N, RECREACI\u00d3N Y FOMENTO DE LA ACTIVACI\u00d3N F\u00cdSICA Y DEL DEPORTE<\/td><td class=\"column-3\">                <a href=\"https:\/\/www.oaxaca.gob.mx\/dgite\/wp-content\/uploads\/sites\/77\/2022\/11\/174.pdf\" target=\"_blank\" rel=\"noopener\"><br \/>\n                    <i class=\"fa fa-download\" \/><\/a><\/td>\n<\/tr>\n<tr class=\"row-55\">\n\t<td class=\"column-1\">177<\/td><td class=\"column-2\">PRODUCCI\u00d3N, TRANSMISI\u00d3N Y COBERTURA DE RADIO, TELEVISI\u00d3N Y TELECOMUNICACIONES P\u00daBLICAS<\/td><td class=\"column-3\">                <a href=\"https:\/\/www.oaxaca.gob.mx\/dgite\/wp-content\/uploads\/sites\/77\/2022\/11\/177.pdf\" target=\"_blank\" rel=\"noopener\"><br \/>\n                    <i class=\"fa fa-download\" \/><\/a><\/td>\n<\/tr>\n<tr class=\"row-56\">\n\t<td class=\"column-1\">178<\/td><td class=\"column-2\">DIFUSI\u00d3N DE ACCIONES, PROGRAMAS Y POL\u00cdTICAS GUBERNAMENTALES<\/td><td class=\"column-3\">                <a href=\"https:\/\/www.oaxaca.gob.mx\/dgite\/wp-content\/uploads\/sites\/77\/2022\/11\/178.pdf\" target=\"_blank\" rel=\"noopener\"><br \/>\n                    <i class=\"fa fa-download\" \/><\/a><\/td>\n<\/tr>\n<tr class=\"row-57\">\n\t<td class=\"column-1\">179<\/td><td class=\"column-2\">FORTALECIMIENTO DE LAS ACTIVIDADES DEL PODER EJECUTIVO<\/td><td class=\"column-3\">                <a href=\"https:\/\/www.oaxaca.gob.mx\/dgite\/wp-content\/uploads\/sites\/77\/2022\/11\/179.pdf\" target=\"_blank\" rel=\"noopener\"><br \/>\n                    <i class=\"fa fa-download\" \/><\/a><\/td>\n<\/tr>\n<tr class=\"row-58\">\n\t<td class=\"column-1\">181<\/td><td class=\"column-2\">M\u00c1S OAXACA<\/td><td class=\"column-3\">                <a href=\"https:\/\/www.oaxaca.gob.mx\/dgite\/wp-content\/uploads\/sites\/77\/2022\/11\/181.pdf\" target=\"_blank\" rel=\"noopener\"><br \/>\n                    <i class=\"fa fa-download\" \/><\/a><\/td>\n<\/tr>\n<tr class=\"row-59\">\n\t<td class=\"column-1\">182<\/td><td class=\"column-2\">FORMACION ACADEMICA INTEGRAL<\/td><td class=\"column-3\">                <a href=\"https:\/\/www.oaxaca.gob.mx\/dgite\/wp-content\/uploads\/sites\/77\/2022\/11\/182.pdf\" target=\"_blank\" rel=\"noopener\"><br \/>\n                    <i class=\"fa fa-download\" \/><\/a><\/td>\n<\/tr>\n<tr class=\"row-60\">\n\t<td class=\"column-1\">183<\/td><td class=\"column-2\">FORMACI\u00d3N Y DESARROLLO PROFESIONAL DOCENTE<\/td><td class=\"column-3\">                <a href=\"https:\/\/www.oaxaca.gob.mx\/dgite\/wp-content\/uploads\/sites\/77\/2022\/11\/183.pdf\" target=\"_blank\" rel=\"noopener\"><br \/>\n                    <i class=\"fa fa-download\" \/><\/a><\/td>\n<\/tr>\n<tr class=\"row-61\">\n\t<td class=\"column-1\">184<\/td><td class=\"column-2\">ADMINISTRACI\u00d3N ESTRAT\u00c9GICA EN EL QUEHACER EDUCATIVO<\/td><td class=\"column-3\">                <a href=\"https:\/\/www.oaxaca.gob.mx\/dgite\/wp-content\/uploads\/sites\/77\/2022\/11\/184.pdf\" target=\"_blank\" rel=\"noopener\"><br \/>\n                    <i class=\"fa fa-download\" \/><\/a><\/td>\n<\/tr>\n<tr class=\"row-62\">\n\t<td class=\"column-1\">187<\/td><td class=\"column-2\">ADMINISTRACI\u00d3N DE JUSTICIA EN MATERIA AMBIENTAL<\/td><td class=\"column-3\">                <a href=\"https:\/\/www.oaxaca.gob.mx\/dgite\/wp-content\/uploads\/sites\/77\/2022\/11\/187.pdf\" target=\"_blank\" rel=\"noopener\"><br \/>\n                    <i class=\"fa fa-download\" \/><\/a><\/td>\n<\/tr>\n<tr class=\"row-63\">\n\t<td class=\"column-1\">188<\/td><td class=\"column-2\">CAMBIO CLIM\u00c1TICO<\/td><td class=\"column-3\">                <a href=\"https:\/\/www.oaxaca.gob.mx\/dgite\/wp-content\/uploads\/sites\/77\/2022\/11\/188.pdf\" target=\"_blank\" rel=\"noopener\"><br \/>\n                    <i class=\"fa fa-download\" \/><\/a><\/td>\n<\/tr>\n<tr class=\"row-64\">\n\t<td class=\"column-1\">189<\/td><td class=\"column-2\">ORDENAMIENTO ECOL\u00d3GICO TERRITORIAL<\/td><td class=\"column-3\">                <a href=\"https:\/\/www.oaxaca.gob.mx\/dgite\/wp-content\/uploads\/sites\/77\/2022\/11\/189.pdf\" target=\"_blank\" rel=\"noopener\"><br \/>\n                    <i class=\"fa fa-download\" \/><\/a><\/td>\n<\/tr>\n<tr class=\"row-65\">\n\t<td class=\"column-1\">190<\/td><td class=\"column-2\">FOMENTO A LA INVERSION EN ENERGIAS RENOVABLES<\/td><td class=\"column-3\">                <a href=\"https:\/\/www.oaxaca.gob.mx\/dgite\/wp-content\/uploads\/sites\/77\/2022\/11\/190.pdf\" target=\"_blank\" rel=\"noopener\"><br \/>\n                    <i class=\"fa fa-download\" \/><\/a><\/td>\n<\/tr>\n<tr class=\"row-66\">\n\t<td class=\"column-1\">191<\/td><td class=\"column-2\">CONSERVACI\u00d3N Y RESTAURACI\u00d3N FORESTAL<\/td><td class=\"column-3\">                <a href=\"https:\/\/www.oaxaca.gob.mx\/dgite\/wp-content\/uploads\/sites\/77\/2022\/11\/191.pdf\" target=\"_blank\" rel=\"noopener\"><br \/>\n                    <i class=\"fa fa-download\" \/><\/a><\/td>\n<\/tr>\n<tr class=\"row-67\">\n\t<td class=\"column-1\">192<\/td><td class=\"column-2\">GESTI\u00d3N INTEGRAL DE RESIDUOS S\u00d3LIDOS<\/td><td class=\"column-3\">                <a href=\"https:\/\/www.oaxaca.gob.mx\/dgite\/wp-content\/uploads\/sites\/77\/2022\/11\/192.pdf\" target=\"_blank\" rel=\"noopener\"><br \/>\n                    <i class=\"fa fa-download\" \/><\/a><\/td>\n<\/tr>\n<tr class=\"row-68\">\n\t<td class=\"column-1\">193<\/td><td class=\"column-2\">DESARROLLO DE PROYECTOS DE ENERGIAS RENOVABLES<\/td><td class=\"column-3\">                <a href=\"https:\/\/www.oaxaca.gob.mx\/dgite\/wp-content\/uploads\/sites\/77\/2022\/11\/193.pdf\" target=\"_blank\" rel=\"noopener\"><br \/>\n                    <i class=\"fa fa-download\" \/><\/a><\/td>\n<\/tr>\n<tr class=\"row-69\">\n\t<td class=\"column-1\">194<\/td><td class=\"column-2\">ORDENAMIENTO TERRITORIAL Y DESARROLLO HUMANO<\/td><td class=\"column-3\">                <a href=\"https:\/\/www.oaxaca.gob.mx\/dgite\/wp-content\/uploads\/sites\/77\/2022\/11\/194.pdf\" target=\"_blank\" rel=\"noopener\"><br \/>\n                    <i class=\"fa fa-download\" \/><\/a><\/td>\n<\/tr>\n<tr class=\"row-70\">\n\t<td class=\"column-1\">195<\/td><td class=\"column-2\">PLANEACI\u00d3N TUR\u00cdSTICA Y DESARROLLO ESTRAT\u00c9GICO<\/td><td class=\"column-3\">                <a href=\"https:\/\/www.oaxaca.gob.mx\/dgite\/wp-content\/uploads\/sites\/77\/2022\/11\/195.pdf\" target=\"_blank\" rel=\"noopener\"><br \/>\n                    <i class=\"fa fa-download\" \/><\/a><\/td>\n<\/tr>\n<tr class=\"row-71\">\n\t<td class=\"column-1\">196<\/td><td class=\"column-2\">PROFESIONALIZACI\u00d3N TUR\u00cdSTICA<\/td><td class=\"column-3\">                <a href=\"https:\/\/www.oaxaca.gob.mx\/dgite\/wp-content\/uploads\/sites\/77\/2022\/11\/196.pdf\" target=\"_blank\" rel=\"noopener\"><br \/>\n                    <i class=\"fa fa-download\" \/><\/a><\/td>\n<\/tr>\n<tr class=\"row-72\">\n\t<td class=\"column-1\">197<\/td><td class=\"column-2\">COMERCIALIZACI\u00d3N TUR\u00cdSTICA<\/td><td class=\"column-3\">                <a href=\"https:\/\/www.oaxaca.gob.mx\/dgite\/wp-content\/uploads\/sites\/77\/2022\/11\/197.pdf\" target=\"_blank\" rel=\"noopener\"><br \/>\n                    <i class=\"fa fa-download\" \/><\/a><\/td>\n<\/tr>\n<tr class=\"row-73\">\n\t<td class=\"column-1\">198<\/td><td class=\"column-2\">DESARROLLO TUR\u00cdSTICO SUSTENTABLE<\/td><td class=\"column-3\">                <a href=\"https:\/\/www.oaxaca.gob.mx\/dgite\/wp-content\/uploads\/sites\/77\/2022\/11\/198.pdf\" target=\"_blank\" rel=\"noopener\"><br \/>\n                    <i class=\"fa fa-download\" \/><\/a><\/td>\n<\/tr>\n<tr class=\"row-74\">\n\t<td class=\"column-1\">200<\/td><td class=\"column-2\">AMPLIACI\u00d3N DE LA COBERTURA DE EDUCACI\u00d3N MEDIA SUPERIOR<\/td><td class=\"column-3\">                <a href=\"https:\/\/www.oaxaca.gob.mx\/dgite\/wp-content\/uploads\/sites\/77\/2022\/11\/200.pdf\" target=\"_blank\" rel=\"noopener\"><br \/>\n                    <i class=\"fa fa-download\" \/><\/a><\/td>\n<\/tr>\n<tr class=\"row-75\">\n\t<td class=\"column-1\">201<\/td><td class=\"column-2\">SALVAGUARDAR EL PATRIMONIO CULTURAL E INMATERIAL<\/td><td class=\"column-3\">                <a href=\"https:\/\/www.oaxaca.gob.mx\/dgite\/wp-content\/uploads\/sites\/77\/2022\/11\/201.pdf\" target=\"_blank\" rel=\"noopener\"><br \/>\n                    <i class=\"fa fa-download\" \/><\/a><\/td>\n<\/tr>\n<tr class=\"row-76\">\n\t<td class=\"column-1\">203<\/td><td class=\"column-2\">DESARROLLO SUSTENTABLE Y SOSTENIBLE DE LA PRODUCCI\u00d3N CULTURAL<\/td><td class=\"column-3\"><a href=\"https:\/\/www.oaxaca.gob.mx\/dgite\/wp-content\/uploads\/sites\/77\/2022\/11\/203.pdf\" target=\"_blank\" rel=\"noopener\"><i class=\"fa fa-download\" \/><\/a><\/td>\n<\/tr>\n<tr class=\"row-77\">\n\t<td class=\"column-1\">207<\/td><td class=\"column-2\">FORTALECIMIENTO A LA INFRAESTRUCTURA F\u00cdSICA EDUCATIVA<\/td><td class=\"column-3\"><a href=\"https:\/\/www.oaxaca.gob.mx\/dgite\/wp-content\/uploads\/sites\/77\/2022\/11\/207.pdf\" target=\"_blank\" rel=\"noopener\"><br \/>\n                    <i class=\"fa fa-download\" \/><br \/>\n                <\/a><\/td>\n<\/tr>\n<tr class=\"row-78\">\n\t<td class=\"column-1\">208<\/td><td class=\"column-2\">PROMOCION Y GESTION DE RECURSOS PARA LA INCLUSION Y EL DESARROLLO ECONOMICO A FAVOR DE LOS MIGRANTES Y SUS FAMILIAS<\/td><td class=\"column-3\"><a href=\"https:\/\/www.oaxaca.gob.mx\/dgite\/wp-content\/uploads\/sites\/77\/2022\/11\/208.pdf\" target=\"_blank\" rel=\"noopener\"><br \/>\n                    <i class=\"fa fa-download\" \/><br \/>\n                <\/a><\/td>\n<\/tr>\n<tr class=\"row-79\">\n\t<td class=\"column-1\">209<\/td><td class=\"column-2\">MOVILIDAD INTEGRAL URBANA<\/td><td class=\"column-3\"><a href=\"https:\/\/www.oaxaca.gob.mx\/dgite\/wp-content\/uploads\/sites\/77\/2022\/11\/209.pdf\" target=\"_blank\" rel=\"noopener\"><i class=\"fa fa-download\" \/><\/a><\/td>\n<\/tr>\n<tr class=\"row-80\">\n\t<td class=\"column-1\">210<\/td><td class=\"column-2\">APROVECHAMIENTO SUSTENTABLE DE FACTORES PRODUCTIVOS DEL ESTADO<\/td><td class=\"column-3\"><a href=\"https:\/\/www.oaxaca.gob.mx\/dgite\/wp-content\/uploads\/sites\/77\/2022\/11\/210.pdf\" target=\"_blank\" rel=\"noopener\"><br \/>\n                    <i class=\"fa fa-download\" \/><\/a><\/td>\n<\/tr>\n<\/tbody>\n<\/table>\n\n<\/div>\n<div id=\"nav_2020\" class=\"tab-pane fade\" role=\"tabpanel\" aria-labelledby=\"nav_tab_2020\">\n<h4>Matriz de Indicadores para Resultados 2020<\/h4>\n\n<table id=\"tablepress-216\" class=\"tablepress tablepress-id-216\">\n<thead>\n<tr class=\"row-1\">\n\t<th class=\"column-1\">N\u00fam.<\/th><th class=\"column-2\">Programa<\/th><th class=\"column-3\">MIR<\/th><th colspan=\"2\" class=\"column-4\">Fichas T\u00e9cnicas<\/th>\n<\/tr>\n<\/thead>\n<tbody class=\"row-hover\">\n<tr class=\"row-2\">\n\t<td class=\"column-1\"><\/td><td class=\"column-2\"><\/td><td class=\"column-3\"><\/td><td class=\"column-4\">Fin<\/td><td class=\"column-5\">Prop\u00f3sito<\/td>\n<\/tr>\n<tr class=\"row-3\">\n\t<td class=\"column-1\">101<\/td><td class=\"column-2\">FORTALECIMIENTO A LA VIVIENDA<\/td><td class=\"column-3\"><a href=\"https:\/\/www.oaxaca.gob.mx\/dgite\/wp-content\/uploads\/sites\/77\/2022\/11\/101-1.pdf\" target=\"_blank\" rel=\"noopener\"><br \/>\n                    <i class=\"fa fa-download\" \/><br \/>\n                <\/a><\/td><td class=\"column-4\"><a href=\"https:\/\/www.oaxaca.gob.mx\/dgite\/wp-content\/uploads\/sites\/77\/2022\/11\/101-2.pdf\" target=\"_blank\" rel=\"noopener\"><br \/>\n                    <i class=\"fa fa-download\" \/><br \/>\n                <\/a><\/td><td class=\"column-5\"><a href=\"https:\/\/www.oaxaca.gob.mx\/dgite\/wp-content\/uploads\/sites\/77\/2022\/11\/101-3.pdf\" target=\"_blank\" rel=\"noopener\"><br \/>\n                    <i class=\"fa fa-download\" \/><br \/>\n                <\/a><\/td>\n<\/tr>\n<tr class=\"row-4\">\n\t<td class=\"column-1\">102<\/td><td class=\"column-2\">GOBERNABILIDAD DEMOCR\u00c1TICA<\/td><td class=\"column-3\"><a href=\"https:\/\/www.oaxaca.gob.mx\/dgite\/wp-content\/uploads\/sites\/77\/2022\/11\/102-1.pdf\" target=\"_blank\" rel=\"noopener\"><br \/>\n                    <i class=\"fa fa-download\" \/><br \/>\n                <\/a><\/td><td class=\"column-4\">                <a href=\"https:\/\/www.oaxaca.gob.mx\/dgite\/wp-content\/uploads\/sites\/77\/2022\/11\/102-2.pdf\" target=\"_blank\" rel=\"noopener\"><br \/>\n                    <i class=\"fa fa-download\" \/><\/a><\/td><td class=\"column-5\"><a href=\"https:\/\/www.oaxaca.gob.mx\/dgite\/wp-content\/uploads\/sites\/77\/2022\/11\/102-3.pdf\" target=\"_blank\" rel=\"noopener\"><br \/>\n                    <i class=\"fa fa-download\" \/><\/a><\/td>\n<\/tr>\n<tr class=\"row-5\">\n\t<td class=\"column-1\">103<\/td><td class=\"column-2\">PROMOCI\u00d3N TUR\u00cdSTICA<\/td><td class=\"column-3\">                <a href=\"https:\/\/www.oaxaca.gob.mx\/dgite\/wp-content\/uploads\/sites\/77\/2022\/11\/103-1.pdf\" target=\"_blank\" rel=\"noopener\"><br \/>\n                    <i class=\"fa fa-download\" \/><\/a><\/td><td class=\"column-4\"><a href=\"https:\/\/www.oaxaca.gob.mx\/dgite\/wp-content\/uploads\/sites\/77\/2022\/11\/103-2.pdf\" target=\"_blank\" rel=\"noopener\"><br \/>\n                    <i class=\"fa fa-download\" \/><\/a><\/td><td class=\"column-5\"><a href=\"https:\/\/www.oaxaca.gob.mx\/dgite\/wp-content\/uploads\/sites\/77\/2022\/11\/103-3.pdf\" target=\"_blank\" rel=\"noopener\"><br \/>\n                    <i class=\"fa fa-download\" \/><\/a><\/td>\n<\/tr>\n<tr class=\"row-6\">\n\t<td class=\"column-1\">104<\/td><td class=\"column-2\">FOMENTO AL DESARROLLO DE LA CIENCIA, LA TECNOLOGIA Y LA INNOVACION<\/td><td class=\"column-3\">                <a href=\"https:\/\/www.oaxaca.gob.mx\/dgite\/wp-content\/uploads\/sites\/77\/2022\/11\/104-1.pdf\" target=\"_blank\" rel=\"noopener\"><br \/>\n                    <i class=\"fa fa-download\" \/><\/a><\/td><td class=\"column-4\">                <a href=\"https:\/\/www.oaxaca.gob.mx\/dgite\/wp-content\/uploads\/sites\/77\/2022\/11\/104-2.pdf\" target=\"_blank\" rel=\"noopener\"><br \/>\n                    <i class=\"fa fa-download\" \/><\/a><\/td><td class=\"column-5\">                <a href=\"https:\/\/www.oaxaca.gob.mx\/dgite\/wp-content\/uploads\/sites\/77\/2022\/11\/104-3.pdf\" target=\"_blank\" rel=\"noopener\"><br \/>\n                    <i class=\"fa fa-download\" \/><\/a><\/td>\n<\/tr>\n<tr class=\"row-7\">\n\t<td class=\"column-1\">105<\/td><td class=\"column-2\">EDUCACI\u00d3N B\u00c1SICA INCLUYENTE<\/td><td class=\"column-3\">                <a href=\"https:\/\/www.oaxaca.gob.mx\/dgite\/wp-content\/uploads\/sites\/77\/2022\/11\/105-1.pdf\" target=\"_blank\" rel=\"noopener\"><br \/>\n                    <i class=\"fa fa-download\" \/><\/a><\/td><td class=\"column-4\">                <a href=\"https:\/\/www.oaxaca.gob.mx\/dgite\/wp-content\/uploads\/sites\/77\/2022\/11\/105-2.pdf\" target=\"_blank\" rel=\"noopener\"><br \/>\n                    <i class=\"fa fa-download\" \/><\/a><\/td><td class=\"column-5\">                <a href=\"https:\/\/www.oaxaca.gob.mx\/dgite\/wp-content\/uploads\/sites\/77\/2022\/11\/105-3.pdf\" target=\"_blank\" rel=\"noopener\"><br \/>\n                    <i class=\"fa fa-download\" \/><\/a><\/td>\n<\/tr>\n<tr class=\"row-8\">\n\t<td class=\"column-1\">106<\/td><td class=\"column-2\">FORTALECIMIENTO A LA COMPETENCIA LABORAL Y EMPLEO DE CALIDAD<\/td><td class=\"column-3\">                <a href=\"https:\/\/www.oaxaca.gob.mx\/dgite\/wp-content\/uploads\/sites\/77\/2022\/11\/106-1.pdf\" target=\"_blank\" rel=\"noopener\"><br \/>\n                    <i class=\"fa fa-download\" \/><\/a><\/td><td class=\"column-4\">                <a href=\"https:\/\/www.oaxaca.gob.mx\/dgite\/wp-content\/uploads\/sites\/77\/2022\/11\/106-2.pdf\" target=\"_blank\" rel=\"noopener\"><br \/>\n                    <i class=\"fa fa-download\" \/><\/a><\/td><td class=\"column-5\">                <a href=\"https:\/\/www.oaxaca.gob.mx\/dgite\/wp-content\/uploads\/sites\/77\/2022\/11\/106-3.pdf\" target=\"_blank\" rel=\"noopener\"><br \/>\n                    <i class=\"fa fa-download\" \/><\/a><\/td>\n<\/tr>\n<tr class=\"row-9\">\n\t<td class=\"column-1\">107<\/td><td class=\"column-2\">CERTEZA JUR\u00cdDICA PARA LA SOCIEDAD<\/td><td class=\"column-3\">                <a href=\"https:\/\/www.oaxaca.gob.mx\/dgite\/wp-content\/uploads\/sites\/77\/2022\/11\/107-1.pdf\" target=\"_blank\" rel=\"noopener\"><br \/>\n                    <i class=\"fa fa-download\" \/><\/a><\/td><td class=\"column-4\">                <a href=\"https:\/\/www.oaxaca.gob.mx\/dgite\/wp-content\/uploads\/sites\/77\/2022\/11\/107-2.pdf\" target=\"_blank\" rel=\"noopener\"><br \/>\n                    <i class=\"fa fa-download\" \/><\/a><\/td><td class=\"column-5\">                <a href=\"https:\/\/www.oaxaca.gob.mx\/dgite\/wp-content\/uploads\/sites\/77\/2022\/11\/107-3.pdf\" target=\"_blank\" rel=\"noopener\"><br \/>\n                    <i class=\"fa fa-download\" \/><\/a><\/td>\n<\/tr>\n<tr class=\"row-10\">\n\t<td class=\"column-1\">108<\/td><td class=\"column-2\">INFRAESTRUCTURA VIAL EN EL ESTADO DE OAXACA<\/td><td class=\"column-3\">                <a href=\"https:\/\/www.oaxaca.gob.mx\/dgite\/wp-content\/uploads\/sites\/77\/2022\/11\/108-1.pdf\" target=\"_blank\" rel=\"noopener\"><br \/>\n                    <i class=\"fa fa-download\" \/><\/a><\/td><td class=\"column-4\">                <a href=\"https:\/\/www.oaxaca.gob.mx\/dgite\/wp-content\/uploads\/sites\/77\/2022\/11\/108-2.pdf\" target=\"_blank\" rel=\"noopener\"><br \/>\n                    <i class=\"fa fa-download\" \/><\/a><\/td><td class=\"column-5\">                <a href=\"https:\/\/www.oaxaca.gob.mx\/dgite\/wp-content\/uploads\/sites\/77\/2022\/11\/108-3.pdf\" target=\"_blank\" rel=\"noopener\"><br \/>\n                    <i class=\"fa fa-download\" \/><\/a><\/td>\n<\/tr>\n<tr class=\"row-11\">\n\t<td class=\"column-1\">109<\/td><td class=\"column-2\">DESARROLLO AGR\u00cdCOLA<\/td><td class=\"column-3\"><a href=\"https:\/\/www.oaxaca.gob.mx\/dgite\/wp-content\/uploads\/sites\/77\/2022\/11\/109-1.pdf\" target=\"_blank\" rel=\"noopener\"><br \/>\n                    <i class=\"fa fa-download\" \/><\/a><\/td><td class=\"column-4\"><a href=\"https:\/\/www.oaxaca.gob.mx\/dgite\/wp-content\/uploads\/sites\/77\/2022\/11\/109-2.pdf\" target=\"_blank\" rel=\"noopener\"><br \/>\n                    <i class=\"fa fa-download\" \/><\/a><\/td><td class=\"column-5\">                <a href=\"https:\/\/www.oaxaca.gob.mx\/dgite\/wp-content\/uploads\/sites\/77\/2022\/11\/109-3.pdf\" target=\"_blank\" rel=\"noopener\"><br \/>\n                    <i class=\"fa fa-download\" \/><\/a><\/td>\n<\/tr>\n<tr class=\"row-12\">\n\t<td class=\"column-1\">110<\/td><td class=\"column-2\">DESARROLLO PECUARIO<\/td><td class=\"column-3\">                <a href=\"https:\/\/www.oaxaca.gob.mx\/dgite\/wp-content\/uploads\/sites\/77\/2022\/11\/110-1.pdf\" target=\"_blank\" rel=\"noopener\"><br \/>\n                    <i class=\"fa fa-download\" \/><\/a><\/td><td class=\"column-4\">                <a href=\"https:\/\/www.oaxaca.gob.mx\/dgite\/wp-content\/uploads\/sites\/77\/2022\/11\/110-2.pdf\" target=\"_blank\" rel=\"noopener\"><br \/>\n                    <i class=\"fa fa-download\" \/><\/a><\/td><td class=\"column-5\">                <a href=\"https:\/\/www.oaxaca.gob.mx\/dgite\/wp-content\/uploads\/sites\/77\/2022\/11\/110-3.pdf\" target=\"_blank\" rel=\"noopener\"><br \/>\n                    <i class=\"fa fa-download\" \/><\/a><\/td>\n<\/tr>\n<tr class=\"row-13\">\n\t<td class=\"column-1\">111<\/td><td class=\"column-2\">DESARROLLO ACU\u00cdCOLA Y PESQUERO<\/td><td class=\"column-3\">                <a href=\"https:\/\/www.oaxaca.gob.mx\/dgite\/wp-content\/uploads\/sites\/77\/2022\/11\/111-1.pdf\" target=\"_blank\" rel=\"noopener\"><br \/>\n                    <i class=\"fa fa-download\" \/><\/a><\/td><td class=\"column-4\">                <a href=\"https:\/\/www.oaxaca.gob.mx\/dgite\/wp-content\/uploads\/sites\/77\/2022\/11\/111-2.pdf\" target=\"_blank\" rel=\"noopener\"><br \/>\n                    <i class=\"fa fa-download\" \/><\/a><\/td><td class=\"column-5\">                <a href=\"https:\/\/www.oaxaca.gob.mx\/dgite\/wp-content\/uploads\/sites\/77\/2022\/11\/111-3.pdf\" target=\"_blank\" rel=\"noopener\"><br \/>\n                    <i class=\"fa fa-download\" \/><\/a><\/td>\n<\/tr>\n<tr class=\"row-14\">\n\t<td class=\"column-1\">114<\/td><td class=\"column-2\">DESARROLLO, PROFESIONALIZACION Y CERTIFICACION DE SEGURIDAD PUBLICA<\/td><td class=\"column-3\">                <a href=\"https:\/\/www.oaxaca.gob.mx\/dgite\/wp-content\/uploads\/sites\/77\/2022\/11\/114-1.pdf\" target=\"_blank\" rel=\"noopener\"><br \/>\n                    <i class=\"fa fa-download\" \/><\/a><\/td><td class=\"column-4\">                <a href=\"https:\/\/www.oaxaca.gob.mx\/dgite\/wp-content\/uploads\/sites\/77\/2022\/11\/114-2.pdf\" target=\"_blank\" rel=\"noopener\"><br \/>\n                    <i class=\"fa fa-download\" \/><\/a><\/td><td class=\"column-5\">                <a href=\"https:\/\/www.oaxaca.gob.mx\/dgite\/wp-content\/uploads\/sites\/77\/2022\/11\/114-3.pdf\" target=\"_blank\" rel=\"noopener\"><br \/>\n                    <i class=\"fa fa-download\" \/><\/a><\/td>\n<\/tr>\n<tr class=\"row-15\">\n\t<td class=\"column-1\">117<\/td><td class=\"column-2\">ADMINISTRACION EFICIENTE DE LOS RECURSOS DEL GOBIERNO DEL ESTADO<\/td><td class=\"column-3\">                <a href=\"https:\/\/www.oaxaca.gob.mx\/dgite\/wp-content\/uploads\/sites\/77\/2022\/11\/117-1.pdf\" target=\"_blank\" rel=\"noopener\"><br \/>\n                    <i class=\"fa fa-download\" \/><\/a><\/td><td class=\"column-4\">                <a href=\"https:\/\/www.oaxaca.gob.mx\/dgite\/wp-content\/uploads\/sites\/77\/2022\/11\/117-2.pdf\" target=\"_blank\" rel=\"noopener\"><br \/>\n                    <i class=\"fa fa-download\" \/><\/a><\/td><td class=\"column-5\">                <a href=\"https:\/\/www.oaxaca.gob.mx\/dgite\/wp-content\/uploads\/sites\/77\/2022\/11\/117-3.pdf\" target=\"_blank\" rel=\"noopener\"><br \/>\n                    <i class=\"fa fa-download\" \/><\/a><\/td>\n<\/tr>\n<tr class=\"row-16\">\n\t<td class=\"column-1\">120<\/td><td class=\"column-2\">PREVENCI\u00d3N, SEGURIDAD Y PROTECCI\u00d3N P\u00daBLICA<\/td><td class=\"column-3\">                <a href=\"https:\/\/www.oaxaca.gob.mx\/dgite\/wp-content\/uploads\/sites\/77\/2022\/11\/120-1.pdf\" target=\"_blank\" rel=\"noopener\"><br \/>\n                    <i class=\"fa fa-download\" \/><\/a><\/td><td class=\"column-4\">                <a href=\"https:\/\/www.oaxaca.gob.mx\/dgite\/wp-content\/uploads\/sites\/77\/2022\/11\/120-2.pdf\" target=\"_blank\" rel=\"noopener\"><br \/>\n                    <i class=\"fa fa-download\" \/><\/a><\/td><td class=\"column-5\">                <a href=\"https:\/\/www.oaxaca.gob.mx\/dgite\/wp-content\/uploads\/sites\/77\/2022\/11\/120-3.pdf\" target=\"_blank\" rel=\"noopener\"><br \/>\n                    <i class=\"fa fa-download\" \/><\/a><\/td>\n<\/tr>\n<tr class=\"row-17\">\n\t<td class=\"column-1\">121<\/td><td class=\"column-2\">FORTALECIMIENTO DEL SISTEMA PENITENCIARIO<\/td><td class=\"column-3\">                <a href=\"https:\/\/www.oaxaca.gob.mx\/dgite\/wp-content\/uploads\/sites\/77\/2022\/11\/121-1.pdf\" target=\"_blank\" rel=\"noopener\"><br \/>\n                    <i class=\"fa fa-download\" \/><\/a><\/td><td class=\"column-4\">                <a href=\"https:\/\/www.oaxaca.gob.mx\/dgite\/wp-content\/uploads\/sites\/77\/2022\/11\/121-2.pdf\" target=\"_blank\" rel=\"noopener\"><br \/>\n                    <i class=\"fa fa-download\" \/><\/a><\/td><td class=\"column-5\">                <a href=\"https:\/\/www.oaxaca.gob.mx\/dgite\/wp-content\/uploads\/sites\/77\/2022\/11\/121-3.pdf\" target=\"_blank\" rel=\"noopener\"><br \/>\n                    <i class=\"fa fa-download\" \/><\/a><\/td>\n<\/tr>\n<tr class=\"row-18\">\n\t<td class=\"column-1\">122<\/td><td class=\"column-2\">MEJORAMIENTO URBANO DE LOS CENTROS DE POBLACI\u00d3N<\/td><td class=\"column-3\">                <a href=\"https:\/\/www.oaxaca.gob.mx\/dgite\/wp-content\/uploads\/sites\/77\/2022\/11\/122-1.pdf\" target=\"_blank\" rel=\"noopener\"><br \/>\n                    <i class=\"fa fa-download\" \/><\/a><\/td><td class=\"column-4\">                <a href=\"https:\/\/www.oaxaca.gob.mx\/dgite\/wp-content\/uploads\/sites\/77\/2022\/11\/122-2.pdf\" target=\"_blank\" rel=\"noopener\"><br \/>\n                    <i class=\"fa fa-download\" \/><\/a><\/td><td class=\"column-5\">                <a href=\"https:\/\/www.oaxaca.gob.mx\/dgite\/wp-content\/uploads\/sites\/77\/2022\/11\/122-3.pdf\" target=\"_blank\" rel=\"noopener\"><br \/>\n                    <i class=\"fa fa-download\" \/><\/a><\/td>\n<\/tr>\n<tr class=\"row-19\">\n\t<td class=\"column-1\">123<\/td><td class=\"column-2\">PROCESOS ELECTORALES Y MECANISMOS DE PARTICIPACION CIUDADANA<\/td><td class=\"column-3\">                <a href=\"https:\/\/www.oaxaca.gob.mx\/dgite\/wp-content\/uploads\/sites\/77\/2022\/11\/123-1.pdf\" target=\"_blank\" rel=\"noopener\"><br \/>\n                    <i class=\"fa fa-download\" \/><\/a><\/td><td class=\"column-4\">                <a href=\"https:\/\/www.oaxaca.gob.mx\/dgite\/wp-content\/uploads\/sites\/77\/2022\/11\/123-2.pdf\" target=\"_blank\" rel=\"noopener\"><br \/>\n                    <i class=\"fa fa-download\" \/><\/a><\/td><td class=\"column-5\">                <a href=\"https:\/\/www.oaxaca.gob.mx\/dgite\/wp-content\/uploads\/sites\/77\/2022\/11\/123-3.pdf\" target=\"_blank\" rel=\"noopener\"><br \/>\n                    <i class=\"fa fa-download\" \/><\/a><\/td>\n<\/tr>\n<tr class=\"row-20\">\n\t<td class=\"column-1\">125<\/td><td class=\"column-2\">EDUCACI\u00d3N PARA J\u00d3VENES Y ADULTOS Y DESARROLLO DE COMPETENCIAS PARA EL TRABAJO<\/td><td class=\"column-3\">                <a href=\"https:\/\/www.oaxaca.gob.mx\/dgite\/wp-content\/uploads\/sites\/77\/2022\/11\/125-1.pdf\" target=\"_blank\" rel=\"noopener\"><br \/>\n                    <i class=\"fa fa-download\" \/><\/a><\/td><td class=\"column-4\">                <a href=\"https:\/\/www.oaxaca.gob.mx\/dgite\/wp-content\/uploads\/sites\/77\/2022\/11\/125-2.pdf\" target=\"_blank\" rel=\"noopener\"><br \/>\n                    <i class=\"fa fa-download\" \/><\/a><\/td><td class=\"column-5\">                <a href=\"https:\/\/www.oaxaca.gob.mx\/dgite\/wp-content\/uploads\/sites\/77\/2022\/11\/125-3.pdf\" target=\"_blank\" rel=\"noopener\"><br \/>\n                    <i class=\"fa fa-download\" \/><\/a><\/td>\n<\/tr>\n<tr class=\"row-21\">\n\t<td class=\"column-1\">126<\/td><td class=\"column-2\">FORTALECIMIENTO Y MODERNIZACI\u00d3N DEL TRANSPORTE P\u00daBLICO Y PRIVADO DEL ESTADO<\/td><td class=\"column-3\">                <a href=\"https:\/\/www.oaxaca.gob.mx\/dgite\/wp-content\/uploads\/sites\/77\/2022\/11\/126-1.pdf\" target=\"_blank\" rel=\"noopener\"><br \/>\n                    <i class=\"fa fa-download\" \/><\/a><\/td><td class=\"column-4\">                <a href=\"https:\/\/www.oaxaca.gob.mx\/dgite\/wp-content\/uploads\/sites\/77\/2022\/11\/126-2.pdf\" target=\"_blank\" rel=\"noopener\"><br \/>\n                    <i class=\"fa fa-download\" \/><\/a><\/td><td class=\"column-5\">                <a href=\"https:\/\/www.oaxaca.gob.mx\/dgite\/wp-content\/uploads\/sites\/77\/2022\/11\/126-3.pdf\" target=\"_blank\" rel=\"noopener\"><br \/>\n                    <i class=\"fa fa-download\" \/><\/a><\/td>\n<\/tr>\n<tr class=\"row-22\">\n\t<td class=\"column-1\">127<\/td><td class=\"column-2\">INCREMENTO DE LA OFERTA EDUCATIVA SUPERIOR<\/td><td class=\"column-3\">                <a href=\"https:\/\/www.oaxaca.gob.mx\/dgite\/wp-content\/uploads\/sites\/77\/2022\/11\/127-1.pdf\" target=\"_blank\" rel=\"noopener\"><br \/>\n                    <i class=\"fa fa-download\" \/><\/a><\/td><td class=\"column-4\">                <a href=\"https:\/\/www.oaxaca.gob.mx\/dgite\/wp-content\/uploads\/sites\/77\/2022\/11\/127-2.pdf\" target=\"_blank\" rel=\"noopener\"><br \/>\n                    <i class=\"fa fa-download\" \/><\/a><\/td><td class=\"column-5\">                <a href=\"https:\/\/www.oaxaca.gob.mx\/dgite\/wp-content\/uploads\/sites\/77\/2022\/11\/127-3.pdf\" target=\"_blank\" rel=\"noopener\"><br \/>\n                    <i class=\"fa fa-download\" \/><\/a><\/td>\n<\/tr>\n<tr class=\"row-23\">\n\t<td class=\"column-1\">131<\/td><td class=\"column-2\">IMPARTICI\u00d3N DE JUSTICIA<\/td><td class=\"column-3\">                <a href=\"https:\/\/www.oaxaca.gob.mx\/dgite\/wp-content\/uploads\/sites\/77\/2022\/11\/131-1.pdf\" target=\"_blank\" rel=\"noopener\"><br \/>\n                    <i class=\"fa fa-download\" \/><\/a><\/td><td class=\"column-4\">                <a href=\"https:\/\/www.oaxaca.gob.mx\/dgite\/wp-content\/uploads\/sites\/77\/2022\/11\/131-2.pdf\" target=\"_blank\" rel=\"noopener\"><br \/>\n                    <i class=\"fa fa-download\" \/><\/a><\/td><td class=\"column-5\">                <a href=\"https:\/\/www.oaxaca.gob.mx\/dgite\/wp-content\/uploads\/sites\/77\/2022\/11\/131-3.pdf\" target=\"_blank\" rel=\"noopener\"><br \/>\n                    <i class=\"fa fa-download\" \/><\/a><\/td>\n<\/tr>\n<tr class=\"row-24\">\n\t<td class=\"column-1\">132<\/td><td class=\"column-2\">FORMACI\u00d3N CON CALIDAD EN EDUCACI\u00d3N MEDIA SUPERIOR<\/td><td class=\"column-3\">                <a href=\"https:\/\/www.oaxaca.gob.mx\/dgite\/wp-content\/uploads\/sites\/77\/2022\/11\/132-1.pdf\" target=\"_blank\" rel=\"noopener\"><br \/>\n                    <i class=\"fa fa-download\" \/><\/a><\/td><td class=\"column-4\">                <a href=\"https:\/\/www.oaxaca.gob.mx\/dgite\/wp-content\/uploads\/sites\/77\/2022\/11\/132-2.pdf\" target=\"_blank\" rel=\"noopener\"><br \/>\n                    <i class=\"fa fa-download\" \/><\/a><\/td><td class=\"column-5\">                <a href=\"https:\/\/www.oaxaca.gob.mx\/dgite\/wp-content\/uploads\/sites\/77\/2022\/11\/132-3.pdf\" target=\"_blank\" rel=\"noopener\"><br \/>\n                    <i class=\"fa fa-download\" \/><\/a><\/td>\n<\/tr>\n<tr class=\"row-25\">\n\t<td class=\"column-1\">133<\/td><td class=\"column-2\">FISCALIZACI\u00d3N DE LOS RECURSOS P\u00daBLICOS<\/td><td class=\"column-3\">                <a href=\"https:\/\/www.oaxaca.gob.mx\/dgite\/wp-content\/uploads\/sites\/77\/2022\/11\/133.pdf\" target=\"_blank\" rel=\"noopener\"><br \/>\n                    <i class=\"fa fa-download\" \/><\/a><\/td><td class=\"column-4\">                <a href=\"https:\/\/www.oaxaca.gob.mx\/dgite\/wp-content\/uploads\/sites\/77\/2022\/11\/133-1.pdf\" target=\"_blank\" rel=\"noopener\"><br \/>\n                    <i class=\"fa fa-download\" \/><\/a><\/td><td class=\"column-5\">                <a href=\"https:\/\/www.oaxaca.gob.mx\/dgite\/wp-content\/uploads\/sites\/77\/2022\/11\/133-2.pdf\" target=\"_blank\" rel=\"noopener\"><br \/>\n                    <i class=\"fa fa-download\" \/><\/a><\/td>\n<\/tr>\n<tr class=\"row-26\">\n\t<td class=\"column-1\">134<\/td><td class=\"column-2\">ATENCION SOCIAL A GRUPOS VULNERABLES<\/td><td class=\"column-3\">                <a href=\"https:\/\/www.oaxaca.gob.mx\/dgite\/wp-content\/uploads\/sites\/77\/2022\/11\/134-1.pdf\" target=\"_blank\" rel=\"noopener\"><br \/>\n                    <i class=\"fa fa-download\" \/><\/a><\/td><td class=\"column-4\">                <a href=\"https:\/\/www.oaxaca.gob.mx\/dgite\/wp-content\/uploads\/sites\/77\/2022\/11\/134-2.pdf\" target=\"_blank\" rel=\"noopener\"><br \/>\n                    <i class=\"fa fa-download\" \/><\/a><\/td><td class=\"column-5\">                <a href=\"https:\/\/www.oaxaca.gob.mx\/dgite\/wp-content\/uploads\/sites\/77\/2022\/11\/134-3.pdf\" target=\"_blank\" rel=\"noopener\"><br \/>\n                    <i class=\"fa fa-download\" \/><\/a><\/td>\n<\/tr>\n<tr class=\"row-27\">\n\t<td class=\"column-1\">138<\/td><td class=\"column-2\">ATENCI\u00d3N JUR\u00cdDICA-ADMINISTRATIVA A LA POBLACI\u00d3N MIGRANTE Y SUS FAMILIAS<\/td><td class=\"column-3\">                <a href=\"https:\/\/www.oaxaca.gob.mx\/dgite\/wp-content\/uploads\/sites\/77\/2022\/11\/138-1.pdf\" target=\"_blank\" rel=\"noopener\"><br \/>\n                    <i class=\"fa fa-download\" \/><\/a><\/td><td class=\"column-4\">                <a href=\"https:\/\/www.oaxaca.gob.mx\/dgite\/wp-content\/uploads\/sites\/77\/2022\/11\/138-2.pdf\" target=\"_blank\" rel=\"noopener\"><br \/>\n                    <i class=\"fa fa-download\" \/><\/a><\/td><td class=\"column-5\">                <a href=\"https:\/\/www.oaxaca.gob.mx\/dgite\/wp-content\/uploads\/sites\/77\/2022\/11\/138-3.pdf\" target=\"_blank\" rel=\"noopener\"><br \/>\n                    <i class=\"fa fa-download\" \/><\/a><\/td>\n<\/tr>\n<tr class=\"row-28\">\n\t<td class=\"column-1\">139<\/td><td class=\"column-2\">FORMACI\u00d3N PROFESIONAL Y POSGRADO<\/td><td class=\"column-3\">                <a href=\"https:\/\/www.oaxaca.gob.mx\/dgite\/wp-content\/uploads\/sites\/77\/2022\/11\/139-1.pdf\" target=\"_blank\" rel=\"noopener\"><br \/>\n                    <i class=\"fa fa-download\" \/><\/a><\/td><td class=\"column-4\">                <a href=\"https:\/\/www.oaxaca.gob.mx\/dgite\/wp-content\/uploads\/sites\/77\/2022\/11\/139-2.pdf\" target=\"_blank\" rel=\"noopener\"><br \/>\n                    <i class=\"fa fa-download\" \/><\/a><\/td><td class=\"column-5\">                <a href=\"https:\/\/www.oaxaca.gob.mx\/dgite\/wp-content\/uploads\/sites\/77\/2022\/11\/139-3.pdf\" target=\"_blank\" rel=\"noopener\"><br \/>\n                    <i class=\"fa fa-download\" \/><\/a><\/td>\n<\/tr>\n<tr class=\"row-29\">\n\t<td class=\"column-1\">140<\/td><td class=\"column-2\">EFICIENCIA EN LA CAPTACION DE INGRESOS<\/td><td class=\"column-3\">                <a href=\"https:\/\/www.oaxaca.gob.mx\/dgite\/wp-content\/uploads\/sites\/77\/2022\/11\/140-1.pdf\" target=\"_blank\" rel=\"noopener\"><br \/>\n                    <i class=\"fa fa-download\" \/><\/a><\/td><td class=\"column-4\">                <a href=\"https:\/\/www.oaxaca.gob.mx\/dgite\/wp-content\/uploads\/sites\/77\/2022\/11\/140-2.pdf\" target=\"_blank\" rel=\"noopener\"><br \/>\n                    <i class=\"fa fa-download\" \/><\/a><\/td><td class=\"column-5\">                <a href=\"https:\/\/www.oaxaca.gob.mx\/dgite\/wp-content\/uploads\/sites\/77\/2022\/11\/140-3.pdf\" target=\"_blank\" rel=\"noopener\"><br \/>\n                    <i class=\"fa fa-download\" \/><\/a><\/td>\n<\/tr>\n<tr class=\"row-30\">\n\t<td class=\"column-1\">142<\/td><td class=\"column-2\">FORTALECIMIENTO LEGISLATIVO DEL ESTADO<\/td><td class=\"column-3\">                <a href=\"https:\/\/www.oaxaca.gob.mx\/dgite\/wp-content\/uploads\/sites\/77\/2022\/11\/142-1.pdf\" target=\"_blank\" rel=\"noopener\"><br \/>\n                    <i class=\"fa fa-download\" \/><\/a><\/td><td class=\"column-4\">                <a href=\"https:\/\/www.oaxaca.gob.mx\/dgite\/wp-content\/uploads\/sites\/77\/2022\/11\/142-2.pdf\" target=\"_blank\" rel=\"noopener\"><br \/>\n                    <i class=\"fa fa-download\" \/><\/a><\/td><td class=\"column-5\">                <a href=\"https:\/\/www.oaxaca.gob.mx\/dgite\/wp-content\/uploads\/sites\/77\/2022\/11\/142-3.pdf\" target=\"_blank\" rel=\"noopener\"><br \/>\n                    <i class=\"fa fa-download\" \/><\/a><\/td>\n<\/tr>\n<tr class=\"row-31\">\n\t<td class=\"column-1\">143<\/td><td class=\"column-2\">SEGURIDAD Y BIENESTAR SOCIAL PARA LOS TRABAJADORES, JUBILADOS, PENSIONADOS, PENSIONISTAS E INTEGRANTES DE LAS INSTITUCIONES POLICIALES DEL GOBIERNO DEL ESTADO<\/td><td class=\"column-3\">                <a href=\"https:\/\/www.oaxaca.gob.mx\/dgite\/wp-content\/uploads\/sites\/77\/2022\/11\/143-1.pdf\" target=\"_blank\" rel=\"noopener\"><br \/>\n                    <i class=\"fa fa-download\" \/><\/a><\/td><td class=\"column-4\">                <a href=\"https:\/\/www.oaxaca.gob.mx\/dgite\/wp-content\/uploads\/sites\/77\/2022\/11\/143-2.pdf\" target=\"_blank\" rel=\"noopener\"><br \/>\n                    <i class=\"fa fa-download\" \/><\/a><\/td><td class=\"column-5\">                <a href=\"https:\/\/www.oaxaca.gob.mx\/dgite\/wp-content\/uploads\/sites\/77\/2022\/11\/143-3.pdf\" target=\"_blank\" rel=\"noopener\"><br \/>\n                    <i class=\"fa fa-download\" \/><\/a><\/td>\n<\/tr>\n<tr class=\"row-32\">\n\t<td class=\"column-1\">145<\/td><td class=\"column-2\">DESARROLLO INTEGRAL E INTERCULTURAL DE LOS PUEBLOS Y COMUNIDADES INDIGENAS Y AFROMEXICANAS<\/td><td class=\"column-3\">                <a href=\"https:\/\/www.oaxaca.gob.mx\/dgite\/wp-content\/uploads\/sites\/77\/2022\/11\/145-1.pdf\" target=\"_blank\" rel=\"noopener\"><br \/>\n                    <i class=\"fa fa-download\" \/><\/a><\/td><td class=\"column-4\">                <a href=\"https:\/\/www.oaxaca.gob.mx\/dgite\/wp-content\/uploads\/sites\/77\/2022\/11\/145-2.pdf\" target=\"_blank\" rel=\"noopener\"><br \/>\n                    <i class=\"fa fa-download\" \/><\/a><\/td><td class=\"column-5\">                <a href=\"https:\/\/www.oaxaca.gob.mx\/dgite\/wp-content\/uploads\/sites\/77\/2022\/11\/145-3.pdf\" target=\"_blank\" rel=\"noopener\"><br \/>\n                    <i class=\"fa fa-download\" \/><\/a><\/td>\n<\/tr>\n<tr class=\"row-33\">\n\t<td class=\"column-1\">146<\/td><td class=\"column-2\">AMPLIACION Y MEJORAMIENTO DE LOS SERVICIOS DE AGUA POTABLE, DRENAJE Y SANEAMIENTO<\/td><td class=\"column-3\">                <a href=\"https:\/\/www.oaxaca.gob.mx\/dgite\/wp-content\/uploads\/sites\/77\/2022\/11\/146-1.pdf\" target=\"_blank\" rel=\"noopener\"><br \/>\n                    <i class=\"fa fa-download\" \/><\/a><\/td><td class=\"column-4\">                <a href=\"https:\/\/www.oaxaca.gob.mx\/dgite\/wp-content\/uploads\/sites\/77\/2022\/11\/146-2.pdf\" target=\"_blank\" rel=\"noopener\"><br \/>\n                    <i class=\"fa fa-download\" \/><\/a><\/td><td class=\"column-5\">                <a href=\"https:\/\/www.oaxaca.gob.mx\/dgite\/wp-content\/uploads\/sites\/77\/2022\/11\/146-3.pdf\" target=\"_blank\" rel=\"noopener\"><br \/>\n                    <i class=\"fa fa-download\" \/><\/a><\/td>\n<\/tr>\n<tr class=\"row-34\">\n\t<td class=\"column-1\">147<\/td><td class=\"column-2\">PROMOCION, FOMENTO Y DIFUSION DE LAS DIVERSIDADES CULTURALES Y BIOCULTURALES<\/td><td class=\"column-3\">                <a href=\"https:\/\/www.oaxaca.gob.mx\/dgite\/wp-content\/uploads\/sites\/77\/2022\/11\/147-1.pdf\" target=\"_blank\" rel=\"noopener\"><br \/>\n                    <i class=\"fa fa-download\" \/><\/a><\/td><td class=\"column-4\">                <a href=\"https:\/\/www.oaxaca.gob.mx\/dgite\/wp-content\/uploads\/sites\/77\/2022\/11\/147-2.pdf\" target=\"_blank\" rel=\"noopener\"><br \/>\n                    <i class=\"fa fa-download\" \/><\/a><\/td><td class=\"column-5\">                <a href=\"https:\/\/www.oaxaca.gob.mx\/dgite\/wp-content\/uploads\/sites\/77\/2022\/11\/147-3.pdf\" target=\"_blank\" rel=\"noopener\"><br \/>\n                    <i class=\"fa fa-download\" \/><\/a><\/td>\n<\/tr>\n<tr class=\"row-35\">\n\t<td class=\"column-1\">148<\/td><td class=\"column-2\">EFICIENCIA DEL GASTO P\u00daBLICO PARA RESULTADOS<\/td><td class=\"column-3\">                <a href=\"https:\/\/www.oaxaca.gob.mx\/dgite\/wp-content\/uploads\/sites\/77\/2022\/11\/148-1.pdf\" target=\"_blank\" rel=\"noopener\"><br \/>\n                    <i class=\"fa fa-download\" \/><\/a><\/td><td class=\"column-4\">                <a href=\"https:\/\/www.oaxaca.gob.mx\/dgite\/wp-content\/uploads\/sites\/77\/2022\/11\/148-2.pdf\" target=\"_blank\" rel=\"noopener\"><br \/>\n                    <i class=\"fa fa-download\" \/><\/a><\/td><td class=\"column-5\">                <a href=\"https:\/\/www.oaxaca.gob.mx\/dgite\/wp-content\/uploads\/sites\/77\/2022\/11\/148-3.pdf\" target=\"_blank\" rel=\"noopener\"><br \/>\n                    <i class=\"fa fa-download\" \/><\/a><\/td>\n<\/tr>\n<tr class=\"row-36\">\n\t<td class=\"column-1\">150<\/td><td class=\"column-2\">PRODUCCI\u00d3N Y PRODUCTIVIDAD FORESTAL SUSTENTABLE<\/td><td class=\"column-3\">                <a href=\"https:\/\/www.oaxaca.gob.mx\/dgite\/wp-content\/uploads\/sites\/77\/2022\/11\/150-1.pdf\" target=\"_blank\" rel=\"noopener\"><br \/>\n                    <i class=\"fa fa-download\" \/><\/a><\/td><td class=\"column-4\">                <a href=\"https:\/\/www.oaxaca.gob.mx\/dgite\/wp-content\/uploads\/sites\/77\/2022\/11\/150-2.pdf\" target=\"_blank\" rel=\"noopener\"><br \/>\n                    <i class=\"fa fa-download\" \/><\/a><\/td><td class=\"column-5\">                <a href=\"https:\/\/www.oaxaca.gob.mx\/dgite\/wp-content\/uploads\/sites\/77\/2022\/11\/150-3.pdf\" target=\"_blank\" rel=\"noopener\"><br \/>\n                    <i class=\"fa fa-download\" \/><\/a><\/td>\n<\/tr>\n<tr class=\"row-37\">\n\t<td class=\"column-1\">151<\/td><td class=\"column-2\">GESTI\u00d3N INTEGRAL DE RIESGOS<\/td><td class=\"column-3\">                <a href=\"https:\/\/www.oaxaca.gob.mx\/dgite\/wp-content\/uploads\/sites\/77\/2022\/11\/151-1.pdf\" target=\"_blank\" rel=\"noopener\"><br \/>\n                    <i class=\"fa fa-download\" \/><\/a><\/td><td class=\"column-4\">                <a href=\"https:\/\/www.oaxaca.gob.mx\/dgite\/wp-content\/uploads\/sites\/77\/2022\/11\/151-2.pdf\" target=\"_blank\" rel=\"noopener\"><br \/>\n                    <i class=\"fa fa-download\" \/><\/a><\/td><td class=\"column-5\">                <a href=\"https:\/\/www.oaxaca.gob.mx\/dgite\/wp-content\/uploads\/sites\/77\/2022\/11\/151-3.pdf\" target=\"_blank\" rel=\"noopener\"><br \/>\n                    <i class=\"fa fa-download\" \/><\/a><\/td>\n<\/tr>\n<tr class=\"row-38\">\n\t<td class=\"column-1\">152<\/td><td class=\"column-2\">PROMOCI\u00d3N Y FOMENTO DE LAS POL\u00cdTICAS P\u00daBLICAS IGUALITARIAS PARA MUJERES Y HOMBRES<\/td><td class=\"column-3\">                <a href=\"https:\/\/www.oaxaca.gob.mx\/dgite\/wp-content\/uploads\/sites\/77\/2022\/11\/152-1.pdf\" target=\"_blank\" rel=\"noopener\"><br \/>\n                    <i class=\"fa fa-download\" \/><\/a><\/td><td class=\"column-4\">                <a href=\"https:\/\/www.oaxaca.gob.mx\/dgite\/wp-content\/uploads\/sites\/77\/2022\/11\/152-2.pdf\" target=\"_blank\" rel=\"noopener\"><br \/>\n                    <i class=\"fa fa-download\" \/><\/a><\/td><td class=\"column-5\">                <a href=\"https:\/\/www.oaxaca.gob.mx\/dgite\/wp-content\/uploads\/sites\/77\/2022\/11\/152-3.pdf\" target=\"_blank\" rel=\"noopener\"><br \/>\n                    <i class=\"fa fa-download\" \/><\/a><\/td>\n<\/tr>\n<tr class=\"row-39\">\n\t<td class=\"column-1\">155<\/td><td class=\"column-2\">POLITICA TRANSVERSAL DE ATENCION INTEGRAL DE LOS DERECHOS HUMANOS<\/td><td class=\"column-3\">                <a href=\"https:\/\/www.oaxaca.gob.mx\/dgite\/wp-content\/uploads\/sites\/77\/2022\/11\/155-1.pdf\" target=\"_blank\" rel=\"noopener\"><br \/>\n                    <i class=\"fa fa-download\" \/><\/a><\/td><td class=\"column-4\">                <a href=\"https:\/\/www.oaxaca.gob.mx\/dgite\/wp-content\/uploads\/sites\/77\/2022\/11\/155-2.pdf\" target=\"_blank\" rel=\"noopener\"><br \/>\n                    <i class=\"fa fa-download\" \/><\/a><\/td><td class=\"column-5\">                <a href=\"https:\/\/www.oaxaca.gob.mx\/dgite\/wp-content\/uploads\/sites\/77\/2022\/11\/155-3.pdf\" target=\"_blank\" rel=\"noopener\"><br \/>\n                    <i class=\"fa fa-download\" \/><\/a><\/td>\n<\/tr>\n<tr class=\"row-40\">\n\t<td class=\"column-1\">156<\/td><td class=\"column-2\">VINCULACI\u00d3N DE LAS INSTITUCIONES DE EDUCACI\u00d3N SUPERIOR CON EL SECTOR PRODUCTIVO Y SOCIAL<\/td><td class=\"column-3\">                <a href=\"https:\/\/www.oaxaca.gob.mx\/dgite\/wp-content\/uploads\/sites\/77\/2022\/11\/156-1.pdf\" target=\"_blank\" rel=\"noopener\"><br \/>\n                    <i class=\"fa fa-download\" \/><\/a><\/td><td class=\"column-4\">                <a href=\"https:\/\/www.oaxaca.gob.mx\/dgite\/wp-content\/uploads\/sites\/77\/2022\/11\/156-2.pdf\" target=\"_blank\" rel=\"noopener\"><br \/>\n                    <i class=\"fa fa-download\" \/><\/a><\/td><td class=\"column-5\">                <a href=\"https:\/\/www.oaxaca.gob.mx\/dgite\/wp-content\/uploads\/sites\/77\/2022\/11\/156-3.pdf\" target=\"_blank\" rel=\"noopener\"><br \/>\n                    <i class=\"fa fa-download\" \/><\/a><\/td>\n<\/tr>\n<tr class=\"row-41\">\n\t<td class=\"column-1\">158<\/td><td class=\"column-2\">DEFENSA Y PROTECCION DE LOS DERECHOS HUMANOS<\/td><td class=\"column-3\">                <a href=\"https:\/\/www.oaxaca.gob.mx\/dgite\/wp-content\/uploads\/sites\/77\/2022\/11\/158-1.pdf\" target=\"_blank\" rel=\"noopener\"><br \/>\n                    <i class=\"fa fa-download\" \/><\/a><\/td><td class=\"column-4\">                <a href=\"https:\/\/www.oaxaca.gob.mx\/dgite\/wp-content\/uploads\/sites\/77\/2022\/11\/158-2.pdf\" target=\"_blank\" rel=\"noopener\"><br \/>\n                    <i class=\"fa fa-download\" \/><\/a><\/td><td class=\"column-5\">                <a href=\"https:\/\/www.oaxaca.gob.mx\/dgite\/wp-content\/uploads\/sites\/77\/2022\/11\/158-3.pdf\" target=\"_blank\" rel=\"noopener\"><br \/>\n                    <i class=\"fa fa-download\" \/><\/a><\/td>\n<\/tr>\n<tr class=\"row-42\">\n\t<td class=\"column-1\">159<\/td><td class=\"column-2\">ATENCI\u00d3N M\u00c9DICA<\/td><td class=\"column-3\">                <a href=\"https:\/\/www.oaxaca.gob.mx\/dgite\/wp-content\/uploads\/sites\/77\/2022\/11\/159-1.pdf\" target=\"_blank\" rel=\"noopener\"><br \/>\n                    <i class=\"fa fa-download\" \/><\/a><\/td><td class=\"column-4\">                <a href=\"https:\/\/www.oaxaca.gob.mx\/dgite\/wp-content\/uploads\/sites\/77\/2022\/11\/159-2.pdf\" target=\"_blank\" rel=\"noopener\"><br \/>\n                    <i class=\"fa fa-download\" \/><\/a><\/td><td class=\"column-5\">                <a href=\"https:\/\/www.oaxaca.gob.mx\/dgite\/wp-content\/uploads\/sites\/77\/2022\/11\/159-3.pdf\" target=\"_blank\" rel=\"noopener\"><br \/>\n                    <i class=\"fa fa-download\" \/><\/a><\/td>\n<\/tr>\n<tr class=\"row-43\">\n\t<td class=\"column-1\">160<\/td><td class=\"column-2\">CONSERVACI\u00d3N DE ECOSISTEMAS Y PREVENCI\u00d3N DEL DETERIORO AMBIENTAL<\/td><td class=\"column-3\">                <a href=\"https:\/\/www.oaxaca.gob.mx\/dgite\/wp-content\/uploads\/sites\/77\/2022\/11\/160-1.pdf\" target=\"_blank\" rel=\"noopener\"><br \/>\n                    <i class=\"fa fa-download\" \/><\/a><\/td><td class=\"column-4\">                <a href=\"https:\/\/www.oaxaca.gob.mx\/dgite\/wp-content\/uploads\/sites\/77\/2022\/11\/160-2.pdf\" target=\"_blank\" rel=\"noopener\"><br \/>\n                    <i class=\"fa fa-download\" \/><\/a><\/td><td class=\"column-5\">                <a href=\"https:\/\/www.oaxaca.gob.mx\/dgite\/wp-content\/uploads\/sites\/77\/2022\/11\/160-3.pdf\" target=\"_blank\" rel=\"noopener\"><br \/>\n                    <i class=\"fa fa-download\" \/><\/a><\/td>\n<\/tr>\n<tr class=\"row-44\">\n\t<td class=\"column-1\">161<\/td><td class=\"column-2\">IMPULSO A LA ECONOMIA<\/td><td class=\"column-3\">                <a href=\"https:\/\/www.oaxaca.gob.mx\/dgite\/wp-content\/uploads\/sites\/77\/2022\/11\/161-1.pdf\" target=\"_blank\" rel=\"noopener\"><br \/>\n                    <i class=\"fa fa-download\" \/><\/a><\/td><td class=\"column-4\">                <a href=\"https:\/\/www.oaxaca.gob.mx\/dgite\/wp-content\/uploads\/sites\/77\/2022\/11\/161-2.pdf\" target=\"_blank\" rel=\"noopener\"><br \/>\n                    <i class=\"fa fa-download\" \/><\/a><\/td><td class=\"column-5\">                <a href=\"https:\/\/www.oaxaca.gob.mx\/dgite\/wp-content\/uploads\/sites\/77\/2022\/11\/161-3.pdf\" target=\"_blank\" rel=\"noopener\"><br \/>\n                    <i class=\"fa fa-download\" \/><\/a><\/td>\n<\/tr>\n<tr class=\"row-45\">\n\t<td class=\"column-1\">162<\/td><td class=\"column-2\">PROCURACION GENERAL DE JUSTICIA<\/td><td class=\"column-3\">                <a href=\"https:\/\/www.oaxaca.gob.mx\/dgite\/wp-content\/uploads\/sites\/77\/2022\/11\/162-1.pdf\" target=\"_blank\" rel=\"noopener\"><br \/>\n                    <i class=\"fa fa-download\" \/><\/a><\/td><td class=\"column-4\">                <a href=\"https:\/\/www.oaxaca.gob.mx\/dgite\/wp-content\/uploads\/sites\/77\/2022\/11\/162-2.pdf\" target=\"_blank\" rel=\"noopener\"><br \/>\n                    <i class=\"fa fa-download\" \/><\/a><\/td><td class=\"column-5\">                <a href=\"https:\/\/www.oaxaca.gob.mx\/dgite\/wp-content\/uploads\/sites\/77\/2022\/11\/162-3.pdf\" target=\"_blank\" rel=\"noopener\"><br \/>\n                    <i class=\"fa fa-download\" \/><\/a><\/td>\n<\/tr>\n<tr class=\"row-46\">\n\t<td class=\"column-1\">163<\/td><td class=\"column-2\">PARTICIPACION COMUNITARIA PARA EL DESARROLLO HUMANO CON ASISTENCIA ALIMENTARIA<\/td><td class=\"column-3\">                <a href=\"https:\/\/www.oaxaca.gob.mx\/dgite\/wp-content\/uploads\/sites\/77\/2022\/11\/163-1.pdf\" target=\"_blank\" rel=\"noopener\"><br \/>\n                    <i class=\"fa fa-download\" \/><\/a><\/td><td class=\"column-4\">                <a href=\"https:\/\/www.oaxaca.gob.mx\/dgite\/wp-content\/uploads\/sites\/77\/2022\/11\/163-2.pdf\" target=\"_blank\" rel=\"noopener\"><br \/>\n                    <i class=\"fa fa-download\" \/><\/a><\/td><td class=\"column-5\">                <a href=\"https:\/\/www.oaxaca.gob.mx\/dgite\/wp-content\/uploads\/sites\/77\/2022\/11\/163-3.pdf\" target=\"_blank\" rel=\"noopener\"><br \/>\n                    <i class=\"fa fa-download\" \/><\/a><\/td>\n<\/tr>\n<tr class=\"row-47\">\n\t<td class=\"column-1\">164<\/td><td class=\"column-2\">FORTALECIMIENTO DEL SISTEMA DE SALUD<\/td><td class=\"column-3\">                <a href=\"https:\/\/www.oaxaca.gob.mx\/dgite\/wp-content\/uploads\/sites\/77\/2022\/11\/164-1.pdf\" target=\"_blank\" rel=\"noopener\"><br \/>\n                    <i class=\"fa fa-download\" \/><\/a><\/td><td class=\"column-4\">                <a href=\"https:\/\/www.oaxaca.gob.mx\/dgite\/wp-content\/uploads\/sites\/77\/2022\/11\/164-2.pdf\" target=\"_blank\" rel=\"noopener\"><br \/>\n                    <i class=\"fa fa-download\" \/><\/a><\/td><td class=\"column-5\">                <a href=\"https:\/\/www.oaxaca.gob.mx\/dgite\/wp-content\/uploads\/sites\/77\/2022\/11\/164-3.pdf\" target=\"_blank\" rel=\"noopener\"><br \/>\n                    <i class=\"fa fa-download\" \/><\/a><\/td>\n<\/tr>\n<tr class=\"row-48\">\n\t<td class=\"column-1\">165<\/td><td class=\"column-2\">PREVENCION, SANCION, TRANSPARENCIA, RENDICION DE CUENTAS Y COMBATE A LA CORRUPCION<\/td><td class=\"column-3\">                <a href=\"https:\/\/www.oaxaca.gob.mx\/dgite\/wp-content\/uploads\/sites\/77\/2022\/11\/165-1.pdf\" target=\"_blank\" rel=\"noopener\"><br \/>\n                    <i class=\"fa fa-download\" \/><\/a><\/td><td class=\"column-4\">                <a href=\"https:\/\/www.oaxaca.gob.mx\/dgite\/wp-content\/uploads\/sites\/77\/2022\/11\/165-2.pdf\" target=\"_blank\" rel=\"noopener\"><br \/>\n                    <i class=\"fa fa-download\" \/><\/a><\/td><td class=\"column-5\">                <a href=\"https:\/\/www.oaxaca.gob.mx\/dgite\/wp-content\/uploads\/sites\/77\/2022\/11\/165-3.pdf\" target=\"_blank\" rel=\"noopener\"><br \/>\n                    <i class=\"fa fa-download\" \/><\/a><\/td>\n<\/tr>\n<tr class=\"row-49\">\n\t<td class=\"column-1\">166<\/td><td class=\"column-2\">DESARROLLO Y FORTALECIMIENTO DE CAPACIDADES EN LOS MUNICIPIOS<\/td><td class=\"column-3\">                <a href=\"https:\/\/www.oaxaca.gob.mx\/dgite\/wp-content\/uploads\/sites\/77\/2022\/11\/166-1.pdf\" target=\"_blank\" rel=\"noopener\"><br \/>\n                    <i class=\"fa fa-download\" \/><\/a><\/td><td class=\"column-4\">                <a href=\"https:\/\/www.oaxaca.gob.mx\/dgite\/wp-content\/uploads\/sites\/77\/2022\/11\/166-2.pdf\" target=\"_blank\" rel=\"noopener\"><br \/>\n                    <i class=\"fa fa-download\" \/><\/a><\/td><td class=\"column-5\">                <a href=\"https:\/\/www.oaxaca.gob.mx\/dgite\/wp-content\/uploads\/sites\/77\/2022\/11\/166-3.pdf\" target=\"_blank\" rel=\"noopener\"><br \/>\n                    <i class=\"fa fa-download\" \/><\/a><\/td>\n<\/tr>\n<tr class=\"row-50\">\n\t<td class=\"column-1\">167<\/td><td class=\"column-2\">DEFENSORIA JURIDICA Y JUSTICIA LABORAL<\/td><td class=\"column-3\">                <a href=\"https:\/\/www.oaxaca.gob.mx\/dgite\/wp-content\/uploads\/sites\/77\/2022\/11\/167-1.pdf\" target=\"_blank\" rel=\"noopener\"><br \/>\n                    <i class=\"fa fa-download\" \/><\/a><\/td><td class=\"column-4\">                <a href=\"https:\/\/www.oaxaca.gob.mx\/dgite\/wp-content\/uploads\/sites\/77\/2022\/11\/167-2.pdf\" target=\"_blank\" rel=\"noopener\"><br \/>\n                    <i class=\"fa fa-download\" \/><\/a><\/td><td class=\"column-5\">                <a href=\"https:\/\/www.oaxaca.gob.mx\/dgite\/wp-content\/uploads\/sites\/77\/2022\/11\/167-3.pdf\" target=\"_blank\" rel=\"noopener\"><br \/>\n                    <i class=\"fa fa-download\" \/><\/a><\/td>\n<\/tr>\n<tr class=\"row-51\">\n\t<td class=\"column-1\">169<\/td><td class=\"column-2\">PREVENCI\u00d3N Y PROMOCI\u00d3N DE LA SALUD<\/td><td class=\"column-3\">                <a href=\"https:\/\/www.oaxaca.gob.mx\/dgite\/wp-content\/uploads\/sites\/77\/2022\/11\/169-1.pdf\" target=\"_blank\" rel=\"noopener\"><br \/>\n                    <i class=\"fa fa-download\" \/><\/a><\/td><td class=\"column-4\">                <a href=\"https:\/\/www.oaxaca.gob.mx\/dgite\/wp-content\/uploads\/sites\/77\/2022\/11\/169-2.pdf\" target=\"_blank\" rel=\"noopener\"><br \/>\n                    <i class=\"fa fa-download\" \/><\/a><\/td><td class=\"column-5\">                <a href=\"https:\/\/www.oaxaca.gob.mx\/dgite\/wp-content\/uploads\/sites\/77\/2022\/11\/169-3.pdf\" target=\"_blank\" rel=\"noopener\"><br \/>\n                    <i class=\"fa fa-download\" \/><\/a><\/td>\n<\/tr>\n<tr class=\"row-52\">\n\t<td class=\"column-1\">171<\/td><td class=\"column-2\">VIGILANCIA Y FISCALIZACI\u00d3N EN EL USO DE LOS RECURSOS P\u00daBLICOS<\/td><td class=\"column-3\">                <a href=\"https:\/\/www.oaxaca.gob.mx\/dgite\/wp-content\/uploads\/sites\/77\/2022\/11\/171-1.pdf\" target=\"_blank\" rel=\"noopener\"><br \/>\n                    <i class=\"fa fa-download\" \/><\/a><\/td><td class=\"column-4\">                <a href=\"https:\/\/www.oaxaca.gob.mx\/dgite\/wp-content\/uploads\/sites\/77\/2022\/11\/171-2.pdf\" target=\"_blank\" rel=\"noopener\"><br \/>\n                    <i class=\"fa fa-download\" \/><\/a><\/td><td class=\"column-5\">                <a href=\"https:\/\/www.oaxaca.gob.mx\/dgite\/wp-content\/uploads\/sites\/77\/2022\/11\/171-3.pdf\" target=\"_blank\" rel=\"noopener\"><br \/>\n                    <i class=\"fa fa-download\" \/><\/a><\/td>\n<\/tr>\n<tr class=\"row-53\">\n\t<td class=\"column-1\">172<\/td><td class=\"column-2\">INCLUSI\u00d3N SOCIAL PARA EL BIENESTAR DEL ESTADO DE OAXACA<\/td><td class=\"column-3\">                <a href=\"https:\/\/www.oaxaca.gob.mx\/dgite\/wp-content\/uploads\/sites\/77\/2022\/11\/172-1.pdf\" target=\"_blank\" rel=\"noopener\"><br \/>\n                    <i class=\"fa fa-download\" \/><\/a><\/td><td class=\"column-4\">                <a href=\"https:\/\/www.oaxaca.gob.mx\/dgite\/wp-content\/uploads\/sites\/77\/2022\/11\/172-2.pdf\" target=\"_blank\" rel=\"noopener\"><br \/>\n                    <i class=\"fa fa-download\" \/><\/a><\/td><td class=\"column-5\">                <a href=\"https:\/\/www.oaxaca.gob.mx\/dgite\/wp-content\/uploads\/sites\/77\/2022\/11\/172-3.pdf\" target=\"_blank\" rel=\"noopener\"><br \/>\n                    <i class=\"fa fa-download\" \/><\/a><\/td>\n<\/tr>\n<tr class=\"row-54\">\n\t<td class=\"column-1\">173<\/td><td class=\"column-2\">PREVENCI\u00d3N Y RESOLUCI\u00d3N DE CONFLICTOS EN LA PRESTACI\u00d3N DE LOS SERVICIOS DE SALUD<\/td><td class=\"column-3\">                <a href=\"https:\/\/www.oaxaca.gob.mx\/dgite\/wp-content\/uploads\/sites\/77\/2022\/11\/173-1.pdf\" target=\"_blank\" rel=\"noopener\"><br \/>\n                    <i class=\"fa fa-download\" \/><\/a><\/td><td class=\"column-4\">                <a href=\"https:\/\/www.oaxaca.gob.mx\/dgite\/wp-content\/uploads\/sites\/77\/2022\/11\/173-2.pdf\" target=\"_blank\" rel=\"noopener\"><br \/>\n                    <i class=\"fa fa-download\" \/><\/a><\/td><td class=\"column-5\">                <a href=\"https:\/\/www.oaxaca.gob.mx\/dgite\/wp-content\/uploads\/sites\/77\/2022\/11\/173-3.pdf\" target=\"_blank\" rel=\"noopener\"><br \/>\n                    <i class=\"fa fa-download\" \/><\/a><\/td>\n<\/tr>\n<tr class=\"row-55\">\n\t<td class=\"column-1\">174<\/td><td class=\"column-2\">PROMOCI\u00d3N, RECREACI\u00d3N Y FOMENTO DE LA ACTIVACI\u00d3N F\u00cdSICA Y DEL DEPORTE<\/td><td class=\"column-3\">                <a href=\"https:\/\/www.oaxaca.gob.mx\/dgite\/wp-content\/uploads\/sites\/77\/2022\/11\/174-1.pdf\" target=\"_blank\" rel=\"noopener\"><br \/>\n                    <i class=\"fa fa-download\" \/><\/a><\/td><td class=\"column-4\">                <a href=\"https:\/\/www.oaxaca.gob.mx\/dgite\/wp-content\/uploads\/sites\/77\/2022\/11\/174-2.pdf\" target=\"_blank\" rel=\"noopener\"><br \/>\n                    <i class=\"fa fa-download\" \/><\/a><\/td><td class=\"column-5\">                <a href=\"https:\/\/www.oaxaca.gob.mx\/dgite\/wp-content\/uploads\/sites\/77\/2022\/11\/174-3.pdf\" target=\"_blank\" rel=\"noopener\"><br \/>\n                    <i class=\"fa fa-download\" \/><\/a><\/td>\n<\/tr>\n<tr class=\"row-56\">\n\t<td class=\"column-1\">177<\/td><td class=\"column-2\">PRODUCCI\u00d3N, TRANSMISI\u00d3N Y COBERTURA DE RADIO, TELEVISI\u00d3N Y TELECOMUNICACIONES P\u00daBLICAS<\/td><td class=\"column-3\">                <a href=\"https:\/\/www.oaxaca.gob.mx\/dgite\/wp-content\/uploads\/sites\/77\/2022\/11\/177-1.pdf\" target=\"_blank\" rel=\"noopener\"><br \/>\n                    <i class=\"fa fa-download\" \/><\/a><\/td><td class=\"column-4\"><a href=\"https:\/\/www.oaxaca.gob.mx\/dgite\/wp-content\/uploads\/sites\/77\/2022\/11\/177-2.pdf\" target=\"_blank\" rel=\"noopener\"><br \/>\n                    <i class=\"fa fa-download\" \/><\/a><\/td><td class=\"column-5\"><a href=\"https:\/\/www.oaxaca.gob.mx\/dgite\/wp-content\/uploads\/sites\/77\/2022\/11\/177-3.pdf\" target=\"_blank\" rel=\"noopener\"><br \/>\n                    <i class=\"fa fa-download\" \/><\/a><\/td>\n<\/tr>\n<tr class=\"row-57\">\n\t<td class=\"column-1\">178<\/td><td class=\"column-2\">DIFUSI\u00d3N DE ACCIONES, PROGRAMAS Y POL\u00cdTICAS GUBERNAMENTALES<\/td><td class=\"column-3\">                <a href=\"https:\/\/www.oaxaca.gob.mx\/dgite\/wp-content\/uploads\/sites\/77\/2022\/11\/178-1.pdf\" target=\"_blank\" rel=\"noopener\"><br \/>\n                    <i class=\"fa fa-download\" \/><\/a><\/td><td class=\"column-4\">                <a href=\"https:\/\/www.oaxaca.gob.mx\/dgite\/wp-content\/uploads\/sites\/77\/2022\/11\/178-2.pdf\" target=\"_blank\" rel=\"noopener\"><br \/>\n                    <i class=\"fa fa-download\" \/><\/a><\/td><td class=\"column-5\">                <a href=\"https:\/\/www.oaxaca.gob.mx\/dgite\/wp-content\/uploads\/sites\/77\/2022\/11\/178-3.pdf\" target=\"_blank\" rel=\"noopener\"><br \/>\n                    <i class=\"fa fa-download\" \/><\/a><\/td>\n<\/tr>\n<tr class=\"row-58\">\n\t<td class=\"column-1\">179<\/td><td class=\"column-2\">FORTALECIMIENTO DE LAS ACTIVIDADES DEL PODER EJECUTIVO<\/td><td class=\"column-3\">                <a href=\"https:\/\/www.oaxaca.gob.mx\/dgite\/wp-content\/uploads\/sites\/77\/2022\/11\/179-1.pdf\" target=\"_blank\" rel=\"noopener\"><br \/>\n                    <i class=\"fa fa-download\" \/><\/a><\/td><td class=\"column-4\">                <a href=\"https:\/\/www.oaxaca.gob.mx\/dgite\/wp-content\/uploads\/sites\/77\/2022\/11\/179-2.pdf\" target=\"_blank\" rel=\"noopener\"><br \/>\n                    <i class=\"fa fa-download\" \/><\/a><\/td><td class=\"column-5\">                <a href=\"https:\/\/www.oaxaca.gob.mx\/dgite\/wp-content\/uploads\/sites\/77\/2022\/11\/179-3.pdf\" target=\"_blank\" rel=\"noopener\"><br \/>\n                    <i class=\"fa fa-download\" \/><\/a><\/td>\n<\/tr>\n<tr class=\"row-59\">\n\t<td class=\"column-1\">181<\/td><td class=\"column-2\">M\u00c1S OAXACA<\/td><td class=\"column-3\">                <a href=\"https:\/\/www.oaxaca.gob.mx\/dgite\/wp-content\/uploads\/sites\/77\/2022\/11\/181-1.pdf\" target=\"_blank\" rel=\"noopener\"><br \/>\n                    <i class=\"fa fa-download\" \/><\/a><\/td><td class=\"column-4\">                <a href=\"https:\/\/www.oaxaca.gob.mx\/dgite\/wp-content\/uploads\/sites\/77\/2022\/11\/181-2.pdf\" target=\"_blank\" rel=\"noopener\"><br \/>\n                    <i class=\"fa fa-download\" \/><\/a><\/td><td class=\"column-5\">                <a href=\"https:\/\/www.oaxaca.gob.mx\/dgite\/wp-content\/uploads\/sites\/77\/2022\/11\/181-3.pdf\" target=\"_blank\" rel=\"noopener\"><br \/>\n                    <i class=\"fa fa-download\" \/><\/a><\/td>\n<\/tr>\n<tr class=\"row-60\">\n\t<td class=\"column-1\">182<\/td><td class=\"column-2\">FORMACION ACADEMICA INTEGRAL<\/td><td class=\"column-3\">                <a href=\"https:\/\/www.oaxaca.gob.mx\/dgite\/wp-content\/uploads\/sites\/77\/2022\/11\/182-1.pdf\" target=\"_blank\" rel=\"noopener\"><br \/>\n                    <i class=\"fa fa-download\" \/><\/a><\/td><td class=\"column-4\">                <a href=\"https:\/\/www.oaxaca.gob.mx\/dgite\/wp-content\/uploads\/sites\/77\/2022\/11\/182-2.pdf\" target=\"_blank\" rel=\"noopener\"><br \/>\n                    <i class=\"fa fa-download\" \/><\/a><\/td><td class=\"column-5\">                <a href=\"https:\/\/www.oaxaca.gob.mx\/dgite\/wp-content\/uploads\/sites\/77\/2022\/11\/182-3.pdf\" target=\"_blank\" rel=\"noopener\"><br \/>\n                    <i class=\"fa fa-download\" \/><\/a><\/td>\n<\/tr>\n<tr class=\"row-61\">\n\t<td class=\"column-1\">183<\/td><td class=\"column-2\">FORMACI\u00d3N Y DESARROLLO PROFESIONAL DOCENTE<\/td><td class=\"column-3\">                <a href=\"https:\/\/www.oaxaca.gob.mx\/dgite\/wp-content\/uploads\/sites\/77\/2022\/11\/183-1.pdf\" target=\"_blank\" rel=\"noopener\"><br \/>\n                    <i class=\"fa fa-download\" \/><\/a><\/td><td class=\"column-4\">                <a href=\"https:\/\/www.oaxaca.gob.mx\/dgite\/wp-content\/uploads\/sites\/77\/2022\/11\/183-2.pdf\" target=\"_blank\" rel=\"noopener\"><br \/>\n                    <i class=\"fa fa-download\" \/><\/a><\/td><td class=\"column-5\">                <a href=\"https:\/\/www.oaxaca.gob.mx\/dgite\/wp-content\/uploads\/sites\/77\/2022\/11\/183-3.pdf\" target=\"_blank\" rel=\"noopener\"><br \/>\n                    <i class=\"fa fa-download\" \/><\/a><\/td>\n<\/tr>\n<tr class=\"row-62\">\n\t<td class=\"column-1\">184<\/td><td class=\"column-2\">ADMINISTRACI\u00d3N ESTRAT\u00c9GICA EN EL QUEHACER EDUCATIVO<\/td><td class=\"column-3\">                <a href=\"https:\/\/www.oaxaca.gob.mx\/dgite\/wp-content\/uploads\/sites\/77\/2022\/11\/184-1.pdf\" target=\"_blank\" rel=\"noopener\"><br \/>\n                    <i class=\"fa fa-download\" \/><\/a><\/td><td class=\"column-4\">                <a href=\"https:\/\/www.oaxaca.gob.mx\/dgite\/wp-content\/uploads\/sites\/77\/2022\/11\/184-2.pdf\" target=\"_blank\" rel=\"noopener\"><br \/>\n                    <i class=\"fa fa-download\" \/><\/a><\/td><td class=\"column-5\">                <a href=\"https:\/\/www.oaxaca.gob.mx\/dgite\/wp-content\/uploads\/sites\/77\/2022\/11\/184-3.pdf\" target=\"_blank\" rel=\"noopener\"><br \/>\n                    <i class=\"fa fa-download\" \/><\/a><\/td>\n<\/tr>\n<tr class=\"row-63\">\n\t<td class=\"column-1\">187<\/td><td class=\"column-2\">ADMINISTRACI\u00d3N DE JUSTICIA EN MATERIA AMBIENTAL<\/td><td class=\"column-3\">                <a href=\"https:\/\/www.oaxaca.gob.mx\/dgite\/wp-content\/uploads\/sites\/77\/2022\/11\/187-1.pdf\" target=\"_blank\" rel=\"noopener\"><br \/>\n                    <i class=\"fa fa-download\" \/><\/a><\/td><td class=\"column-4\">                <a href=\"https:\/\/www.oaxaca.gob.mx\/dgite\/wp-content\/uploads\/sites\/77\/2022\/11\/187-2.pdf\" target=\"_blank\" rel=\"noopener\"><br \/>\n                    <i class=\"fa fa-download\" \/><\/a><\/td><td class=\"column-5\">                <a href=\"https:\/\/www.oaxaca.gob.mx\/dgite\/wp-content\/uploads\/sites\/77\/2022\/11\/187-3.pdf\" target=\"_blank\" rel=\"noopener\"><br \/>\n                    <i class=\"fa fa-download\" \/><\/a><\/td>\n<\/tr>\n<tr class=\"row-64\">\n\t<td class=\"column-1\">188<\/td><td class=\"column-2\">CAMBIO CLIM\u00c1TICO<\/td><td class=\"column-3\">                <a href=\"https:\/\/www.oaxaca.gob.mx\/dgite\/wp-content\/uploads\/sites\/77\/2022\/11\/188-1.pdf\" target=\"_blank\" rel=\"noopener\"><br \/>\n                    <i class=\"fa fa-download\" \/><\/a><\/td><td class=\"column-4\">                <a href=\"https:\/\/www.oaxaca.gob.mx\/dgite\/wp-content\/uploads\/sites\/77\/2022\/11\/188-2.pdf\" target=\"_blank\" rel=\"noopener\"><br \/>\n                    <i class=\"fa fa-download\" \/><\/a><\/td><td class=\"column-5\">                <a href=\"https:\/\/www.oaxaca.gob.mx\/dgite\/wp-content\/uploads\/sites\/77\/2022\/11\/188-3.pdf\" target=\"_blank\" rel=\"noopener\"><br \/>\n                    <i class=\"fa fa-download\" \/><\/a><\/td>\n<\/tr>\n<tr class=\"row-65\">\n\t<td class=\"column-1\">189<\/td><td class=\"column-2\">ORDENAMIENTO ECOL\u00d3GICO TERRITORIAL<\/td><td class=\"column-3\">                <a href=\"https:\/\/www.oaxaca.gob.mx\/dgite\/wp-content\/uploads\/sites\/77\/2022\/11\/189-1.pdf\" target=\"_blank\" rel=\"noopener\"><br \/>\n                    <i class=\"fa fa-download\" \/><\/a><\/td><td class=\"column-4\">                <a href=\"https:\/\/www.oaxaca.gob.mx\/dgite\/wp-content\/uploads\/sites\/77\/2022\/11\/189-2.pdf\" target=\"_blank\" rel=\"noopener\"><br \/>\n                    <i class=\"fa fa-download\" \/><\/a><\/td><td class=\"column-5\">                <a href=\"https:\/\/www.oaxaca.gob.mx\/dgite\/wp-content\/uploads\/sites\/77\/2022\/11\/189-3.pdf\" target=\"_blank\" rel=\"noopener\"><br \/>\n                    <i class=\"fa fa-download\" \/><\/a><\/td>\n<\/tr>\n<tr class=\"row-66\">\n\t<td class=\"column-1\">190<\/td><td class=\"column-2\">FOMENTO A LA INVERSION EN ENERGIAS RENOVABLES<\/td><td class=\"column-3\">                <a href=\"https:\/\/www.oaxaca.gob.mx\/dgite\/wp-content\/uploads\/sites\/77\/2022\/11\/190-1.pdf\" target=\"_blank\" rel=\"noopener\"><br \/>\n                    <i class=\"fa fa-download\" \/><\/a><\/td><td class=\"column-4\">                <a href=\"https:\/\/www.oaxaca.gob.mx\/dgite\/wp-content\/uploads\/sites\/77\/2022\/11\/190-2.pdf\" target=\"_blank\" rel=\"noopener\"><br \/>\n                    <i class=\"fa fa-download\" \/><\/a><\/td><td class=\"column-5\">                <a href=\"https:\/\/www.oaxaca.gob.mx\/dgite\/wp-content\/uploads\/sites\/77\/2022\/11\/190-3.pdf\" target=\"_blank\" rel=\"noopener\"><br \/>\n                    <i class=\"fa fa-download\" \/><\/a><\/td>\n<\/tr>\n<tr class=\"row-67\">\n\t<td class=\"column-1\">191<\/td><td class=\"column-2\">CONSERVACI\u00d3N Y RESTAURACI\u00d3N FORESTAL<\/td><td class=\"column-3\">                <a href=\"https:\/\/www.oaxaca.gob.mx\/dgite\/wp-content\/uploads\/sites\/77\/2022\/11\/191-1.pdf\" target=\"_blank\" rel=\"noopener\"><br \/>\n                    <i class=\"fa fa-download\" \/><\/a><\/td><td class=\"column-4\">                <a href=\"https:\/\/www.oaxaca.gob.mx\/dgite\/wp-content\/uploads\/sites\/77\/2022\/11\/191-2.pdf\" target=\"_blank\" rel=\"noopener\"><br \/>\n                    <i class=\"fa fa-download\" \/><\/a><\/td><td class=\"column-5\">                <a href=\"https:\/\/www.oaxaca.gob.mx\/dgite\/wp-content\/uploads\/sites\/77\/2022\/11\/191-3.pdf\" target=\"_blank\" rel=\"noopener\"><br \/>\n                    <i class=\"fa fa-download\" \/><\/a><\/td>\n<\/tr>\n<tr class=\"row-68\">\n\t<td class=\"column-1\">192<\/td><td class=\"column-2\">GESTI\u00d3N INTEGRAL DE RESIDUOS S\u00d3LIDOS<\/td><td class=\"column-3\">                <a href=\"https:\/\/www.oaxaca.gob.mx\/dgite\/wp-content\/uploads\/sites\/77\/2022\/11\/192-1.pdf\" target=\"_blank\" rel=\"noopener\"><br \/>\n                    <i class=\"fa fa-download\" \/><\/a><\/td><td class=\"column-4\">                <a href=\"https:\/\/www.oaxaca.gob.mx\/dgite\/wp-content\/uploads\/sites\/77\/2022\/11\/192-2.pdf\" target=\"_blank\" rel=\"noopener\"><br \/>\n                    <i class=\"fa fa-download\" \/><\/a><\/td><td class=\"column-5\">                <a href=\"https:\/\/www.oaxaca.gob.mx\/dgite\/wp-content\/uploads\/sites\/77\/2022\/11\/192-3.pdf\" target=\"_blank\" rel=\"noopener\"><br \/>\n                    <i class=\"fa fa-download\" \/><\/a><\/td>\n<\/tr>\n<tr class=\"row-69\">\n\t<td class=\"column-1\">193<\/td><td class=\"column-2\">DESARROLLO DE PROYECTOS DE ENERGIAS RENOVABLES<\/td><td class=\"column-3\">                <a href=\"https:\/\/www.oaxaca.gob.mx\/dgite\/wp-content\/uploads\/sites\/77\/2022\/11\/193-1.pdf\" target=\"_blank\" rel=\"noopener\"><br \/>\n                    <i class=\"fa fa-download\" \/><\/a><\/td><td class=\"column-4\">                <a href=\"https:\/\/www.oaxaca.gob.mx\/dgite\/wp-content\/uploads\/sites\/77\/2022\/11\/193-2.pdf\" target=\"_blank\" rel=\"noopener\"><br \/>\n                    <i class=\"fa fa-download\" \/><\/a><\/td><td class=\"column-5\">                <a href=\"https:\/\/www.oaxaca.gob.mx\/dgite\/wp-content\/uploads\/sites\/77\/2022\/11\/193-3.pdf\" target=\"_blank\" rel=\"noopener\"><br \/>\n                    <i class=\"fa fa-download\" \/><\/a><\/td>\n<\/tr>\n<tr class=\"row-70\">\n\t<td class=\"column-1\">194<\/td><td class=\"column-2\">ORDENAMIENTO TERRITORIAL Y DESARROLLO HUMANO<\/td><td class=\"column-3\">                <a href=\"https:\/\/www.oaxaca.gob.mx\/dgite\/wp-content\/uploads\/sites\/77\/2022\/11\/194-1.pdf\" target=\"_blank\" rel=\"noopener\"><br \/>\n                    <i class=\"fa fa-download\" \/><\/a><\/td><td class=\"column-4\">                <a href=\"https:\/\/www.oaxaca.gob.mx\/dgite\/wp-content\/uploads\/sites\/77\/2022\/11\/194-2.pdf\" target=\"_blank\" rel=\"noopener\"><br \/>\n                    <i class=\"fa fa-download\" \/><\/a><\/td><td class=\"column-5\">                <a href=\"https:\/\/www.oaxaca.gob.mx\/dgite\/wp-content\/uploads\/sites\/77\/2022\/11\/194-3.pdf\" target=\"_blank\" rel=\"noopener\"><br \/>\n                    <i class=\"fa fa-download\" \/><\/a><\/td>\n<\/tr>\n<tr class=\"row-71\">\n\t<td class=\"column-1\">195<\/td><td class=\"column-2\">PLANEACI\u00d3N TUR\u00cdSTICA Y DESARROLLO ESTRAT\u00c9GICO<\/td><td class=\"column-3\">                <a href=\"https:\/\/www.oaxaca.gob.mx\/dgite\/wp-content\/uploads\/sites\/77\/2022\/11\/195-1.pdf\" target=\"_blank\" rel=\"noopener\"><br \/>\n                    <i class=\"fa fa-download\" \/><\/a><\/td><td class=\"column-4\">                <a href=\"https:\/\/www.oaxaca.gob.mx\/dgite\/wp-content\/uploads\/sites\/77\/2022\/11\/195-2.pdf\" target=\"_blank\" rel=\"noopener\"><br \/>\n                    <i class=\"fa fa-download\" \/><\/a><\/td><td class=\"column-5\">                <a href=\"https:\/\/www.oaxaca.gob.mx\/dgite\/wp-content\/uploads\/sites\/77\/2022\/11\/195-3.pdf\" target=\"_blank\" rel=\"noopener\"><br \/>\n                    <i class=\"fa fa-download\" \/><\/a><\/td>\n<\/tr>\n<tr class=\"row-72\">\n\t<td class=\"column-1\">196<\/td><td class=\"column-2\">PROFESIONALIZACI\u00d3N TUR\u00cdSTICA<\/td><td class=\"column-3\">                <a href=\"https:\/\/www.oaxaca.gob.mx\/dgite\/wp-content\/uploads\/sites\/77\/2022\/11\/196-1.pdf\" target=\"_blank\" rel=\"noopener\"><br \/>\n                    <i class=\"fa fa-download\" \/><\/a><\/td><td class=\"column-4\">                <a href=\"https:\/\/www.oaxaca.gob.mx\/dgite\/wp-content\/uploads\/sites\/77\/2022\/11\/196-2.pdf\" target=\"_blank\" rel=\"noopener\"><br \/>\n                    <i class=\"fa fa-download\" \/><\/a><\/td><td class=\"column-5\">                <a href=\"https:\/\/www.oaxaca.gob.mx\/dgite\/wp-content\/uploads\/sites\/77\/2022\/11\/196-3.pdf\" target=\"_blank\" rel=\"noopener\"><br \/>\n                    <i class=\"fa fa-download\" \/><\/a><\/td>\n<\/tr>\n<tr class=\"row-73\">\n\t<td class=\"column-1\">197<\/td><td class=\"column-2\">COMERCIALIZACI\u00d3N TUR\u00cdSTICA<\/td><td class=\"column-3\">                <a href=\"https:\/\/www.oaxaca.gob.mx\/dgite\/wp-content\/uploads\/sites\/77\/2022\/11\/197-1.pdf\" target=\"_blank\" rel=\"noopener\"><br \/>\n                    <i class=\"fa fa-download\" \/><\/a><\/td><td class=\"column-4\">                <a href=\"https:\/\/www.oaxaca.gob.mx\/dgite\/wp-content\/uploads\/sites\/77\/2022\/11\/197-2.pdf\" target=\"_blank\" rel=\"noopener\"><br \/>\n                    <i class=\"fa fa-download\" \/><\/a><\/td><td class=\"column-5\">                <a href=\"https:\/\/www.oaxaca.gob.mx\/dgite\/wp-content\/uploads\/sites\/77\/2022\/11\/197-3.pdf\" target=\"_blank\" rel=\"noopener\"><br \/>\n                    <i class=\"fa fa-download\" \/><\/a><\/td>\n<\/tr>\n<tr class=\"row-74\">\n\t<td class=\"column-1\">198<\/td><td class=\"column-2\">DESARROLLO TUR\u00cdSTICO SUSTENTABLE<\/td><td class=\"column-3\">                <a href=\"https:\/\/www.oaxaca.gob.mx\/dgite\/wp-content\/uploads\/sites\/77\/2022\/11\/198-1.pdf\" target=\"_blank\" rel=\"noopener\"><br \/>\n                    <i class=\"fa fa-download\" \/><\/a><\/td><td class=\"column-4\">                <a href=\"https:\/\/www.oaxaca.gob.mx\/dgite\/wp-content\/uploads\/sites\/77\/2022\/11\/198-2.pdf\" target=\"_blank\" rel=\"noopener\"><br \/>\n                    <i class=\"fa fa-download\" \/><\/a><\/td><td class=\"column-5\">                <a href=\"https:\/\/www.oaxaca.gob.mx\/dgite\/wp-content\/uploads\/sites\/77\/2022\/11\/198-3.pdf\" target=\"_blank\" rel=\"noopener\"><br \/>\n                    <i class=\"fa fa-download\" \/><\/a><\/td>\n<\/tr>\n<tr class=\"row-75\">\n\t<td class=\"column-1\">200<\/td><td class=\"column-2\">AMPLIACI\u00d3N DE LA COBERTURA DE EDUCACI\u00d3N MEDIA SUPERIOR<\/td><td class=\"column-3\">                <a href=\"https:\/\/www.oaxaca.gob.mx\/dgite\/wp-content\/uploads\/sites\/77\/2022\/11\/200-1.pdf\" target=\"_blank\" rel=\"noopener\"><br \/>\n                    <i class=\"fa fa-download\" \/><\/a><\/td><td class=\"column-4\">                <a href=\"https:\/\/www.oaxaca.gob.mx\/dgite\/wp-content\/uploads\/sites\/77\/2022\/11\/200-2.pdf\" target=\"_blank\" rel=\"noopener\"><br \/>\n                    <i class=\"fa fa-download\" \/><\/a><\/td><td class=\"column-5\">                <a href=\"https:\/\/www.oaxaca.gob.mx\/dgite\/wp-content\/uploads\/sites\/77\/2022\/11\/200-3.pdf\" target=\"_blank\" rel=\"noopener\"><br \/>\n                    <i class=\"fa fa-download\" \/><\/a><\/td>\n<\/tr>\n<tr class=\"row-76\">\n\t<td class=\"column-1\">201<\/td><td class=\"column-2\">SALVAGUARDAR EL PATRIMONIO CULTURAL E INMATERIAL<\/td><td class=\"column-3\">                <a href=\"https:\/\/www.oaxaca.gob.mx\/dgite\/wp-content\/uploads\/sites\/77\/2022\/11\/201-1.pdf\" target=\"_blank\" rel=\"noopener\"><br \/>\n                    <i class=\"fa fa-download\" \/><\/a><\/td><td class=\"column-4\"><a href=\"https:\/\/www.oaxaca.gob.mx\/dgite\/wp-content\/uploads\/sites\/77\/2022\/11\/201-2.pdf\" target=\"_blank\" rel=\"noopener\"><br \/>\n                    <i class=\"fa fa-download\" \/><\/a><\/td><td class=\"column-5\"><a href=\"https:\/\/www.oaxaca.gob.mx\/dgite\/wp-content\/uploads\/sites\/77\/2022\/11\/201-3.pdf\" target=\"_blank\" rel=\"noopener\"><br \/>\n                    <i class=\"fa fa-download\" \/><\/a><\/td>\n<\/tr>\n<tr class=\"row-77\">\n\t<td class=\"column-1\">203<\/td><td class=\"column-2\">DESARROLLO SUSTENTABLE Y SOSTENIBLE DE LA PRODUCCI\u00d3N CULTURAL<\/td><td class=\"column-3\"><a href=\"https:\/\/www.oaxaca.gob.mx\/dgite\/wp-content\/uploads\/sites\/77\/2022\/11\/203-1.pdf\" target=\"_blank\" rel=\"noopener\"><i class=\"fa fa-download\" \/><\/a><\/td><td class=\"column-4\"><a href=\"https:\/\/www.oaxaca.gob.mx\/dgite\/wp-content\/uploads\/sites\/77\/2022\/11\/203-2.pdf\" target=\"_blank\" rel=\"noopener\"><i class=\"fa fa-download\" \/><\/a><\/td><td class=\"column-5\"><a href=\"https:\/\/www.oaxaca.gob.mx\/dgite\/wp-content\/uploads\/sites\/77\/2022\/11\/203-3.pdf\" target=\"_blank\" rel=\"noopener\"><i class=\"fa fa-download\" \/><\/a><\/td>\n<\/tr>\n<tr class=\"row-78\">\n\t<td class=\"column-1\">207<\/td><td class=\"column-2\">FORTALECIMIENTO A LA INFRAESTRUCTURA F\u00cdSICA EDUCATIVA<\/td><td class=\"column-3\"><a href=\"https:\/\/www.oaxaca.gob.mx\/dgite\/wp-content\/uploads\/sites\/77\/2022\/11\/207-1.pdf\" target=\"_blank\" rel=\"noopener\"><br \/>\n                    <i class=\"fa fa-download\" \/><br \/>\n                <\/a><\/td><td class=\"column-4\"><a href=\"https:\/\/www.oaxaca.gob.mx\/dgite\/wp-content\/uploads\/sites\/77\/2022\/11\/207-2.pdf\" target=\"_blank\" rel=\"noopener\"><br \/>\n                    <i class=\"fa fa-download\" \/><br \/>\n                <\/a><\/td><td class=\"column-5\"><a href=\"https:\/\/www.oaxaca.gob.mx\/dgite\/wp-content\/uploads\/sites\/77\/2022\/11\/207-3.pdf\" target=\"_blank\" rel=\"noopener\"><br \/>\n                    <i class=\"fa fa-download\" \/><br \/>\n                <\/a><\/td>\n<\/tr>\n<tr class=\"row-79\">\n\t<td class=\"column-1\">208<\/td><td class=\"column-2\">PROMOCION Y GESTION DE RECURSOS PARA LA INCLUSION Y EL DESARROLLO ECONOMICO A FAVOR DE LOS MIGRANTES Y SUS FAMILIAS<\/td><td class=\"column-3\"><a href=\"https:\/\/www.oaxaca.gob.mx\/dgite\/wp-content\/uploads\/sites\/77\/2022\/11\/208-1.pdf\" target=\"_blank\" rel=\"noopener\"><br \/>\n                    <i class=\"fa fa-download\" \/><br \/>\n                <\/a><\/td><td class=\"column-4\"><a href=\"https:\/\/www.oaxaca.gob.mx\/dgite\/wp-content\/uploads\/sites\/77\/2022\/11\/208-2.pdf\" target=\"_blank\" rel=\"noopener\"><br \/>\n                    <i class=\"fa fa-download\" \/><br \/>\n                <\/a><\/td><td class=\"column-5\"><a href=\"https:\/\/www.oaxaca.gob.mx\/dgite\/wp-content\/uploads\/sites\/77\/2022\/11\/208-3.pdf\" target=\"_blank\" rel=\"noopener\"><br \/>\n                    <i class=\"fa fa-download\" \/><br \/>\n                <\/a><\/td>\n<\/tr>\n<tr class=\"row-80\">\n\t<td class=\"column-1\">209<\/td><td class=\"column-2\">MOVILIDAD INTEGRAL URBANA<\/td><td class=\"column-3\"><a href=\"https:\/\/www.oaxaca.gob.mx\/dgite\/wp-content\/uploads\/sites\/77\/2022\/11\/209-1.pdf\" target=\"_blank\" rel=\"noopener\"><i class=\"fa fa-download\" \/><\/a><\/td><td class=\"column-4\"><a href=\"https:\/\/www.oaxaca.gob.mx\/dgite\/wp-content\/uploads\/sites\/77\/2022\/11\/209-2.pdf\" target=\"_blank\" rel=\"noopener\"><i class=\"fa fa-download\" \/><\/a><\/td><td class=\"column-5\"><a href=\"https:\/\/www.oaxaca.gob.mx\/dgite\/wp-content\/uploads\/sites\/77\/2022\/11\/209-3.pdf\" target=\"_blank\" rel=\"noopener\"><i class=\"fa fa-download\" \/><\/a><\/td>\n<\/tr>\n<tr class=\"row-81\">\n\t<td class=\"column-1\">210<\/td><td class=\"column-2\">APROVECHAMIENTO SUSTENTABLE DE FACTORES PRODUCTIVOS DEL ESTADO<\/td><td class=\"column-3\"><a href=\"https:\/\/www.oaxaca.gob.mx\/dgite\/wp-content\/uploads\/sites\/77\/2022\/11\/210-1.pdf\" target=\"_blank\" rel=\"noopener\"><br \/>\n                    <i class=\"fa fa-download\" \/><\/a><\/td><td class=\"column-4\"><a href=\"https:\/\/www.oaxaca.gob.mx\/dgite\/wp-content\/uploads\/sites\/77\/2022\/11\/210-2.pdf\" target=\"_blank\" rel=\"noopener\"><br \/>\n                    <i class=\"fa fa-download\" \/><\/a><\/td><td class=\"column-5\"><a href=\"https:\/\/www.oaxaca.gob.mx\/dgite\/wp-content\/uploads\/sites\/77\/2022\/11\/210-3.pdf\" target=\"_blank\" rel=\"noopener\"><br \/>\n                    <i class=\"fa fa-download\" \/><\/a><\/td>\n<\/tr>\n<\/tbody>\n<\/table>\n\n<\/div>\n<div id=\"nav_2019\" class=\"tab-pane fade\" role=\"tabpanel\" aria-labelledby=\"nav_tab_2019\">\n<h4>Matriz de Indicadores para Resultados 2019<\/h4>\n\n<table id=\"tablepress-217\" class=\"tablepress tablepress-id-217\">\n<thead>\n<tr class=\"row-1\">\n\t<th class=\"column-1\">N\u00fam.<\/th><th class=\"column-2\">Programa<\/th><th class=\"column-3\">MIR<\/th><th colspan=\"2\" class=\"column-4\">Fichas T\u00e9cnicas<\/th><th colspan=\"4\" class=\"column-6\">Reporte anual<\/th>\n<\/tr>\n<\/thead>\n<tbody class=\"row-hover\">\n<tr class=\"row-2\">\n\t<td class=\"column-1\"><\/td><td class=\"column-2\"><\/td><td class=\"column-3\"><\/td><td class=\"column-4\">Fin<\/td><td class=\"column-5\">Prop\u00f3sito<\/td><td class=\"column-6\">1er. Trimestre<\/td><td class=\"column-7\">2do. Trimestre<\/td><td class=\"column-8\">3er. Trimestre<\/td><td class=\"column-9\">4to. Trimestre<\/td>\n<\/tr>\n<tr class=\"row-3\">\n\t<td class=\"column-1\">101<\/td><td class=\"column-2\">FORTALECIMIENTO A LA VIVIENDA<\/td><td class=\"column-3\"><a href=\"\/wp-content\/uploads\/sites\/77\/pdf\/monitoreo\/progs19\/mir\/101.pdf\" target=\"_blank\" rel=\"noopener noreferrer\"><br \/>\n                    <i class=\"fa fa-download\" \/><br \/>\n                <\/a><\/td><td class=\"column-4\"><a href=\"\/wp-content\/uploads\/sites\/77\/pdf\/monitoreo\/progs19\/fin\/101.pdf\" target=\"_blank\" rel=\"noopener noreferrer\"><br \/>\n                    <i class=\"fa fa-download\" \/><br \/>\n                <\/a><\/td><td class=\"column-5\"><a href=\"\/wp-content\/uploads\/sites\/77\/pdf\/monitoreo\/progs19\/proposito\/101.pdf\" target=\"_blank\" rel=\"noopener noreferrer\"><br \/>\n                    <i class=\"fa fa-download\" \/><br \/>\n                <\/a><\/td><td class=\"column-6\"><a href=\"\/wp-content\/uploads\/sites\/77\/pdf\/monitoreo\/progs19\/RAG1\/101.pdf\" target=\"_blank\" rel=\"noopener noreferrer\"><br \/>\n                    <i class=\"fa fa-download\" \/><br \/>\n                <\/a><\/td><td class=\"column-7\"><a href=\"https:\/\/www.oaxaca.gob.mx\/dgite\/wp-content\/uploads\/sites\/77\/2022\/11\/101-2do.pdf\" target=\"_blank\" rel=\"noopener noreferrer\"><br \/>\n                    <i class=\"fa fa-download\" \/><br \/>\n                <\/a><\/td><td class=\"column-8\"><a href=\"https:\/\/www.oaxaca.gob.mx\/dgite\/wp-content\/uploads\/sites\/77\/2022\/11\/101-3er.pdf\" target=\"_blank\" rel=\"noopener noreferrer\"><br \/>\n                    <i class=\"fa fa-download\" \/><br \/>\n                <\/a><\/td><td class=\"column-9\"><a href=\"https:\/\/www.oaxaca.gob.mx\/dgite\/wp-content\/uploads\/sites\/77\/2022\/11\/101-8.pdf\" target=\"_blank\" rel=\"noopener noreferrer\"><br \/>\n                    <i class=\"fa fa-download\" \/><br \/>\n                <\/a><\/td>\n<\/tr>\n<tr class=\"row-4\">\n\t<td class=\"column-1\">102<\/td><td class=\"column-2\">GOBERNABILIDAD DEMOCR\u00c1TICA<\/td><td class=\"column-3\"><a href=\"\/wp-content\/uploads\/sites\/77\/pdf\/monitoreo\/progs19\/mir\/102.pdf\" target=\"_blank\" rel=\"noopener noreferrer\"><br \/>\n                    <i class=\"fa fa-download\" \/><br \/>\n                <\/a><\/td><td class=\"column-4\">                <a href=\"\/wp-content\/uploads\/sites\/77\/pdf\/monitoreo\/progs19\/fin\/102.pdf\" target=\"_blank\" rel=\"noopener noreferrer\"><br \/>\n                    <i class=\"fa fa-download\" \/><\/a><\/td><td class=\"column-5\"><a href=\"\/wp-content\/uploads\/sites\/77\/pdf\/monitoreo\/progs19\/proposito\/102.pdf\" target=\"_blank\" rel=\"noopener noreferrer\"><br \/>\n                    <i class=\"fa fa-download\" \/><\/a><\/td><td class=\"column-6\">                <a href=\"\/wp-content\/uploads\/sites\/77\/pdf\/monitoreo\/progs19\/RAG1\/102.pdf\" target=\"_blank\" rel=\"noopener noreferrer\"><br \/>\n                    <i class=\"fa fa-download\" \/><\/a><\/td><td class=\"column-7\"><\/td><td class=\"column-8\"><\/td><td class=\"column-9\"><a href=\"https:\/\/www.oaxaca.gob.mx\/dgite\/wp-content\/uploads\/sites\/77\/2022\/11\/102-8.pdf\" target=\"_blank\" rel=\"noopener noreferrer\"><br \/>\n                    <i class=\"fa fa-download\" \/><br \/>\n                <\/a><\/td>\n<\/tr>\n<tr class=\"row-5\">\n\t<td class=\"column-1\">103<\/td><td class=\"column-2\">PROMOCI\u00d3N TUR\u00cdSTICA<\/td><td class=\"column-3\">                <a href=\"\/wp-content\/uploads\/sites\/77\/pdf\/monitoreo\/progs19\/mir\/103.pdf\" target=\"_blank\" rel=\"noopener noreferrer\"><br \/>\n                    <i class=\"fa fa-download\" \/><\/a><\/td><td class=\"column-4\"><a href=\"\/wp-content\/uploads\/sites\/77\/pdf\/monitoreo\/progs19\/fin\/103.pdf\" target=\"_blank\" rel=\"noopener noreferrer\"><br \/>\n                    <i class=\"fa fa-download\" \/><\/a><\/td><td class=\"column-5\"><a href=\"\/wp-content\/uploads\/sites\/77\/pdf\/monitoreo\/progs19\/proposito\/103.pdf\" target=\"_blank\" rel=\"noopener noreferrer\"><br \/>\n                    <i class=\"fa fa-download\" \/><\/a><\/td><td class=\"column-6\"><a href=\"\/wp-content\/uploads\/sites\/77\/pdf\/monitoreo\/progs19\/RAG1\/103.pdf\" target=\"_blank\" rel=\"noopener noreferrer\"><br \/>\n                    <i class=\"fa fa-download\" \/><\/a><\/td><td class=\"column-7\"><a href=\"https:\/\/www.oaxaca.gob.mx\/dgite\/wp-content\/uploads\/sites\/77\/2022\/11\/103-2do.pdf\" target=\"_blank\" rel=\"noopener noreferrer\"><br \/>\n                    <i class=\"fa fa-download\" \/><br \/>\n                <\/a><\/td><td class=\"column-8\"><a href=\"https:\/\/www.oaxaca.gob.mx\/dgite\/wp-content\/uploads\/sites\/77\/2022\/11\/103-3er.pdf\" target=\"_blank\" rel=\"noopener noreferrer\"><br \/>\n                    <i class=\"fa fa-download\" \/><br \/>\n                <\/a><\/td><td class=\"column-9\"><a href=\"https:\/\/www.oaxaca.gob.mx\/dgite\/wp-content\/uploads\/sites\/77\/2022\/11\/103-8.pdf\" target=\"_blank\" rel=\"noopener noreferrer\"><br \/>\n                    <i class=\"fa fa-download\" \/><br \/>\n                <\/a><\/td>\n<\/tr>\n<tr class=\"row-6\">\n\t<td class=\"column-1\">104<\/td><td class=\"column-2\">FOMENTO AL DESARROLLO DE LA CIENCIA, LA TECNOLOGIA Y LA INNOVACION<\/td><td class=\"column-3\">                <a href=\"\/wp-content\/uploads\/sites\/77\/pdf\/monitoreo\/progs19\/mir\/104.pdf\" target=\"_blank\" rel=\"noopener noreferrer\"><br \/>\n                    <i class=\"fa fa-download\" \/><\/a><\/td><td class=\"column-4\">                <a href=\"\/wp-content\/uploads\/sites\/77\/pdf\/monitoreo\/progs19\/fin\/104.pdf\" target=\"_blank\" rel=\"noopener noreferrer\"><br \/>\n                    <i class=\"fa fa-download\" \/><\/a><\/td><td class=\"column-5\">                <a href=\"\/wp-content\/uploads\/sites\/77\/pdf\/monitoreo\/progs19\/proposito\/104.pdf\" target=\"_blank\" rel=\"noopener noreferrer\"><br \/>\n                    <i class=\"fa fa-download\" \/><\/a><\/td><td class=\"column-6\">                <a href=\"\/wp-content\/uploads\/sites\/77\/pdf\/monitoreo\/progs19\/RAG1\/104.pdf\" target=\"_blank\" rel=\"noopener noreferrer\"><br \/>\n                    <i class=\"fa fa-download\" \/><\/a><\/td><td class=\"column-7\"><a href=\"https:\/\/www.oaxaca.gob.mx\/dgite\/wp-content\/uploads\/sites\/77\/2022\/11\/104-2do.pdf\" target=\"_blank\" rel=\"noopener noreferrer\"><br \/>\n                    <i class=\"fa fa-download\" \/><br \/>\n                <\/a><\/td><td class=\"column-8\"><a href=\"https:\/\/www.oaxaca.gob.mx\/dgite\/wp-content\/uploads\/sites\/77\/2022\/11\/104-3er.pdf\" target=\"_blank\" rel=\"noopener noreferrer\"><br \/>\n                    <i class=\"fa fa-download\" \/><br \/>\n                <\/a><\/td><td class=\"column-9\"><a href=\"https:\/\/www.oaxaca.gob.mx\/dgite\/wp-content\/uploads\/sites\/77\/2022\/11\/104-8.pdf\" target=\"_blank\" rel=\"noopener noreferrer\"><br \/>\n                    <i class=\"fa fa-download\" \/><br \/>\n                <\/a><\/td>\n<\/tr>\n<tr class=\"row-7\">\n\t<td class=\"column-1\">105<\/td><td class=\"column-2\">EDUCACI\u00d3N B\u00c1SICA INCLUYENTE<\/td><td class=\"column-3\">                <a href=\"\/wp-content\/uploads\/sites\/77\/pdf\/monitoreo\/progs19\/mir\/105.pdf\" target=\"_blank\" rel=\"noopener noreferrer\"><br \/>\n                    <i class=\"fa fa-download\" \/><\/a><\/td><td class=\"column-4\">                <a href=\"\/wp-content\/uploads\/sites\/77\/pdf\/monitoreo\/progs19\/fin\/105.pdf\" target=\"_blank\" rel=\"noopener noreferrer\"><br \/>\n                    <i class=\"fa fa-download\" \/><\/a><\/td><td class=\"column-5\">                <a href=\"\/wp-content\/uploads\/sites\/77\/pdf\/monitoreo\/progs19\/proposito\/105.pdf\" target=\"_blank\" rel=\"noopener noreferrer\"><br \/>\n                    <i class=\"fa fa-download\" \/><\/a><\/td><td class=\"column-6\">                <a href=\"\/wp-content\/uploads\/sites\/77\/pdf\/monitoreo\/progs19\/RAG1\/105.pdf\" target=\"_blank\" rel=\"noopener noreferrer\"><br \/>\n                    <i class=\"fa fa-download\" \/><\/a><\/td><td class=\"column-7\"><a href=\"https:\/\/www.oaxaca.gob.mx\/dgite\/wp-content\/uploads\/sites\/77\/2022\/11\/105-2do.pdf\" target=\"_blank\" rel=\"noopener noreferrer\"><br \/>\n                    <i class=\"fa fa-download\" \/><br \/>\n                <\/a><\/td><td class=\"column-8\"><a href=\"https:\/\/www.oaxaca.gob.mx\/dgite\/wp-content\/uploads\/sites\/77\/2022\/11\/105-3er.pdf\" target=\"_blank\" rel=\"noopener noreferrer\"><br \/>\n                    <i class=\"fa fa-download\" \/><br \/>\n                <\/a><\/td><td class=\"column-9\"><a href=\"https:\/\/www.oaxaca.gob.mx\/dgite\/wp-content\/uploads\/sites\/77\/2022\/11\/105-8.pdf\" target=\"_blank\" rel=\"noopener noreferrer\"><br \/>\n                    <i class=\"fa fa-download\" \/><br \/>\n                <\/a><\/td>\n<\/tr>\n<tr class=\"row-8\">\n\t<td class=\"column-1\">106<\/td><td class=\"column-2\">FORTALECIMIENTO A LA COMPETENCIA LABORAL Y EMPLEO DE CALIDAD<\/td><td class=\"column-3\">                <a href=\"\/wp-content\/uploads\/sites\/77\/pdf\/monitoreo\/progs19\/mir\/106.pdf\" target=\"_blank\" rel=\"noopener noreferrer\"><br \/>\n                    <i class=\"fa fa-download\" \/><\/a><\/td><td class=\"column-4\">                <a href=\"\/wp-content\/uploads\/sites\/77\/pdf\/monitoreo\/progs19\/fin\/106.pdf\" target=\"_blank\" rel=\"noopener noreferrer\"><br \/>\n                    <i class=\"fa fa-download\" \/><\/a><\/td><td class=\"column-5\">                <a href=\"\/wp-content\/uploads\/sites\/77\/pdf\/monitoreo\/progs19\/proposito\/106.pdf\" target=\"_blank\" rel=\"noopener noreferrer\"><br \/>\n                    <i class=\"fa fa-download\" \/><\/a><\/td><td class=\"column-6\">                <a href=\"\/wp-content\/uploads\/sites\/77\/pdf\/monitoreo\/progs19\/RAG1\/106.pdf\" target=\"_blank\" rel=\"noopener noreferrer\"><br \/>\n                    <i class=\"fa fa-download\" \/><\/a><\/td><td class=\"column-7\"><a href=\"https:\/\/www.oaxaca.gob.mx\/dgite\/wp-content\/uploads\/sites\/77\/2022\/11\/106-2do.pdf\" target=\"_blank\" rel=\"noopener noreferrer\"><br \/>\n                    <i class=\"fa fa-download\" \/><br \/>\n                <\/a><\/td><td class=\"column-8\"><a href=\"https:\/\/www.oaxaca.gob.mx\/dgite\/wp-content\/uploads\/sites\/77\/2022\/11\/106-3er.pdf\" target=\"_blank\" rel=\"noopener noreferrer\"><br \/>\n                    <i class=\"fa fa-download\" \/><br \/>\n                <\/a><\/td><td class=\"column-9\"><a href=\"https:\/\/www.oaxaca.gob.mx\/dgite\/wp-content\/uploads\/sites\/77\/2022\/11\/106-8.pdf\" target=\"_blank\" rel=\"noopener noreferrer\"><br \/>\n                    <i class=\"fa fa-download\" \/><br \/>\n                <\/a><\/td>\n<\/tr>\n<tr class=\"row-9\">\n\t<td class=\"column-1\">107<\/td><td class=\"column-2\">CERTEZA JUR\u00cdDICA PARA LA SOCIEDAD<\/td><td class=\"column-3\">                <a href=\"\/wp-content\/uploads\/sites\/77\/pdf\/monitoreo\/progs19\/mir\/107.pdf\" target=\"_blank\" rel=\"noopener noreferrer\"><br \/>\n                    <i class=\"fa fa-download\" \/><\/a><\/td><td class=\"column-4\">                <a href=\"\/wp-content\/uploads\/sites\/77\/pdf\/monitoreo\/progs19\/fin\/107.pdf\" target=\"_blank\" rel=\"noopener noreferrer\"><br \/>\n                    <i class=\"fa fa-download\" \/><\/a><\/td><td class=\"column-5\">                <a href=\"\/wp-content\/uploads\/sites\/77\/pdf\/monitoreo\/progs19\/proposito\/107.pdf\" target=\"_blank\" rel=\"noopener noreferrer\"><br \/>\n                    <i class=\"fa fa-download\" \/><\/a><\/td><td class=\"column-6\">                <a href=\"\/wp-content\/uploads\/sites\/77\/pdf\/monitoreo\/progs19\/RAG1\/107.pdf\" target=\"_blank\" rel=\"noopener noreferrer\"><br \/>\n                    <i class=\"fa fa-download\" \/><\/a><\/td><td class=\"column-7\"><a href=\"https:\/\/www.oaxaca.gob.mx\/dgite\/wp-content\/uploads\/sites\/77\/2022\/11\/107-2do.pdf\" target=\"_blank\" rel=\"noopener noreferrer\"><br \/>\n                    <i class=\"fa fa-download\" \/><br \/>\n                <\/a><\/td><td class=\"column-8\"><a href=\"https:\/\/www.oaxaca.gob.mx\/dgite\/wp-content\/uploads\/sites\/77\/2022\/11\/107-3er.pdf\" target=\"_blank\" rel=\"noopener noreferrer\"><br \/>\n                    <i class=\"fa fa-download\" \/><br \/>\n                <\/a><\/td><td class=\"column-9\"><a href=\"https:\/\/www.oaxaca.gob.mx\/dgite\/wp-content\/uploads\/sites\/77\/2022\/11\/107-8.pdf\" target=\"_blank\" rel=\"noopener noreferrer\"><br \/>\n                    <i class=\"fa fa-download\" \/><br \/>\n                <\/a><\/td>\n<\/tr>\n<tr class=\"row-10\">\n\t<td class=\"column-1\">108<\/td><td class=\"column-2\">INFRAESTRUCTURA VIAL EN EL ESTADO DE OAXACA<\/td><td class=\"column-3\">                <a href=\"\/wp-content\/uploads\/sites\/77\/pdf\/monitoreo\/progs19\/mir\/108.pdf\" target=\"_blank\" rel=\"noopener noreferrer\"><br \/>\n                    <i class=\"fa fa-download\" \/><\/a><\/td><td class=\"column-4\">                <a href=\"\/wp-content\/uploads\/sites\/77\/pdf\/monitoreo\/progs19\/fin\/108.pdf\" target=\"_blank\" rel=\"noopener noreferrer\"><br \/>\n                    <i class=\"fa fa-download\" \/><\/a><\/td><td class=\"column-5\">                <a href=\"\/wp-content\/uploads\/sites\/77\/pdf\/monitoreo\/progs19\/proposito\/108.pdf\" target=\"_blank\" rel=\"noopener noreferrer\"><br \/>\n                    <i class=\"fa fa-download\" \/><\/a><\/td><td class=\"column-6\">                <a href=\"\/wp-content\/uploads\/sites\/77\/pdf\/monitoreo\/progs19\/RAG1\/108.pdf\" target=\"_blank\" rel=\"noopener noreferrer\"><br \/>\n                    <i class=\"fa fa-download\" \/><\/a><\/td><td class=\"column-7\"><a href=\"https:\/\/www.oaxaca.gob.mx\/dgite\/wp-content\/uploads\/sites\/77\/2022\/11\/108-2do.pdf\" target=\"_blank\" rel=\"noopener noreferrer\"><br \/>\n                    <i class=\"fa fa-download\" \/><br \/>\n                <\/a><\/td><td class=\"column-8\"><a href=\"https:\/\/www.oaxaca.gob.mx\/dgite\/wp-content\/uploads\/sites\/77\/2022\/11\/108-3er.pdf\" target=\"_blank\" rel=\"noopener noreferrer\"><br \/>\n                    <i class=\"fa fa-download\" \/><br \/>\n                <\/a><\/td><td class=\"column-9\"><a href=\"https:\/\/www.oaxaca.gob.mx\/dgite\/wp-content\/uploads\/sites\/77\/2022\/11\/108-8.pdf\" target=\"_blank\" rel=\"noopener noreferrer\"><br \/>\n                    <i class=\"fa fa-download\" \/><br \/>\n                <\/a><\/td>\n<\/tr>\n<tr class=\"row-11\">\n\t<td class=\"column-1\">109<\/td><td class=\"column-2\">DESARROLLO AGR\u00cdCOLA<\/td><td class=\"column-3\"><a href=\"\/wp-content\/uploads\/sites\/77\/pdf\/monitoreo\/progs19\/mir\/109.pdf\" target=\"_blank\" rel=\"noopener noreferrer\"><br \/>\n                    <i class=\"fa fa-download\" \/><\/a><\/td><td class=\"column-4\"><a href=\"\/wp-content\/uploads\/sites\/77\/pdf\/monitoreo\/progs19\/fin\/109.pdf\" target=\"_blank\" rel=\"noopener noreferrer\"><br \/>\n                    <i class=\"fa fa-download\" \/><\/a><\/td><td class=\"column-5\">                <a href=\"\/wp-content\/uploads\/sites\/77\/pdf\/monitoreo\/progs19\/proposito\/109.pdf\" target=\"_blank\" rel=\"noopener noreferrer\"><br \/>\n                    <i class=\"fa fa-download\" \/><\/a><\/td><td class=\"column-6\">                <a href=\"\/wp-content\/uploads\/sites\/77\/pdf\/monitoreo\/progs19\/RAG1\/109.pdf\" target=\"_blank\" rel=\"noopener noreferrer\"><br \/>\n                    <i class=\"fa fa-download\" \/><\/a><\/td><td class=\"column-7\"><a href=\"https:\/\/www.oaxaca.gob.mx\/dgite\/wp-content\/uploads\/sites\/77\/2022\/11\/109-2do.pdf\" target=\"_blank\" rel=\"noopener noreferrer\"><br \/>\n                    <i class=\"fa fa-download\" \/><br \/>\n                <\/a><\/td><td class=\"column-8\"><a href=\"https:\/\/www.oaxaca.gob.mx\/dgite\/wp-content\/uploads\/sites\/77\/2022\/11\/109-3er.pdf\" target=\"_blank\" rel=\"noopener noreferrer\"><br \/>\n                    <i class=\"fa fa-download\" \/><br \/>\n                <\/a><\/td><td class=\"column-9\"><a href=\"https:\/\/www.oaxaca.gob.mx\/dgite\/wp-content\/uploads\/sites\/77\/2022\/11\/109-8.pdf\" target=\"_blank\" rel=\"noopener noreferrer\"><br \/>\n                    <i class=\"fa fa-download\" \/><br \/>\n                <\/a><\/td>\n<\/tr>\n<tr class=\"row-12\">\n\t<td class=\"column-1\">110<\/td><td class=\"column-2\">DESARROLLO PECUARIO<\/td><td class=\"column-3\">                <a href=\"\/wp-content\/uploads\/sites\/77\/pdf\/monitoreo\/progs19\/mir\/110.pdf\" target=\"_blank\" rel=\"noopener noreferrer\"><br \/>\n                    <i class=\"fa fa-download\" \/><\/a><\/td><td class=\"column-4\">                <a href=\"\/wp-content\/uploads\/sites\/77\/pdf\/monitoreo\/progs19\/fin\/110.pdf\" target=\"_blank\" rel=\"noopener noreferrer\"><br \/>\n                    <i class=\"fa fa-download\" \/><\/a><\/td><td class=\"column-5\">                <a href=\"\/wp-content\/uploads\/sites\/77\/pdf\/monitoreo\/progs19\/proposito\/110.pdf\" target=\"_blank\" rel=\"noopener noreferrer\"><br \/>\n                    <i class=\"fa fa-download\" \/><\/a><\/td><td class=\"column-6\">                <a href=\"\/wp-content\/uploads\/sites\/77\/pdf\/monitoreo\/progs19\/RAG1\/110.pdf\" target=\"_blank\" rel=\"noopener noreferrer\"><br \/>\n                    <i class=\"fa fa-download\" \/><\/a><\/td><td class=\"column-7\"><a href=\"https:\/\/www.oaxaca.gob.mx\/dgite\/wp-content\/uploads\/sites\/77\/2022\/11\/110-2do.pdf\" target=\"_blank\" rel=\"noopener noreferrer\"><br \/>\n                    <i class=\"fa fa-download\" \/><br \/>\n                <\/a><\/td><td class=\"column-8\"><a href=\"https:\/\/www.oaxaca.gob.mx\/dgite\/wp-content\/uploads\/sites\/77\/2022\/11\/110-3er.pdf\" target=\"_blank\" rel=\"noopener noreferrer\"><br \/>\n                    <i class=\"fa fa-download\" \/><br \/>\n                <\/a><\/td><td class=\"column-9\"><a href=\"https:\/\/www.oaxaca.gob.mx\/dgite\/wp-content\/uploads\/sites\/77\/2022\/11\/110-8.pdf\" target=\"_blank\" rel=\"noopener noreferrer\"><br \/>\n                    <i class=\"fa fa-download\" \/><br \/>\n                <\/a><\/td>\n<\/tr>\n<tr class=\"row-13\">\n\t<td class=\"column-1\">111<\/td><td class=\"column-2\">DESARROLLO ACU\u00cdCOLA Y PESQUERO<\/td><td class=\"column-3\">                <a href=\"\/wp-content\/uploads\/sites\/77\/pdf\/monitoreo\/progs19\/mir\/111.pdf\" target=\"_blank\" rel=\"noopener noreferrer\"><br \/>\n                    <i class=\"fa fa-download\" \/><\/a><\/td><td class=\"column-4\">                <a href=\"\/wp-content\/uploads\/sites\/77\/pdf\/monitoreo\/progs19\/fin\/111.pdf\" target=\"_blank\" rel=\"noopener noreferrer\"><br \/>\n                    <i class=\"fa fa-download\" \/><\/a><\/td><td class=\"column-5\">                <a href=\"\/wp-content\/uploads\/sites\/77\/pdf\/monitoreo\/progs19\/proposito\/111.pdf\" target=\"_blank\" rel=\"noopener noreferrer\"><br \/>\n                    <i class=\"fa fa-download\" \/><\/a><\/td><td class=\"column-6\">                <a href=\"\/wp-content\/uploads\/sites\/77\/pdf\/monitoreo\/progs19\/RAG1\/111.pdf\" target=\"_blank\" rel=\"noopener noreferrer\"><br \/>\n                    <i class=\"fa fa-download\" \/><\/a><\/td><td class=\"column-7\"><a href=\"https:\/\/www.oaxaca.gob.mx\/dgite\/wp-content\/uploads\/sites\/77\/2022\/11\/111-2do.pdf\" target=\"_blank\" rel=\"noopener noreferrer\"><br \/>\n                    <i class=\"fa fa-download\" \/><br \/>\n                <\/a><\/td><td class=\"column-8\"><a href=\"https:\/\/www.oaxaca.gob.mx\/dgite\/wp-content\/uploads\/sites\/77\/2022\/11\/111-3er.pdf\" target=\"_blank\" rel=\"noopener noreferrer\"><br \/>\n                    <i class=\"fa fa-download\" \/><br \/>\n                <\/a><\/td><td class=\"column-9\"><a href=\"https:\/\/www.oaxaca.gob.mx\/dgite\/wp-content\/uploads\/sites\/77\/2022\/11\/111-8.pdf\" target=\"_blank\" rel=\"noopener noreferrer\"><br \/>\n                    <i class=\"fa fa-download\" \/><br \/>\n                <\/a><\/td>\n<\/tr>\n<tr class=\"row-14\">\n\t<td class=\"column-1\">114<\/td><td class=\"column-2\">DESARROLLO, PROFESIONALIZACION Y CERTIFICACION DE SEGURIDAD PUBLICA<\/td><td class=\"column-3\">                <a href=\"\/wp-content\/uploads\/sites\/77\/pdf\/monitoreo\/progs19\/mir\/114.pdf\" target=\"_blank\" rel=\"noopener noreferrer\"><br \/>\n                    <i class=\"fa fa-download\" \/><\/a><\/td><td class=\"column-4\">                <a href=\"\/wp-content\/uploads\/sites\/77\/pdf\/monitoreo\/progs19\/fin\/114.pdf\" target=\"_blank\" rel=\"noopener noreferrer\"><br \/>\n                    <i class=\"fa fa-download\" \/><\/a><\/td><td class=\"column-5\">                <a href=\"\/wp-content\/uploads\/sites\/77\/pdf\/monitoreo\/progs19\/proposito\/114.pdf\" target=\"_blank\" rel=\"noopener noreferrer\"><br \/>\n                    <i class=\"fa fa-download\" \/><\/a><\/td><td class=\"column-6\">                <a href=\"\/wp-content\/uploads\/sites\/77\/pdf\/monitoreo\/progs19\/RAG1\/114.pdf\" target=\"_blank\" rel=\"noopener noreferrer\"><br \/>\n                    <i class=\"fa fa-download\" \/><\/a><\/td><td class=\"column-7\"><a href=\"https:\/\/www.oaxaca.gob.mx\/dgite\/wp-content\/uploads\/sites\/77\/2022\/11\/114-2do.pdf\" target=\"_blank\" rel=\"noopener noreferrer\"><br \/>\n                    <i class=\"fa fa-download\" \/><br \/>\n                <\/a><\/td><td class=\"column-8\"><a href=\"https:\/\/www.oaxaca.gob.mx\/dgite\/wp-content\/uploads\/sites\/77\/2022\/11\/114-3er.pdf\" target=\"_blank\" rel=\"noopener noreferrer\"><br \/>\n                    <i class=\"fa fa-download\" \/><br \/>\n                <\/a><\/td><td class=\"column-9\"><a href=\"https:\/\/www.oaxaca.gob.mx\/dgite\/wp-content\/uploads\/sites\/77\/2022\/11\/114-8.pdf\" target=\"_blank\" rel=\"noopener noreferrer\"><br \/>\n                    <i class=\"fa fa-download\" \/><br \/>\n                <\/a><\/td>\n<\/tr>\n<tr class=\"row-15\">\n\t<td class=\"column-1\">117<\/td><td class=\"column-2\">ADMINISTRACION EFICIENTE DE LOS RECURSOS DEL GOBIERNO DEL ESTADO<\/td><td class=\"column-3\">                <a href=\"\/wp-content\/uploads\/sites\/77\/pdf\/monitoreo\/progs19\/mir\/117.pdf\" target=\"_blank\" rel=\"noopener noreferrer\"><br \/>\n                    <i class=\"fa fa-download\" \/><\/a><\/td><td class=\"column-4\">                <a href=\"\/wp-content\/uploads\/sites\/77\/pdf\/monitoreo\/progs19\/fin\/117.pdf\" target=\"_blank\" rel=\"noopener noreferrer\"><br \/>\n                    <i class=\"fa fa-download\" \/><\/a><\/td><td class=\"column-5\">                <a href=\"\/wp-content\/uploads\/sites\/77\/pdf\/monitoreo\/progs19\/proposito\/117.pdf\" target=\"_blank\" rel=\"noopener noreferrer\"><br \/>\n                    <i class=\"fa fa-download\" \/><\/a><\/td><td class=\"column-6\">                <a href=\"\/wp-content\/uploads\/sites\/77\/pdf\/monitoreo\/progs19\/RAG1\/117.pdf\" target=\"_blank\" rel=\"noopener noreferrer\"><br \/>\n                    <i class=\"fa fa-download\" \/><\/a><\/td><td class=\"column-7\"><a href=\"https:\/\/www.oaxaca.gob.mx\/dgite\/wp-content\/uploads\/sites\/77\/2022\/11\/117-2do.pdf\" target=\"_blank\" rel=\"noopener noreferrer\"><br \/>\n                    <i class=\"fa fa-download\" \/><br \/>\n                <\/a><\/td><td class=\"column-8\"><a href=\"https:\/\/www.oaxaca.gob.mx\/dgite\/wp-content\/uploads\/sites\/77\/2022\/11\/117-3er.pdf\" target=\"_blank\" rel=\"noopener noreferrer\"><br \/>\n                    <i class=\"fa fa-download\" \/><br \/>\n                <\/a><\/td><td class=\"column-9\"><a href=\"https:\/\/www.oaxaca.gob.mx\/dgite\/wp-content\/uploads\/sites\/77\/2022\/11\/117-8.pdf\" target=\"_blank\" rel=\"noopener noreferrer\"><br \/>\n                    <i class=\"fa fa-download\" \/><br \/>\n                <\/a><\/td>\n<\/tr>\n<tr class=\"row-16\">\n\t<td class=\"column-1\">120<\/td><td class=\"column-2\">PREVENCI\u00d3N, SEGURIDAD Y PROTECCI\u00d3N P\u00daBLICA<\/td><td class=\"column-3\">                <a href=\"\/wp-content\/uploads\/sites\/77\/pdf\/monitoreo\/progs19\/mir\/120.pdf\" target=\"_blank\" rel=\"noopener noreferrer\"><br \/>\n                    <i class=\"fa fa-download\" \/><\/a><\/td><td class=\"column-4\">                <a href=\"\/wp-content\/uploads\/sites\/77\/pdf\/monitoreo\/progs19\/fin\/120.pdf\" target=\"_blank\" rel=\"noopener noreferrer\"><br \/>\n                    <i class=\"fa fa-download\" \/><\/a><\/td><td class=\"column-5\">                <a href=\"\/wp-content\/uploads\/sites\/77\/pdf\/monitoreo\/progs19\/proposito\/120.pdf\" target=\"_blank\" rel=\"noopener noreferrer\"><br \/>\n                    <i class=\"fa fa-download\" \/><\/a><\/td><td class=\"column-6\">                <a href=\"\/wp-content\/uploads\/sites\/77\/pdf\/monitoreo\/progs19\/RAG1\/120.pdf\" target=\"_blank\" rel=\"noopener noreferrer\"><br \/>\n                    <i class=\"fa fa-download\" \/><\/a><\/td><td class=\"column-7\"><a href=\"https:\/\/www.oaxaca.gob.mx\/dgite\/wp-content\/uploads\/sites\/77\/2022\/11\/120-2do.pdf\" target=\"_blank\" rel=\"noopener noreferrer\"><br \/>\n                    <i class=\"fa fa-download\" \/><br \/>\n                <\/a><\/td><td class=\"column-8\"><a href=\"https:\/\/www.oaxaca.gob.mx\/dgite\/wp-content\/uploads\/sites\/77\/2022\/11\/120-3er.pdf\" target=\"_blank\" rel=\"noopener noreferrer\"><br \/>\n                    <i class=\"fa fa-download\" \/><br \/>\n                <\/a><\/td><td class=\"column-9\"><a href=\"https:\/\/www.oaxaca.gob.mx\/dgite\/wp-content\/uploads\/sites\/77\/2022\/11\/120-8.pdf\" target=\"_blank\" rel=\"noopener noreferrer\"><br \/>\n                    <i class=\"fa fa-download\" \/><br \/>\n                <\/a><\/td>\n<\/tr>\n<tr class=\"row-17\">\n\t<td class=\"column-1\">121<\/td><td class=\"column-2\">FORTALECIMIENTO DEL SISTEMA PENITENCIARIO<\/td><td class=\"column-3\">                <a href=\"\/wp-content\/uploads\/sites\/77\/pdf\/monitoreo\/progs19\/mir\/121.pdf\" target=\"_blank\" rel=\"noopener noreferrer\"><br \/>\n                    <i class=\"fa fa-download\" \/><\/a><\/td><td class=\"column-4\">                <a href=\"\/wp-content\/uploads\/sites\/77\/pdf\/monitoreo\/progs19\/fin\/121.pdf\" target=\"_blank\" rel=\"noopener noreferrer\"><br \/>\n                    <i class=\"fa fa-download\" \/><\/a><\/td><td class=\"column-5\">                <a href=\"\/wp-content\/uploads\/sites\/77\/pdf\/monitoreo\/progs19\/proposito\/121.pdf\" target=\"_blank\" rel=\"noopener noreferrer\"><br \/>\n                    <i class=\"fa fa-download\" \/><\/a><\/td><td class=\"column-6\">                <a href=\"\/wp-content\/uploads\/sites\/77\/pdf\/monitoreo\/progs19\/RAG1\/121.pdf\" target=\"_blank\" rel=\"noopener noreferrer\"><br \/>\n                    <i class=\"fa fa-download\" \/><\/a><\/td><td class=\"column-7\"><a href=\"https:\/\/www.oaxaca.gob.mx\/dgite\/wp-content\/uploads\/sites\/77\/2022\/11\/121-2do.pdf\" target=\"_blank\" rel=\"noopener noreferrer\"><br \/>\n                    <i class=\"fa fa-download\" \/><br \/>\n                <\/a><\/td><td class=\"column-8\"><a href=\"https:\/\/www.oaxaca.gob.mx\/dgite\/wp-content\/uploads\/sites\/77\/2022\/11\/121-3er.pdf\" target=\"_blank\" rel=\"noopener noreferrer\"><br \/>\n                    <i class=\"fa fa-download\" \/><br \/>\n                <\/a><\/td><td class=\"column-9\"><a href=\"https:\/\/www.oaxaca.gob.mx\/dgite\/wp-content\/uploads\/sites\/77\/2022\/11\/121-8.pdf\" target=\"_blank\" rel=\"noopener noreferrer\"><br \/>\n                    <i class=\"fa fa-download\" \/><br \/>\n                <\/a><\/td>\n<\/tr>\n<tr class=\"row-18\">\n\t<td class=\"column-1\">122<\/td><td class=\"column-2\">MEJORAMIENTO URBANO DE LOS CENTROS DE POBLACI\u00d3N<\/td><td class=\"column-3\">                <a href=\"\/wp-content\/uploads\/sites\/77\/pdf\/monitoreo\/progs19\/mir\/122.pdf\" target=\"_blank\" rel=\"noopener noreferrer\"><br \/>\n                    <i class=\"fa fa-download\" \/><\/a><\/td><td class=\"column-4\">                <a href=\"\/wp-content\/uploads\/sites\/77\/pdf\/monitoreo\/progs19\/fin\/122.pdf\" target=\"_blank\" rel=\"noopener noreferrer\"><br \/>\n                    <i class=\"fa fa-download\" \/><\/a><\/td><td class=\"column-5\">                <a href=\"\/wp-content\/uploads\/sites\/77\/pdf\/monitoreo\/progs19\/proposito\/122.pdf\" target=\"_blank\" rel=\"noopener noreferrer\"><br \/>\n                    <i class=\"fa fa-download\" \/><\/a><\/td><td class=\"column-6\">                <a href=\"\/wp-content\/uploads\/sites\/77\/pdf\/monitoreo\/progs19\/RAG1\/122.pdf\" target=\"_blank\" rel=\"noopener noreferrer\"><br \/>\n                    <i class=\"fa fa-download\" \/><\/a><\/td><td class=\"column-7\"><a href=\"https:\/\/www.oaxaca.gob.mx\/dgite\/wp-content\/uploads\/sites\/77\/2022\/11\/122-2do.pdf\" target=\"_blank\" rel=\"noopener noreferrer\"><br \/>\n                    <i class=\"fa fa-download\" \/><br \/>\n                <\/a><\/td><td class=\"column-8\"><a href=\"https:\/\/www.oaxaca.gob.mx\/dgite\/wp-content\/uploads\/sites\/77\/2022\/11\/121-3er.pdf\" target=\"_blank\" rel=\"noopener noreferrer\"><br \/>\n                    <i class=\"fa fa-download\" \/><br \/>\n                <\/a><\/td><td class=\"column-9\"><a href=\"https:\/\/www.oaxaca.gob.mx\/dgite\/wp-content\/uploads\/sites\/77\/2022\/11\/122-8.pdf\" target=\"_blank\" rel=\"noopener noreferrer\"><br \/>\n                    <i class=\"fa fa-download\" \/><br \/>\n                <\/a><\/td>\n<\/tr>\n<tr class=\"row-19\">\n\t<td class=\"column-1\">123<\/td><td class=\"column-2\">PROCESOS ELECTORALES Y MECANISMOS DE PARTICIPACION CIUDADANA<\/td><td class=\"column-3\">                <a href=\"\/wp-content\/uploads\/sites\/77\/pdf\/monitoreo\/progs19\/mir\/123.pdf\" target=\"_blank\" rel=\"noopener noreferrer\"><br \/>\n                    <i class=\"fa fa-download\" \/><\/a><\/td><td class=\"column-4\">                <a href=\"\/wp-content\/uploads\/sites\/77\/pdf\/monitoreo\/progs19\/fin\/123.pdf\" target=\"_blank\" rel=\"noopener noreferrer\"><br \/>\n                    <i class=\"fa fa-download\" \/><\/a><\/td><td class=\"column-5\">                <a href=\"\/wp-content\/uploads\/sites\/77\/pdf\/monitoreo\/progs19\/proposito\/123.pdf\" target=\"_blank\" rel=\"noopener noreferrer\"><br \/>\n                    <i class=\"fa fa-download\" \/><\/a><\/td><td class=\"column-6\">                <a href=\"\/wp-content\/uploads\/sites\/77\/pdf\/monitoreo\/progs19\/RAG1\/123.pdf\" target=\"_blank\" rel=\"noopener noreferrer\"><br \/>\n                    <i class=\"fa fa-download\" \/><\/a><\/td><td class=\"column-7\"><a href=\"https:\/\/www.oaxaca.gob.mx\/dgite\/wp-content\/uploads\/sites\/77\/2022\/11\/123-2do.pdf\" target=\"_blank\" rel=\"noopener noreferrer\"><br \/>\n                    <i class=\"fa fa-download\" \/><br \/>\n                <\/a><\/td><td class=\"column-8\"><a href=\"https:\/\/www.oaxaca.gob.mx\/dgite\/wp-content\/uploads\/sites\/77\/2022\/11\/123-3er.pdf\" target=\"_blank\" rel=\"noopener noreferrer\"><br \/>\n                    <i class=\"fa fa-download\" \/><br \/>\n                <\/a><\/td><td class=\"column-9\"><a href=\"https:\/\/www.oaxaca.gob.mx\/dgite\/wp-content\/uploads\/sites\/77\/2022\/11\/123-8.pdf\" target=\"_blank\" rel=\"noopener noreferrer\"><br \/>\n                    <i class=\"fa fa-download\" \/><br \/>\n                <\/a><\/td>\n<\/tr>\n<tr class=\"row-20\">\n\t<td class=\"column-1\">125<\/td><td class=\"column-2\">EDUCACI\u00d3N PARA J\u00d3VENES Y ADULTOS Y DESARROLLO DE COMPETENCIAS PARA EL TRABAJO<\/td><td class=\"column-3\">                <a href=\"\/wp-content\/uploads\/sites\/77\/pdf\/monitoreo\/progs19\/mir\/125.pdf\" target=\"_blank\" rel=\"noopener noreferrer\"><br \/>\n                    <i class=\"fa fa-download\" \/><\/a><\/td><td class=\"column-4\">                <a href=\"\/wp-content\/uploads\/sites\/77\/pdf\/monitoreo\/progs19\/fin\/125.pdf\" target=\"_blank\" rel=\"noopener noreferrer\"><br \/>\n                    <i class=\"fa fa-download\" \/><\/a><\/td><td class=\"column-5\">                <a href=\"\/wp-content\/uploads\/sites\/77\/pdf\/monitoreo\/progs19\/proposito\/125.pdf\" target=\"_blank\" rel=\"noopener noreferrer\"><br \/>\n                    <i class=\"fa fa-download\" \/><\/a><\/td><td class=\"column-6\">                <a href=\"\/wp-content\/uploads\/sites\/77\/pdf\/monitoreo\/progs19\/RAG1\/125.pdf\" target=\"_blank\" rel=\"noopener noreferrer\"><br \/>\n                    <i class=\"fa fa-download\" \/><\/a><\/td><td class=\"column-7\"><a href=\"https:\/\/www.oaxaca.gob.mx\/dgite\/wp-content\/uploads\/sites\/77\/2022\/11\/125-2do.pdf\" target=\"_blank\" rel=\"noopener noreferrer\"><br \/>\n                    <i class=\"fa fa-download\" \/><br \/>\n                <\/a><\/td><td class=\"column-8\"><a href=\"https:\/\/www.oaxaca.gob.mx\/dgite\/wp-content\/uploads\/sites\/77\/2022\/11\/125-3er.pdf\" target=\"_blank\" rel=\"noopener noreferrer\"><br \/>\n                    <i class=\"fa fa-download\" \/><br \/>\n                <\/a><\/td><td class=\"column-9\"><a href=\"https:\/\/www.oaxaca.gob.mx\/dgite\/wp-content\/uploads\/sites\/77\/2022\/11\/125-8.pdf\" target=\"_blank\" rel=\"noopener noreferrer\"><br \/>\n                    <i class=\"fa fa-download\" \/><br \/>\n                <\/a><\/td>\n<\/tr>\n<tr class=\"row-21\">\n\t<td class=\"column-1\">126<\/td><td class=\"column-2\">FORTALECIMIENTO Y MODERNIZACI\u00d3N DEL TRANSPORTE P\u00daBLICO Y PRIVADO DEL ESTADO<\/td><td class=\"column-3\">                <a href=\"\/wp-content\/uploads\/sites\/77\/pdf\/monitoreo\/progs19\/mir\/126.pdf\" target=\"_blank\" rel=\"noopener noreferrer\"><br \/>\n                    <i class=\"fa fa-download\" \/><\/a><\/td><td class=\"column-4\">                <a href=\"\/wp-content\/uploads\/sites\/77\/pdf\/monitoreo\/progs19\/fin\/126.pdf\" target=\"_blank\" rel=\"noopener noreferrer\"><br \/>\n                    <i class=\"fa fa-download\" \/><\/a><\/td><td class=\"column-5\">                <a href=\"\/wp-content\/uploads\/sites\/77\/pdf\/monitoreo\/progs19\/proposito\/126.pdf\" target=\"_blank\" rel=\"noopener noreferrer\"><br \/>\n                    <i class=\"fa fa-download\" \/><\/a><\/td><td class=\"column-6\">                <a href=\"\/wp-content\/uploads\/sites\/77\/pdf\/monitoreo\/progs19\/RAG1\/126.pdf\" target=\"_blank\" rel=\"noopener noreferrer\"><br \/>\n                    <i class=\"fa fa-download\" \/><\/a><\/td><td class=\"column-7\"><a href=\"https:\/\/www.oaxaca.gob.mx\/dgite\/wp-content\/uploads\/sites\/77\/2022\/11\/126-2do.pdf\" target=\"_blank\" rel=\"noopener noreferrer\"><br \/>\n                    <i class=\"fa fa-download\" \/><br \/>\n                <\/a><\/td><td class=\"column-8\"><a href=\"https:\/\/www.oaxaca.gob.mx\/dgite\/wp-content\/uploads\/sites\/77\/2022\/11\/126-3er.pdf\" target=\"_blank\" rel=\"noopener noreferrer\"><br \/>\n                    <i class=\"fa fa-download\" \/><br \/>\n                <\/a><\/td><td class=\"column-9\"><a href=\"https:\/\/www.oaxaca.gob.mx\/dgite\/wp-content\/uploads\/sites\/77\/2022\/11\/126-8.pdf\" target=\"_blank\" rel=\"noopener noreferrer\"><br \/>\n                    <i class=\"fa fa-download\" \/><br \/>\n                <\/a><\/td>\n<\/tr>\n<tr class=\"row-22\">\n\t<td class=\"column-1\">127<\/td><td class=\"column-2\">INCREMENTO DE LA OFERTA EDUCATIVA SUPERIOR<\/td><td class=\"column-3\">                <a href=\"\/wp-content\/uploads\/sites\/77\/pdf\/monitoreo\/progs19\/mir\/127.pdf\" target=\"_blank\" rel=\"noopener noreferrer\"><br \/>\n                    <i class=\"fa fa-download\" \/><\/a><\/td><td class=\"column-4\">                <a href=\"\/wp-content\/uploads\/sites\/77\/pdf\/monitoreo\/progs19\/fin\/127.pdf\" target=\"_blank\" rel=\"noopener noreferrer\"><br \/>\n                    <i class=\"fa fa-download\" \/><\/a><\/td><td class=\"column-5\">                <a href=\"\/wp-content\/uploads\/sites\/77\/pdf\/monitoreo\/progs19\/proposito\/127.pdf\" target=\"_blank\" rel=\"noopener noreferrer\"><br \/>\n                    <i class=\"fa fa-download\" \/><\/a><\/td><td class=\"column-6\">                <a href=\"\/wp-content\/uploads\/sites\/77\/pdf\/monitoreo\/progs19\/RAG1\/127.pdf\" target=\"_blank\" rel=\"noopener noreferrer\"><br \/>\n                    <i class=\"fa fa-download\" \/><\/a><\/td><td class=\"column-7\"><a href=\"https:\/\/www.oaxaca.gob.mx\/dgite\/wp-content\/uploads\/sites\/77\/2022\/11\/127-2do.pdf\" target=\"_blank\" rel=\"noopener noreferrer\"><br \/>\n                    <i class=\"fa fa-download\" \/><br \/>\n                <\/a><\/td><td class=\"column-8\"><a href=\"https:\/\/www.oaxaca.gob.mx\/dgite\/wp-content\/uploads\/sites\/77\/2022\/11\/127-3er.pdf\" target=\"_blank\" rel=\"noopener noreferrer\"><br \/>\n                    <i class=\"fa fa-download\" \/><br \/>\n                <\/a><\/td><td class=\"column-9\"><a href=\"https:\/\/www.oaxaca.gob.mx\/dgite\/wp-content\/uploads\/sites\/77\/2022\/11\/127-8.pdf\" target=\"_blank\" rel=\"noopener noreferrer\"><br \/>\n                    <i class=\"fa fa-download\" \/><br \/>\n                <\/a><\/td>\n<\/tr>\n<tr class=\"row-23\">\n\t<td class=\"column-1\">131<\/td><td class=\"column-2\">IMPARTICI\u00d3N DE JUSTICIA<\/td><td class=\"column-3\">                <a href=\"\/wp-content\/uploads\/sites\/77\/pdf\/monitoreo\/progs19\/mir\/131.pdf\" target=\"_blank\" rel=\"noopener noreferrer\"><br \/>\n                    <i class=\"fa fa-download\" \/><\/a><\/td><td class=\"column-4\">                <a href=\"\/wp-content\/uploads\/sites\/77\/pdf\/monitoreo\/progs19\/fin\/131.pdf\" target=\"_blank\" rel=\"noopener noreferrer\"><br \/>\n                    <i class=\"fa fa-download\" \/><\/a><\/td><td class=\"column-5\">                <a href=\"\/wp-content\/uploads\/sites\/77\/pdf\/monitoreo\/progs19\/proposito\/131.pdf\" target=\"_blank\" rel=\"noopener noreferrer\"><br \/>\n                    <i class=\"fa fa-download\" \/><\/a><\/td><td class=\"column-6\">                <a href=\"\/wp-content\/uploads\/sites\/77\/pdf\/monitoreo\/progs19\/RAG1\/131.pdf\" target=\"_blank\" rel=\"noopener noreferrer\"><br \/>\n                    <i class=\"fa fa-download\" \/><\/a><\/td><td class=\"column-7\"><a href=\"https:\/\/www.oaxaca.gob.mx\/dgite\/wp-content\/uploads\/sites\/77\/2022\/11\/131-2do.pdf\" target=\"_blank\" rel=\"noopener noreferrer\"><br \/>\n                    <i class=\"fa fa-download\" \/><br \/>\n                <\/a><\/td><td class=\"column-8\"><a href=\"https:\/\/www.oaxaca.gob.mx\/dgite\/wp-content\/uploads\/sites\/77\/2022\/11\/131-3er.pdf\" target=\"_blank\" rel=\"noopener noreferrer\"><br \/>\n                    <i class=\"fa fa-download\" \/><br \/>\n                <\/a><\/td><td class=\"column-9\"><a href=\"https:\/\/www.oaxaca.gob.mx\/dgite\/wp-content\/uploads\/sites\/77\/2022\/11\/131-7.pdf\" target=\"_blank\" rel=\"noopener noreferrer\"><br \/>\n                    <i class=\"fa fa-download\" \/><br \/>\n                <\/a><\/td>\n<\/tr>\n<tr class=\"row-24\">\n\t<td class=\"column-1\">132<\/td><td class=\"column-2\">FORMACI\u00d3N CON CALIDAD EN EDUCACI\u00d3N MEDIA SUPERIOR<\/td><td class=\"column-3\">                <a href=\"\/wp-content\/uploads\/sites\/77\/pdf\/monitoreo\/progs19\/mir\/132.pdf\" target=\"_blank\" rel=\"noopener noreferrer\"><br \/>\n                    <i class=\"fa fa-download\" \/><\/a><\/td><td class=\"column-4\">                <a href=\"\/wp-content\/uploads\/sites\/77\/pdf\/monitoreo\/progs19\/fin\/132.pdf\" target=\"_blank\" rel=\"noopener noreferrer\"><br \/>\n                    <i class=\"fa fa-download\" \/><\/a><\/td><td class=\"column-5\">                <a href=\"\/wp-content\/uploads\/sites\/77\/pdf\/monitoreo\/progs19\/proposito\/132.pdf\" target=\"_blank\" rel=\"noopener noreferrer\"><br \/>\n                    <i class=\"fa fa-download\" \/><\/a><\/td><td class=\"column-6\">                <a href=\"\/wp-content\/uploads\/sites\/77\/pdf\/monitoreo\/progs19\/RAG1\/132.pdf\" target=\"_blank\" rel=\"noopener noreferrer\"><br \/>\n                    <i class=\"fa fa-download\" \/><\/a><\/td><td class=\"column-7\"><a href=\"https:\/\/www.oaxaca.gob.mx\/dgite\/wp-content\/uploads\/sites\/77\/2022\/11\/132-2do.pdf\" target=\"_blank\" rel=\"noopener noreferrer\"><br \/>\n                    <i class=\"fa fa-download\" \/><br \/>\n                <\/a><\/td><td class=\"column-8\"><a href=\"https:\/\/www.oaxaca.gob.mx\/dgite\/wp-content\/uploads\/sites\/77\/2022\/11\/132-3er.pdf\" target=\"_blank\" rel=\"noopener noreferrer\"><br \/>\n                    <i class=\"fa fa-download\" \/><br \/>\n                <\/a><\/td><td class=\"column-9\"><a href=\"https:\/\/www.oaxaca.gob.mx\/dgite\/wp-content\/uploads\/sites\/77\/2022\/11\/132-8.pdf\" target=\"_blank\" rel=\"noopener noreferrer\"><br \/>\n                    <i class=\"fa fa-download\" \/><br \/>\n                <\/a><\/td>\n<\/tr>\n<tr class=\"row-25\">\n\t<td class=\"column-1\">133<\/td><td class=\"column-2\">FISCALIZACI\u00d3N DE LOS RECURSOS P\u00daBLICOS<\/td><td class=\"column-3\">                <a href=\"\/wp-content\/uploads\/sites\/77\/pdf\/monitoreo\/progs19\/mir\/133.pdf\" target=\"_blank\" rel=\"noopener noreferrer\"><br \/>\n                    <i class=\"fa fa-download\" \/><\/a><\/td><td class=\"column-4\">                <a href=\"\/wp-content\/uploads\/sites\/77\/pdf\/monitoreo\/progs19\/fin\/133.pdf\" target=\"_blank\" rel=\"noopener noreferrer\"><br \/>\n                    <i class=\"fa fa-download\" \/><\/a><\/td><td class=\"column-5\">                <a href=\"\/wp-content\/uploads\/sites\/77\/pdf\/monitoreo\/progs19\/proposito\/133.pdf\" target=\"_blank\" rel=\"noopener noreferrer\"><br \/>\n                    <i class=\"fa fa-download\" \/><\/a><\/td><td class=\"column-6\">                <a href=\"\/wp-content\/uploads\/sites\/77\/pdf\/monitoreo\/progs19\/RAG1\/133.pdf\" target=\"_blank\" rel=\"noopener noreferrer\"><br \/>\n                    <i class=\"fa fa-download\" \/><\/a><\/td><td class=\"column-7\"><a href=\"https:\/\/www.oaxaca.gob.mx\/dgite\/wp-content\/uploads\/sites\/77\/2022\/11\/133-2do.pdf\" target=\"_blank\" rel=\"noopener noreferrer\"><br \/>\n                    <i class=\"fa fa-download\" \/><br \/>\n                <\/a><\/td><td class=\"column-8\"><a href=\"https:\/\/www.oaxaca.gob.mx\/dgite\/wp-content\/uploads\/sites\/77\/2022\/11\/133-3er.pdf\" target=\"_blank\" rel=\"noopener noreferrer\"><br \/>\n                    <i class=\"fa fa-download\" \/><br \/>\n                <\/a><\/td><td class=\"column-9\"><a href=\"https:\/\/www.oaxaca.gob.mx\/dgite\/wp-content\/uploads\/sites\/77\/2022\/11\/133-7.pdf\" target=\"_blank\" rel=\"noopener noreferrer\"><br \/>\n                    <i class=\"fa fa-download\" \/><br \/>\n                <\/a><\/td>\n<\/tr>\n<tr class=\"row-26\">\n\t<td class=\"column-1\">134<\/td><td class=\"column-2\">ATENCION SOCIAL A GRUPOS VULNERABLES<\/td><td class=\"column-3\">                <a href=\"\/wp-content\/uploads\/sites\/77\/pdf\/monitoreo\/progs19\/mir\/134.pdf\" target=\"_blank\" rel=\"noopener noreferrer\"><br \/>\n                    <i class=\"fa fa-download\" \/><\/a><\/td><td class=\"column-4\">                <a href=\"\/wp-content\/uploads\/sites\/77\/pdf\/monitoreo\/progs19\/fin\/134.pdf\" target=\"_blank\" rel=\"noopener noreferrer\"><br \/>\n                    <i class=\"fa fa-download\" \/><\/a><\/td><td class=\"column-5\">                <a href=\"\/wp-content\/uploads\/sites\/77\/pdf\/monitoreo\/progs19\/proposito\/134.pdf\" target=\"_blank\" rel=\"noopener noreferrer\"><br \/>\n                    <i class=\"fa fa-download\" \/><\/a><\/td><td class=\"column-6\">                <a href=\"\/wp-content\/uploads\/sites\/77\/pdf\/monitoreo\/progs19\/RAG1\/134.pdf\" target=\"_blank\" rel=\"noopener noreferrer\"><br \/>\n                    <i class=\"fa fa-download\" \/><\/a><\/td><td class=\"column-7\"><a href=\"https:\/\/www.oaxaca.gob.mx\/dgite\/wp-content\/uploads\/sites\/77\/2022\/11\/134-2do.pdf\" target=\"_blank\" rel=\"noopener noreferrer\"><br \/>\n                    <i class=\"fa fa-download\" \/><br \/>\n                <\/a><\/td><td class=\"column-8\"><a href=\"https:\/\/www.oaxaca.gob.mx\/dgite\/wp-content\/uploads\/sites\/77\/2022\/11\/134-3er.pdf\" target=\"_blank\" rel=\"noopener noreferrer\"><br \/>\n                    <i class=\"fa fa-download\" \/><br \/>\n                <\/a><\/td><td class=\"column-9\"><a href=\"https:\/\/www.oaxaca.gob.mx\/dgite\/wp-content\/uploads\/sites\/77\/2022\/11\/134-8.pdf\" target=\"_blank\" rel=\"noopener noreferrer\"><br \/>\n                    <i class=\"fa fa-download\" \/><br \/>\n                <\/a><\/td>\n<\/tr>\n<tr class=\"row-27\">\n\t<td class=\"column-1\">138<\/td><td class=\"column-2\">ATENCI\u00d3N JUR\u00cdDICA-ADMINISTRATIVA A LA POBLACI\u00d3N MIGRANTE Y SUS FAMILIAS<\/td><td class=\"column-3\">                <a href=\"\/wp-content\/uploads\/sites\/77\/pdf\/monitoreo\/progs19\/mir\/138.pdf\" target=\"_blank\" rel=\"noopener noreferrer\"><br \/>\n                    <i class=\"fa fa-download\" \/><\/a><\/td><td class=\"column-4\">                <a href=\"\/wp-content\/uploads\/sites\/77\/pdf\/monitoreo\/progs19\/fin\/138.pdf\" target=\"_blank\" rel=\"noopener noreferrer\"><br \/>\n                    <i class=\"fa fa-download\" \/><\/a><\/td><td class=\"column-5\">                <a href=\"\/wp-content\/uploads\/sites\/77\/pdf\/monitoreo\/progs19\/proposito\/138.pdf\" target=\"_blank\" rel=\"noopener noreferrer\"><br \/>\n                    <i class=\"fa fa-download\" \/><\/a><\/td><td class=\"column-6\">                <a href=\"\/wp-content\/uploads\/sites\/77\/pdf\/monitoreo\/progs19\/RAG1\/138.pdf\" target=\"_blank\" rel=\"noopener noreferrer\"><br \/>\n                    <i class=\"fa fa-download\" \/><\/a><\/td><td class=\"column-7\"><a href=\"https:\/\/www.oaxaca.gob.mx\/dgite\/wp-content\/uploads\/sites\/77\/2022\/11\/138-2do.pdf\" target=\"_blank\" rel=\"noopener noreferrer\"><br \/>\n                    <i class=\"fa fa-download\" \/><br \/>\n                <\/a><\/td><td class=\"column-8\"><a href=\"https:\/\/www.oaxaca.gob.mx\/dgite\/wp-content\/uploads\/sites\/77\/2022\/11\/138-3er.pdf\" target=\"_blank\" rel=\"noopener noreferrer\"><br \/>\n                    <i class=\"fa fa-download\" \/><br \/>\n                <\/a><\/td><td class=\"column-9\"><a href=\"https:\/\/www.oaxaca.gob.mx\/dgite\/wp-content\/uploads\/sites\/77\/2022\/11\/138-8.pdf\" target=\"_blank\" rel=\"noopener noreferrer\"><br \/>\n                    <i class=\"fa fa-download\" \/><br \/>\n                <\/a><\/td>\n<\/tr>\n<tr class=\"row-28\">\n\t<td class=\"column-1\">139<\/td><td class=\"column-2\">FORMACI\u00d3N PROFESIONAL Y POSGRADO<\/td><td class=\"column-3\">                <a href=\"\/wp-content\/uploads\/sites\/77\/pdf\/monitoreo\/progs19\/mir\/139.pdf\" target=\"_blank\" rel=\"noopener noreferrer\"><br \/>\n                    <i class=\"fa fa-download\" \/><\/a><\/td><td class=\"column-4\">                <a href=\"\/wp-content\/uploads\/sites\/77\/pdf\/monitoreo\/progs19\/fin\/139.pdf\" target=\"_blank\" rel=\"noopener noreferrer\"><br \/>\n                    <i class=\"fa fa-download\" \/><\/a><\/td><td class=\"column-5\">                <a href=\"\/wp-content\/uploads\/sites\/77\/pdf\/monitoreo\/progs19\/proposito\/139.pdf\" target=\"_blank\" rel=\"noopener noreferrer\"><br \/>\n                    <i class=\"fa fa-download\" \/><\/a><\/td><td class=\"column-6\">                <a href=\"\/wp-content\/uploads\/sites\/77\/pdf\/monitoreo\/progs19\/RAG1\/139.pdf\" target=\"_blank\" rel=\"noopener noreferrer\"><br \/>\n                    <i class=\"fa fa-download\" \/><\/a><\/td><td class=\"column-7\"><a href=\"https:\/\/www.oaxaca.gob.mx\/dgite\/wp-content\/uploads\/sites\/77\/2022\/11\/139-2do.pdf\" target=\"_blank\" rel=\"noopener noreferrer\"><br \/>\n                    <i class=\"fa fa-download\" \/><br \/>\n                <\/a><\/td><td class=\"column-8\"><a href=\"https:\/\/www.oaxaca.gob.mx\/dgite\/wp-content\/uploads\/sites\/77\/2022\/11\/139-3er.pdf\" target=\"_blank\" rel=\"noopener noreferrer\"><br \/>\n                    <i class=\"fa fa-download\" \/><br \/>\n                <\/a><\/td><td class=\"column-9\"><a href=\"https:\/\/www.oaxaca.gob.mx\/dgite\/wp-content\/uploads\/sites\/77\/2022\/11\/139-8.pdf\" target=\"_blank\" rel=\"noopener noreferrer\"><br \/>\n                    <i class=\"fa fa-download\" \/><br \/>\n                <\/a><\/td>\n<\/tr>\n<tr class=\"row-29\">\n\t<td class=\"column-1\">140<\/td><td class=\"column-2\">EFICIENCIA EN LA CAPTACION DE INGRESOS<\/td><td class=\"column-3\">                <a href=\"\/wp-content\/uploads\/sites\/77\/pdf\/monitoreo\/progs19\/mir\/140.pdf\" target=\"_blank\" rel=\"noopener noreferrer\"><br \/>\n                    <i class=\"fa fa-download\" \/><\/a><\/td><td class=\"column-4\">                <a href=\"\/wp-content\/uploads\/sites\/77\/pdf\/monitoreo\/progs19\/fin\/140.pdf\" target=\"_blank\" rel=\"noopener noreferrer\"><br \/>\n                    <i class=\"fa fa-download\" \/><\/a><\/td><td class=\"column-5\">                <a href=\"\/wp-content\/uploads\/sites\/77\/pdf\/monitoreo\/progs19\/proposito\/140.pdf\" target=\"_blank\" rel=\"noopener noreferrer\"><br \/>\n                    <i class=\"fa fa-download\" \/><\/a><\/td><td class=\"column-6\">                <a href=\"\/wp-content\/uploads\/sites\/77\/pdf\/monitoreo\/progs19\/RAG1\/140.pdf\" target=\"_blank\" rel=\"noopener noreferrer\"><br \/>\n                    <i class=\"fa fa-download\" \/><\/a><\/td><td class=\"column-7\"><a href=\"https:\/\/www.oaxaca.gob.mx\/dgite\/wp-content\/uploads\/sites\/77\/2022\/11\/140-2do.pdf\" target=\"_blank\" rel=\"noopener noreferrer\"><br \/>\n                    <i class=\"fa fa-download\" \/><br \/>\n                <\/a><\/td><td class=\"column-8\"><a href=\"https:\/\/www.oaxaca.gob.mx\/dgite\/wp-content\/uploads\/sites\/77\/2022\/11\/140-3er.pdf\" target=\"_blank\" rel=\"noopener noreferrer\"><br \/>\n                    <i class=\"fa fa-download\" \/><br \/>\n                <\/a><\/td><td class=\"column-9\"><a href=\"https:\/\/www.oaxaca.gob.mx\/dgite\/wp-content\/uploads\/sites\/77\/2022\/11\/140-8.pdf\" target=\"_blank\" rel=\"noopener noreferrer\"><br \/>\n                    <i class=\"fa fa-download\" \/><br \/>\n                <\/a><\/td>\n<\/tr>\n<tr class=\"row-30\">\n\t<td class=\"column-1\">142<\/td><td class=\"column-2\">FORTALECIMIENTO LEGISLATIVO DEL ESTADO<\/td><td class=\"column-3\">                <a href=\"\/wp-content\/uploads\/sites\/77\/pdf\/monitoreo\/progs19\/mir\/142.pdf\" target=\"_blank\" rel=\"noopener noreferrer\"><br \/>\n                    <i class=\"fa fa-download\" \/><\/a><\/td><td class=\"column-4\">                <a href=\"\/wp-content\/uploads\/sites\/77\/pdf\/monitoreo\/progs19\/fin\/142.pdf\" target=\"_blank\" rel=\"noopener noreferrer\"><br \/>\n                    <i class=\"fa fa-download\" \/><\/a><\/td><td class=\"column-5\">                <a href=\"\/wp-content\/uploads\/sites\/77\/pdf\/monitoreo\/progs19\/proposito\/142.pdf\" target=\"_blank\" rel=\"noopener noreferrer\"><br \/>\n                    <i class=\"fa fa-download\" \/><\/a><\/td><td class=\"column-6\">                <a href=\"\/wp-content\/uploads\/sites\/77\/pdf\/monitoreo\/progs19\/RAG1\/142.pdf\" target=\"_blank\" rel=\"noopener noreferrer\"><br \/>\n                    <i class=\"fa fa-download\" \/><\/a><\/td><td class=\"column-7\"><a href=\"https:\/\/www.oaxaca.gob.mx\/dgite\/wp-content\/uploads\/sites\/77\/2022\/11\/142-2do.pdf\" target=\"_blank\" rel=\"noopener noreferrer\"><br \/>\n                    <i class=\"fa fa-download\" \/><br \/>\n                <\/a><\/td><td class=\"column-8\"><a href=\"https:\/\/www.oaxaca.gob.mx\/dgite\/wp-content\/uploads\/sites\/77\/2022\/11\/142-3er.pdf\" target=\"_blank\" rel=\"noopener noreferrer\"><br \/>\n                    <i class=\"fa fa-download\" \/><br \/>\n                <\/a><\/td><td class=\"column-9\"><a href=\"https:\/\/www.oaxaca.gob.mx\/dgite\/wp-content\/uploads\/sites\/77\/2022\/11\/142-8.pdf\" target=\"_blank\" rel=\"noopener noreferrer\"><br \/>\n                    <i class=\"fa fa-download\" \/><br \/>\n                <\/a><\/td>\n<\/tr>\n<tr class=\"row-31\">\n\t<td class=\"column-1\">143<\/td><td class=\"column-2\">SEGURIDAD Y BIENESTAR SOCIAL PARA LOS TRABAJADORES, JUBILADOS, PENSIONADOS, PENSIONISTAS E INTEGRANTES DE LAS INSTITUCIONES POLICIALES DEL GOBIERNO DEL ESTADO<\/td><td class=\"column-3\">                <a href=\"\/wp-content\/uploads\/sites\/77\/pdf\/monitoreo\/progs19\/mir\/143.pdf\" target=\"_blank\" rel=\"noopener noreferrer\"><br \/>\n                    <i class=\"fa fa-download\" \/><\/a><\/td><td class=\"column-4\">                <a href=\"\/wp-content\/uploads\/sites\/77\/pdf\/monitoreo\/progs19\/fin\/143.pdf\" target=\"_blank\" rel=\"noopener noreferrer\"><br \/>\n                    <i class=\"fa fa-download\" \/><\/a><\/td><td class=\"column-5\">                <a href=\"\/wp-content\/uploads\/sites\/77\/pdf\/monitoreo\/progs19\/proposito\/143.pdf\" target=\"_blank\" rel=\"noopener noreferrer\"><br \/>\n                    <i class=\"fa fa-download\" \/><\/a><\/td><td class=\"column-6\">                <a href=\"\/wp-content\/uploads\/sites\/77\/pdf\/monitoreo\/progs19\/RAG1\/143.pdf\" target=\"_blank\" rel=\"noopener noreferrer\"><br \/>\n                    <i class=\"fa fa-download\" \/><\/a><\/td><td class=\"column-7\"><a href=\"https:\/\/www.oaxaca.gob.mx\/dgite\/wp-content\/uploads\/sites\/77\/2022\/11\/143-2do.pdf\" target=\"_blank\" rel=\"noopener noreferrer\"><br \/>\n                    <i class=\"fa fa-download\" \/><br \/>\n                <\/a><\/td><td class=\"column-8\"><a href=\"https:\/\/www.oaxaca.gob.mx\/dgite\/wp-content\/uploads\/sites\/77\/2022\/11\/143-3er.pdf\" target=\"_blank\" rel=\"noopener noreferrer\"><br \/>\n                    <i class=\"fa fa-download\" \/><br \/>\n                <\/a><\/td><td class=\"column-9\"><a href=\"https:\/\/www.oaxaca.gob.mx\/dgite\/wp-content\/uploads\/sites\/77\/2022\/11\/143-8.pdf\" target=\"_blank\" rel=\"noopener noreferrer\"><br \/>\n                    <i class=\"fa fa-download\" \/><br \/>\n                <\/a><\/td>\n<\/tr>\n<tr class=\"row-32\">\n\t<td class=\"column-1\">145<\/td><td class=\"column-2\">DESARROLLO INTEGRAL E INTERCULTURAL DE LOS PUEBLOS Y COMUNIDADES INDIGENAS Y AFROMEXICANAS<\/td><td class=\"column-3\">                <a href=\"\/wp-content\/uploads\/sites\/77\/pdf\/monitoreo\/progs19\/mir\/145.pdf\" target=\"_blank\" rel=\"noopener noreferrer\"><br \/>\n                    <i class=\"fa fa-download\" \/><\/a><\/td><td class=\"column-4\">                <a href=\"\/wp-content\/uploads\/sites\/77\/pdf\/monitoreo\/progs19\/fin\/145.pdf\" target=\"_blank\" rel=\"noopener noreferrer\"><br \/>\n                    <i class=\"fa fa-download\" \/><\/a><\/td><td class=\"column-5\">                <a href=\"\/wp-content\/uploads\/sites\/77\/pdf\/monitoreo\/progs19\/proposito\/145.pdf\" target=\"_blank\" rel=\"noopener noreferrer\"><br \/>\n                    <i class=\"fa fa-download\" \/><\/a><\/td><td class=\"column-6\">                <a href=\"\/wp-content\/uploads\/sites\/77\/pdf\/monitoreo\/progs19\/RAG1\/145.pdf\" target=\"_blank\" rel=\"noopener noreferrer\"><br \/>\n                    <i class=\"fa fa-download\" \/><\/a><\/td><td class=\"column-7\"><a href=\"https:\/\/www.oaxaca.gob.mx\/dgite\/wp-content\/uploads\/sites\/77\/2022\/11\/145-2do.pdf\" target=\"_blank\" rel=\"noopener noreferrer\"><br \/>\n                    <i class=\"fa fa-download\" \/><br \/>\n                <\/a><\/td><td class=\"column-8\"><a href=\"https:\/\/www.oaxaca.gob.mx\/dgite\/wp-content\/uploads\/sites\/77\/2022\/11\/145-3er.pdf\" target=\"_blank\" rel=\"noopener noreferrer\"><br \/>\n                    <i class=\"fa fa-download\" \/><br \/>\n                <\/a><\/td><td class=\"column-9\"><a href=\"https:\/\/www.oaxaca.gob.mx\/dgite\/wp-content\/uploads\/sites\/77\/2022\/11\/145-8.pdf\" target=\"_blank\" rel=\"noopener noreferrer\"><br \/>\n                    <i class=\"fa fa-download\" \/><br \/>\n                <\/a><\/td>\n<\/tr>\n<tr class=\"row-33\">\n\t<td class=\"column-1\">146<\/td><td class=\"column-2\">AMPLIACION Y MEJORAMIENTO DE LOS SERVICIOS DE AGUA POTABLE, DRENAJE Y SANEAMIENTO<\/td><td class=\"column-3\">                <a href=\"\/wp-content\/uploads\/sites\/77\/pdf\/monitoreo\/progs19\/mir\/146.pdf\" target=\"_blank\" rel=\"noopener noreferrer\"><br \/>\n                    <i class=\"fa fa-download\" \/><\/a><\/td><td class=\"column-4\">                <a href=\"\/wp-content\/uploads\/sites\/77\/pdf\/monitoreo\/progs19\/fin\/146.pdf\" target=\"_blank\" rel=\"noopener noreferrer\"><br \/>\n                    <i class=\"fa fa-download\" \/><\/a><\/td><td class=\"column-5\">                <a href=\"\/wp-content\/uploads\/sites\/77\/pdf\/monitoreo\/progs19\/proposito\/146.pdf\" target=\"_blank\" rel=\"noopener noreferrer\"><br \/>\n                    <i class=\"fa fa-download\" \/><\/a><\/td><td class=\"column-6\">                <a href=\"\/wp-content\/uploads\/sites\/77\/pdf\/monitoreo\/progs19\/RAG1\/146.pdf\" target=\"_blank\" rel=\"noopener noreferrer\"><br \/>\n                    <i class=\"fa fa-download\" \/><\/a><\/td><td class=\"column-7\"><a href=\"https:\/\/www.oaxaca.gob.mx\/dgite\/wp-content\/uploads\/sites\/77\/2022\/11\/146-2do.pdf\" target=\"_blank\" rel=\"noopener noreferrer\"><br \/>\n                    <i class=\"fa fa-download\" \/><br \/>\n                <\/a><\/td><td class=\"column-8\"><a href=\"https:\/\/www.oaxaca.gob.mx\/dgite\/wp-content\/uploads\/sites\/77\/2022\/11\/146-3er.pdf\" target=\"_blank\" rel=\"noopener noreferrer\"><br \/>\n                    <i class=\"fa fa-download\" \/><br \/>\n                <\/a><\/td><td class=\"column-9\"><a href=\"https:\/\/www.oaxaca.gob.mx\/dgite\/wp-content\/uploads\/sites\/77\/2022\/11\/146-8.pdf\" target=\"_blank\" rel=\"noopener noreferrer\"><br \/>\n                    <i class=\"fa fa-download\" \/><br \/>\n                <\/a><\/td>\n<\/tr>\n<tr class=\"row-34\">\n\t<td class=\"column-1\">147<\/td><td class=\"column-2\">PROMOCION, FOMENTO Y DIFUSION DE LAS DIVERSIDADES CULTURALES Y BIOCULTURALES<\/td><td class=\"column-3\">                <a href=\"\/wp-content\/uploads\/sites\/77\/pdf\/monitoreo\/progs19\/mir\/147.pdf\" target=\"_blank\" rel=\"noopener noreferrer\"><br \/>\n                    <i class=\"fa fa-download\" \/><\/a><\/td><td class=\"column-4\">                <a href=\"\/wp-content\/uploads\/sites\/77\/pdf\/monitoreo\/progs19\/fin\/147.pdf\" target=\"_blank\" rel=\"noopener noreferrer\"><br \/>\n                    <i class=\"fa fa-download\" \/><\/a><\/td><td class=\"column-5\">                <a href=\"\/wp-content\/uploads\/sites\/77\/pdf\/monitoreo\/progs19\/proposito\/147.pdf\" target=\"_blank\" rel=\"noopener noreferrer\"><br \/>\n                    <i class=\"fa fa-download\" \/><\/a><\/td><td class=\"column-6\">                <a href=\"\/wp-content\/uploads\/sites\/77\/pdf\/monitoreo\/progs19\/RAG1\/147.pdf\" target=\"_blank\" rel=\"noopener noreferrer\"><br \/>\n                    <i class=\"fa fa-download\" \/><\/a><\/td><td class=\"column-7\"><a href=\"https:\/\/www.oaxaca.gob.mx\/dgite\/wp-content\/uploads\/sites\/77\/2022\/11\/147-2do.pdf\" target=\"_blank\" rel=\"noopener noreferrer\"><br \/>\n                    <i class=\"fa fa-download\" \/><br \/>\n                <\/a><\/td><td class=\"column-8\"><a href=\"https:\/\/www.oaxaca.gob.mx\/dgite\/wp-content\/uploads\/sites\/77\/2022\/11\/147-3er.pdf\" target=\"_blank\" rel=\"noopener noreferrer\"><br \/>\n                    <i class=\"fa fa-download\" \/><br \/>\n                <\/a><\/td><td class=\"column-9\"><a href=\"https:\/\/www.oaxaca.gob.mx\/dgite\/wp-content\/uploads\/sites\/77\/2022\/11\/147-8.pdf\" target=\"_blank\" rel=\"noopener noreferrer\"><br \/>\n                    <i class=\"fa fa-download\" \/><br \/>\n                <\/a><\/td>\n<\/tr>\n<tr class=\"row-35\">\n\t<td class=\"column-1\">148<\/td><td class=\"column-2\">EFICIENCIA DEL GASTO P\u00daBLICO PARA RESULTADOS<\/td><td class=\"column-3\">                <a href=\"\/wp-content\/uploads\/sites\/77\/pdf\/monitoreo\/progs19\/mir\/148.pdf\" target=\"_blank\" rel=\"noopener noreferrer\"><br \/>\n                    <i class=\"fa fa-download\" \/><\/a><\/td><td class=\"column-4\">                <a href=\"\/wp-content\/uploads\/sites\/77\/pdf\/monitoreo\/progs19\/fin\/148.pdf\" target=\"_blank\" rel=\"noopener noreferrer\"><br \/>\n                    <i class=\"fa fa-download\" \/><\/a><\/td><td class=\"column-5\">                <a href=\"\/wp-content\/uploads\/sites\/77\/pdf\/monitoreo\/progs19\/proposito\/148.pdf\" target=\"_blank\" rel=\"noopener noreferrer\"><br \/>\n                    <i class=\"fa fa-download\" \/><\/a><\/td><td class=\"column-6\">                <a href=\"\/wp-content\/uploads\/sites\/77\/pdf\/monitoreo\/progs19\/RAG1\/148.pdf\" target=\"_blank\" rel=\"noopener noreferrer\"><br \/>\n                    <i class=\"fa fa-download\" \/><\/a><\/td><td class=\"column-7\"><a href=\"https:\/\/www.oaxaca.gob.mx\/dgite\/wp-content\/uploads\/sites\/77\/2022\/11\/148-2do.pdf\" target=\"_blank\" rel=\"noopener noreferrer\"><br \/>\n                    <i class=\"fa fa-download\" \/><br \/>\n                <\/a><\/td><td class=\"column-8\"><a href=\"https:\/\/www.oaxaca.gob.mx\/dgite\/wp-content\/uploads\/sites\/77\/2022\/11\/148-3er.pdf\" target=\"_blank\" rel=\"noopener noreferrer\"><br \/>\n                    <i class=\"fa fa-download\" \/><br \/>\n                <\/a><\/td><td class=\"column-9\"><a href=\"https:\/\/www.oaxaca.gob.mx\/dgite\/wp-content\/uploads\/sites\/77\/2022\/11\/148-8.pdf\" target=\"_blank\" rel=\"noopener noreferrer\"><br \/>\n                    <i class=\"fa fa-download\" \/><br \/>\n                <\/a><\/td>\n<\/tr>\n<tr class=\"row-36\">\n\t<td class=\"column-1\">150<\/td><td class=\"column-2\">PRODUCCI\u00d3N Y PRODUCTIVIDAD FORESTAL SUSTENTABLE<\/td><td class=\"column-3\">                <a href=\"\/wp-content\/uploads\/sites\/77\/pdf\/monitoreo\/progs19\/mir\/150.pdf\" target=\"_blank\" rel=\"noopener noreferrer\"><br \/>\n                    <i class=\"fa fa-download\" \/><\/a><\/td><td class=\"column-4\">                <a href=\"\/wp-content\/uploads\/sites\/77\/pdf\/monitoreo\/progs19\/fin\/150.pdf\" target=\"_blank\" rel=\"noopener noreferrer\"><br \/>\n                    <i class=\"fa fa-download\" \/><\/a><\/td><td class=\"column-5\">                <a href=\"\/wp-content\/uploads\/sites\/77\/pdf\/monitoreo\/progs19\/proposito\/150.pdf\" target=\"_blank\" rel=\"noopener noreferrer\"><br \/>\n                    <i class=\"fa fa-download\" \/><\/a><\/td><td class=\"column-6\">                <a href=\"\/wp-content\/uploads\/sites\/77\/pdf\/monitoreo\/progs19\/RAG1\/150.pdf\" target=\"_blank\" rel=\"noopener noreferrer\"><br \/>\n                    <i class=\"fa fa-download\" \/><\/a><\/td><td class=\"column-7\"><a href=\"https:\/\/www.oaxaca.gob.mx\/dgite\/wp-content\/uploads\/sites\/77\/2022\/11\/150-2do.pdf\" target=\"_blank\" rel=\"noopener noreferrer\"><br \/>\n                    <i class=\"fa fa-download\" \/><br \/>\n                <\/a><\/td><td class=\"column-8\"><a href=\"https:\/\/www.oaxaca.gob.mx\/dgite\/wp-content\/uploads\/sites\/77\/2022\/11\/150-3er.pdf\" target=\"_blank\" rel=\"noopener noreferrer\"><br \/>\n                    <i class=\"fa fa-download\" \/><br \/>\n                <\/a><\/td><td class=\"column-9\"><a href=\"https:\/\/www.oaxaca.gob.mx\/dgite\/wp-content\/uploads\/sites\/77\/2022\/11\/150-8.pdf\" target=\"_blank\" rel=\"noopener noreferrer\"><br \/>\n                    <i class=\"fa fa-download\" \/><br \/>\n                <\/a><\/td>\n<\/tr>\n<tr class=\"row-37\">\n\t<td class=\"column-1\">151<\/td><td class=\"column-2\">GESTI\u00d3N INTEGRAL DE RIESGOS<\/td><td class=\"column-3\">                <a href=\"\/wp-content\/uploads\/sites\/77\/pdf\/monitoreo\/progs19\/mir\/151.pdf\" target=\"_blank\" rel=\"noopener noreferrer\"><br \/>\n                    <i class=\"fa fa-download\" \/><\/a><\/td><td class=\"column-4\">                <a href=\"\/wp-content\/uploads\/sites\/77\/pdf\/monitoreo\/progs19\/fin\/151.pdf\" target=\"_blank\" rel=\"noopener noreferrer\"><br \/>\n                    <i class=\"fa fa-download\" \/><\/a><\/td><td class=\"column-5\">                <a href=\"\/wp-content\/uploads\/sites\/77\/pdf\/monitoreo\/progs19\/proposito\/151.pdf\" target=\"_blank\" rel=\"noopener noreferrer\"><br \/>\n                    <i class=\"fa fa-download\" \/><\/a><\/td><td class=\"column-6\">                <a href=\"\/wp-content\/uploads\/sites\/77\/pdf\/monitoreo\/progs19\/RAG1\/151.pdf\" target=\"_blank\" rel=\"noopener noreferrer\"><br \/>\n                    <i class=\"fa fa-download\" \/><\/a><\/td><td class=\"column-7\"><a href=\"https:\/\/www.oaxaca.gob.mx\/dgite\/wp-content\/uploads\/sites\/77\/2022\/11\/151-2do.pdf\" target=\"_blank\" rel=\"noopener noreferrer\"><br \/>\n                    <i class=\"fa fa-download\" \/><br \/>\n                <\/a><\/td><td class=\"column-8\"><a href=\"https:\/\/www.oaxaca.gob.mx\/dgite\/wp-content\/uploads\/sites\/77\/2022\/11\/151-3er.pdf\" target=\"_blank\" rel=\"noopener noreferrer\"><br \/>\n                    <i class=\"fa fa-download\" \/><br \/>\n                <\/a><\/td><td class=\"column-9\"><a href=\"https:\/\/www.oaxaca.gob.mx\/dgite\/wp-content\/uploads\/sites\/77\/2022\/11\/151-8.pdf\" target=\"_blank\" rel=\"noopener noreferrer\"><br \/>\n                    <i class=\"fa fa-download\" \/><br \/>\n                <\/a><\/td>\n<\/tr>\n<tr class=\"row-38\">\n\t<td class=\"column-1\">152<\/td><td class=\"column-2\">PROMOCI\u00d3N Y FOMENTO DE LAS POL\u00cdTICAS P\u00daBLICAS IGUALITARIAS PARA MUJERES Y HOMBRES<\/td><td class=\"column-3\">                <a href=\"\/wp-content\/uploads\/sites\/77\/pdf\/monitoreo\/progs19\/mir\/152.pdf\" target=\"_blank\" rel=\"noopener noreferrer\"><br \/>\n                    <i class=\"fa fa-download\" \/><\/a><\/td><td class=\"column-4\">                <a href=\"\/wp-content\/uploads\/sites\/77\/pdf\/monitoreo\/progs19\/fin\/152.pdf\" target=\"_blank\" rel=\"noopener noreferrer\"><br \/>\n                    <i class=\"fa fa-download\" \/><\/a><\/td><td class=\"column-5\">                <a href=\"\/wp-content\/uploads\/sites\/77\/pdf\/monitoreo\/progs19\/proposito\/152.pdf\" target=\"_blank\" rel=\"noopener noreferrer\"><br \/>\n                    <i class=\"fa fa-download\" \/><\/a><\/td><td class=\"column-6\">                <a href=\"\/wp-content\/uploads\/sites\/77\/pdf\/monitoreo\/progs19\/RAG1\/152.pdf\" target=\"_blank\" rel=\"noopener noreferrer\"><br \/>\n                    <i class=\"fa fa-download\" \/><\/a><\/td><td class=\"column-7\"><a href=\"https:\/\/www.oaxaca.gob.mx\/dgite\/wp-content\/uploads\/sites\/77\/2022\/11\/152-2do.pdf\" target=\"_blank\" rel=\"noopener noreferrer\"><br \/>\n                    <i class=\"fa fa-download\" \/><br \/>\n                <\/a><\/td><td class=\"column-8\"><a href=\"https:\/\/www.oaxaca.gob.mx\/dgite\/wp-content\/uploads\/sites\/77\/2022\/11\/152-3er.pdf\" target=\"_blank\" rel=\"noopener noreferrer\"><br \/>\n                    <i class=\"fa fa-download\" \/><br \/>\n                <\/a><\/td><td class=\"column-9\"><a href=\"https:\/\/www.oaxaca.gob.mx\/dgite\/wp-content\/uploads\/sites\/77\/2022\/11\/152-8.pdf\" target=\"_blank\" rel=\"noopener noreferrer\"><br \/>\n                    <i class=\"fa fa-download\" \/><br \/>\n                <\/a><\/td>\n<\/tr>\n<tr class=\"row-39\">\n\t<td class=\"column-1\">155<\/td><td class=\"column-2\">POLITICA TRANSVERSAL DE ATENCION INTEGRAL DE LOS DERECHOS HUMANOS<\/td><td class=\"column-3\">                <a href=\"\/wp-content\/uploads\/sites\/77\/pdf\/monitoreo\/progs19\/mir\/155.pdf\" target=\"_blank\" rel=\"noopener noreferrer\"><br \/>\n                    <i class=\"fa fa-download\" \/><\/a><\/td><td class=\"column-4\">                <a href=\"\/wp-content\/uploads\/sites\/77\/pdf\/monitoreo\/progs19\/fin\/155.pdf\" target=\"_blank\" rel=\"noopener noreferrer\"><br \/>\n                    <i class=\"fa fa-download\" \/><\/a><\/td><td class=\"column-5\">                <a href=\"\/wp-content\/uploads\/sites\/77\/pdf\/monitoreo\/progs19\/proposito\/155.pdf\" target=\"_blank\" rel=\"noopener noreferrer\"><br \/>\n                    <i class=\"fa fa-download\" \/><\/a><\/td><td class=\"column-6\">                <a href=\"\/wp-content\/uploads\/sites\/77\/pdf\/monitoreo\/progs19\/RAG1\/155.pdf\" target=\"_blank\" rel=\"noopener noreferrer\"><br \/>\n                    <i class=\"fa fa-download\" \/><\/a><\/td><td class=\"column-7\"><a href=\"https:\/\/www.oaxaca.gob.mx\/dgite\/wp-content\/uploads\/sites\/77\/2022\/11\/155-2do.pdf\" target=\"_blank\" rel=\"noopener noreferrer\"><br \/>\n                    <i class=\"fa fa-download\" \/><br \/>\n                <\/a><\/td><td class=\"column-8\"><a href=\"https:\/\/www.oaxaca.gob.mx\/dgite\/wp-content\/uploads\/sites\/77\/2022\/11\/155-3er.pdf\" target=\"_blank\" rel=\"noopener noreferrer\"><br \/>\n                    <i class=\"fa fa-download\" \/><br \/>\n                <\/a><\/td><td class=\"column-9\"><a href=\"https:\/\/www.oaxaca.gob.mx\/dgite\/wp-content\/uploads\/sites\/77\/2022\/11\/155-8.pdf\" target=\"_blank\" rel=\"noopener noreferrer\"><br \/>\n                    <i class=\"fa fa-download\" \/><br \/>\n                <\/a><\/td>\n<\/tr>\n<tr class=\"row-40\">\n\t<td class=\"column-1\">156<\/td><td class=\"column-2\">VINCULACI\u00d3N DE LAS INSTITUCIONES DE EDUCACI\u00d3N SUPERIOR CON EL SECTOR PRODUCTIVO Y SOCIAL<\/td><td class=\"column-3\">                <a href=\"\/wp-content\/uploads\/sites\/77\/pdf\/monitoreo\/progs19\/mir\/156.pdf\" target=\"_blank\" rel=\"noopener noreferrer\"><br \/>\n                    <i class=\"fa fa-download\" \/><\/a><\/td><td class=\"column-4\">                <a href=\"\/wp-content\/uploads\/sites\/77\/pdf\/monitoreo\/progs19\/fin\/156.pdf\" target=\"_blank\" rel=\"noopener noreferrer\"><br \/>\n                    <i class=\"fa fa-download\" \/><\/a><\/td><td class=\"column-5\">                <a href=\"\/wp-content\/uploads\/sites\/77\/pdf\/monitoreo\/progs19\/proposito\/156.pdf\" target=\"_blank\" rel=\"noopener noreferrer\"><br \/>\n                    <i class=\"fa fa-download\" \/><\/a><\/td><td class=\"column-6\">                <a href=\"\/wp-content\/uploads\/sites\/77\/pdf\/monitoreo\/progs19\/RAG1\/156.pdf\" target=\"_blank\" rel=\"noopener noreferrer\"><br \/>\n                    <i class=\"fa fa-download\" \/><\/a><\/td><td class=\"column-7\"><a href=\"https:\/\/www.oaxaca.gob.mx\/dgite\/wp-content\/uploads\/sites\/77\/2022\/11\/156-2do.pdf\" target=\"_blank\" rel=\"noopener noreferrer\"><br \/>\n                    <i class=\"fa fa-download\" \/><br \/>\n                <\/a><\/td><td class=\"column-8\"><a href=\"https:\/\/www.oaxaca.gob.mx\/dgite\/wp-content\/uploads\/sites\/77\/2022\/11\/156-3er.pdf\" target=\"_blank\" rel=\"noopener noreferrer\"><br \/>\n                    <i class=\"fa fa-download\" \/><br \/>\n                <\/a><\/td><td class=\"column-9\"><a href=\"https:\/\/www.oaxaca.gob.mx\/dgite\/wp-content\/uploads\/sites\/77\/2022\/11\/156-8.pdf\" target=\"_blank\" rel=\"noopener noreferrer\"><br \/>\n                    <i class=\"fa fa-download\" \/><br \/>\n                <\/a><\/td>\n<\/tr>\n<tr class=\"row-41\">\n\t<td class=\"column-1\">158<\/td><td class=\"column-2\">DEFENSA Y PROTECCION DE LOS DERECHOS HUMANOS<\/td><td class=\"column-3\">                <a href=\"\/wp-content\/uploads\/sites\/77\/pdf\/monitoreo\/progs19\/mir\/158.pdf\" target=\"_blank\" rel=\"noopener noreferrer\"><br \/>\n                    <i class=\"fa fa-download\" \/><\/a><\/td><td class=\"column-4\">                <a href=\"\/wp-content\/uploads\/sites\/77\/pdf\/monitoreo\/progs19\/fin\/158.pdf\" target=\"_blank\" rel=\"noopener noreferrer\"><br \/>\n                    <i class=\"fa fa-download\" \/><\/a><\/td><td class=\"column-5\">                <a href=\"\/wp-content\/uploads\/sites\/77\/pdf\/monitoreo\/progs19\/proposito\/158.pdf\" target=\"_blank\" rel=\"noopener noreferrer\"><br \/>\n                    <i class=\"fa fa-download\" \/><\/a><\/td><td class=\"column-6\">                <a href=\"\/wp-content\/uploads\/sites\/77\/pdf\/monitoreo\/progs19\/RAG1\/158.pdf\" target=\"_blank\" rel=\"noopener noreferrer\"><br \/>\n                    <i class=\"fa fa-download\" \/><\/a><\/td><td class=\"column-7\"><a href=\"https:\/\/www.oaxaca.gob.mx\/dgite\/wp-content\/uploads\/sites\/77\/2022\/11\/158-2do.pdf\" target=\"_blank\" rel=\"noopener noreferrer\"><br \/>\n                    <i class=\"fa fa-download\" \/><br \/>\n                <\/a><\/td><td class=\"column-8\"><a href=\"https:\/\/www.oaxaca.gob.mx\/dgite\/wp-content\/uploads\/sites\/77\/2022\/11\/158-3er.pdf\" target=\"_blank\" rel=\"noopener noreferrer\"><br \/>\n                    <i class=\"fa fa-download\" \/><br \/>\n                <\/a><\/td><td class=\"column-9\"><a href=\"https:\/\/www.oaxaca.gob.mx\/dgite\/wp-content\/uploads\/sites\/77\/2022\/11\/158-8.pdf\" target=\"_blank\" rel=\"noopener noreferrer\"><br \/>\n                    <i class=\"fa fa-download\" \/><br \/>\n                <\/a><\/td>\n<\/tr>\n<tr class=\"row-42\">\n\t<td class=\"column-1\">159<\/td><td class=\"column-2\">ATENCI\u00d3N M\u00c9DICA<\/td><td class=\"column-3\">                <a href=\"\/wp-content\/uploads\/sites\/77\/pdf\/monitoreo\/progs19\/mir\/159.pdf\" target=\"_blank\" rel=\"noopener noreferrer\"><br \/>\n                    <i class=\"fa fa-download\" \/><\/a><\/td><td class=\"column-4\">                <a href=\"\/wp-content\/uploads\/sites\/77\/pdf\/monitoreo\/progs19\/fin\/159.pdf\" target=\"_blank\" rel=\"noopener noreferrer\"><br \/>\n                    <i class=\"fa fa-download\" \/><\/a><\/td><td class=\"column-5\">                <a href=\"\/wp-content\/uploads\/sites\/77\/pdf\/monitoreo\/progs19\/proposito\/159.pdf\" target=\"_blank\" rel=\"noopener noreferrer\"><br \/>\n                    <i class=\"fa fa-download\" \/><\/a><\/td><td class=\"column-6\">                <a href=\"\/wp-content\/uploads\/sites\/77\/pdf\/monitoreo\/progs19\/RAG1\/159.pdf\" target=\"_blank\" rel=\"noopener noreferrer\"><br \/>\n                    <i class=\"fa fa-download\" \/><\/a><\/td><td class=\"column-7\"><a href=\"https:\/\/www.oaxaca.gob.mx\/dgite\/wp-content\/uploads\/sites\/77\/2022\/11\/159-2do.pdf\" target=\"_blank\" rel=\"noopener noreferrer\"><br \/>\n                    <i class=\"fa fa-download\" \/><br \/>\n                <\/a><\/td><td class=\"column-8\"><a href=\"https:\/\/www.oaxaca.gob.mx\/dgite\/wp-content\/uploads\/sites\/77\/2022\/11\/159-3er.pdf\" target=\"_blank\" rel=\"noopener noreferrer\"><br \/>\n                    <i class=\"fa fa-download\" \/><br \/>\n                <\/a><\/td><td class=\"column-9\"><a href=\"https:\/\/www.oaxaca.gob.mx\/dgite\/wp-content\/uploads\/sites\/77\/2022\/11\/159-8.pdf\" target=\"_blank\" rel=\"noopener noreferrer\"><br \/>\n                    <i class=\"fa fa-download\" \/><br \/>\n                <\/a><\/td>\n<\/tr>\n<tr class=\"row-43\">\n\t<td class=\"column-1\">160<\/td><td class=\"column-2\">CONSERVACI\u00d3N DE ECOSISTEMAS Y PREVENCI\u00d3N DEL DETERIORO AMBIENTAL<\/td><td class=\"column-3\">                <a href=\"\/wp-content\/uploads\/sites\/77\/pdf\/monitoreo\/progs19\/mir\/160.pdf\" target=\"_blank\" rel=\"noopener noreferrer\"><br \/>\n                    <i class=\"fa fa-download\" \/><\/a><\/td><td class=\"column-4\">                <a href=\"\/wp-content\/uploads\/sites\/77\/pdf\/monitoreo\/progs19\/fin\/160.pdf\" target=\"_blank\" rel=\"noopener noreferrer\"><br \/>\n                    <i class=\"fa fa-download\" \/><\/a><\/td><td class=\"column-5\">                <a href=\"\/wp-content\/uploads\/sites\/77\/pdf\/monitoreo\/progs19\/proposito\/160.pdf\" target=\"_blank\" rel=\"noopener noreferrer\"><br \/>\n                    <i class=\"fa fa-download\" \/><\/a><\/td><td class=\"column-6\">                <a href=\"\/wp-content\/uploads\/sites\/77\/pdf\/monitoreo\/progs19\/RAG1\/160.pdf\" target=\"_blank\" rel=\"noopener noreferrer\"><br \/>\n                    <i class=\"fa fa-download\" \/><\/a><\/td><td class=\"column-7\"><a href=\"https:\/\/www.oaxaca.gob.mx\/dgite\/wp-content\/uploads\/sites\/77\/2022\/11\/160-2do.pdf\" target=\"_blank\" rel=\"noopener noreferrer\"><br \/>\n                    <i class=\"fa fa-download\" \/><br \/>\n                <\/a><\/td><td class=\"column-8\"><a href=\"https:\/\/www.oaxaca.gob.mx\/dgite\/wp-content\/uploads\/sites\/77\/2022\/11\/160-3er.pdf\" target=\"_blank\" rel=\"noopener noreferrer\"><br \/>\n                    <i class=\"fa fa-download\" \/><br \/>\n                <\/a><\/td><td class=\"column-9\"><a href=\"https:\/\/www.oaxaca.gob.mx\/dgite\/wp-content\/uploads\/sites\/77\/2022\/11\/160-8.pdf\" target=\"_blank\" rel=\"noopener noreferrer\"><br \/>\n                    <i class=\"fa fa-download\" \/><br \/>\n                <\/a><\/td>\n<\/tr>\n<tr class=\"row-44\">\n\t<td class=\"column-1\">161<\/td><td class=\"column-2\">IMPULSO A LA ECONOMIA<\/td><td class=\"column-3\">                <a href=\"\/wp-content\/uploads\/sites\/77\/pdf\/monitoreo\/progs19\/mir\/161.pdf\" target=\"_blank\" rel=\"noopener noreferrer\"><br \/>\n                    <i class=\"fa fa-download\" \/><\/a><\/td><td class=\"column-4\">                <a href=\"\/wp-content\/uploads\/sites\/77\/pdf\/monitoreo\/progs19\/fin\/161.pdf\" target=\"_blank\" rel=\"noopener noreferrer\"><br \/>\n                    <i class=\"fa fa-download\" \/><\/a><\/td><td class=\"column-5\">                <a href=\"\/wp-content\/uploads\/sites\/77\/pdf\/monitoreo\/progs19\/proposito\/161.pdf\" target=\"_blank\" rel=\"noopener noreferrer\"><br \/>\n                    <i class=\"fa fa-download\" \/><\/a><\/td><td class=\"column-6\">                <a href=\"\/wp-content\/uploads\/sites\/77\/pdf\/monitoreo\/progs19\/RAG1\/161.pdf\" target=\"_blank\" rel=\"noopener noreferrer\"><br \/>\n                    <i class=\"fa fa-download\" \/><\/a><\/td><td class=\"column-7\"><a href=\"https:\/\/www.oaxaca.gob.mx\/dgite\/wp-content\/uploads\/sites\/77\/2022\/11\/161-2do.pdf\" target=\"_blank\" rel=\"noopener noreferrer\"><br \/>\n                    <i class=\"fa fa-download\" \/><br \/>\n                <\/a><\/td><td class=\"column-8\"><a href=\"https:\/\/www.oaxaca.gob.mx\/dgite\/wp-content\/uploads\/sites\/77\/2022\/11\/161-3er.pdf\" target=\"_blank\" rel=\"noopener noreferrer\"><br \/>\n                    <i class=\"fa fa-download\" \/><br \/>\n                <\/a><\/td><td class=\"column-9\"><a href=\"https:\/\/www.oaxaca.gob.mx\/dgite\/wp-content\/uploads\/sites\/77\/2022\/11\/161-8.pdf\" target=\"_blank\" rel=\"noopener noreferrer\"><br \/>\n                    <i class=\"fa fa-download\" \/><br \/>\n                <\/a><\/td>\n<\/tr>\n<tr class=\"row-45\">\n\t<td class=\"column-1\">162<\/td><td class=\"column-2\">PROCURACION GENERAL DE JUSTICIA<\/td><td class=\"column-3\">                <a href=\"\/wp-content\/uploads\/sites\/77\/pdf\/monitoreo\/progs19\/mir\/162.pdf\" target=\"_blank\" rel=\"noopener noreferrer\"><br \/>\n                    <i class=\"fa fa-download\" \/><\/a><\/td><td class=\"column-4\">                <a href=\"\/wp-content\/uploads\/sites\/77\/pdf\/monitoreo\/progs19\/fin\/162.pdf\" target=\"_blank\" rel=\"noopener noreferrer\"><br \/>\n                    <i class=\"fa fa-download\" \/><\/a><\/td><td class=\"column-5\">                <a href=\"\/wp-content\/uploads\/sites\/77\/pdf\/monitoreo\/progs19\/proposito\/162.pdf\" target=\"_blank\" rel=\"noopener noreferrer\"><br \/>\n                    <i class=\"fa fa-download\" \/><\/a><\/td><td class=\"column-6\">                <a href=\"\/wp-content\/uploads\/sites\/77\/pdf\/monitoreo\/progs19\/RAG1\/162.pdf\" target=\"_blank\" rel=\"noopener noreferrer\"><br \/>\n                    <i class=\"fa fa-download\" \/><\/a><\/td><td class=\"column-7\"><a href=\"https:\/\/www.oaxaca.gob.mx\/dgite\/wp-content\/uploads\/sites\/77\/2022\/11\/162-2do.pdf\" target=\"_blank\" rel=\"noopener noreferrer\"><br \/>\n                    <i class=\"fa fa-download\" \/><br \/>\n                <\/a><\/td><td class=\"column-8\"><a href=\"https:\/\/www.oaxaca.gob.mx\/dgite\/wp-content\/uploads\/sites\/77\/2022\/11\/162-3er.pdf\" target=\"_blank\" rel=\"noopener noreferrer\"><br \/>\n                    <i class=\"fa fa-download\" \/><br \/>\n                <\/a><\/td><td class=\"column-9\"><a href=\"https:\/\/www.oaxaca.gob.mx\/dgite\/wp-content\/uploads\/sites\/77\/2022\/11\/162-8.pdf\" target=\"_blank\" rel=\"noopener noreferrer\"><br \/>\n                    <i class=\"fa fa-download\" \/><br \/>\n                <\/a><\/td>\n<\/tr>\n<tr class=\"row-46\">\n\t<td class=\"column-1\">163<\/td><td class=\"column-2\">PARTICIPACION COMUNITARIA PARA EL DESARROLLO HUMANO CON ASISTENCIA ALIMENTARIA<\/td><td class=\"column-3\">                <a href=\"\/wp-content\/uploads\/sites\/77\/pdf\/monitoreo\/progs19\/mir\/163.pdf\" target=\"_blank\" rel=\"noopener noreferrer\"><br \/>\n                    <i class=\"fa fa-download\" \/><\/a><\/td><td class=\"column-4\">                <a href=\"\/wp-content\/uploads\/sites\/77\/pdf\/monitoreo\/progs19\/fin\/163.pdf\" target=\"_blank\" rel=\"noopener noreferrer\"><br \/>\n                    <i class=\"fa fa-download\" \/><\/a><\/td><td class=\"column-5\">                <a href=\"\/wp-content\/uploads\/sites\/77\/pdf\/monitoreo\/progs19\/proposito\/163.pdf\" target=\"_blank\" rel=\"noopener noreferrer\"><br \/>\n                    <i class=\"fa fa-download\" \/><\/a><\/td><td class=\"column-6\">                <a href=\"\/wp-content\/uploads\/sites\/77\/pdf\/monitoreo\/progs19\/RAG1\/163.pdf\" target=\"_blank\" rel=\"noopener noreferrer\"><br \/>\n                    <i class=\"fa fa-download\" \/><\/a><\/td><td class=\"column-7\"><a href=\"https:\/\/www.oaxaca.gob.mx\/dgite\/wp-content\/uploads\/sites\/77\/2022\/11\/163-2do.pdf\" target=\"_blank\" rel=\"noopener noreferrer\"><br \/>\n                    <i class=\"fa fa-download\" \/><br \/>\n                <\/a><\/td><td class=\"column-8\"><a href=\"https:\/\/www.oaxaca.gob.mx\/dgite\/wp-content\/uploads\/sites\/77\/2022\/11\/163-3er.pdf\" target=\"_blank\" rel=\"noopener noreferrer\"><br \/>\n                    <i class=\"fa fa-download\" \/><br \/>\n                <\/a><\/td><td class=\"column-9\"><a href=\"https:\/\/www.oaxaca.gob.mx\/dgite\/wp-content\/uploads\/sites\/77\/2022\/11\/163-8.pdf\" target=\"_blank\" rel=\"noopener noreferrer\"><br \/>\n                    <i class=\"fa fa-download\" \/><br \/>\n                <\/a><\/td>\n<\/tr>\n<tr class=\"row-47\">\n\t<td class=\"column-1\">164<\/td><td class=\"column-2\">FORTALECIMIENTO DEL SISTEMA DE SALUD<\/td><td class=\"column-3\">                <a href=\"\/wp-content\/uploads\/sites\/77\/pdf\/monitoreo\/progs19\/mir\/164.pdf\" target=\"_blank\" rel=\"noopener noreferrer\"><br \/>\n                    <i class=\"fa fa-download\" \/><\/a><\/td><td class=\"column-4\">                <a href=\"\/wp-content\/uploads\/sites\/77\/pdf\/monitoreo\/progs19\/fin\/164.pdf\" target=\"_blank\" rel=\"noopener noreferrer\"><br \/>\n                    <i class=\"fa fa-download\" \/><\/a><\/td><td class=\"column-5\">                <a href=\"\/wp-content\/uploads\/sites\/77\/pdf\/monitoreo\/progs19\/proposito\/164.pdf\" target=\"_blank\" rel=\"noopener noreferrer\"><br \/>\n                    <i class=\"fa fa-download\" \/><\/a><\/td><td class=\"column-6\">                <a href=\"\/wp-content\/uploads\/sites\/77\/pdf\/monitoreo\/progs19\/RAG1\/164.pdf\" target=\"_blank\" rel=\"noopener noreferrer\"><br \/>\n                    <i class=\"fa fa-download\" \/><\/a><\/td><td class=\"column-7\"><\/td><td class=\"column-8\"><a href=\"https:\/\/www.oaxaca.gob.mx\/dgite\/wp-content\/uploads\/sites\/77\/2022\/11\/164-3er.pdf\" target=\"_blank\" rel=\"noopener noreferrer\"><br \/>\n                    <i class=\"fa fa-download\" \/><br \/>\n                <\/a><\/td><td class=\"column-9\"><a href=\"https:\/\/www.oaxaca.gob.mx\/dgite\/wp-content\/uploads\/sites\/77\/2022\/11\/164-8.pdf\" target=\"_blank\" rel=\"noopener noreferrer\"><br \/>\n                    <i class=\"fa fa-download\" \/><br \/>\n                <\/a><\/td>\n<\/tr>\n<tr class=\"row-48\">\n\t<td class=\"column-1\">165<\/td><td class=\"column-2\">PREVENCION, SANCION, TRANSPARENCIA, RENDICION DE CUENTAS Y COMBATE A LA CORRUPCION<\/td><td class=\"column-3\">                <a href=\"\/wp-content\/uploads\/sites\/77\/pdf\/monitoreo\/progs19\/mir\/165.pdf\" target=\"_blank\" rel=\"noopener noreferrer\"><br \/>\n                    <i class=\"fa fa-download\" \/><\/a><\/td><td class=\"column-4\">                <a href=\"\/wp-content\/uploads\/sites\/77\/pdf\/monitoreo\/progs19\/fin\/165.pdf\" target=\"_blank\" rel=\"noopener noreferrer\"><br \/>\n                    <i class=\"fa fa-download\" \/><\/a><\/td><td class=\"column-5\">                <a href=\"\/wp-content\/uploads\/sites\/77\/pdf\/monitoreo\/progs19\/proposito\/165.pdf\" target=\"_blank\" rel=\"noopener noreferrer\"><br \/>\n                    <i class=\"fa fa-download\" \/><\/a><\/td><td class=\"column-6\">                <a href=\"\/wp-content\/uploads\/sites\/77\/pdf\/monitoreo\/progs19\/RAG1\/165.pdf\" target=\"_blank\" rel=\"noopener noreferrer\"><br \/>\n                    <i class=\"fa fa-download\" \/><\/a><\/td><td class=\"column-7\"><a href=\"https:\/\/www.oaxaca.gob.mx\/dgite\/wp-content\/uploads\/sites\/77\/2022\/11\/165-2do.pdf\" target=\"_blank\" rel=\"noopener noreferrer\"><br \/>\n                    <i class=\"fa fa-download\" \/><br \/>\n                <\/a><\/td><td class=\"column-8\"><a href=\"https:\/\/www.oaxaca.gob.mx\/dgite\/wp-content\/uploads\/sites\/77\/2022\/11\/165-3er.pdf\" target=\"_blank\" rel=\"noopener noreferrer\"><br \/>\n                    <i class=\"fa fa-download\" \/><br \/>\n                <\/a><\/td><td class=\"column-9\"><a href=\"https:\/\/www.oaxaca.gob.mx\/dgite\/wp-content\/uploads\/sites\/77\/2022\/11\/165-8.pdf\" target=\"_blank\" rel=\"noopener noreferrer\"><br \/>\n                    <i class=\"fa fa-download\" \/><br \/>\n                <\/a><\/td>\n<\/tr>\n<tr class=\"row-49\">\n\t<td class=\"column-1\">166<\/td><td class=\"column-2\">DESARROLLO Y FORTALECIMIENTO DE CAPACIDADES EN LOS MUNICIPIOS<\/td><td class=\"column-3\">                <a href=\"\/wp-content\/uploads\/sites\/77\/pdf\/monitoreo\/progs19\/mir\/166.pdf\" target=\"_blank\" rel=\"noopener noreferrer\"><br \/>\n                    <i class=\"fa fa-download\" \/><\/a><\/td><td class=\"column-4\">                <a href=\"\/wp-content\/uploads\/sites\/77\/pdf\/monitoreo\/progs19\/fin\/166.pdf\" target=\"_blank\" rel=\"noopener noreferrer\"><br \/>\n                    <i class=\"fa fa-download\" \/><\/a><\/td><td class=\"column-5\">                <a href=\"\/wp-content\/uploads\/sites\/77\/pdf\/monitoreo\/progs19\/proposito\/166.pdf\" target=\"_blank\" rel=\"noopener noreferrer\"><br \/>\n                    <i class=\"fa fa-download\" \/><\/a><\/td><td class=\"column-6\">                <a href=\"\/wp-content\/uploads\/sites\/77\/pdf\/monitoreo\/progs19\/RAG1\/166.pdf\" target=\"_blank\" rel=\"noopener noreferrer\"><br \/>\n                    <i class=\"fa fa-download\" \/><\/a><\/td><td class=\"column-7\"><a href=\"https:\/\/www.oaxaca.gob.mx\/dgite\/wp-content\/uploads\/sites\/77\/2022\/11\/166-2do.pdf\" target=\"_blank\" rel=\"noopener noreferrer\"><br \/>\n                    <i class=\"fa fa-download\" \/><br \/>\n                <\/a><\/td><td class=\"column-8\"><a href=\"https:\/\/www.oaxaca.gob.mx\/dgite\/wp-content\/uploads\/sites\/77\/2022\/11\/166-3er.pdf\" target=\"_blank\" rel=\"noopener noreferrer\"><br \/>\n                    <i class=\"fa fa-download\" \/><br \/>\n                <\/a><\/td><td class=\"column-9\"><a href=\"https:\/\/www.oaxaca.gob.mx\/dgite\/wp-content\/uploads\/sites\/77\/2022\/11\/166-8.pdf\" target=\"_blank\" rel=\"noopener noreferrer\"><br \/>\n                    <i class=\"fa fa-download\" \/><br \/>\n                <\/a><\/td>\n<\/tr>\n<tr class=\"row-50\">\n\t<td class=\"column-1\">167<\/td><td class=\"column-2\">DEFENSORIA JURIDICA Y JUSTICIA LABORAL<\/td><td class=\"column-3\">                <a href=\"\/wp-content\/uploads\/sites\/77\/pdf\/monitoreo\/progs19\/mir\/167.pdf\" target=\"_blank\" rel=\"noopener noreferrer\"><br \/>\n                    <i class=\"fa fa-download\" \/><\/a><\/td><td class=\"column-4\">                <a href=\"\/wp-content\/uploads\/sites\/77\/pdf\/monitoreo\/progs19\/fin\/167.pdf\" target=\"_blank\" rel=\"noopener noreferrer\"><br \/>\n                    <i class=\"fa fa-download\" \/><\/a><\/td><td class=\"column-5\">                <a href=\"\/wp-content\/uploads\/sites\/77\/pdf\/monitoreo\/progs19\/proposito\/167.pdf\" target=\"_blank\" rel=\"noopener noreferrer\"><br \/>\n                    <i class=\"fa fa-download\" \/><\/a><\/td><td class=\"column-6\">                <a href=\"\/wp-content\/uploads\/sites\/77\/pdf\/monitoreo\/progs19\/RAG1\/167.pdf\" target=\"_blank\" rel=\"noopener noreferrer\"><br \/>\n                    <i class=\"fa fa-download\" \/><\/a><\/td><td class=\"column-7\"><a href=\"https:\/\/www.oaxaca.gob.mx\/dgite\/wp-content\/uploads\/sites\/77\/2022\/11\/167-2do.pdf\" target=\"_blank\" rel=\"noopener noreferrer\"><br \/>\n                    <i class=\"fa fa-download\" \/><br \/>\n                <\/a><\/td><td class=\"column-8\"><a href=\"https:\/\/www.oaxaca.gob.mx\/dgite\/wp-content\/uploads\/sites\/77\/2022\/11\/167-3er.pdf\" target=\"_blank\" rel=\"noopener noreferrer\"><br \/>\n                    <i class=\"fa fa-download\" \/><br \/>\n                <\/a><\/td><td class=\"column-9\"><a href=\"https:\/\/www.oaxaca.gob.mx\/dgite\/wp-content\/uploads\/sites\/77\/2022\/11\/167-8.pdf\" target=\"_blank\" rel=\"noopener noreferrer\"><br \/>\n                    <i class=\"fa fa-download\" \/><br \/>\n                <\/a><\/td>\n<\/tr>\n<tr class=\"row-51\">\n\t<td class=\"column-1\">169<\/td><td class=\"column-2\">PREVENCI\u00d3N Y PROMOCI\u00d3N DE LA SALUD<\/td><td class=\"column-3\">                <a href=\"\/wp-content\/uploads\/sites\/77\/pdf\/monitoreo\/progs19\/mir\/169.pdf\" target=\"_blank\" rel=\"noopener noreferrer\"><br \/>\n                    <i class=\"fa fa-download\" \/><\/a><\/td><td class=\"column-4\">                <a href=\"\/wp-content\/uploads\/sites\/77\/pdf\/monitoreo\/progs19\/fin\/169.pdf\" target=\"_blank\" rel=\"noopener noreferrer\"><br \/>\n                    <i class=\"fa fa-download\" \/><\/a><\/td><td class=\"column-5\">                <a href=\"\/wp-content\/uploads\/sites\/77\/pdf\/monitoreo\/progs19\/proposito\/169.pdf\" target=\"_blank\" rel=\"noopener noreferrer\"><br \/>\n                    <i class=\"fa fa-download\" \/><\/a><\/td><td class=\"column-6\">                <a href=\"\/wp-content\/uploads\/sites\/77\/pdf\/monitoreo\/progs19\/RAG1\/169.pdf\" target=\"_blank\" rel=\"noopener noreferrer\"><br \/>\n                    <i class=\"fa fa-download\" \/><\/a><\/td><td class=\"column-7\"><a href=\"https:\/\/www.oaxaca.gob.mx\/dgite\/wp-content\/uploads\/sites\/77\/2022\/11\/169-2do.pdf\" target=\"_blank\" rel=\"noopener noreferrer\"><br \/>\n                    <i class=\"fa fa-download\" \/><br \/>\n                <\/a><\/td><td class=\"column-8\"><a href=\"https:\/\/www.oaxaca.gob.mx\/dgite\/wp-content\/uploads\/sites\/77\/2022\/11\/169-3er.pdf\" target=\"_blank\" rel=\"noopener noreferrer\"><br \/>\n                    <i class=\"fa fa-download\" \/><br \/>\n                <\/a><\/td><td class=\"column-9\"><a href=\"https:\/\/www.oaxaca.gob.mx\/dgite\/wp-content\/uploads\/sites\/77\/2022\/11\/169-8.pdf\" target=\"_blank\" rel=\"noopener noreferrer\"><br \/>\n                    <i class=\"fa fa-download\" \/><br \/>\n                <\/a><\/td>\n<\/tr>\n<tr class=\"row-52\">\n\t<td class=\"column-1\">171<\/td><td class=\"column-2\">VIGILANCIA Y FISCALIZACI\u00d3N EN EL USO DE LOS RECURSOS P\u00daBLICOS<\/td><td class=\"column-3\">                <a href=\"\/wp-content\/uploads\/sites\/77\/pdf\/monitoreo\/progs19\/mir\/171.pdf\" target=\"_blank\" rel=\"noopener noreferrer\"><br \/>\n                    <i class=\"fa fa-download\" \/><\/a><\/td><td class=\"column-4\">                <a href=\"\/wp-content\/uploads\/sites\/77\/pdf\/monitoreo\/progs19\/fin\/171.pdf\" target=\"_blank\" rel=\"noopener noreferrer\"><br \/>\n                    <i class=\"fa fa-download\" \/><\/a><\/td><td class=\"column-5\">                <a href=\"\/wp-content\/uploads\/sites\/77\/pdf\/monitoreo\/progs19\/proposito\/171.pdf\" target=\"_blank\" rel=\"noopener noreferrer\"><br \/>\n                    <i class=\"fa fa-download\" \/><\/a><\/td><td class=\"column-6\">                <a href=\"\/wp-content\/uploads\/sites\/77\/pdf\/monitoreo\/progs19\/RAG1\/171.pdf\" target=\"_blank\" rel=\"noopener noreferrer\"><br \/>\n                    <i class=\"fa fa-download\" \/><\/a><\/td><td class=\"column-7\"><a href=\"https:\/\/www.oaxaca.gob.mx\/dgite\/wp-content\/uploads\/sites\/77\/2022\/11\/171-2do.pdf\" target=\"_blank\" rel=\"noopener noreferrer\"><br \/>\n                    <i class=\"fa fa-download\" \/><br \/>\n                <\/a><\/td><td class=\"column-8\"><a href=\"https:\/\/www.oaxaca.gob.mx\/dgite\/wp-content\/uploads\/sites\/77\/2022\/11\/171-3er.pdf\" target=\"_blank\" rel=\"noopener noreferrer\"><br \/>\n                    <i class=\"fa fa-download\" \/><br \/>\n                <\/a><\/td><td class=\"column-9\"><a href=\"https:\/\/www.oaxaca.gob.mx\/dgite\/wp-content\/uploads\/sites\/77\/2022\/11\/171-8.pdf\" target=\"_blank\" rel=\"noopener noreferrer\"><br \/>\n                    <i class=\"fa fa-download\" \/><br \/>\n                <\/a><\/td>\n<\/tr>\n<tr class=\"row-53\">\n\t<td class=\"column-1\">172<\/td><td class=\"column-2\">INCLUSION SOCIAL EN LA ECONOMIA<\/td><td class=\"column-3\">                <a href=\"\/wp-content\/uploads\/sites\/77\/pdf\/monitoreo\/progs19\/mir\/172.pdf\" target=\"_blank\" rel=\"noopener noreferrer\"><br \/>\n                    <i class=\"fa fa-download\" \/><\/a><\/td><td class=\"column-4\">                <a href=\"\/wp-content\/uploads\/sites\/77\/pdf\/monitoreo\/progs19\/fin\/172.pdf\" target=\"_blank\" rel=\"noopener noreferrer\"><br \/>\n                    <i class=\"fa fa-download\" \/><\/a><\/td><td class=\"column-5\">                <a href=\"\/wp-content\/uploads\/sites\/77\/pdf\/monitoreo\/progs19\/proposito\/172.pdf\" target=\"_blank\" rel=\"noopener noreferrer\"><br \/>\n                    <i class=\"fa fa-download\" \/><\/a><\/td><td class=\"column-6\">                <a href=\"\/wp-content\/uploads\/sites\/77\/pdf\/monitoreo\/progs19\/RAG1\/172.pdf\" target=\"_blank\" rel=\"noopener noreferrer\"><br \/>\n                    <i class=\"fa fa-download\" \/><\/a><\/td><td class=\"column-7\"><a href=\"https:\/\/www.oaxaca.gob.mx\/dgite\/wp-content\/uploads\/sites\/77\/2022\/11\/172-2do.pdf\" target=\"_blank\" rel=\"noopener noreferrer\"><br \/>\n                    <i class=\"fa fa-download\" \/><br \/>\n                <\/a><\/td><td class=\"column-8\"><a href=\"https:\/\/www.oaxaca.gob.mx\/dgite\/wp-content\/uploads\/sites\/77\/2022\/11\/172-3er.pdf\" target=\"_blank\" rel=\"noopener noreferrer\"><br \/>\n                    <i class=\"fa fa-download\" \/><br \/>\n                <\/a><\/td><td class=\"column-9\"><a href=\"https:\/\/www.oaxaca.gob.mx\/dgite\/wp-content\/uploads\/sites\/77\/2022\/11\/172-8.pdf\" target=\"_blank\" rel=\"noopener noreferrer\"><br \/>\n                    <i class=\"fa fa-download\" \/><br \/>\n                <\/a><\/td>\n<\/tr>\n<tr class=\"row-54\">\n\t<td class=\"column-1\">173<\/td><td class=\"column-2\">PREVENCI\u00d3N Y RESOLUCI\u00d3N DE CONFLICTOS EN LA PRESTACI\u00d3N DE LOS SERVICIOS DE SALUD<\/td><td class=\"column-3\">                <a href=\"\/wp-content\/uploads\/sites\/77\/pdf\/monitoreo\/progs19\/mir\/173.pdf\" target=\"_blank\" rel=\"noopener noreferrer\"><br \/>\n                    <i class=\"fa fa-download\" \/><\/a><\/td><td class=\"column-4\">                <a href=\"\/wp-content\/uploads\/sites\/77\/pdf\/monitoreo\/progs19\/fin\/173.pdf\" target=\"_blank\" rel=\"noopener noreferrer\"><br \/>\n                    <i class=\"fa fa-download\" \/><\/a><\/td><td class=\"column-5\">                <a href=\"\/wp-content\/uploads\/sites\/77\/pdf\/monitoreo\/progs19\/proposito\/173.pdf\" target=\"_blank\" rel=\"noopener noreferrer\"><br \/>\n                    <i class=\"fa fa-download\" \/><\/a><\/td><td class=\"column-6\">                <a href=\"\/wp-content\/uploads\/sites\/77\/pdf\/monitoreo\/progs19\/RAG1\/173.pdf\" target=\"_blank\" rel=\"noopener noreferrer\"><br \/>\n                    <i class=\"fa fa-download\" \/><\/a><\/td><td class=\"column-7\"><a href=\"https:\/\/www.oaxaca.gob.mx\/dgite\/wp-content\/uploads\/sites\/77\/2022\/11\/173-2do.pdf\" target=\"_blank\" rel=\"noopener noreferrer\"><br \/>\n                    <i class=\"fa fa-download\" \/><br \/>\n                <\/a><\/td><td class=\"column-8\"><a href=\"https:\/\/www.oaxaca.gob.mx\/dgite\/wp-content\/uploads\/sites\/77\/2022\/11\/173-3er.pdf\" target=\"_blank\" rel=\"noopener noreferrer\"><br \/>\n                    <i class=\"fa fa-download\" \/><br \/>\n                <\/a><\/td><td class=\"column-9\"><a href=\"https:\/\/www.oaxaca.gob.mx\/dgite\/wp-content\/uploads\/sites\/77\/2022\/11\/173-8.pdf\" target=\"_blank\" rel=\"noopener noreferrer\"><br \/>\n                    <i class=\"fa fa-download\" \/><br \/>\n                <\/a><\/td>\n<\/tr>\n<tr class=\"row-55\">\n\t<td class=\"column-1\">174<\/td><td class=\"column-2\">PROMOCI\u00d3N, RECREACI\u00d3N Y FOMENTO DE LA ACTIVACI\u00d3N F\u00cdSICA Y DEL DEPORTE<\/td><td class=\"column-3\">                <a href=\"\/wp-content\/uploads\/sites\/77\/pdf\/monitoreo\/progs19\/mir\/174.pdf\" target=\"_blank\" rel=\"noopener noreferrer\"><br \/>\n                    <i class=\"fa fa-download\" \/><\/a><\/td><td class=\"column-4\">                <a href=\"\/wp-content\/uploads\/sites\/77\/pdf\/monitoreo\/progs19\/fin\/174.pdf\" target=\"_blank\" rel=\"noopener noreferrer\"><br \/>\n                    <i class=\"fa fa-download\" \/><\/a><\/td><td class=\"column-5\">                <a href=\"\/wp-content\/uploads\/sites\/77\/pdf\/monitoreo\/progs19\/proposito\/174.pdf\" target=\"_blank\" rel=\"noopener noreferrer\"><br \/>\n                    <i class=\"fa fa-download\" \/><\/a><\/td><td class=\"column-6\">                <a href=\"\/wp-content\/uploads\/sites\/77\/pdf\/monitoreo\/progs19\/RAG1\/174.pdf\" target=\"_blank\" rel=\"noopener noreferrer\"><br \/>\n                    <i class=\"fa fa-download\" \/><\/a><\/td><td class=\"column-7\"><a href=\"https:\/\/www.oaxaca.gob.mx\/dgite\/wp-content\/uploads\/sites\/77\/2022\/11\/174-2do.pdf\" target=\"_blank\" rel=\"noopener noreferrer\"><br \/>\n                    <i class=\"fa fa-download\" \/><br \/>\n                <\/a><\/td><td class=\"column-8\"><a href=\"https:\/\/www.oaxaca.gob.mx\/dgite\/wp-content\/uploads\/sites\/77\/2022\/11\/174-3er.pdf\" target=\"_blank\" rel=\"noopener noreferrer\"><br \/>\n                    <i class=\"fa fa-download\" \/><br \/>\n                <\/a><\/td><td class=\"column-9\"><a href=\"https:\/\/www.oaxaca.gob.mx\/dgite\/wp-content\/uploads\/sites\/77\/2022\/11\/174-8.pdf\" target=\"_blank\" rel=\"noopener noreferrer\"><br \/>\n                    <i class=\"fa fa-download\" \/><br \/>\n                <\/a><\/td>\n<\/tr>\n<tr class=\"row-56\">\n\t<td class=\"column-1\">177<\/td><td class=\"column-2\">PRODUCCI\u00d3N, TRANSMISI\u00d3N Y COBERTURA DE RADIO, TELEVISI\u00d3N Y TELECOMUNICACIONES P\u00daBLICAS<\/td><td class=\"column-3\">                <a href=\"\/wp-content\/uploads\/sites\/77\/pdf\/monitoreo\/progs19\/mir\/177.pdf\" target=\"_blank\" rel=\"noopener noreferrer\"><br \/>\n                    <i class=\"fa fa-download\" \/><\/a><\/td><td class=\"column-4\"><a href=\"\/wp-content\/uploads\/sites\/77\/pdf\/monitoreo\/progs19\/fin\/177.pdf\" target=\"_blank\" rel=\"noopener noreferrer\"><br \/>\n                    <i class=\"fa fa-download\" \/><\/a><\/td><td class=\"column-5\"><a href=\"\/wp-content\/uploads\/sites\/77\/pdf\/monitoreo\/progs19\/proposito\/177.pdf\" target=\"_blank\" rel=\"noopener noreferrer\"><br \/>\n                    <i class=\"fa fa-download\" \/><\/a><\/td><td class=\"column-6\">                <a href=\"\/wp-content\/uploads\/sites\/77\/pdf\/monitoreo\/progs19\/RAG1\/177.pdf\" target=\"_blank\" rel=\"noopener noreferrer\"><br \/>\n                    <i class=\"fa fa-download\" \/><\/a><\/td><td class=\"column-7\"><a href=\"https:\/\/www.oaxaca.gob.mx\/dgite\/wp-content\/uploads\/sites\/77\/2022\/11\/177-2do.pdf\" target=\"_blank\" rel=\"noopener noreferrer\"><br \/>\n                    <i class=\"fa fa-download\" \/><br \/>\n                <\/a><\/td><td class=\"column-8\"><a href=\"https:\/\/www.oaxaca.gob.mx\/dgite\/wp-content\/uploads\/sites\/77\/2022\/11\/177-3er.pdf\" target=\"_blank\" rel=\"noopener noreferrer\"><br \/>\n                    <i class=\"fa fa-download\" \/><br \/>\n                <\/a><\/td><td class=\"column-9\"><a href=\"https:\/\/www.oaxaca.gob.mx\/dgite\/wp-content\/uploads\/sites\/77\/2022\/11\/177-8.pdf\" target=\"_blank\" rel=\"noopener noreferrer\"><br \/>\n                    <i class=\"fa fa-download\" \/><br \/>\n                <\/a><\/td>\n<\/tr>\n<tr class=\"row-57\">\n\t<td class=\"column-1\">178<\/td><td class=\"column-2\">DIFUSI\u00d3N DE ACCIONES, PROGRAMAS Y POL\u00cdTICAS GUBERNAMENTALES<\/td><td class=\"column-3\">                <a href=\"\/wp-content\/uploads\/sites\/77\/pdf\/monitoreo\/progs19\/mir\/178.pdf\" target=\"_blank\" rel=\"noopener noreferrer\"><br \/>\n                    <i class=\"fa fa-download\" \/><\/a><\/td><td class=\"column-4\">                <a href=\"\/wp-content\/uploads\/sites\/77\/pdf\/monitoreo\/progs19\/fin\/178.pdf\" target=\"_blank\" rel=\"noopener noreferrer\"><br \/>\n                    <i class=\"fa fa-download\" \/><\/a><\/td><td class=\"column-5\">                <a href=\"\/wp-content\/uploads\/sites\/77\/pdf\/monitoreo\/progs19\/proposito\/178.pdf\" target=\"_blank\" rel=\"noopener noreferrer\"><br \/>\n                    <i class=\"fa fa-download\" \/><\/a><\/td><td class=\"column-6\">                <a href=\"\/wp-content\/uploads\/sites\/77\/pdf\/monitoreo\/progs19\/RAG1\/178.pdf\" target=\"_blank\" rel=\"noopener noreferrer\"><br \/>\n                    <i class=\"fa fa-download\" \/><\/a><\/td><td class=\"column-7\"><a href=\"https:\/\/www.oaxaca.gob.mx\/dgite\/wp-content\/uploads\/sites\/77\/2022\/11\/178-2do.pdf\" target=\"_blank\" rel=\"noopener noreferrer\"><br \/>\n                    <i class=\"fa fa-download\" \/><br \/>\n                <\/a><\/td><td class=\"column-8\"><a href=\"https:\/\/www.oaxaca.gob.mx\/dgite\/wp-content\/uploads\/sites\/77\/2022\/11\/178-3er.pdf\" target=\"_blank\" rel=\"noopener noreferrer\"><br \/>\n                    <i class=\"fa fa-download\" \/><br \/>\n                <\/a><\/td><td class=\"column-9\"><a href=\"https:\/\/www.oaxaca.gob.mx\/dgite\/wp-content\/uploads\/sites\/77\/2022\/11\/178-8.pdf\" target=\"_blank\" rel=\"noopener noreferrer\"><br \/>\n                    <i class=\"fa fa-download\" \/><br \/>\n                <\/a><\/td>\n<\/tr>\n<tr class=\"row-58\">\n\t<td class=\"column-1\">179<\/td><td class=\"column-2\">FORTALECIMIENTO DE LAS ACTIVIDADES DEL PODER EJECUTIVO<\/td><td class=\"column-3\">                <a href=\"\/wp-content\/uploads\/sites\/77\/pdf\/monitoreo\/progs19\/mir\/179.pdf\" target=\"_blank\" rel=\"noopener noreferrer\"><br \/>\n                    <i class=\"fa fa-download\" \/><\/a><\/td><td class=\"column-4\">                <a href=\"\/wp-content\/uploads\/sites\/77\/pdf\/monitoreo\/progs19\/fin\/179.pdf\" target=\"_blank\" rel=\"noopener noreferrer\"><br \/>\n                    <i class=\"fa fa-download\" \/><\/a><\/td><td class=\"column-5\">                <a href=\"\/wp-content\/uploads\/sites\/77\/pdf\/monitoreo\/progs19\/proposito\/179.pdf\" target=\"_blank\" rel=\"noopener noreferrer\"><br \/>\n                    <i class=\"fa fa-download\" \/><\/a><\/td><td class=\"column-6\">                <a href=\"\/wp-content\/uploads\/sites\/77\/pdf\/monitoreo\/progs19\/RAG1\/179.pdf\" target=\"_blank\" rel=\"noopener noreferrer\"><br \/>\n                    <i class=\"fa fa-download\" \/><\/a><\/td><td class=\"column-7\"><a href=\"https:\/\/www.oaxaca.gob.mx\/dgite\/wp-content\/uploads\/sites\/77\/2022\/11\/179-2do.pdf\" target=\"_blank\" rel=\"noopener noreferrer\"><br \/>\n                    <i class=\"fa fa-download\" \/><br \/>\n                <\/a><\/td><td class=\"column-8\"><a href=\"https:\/\/www.oaxaca.gob.mx\/dgite\/wp-content\/uploads\/sites\/77\/2022\/11\/179-3er.pdf\" target=\"_blank\" rel=\"noopener noreferrer\"><br \/>\n                    <i class=\"fa fa-download\" \/><br \/>\n                <\/a><\/td><td class=\"column-9\"><a href=\"https:\/\/www.oaxaca.gob.mx\/dgite\/wp-content\/uploads\/sites\/77\/2022\/11\/179-8.pdf\" target=\"_blank\" rel=\"noopener noreferrer\"><br \/>\n                    <i class=\"fa fa-download\" \/><br \/>\n                <\/a><\/td>\n<\/tr>\n<tr class=\"row-59\">\n\t<td class=\"column-1\">181<\/td><td class=\"column-2\">M\u00c1S OAXACA<\/td><td class=\"column-3\">                <a href=\"\/wp-content\/uploads\/sites\/77\/pdf\/monitoreo\/progs19\/mir\/181.pdf\" target=\"_blank\" rel=\"noopener noreferrer\"><br \/>\n                    <i class=\"fa fa-download\" \/><\/a><\/td><td class=\"column-4\">                <a href=\"\/wp-content\/uploads\/sites\/77\/pdf\/monitoreo\/progs19\/fin\/181.pdf\" target=\"_blank\" rel=\"noopener noreferrer\"><br \/>\n                    <i class=\"fa fa-download\" \/><\/a><\/td><td class=\"column-5\">                <a href=\"\/wp-content\/uploads\/sites\/77\/pdf\/monitoreo\/progs19\/proposito\/181.pdf\" target=\"_blank\" rel=\"noopener noreferrer\"><br \/>\n                    <i class=\"fa fa-download\" \/><\/a><\/td><td class=\"column-6\">                <a href=\"\/wp-content\/uploads\/sites\/77\/pdf\/monitoreo\/progs19\/RAG1\/181.pdf\" target=\"_blank\" rel=\"noopener noreferrer\"><br \/>\n                    <i class=\"fa fa-download\" \/><\/a><\/td><td class=\"column-7\"><a href=\"https:\/\/www.oaxaca.gob.mx\/dgite\/wp-content\/uploads\/sites\/77\/2022\/11\/181-2do.pdf\" target=\"_blank\" rel=\"noopener noreferrer\"><br \/>\n                    <i class=\"fa fa-download\" \/><br \/>\n                <\/a><\/td><td class=\"column-8\"><a href=\"https:\/\/www.oaxaca.gob.mx\/dgite\/wp-content\/uploads\/sites\/77\/2022\/11\/181-3er.pdf\" target=\"_blank\" rel=\"noopener noreferrer\"><br \/>\n                    <i class=\"fa fa-download\" \/><br \/>\n                <\/a><\/td><td class=\"column-9\"><a href=\"https:\/\/www.oaxaca.gob.mx\/dgite\/wp-content\/uploads\/sites\/77\/2022\/11\/181-8.pdf\" target=\"_blank\" rel=\"noopener noreferrer\"><br \/>\n                    <i class=\"fa fa-download\" \/><br \/>\n                <\/a><\/td>\n<\/tr>\n<tr class=\"row-60\">\n\t<td class=\"column-1\">182<\/td><td class=\"column-2\">FORMACION ACADEMICA INTEGRAL<\/td><td class=\"column-3\">                <a href=\"\/wp-content\/uploads\/sites\/77\/pdf\/monitoreo\/progs19\/mir\/182.pdf\" target=\"_blank\" rel=\"noopener noreferrer\"><br \/>\n                    <i class=\"fa fa-download\" \/><\/a><\/td><td class=\"column-4\">                <a href=\"\/wp-content\/uploads\/sites\/77\/pdf\/monitoreo\/progs19\/fin\/182.pdf\" target=\"_blank\" rel=\"noopener noreferrer\"><br \/>\n                    <i class=\"fa fa-download\" \/><\/a><\/td><td class=\"column-5\">                <a href=\"\/wp-content\/uploads\/sites\/77\/pdf\/monitoreo\/progs19\/proposito\/182.pdf\" target=\"_blank\" rel=\"noopener noreferrer\"><br \/>\n                    <i class=\"fa fa-download\" \/><\/a><\/td><td class=\"column-6\">                <a href=\"\/wp-content\/uploads\/sites\/77\/pdf\/monitoreo\/progs19\/RAG1\/182.pdf\" target=\"_blank\" rel=\"noopener noreferrer\"><br \/>\n                    <i class=\"fa fa-download\" \/><\/a><\/td><td class=\"column-7\"><a href=\"https:\/\/www.oaxaca.gob.mx\/dgite\/wp-content\/uploads\/sites\/77\/2022\/11\/182-2do.pdf\" target=\"_blank\" rel=\"noopener noreferrer\"><br \/>\n                    <i class=\"fa fa-download\" \/><br \/>\n                <\/a><\/td><td class=\"column-8\"><a href=\"https:\/\/www.oaxaca.gob.mx\/dgite\/wp-content\/uploads\/sites\/77\/2022\/11\/182-3er.pdf\" target=\"_blank\" rel=\"noopener noreferrer\"><br \/>\n                    <i class=\"fa fa-download\" \/><br \/>\n                <\/a><\/td><td class=\"column-9\"><a href=\"https:\/\/www.oaxaca.gob.mx\/dgite\/wp-content\/uploads\/sites\/77\/2022\/11\/182-8.pdf\" target=\"_blank\" rel=\"noopener noreferrer\"><br \/>\n                    <i class=\"fa fa-download\" \/><br \/>\n                <\/a><\/td>\n<\/tr>\n<tr class=\"row-61\">\n\t<td class=\"column-1\">183<\/td><td class=\"column-2\">FORMACI\u00d3N Y DESARROLLO PROFESIONAL DOCENTE<\/td><td class=\"column-3\">                <a href=\"\/wp-content\/uploads\/sites\/77\/pdf\/monitoreo\/progs19\/mir\/183.pdf\" target=\"_blank\" rel=\"noopener noreferrer\"><br \/>\n                    <i class=\"fa fa-download\" \/><\/a><\/td><td class=\"column-4\">                <a href=\"\/wp-content\/uploads\/sites\/77\/pdf\/monitoreo\/progs19\/fin\/183.pdf\" target=\"_blank\" rel=\"noopener noreferrer\"><br \/>\n                    <i class=\"fa fa-download\" \/><\/a><\/td><td class=\"column-5\">                <a href=\"\/wp-content\/uploads\/sites\/77\/pdf\/monitoreo\/progs19\/proposito\/183.pdf\" target=\"_blank\" rel=\"noopener noreferrer\"><br \/>\n                    <i class=\"fa fa-download\" \/><\/a><\/td><td class=\"column-6\">                <a href=\"\/wp-content\/uploads\/sites\/77\/pdf\/monitoreo\/progs19\/RAG1\/183.pdf\" target=\"_blank\" rel=\"noopener noreferrer\"><br \/>\n                    <i class=\"fa fa-download\" \/><\/a><\/td><td class=\"column-7\"><\/td><td class=\"column-8\"><a href=\"https:\/\/www.oaxaca.gob.mx\/dgite\/wp-content\/uploads\/sites\/77\/2022\/11\/183-3er.pdf\" target=\"_blank\" rel=\"noopener noreferrer\"><br \/>\n                    <i class=\"fa fa-download\" \/><br \/>\n                <\/a><\/td><td class=\"column-9\"><a href=\"https:\/\/www.oaxaca.gob.mx\/dgite\/wp-content\/uploads\/sites\/77\/2022\/11\/183-8.pdf\" target=\"_blank\" rel=\"noopener noreferrer\"><br \/>\n                    <i class=\"fa fa-download\" \/><br \/>\n                <\/a><\/td>\n<\/tr>\n<tr class=\"row-62\">\n\t<td class=\"column-1\">184<\/td><td class=\"column-2\">ADMINISTRACI\u00d3N ESTRAT\u00c9GICA EN EL QUEHACER EDUCATIVO<\/td><td class=\"column-3\">                <a href=\"\/wp-content\/uploads\/sites\/77\/pdf\/monitoreo\/progs19\/mir\/184.pdf\" target=\"_blank\" rel=\"noopener noreferrer\"><br \/>\n                    <i class=\"fa fa-download\" \/><\/a><\/td><td class=\"column-4\">                <a href=\"\/wp-content\/uploads\/sites\/77\/pdf\/monitoreo\/progs19\/fin\/184.pdf\" target=\"_blank\" rel=\"noopener noreferrer\"><br \/>\n                    <i class=\"fa fa-download\" \/><\/a><\/td><td class=\"column-5\">                <a href=\"\/wp-content\/uploads\/sites\/77\/pdf\/monitoreo\/progs19\/proposito\/184.pdf\" target=\"_blank\" rel=\"noopener noreferrer\"><br \/>\n                    <i class=\"fa fa-download\" \/><\/a><\/td><td class=\"column-6\">                <a href=\"\/wp-content\/uploads\/sites\/77\/pdf\/monitoreo\/progs19\/RAG1\/184.pdf\" target=\"_blank\" rel=\"noopener noreferrer\"><br \/>\n                    <i class=\"fa fa-download\" \/><\/a><\/td><td class=\"column-7\"><a href=\"https:\/\/www.oaxaca.gob.mx\/dgite\/wp-content\/uploads\/sites\/77\/2022\/11\/184-2do.pdf\" target=\"_blank\" rel=\"noopener noreferrer\"><br \/>\n                    <i class=\"fa fa-download\" \/><br \/>\n                <\/a><\/td><td class=\"column-8\"><a href=\"https:\/\/www.oaxaca.gob.mx\/dgite\/wp-content\/uploads\/sites\/77\/2022\/11\/184-3er.pdf\" target=\"_blank\" rel=\"noopener noreferrer\"><br \/>\n                    <i class=\"fa fa-download\" \/><br \/>\n                <\/a><\/td><td class=\"column-9\"><a href=\"https:\/\/www.oaxaca.gob.mx\/dgite\/wp-content\/uploads\/sites\/77\/2022\/11\/184-8.pdf\" target=\"_blank\" rel=\"noopener noreferrer\"><br \/>\n                    <i class=\"fa fa-download\" \/><br \/>\n                <\/a><\/td>\n<\/tr>\n<tr class=\"row-63\">\n\t<td class=\"column-1\">187<\/td><td class=\"column-2\">ADMINISTRACI\u00d3N DE JUSTICIA EN MATERIA AMBIENTAL<\/td><td class=\"column-3\">                <a href=\"\/wp-content\/uploads\/sites\/77\/pdf\/monitoreo\/progs19\/mir\/187.pdf\" target=\"_blank\" rel=\"noopener noreferrer\"><br \/>\n                    <i class=\"fa fa-download\" \/><\/a><\/td><td class=\"column-4\">                <a href=\"\/wp-content\/uploads\/sites\/77\/pdf\/monitoreo\/progs19\/fin\/187.pdf\" target=\"_blank\" rel=\"noopener noreferrer\"><br \/>\n                    <i class=\"fa fa-download\" \/><\/a><\/td><td class=\"column-5\">                <a href=\"\/wp-content\/uploads\/sites\/77\/pdf\/monitoreo\/progs19\/proposito\/187.pdf\" target=\"_blank\" rel=\"noopener noreferrer\"><br \/>\n                    <i class=\"fa fa-download\" \/><\/a><\/td><td class=\"column-6\">                <a href=\"\/wp-content\/uploads\/sites\/77\/pdf\/monitoreo\/progs19\/RAG1\/187.pdf\" target=\"_blank\" rel=\"noopener noreferrer\"><br \/>\n                    <i class=\"fa fa-download\" \/><\/a><\/td><td class=\"column-7\"><a href=\"https:\/\/www.oaxaca.gob.mx\/dgite\/wp-content\/uploads\/sites\/77\/2022\/11\/187-2do.pdf\" target=\"_blank\" rel=\"noopener noreferrer\"><br \/>\n                    <i class=\"fa fa-download\" \/><br \/>\n                <\/a><\/td><td class=\"column-8\"><a href=\"https:\/\/www.oaxaca.gob.mx\/dgite\/wp-content\/uploads\/sites\/77\/2022\/11\/187-3er.pdf\" target=\"_blank\" rel=\"noopener noreferrer\"><br \/>\n                    <i class=\"fa fa-download\" \/><br \/>\n                <\/a><\/td><td class=\"column-9\"><a href=\"https:\/\/www.oaxaca.gob.mx\/dgite\/wp-content\/uploads\/sites\/77\/2022\/11\/187-8.pdf\" target=\"_blank\" rel=\"noopener noreferrer\"><br \/>\n                    <i class=\"fa fa-download\" \/><br \/>\n                <\/a><\/td>\n<\/tr>\n<tr class=\"row-64\">\n\t<td class=\"column-1\">188<\/td><td class=\"column-2\">CAMBIO CLIM\u00c1TICO<\/td><td class=\"column-3\">                <a href=\"\/wp-content\/uploads\/sites\/77\/pdf\/monitoreo\/progs19\/mir\/188.pdf\" target=\"_blank\" rel=\"noopener noreferrer\"><br \/>\n                    <i class=\"fa fa-download\" \/><\/a><\/td><td class=\"column-4\">                <a href=\"\/wp-content\/uploads\/sites\/77\/pdf\/monitoreo\/progs19\/fin\/188.pdf\" target=\"_blank\" rel=\"noopener noreferrer\"><br \/>\n                    <i class=\"fa fa-download\" \/><\/a><\/td><td class=\"column-5\">                <a href=\"\/wp-content\/uploads\/sites\/77\/pdf\/monitoreo\/progs19\/proposito\/188.pdf\" target=\"_blank\" rel=\"noopener noreferrer\"><br \/>\n                    <i class=\"fa fa-download\" \/><\/a><\/td><td class=\"column-6\">                <a href=\"\/wp-content\/uploads\/sites\/77\/pdf\/monitoreo\/progs19\/RAG1\/188.pdf\" target=\"_blank\" rel=\"noopener noreferrer\"><br \/>\n                    <i class=\"fa fa-download\" \/><\/a><\/td><td class=\"column-7\"><a href=\"https:\/\/www.oaxaca.gob.mx\/dgite\/wp-content\/uploads\/sites\/77\/2022\/11\/188-2do.pdf\" target=\"_blank\" rel=\"noopener noreferrer\"><br \/>\n                    <i class=\"fa fa-download\" \/><br \/>\n                <\/a><\/td><td class=\"column-8\"><a href=\"https:\/\/www.oaxaca.gob.mx\/dgite\/wp-content\/uploads\/sites\/77\/2022\/11\/188-3er.pdf\" target=\"_blank\" rel=\"noopener noreferrer\"><br \/>\n                    <i class=\"fa fa-download\" \/><br \/>\n                <\/a><\/td><td class=\"column-9\"><a href=\"https:\/\/www.oaxaca.gob.mx\/dgite\/wp-content\/uploads\/sites\/77\/2022\/11\/188-8.pdf\" target=\"_blank\" rel=\"noopener noreferrer\"><br \/>\n                    <i class=\"fa fa-download\" \/><br \/>\n                <\/a><\/td>\n<\/tr>\n<tr class=\"row-65\">\n\t<td class=\"column-1\">189<\/td><td class=\"column-2\">ORDENAMIENTO ECOL\u00d3GICO TERRITORIAL<\/td><td class=\"column-3\">                <a href=\"\/wp-content\/uploads\/sites\/77\/pdf\/monitoreo\/progs19\/mir\/189.pdf\" target=\"_blank\" rel=\"noopener noreferrer\"><br \/>\n                    <i class=\"fa fa-download\" \/><\/a><\/td><td class=\"column-4\">                <a href=\"\/wp-content\/uploads\/sites\/77\/pdf\/monitoreo\/progs19\/fin\/189.pdf\" target=\"_blank\" rel=\"noopener noreferrer\"><br \/>\n                    <i class=\"fa fa-download\" \/><\/a><\/td><td class=\"column-5\">                <a href=\"\/wp-content\/uploads\/sites\/77\/pdf\/monitoreo\/progs19\/proposito\/189.pdf\" target=\"_blank\" rel=\"noopener noreferrer\"><br \/>\n                    <i class=\"fa fa-download\" \/><\/a><\/td><td class=\"column-6\">                <a href=\"\/wp-content\/uploads\/sites\/77\/pdf\/monitoreo\/progs19\/RAG1\/189.pdf\" target=\"_blank\" rel=\"noopener noreferrer\"><br \/>\n                    <i class=\"fa fa-download\" \/><\/a><\/td><td class=\"column-7\"><a href=\"https:\/\/www.oaxaca.gob.mx\/dgite\/wp-content\/uploads\/sites\/77\/2022\/11\/189-2do.pdf\" target=\"_blank\" rel=\"noopener noreferrer\"><br \/>\n                    <i class=\"fa fa-download\" \/><br \/>\n                <\/a><\/td><td class=\"column-8\"><a href=\"https:\/\/www.oaxaca.gob.mx\/dgite\/wp-content\/uploads\/sites\/77\/2022\/11\/189-3er.pdf\" target=\"_blank\" rel=\"noopener noreferrer\"><br \/>\n                    <i class=\"fa fa-download\" \/><br \/>\n                <\/a><\/td><td class=\"column-9\"><a href=\"https:\/\/www.oaxaca.gob.mx\/dgite\/wp-content\/uploads\/sites\/77\/2022\/11\/189-8.pdf\" target=\"_blank\" rel=\"noopener noreferrer\"><br \/>\n                    <i class=\"fa fa-download\" \/><br \/>\n                <\/a><\/td>\n<\/tr>\n<tr class=\"row-66\">\n\t<td class=\"column-1\">190<\/td><td class=\"column-2\">PROMOCI\u00d3N DE LA INVERSI\u00d3N EN ENERG\u00cdAS RENOVABLES<\/td><td class=\"column-3\">                <a href=\"\/wp-content\/uploads\/sites\/77\/pdf\/monitoreo\/progs19\/mir\/190.pdf\" target=\"_blank\" rel=\"noopener noreferrer\"><br \/>\n                    <i class=\"fa fa-download\" \/><\/a><\/td><td class=\"column-4\">                <a href=\"\/wp-content\/uploads\/sites\/77\/pdf\/monitoreo\/progs19\/fin\/190.pdf\" target=\"_blank\" rel=\"noopener noreferrer\"><br \/>\n                    <i class=\"fa fa-download\" \/><\/a><\/td><td class=\"column-5\">                <a href=\"\/wp-content\/uploads\/sites\/77\/pdf\/monitoreo\/progs19\/proposito\/190.pdf\" target=\"_blank\" rel=\"noopener noreferrer\"><br \/>\n                    <i class=\"fa fa-download\" \/><\/a><\/td><td class=\"column-6\">                <a href=\"\/wp-content\/uploads\/sites\/77\/pdf\/monitoreo\/progs19\/RAG1\/190.pdf\" target=\"_blank\" rel=\"noopener noreferrer\"><br \/>\n                    <i class=\"fa fa-download\" \/><\/a><\/td><td class=\"column-7\"><a href=\"https:\/\/www.oaxaca.gob.mx\/dgite\/wp-content\/uploads\/sites\/77\/2022\/11\/190-2do.pdf\" target=\"_blank\" rel=\"noopener noreferrer\"><br \/>\n                    <i class=\"fa fa-download\" \/><br \/>\n                <\/a><\/td><td class=\"column-8\"><a href=\"https:\/\/www.oaxaca.gob.mx\/dgite\/wp-content\/uploads\/sites\/77\/2022\/11\/190-3er.pdf\" target=\"_blank\" rel=\"noopener noreferrer\"><br \/>\n                    <i class=\"fa fa-download\" \/><br \/>\n                <\/a><\/td><td class=\"column-9\"><a href=\"https:\/\/www.oaxaca.gob.mx\/dgite\/wp-content\/uploads\/sites\/77\/2022\/11\/190-8.pdf\" target=\"_blank\" rel=\"noopener noreferrer\"><br \/>\n                    <i class=\"fa fa-download\" \/><br \/>\n                <\/a><\/td>\n<\/tr>\n<tr class=\"row-67\">\n\t<td class=\"column-1\">191<\/td><td class=\"column-2\">CONSERVACI\u00d3N Y RESTAURACI\u00d3N FORESTAL<\/td><td class=\"column-3\">                <a href=\"\/wp-content\/uploads\/sites\/77\/pdf\/monitoreo\/progs19\/mir\/191.pdf\" target=\"_blank\" rel=\"noopener noreferrer\"><br \/>\n                    <i class=\"fa fa-download\" \/><\/a><\/td><td class=\"column-4\">                <a href=\"\/wp-content\/uploads\/sites\/77\/pdf\/monitoreo\/progs19\/fin\/191.pdf\" target=\"_blank\" rel=\"noopener noreferrer\"><br \/>\n                    <i class=\"fa fa-download\" \/><\/a><\/td><td class=\"column-5\">                <a href=\"\/wp-content\/uploads\/sites\/77\/pdf\/monitoreo\/progs19\/proposito\/191.pdf\" target=\"_blank\" rel=\"noopener noreferrer\"><br \/>\n                    <i class=\"fa fa-download\" \/><\/a><\/td><td class=\"column-6\">                <a href=\"\/wp-content\/uploads\/sites\/77\/pdf\/monitoreo\/progs19\/RAG1\/191.pdf\" target=\"_blank\" rel=\"noopener noreferrer\"><br \/>\n                    <i class=\"fa fa-download\" \/><\/a><\/td><td class=\"column-7\"><a href=\"https:\/\/www.oaxaca.gob.mx\/dgite\/wp-content\/uploads\/sites\/77\/2022\/11\/191-2do.pdf\" target=\"_blank\" rel=\"noopener noreferrer\"><br \/>\n                    <i class=\"fa fa-download\" \/><br \/>\n                <\/a><\/td><td class=\"column-8\"><a href=\"https:\/\/www.oaxaca.gob.mx\/dgite\/wp-content\/uploads\/sites\/77\/2022\/11\/191-3er.pdf\" target=\"_blank\" rel=\"noopener noreferrer\"><br \/>\n                    <i class=\"fa fa-download\" \/><br \/>\n                <\/a><\/td><td class=\"column-9\"><a href=\"https:\/\/www.oaxaca.gob.mx\/dgite\/wp-content\/uploads\/sites\/77\/2022\/11\/191-8.pdf\" target=\"_blank\" rel=\"noopener noreferrer\"><br \/>\n                    <i class=\"fa fa-download\" \/><br \/>\n                <\/a><\/td>\n<\/tr>\n<tr class=\"row-68\">\n\t<td class=\"column-1\">192<\/td><td class=\"column-2\">GESTI\u00d3N INTEGRAL DE RESIDUOS S\u00d3LIDOS<\/td><td class=\"column-3\">                <a href=\"\/wp-content\/uploads\/sites\/77\/pdf\/monitoreo\/progs19\/mir\/192.pdf\" target=\"_blank\" rel=\"noopener noreferrer\"><br \/>\n                    <i class=\"fa fa-download\" \/><\/a><\/td><td class=\"column-4\">                <a href=\"\/wp-content\/uploads\/sites\/77\/pdf\/monitoreo\/progs19\/fin\/192.pdf\" target=\"_blank\" rel=\"noopener noreferrer\"><br \/>\n                    <i class=\"fa fa-download\" \/><\/a><\/td><td class=\"column-5\">                <a href=\"\/wp-content\/uploads\/sites\/77\/pdf\/monitoreo\/progs19\/proposito\/192.pdf\" target=\"_blank\" rel=\"noopener noreferrer\"><br \/>\n                    <i class=\"fa fa-download\" \/><\/a><\/td><td class=\"column-6\">                <a href=\"\/wp-content\/uploads\/sites\/77\/pdf\/monitoreo\/progs19\/RAG1\/192.pdf\" target=\"_blank\" rel=\"noopener noreferrer\"><br \/>\n                    <i class=\"fa fa-download\" \/><\/a><\/td><td class=\"column-7\"><a href=\"https:\/\/www.oaxaca.gob.mx\/dgite\/wp-content\/uploads\/sites\/77\/2022\/11\/192-2do.pdf\" target=\"_blank\" rel=\"noopener noreferrer\"><br \/>\n                    <i class=\"fa fa-download\" \/><br \/>\n                <\/a><\/td><td class=\"column-8\"><a href=\"https:\/\/www.oaxaca.gob.mx\/dgite\/wp-content\/uploads\/sites\/77\/2022\/11\/192-3er.pdf\" target=\"_blank\" rel=\"noopener noreferrer\"><br \/>\n                    <i class=\"fa fa-download\" \/><br \/>\n                <\/a><\/td><td class=\"column-9\"><a href=\"https:\/\/www.oaxaca.gob.mx\/dgite\/wp-content\/uploads\/sites\/77\/2022\/11\/192-8.pdf\" target=\"_blank\" rel=\"noopener noreferrer\"><br \/>\n                    <i class=\"fa fa-download\" \/><br \/>\n                <\/a><\/td>\n<\/tr>\n<tr class=\"row-69\">\n\t<td class=\"column-1\">193<\/td><td class=\"column-2\">DESARROLLO DE PROYECTOS DE ENERGIAS RENOVABLES<\/td><td class=\"column-3\">                <a href=\"\/wp-content\/uploads\/sites\/77\/pdf\/monitoreo\/progs19\/mir\/193.pdf\" target=\"_blank\" rel=\"noopener noreferrer\"><br \/>\n                    <i class=\"fa fa-download\" \/><\/a><\/td><td class=\"column-4\">                <a href=\"\/wp-content\/uploads\/sites\/77\/pdf\/monitoreo\/progs19\/fin\/193.pdf\" target=\"_blank\" rel=\"noopener noreferrer\"><br \/>\n                    <i class=\"fa fa-download\" \/><\/a><\/td><td class=\"column-5\">                <a href=\"\/wp-content\/uploads\/sites\/77\/pdf\/monitoreo\/progs19\/proposito\/193.pdf\" target=\"_blank\" rel=\"noopener noreferrer\"><br \/>\n                    <i class=\"fa fa-download\" \/><\/a><\/td><td class=\"column-6\">                <a href=\"\/wp-content\/uploads\/sites\/77\/pdf\/monitoreo\/progs19\/RAG1\/193.pdf\" target=\"_blank\" rel=\"noopener noreferrer\"><br \/>\n                    <i class=\"fa fa-download\" \/><\/a><\/td><td class=\"column-7\"><a href=\"https:\/\/www.oaxaca.gob.mx\/dgite\/wp-content\/uploads\/sites\/77\/2022\/11\/193-2do.pdf\" target=\"_blank\" rel=\"noopener noreferrer\"><br \/>\n                    <i class=\"fa fa-download\" \/><br \/>\n                <\/a><\/td><td class=\"column-8\"><a href=\"https:\/\/www.oaxaca.gob.mx\/dgite\/wp-content\/uploads\/sites\/77\/2022\/11\/193-3er.pdf\" target=\"_blank\" rel=\"noopener noreferrer\"><br \/>\n                    <i class=\"fa fa-download\" \/><br \/>\n                <\/a><\/td><td class=\"column-9\"><a href=\"https:\/\/www.oaxaca.gob.mx\/dgite\/wp-content\/uploads\/sites\/77\/2022\/11\/193-8.pdf\" target=\"_blank\" rel=\"noopener noreferrer\"><br \/>\n                    <i class=\"fa fa-download\" \/><br \/>\n                <\/a><\/td>\n<\/tr>\n<tr class=\"row-70\">\n\t<td class=\"column-1\">194<\/td><td class=\"column-2\">ORDENAMIENTO TERRITORIAL Y DESARROLLO HUMANO<\/td><td class=\"column-3\">                <a href=\"\/wp-content\/uploads\/sites\/77\/pdf\/monitoreo\/progs19\/mir\/194.pdf\" target=\"_blank\" rel=\"noopener noreferrer\"><br \/>\n                    <i class=\"fa fa-download\" \/><\/a><\/td><td class=\"column-4\">                <a href=\"\/wp-content\/uploads\/sites\/77\/pdf\/monitoreo\/progs19\/fin\/194.pdf\" target=\"_blank\" rel=\"noopener noreferrer\"><br \/>\n                    <i class=\"fa fa-download\" \/><\/a><\/td><td class=\"column-5\">                <a href=\"\/wp-content\/uploads\/sites\/77\/pdf\/monitoreo\/progs19\/proposito\/194.pdf\" target=\"_blank\" rel=\"noopener noreferrer\"><br \/>\n                    <i class=\"fa fa-download\" \/><\/a><\/td><td class=\"column-6\">                <a href=\"\/wp-content\/uploads\/sites\/77\/pdf\/monitoreo\/progs19\/RAG1\/194.pdf\" target=\"_blank\" rel=\"noopener noreferrer\"><br \/>\n                    <i class=\"fa fa-download\" \/><\/a><\/td><td class=\"column-7\"><a href=\"https:\/\/www.oaxaca.gob.mx\/dgite\/wp-content\/uploads\/sites\/77\/2022\/11\/194-2do.pdf\" target=\"_blank\" rel=\"noopener noreferrer\"><br \/>\n                    <i class=\"fa fa-download\" \/><br \/>\n                <\/a><\/td><td class=\"column-8\"><a href=\"https:\/\/www.oaxaca.gob.mx\/dgite\/wp-content\/uploads\/sites\/77\/2022\/11\/194-3er.pdf\" target=\"_blank\" rel=\"noopener noreferrer\"><br \/>\n                    <i class=\"fa fa-download\" \/><br \/>\n                <\/a><\/td><td class=\"column-9\"><a href=\"https:\/\/www.oaxaca.gob.mx\/dgite\/wp-content\/uploads\/sites\/77\/2022\/11\/194-8.pdf\" target=\"_blank\" rel=\"noopener noreferrer\"><br \/>\n                    <i class=\"fa fa-download\" \/><br \/>\n                <\/a><\/td>\n<\/tr>\n<tr class=\"row-71\">\n\t<td class=\"column-1\">195<\/td><td class=\"column-2\">PLANEACI\u00d3N TUR\u00cdSTICA Y DESARROLLO ESTRAT\u00c9GICO<\/td><td class=\"column-3\">                <a href=\"\/wp-content\/uploads\/sites\/77\/pdf\/monitoreo\/progs19\/mir\/195.pdf\" target=\"_blank\" rel=\"noopener noreferrer\"><br \/>\n                    <i class=\"fa fa-download\" \/><\/a><\/td><td class=\"column-4\">                <a href=\"\/wp-content\/uploads\/sites\/77\/pdf\/monitoreo\/progs19\/fin\/195.pdf\" target=\"_blank\" rel=\"noopener noreferrer\"><br \/>\n                    <i class=\"fa fa-download\" \/><\/a><\/td><td class=\"column-5\">                <a href=\"\/wp-content\/uploads\/sites\/77\/pdf\/monitoreo\/progs19\/proposito\/195.pdf\" target=\"_blank\" rel=\"noopener noreferrer\"><br \/>\n                    <i class=\"fa fa-download\" \/><\/a><\/td><td class=\"column-6\">                <a href=\"\/wp-content\/uploads\/sites\/77\/pdf\/monitoreo\/progs19\/RAG1\/195.pdf\" target=\"_blank\" rel=\"noopener noreferrer\"><br \/>\n                    <i class=\"fa fa-download\" \/><\/a><\/td><td class=\"column-7\"><a href=\"https:\/\/www.oaxaca.gob.mx\/dgite\/wp-content\/uploads\/sites\/77\/2022\/11\/195-2do.pdf\" target=\"_blank\" rel=\"noopener noreferrer\"><br \/>\n                    <i class=\"fa fa-download\" \/><br \/>\n                <\/a><\/td><td class=\"column-8\"><a href=\"https:\/\/www.oaxaca.gob.mx\/dgite\/wp-content\/uploads\/sites\/77\/2022\/11\/195-3er.pdf\" target=\"_blank\" rel=\"noopener noreferrer\"><br \/>\n                    <i class=\"fa fa-download\" \/><br \/>\n                <\/a><\/td><td class=\"column-9\"><a href=\"https:\/\/www.oaxaca.gob.mx\/dgite\/wp-content\/uploads\/sites\/77\/2022\/11\/195-8.pdf\" target=\"_blank\" rel=\"noopener noreferrer\"><br \/>\n                    <i class=\"fa fa-download\" \/><br \/>\n                <\/a><\/td>\n<\/tr>\n<tr class=\"row-72\">\n\t<td class=\"column-1\">196<\/td><td class=\"column-2\">PROFESIONALIZACI\u00d3N TUR\u00cdSTICA<\/td><td class=\"column-3\">                <a href=\"\/wp-content\/uploads\/sites\/77\/pdf\/monitoreo\/progs19\/mir\/196.pdf\" target=\"_blank\" rel=\"noopener noreferrer\"><br \/>\n                    <i class=\"fa fa-download\" \/><\/a><\/td><td class=\"column-4\">                <a href=\"\/wp-content\/uploads\/sites\/77\/pdf\/monitoreo\/progs19\/fin\/196.pdf\" target=\"_blank\" rel=\"noopener noreferrer\"><br \/>\n                    <i class=\"fa fa-download\" \/><\/a><\/td><td class=\"column-5\">                <a href=\"\/wp-content\/uploads\/sites\/77\/pdf\/monitoreo\/progs19\/proposito\/196.pdf\" target=\"_blank\" rel=\"noopener noreferrer\"><br \/>\n                    <i class=\"fa fa-download\" \/><\/a><\/td><td class=\"column-6\">                <a href=\"\/wp-content\/uploads\/sites\/77\/pdf\/monitoreo\/progs19\/RAG1\/196.pdf\" target=\"_blank\" rel=\"noopener noreferrer\"><br \/>\n                    <i class=\"fa fa-download\" \/><\/a><\/td><td class=\"column-7\"><a href=\"https:\/\/www.oaxaca.gob.mx\/dgite\/wp-content\/uploads\/sites\/77\/2022\/11\/196-2do.pdf\" target=\"_blank\" rel=\"noopener noreferrer\"><br \/>\n                    <i class=\"fa fa-download\" \/><br \/>\n                <\/a><\/td><td class=\"column-8\"><a href=\"https:\/\/www.oaxaca.gob.mx\/dgite\/wp-content\/uploads\/sites\/77\/2022\/11\/196-3er.pdf\" target=\"_blank\" rel=\"noopener noreferrer\"><br \/>\n                    <i class=\"fa fa-download\" \/><br \/>\n                <\/a><\/td><td class=\"column-9\"><a href=\"https:\/\/www.oaxaca.gob.mx\/dgite\/wp-content\/uploads\/sites\/77\/2022\/11\/196-8.pdf\" target=\"_blank\" rel=\"noopener noreferrer\"><br \/>\n                    <i class=\"fa fa-download\" \/><br \/>\n                <\/a><\/td>\n<\/tr>\n<tr class=\"row-73\">\n\t<td class=\"column-1\">197<\/td><td class=\"column-2\">COMERCIALIZACI\u00d3N TUR\u00cdSTICA<\/td><td class=\"column-3\">                <a href=\"\/wp-content\/uploads\/sites\/77\/pdf\/monitoreo\/progs19\/mir\/197.pdf\" target=\"_blank\" rel=\"noopener noreferrer\"><br \/>\n                    <i class=\"fa fa-download\" \/><\/a><\/td><td class=\"column-4\">                <a href=\"\/wp-content\/uploads\/sites\/77\/pdf\/monitoreo\/progs19\/fin\/197.pdf\" target=\"_blank\" rel=\"noopener noreferrer\"><br \/>\n                    <i class=\"fa fa-download\" \/><\/a><\/td><td class=\"column-5\">                <a href=\"\/wp-content\/uploads\/sites\/77\/pdf\/monitoreo\/progs19\/proposito\/197.pdf\" target=\"_blank\" rel=\"noopener noreferrer\"><br \/>\n                    <i class=\"fa fa-download\" \/><\/a><\/td><td class=\"column-6\">                <a href=\"\/wp-content\/uploads\/sites\/77\/pdf\/monitoreo\/progs19\/RAG1\/197.pdf\" target=\"_blank\" rel=\"noopener noreferrer\"><br \/>\n                    <i class=\"fa fa-download\" \/><\/a><\/td><td class=\"column-7\"><a href=\"https:\/\/www.oaxaca.gob.mx\/dgite\/wp-content\/uploads\/sites\/77\/2022\/11\/197-2do.pdf\" target=\"_blank\" rel=\"noopener noreferrer\"><br \/>\n                    <i class=\"fa fa-download\" \/><br \/>\n                <\/a><\/td><td class=\"column-8\"><a href=\"https:\/\/www.oaxaca.gob.mx\/dgite\/wp-content\/uploads\/sites\/77\/2022\/11\/197-3er.pdf\" target=\"_blank\" rel=\"noopener noreferrer\"><br \/>\n                    <i class=\"fa fa-download\" \/><br \/>\n                <\/a><\/td><td class=\"column-9\"><a href=\"https:\/\/www.oaxaca.gob.mx\/dgite\/wp-content\/uploads\/sites\/77\/2022\/11\/197-8.pdf\" target=\"_blank\" rel=\"noopener noreferrer\"><br \/>\n                    <i class=\"fa fa-download\" \/><br \/>\n                <\/a><\/td>\n<\/tr>\n<tr class=\"row-74\">\n\t<td class=\"column-1\">198<\/td><td class=\"column-2\">DESARROLLO TUR\u00cdSTICO SUSTENTABLE<\/td><td class=\"column-3\">                <a href=\"\/wp-content\/uploads\/sites\/77\/pdf\/monitoreo\/progs19\/mir\/198.pdf\" target=\"_blank\" rel=\"noopener noreferrer\"><br \/>\n                    <i class=\"fa fa-download\" \/><\/a><\/td><td class=\"column-4\">                <a href=\"\/wp-content\/uploads\/sites\/77\/pdf\/monitoreo\/progs19\/fin\/198.pdf\" target=\"_blank\" rel=\"noopener noreferrer\"><br \/>\n                    <i class=\"fa fa-download\" \/><\/a><\/td><td class=\"column-5\">                <a href=\"\/wp-content\/uploads\/sites\/77\/pdf\/monitoreo\/progs19\/proposito\/198.pdf\" target=\"_blank\" rel=\"noopener noreferrer\"><br \/>\n                    <i class=\"fa fa-download\" \/><\/a><\/td><td class=\"column-6\">                <a href=\"\/wp-content\/uploads\/sites\/77\/pdf\/monitoreo\/progs19\/RAG1\/198.pdf\" target=\"_blank\" rel=\"noopener noreferrer\"><br \/>\n                    <i class=\"fa fa-download\" \/><\/a><\/td><td class=\"column-7\"><a href=\"https:\/\/www.oaxaca.gob.mx\/dgite\/wp-content\/uploads\/sites\/77\/2022\/11\/198-2do.pdf\" target=\"_blank\" rel=\"noopener noreferrer\"><br \/>\n                    <i class=\"fa fa-download\" \/><br \/>\n                <\/a><\/td><td class=\"column-8\"><a href=\"https:\/\/www.oaxaca.gob.mx\/dgite\/wp-content\/uploads\/sites\/77\/2022\/11\/198-3er.pdf\" target=\"_blank\" rel=\"noopener noreferrer\"><br \/>\n                    <i class=\"fa fa-download\" \/><br \/>\n                <\/a><\/td><td class=\"column-9\"><a href=\"https:\/\/www.oaxaca.gob.mx\/dgite\/wp-content\/uploads\/sites\/77\/2022\/11\/198-8.pdf\" target=\"_blank\" rel=\"noopener noreferrer\"><br \/>\n                    <i class=\"fa fa-download\" \/><br \/>\n                <\/a><\/td>\n<\/tr>\n<tr class=\"row-75\">\n\t<td class=\"column-1\">200<\/td><td class=\"column-2\">AMPLIACI\u00d3N DE LA COBERTURA DE EDUCACI\u00d3N MEDIA SUPERIOR<\/td><td class=\"column-3\">                <a href=\"\/wp-content\/uploads\/sites\/77\/pdf\/monitoreo\/progs19\/mir\/200.pdf\" target=\"_blank\" rel=\"noopener noreferrer\"><br \/>\n                    <i class=\"fa fa-download\" \/><\/a><\/td><td class=\"column-4\">                <a href=\"\/wp-content\/uploads\/sites\/77\/pdf\/monitoreo\/progs19\/fin\/200.pdf\" target=\"_blank\" rel=\"noopener noreferrer\"><br \/>\n                    <i class=\"fa fa-download\" \/><\/a><\/td><td class=\"column-5\">                <a href=\"\/wp-content\/uploads\/sites\/77\/pdf\/monitoreo\/progs19\/proposito\/200.pdf\" target=\"_blank\" rel=\"noopener noreferrer\"><br \/>\n                    <i class=\"fa fa-download\" \/><\/a><\/td><td class=\"column-6\">                <a href=\"\/wp-content\/uploads\/sites\/77\/pdf\/monitoreo\/progs19\/RAG1\/200.pdf\" target=\"_blank\" rel=\"noopener noreferrer\"><br \/>\n                    <i class=\"fa fa-download\" \/><\/a><\/td><td class=\"column-7\"><a href=\"https:\/\/www.oaxaca.gob.mx\/dgite\/wp-content\/uploads\/sites\/77\/2022\/11\/200-2do.pdf\" target=\"_blank\" rel=\"noopener noreferrer\"><br \/>\n                    <i class=\"fa fa-download\" \/><br \/>\n                <\/a><\/td><td class=\"column-8\"><a href=\"https:\/\/www.oaxaca.gob.mx\/dgite\/wp-content\/uploads\/sites\/77\/2022\/11\/200-3er.pdf\" target=\"_blank\" rel=\"noopener noreferrer\"><br \/>\n                    <i class=\"fa fa-download\" \/><br \/>\n                <\/a><\/td><td class=\"column-9\"><a href=\"https:\/\/www.oaxaca.gob.mx\/dgite\/wp-content\/uploads\/sites\/77\/2022\/11\/200-8.pdf\" target=\"_blank\" rel=\"noopener noreferrer\"><br \/>\n                    <i class=\"fa fa-download\" \/><br \/>\n                <\/a><\/td>\n<\/tr>\n<tr class=\"row-76\">\n\t<td class=\"column-1\">201<\/td><td class=\"column-2\">SALVAGUARDAR EL PATRIMONIO CULTURAL E INMATERIAL<\/td><td class=\"column-3\">                <a href=\"\/wp-content\/uploads\/sites\/77\/pdf\/monitoreo\/progs19\/mir\/201.pdf\" target=\"_blank\" rel=\"noopener noreferrer\"><br \/>\n                    <i class=\"fa fa-download\" \/><\/a><\/td><td class=\"column-4\"><a href=\"\/wp-content\/uploads\/sites\/77\/pdf\/monitoreo\/progs19\/fin\/201.pdf\" target=\"_blank\" rel=\"noopener noreferrer\"><br \/>\n                    <i class=\"fa fa-download\" \/><\/a><\/td><td class=\"column-5\"><a href=\"\/wp-content\/uploads\/sites\/77\/pdf\/monitoreo\/progs19\/proposito\/201.pdf\" target=\"_blank\" rel=\"noopener noreferrer\"><br \/>\n                    <i class=\"fa fa-download\" \/><\/a><\/td><td class=\"column-6\"><a href=\"\/wp-content\/uploads\/sites\/77\/pdf\/monitoreo\/progs19\/RAG1\/201.pdf\" target=\"_blank\" rel=\"noopener noreferrer\"><br \/>\n                    <i class=\"fa fa-download\" \/><\/a><\/td><td class=\"column-7\"><a href=\"https:\/\/www.oaxaca.gob.mx\/dgite\/wp-content\/uploads\/sites\/77\/2022\/11\/201-2do.pdf\" target=\"_blank\" rel=\"noopener noreferrer\"><br \/>\n                    <i class=\"fa fa-download\" \/><br \/>\n                <\/a><\/td><td class=\"column-8\"><a href=\"https:\/\/www.oaxaca.gob.mx\/dgite\/wp-content\/uploads\/sites\/77\/2022\/11\/201-3er.pdf\" target=\"_blank\" rel=\"noopener noreferrer\"><br \/>\n                    <i class=\"fa fa-download\" \/><br \/>\n                <\/a><\/td><td class=\"column-9\"><a href=\"https:\/\/www.oaxaca.gob.mx\/dgite\/wp-content\/uploads\/sites\/77\/2022\/11\/201-8.pdf\" target=\"_blank\" rel=\"noopener noreferrer\"><br \/>\n                    <i class=\"fa fa-download\" \/><br \/>\n                <\/a><\/td>\n<\/tr>\n<tr class=\"row-77\">\n\t<td class=\"column-1\">203<\/td><td class=\"column-2\">DESARROLLO SUSTENTABLE Y SOSTENIBLE DE LA PRODUCCI\u00d3N CULTURAL<\/td><td class=\"column-3\"><a href=\"\/wp-content\/uploads\/sites\/77\/pdf\/monitoreo\/progs19\/mir\/203.pdf\" target=\"_blank\" rel=\"noopener noreferrer\"><i class=\"fa fa-download\" \/><\/a><\/td><td class=\"column-4\"><a href=\"\/wp-content\/uploads\/sites\/77\/pdf\/monitoreo\/progs19\/fin\/203.pdf\" target=\"_blank\" rel=\"noopener noreferrer\"><i class=\"fa fa-download\" \/><\/a><\/td><td class=\"column-5\"><a href=\"\/wp-content\/uploads\/sites\/77\/pdf\/monitoreo\/progs19\/proposito\/203.pdf\" target=\"_blank\" rel=\"noopener noreferrer\"><i class=\"fa fa-download\" \/><\/a><\/td><td class=\"column-6\"><a href=\"\/wp-content\/uploads\/sites\/77\/pdf\/monitoreo\/progs19\/RAG1\/203.pdf\" target=\"_blank\" rel=\"noopener noreferrer\"><i class=\"fa fa-download\" \/><\/a><\/td><td class=\"column-7\"><a href=\"https:\/\/www.oaxaca.gob.mx\/dgite\/wp-content\/uploads\/sites\/77\/2022\/11\/203-2do.pdf\" target=\"_blank\" rel=\"noopener noreferrer\"><i class=\"fa fa-download\" \/><\/a><\/td><td class=\"column-8\"><a href=\"https:\/\/www.oaxaca.gob.mx\/dgite\/wp-content\/uploads\/sites\/77\/2022\/11\/203-3er.pdf\" target=\"_blank\" rel=\"noopener noreferrer\"><br \/>\n                    <i class=\"fa fa-download\" \/><br \/>\n                <\/a><\/td><td class=\"column-9\"><a href=\"https:\/\/www.oaxaca.gob.mx\/dgite\/wp-content\/uploads\/sites\/77\/2022\/11\/203-8.pdf\" target=\"_blank\" rel=\"noopener noreferrer\"><br \/>\n                    <i class=\"fa fa-download\" \/><br \/>\n                <\/a><\/td>\n<\/tr>\n<tr class=\"row-78\">\n\t<td class=\"column-1\">207<\/td><td class=\"column-2\">FORTALECIMIENTO A LA INFRAESTRUCTURA F\u00cdSICA EDUCATIVA<\/td><td class=\"column-3\"><a href=\"\/wp-content\/uploads\/sites\/77\/pdf\/monitoreo\/progs19\/mir\/207.pdf\" target=\"_blank\" rel=\"noopener noreferrer\"><br \/>\n                    <i class=\"fa fa-download\" \/><br \/>\n                <\/a><\/td><td class=\"column-4\"><a href=\"\/wp-content\/uploads\/sites\/77\/pdf\/monitoreo\/progs19\/fin\/207.pdf\" target=\"_blank\" rel=\"noopener noreferrer\"><br \/>\n                    <i class=\"fa fa-download\" \/><br \/>\n                <\/a><\/td><td class=\"column-5\"><a href=\"\/wp-content\/uploads\/sites\/77\/pdf\/monitoreo\/progs19\/proposito\/207.pdf\" target=\"_blank\" rel=\"noopener noreferrer\"><br \/>\n                    <i class=\"fa fa-download\" \/><br \/>\n                <\/a><\/td><td class=\"column-6\"><a href=\"\/wp-content\/uploads\/sites\/77\/pdf\/monitoreo\/progs19\/RAG1\/207.pdf\" target=\"_blank\" rel=\"noopener noreferrer\"><br \/>\n                    <i class=\"fa fa-download\" \/><br \/>\n                <\/a><\/td><td class=\"column-7\"><a href=\"https:\/\/www.oaxaca.gob.mx\/dgite\/wp-content\/uploads\/sites\/77\/2022\/11\/207-2do.pdf\" target=\"_blank\" rel=\"noopener noreferrer\"><br \/>\n                    <i class=\"fa fa-download\" \/><br \/>\n                <\/a><\/td><td class=\"column-8\"><a href=\"https:\/\/www.oaxaca.gob.mx\/dgite\/wp-content\/uploads\/sites\/77\/2022\/11\/207-3er.pdf\" target=\"_blank\" rel=\"noopener noreferrer\"><br \/>\n                    <i class=\"fa fa-download\" \/><br \/>\n                <\/a><\/td><td class=\"column-9\"><a href=\"https:\/\/www.oaxaca.gob.mx\/dgite\/wp-content\/uploads\/sites\/77\/2022\/11\/207-8.pdf\" target=\"_blank\" rel=\"noopener noreferrer\"><br \/>\n                    <i class=\"fa fa-download\" \/><br \/>\n                <\/a><\/td>\n<\/tr>\n<tr class=\"row-79\">\n\t<td class=\"column-1\">208<\/td><td class=\"column-2\">PROMOCION Y GESTION DE RECURSOS PARA LA INCLUSION Y EL DESARROLLO ECONOMICO A FAVOR DE LOS MIGRANTES Y SUS FAMILIAS<\/td><td class=\"column-3\"><a href=\"\/wp-content\/uploads\/sites\/77\/pdf\/monitoreo\/progs19\/mir\/208.pdf\" target=\"_blank\" rel=\"noopener noreferrer\"><br \/>\n                    <i class=\"fa fa-download\" \/><br \/>\n                <\/a><\/td><td class=\"column-4\"><a href=\"\/wp-content\/uploads\/sites\/77\/pdf\/monitoreo\/progs19\/fin\/208.pdf\" target=\"_blank\" rel=\"noopener noreferrer\"><br \/>\n                    <i class=\"fa fa-download\" \/><br \/>\n                <\/a><\/td><td class=\"column-5\"><a href=\"\/wp-content\/uploads\/sites\/77\/pdf\/monitoreo\/progs19\/proposito\/208.pdf\" target=\"_blank\" rel=\"noopener noreferrer\"><br \/>\n                    <i class=\"fa fa-download\" \/><br \/>\n                <\/a><\/td><td class=\"column-6\"><a href=\"\/wp-content\/uploads\/sites\/77\/pdf\/monitoreo\/progs19\/RAG1\/208.pdf\" target=\"_blank\" rel=\"noopener noreferrer\"><br \/>\n                    <i class=\"fa fa-download\" \/><br \/>\n                <\/a><\/td><td class=\"column-7\"><a href=\"https:\/\/www.oaxaca.gob.mx\/dgite\/wp-content\/uploads\/sites\/77\/2022\/11\/208-2do.pdf\" target=\"_blank\" rel=\"noopener noreferrer\"><br \/>\n                    <i class=\"fa fa-download\" \/><br \/>\n                <\/a><\/td><td class=\"column-8\"><a href=\"https:\/\/www.oaxaca.gob.mx\/dgite\/wp-content\/uploads\/sites\/77\/2022\/11\/208-3er.pdf\" target=\"_blank\" rel=\"noopener noreferrer\"><br \/>\n                    <i class=\"fa fa-download\" \/><br \/>\n                <\/a><\/td><td class=\"column-9\"><a href=\"https:\/\/www.oaxaca.gob.mx\/dgite\/wp-content\/uploads\/sites\/77\/2022\/11\/208-8.pdf\" target=\"_blank\" rel=\"noopener noreferrer\"><br \/>\n                    <i class=\"fa fa-download\" \/><br \/>\n                <\/a><\/td>\n<\/tr>\n<tr class=\"row-80\">\n\t<td class=\"column-1\">209<\/td><td class=\"column-2\">MOVILIDAD INTEGRAL URBANA<\/td><td class=\"column-3\"><a href=\"\/wp-content\/uploads\/sites\/77\/pdf\/monitoreo\/progs19\/mir\/209.pdf\" target=\"_blank\" rel=\"noopener noreferrer\"><i class=\"fa fa-download\" \/><\/a><\/td><td class=\"column-4\"><a href=\"\/wp-content\/uploads\/sites\/77\/pdf\/monitoreo\/progs19\/fin\/209.pdf\" target=\"_blank\" rel=\"noopener noreferrer\"><i class=\"fa fa-download\" \/><\/a><\/td><td class=\"column-5\"><a href=\"\/wp-content\/uploads\/sites\/77\/pdf\/monitoreo\/progs19\/proposito\/209.pdf\" target=\"_blank\" rel=\"noopener noreferrer\"><i class=\"fa fa-download\" \/><\/a><\/td><td class=\"column-6\"><a href=\"\/wp-content\/uploads\/sites\/77\/pdf\/monitoreo\/progs19\/RAG1\/209.pdf\" target=\"_blank\" rel=\"noopener noreferrer\"><i class=\"fa fa-download\" \/><\/a><\/td><td class=\"column-7\"><a href=\"https:\/\/www.oaxaca.gob.mx\/dgite\/wp-content\/uploads\/sites\/77\/2022\/11\/209-2do.pdf\" target=\"_blank\" rel=\"noopener noreferrer\"><i class=\"fa fa-download\" \/><\/a><\/td><td class=\"column-8\"><a href=\"https:\/\/www.oaxaca.gob.mx\/dgite\/wp-content\/uploads\/sites\/77\/2022\/11\/209-3er.pdf\" target=\"_blank\" rel=\"noopener noreferrer\"><br \/>\n                    <i class=\"fa fa-download\" \/><br \/>\n                <\/a><\/td><td class=\"column-9\"><a href=\"https:\/\/www.oaxaca.gob.mx\/dgite\/wp-content\/uploads\/sites\/77\/2022\/11\/209-8.pdf\" target=\"_blank\" rel=\"noopener noreferrer\"><br \/>\n                    <i class=\"fa fa-download\" \/><br \/>\n                <\/a><\/td>\n<\/tr>\n<tr class=\"row-81\">\n\t<td class=\"column-1\">210<\/td><td class=\"column-2\">DESARROLLO DE LA ZONA ECONOMICA ESPECIAL Y SU AREA DE INFLUENCIA<\/td><td class=\"column-3\"><a href=\"\/wp-content\/uploads\/sites\/77\/pdf\/monitoreo\/progs19\/mir\/210.pdf\" target=\"_blank\" rel=\"noopener noreferrer\"><br \/>\n                    <i class=\"fa fa-download\" \/><\/a><\/td><td class=\"column-4\"><a href=\"\/wp-content\/uploads\/sites\/77\/pdf\/monitoreo\/progs19\/fin\/210.pdf\" target=\"_blank\" rel=\"noopener noreferrer\"><br \/>\n                    <i class=\"fa fa-download\" \/><\/a><\/td><td class=\"column-5\"><a href=\"\/wp-content\/uploads\/sites\/77\/pdf\/monitoreo\/progs19\/proposito\/210.pdf\" target=\"_blank\" rel=\"noopener noreferrer\"><br \/>\n                    <i class=\"fa fa-download\" \/><\/a><\/td><td class=\"column-6\"><a href=\"\/wp-content\/uploads\/sites\/77\/pdf\/monitoreo\/progs19\/RAG1\/210.pdf\" target=\"_blank\" rel=\"noopener noreferrer\"><br \/>\n                    <i class=\"fa fa-download\" \/><\/a><\/td><td class=\"column-7\"><a href=\"https:\/\/www.oaxaca.gob.mx\/dgite\/wp-content\/uploads\/sites\/77\/2022\/11\/210-2do.pdf\" target=\"_blank\" rel=\"noopener noreferrer\"><br \/>\n                    <i class=\"fa fa-download\" \/><br \/>\n                <\/a><\/td><td class=\"column-8\"><a href=\"https:\/\/www.oaxaca.gob.mx\/dgite\/wp-content\/uploads\/sites\/77\/2022\/11\/210-3er.pdf\" target=\"_blank\" rel=\"noopener noreferrer\"><br \/>\n                    <i class=\"fa fa-download\" \/><br \/>\n                <\/a><\/td><td class=\"column-9\"><a href=\"https:\/\/www.oaxaca.gob.mx\/dgite\/wp-content\/uploads\/sites\/77\/2022\/11\/210-8.pdf\" target=\"_blank\" rel=\"noopener noreferrer\"><br \/>\n                    <i class=\"fa fa-download\" \/><br \/>\n                <\/a><\/td>\n<\/tr>\n<\/tbody>\n<\/table>\n\n<\/div>\n<div id=\"nav_2018\" class=\"tab-pane fade\" role=\"tabpanel\" aria-labelledby=\"nav_tab_2018\">\n<h4>Matriz de Indicadores para Resultados 2018<\/h4>\n\n<table id=\"tablepress-9\" class=\"tablepress tablepress-id-9\">\n<thead>\n<tr class=\"row-1\">\n\t<th class=\"column-1\">N\u00fam.<\/th><th class=\"column-2\">Programa<\/th><th class=\"column-3\">MIR<\/th><th colspan=\"2\" class=\"column-4\">Fichas T\u00e9cnicas<\/th><th colspan=\"4\" class=\"column-6\">Reporte anual<\/th>\n<\/tr>\n<\/thead>\n<tbody class=\"row-striping row-hover\">\n<tr class=\"row-2\">\n\t<td class=\"column-1\"><\/td><td class=\"column-2\"><\/td><td class=\"column-3\"><\/td><td class=\"column-4\">Fin<\/td><td class=\"column-5\">Prop\u00f3sito<\/td><td class=\"column-6\">1er. Trimestre<\/td><td class=\"column-7\">2do. Trimestre<\/td><td class=\"column-8\">3er. Trimestre<\/td><td class=\"column-9\">4to. Trimestre<\/td>\n<\/tr>\n<tr class=\"row-3\">\n\t<td class=\"column-1\">101<\/td><td class=\"column-2\">FORTALECIMIENTO A LA VIVIENDA<\/td><td class=\"column-3\"><a href=\"\/wp-content\/uploads\/sites\/77\/pdf\/monitoreo\/progs18\/mir\/101.pdf\" target=\"_blank\"><br \/>\n                    <i class=\"fa fa-download\"><\/i><\/a><br \/>\n            <\/td><td class=\"column-4\">                <a href=\"\/wp-content\/uploads\/sites\/77\/pdf\/monitoreo\/progs18\/fin\/101.pdf\" target=\"_blank\"><br \/>\n                    <i class=\"fa fa-download\"><\/i><\/a>       <\/td><td class=\"column-5\">                <a href=\"\/wp-content\/uploads\/sites\/77\/pdf\/monitoreo\/progs18\/proposito\/101.pdf\" target=\"_blank\"><br \/>\n                    <i class=\"fa fa-download\"><\/i><\/a><\/td><td class=\"column-6\">                <a href=\"\/wp-content\/uploads\/sites\/77\/pdf\/monitoreo\/progs18\/RAG1\/101.pdf\" target=\"_blank\"><br \/>\n                    <i class=\"fa fa-download\"><\/i><\/a><\/td><td class=\"column-7\">                <a href=\"\/wp-content\/uploads\/sites\/77\/pdf\/monitoreo\/progs18\/RAG2\/101.pdf\" target=\"_blank\"><br \/>\n                    <i class=\"fa fa-download\"><\/i><\/a><\/td><td class=\"column-8\">                <a href=\"\/wp-content\/uploads\/sites\/77\/pdf\/monitoreo\/progs18\/RAG3\/101.pdf\" target=\"_blank\"><br \/>\n                    <i class=\"fa fa-download\"><\/i><\/a><\/td><td class=\"column-9\">                <a href=\"\/wp-content\/uploads\/sites\/77\/pdf\/monitoreo\/progs18\/RAG4\/101.pdf\" target=\"_blank\"><br \/>\n                    <i class=\"fa fa-download\"><\/i><\/a><\/td>\n<\/tr>\n<tr class=\"row-4\">\n\t<td class=\"column-1\">102<\/td><td class=\"column-2\">GOBERNABILIDAD DEMOCR\u00c1TICA<\/td><td class=\"column-3\">                <a href=\"\/wp-content\/uploads\/sites\/77\/pdf\/monitoreo\/progs18\/mir\/102.pdf\" target=\"_blank\"><br \/>\n                    <i class=\"fa fa-download\"><\/i><\/a><\/td><td class=\"column-4\">                <a href=\"\/wp-content\/uploads\/sites\/77\/pdf\/monitoreo\/progs18\/fin\/102.pdf\" target=\"_blank\"><br \/>\n                    <i class=\"fa fa-download\"><\/i><\/a><\/td><td class=\"column-5\">                <a href=\"\/wp-content\/uploads\/sites\/77\/pdf\/monitoreo\/progs18\/proposito\/102.pdf\" target=\"_blank\"><br \/>\n                    <i class=\"fa fa-download\"><\/i><\/a><\/td><td class=\"column-6\">                <a href=\"\/wp-content\/uploads\/sites\/77\/pdf\/monitoreo\/progs18\/RAG1\/102.pdf\" target=\"_blank\"><br \/>\n                    <i class=\"fa fa-download\"><\/i><\/a><\/td><td class=\"column-7\">                <a href=\"\/wp-content\/uploads\/sites\/77\/pdf\/monitoreo\/progs18\/RAG2\/102.pdf\" target=\"_blank\"><br \/>\n                    <i class=\"fa fa-download\"><\/i><\/a><\/td><td class=\"column-8\">                <a href=\"\/wp-content\/uploads\/sites\/77\/pdf\/monitoreo\/progs18\/RAG3\/102.pdf\" target=\"_blank\"><br \/>\n                    <i class=\"fa fa-download\"><\/i><\/a><\/td><td class=\"column-9\">                <a href=\"\/wp-content\/uploads\/sites\/77\/pdf\/monitoreo\/progs18\/RAG4\/102.pdf\" target=\"_blank\"><br \/>\n                    <i class=\"fa fa-download\"><\/i><\/a><\/td>\n<\/tr>\n<tr class=\"row-5\">\n\t<td class=\"column-1\">103<\/td><td class=\"column-2\">PROMOCI\u00d3N TUR\u00cdSTICA<\/td><td class=\"column-3\">                <a href=\"\/wp-content\/uploads\/sites\/77\/pdf\/monitoreo\/progs18\/mir\/103.pdf\" target=\"_blank\"><br \/>\n                    <i class=\"fa fa-download\"><\/i><\/a><\/td><td class=\"column-4\">                <a href=\"\/wp-content\/uploads\/sites\/77\/pdf\/monitoreo\/progs18\/fin\/103.pdf\" target=\"_blank\"><br \/>\n                    <i class=\"fa fa-download\"><\/i><\/a><\/td><td class=\"column-5\">                <a href=\"\/wp-content\/uploads\/sites\/77\/pdf\/monitoreo\/progs18\/proposito\/103.pdf\" target=\"_blank\"><br \/>\n                    <i class=\"fa fa-download\"><\/i><\/a><\/td><td class=\"column-6\">                <a href=\"\/wp-content\/uploads\/sites\/77\/pdf\/monitoreo\/progs18\/RAG1\/103.pdf\" target=\"_blank\"><br \/>\n                    <i class=\"fa fa-download\"><\/i><\/a><\/td><td class=\"column-7\">                <a href=\"\/wp-content\/uploads\/sites\/77\/pdf\/monitoreo\/progs18\/RAG2\/103.pdf\" target=\"_blank\"><br \/>\n                    <i class=\"fa fa-download\"><\/i><\/a><\/td><td class=\"column-8\">                <a href=\"\/wp-content\/uploads\/sites\/77\/pdf\/monitoreo\/progs18\/RAG3\/103.pdf\" target=\"_blank\"><br \/>\n                    <i class=\"fa fa-download\"><\/i><\/a><\/td><td class=\"column-9\">                <a href=\"\/wp-content\/uploads\/sites\/77\/pdf\/monitoreo\/progs18\/RAG4\/103.pdf\" target=\"_blank\"><br \/>\n                    <i class=\"fa fa-download\"><\/i><\/a><\/td>\n<\/tr>\n<tr class=\"row-6\">\n\t<td class=\"column-1\">104<\/td><td class=\"column-2\">INVESTIGACI\u00d3N CIENT\u00cdFICA Y TECNOL\u00d3GICA<\/td><td class=\"column-3\">                <a href=\"\/wp-content\/uploads\/sites\/77\/pdf\/monitoreo\/progs18\/mir\/104.pdf\" target=\"_blank\"><br \/>\n                    <i class=\"fa fa-download\"><\/i><\/a><\/td><td class=\"column-4\">                <a href=\"\/wp-content\/uploads\/sites\/77\/pdf\/monitoreo\/progs18\/fin\/104.pdf\" target=\"_blank\"><br \/>\n                    <i class=\"fa fa-download\"><\/i><\/a><\/td><td class=\"column-5\">                <a href=\"\/wp-content\/uploads\/sites\/77\/pdf\/monitoreo\/progs18\/proposito\/104.pdf\" target=\"_blank\"><br \/>\n                    <i class=\"fa fa-download\"><\/i><\/a><\/td><td class=\"column-6\">                <a href=\"\/wp-content\/uploads\/sites\/77\/pdf\/monitoreo\/progs18\/RAG1\/104.pdf\" target=\"_blank\"><br \/>\n                    <i class=\"fa fa-download\"><\/i><\/a><\/td><td class=\"column-7\">                <a href=\"\/wp-content\/uploads\/sites\/77\/pdf\/monitoreo\/progs18\/RAG2\/104.pdf\" target=\"_blank\"><br \/>\n                    <i class=\"fa fa-download\"><\/i><\/a><\/td><td class=\"column-8\">                <a href=\"\/wp-content\/uploads\/sites\/77\/pdf\/monitoreo\/progs18\/RAG3\/104.pdf\" target=\"_blank\"><br \/>\n                    <i class=\"fa fa-download\"><\/i><\/a><\/td><td class=\"column-9\">                <a href=\"\/wp-content\/uploads\/sites\/77\/pdf\/monitoreo\/progs18\/RAG4\/104.pdf\" target=\"_blank\"><br \/>\n                    <i class=\"fa fa-download\"><\/i><\/a><\/td>\n<\/tr>\n<tr class=\"row-7\">\n\t<td class=\"column-1\">105<\/td><td class=\"column-2\">EDUCACI\u00d3N B\u00c1SICA INCLUYENTE<\/td><td class=\"column-3\">                <a href=\"\/wp-content\/uploads\/sites\/77\/pdf\/monitoreo\/progs18\/mir\/105.pdf\" target=\"_blank\"><br \/>\n                    <i class=\"fa fa-download\"><\/i><\/a><\/td><td class=\"column-4\">                <a href=\"\/wp-content\/uploads\/sites\/77\/pdf\/monitoreo\/progs18\/fin\/105.pdf\" target=\"_blank\"><br \/>\n                    <i class=\"fa fa-download\"><\/i><\/a><\/td><td class=\"column-5\">                <a href=\"\/wp-content\/uploads\/sites\/77\/pdf\/monitoreo\/progs18\/proposito\/105.pdf\" target=\"_blank\"><br \/>\n                    <i class=\"fa fa-download\"><\/i><\/a><\/td><td class=\"column-6\">                <a href=\"\/wp-content\/uploads\/sites\/77\/pdf\/monitoreo\/progs18\/RAG1\/105.pdf\" target=\"_blank\"><br \/>\n                    <i class=\"fa fa-download\"><\/i><\/a><\/td><td class=\"column-7\">                <a href=\"\/wp-content\/uploads\/sites\/77\/pdf\/monitoreo\/progs18\/RAG2\/105.pdf\" target=\"_blank\"><br \/>\n                    <i class=\"fa fa-download\"><\/i><\/a><\/td><td class=\"column-8\">                <a href=\"\/wp-content\/uploads\/sites\/77\/pdf\/monitoreo\/progs18\/RAG3\/105.pdf\" target=\"_blank\"><br \/>\n                    <i class=\"fa fa-download\"><\/i><\/a><\/td><td class=\"column-9\">                <a href=\"\/wp-content\/uploads\/sites\/77\/pdf\/monitoreo\/progs18\/RAG4\/105.pdf\" target=\"_blank\"><br \/>\n                    <i class=\"fa fa-download\"><\/i><\/a><\/td>\n<\/tr>\n<tr class=\"row-8\">\n\t<td class=\"column-1\">106<\/td><td class=\"column-2\">CAPACITACI\u00d3N Y PROFESIONALIZACI\u00d3N PARA Y EN EL TRABAJO<\/td><td class=\"column-3\">                <a href=\"\/wp-content\/uploads\/sites\/77\/pdf\/monitoreo\/progs18\/mir\/106.pdf\" target=\"_blank\"><br \/>\n                    <i class=\"fa fa-download\"><\/i><\/a><\/td><td class=\"column-4\">                <a href=\"\/wp-content\/uploads\/sites\/77\/pdf\/monitoreo\/progs18\/fin\/106.pdf\" target=\"_blank\"><br \/>\n                    <i class=\"fa fa-download\"><\/i><\/a><\/td><td class=\"column-5\">                <a href=\"\/wp-content\/uploads\/sites\/77\/pdf\/monitoreo\/progs18\/proposito\/106.pdf\" target=\"_blank\"><br \/>\n                    <i class=\"fa fa-download\"><\/i><\/a><\/td><td class=\"column-6\">                <a href=\"\/wp-content\/uploads\/sites\/77\/pdf\/monitoreo\/progs18\/RAG1\/106.pdf\" target=\"_blank\"><br \/>\n                    <i class=\"fa fa-download\"><\/i><\/a><\/td><td class=\"column-7\">                <a href=\"\/wp-content\/uploads\/sites\/77\/pdf\/monitoreo\/progs18\/RAG2\/106.pdf\" target=\"_blank\"><br \/>\n                    <i class=\"fa fa-download\"><\/i><\/a><\/td><td class=\"column-8\">                <a href=\"\/wp-content\/uploads\/sites\/77\/pdf\/monitoreo\/progs18\/RAG3\/106.pdf\" target=\"_blank\"><br \/>\n                    <i class=\"fa fa-download\"><\/i><\/a><\/td><td class=\"column-9\">                <a href=\"\/wp-content\/uploads\/sites\/77\/pdf\/monitoreo\/progs18\/RAG4\/106.pdf\" target=\"_blank\"><br \/>\n                    <i class=\"fa fa-download\"><\/i><\/a><\/td>\n<\/tr>\n<tr class=\"row-9\">\n\t<td class=\"column-1\">107<\/td><td class=\"column-2\">CERTEZA JUR\u00cdDICA PARA LA SOCIEDAD<\/td><td class=\"column-3\">                <a href=\"\/wp-content\/uploads\/sites\/77\/pdf\/monitoreo\/progs18\/mir\/107.pdf\" target=\"_blank\"><br \/>\n                    <i class=\"fa fa-download\"><\/i><\/a><\/td><td class=\"column-4\">                <a href=\"\/wp-content\/uploads\/sites\/77\/pdf\/monitoreo\/progs18\/fin\/107.pdf\" target=\"_blank\"><br \/>\n                    <i class=\"fa fa-download\"><\/i><\/a><\/td><td class=\"column-5\">                <a href=\"\/wp-content\/uploads\/sites\/77\/pdf\/monitoreo\/progs18\/proposito\/107.pdf\" target=\"_blank\"><br \/>\n                    <i class=\"fa fa-download\"><\/i><\/a><\/td><td class=\"column-6\">                <a href=\"\/wp-content\/uploads\/sites\/77\/pdf\/monitoreo\/progs18\/RAG1\/107.pdf\" target=\"_blank\"><br \/>\n                    <i class=\"fa fa-download\"><\/i><\/a><\/td><td class=\"column-7\">                <a href=\"\/wp-content\/uploads\/sites\/77\/pdf\/monitoreo\/progs18\/RAG2\/107.pdf\" target=\"_blank\"><br \/>\n                    <i class=\"fa fa-download\"><\/i><\/a><\/td><td class=\"column-8\">                <a href=\"\/wp-content\/uploads\/sites\/77\/pdf\/monitoreo\/progs18\/RAG3\/107.pdf\" target=\"_blank\"><br \/>\n                    <i class=\"fa fa-download\"><\/i><\/a><\/td><td class=\"column-9\">                <a href=\"\/wp-content\/uploads\/sites\/77\/pdf\/monitoreo\/progs18\/RAG4\/107.pdf\" target=\"_blank\"><br \/>\n                    <i class=\"fa fa-download\"><\/i><\/a><\/td>\n<\/tr>\n<tr class=\"row-10\">\n\t<td class=\"column-1\">108<\/td><td class=\"column-2\">AMPLIACI\u00d3N Y MEJORA DE CAMINOS RURALES<\/td><td class=\"column-3\">                <a href=\"\/wp-content\/uploads\/sites\/77\/pdf\/monitoreo\/progs18\/mir\/108.pdf\" target=\"_blank\"><br \/>\n                    <i class=\"fa fa-download\"><\/i><\/a><\/td><td class=\"column-4\">                <a href=\"\/wp-content\/uploads\/sites\/77\/pdf\/monitoreo\/progs18\/fin\/108.pdf\" target=\"_blank\"><br \/>\n                    <i class=\"fa fa-download\"><\/i><\/a><\/td><td class=\"column-5\">                <a href=\"\/wp-content\/uploads\/sites\/77\/pdf\/monitoreo\/progs18\/proposito\/108.pdf\" target=\"_blank\"><br \/>\n                    <i class=\"fa fa-download\"><\/i><\/a><\/td><td class=\"column-6\">                <a href=\"\/wp-content\/uploads\/sites\/77\/pdf\/monitoreo\/progs18\/RAG1\/108.pdf\" target=\"_blank\"><br \/>\n                    <i class=\"fa fa-download\"><\/i><\/a><\/td><td class=\"column-7\">                <a href=\"\/wp-content\/uploads\/sites\/77\/pdf\/monitoreo\/progs18\/RAG2\/108.pdf\" target=\"_blank\"><br \/>\n                    <i class=\"fa fa-download\"><\/i><\/a><\/td><td class=\"column-8\">                <a href=\"\/wp-content\/uploads\/sites\/77\/pdf\/monitoreo\/progs18\/RAG3\/108.pdf\" target=\"_blank\"><br \/>\n                    <i class=\"fa fa-download\"><\/i><\/a><\/td><td class=\"column-9\">                <a href=\"\/wp-content\/uploads\/sites\/77\/pdf\/monitoreo\/progs18\/RAG4\/108.pdf\" target=\"_blank\"><br \/>\n                    <i class=\"fa fa-download\"><\/i><\/a><\/td>\n<\/tr>\n<tr class=\"row-11\">\n\t<td class=\"column-1\">109<\/td><td class=\"column-2\">DESARROLLO AGR\u00cdCOLA<\/td><td class=\"column-3\">                <a href=\"\/wp-content\/uploads\/sites\/77\/pdf\/monitoreo\/progs18\/mir\/109.pdf\" target=\"_blank\"><br \/>\n                    <i class=\"fa fa-download\"><\/i><\/a><\/td><td class=\"column-4\">                <a href=\"\/wp-content\/uploads\/sites\/77\/pdf\/monitoreo\/progs18\/fin\/109.pdf\" target=\"_blank\"><br \/>\n                    <i class=\"fa fa-download\"><\/i><\/a><\/td><td class=\"column-5\">                <a href=\"\/wp-content\/uploads\/sites\/77\/pdf\/monitoreo\/progs18\/proposito\/109.pdf\" target=\"_blank\"><br \/>\n                    <i class=\"fa fa-download\"><\/i><\/a><\/td><td class=\"column-6\">                <a href=\"\/wp-content\/uploads\/sites\/77\/pdf\/monitoreo\/progs18\/RAG1\/109.pdf\" target=\"_blank\"><br \/>\n                    <i class=\"fa fa-download\"><\/i><\/a><\/td><td class=\"column-7\">                <a href=\"\/wp-content\/uploads\/sites\/77\/pdf\/monitoreo\/progs18\/RAG2\/109.pdf\" target=\"_blank\"><br \/>\n                    <i class=\"fa fa-download\"><\/i><\/a><\/td><td class=\"column-8\">                <a href=\"\/wp-content\/uploads\/sites\/77\/pdf\/monitoreo\/progs18\/RAG3\/109.pdf\" target=\"_blank\"><br \/>\n                    <i class=\"fa fa-download\"><\/i><\/a><\/td><td class=\"column-9\">                <a href=\"\/wp-content\/uploads\/sites\/77\/pdf\/monitoreo\/progs18\/RAG4\/109.pdf\" target=\"_blank\"><br \/>\n                    <i class=\"fa fa-download\"><\/i><\/a><\/td>\n<\/tr>\n<tr class=\"row-12\">\n\t<td class=\"column-1\">110<\/td><td class=\"column-2\">DESARROLLO PECUARIO<\/td><td class=\"column-3\">                <a href=\"\/wp-content\/uploads\/sites\/77\/pdf\/monitoreo\/progs18\/mir\/110.pdf\" target=\"_blank\"><br \/>\n                    <i class=\"fa fa-download\"><\/i><\/a><\/td><td class=\"column-4\">                <a href=\"\/wp-content\/uploads\/sites\/77\/pdf\/monitoreo\/progs18\/fin\/110.pdf\" target=\"_blank\"><br \/>\n                    <i class=\"fa fa-download\"><\/i><\/a><\/td><td class=\"column-5\">                <a href=\"\/wp-content\/uploads\/sites\/77\/pdf\/monitoreo\/progs18\/proposito\/110.pdf\" target=\"_blank\"><br \/>\n                    <i class=\"fa fa-download\"><\/i><\/a><\/td><td class=\"column-6\">                <a href=\"\/wp-content\/uploads\/sites\/77\/pdf\/monitoreo\/progs18\/RAG1\/110.pdf\" target=\"_blank\"><br \/>\n                    <i class=\"fa fa-download\"><\/i><\/a><\/td><td class=\"column-7\">                <a href=\"\/wp-content\/uploads\/sites\/77\/pdf\/monitoreo\/progs18\/RAG2\/110.pdf\" target=\"_blank\"><br \/>\n                    <i class=\"fa fa-download\"><\/i><\/a><\/td><td class=\"column-8\">                <a href=\"\/wp-content\/uploads\/sites\/77\/pdf\/monitoreo\/progs18\/RAG3\/110.pdf\" target=\"_blank\"><br \/>\n                    <i class=\"fa fa-download\"><\/i><\/a><\/td><td class=\"column-9\">                <a href=\"\/wp-content\/uploads\/sites\/77\/pdf\/monitoreo\/progs18\/RAG4\/110.pdf\" target=\"_blank\"><br \/>\n                    <i class=\"fa fa-download\"><\/i><\/a><\/td>\n<\/tr>\n<tr class=\"row-13\">\n\t<td class=\"column-1\">111<\/td><td class=\"column-2\">DESARROLLO ACU\u00cdCOLA Y PESQUERO<\/td><td class=\"column-3\">                <a href=\"\/wp-content\/uploads\/sites\/77\/pdf\/monitoreo\/progs18\/mir\/111.pdf\" target=\"_blank\"><br \/>\n                    <i class=\"fa fa-download\"><\/i><\/a><\/td><td class=\"column-4\">                <a href=\"\/wp-content\/uploads\/sites\/77\/pdf\/monitoreo\/progs18\/fin\/111.pdf\" target=\"_blank\"><br \/>\n                    <i class=\"fa fa-download\"><\/i><\/a><\/td><td class=\"column-5\">                <a href=\"\/wp-content\/uploads\/sites\/77\/pdf\/monitoreo\/progs18\/proposito\/111.pdf\" target=\"_blank\"><br \/>\n                    <i class=\"fa fa-download\"><\/i><\/a><\/td><td class=\"column-6\">                <a href=\"\/wp-content\/uploads\/sites\/77\/pdf\/monitoreo\/progs18\/RAG1\/111.pdf\" target=\"_blank\"><br \/>\n                    <i class=\"fa fa-download\"><\/i><\/a><\/td><td class=\"column-7\">                <a href=\"\/wp-content\/uploads\/sites\/77\/pdf\/monitoreo\/progs18\/RAG2\/111.pdf\" target=\"_blank\"><br \/>\n                    <i class=\"fa fa-download\"><\/i><\/a><\/td><td class=\"column-8\">                <a href=\"\/wp-content\/uploads\/sites\/77\/pdf\/monitoreo\/progs18\/RAG3\/111.pdf\" target=\"_blank\"><br \/>\n                    <i class=\"fa fa-download\"><\/i><\/a><\/td><td class=\"column-9\">                <a href=\"\/wp-content\/uploads\/sites\/77\/pdf\/monitoreo\/progs18\/RAG4\/111.pdf\" target=\"_blank\"><br \/>\n                    <i class=\"fa fa-download\"><\/i><\/a><\/td>\n<\/tr>\n<tr class=\"row-14\">\n\t<td class=\"column-1\">113<\/td><td class=\"column-2\">AUTOEMPLEO Y FORMALIDAD LABORAL<\/td><td class=\"column-3\">                <a href=\"\/wp-content\/uploads\/sites\/77\/pdf\/monitoreo\/progs18\/mir\/113.pdf\" target=\"_blank\"><br \/>\n                    <i class=\"fa fa-download\"><\/i><\/a><\/td><td class=\"column-4\">                <a href=\"\/wp-content\/uploads\/sites\/77\/pdf\/monitoreo\/progs18\/fin\/113.pdf\" target=\"_blank\"><br \/>\n                    <i class=\"fa fa-download\"><\/i><\/a><\/td><td class=\"column-5\">                <a href=\"\/wp-content\/uploads\/sites\/77\/pdf\/monitoreo\/progs18\/proposito\/113.pdf\" target=\"_blank\"><br \/>\n                    <i class=\"fa fa-download\"><\/i><\/a><\/td><td class=\"column-6\">                <a href=\"\/wp-content\/uploads\/sites\/77\/pdf\/monitoreo\/progs18\/RAG1\/113.pdf\" target=\"_blank\"><br \/>\n                    <i class=\"fa fa-download\"><\/i><\/a><\/td><td class=\"column-7\">                <a href=\"\/wp-content\/uploads\/sites\/77\/pdf\/monitoreo\/progs18\/RAG2\/113.pdf\" target=\"_blank\"><br \/>\n                    <i class=\"fa fa-download\"><\/i><\/a><\/td><td class=\"column-8\">                <a href=\"\/wp-content\/uploads\/sites\/77\/pdf\/monitoreo\/progs18\/RAG3\/113.pdf\" target=\"_blank\"><br \/>\n                    <i class=\"fa fa-download\"><\/i><\/a><\/td><td class=\"column-9\">                <a href=\"\/wp-content\/uploads\/sites\/77\/pdf\/monitoreo\/progs18\/RAG4\/103.pdf\" target=\"_blank\"><br \/>\n                    <i class=\"fa fa-download\"><\/i><\/a><\/td>\n<\/tr>\n<tr class=\"row-15\">\n\t<td class=\"column-1\">114<\/td><td class=\"column-2\">PROFESIONALIZACI\u00d3N DE LAS INSTITUCIONES DE SEGURIDAD P\u00daBLICA<\/td><td class=\"column-3\">                <a href=\"\/wp-content\/uploads\/sites\/77\/pdf\/monitoreo\/progs18\/mir\/114.pdf\" target=\"_blank\"><br \/>\n                    <i class=\"fa fa-download\"><\/i><\/a><\/td><td class=\"column-4\">                <a href=\"\/wp-content\/uploads\/sites\/77\/pdf\/monitoreo\/progs18\/fin\/114.pdf\" target=\"_blank\"><br \/>\n                    <i class=\"fa fa-download\"><\/i><\/a><\/td><td class=\"column-5\">                <a href=\"\/wp-content\/uploads\/sites\/77\/pdf\/monitoreo\/progs18\/proposito\/114.pdf\" target=\"_blank\"><br \/>\n                    <i class=\"fa fa-download\"><\/i><\/a><\/td><td class=\"column-6\">                <a href=\"\/wp-content\/uploads\/sites\/77\/pdf\/monitoreo\/progs18\/RAG1\/114.pdf\" target=\"_blank\"><br \/>\n                    <i class=\"fa fa-download\"><\/i><\/a><\/td><td class=\"column-7\">                <a href=\"\/wp-content\/uploads\/sites\/77\/pdf\/monitoreo\/progs18\/RAG2\/114.pdf\" target=\"_blank\"><br \/>\n                    <i class=\"fa fa-download\"><\/i><\/a><\/td><td class=\"column-8\">                <a href=\"\/wp-content\/uploads\/sites\/77\/pdf\/monitoreo\/progs18\/RAG3\/114.pdf\" target=\"_blank\"><br \/>\n                    <i class=\"fa fa-download\"><\/i><\/a><\/td><td class=\"column-9\">                <a href=\"\/wp-content\/uploads\/sites\/77\/pdf\/monitoreo\/progs18\/RAG4\/114.pdf\" target=\"_blank\"><br \/>\n                    <i class=\"fa fa-download\"><\/i><\/a><\/td>\n<\/tr>\n<tr class=\"row-16\">\n\t<td class=\"column-1\">115<\/td><td class=\"column-2\">EVALUACI\u00d3N Y CERTIFICACI\u00d3N POLICIAL<\/td><td class=\"column-3\">                <a href=\"\/wp-content\/uploads\/sites\/77\/pdf\/monitoreo\/progs18\/mir\/115.pdf\" target=\"_blank\"><br \/>\n                    <i class=\"fa fa-download\"><\/i><\/a><\/td><td class=\"column-4\">                <a href=\"\/wp-content\/uploads\/sites\/77\/pdf\/monitoreo\/progs18\/fin\/115.pdf\" target=\"_blank\"><br \/>\n                    <i class=\"fa fa-download\"><\/i><\/a><\/td><td class=\"column-5\">                <a href=\"\/wp-content\/uploads\/sites\/77\/pdf\/monitoreo\/progs18\/proposito\/115.pdf\" target=\"_blank\"><br \/>\n                    <i class=\"fa fa-download\"><\/i><\/a><\/td><td class=\"column-6\">                <a href=\"\/wp-content\/uploads\/sites\/77\/pdf\/monitoreo\/progs18\/RAG1\/115.pdf\" target=\"_blank\"><br \/>\n                    <i class=\"fa fa-download\"><\/i><\/a><\/td><td class=\"column-7\">                <a href=\"\/wp-content\/uploads\/sites\/77\/pdf\/monitoreo\/progs18\/RAG2\/115.pdf\" target=\"_blank\"><br \/>\n                    <i class=\"fa fa-download\"><\/i><\/a><\/td><td class=\"column-8\">                <a href=\"\/wp-content\/uploads\/sites\/77\/pdf\/monitoreo\/progs18\/RAG3\/115.pdf\" target=\"_blank\"><br \/>\n                    <i class=\"fa fa-download\"><\/i><\/a><\/td><td class=\"column-9\">                <a href=\"\/wp-content\/uploads\/sites\/77\/pdf\/monitoreo\/progs18\/RAG4\/115.pdf\" target=\"_blank\"><br \/>\n                    <i class=\"fa fa-download\"><\/i><\/a><\/td>\n<\/tr>\n<tr class=\"row-17\">\n\t<td class=\"column-1\">116<\/td><td class=\"column-2\">AMPLIACI\u00d3N Y MEJORA DE CARRETERAS ALIMENTADORAS<\/td><td class=\"column-3\">                <a href=\"\/wp-content\/uploads\/sites\/77\/pdf\/monitoreo\/progs18\/mir\/116.pdf\" target=\"_blank\"><br \/>\n                    <i class=\"fa fa-download\"><\/i><\/a><\/td><td class=\"column-4\">                <a href=\"\/wp-content\/uploads\/sites\/77\/pdf\/monitoreo\/progs18\/fin\/116.pdf\" target=\"_blank\"><br \/>\n                    <i class=\"fa fa-download\"><\/i><\/a><\/td><td class=\"column-5\">                <a href=\"\/wp-content\/uploads\/sites\/77\/pdf\/monitoreo\/progs18\/proposito\/116.pdf\" target=\"_blank\"><br \/>\n                    <i class=\"fa fa-download\"><\/i><\/a><\/td><td class=\"column-6\">                <a href=\"\/wp-content\/uploads\/sites\/77\/pdf\/monitoreo\/progs18\/RAG1\/116.pdf\" target=\"_blank\"><br \/>\n                    <i class=\"fa fa-download\"><\/i><\/a><\/td><td class=\"column-7\">                <a href=\"\/wp-content\/uploads\/sites\/77\/pdf\/monitoreo\/progs18\/RAG2\/116.pdf\" target=\"_blank\"><br \/>\n                    <i class=\"fa fa-download\"><\/i><\/a><\/td><td class=\"column-8\">                <a href=\"\/wp-content\/uploads\/sites\/77\/pdf\/monitoreo\/progs18\/RAG3\/116.pdf\" target=\"_blank\"><br \/>\n                    <i class=\"fa fa-download\"><\/i><\/a><\/td><td class=\"column-9\">                <a href=\"\/wp-content\/uploads\/sites\/77\/pdf\/monitoreo\/progs18\/RAG4\/116.pdf\" target=\"_blank\"><br \/>\n                    <i class=\"fa fa-download\"><\/i><\/a><\/td>\n<\/tr>\n<tr class=\"row-18\">\n\t<td class=\"column-1\">117<\/td><td class=\"column-2\">PROGRAMA INTEGRAL DE SERVICIOS Y SOLUCIONES DE TIC E INNOVACI\u00d3N TECNOL\u00d3GICA GUBERNAMENTAL<\/td><td class=\"column-3\">                <a href=\"\/wp-content\/uploads\/sites\/77\/pdf\/monitoreo\/progs18\/mir\/117.pdf\" target=\"_blank\"><br \/>\n                    <i class=\"fa fa-download\"><\/i><\/a><\/td><td class=\"column-4\">                <a href=\"\/wp-content\/uploads\/sites\/77\/pdf\/monitoreo\/progs18\/fin\/117.pdf\" target=\"_blank\"><br \/>\n                    <i class=\"fa fa-download\"><\/i><\/a><\/td><td class=\"column-5\">                <a href=\"\/wp-content\/uploads\/sites\/77\/pdf\/monitoreo\/progs18\/proposito\/117.pdf\" target=\"_blank\"><br \/>\n                    <i class=\"fa fa-download\"><\/i><\/a><\/td><td class=\"column-6\">                <a href=\"\/wp-content\/uploads\/sites\/77\/pdf\/monitoreo\/progs18\/RAG1\/117.pdf\" target=\"_blank\"><br \/>\n                    <i class=\"fa fa-download\"><\/i><\/a><\/td><td class=\"column-7\">                <a href=\"\/wp-content\/uploads\/sites\/77\/pdf\/monitoreo\/progs18\/RAG2\/117.pdf\" target=\"_blank\"><br \/>\n                    <i class=\"fa fa-download\"><\/i><\/a><\/td><td class=\"column-8\">                <a href=\"\/wp-content\/uploads\/sites\/77\/pdf\/monitoreo\/progs18\/RAG3\/117.pdf\" target=\"_blank\"><br \/>\n                    <i class=\"fa fa-download\"><\/i><\/a><\/td><td class=\"column-9\">                <a href=\"\/wp-content\/uploads\/sites\/77\/pdf\/monitoreo\/progs18\/RAG4\/117.pdf\" target=\"_blank\"><br \/>\n                    <i class=\"fa fa-download\"><\/i><\/a><\/td>\n<\/tr>\n<tr class=\"row-19\">\n\t<td class=\"column-1\">120<\/td><td class=\"column-2\">PREVENCI\u00d3N, SEGURIDAD Y PROTECCI\u00d3N P\u00daBLICA<\/td><td class=\"column-3\">                <a href=\"\/wp-content\/uploads\/sites\/77\/pdf\/monitoreo\/progs18\/mir\/120.pdf\" target=\"_blank\"><br \/>\n                    <i class=\"fa fa-download\"><\/i><\/a><\/td><td class=\"column-4\">                <a href=\"\/wp-content\/uploads\/sites\/77\/pdf\/monitoreo\/progs18\/fin\/120.pdf\" target=\"_blank\"><br \/>\n                    <i class=\"fa fa-download\"><\/i><\/a><\/td><td class=\"column-5\">                <a href=\"\/wp-content\/uploads\/sites\/77\/pdf\/monitoreo\/progs18\/proposito\/120.pdf\" target=\"_blank\"><br \/>\n                    <i class=\"fa fa-download\"><\/i><\/a><\/td><td class=\"column-6\">                <a href=\"\/wp-content\/uploads\/sites\/77\/pdf\/monitoreo\/progs18\/RAG1\/120.pdf\" target=\"_blank\"><br \/>\n                    <i class=\"fa fa-download\"><\/i><\/a><\/td><td class=\"column-7\">                <a href=\"\/wp-content\/uploads\/sites\/77\/pdf\/monitoreo\/progs18\/RAG2\/120.pdf\" target=\"_blank\"><br \/>\n                    <i class=\"fa fa-download\"><\/i><\/a><\/td><td class=\"column-8\">                <a href=\"\/wp-content\/uploads\/sites\/77\/pdf\/monitoreo\/progs18\/RAG3\/120.pdf\" target=\"_blank\"><br \/>\n                    <i class=\"fa fa-download\"><\/i><\/a><\/td><td class=\"column-9\">                <a href=\"\/wp-content\/uploads\/sites\/77\/pdf\/monitoreo\/progs18\/RAG4\/120.pdf\" target=\"_blank\"><br \/>\n                    <i class=\"fa fa-download\"><\/i><\/a><\/td>\n<\/tr>\n<tr class=\"row-20\">\n\t<td class=\"column-1\">121<\/td><td class=\"column-2\">FORTALECIMIENTO DEL SISTEMA PENITENCIARIO<\/td><td class=\"column-3\">                <a href=\"\/wp-content\/uploads\/sites\/77\/pdf\/monitoreo\/progs18\/mir\/121.pdf\" target=\"_blank\"><br \/>\n                    <i class=\"fa fa-download\"><\/i><\/a><\/td><td class=\"column-4\">                <a href=\"\/wp-content\/uploads\/sites\/77\/pdf\/monitoreo\/progs18\/fin\/121.pdf\" target=\"_blank\"><br \/>\n                    <i class=\"fa fa-download\"><\/i><\/a><\/td><td class=\"column-5\">                <a href=\"\/wp-content\/uploads\/sites\/77\/pdf\/monitoreo\/progs18\/proposito\/121.pdf\" target=\"_blank\"><br \/>\n                    <i class=\"fa fa-download\"><\/i><\/a><\/td><td class=\"column-6\">                <a href=\"\/wp-content\/uploads\/sites\/77\/pdf\/monitoreo\/progs18\/RAG1\/121.pdf\" target=\"_blank\"><br \/>\n                    <i class=\"fa fa-download\"><\/i><\/a><\/td><td class=\"column-7\">                <a href=\"\/wp-content\/uploads\/sites\/77\/pdf\/monitoreo\/progs18\/RAG2\/121.pdf\" target=\"_blank\"><br \/>\n                    <i class=\"fa fa-download\"><\/i><\/a><\/td><td class=\"column-8\">                <a href=\"\/wp-content\/uploads\/sites\/77\/pdf\/monitoreo\/progs18\/RAG3\/121.pdf\" target=\"_blank\"><br \/>\n                    <i class=\"fa fa-download\"><\/i><\/a><\/td><td class=\"column-9\">                <a href=\"\/wp-content\/uploads\/sites\/77\/pdf\/monitoreo\/progs18\/RAG4\/121.pdf\" target=\"_blank\"><br \/>\n                    <i class=\"fa fa-download\"><\/i><\/a><\/td>\n<\/tr>\n<tr class=\"row-21\">\n\t<td class=\"column-1\">122<\/td><td class=\"column-2\">MEJORAMIENTO URBANO DE LOS CENTROS DE POBLACI\u00d3N<\/td><td class=\"column-3\">                <a href=\"\/wp-content\/uploads\/sites\/77\/pdf\/monitoreo\/progs18\/mir\/122.pdf\" target=\"_blank\"><br \/>\n                    <i class=\"fa fa-download\"><\/i><\/a><\/td><td class=\"column-4\">                <a href=\"\/wp-content\/uploads\/sites\/77\/pdf\/monitoreo\/progs18\/fin\/122.pdf\" target=\"_blank\"><br \/>\n                    <i class=\"fa fa-download\"><\/i><\/a><\/td><td class=\"column-5\">                <a href=\"\/wp-content\/uploads\/sites\/77\/pdf\/monitoreo\/progs18\/proposito\/122.pdf\" target=\"_blank\"><br \/>\n                    <i class=\"fa fa-download\"><\/i><\/a><\/td><td class=\"column-6\">                <a href=\"\/wp-content\/uploads\/sites\/77\/pdf\/monitoreo\/progs18\/RAG1\/122.pdf\" target=\"_blank\"><br \/>\n                    <i class=\"fa fa-download\"><\/i><\/a><\/td><td class=\"column-7\">                <a href=\"\/wp-content\/uploads\/sites\/77\/pdf\/monitoreo\/progs18\/RAG2\/122.pdf\" target=\"_blank\"><br \/>\n                    <i class=\"fa fa-download\"><\/i><\/a><\/td><td class=\"column-8\">                <a href=\"\/wp-content\/uploads\/sites\/77\/pdf\/monitoreo\/progs18\/RAG3\/122.pdf\" target=\"_blank\"><br \/>\n                    <i class=\"fa fa-download\"><\/i><\/a><\/td><td class=\"column-9\">                <a href=\"\/wp-content\/uploads\/sites\/77\/pdf\/monitoreo\/progs18\/RAG4\/122.pdf\" target=\"_blank\"><br \/>\n                    <i class=\"fa fa-download\"><\/i><\/a><\/td>\n<\/tr>\n<tr class=\"row-22\">\n\t<td class=\"column-1\">123<\/td><td class=\"column-2\">PROCESOS ELECTORALES Y MECANISMOS DE PARTICIPACION CIUDADANA<\/td><td class=\"column-3\">                <a href=\"\/wp-content\/uploads\/sites\/77\/pdf\/monitoreo\/progs18\/mir\/123.pdf\" target=\"_blank\"><br \/>\n                    <i class=\"fa fa-download\"><\/i><\/a><\/td><td class=\"column-4\">                <a href=\"\/wp-content\/uploads\/sites\/77\/pdf\/monitoreo\/progs18\/fin\/123.pdf\" target=\"_blank\"><br \/>\n                    <i class=\"fa fa-download\"><\/i><\/a><\/td><td class=\"column-5\">                <a href=\"\/wp-content\/uploads\/sites\/77\/pdf\/monitoreo\/progs18\/proposito\/123.pdf\" target=\"_blank\"><br \/>\n                    <i class=\"fa fa-download\"><\/i><\/a><\/td><td class=\"column-6\">                <a href=\"\/wp-content\/uploads\/sites\/77\/pdf\/monitoreo\/progs18\/RAG1\/123.pdf\" target=\"_blank\"><br \/>\n                    <i class=\"fa fa-download\"><\/i><\/a><\/td><td class=\"column-7\">                <a href=\"\/wp-content\/uploads\/sites\/77\/pdf\/monitoreo\/progs18\/RAG2\/123.pdf\" target=\"_blank\"><br \/>\n                    <i class=\"fa fa-download\"><\/i><\/a><\/td><td class=\"column-8\">                <a href=\"\/wp-content\/uploads\/sites\/77\/pdf\/monitoreo\/progs18\/RAG3\/123.pdf\" target=\"_blank\"><br \/>\n                    <i class=\"fa fa-download\"><\/i><\/a><\/td><td class=\"column-9\">                <a href=\"\/wp-content\/uploads\/sites\/77\/pdf\/monitoreo\/progs18\/RAG4\/123.pdf\" target=\"_blank\"><br \/>\n                    <i class=\"fa fa-download\"><\/i><\/a><\/td>\n<\/tr>\n<tr class=\"row-23\">\n\t<td class=\"column-1\">125<\/td><td class=\"column-2\">EDUCACI\u00d3N PARA J\u00d3VENES Y ADULTOS Y DESARROLLO DE COMPETENCIAS PARA EL TRABAJO<\/td><td class=\"column-3\">                <a href=\"\/wp-content\/uploads\/sites\/77\/pdf\/monitoreo\/progs18\/mir\/125.pdf\" target=\"_blank\"><br \/>\n                    <i class=\"fa fa-download\"><\/i><\/a><\/td><td class=\"column-4\">                <a href=\"\/wp-content\/uploads\/sites\/77\/pdf\/monitoreo\/progs18\/fin\/125.pdf\" target=\"_blank\"><br \/>\n                    <i class=\"fa fa-download\"><\/i><\/a><\/td><td class=\"column-5\">                <a href=\"\/wp-content\/uploads\/sites\/77\/pdf\/monitoreo\/progs18\/proposito\/125.pdf\" target=\"_blank\"><br \/>\n                    <i class=\"fa fa-download\"><\/i><\/a><\/td><td class=\"column-6\">                <a href=\"\/wp-content\/uploads\/sites\/77\/pdf\/monitoreo\/progs18\/RAG1\/125.pdf\" target=\"_blank\"><br \/>\n                    <i class=\"fa fa-download\"><\/i><\/a><\/td><td class=\"column-7\">                <a href=\"\/wp-content\/uploads\/sites\/77\/pdf\/monitoreo\/progs18\/RAG2\/125.pdf\" target=\"_blank\"><br \/>\n                    <i class=\"fa fa-download\"><\/i><\/a><\/td><td class=\"column-8\">                <a href=\"\/wp-content\/uploads\/sites\/77\/pdf\/monitoreo\/progs18\/RAG3\/125.pdf\" target=\"_blank\"><br \/>\n                    <i class=\"fa fa-download\"><\/i><\/a><\/td><td class=\"column-9\">                <a href=\"\/wp-content\/uploads\/sites\/77\/pdf\/monitoreo\/progs18\/RAG4\/125.pdf\" target=\"_blank\"><br \/>\n                    <i class=\"fa fa-download\"><\/i><\/a><\/td>\n<\/tr>\n<tr class=\"row-24\">\n\t<td class=\"column-1\">126<\/td><td class=\"column-2\">FORTALECIMIENTO Y MODERNIZACI\u00d3N DEL TRANSPORTE P\u00daBLICO Y PRIVADO DEL ESTADO<\/td><td class=\"column-3\">                <a href=\"\/wp-content\/uploads\/sites\/77\/pdf\/monitoreo\/progs18\/mir\/126.pdf\" target=\"_blank\"><br \/>\n                    <i class=\"fa fa-download\"><\/i><\/a><\/td><td class=\"column-4\">                <a href=\"\/wp-content\/uploads\/sites\/77\/pdf\/monitoreo\/progs18\/fin\/126.pdf\" target=\"_blank\"><br \/>\n                    <i class=\"fa fa-download\"><\/i><\/a><\/td><td class=\"column-5\">                <a href=\"\/wp-content\/uploads\/sites\/77\/pdf\/monitoreo\/progs18\/proposito\/126.pdf\" target=\"_blank\"><br \/>\n                    <i class=\"fa fa-download\"><\/i><\/a><\/td><td class=\"column-6\">                <a href=\"\/wp-content\/uploads\/sites\/77\/pdf\/monitoreo\/progs18\/RAG1\/126.pdf\" target=\"_blank\"><br \/>\n                    <i class=\"fa fa-download\"><\/i><\/a><\/td><td class=\"column-7\">                <a href=\"\/wp-content\/uploads\/sites\/77\/pdf\/monitoreo\/progs18\/RAG2\/126.pdf\" target=\"_blank\"><br \/>\n                    <i class=\"fa fa-download\"><\/i><\/a><\/td><td class=\"column-8\">                <a href=\"\/wp-content\/uploads\/sites\/77\/pdf\/monitoreo\/progs18\/RAG3\/126.pdf\" target=\"_blank\"><br \/>\n                    <i class=\"fa fa-download\"><\/i><\/a><\/td><td class=\"column-9\">                <a href=\"\/wp-content\/uploads\/sites\/77\/pdf\/monitoreo\/progs18\/RAG4\/126.pdf\" target=\"_blank\"><br \/>\n                    <i class=\"fa fa-download\"><\/i><\/a><\/td>\n<\/tr>\n<tr class=\"row-25\">\n\t<td class=\"column-1\">127<\/td><td class=\"column-2\">INCREMENTO DE LA OFERTA EDUCATIVA SUPERIOR<\/td><td class=\"column-3\">                <a href=\"\/wp-content\/uploads\/sites\/77\/pdf\/monitoreo\/progs18\/mir\/127.pdf\" target=\"_blank\"><br \/>\n                    <i class=\"fa fa-download\"><\/i><\/a><\/td><td class=\"column-4\">                <a href=\"\/wp-content\/uploads\/sites\/77\/pdf\/monitoreo\/progs18\/fin\/127.pdf\" target=\"_blank\"><br \/>\n                    <i class=\"fa fa-download\"><\/i><\/a><\/td><td class=\"column-5\">                <a href=\"\/wp-content\/uploads\/sites\/77\/pdf\/monitoreo\/progs18\/proposito\/127.pdf\" target=\"_blank\"><br \/>\n                    <i class=\"fa fa-download\"><\/i><\/a><\/td><td class=\"column-6\">                <a href=\"\/wp-content\/uploads\/sites\/77\/pdf\/monitoreo\/progs18\/RAG1\/127.pdf\" target=\"_blank\"><br \/>\n                    <i class=\"fa fa-download\"><\/i><\/a><\/td><td class=\"column-7\">                <a href=\"\/wp-content\/uploads\/sites\/77\/pdf\/monitoreo\/progs18\/RAG2\/127.pdf\" target=\"_blank\"><br \/>\n                    <i class=\"fa fa-download\"><\/i><\/a><\/td><td class=\"column-8\">                <a href=\"\/wp-content\/uploads\/sites\/77\/pdf\/monitoreo\/progs18\/RAG3\/127.pdf\" target=\"_blank\"><br \/>\n                    <i class=\"fa fa-download\"><\/i><\/a><\/td><td class=\"column-9\">                <a href=\"\/wp-content\/uploads\/sites\/77\/pdf\/monitoreo\/progs18\/RAG4\/127.pdf\" target=\"_blank\"><br \/>\n                    <i class=\"fa fa-download\"><\/i><\/a><\/td>\n<\/tr>\n<tr class=\"row-26\">\n\t<td class=\"column-1\">129<\/td><td class=\"column-2\">FORTALECIMIENTO DE RECURSOS HUMANOS Y MODERNIZACI\u00d3N ADMINISTRATIVA<\/td><td class=\"column-3\">                <a href=\"\/wp-content\/uploads\/sites\/77\/pdf\/monitoreo\/progs18\/mir\/129.pdf\" target=\"_blank\"><br \/>\n                    <i class=\"fa fa-download\"><\/i><\/a><\/td><td class=\"column-4\">                <a href=\"\/wp-content\/uploads\/sites\/77\/pdf\/monitoreo\/progs18\/fin\/129.pdf\" target=\"_blank\"><br \/>\n                    <i class=\"fa fa-download\"><\/i><\/a><\/td><td class=\"column-5\">                <a href=\"\/wp-content\/uploads\/sites\/77\/pdf\/monitoreo\/progs18\/proposito\/129.pdf\" target=\"_blank\"><br \/>\n                    <i class=\"fa fa-download\"><\/i><\/a><\/td><td class=\"column-6\">                <a href=\"\/wp-content\/uploads\/sites\/77\/pdf\/monitoreo\/progs18\/RAG1\/129.pdf\" target=\"_blank\"><br \/>\n                    <i class=\"fa fa-download\"><\/i><\/a><\/td><td class=\"column-7\">                <a href=\"\/wp-content\/uploads\/sites\/77\/pdf\/monitoreo\/progs18\/RAG2\/129.pdf\" target=\"_blank\"><br \/>\n                    <i class=\"fa fa-download\"><\/i><\/a><\/td><td class=\"column-8\">                <a href=\"\/wp-content\/uploads\/sites\/77\/pdf\/monitoreo\/progs18\/RAG3\/129.pdf\" target=\"_blank\"><br \/>\n                    <i class=\"fa fa-download\"><\/i><\/a><\/td><td class=\"column-9\">                <a href=\"\/wp-content\/uploads\/sites\/77\/pdf\/monitoreo\/progs18\/RAG4\/129.pdf\" target=\"_blank\"><br \/>\n                    <i class=\"fa fa-download\"><\/i><\/a><\/td>\n<\/tr>\n<tr class=\"row-27\">\n\t<td class=\"column-1\">130<\/td><td class=\"column-2\">FORTALECIMIENTO, CONSERVACI\u00d3N Y ADMINISTRACI\u00d3N DE LOS BIENES Y SERVICIOS DEL ESTADO<\/td><td class=\"column-3\">                <a href=\"\/wp-content\/uploads\/sites\/77\/pdf\/monitoreo\/progs18\/mir\/130.pdf\" target=\"_blank\"><br \/>\n                    <i class=\"fa fa-download\"><\/i><\/a><\/td><td class=\"column-4\">                <a href=\"\/wp-content\/uploads\/sites\/77\/pdf\/monitoreo\/progs18\/fin\/130.pdf\" target=\"_blank\"><br \/>\n                    <i class=\"fa fa-download\"><\/i><\/a><\/td><td class=\"column-5\">                <a href=\"\/wp-content\/uploads\/sites\/77\/pdf\/monitoreo\/progs18\/proposito\/130.pdf\" target=\"_blank\"><br \/>\n                    <i class=\"fa fa-download\"><\/i><\/a><\/td><td class=\"column-6\">                <a href=\"\/wp-content\/uploads\/sites\/77\/pdf\/monitoreo\/progs18\/RAG1\/130.pdf\" target=\"_blank\"><br \/>\n                    <i class=\"fa fa-download\"><\/i><\/a><\/td><td class=\"column-7\">                <a href=\"\/wp-content\/uploads\/sites\/77\/pdf\/monitoreo\/progs18\/RAG2\/130.pdf\" target=\"_blank\"><br \/>\n                    <i class=\"fa fa-download\"><\/i><\/a><\/td><td class=\"column-8\">                <a href=\"\/wp-content\/uploads\/sites\/77\/pdf\/monitoreo\/progs18\/RAG3\/130.pdf\" target=\"_blank\"><br \/>\n                    <i class=\"fa fa-download\"><\/i><\/a><\/td><td class=\"column-9\">                <a href=\"\/wp-content\/uploads\/sites\/77\/pdf\/monitoreo\/progs18\/RAG4\/130.pdf\" target=\"_blank\"><br \/>\n                    <i class=\"fa fa-download\"><\/i><\/a><\/td>\n<\/tr>\n<tr class=\"row-28\">\n\t<td class=\"column-1\">131<\/td><td class=\"column-2\">IMPARTICI\u00d3N DE JUSTICIA<\/td><td class=\"column-3\">                <a href=\"\/wp-content\/uploads\/sites\/77\/pdf\/monitoreo\/progs18\/mir\/131.pdf\" target=\"_blank\"><br \/>\n                    <i class=\"fa fa-download\"><\/i><\/a><\/td><td class=\"column-4\">                <a href=\"\/wp-content\/uploads\/sites\/77\/pdf\/monitoreo\/progs18\/fin\/131.pdf\" target=\"_blank\"><br \/>\n                    <i class=\"fa fa-download\"><\/i><\/a><\/td><td class=\"column-5\">                <a href=\"\/wp-content\/uploads\/sites\/77\/pdf\/monitoreo\/progs18\/proposito\/131.pdf\" target=\"_blank\"><br \/>\n                    <i class=\"fa fa-download\"><\/i><\/a><\/td><td class=\"column-6\">                <a href=\"\/wp-content\/uploads\/sites\/77\/pdf\/monitoreo\/progs18\/RAG1\/131.pdf\" target=\"_blank\"><br \/>\n                    <i class=\"fa fa-download\"><\/i><\/a><\/td><td class=\"column-7\">                <a href=\"\/wp-content\/uploads\/sites\/77\/pdf\/monitoreo\/progs18\/RAG2\/131.pdf\" target=\"_blank\"><br \/>\n                    <i class=\"fa fa-download\"><\/i><\/a><\/td><td class=\"column-8\">                <a href=\"\/wp-content\/uploads\/sites\/77\/pdf\/monitoreo\/progs18\/RAG3\/131.pdf\" target=\"_blank\"><br \/>\n                    <i class=\"fa fa-download\"><\/i><\/a><\/td><td class=\"column-9\">                <a href=\"\/wp-content\/uploads\/sites\/77\/pdf\/monitoreo\/progs18\/RAG4\/131.pdf\" target=\"_blank\"><br \/>\n                    <i class=\"fa fa-download\"><\/i><\/a><\/td>\n<\/tr>\n<tr class=\"row-29\">\n\t<td class=\"column-1\">132<\/td><td class=\"column-2\">FORMACI\u00d3N CON CALIDAD EN EDUCACI\u00d3N MEDIA SUPERIOR<\/td><td class=\"column-3\">                <a href=\"\/wp-content\/uploads\/sites\/77\/pdf\/monitoreo\/progs18\/mir\/132.pdf\" target=\"_blank\"><br \/>\n                    <i class=\"fa fa-download\"><\/i><\/a><\/td><td class=\"column-4\">                <a href=\"\/wp-content\/uploads\/sites\/77\/pdf\/monitoreo\/progs18\/fin\/132.pdf\" target=\"_blank\"><br \/>\n                    <i class=\"fa fa-download\"><\/i><\/a><\/td><td class=\"column-5\">                <a href=\"\/wp-content\/uploads\/sites\/77\/pdf\/monitoreo\/progs18\/proposito\/132.pdf\" target=\"_blank\"><br \/>\n                    <i class=\"fa fa-download\"><\/i><\/a><\/td><td class=\"column-6\">                <a href=\"\/wp-content\/uploads\/sites\/77\/pdf\/monitoreo\/progs18\/RAG1\/132.pdf\" target=\"_blank\"><br \/>\n                    <i class=\"fa fa-download\"><\/i><\/a><\/td><td class=\"column-7\">                <a href=\"\/wp-content\/uploads\/sites\/77\/pdf\/monitoreo\/progs18\/RAG2\/132.pdf\" target=\"_blank\"><br \/>\n                    <i class=\"fa fa-download\"><\/i><\/a><\/td><td class=\"column-8\">                <a href=\"\/wp-content\/uploads\/sites\/77\/pdf\/monitoreo\/progs18\/RAG3\/132.pdf\" target=\"_blank\"><br \/>\n                    <i class=\"fa fa-download\"><\/i><\/a><\/td><td class=\"column-9\">                <a href=\"\/wp-content\/uploads\/sites\/77\/pdf\/monitoreo\/progs18\/RAG4\/132.pdf\" target=\"_blank\"><br \/>\n                    <i class=\"fa fa-download\"><\/i><\/a><\/td>\n<\/tr>\n<tr class=\"row-30\">\n\t<td class=\"column-1\">133<\/td><td class=\"column-2\">FISCALIZACI\u00d3N DE LOS RECURSOS P\u00daBLICOS<\/td><td class=\"column-3\">                <a href=\"\/wp-content\/uploads\/sites\/77\/pdf\/monitoreo\/progs18\/mir\/133.pdf\" target=\"_blank\"><br \/>\n                    <i class=\"fa fa-download\"><\/i><\/a><\/td><td class=\"column-4\">                <a href=\"\/wp-content\/uploads\/sites\/77\/pdf\/monitoreo\/progs18\/fin\/133.pdf\" target=\"_blank\"><br \/>\n                    <i class=\"fa fa-download\"><\/i><\/a><\/td><td class=\"column-5\">                <a href=\"\/wp-content\/uploads\/sites\/77\/pdf\/monitoreo\/progs18\/proposito\/133.pdf\" target=\"_blank\"><br \/>\n                    <i class=\"fa fa-download\"><\/i><\/a><\/td><td class=\"column-6\">                <a href=\"\/wp-content\/uploads\/sites\/77\/pdf\/monitoreo\/progs18\/RAG1\/133.pdf\" target=\"_blank\"><br \/>\n                    <i class=\"fa fa-download\"><\/i><\/a><\/td><td class=\"column-7\">                <a href=\"\/wp-content\/uploads\/sites\/77\/pdf\/monitoreo\/progs18\/RAG2\/133.pdf\" target=\"_blank\"><br \/>\n                    <i class=\"fa fa-download\"><\/i><\/a><\/td><td class=\"column-8\">                <a href=\"\/wp-content\/uploads\/sites\/77\/pdf\/monitoreo\/progs18\/RAG3\/133.pdf\" target=\"_blank\"><br \/>\n                    <i class=\"fa fa-download\"><\/i><\/a><\/td><td class=\"column-9\">                <a href=\"\/wp-content\/uploads\/sites\/77\/pdf\/monitoreo\/progs18\/RAG4\/133.pdf\" target=\"_blank\"><br \/>\n                    <i class=\"fa fa-download\"><\/i><\/a><\/td>\n<\/tr>\n<tr class=\"row-31\">\n\t<td class=\"column-1\">134<\/td><td class=\"column-2\">ATENCI\u00d3N REGIONAL A GRUPOS EN VULNERABILIDAD<\/td><td class=\"column-3\">                <a href=\"\/wp-content\/uploads\/sites\/77\/pdf\/monitoreo\/progs18\/mir\/134.pdf\" target=\"_blank\"><br \/>\n                    <i class=\"fa fa-download\"><\/i><\/a><\/td><td class=\"column-4\">                <a href=\"\/wp-content\/uploads\/sites\/77\/pdf\/monitoreo\/progs18\/fin\/134.pdf\" target=\"_blank\"><br \/>\n                    <i class=\"fa fa-download\"><\/i><\/a><\/td><td class=\"column-5\">                <a href=\"\/wp-content\/uploads\/sites\/77\/pdf\/monitoreo\/progs18\/proposito\/134.pdf\" target=\"_blank\"><br \/>\n                    <i class=\"fa fa-download\"><\/i><\/a><\/td><td class=\"column-6\">                <a href=\"\/wp-content\/uploads\/sites\/77\/pdf\/monitoreo\/progs18\/RAG1\/134.pdf\" target=\"_blank\"><br \/>\n                    <i class=\"fa fa-download\"><\/i><\/a><\/td><td class=\"column-7\">                <a href=\"\/wp-content\/uploads\/sites\/77\/pdf\/monitoreo\/progs18\/RAG2\/134.pdf\" target=\"_blank\"><br \/>\n                    <i class=\"fa fa-download\"><\/i><\/a><\/td><td class=\"column-8\">                <a href=\"\/wp-content\/uploads\/sites\/77\/pdf\/monitoreo\/progs18\/RAG3\/134.pdf\" target=\"_blank\"><br \/>\n                    <i class=\"fa fa-download\"><\/i><\/a><\/td><td class=\"column-9\">                <a href=\"\/wp-content\/uploads\/sites\/77\/pdf\/monitoreo\/progs18\/RAG4\/134.pdf\" target=\"_blank\"><br \/>\n                    <i class=\"fa fa-download\"><\/i><\/a><\/td>\n<\/tr>\n<tr class=\"row-32\">\n\t<td class=\"column-1\">136<\/td><td class=\"column-2\">REPRESENTACI\u00d3N JUR\u00cdDICA DEL ESTADO<\/td><td class=\"column-3\">                <a href=\"\/wp-content\/uploads\/sites\/77\/pdf\/monitoreo\/progs18\/mir\/136.pdf\" target=\"_blank\"><br \/>\n                    <i class=\"fa fa-download\"><\/i><\/a><\/td><td class=\"column-4\">                <a href=\"\/wp-content\/uploads\/sites\/77\/pdf\/monitoreo\/progs18\/fin\/136.pdf\" target=\"_blank\"><br \/>\n                    <i class=\"fa fa-download\"><\/i><\/a><\/td><td class=\"column-5\">                <a href=\"\/wp-content\/uploads\/sites\/77\/pdf\/monitoreo\/progs18\/proposito\/136.pdf\" target=\"_blank\"><br \/>\n                    <i class=\"fa fa-download\"><\/i><\/a><\/td><td class=\"column-6\">                <a href=\"\/wp-content\/uploads\/sites\/77\/pdf\/monitoreo\/progs18\/RAG1\/136.pdf\" target=\"_blank\"><br \/>\n                    <i class=\"fa fa-download\"><\/i><\/a><\/td><td class=\"column-7\">                <a href=\"\/wp-content\/uploads\/sites\/77\/pdf\/monitoreo\/progs18\/RAG2\/136.pdf\" target=\"_blank\"><br \/>\n                    <i class=\"fa fa-download\"><\/i><\/a><\/td><td class=\"column-8\">                <a href=\"\/wp-content\/uploads\/sites\/77\/pdf\/monitoreo\/progs18\/RAG3\/136.pdf\" target=\"_blank\"><br \/>\n                    <i class=\"fa fa-download\"><\/i><\/a><\/td><td class=\"column-9\">                <a href=\"\/wp-content\/uploads\/sites\/77\/pdf\/monitoreo\/progs18\/RAG4\/136.pdf\" target=\"_blank\"><br \/>\n                    <i class=\"fa fa-download\"><\/i><\/a><\/td>\n<\/tr>\n<tr class=\"row-33\">\n\t<td class=\"column-1\">137<\/td><td class=\"column-2\">AMPLIACI\u00d3N Y MEJORAMIENTO DE LA COBERTURA EL\u00c9CTRICA<\/td><td class=\"column-3\">                <a href=\"\/wp-content\/uploads\/sites\/77\/pdf\/monitoreo\/progs18\/mir\/137.pdf\" target=\"_blank\"><br \/>\n                    <i class=\"fa fa-download\"><\/i><\/a><\/td><td class=\"column-4\">                <a href=\"\/wp-content\/uploads\/sites\/77\/pdf\/monitoreo\/progs18\/fin\/137.pdf\" target=\"_blank\"><br \/>\n                    <i class=\"fa fa-download\"><\/i><\/a><\/td><td class=\"column-5\">                <a href=\"\/wp-content\/uploads\/sites\/77\/pdf\/monitoreo\/progs18\/proposito\/137.pdf\" target=\"_blank\"><br \/>\n                    <i class=\"fa fa-download\"><\/i><\/a><\/td><td class=\"column-6\">                <a href=\"\/wp-content\/uploads\/sites\/77\/pdf\/monitoreo\/progs18\/RAG1\/137.pdf\" target=\"_blank\"><br \/>\n                    <i class=\"fa fa-download\"><\/i><\/a><\/td><td class=\"column-7\">                <a href=\"\/wp-content\/uploads\/sites\/77\/pdf\/monitoreo\/progs18\/RAG2\/137.pdf\" target=\"_blank\"><br \/>\n                    <i class=\"fa fa-download\"><\/i><\/a><\/td><td class=\"column-8\">                <a href=\"\/wp-content\/uploads\/sites\/77\/pdf\/monitoreo\/progs18\/RAG3\/137.pdf\" target=\"_blank\"><br \/>\n                    <i class=\"fa fa-download\"><\/i><\/a><\/td><td class=\"column-9\">                <a href=\"\/wp-content\/uploads\/sites\/77\/pdf\/monitoreo\/progs18\/RAG4\/137.pdf\" target=\"_blank\"><br \/>\n                    <i class=\"fa fa-download\"><\/i><\/a><\/td>\n<\/tr>\n<tr class=\"row-34\">\n\t<td class=\"column-1\">138<\/td><td class=\"column-2\">ATENCI\u00d3N JUR\u00cdDICA-ADMINISTRATIVA A LA POBLACI\u00d3N MIGRANTE Y SUS FAMILIAS<\/td><td class=\"column-3\">                <a href=\"\/wp-content\/uploads\/sites\/77\/pdf\/monitoreo\/progs18\/mir\/138.pdf\" target=\"_blank\"><br \/>\n                    <i class=\"fa fa-download\"><\/i><\/a><\/td><td class=\"column-4\">                <a href=\"\/wp-content\/uploads\/sites\/77\/pdf\/monitoreo\/progs18\/fin\/138.pdf\" target=\"_blank\"><br \/>\n                    <i class=\"fa fa-download\"><\/i><\/a><\/td><td class=\"column-5\">                <a href=\"\/wp-content\/uploads\/sites\/77\/pdf\/monitoreo\/progs18\/proposito\/138.pdf\" target=\"_blank\"><br \/>\n                    <i class=\"fa fa-download\"><\/i><\/a><\/td><td class=\"column-6\">                <a href=\"\/wp-content\/uploads\/sites\/77\/pdf\/monitoreo\/progs18\/RAG1\/138.pdf\" target=\"_blank\"><br \/>\n                    <i class=\"fa fa-download\"><\/i><\/a><\/td><td class=\"column-7\">                <a href=\"\/wp-content\/uploads\/sites\/77\/pdf\/monitoreo\/progs18\/RAG2\/138.pdf\" target=\"_blank\"><br \/>\n                    <i class=\"fa fa-download\"><\/i><\/a><\/td><td class=\"column-8\">                <a href=\"\/wp-content\/uploads\/sites\/77\/pdf\/monitoreo\/progs18\/RAG3\/138.pdf\" target=\"_blank\"><br \/>\n                    <i class=\"fa fa-download\"><\/i><\/a><\/td><td class=\"column-9\">                <a href=\"\/wp-content\/uploads\/sites\/77\/pdf\/monitoreo\/progs18\/RAG4\/138.pdf\" target=\"_blank\"><br \/>\n                    <i class=\"fa fa-download\"><\/i><\/a><\/td>\n<\/tr>\n<tr class=\"row-35\">\n\t<td class=\"column-1\">139<\/td><td class=\"column-2\">FORMACI\u00d3N PROFESIONAL Y POSGRADO<\/td><td class=\"column-3\">                <a href=\"\/wp-content\/uploads\/sites\/77\/pdf\/monitoreo\/progs18\/mir\/139.pdf\" target=\"_blank\"><br \/>\n                    <i class=\"fa fa-download\"><\/i><\/a><\/td><td class=\"column-4\">                <a href=\"\/wp-content\/uploads\/sites\/77\/pdf\/monitoreo\/progs18\/fin\/139.pdf\" target=\"_blank\"><br \/>\n                    <i class=\"fa fa-download\"><\/i><\/a><\/td><td class=\"column-5\">                <a href=\"\/wp-content\/uploads\/sites\/77\/pdf\/monitoreo\/progs18\/proposito\/139.pdf\" target=\"_blank\"><br \/>\n                    <i class=\"fa fa-download\"><\/i><\/a><\/td><td class=\"column-6\">                <a href=\"\/wp-content\/uploads\/sites\/77\/pdf\/monitoreo\/progs18\/RAG1\/139.pdf\" target=\"_blank\"><br \/>\n                    <i class=\"fa fa-download\"><\/i><\/a><\/td><td class=\"column-7\">                <a href=\"\/wp-content\/uploads\/sites\/77\/pdf\/monitoreo\/progs18\/RAG2\/139.pdf\" target=\"_blank\"><br \/>\n                    <i class=\"fa fa-download\"><\/i><\/a><\/td><td class=\"column-8\">                <a href=\"\/wp-content\/uploads\/sites\/77\/pdf\/monitoreo\/progs18\/RAG3\/139.pdf\" target=\"_blank\"><br \/>\n                    <i class=\"fa fa-download\"><\/i><\/a><\/td><td class=\"column-9\">                <a href=\"\/wp-content\/uploads\/sites\/77\/pdf\/monitoreo\/progs18\/RAG4\/139.pdf\" target=\"_blank\"><br \/>\n                    <i class=\"fa fa-download\"><\/i><\/a><\/td>\n<\/tr>\n<tr class=\"row-36\">\n\t<td class=\"column-1\">140<\/td><td class=\"column-2\">EFICIENCIA EN LA CAPTACI\u00d3N Y ADMINISTRACI\u00d3N DE INGRESOS<\/td><td class=\"column-3\">                <a href=\"\/wp-content\/uploads\/sites\/77\/pdf\/monitoreo\/progs18\/mir\/140.pdf\" target=\"_blank\"><br \/>\n                    <i class=\"fa fa-download\"><\/i><\/a><\/td><td class=\"column-4\">                <a href=\"\/wp-content\/uploads\/sites\/77\/pdf\/monitoreo\/progs18\/fin\/140.pdf\" target=\"_blank\"><br \/>\n                    <i class=\"fa fa-download\"><\/i><\/a><\/td><td class=\"column-5\">                <a href=\"\/wp-content\/uploads\/sites\/77\/pdf\/monitoreo\/progs18\/proposito\/140.pdf\" target=\"_blank\"><br \/>\n                    <i class=\"fa fa-download\"><\/i><\/a><\/td><td class=\"column-6\">                <a href=\"\/wp-content\/uploads\/sites\/77\/pdf\/monitoreo\/progs18\/RAG1\/140.pdf\" target=\"_blank\"><br \/>\n                    <i class=\"fa fa-download\"><\/i><\/a><\/td><td class=\"column-7\">                <a href=\"\/wp-content\/uploads\/sites\/77\/pdf\/monitoreo\/progs18\/RAG2\/140.pdf\" target=\"_blank\"><br \/>\n                    <i class=\"fa fa-download\"><\/i><\/a><\/td><td class=\"column-8\">                <a href=\"\/wp-content\/uploads\/sites\/77\/pdf\/monitoreo\/progs18\/RAG3\/140.pdf\" target=\"_blank\"><br \/>\n                    <i class=\"fa fa-download\"><\/i><\/a><\/td><td class=\"column-9\">                <a href=\"\/wp-content\/uploads\/sites\/77\/pdf\/monitoreo\/progs18\/RAG4\/140.pdf\" target=\"_blank\"><br \/>\n                    <i class=\"fa fa-download\"><\/i><\/a><\/td>\n<\/tr>\n<tr class=\"row-37\">\n\t<td class=\"column-1\">142<\/td><td class=\"column-2\">FORTALECIMIENTO LEGISLATIVO DEL ESTADO<\/td><td class=\"column-3\">                <a href=\"\/wp-content\/uploads\/sites\/77\/pdf\/monitoreo\/progs18\/mir\/142.pdf\" target=\"_blank\"><br \/>\n                    <i class=\"fa fa-download\"><\/i><\/a><\/td><td class=\"column-4\">                <a href=\"\/wp-content\/uploads\/sites\/77\/pdf\/monitoreo\/progs18\/fin\/142.pdf\" target=\"_blank\"><br \/>\n                    <i class=\"fa fa-download\"><\/i><\/a><\/td><td class=\"column-5\">                <a href=\"\/wp-content\/uploads\/sites\/77\/pdf\/monitoreo\/progs18\/proposito\/142.pdf\" target=\"_blank\"><br \/>\n                    <i class=\"fa fa-download\"><\/i><\/a><\/td><td class=\"column-6\">                <a href=\"\/wp-content\/uploads\/sites\/77\/pdf\/monitoreo\/progs18\/RAG1\/142.pdf\" target=\"_blank\"><br \/>\n                    <i class=\"fa fa-download\"><\/i><\/a><\/td><td class=\"column-7\">                <a href=\"\/wp-content\/uploads\/sites\/77\/pdf\/monitoreo\/progs18\/RAG2\/142.pdf\" target=\"_blank\"><br \/>\n                    <i class=\"fa fa-download\"><\/i><\/a><\/td><td class=\"column-8\">                <a href=\"\/wp-content\/uploads\/sites\/77\/pdf\/monitoreo\/progs18\/RAG3\/142.pdf\" target=\"_blank\"><br \/>\n                    <i class=\"fa fa-download\"><\/i><\/a><\/td><td class=\"column-9\">                <a href=\"\/wp-content\/uploads\/sites\/77\/pdf\/monitoreo\/progs18\/RAG4\/142.pdf\" target=\"_blank\"><br \/>\n                    <i class=\"fa fa-download\"><\/i><\/a><\/td>\n<\/tr>\n<tr class=\"row-38\">\n\t<td class=\"column-1\">143<\/td><td class=\"column-2\">SEGURIDAD Y BIENESTAR SOCIAL PARA LOS TRABAJADORES, JUBILADOS, PENSIONADOS, PENSIONISTAS E INTEGRANTES DE LAS INSTITUCIONES POLICIALES DEL GOBIERNO DEL ESTADO<\/td><td class=\"column-3\">                <a href=\"\/wp-content\/uploads\/sites\/77\/pdf\/monitoreo\/progs18\/mir\/143.pdf\" target=\"_blank\"><br \/>\n                    <i class=\"fa fa-download\"><\/i><\/a><\/td><td class=\"column-4\">                <a href=\"\/wp-content\/uploads\/sites\/77\/pdf\/monitoreo\/progs18\/fin\/143.pdf\" target=\"_blank\"><br \/>\n                    <i class=\"fa fa-download\"><\/i><\/a><\/td><td class=\"column-5\">                <a href=\"\/wp-content\/uploads\/sites\/77\/pdf\/monitoreo\/progs18\/proposito\/143.pdf\" target=\"_blank\"><br \/>\n                    <i class=\"fa fa-download\"><\/i><\/a><\/td><td class=\"column-6\">                <a href=\"\/wp-content\/uploads\/sites\/77\/pdf\/monitoreo\/progs18\/RAG1\/143.pdf\" target=\"_blank\"><br \/>\n                    <i class=\"fa fa-download\"><\/i><\/a><\/td><td class=\"column-7\">                <a href=\"\/wp-content\/uploads\/sites\/77\/pdf\/monitoreo\/progs18\/RAG2\/143.pdf\" target=\"_blank\"><br \/>\n                    <i class=\"fa fa-download\"><\/i><\/a><\/td><td class=\"column-8\">                <a href=\"\/wp-content\/uploads\/sites\/77\/pdf\/monitoreo\/progs18\/RAG3\/143.pdf\" target=\"_blank\"><br \/>\n                    <i class=\"fa fa-download\"><\/i><\/a><\/td><td class=\"column-9\">                <a href=\"\/wp-content\/uploads\/sites\/77\/pdf\/monitoreo\/progs18\/RAG4\/143.pdf\" target=\"_blank\"><br \/>\n                    <i class=\"fa fa-download\"><\/i><\/a><\/td>\n<\/tr>\n<tr class=\"row-39\">\n\t<td class=\"column-1\">145<\/td><td class=\"column-2\">DESARROLLO INTEGRAL DE LOS PUEBLOS Y COMUNIDADES IND\u00cdGENAS Y AFROMEXICANAS<\/td><td class=\"column-3\">                <a href=\"\/wp-content\/uploads\/sites\/77\/pdf\/monitoreo\/progs18\/mir\/145.pdf\" target=\"_blank\"><br \/>\n                    <i class=\"fa fa-download\"><\/i><\/a><\/td><td class=\"column-4\">                <a href=\"\/wp-content\/uploads\/sites\/77\/pdf\/monitoreo\/progs18\/fin\/145.pdf\" target=\"_blank\"><br \/>\n                    <i class=\"fa fa-download\"><\/i><\/a><\/td><td class=\"column-5\">                <a href=\"\/wp-content\/uploads\/sites\/77\/pdf\/monitoreo\/progs18\/proposito\/145.pdf\" target=\"_blank\"><br \/>\n                    <i class=\"fa fa-download\"><\/i><\/a><\/td><td class=\"column-6\">                <a href=\"\/wp-content\/uploads\/sites\/77\/pdf\/monitoreo\/progs18\/RAG1\/145.pdf\" target=\"_blank\"><br \/>\n                    <i class=\"fa fa-download\"><\/i><\/a><\/td><td class=\"column-7\">                <a href=\"\/wp-content\/uploads\/sites\/77\/pdf\/monitoreo\/progs18\/RAG2\/145.pdf\" target=\"_blank\"><br \/>\n                    <i class=\"fa fa-download\"><\/i><\/a><\/td><td class=\"column-8\">                <a href=\"\/wp-content\/uploads\/sites\/77\/pdf\/monitoreo\/progs18\/RAG3\/145.pdf\" target=\"_blank\"><br \/>\n                    <i class=\"fa fa-download\"><\/i><\/a><\/td><td class=\"column-9\">                <a href=\"\/wp-content\/uploads\/sites\/77\/pdf\/monitoreo\/progs18\/RAG4\/145.pdf\" target=\"_blank\"><br \/>\n                    <i class=\"fa fa-download\"><\/i><\/a><\/td>\n<\/tr>\n<tr class=\"row-40\">\n\t<td class=\"column-1\">146<\/td><td class=\"column-2\">AMPLIACI\u00d3N Y MEJORAMIENTO DE LA COBERTURA DE AGUA POTABLE<\/td><td class=\"column-3\">                <a href=\"\/wp-content\/uploads\/sites\/77\/pdf\/monitoreo\/progs18\/mir\/146.pdf\" target=\"_blank\"><br \/>\n                    <i class=\"fa fa-download\"><\/i><\/a><\/td><td class=\"column-4\">                <a href=\"\/wp-content\/uploads\/sites\/77\/pdf\/monitoreo\/progs18\/fin\/146.pdf\" target=\"_blank\"><br \/>\n                    <i class=\"fa fa-download\"><\/i><\/a><\/td><td class=\"column-5\">                <a href=\"\/wp-content\/uploads\/sites\/77\/pdf\/monitoreo\/progs18\/proposito\/146.pdf\" target=\"_blank\"><br \/>\n                    <i class=\"fa fa-download\"><\/i><\/a><\/td><td class=\"column-6\">                <a href=\"\/wp-content\/uploads\/sites\/77\/pdf\/monitoreo\/progs18\/RAG1\/146.pdf\" target=\"_blank\"><br \/>\n                    <i class=\"fa fa-download\"><\/i><\/a><\/td><td class=\"column-7\">                <a href=\"\/wp-content\/uploads\/sites\/77\/pdf\/monitoreo\/progs18\/RAG2\/146.pdf\" target=\"_blank\"><br \/>\n                    <i class=\"fa fa-download\"><\/i><\/a><\/td><td class=\"column-8\">                <a href=\"\/wp-content\/uploads\/sites\/77\/pdf\/monitoreo\/progs18\/RAG3\/146.pdf\" target=\"_blank\"><br \/>\n                    <i class=\"fa fa-download\"><\/i><\/a><\/td><td class=\"column-9\">                <a href=\"\/wp-content\/uploads\/sites\/77\/pdf\/monitoreo\/progs18\/RAG4\/146.pdf\" target=\"_blank\"><br \/>\n                    <i class=\"fa fa-download\"><\/i><\/a><\/td>\n<\/tr>\n<tr class=\"row-41\">\n\t<td class=\"column-1\">147<\/td><td class=\"column-2\">PROMOCI\u00d3N, FOMENTO Y DIFUSI\u00d3N DE LAS DIVERSIDADES CULTURALES Y BIOCULTURALES<\/td><td class=\"column-3\">                <a href=\"\/wp-content\/uploads\/sites\/77\/pdf\/monitoreo\/progs18\/mir\/147.pdf\" target=\"_blank\"><br \/>\n                    <i class=\"fa fa-download\"><\/i><\/a><\/td><td class=\"column-4\">                <a href=\"\/wp-content\/uploads\/sites\/77\/pdf\/monitoreo\/progs18\/fin\/147.pdf\" target=\"_blank\"><br \/>\n                    <i class=\"fa fa-download\"><\/i><\/a><\/td><td class=\"column-5\">                <a href=\"\/wp-content\/uploads\/sites\/77\/pdf\/monitoreo\/progs18\/proposito\/147.pdf\" target=\"_blank\"><br \/>\n                    <i class=\"fa fa-download\"><\/i><\/a><\/td><td class=\"column-6\">                <a href=\"\/wp-content\/uploads\/sites\/77\/pdf\/monitoreo\/progs18\/RAG1\/147.pdf\" target=\"_blank\"><br \/>\n                    <i class=\"fa fa-download\"><\/i><\/a><\/td><td class=\"column-7\">                <a href=\"\/wp-content\/uploads\/sites\/77\/pdf\/monitoreo\/progs18\/RAG2\/147.pdf\" target=\"_blank\"><br \/>\n                    <i class=\"fa fa-download\"><\/i><\/a><\/td><td class=\"column-8\">                <a href=\"\/wp-content\/uploads\/sites\/77\/pdf\/monitoreo\/progs18\/RAG3\/147.pdf\" target=\"_blank\"><br \/>\n                    <i class=\"fa fa-download\"><\/i><\/a><\/td><td class=\"column-9\">                <a href=\"\/wp-content\/uploads\/sites\/77\/pdf\/monitoreo\/progs18\/RAG4\/147.pdf\" target=\"_blank\"><br \/>\n                    <i class=\"fa fa-download\"><\/i><\/a><\/td>\n<\/tr>\n<tr class=\"row-42\">\n\t<td class=\"column-1\">148<\/td><td class=\"column-2\">EFICIENCIA DEL GASTO P\u00daBLICO PARA RESULTADOS<\/td><td class=\"column-3\">                <a href=\"\/wp-content\/uploads\/sites\/77\/pdf\/monitoreo\/progs18\/mir\/148.pdf\" target=\"_blank\"><br \/>\n                    <i class=\"fa fa-download\"><\/i><\/a><\/td><td class=\"column-4\">                <a href=\"\/wp-content\/uploads\/sites\/77\/pdf\/monitoreo\/progs18\/fin\/148.pdf\" target=\"_blank\"><br \/>\n                    <i class=\"fa fa-download\"><\/i><\/a><\/td><td class=\"column-5\">                <a href=\"\/wp-content\/uploads\/sites\/77\/pdf\/monitoreo\/progs18\/proposito\/148.pdf\" target=\"_blank\"><br \/>\n                    <i class=\"fa fa-download\"><\/i><\/a><\/td><td class=\"column-6\">                <a href=\"\/wp-content\/uploads\/sites\/77\/pdf\/monitoreo\/progs18\/RAG1\/148.pdf\" target=\"_blank\"><br \/>\n                    <i class=\"fa fa-download\"><\/i><\/a><\/td><td class=\"column-7\">                <a href=\"\/wp-content\/uploads\/sites\/77\/pdf\/monitoreo\/progs18\/RAG2\/148.pdf\" target=\"_blank\"><br \/>\n                    <i class=\"fa fa-download\"><\/i><\/a><\/td><td class=\"column-8\">                <a href=\"\/wp-content\/uploads\/sites\/77\/pdf\/monitoreo\/progs18\/RAG3\/148.pdf\" target=\"_blank\"><br \/>\n                    <i class=\"fa fa-download\"><\/i><\/a><\/td><td class=\"column-9\">                <a href=\"\/wp-content\/uploads\/sites\/77\/pdf\/monitoreo\/progs18\/RAG4\/148.pdf\" target=\"_blank\"><br \/>\n                    <i class=\"fa fa-download\"><\/i><\/a><\/td>\n<\/tr>\n<tr class=\"row-43\">\n\t<td class=\"column-1\">150<\/td><td class=\"column-2\">PRODUCCI\u00d3N Y PRODUCTIVIDAD FORESTAL SUSTENTABLE<\/td><td class=\"column-3\">                <a href=\"\/wp-content\/uploads\/sites\/77\/pdf\/monitoreo\/progs18\/mir\/150.pdf\" target=\"_blank\"><br \/>\n                    <i class=\"fa fa-download\"><\/i><\/a><\/td><td class=\"column-4\">                <a href=\"\/wp-content\/uploads\/sites\/77\/pdf\/monitoreo\/progs18\/fin\/150.pdf\" target=\"_blank\"><br \/>\n                    <i class=\"fa fa-download\"><\/i><\/a><\/td><td class=\"column-5\">                <a href=\"\/wp-content\/uploads\/sites\/77\/pdf\/monitoreo\/progs18\/proposito\/150.pdf\" target=\"_blank\"><br \/>\n                    <i class=\"fa fa-download\"><\/i><\/a><\/td><td class=\"column-6\">                <a href=\"\/wp-content\/uploads\/sites\/77\/pdf\/monitoreo\/progs18\/RAG1\/150.pdf\" target=\"_blank\"><br \/>\n                    <i class=\"fa fa-download\"><\/i><\/a><\/td><td class=\"column-7\">                <a href=\"\/wp-content\/uploads\/sites\/77\/pdf\/monitoreo\/progs18\/RAG2\/150.pdf\" target=\"_blank\"><br \/>\n                    <i class=\"fa fa-download\"><\/i><\/a><\/td><td class=\"column-8\">                <a href=\"\/wp-content\/uploads\/sites\/77\/pdf\/monitoreo\/progs18\/RAG3\/150.pdf\" target=\"_blank\"><br \/>\n                    <i class=\"fa fa-download\"><\/i><\/a><\/td><td class=\"column-9\">                <a href=\"\/wp-content\/uploads\/sites\/77\/pdf\/monitoreo\/progs18\/RAG4\/150.pdf\" target=\"_blank\"><br \/>\n                    <i class=\"fa fa-download\"><\/i><\/a><\/td>\n<\/tr>\n<tr class=\"row-44\">\n\t<td class=\"column-1\">151<\/td><td class=\"column-2\">GESTI\u00d3N INTEGRAL DE RIESGOS<\/td><td class=\"column-3\">                <a href=\"\/wp-content\/uploads\/sites\/77\/pdf\/monitoreo\/progs18\/mir\/151.pdf\" target=\"_blank\"><br \/>\n                    <i class=\"fa fa-download\"><\/i><\/a><\/td><td class=\"column-4\">                <a href=\"\/wp-content\/uploads\/sites\/77\/pdf\/monitoreo\/progs18\/fin\/151.pdf\" target=\"_blank\"><br \/>\n                    <i class=\"fa fa-download\"><\/i><\/a><\/td><td class=\"column-5\">                <a href=\"\/wp-content\/uploads\/sites\/77\/pdf\/monitoreo\/progs18\/proposito\/151.pdf\" target=\"_blank\"><br \/>\n                    <i class=\"fa fa-download\"><\/i><\/a><\/td><td class=\"column-6\">                <a href=\"\/wp-content\/uploads\/sites\/77\/pdf\/monitoreo\/progs18\/RAG1\/151.pdf\" target=\"_blank\"><br \/>\n                    <i class=\"fa fa-download\"><\/i><\/a><\/td><td class=\"column-7\">                <a href=\"\/wp-content\/uploads\/sites\/77\/pdf\/monitoreo\/progs18\/RAG2\/151.pdf\" target=\"_blank\"><br \/>\n                    <i class=\"fa fa-download\"><\/i><\/a><\/td><td class=\"column-8\">                <a href=\"\/wp-content\/uploads\/sites\/77\/pdf\/monitoreo\/progs18\/RAG3\/151.pdf\" target=\"_blank\"><br \/>\n                    <i class=\"fa fa-download\"><\/i><\/a><\/td><td class=\"column-9\">                <a href=\"\/wp-content\/uploads\/sites\/77\/pdf\/monitoreo\/progs18\/RAG4\/151.pdf\" target=\"_blank\"><br \/>\n                    <i class=\"fa fa-download\"><\/i><\/a><\/td>\n<\/tr>\n<tr class=\"row-45\">\n\t<td class=\"column-1\">152<\/td><td class=\"column-2\">PROMOCI\u00d3N Y FOMENTO DE LAS POL\u00cdTICAS P\u00daBLICAS IGUALITARIAS PARA MUJERES Y HOMBRES<\/td><td class=\"column-3\">                <a href=\"\/wp-content\/uploads\/sites\/77\/pdf\/monitoreo\/progs18\/mir\/152.pdf\" target=\"_blank\"><br \/>\n                    <i class=\"fa fa-download\"><\/i><\/a><\/td><td class=\"column-4\">                <a href=\"\/wp-content\/uploads\/sites\/77\/pdf\/monitoreo\/progs18\/fin\/152.pdf\" target=\"_blank\"><br \/>\n                    <i class=\"fa fa-download\"><\/i><\/a><\/td><td class=\"column-5\">                <a href=\"\/wp-content\/uploads\/sites\/77\/pdf\/monitoreo\/progs18\/proposito\/152.pdf\" target=\"_blank\"><br \/>\n                    <i class=\"fa fa-download\"><\/i><\/a><\/td><td class=\"column-6\">                <a href=\"\/wp-content\/uploads\/sites\/77\/pdf\/monitoreo\/progs18\/RAG1\/152.pdf\" target=\"_blank\"><br \/>\n                    <i class=\"fa fa-download\"><\/i><\/a><\/td><td class=\"column-7\">                <a href=\"\/wp-content\/uploads\/sites\/77\/pdf\/monitoreo\/progs18\/RAG2\/152.pdf\" target=\"_blank\"><br \/>\n                    <i class=\"fa fa-download\"><\/i><\/a><\/td><td class=\"column-8\">                <a href=\"\/wp-content\/uploads\/sites\/77\/pdf\/monitoreo\/progs18\/RAG3\/152.pdf\" target=\"_blank\"><br \/>\n                    <i class=\"fa fa-download\"><\/i><\/a><\/td><td class=\"column-9\">                <a href=\"\/wp-content\/uploads\/sites\/77\/pdf\/monitoreo\/progs18\/RAG4\/152.pdf\" target=\"_blank\"><br \/>\n                    <i class=\"fa fa-download\"><\/i><\/a><\/td>\n<\/tr>\n<tr class=\"row-46\">\n\t<td class=\"column-1\">153<\/td><td class=\"column-2\">AMPLIACI\u00d3N Y MEJORA DE LA COBERTURA DE SANEAMIENTO B\u00c1SICO<\/td><td class=\"column-3\">                <a href=\"\/wp-content\/uploads\/sites\/77\/pdf\/monitoreo\/progs18\/mir\/153.pdf\" target=\"_blank\"><br \/>\n                    <i class=\"fa fa-download\"><\/i><\/a><\/td><td class=\"column-4\">                <a href=\"\/wp-content\/uploads\/sites\/77\/pdf\/monitoreo\/progs18\/fin\/153.pdf\" target=\"_blank\"><br \/>\n                    <i class=\"fa fa-download\"><\/i><\/a><\/td><td class=\"column-5\">                <a href=\"\/wp-content\/uploads\/sites\/77\/pdf\/monitoreo\/progs18\/proposito\/153.pdf\" target=\"_blank\"><br \/>\n                    <i class=\"fa fa-download\"><\/i><\/a><\/td><td class=\"column-6\">                <a href=\"\/wp-content\/uploads\/sites\/77\/pdf\/monitoreo\/progs18\/RAG1\/153.pdf\" target=\"_blank\"><br \/>\n                    <i class=\"fa fa-download\"><\/i><\/a><\/td><td class=\"column-7\">                <a href=\"\/wp-content\/uploads\/sites\/77\/pdf\/monitoreo\/progs18\/RAG2\/153.pdf\" target=\"_blank\"><br \/>\n                    <i class=\"fa fa-download\"><\/i><\/a><\/td><td class=\"column-8\">                <a href=\"\/wp-content\/uploads\/sites\/77\/pdf\/monitoreo\/progs18\/RAG3\/153.pdf\" target=\"_blank\"><br \/>\n                    <i class=\"fa fa-download\"><\/i><\/a><\/td><td class=\"column-9\">                <a href=\"\/wp-content\/uploads\/sites\/77\/pdf\/monitoreo\/progs18\/RAG4\/153.pdf\" target=\"_blank\"><br \/>\n                    <i class=\"fa fa-download\"><\/i><\/a><\/td>\n<\/tr>\n<tr class=\"row-47\">\n\t<td class=\"column-1\">155<\/td><td class=\"column-2\">ATENCI\u00d3N INTEGRAL DE LOS DERECHOS HUMANOS<\/td><td class=\"column-3\">                <a href=\"\/wp-content\/uploads\/sites\/77\/pdf\/monitoreo\/progs18\/mir\/155.pdf\" target=\"_blank\"><br \/>\n                    <i class=\"fa fa-download\"><\/i><\/a><\/td><td class=\"column-4\">                <a href=\"\/wp-content\/uploads\/sites\/77\/pdf\/monitoreo\/progs18\/fin\/155.pdf\" target=\"_blank\"><br \/>\n                    <i class=\"fa fa-download\"><\/i><\/a><\/td><td class=\"column-5\">                <a href=\"\/wp-content\/uploads\/sites\/77\/pdf\/monitoreo\/progs18\/proposito\/155.pdf\" target=\"_blank\"><br \/>\n                    <i class=\"fa fa-download\"><\/i><\/a><\/td><td class=\"column-6\">                <a href=\"\/wp-content\/uploads\/sites\/77\/pdf\/monitoreo\/progs18\/RAG1\/155.pdf\" target=\"_blank\"><br \/>\n                    <i class=\"fa fa-download\"><\/i><\/a><\/td><td class=\"column-7\">                <a href=\"\/wp-content\/uploads\/sites\/77\/pdf\/monitoreo\/progs18\/RAG2\/155.pdf\" target=\"_blank\"><br \/>\n                    <i class=\"fa fa-download\"><\/i><\/a><\/td><td class=\"column-8\">                <a href=\"\/wp-content\/uploads\/sites\/77\/pdf\/monitoreo\/progs18\/RAG3\/155.pdf\" target=\"_blank\"><br \/>\n                    <i class=\"fa fa-download\"><\/i><\/a><\/td><td class=\"column-9\">                <a href=\"\/wp-content\/uploads\/sites\/77\/pdf\/monitoreo\/progs18\/RAG4\/155.pdf\" target=\"_blank\"><br \/>\n                    <i class=\"fa fa-download\"><\/i><\/a><\/td>\n<\/tr>\n<tr class=\"row-48\">\n\t<td class=\"column-1\">156<\/td><td class=\"column-2\">VINCULACI\u00d3N DE LAS INSTITUCIONES DE EDUCACI\u00d3N SUPERIOR CON EL SECTOR PRODUCTIVO Y SOCIAL<\/td><td class=\"column-3\">                <a href=\"\/wp-content\/uploads\/sites\/77\/pdf\/monitoreo\/progs18\/mir\/156.pdf\" target=\"_blank\"><br \/>\n                    <i class=\"fa fa-download\"><\/i><\/a><\/td><td class=\"column-4\">                <a href=\"\/wp-content\/uploads\/sites\/77\/pdf\/monitoreo\/progs18\/fin\/156.pdf\" target=\"_blank\"><br \/>\n                    <i class=\"fa fa-download\"><\/i><\/a><\/td><td class=\"column-5\">                <a href=\"\/wp-content\/uploads\/sites\/77\/pdf\/monitoreo\/progs18\/proposito\/156.pdf\" target=\"_blank\"><br \/>\n                    <i class=\"fa fa-download\"><\/i><\/a><\/td><td class=\"column-6\">                <a href=\"\/wp-content\/uploads\/sites\/77\/pdf\/monitoreo\/progs18\/RAG1\/156.pdf\" target=\"_blank\"><br \/>\n                    <i class=\"fa fa-download\"><\/i><\/a><\/td><td class=\"column-7\">                <a href=\"\/wp-content\/uploads\/sites\/77\/pdf\/monitoreo\/progs18\/RAG2\/156.pdf\" target=\"_blank\"><br \/>\n                    <i class=\"fa fa-download\"><\/i><\/a><\/td><td class=\"column-8\">                <a href=\"\/wp-content\/uploads\/sites\/77\/pdf\/monitoreo\/progs18\/RAG3\/156.pdf\" target=\"_blank\"><br \/>\n                    <i class=\"fa fa-download\"><\/i><\/a><\/td><td class=\"column-9\">                <a href=\"\/wp-content\/uploads\/sites\/77\/pdf\/monitoreo\/progs18\/RAG4\/156.pdf\" target=\"_blank\"><br \/>\n                    <i class=\"fa fa-download\"><\/i><\/a><\/td>\n<\/tr>\n<tr class=\"row-49\">\n\t<td class=\"column-1\">157<\/td><td class=\"column-2\">DERECHOS DE LOS PUEBLOS Y COMUNIDADES IND\u00cdGENAS Y AFROMEXICANAS<\/td><td class=\"column-3\">                <a href=\"\/wp-content\/uploads\/sites\/77\/pdf\/monitoreo\/progs18\/mir\/157.pdf\" target=\"_blank\"><br \/>\n                    <i class=\"fa fa-download\"><\/i><\/a><\/td><td class=\"column-4\">                <a href=\"\/wp-content\/uploads\/sites\/77\/pdf\/monitoreo\/progs18\/fin\/157.pdf\" target=\"_blank\"><br \/>\n                    <i class=\"fa fa-download\"><\/i><\/a><\/td><td class=\"column-5\">                <a href=\"\/wp-content\/uploads\/sites\/77\/pdf\/monitoreo\/progs18\/proposito\/157.pdf\" target=\"_blank\"><br \/>\n                    <i class=\"fa fa-download\"><\/i><\/a><\/td><td class=\"column-6\">                <a href=\"\/wp-content\/uploads\/sites\/77\/pdf\/monitoreo\/progs18\/RAG1\/157.pdf\" target=\"_blank\"><br \/>\n                    <i class=\"fa fa-download\"><\/i><\/a><\/td><td class=\"column-7\">                <a href=\"\/wp-content\/uploads\/sites\/77\/pdf\/monitoreo\/progs18\/RAG2\/157.pdf\" target=\"_blank\"><br \/>\n                    <i class=\"fa fa-download\"><\/i><\/a><\/td><td class=\"column-8\">                <a href=\"\/wp-content\/uploads\/sites\/77\/pdf\/monitoreo\/progs18\/RAG3\/157.pdf\" target=\"_blank\"><br \/>\n                    <i class=\"fa fa-download\"><\/i><\/a><\/td><td class=\"column-9\">                <a href=\"\/wp-content\/uploads\/sites\/77\/pdf\/monitoreo\/progs18\/RAG4\/157.pdf\" target=\"_blank\"><br \/>\n                    <i class=\"fa fa-download\"><\/i><\/a><\/td>\n<\/tr>\n<tr class=\"row-50\">\n\t<td class=\"column-1\">158<\/td><td class=\"column-2\">DERECHOS DE NI\u00d1AS, NI\u00d1OS Y ADOLESCENTES<\/td><td class=\"column-3\">                <a href=\"\/wp-content\/uploads\/sites\/77\/pdf\/monitoreo\/progs18\/mir\/158.pdf\" target=\"_blank\"><br \/>\n                    <i class=\"fa fa-download\"><\/i><\/a><\/td><td class=\"column-4\">                <a href=\"\/wp-content\/uploads\/sites\/77\/pdf\/monitoreo\/progs18\/fin\/158.pdf\" target=\"_blank\"><br \/>\n                    <i class=\"fa fa-download\"><\/i><\/a><\/td><td class=\"column-5\">                <a href=\"\/wp-content\/uploads\/sites\/77\/pdf\/monitoreo\/progs18\/proposito\/158.pdf\" target=\"_blank\"><br \/>\n                    <i class=\"fa fa-download\"><\/i><\/a><\/td><td class=\"column-6\">                <a href=\"\/wp-content\/uploads\/sites\/77\/pdf\/monitoreo\/progs18\/RAG1\/158.pdf\" target=\"_blank\"><br \/>\n                    <i class=\"fa fa-download\"><\/i><\/a><\/td><td class=\"column-7\">                <a href=\"\/wp-content\/uploads\/sites\/77\/pdf\/monitoreo\/progs18\/RAG2\/158.pdf\" target=\"_blank\"><br \/>\n                    <i class=\"fa fa-download\"><\/i><\/a><\/td><td class=\"column-8\">                <a href=\"\/wp-content\/uploads\/sites\/77\/pdf\/monitoreo\/progs18\/RAG3\/158.pdf\" target=\"_blank\"><br \/>\n                    <i class=\"fa fa-download\"><\/i><\/a><\/td><td class=\"column-9\">                <a href=\"\/wp-content\/uploads\/sites\/77\/pdf\/monitoreo\/progs18\/RAG4\/158.pdf\" target=\"_blank\"><br \/>\n                    <i class=\"fa fa-download\"><\/i><\/a><\/td>\n<\/tr>\n<tr class=\"row-51\">\n\t<td class=\"column-1\">159<\/td><td class=\"column-2\">ATENCI\u00d3N M\u00c9DICA<\/td><td class=\"column-3\">                <a href=\"\/wp-content\/uploads\/sites\/77\/pdf\/monitoreo\/progs18\/mir\/159.pdf\" target=\"_blank\"><br \/>\n                    <i class=\"fa fa-download\"><\/i><\/a><\/td><td class=\"column-4\">                <a href=\"\/wp-content\/uploads\/sites\/77\/pdf\/monitoreo\/progs18\/fin\/159.pdf\" target=\"_blank\"><br \/>\n                    <i class=\"fa fa-download\"><\/i><\/a><\/td><td class=\"column-5\">                <a href=\"\/wp-content\/uploads\/sites\/77\/pdf\/monitoreo\/progs18\/proposito\/159.pdf\" target=\"_blank\"><br \/>\n                    <i class=\"fa fa-download\"><\/i><\/a><\/td><td class=\"column-6\">                <a href=\"\/wp-content\/uploads\/sites\/77\/pdf\/monitoreo\/progs18\/RAG1\/159.pdf\" target=\"_blank\"><br \/>\n                    <i class=\"fa fa-download\"><\/i><\/a><\/td><td class=\"column-7\">                <a href=\"\/wp-content\/uploads\/sites\/77\/pdf\/monitoreo\/progs18\/RAG2\/159.pdf\" target=\"_blank\"><br \/>\n                    <i class=\"fa fa-download\"><\/i><\/a><\/td><td class=\"column-8\">                <a href=\"\/wp-content\/uploads\/sites\/77\/pdf\/monitoreo\/progs18\/RAG3\/159.pdf\" target=\"_blank\"><br \/>\n                    <i class=\"fa fa-download\"><\/i><\/a><\/td><td class=\"column-9\">                <a href=\"\/wp-content\/uploads\/sites\/77\/pdf\/monitoreo\/progs18\/RAG4\/159.pdf\" target=\"_blank\"><br \/>\n                    <i class=\"fa fa-download\"><\/i><\/a><\/td>\n<\/tr>\n<tr class=\"row-52\">\n\t<td class=\"column-1\">160<\/td><td class=\"column-2\">CONSERVACI\u00d3N DE ECOSISTEMAS Y PREVENCI\u00d3N DEL DETERIORO AMBIENTAL<\/td><td class=\"column-3\">                <a href=\"\/wp-content\/uploads\/sites\/77\/pdf\/monitoreo\/progs18\/mir\/160.pdf\" target=\"_blank\"><br \/>\n                    <i class=\"fa fa-download\"><\/i><\/a><\/td><td class=\"column-4\">                <a href=\"\/wp-content\/uploads\/sites\/77\/pdf\/monitoreo\/progs18\/fin\/160.pdf\" target=\"_blank\"><br \/>\n                    <i class=\"fa fa-download\"><\/i><\/a><\/td><td class=\"column-5\">                <a href=\"\/wp-content\/uploads\/sites\/77\/pdf\/monitoreo\/progs18\/proposito\/160.pdf\" target=\"_blank\"><br \/>\n                    <i class=\"fa fa-download\"><\/i><\/a><\/td><td class=\"column-6\">                <a href=\"\/wp-content\/uploads\/sites\/77\/pdf\/monitoreo\/progs18\/RAG1\/160.pdf\" target=\"_blank\"><br \/>\n                    <i class=\"fa fa-download\"><\/i><\/a><\/td><td class=\"column-7\">                <a href=\"\/wp-content\/uploads\/sites\/77\/pdf\/monitoreo\/progs18\/RAG2\/160.pdf\" target=\"_blank\"><br \/>\n                    <i class=\"fa fa-download\"><\/i><\/a><\/td><td class=\"column-8\">                <a href=\"\/wp-content\/uploads\/sites\/77\/pdf\/monitoreo\/progs18\/RAG3\/160.pdf\" target=\"_blank\"><br \/>\n                    <i class=\"fa fa-download\"><\/i><\/a><\/td><td class=\"column-9\">                <a href=\"\/wp-content\/uploads\/sites\/77\/pdf\/monitoreo\/progs18\/RAG4\/160.pdf\" target=\"_blank\"><br \/>\n                    <i class=\"fa fa-download\"><\/i><\/a><\/td>\n<\/tr>\n<tr class=\"row-53\">\n\t<td class=\"column-1\">161<\/td><td class=\"column-2\">FORTALECIMIENTO EMPRESARIAL<\/td><td class=\"column-3\">                <a href=\"\/wp-content\/uploads\/sites\/77\/pdf\/monitoreo\/progs18\/mir\/161.pdf\" target=\"_blank\"><br \/>\n                    <i class=\"fa fa-download\"><\/i><\/a><\/td><td class=\"column-4\">                <a href=\"\/wp-content\/uploads\/sites\/77\/pdf\/monitoreo\/progs18\/fin\/161.pdf\" target=\"_blank\"><br \/>\n                    <i class=\"fa fa-download\"><\/i><\/a><\/td><td class=\"column-5\">                <a href=\"\/wp-content\/uploads\/sites\/77\/pdf\/monitoreo\/progs18\/proposito\/161.pdf\" target=\"_blank\"><br \/>\n                    <i class=\"fa fa-download\"><\/i><\/a><\/td><td class=\"column-6\">                <a href=\"\/wp-content\/uploads\/sites\/77\/pdf\/monitoreo\/progs18\/RAG1\/161.pdf\" target=\"_blank\"><br \/>\n                    <i class=\"fa fa-download\"><\/i><\/a><\/td><td class=\"column-7\">                <a href=\"\/wp-content\/uploads\/sites\/77\/pdf\/monitoreo\/progs18\/RAG2\/161.pdf\" target=\"_blank\"><br \/>\n                    <i class=\"fa fa-download\"><\/i><\/a><\/td><td class=\"column-8\">                <a href=\"\/wp-content\/uploads\/sites\/77\/pdf\/monitoreo\/progs18\/RAG3\/161.pdf\" target=\"_blank\"><br \/>\n                    <i class=\"fa fa-download\"><\/i><\/a><\/td><td class=\"column-9\">                <a href=\"\/wp-content\/uploads\/sites\/77\/pdf\/monitoreo\/progs18\/RAG4\/161.pdf\" target=\"_blank\"><br \/>\n                    <i class=\"fa fa-download\"><\/i><\/a><\/td>\n<\/tr>\n<tr class=\"row-54\">\n\t<td class=\"column-1\">162<\/td><td class=\"column-2\">PROCURACI\u00d3N GENERAL DE JUSTICIA<\/td><td class=\"column-3\">                <a href=\"\/wp-content\/uploads\/sites\/77\/pdf\/monitoreo\/progs18\/mir\/162.pdf\" target=\"_blank\"><br \/>\n                    <i class=\"fa fa-download\"><\/i><\/a><\/td><td class=\"column-4\">                <a href=\"\/wp-content\/uploads\/sites\/77\/pdf\/monitoreo\/progs18\/fin\/162.pdf\" target=\"_blank\"><br \/>\n                    <i class=\"fa fa-download\"><\/i><\/a><\/td><td class=\"column-5\">                <a href=\"\/wp-content\/uploads\/sites\/77\/pdf\/monitoreo\/progs18\/proposito\/162.pdf\" target=\"_blank\"><br \/>\n                    <i class=\"fa fa-download\"><\/i><\/a><\/td><td class=\"column-6\">                <a href=\"\/wp-content\/uploads\/sites\/77\/pdf\/monitoreo\/progs18\/RAG1\/162.pdf\" target=\"_blank\"><br \/>\n                    <i class=\"fa fa-download\"><\/i><\/a><\/td><td class=\"column-7\">                <a href=\"\/wp-content\/uploads\/sites\/77\/pdf\/monitoreo\/progs18\/RAG2\/162.pdf\" target=\"_blank\"><br \/>\n                    <i class=\"fa fa-download\"><\/i><\/a><\/td><td class=\"column-8\">                <a href=\"\/wp-content\/uploads\/sites\/77\/pdf\/monitoreo\/progs18\/RAG3\/162.pdf\" target=\"_blank\"><br \/>\n                    <i class=\"fa fa-download\"><\/i><\/a><\/td><td class=\"column-9\">                <a href=\"\/wp-content\/uploads\/sites\/77\/pdf\/monitoreo\/progs18\/RAG4\/162.pdf\" target=\"_blank\"><br \/>\n                    <i class=\"fa fa-download\"><\/i><\/a><\/td>\n<\/tr>\n<tr class=\"row-55\">\n\t<td class=\"column-1\">163<\/td><td class=\"column-2\">PARTICIPACI\u00d3N COMUNITARIA PARA EL DESARROLLO HUMANO CON ASISTENCIA ALIMENTARIA<\/td><td class=\"column-3\">                <a href=\"\/wp-content\/uploads\/sites\/77\/pdf\/monitoreo\/progs18\/mir\/163.pdf\" target=\"_blank\"><br \/>\n                    <i class=\"fa fa-download\"><\/i><\/a><\/td><td class=\"column-4\">                <a href=\"\/wp-content\/uploads\/sites\/77\/pdf\/monitoreo\/progs18\/fin\/163.pdf\" target=\"_blank\"><br \/>\n                    <i class=\"fa fa-download\"><\/i><\/a><\/td><td class=\"column-5\">                <a href=\"\/wp-content\/uploads\/sites\/77\/pdf\/monitoreo\/progs18\/proposito\/163.pdf\" target=\"_blank\"><br \/>\n                    <i class=\"fa fa-download\"><\/i><\/a><\/td><td class=\"column-6\">                <a href=\"\/wp-content\/uploads\/sites\/77\/pdf\/monitoreo\/progs18\/RAG1\/163.pdf\" target=\"_blank\"><br \/>\n                    <i class=\"fa fa-download\"><\/i><\/a><\/td><td class=\"column-7\">                <a href=\"\/wp-content\/uploads\/sites\/77\/pdf\/monitoreo\/progs18\/RAG2\/163.pdf\" target=\"_blank\"><br \/>\n                    <i class=\"fa fa-download\"><\/i><\/a><\/td><td class=\"column-8\">                <a href=\"\/wp-content\/uploads\/sites\/77\/pdf\/monitoreo\/progs18\/RAG3\/163.pdf\" target=\"_blank\"><br \/>\n                    <i class=\"fa fa-download\"><\/i><\/a><\/td><td class=\"column-9\">                <a href=\"\/wp-content\/uploads\/sites\/77\/pdf\/monitoreo\/progs18\/RAG4\/163.pdf\" target=\"_blank\"><br \/>\n                    <i class=\"fa fa-download\"><\/i><\/a><\/td>\n<\/tr>\n<tr class=\"row-56\">\n\t<td class=\"column-1\">164<\/td><td class=\"column-2\">FORTALECIMIENTO DEL SISTEMA DE SALUD<\/td><td class=\"column-3\">                <a href=\"\/wp-content\/uploads\/sites\/77\/pdf\/monitoreo\/progs18\/mir\/164.pdf\" target=\"_blank\"><br \/>\n                    <i class=\"fa fa-download\"><\/i><\/a><\/td><td class=\"column-4\">                <a href=\"\/wp-content\/uploads\/sites\/77\/pdf\/monitoreo\/progs18\/fin\/164.pdf\" target=\"_blank\"><br \/>\n                    <i class=\"fa fa-download\"><\/i><\/a><\/td><td class=\"column-5\">                <a href=\"\/wp-content\/uploads\/sites\/77\/pdf\/monitoreo\/progs18\/proposito\/164.pdf\" target=\"_blank\"><br \/>\n                    <i class=\"fa fa-download\"><\/i><\/a><\/td><td class=\"column-6\">                <a href=\"\/wp-content\/uploads\/sites\/77\/pdf\/monitoreo\/progs18\/RAG1\/164.pdf\" target=\"_blank\"><br \/>\n                    <i class=\"fa fa-download\"><\/i><\/a><\/td><td class=\"column-7\">                <a href=\"\/wp-content\/uploads\/sites\/77\/pdf\/monitoreo\/progs18\/RAG2\/164.pdf\" target=\"_blank\"><br \/>\n                    <i class=\"fa fa-download\"><\/i><\/a><\/td><td class=\"column-8\">                <a href=\"\/wp-content\/uploads\/sites\/77\/pdf\/monitoreo\/progs18\/RAG3\/164.pdf\" target=\"_blank\"><br \/>\n                    <i class=\"fa fa-download\"><\/i><\/a><\/td><td class=\"column-9\">                <a href=\"\/wp-content\/uploads\/sites\/77\/pdf\/monitoreo\/progs18\/RAG4\/164.pdf\" target=\"_blank\"><br \/>\n                    <i class=\"fa fa-download\"><\/i><\/a><\/td>\n<\/tr>\n<tr class=\"row-57\">\n\t<td class=\"column-1\">165<\/td><td class=\"column-2\">TRANSPARENCIA, RENDICI\u00d3N DE CUENTAS, ACCESO A LA INFORMACI\u00d3N P\u00daBLICA Y PROTECCI\u00d3N DE DATOS PERSONALES<\/td><td class=\"column-3\">                <a href=\"\/wp-content\/uploads\/sites\/77\/pdf\/monitoreo\/progs18\/mir\/165.pdf\" target=\"_blank\"><br \/>\n                    <i class=\"fa fa-download\"><\/i><\/a><\/td><td class=\"column-4\">                <a href=\"\/wp-content\/uploads\/sites\/77\/pdf\/monitoreo\/progs18\/fin\/165.pdf\" target=\"_blank\"><br \/>\n                    <i class=\"fa fa-download\"><\/i><\/a><\/td><td class=\"column-5\">                <a href=\"\/wp-content\/uploads\/sites\/77\/pdf\/monitoreo\/progs18\/proposito\/165.pdf\" target=\"_blank\"><br \/>\n                    <i class=\"fa fa-download\"><\/i><\/a><\/td><td class=\"column-6\">                <a href=\"\/wp-content\/uploads\/sites\/77\/pdf\/monitoreo\/progs18\/RAG1\/165.pdf\" target=\"_blank\"><br \/>\n                    <i class=\"fa fa-download\"><\/i><\/a><\/td><td class=\"column-7\">                <a href=\"\/wp-content\/uploads\/sites\/77\/pdf\/monitoreo\/progs18\/RAG2\/165.pdf\" target=\"_blank\"><br \/>\n                    <i class=\"fa fa-download\"><\/i><\/a><\/td><td class=\"column-8\">                <a href=\"\/wp-content\/uploads\/sites\/77\/pdf\/monitoreo\/progs18\/RAG3\/165.pdf\" target=\"_blank\"><br \/>\n                    <i class=\"fa fa-download\"><\/i><\/a><\/td><td class=\"column-9\">                <a href=\"\/wp-content\/uploads\/sites\/77\/pdf\/monitoreo\/progs18\/RAG4\/165.pdf\" target=\"_blank\"><br \/>\n                    <i class=\"fa fa-download\"><\/i><\/a><\/td>\n<\/tr>\n<tr class=\"row-58\">\n\t<td class=\"column-1\">166<\/td><td class=\"column-2\">DESARROLLO Y FORTALECIMIENTO DE CAPACIDADES EN LOS MUNICIPIOS<\/td><td class=\"column-3\">                <a href=\"\/wp-content\/uploads\/sites\/77\/pdf\/monitoreo\/progs18\/mir\/166.pdf\" target=\"_blank\"><br \/>\n                    <i class=\"fa fa-download\"><\/i><\/a><\/td><td class=\"column-4\">                <a href=\"\/wp-content\/uploads\/sites\/77\/pdf\/monitoreo\/progs18\/fin\/166.pdf\" target=\"_blank\"><br \/>\n                    <i class=\"fa fa-download\"><\/i><\/a><\/td><td class=\"column-5\">                <a href=\"\/wp-content\/uploads\/sites\/77\/pdf\/monitoreo\/progs18\/proposito\/166.pdf\" target=\"_blank\"><br \/>\n                    <i class=\"fa fa-download\"><\/i><\/a><\/td><td class=\"column-6\">                <a href=\"\/wp-content\/uploads\/sites\/77\/pdf\/monitoreo\/progs18\/RAG1\/166.pdf\" target=\"_blank\"><br \/>\n                    <i class=\"fa fa-download\"><\/i><\/a><\/td><td class=\"column-7\">                <a href=\"\/wp-content\/uploads\/sites\/77\/pdf\/monitoreo\/progs18\/RAG2\/166.pdf\" target=\"_blank\"><br \/>\n                    <i class=\"fa fa-download\"><\/i><\/a><\/td><td class=\"column-8\">                <a href=\"\/wp-content\/uploads\/sites\/77\/pdf\/monitoreo\/progs18\/RAG3\/166.pdf\" target=\"_blank\"><br \/>\n                    <i class=\"fa fa-download\"><\/i><\/a><\/td><td class=\"column-9\">                <a href=\"\/wp-content\/uploads\/sites\/77\/pdf\/monitoreo\/progs18\/RAG4\/166.pdf\" target=\"_blank\"><br \/>\n                    <i class=\"fa fa-download\"><\/i><\/a><\/td>\n<\/tr>\n<tr class=\"row-59\">\n\t<td class=\"column-1\">167<\/td><td class=\"column-2\">DEFENSA T\u00c9CNICA, ASESOR\u00cdA Y PATROCINIO JUR\u00cdDICO EN EL ESTADO<\/td><td class=\"column-3\">                <a href=\"\/wp-content\/uploads\/sites\/77\/pdf\/monitoreo\/progs18\/mir\/167.pdf\" target=\"_blank\"><br \/>\n                    <i class=\"fa fa-download\"><\/i><\/a><\/td><td class=\"column-4\">                <a href=\"\/wp-content\/uploads\/sites\/77\/pdf\/monitoreo\/progs18\/fin\/167.pdf\" target=\"_blank\"><br \/>\n                    <i class=\"fa fa-download\"><\/i><\/a><\/td><td class=\"column-5\">                <a href=\"\/wp-content\/uploads\/sites\/77\/pdf\/monitoreo\/progs18\/proposito\/167.pdf\" target=\"_blank\"><br \/>\n                    <i class=\"fa fa-download\"><\/i><\/a><\/td><td class=\"column-6\">                <a href=\"\/wp-content\/uploads\/sites\/77\/pdf\/monitoreo\/progs18\/RAG1\/167.pdf\" target=\"_blank\"><br \/>\n                    <i class=\"fa fa-download\"><\/i><\/a><\/td><td class=\"column-7\">                <a href=\"\/wp-content\/uploads\/sites\/77\/pdf\/monitoreo\/progs18\/RAG2\/167.pdf\" target=\"_blank\"><br \/>\n                    <i class=\"fa fa-download\"><\/i><\/a><\/td><td class=\"column-8\">                <a href=\"\/wp-content\/uploads\/sites\/77\/pdf\/monitoreo\/progs18\/RAG3\/167.pdf\" target=\"_blank\"><br \/>\n                    <i class=\"fa fa-download\"><\/i><\/a><\/td><td class=\"column-9\">                <a href=\"\/wp-content\/uploads\/sites\/77\/pdf\/monitoreo\/progs18\/RAG4\/167.pdf\" target=\"_blank\"><br \/>\n                    <i class=\"fa fa-download\"><\/i><\/a><\/td>\n<\/tr>\n<tr class=\"row-60\">\n\t<td class=\"column-1\">168<\/td><td class=\"column-2\">ATENCI\u00d3N SOCIAL A GRUPOS VULNERABLES<\/td><td class=\"column-3\">                <a href=\"\/wp-content\/uploads\/sites\/77\/pdf\/monitoreo\/progs18\/mir\/168.pdf\" target=\"_blank\"><br \/>\n                    <i class=\"fa fa-download\"><\/i><\/a><\/td><td class=\"column-4\">                <a href=\"\/wp-content\/uploads\/sites\/77\/pdf\/monitoreo\/progs18\/fin\/168.pdf\" target=\"_blank\"><br \/>\n                    <i class=\"fa fa-download\"><\/i><\/a><\/td><td class=\"column-5\">                <a href=\"\/wp-content\/uploads\/sites\/77\/pdf\/monitoreo\/progs18\/proposito\/168.pdf\" target=\"_blank\"><br \/>\n                    <i class=\"fa fa-download\"><\/i><\/a><\/td><td class=\"column-6\">                <a href=\"\/wp-content\/uploads\/sites\/77\/pdf\/monitoreo\/progs18\/RAG1\/168.pdf\" target=\"_blank\"><br \/>\n                    <i class=\"fa fa-download\"><\/i><\/a><\/td><td class=\"column-7\">                <a href=\"\/wp-content\/uploads\/sites\/77\/pdf\/monitoreo\/progs18\/RAG2\/168.pdf\" target=\"_blank\"><br \/>\n                    <i class=\"fa fa-download\"><\/i><\/a><\/td><td class=\"column-8\">                <a href=\"\/wp-content\/uploads\/sites\/77\/pdf\/monitoreo\/progs18\/RAG3\/168.pdf\" target=\"_blank\"><br \/>\n                    <i class=\"fa fa-download\"><\/i><\/a><\/td><td class=\"column-9\">                <a href=\"\/wp-content\/uploads\/sites\/77\/pdf\/monitoreo\/progs18\/RAG4\/168.pdf\" target=\"_blank\"><br \/>\n                    <i class=\"fa fa-download\"><\/i><\/a><\/td>\n<\/tr>\n<tr class=\"row-61\">\n\t<td class=\"column-1\">169<\/td><td class=\"column-2\">PREVENCI\u00d3N Y PROMOCI\u00d3N DE LA SALUD<\/td><td class=\"column-3\">                <a href=\"\/wp-content\/uploads\/sites\/77\/pdf\/monitoreo\/progs18\/mir\/169.pdf\" target=\"_blank\"><br \/>\n                    <i class=\"fa fa-download\"><\/i><\/a><\/td><td class=\"column-4\">                <a href=\"\/wp-content\/uploads\/sites\/77\/pdf\/monitoreo\/progs18\/fin\/169.pdf\" target=\"_blank\"><br \/>\n                    <i class=\"fa fa-download\"><\/i><\/a><\/td><td class=\"column-5\">                <a href=\"\/wp-content\/uploads\/sites\/77\/pdf\/monitoreo\/progs18\/proposito\/169.pdf\" target=\"_blank\"><br \/>\n                    <i class=\"fa fa-download\"><\/i><\/a><\/td><td class=\"column-6\">                <a href=\"\/wp-content\/uploads\/sites\/77\/pdf\/monitoreo\/progs18\/RAG1\/169.pdf\" target=\"_blank\"><br \/>\n                    <i class=\"fa fa-download\"><\/i><\/a><\/td><td class=\"column-7\">                <a href=\"\/wp-content\/uploads\/sites\/77\/pdf\/monitoreo\/progs18\/RAG2\/169.pdf\" target=\"_blank\"><br \/>\n                    <i class=\"fa fa-download\"><\/i><\/a><\/td><td class=\"column-8\">                <a href=\"\/wp-content\/uploads\/sites\/77\/pdf\/monitoreo\/progs18\/RAG3\/169.pdf\" target=\"_blank\"><br \/>\n                    <i class=\"fa fa-download\"><\/i><\/a><\/td><td class=\"column-9\">                <a href=\"\/wp-content\/uploads\/sites\/77\/pdf\/monitoreo\/progs18\/RAG4\/169.pdf\" target=\"_blank\"><br \/>\n                    <i class=\"fa fa-download\"><\/i><\/a><\/td>\n<\/tr>\n<tr class=\"row-62\">\n\t<td class=\"column-1\">171<\/td><td class=\"column-2\">VIGILANCIA Y FISCALIZACI\u00d3N EN EL USO DE LOS RECURSOS P\u00daBLICOS<\/td><td class=\"column-3\">                <a href=\"\/wp-content\/uploads\/sites\/77\/pdf\/monitoreo\/progs18\/mir\/171.pdf\" target=\"_blank\"><br \/>\n                    <i class=\"fa fa-download\"><\/i><\/a><\/td><td class=\"column-4\">                <a href=\"\/wp-content\/uploads\/sites\/77\/pdf\/monitoreo\/progs18\/fin\/171.pdf\" target=\"_blank\"><br \/>\n                    <i class=\"fa fa-download\"><\/i><\/a><\/td><td class=\"column-5\">                <a href=\"\/wp-content\/uploads\/sites\/77\/pdf\/monitoreo\/progs18\/proposito\/171.pdf\" target=\"_blank\"><br \/>\n                    <i class=\"fa fa-download\"><\/i><\/a><\/td><td class=\"column-6\">                <a href=\"\/wp-content\/uploads\/sites\/77\/pdf\/monitoreo\/progs18\/RAG1\/171.pdf\" target=\"_blank\"><br \/>\n                    <i class=\"fa fa-download\"><\/i><\/a><\/td><td class=\"column-7\">                <a href=\"\/wp-content\/uploads\/sites\/77\/pdf\/monitoreo\/progs18\/RAG2\/171.pdf\" target=\"_blank\"><br \/>\n                    <i class=\"fa fa-download\"><\/i><\/a><\/td><td class=\"column-8\">                <a href=\"\/wp-content\/uploads\/sites\/77\/pdf\/monitoreo\/progs18\/RAG3\/171.pdf\" target=\"_blank\"><br \/>\n                    <i class=\"fa fa-download\"><\/i><\/a><\/td><td class=\"column-9\">                <a href=\"\/wp-content\/uploads\/sites\/77\/pdf\/monitoreo\/progs18\/RAG4\/171.pdf\" target=\"_blank\"><br \/>\n                    <i class=\"fa fa-download\"><\/i><\/a><\/td>\n<\/tr>\n<tr class=\"row-63\">\n\t<td class=\"column-1\">172<\/td><td class=\"column-2\">FOMENTO E INCLUSI\u00d3N ECON\u00d3MICA DE LA POBLACI\u00d3N JOVEN<\/td><td class=\"column-3\">                <a href=\"\/wp-content\/uploads\/sites\/77\/pdf\/monitoreo\/progs18\/mir\/172.pdf\" target=\"_blank\"><br \/>\n                    <i class=\"fa fa-download\"><\/i><\/a><\/td><td class=\"column-4\">                <a href=\"\/wp-content\/uploads\/sites\/77\/pdf\/monitoreo\/progs18\/fin\/172.pdf\" target=\"_blank\"><br \/>\n                    <i class=\"fa fa-download\"><\/i><\/a><\/td><td class=\"column-5\">                <a href=\"\/wp-content\/uploads\/sites\/77\/pdf\/monitoreo\/progs18\/proposito\/172.pdf\" target=\"_blank\"><br \/>\n                    <i class=\"fa fa-download\"><\/i><\/a><\/td><td class=\"column-6\">                <a href=\"\/wp-content\/uploads\/sites\/77\/pdf\/monitoreo\/progs18\/RAG1\/172.pdf\" target=\"_blank\"><br \/>\n                    <i class=\"fa fa-download\"><\/i><\/a><\/td><td class=\"column-7\">                <a href=\"\/wp-content\/uploads\/sites\/77\/pdf\/monitoreo\/progs18\/RAG2\/172.pdf\" target=\"_blank\"><br \/>\n                    <i class=\"fa fa-download\"><\/i><\/a><\/td><td class=\"column-8\">                <a href=\"\/wp-content\/uploads\/sites\/77\/pdf\/monitoreo\/progs18\/RAG3\/172.pdf\" target=\"_blank\"><br \/>\n                    <i class=\"fa fa-download\"><\/i><\/a><\/td><td class=\"column-9\">                <a href=\"\/wp-content\/uploads\/sites\/77\/pdf\/monitoreo\/progs18\/RAG4\/172.pdf\" target=\"_blank\"><br \/>\n                    <i class=\"fa fa-download\"><\/i><\/a><\/td>\n<\/tr>\n<tr class=\"row-64\">\n\t<td class=\"column-1\">173<\/td><td class=\"column-2\">PREVENCI\u00d3N Y RESOLUCI\u00d3N DE CONFLICTOS EN LA PRESTACI\u00d3N DE LOS SERVICIOS DE SALUD<\/td><td class=\"column-3\">                <a href=\"\/wp-content\/uploads\/sites\/77\/pdf\/monitoreo\/progs18\/mir\/173.pdf\" target=\"_blank\"><br \/>\n                    <i class=\"fa fa-download\"><\/i><\/a><\/td><td class=\"column-4\">                <a href=\"\/wp-content\/uploads\/sites\/77\/pdf\/monitoreo\/progs18\/fin\/173.pdf\" target=\"_blank\"><br \/>\n                    <i class=\"fa fa-download\"><\/i><\/a><\/td><td class=\"column-5\">                <a href=\"\/wp-content\/uploads\/sites\/77\/pdf\/monitoreo\/progs18\/proposito\/173.pdf\" target=\"_blank\"><br \/>\n                    <i class=\"fa fa-download\"><\/i><\/a><\/td><td class=\"column-6\">                <a href=\"\/wp-content\/uploads\/sites\/77\/pdf\/monitoreo\/progs18\/RAG1\/173.pdf\" target=\"_blank\"><br \/>\n                    <i class=\"fa fa-download\"><\/i><\/a><\/td><td class=\"column-7\">                <a href=\"\/wp-content\/uploads\/sites\/77\/pdf\/monitoreo\/progs18\/RAG2\/173.pdf\" target=\"_blank\"><br \/>\n                    <i class=\"fa fa-download\"><\/i><\/a><\/td><td class=\"column-8\">                <a href=\"\/wp-content\/uploads\/sites\/77\/pdf\/monitoreo\/progs18\/RAG3\/173.pdf\" target=\"_blank\"><br \/>\n                    <i class=\"fa fa-download\"><\/i><\/a><\/td><td class=\"column-9\">                <a href=\"\/wp-content\/uploads\/sites\/77\/pdf\/monitoreo\/progs18\/RAG4\/173.pdf\" target=\"_blank\"><br \/>\n                    <i class=\"fa fa-download\"><\/i><\/a><\/td>\n<\/tr>\n<tr class=\"row-65\">\n\t<td class=\"column-1\">174<\/td><td class=\"column-2\">PROMOCI\u00d3N, RECREACI\u00d3N Y FOMENTO DE LA ACTIVACI\u00d3N F\u00cdSICA Y DEL DEPORTE<\/td><td class=\"column-3\">                <a href=\"\/wp-content\/uploads\/sites\/77\/pdf\/monitoreo\/progs18\/mir\/174.pdf\" target=\"_blank\"><br \/>\n                    <i class=\"fa fa-download\"><\/i><\/a><\/td><td class=\"column-4\">                <a href=\"\/wp-content\/uploads\/sites\/77\/pdf\/monitoreo\/progs18\/fin\/174.pdf\" target=\"_blank\"><br \/>\n                    <i class=\"fa fa-download\"><\/i><\/a><\/td><td class=\"column-5\">                <a href=\"\/wp-content\/uploads\/sites\/77\/pdf\/monitoreo\/progs18\/proposito\/174.pdf\" target=\"_blank\"><br \/>\n                    <i class=\"fa fa-download\"><\/i><\/a><\/td><td class=\"column-6\">                <a href=\"\/wp-content\/uploads\/sites\/77\/pdf\/monitoreo\/progs18\/RAG1\/174.pdf\" target=\"_blank\"><br \/>\n                    <i class=\"fa fa-download\"><\/i><\/a><\/td><td class=\"column-7\">                <a href=\"\/wp-content\/uploads\/sites\/77\/pdf\/monitoreo\/progs18\/RAG2\/174.pdf\" target=\"_blank\"><br \/>\n                    <i class=\"fa fa-download\"><\/i><\/a><\/td><td class=\"column-8\">                <a href=\"\/wp-content\/uploads\/sites\/77\/pdf\/monitoreo\/progs18\/RAG3\/174.pdf\" target=\"_blank\"><br \/>\n                    <i class=\"fa fa-download\"><\/i><\/a><\/td><td class=\"column-9\">                <a href=\"\/wp-content\/uploads\/sites\/77\/pdf\/monitoreo\/progs18\/RAG4\/174.pdf\" target=\"_blank\"><br \/>\n                    <i class=\"fa fa-download\"><\/i><\/a><\/td>\n<\/tr>\n<tr class=\"row-66\">\n\t<td class=\"column-1\">175<\/td><td class=\"column-2\">REGULACI\u00d3N Y FOMENTO SANITARIO<\/td><td class=\"column-3\">                <a href=\"\/wp-content\/uploads\/sites\/77\/pdf\/monitoreo\/progs18\/mir\/175.pdf\" target=\"_blank\"><br \/>\n                    <i class=\"fa fa-download\"><\/i><\/a><\/td><td class=\"column-4\">                <a href=\"\/wp-content\/uploads\/sites\/77\/pdf\/monitoreo\/progs18\/fin\/175.pdf\" target=\"_blank\"><br \/>\n                    <i class=\"fa fa-download\"><\/i><\/a><\/td><td class=\"column-5\">                <a href=\"\/wp-content\/uploads\/sites\/77\/pdf\/monitoreo\/progs18\/proposito\/175.pdf\" target=\"_blank\"><br \/>\n                    <i class=\"fa fa-download\"><\/i><\/a><\/td><td class=\"column-6\">                <a href=\"\/wp-content\/uploads\/sites\/77\/pdf\/monitoreo\/progs18\/RAG1\/175.pdf\" target=\"_blank\"><br \/>\n                    <i class=\"fa fa-download\"><\/i><\/a><\/td><td class=\"column-7\">                <a href=\"\/wp-content\/uploads\/sites\/77\/pdf\/monitoreo\/progs18\/RAG2\/175.pdf\" target=\"_blank\"><br \/>\n                    <i class=\"fa fa-download\"><\/i><\/a><\/td><td class=\"column-8\">                <a href=\"\/wp-content\/uploads\/sites\/77\/pdf\/monitoreo\/progs18\/RAG3\/175.pdf\" target=\"_blank\"><br \/>\n                    <i class=\"fa fa-download\"><\/i><\/a><\/td><td class=\"column-9\">                <a href=\"\/wp-content\/uploads\/sites\/77\/pdf\/monitoreo\/progs18\/RAG4\/175.pdf\" target=\"_blank\"><br \/>\n                    <i class=\"fa fa-download\"><\/i><\/a><\/td>\n<\/tr>\n<tr class=\"row-67\">\n\t<td class=\"column-1\">177<\/td><td class=\"column-2\">PRODUCCI\u00d3N, TRANSMISI\u00d3N Y COBERTURA DE RADIO, TELEVISI\u00d3N Y TELECOMUNICACIONES P\u00daBLICAS<\/td><td class=\"column-3\">                <a href=\"\/wp-content\/uploads\/sites\/77\/pdf\/monitoreo\/progs18\/mir\/177.pdf\" target=\"_blank\"><br \/>\n                    <i class=\"fa fa-download\"><\/i><\/a><\/td><td class=\"column-4\">                <a href=\"\/wp-content\/uploads\/sites\/77\/pdf\/monitoreo\/progs18\/fin\/177.pdf\" target=\"_blank\"><br \/>\n                    <i class=\"fa fa-download\"><\/i><\/a><\/td><td class=\"column-5\">                <a href=\"\/wp-content\/uploads\/sites\/77\/pdf\/monitoreo\/progs18\/proposito\/177.pdf\" target=\"_blank\"><br \/>\n                    <i class=\"fa fa-download\"><\/i><\/a><\/td><td class=\"column-6\">                <a href=\"\/wp-content\/uploads\/sites\/77\/pdf\/monitoreo\/progs18\/RAG1\/177.pdf\" target=\"_blank\"><br \/>\n                    <i class=\"fa fa-download\"><\/i><\/a><\/td><td class=\"column-7\">                <a href=\"\/wp-content\/uploads\/sites\/77\/pdf\/monitoreo\/progs18\/RAG2\/177.pdf\" target=\"_blank\"><br \/>\n                    <i class=\"fa fa-download\"><\/i><\/a><\/td><td class=\"column-8\">                <a href=\"\/wp-content\/uploads\/sites\/77\/pdf\/monitoreo\/progs18\/RAG3\/177.pdf\" target=\"_blank\"><br \/>\n                    <i class=\"fa fa-download\"><\/i><\/a><\/td><td class=\"column-9\">                <a href=\"\/wp-content\/uploads\/sites\/77\/pdf\/monitoreo\/progs18\/RAG4\/177.pdf\" target=\"_blank\"><br \/>\n                    <i class=\"fa fa-download\"><\/i><\/a><\/td>\n<\/tr>\n<tr class=\"row-68\">\n\t<td class=\"column-1\">178<\/td><td class=\"column-2\">DIFUSI\u00d3N DE ACCIONES, PROGRAMAS Y POL\u00cdTICAS GUBERNAMENTALES<\/td><td class=\"column-3\">                <a href=\"\/wp-content\/uploads\/sites\/77\/pdf\/monitoreo\/progs18\/mir\/178.pdf\" target=\"_blank\"><br \/>\n                    <i class=\"fa fa-download\"><\/i><\/a><\/td><td class=\"column-4\">                <a href=\"\/wp-content\/uploads\/sites\/77\/pdf\/monitoreo\/progs18\/fin\/178.pdf\" target=\"_blank\"><br \/>\n                    <i class=\"fa fa-download\"><\/i><\/a><\/td><td class=\"column-5\">                <a href=\"\/wp-content\/uploads\/sites\/77\/pdf\/monitoreo\/progs18\/proposito\/178.pdf\" target=\"_blank\"><br \/>\n                    <i class=\"fa fa-download\"><\/i><\/a><\/td><td class=\"column-6\">                <a href=\"\/wp-content\/uploads\/sites\/77\/pdf\/monitoreo\/progs18\/RAG1\/178.pdf\" target=\"_blank\"><br \/>\n                    <i class=\"fa fa-download\"><\/i><\/a><\/td><td class=\"column-7\">                <a href=\"\/wp-content\/uploads\/sites\/77\/pdf\/monitoreo\/progs18\/RAG2\/178.pdf\" target=\"_blank\"><br \/>\n                    <i class=\"fa fa-download\"><\/i><\/a><\/td><td class=\"column-8\">                <a href=\"\/wp-content\/uploads\/sites\/77\/pdf\/monitoreo\/progs18\/RAG3\/178.pdf\" target=\"_blank\"><br \/>\n                    <i class=\"fa fa-download\"><\/i><\/a><\/td><td class=\"column-9\">                <a href=\"\/wp-content\/uploads\/sites\/77\/pdf\/monitoreo\/progs18\/RAG4\/178.pdf\" target=\"_blank\"><br \/>\n                    <i class=\"fa fa-download\"><\/i><\/a><\/td>\n<\/tr>\n<tr class=\"row-69\">\n\t<td class=\"column-1\">179<\/td><td class=\"column-2\">FORTALECIMIENTO DE LAS ACTIVIDADES DEL PODER EJECUTIVO<\/td><td class=\"column-3\">                <a href=\"\/wp-content\/uploads\/sites\/77\/pdf\/monitoreo\/progs18\/mir\/179.pdf\" target=\"_blank\"><br \/>\n                    <i class=\"fa fa-download\"><\/i><\/a><\/td><td class=\"column-4\">                <a href=\"\/wp-content\/uploads\/sites\/77\/pdf\/monitoreo\/progs18\/fin\/179.pdf\" target=\"_blank\"><br \/>\n                    <i class=\"fa fa-download\"><\/i><\/a><\/td><td class=\"column-5\">                <a href=\"\/wp-content\/uploads\/sites\/77\/pdf\/monitoreo\/progs18\/proposito\/179.pdf\" target=\"_blank\"><br \/>\n                    <i class=\"fa fa-download\"><\/i><\/a><\/td><td class=\"column-6\">                <a href=\"\/wp-content\/uploads\/sites\/77\/pdf\/monitoreo\/progs18\/RAG1\/179.pdf\" target=\"_blank\"><br \/>\n                    <i class=\"fa fa-download\"><\/i><\/a><\/td><td class=\"column-7\">                <a href=\"\/wp-content\/uploads\/sites\/77\/pdf\/monitoreo\/progs18\/RAG2\/179.pdf\" target=\"_blank\"><br \/>\n                    <i class=\"fa fa-download\"><\/i><\/a><\/td><td class=\"column-8\">                <a href=\"\/wp-content\/uploads\/sites\/77\/pdf\/monitoreo\/progs18\/RAG3\/179.pdf\" target=\"_blank\"><br \/>\n                    <i class=\"fa fa-download\"><\/i><\/a><\/td><td class=\"column-9\">                <a href=\"\/wp-content\/uploads\/sites\/77\/pdf\/monitoreo\/progs18\/RAG4\/179.pdf\" target=\"_blank\"><br \/>\n                    <i class=\"fa fa-download\"><\/i><\/a><\/td>\n<\/tr>\n<tr class=\"row-70\">\n\t<td class=\"column-1\">181<\/td><td class=\"column-2\">M\u00c1S OAXACA<\/td><td class=\"column-3\">                <a href=\"\/wp-content\/uploads\/sites\/77\/pdf\/monitoreo\/progs18\/mir\/181.pdf\" target=\"_blank\"><br \/>\n                    <i class=\"fa fa-download\"><\/i><\/a><\/td><td class=\"column-4\">                <a href=\"\/wp-content\/uploads\/sites\/77\/pdf\/monitoreo\/progs18\/fin\/181.pdf\" target=\"_blank\"><br \/>\n                    <i class=\"fa fa-download\"><\/i><\/a><\/td><td class=\"column-5\">                <a href=\"\/wp-content\/uploads\/sites\/77\/pdf\/monitoreo\/progs18\/proposito\/181.pdf\" target=\"_blank\"><br \/>\n                    <i class=\"fa fa-download\"><\/i><\/a><\/td><td class=\"column-6\">                <a href=\"\/wp-content\/uploads\/sites\/77\/pdf\/monitoreo\/progs18\/RAG1\/181.pdf\" target=\"_blank\"><br \/>\n                    <i class=\"fa fa-download\"><\/i><\/a><\/td><td class=\"column-7\">                <a href=\"\/wp-content\/uploads\/sites\/77\/pdf\/monitoreo\/progs18\/RAG2\/181.pdf\" target=\"_blank\"><br \/>\n                    <i class=\"fa fa-download\"><\/i><\/a><\/td><td class=\"column-8\">                <a href=\"\/wp-content\/uploads\/sites\/77\/pdf\/monitoreo\/progs18\/RAG3\/181.pdf\" target=\"_blank\"><br \/>\n                    <i class=\"fa fa-download\"><\/i><\/a><\/td><td class=\"column-9\">                <a href=\"\/wp-content\/uploads\/sites\/77\/pdf\/monitoreo\/progs18\/RAG4\/181.pdf\" target=\"_blank\"><br \/>\n                    <i class=\"fa fa-download\"><\/i><\/a><\/td>\n<\/tr>\n<tr class=\"row-71\">\n\t<td class=\"column-1\">182<\/td><td class=\"column-2\">FORMACI\u00d3N INTEGRAL Y DESARROLLO DE COMPETENCIAS<\/td><td class=\"column-3\">                <a href=\"\/wp-content\/uploads\/sites\/77\/pdf\/monitoreo\/progs18\/mir\/182.pdf\" target=\"_blank\"><br \/>\n                    <i class=\"fa fa-download\"><\/i><\/a><\/td><td class=\"column-4\">                <a href=\"\/wp-content\/uploads\/sites\/77\/pdf\/monitoreo\/progs18\/fin\/182.pdf\" target=\"_blank\"><br \/>\n                    <i class=\"fa fa-download\"><\/i><\/a><\/td><td class=\"column-5\">                <a href=\"\/wp-content\/uploads\/sites\/77\/pdf\/monitoreo\/progs18\/proposito\/182.pdf\" target=\"_blank\"><br \/>\n                    <i class=\"fa fa-download\"><\/i><\/a><\/td><td class=\"column-6\">                <a href=\"\/wp-content\/uploads\/sites\/77\/pdf\/monitoreo\/progs18\/RAG1\/182.pdf\" target=\"_blank\"><br \/>\n                    <i class=\"fa fa-download\"><\/i><\/a><\/td><td class=\"column-7\">                <a href=\"\/wp-content\/uploads\/sites\/77\/pdf\/monitoreo\/progs18\/RAG2\/182.pdf\" target=\"_blank\"><br \/>\n                    <i class=\"fa fa-download\"><\/i><\/a><\/td><td class=\"column-8\">                <a href=\"\/wp-content\/uploads\/sites\/77\/pdf\/monitoreo\/progs18\/RAG3\/182.pdf\" target=\"_blank\"><br \/>\n                    <i class=\"fa fa-download\"><\/i><\/a><\/td><td class=\"column-9\">                <a href=\"\/wp-content\/uploads\/sites\/77\/pdf\/monitoreo\/progs18\/RAG4\/182.pdf\" target=\"_blank\"><br \/>\n                    <i class=\"fa fa-download\"><\/i><\/a><\/td>\n<\/tr>\n<tr class=\"row-72\">\n\t<td class=\"column-1\">183<\/td><td class=\"column-2\">FORMACI\u00d3N Y DESARROLLO PROFESIONAL DOCENTE<\/td><td class=\"column-3\">                <a href=\"\/wp-content\/uploads\/sites\/77\/pdf\/monitoreo\/progs18\/mir\/183.pdf\" target=\"_blank\"><br \/>\n                    <i class=\"fa fa-download\"><\/i><\/a><\/td><td class=\"column-4\">                <a href=\"\/wp-content\/uploads\/sites\/77\/pdf\/monitoreo\/progs18\/fin\/183.pdf\" target=\"_blank\"><br \/>\n                    <i class=\"fa fa-download\"><\/i><\/a><\/td><td class=\"column-5\">                <a href=\"\/wp-content\/uploads\/sites\/77\/pdf\/monitoreo\/progs18\/proposito\/183.pdf\" target=\"_blank\"><br \/>\n                    <i class=\"fa fa-download\"><\/i><\/a><\/td><td class=\"column-6\">                <a href=\"\/wp-content\/uploads\/sites\/77\/pdf\/monitoreo\/progs18\/RAG1\/183.pdf\" target=\"_blank\"><br \/>\n                    <i class=\"fa fa-download\"><\/i><\/a><\/td><td class=\"column-7\">                <a href=\"\/wp-content\/uploads\/sites\/77\/pdf\/monitoreo\/progs18\/RAG2\/183.pdf\" target=\"_blank\"><br \/>\n                    <i class=\"fa fa-download\"><\/i><\/a><\/td><td class=\"column-8\">                <a href=\"\/wp-content\/uploads\/sites\/77\/pdf\/monitoreo\/progs18\/RAG3\/183.pdf\" target=\"_blank\"><br \/>\n                    <i class=\"fa fa-download\"><\/i><\/a><\/td><td class=\"column-9\">                <a href=\"\/wp-content\/uploads\/sites\/77\/pdf\/monitoreo\/progs18\/RAG4\/183.pdf\" target=\"_blank\"><br \/>\n                    <i class=\"fa fa-download\"><\/i><\/a><\/td>\n<\/tr>\n<tr class=\"row-73\">\n\t<td class=\"column-1\">184<\/td><td class=\"column-2\">ADMINISTRACI\u00d3N ESTRAT\u00c9GICA EN EL QUEHACER EDUCATIVO<\/td><td class=\"column-3\">                <a href=\"\/wp-content\/uploads\/sites\/77\/pdf\/monitoreo\/progs18\/mir\/184.pdf\" target=\"_blank\"><br \/>\n                    <i class=\"fa fa-download\"><\/i><\/a><\/td><td class=\"column-4\">                <a href=\"\/wp-content\/uploads\/sites\/77\/pdf\/monitoreo\/progs18\/fin\/184.pdf\" target=\"_blank\"><br \/>\n                    <i class=\"fa fa-download\"><\/i><\/a><\/td><td class=\"column-5\">                <a href=\"\/wp-content\/uploads\/sites\/77\/pdf\/monitoreo\/progs18\/proposito\/184.pdf\" target=\"_blank\"><br \/>\n                    <i class=\"fa fa-download\"><\/i><\/a><\/td><td class=\"column-6\">                <a href=\"\/wp-content\/uploads\/sites\/77\/pdf\/monitoreo\/progs18\/RAG1\/184.pdf\" target=\"_blank\"><br \/>\n                    <i class=\"fa fa-download\"><\/i><\/a><\/td><td class=\"column-7\">                <a href=\"\/wp-content\/uploads\/sites\/77\/pdf\/monitoreo\/progs18\/RAG2\/184.pdf\" target=\"_blank\"><br \/>\n                    <i class=\"fa fa-download\"><\/i><\/a><\/td><td class=\"column-8\">                <a href=\"\/wp-content\/uploads\/sites\/77\/pdf\/monitoreo\/progs18\/RAG3\/184.pdf\" target=\"_blank\"><br \/>\n                    <i class=\"fa fa-download\"><\/i><\/a><\/td><td class=\"column-9\">                <a href=\"\/wp-content\/uploads\/sites\/77\/pdf\/monitoreo\/progs18\/RAG4\/184.pdf\" target=\"_blank\"><br \/>\n                    <i class=\"fa fa-download\"><\/i><\/a><\/td>\n<\/tr>\n<tr class=\"row-74\">\n\t<td class=\"column-1\">185<\/td><td class=\"column-2\">PRODUCTIVIDAD Y COMPETITIVIDAD ARTESANAL<\/td><td class=\"column-3\">                <a href=\"\/wp-content\/uploads\/sites\/77\/pdf\/monitoreo\/progs18\/mir\/185.pdf\" target=\"_blank\"><br \/>\n                    <i class=\"fa fa-download\"><\/i><\/a><\/td><td class=\"column-4\">                <a href=\"\/wp-content\/uploads\/sites\/77\/pdf\/monitoreo\/progs18\/fin\/185.pdf\" target=\"_blank\"><br \/>\n                    <i class=\"fa fa-download\"><\/i><\/a><\/td><td class=\"column-5\">                <a href=\"\/wp-content\/uploads\/sites\/77\/pdf\/monitoreo\/progs18\/proposito\/185.pdf\" target=\"_blank\"><br \/>\n                    <i class=\"fa fa-download\"><\/i><\/a><\/td><td class=\"column-6\">                <a href=\"\/wp-content\/uploads\/sites\/77\/pdf\/monitoreo\/progs18\/RAG1\/185.pdf\" target=\"_blank\"><br \/>\n                    <i class=\"fa fa-download\"><\/i><\/a><\/td><td class=\"column-7\">                <a href=\"\/wp-content\/uploads\/sites\/77\/pdf\/monitoreo\/progs18\/RAG2\/185.pdf\" target=\"_blank\"><br \/>\n                    <i class=\"fa fa-download\"><\/i><\/a><\/td><td class=\"column-8\">                <a href=\"\/wp-content\/uploads\/sites\/77\/pdf\/monitoreo\/progs18\/RAG3\/185.pdf\" target=\"_blank\"><br \/>\n                    <i class=\"fa fa-download\"><\/i><\/a><\/td><td class=\"column-9\">                <a href=\"\/wp-content\/uploads\/sites\/77\/pdf\/monitoreo\/progs18\/RAG4\/185.pdf\" target=\"_blank\"><br \/>\n                    <i class=\"fa fa-download\"><\/i><\/a><\/td>\n<\/tr>\n<tr class=\"row-75\">\n\t<td class=\"column-1\">187<\/td><td class=\"column-2\">ADMINISTRACI\u00d3N DE JUSTICIA EN MATERIA AMBIENTAL<\/td><td class=\"column-3\">                <a href=\"\/wp-content\/uploads\/sites\/77\/pdf\/monitoreo\/progs18\/mir\/187.pdf\" target=\"_blank\"><br \/>\n                    <i class=\"fa fa-download\"><\/i><\/a><\/td><td class=\"column-4\">                <a href=\"\/wp-content\/uploads\/sites\/77\/pdf\/monitoreo\/progs18\/fin\/187.pdf\" target=\"_blank\"><br \/>\n                    <i class=\"fa fa-download\"><\/i><\/a><\/td><td class=\"column-5\">                <a href=\"\/wp-content\/uploads\/sites\/77\/pdf\/monitoreo\/progs18\/proposito\/187.pdf\" target=\"_blank\"><br \/>\n                    <i class=\"fa fa-download\"><\/i><\/a><\/td><td class=\"column-6\">                <a href=\"\/wp-content\/uploads\/sites\/77\/pdf\/monitoreo\/progs18\/RAG1\/187.pdf\" target=\"_blank\"><br \/>\n                    <i class=\"fa fa-download\"><\/i><\/a><\/td><td class=\"column-7\">                <a href=\"\/wp-content\/uploads\/sites\/77\/pdf\/monitoreo\/progs18\/RAG2\/187.pdf\" target=\"_blank\"><br \/>\n                    <i class=\"fa fa-download\"><\/i><\/a><\/td><td class=\"column-8\">                <a href=\"\/wp-content\/uploads\/sites\/77\/pdf\/monitoreo\/progs18\/RAG3\/187.pdf\" target=\"_blank\"><br \/>\n                    <i class=\"fa fa-download\"><\/i><\/a><\/td><td class=\"column-9\">                <a href=\"\/wp-content\/uploads\/sites\/77\/pdf\/monitoreo\/progs18\/RAG4\/187.pdf\" target=\"_blank\"><br \/>\n                    <i class=\"fa fa-download\"><\/i><\/a><\/td>\n<\/tr>\n<tr class=\"row-76\">\n\t<td class=\"column-1\">188<\/td><td class=\"column-2\">CAMBIO CLIM\u00c1TICO<\/td><td class=\"column-3\">                <a href=\"\/wp-content\/uploads\/sites\/77\/pdf\/monitoreo\/progs18\/mir\/188.pdf\" target=\"_blank\"><br \/>\n                    <i class=\"fa fa-download\"><\/i><\/a><\/td><td class=\"column-4\">                <a href=\"\/wp-content\/uploads\/sites\/77\/pdf\/monitoreo\/progs18\/fin\/188.pdf\" target=\"_blank\"><br \/>\n                    <i class=\"fa fa-download\"><\/i><\/a><\/td><td class=\"column-5\">                <a href=\"\/wp-content\/uploads\/sites\/77\/pdf\/monitoreo\/progs18\/proposito\/188.pdf\" target=\"_blank\"><br \/>\n                    <i class=\"fa fa-download\"><\/i><\/a><\/td><td class=\"column-6\">                <a href=\"\/wp-content\/uploads\/sites\/77\/pdf\/monitoreo\/progs18\/RAG1\/188.pdf\" target=\"_blank\"><br \/>\n                    <i class=\"fa fa-download\"><\/i><\/a><\/td><td class=\"column-7\">                <a href=\"\/wp-content\/uploads\/sites\/77\/pdf\/monitoreo\/progs18\/RAG2\/188.pdf\" target=\"_blank\"><br \/>\n                    <i class=\"fa fa-download\"><\/i><\/a><\/td><td class=\"column-8\">                <a href=\"\/wp-content\/uploads\/sites\/77\/pdf\/monitoreo\/progs18\/RAG3\/188.pdf\" target=\"_blank\"><br \/>\n                    <i class=\"fa fa-download\"><\/i><\/a><\/td><td class=\"column-9\">                <a href=\"\/wp-content\/uploads\/sites\/77\/pdf\/monitoreo\/progs18\/RAG4\/188.pdf\" target=\"_blank\"><br \/>\n                    <i class=\"fa fa-download\"><\/i><\/a><\/td>\n<\/tr>\n<tr class=\"row-77\">\n\t<td class=\"column-1\">189<\/td><td class=\"column-2\">ORDENAMIENTO ECOL\u00d3GICO TERRITORIAL<\/td><td class=\"column-3\">                <a href=\"\/wp-content\/uploads\/sites\/77\/pdf\/monitoreo\/progs18\/mir\/189.pdf\" target=\"_blank\"><br \/>\n                    <i class=\"fa fa-download\"><\/i><\/a><\/td><td class=\"column-4\">                <a href=\"\/wp-content\/uploads\/sites\/77\/pdf\/monitoreo\/progs18\/fin\/189.pdf\" target=\"_blank\"><br \/>\n                    <i class=\"fa fa-download\"><\/i><\/a><\/td><td class=\"column-5\">                <a href=\"\/wp-content\/uploads\/sites\/77\/pdf\/monitoreo\/progs18\/proposito\/189.pdf\" target=\"_blank\"><br \/>\n                    <i class=\"fa fa-download\"><\/i><\/a><\/td><td class=\"column-6\">                <a href=\"\/wp-content\/uploads\/sites\/77\/pdf\/monitoreo\/progs18\/RAG1\/189.pdf\" target=\"_blank\"><br \/>\n                    <i class=\"fa fa-download\"><\/i><\/a><\/td><td class=\"column-7\">                <a href=\"\/wp-content\/uploads\/sites\/77\/pdf\/monitoreo\/progs18\/RAG2\/189.pdf\" target=\"_blank\"><br \/>\n                    <i class=\"fa fa-download\"><\/i><\/a><\/td><td class=\"column-8\">                <a href=\"\/wp-content\/uploads\/sites\/77\/pdf\/monitoreo\/progs18\/RAG3\/189.pdf\" target=\"_blank\"><br \/>\n                    <i class=\"fa fa-download\"><\/i><\/a><\/td><td class=\"column-9\">                <a href=\"\/wp-content\/uploads\/sites\/77\/pdf\/monitoreo\/progs18\/RAG4\/189.pdf\" target=\"_blank\"><br \/>\n                    <i class=\"fa fa-download\"><\/i><\/a><\/td>\n<\/tr>\n<tr class=\"row-78\">\n\t<td class=\"column-1\">190<\/td><td class=\"column-2\">PROMOCI\u00d3N DE LA INVERSI\u00d3N EN ENERG\u00cdAS RENOVABLES<\/td><td class=\"column-3\">                <a href=\"\/wp-content\/uploads\/sites\/77\/pdf\/monitoreo\/progs18\/mir\/190.pdf\" target=\"_blank\"><br \/>\n                    <i class=\"fa fa-download\"><\/i><\/a><\/td><td class=\"column-4\">                <a href=\"\/wp-content\/uploads\/sites\/77\/pdf\/monitoreo\/progs18\/fin\/190.pdf\" target=\"_blank\"><br \/>\n                    <i class=\"fa fa-download\"><\/i><\/a><\/td><td class=\"column-5\">                <a href=\"\/wp-content\/uploads\/sites\/77\/pdf\/monitoreo\/progs18\/proposito\/190.pdf\" target=\"_blank\"><br \/>\n                    <i class=\"fa fa-download\"><\/i><\/a><\/td><td class=\"column-6\">                <a href=\"\/wp-content\/uploads\/sites\/77\/pdf\/monitoreo\/progs18\/RAG1\/190.pdf\" target=\"_blank\"><br \/>\n                    <i class=\"fa fa-download\"><\/i><\/a><\/td><td class=\"column-7\">                <a href=\"\/wp-content\/uploads\/sites\/77\/pdf\/monitoreo\/progs18\/RAG2\/190.pdf\" target=\"_blank\"><br \/>\n                    <i class=\"fa fa-download\"><\/i><\/a><\/td><td class=\"column-8\">                <a href=\"\/wp-content\/uploads\/sites\/77\/pdf\/monitoreo\/progs18\/RAG3\/190.pdf\" target=\"_blank\"><br \/>\n                    <i class=\"fa fa-download\"><\/i><\/a><\/td><td class=\"column-9\">                <a href=\"\/wp-content\/uploads\/sites\/77\/pdf\/monitoreo\/progs18\/RAG4\/190.pdf\" target=\"_blank\"><br \/>\n                    <i class=\"fa fa-download\"><\/i><\/a><\/td>\n<\/tr>\n<tr class=\"row-79\">\n\t<td class=\"column-1\">191<\/td><td class=\"column-2\">CONSERVACI\u00d3N Y RESTAURACI\u00d3N FORESTAL<\/td><td class=\"column-3\">                <a href=\"\/wp-content\/uploads\/sites\/77\/pdf\/monitoreo\/progs18\/mir\/191.pdf\" target=\"_blank\"><br \/>\n                    <i class=\"fa fa-download\"><\/i><\/a><\/td><td class=\"column-4\">                <a href=\"\/wp-content\/uploads\/sites\/77\/pdf\/monitoreo\/progs18\/fin\/191.pdf\" target=\"_blank\"><br \/>\n                    <i class=\"fa fa-download\"><\/i><\/a><\/td><td class=\"column-5\">                <a href=\"\/wp-content\/uploads\/sites\/77\/pdf\/monitoreo\/progs18\/proposito\/191.pdf\" target=\"_blank\"><br \/>\n                    <i class=\"fa fa-download\"><\/i><\/a><\/td><td class=\"column-6\">                <a href=\"\/wp-content\/uploads\/sites\/77\/pdf\/monitoreo\/progs18\/RAG1\/191.pdf\" target=\"_blank\"><br \/>\n                    <i class=\"fa fa-download\"><\/i><\/a><\/td><td class=\"column-7\">                <a href=\"\/wp-content\/uploads\/sites\/77\/pdf\/monitoreo\/progs18\/RAG2\/191.pdf\" target=\"_blank\"><br \/>\n                    <i class=\"fa fa-download\"><\/i><\/a><\/td><td class=\"column-8\">                <a href=\"\/wp-content\/uploads\/sites\/77\/pdf\/monitoreo\/progs18\/RAG3\/191.pdf\" target=\"_blank\"><br \/>\n                    <i class=\"fa fa-download\"><\/i><\/a><\/td><td class=\"column-9\">                <a href=\"\/wp-content\/uploads\/sites\/77\/pdf\/monitoreo\/progs18\/RAG4\/191.pdf\" target=\"_blank\"><br \/>\n                    <i class=\"fa fa-download\"><\/i><\/a><\/td>\n<\/tr>\n<tr class=\"row-80\">\n\t<td class=\"column-1\">192<\/td><td class=\"column-2\">GESTI\u00d3N INTEGRAL DE RESIDUOS S\u00d3LIDOS<\/td><td class=\"column-3\">                <a href=\"\/wp-content\/uploads\/sites\/77\/pdf\/monitoreo\/progs18\/mir\/192.pdf\" target=\"_blank\"><br \/>\n                    <i class=\"fa fa-download\"><\/i><\/a><\/td><td class=\"column-4\">                <a href=\"\/wp-content\/uploads\/sites\/77\/pdf\/monitoreo\/progs18\/fin\/192.pdf\" target=\"_blank\"><br \/>\n                    <i class=\"fa fa-download\"><\/i><\/a><\/td><td class=\"column-5\">                <a href=\"\/wp-content\/uploads\/sites\/77\/pdf\/monitoreo\/progs18\/proposito\/192.pdf\" target=\"_blank\"><br \/>\n                    <i class=\"fa fa-download\"><\/i><\/a><\/td><td class=\"column-6\">                <a href=\"\/wp-content\/uploads\/sites\/77\/pdf\/monitoreo\/progs18\/RAG1\/192.pdf\" target=\"_blank\"><br \/>\n                    <i class=\"fa fa-download\"><\/i><\/a><\/td><td class=\"column-7\">                <a href=\"\/wp-content\/uploads\/sites\/77\/pdf\/monitoreo\/progs18\/RAG2\/192.pdf\" target=\"_blank\"><br \/>\n                    <i class=\"fa fa-download\"><\/i><\/a><\/td><td class=\"column-8\">                <a href=\"\/wp-content\/uploads\/sites\/77\/pdf\/monitoreo\/progs18\/RAG3\/192.pdf\" target=\"_blank\"><br \/>\n                    <i class=\"fa fa-download\"><\/i><\/a><\/td><td class=\"column-9\">                <a href=\"\/wp-content\/uploads\/sites\/77\/pdf\/monitoreo\/progs18\/RAG4\/192.pdf\" target=\"_blank\"><br \/>\n                    <i class=\"fa fa-download\"><\/i><\/a><\/td>\n<\/tr>\n<tr class=\"row-81\">\n\t<td class=\"column-1\">193<\/td><td class=\"column-2\">PROYECTOS DE ENERG\u00cdAS RENOVABLES<\/td><td class=\"column-3\">                <a href=\"\/wp-content\/uploads\/sites\/77\/pdf\/monitoreo\/progs18\/mir\/193.pdf\" target=\"_blank\"><br \/>\n                    <i class=\"fa fa-download\"><\/i><\/a><\/td><td class=\"column-4\">                <a href=\"\/wp-content\/uploads\/sites\/77\/pdf\/monitoreo\/progs18\/fin\/193.pdf\" target=\"_blank\"><br \/>\n                    <i class=\"fa fa-download\"><\/i><\/a><\/td><td class=\"column-5\">                <a href=\"\/wp-content\/uploads\/sites\/77\/pdf\/monitoreo\/progs18\/proposito\/193.pdf\" target=\"_blank\"><br \/>\n                    <i class=\"fa fa-download\"><\/i><\/a><\/td><td class=\"column-6\">                <a href=\"\/wp-content\/uploads\/sites\/77\/pdf\/monitoreo\/progs18\/RAG1\/193.pdf\" target=\"_blank\"><br \/>\n                    <i class=\"fa fa-download\"><\/i><\/a><\/td><td class=\"column-7\">                <a href=\"\/wp-content\/uploads\/sites\/77\/pdf\/monitoreo\/progs18\/RAG2\/193.pdf\" target=\"_blank\"><br \/>\n                    <i class=\"fa fa-download\"><\/i><\/a><\/td><td class=\"column-8\">                <a href=\"\/wp-content\/uploads\/sites\/77\/pdf\/monitoreo\/progs18\/RAG3\/193.pdf\" target=\"_blank\"><br \/>\n                    <i class=\"fa fa-download\"><\/i><\/a><\/td><td class=\"column-9\">                <a href=\"\/wp-content\/uploads\/sites\/77\/pdf\/monitoreo\/progs18\/RAG4\/193.pdf\" target=\"_blank\"><br \/>\n                    <i class=\"fa fa-download\"><\/i><\/a><\/td>\n<\/tr>\n<tr class=\"row-82\">\n\t<td class=\"column-1\">194<\/td><td class=\"column-2\">ORDENAMIENTO TERRITORIAL Y DESARROLLO HUMANO<\/td><td class=\"column-3\">                <a href=\"\/wp-content\/uploads\/sites\/77\/pdf\/monitoreo\/progs18\/mir\/194.pdf\" target=\"_blank\"><br \/>\n                    <i class=\"fa fa-download\"><\/i><\/a><\/td><td class=\"column-4\">                <a href=\"\/wp-content\/uploads\/sites\/77\/pdf\/monitoreo\/progs18\/fin\/194.pdf\" target=\"_blank\"><br \/>\n                    <i class=\"fa fa-download\"><\/i><\/a><\/td><td class=\"column-5\">                <a href=\"\/wp-content\/uploads\/sites\/77\/pdf\/monitoreo\/progs18\/proposito\/194.pdf\" target=\"_blank\"><br \/>\n                    <i class=\"fa fa-download\"><\/i><\/a><\/td><td class=\"column-6\">                <a href=\"\/wp-content\/uploads\/sites\/77\/pdf\/monitoreo\/progs18\/RAG1\/194.pdf\" target=\"_blank\"><br \/>\n                    <i class=\"fa fa-download\"><\/i><\/a><\/td><td class=\"column-7\">                <a href=\"\/wp-content\/uploads\/sites\/77\/pdf\/monitoreo\/progs18\/RAG2\/194.pdf\" target=\"_blank\"><br \/>\n                    <i class=\"fa fa-download\"><\/i><\/a><\/td><td class=\"column-8\">                <a href=\"\/wp-content\/uploads\/sites\/77\/pdf\/monitoreo\/progs18\/RAG3\/194.pdf\" target=\"_blank\"><br \/>\n                    <i class=\"fa fa-download\"><\/i><\/a><\/td><td class=\"column-9\">                <a href=\"\/wp-content\/uploads\/sites\/77\/pdf\/monitoreo\/progs18\/RAG4\/194.pdf\" target=\"_blank\"><br \/>\n                    <i class=\"fa fa-download\"><\/i><\/a><\/td>\n<\/tr>\n<tr class=\"row-83\">\n\t<td class=\"column-1\">195<\/td><td class=\"column-2\">PLANEACI\u00d3N TUR\u00cdSTICA Y DESARROLLO ESTRAT\u00c9GICO<\/td><td class=\"column-3\">                <a href=\"\/wp-content\/uploads\/sites\/77\/pdf\/monitoreo\/progs18\/mir\/195.pdf\" target=\"_blank\"><br \/>\n                    <i class=\"fa fa-download\"><\/i><\/a><\/td><td class=\"column-4\">                <a href=\"\/wp-content\/uploads\/sites\/77\/pdf\/monitoreo\/progs18\/fin\/195.pdf\" target=\"_blank\"><br \/>\n                    <i class=\"fa fa-download\"><\/i><\/a><\/td><td class=\"column-5\">                <a href=\"\/wp-content\/uploads\/sites\/77\/pdf\/monitoreo\/progs18\/proposito\/195.pdf\" target=\"_blank\"><br \/>\n                    <i class=\"fa fa-download\"><\/i><\/a><\/td><td class=\"column-6\">                <a href=\"\/wp-content\/uploads\/sites\/77\/pdf\/monitoreo\/progs18\/RAG1\/195.pdf\" target=\"_blank\"><br \/>\n                    <i class=\"fa fa-download\"><\/i><\/a><\/td><td class=\"column-7\">                <a href=\"\/wp-content\/uploads\/sites\/77\/pdf\/monitoreo\/progs18\/RAG2\/195.pdf\" target=\"_blank\"><br \/>\n                    <i class=\"fa fa-download\"><\/i><\/a><\/td><td class=\"column-8\">                <a href=\"\/wp-content\/uploads\/sites\/77\/pdf\/monitoreo\/progs18\/RAG3\/195.pdf\" target=\"_blank\"><br \/>\n                    <i class=\"fa fa-download\"><\/i><\/a><\/td><td class=\"column-9\">                <a href=\"\/wp-content\/uploads\/sites\/77\/pdf\/monitoreo\/progs18\/RAG4\/195.pdf\" target=\"_blank\"><br \/>\n                    <i class=\"fa fa-download\"><\/i><\/a><\/td>\n<\/tr>\n<tr class=\"row-84\">\n\t<td class=\"column-1\">196<\/td><td class=\"column-2\">PROFESIONALIZACI\u00d3N TUR\u00cdSTICA<\/td><td class=\"column-3\">                <a href=\"\/wp-content\/uploads\/sites\/77\/pdf\/monitoreo\/progs18\/mir\/196.pdf\" target=\"_blank\"><br \/>\n                    <i class=\"fa fa-download\"><\/i><\/a><\/td><td class=\"column-4\">                <a href=\"\/wp-content\/uploads\/sites\/77\/pdf\/monitoreo\/progs18\/fin\/196.pdf\" target=\"_blank\"><br \/>\n                    <i class=\"fa fa-download\"><\/i><\/a><\/td><td class=\"column-5\">                <a href=\"\/wp-content\/uploads\/sites\/77\/pdf\/monitoreo\/progs18\/proposito\/196.pdf\" target=\"_blank\"><br \/>\n                    <i class=\"fa fa-download\"><\/i><\/a><\/td><td class=\"column-6\">                <a href=\"\/wp-content\/uploads\/sites\/77\/pdf\/monitoreo\/progs18\/RAG1\/196.pdf\" target=\"_blank\"><br \/>\n                    <i class=\"fa fa-download\"><\/i><\/a><\/td><td class=\"column-7\">                <a href=\"\/wp-content\/uploads\/sites\/77\/pdf\/monitoreo\/progs18\/RAG2\/196.pdf\" target=\"_blank\"><br \/>\n                    <i class=\"fa fa-download\"><\/i><\/a><\/td><td class=\"column-8\">                <a href=\"\/wp-content\/uploads\/sites\/77\/pdf\/monitoreo\/progs18\/RAG3\/196.pdf\" target=\"_blank\"><br \/>\n                    <i class=\"fa fa-download\"><\/i><\/a><\/td><td class=\"column-9\">                <a href=\"\/wp-content\/uploads\/sites\/77\/pdf\/monitoreo\/progs18\/RAG4\/196.pdf\" target=\"_blank\"><br \/>\n                    <i class=\"fa fa-download\"><\/i><\/a><\/td>\n<\/tr>\n<tr class=\"row-85\">\n\t<td class=\"column-1\">197<\/td><td class=\"column-2\">COMERCIALIZACI\u00d3N TUR\u00cdSTICA<\/td><td class=\"column-3\">                <a href=\"\/wp-content\/uploads\/sites\/77\/pdf\/monitoreo\/progs18\/mir\/197.pdf\" target=\"_blank\"><br \/>\n                    <i class=\"fa fa-download\"><\/i><\/a><\/td><td class=\"column-4\">                <a href=\"\/wp-content\/uploads\/sites\/77\/pdf\/monitoreo\/progs18\/fin\/197.pdf\" target=\"_blank\"><br \/>\n                    <i class=\"fa fa-download\"><\/i><\/a><\/td><td class=\"column-5\">                <a href=\"\/wp-content\/uploads\/sites\/77\/pdf\/monitoreo\/progs18\/proposito\/197.pdf\" target=\"_blank\"><br \/>\n                    <i class=\"fa fa-download\"><\/i><\/a><\/td><td class=\"column-6\">                <a href=\"\/wp-content\/uploads\/sites\/77\/pdf\/monitoreo\/progs18\/RAG1\/197.pdf\" target=\"_blank\"><br \/>\n                    <i class=\"fa fa-download\"><\/i><\/a><\/td><td class=\"column-7\">                <a href=\"\/wp-content\/uploads\/sites\/77\/pdf\/monitoreo\/progs18\/RAG2\/197.pdf\" target=\"_blank\"><br \/>\n                    <i class=\"fa fa-download\"><\/i><\/a><\/td><td class=\"column-8\">                <a href=\"\/wp-content\/uploads\/sites\/77\/pdf\/monitoreo\/progs18\/RAG3\/197.pdf\" target=\"_blank\"><br \/>\n                    <i class=\"fa fa-download\"><\/i><\/a><\/td><td class=\"column-9\">                <a href=\"\/wp-content\/uploads\/sites\/77\/pdf\/monitoreo\/progs18\/RAG4\/197.pdf\" target=\"_blank\"><br \/>\n                    <i class=\"fa fa-download\"><\/i><\/a><\/td>\n<\/tr>\n<tr class=\"row-86\">\n\t<td class=\"column-1\">198<\/td><td class=\"column-2\">DESARROLLO TUR\u00cdSTICO SUSTENTABLE<\/td><td class=\"column-3\">                <a href=\"\/wp-content\/uploads\/sites\/77\/pdf\/monitoreo\/progs18\/mir\/198.pdf\" target=\"_blank\"><br \/>\n                    <i class=\"fa fa-download\"><\/i><\/a><\/td><td class=\"column-4\">                <a href=\"\/wp-content\/uploads\/sites\/77\/pdf\/monitoreo\/progs18\/fin\/198.pdf\" target=\"_blank\"><br \/>\n                    <i class=\"fa fa-download\"><\/i><\/a><\/td><td class=\"column-5\">                <a href=\"\/wp-content\/uploads\/sites\/77\/pdf\/monitoreo\/progs18\/proposito\/198.pdf\" target=\"_blank\"><br \/>\n                    <i class=\"fa fa-download\"><\/i><\/a><\/td><td class=\"column-6\">                <a href=\"\/wp-content\/uploads\/sites\/77\/pdf\/monitoreo\/progs18\/RAG1\/198.pdf\" target=\"_blank\"><br \/>\n                    <i class=\"fa fa-download\"><\/i><\/a><\/td><td class=\"column-7\">                <a href=\"\/wp-content\/uploads\/sites\/77\/pdf\/monitoreo\/progs18\/RAG2\/198.pdf\" target=\"_blank\"><br \/>\n                    <i class=\"fa fa-download\"><\/i><\/a><\/td><td class=\"column-8\">                <a href=\"\/wp-content\/uploads\/sites\/77\/pdf\/monitoreo\/progs18\/RAG3\/198.pdf\" target=\"_blank\"><br \/>\n                    <i class=\"fa fa-download\"><\/i><\/a><\/td><td class=\"column-9\">                <a href=\"\/wp-content\/uploads\/sites\/77\/pdf\/monitoreo\/progs18\/RAG4\/198.pdf\" target=\"_blank\"><br \/>\n                    <i class=\"fa fa-download\"><\/i><\/a><\/td>\n<\/tr>\n<tr class=\"row-87\">\n\t<td class=\"column-1\">199<\/td><td class=\"column-2\">CONSTRUCCI\u00d3N Y MEJORA DE AEROPISTAS<\/td><td class=\"column-3\">                <a href=\"\/wp-content\/uploads\/sites\/77\/pdf\/monitoreo\/progs18\/mir\/199.pdf\" target=\"_blank\"><br \/>\n                    <i class=\"fa fa-download\"><\/i><\/a><\/td><td class=\"column-4\">                <a href=\"\/wp-content\/uploads\/sites\/77\/pdf\/monitoreo\/progs18\/fin\/199.pdf\" target=\"_blank\"><br \/>\n                    <i class=\"fa fa-download\"><\/i><\/a><\/td><td class=\"column-5\">                <a href=\"\/wp-content\/uploads\/sites\/77\/pdf\/monitoreo\/progs18\/proposito\/199.pdf\" target=\"_blank\"><br \/>\n                    <i class=\"fa fa-download\"><\/i><\/a><\/td><td class=\"column-6\">                <a href=\"\/wp-content\/uploads\/sites\/77\/pdf\/monitoreo\/progs18\/RAG1\/199.pdf\" target=\"_blank\"><br \/>\n                    <i class=\"fa fa-download\"><\/i><\/a><\/td><td class=\"column-7\">                <a href=\"\/wp-content\/uploads\/sites\/77\/pdf\/monitoreo\/progs18\/RAG2\/199.pdf\" target=\"_blank\"><br \/>\n                    <i class=\"fa fa-download\"><\/i><\/a><\/td><td class=\"column-8\">                <a href=\"\/wp-content\/uploads\/sites\/77\/pdf\/monitoreo\/progs18\/RAG3\/199.pdf\" target=\"_blank\"><br \/>\n                    <i class=\"fa fa-download\"><\/i><\/a><\/td><td class=\"column-9\">                <a href=\"\/wp-content\/uploads\/sites\/77\/pdf\/monitoreo\/progs18\/RAG4\/199.pdf\" target=\"_blank\"><br \/>\n                    <i class=\"fa fa-download\"><\/i><\/a><\/td>\n<\/tr>\n<tr class=\"row-88\">\n\t<td class=\"column-1\">200<\/td><td class=\"column-2\">AMPLIACI\u00d3N DE LA COBERTURA DE EDUCACI\u00d3N MEDIA SUPERIOR<\/td><td class=\"column-3\">                <a href=\"\/wp-content\/uploads\/sites\/77\/pdf\/monitoreo\/progs18\/mir\/200.pdf\" target=\"_blank\"><br \/>\n                    <i class=\"fa fa-download\"><\/i><\/a><\/td><td class=\"column-4\">                <a href=\"\/wp-content\/uploads\/sites\/77\/pdf\/monitoreo\/progs18\/fin\/200.pdf\" target=\"_blank\"><br \/>\n                    <i class=\"fa fa-download\"><\/i><\/a><\/td><td class=\"column-5\">                <a href=\"\/wp-content\/uploads\/sites\/77\/pdf\/monitoreo\/progs18\/proposito\/200.pdf\" target=\"_blank\"><br \/>\n                    <i class=\"fa fa-download\"><\/i><\/a><\/td><td class=\"column-6\">                <a href=\"\/wp-content\/uploads\/sites\/77\/pdf\/monitoreo\/progs18\/RAG1\/200.pdf\" target=\"_blank\"><br \/>\n                    <i class=\"fa fa-download\"><\/i><\/a><\/td><td class=\"column-7\">                <a href=\"\/wp-content\/uploads\/sites\/77\/pdf\/monitoreo\/progs18\/RAG2\/200.pdf\" target=\"_blank\"><br \/>\n                    <i class=\"fa fa-download\"><\/i><\/a><\/td><td class=\"column-8\">                <a href=\"\/wp-content\/uploads\/sites\/77\/pdf\/monitoreo\/progs18\/RAG3\/200.pdf\" target=\"_blank\"><br \/>\n                    <i class=\"fa fa-download\"><\/i><\/a><\/td><td class=\"column-9\">                <a href=\"\/wp-content\/uploads\/sites\/77\/pdf\/monitoreo\/progs18\/RAG4\/200.pdf\" target=\"_blank\"><br \/>\n                    <i class=\"fa fa-download\"><\/i><\/a><\/td>\n<\/tr>\n<tr class=\"row-89\">\n\t<td class=\"column-1\">201<\/td><td class=\"column-2\">SALVAGUARDAR EL PATRIMONIO CULTURAL E INMATERIAL<\/td><td class=\"column-3\">                <a href=\"\/wp-content\/uploads\/sites\/77\/pdf\/monitoreo\/progs18\/mir\/201.pdf\" target=\"_blank\"><br \/>\n                    <i class=\"fa fa-download\"><\/i><\/a><\/td><td class=\"column-4\">                <a href=\"\/wp-content\/uploads\/sites\/77\/pdf\/monitoreo\/progs18\/fin\/201.pdf\" target=\"_blank\"><br \/>\n                    <i class=\"fa fa-download\"><\/i><\/a><\/td><td class=\"column-5\">                <a href=\"\/wp-content\/uploads\/sites\/77\/pdf\/monitoreo\/progs18\/proposito\/201.pdf\" target=\"_blank\"><br \/>\n                    <i class=\"fa fa-download\"><\/i><\/a><\/td><td class=\"column-6\">                <a href=\"\/wp-content\/uploads\/sites\/77\/pdf\/monitoreo\/progs18\/RAG1\/201.pdf\" target=\"_blank\"><br \/>\n                    <i class=\"fa fa-download\"><\/i><\/a><\/td><td class=\"column-7\">                <a href=\"\/wp-content\/uploads\/sites\/77\/pdf\/monitoreo\/progs18\/RAG2\/201.pdf\" target=\"_blank\"><br \/>\n                    <i class=\"fa fa-download\"><\/i><\/a><\/td><td class=\"column-8\">                <a href=\"\/wp-content\/uploads\/sites\/77\/pdf\/monitoreo\/progs18\/RAG3\/201.pdf\" target=\"_blank\"><br \/>\n                    <i class=\"fa fa-download\"><\/i><\/a><\/td><td class=\"column-9\">                <a href=\"\/wp-content\/uploads\/sites\/77\/pdf\/monitoreo\/progs18\/RAG4\/201.pdf\" target=\"_blank\"><br \/>\n                    <i class=\"fa fa-download\"><\/i><\/a><\/td>\n<\/tr>\n<tr class=\"row-90\">\n\t<td class=\"column-1\">202<\/td><td class=\"column-2\">PRESERVAR EL PATRIMONIO EDIFICADO CON VALOR HIST\u00d3RICO Y ART\u00cdSTICO<\/td><td class=\"column-3\">                <a href=\"\/wp-content\/uploads\/sites\/77\/pdf\/monitoreo\/progs18\/mir\/202.pdf\" target=\"_blank\"><br \/>\n                    <i class=\"fa fa-download\"><\/i><\/a><\/td><td class=\"column-4\">                <a href=\"\/wp-content\/uploads\/sites\/77\/pdf\/monitoreo\/progs18\/fin\/202.pdf\" target=\"_blank\"><br \/>\n                    <i class=\"fa fa-download\"><\/i><\/a><\/td><td class=\"column-5\">                <a href=\"\/wp-content\/uploads\/sites\/77\/pdf\/monitoreo\/progs18\/proposito\/202.pdf\" target=\"_blank\"><br \/>\n                    <i class=\"fa fa-download\"><\/i><\/a><\/td><td class=\"column-6\">                <a href=\"\/wp-content\/uploads\/sites\/77\/pdf\/monitoreo\/progs18\/RAG1\/202.pdf\" target=\"_blank\"><br \/>\n                    <i class=\"fa fa-download\"><\/i><\/a><\/td><td class=\"column-7\">                <a href=\"\/wp-content\/uploads\/sites\/77\/pdf\/monitoreo\/progs18\/RAG2\/202.pdf\" target=\"_blank\"><br \/>\n                    <i class=\"fa fa-download\"><\/i><\/a><\/td><td class=\"column-8\">                <a href=\"\/wp-content\/uploads\/sites\/77\/pdf\/monitoreo\/progs18\/RAG3\/202.pdf\" target=\"_blank\"><br \/>\n                    <i class=\"fa fa-download\"><\/i><\/a><\/td><td class=\"column-9\">                <a href=\"\/wp-content\/uploads\/sites\/77\/pdf\/monitoreo\/progs18\/RAG4\/202.pdf\" target=\"_blank\"><br \/>\n                    <i class=\"fa fa-download\"><\/i><\/a><\/td>\n<\/tr>\n<tr class=\"row-91\">\n\t<td class=\"column-1\">203<\/td><td class=\"column-2\">DESARROLLO SUSTENTABLE Y SOSTENIBLE DE LA PRODUCCI\u00d3N CULTURAL<\/td><td class=\"column-3\">                <a href=\"\/wp-content\/uploads\/sites\/77\/pdf\/monitoreo\/progs18\/mir\/203.pdf\" target=\"_blank\"><br \/>\n                    <i class=\"fa fa-download\"><\/i><\/a><\/td><td class=\"column-4\">                <a href=\"\/wp-content\/uploads\/sites\/77\/pdf\/monitoreo\/progs18\/fin\/203.pdf\" target=\"_blank\"><br \/>\n                    <i class=\"fa fa-download\"><\/i><\/a><\/td><td class=\"column-5\">                <a href=\"\/wp-content\/uploads\/sites\/77\/pdf\/monitoreo\/progs18\/proposito\/203.pdf\" target=\"_blank\"><br \/>\n                    <i class=\"fa fa-download\"><\/i><\/a><\/td><td class=\"column-6\">                <a href=\"\/wp-content\/uploads\/sites\/77\/pdf\/monitoreo\/progs18\/RAG1\/203.pdf\" target=\"_blank\"><br \/>\n                    <i class=\"fa fa-download\"><\/i><\/a><\/td><td class=\"column-7\">                <a href=\"\/wp-content\/uploads\/sites\/77\/pdf\/monitoreo\/progs18\/RAG2\/203.pdf\" target=\"_blank\"><br \/>\n                    <i class=\"fa fa-download\"><\/i><\/a><\/td><td class=\"column-8\">                <a href=\"\/wp-content\/uploads\/sites\/77\/pdf\/monitoreo\/progs18\/RAG3\/203.pdf\" target=\"_blank\"><br \/>\n                    <i class=\"fa fa-download\"><\/i><\/a><\/td><td class=\"column-9\">                <a href=\"\/wp-content\/uploads\/sites\/77\/pdf\/monitoreo\/progs18\/RAG4\/203.pdf\" target=\"_blank\"><br \/>\n                    <i class=\"fa fa-download\"><\/i><\/a><\/td>\n<\/tr>\n<tr class=\"row-92\">\n\t<td class=\"column-1\">204<\/td><td class=\"column-2\">EVALUACI\u00d3N DE PROGRAMAS DE SEGURIDAD CIUDADANA Y PROCURACI\u00d3N DE JUSTICIA<\/td><td class=\"column-3\">                <a href=\"\/wp-content\/uploads\/sites\/77\/pdf\/monitoreo\/progs18\/mir\/204.pdf\" target=\"_blank\"><br \/>\n                    <i class=\"fa fa-download\"><\/i><\/a><\/td><td class=\"column-4\">                <a href=\"\/wp-content\/uploads\/sites\/77\/pdf\/monitoreo\/progs18\/fin\/204.pdf\" target=\"_blank\"><br \/>\n                    <i class=\"fa fa-download\"><\/i><\/a><\/td><td class=\"column-5\">                <a href=\"\/wp-content\/uploads\/sites\/77\/pdf\/monitoreo\/progs18\/proposito\/204.pdf\" target=\"_blank\"><br \/>\n                    <i class=\"fa fa-download\"><\/i><\/a><\/td><td class=\"column-6\">                <a href=\"\/wp-content\/uploads\/sites\/77\/pdf\/monitoreo\/progs18\/RAG1\/204.pdf\" target=\"_blank\"><br \/>\n                    <i class=\"fa fa-download\"><\/i><\/a><\/td><td class=\"column-7\">                <a href=\"\/wp-content\/uploads\/sites\/77\/pdf\/monitoreo\/progs18\/RAG2\/204.pdf\" target=\"_blank\"><br \/>\n                    <i class=\"fa fa-download\"><\/i><\/a><\/td><td class=\"column-8\">                <a href=\"\/wp-content\/uploads\/sites\/77\/pdf\/monitoreo\/progs18\/RAG3\/204.pdf\" target=\"_blank\"><br \/>\n                    <i class=\"fa fa-download\"><\/i><\/a><\/td><td class=\"column-9\">                <a href=\"\/wp-content\/uploads\/sites\/77\/pdf\/monitoreo\/progs18\/RAG4\/204.pdf\" target=\"_blank\"><br \/>\n                    <i class=\"fa fa-download\"><\/i><\/a><\/td>\n<\/tr>\n<tr class=\"row-93\">\n\t<td class=\"column-1\">205<\/td><td class=\"column-2\">COMBATE A LA CORRUPCI\u00d3N Y ACTUACI\u00d3N DE SERVIDORES P\u00daBLICOS<\/td><td class=\"column-3\">                <a href=\"\/wp-content\/uploads\/sites\/77\/pdf\/monitoreo\/progs18\/mir\/205.pdf\" target=\"_blank\"><br \/>\n                    <i class=\"fa fa-download\"><\/i><\/a><\/td><td class=\"column-4\">                <a href=\"\/wp-content\/uploads\/sites\/77\/pdf\/monitoreo\/progs18\/fin\/205.pdf\" target=\"_blank\"><br \/>\n                    <i class=\"fa fa-download\"><\/i><\/a><\/td><td class=\"column-5\">                <a href=\"\/wp-content\/uploads\/sites\/77\/pdf\/monitoreo\/progs18\/proposito\/205.pdf\" target=\"_blank\"><br \/>\n                    <i class=\"fa fa-download\"><\/i><\/a><\/td><td class=\"column-6\">                <a href=\"\/wp-content\/uploads\/sites\/77\/pdf\/monitoreo\/progs18\/RAG1\/205.pdf\" target=\"_blank\"><br \/>\n                    <i class=\"fa fa-download\"><\/i><\/a><\/td><td class=\"column-7\">                <a href=\"\/wp-content\/uploads\/sites\/77\/pdf\/monitoreo\/progs18\/RAG2\/205.pdf\" target=\"_blank\"><br \/>\n                    <i class=\"fa fa-download\"><\/i><\/a><\/td><td class=\"column-8\">                <a href=\"\/wp-content\/uploads\/sites\/77\/pdf\/monitoreo\/progs18\/RAG3\/205.pdf\" target=\"_blank\"><br \/>\n                    <i class=\"fa fa-download\"><\/i><\/a><\/td><td class=\"column-9\">                <a href=\"\/wp-content\/uploads\/sites\/77\/pdf\/monitoreo\/progs18\/RAG4\/205.pdf\" target=\"_blank\"><br \/>\n                    <i class=\"fa fa-download\"><\/i><\/a><\/td>\n<\/tr>\n<tr class=\"row-94\">\n\t<td class=\"column-1\">206<\/td><td class=\"column-2\">VAMOS JUNTOS A LA ESCUELA<\/td><td class=\"column-3\">                <a href=\"\/wp-content\/uploads\/sites\/77\/pdf\/monitoreo\/progs18\/mir\/206.pdf\" target=\"_blank\"><br \/>\n                    <i class=\"fa fa-download\"><\/i><\/a><\/td><td class=\"column-4\">                <a href=\"\/wp-content\/uploads\/sites\/77\/pdf\/monitoreo\/progs18\/fin\/206.pdf\" target=\"_blank\"><br \/>\n                    <i class=\"fa fa-download\"><\/i><\/a><\/td><td class=\"column-5\">                <a href=\"\/wp-content\/uploads\/sites\/77\/pdf\/monitoreo\/progs18\/proposito\/206.pdf\" target=\"_blank\"><br \/>\n                    <i class=\"fa fa-download\"><\/i><\/a><\/td><td class=\"column-6\">                <a href=\"\/wp-content\/uploads\/sites\/77\/pdf\/monitoreo\/progs18\/RAG1\/206.pdf\" target=\"_blank\"><br \/>\n                    <i class=\"fa fa-download\"><\/i><\/a><\/td><td class=\"column-7\">                <a href=\"\/wp-content\/uploads\/sites\/77\/pdf\/monitoreo\/progs18\/RAG2\/206.pdf\" target=\"_blank\"><br \/>\n                    <i class=\"fa fa-download\"><\/i><\/a><\/td><td class=\"column-8\">                <a href=\"\/wp-content\/uploads\/sites\/77\/pdf\/monitoreo\/progs18\/RAG3\/206.pdf\" target=\"_blank\"><br \/>\n                    <i class=\"fa fa-download\"><\/i><\/a><\/td><td class=\"column-9\">                <a href=\"\/wp-content\/uploads\/sites\/77\/pdf\/monitoreo\/progs18\/RAG4\/206.pdf\" target=\"_blank\"><br \/>\n                    <i class=\"fa fa-download\"><\/i><\/a><\/td>\n<\/tr>\n<tr class=\"row-95\">\n\t<td class=\"column-1\">207<\/td><td class=\"column-2\">FORTALECIMIENTO A LA INFRAESTRUCTURA F\u00cdSICA EDUCATIVA<\/td><td class=\"column-3\">                <a href=\"\/wp-content\/uploads\/sites\/77\/pdf\/monitoreo\/progs18\/mir\/207.pdf\" target=\"_blank\"><br \/>\n                    <i class=\"fa fa-download\"><\/i><\/a><\/td><td class=\"column-4\">                <a href=\"\/wp-content\/uploads\/sites\/77\/pdf\/monitoreo\/progs18\/fin\/207.pdf\" target=\"_blank\"><br \/>\n                    <i class=\"fa fa-download\"><\/i><\/a><\/td><td class=\"column-5\">                <a href=\"\/wp-content\/uploads\/sites\/77\/pdf\/monitoreo\/progs18\/proposito\/207.pdf\" target=\"_blank\"><br \/>\n                    <i class=\"fa fa-download\"><\/i><\/a><\/td><td class=\"column-6\">                <a href=\"\/wp-content\/uploads\/sites\/77\/pdf\/monitoreo\/progs18\/RAG1\/207.pdf\" target=\"_blank\"><br \/>\n                    <i class=\"fa fa-download\"><\/i><\/a><\/td><td class=\"column-7\">                <a href=\"\/wp-content\/uploads\/sites\/77\/pdf\/monitoreo\/progs18\/RAG2\/207.pdf\" target=\"_blank\"><br \/>\n                    <i class=\"fa fa-download\"><\/i><\/a><\/td><td class=\"column-8\">                <a href=\"\/wp-content\/uploads\/sites\/77\/pdf\/monitoreo\/progs18\/RAG3\/207.pdf\" target=\"_blank\"><br \/>\n                    <i class=\"fa fa-download\"><\/i><\/a><\/td><td class=\"column-9\">                <a href=\"\/wp-content\/uploads\/sites\/77\/pdf\/monitoreo\/progs18\/RAG4\/207.pdf\" target=\"_blank\"><br \/>\n                    <i class=\"fa fa-download\"><\/i><\/a><\/td>\n<\/tr>\n<tr class=\"row-96\">\n\t<td class=\"column-1\">208<\/td><td class=\"column-2\">INCLUSI\u00d3N ECON\u00d3MICA DE LOS MIGRANTES Y SUS FAMILIAS<\/td><td class=\"column-3\">                <a href=\"\/wp-content\/uploads\/sites\/77\/pdf\/monitoreo\/progs18\/mir\/208.pdf\" target=\"_blank\"><br \/>\n                    <i class=\"fa fa-download\"><\/i><\/a><\/td><td class=\"column-4\">                <a href=\"\/wp-content\/uploads\/sites\/77\/pdf\/monitoreo\/progs18\/fin\/208.pdf\" target=\"_blank\"><br \/>\n                    <i class=\"fa fa-download\"><\/i><\/a><\/td><td class=\"column-5\">                <a href=\"\/wp-content\/uploads\/sites\/77\/pdf\/monitoreo\/progs18\/proposito\/208.pdf\" target=\"_blank\"><br \/>\n                    <i class=\"fa fa-download\"><\/i><\/a><\/td><td class=\"column-6\">                <a href=\"\/wp-content\/uploads\/sites\/77\/pdf\/monitoreo\/progs18\/RAG1\/208.pdf\" target=\"_blank\"><br \/>\n                    <i class=\"fa fa-download\"><\/i><\/a><\/td><td class=\"column-7\">                <a href=\"\/wp-content\/uploads\/sites\/77\/pdf\/monitoreo\/progs18\/RAG2\/208.pdf\" target=\"_blank\"><br \/>\n                    <i class=\"fa fa-download\"><\/i><\/a><\/td><td class=\"column-8\">                <a href=\"\/wp-content\/uploads\/sites\/77\/pdf\/monitoreo\/progs18\/RAG3\/208.pdf\" target=\"_blank\"><br \/>\n                    <i class=\"fa fa-download\"><\/i><\/a><\/td><td class=\"column-9\">                <a href=\"\/wp-content\/uploads\/sites\/77\/pdf\/monitoreo\/progs18\/RAG4\/208.pdf\" target=\"_blank\"><br \/>\n                    <i class=\"fa fa-download\"><\/i><\/a><\/td>\n<\/tr>\n<tr class=\"row-97\">\n\t<td class=\"column-1\">209<\/td><td class=\"column-2\">MOVILIDAD INTEGRAL URBANA<\/td><td class=\"column-3\">                <a href=\"\/wp-content\/uploads\/sites\/77\/pdf\/monitoreo\/progs18\/mir\/209.pdf\" target=\"_blank\"><br \/>\n                    <i class=\"fa fa-download\"><\/i><\/a><\/td><td class=\"column-4\">                <a href=\"\/wp-content\/uploads\/sites\/77\/pdf\/monitoreo\/progs18\/fin\/209.pdf\" target=\"_blank\"><br \/>\n                    <i class=\"fa fa-download\"><\/i><\/a><\/td><td class=\"column-5\">                <a href=\"\/wp-content\/uploads\/sites\/77\/pdf\/monitoreo\/progs18\/proposito\/209.pdf\" target=\"_blank\"><br \/>\n                    <i class=\"fa fa-download\"><\/i><\/a><\/td><td class=\"column-6\">                <a href=\"\/wp-content\/uploads\/sites\/77\/pdf\/monitoreo\/progs18\/RAG1\/209.pdf\" target=\"_blank\"><br \/>\n                    <i class=\"fa fa-download\"><\/i><\/a><\/td><td class=\"column-7\">                <a href=\"\/wp-content\/uploads\/sites\/77\/pdf\/monitoreo\/progs18\/RAG2\/209.pdf\" target=\"_blank\"><br \/>\n                    <i class=\"fa fa-download\"><\/i><\/a><\/td><td class=\"column-8\">                <a href=\"\/wp-content\/uploads\/sites\/77\/pdf\/monitoreo\/progs18\/RAG3\/209.pdf\" target=\"_blank\"><br \/>\n                    <i class=\"fa fa-download\"><\/i><\/a><\/td><td class=\"column-9\">                <a href=\"\/wp-content\/uploads\/sites\/77\/pdf\/monitoreo\/progs18\/RAG4\/209.pdf\" target=\"_blank\"><br \/>\n                    <i class=\"fa fa-download\"><\/i><\/a><\/td>\n<\/tr>\n<tr class=\"row-98\">\n\t<td class=\"column-1\">210<\/td><td class=\"column-2\">ATRACCI\u00d3N DE INVERSIONES<\/td><td class=\"column-3\">                <a href=\"\/wp-content\/uploads\/sites\/77\/pdf\/monitoreo\/progs18\/mir\/210.pdf\" target=\"_blank\"><br \/>\n                    <i class=\"fa fa-download\"><\/i><\/a><\/td><td class=\"column-4\">                <a href=\"\/wp-content\/uploads\/sites\/77\/pdf\/monitoreo\/progs18\/fin\/210.pdf\" target=\"_blank\"><br \/>\n                    <i class=\"fa fa-download\"><\/i><\/a><\/td><td class=\"column-5\">                <a href=\"\/wp-content\/uploads\/sites\/77\/pdf\/monitoreo\/progs18\/proposito\/210.pdf\" target=\"_blank\"><br \/>\n                    <i class=\"fa fa-download\"><\/i><\/a><\/td><td class=\"column-6\">                <a href=\"\/wp-content\/uploads\/sites\/77\/pdf\/monitoreo\/progs18\/RAG1\/210.pdf\" target=\"_blank\"><br \/>\n                    <i class=\"fa fa-download\"><\/i><\/a><\/td><td class=\"column-7\">                <a href=\"\/wp-content\/uploads\/sites\/77\/pdf\/monitoreo\/progs18\/RAG2\/210.pdf\" target=\"_blank\"><br \/>\n                    <i class=\"fa fa-download\"><\/i><\/a><\/td><td class=\"column-8\">                <a href=\"\/wp-content\/uploads\/sites\/77\/pdf\/monitoreo\/progs18\/RAG3\/210.pdf\" target=\"_blank\"><br \/>\n                    <i class=\"fa fa-download\"><\/i><\/a><\/td><td class=\"column-9\">                <a href=\"\/wp-content\/uploads\/sites\/77\/pdf\/monitoreo\/progs18\/RAG4\/210.pdf\" target=\"_blank\"><br \/>\n                    <i class=\"fa fa-download\"><\/i><\/a><\/td>\n<\/tr>\n<tr class=\"row-99\">\n\t<td class=\"column-1\">212<\/td><td class=\"column-2\">ECONOM\u00cdA SOCIAL INCLUYENTE<\/td><td class=\"column-3\">                <a href=\"\/wp-content\/uploads\/sites\/77\/pdf\/monitoreo\/progs18\/mir\/212.pdf\" target=\"_blank\"><br \/>\n                    <i class=\"fa fa-download\"><\/i><\/a><\/td><td class=\"column-4\">                <a href=\"\/wp-content\/uploads\/sites\/77\/pdf\/monitoreo\/progs18\/fin\/212.pdf\" target=\"_blank\"><br \/>\n                    <i class=\"fa fa-download\"><\/i><\/a><\/td><td class=\"column-5\">                <a href=\"\/wp-content\/uploads\/sites\/77\/pdf\/monitoreo\/progs18\/proposito\/212.pdf\" target=\"_blank\"><br \/>\n                    <i class=\"fa fa-download\"><\/i><\/a><\/td><td class=\"column-6\">                <a href=\"\/wp-content\/uploads\/sites\/77\/pdf\/monitoreo\/progs18\/RAG1\/212.pdf\" target=\"_blank\"><br \/>\n                    <i class=\"fa fa-download\"><\/i><\/a><\/td><td class=\"column-7\">                <a href=\"\/wp-content\/uploads\/sites\/77\/pdf\/monitoreo\/progs18\/RAG2\/212.pdf\" target=\"_blank\"><br \/>\n                    <i class=\"fa fa-download\"><\/i><\/a><\/td><td class=\"column-8\">                <a href=\"\/wp-content\/uploads\/sites\/77\/pdf\/monitoreo\/progs18\/RAG3\/212.pdf\" target=\"_blank\"><br \/>\n                    <i class=\"fa fa-download\"><\/i><\/a><\/td><td class=\"column-9\">                <a href=\"\/wp-content\/uploads\/sites\/77\/pdf\/monitoreo\/progs18\/RAG4\/212.pdf\" target=\"_blank\"><br \/>\n                    <i class=\"fa fa-download\"><\/i><\/a><\/td>\n<\/tr>\n<\/tbody>\n<\/table>\n\n<\/div>\n<div id=\"nav_2017\" class=\"tab-pane fade\" role=\"tabpanel\" aria-labelledby=\"nav_tab_2017\">\n<h4>Matriz de Indicadores para Resultados 2017<\/h4>\n\n<table id=\"tablepress-10\" class=\"tablepress tablepress-id-10\">\n<thead>\n<tr class=\"row-1\">\n\t<th class=\"column-1\">N\u00fam.<\/th><th class=\"column-2\">Programa<\/th><th class=\"column-3\">MIR<\/th><th colspan=\"2\" class=\"column-4\">Fichas T\u00e9cnicas<\/th><th colspan=\"4\" class=\"column-6\">Reporte anual<\/th>\n<\/tr>\n<\/thead>\n<tbody class=\"row-striping row-hover\">\n<tr class=\"row-2\">\n\t<td class=\"column-1\"><\/td><td class=\"column-2\"><\/td><td class=\"column-3\"><\/td><td class=\"column-4\">Fin<\/td><td class=\"column-5\">Prop\u00f3sito<\/td><td class=\"column-6\">1er. Trimestre<\/td><td class=\"column-7\">2o. Trimestre<\/td><td class=\"column-8\">3o. Trimestre<\/td><td class=\"column-9\">4o. Trimestre<\/td>\n<\/tr>\n<tr class=\"row-3\">\n\t<td class=\"column-1\">101<\/td><td class=\"column-2\">MEJORAMIENTO, CONSTRUCCI\u00d3N Y REUBICACI\u00d3N DE LA VIVIENDA<\/td><td class=\"column-3\">                <a href=\"\/wp-content\/uploads\/sites\/77\/pdf\/monitoreo\/progs17\/mir\/101.pdf\" target=\"_blank\"><br \/>\n                    <i class=\"fa fa-download\"><\/i><\/a><\/td><td class=\"column-4\">                <a href=\"\/wp-content\/uploads\/sites\/77\/pdf\/monitoreo\/progs17\/fin\/101.pdf\" target=\"_blank\"><br \/>\n                    <i class=\"fa fa-download\"><\/i><\/a><\/td><td class=\"column-5\">                <a href=\"\/wp-content\/uploads\/sites\/77\/pdf\/monitoreo\/progs17\/proposito\/101.pdf\" target=\"_blank\"><br \/>\n                    <i class=\"fa fa-download\"><\/i><\/a><\/td><td class=\"column-6\">                <a href=\"\/wp-content\/uploads\/sites\/77\/pdf\/monitoreo\/progs17\/RAG1\/RAG1_101.pdf\" target=\"_blank\"><br \/>\n                    <i class=\"fa fa-download\"><\/i><\/a><\/td><td class=\"column-7\">                <a href=\"\/wp-content\/uploads\/sites\/77\/pdf\/monitoreo\/progs17\/RAG2\/RAG2_101.pdf\" target=\"_blank\"><br \/>\n                    <i class=\"fa fa-download\"><\/i><\/a><\/td><td class=\"column-8\">                <a href=\"\/wp-content\/uploads\/sites\/77\/pdf\/monitoreo\/progs17\/RAG3\/RAG3_101.pdf\" target=\"_blank\"><br \/>\n                    <i class=\"fa fa-download\"><\/i><\/a><\/td><td class=\"column-9\">                <a href=\"\/wp-content\/uploads\/sites\/77\/pdf\/monitoreo\/progs17\/RAG4\/RAG4_101.pdf\" target=\"_blank\"><br \/>\n                    <i class=\"fa fa-download\"><\/i><\/a><\/td>\n<\/tr>\n<tr class=\"row-4\">\n\t<td class=\"column-1\">102<\/td><td class=\"column-2\">GOBERNABILIDAD DEMOCR\u00c1TICA<\/td><td class=\"column-3\">                <a href=\"\/wp-content\/uploads\/sites\/77\/pdf\/monitoreo\/progs17\/mir\/102.pdf\" target=\"_blank\"><br \/>\n                    <i class=\"fa fa-download\"><\/i><\/a><\/td><td class=\"column-4\">                <a href=\"\/wp-content\/uploads\/sites\/77\/pdf\/monitoreo\/progs17\/fin\/102.pdf\" target=\"_blank\"><br \/>\n                    <i class=\"fa fa-download\"><\/i><\/a><\/td><td class=\"column-5\">                <a href=\"\/wp-content\/uploads\/sites\/77\/pdf\/monitoreo\/progs17\/proposito\/102.pdf\" target=\"_blank\"><br \/>\n                    <i class=\"fa fa-download\"><\/i><\/a><\/td><td class=\"column-6\">                <a href=\"\/wp-content\/uploads\/sites\/77\/pdf\/monitoreo\/progs17\/RAG1\/RAG1_102.pdf\" target=\"_blank\"><br \/>\n                    <i class=\"fa fa-download\"><\/i><\/a><\/td><td class=\"column-7\">                <a href=\"\/wp-content\/uploads\/sites\/77\/pdf\/monitoreo\/progs17\/RAG2\/RAG2_102.pdf\" target=\"_blank\"><br \/>\n                    <i class=\"fa fa-download\"><\/i><\/a><\/td><td class=\"column-8\">                <a href=\"\/wp-content\/uploads\/sites\/77\/pdf\/monitoreo\/progs17\/RAG3\/RAG3_102.pdf\" target=\"_blank\"><br \/>\n                    <i class=\"fa fa-download\"><\/i><\/a><\/td><td class=\"column-9\">                <a href=\"\/wp-content\/uploads\/sites\/77\/pdf\/monitoreo\/progs17\/RAG4\/RAG4_102.pdf\" target=\"_blank\"><br \/>\n                    <i class=\"fa fa-download\"><\/i><\/a><\/td>\n<\/tr>\n<tr class=\"row-5\">\n\t<td class=\"column-1\">103<\/td><td class=\"column-2\">PROMOCI\u00d3N Y DESARROLLO TUR\u00cdSTICO<\/td><td class=\"column-3\">                <a href=\"\/wp-content\/uploads\/sites\/77\/pdf\/monitoreo\/progs17\/mir\/103.pdf\" target=\"_blank\"><br \/>\n                    <i class=\"fa fa-download\"><\/i><\/a><\/td><td class=\"column-4\">                <a href=\"\/wp-content\/uploads\/sites\/77\/pdf\/monitoreo\/progs17\/fin\/103.pdf\" target=\"_blank\"><br \/>\n                    <i class=\"fa fa-download\"><\/i><\/a><\/td><td class=\"column-5\">                <a href=\"\/wp-content\/uploads\/sites\/77\/pdf\/monitoreo\/progs17\/proposito\/103.pdf\" target=\"_blank\"><br \/>\n                    <i class=\"fa fa-download\"><\/i><\/a><\/td><td class=\"column-6\">                <a href=\"\/wp-content\/uploads\/sites\/77\/pdf\/monitoreo\/progs17\/RAG1\/RAG1_103.pdf\" target=\"_blank\"><br \/>\n                    <i class=\"fa fa-download\"><\/i><\/a><\/td><td class=\"column-7\">                <a href=\"\/wp-content\/uploads\/sites\/77\/pdf\/monitoreo\/progs17\/RAG2\/RAG2_103.pdf\" target=\"_blank\"><br \/>\n                    <i class=\"fa fa-download\"><\/i><\/a><\/td><td class=\"column-8\">                <a href=\"\/wp-content\/uploads\/sites\/77\/pdf\/monitoreo\/progs17\/RAG3\/RAG3_103.pdf\" target=\"_blank\"><br \/>\n                    <i class=\"fa fa-download\"><\/i><\/a><\/td><td class=\"column-9\">                <a href=\"\/wp-content\/uploads\/sites\/77\/pdf\/monitoreo\/progs17\/RAG4\/RAG4_103.pdf\" target=\"_blank\"><br \/>\n                    <i class=\"fa fa-download\"><\/i><\/a><\/td>\n<\/tr>\n<tr class=\"row-6\">\n\t<td class=\"column-1\">104<\/td><td class=\"column-2\">INVESTIGACI\u00d3N CIENT\u00cdFICA Y TECNOL\u00d3GICA<\/td><td class=\"column-3\">                <a href=\"\/wp-content\/uploads\/sites\/77\/pdf\/monitoreo\/progs17\/mir\/104.pdf\" target=\"_blank\"><br \/>\n                    <i class=\"fa fa-download\"><\/i><\/a><\/td><td class=\"column-4\">                <a href=\"\/wp-content\/uploads\/sites\/77\/pdf\/monitoreo\/progs17\/fin\/104.pdf\" target=\"_blank\"><br \/>\n                    <i class=\"fa fa-download\"><\/i><\/a><\/td><td class=\"column-5\">                <a href=\"\/wp-content\/uploads\/sites\/77\/pdf\/monitoreo\/progs17\/proposito\/104.pdf\" target=\"_blank\"><br \/>\n                    <i class=\"fa fa-download\"><\/i><\/a><\/td><td class=\"column-6\">                <a href=\"\/wp-content\/uploads\/sites\/77\/pdf\/monitoreo\/progs17\/RAG1\/RAG1_104.pdf\" target=\"_blank\"><br \/>\n                    <i class=\"fa fa-download\"><\/i><\/a><\/td><td class=\"column-7\">                <a href=\"\/wp-content\/uploads\/sites\/77\/pdf\/monitoreo\/progs17\/RAG2\/RAG2_104.pdf\" target=\"_blank\"><br \/>\n                    <i class=\"fa fa-download\"><\/i><\/a><\/td><td class=\"column-8\">                <a href=\"\/wp-content\/uploads\/sites\/77\/pdf\/monitoreo\/progs17\/RAG3\/RAG3_104.pdf\" target=\"_blank\"><br \/>\n                    <i class=\"fa fa-download\"><\/i><\/a><\/td><td class=\"column-9\">                <a href=\"\/wp-content\/uploads\/sites\/77\/pdf\/monitoreo\/progs17\/RAG4\/RAG4_104.pdf\" target=\"_blank\"><br \/>\n                    <i class=\"fa fa-download\"><\/i><\/a><\/td>\n<\/tr>\n<tr class=\"row-7\">\n\t<td class=\"column-1\">105<\/td><td class=\"column-2\">EDUCACI\u00d3N B\u00c1SICA DE CALIDAD<\/td><td class=\"column-3\">                <a href=\"\/wp-content\/uploads\/sites\/77\/pdf\/monitoreo\/progs17\/mir\/105.pdf\" target=\"_blank\"><br \/>\n                    <i class=\"fa fa-download\"><\/i><\/a><\/td><td class=\"column-4\">                <a href=\"\/wp-content\/uploads\/sites\/77\/pdf\/monitoreo\/progs17\/fin\/105.pdf\" target=\"_blank\"><br \/>\n                    <i class=\"fa fa-download\"><\/i><\/a><\/td><td class=\"column-5\">                <a href=\"\/wp-content\/uploads\/sites\/77\/pdf\/monitoreo\/progs17\/proposito\/105.pdf\" target=\"_blank\"><br \/>\n                    <i class=\"fa fa-download\"><\/i><\/a><\/td><td class=\"column-6\">                <a href=\"\/wp-content\/uploads\/sites\/77\/pdf\/monitoreo\/progs17\/RAG1\/RAG1_105.pdf\" target=\"_blank\"><br \/>\n                    <i class=\"fa fa-download\"><\/i><\/a><\/td><td class=\"column-7\">                <a href=\"\/wp-content\/uploads\/sites\/77\/pdf\/monitoreo\/progs17\/RAG2\/RAG2_105.pdf\" target=\"_blank\"><br \/>\n                    <i class=\"fa fa-download\"><\/i><\/a><\/td><td class=\"column-8\">                <a href=\"\/wp-content\/uploads\/sites\/77\/pdf\/monitoreo\/progs17\/RAG3\/RAG3_105.pdf\" target=\"_blank\"><br \/>\n                    <i class=\"fa fa-download\"><\/i><\/a><\/td><td class=\"column-9\">                <a href=\"\/wp-content\/uploads\/sites\/77\/pdf\/monitoreo\/progs17\/RAG4\/RAG4_105.pdf\" target=\"_blank\"><br \/>\n                    <i class=\"fa fa-download\"><\/i><\/a><\/td>\n<\/tr>\n<tr class=\"row-8\">\n\t<td class=\"column-1\">106<\/td><td class=\"column-2\">CAPACITACI\u00d3N Y PROFESIONALIZACI\u00d3N PARA Y EN EL TRABAJO<\/td><td class=\"column-3\">                <a href=\"\/wp-content\/uploads\/sites\/77\/pdf\/monitoreo\/progs17\/mir\/106.pdf\" target=\"_blank\"><br \/>\n                    <i class=\"fa fa-download\"><\/i><\/a><\/td><td class=\"column-4\">                <a href=\"\/wp-content\/uploads\/sites\/77\/pdf\/monitoreo\/progs17\/fin\/106.pdf\" target=\"_blank\"><br \/>\n                    <i class=\"fa fa-download\"><\/i><\/a><\/td><td class=\"column-5\">                <a href=\"\/wp-content\/uploads\/sites\/77\/pdf\/monitoreo\/progs17\/proposito\/106.pdf\" target=\"_blank\"><br \/>\n                    <i class=\"fa fa-download\"><\/i><\/a><\/td><td class=\"column-6\">                <a href=\"\/wp-content\/uploads\/sites\/77\/pdf\/monitoreo\/progs17\/RAG1\/RAG1_106.pdf\" target=\"_blank\"><br \/>\n                    <i class=\"fa fa-download\"><\/i><\/a><\/td><td class=\"column-7\">                <a href=\"\/wp-content\/uploads\/sites\/77\/pdf\/monitoreo\/progs17\/RAG2\/RAG2_106.pdf\" target=\"_blank\"><br \/>\n                    <i class=\"fa fa-download\"><\/i><\/a><\/td><td class=\"column-8\">                <a href=\"\/wp-content\/uploads\/sites\/77\/pdf\/monitoreo\/progs17\/RAG3\/RAG3_106.pdf\" target=\"_blank\"><br \/>\n                    <i class=\"fa fa-download\"><\/i><\/a><\/td><td class=\"column-9\">                <a href=\"\/wp-content\/uploads\/sites\/77\/pdf\/monitoreo\/progs17\/RAG4\/RAG4_106.pdf\" target=\"_blank\"><br \/>\n                    <i class=\"fa fa-download\"><\/i><\/a><\/td>\n<\/tr>\n<tr class=\"row-9\">\n\t<td class=\"column-1\">107<\/td><td class=\"column-2\">CERTEZA JUR\u00cdDICA PARA LA SOCIEDAD<\/td><td class=\"column-3\">                <a href=\"\/wp-content\/uploads\/sites\/77\/pdf\/monitoreo\/progs17\/mir\/107.pdf\" target=\"_blank\"><br \/>\n                    <i class=\"fa fa-download\"><\/i><\/a><\/td><td class=\"column-4\">                <a href=\"\/wp-content\/uploads\/sites\/77\/pdf\/monitoreo\/progs17\/fin\/107.pdf\" target=\"_blank\"><br \/>\n                    <i class=\"fa fa-download\"><\/i><\/a><\/td><td class=\"column-5\">                <a href=\"\/wp-content\/uploads\/sites\/77\/pdf\/monitoreo\/progs17\/proposito\/107.pdf\" target=\"_blank\"><br \/>\n                    <i class=\"fa fa-download\"><\/i><\/a><\/td><td class=\"column-6\">                <a href=\"\/wp-content\/uploads\/sites\/77\/pdf\/monitoreo\/progs17\/RAG1\/RAG1_107.pdf\" target=\"_blank\"><br \/>\n                    <i class=\"fa fa-download\"><\/i><\/a><\/td><td class=\"column-7\">                <a href=\"\/wp-content\/uploads\/sites\/77\/pdf\/monitoreo\/progs17\/RAG2\/RAG2_107.pdf\" target=\"_blank\"><br \/>\n                    <i class=\"fa fa-download\"><\/i><\/a><\/td><td class=\"column-8\">                <a href=\"\/wp-content\/uploads\/sites\/77\/pdf\/monitoreo\/progs17\/RAG3\/RAG3_107.pdf\" target=\"_blank\"><br \/>\n                    <i class=\"fa fa-download\"><\/i><\/a><\/td><td class=\"column-9\">                <a href=\"\/wp-content\/uploads\/sites\/77\/pdf\/monitoreo\/progs17\/RAG4\/RAG4_107.pdf\" target=\"_blank\"><br \/>\n                    <i class=\"fa fa-download\"><\/i><\/a><\/td>\n<\/tr>\n<tr class=\"row-10\">\n\t<td class=\"column-1\">108<\/td><td class=\"column-2\">AMPLIACI\u00d3N Y MEJORA DE CAMINOS RURALES<\/td><td class=\"column-3\">                <a href=\"\/wp-content\/uploads\/sites\/77\/pdf\/monitoreo\/progs17\/mir\/108.pdf\" target=\"_blank\"><br \/>\n                    <i class=\"fa fa-download\"><\/i><\/a><\/td><td class=\"column-4\">                <a href=\"\/wp-content\/uploads\/sites\/77\/pdf\/monitoreo\/progs17\/fin\/108.pdf\" target=\"_blank\"><br \/>\n                    <i class=\"fa fa-download\"><\/i><\/a><\/td><td class=\"column-5\">                <a href=\"\/wp-content\/uploads\/sites\/77\/pdf\/monitoreo\/progs17\/proposito\/108.pdf\" target=\"_blank\"><br \/>\n                    <i class=\"fa fa-download\"><\/i><\/a><\/td><td class=\"column-6\">                <a href=\"\/wp-content\/uploads\/sites\/77\/pdf\/monitoreo\/progs17\/RAG1\/RAG1_108.pdf\" target=\"_blank\"><br \/>\n                    <i class=\"fa fa-download\"><\/i><\/a><\/td><td class=\"column-7\">                <a href=\"\/wp-content\/uploads\/sites\/77\/pdf\/monitoreo\/progs17\/RAG2\/RAG2_108.pdf\" target=\"_blank\"><br \/>\n                    <i class=\"fa fa-download\"><\/i><\/a><\/td><td class=\"column-8\">                <a href=\"\/wp-content\/uploads\/sites\/77\/pdf\/monitoreo\/progs17\/RAG3\/RAG3_108.pdf\" target=\"_blank\"><br \/>\n                    <i class=\"fa fa-download\"><\/i><\/a><\/td><td class=\"column-9\">                <a href=\"\/wp-content\/uploads\/sites\/77\/pdf\/monitoreo\/progs17\/RAG4\/RAG4_108.pdf\" target=\"_blank\"><br \/>\n                    <i class=\"fa fa-download\"><\/i><\/a><\/td>\n<\/tr>\n<tr class=\"row-11\">\n\t<td class=\"column-1\">109<\/td><td class=\"column-2\">DESARROLLO AGR\u00cdCOLA<\/td><td class=\"column-3\">                <a href=\"\/wp-content\/uploads\/sites\/77\/pdf\/monitoreo\/progs17\/mir\/109.pdf\" target=\"_blank\"><br \/>\n                    <i class=\"fa fa-download\"><\/i><\/a><\/td><td class=\"column-4\">                <a href=\"\/wp-content\/uploads\/sites\/77\/pdf\/monitoreo\/progs17\/fin\/109.pdf\" target=\"_blank\"><br \/>\n                    <i class=\"fa fa-download\"><\/i><\/a><\/td><td class=\"column-5\">                <a href=\"\/wp-content\/uploads\/sites\/77\/pdf\/monitoreo\/progs17\/proposito\/109.pdf\" target=\"_blank\"><br \/>\n                    <i class=\"fa fa-download\"><\/i><\/a><\/td><td class=\"column-6\">                <a href=\"\/wp-content\/uploads\/sites\/77\/pdf\/monitoreo\/progs17\/RAG1\/RAG1_109.pdf\" target=\"_blank\"><br \/>\n                    <i class=\"fa fa-download\"><\/i><\/a><\/td><td class=\"column-7\">                <a href=\"\/wp-content\/uploads\/sites\/77\/pdf\/monitoreo\/progs17\/RAG2\/RAG2_109.pdf\" target=\"_blank\"><br \/>\n                    <i class=\"fa fa-download\"><\/i><\/a><\/td><td class=\"column-8\">                <a href=\"\/wp-content\/uploads\/sites\/77\/pdf\/monitoreo\/progs17\/RAG3\/RAG3_109.pdf\" target=\"_blank\"><br \/>\n                    <i class=\"fa fa-download\"><\/i><\/a><\/td><td class=\"column-9\">                <a href=\"\/wp-content\/uploads\/sites\/77\/pdf\/monitoreo\/progs17\/RAG4\/RAG4_109.pdf\" target=\"_blank\"><br \/>\n                    <i class=\"fa fa-download\"><\/i><\/a><\/td>\n<\/tr>\n<tr class=\"row-12\">\n\t<td class=\"column-1\">110<\/td><td class=\"column-2\">DESARROLLO PECUARIO<\/td><td class=\"column-3\">                <a href=\"\/wp-content\/uploads\/sites\/77\/pdf\/monitoreo\/progs17\/mir\/110.pdf\" target=\"_blank\"><br \/>\n                    <i class=\"fa fa-download\"><\/i><\/a><\/td><td class=\"column-4\">                <a href=\"\/wp-content\/uploads\/sites\/77\/pdf\/monitoreo\/progs17\/fin\/110.pdf\" target=\"_blank\"><br \/>\n                    <i class=\"fa fa-download\"><\/i><\/a><\/td><td class=\"column-5\">                <a href=\"\/wp-content\/uploads\/sites\/77\/pdf\/monitoreo\/progs17\/proposito\/110.pdf\" target=\"_blank\"><br \/>\n                    <i class=\"fa fa-download\"><\/i><\/a><\/td><td class=\"column-6\">                <a href=\"\/wp-content\/uploads\/sites\/77\/pdf\/monitoreo\/progs17\/RAG1\/RAG1_110.pdf\" target=\"_blank\"><br \/>\n                    <i class=\"fa fa-download\"><\/i><\/a><\/td><td class=\"column-7\">                <a href=\"\/wp-content\/uploads\/sites\/77\/pdf\/monitoreo\/progs17\/RAG2\/RAG2_110.pdf\" target=\"_blank\"><br \/>\n                    <i class=\"fa fa-download\"><\/i><\/a><\/td><td class=\"column-8\">                <a href=\"\/wp-content\/uploads\/sites\/77\/pdf\/monitoreo\/progs17\/RAG3\/RAG3_110.pdf\" target=\"_blank\"><br \/>\n                    <i class=\"fa fa-download\"><\/i><\/a><\/td><td class=\"column-9\">                <a href=\"\/wp-content\/uploads\/sites\/77\/pdf\/monitoreo\/progs17\/RAG4\/RAG4_110.pdf\" target=\"_blank\"><br \/>\n                    <i class=\"fa fa-download\"><\/i><\/a><\/td>\n<\/tr>\n<tr class=\"row-13\">\n\t<td class=\"column-1\">111<\/td><td class=\"column-2\">DESARROLLO ACU\u00cdCOLA Y PESQUERO<\/td><td class=\"column-3\">                <a href=\"\/wp-content\/uploads\/sites\/77\/pdf\/monitoreo\/progs17\/mir\/111.pdf\" target=\"_blank\"><br \/>\n                    <i class=\"fa fa-download\"><\/i><\/a><\/td><td class=\"column-4\">                <a href=\"\/wp-content\/uploads\/sites\/77\/pdf\/monitoreo\/progs17\/fin\/111.pdf\" target=\"_blank\"><br \/>\n                    <i class=\"fa fa-download\"><\/i><\/a><\/td><td class=\"column-5\">                <a href=\"\/wp-content\/uploads\/sites\/77\/pdf\/monitoreo\/progs17\/proposito\/111.pdf\" target=\"_blank\"><br \/>\n                    <i class=\"fa fa-download\"><\/i><\/a><\/td><td class=\"column-6\">                <a href=\"\/wp-content\/uploads\/sites\/77\/pdf\/monitoreo\/progs17\/RAG1\/RAG1_111.pdf\" target=\"_blank\"><br \/>\n                    <i class=\"fa fa-download\"><\/i><\/a><\/td><td class=\"column-7\">                <a href=\"\/wp-content\/uploads\/sites\/77\/pdf\/monitoreo\/progs17\/RAG2\/RAG2_111.pdf\" target=\"_blank\"><br \/>\n                    <i class=\"fa fa-download\"><\/i><\/a><\/td><td class=\"column-8\">                <a href=\"\/wp-content\/uploads\/sites\/77\/pdf\/monitoreo\/progs17\/RAG3\/RAG3_111.pdf\" target=\"_blank\"><br \/>\n                    <i class=\"fa fa-download\"><\/i><\/a><\/td><td class=\"column-9\">                <a href=\"\/wp-content\/uploads\/sites\/77\/pdf\/monitoreo\/progs17\/RAG4\/RAG4_111.pdf\" target=\"_blank\"><br \/>\n                    <i class=\"fa fa-download\"><\/i><\/a><\/td>\n<\/tr>\n<tr class=\"row-14\">\n\t<td class=\"column-1\">113<\/td><td class=\"column-2\">FOMENTO AL EMPLEO DIGNO Y MEJOR REMUNERADO<\/td><td class=\"column-3\">                <a href=\"\/wp-content\/uploads\/sites\/77\/pdf\/monitoreo\/progs17\/mir\/113.pdf\" target=\"_blank\"><br \/>\n                    <i class=\"fa fa-download\"><\/i><\/a><\/td><td class=\"column-4\">                <a href=\"\/wp-content\/uploads\/sites\/77\/pdf\/monitoreo\/progs17\/fin\/113.pdf\" target=\"_blank\"><br \/>\n                    <i class=\"fa fa-download\"><\/i><\/a><\/td><td class=\"column-5\">                <a href=\"\/wp-content\/uploads\/sites\/77\/pdf\/monitoreo\/progs17\/proposito\/113.pdf\" target=\"_blank\"><br \/>\n                    <i class=\"fa fa-download\"><\/i><\/a><\/td><td class=\"column-6\">                <a href=\"\/wp-content\/uploads\/sites\/77\/pdf\/monitoreo\/progs17\/RAG1\/RAG1_113.pdf\" target=\"_blank\"><br \/>\n                    <i class=\"fa fa-download\"><\/i><\/a><\/td><td class=\"column-7\">                <a href=\"\/wp-content\/uploads\/sites\/77\/pdf\/monitoreo\/progs17\/RAG2\/RAG2_113.pdf\" target=\"_blank\"><br \/>\n                    <i class=\"fa fa-download\"><\/i><\/a><\/td><td class=\"column-8\">                <a href=\"\/wp-content\/uploads\/sites\/77\/pdf\/monitoreo\/progs17\/RAG3\/RAG3_113.pdf\" target=\"_blank\"><br \/>\n                    <i class=\"fa fa-download\"><\/i><\/a><\/td><td class=\"column-9\">                <a href=\"\/wp-content\/uploads\/sites\/77\/pdf\/monitoreo\/progs17\/RAG4\/RAG4_113.pdf\" target=\"_blank\"><br \/>\n                    <i class=\"fa fa-download\"><\/i><\/a><\/td>\n<\/tr>\n<tr class=\"row-15\">\n\t<td class=\"column-1\">114<\/td><td class=\"column-2\">PROFESIONALIZACI\u00d3N DE LAS INSTITUCIONES DE SEGURIDAD P\u00daBLICA<\/td><td class=\"column-3\">                <a href=\"\/wp-content\/uploads\/sites\/77\/pdf\/monitoreo\/progs17\/mir\/114.pdf\" target=\"_blank\"><br \/>\n                    <i class=\"fa fa-download\"><\/i><\/a><\/td><td class=\"column-4\">                <a href=\"\/wp-content\/uploads\/sites\/77\/pdf\/monitoreo\/progs17\/fin\/114.pdf\" target=\"_blank\"><br \/>\n                    <i class=\"fa fa-download\"><\/i><\/a><\/td><td class=\"column-5\">                <a href=\"\/wp-content\/uploads\/sites\/77\/pdf\/monitoreo\/progs17\/proposito\/114.pdf\" target=\"_blank\"><br \/>\n                    <i class=\"fa fa-download\"><\/i><\/a><\/td><td class=\"column-6\">                <a href=\"\/wp-content\/uploads\/sites\/77\/pdf\/monitoreo\/progs17\/RAG1\/RAG1_114.pdf\" target=\"_blank\"><br \/>\n                    <i class=\"fa fa-download\"><\/i><\/a><\/td><td class=\"column-7\">                <a href=\"\/wp-content\/uploads\/sites\/77\/pdf\/monitoreo\/progs17\/RAG2\/RAG2_114.pdf\" target=\"_blank\"><br \/>\n                    <i class=\"fa fa-download\"><\/i><\/a><\/td><td class=\"column-8\">                <a href=\"\/wp-content\/uploads\/sites\/77\/pdf\/monitoreo\/progs17\/RAG3\/RAG3_114.pdf\" target=\"_blank\"><br \/>\n                    <i class=\"fa fa-download\"><\/i><\/a><\/td><td class=\"column-9\">                <a href=\"\/wp-content\/uploads\/sites\/77\/pdf\/monitoreo\/progs17\/RAG4\/RAG4_114.pdf\" target=\"_blank\"><br \/>\n                    <i class=\"fa fa-download\"><\/i><\/a><\/td>\n<\/tr>\n<tr class=\"row-16\">\n\t<td class=\"column-1\">115<\/td><td class=\"column-2\">FORTALECIMIENTO DE LAS INSTITUCIONES DE SEGURIDAD P\u00daBLICA<\/td><td class=\"column-3\">                <a href=\"\/wp-content\/uploads\/sites\/77\/pdf\/monitoreo\/progs17\/mir\/115.pdf\" target=\"_blank\"><br \/>\n                    <i class=\"fa fa-download\"><\/i><\/a><\/td><td class=\"column-4\">                <a href=\"\/wp-content\/uploads\/sites\/77\/pdf\/monitoreo\/progs17\/fin\/115.pdf\" target=\"_blank\"><br \/>\n                    <i class=\"fa fa-download\"><\/i><\/a><\/td><td class=\"column-5\">                <a href=\"\/wp-content\/uploads\/sites\/77\/pdf\/monitoreo\/progs17\/proposito\/115.pdf\" target=\"_blank\"><br \/>\n                    <i class=\"fa fa-download\"><\/i><\/a><\/td><td class=\"column-6\">                <a href=\"\/wp-content\/uploads\/sites\/77\/pdf\/monitoreo\/progs17\/RAG1\/RAG1_115.pdf\" target=\"_blank\"><br \/>\n                    <i class=\"fa fa-download\"><\/i><\/a><\/td><td class=\"column-7\">                <a href=\"\/wp-content\/uploads\/sites\/77\/pdf\/monitoreo\/progs17\/RAG2\/RAG2_115.pdf\" target=\"_blank\"><br \/>\n                    <i class=\"fa fa-download\"><\/i><\/a><\/td><td class=\"column-8\">                <a href=\"\/wp-content\/uploads\/sites\/77\/pdf\/monitoreo\/progs17\/RAG3\/RAG3_115.pdf\" target=\"_blank\"><br \/>\n                    <i class=\"fa fa-download\"><\/i><\/a><\/td><td class=\"column-9\">                <a href=\"\/wp-content\/uploads\/sites\/77\/pdf\/monitoreo\/progs17\/RAG4\/RAG4_115.pdf\" target=\"_blank\"><br \/>\n                    <i class=\"fa fa-download\"><\/i><\/a><\/td>\n<\/tr>\n<tr class=\"row-17\">\n\t<td class=\"column-1\">116<\/td><td class=\"column-2\">AMPLIACI\u00d3N Y MEJORA DE CARRETERAS ALIMENTADORAS<\/td><td class=\"column-3\">                <a href=\"\/wp-content\/uploads\/sites\/77\/pdf\/monitoreo\/progs17\/mir\/116.pdf\" target=\"_blank\"><br \/>\n                    <i class=\"fa fa-download\"><\/i><\/a><\/td><td class=\"column-4\">                <a href=\"\/wp-content\/uploads\/sites\/77\/pdf\/monitoreo\/progs17\/fin\/116.pdf\" target=\"_blank\"><br \/>\n                    <i class=\"fa fa-download\"><\/i><\/a><\/td><td class=\"column-5\">                <a href=\"\/wp-content\/uploads\/sites\/77\/pdf\/monitoreo\/progs17\/proposito\/116.pdf\" target=\"_blank\"><br \/>\n                    <i class=\"fa fa-download\"><\/i><\/a><\/td><td class=\"column-6\">                <a href=\"\/wp-content\/uploads\/sites\/77\/pdf\/monitoreo\/progs17\/RAG1\/RAG1_116.pdf\" target=\"_blank\"><br \/>\n                    <i class=\"fa fa-download\"><\/i><\/a><\/td><td class=\"column-7\">                <a href=\"\/wp-content\/uploads\/sites\/77\/pdf\/monitoreo\/progs17\/RAG2\/RAG2_116.pdf\" target=\"_blank\"><br \/>\n                    <i class=\"fa fa-download\"><\/i><\/a><\/td><td class=\"column-8\">                <a href=\"\/wp-content\/uploads\/sites\/77\/pdf\/monitoreo\/progs17\/RAG3\/RAG3_116.pdf\" target=\"_blank\"><br \/>\n                    <i class=\"fa fa-download\"><\/i><\/a><\/td><td class=\"column-9\">                <a href=\"\/wp-content\/uploads\/sites\/77\/pdf\/monitoreo\/progs17\/RAG4\/RAG4_116.pdf\" target=\"_blank\"><br \/>\n                    <i class=\"fa fa-download\"><\/i><\/a><\/td>\n<\/tr>\n<tr class=\"row-18\">\n\t<td class=\"column-1\">117<\/td><td class=\"column-2\">ADMINISTRACI\u00d3N DE TECNOLOG\u00cdAS DE LA INFORMACI\u00d3N Y COMUNICACI\u00d3N DEL GOBIERNO DEL ESTADO<\/td><td class=\"column-3\">                <a href=\"\/wp-content\/uploads\/sites\/77\/pdf\/monitoreo\/progs17\/mir\/117.pdf\" target=\"_blank\"><br \/>\n                    <i class=\"fa fa-download\"><\/i><\/a><\/td><td class=\"column-4\">                <a href=\"\/wp-content\/uploads\/sites\/77\/pdf\/monitoreo\/progs17\/fin\/117.pdf\" target=\"_blank\"><br \/>\n                    <i class=\"fa fa-download\"><\/i><\/a><\/td><td class=\"column-5\">                <a href=\"\/wp-content\/uploads\/sites\/77\/pdf\/monitoreo\/progs17\/proposito\/117.pdf\" target=\"_blank\"><br \/>\n                    <i class=\"fa fa-download\"><\/i><\/a><\/td><td class=\"column-6\">                <a href=\"\/wp-content\/uploads\/sites\/77\/pdf\/monitoreo\/progs17\/RAG1\/RAG1_117.pdf\" target=\"_blank\"><br \/>\n                    <i class=\"fa fa-download\"><\/i><\/a><\/td><td class=\"column-7\">                <a href=\"\/wp-content\/uploads\/sites\/77\/pdf\/monitoreo\/progs17\/RAG2\/RAG2_117.pdf\" target=\"_blank\"><br \/>\n                    <i class=\"fa fa-download\"><\/i><\/a><\/td><td class=\"column-8\">                <a href=\"\/wp-content\/uploads\/sites\/77\/pdf\/monitoreo\/progs17\/RAG3\/RAG3_117.pdf\" target=\"_blank\"><br \/>\n                    <i class=\"fa fa-download\"><\/i><\/a><\/td><td class=\"column-9\">                <a href=\"\/wp-content\/uploads\/sites\/77\/pdf\/monitoreo\/progs17\/RAG4\/RAG4_117.pdf\" target=\"_blank\"><br \/>\n                    <i class=\"fa fa-download\"><\/i><\/a><\/td>\n<\/tr>\n<tr class=\"row-19\">\n\t<td class=\"column-1\">119<\/td><td class=\"column-2\">IMPARTICI\u00d3N DE JUSTICIA LABORAL<\/td><td class=\"column-3\">                <a href=\"\/wp-content\/uploads\/sites\/77\/pdf\/monitoreo\/progs17\/mir\/119.pdf\" target=\"_blank\"><br \/>\n                    <i class=\"fa fa-download\"><\/i><\/a><\/td><td class=\"column-4\">                <a href=\"\/wp-content\/uploads\/sites\/77\/pdf\/monitoreo\/progs17\/fin\/119.pdf\" target=\"_blank\"><br \/>\n                    <i class=\"fa fa-download\"><\/i><\/a><\/td><td class=\"column-5\">                <a href=\"\/wp-content\/uploads\/sites\/77\/pdf\/monitoreo\/progs17\/proposito\/119.pdf\" target=\"_blank\"><br \/>\n                    <i class=\"fa fa-download\"><\/i><\/a><\/td><td class=\"column-6\">                <a href=\"\/wp-content\/uploads\/sites\/77\/pdf\/monitoreo\/progs17\/RAG1\/RAG1_119.pdf\" target=\"_blank\"><br \/>\n                    <i class=\"fa fa-download\"><\/i><\/a><\/td><td class=\"column-7\">                <a href=\"\/wp-content\/uploads\/sites\/77\/pdf\/monitoreo\/progs17\/RAG2\/RAG2_119.pdf\" target=\"_blank\"><br \/>\n                    <i class=\"fa fa-download\"><\/i><\/a><\/td><td class=\"column-8\">                <a href=\"\/wp-content\/uploads\/sites\/77\/pdf\/monitoreo\/progs17\/RAG3\/RAG3_119.pdf\" target=\"_blank\"><br \/>\n                    <i class=\"fa fa-download\"><\/i><\/a><\/td><td class=\"column-9\">                <a href=\"\/wp-content\/uploads\/sites\/77\/pdf\/monitoreo\/progs17\/RAG4\/RAG4_119.pdf\" target=\"_blank\"><br \/>\n                    <i class=\"fa fa-download\"><\/i><\/a><\/td>\n<\/tr>\n<tr class=\"row-20\">\n\t<td class=\"column-1\">120<\/td><td class=\"column-2\">SEGURIDAD Y PROTECCI\u00d3N P\u00daBLICA<\/td><td class=\"column-3\">                <a href=\"\/wp-content\/uploads\/sites\/77\/pdf\/monitoreo\/progs17\/mir\/120.pdf\" target=\"_blank\"><br \/>\n                    <i class=\"fa fa-download\"><\/i><\/a><\/td><td class=\"column-4\">                <a href=\"\/wp-content\/uploads\/sites\/77\/pdf\/monitoreo\/progs17\/fin\/120.pdf\" target=\"_blank\"><br \/>\n                    <i class=\"fa fa-download\"><\/i><\/a><\/td><td class=\"column-5\">                <a href=\"\/wp-content\/uploads\/sites\/77\/pdf\/monitoreo\/progs17\/proposito\/120.pdf\" target=\"_blank\"><br \/>\n                    <i class=\"fa fa-download\"><\/i><\/a><\/td><td class=\"column-6\">                <a href=\"\/wp-content\/uploads\/sites\/77\/pdf\/monitoreo\/progs17\/RAG1\/RAG1_120.pdf\" target=\"_blank\"><br \/>\n                    <i class=\"fa fa-download\"><\/i><\/a><\/td><td class=\"column-7\">                <a href=\"\/wp-content\/uploads\/sites\/77\/pdf\/monitoreo\/progs17\/RAG2\/RAG2_120.pdf\" target=\"_blank\"><br \/>\n                    <i class=\"fa fa-download\"><\/i><\/a><\/td><td class=\"column-8\">                <a href=\"\/wp-content\/uploads\/sites\/77\/pdf\/monitoreo\/progs17\/RAG3\/RAG3_120.pdf\" target=\"_blank\"><br \/>\n                    <i class=\"fa fa-download\"><\/i><\/a><\/td><td class=\"column-9\">                <a href=\"\/wp-content\/uploads\/sites\/77\/pdf\/monitoreo\/progs17\/RAG4\/RAG4_120.pdf\" target=\"_blank\"><br \/>\n                    <i class=\"fa fa-download\"><\/i><\/a><\/td>\n<\/tr>\n<tr class=\"row-21\">\n\t<td class=\"column-1\">121<\/td><td class=\"column-2\">REHABILITACI\u00d3N Y REINSERCI\u00d3N SOCIAL<\/td><td class=\"column-3\">                <a href=\"\/wp-content\/uploads\/sites\/77\/pdf\/monitoreo\/progs17\/mir\/121.pdf\" target=\"_blank\"><br \/>\n                    <i class=\"fa fa-download\"><\/i><\/a><\/td><td class=\"column-4\">                <a href=\"\/wp-content\/uploads\/sites\/77\/pdf\/monitoreo\/progs17\/fin\/121.pdf\" target=\"_blank\"><br \/>\n                    <i class=\"fa fa-download\"><\/i><\/a><\/td><td class=\"column-5\">                <a href=\"\/wp-content\/uploads\/sites\/77\/pdf\/monitoreo\/progs17\/proposito\/121.pdf\" target=\"_blank\"><br \/>\n                    <i class=\"fa fa-download\"><\/i><\/a><\/td><td class=\"column-6\">                <a href=\"\/wp-content\/uploads\/sites\/77\/pdf\/monitoreo\/progs17\/RAG1\/RAG1_121.pdf\" target=\"_blank\"><br \/>\n                    <i class=\"fa fa-download\"><\/i><\/a><\/td><td class=\"column-7\">                <a href=\"\/wp-content\/uploads\/sites\/77\/pdf\/monitoreo\/progs17\/RAG2\/RAG2_121.pdf\" target=\"_blank\"><br \/>\n                    <i class=\"fa fa-download\"><\/i><\/a><\/td><td class=\"column-8\">                <a href=\"\/wp-content\/uploads\/sites\/77\/pdf\/monitoreo\/progs17\/RAG3\/RAG3_121.pdf\" target=\"_blank\"><br \/>\n                    <i class=\"fa fa-download\"><\/i><\/a><\/td><td class=\"column-9\">                <a href=\"\/wp-content\/uploads\/sites\/77\/pdf\/monitoreo\/progs17\/RAG4\/RAG4_121.pdf\" target=\"_blank\"><br \/>\n                    <i class=\"fa fa-download\"><\/i><\/a><\/td>\n<\/tr>\n<tr class=\"row-22\">\n\t<td class=\"column-1\">122<\/td><td class=\"column-2\">MEJORAMIENTO URBANO DE LOS CENTROS DE POBLACI\u00d3N<\/td><td class=\"column-3\">                <a href=\"\/wp-content\/uploads\/sites\/77\/pdf\/monitoreo\/progs17\/mir\/122.pdf\" target=\"_blank\"><br \/>\n                    <i class=\"fa fa-download\"><\/i><\/a><\/td><td class=\"column-4\">                <a href=\"\/wp-content\/uploads\/sites\/77\/pdf\/monitoreo\/progs17\/fin\/122.pdf\" target=\"_blank\"><br \/>\n                    <i class=\"fa fa-download\"><\/i><\/a><\/td><td class=\"column-5\">                <a href=\"\/wp-content\/uploads\/sites\/77\/pdf\/monitoreo\/progs17\/proposito\/122.pdf\" target=\"_blank\"><br \/>\n                    <i class=\"fa fa-download\"><\/i><\/a><\/td><td class=\"column-6\">                <a href=\"\/wp-content\/uploads\/sites\/77\/pdf\/monitoreo\/progs17\/RAG1\/RAG1_122.pdf\" target=\"_blank\"><br \/>\n                    <i class=\"fa fa-download\"><\/i><\/a><\/td><td class=\"column-7\">                <a href=\"\/wp-content\/uploads\/sites\/77\/pdf\/monitoreo\/progs17\/RAG2\/RAG2_122.pdf\" target=\"_blank\"><br \/>\n                    <i class=\"fa fa-download\"><\/i><\/a><\/td><td class=\"column-8\">                <a href=\"\/wp-content\/uploads\/sites\/77\/pdf\/monitoreo\/progs17\/RAG3\/RAG3_122.pdf\" target=\"_blank\"><br \/>\n                    <i class=\"fa fa-download\"><\/i><\/a><\/td><td class=\"column-9\">                <a href=\"\/wp-content\/uploads\/sites\/77\/pdf\/monitoreo\/progs17\/RAG4\/RAG4_122.pdf\" target=\"_blank\"><br \/>\n                    <i class=\"fa fa-download\"><\/i><\/a><\/td>\n<\/tr>\n<tr class=\"row-23\">\n\t<td class=\"column-1\">123<\/td><td class=\"column-2\">REALIZACI\u00d3N DE PROCESOS ELECTORALES Y MECANISMOS DE PARTICIPACION CIUDADANA<\/td><td class=\"column-3\">                <a href=\"\/wp-content\/uploads\/sites\/77\/pdf\/monitoreo\/progs17\/mir\/123.pdf\" target=\"_blank\"><br \/>\n                    <i class=\"fa fa-download\"><\/i><\/a><\/td><td class=\"column-4\">                <a href=\"\/wp-content\/uploads\/sites\/77\/pdf\/monitoreo\/progs17\/fin\/123.pdf\" target=\"_blank\"><br \/>\n                    <i class=\"fa fa-download\"><\/i><\/a><\/td><td class=\"column-5\">                <a href=\"\/wp-content\/uploads\/sites\/77\/pdf\/monitoreo\/progs17\/proposito\/123.pdf\" target=\"_blank\"><br \/>\n                    <i class=\"fa fa-download\"><\/i><\/a><\/td><td class=\"column-6\">                <a href=\"\/wp-content\/uploads\/sites\/77\/pdf\/monitoreo\/progs17\/RAG1\/RAG1_123.pdf\" target=\"_blank\"><br \/>\n                    <i class=\"fa fa-download\"><\/i><\/a><\/td><td class=\"column-7\">                <a href=\"\/wp-content\/uploads\/sites\/77\/pdf\/monitoreo\/progs17\/RAG2\/RAG2_123.pdf\" target=\"_blank\"><br \/>\n                    <i class=\"fa fa-download\"><\/i><\/a><\/td><td class=\"column-8\">                <a href=\"\/wp-content\/uploads\/sites\/77\/pdf\/monitoreo\/progs17\/RAG3\/RAG3_123.pdf\" target=\"_blank\"><br \/>\n                    <i class=\"fa fa-download\"><\/i><\/a><\/td><td class=\"column-9\">                <a href=\"\/wp-content\/uploads\/sites\/77\/pdf\/monitoreo\/progs17\/RAG4\/RAG4_123.pdf\" target=\"_blank\"><br \/>\n                    <i class=\"fa fa-download\"><\/i><\/a><\/td>\n<\/tr>\n<tr class=\"row-24\">\n\t<td class=\"column-1\">124<\/td><td class=\"column-2\">ORGANIZACI\u00d3N DEL PROCESO ELECTORAL MEDIANTE SISTEMAS NORMATIVOS INTERNOS<\/td><td class=\"column-3\">                <a href=\"\/wp-content\/uploads\/sites\/77\/pdf\/monitoreo\/progs17\/mir\/124.pdf\" target=\"_blank\"><br \/>\n                    <i class=\"fa fa-download\"><\/i><\/a><\/td><td class=\"column-4\">                <a href=\"\/wp-content\/uploads\/sites\/77\/pdf\/monitoreo\/progs17\/fin\/124.pdf\" target=\"_blank\"><br \/>\n                    <i class=\"fa fa-download\"><\/i><\/a><\/td><td class=\"column-5\">                <a href=\"\/wp-content\/uploads\/sites\/77\/pdf\/monitoreo\/progs17\/proposito\/124.pdf\" target=\"_blank\"><br \/>\n                    <i class=\"fa fa-download\"><\/i><\/a><\/td><td class=\"column-6\">                <a href=\"\/wp-content\/uploads\/sites\/77\/pdf\/monitoreo\/progs17\/RAG1\/RAG1_124.pdf\" target=\"_blank\"><br \/>\n                    <i class=\"fa fa-download\"><\/i><\/a><\/td><td class=\"column-7\">                <a href=\"\/wp-content\/uploads\/sites\/77\/pdf\/monitoreo\/progs17\/RAG2\/RAG2_124.pdf\" target=\"_blank\"><br \/>\n                    <i class=\"fa fa-download\"><\/i><\/a><\/td><td class=\"column-8\">                <a href=\"\/wp-content\/uploads\/sites\/77\/pdf\/monitoreo\/progs17\/RAG3\/RAG3_124.pdf\" target=\"_blank\"><br \/>\n                    <i class=\"fa fa-download\"><\/i><\/a><\/td><td class=\"column-9\">                <a href=\"\/wp-content\/uploads\/sites\/77\/pdf\/monitoreo\/progs17\/RAG4\/RAG4_124.pdf\" target=\"_blank\"><br \/>\n                    <i class=\"fa fa-download\"><\/i><\/a><\/td>\n<\/tr>\n<tr class=\"row-25\">\n\t<td class=\"column-1\">125<\/td><td class=\"column-2\">EDUCACI\u00d3N PARA J\u00d3VENES Y ADULTOS<\/td><td class=\"column-3\">                <a href=\"\/wp-content\/uploads\/sites\/77\/pdf\/monitoreo\/progs17\/mir\/125.pdf\" target=\"_blank\"><br \/>\n                    <i class=\"fa fa-download\"><\/i><\/a><\/td><td class=\"column-4\">                <a href=\"\/wp-content\/uploads\/sites\/77\/pdf\/monitoreo\/progs17\/fin\/125.pdf\" target=\"_blank\"><br \/>\n                    <i class=\"fa fa-download\"><\/i><\/a><\/td><td class=\"column-5\">                <a href=\"\/wp-content\/uploads\/sites\/77\/pdf\/monitoreo\/progs17\/proposito\/125.pdf\" target=\"_blank\"><br \/>\n                    <i class=\"fa fa-download\"><\/i><\/a><\/td><td class=\"column-6\">                <a href=\"\/wp-content\/uploads\/sites\/77\/pdf\/monitoreo\/progs17\/RAG1\/RAG1_125.pdf\" target=\"_blank\"><br \/>\n                    <i class=\"fa fa-download\"><\/i><\/a><\/td><td class=\"column-7\">                <a href=\"\/wp-content\/uploads\/sites\/77\/pdf\/monitoreo\/progs17\/RAG2\/RAG2_125.pdf\" target=\"_blank\"><br \/>\n                    <i class=\"fa fa-download\"><\/i><\/a><\/td><td class=\"column-8\">                <a href=\"\/wp-content\/uploads\/sites\/77\/pdf\/monitoreo\/progs17\/RAG3\/RAG3_125.pdf\" target=\"_blank\"><br \/>\n                    <i class=\"fa fa-download\"><\/i><\/a><\/td><td class=\"column-9\">                <a href=\"\/wp-content\/uploads\/sites\/77\/pdf\/monitoreo\/progs17\/RAG4\/RAG4_125.pdf\" target=\"_blank\"><br \/>\n                    <i class=\"fa fa-download\"><\/i><\/a><\/td>\n<\/tr>\n<tr class=\"row-26\">\n\t<td class=\"column-1\">126<\/td><td class=\"column-2\">REGULACI\u00d3N DEL SERVICIO DE TRANSPORTE<\/td><td class=\"column-3\">                <a href=\"\/wp-content\/uploads\/sites\/77\/pdf\/monitoreo\/progs17\/mir\/126.pdf\" target=\"_blank\"><br \/>\n                    <i class=\"fa fa-download\"><\/i><\/a><\/td><td class=\"column-4\">                <a href=\"\/wp-content\/uploads\/sites\/77\/pdf\/monitoreo\/progs17\/fin\/126.pdf\" target=\"_blank\"><br \/>\n                    <i class=\"fa fa-download\"><\/i><\/a><\/td><td class=\"column-5\">                <a href=\"\/wp-content\/uploads\/sites\/77\/pdf\/monitoreo\/progs17\/proposito\/126.pdf\" target=\"_blank\"><br \/>\n                    <i class=\"fa fa-download\"><\/i><\/a><\/td><td class=\"column-6\">                <a href=\"\/wp-content\/uploads\/sites\/77\/pdf\/monitoreo\/progs17\/RAG1\/RAG1_126.pdf\" target=\"_blank\"><br \/>\n                    <i class=\"fa fa-download\"><\/i><\/a><\/td><td class=\"column-7\">                <a href=\"\/wp-content\/uploads\/sites\/77\/pdf\/monitoreo\/progs17\/RAG2\/RAG2_126.pdf\" target=\"_blank\"><br \/>\n                    <i class=\"fa fa-download\"><\/i><\/a><\/td><td class=\"column-8\">                <a href=\"\/wp-content\/uploads\/sites\/77\/pdf\/monitoreo\/progs17\/RAG3\/RAG3_126.pdf\" target=\"_blank\"><br \/>\n                    <i class=\"fa fa-download\"><\/i><\/a><\/td><td class=\"column-9\">                <a href=\"\/wp-content\/uploads\/sites\/77\/pdf\/monitoreo\/progs17\/RAG4\/RAG4_126.pdf\" target=\"_blank\"><br \/>\n                    <i class=\"fa fa-download\"><\/i><\/a><\/td>\n<\/tr>\n<tr class=\"row-27\">\n\t<td class=\"column-1\">127<\/td><td class=\"column-2\">COORDINACI\u00d3N Y FORTALECIMIENTO DE LAS INSTITUCIONES DE EDUCACI\u00d3N SUPERIOR<\/td><td class=\"column-3\">                <a href=\"\/wp-content\/uploads\/sites\/77\/pdf\/monitoreo\/progs17\/mir\/127.pdf\" target=\"_blank\"><br \/>\n                    <i class=\"fa fa-download\"><\/i><\/a><\/td><td class=\"column-4\">                <a href=\"\/wp-content\/uploads\/sites\/77\/pdf\/monitoreo\/progs17\/fin\/127.pdf\" target=\"_blank\"><br \/>\n                    <i class=\"fa fa-download\"><\/i><\/a><\/td><td class=\"column-5\">                <a href=\"\/wp-content\/uploads\/sites\/77\/pdf\/monitoreo\/progs17\/proposito\/127.pdf\" target=\"_blank\"><br \/>\n                    <i class=\"fa fa-download\"><\/i><\/a><\/td><td class=\"column-6\">                <a href=\"\/wp-content\/uploads\/sites\/77\/pdf\/monitoreo\/progs17\/RAG1\/RAG1_127.pdf\" target=\"_blank\"><br \/>\n                    <i class=\"fa fa-download\"><\/i><\/a><\/td><td class=\"column-7\">                <a href=\"\/wp-content\/uploads\/sites\/77\/pdf\/monitoreo\/progs17\/RAG2\/RAG2_127.pdf\" target=\"_blank\"><br \/>\n                    <i class=\"fa fa-download\"><\/i><\/a><\/td><td class=\"column-8\">                <a href=\"\/wp-content\/uploads\/sites\/77\/pdf\/monitoreo\/progs17\/RAG3\/RAG3_127.pdf\" target=\"_blank\"><br \/>\n                    <i class=\"fa fa-download\"><\/i><\/a><\/td><td class=\"column-9\">                <a href=\"\/wp-content\/uploads\/sites\/77\/pdf\/monitoreo\/progs17\/RAG4\/RAG4_127.pdf\" target=\"_blank\"><br \/>\n                    <i class=\"fa fa-download\"><\/i><\/a><\/td>\n<\/tr>\n<tr class=\"row-28\">\n\t<td class=\"column-1\">128<\/td><td class=\"column-2\">VIGILANCIA Y EVALUACI\u00d3N A LA AUDITOR\u00cdA SUPERIOR DEL ESTADO<\/td><td class=\"column-3\">                <a href=\"\/wp-content\/uploads\/sites\/77\/pdf\/monitoreo\/progs17\/mir\/128.pdf\" target=\"_blank\"><br \/>\n                    <i class=\"fa fa-download\"><\/i><\/a><\/td><td class=\"column-4\">                <a href=\"\/wp-content\/uploads\/sites\/77\/pdf\/monitoreo\/progs17\/fin\/128.pdf\" target=\"_blank\"><br \/>\n                    <i class=\"fa fa-download\"><\/i><\/a><\/td><td class=\"column-5\">                <a href=\"\/wp-content\/uploads\/sites\/77\/pdf\/monitoreo\/progs17\/proposito\/128.pdf\" target=\"_blank\"><br \/>\n                    <i class=\"fa fa-download\"><\/i><\/a><\/td><td class=\"column-6\">                <a href=\"\/wp-content\/uploads\/sites\/77\/pdf\/monitoreo\/progs17\/RAG1\/RAG1_128.pdf\" target=\"_blank\"><br \/>\n                    <i class=\"fa fa-download\"><\/i><\/a><\/td><td class=\"column-7\">                <a href=\"\/wp-content\/uploads\/sites\/77\/pdf\/monitoreo\/progs17\/RAG2\/RAG2_128.pdf\" target=\"_blank\"><br \/>\n                    <i class=\"fa fa-download\"><\/i><\/a><\/td><td class=\"column-8\">                <a href=\"\/wp-content\/uploads\/sites\/77\/pdf\/monitoreo\/progs17\/RAG3\/RAG3_128.pdf\" target=\"_blank\"><br \/>\n                    <i class=\"fa fa-download\"><\/i><\/a><\/td><td class=\"column-9\">                <a href=\"\/wp-content\/uploads\/sites\/77\/pdf\/monitoreo\/progs17\/RAG4\/RAG4_128.pdf\" target=\"_blank\"><br \/>\n                    <i class=\"fa fa-download\"><\/i><\/a><\/td>\n<\/tr>\n<tr class=\"row-29\">\n\t<td class=\"column-1\">129<\/td><td class=\"column-2\">FORTALECIMIENTO DE RECURSOS HUMANOS<\/td><td class=\"column-3\">                <a href=\"\/wp-content\/uploads\/sites\/77\/pdf\/monitoreo\/progs17\/mir\/129.pdf\" target=\"_blank\"><br \/>\n                    <i class=\"fa fa-download\"><\/i><\/a><\/td><td class=\"column-4\">                <a href=\"\/wp-content\/uploads\/sites\/77\/pdf\/monitoreo\/progs17\/fin\/129.pdf\" target=\"_blank\"><br \/>\n                    <i class=\"fa fa-download\"><\/i><\/a><\/td><td class=\"column-5\">                <a href=\"\/wp-content\/uploads\/sites\/77\/pdf\/monitoreo\/progs17\/proposito\/129.pdf\" target=\"_blank\"><br \/>\n                    <i class=\"fa fa-download\"><\/i><\/a><\/td><td class=\"column-6\">                <a href=\"\/wp-content\/uploads\/sites\/77\/pdf\/monitoreo\/progs17\/RAG1\/RAG1_129.pdf\" target=\"_blank\"><br \/>\n                    <i class=\"fa fa-download\"><\/i><\/a><\/td><td class=\"column-7\">                <a href=\"\/wp-content\/uploads\/sites\/77\/pdf\/monitoreo\/progs17\/RAG2\/RAG2_129.pdf\" target=\"_blank\"><br \/>\n                    <i class=\"fa fa-download\"><\/i><\/a><\/td><td class=\"column-8\">                <a href=\"\/wp-content\/uploads\/sites\/77\/pdf\/monitoreo\/progs17\/RAG3\/RAG3_129.pdf\" target=\"_blank\"><br \/>\n                    <i class=\"fa fa-download\"><\/i><\/a><\/td><td class=\"column-9\">                <a href=\"\/wp-content\/uploads\/sites\/77\/pdf\/monitoreo\/progs17\/RAG4\/RAG4_129.pdf\" target=\"_blank\"><br \/>\n                    <i class=\"fa fa-download\"><\/i><\/a><\/td>\n<\/tr>\n<tr class=\"row-30\">\n\t<td class=\"column-1\">130<\/td><td class=\"column-2\">CONSERVACI\u00d3N Y ADMINISTRACI\u00d3N DE LOS BIENES Y SERVICIOS DEL ESTADO<\/td><td class=\"column-3\">                <a href=\"\/wp-content\/uploads\/sites\/77\/pdf\/monitoreo\/progs17\/mir\/130.pdf\" target=\"_blank\"><br \/>\n                    <i class=\"fa fa-download\"><\/i><\/a><\/td><td class=\"column-4\">                <a href=\"\/wp-content\/uploads\/sites\/77\/pdf\/monitoreo\/progs17\/fin\/130.pdf\" target=\"_blank\"><br \/>\n                    <i class=\"fa fa-download\"><\/i><\/a><\/td><td class=\"column-5\">                <a href=\"\/wp-content\/uploads\/sites\/77\/pdf\/monitoreo\/progs17\/proposito\/130.pdf\" target=\"_blank\"><br \/>\n                    <i class=\"fa fa-download\"><\/i><\/a><\/td><td class=\"column-6\">                <a href=\"\/wp-content\/uploads\/sites\/77\/pdf\/monitoreo\/progs17\/RAG1\/RAG1_130.pdf\" target=\"_blank\"><br \/>\n                    <i class=\"fa fa-download\"><\/i><\/a><\/td><td class=\"column-7\">                <a href=\"\/wp-content\/uploads\/sites\/77\/pdf\/monitoreo\/progs17\/RAG2\/RAG2_130.pdf\" target=\"_blank\"><br \/>\n                    <i class=\"fa fa-download\"><\/i><\/a><\/td><td class=\"column-8\">                <a href=\"\/wp-content\/uploads\/sites\/77\/pdf\/monitoreo\/progs17\/RAG3\/RAG3_130.pdf\" target=\"_blank\"><br \/>\n                    <i class=\"fa fa-download\"><\/i><\/a><\/td><td class=\"column-9\">                <a href=\"\/wp-content\/uploads\/sites\/77\/pdf\/monitoreo\/progs17\/RAG4\/RAG4_130.pdf\" target=\"_blank\"><br \/>\n                    <i class=\"fa fa-download\"><\/i><\/a><\/td>\n<\/tr>\n<tr class=\"row-31\">\n\t<td class=\"column-1\">131<\/td><td class=\"column-2\">IMPARTICI\u00d3N DE JUSTICIA<\/td><td class=\"column-3\">                <a href=\"\/wp-content\/uploads\/sites\/77\/pdf\/monitoreo\/progs17\/mir\/131.pdf\" target=\"_blank\"><br \/>\n                    <i class=\"fa fa-download\"><\/i><\/a><\/td><td class=\"column-4\">                <a href=\"\/wp-content\/uploads\/sites\/77\/pdf\/monitoreo\/progs17\/fin\/131.pdf\" target=\"_blank\"><br \/>\n                    <i class=\"fa fa-download\"><\/i><\/a><\/td><td class=\"column-5\">                <a href=\"\/wp-content\/uploads\/sites\/77\/pdf\/monitoreo\/progs17\/proposito\/131.pdf\" target=\"_blank\"><br \/>\n                    <i class=\"fa fa-download\"><\/i><\/a><\/td><td class=\"column-6\">                <a href=\"\/wp-content\/uploads\/sites\/77\/pdf\/monitoreo\/progs17\/RAG1\/RAG1_131.pdf\" target=\"_blank\"><br \/>\n                    <i class=\"fa fa-download\"><\/i><\/a><\/td><td class=\"column-7\">                <a href=\"\/wp-content\/uploads\/sites\/77\/pdf\/monitoreo\/progs17\/RAG2\/RAG2_131.pdf\" target=\"_blank\"><br \/>\n                    <i class=\"fa fa-download\"><\/i><\/a><\/td><td class=\"column-8\">                <a href=\"\/wp-content\/uploads\/sites\/77\/pdf\/monitoreo\/progs17\/RAG3\/RAG3_131.pdf\" target=\"_blank\"><br \/>\n                    <i class=\"fa fa-download\"><\/i><\/a><\/td><td class=\"column-9\">                <a href=\"\/wp-content\/uploads\/sites\/77\/pdf\/monitoreo\/progs17\/RAG4\/RAG4_131.pdf\" target=\"_blank\"><br \/>\n                    <i class=\"fa fa-download\"><\/i><\/a><\/td>\n<\/tr>\n<tr class=\"row-32\">\n\t<td class=\"column-1\">132<\/td><td class=\"column-2\">FORMACI\u00d3N CON CALIDAD EN EDUCACI\u00d3N MEDIA Y MEDIA SUPERIOR<\/td><td class=\"column-3\">                <a href=\"\/wp-content\/uploads\/sites\/77\/pdf\/monitoreo\/progs17\/mir\/132.pdf\" target=\"_blank\"><br \/>\n                    <i class=\"fa fa-download\"><\/i><\/a><\/td><td class=\"column-4\">                <a href=\"\/wp-content\/uploads\/sites\/77\/pdf\/monitoreo\/progs17\/fin\/132.pdf\" target=\"_blank\"><br \/>\n                    <i class=\"fa fa-download\"><\/i><\/a><\/td><td class=\"column-5\">                <a href=\"\/wp-content\/uploads\/sites\/77\/pdf\/monitoreo\/progs17\/proposito\/132.pdf\" target=\"_blank\"><br \/>\n                    <i class=\"fa fa-download\"><\/i><\/a><\/td><td class=\"column-6\">                <a href=\"\/wp-content\/uploads\/sites\/77\/pdf\/monitoreo\/progs17\/RAG1\/RAG1_132.pdf\" target=\"_blank\"><br \/>\n                    <i class=\"fa fa-download\"><\/i><\/a><\/td><td class=\"column-7\">                <a href=\"\/wp-content\/uploads\/sites\/77\/pdf\/monitoreo\/progs17\/RAG2\/RAG2_132.pdf\" target=\"_blank\"><br \/>\n                    <i class=\"fa fa-download\"><\/i><\/a><\/td><td class=\"column-8\">                <a href=\"\/wp-content\/uploads\/sites\/77\/pdf\/monitoreo\/progs17\/RAG3\/RAG3_132.pdf\" target=\"_blank\"><br \/>\n                    <i class=\"fa fa-download\"><\/i><\/a><\/td><td class=\"column-9\">                <a href=\"\/wp-content\/uploads\/sites\/77\/pdf\/monitoreo\/progs17\/RAG4\/RAG4_132.pdf\" target=\"_blank\"><br \/>\n                    <i class=\"fa fa-download\"><\/i><\/a><\/td>\n<\/tr>\n<tr class=\"row-33\">\n\t<td class=\"column-1\">133<\/td><td class=\"column-2\">FISCALIZACI\u00d3N DE LOS RECURSOS P\u00daBLICOS<\/td><td class=\"column-3\">                <a href=\"\/wp-content\/uploads\/sites\/77\/pdf\/monitoreo\/progs17\/mir\/133.pdf\" target=\"_blank\"><br \/>\n                    <i class=\"fa fa-download\"><\/i><\/a><\/td><td class=\"column-4\">                <a href=\"\/wp-content\/uploads\/sites\/77\/pdf\/monitoreo\/progs17\/fin\/133.pdf\" target=\"_blank\"><br \/>\n                    <i class=\"fa fa-download\"><\/i><\/a><\/td><td class=\"column-5\">                <a href=\"\/wp-content\/uploads\/sites\/77\/pdf\/monitoreo\/progs17\/proposito\/133.pdf\" target=\"_blank\"><br \/>\n                    <i class=\"fa fa-download\"><\/i><\/a><\/td><td class=\"column-6\">                <a href=\"\/wp-content\/uploads\/sites\/77\/pdf\/monitoreo\/progs17\/RAG1\/RAG1_133.pdf\" target=\"_blank\"><br \/>\n                    <i class=\"fa fa-download\"><\/i><\/a><\/td><td class=\"column-7\">                <a href=\"\/wp-content\/uploads\/sites\/77\/pdf\/monitoreo\/progs17\/RAG2\/RAG2_133.pdf\" target=\"_blank\"><br \/>\n                    <i class=\"fa fa-download\"><\/i><\/a><\/td><td class=\"column-8\">                <a href=\"\/wp-content\/uploads\/sites\/77\/pdf\/monitoreo\/progs17\/RAG3\/RAG3_133.pdf\" target=\"_blank\"><br \/>\n                    <i class=\"fa fa-download\"><\/i><\/a><\/td><td class=\"column-9\">                <a href=\"\/wp-content\/uploads\/sites\/77\/pdf\/monitoreo\/progs17\/RAG4\/RAG4_133.pdf\" target=\"_blank\"><br \/>\n                    <i class=\"fa fa-download\"><\/i><\/a><\/td>\n<\/tr>\n<tr class=\"row-34\">\n\t<td class=\"column-1\">136<\/td><td class=\"column-2\">REPRESENTACI\u00d3N JUR\u00cdDICA DEL ESTADO<\/td><td class=\"column-3\">                <a href=\"\/wp-content\/uploads\/sites\/77\/pdf\/monitoreo\/progs17\/mir\/136.pdf\" target=\"_blank\"><br \/>\n                    <i class=\"fa fa-download\"><\/i><\/a><\/td><td class=\"column-4\">                <a href=\"\/wp-content\/uploads\/sites\/77\/pdf\/monitoreo\/progs17\/fin\/136.pdf\" target=\"_blank\"><br \/>\n                    <i class=\"fa fa-download\"><\/i><\/a><\/td><td class=\"column-5\">                <a href=\"\/wp-content\/uploads\/sites\/77\/pdf\/monitoreo\/progs17\/proposito\/136.pdf\" target=\"_blank\"><br \/>\n                    <i class=\"fa fa-download\"><\/i><\/a><\/td><td class=\"column-6\">                <a href=\"\/wp-content\/uploads\/sites\/77\/pdf\/monitoreo\/progs17\/RAG1\/RAG1_136.pdf\" target=\"_blank\"><br \/>\n                    <i class=\"fa fa-download\"><\/i><\/a><\/td><td class=\"column-7\">                <a href=\"\/wp-content\/uploads\/sites\/77\/pdf\/monitoreo\/progs17\/RAG2\/RAG2_136.pdf\" target=\"_blank\"><br \/>\n                    <i class=\"fa fa-download\"><\/i><\/a><\/td><td class=\"column-8\">                <a href=\"\/wp-content\/uploads\/sites\/77\/pdf\/monitoreo\/progs17\/RAG3\/RAG3_136.pdf\" target=\"_blank\"><br \/>\n                    <i class=\"fa fa-download\"><\/i><\/a><\/td><td class=\"column-9\">                <a href=\"\/wp-content\/uploads\/sites\/77\/pdf\/monitoreo\/progs17\/RAG4\/RAG4_136.pdf\" target=\"_blank\"><br \/>\n                    <i class=\"fa fa-download\"><\/i><\/a><\/td>\n<\/tr>\n<tr class=\"row-35\">\n\t<td class=\"column-1\">137<\/td><td class=\"column-2\">AMPLIACI\u00d3N Y MEJORA DE LA COBERTURA DE ENERG\u00cdA EL\u00c9CTRICA<\/td><td class=\"column-3\">                <a href=\"\/wp-content\/uploads\/sites\/77\/pdf\/monitoreo\/progs17\/mir\/137.pdf\" target=\"_blank\"><br \/>\n                    <i class=\"fa fa-download\"><\/i><\/a><\/td><td class=\"column-4\">                <a href=\"\/wp-content\/uploads\/sites\/77\/pdf\/monitoreo\/progs17\/fin\/137.pdf\" target=\"_blank\"><br \/>\n                    <i class=\"fa fa-download\"><\/i><\/a><\/td><td class=\"column-5\">                <a href=\"\/wp-content\/uploads\/sites\/77\/pdf\/monitoreo\/progs17\/proposito\/137.pdf\" target=\"_blank\"><br \/>\n                    <i class=\"fa fa-download\"><\/i><\/a><\/td><td class=\"column-6\">                <a href=\"\/wp-content\/uploads\/sites\/77\/pdf\/monitoreo\/progs17\/RAG1\/RAG1_137.pdf\" target=\"_blank\"><br \/>\n                    <i class=\"fa fa-download\"><\/i><\/a><\/td><td class=\"column-7\">                <a href=\"\/wp-content\/uploads\/sites\/77\/pdf\/monitoreo\/progs17\/RAG2\/RAG2_137.pdf\" target=\"_blank\"><br \/>\n                    <i class=\"fa fa-download\"><\/i><\/a><\/td><td class=\"column-8\">                <a href=\"\/wp-content\/uploads\/sites\/77\/pdf\/monitoreo\/progs17\/RAG3\/RAG3_137.pdf\" target=\"_blank\"><br \/>\n                    <i class=\"fa fa-download\"><\/i><\/a><\/td><td class=\"column-9\">                <a href=\"\/wp-content\/uploads\/sites\/77\/pdf\/monitoreo\/progs17\/RAG4\/RAG4_137.pdf\" target=\"_blank\"><br \/>\n                    <i class=\"fa fa-download\"><\/i><\/a><\/td>\n<\/tr>\n<tr class=\"row-36\">\n\t<td class=\"column-1\">138<\/td><td class=\"column-2\">ATENCI\u00d3N INTEGRAL A LA POBLACI\u00d3N MIGRANTE Y SUS FAMILIAS<\/td><td class=\"column-3\">                <a href=\"\/wp-content\/uploads\/sites\/77\/pdf\/monitoreo\/progs17\/mir\/138.pdf\" target=\"_blank\"><br \/>\n                    <i class=\"fa fa-download\"><\/i><\/a><\/td><td class=\"column-4\">                <a href=\"\/wp-content\/uploads\/sites\/77\/pdf\/monitoreo\/progs17\/fin\/138.pdf\" target=\"_blank\"><br \/>\n                    <i class=\"fa fa-download\"><\/i><\/a><\/td><td class=\"column-5\">                <a href=\"\/wp-content\/uploads\/sites\/77\/pdf\/monitoreo\/progs17\/proposito\/138.pdf\" target=\"_blank\"><br \/>\n                    <i class=\"fa fa-download\"><\/i><\/a><\/td><td class=\"column-6\">                <a href=\"\/wp-content\/uploads\/sites\/77\/pdf\/monitoreo\/progs17\/RAG1\/RAG1_138.pdf\" target=\"_blank\"><br \/>\n                    <i class=\"fa fa-download\"><\/i><\/a><\/td><td class=\"column-7\">                <a href=\"\/wp-content\/uploads\/sites\/77\/pdf\/monitoreo\/progs17\/RAG2\/RAG2_138.pdf\" target=\"_blank\"><br \/>\n                    <i class=\"fa fa-download\"><\/i><\/a><\/td><td class=\"column-8\">                <a href=\"\/wp-content\/uploads\/sites\/77\/pdf\/monitoreo\/progs17\/RAG3\/RAG3_138.pdf\" target=\"_blank\"><br \/>\n                    <i class=\"fa fa-download\"><\/i><\/a><\/td><td class=\"column-9\">                <a href=\"\/wp-content\/uploads\/sites\/77\/pdf\/monitoreo\/progs17\/RAG4\/RAG4_138.pdf\" target=\"_blank\"><br \/>\n                    <i class=\"fa fa-download\"><\/i><\/a><\/td>\n<\/tr>\n<tr class=\"row-37\">\n\t<td class=\"column-1\">139<\/td><td class=\"column-2\">FORMACI\u00d3N PROFESIONAL Y POSGRADO<\/td><td class=\"column-3\">                <a href=\"\/wp-content\/uploads\/sites\/77\/pdf\/monitoreo\/progs17\/mir\/139.pdf\" target=\"_blank\"><br \/>\n                    <i class=\"fa fa-download\"><\/i><\/a><\/td><td class=\"column-4\">                <a href=\"\/wp-content\/uploads\/sites\/77\/pdf\/monitoreo\/progs17\/fin\/139.pdf\" target=\"_blank\"><br \/>\n                    <i class=\"fa fa-download\"><\/i><\/a><\/td><td class=\"column-5\">                <a href=\"\/wp-content\/uploads\/sites\/77\/pdf\/monitoreo\/progs17\/proposito\/139.pdf\" target=\"_blank\"><br \/>\n                    <i class=\"fa fa-download\"><\/i><\/a><\/td><td class=\"column-6\">                <a href=\"\/wp-content\/uploads\/sites\/77\/pdf\/monitoreo\/progs17\/RAG1\/RAG1_139.pdf\" target=\"_blank\"><br \/>\n                    <i class=\"fa fa-download\"><\/i><\/a><\/td><td class=\"column-7\">                <a href=\"\/wp-content\/uploads\/sites\/77\/pdf\/monitoreo\/progs17\/RAG2\/RAG2_139.pdf\" target=\"_blank\"><br \/>\n                    <i class=\"fa fa-download\"><\/i><\/a><\/td><td class=\"column-8\">                <a href=\"\/wp-content\/uploads\/sites\/77\/pdf\/monitoreo\/progs17\/RAG3\/RAG3_139.pdf\" target=\"_blank\"><br \/>\n                    <i class=\"fa fa-download\"><\/i><\/a><\/td><td class=\"column-9\">                <a href=\"\/wp-content\/uploads\/sites\/77\/pdf\/monitoreo\/progs17\/RAG4\/RAG4_139.pdf\" target=\"_blank\"><br \/>\n                    <i class=\"fa fa-download\"><\/i><\/a><\/td>\n<\/tr>\n<tr class=\"row-38\">\n\t<td class=\"column-1\">140<\/td><td class=\"column-2\">EFICIENCIA EN LA CAPTACI\u00d3N DE INGRESOS<\/td><td class=\"column-3\">                <a href=\"\/wp-content\/uploads\/sites\/77\/pdf\/monitoreo\/progs17\/mir\/140.pdf\" target=\"_blank\"><br \/>\n                    <i class=\"fa fa-download\"><\/i><\/a><\/td><td class=\"column-4\">                <a href=\"\/wp-content\/uploads\/sites\/77\/pdf\/monitoreo\/progs17\/fin\/140.pdf\" target=\"_blank\"><br \/>\n                    <i class=\"fa fa-download\"><\/i><\/a><\/td><td class=\"column-5\">                <a href=\"\/wp-content\/uploads\/sites\/77\/pdf\/monitoreo\/progs17\/proposito\/140.pdf\" target=\"_blank\"><br \/>\n                    <i class=\"fa fa-download\"><\/i><\/a><\/td><td class=\"column-6\">                <a href=\"\/wp-content\/uploads\/sites\/77\/pdf\/monitoreo\/progs17\/RAG1\/RAG1_140.pdf\" target=\"_blank\"><br \/>\n                    <i class=\"fa fa-download\"><\/i><\/a><\/td><td class=\"column-7\">                <a href=\"\/wp-content\/uploads\/sites\/77\/pdf\/monitoreo\/progs17\/RAG2\/RAG2_140.pdf\" target=\"_blank\"><br \/>\n                    <i class=\"fa fa-download\"><\/i><\/a><\/td><td class=\"column-8\">                <a href=\"\/wp-content\/uploads\/sites\/77\/pdf\/monitoreo\/progs17\/RAG3\/RAG3_140.pdf\" target=\"_blank\"><br \/>\n                    <i class=\"fa fa-download\"><\/i><\/a><\/td><td class=\"column-9\">                <a href=\"\/wp-content\/uploads\/sites\/77\/pdf\/monitoreo\/progs17\/RAG4\/RAG4_140.pdf\" target=\"_blank\"><br \/>\n                    <i class=\"fa fa-download\"><\/i><\/a><\/td>\n<\/tr>\n<tr class=\"row-39\">\n\t<td class=\"column-1\">141<\/td><td class=\"column-2\">ADMINISTRACI\u00d3N EFICIENTE DE LOS FONDOS DEL ESTADO<\/td><td class=\"column-3\">                <a href=\"\/wp-content\/uploads\/sites\/77\/pdf\/monitoreo\/progs17\/mir\/141.pdf\" target=\"_blank\"><br \/>\n                    <i class=\"fa fa-download\"><\/i><\/a><\/td><td class=\"column-4\">                <a href=\"\/wp-content\/uploads\/sites\/77\/pdf\/monitoreo\/progs17\/fin\/141.pdf\" target=\"_blank\"><br \/>\n                    <i class=\"fa fa-download\"><\/i><\/a><\/td><td class=\"column-5\">                <a href=\"\/wp-content\/uploads\/sites\/77\/pdf\/monitoreo\/progs17\/proposito\/141.pdf\" target=\"_blank\"><br \/>\n                    <i class=\"fa fa-download\"><\/i><\/a><\/td><td class=\"column-6\">                <a href=\"\/wp-content\/uploads\/sites\/77\/pdf\/monitoreo\/progs17\/RAG1\/RAG1_141.pdf\" target=\"_blank\"><br \/>\n                    <i class=\"fa fa-download\"><\/i><\/a><\/td><td class=\"column-7\">                <a href=\"\/wp-content\/uploads\/sites\/77\/pdf\/monitoreo\/progs17\/RAG2\/RAG2_141.pdf\" target=\"_blank\"><br \/>\n                    <i class=\"fa fa-download\"><\/i><\/a><\/td><td class=\"column-8\">                <a href=\"\/wp-content\/uploads\/sites\/77\/pdf\/monitoreo\/progs17\/RAG3\/RAG3_141.pdf\" target=\"_blank\"><br \/>\n                    <i class=\"fa fa-download\"><\/i><\/a><\/td><td class=\"column-9\">                <a href=\"\/wp-content\/uploads\/sites\/77\/pdf\/monitoreo\/progs17\/RAG4\/RAG4_141.pdf\" target=\"_blank\"><br \/>\n                    <i class=\"fa fa-download\"><\/i><\/a><\/td>\n<\/tr>\n<tr class=\"row-40\">\n\t<td class=\"column-1\">142<\/td><td class=\"column-2\">FORTALECIMIENTO LEGISLATIVO DEL ESTADO<\/td><td class=\"column-3\">                <a href=\"\/wp-content\/uploads\/sites\/77\/pdf\/monitoreo\/progs17\/mir\/142.pdf\" target=\"_blank\"><br \/>\n                    <i class=\"fa fa-download\"><\/i><\/a><\/td><td class=\"column-4\">                <a href=\"\/wp-content\/uploads\/sites\/77\/pdf\/monitoreo\/progs17\/fin\/142.pdf\" target=\"_blank\"><br \/>\n                    <i class=\"fa fa-download\"><\/i><\/a><\/td><td class=\"column-5\">                <a href=\"\/wp-content\/uploads\/sites\/77\/pdf\/monitoreo\/progs17\/proposito\/142.pdf\" target=\"_blank\"><br \/>\n                    <i class=\"fa fa-download\"><\/i><\/a><\/td><td class=\"column-6\">                <a href=\"\/wp-content\/uploads\/sites\/77\/pdf\/monitoreo\/progs17\/RAG1\/RAG1_142.pdf\" target=\"_blank\"><br \/>\n                    <i class=\"fa fa-download\"><\/i><\/a><\/td><td class=\"column-7\">                <a href=\"\/wp-content\/uploads\/sites\/77\/pdf\/monitoreo\/progs17\/RAG2\/RAG2_142.pdf\" target=\"_blank\"><br \/>\n                    <i class=\"fa fa-download\"><\/i><\/a><\/td><td class=\"column-8\">                <a href=\"\/wp-content\/uploads\/sites\/77\/pdf\/monitoreo\/progs17\/RAG3\/RAG3_142.pdf\" target=\"_blank\"><br \/>\n                    <i class=\"fa fa-download\"><\/i><\/a><\/td><td class=\"column-9\">                <a href=\"\/wp-content\/uploads\/sites\/77\/pdf\/monitoreo\/progs17\/RAG4\/RAG4_142.pdf\" target=\"_blank\"><br \/>\n                    <i class=\"fa fa-download\"><\/i><\/a><\/td>\n<\/tr>\n<tr class=\"row-41\">\n\t<td class=\"column-1\">143<\/td><td class=\"column-2\">ATENCI\u00d3N INTEGRAL A TRABAJADORES, JUBILADOS, PENSIONADOS Y PENSIONISTAS DEL GOBIERNO DEL ESTADO<\/td><td class=\"column-3\">                <a href=\"\/wp-content\/uploads\/sites\/77\/pdf\/monitoreo\/progs17\/mir\/143.pdf\" target=\"_blank\"><br \/>\n                    <i class=\"fa fa-download\"><\/i><\/a><\/td><td class=\"column-4\">                <a href=\"\/wp-content\/uploads\/sites\/77\/pdf\/monitoreo\/progs17\/fin\/143.pdf\" target=\"_blank\"><br \/>\n                    <i class=\"fa fa-download\"><\/i><\/a><\/td><td class=\"column-5\">                <a href=\"\/wp-content\/uploads\/sites\/77\/pdf\/monitoreo\/progs17\/proposito\/143.pdf\" target=\"_blank\"><br \/>\n                    <i class=\"fa fa-download\"><\/i><\/a><\/td><td class=\"column-6\">                <a href=\"\/wp-content\/uploads\/sites\/77\/pdf\/monitoreo\/progs17\/RAG1\/RAG1_143.pdf\" target=\"_blank\"><br \/>\n                    <i class=\"fa fa-download\"><\/i><\/a><\/td><td class=\"column-7\">                <a href=\"\/wp-content\/uploads\/sites\/77\/pdf\/monitoreo\/progs17\/RAG2\/RAG2_143.pdf\" target=\"_blank\"><br \/>\n                    <i class=\"fa fa-download\"><\/i><\/a><\/td><td class=\"column-8\">                <a href=\"\/wp-content\/uploads\/sites\/77\/pdf\/monitoreo\/progs17\/RAG3\/RAG3_143.pdf\" target=\"_blank\"><br \/>\n                    <i class=\"fa fa-download\"><\/i><\/a><\/td><td class=\"column-9\">                <a href=\"\/wp-content\/uploads\/sites\/77\/pdf\/monitoreo\/progs17\/RAG4\/RAG4_143.pdf\" target=\"_blank\"><br \/>\n                    <i class=\"fa fa-download\"><\/i><\/a><\/td>\n<\/tr>\n<tr class=\"row-42\">\n\t<td class=\"column-1\">145<\/td><td class=\"column-2\">DESARROLLO INTEGRAL DE LOS PUEBLOS IND\u00cdGENAS Y AFROMEXICANO<\/td><td class=\"column-3\">                <a href=\"\/wp-content\/uploads\/sites\/77\/pdf\/monitoreo\/progs17\/mir\/145.pdf\" target=\"_blank\"><br \/>\n                    <i class=\"fa fa-download\"><\/i><\/a><\/td><td class=\"column-4\">                <a href=\"\/wp-content\/uploads\/sites\/77\/pdf\/monitoreo\/progs17\/fin\/145.pdf\" target=\"_blank\"><br \/>\n                    <i class=\"fa fa-download\"><\/i><\/a><\/td><td class=\"column-5\">                <a href=\"\/wp-content\/uploads\/sites\/77\/pdf\/monitoreo\/progs17\/proposito\/145.pdf\" target=\"_blank\"><br \/>\n                    <i class=\"fa fa-download\"><\/i><\/a><\/td><td class=\"column-6\">                <a href=\"\/wp-content\/uploads\/sites\/77\/pdf\/monitoreo\/progs17\/RAG1\/RAG1_145.pdf\" target=\"_blank\"><br \/>\n                    <i class=\"fa fa-download\"><\/i><\/a><\/td><td class=\"column-7\">                <a href=\"\/wp-content\/uploads\/sites\/77\/pdf\/monitoreo\/progs17\/RAG2\/RAG2_145.pdf\" target=\"_blank\"><br \/>\n                    <i class=\"fa fa-download\"><\/i><\/a><\/td><td class=\"column-8\">                <a href=\"\/wp-content\/uploads\/sites\/77\/pdf\/monitoreo\/progs17\/RAG3\/RAG3_145.pdf\" target=\"_blank\"><br \/>\n                    <i class=\"fa fa-download\"><\/i><\/a><\/td><td class=\"column-9\">                <a href=\"\/wp-content\/uploads\/sites\/77\/pdf\/monitoreo\/progs17\/RAG4\/RAG4_145.pdf\" target=\"_blank\"><br \/>\n                    <i class=\"fa fa-download\"><\/i><\/a><\/td>\n<\/tr>\n<tr class=\"row-43\">\n\t<td class=\"column-1\">146<\/td><td class=\"column-2\">AMPLIACI\u00d3N Y MEJORAMIENTO DE LA COBERTURA DE AGUA POTABLE<\/td><td class=\"column-3\">                <a href=\"\/wp-content\/uploads\/sites\/77\/pdf\/monitoreo\/progs17\/mir\/146.pdf\" target=\"_blank\"><br \/>\n                    <i class=\"fa fa-download\"><\/i><\/a><\/td><td class=\"column-4\">                <a href=\"\/wp-content\/uploads\/sites\/77\/pdf\/monitoreo\/progs17\/fin\/146.pdf\" target=\"_blank\"><br \/>\n                    <i class=\"fa fa-download\"><\/i><\/a><\/td><td class=\"column-5\">                <a href=\"\/wp-content\/uploads\/sites\/77\/pdf\/monitoreo\/progs17\/proposito\/146.pdf\" target=\"_blank\"><br \/>\n                    <i class=\"fa fa-download\"><\/i><\/a><\/td><td class=\"column-6\">                <a href=\"\/wp-content\/uploads\/sites\/77\/pdf\/monitoreo\/progs17\/RAG1\/RAG1_146.pdf\" target=\"_blank\"><br \/>\n                    <i class=\"fa fa-download\"><\/i><\/a><\/td><td class=\"column-7\">                <a href=\"\/wp-content\/uploads\/sites\/77\/pdf\/monitoreo\/progs17\/RAG2\/RAG2_146.pdf\" target=\"_blank\"><br \/>\n                    <i class=\"fa fa-download\"><\/i><\/a><\/td><td class=\"column-8\">                <a href=\"\/wp-content\/uploads\/sites\/77\/pdf\/monitoreo\/progs17\/RAG3\/RAG3_146.pdf\" target=\"_blank\"><br \/>\n                    <i class=\"fa fa-download\"><\/i><\/a><\/td><td class=\"column-9\">                <a href=\"\/wp-content\/uploads\/sites\/77\/pdf\/monitoreo\/progs17\/RAG4\/RAG4_146.pdf\" target=\"_blank\"><br \/>\n                    <i class=\"fa fa-download\"><\/i><\/a><\/td>\n<\/tr>\n<tr class=\"row-44\">\n\t<td class=\"column-1\">147<\/td><td class=\"column-2\">PROMOCI\u00d3N Y FOMENTO DE LA CULTURA<\/td><td class=\"column-3\">                <a href=\"\/wp-content\/uploads\/sites\/77\/pdf\/monitoreo\/progs17\/mir\/147.pdf\" target=\"_blank\"><br \/>\n                    <i class=\"fa fa-download\"><\/i><\/a><\/td><td class=\"column-4\">                <a href=\"\/wp-content\/uploads\/sites\/77\/pdf\/monitoreo\/progs17\/fin\/147.pdf\" target=\"_blank\"><br \/>\n                    <i class=\"fa fa-download\"><\/i><\/a><\/td><td class=\"column-5\">                <a href=\"\/wp-content\/uploads\/sites\/77\/pdf\/monitoreo\/progs17\/proposito\/147.pdf\" target=\"_blank\"><br \/>\n                    <i class=\"fa fa-download\"><\/i><\/a><\/td><td class=\"column-6\">                <a href=\"\/wp-content\/uploads\/sites\/77\/pdf\/monitoreo\/progs17\/RAG1\/RAG1_147.pdf\" target=\"_blank\"><br \/>\n                    <i class=\"fa fa-download\"><\/i><\/a><\/td><td class=\"column-7\">                <a href=\"\/wp-content\/uploads\/sites\/77\/pdf\/monitoreo\/progs17\/RAG2\/RAG2_147.pdf\" target=\"_blank\"><br \/>\n                    <i class=\"fa fa-download\"><\/i><\/a><\/td><td class=\"column-8\">                <a href=\"\/wp-content\/uploads\/sites\/77\/pdf\/monitoreo\/progs17\/RAG3\/RAG3_147.pdf\" target=\"_blank\"><br \/>\n                    <i class=\"fa fa-download\"><\/i><\/a><\/td><td class=\"column-9\">                <a href=\"\/wp-content\/uploads\/sites\/77\/pdf\/monitoreo\/progs17\/RAG4\/RAG4_147.pdf\" target=\"_blank\"><br \/>\n                    <i class=\"fa fa-download\"><\/i><\/a><\/td>\n<\/tr>\n<tr class=\"row-45\">\n\t<td class=\"column-1\">148<\/td><td class=\"column-2\">PLANEACI\u00d3N PARA EL DESARROLLO<\/td><td class=\"column-3\">                <a href=\"\/wp-content\/uploads\/sites\/77\/pdf\/monitoreo\/progs17\/mir\/148.pdf\" target=\"_blank\"><br \/>\n                    <i class=\"fa fa-download\"><\/i><\/a><\/td><td class=\"column-4\">                <a href=\"\/wp-content\/uploads\/sites\/77\/pdf\/monitoreo\/progs17\/fin\/148.pdf\" target=\"_blank\"><br \/>\n                    <i class=\"fa fa-download\"><\/i><\/a><\/td><td class=\"column-5\">                <a href=\"\/wp-content\/uploads\/sites\/77\/pdf\/monitoreo\/progs17\/proposito\/148.pdf\" target=\"_blank\"><br \/>\n                    <i class=\"fa fa-download\"><\/i><\/a><\/td><td class=\"column-6\">                <a href=\"\/wp-content\/uploads\/sites\/77\/pdf\/monitoreo\/progs17\/RAG1\/RAG1_148.pdf\" target=\"_blank\"><br \/>\n                    <i class=\"fa fa-download\"><\/i><\/a><\/td><td class=\"column-7\">                <a href=\"\/wp-content\/uploads\/sites\/77\/pdf\/monitoreo\/progs17\/RAG2\/RAG2_148.pdf\" target=\"_blank\"><br \/>\n                    <i class=\"fa fa-download\"><\/i><\/a><\/td><td class=\"column-8\">                <a href=\"\/wp-content\/uploads\/sites\/77\/pdf\/monitoreo\/progs17\/RAG3\/RAG3_148.pdf\" target=\"_blank\"><br \/>\n                    <i class=\"fa fa-download\"><\/i><\/a><\/td><td class=\"column-9\">                <a href=\"\/wp-content\/uploads\/sites\/77\/pdf\/monitoreo\/progs17\/RAG4\/RAG4_148.pdf\" target=\"_blank\"><br \/>\n                    <i class=\"fa fa-download\"><\/i><\/a><\/td>\n<\/tr>\n<tr class=\"row-46\">\n\t<td class=\"column-1\">149<\/td><td class=\"column-2\">PREVENCI\u00d3N Y DEFENSA DE LOS DERECHOS HUMANOS<\/td><td class=\"column-3\">                <a href=\"\/wp-content\/uploads\/sites\/77\/pdf\/monitoreo\/progs17\/mir\/149.pdf\" target=\"_blank\"><br \/>\n                    <i class=\"fa fa-download\"><\/i><\/a><\/td><td class=\"column-4\">                <a href=\"\/wp-content\/uploads\/sites\/77\/pdf\/monitoreo\/progs17\/fin\/149.pdf\" target=\"_blank\"><br \/>\n                    <i class=\"fa fa-download\"><\/i><\/a><\/td><td class=\"column-5\">                <a href=\"\/wp-content\/uploads\/sites\/77\/pdf\/monitoreo\/progs17\/proposito\/149.pdf\" target=\"_blank\"><br \/>\n                    <i class=\"fa fa-download\"><\/i><\/a><\/td><td class=\"column-6\">                <a href=\"\/wp-content\/uploads\/sites\/77\/pdf\/monitoreo\/progs17\/RAG1\/RAG1_149.pdf\" target=\"_blank\"><br \/>\n                    <i class=\"fa fa-download\"><\/i><\/a><\/td><td class=\"column-7\">                <a href=\"\/wp-content\/uploads\/sites\/77\/pdf\/monitoreo\/progs17\/RAG2\/RAG2_149.pdf\" target=\"_blank\"><br \/>\n                    <i class=\"fa fa-download\"><\/i><\/a><\/td><td class=\"column-8\">                <a href=\"\/wp-content\/uploads\/sites\/77\/pdf\/monitoreo\/progs17\/RAG3\/RAG3_149.pdf\" target=\"_blank\"><br \/>\n                    <i class=\"fa fa-download\"><\/i><\/a><\/td><td class=\"column-9\">                <a href=\"\/wp-content\/uploads\/sites\/77\/pdf\/monitoreo\/progs17\/RAG4\/RAG4_149.pdf\" target=\"_blank\"><br \/>\n                    <i class=\"fa fa-download\"><\/i><\/a><\/td>\n<\/tr>\n<tr class=\"row-47\">\n\t<td class=\"column-1\">150<\/td><td class=\"column-2\">DESARROLLO FORESTAL SUSTENTABLE<\/td><td class=\"column-3\">                <a href=\"\/wp-content\/uploads\/sites\/77\/pdf\/monitoreo\/progs17\/mir\/150.pdf\" target=\"_blank\"><br \/>\n                    <i class=\"fa fa-download\"><\/i><\/a><\/td><td class=\"column-4\">                <a href=\"\/wp-content\/uploads\/sites\/77\/pdf\/monitoreo\/progs17\/fin\/150.pdf\" target=\"_blank\"><br \/>\n                    <i class=\"fa fa-download\"><\/i><\/a><\/td><td class=\"column-5\">                <a href=\"\/wp-content\/uploads\/sites\/77\/pdf\/monitoreo\/progs17\/proposito\/150.pdf\" target=\"_blank\"><br \/>\n                    <i class=\"fa fa-download\"><\/i><\/a><\/td><td class=\"column-6\">                <a href=\"\/wp-content\/uploads\/sites\/77\/pdf\/monitoreo\/progs17\/RAG1\/RAG1_150.pdf\" target=\"_blank\"><br \/>\n                    <i class=\"fa fa-download\"><\/i><\/a><\/td><td class=\"column-7\">                <a href=\"\/wp-content\/uploads\/sites\/77\/pdf\/monitoreo\/progs17\/RAG2\/RAG2_150.pdf\" target=\"_blank\"><br \/>\n                    <i class=\"fa fa-download\"><\/i><\/a><\/td><td class=\"column-8\">                <a href=\"\/wp-content\/uploads\/sites\/77\/pdf\/monitoreo\/progs17\/RAG3\/RAG3_150.pdf\" target=\"_blank\"><br \/>\n                    <i class=\"fa fa-download\"><\/i><\/a><\/td><td class=\"column-9\">                <a href=\"\/wp-content\/uploads\/sites\/77\/pdf\/monitoreo\/progs17\/RAG4\/RAG4_150.pdf\" target=\"_blank\"><br \/>\n                    <i class=\"fa fa-download\"><\/i><\/a><\/td>\n<\/tr>\n<tr class=\"row-48\">\n\t<td class=\"column-1\">151<\/td><td class=\"column-2\">GESTI\u00d3N INTEGRAL DE RIESGOS<\/td><td class=\"column-3\">                <a href=\"\/wp-content\/uploads\/sites\/77\/pdf\/monitoreo\/progs17\/mir\/151.pdf\" target=\"_blank\"><br \/>\n                    <i class=\"fa fa-download\"><\/i><\/a><\/td><td class=\"column-4\">                <a href=\"\/wp-content\/uploads\/sites\/77\/pdf\/monitoreo\/progs17\/fin\/151.pdf\" target=\"_blank\"><br \/>\n                    <i class=\"fa fa-download\"><\/i><\/a><\/td><td class=\"column-5\">                <a href=\"\/wp-content\/uploads\/sites\/77\/pdf\/monitoreo\/progs17\/proposito\/151.pdf\" target=\"_blank\"><br \/>\n                    <i class=\"fa fa-download\"><\/i><\/a><\/td><td class=\"column-6\">                <a href=\"\/wp-content\/uploads\/sites\/77\/pdf\/monitoreo\/progs17\/RAG1\/RAG1_151.pdf\" target=\"_blank\"><br \/>\n                    <i class=\"fa fa-download\"><\/i><\/a><\/td><td class=\"column-7\">                <a href=\"\/wp-content\/uploads\/sites\/77\/pdf\/monitoreo\/progs17\/RAG2\/RAG2_151.pdf\" target=\"_blank\"><br \/>\n                    <i class=\"fa fa-download\"><\/i><\/a><\/td><td class=\"column-8\">                <a href=\"\/wp-content\/uploads\/sites\/77\/pdf\/monitoreo\/progs17\/RAG3\/RAG3_151.pdf\" target=\"_blank\"><br \/>\n                    <i class=\"fa fa-download\"><\/i><\/a><\/td><td class=\"column-9\">                <a href=\"\/wp-content\/uploads\/sites\/77\/pdf\/monitoreo\/progs17\/RAG4\/RAG4_151.pdf\" target=\"_blank\"><br \/>\n                    <i class=\"fa fa-download\"><\/i><\/a><\/td>\n<\/tr>\n<tr class=\"row-49\">\n\t<td class=\"column-1\">152<\/td><td class=\"column-2\">PROMOCI\u00d3N Y FOMENTO DE LAS POL\u00cdTICAS P\u00daBLICAS IGUALITARIAS PARA MUJERES Y HOMBRES<\/td><td class=\"column-3\">                <a href=\"\/wp-content\/uploads\/sites\/77\/pdf\/monitoreo\/progs17\/mir\/152.pdf\" target=\"_blank\"><br \/>\n                    <i class=\"fa fa-download\"><\/i><\/a><\/td><td class=\"column-4\">                <a href=\"\/wp-content\/uploads\/sites\/77\/pdf\/monitoreo\/progs17\/fin\/152.pdf\" target=\"_blank\"><br \/>\n                    <i class=\"fa fa-download\"><\/i><\/a><\/td><td class=\"column-5\">                <a href=\"\/wp-content\/uploads\/sites\/77\/pdf\/monitoreo\/progs17\/proposito\/152.pdf\" target=\"_blank\"><br \/>\n                    <i class=\"fa fa-download\"><\/i><\/a><\/td><td class=\"column-6\">                <a href=\"\/wp-content\/uploads\/sites\/77\/pdf\/monitoreo\/progs17\/RAG1\/RAG1_152.pdf\" target=\"_blank\"><br \/>\n                    <i class=\"fa fa-download\"><\/i><\/a><\/td><td class=\"column-7\">                <a href=\"\/wp-content\/uploads\/sites\/77\/pdf\/monitoreo\/progs17\/RAG2\/RAG2_152.pdf\" target=\"_blank\"><br \/>\n                    <i class=\"fa fa-download\"><\/i><\/a><\/td><td class=\"column-8\">                <a href=\"\/wp-content\/uploads\/sites\/77\/pdf\/monitoreo\/progs17\/RAG3\/RAG3_152.pdf\" target=\"_blank\"><br \/>\n                    <i class=\"fa fa-download\"><\/i><\/a><\/td><td class=\"column-9\">                <a href=\"\/wp-content\/uploads\/sites\/77\/pdf\/monitoreo\/progs17\/RAG4\/RAG4_152.pdf\" target=\"_blank\"><br \/>\n                    <i class=\"fa fa-download\"><\/i><\/a><\/td>\n<\/tr>\n<tr class=\"row-50\">\n\t<td class=\"column-1\">153<\/td><td class=\"column-2\">AMPLIACI\u00d3N Y MEJORA DE LA COBERTURA DE SANEAMIENTO B\u00c1SICO<\/td><td class=\"column-3\">                <a href=\"\/wp-content\/uploads\/sites\/77\/pdf\/monitoreo\/progs17\/mir\/153.pdf\" target=\"_blank\"><br \/>\n                    <i class=\"fa fa-download\"><\/i><\/a><\/td><td class=\"column-4\">                <a href=\"\/wp-content\/uploads\/sites\/77\/pdf\/monitoreo\/progs17\/fin\/153.pdf\" target=\"_blank\"><br \/>\n                    <i class=\"fa fa-download\"><\/i><\/a><\/td><td class=\"column-5\">                <a href=\"\/wp-content\/uploads\/sites\/77\/pdf\/monitoreo\/progs17\/proposito\/153.pdf\" target=\"_blank\"><br \/>\n                    <i class=\"fa fa-download\"><\/i><\/a><\/td><td class=\"column-6\">                <a href=\"\/wp-content\/uploads\/sites\/77\/pdf\/monitoreo\/progs17\/RAG1\/RAG1_153.pdf\" target=\"_blank\"><br \/>\n                    <i class=\"fa fa-download\"><\/i><\/a><\/td><td class=\"column-7\">                <a href=\"\/wp-content\/uploads\/sites\/77\/pdf\/monitoreo\/progs17\/RAG2\/RAG2_153.pdf\" target=\"_blank\"><br \/>\n                    <i class=\"fa fa-download\"><\/i><\/a><\/td><td class=\"column-8\">                <a href=\"\/wp-content\/uploads\/sites\/77\/pdf\/monitoreo\/progs17\/RAG3\/RAG3_153.pdf\" target=\"_blank\"><br \/>\n                    <i class=\"fa fa-download\"><\/i><\/a><\/td><td class=\"column-9\">                <a href=\"\/wp-content\/uploads\/sites\/77\/pdf\/monitoreo\/progs17\/RAG4\/RAG4_153.pdf\" target=\"_blank\"><br \/>\n                    <i class=\"fa fa-download\"><\/i><\/a><\/td>\n<\/tr>\n<tr class=\"row-51\">\n\t<td class=\"column-1\">154<\/td><td class=\"column-2\">SEGUIMIENTO Y EVALUACI\u00d3N DE PROGRAMAS Y POL\u00cdTICAS P\u00daBLICAS<\/td><td class=\"column-3\">                <a href=\"\/wp-content\/uploads\/sites\/77\/pdf\/monitoreo\/progs17\/mir\/154.pdf\" target=\"_blank\"><br \/>\n                    <i class=\"fa fa-download\"><\/i><\/a><\/td><td class=\"column-4\">                <a href=\"\/wp-content\/uploads\/sites\/77\/pdf\/monitoreo\/progs17\/fin\/154.pdf\" target=\"_blank\"><br \/>\n                    <i class=\"fa fa-download\"><\/i><\/a><\/td><td class=\"column-5\">                <a href=\"\/wp-content\/uploads\/sites\/77\/pdf\/monitoreo\/progs17\/proposito\/154.pdf\" target=\"_blank\"><br \/>\n                    <i class=\"fa fa-download\"><\/i><\/a><\/td><td class=\"column-6\">                <a href=\"\/wp-content\/uploads\/sites\/77\/pdf\/monitoreo\/progs17\/RAG1\/RAG1_154.pdf\" target=\"_blank\"><br \/>\n                    <i class=\"fa fa-download\"><\/i><\/a><\/td><td class=\"column-7\">                <a href=\"\/wp-content\/uploads\/sites\/77\/pdf\/monitoreo\/progs17\/RAG2\/RAG2_154.pdf\" target=\"_blank\"><br \/>\n                    <i class=\"fa fa-download\"><\/i><\/a><\/td><td class=\"column-8\">                <a href=\"\/wp-content\/uploads\/sites\/77\/pdf\/monitoreo\/progs17\/RAG3\/RAG3_154.pdf\" target=\"_blank\"><br \/>\n                    <i class=\"fa fa-download\"><\/i><\/a><\/td><td class=\"column-9\">                <a href=\"\/wp-content\/uploads\/sites\/77\/pdf\/monitoreo\/progs17\/RAG4\/RAG4_154.pdf\" target=\"_blank\"><br \/>\n                    <i class=\"fa fa-download\"><\/i><\/a><\/td>\n<\/tr>\n<tr class=\"row-52\">\n\t<td class=\"column-1\">155<\/td><td class=\"column-2\">ATENCI\u00d3N TRANSVERSAL DE LOS DERECHOS HUMANOS<\/td><td class=\"column-3\">                <a href=\"\/wp-content\/uploads\/sites\/77\/pdf\/monitoreo\/progs17\/mir\/155.pdf\" target=\"_blank\"><br \/>\n                    <i class=\"fa fa-download\"><\/i><\/a><\/td><td class=\"column-4\">                <a href=\"\/wp-content\/uploads\/sites\/77\/pdf\/monitoreo\/progs17\/fin\/155.pdf\" target=\"_blank\"><br \/>\n                    <i class=\"fa fa-download\"><\/i><\/a><\/td><td class=\"column-5\">                <a href=\"\/wp-content\/uploads\/sites\/77\/pdf\/monitoreo\/progs17\/proposito\/155.pdf\" target=\"_blank\"><br \/>\n                    <i class=\"fa fa-download\"><\/i><\/a><\/td><td class=\"column-6\">                <a href=\"\/wp-content\/uploads\/sites\/77\/pdf\/monitoreo\/progs17\/RAG1\/RAG1_155.pdf\" target=\"_blank\"><br \/>\n                    <i class=\"fa fa-download\"><\/i><\/a><\/td><td class=\"column-7\">                <a href=\"\/wp-content\/uploads\/sites\/77\/pdf\/monitoreo\/progs17\/RAG2\/RAG2_155.pdf\" target=\"_blank\"><br \/>\n                    <i class=\"fa fa-download\"><\/i><\/a><\/td><td class=\"column-8\">                <a href=\"\/wp-content\/uploads\/sites\/77\/pdf\/monitoreo\/progs17\/RAG3\/RAG3_155.pdf\" target=\"_blank\"><br \/>\n                    <i class=\"fa fa-download\"><\/i><\/a><\/td><td class=\"column-9\">                <a href=\"\/wp-content\/uploads\/sites\/77\/pdf\/monitoreo\/progs17\/RAG4\/RAG4_155.pdf\" target=\"_blank\"><br \/>\n                    <i class=\"fa fa-download\"><\/i><\/a><\/td>\n<\/tr>\n<tr class=\"row-53\">\n\t<td class=\"column-1\">156<\/td><td class=\"column-2\">SERVICIOS PARA EL FORTALECIMIENTO COMUNITARIO<\/td><td class=\"column-3\">                <a href=\"\/wp-content\/uploads\/sites\/77\/pdf\/monitoreo\/progs17\/mir\/156.pdf\" target=\"_blank\"><br \/>\n                    <i class=\"fa fa-download\"><\/i><\/a><\/td><td class=\"column-4\">                <a href=\"\/wp-content\/uploads\/sites\/77\/pdf\/monitoreo\/progs17\/fin\/156.pdf\" target=\"_blank\"><br \/>\n                    <i class=\"fa fa-download\"><\/i><\/a><\/td><td class=\"column-5\">                <a href=\"\/wp-content\/uploads\/sites\/77\/pdf\/monitoreo\/progs17\/proposito\/156.pdf\" target=\"_blank\"><br \/>\n                    <i class=\"fa fa-download\"><\/i><\/a><\/td><td class=\"column-6\">                <a href=\"\/wp-content\/uploads\/sites\/77\/pdf\/monitoreo\/progs17\/RAG1\/RAG1_156.pdf\" target=\"_blank\"><br \/>\n                    <i class=\"fa fa-download\"><\/i><\/a><\/td><td class=\"column-7\">                <a href=\"\/wp-content\/uploads\/sites\/77\/pdf\/monitoreo\/progs17\/RAG2\/RAG2_156.pdf\" target=\"_blank\"><br \/>\n                    <i class=\"fa fa-download\"><\/i><\/a><\/td><td class=\"column-8\">                <a href=\"\/wp-content\/uploads\/sites\/77\/pdf\/monitoreo\/progs17\/RAG3\/RAG3_156.pdf\" target=\"_blank\"><br \/>\n                    <i class=\"fa fa-download\"><\/i><\/a><\/td><td class=\"column-9\">                <a href=\"\/wp-content\/uploads\/sites\/77\/pdf\/monitoreo\/progs17\/RAG4\/RAG4_156.pdf\" target=\"_blank\"><br \/>\n                    <i class=\"fa fa-download\"><\/i><\/a><\/td>\n<\/tr>\n<tr class=\"row-54\">\n\t<td class=\"column-1\">157<\/td><td class=\"column-2\">DERECHOS DE LOS PUEBLOS IND\u00cdGENAS Y AFROMEXICANO<\/td><td class=\"column-3\">                <a href=\"\/wp-content\/uploads\/sites\/77\/pdf\/monitoreo\/progs17\/mir\/157.pdf\" target=\"_blank\"><br \/>\n                    <i class=\"fa fa-download\"><\/i><\/a><\/td><td class=\"column-4\">                <a href=\"\/wp-content\/uploads\/sites\/77\/pdf\/monitoreo\/progs17\/fin\/157.pdf\" target=\"_blank\"><br \/>\n                    <i class=\"fa fa-download\"><\/i><\/a><\/td><td class=\"column-5\">                <a href=\"\/wp-content\/uploads\/sites\/77\/pdf\/monitoreo\/progs17\/proposito\/157.pdf\" target=\"_blank\"><br \/>\n                    <i class=\"fa fa-download\"><\/i><\/a><\/td><td class=\"column-6\">                <a href=\"\/wp-content\/uploads\/sites\/77\/pdf\/monitoreo\/progs17\/RAG1\/RAG1_157.pdf\" target=\"_blank\"><br \/>\n                    <i class=\"fa fa-download\"><\/i><\/a><\/td><td class=\"column-7\">                <a href=\"\/wp-content\/uploads\/sites\/77\/pdf\/monitoreo\/progs17\/RAG2\/RAG2_157.pdf\" target=\"_blank\"><br \/>\n                    <i class=\"fa fa-download\"><\/i><\/a><\/td><td class=\"column-8\">                <a href=\"\/wp-content\/uploads\/sites\/77\/pdf\/monitoreo\/progs17\/RAG3\/RAG3_157.pdf\" target=\"_blank\"><br \/>\n                    <i class=\"fa fa-download\"><\/i><\/a><\/td><td class=\"column-9\">                <a href=\"\/wp-content\/uploads\/sites\/77\/pdf\/monitoreo\/progs17\/RAG4\/RAG4_157.pdf\" target=\"_blank\"><br \/>\n                    <i class=\"fa fa-download\"><\/i><\/a><\/td>\n<\/tr>\n<tr class=\"row-55\">\n\t<td class=\"column-1\">158<\/td><td class=\"column-2\">ATENCI\u00d3N INTEGRAL A NI\u00d1AS, NI\u00d1OS Y ADOLESCENTES<\/td><td class=\"column-3\">                <a href=\"\/wp-content\/uploads\/sites\/77\/pdf\/monitoreo\/progs17\/mir\/158.pdf\" target=\"_blank\"><br \/>\n                    <i class=\"fa fa-download\"><\/i><\/a><\/td><td class=\"column-4\">                <a href=\"\/wp-content\/uploads\/sites\/77\/pdf\/monitoreo\/progs17\/fin\/158.pdf\" target=\"_blank\"><br \/>\n                    <i class=\"fa fa-download\"><\/i><\/a><\/td><td class=\"column-5\">                <a href=\"\/wp-content\/uploads\/sites\/77\/pdf\/monitoreo\/progs17\/proposito\/158.pdf\" target=\"_blank\"><br \/>\n                    <i class=\"fa fa-download\"><\/i><\/a><\/td><td class=\"column-6\">                <a href=\"\/wp-content\/uploads\/sites\/77\/pdf\/monitoreo\/progs17\/RAG1\/RAG1_158.pdf\" target=\"_blank\"><br \/>\n                    <i class=\"fa fa-download\"><\/i><\/a><\/td><td class=\"column-7\">                <a href=\"\/wp-content\/uploads\/sites\/77\/pdf\/monitoreo\/progs17\/RAG2\/RAG2_158.pdf\" target=\"_blank\"><br \/>\n                    <i class=\"fa fa-download\"><\/i><\/a><\/td><td class=\"column-8\">                <a href=\"\/wp-content\/uploads\/sites\/77\/pdf\/monitoreo\/progs17\/RAG3\/RAG3_158.pdf\" target=\"_blank\"><br \/>\n                    <i class=\"fa fa-download\"><\/i><\/a><\/td><td class=\"column-9\">                <a href=\"\/wp-content\/uploads\/sites\/77\/pdf\/monitoreo\/progs17\/RAG4\/RAG4_158.pdf\" target=\"_blank\"><br \/>\n                    <i class=\"fa fa-download\"><\/i><\/a><\/td>\n<\/tr>\n<tr class=\"row-56\">\n\t<td class=\"column-1\">159<\/td><td class=\"column-2\">ATENCI\u00d3N M\u00c9DICA<\/td><td class=\"column-3\">                <a href=\"\/wp-content\/uploads\/sites\/77\/pdf\/monitoreo\/progs17\/mir\/159.pdf\" target=\"_blank\"><br \/>\n                    <i class=\"fa fa-download\"><\/i><\/a><\/td><td class=\"column-4\">                <a href=\"\/wp-content\/uploads\/sites\/77\/pdf\/monitoreo\/progs17\/fin\/159.pdf\" target=\"_blank\"><br \/>\n                    <i class=\"fa fa-download\"><\/i><\/a><\/td><td class=\"column-5\">                <a href=\"\/wp-content\/uploads\/sites\/77\/pdf\/monitoreo\/progs17\/proposito\/159.pdf\" target=\"_blank\"><br \/>\n                    <i class=\"fa fa-download\"><\/i><\/a><\/td><td class=\"column-6\">                <a href=\"\/wp-content\/uploads\/sites\/77\/pdf\/monitoreo\/progs17\/RAG1\/RAG1_159.pdf\" target=\"_blank\"><br \/>\n                    <i class=\"fa fa-download\"><\/i><\/a><\/td><td class=\"column-7\">                <a href=\"\/wp-content\/uploads\/sites\/77\/pdf\/monitoreo\/progs17\/RAG2\/RAG2_159.pdf\" target=\"_blank\"><br \/>\n                    <i class=\"fa fa-download\"><\/i><\/a><\/td><td class=\"column-8\">                <a href=\"\/wp-content\/uploads\/sites\/77\/pdf\/monitoreo\/progs17\/RAG3\/RAG3_159.pdf\" target=\"_blank\"><br \/>\n                    <i class=\"fa fa-download\"><\/i><\/a><\/td><td class=\"column-9\">                <a href=\"\/wp-content\/uploads\/sites\/77\/pdf\/monitoreo\/progs17\/RAG4\/RAG4_159.pdf\" target=\"_blank\"><br \/>\n                    <i class=\"fa fa-download\"><\/i><\/a><\/td>\n<\/tr>\n<tr class=\"row-57\">\n\t<td class=\"column-1\">160<\/td><td class=\"column-2\">CONSERVACI\u00d3N DE LOS RECURSOS NATURALES Y DEL MEDIO AMBIENTE<\/td><td class=\"column-3\">                <a href=\"\/wp-content\/uploads\/sites\/77\/pdf\/monitoreo\/progs17\/mir\/160.pdf\" target=\"_blank\"><br \/>\n                    <i class=\"fa fa-download\"><\/i><\/a><\/td><td class=\"column-4\">                <a href=\"\/wp-content\/uploads\/sites\/77\/pdf\/monitoreo\/progs17\/fin\/160.pdf\" target=\"_blank\"><br \/>\n                    <i class=\"fa fa-download\"><\/i><\/a><\/td><td class=\"column-5\">                <a href=\"\/wp-content\/uploads\/sites\/77\/pdf\/monitoreo\/progs17\/proposito\/160.pdf\" target=\"_blank\"><br \/>\n                    <i class=\"fa fa-download\"><\/i><\/a><\/td><td class=\"column-6\">                <a href=\"\/wp-content\/uploads\/sites\/77\/pdf\/monitoreo\/progs17\/RAG1\/RAG1_160.pdf\" target=\"_blank\"><br \/>\n                    <i class=\"fa fa-download\"><\/i><\/a><\/td><td class=\"column-7\">                <a href=\"\/wp-content\/uploads\/sites\/77\/pdf\/monitoreo\/progs17\/RAG2\/RAG2_160.pdf\" target=\"_blank\"><br \/>\n                    <i class=\"fa fa-download\"><\/i><\/a><\/td><td class=\"column-8\">                <a href=\"\/wp-content\/uploads\/sites\/77\/pdf\/monitoreo\/progs17\/RAG3\/RAG3_160.pdf\" target=\"_blank\"><br \/>\n                    <i class=\"fa fa-download\"><\/i><\/a><\/td><td class=\"column-9\">                <a href=\"\/wp-content\/uploads\/sites\/77\/pdf\/monitoreo\/progs17\/RAG4\/RAG4_160.pdf\" target=\"_blank\"><br \/>\n                    <i class=\"fa fa-download\"><\/i><\/a><\/td>\n<\/tr>\n<tr class=\"row-58\">\n\t<td class=\"column-1\">161<\/td><td class=\"column-2\">IMPULSO AL DESARROLLO ECON\u00d3MICO<\/td><td class=\"column-3\">                <a href=\"\/wp-content\/uploads\/sites\/77\/pdf\/monitoreo\/progs17\/mir\/161.pdf\" target=\"_blank\"><br \/>\n                    <i class=\"fa fa-download\"><\/i><\/a><\/td><td class=\"column-4\">                <a href=\"\/wp-content\/uploads\/sites\/77\/pdf\/monitoreo\/progs17\/fin\/161.pdf\" target=\"_blank\"><br \/>\n                    <i class=\"fa fa-download\"><\/i><\/a><\/td><td class=\"column-5\">                <a href=\"\/wp-content\/uploads\/sites\/77\/pdf\/monitoreo\/progs17\/proposito\/161.pdf\" target=\"_blank\"><br \/>\n                    <i class=\"fa fa-download\"><\/i><\/a><\/td><td class=\"column-6\">                <a href=\"\/wp-content\/uploads\/sites\/77\/pdf\/monitoreo\/progs17\/RAG1\/RAG1_161.pdf\" target=\"_blank\"><br \/>\n                    <i class=\"fa fa-download\"><\/i><\/a><\/td><td class=\"column-7\">                <a href=\"\/wp-content\/uploads\/sites\/77\/pdf\/monitoreo\/progs17\/RAG2\/RAG2_161.pdf\" target=\"_blank\"><br \/>\n                    <i class=\"fa fa-download\"><\/i><\/a><\/td><td class=\"column-8\">                <a href=\"\/wp-content\/uploads\/sites\/77\/pdf\/monitoreo\/progs17\/RAG3\/RAG3_161.pdf\" target=\"_blank\"><br \/>\n                    <i class=\"fa fa-download\"><\/i><\/a><\/td><td class=\"column-9\">                <a href=\"\/wp-content\/uploads\/sites\/77\/pdf\/monitoreo\/progs17\/RAG4\/RAG4_161.pdf\" target=\"_blank\"><br \/>\n                    <i class=\"fa fa-download\"><\/i><\/a><\/td>\n<\/tr>\n<tr class=\"row-59\">\n\t<td class=\"column-1\">162<\/td><td class=\"column-2\">PROCURACI\u00d3N GENERAL DE JUSTICIA<\/td><td class=\"column-3\">                <a href=\"\/wp-content\/uploads\/sites\/77\/pdf\/monitoreo\/progs17\/mir\/162.pdf\" target=\"_blank\"><br \/>\n                    <i class=\"fa fa-download\"><\/i><\/a><\/td><td class=\"column-4\">                <a href=\"\/wp-content\/uploads\/sites\/77\/pdf\/monitoreo\/progs17\/fin\/162.pdf\" target=\"_blank\"><br \/>\n                    <i class=\"fa fa-download\"><\/i><\/a><\/td><td class=\"column-5\">                <a href=\"\/wp-content\/uploads\/sites\/77\/pdf\/monitoreo\/progs17\/proposito\/162.pdf\" target=\"_blank\"><br \/>\n                    <i class=\"fa fa-download\"><\/i><\/a><\/td><td class=\"column-6\">                <a href=\"\/wp-content\/uploads\/sites\/77\/pdf\/monitoreo\/progs17\/RAG1\/RAG1_162.pdf\" target=\"_blank\"><br \/>\n                    <i class=\"fa fa-download\"><\/i><\/a><\/td><td class=\"column-7\">                <a href=\"\/wp-content\/uploads\/sites\/77\/pdf\/monitoreo\/progs17\/RAG2\/RAG2_162.pdf\" target=\"_blank\"><br \/>\n                    <i class=\"fa fa-download\"><\/i><\/a><\/td><td class=\"column-8\">                <a href=\"\/wp-content\/uploads\/sites\/77\/pdf\/monitoreo\/progs17\/RAG3\/RAG3_162.pdf\" target=\"_blank\"><br \/>\n                    <i class=\"fa fa-download\"><\/i><\/a><\/td><td class=\"column-9\">                <a href=\"\/wp-content\/uploads\/sites\/77\/pdf\/monitoreo\/progs17\/RAG4\/RAG4_162.pdf\" target=\"_blank\"><br \/>\n                    <i class=\"fa fa-download\"><\/i><\/a><\/td>\n<\/tr>\n<tr class=\"row-60\">\n\t<td class=\"column-1\">163<\/td><td class=\"column-2\">PARTICIPACI\u00d3N COMUNITARIA PARA EL DESARROLLO HUMANO CON ASISTENCIA ALIMENTARIA<\/td><td class=\"column-3\">                <a href=\"\/wp-content\/uploads\/sites\/77\/pdf\/monitoreo\/progs17\/mir\/163.pdf\" target=\"_blank\"><br \/>\n                    <i class=\"fa fa-download\"><\/i><\/a><\/td><td class=\"column-4\">                <a href=\"\/wp-content\/uploads\/sites\/77\/pdf\/monitoreo\/progs17\/fin\/163.pdf\" target=\"_blank\"><br \/>\n                    <i class=\"fa fa-download\"><\/i><\/a><\/td><td class=\"column-5\">                <a href=\"\/wp-content\/uploads\/sites\/77\/pdf\/monitoreo\/progs17\/proposito\/163.pdf\" target=\"_blank\"><br \/>\n                    <i class=\"fa fa-download\"><\/i><\/a><\/td><td class=\"column-6\">                <a href=\"\/wp-content\/uploads\/sites\/77\/pdf\/monitoreo\/progs17\/RAG1\/RAG1_163.pdf\" target=\"_blank\"><br \/>\n                    <i class=\"fa fa-download\"><\/i><\/a><\/td><td class=\"column-7\">                <a href=\"\/wp-content\/uploads\/sites\/77\/pdf\/monitoreo\/progs17\/RAG2\/RAG2_163.pdf\" target=\"_blank\"><br \/>\n                    <i class=\"fa fa-download\"><\/i><\/a><\/td><td class=\"column-8\">                <a href=\"\/wp-content\/uploads\/sites\/77\/pdf\/monitoreo\/progs17\/RAG3\/RAG3_163.pdf\" target=\"_blank\"><br \/>\n                    <i class=\"fa fa-download\"><\/i><\/a><\/td><td class=\"column-9\">                <a href=\"\/wp-content\/uploads\/sites\/77\/pdf\/monitoreo\/progs17\/RAG4\/RAG4_163.pdf\" target=\"_blank\"><br \/>\n                    <i class=\"fa fa-download\"><\/i><\/a><\/td>\n<\/tr>\n<tr class=\"row-61\">\n\t<td class=\"column-1\">164<\/td><td class=\"column-2\">FORTALECIMIENTO A LA INFRAESTRUCTURA DE SALUD P\u00daBLICA<\/td><td class=\"column-3\">                <a href=\"\/wp-content\/uploads\/sites\/77\/pdf\/monitoreo\/progs17\/mir\/164.pdf\" target=\"_blank\"><br \/>\n                    <i class=\"fa fa-download\"><\/i><\/a><\/td><td class=\"column-4\">                <a href=\"\/wp-content\/uploads\/sites\/77\/pdf\/monitoreo\/progs17\/fin\/164.pdf\" target=\"_blank\"><br \/>\n                    <i class=\"fa fa-download\"><\/i><\/a><\/td><td class=\"column-5\">                <a href=\"\/wp-content\/uploads\/sites\/77\/pdf\/monitoreo\/progs17\/proposito\/164.pdf\" target=\"_blank\"><br \/>\n                    <i class=\"fa fa-download\"><\/i><\/a><\/td><td class=\"column-6\">                <a href=\"\/wp-content\/uploads\/sites\/77\/pdf\/monitoreo\/progs17\/RAG1\/RAG1_164.pdf\" target=\"_blank\"><br \/>\n                    <i class=\"fa fa-download\"><\/i><\/a><\/td><td class=\"column-7\">                <a href=\"\/wp-content\/uploads\/sites\/77\/pdf\/monitoreo\/progs17\/RAG2\/RAG2_164.pdf\" target=\"_blank\"><br \/>\n                    <i class=\"fa fa-download\"><\/i><\/a><\/td><td class=\"column-8\">                <a href=\"\/wp-content\/uploads\/sites\/77\/pdf\/monitoreo\/progs17\/RAG3\/RAG3_164.pdf\" target=\"_blank\"><br \/>\n                    <i class=\"fa fa-download\"><\/i><\/a><\/td><td class=\"column-9\">                <a href=\"\/wp-content\/uploads\/sites\/77\/pdf\/monitoreo\/progs17\/RAG4\/RAG4_164.pdf\" target=\"_blank\"><br \/>\n                    <i class=\"fa fa-download\"><\/i><\/a><\/td>\n<\/tr>\n<tr class=\"row-62\">\n\t<td class=\"column-1\">165<\/td><td class=\"column-2\">TRANSPARENCIA, RENDICI\u00d3N DE CUENTAS Y PROTECCI\u00d3N DE DATOS PERSONALES<\/td><td class=\"column-3\">                <a href=\"\/wp-content\/uploads\/sites\/77\/pdf\/monitoreo\/progs17\/mir\/165.pdf\" target=\"_blank\"><br \/>\n                    <i class=\"fa fa-download\"><\/i><\/a><\/td><td class=\"column-4\">                <a href=\"\/wp-content\/uploads\/sites\/77\/pdf\/monitoreo\/progs17\/fin\/165.pdf\" target=\"_blank\"><br \/>\n                    <i class=\"fa fa-download\"><\/i><\/a><\/td><td class=\"column-5\">                <a href=\"\/wp-content\/uploads\/sites\/77\/pdf\/monitoreo\/progs17\/proposito\/165.pdf\" target=\"_blank\"><br \/>\n                    <i class=\"fa fa-download\"><\/i><\/a><\/td><td class=\"column-6\">                <a href=\"\/wp-content\/uploads\/sites\/77\/pdf\/monitoreo\/progs17\/RAG1\/RAG1_165.pdf\" target=\"_blank\"><br \/>\n                    <i class=\"fa fa-download\"><\/i><\/a><\/td><td class=\"column-7\">                <a href=\"\/wp-content\/uploads\/sites\/77\/pdf\/monitoreo\/progs17\/RAG2\/RAG2_165.pdf\" target=\"_blank\"><br \/>\n                    <i class=\"fa fa-download\"><\/i><\/a><\/td><td class=\"column-8\">                <a href=\"\/wp-content\/uploads\/sites\/77\/pdf\/monitoreo\/progs17\/RAG3\/RAG3_165.pdf\" target=\"_blank\"><br \/>\n                    <i class=\"fa fa-download\"><\/i><\/a><\/td><td class=\"column-9\">                <a href=\"\/wp-content\/uploads\/sites\/77\/pdf\/monitoreo\/progs17\/RAG4\/RAG4_165.pdf\" target=\"_blank\"><br \/>\n                    <i class=\"fa fa-download\"><\/i><\/a><\/td>\n<\/tr>\n<tr class=\"row-63\">\n\t<td class=\"column-1\">166<\/td><td class=\"column-2\">DESARROLLO Y FORTALECIMIENTO DE CAPACIDADES EN LOS MUNICIPIOS<\/td><td class=\"column-3\">                <a href=\"\/wp-content\/uploads\/sites\/77\/pdf\/monitoreo\/progs17\/mir\/166.pdf\" target=\"_blank\"><br \/>\n                    <i class=\"fa fa-download\"><\/i><\/a><\/td><td class=\"column-4\">                <a href=\"\/wp-content\/uploads\/sites\/77\/pdf\/monitoreo\/progs17\/fin\/166.pdf\" target=\"_blank\"><br \/>\n                    <i class=\"fa fa-download\"><\/i><\/a><\/td><td class=\"column-5\">                <a href=\"\/wp-content\/uploads\/sites\/77\/pdf\/monitoreo\/progs17\/proposito\/166.pdf\" target=\"_blank\"><br \/>\n                    <i class=\"fa fa-download\"><\/i><\/a><\/td><td class=\"column-6\">                <a href=\"\/wp-content\/uploads\/sites\/77\/pdf\/monitoreo\/progs17\/RAG1\/RAG1_166.pdf\" target=\"_blank\"><br \/>\n                    <i class=\"fa fa-download\"><\/i><\/a><\/td><td class=\"column-7\">                <a href=\"\/wp-content\/uploads\/sites\/77\/pdf\/monitoreo\/progs17\/RAG2\/RAG2_166.pdf\" target=\"_blank\"><br \/>\n                    <i class=\"fa fa-download\"><\/i><\/a><\/td><td class=\"column-8\">                <a href=\"\/wp-content\/uploads\/sites\/77\/pdf\/monitoreo\/progs17\/RAG3\/RAG3_166.pdf\" target=\"_blank\"><br \/>\n                    <i class=\"fa fa-download\"><\/i><\/a><\/td><td class=\"column-9\">                <a href=\"\/wp-content\/uploads\/sites\/77\/pdf\/monitoreo\/progs17\/RAG4\/RAG4_166.pdf\" target=\"_blank\"><br \/>\n                    <i class=\"fa fa-download\"><\/i><\/a><\/td>\n<\/tr>\n<tr class=\"row-64\">\n\t<td class=\"column-1\">167<\/td><td class=\"column-2\">DEFENSOR\u00cdA JUR\u00cdDICA<\/td><td class=\"column-3\">                <a href=\"\/wp-content\/uploads\/sites\/77\/pdf\/monitoreo\/progs17\/mir\/167.pdf\" target=\"_blank\"><br \/>\n                    <i class=\"fa fa-download\"><\/i><\/a><\/td><td class=\"column-4\">                <a href=\"\/wp-content\/uploads\/sites\/77\/pdf\/monitoreo\/progs17\/fin\/167.pdf\" target=\"_blank\"><br \/>\n                    <i class=\"fa fa-download\"><\/i><\/a><\/td><td class=\"column-5\">                <a href=\"\/wp-content\/uploads\/sites\/77\/pdf\/monitoreo\/progs17\/proposito\/167.pdf\" target=\"_blank\"><br \/>\n                    <i class=\"fa fa-download\"><\/i><\/a><\/td><td class=\"column-6\">                <a href=\"\/wp-content\/uploads\/sites\/77\/pdf\/monitoreo\/progs17\/RAG1\/RAG1_167.pdf\" target=\"_blank\"><br \/>\n                    <i class=\"fa fa-download\"><\/i><\/a><\/td><td class=\"column-7\">                <a href=\"\/wp-content\/uploads\/sites\/77\/pdf\/monitoreo\/progs17\/RAG2\/RAG2_167.pdf\" target=\"_blank\"><br \/>\n                    <i class=\"fa fa-download\"><\/i><\/a><\/td><td class=\"column-8\">                <a href=\"\/wp-content\/uploads\/sites\/77\/pdf\/monitoreo\/progs17\/RAG3\/RAG3_167.pdf\" target=\"_blank\"><br \/>\n                    <i class=\"fa fa-download\"><\/i><\/a><\/td><td class=\"column-9\">                <a href=\"\/wp-content\/uploads\/sites\/77\/pdf\/monitoreo\/progs17\/RAG4\/RAG4_167.pdf\" target=\"_blank\"><br \/>\n                    <i class=\"fa fa-download\"><\/i><\/a><\/td>\n<\/tr>\n<tr class=\"row-65\">\n\t<td class=\"column-1\">168<\/td><td class=\"column-2\">ATENCI\u00d3N SOCIAL A GRUPOS VULNERABLES<\/td><td class=\"column-3\">                <a href=\"\/wp-content\/uploads\/sites\/77\/pdf\/monitoreo\/progs17\/mir\/168.pdf\" target=\"_blank\"><br \/>\n                    <i class=\"fa fa-download\"><\/i><\/a><\/td><td class=\"column-4\">                <a href=\"\/wp-content\/uploads\/sites\/77\/pdf\/monitoreo\/progs17\/fin\/168.pdf\" target=\"_blank\"><br \/>\n                    <i class=\"fa fa-download\"><\/i><\/a><\/td><td class=\"column-5\">                <a href=\"\/wp-content\/uploads\/sites\/77\/pdf\/monitoreo\/progs17\/proposito\/168.pdf\" target=\"_blank\"><br \/>\n                    <i class=\"fa fa-download\"><\/i><\/a><\/td><td class=\"column-6\">                <a href=\"\/wp-content\/uploads\/sites\/77\/pdf\/monitoreo\/progs17\/RAG1\/RAG1_168.pdf\" target=\"_blank\"><br \/>\n                    <i class=\"fa fa-download\"><\/i><\/a><\/td><td class=\"column-7\">                <a href=\"\/wp-content\/uploads\/sites\/77\/pdf\/monitoreo\/progs17\/RAG2\/RAG2_168.pdf\" target=\"_blank\"><br \/>\n                    <i class=\"fa fa-download\"><\/i><\/a><\/td><td class=\"column-8\">                <a href=\"\/wp-content\/uploads\/sites\/77\/pdf\/monitoreo\/progs17\/RAG3\/RAG3_168.pdf\" target=\"_blank\"><br \/>\n                    <i class=\"fa fa-download\"><\/i><\/a><\/td><td class=\"column-9\">                <a href=\"\/wp-content\/uploads\/sites\/77\/pdf\/monitoreo\/progs17\/RAG4\/RAG4_168.pdf\" target=\"_blank\"><br \/>\n                    <i class=\"fa fa-download\"><\/i><\/a><\/td>\n<\/tr>\n<tr class=\"row-66\">\n\t<td class=\"column-1\">169<\/td><td class=\"column-2\">PREVENCI\u00d3N Y PROMOCI\u00d3N DE LA SALUD<\/td><td class=\"column-3\">                <a href=\"\/wp-content\/uploads\/sites\/77\/pdf\/monitoreo\/progs17\/mir\/169.pdf\" target=\"_blank\"><br \/>\n                    <i class=\"fa fa-download\"><\/i><\/a><\/td><td class=\"column-4\">                <a href=\"\/wp-content\/uploads\/sites\/77\/pdf\/monitoreo\/progs17\/fin\/169.pdf\" target=\"_blank\"><br \/>\n                    <i class=\"fa fa-download\"><\/i><\/a><\/td><td class=\"column-5\">                <a href=\"\/wp-content\/uploads\/sites\/77\/pdf\/monitoreo\/progs17\/proposito\/169.pdf\" target=\"_blank\"><br \/>\n                    <i class=\"fa fa-download\"><\/i><\/a><\/td><td class=\"column-6\">                <a href=\"\/wp-content\/uploads\/sites\/77\/pdf\/monitoreo\/progs17\/RAG1\/RAG1_169.pdf\" target=\"_blank\"><br \/>\n                    <i class=\"fa fa-download\"><\/i><\/a><\/td><td class=\"column-7\">                <a href=\"\/wp-content\/uploads\/sites\/77\/pdf\/monitoreo\/progs17\/RAG2\/RAG2_169.pdf\" target=\"_blank\"><br \/>\n                    <i class=\"fa fa-download\"><\/i><\/a><\/td><td class=\"column-8\">                <a href=\"\/wp-content\/uploads\/sites\/77\/pdf\/monitoreo\/progs17\/RAG3\/RAG3_169.pdf\" target=\"_blank\"><br \/>\n                    <i class=\"fa fa-download\"><\/i><\/a><\/td><td class=\"column-9\">                <a href=\"\/wp-content\/uploads\/sites\/77\/pdf\/monitoreo\/progs17\/RAG4\/RAG4_169.pdf\" target=\"_blank\"><br \/>\n                    <i class=\"fa fa-download\"><\/i><\/a><\/td>\n<\/tr>\n<tr class=\"row-67\">\n\t<td class=\"column-1\">171<\/td><td class=\"column-2\">CONTROL Y FISCALIZACI\u00d3N DE LOS RECURSOS P\u00daBLICOS Y ACTUACI\u00d3N DE LOS SERVIDORES P\u00daBLICOS<\/td><td class=\"column-3\">                <a href=\"\/wp-content\/uploads\/sites\/77\/pdf\/monitoreo\/progs17\/mir\/171.pdf\" target=\"_blank\"><br \/>\n                    <i class=\"fa fa-download\"><\/i><\/a><\/td><td class=\"column-4\">                <a href=\"\/wp-content\/uploads\/sites\/77\/pdf\/monitoreo\/progs17\/fin\/171.pdf\" target=\"_blank\"><br \/>\n                    <i class=\"fa fa-download\"><\/i><\/a><\/td><td class=\"column-5\">                <a href=\"\/wp-content\/uploads\/sites\/77\/pdf\/monitoreo\/progs17\/proposito\/171.pdf\" target=\"_blank\"><br \/>\n                    <i class=\"fa fa-download\"><\/i><\/a><\/td><td class=\"column-6\">                <a href=\"\/wp-content\/uploads\/sites\/77\/pdf\/monitoreo\/progs17\/RAG1\/RAG1_171.pdf\" target=\"_blank\"><br \/>\n                    <i class=\"fa fa-download\"><\/i><\/a><\/td><td class=\"column-7\">                <a href=\"\/wp-content\/uploads\/sites\/77\/pdf\/monitoreo\/progs17\/RAG2\/RAG2_171.pdf\" target=\"_blank\"><br \/>\n                    <i class=\"fa fa-download\"><\/i><\/a><\/td><td class=\"column-8\">                <a href=\"\/wp-content\/uploads\/sites\/77\/pdf\/monitoreo\/progs17\/RAG3\/RAG3_171.pdf\" target=\"_blank\"><br \/>\n                    <i class=\"fa fa-download\"><\/i><\/a><\/td><td class=\"column-9\">                <a href=\"\/wp-content\/uploads\/sites\/77\/pdf\/monitoreo\/progs17\/RAG4\/RAG4_171.pdf\" target=\"_blank\"><br \/>\n                    <i class=\"fa fa-download\"><\/i><\/a><\/td>\n<\/tr>\n<tr class=\"row-68\">\n\t<td class=\"column-1\">172<\/td><td class=\"column-2\">PROMOCI\u00d3N Y FOMENTO A LA JUVENTUD<\/td><td class=\"column-3\">                <a href=\"\/wp-content\/uploads\/sites\/77\/pdf\/monitoreo\/progs17\/mir\/172.pdf\" target=\"_blank\"><br \/>\n                    <i class=\"fa fa-download\"><\/i><\/a><\/td><td class=\"column-4\">                <a href=\"\/wp-content\/uploads\/sites\/77\/pdf\/monitoreo\/progs17\/fin\/172.pdf\" target=\"_blank\"><br \/>\n                    <i class=\"fa fa-download\"><\/i><\/a><\/td><td class=\"column-5\">                <a href=\"\/wp-content\/uploads\/sites\/77\/pdf\/monitoreo\/progs17\/proposito\/172.pdf\" target=\"_blank\"><br \/>\n                    <i class=\"fa fa-download\"><\/i><\/a><\/td><td class=\"column-6\">                <a href=\"\/wp-content\/uploads\/sites\/77\/pdf\/monitoreo\/progs17\/RAG1\/RAG1_172.pdf\" target=\"_blank\"><br \/>\n                    <i class=\"fa fa-download\"><\/i><\/a><\/td><td class=\"column-7\">                <a href=\"\/wp-content\/uploads\/sites\/77\/pdf\/monitoreo\/progs17\/RAG2\/RAG2_172.pdf\" target=\"_blank\"><br \/>\n                    <i class=\"fa fa-download\"><\/i><\/a><\/td><td class=\"column-8\">                <a href=\"\/wp-content\/uploads\/sites\/77\/pdf\/monitoreo\/progs17\/RAG3\/RAG3_172.pdf\" target=\"_blank\"><br \/>\n                    <i class=\"fa fa-download\"><\/i><\/a><\/td><td class=\"column-9\">                <a href=\"\/wp-content\/uploads\/sites\/77\/pdf\/monitoreo\/progs17\/RAG4\/RAG4_172.pdf\" target=\"_blank\"><br \/>\n                    <i class=\"fa fa-download\"><\/i><\/a><\/td>\n<\/tr>\n<tr class=\"row-69\">\n\t<td class=\"column-1\">173<\/td><td class=\"column-2\">PREVENCI\u00d3N Y RESOLUCI\u00d3N DE CONFLICTOS EN LA PRESTACI\u00d3N DE LOS SERVICIOS DE SALUD<\/td><td class=\"column-3\">                <a href=\"\/wp-content\/uploads\/sites\/77\/pdf\/monitoreo\/progs17\/mir\/173.pdf\" target=\"_blank\"><br \/>\n                    <i class=\"fa fa-download\"><\/i><\/a><\/td><td class=\"column-4\">                <a href=\"\/wp-content\/uploads\/sites\/77\/pdf\/monitoreo\/progs17\/fin\/173.pdf\" target=\"_blank\"><br \/>\n                    <i class=\"fa fa-download\"><\/i><\/a><\/td><td class=\"column-5\">                <a href=\"\/wp-content\/uploads\/sites\/77\/pdf\/monitoreo\/progs17\/proposito\/173.pdf\" target=\"_blank\"><br \/>\n                    <i class=\"fa fa-download\"><\/i><\/a><\/td><td class=\"column-6\">                <a href=\"\/wp-content\/uploads\/sites\/77\/pdf\/monitoreo\/progs17\/RAG1\/RAG1_173.pdf\" target=\"_blank\"><br \/>\n                    <i class=\"fa fa-download\"><\/i><\/a><\/td><td class=\"column-7\">                <a href=\"\/wp-content\/uploads\/sites\/77\/pdf\/monitoreo\/progs17\/RAG2\/RAG2_173.pdf\" target=\"_blank\"><br \/>\n                    <i class=\"fa fa-download\"><\/i><\/a><\/td><td class=\"column-8\">                <a href=\"\/wp-content\/uploads\/sites\/77\/pdf\/monitoreo\/progs17\/RAG3\/RAG3_173.pdf\" target=\"_blank\"><br \/>\n                    <i class=\"fa fa-download\"><\/i><\/a><\/td><td class=\"column-9\">                <a href=\"\/wp-content\/uploads\/sites\/77\/pdf\/monitoreo\/progs17\/RAG4\/RAG4_173.pdf\" target=\"_blank\"><br \/>\n                    <i class=\"fa fa-download\"><\/i><\/a><\/td>\n<\/tr>\n<tr class=\"row-70\">\n\t<td class=\"column-1\">174<\/td><td class=\"column-2\">PROMOCI\u00d3N Y FOMENTO DE LA ACTIVACI\u00d3N F\u00cdSICA Y DEL DEPORTE<\/td><td class=\"column-3\">                <a href=\"\/wp-content\/uploads\/sites\/77\/pdf\/monitoreo\/progs17\/mir\/174.pdf\" target=\"_blank\"><br \/>\n                    <i class=\"fa fa-download\"><\/i><\/a><\/td><td class=\"column-4\">                <a href=\"\/wp-content\/uploads\/sites\/77\/pdf\/monitoreo\/progs17\/fin\/174.pdf\" target=\"_blank\"><br \/>\n                    <i class=\"fa fa-download\"><\/i><\/a><\/td><td class=\"column-5\">                <a href=\"\/wp-content\/uploads\/sites\/77\/pdf\/monitoreo\/progs17\/proposito\/174.pdf\" target=\"_blank\"><br \/>\n                    <i class=\"fa fa-download\"><\/i><\/a><\/td><td class=\"column-6\">                <a href=\"\/wp-content\/uploads\/sites\/77\/pdf\/monitoreo\/progs17\/RAG1\/RAG1_174.pdf\" target=\"_blank\"><br \/>\n                    <i class=\"fa fa-download\"><\/i><\/a><\/td><td class=\"column-7\">                <a href=\"\/wp-content\/uploads\/sites\/77\/pdf\/monitoreo\/progs17\/RAG2\/RAG2_174.pdf\" target=\"_blank\"><br \/>\n                    <i class=\"fa fa-download\"><\/i><\/a><\/td><td class=\"column-8\">                <a href=\"\/wp-content\/uploads\/sites\/77\/pdf\/monitoreo\/progs17\/RAG3\/RAG3_174.pdf\" target=\"_blank\"><br \/>\n                    <i class=\"fa fa-download\"><\/i><\/a><\/td><td class=\"column-9\">                <a href=\"\/wp-content\/uploads\/sites\/77\/pdf\/monitoreo\/progs17\/RAG4\/RAG4_174.pdf\" target=\"_blank\"><br \/>\n                    <i class=\"fa fa-download\"><\/i><\/a><\/td>\n<\/tr>\n<tr class=\"row-71\">\n\t<td class=\"column-1\">175<\/td><td class=\"column-2\">REGULACI\u00d3N Y FOMENTO SANITARIO<\/td><td class=\"column-3\">                <a href=\"\/wp-content\/uploads\/sites\/77\/pdf\/monitoreo\/progs17\/mir\/175.pdf\" target=\"_blank\"><br \/>\n                    <i class=\"fa fa-download\"><\/i><\/a><\/td><td class=\"column-4\">                <a href=\"\/wp-content\/uploads\/sites\/77\/pdf\/monitoreo\/progs17\/fin\/175.pdf\" target=\"_blank\"><br \/>\n                    <i class=\"fa fa-download\"><\/i><\/a><\/td><td class=\"column-5\">                <a href=\"\/wp-content\/uploads\/sites\/77\/pdf\/monitoreo\/progs17\/proposito\/175.pdf\" target=\"_blank\"><br \/>\n                    <i class=\"fa fa-download\"><\/i><\/a><\/td><td class=\"column-6\">                <a href=\"\/wp-content\/uploads\/sites\/77\/pdf\/monitoreo\/progs17\/RAG1\/RAG1_175.pdf\" target=\"_blank\"><br \/>\n                    <i class=\"fa fa-download\"><\/i><\/a><\/td><td class=\"column-7\">                <a href=\"\/wp-content\/uploads\/sites\/77\/pdf\/monitoreo\/progs17\/RAG2\/RAG2_175.pdf\" target=\"_blank\"><br \/>\n                    <i class=\"fa fa-download\"><\/i><\/a><\/td><td class=\"column-8\">                <a href=\"\/wp-content\/uploads\/sites\/77\/pdf\/monitoreo\/progs17\/RAG3\/RAG3_175.pdf\" target=\"_blank\"><br \/>\n                    <i class=\"fa fa-download\"><\/i><\/a><\/td><td class=\"column-9\">                <a href=\"\/wp-content\/uploads\/sites\/77\/pdf\/monitoreo\/progs17\/RAG4\/RAG4_175.pdf\" target=\"_blank\"><br \/>\n                    <i class=\"fa fa-download\"><\/i><\/a><\/td>\n<\/tr>\n<tr class=\"row-72\">\n\t<td class=\"column-1\">176<\/td><td class=\"column-2\">REGULARIZACI\u00d3N DE LA TENENCIA DE LA TIERRA URBANA<\/td><td class=\"column-3\">                <a href=\"\/wp-content\/uploads\/sites\/77\/pdf\/monitoreo\/progs17\/mir\/176.pdf\" target=\"_blank\"><br \/>\n                    <i class=\"fa fa-download\"><\/i><\/a><\/td><td class=\"column-4\">                <a href=\"\/wp-content\/uploads\/sites\/77\/pdf\/monitoreo\/progs17\/fin\/176.pdf\" target=\"_blank\"><br \/>\n                    <i class=\"fa fa-download\"><\/i><\/a><\/td><td class=\"column-5\">                <a href=\"\/wp-content\/uploads\/sites\/77\/pdf\/monitoreo\/progs17\/proposito\/176.pdf\" target=\"_blank\"><br \/>\n                    <i class=\"fa fa-download\"><\/i><\/a><\/td><td class=\"column-6\">                <a href=\"\/wp-content\/uploads\/sites\/77\/pdf\/monitoreo\/progs17\/RAG1\/RAG1_176.pdf\" target=\"_blank\"><br \/>\n                    <i class=\"fa fa-download\"><\/i><\/a><\/td><td class=\"column-7\">                <a href=\"\/wp-content\/uploads\/sites\/77\/pdf\/monitoreo\/progs17\/RAG2\/RAG2_176.pdf\" target=\"_blank\"><br \/>\n                    <i class=\"fa fa-download\"><\/i><\/a><\/td><td class=\"column-8\">                <a href=\"\/wp-content\/uploads\/sites\/77\/pdf\/monitoreo\/progs17\/RAG3\/RAG3_176.pdf\" target=\"_blank\"><br \/>\n                    <i class=\"fa fa-download\"><\/i><\/a><\/td><td class=\"column-9\">                <a href=\"\/wp-content\/uploads\/sites\/77\/pdf\/monitoreo\/progs17\/RAG4\/RAG4_176.pdf\" target=\"_blank\"><br \/>\n                    <i class=\"fa fa-download\"><\/i><\/a><\/td>\n<\/tr>\n<tr class=\"row-73\">\n\t<td class=\"column-1\">177<\/td><td class=\"column-2\">PRODUCCI\u00d3N Y TRANSMISI\u00d3N DE RADIO Y TELEVISI\u00d3N P\u00daBLICA<\/td><td class=\"column-3\"><a href=\"\/wp-content\/uploads\/sites\/77\/pdf\/monitoreo\/progs17\/mir\/177.pdf\" target=\"_blank\"><br \/>\n                    <i class=\"fa fa-download\"><\/i><\/a><\/td><td class=\"column-4\"><a href=\"\/wp-content\/uploads\/sites\/77\/pdf\/monitoreo\/progs17\/fin\/177.pdf\" target=\"_blank\"><br \/>\n                    <i class=\"fa fa-download\"><\/i><\/a><\/td><td class=\"column-5\">                <a href=\"\/wp-content\/uploads\/sites\/77\/pdf\/monitoreo\/progs17\/proposito\/177.pdf\" target=\"_blank\"><br \/>\n                    <i class=\"fa fa-download\"><\/i><\/a><\/td><td class=\"column-6\">                <a href=\"\/wp-content\/uploads\/sites\/77\/pdf\/monitoreo\/progs17\/RAG1\/RAG1_177.pdf\" target=\"_blank\"><br \/>\n                    <i class=\"fa fa-download\"><\/i><\/a><\/td><td class=\"column-7\">                <a href=\"\/wp-content\/uploads\/sites\/77\/pdf\/monitoreo\/progs17\/RAG2\/RAG2_177.pdf\" target=\"_blank\"><br \/>\n                    <i class=\"fa fa-download\"><\/i><\/a><\/td><td class=\"column-8\">                <a href=\"\/wp-content\/uploads\/sites\/77\/pdf\/monitoreo\/progs17\/RAG3\/RAG3_177.pdf\" target=\"_blank\"><br \/>\n                    <i class=\"fa fa-download\"><\/i><\/a><\/td><td class=\"column-9\"><\/td>\n<\/tr>\n<tr class=\"row-74\">\n\t<td class=\"column-1\">178<\/td><td class=\"column-2\">DIFUSI\u00d3N DE ACCIONES, PROGRAMAS Y POL\u00cdTICAS GUBERNAMENTALES<\/td><td class=\"column-3\">                <a href=\"\/wp-content\/uploads\/sites\/77\/pdf\/monitoreo\/progs17\/mir\/178.pdf\" target=\"_blank\"><br \/>\n                    <i class=\"fa fa-download\"><\/i><\/a><\/td><td class=\"column-4\">                <a href=\"\/wp-content\/uploads\/sites\/77\/pdf\/monitoreo\/progs17\/fin\/178.pdf\" target=\"_blank\"><br \/>\n                    <i class=\"fa fa-download\"><\/i><\/a><\/td><td class=\"column-5\">                <a href=\"\/wp-content\/uploads\/sites\/77\/pdf\/monitoreo\/progs17\/proposito\/178.pdf\" target=\"_blank\"><br \/>\n                    <i class=\"fa fa-download\"><\/i><\/a><\/td><td class=\"column-6\">                <a href=\"\/wp-content\/uploads\/sites\/77\/pdf\/monitoreo\/progs17\/RAG1\/RAG1_178.pdf\" target=\"_blank\"><br \/>\n                    <i class=\"fa fa-download\"><\/i><\/a><\/td><td class=\"column-7\">                <a href=\"\/wp-content\/uploads\/sites\/77\/pdf\/monitoreo\/progs17\/RAG2\/RAG2_178.pdf\" target=\"_blank\"><br \/>\n                    <i class=\"fa fa-download\"><\/i><\/a><\/td><td class=\"column-8\">                <a href=\"\/wp-content\/uploads\/sites\/77\/pdf\/monitoreo\/progs17\/RAG3\/RAG3_178.pdf\" target=\"_blank\"><br \/>\n                    <i class=\"fa fa-download\"><\/i><\/a><\/td><td class=\"column-9\">                <a href=\"\/wp-content\/uploads\/sites\/77\/pdf\/monitoreo\/progs17\/RAG4\/RAG4_178.pdf\" target=\"_blank\"><br \/>\n                    <i class=\"fa fa-download\"><\/i><\/a><\/td>\n<\/tr>\n<tr class=\"row-75\">\n\t<td class=\"column-1\">179<\/td><td class=\"column-2\">FORTALECIMIENTO DE LAS ACTIVIDADES DEL TITULAR DEL PODER EJECUTIVO<\/td><td class=\"column-3\">                <a href=\"\/wp-content\/uploads\/sites\/77\/pdf\/monitoreo\/progs17\/mir\/179.pdf\" target=\"_blank\"><br \/>\n                    <i class=\"fa fa-download\"><\/i><\/a><\/td><td class=\"column-4\">                <a href=\"\/wp-content\/uploads\/sites\/77\/pdf\/monitoreo\/progs17\/fin\/179.pdf\" target=\"_blank\"><br \/>\n                    <i class=\"fa fa-download\"><\/i><\/a><\/td><td class=\"column-5\">                <a href=\"\/wp-content\/uploads\/sites\/77\/pdf\/monitoreo\/progs17\/proposito\/179.pdf\" target=\"_blank\"><br \/>\n                    <i class=\"fa fa-download\"><\/i><\/a><\/td><td class=\"column-6\">                <a href=\"\/wp-content\/uploads\/sites\/77\/pdf\/monitoreo\/progs17\/RAG1\/RAG1_179.pdf\" target=\"_blank\"><br \/>\n                    <i class=\"fa fa-download\"><\/i><\/a><\/td><td class=\"column-7\">                <a href=\"\/wp-content\/uploads\/sites\/77\/pdf\/monitoreo\/progs17\/RAG2\/RAG2_179.pdf\" target=\"_blank\"><br \/>\n                    <i class=\"fa fa-download\"><\/i><\/a><\/td><td class=\"column-8\">                <a href=\"\/wp-content\/uploads\/sites\/77\/pdf\/monitoreo\/progs17\/RAG3\/RAG3_179.pdf\" target=\"_blank\"><br \/>\n                    <i class=\"fa fa-download\"><\/i><\/a><\/td><td class=\"column-9\">                <a href=\"\/wp-content\/uploads\/sites\/77\/pdf\/monitoreo\/progs17\/RAG4\/RAG4_179.pdf\" target=\"_blank\"><br \/>\n                    <i class=\"fa fa-download\"><\/i><\/a><\/td>\n<\/tr>\n<tr class=\"row-76\">\n\t<td class=\"column-1\">181<\/td><td class=\"column-2\">MAS OAXACA<\/td><td class=\"column-3\">                <a href=\"\/wp-content\/uploads\/sites\/77\/pdf\/monitoreo\/progs17\/mir\/181.pdf\" target=\"_blank\"><br \/>\n                    <i class=\"fa fa-download\"><\/i><\/a><\/td><td class=\"column-4\">                <a href=\"\/wp-content\/uploads\/sites\/77\/pdf\/monitoreo\/progs17\/fin\/181.pdf\" target=\"_blank\"><br \/>\n                    <i class=\"fa fa-download\"><\/i><\/a><\/td><td class=\"column-5\">                <a href=\"\/wp-content\/uploads\/sites\/77\/pdf\/monitoreo\/progs17\/proposito\/181.pdf\" target=\"_blank\"><br \/>\n                    <i class=\"fa fa-download\"><\/i><\/a><\/td><td class=\"column-6\"><\/td><td class=\"column-7\"><\/td><td class=\"column-8\"><a href=\"\/wp-content\/uploads\/sites\/77\/pdf\/monitoreo\/progs17\/RAG3\/RAG3_181.pdf\" target=\"_blank\"><br \/>\n                    <i class=\"fa fa-download\"><\/i><\/a><\/td><td class=\"column-9\"><a href=\"\/wp-content\/uploads\/sites\/77\/pdf\/monitoreo\/progs17\/RAG4\/RAG4_181.pdf\" target=\"_blank\"><br \/>\n                    <i class=\"fa fa-download\"><\/i><\/a><\/td>\n<\/tr>\n<\/tbody>\n<\/table>\n\n<\/div>\n<div id=\"nav_2016\" class=\"tab-pane fade\" role=\"tabpanel\" aria-labelledby=\"nav_tab_2016\">\n<h4>Matriz de Indicadores para Resultados 2016<\/h4>\n\n<table id=\"tablepress-11\" class=\"tablepress tablepress-id-11\">\n<thead>\n<tr class=\"row-1\">\n\t<th class=\"column-1\">N\u00fam.<\/th><th class=\"column-2\">Programa<\/th><th class=\"column-3\">MIR<\/th><th class=\"column-4\">Fichas t\u00e9cnicas<\/th><th colspan=\"4\" class=\"column-5\">Reporte Anual<\/th>\n<\/tr>\n<\/thead>\n<tbody class=\"row-striping row-hover\">\n<tr class=\"row-2\">\n\t<td class=\"column-1\"><\/td><td class=\"column-2\"><\/td><td class=\"column-3\"><\/td><td class=\"column-4\"><\/td><td class=\"column-5\">1er. Trimestre<\/td><td class=\"column-6\">2o. Trimestre<\/td><td class=\"column-7\">3er. Trimestre<\/td><td class=\"column-8\">4o. Trimestre<\/td>\n<\/tr>\n<tr class=\"row-3\">\n\t<td class=\"column-1\">101<\/td><td class=\"column-2\">MEJORAMIENTO, CONSTRUCCI\u00d3N Y REUBICACI\u00d3N DE LA VIVIENDA<\/td><td class=\"column-3\">                <a href=\"\/wp-content\/uploads\/sites\/77\/pdf\/monitoreo\/progs16\/mirsinpres\/101.pdf\" target=\"_blank\" rel=\"noopener\"><br \/>\n                    <i class=\"fa fa-download\"><\/i><\/a><\/td><td class=\"column-4\">                <a href=\"\/wp-content\/uploads\/sites\/77\/pdf\/monitoreo\/progs16\/ft\/PROGRAMA_101_FT_FP.pdf\" target=\"_blank\" rel=\"noopener\"><br \/>\n                    <i class=\"fa fa-download\"><\/i><\/a><\/td><td class=\"column-5\">                <a href=\"\/wp-content\/uploads\/sites\/77\/pdf\/monitoreo\/progs16\/RAG1\/RAG1_101.pdf\" target=\"_blank\" rel=\"noopener\"><br \/>\n                    <i class=\"fa fa-download\"><\/i><\/a><\/td><td class=\"column-6\">                <a href=\"\/wp-content\/uploads\/sites\/77\/pdf\/monitoreo\/progs16\/RAG2\/RAG2_101.pdf\" target=\"_blank\" rel=\"noopener\"><br \/>\n                    <i class=\"fa fa-download\"><\/i><\/a><\/td><td class=\"column-7\">                <a href=\"\/wp-content\/uploads\/sites\/77\/pdf\/monitoreo\/progs16\/RAG3\/RAG3_101.pdf\" target=\"_blank\" rel=\"noopener\"><br \/>\n                    <i class=\"fa fa-download\"><\/i><\/a><\/td><td class=\"column-8\">                <a href=\"\/wp-content\/uploads\/sites\/77\/pdf\/monitoreo\/progs16\/RAG4\/RAG4_101.pdf\" target=\"_blank\" rel=\"noopener\"><br \/>\n                    <i class=\"fa fa-download\"><\/i><\/a><\/td>\n<\/tr>\n<tr class=\"row-4\">\n\t<td class=\"column-1\">102<\/td><td class=\"column-2\">GOBERNABILIDAD DEMOCR\u00c1TICA<\/td><td class=\"column-3\">                <a href=\"\/wp-content\/uploads\/sites\/77\/pdf\/monitoreo\/progs16\/mirsinpres\/102.pdf\" target=\"_blank\" rel=\"noopener\"><br \/>\n                    <i class=\"fa fa-download\"><\/i><\/a><\/td><td class=\"column-4\">                <a href=\"\/wp-content\/uploads\/sites\/77\/pdf\/monitoreo\/progs16\/ft\/PROGRAMA_102_FT_FP.pdf\" target=\"_blank\" rel=\"noopener\"><br \/>\n                    <i class=\"fa fa-download\"><\/i><\/a><\/td><td class=\"column-5\">                <a href=\"\/wp-content\/uploads\/sites\/77\/pdf\/monitoreo\/progs16\/RAG1\/RAG1_102.pdf\" target=\"_blank\" rel=\"noopener\"><br \/>\n                    <i class=\"fa fa-download\"><\/i><\/a><\/td><td class=\"column-6\">                <a href=\"\/wp-content\/uploads\/sites\/77\/pdf\/monitoreo\/progs16\/RAG2\/RAG2_102.pdf\" target=\"_blank\" rel=\"noopener\"><br \/>\n                    <i class=\"fa fa-download\"><\/i><\/a><\/td><td class=\"column-7\">                <a href=\"\/wp-content\/uploads\/sites\/77\/pdf\/monitoreo\/progs16\/RAG3\/RAG3_102.pdf\" target=\"_blank\" rel=\"noopener\"><br \/>\n                    <i class=\"fa fa-download\"><\/i><\/a><\/td><td class=\"column-8\">                <a href=\"\/wp-content\/uploads\/sites\/77\/pdf\/monitoreo\/progs16\/RAG4\/RAG4_102.pdf\" target=\"_blank\" rel=\"noopener\"><br \/>\n                    <i class=\"fa fa-download\"><\/i><\/a><\/td>\n<\/tr>\n<tr class=\"row-5\">\n\t<td class=\"column-1\">103<\/td><td class=\"column-2\">PROMOCI\u00d3N Y DESARROLLO TUR\u00cdSTICO<\/td><td class=\"column-3\">                <a href=\"\/wp-content\/uploads\/sites\/77\/pdf\/monitoreo\/progs16\/mirsinpres\/103.pdf\" target=\"_blank\" rel=\"noopener\"><br \/>\n                    <i class=\"fa fa-download\"><\/i><\/a><\/td><td class=\"column-4\">                <a href=\"\/wp-content\/uploads\/sites\/77\/pdf\/monitoreo\/progs16\/ft\/PROGRAMA_103_FT_FP.pdf\" target=\"_blank\" rel=\"noopener\"><br \/>\n                    <i class=\"fa fa-download\"><\/i><\/a><\/td><td class=\"column-5\">                <a href=\"\/wp-content\/uploads\/sites\/77\/pdf\/monitoreo\/progs16\/RAG1\/RAG1_103.pdf\" target=\"_blank\" rel=\"noopener\"><br \/>\n                    <i class=\"fa fa-download\"><\/i><\/a><\/td><td class=\"column-6\">                <a href=\"\/wp-content\/uploads\/sites\/77\/pdf\/monitoreo\/progs16\/RAG2\/RAG2_103.pdf\" target=\"_blank\" rel=\"noopener\"><br \/>\n                    <i class=\"fa fa-download\"><\/i><\/a><\/td><td class=\"column-7\">                <a href=\"\/wp-content\/uploads\/sites\/77\/pdf\/monitoreo\/progs16\/RAG3\/RAG3_103.pdf\" target=\"_blank\" rel=\"noopener\"><br \/>\n                    <i class=\"fa fa-download\"><\/i><\/a><\/td><td class=\"column-8\">                <a href=\"\/wp-content\/uploads\/sites\/77\/pdf\/monitoreo\/progs16\/RAG4\/RAG4_103.pdf\" target=\"_blank\" rel=\"noopener\"><br \/>\n                    <i class=\"fa fa-download\"><\/i><\/a><\/td>\n<\/tr>\n<tr class=\"row-6\">\n\t<td class=\"column-1\">104<\/td><td class=\"column-2\">PROMOCI\u00d3N, DIFUSI\u00d3N Y DIVULGACI\u00d3N DE LA CIENCIA, TECNOLOG\u00cdA E INNOVACI\u00d3N<\/td><td class=\"column-3\">                <a href=\"\/wp-content\/uploads\/sites\/77\/pdf\/monitoreo\/progs16\/mirsinpres\/104.pdf\" target=\"_blank\" rel=\"noopener\"><br \/>\n                    <i class=\"fa fa-download\"><\/i><\/a><\/td><td class=\"column-4\">                <a href=\"\/wp-content\/uploads\/sites\/77\/pdf\/monitoreo\/progs16\/ft\/PROGRAMA_104_FT_FP.pdf\" target=\"_blank\" rel=\"noopener\"><br \/>\n                    <i class=\"fa fa-download\"><\/i><\/a><\/td><td class=\"column-5\">                <a href=\"\/wp-content\/uploads\/sites\/77\/pdf\/monitoreo\/progs16\/RAG1\/RAG1_104.pdf\" target=\"_blank\" rel=\"noopener\"><br \/>\n                    <i class=\"fa fa-download\"><\/i><\/a><\/td><td class=\"column-6\">                <a href=\"\/wp-content\/uploads\/sites\/77\/pdf\/monitoreo\/progs16\/RAG2\/RAG2_104.pdf\" target=\"_blank\" rel=\"noopener\"><br \/>\n                    <i class=\"fa fa-download\"><\/i><\/a><\/td><td class=\"column-7\">                <a href=\"\/wp-content\/uploads\/sites\/77\/pdf\/monitoreo\/progs16\/RAG3\/RAG3_104.pdf\" target=\"_blank\" rel=\"noopener\"><br \/>\n                    <i class=\"fa fa-download\"><\/i><\/a><\/td><td class=\"column-8\">                <a href=\"\/wp-content\/uploads\/sites\/77\/pdf\/monitoreo\/progs16\/RAG4\/RAG4_104.pdf\" target=\"_blank\" rel=\"noopener\"><br \/>\n                    <i class=\"fa fa-download\"><\/i><\/a><\/td>\n<\/tr>\n<tr class=\"row-7\">\n\t<td class=\"column-1\">105<\/td><td class=\"column-2\">EDUCACI\u00d3N B\u00c1SICA DE CALIDAD<\/td><td class=\"column-3\">                <a href=\"\/wp-content\/uploads\/sites\/77\/pdf\/monitoreo\/progs16\/mirsinpres\/105.pdf\" target=\"_blank\" rel=\"noopener\"><br \/>\n                    <i class=\"fa fa-download\"><\/i><\/a><\/td><td class=\"column-4\">                <a href=\"\/wp-content\/uploads\/sites\/77\/pdf\/monitoreo\/progs16\/ft\/PROGRAMA_105_FT_FP.pdf\" target=\"_blank\" rel=\"noopener\"><br \/>\n                    <i class=\"fa fa-download\"><\/i><\/a><\/td><td class=\"column-5\">                <a href=\"\/wp-content\/uploads\/sites\/77\/pdf\/monitoreo\/progs16\/RAG1\/RAG1_105.pdf\" target=\"_blank\" rel=\"noopener\"><br \/>\n                    <i class=\"fa fa-download\"><\/i><\/a><\/td><td class=\"column-6\">                <a href=\"\/wp-content\/uploads\/sites\/77\/pdf\/monitoreo\/progs16\/RAG2\/RAG2_105.pdf\" target=\"_blank\" rel=\"noopener\"><br \/>\n                    <i class=\"fa fa-download\"><\/i><\/a><\/td><td class=\"column-7\">                <a href=\"\/wp-content\/uploads\/sites\/77\/pdf\/monitoreo\/progs16\/RAG3\/RAG3_105.pdf\" target=\"_blank\" rel=\"noopener\"><br \/>\n                    <i class=\"fa fa-download\"><\/i><\/a><\/td><td class=\"column-8\">                <a href=\"\/wp-content\/uploads\/sites\/77\/pdf\/monitoreo\/progs16\/RAG4\/RAG4_105.pdf\" target=\"_blank\" rel=\"noopener\"><br \/>\n                    <i class=\"fa fa-download\"><\/i><\/a><\/td>\n<\/tr>\n<tr class=\"row-8\">\n\t<td class=\"column-1\">106<\/td><td class=\"column-2\">CAPACITACI\u00d3N Y PROFESIONALIZACI\u00d3N PARA Y EN EL TRABAJO<\/td><td class=\"column-3\">                <a href=\"\/wp-content\/uploads\/sites\/77\/pdf\/monitoreo\/progs16\/mirsinpres\/106.pdf\" target=\"_blank\" rel=\"noopener\"><br \/>\n                    <i class=\"fa fa-download\"><\/i><\/a><\/td><td class=\"column-4\"><a target=\"_blank\" rel=\"noopener\"><br \/>\n                        <i class=\"fa fa-download\" \/><br \/>\n                    <\/a><\/td><td class=\"column-5\">                <a href=\"\/wp-content\/uploads\/sites\/77\/pdf\/monitoreo\/progs16\/RAG1\/RAG1_106.pdf\" target=\"_blank\" rel=\"noopener\"><br \/>\n                    <i class=\"fa fa-download\"><\/i><\/a><\/td><td class=\"column-6\">                <a href=\"\/wp-content\/uploads\/sites\/77\/pdf\/monitoreo\/progs16\/RAG2\/RAG2_106.pdf\" target=\"_blank\" rel=\"noopener\"><br \/>\n                    <i class=\"fa fa-download\"><\/i><\/a><\/td><td class=\"column-7\">                <a href=\"\/wp-content\/uploads\/sites\/77\/pdf\/monitoreo\/progs16\/RAG3\/RAG3_106.pdf\" target=\"_blank\" rel=\"noopener\"><br \/>\n                    <i class=\"fa fa-download\"><\/i><\/a><\/td><td class=\"column-8\">                <a href=\"\/wp-content\/uploads\/sites\/77\/pdf\/monitoreo\/progs16\/RAG4\/RAG4_106.pdf\" target=\"_blank\" rel=\"noopener\"><br \/>\n                    <i class=\"fa fa-download\"><\/i><\/a><\/td>\n<\/tr>\n<tr class=\"row-9\">\n\t<td class=\"column-1\">107<\/td><td class=\"column-2\">CERTEZA JUR\u00cdDICA PARA LA SOCIEDAD<\/td><td class=\"column-3\">                <a href=\"\/wp-content\/uploads\/sites\/77\/pdf\/monitoreo\/progs16\/mirsinpres\/107.pdf\" target=\"_blank\" rel=\"noopener\"><br \/>\n                    <i class=\"fa fa-download\"><\/i><\/a><\/td><td class=\"column-4\">                <a href=\"\/wp-content\/uploads\/sites\/77\/pdf\/monitoreo\/progs16\/ft\/PROGRAMA_107_FT_FP.pdf\" target=\"_blank\" rel=\"noopener\"><br \/>\n                    <i class=\"fa fa-download\"><\/i><\/a><\/td><td class=\"column-5\">                <a href=\"\/wp-content\/uploads\/sites\/77\/pdf\/monitoreo\/progs16\/RAG1\/RAG1_107.pdf\" target=\"_blank\" rel=\"noopener\"><br \/>\n                    <i class=\"fa fa-download\"><\/i><\/a><\/td><td class=\"column-6\">                <a href=\"\/wp-content\/uploads\/sites\/77\/pdf\/monitoreo\/progs16\/RAG2\/RAG2_107.pdf\" target=\"_blank\" rel=\"noopener\"><br \/>\n                    <i class=\"fa fa-download\"><\/i><\/a><\/td><td class=\"column-7\">                <a href=\"\/wp-content\/uploads\/sites\/77\/pdf\/monitoreo\/progs16\/RAG3\/RAG3_107.pdf\" target=\"_blank\" rel=\"noopener\"><br \/>\n                    <i class=\"fa fa-download\"><\/i><\/a><\/td><td class=\"column-8\">                <a href=\"\/wp-content\/uploads\/sites\/77\/pdf\/monitoreo\/progs16\/RAG4\/RAG4_107.pdf\" target=\"_blank\" rel=\"noopener\"><br \/>\n                    <i class=\"fa fa-download\"><\/i><\/a><\/td>\n<\/tr>\n<tr class=\"row-10\">\n\t<td class=\"column-1\">108<\/td><td class=\"column-2\">AMPLIACI\u00d3N Y MEJORA DE CAMINOS RURALES<\/td><td class=\"column-3\">                <a href=\"\/wp-content\/uploads\/sites\/77\/pdf\/monitoreo\/progs16\/mirsinpres\/108.pdf\" target=\"_blank\" rel=\"noopener\"><br \/>\n                    <i class=\"fa fa-download\"><\/i><\/a><\/td><td class=\"column-4\">                <a href=\"\/wp-content\/uploads\/sites\/77\/pdf\/monitoreo\/progs16\/ft\/PROGRAMA_108_FT_FP.pdf\" target=\"_blank\" rel=\"noopener\"><br \/>\n                    <i class=\"fa fa-download\"><\/i><\/a><\/td><td class=\"column-5\">                <a href=\"\/wp-content\/uploads\/sites\/77\/pdf\/monitoreo\/progs16\/RAG1\/RAG1_108.pdf\" target=\"_blank\" rel=\"noopener\"><br \/>\n                    <i class=\"fa fa-download\"><\/i><\/a><\/td><td class=\"column-6\">                <a href=\"\/wp-content\/uploads\/sites\/77\/pdf\/monitoreo\/progs16\/RAG2\/RAG2_108.pdf\" target=\"_blank\" rel=\"noopener\"><br \/>\n                    <i class=\"fa fa-download\"><\/i><\/a><\/td><td class=\"column-7\">                <a href=\"\/wp-content\/uploads\/sites\/77\/pdf\/monitoreo\/progs16\/RAG3\/RAG3_108.pdf\" target=\"_blank\" rel=\"noopener\"><br \/>\n                    <i class=\"fa fa-download\"><\/i><\/a><\/td><td class=\"column-8\">                <a href=\"\/wp-content\/uploads\/sites\/77\/pdf\/monitoreo\/progs16\/RAG4\/RAG4_108.pdf\" target=\"_blank\" rel=\"noopener\"><br \/>\n                    <i class=\"fa fa-download\"><\/i><\/a><\/td>\n<\/tr>\n<tr class=\"row-11\">\n\t<td class=\"column-1\">109<\/td><td class=\"column-2\">DESARROLLO AGR\u00cdCOLA<\/td><td class=\"column-3\">                <a href=\"\/wp-content\/uploads\/sites\/77\/pdf\/monitoreo\/progs16\/mirsinpres\/109.pdf\" target=\"_blank\" rel=\"noopener\"><br \/>\n                    <i class=\"fa fa-download\"><\/i><\/a><\/td><td class=\"column-4\">                <a href=\"\/wp-content\/uploads\/sites\/77\/pdf\/monitoreo\/progs16\/ft\/PROGRAMA_109_FT_FP.pdf\" target=\"_blank\" rel=\"noopener\"><br \/>\n                    <i class=\"fa fa-download\"><\/i><\/a><\/td><td class=\"column-5\">                <a href=\"\/wp-content\/uploads\/sites\/77\/pdf\/monitoreo\/progs16\/RAG1\/RAG1_109.pdf\" target=\"_blank\" rel=\"noopener\"><br \/>\n                    <i class=\"fa fa-download\"><\/i><\/a><\/td><td class=\"column-6\">                <a href=\"\/wp-content\/uploads\/sites\/77\/pdf\/monitoreo\/progs16\/RAG2\/RAG2_109.pdf\" target=\"_blank\" rel=\"noopener\"><br \/>\n                    <i class=\"fa fa-download\"><\/i><\/a><\/td><td class=\"column-7\">                <a href=\"\/wp-content\/uploads\/sites\/77\/pdf\/monitoreo\/progs16\/RAG3\/RAG3_109.pdf\" target=\"_blank\" rel=\"noopener\"><br \/>\n                    <i class=\"fa fa-download\"><\/i><\/a><\/td><td class=\"column-8\">                <a href=\"\/wp-content\/uploads\/sites\/77\/pdf\/monitoreo\/progs16\/RAG4\/RAG4_109.pdf\" target=\"_blank\" rel=\"noopener\"><br \/>\n                    <i class=\"fa fa-download\"><\/i><\/a><\/td>\n<\/tr>\n<tr class=\"row-12\">\n\t<td class=\"column-1\">110<\/td><td class=\"column-2\">DESARROLLO PECUARIO<\/td><td class=\"column-3\">                <a href=\"\/wp-content\/uploads\/sites\/77\/pdf\/monitoreo\/progs16\/mirsinpres\/110.pdf\" target=\"_blank\" rel=\"noopener\"><br \/>\n                    <i class=\"fa fa-download\"><\/i><\/a><\/td><td class=\"column-4\">                <a href=\"\/wp-content\/uploads\/sites\/77\/pdf\/monitoreo\/progs16\/ft\/PROGRAMA_110_FT_FP.pdf\" target=\"_blank\" rel=\"noopener\"><br \/>\n                    <i class=\"fa fa-download\"><\/i><\/a><\/td><td class=\"column-5\">                <a href=\"\/wp-content\/uploads\/sites\/77\/pdf\/monitoreo\/progs16\/RAG1\/RAG1_110.pdf\" target=\"_blank\" rel=\"noopener\"><br \/>\n                    <i class=\"fa fa-download\"><\/i><\/a><\/td><td class=\"column-6\">                <a href=\"\/wp-content\/uploads\/sites\/77\/pdf\/monitoreo\/progs16\/RAG2\/RAG2_110.pdf\" target=\"_blank\" rel=\"noopener\"><br \/>\n                    <i class=\"fa fa-download\"><\/i><\/a><\/td><td class=\"column-7\">                <a href=\"\/wp-content\/uploads\/sites\/77\/pdf\/monitoreo\/progs16\/RAG3\/RAG3_110.pdf\" target=\"_blank\" rel=\"noopener\"><br \/>\n                    <i class=\"fa fa-download\"><\/i><\/a><\/td><td class=\"column-8\">                <a href=\"\/wp-content\/uploads\/sites\/77\/pdf\/monitoreo\/progs16\/RAG4\/RAG4_110.pdf\" target=\"_blank\" rel=\"noopener\"><br \/>\n                    <i class=\"fa fa-download\"><\/i><\/a><\/td>\n<\/tr>\n<tr class=\"row-13\">\n\t<td class=\"column-1\">111<\/td><td class=\"column-2\">DESARROLLO ACU\u00cdCOLA Y PESQUERO<\/td><td class=\"column-3\">                <a href=\"\/wp-content\/uploads\/sites\/77\/pdf\/monitoreo\/progs16\/mirsinpres\/111.pdf\" target=\"_blank\" rel=\"noopener\"><br \/>\n                    <i class=\"fa fa-download\"><\/i><\/a><\/td><td class=\"column-4\">                <a href=\"\/wp-content\/uploads\/sites\/77\/pdf\/monitoreo\/progs16\/ft\/PROGRAMA_111_FT_FP.pdf\" target=\"_blank\" rel=\"noopener\"><br \/>\n                    <i class=\"fa fa-download\"><\/i><\/a><\/td><td class=\"column-5\">                <a href=\"\/wp-content\/uploads\/sites\/77\/pdf\/monitoreo\/progs16\/RAG1\/RAG1_111.pdf\" target=\"_blank\" rel=\"noopener\"><br \/>\n                    <i class=\"fa fa-download\"><\/i><\/a><\/td><td class=\"column-6\">                <a href=\"\/wp-content\/uploads\/sites\/77\/pdf\/monitoreo\/progs16\/RAG2\/RAG2_111.pdf\" target=\"_blank\" rel=\"noopener\"><br \/>\n                    <i class=\"fa fa-download\"><\/i><\/a><\/td><td class=\"column-7\">                <a href=\"\/wp-content\/uploads\/sites\/77\/pdf\/monitoreo\/progs16\/RAG3\/RAG3_111.pdf\" target=\"_blank\" rel=\"noopener\"><br \/>\n                    <i class=\"fa fa-download\"><\/i><\/a><\/td><td class=\"column-8\">                <a href=\"\/wp-content\/uploads\/sites\/77\/pdf\/monitoreo\/progs16\/RAG4\/RAG4_111.pdf\" target=\"_blank\" rel=\"noopener\"><br \/>\n                    <i class=\"fa fa-download\"><\/i><\/a><\/td>\n<\/tr>\n<tr class=\"row-14\">\n\t<td class=\"column-1\">112<\/td><td class=\"column-2\">PROGRAMA BIENESTAR DE DOTACI\u00d3N DE UNIFORMES Y \u00daTILES ESCOLARES<\/td><td class=\"column-3\">                <a href=\"\/wp-content\/uploads\/sites\/77\/pdf\/monitoreo\/progs16\/mirsinpres\/112.pdf\" target=\"_blank\" rel=\"noopener\"><br \/>\n                    <i class=\"fa fa-download\"><\/i><\/a><\/td><td class=\"column-4\">                <a href=\"\/wp-content\/uploads\/sites\/77\/pdf\/monitoreo\/progs16\/ft\/PROGRAMA_112_FT_FP.pdf\" target=\"_blank\" rel=\"noopener\"><br \/>\n                    <i class=\"fa fa-download\"><\/i><\/a><\/td><td class=\"column-5\">                <a href=\"\/wp-content\/uploads\/sites\/77\/pdf\/monitoreo\/progs16\/RAG1\/RAG1_112.pdf\" target=\"_blank\" rel=\"noopener\"><br \/>\n                    <i class=\"fa fa-download\"><\/i><\/a><\/td><td class=\"column-6\">                <a href=\"\/wp-content\/uploads\/sites\/77\/pdf\/monitoreo\/progs16\/RAG2\/RAG2_112.pdf\" target=\"_blank\" rel=\"noopener\"><br \/>\n                    <i class=\"fa fa-download\"><\/i><\/a><\/td><td class=\"column-7\">                <a href=\"\/wp-content\/uploads\/sites\/77\/pdf\/monitoreo\/progs16\/RAG3\/RAG3_112.pdf\" target=\"_blank\" rel=\"noopener\"><br \/>\n                    <i class=\"fa fa-download\"><\/i><\/a><\/td><td class=\"column-8\">                <a href=\"\/wp-content\/uploads\/sites\/77\/pdf\/monitoreo\/progs16\/RAG4\/RAG4_112.pdf\" target=\"_blank\" rel=\"noopener\"><br \/>\n                    <i class=\"fa fa-download\"><\/i><\/a><\/td>\n<\/tr>\n<tr class=\"row-15\">\n\t<td class=\"column-1\">113<\/td><td class=\"column-2\">FOMENTO AL EMPLEO DIGNO Y MEJOR REMUNERADO<\/td><td class=\"column-3\">                <a href=\"\/wp-content\/uploads\/sites\/77\/pdf\/monitoreo\/progs16\/mirsinpres\/113.pdf\" target=\"_blank\" rel=\"noopener\"><br \/>\n                    <i class=\"fa fa-download\"><\/i><\/a><\/td><td class=\"column-4\">                <a href=\"#\" target=\"_blank\" rel=\"noopener\"><br \/>\n                    <i class=\"fa fa-download\"><\/i><\/a><\/td><td class=\"column-5\">                <a href=\"\/wp-content\/uploads\/sites\/77\/pdf\/monitoreo\/progs16\/RAG1\/RAG1_113.pdf\" target=\"_blank\" rel=\"noopener\"><br \/>\n                    <i class=\"fa fa-download\"><\/i><\/a><\/td><td class=\"column-6\">                <a href=\"\/wp-content\/uploads\/sites\/77\/pdf\/monitoreo\/progs16\/RAG2\/RAG2_113.pdf\" target=\"_blank\" rel=\"noopener\"><br \/>\n                    <i class=\"fa fa-download\"><\/i><\/a><\/td><td class=\"column-7\">                <a href=\"\/wp-content\/uploads\/sites\/77\/pdf\/monitoreo\/progs16\/RAG3\/RAG3_113.pdf\" target=\"_blank\" rel=\"noopener\"><br \/>\n                    <i class=\"fa fa-download\"><\/i><\/a><\/td><td class=\"column-8\">                <a href=\"\/wp-content\/uploads\/sites\/77\/pdf\/monitoreo\/progs16\/RAG4\/RAG4_113.pdf\" target=\"_blank\" rel=\"noopener\"><br \/>\n                    <i class=\"fa fa-download\"><\/i><\/a><\/td>\n<\/tr>\n<tr class=\"row-16\">\n\t<td class=\"column-1\">114<\/td><td class=\"column-2\">PROFESIONALIZACI\u00d3N DE LAS INSTITUCIONES DE SEGURIDAD P\u00daBLICA<\/td><td class=\"column-3\">                <a href=\"\/wp-content\/uploads\/sites\/77\/pdf\/monitoreo\/progs16\/mirsinpres\/114.pdf\" target=\"_blank\" rel=\"noopener\"><br \/>\n                    <i class=\"fa fa-download\"><\/i><\/a><\/td><td class=\"column-4\">                <a href=\"\/wp-content\/uploads\/sites\/77\/pdf\/monitoreo\/progs16\/ft\/PROGRAMA_114_FT_FP.pdf\" target=\"_blank\" rel=\"noopener\"><br \/>\n                    <i class=\"fa fa-download\"><\/i><\/a><\/td><td class=\"column-5\">                <a href=\"\/wp-content\/uploads\/sites\/77\/pdf\/monitoreo\/progs16\/RAG1\/RAG1_114.pdf\" target=\"_blank\" rel=\"noopener\"><br \/>\n                    <i class=\"fa fa-download\"><\/i><\/a><\/td><td class=\"column-6\">                <a href=\"\/wp-content\/uploads\/sites\/77\/pdf\/monitoreo\/progs16\/RAG2\/RAG2_114.pdf\" target=\"_blank\" rel=\"noopener\"><br \/>\n                    <i class=\"fa fa-download\"><\/i><\/a><\/td><td class=\"column-7\">                <a href=\"\/wp-content\/uploads\/sites\/77\/pdf\/monitoreo\/progs16\/RAG3\/RAG3_114.pdf\" target=\"_blank\" rel=\"noopener\"><br \/>\n                    <i class=\"fa fa-download\"><\/i><\/a><\/td><td class=\"column-8\">                <a href=\"\/wp-content\/uploads\/sites\/77\/pdf\/monitoreo\/progs16\/RAG4\/RAG4_114.pdf\" target=\"_blank\" rel=\"noopener\"><br \/>\n                    <i class=\"fa fa-download\"><\/i><\/a><\/td>\n<\/tr>\n<tr class=\"row-17\">\n\t<td class=\"column-1\">115<\/td><td class=\"column-2\">FORTALECIMIENTO DE LAS INSTITUCIONES DE SEGURIDAD P\u00daBLICA<\/td><td class=\"column-3\">                <a href=\"\/wp-content\/uploads\/sites\/77\/pdf\/monitoreo\/progs16\/mirsinpres\/115.pdf\" target=\"_blank\" rel=\"noopener\"><br \/>\n                    <i class=\"fa fa-download\"><\/i><\/a><\/td><td class=\"column-4\">                <a href=\"\/wp-content\/uploads\/sites\/77\/pdf\/monitoreo\/progs16\/ft\/PROGRAMA_115_FT_FP.pdf\" target=\"_blank\" rel=\"noopener\"><br \/>\n                    <i class=\"fa fa-download\"><\/i><\/a><\/td><td class=\"column-5\">                <a href=\"\/wp-content\/uploads\/sites\/77\/pdf\/monitoreo\/progs16\/RAG1\/RAG1_115.pdf\" target=\"_blank\" rel=\"noopener\"><br \/>\n                    <i class=\"fa fa-download\"><\/i><\/a><\/td><td class=\"column-6\">                <a href=\"\/wp-content\/uploads\/sites\/77\/pdf\/monitoreo\/progs16\/RAG2\/RAG2_115.pdf\" target=\"_blank\" rel=\"noopener\"><br \/>\n                    <i class=\"fa fa-download\"><\/i><\/a><\/td><td class=\"column-7\">                <a href=\"\/wp-content\/uploads\/sites\/77\/pdf\/monitoreo\/progs16\/RAG3\/RAG3_115.pdf\" target=\"_blank\" rel=\"noopener\"><br \/>\n                    <i class=\"fa fa-download\"><\/i><\/a><\/td><td class=\"column-8\">                <a href=\"\/wp-content\/uploads\/sites\/77\/pdf\/monitoreo\/progs16\/RAG4\/RAG4_115.pdf\" target=\"_blank\" rel=\"noopener\"><br \/>\n                    <i class=\"fa fa-download\"><\/i><\/a><\/td>\n<\/tr>\n<tr class=\"row-18\">\n\t<td class=\"column-1\">116<\/td><td class=\"column-2\">AMPLIACI\u00d3N Y MEJORA DE CARRETERAS ALIMENTADORAS<\/td><td class=\"column-3\">                <a href=\"\/wp-content\/uploads\/sites\/77\/pdf\/monitoreo\/progs16\/mirsinpres\/116.pdf\" target=\"_blank\" rel=\"noopener\"><br \/>\n                    <i class=\"fa fa-download\"><\/i><\/a><\/td><td class=\"column-4\">                <a href=\"\/wp-content\/uploads\/sites\/77\/pdf\/monitoreo\/progs16\/ft\/PROGRAMA_116_FT_FP.pdf\" target=\"_blank\" rel=\"noopener\"><br \/>\n                    <i class=\"fa fa-download\"><\/i><\/a><\/td><td class=\"column-5\">                <a href=\"\/wp-content\/uploads\/sites\/77\/pdf\/monitoreo\/progs16\/RAG1\/RAG1_116.pdf\" target=\"_blank\" rel=\"noopener\"><br \/>\n                    <i class=\"fa fa-download\"><\/i><\/a><\/td><td class=\"column-6\">                <a href=\"\/wp-content\/uploads\/sites\/77\/pdf\/monitoreo\/progs16\/RAG2\/RAG2_116.pdf\" target=\"_blank\" rel=\"noopener\"><br \/>\n                    <i class=\"fa fa-download\"><\/i><\/a><\/td><td class=\"column-7\">                <a href=\"\/wp-content\/uploads\/sites\/77\/pdf\/monitoreo\/progs16\/RAG3\/RAG3_116.pdf\" target=\"_blank\" rel=\"noopener\"><br \/>\n                    <i class=\"fa fa-download\"><\/i><\/a><\/td><td class=\"column-8\">                <a href=\"\/wp-content\/uploads\/sites\/77\/pdf\/monitoreo\/progs16\/RAG4\/RAG4_116.pdf\" target=\"_blank\" rel=\"noopener\"><br \/>\n                    <i class=\"fa fa-download\"><\/i><\/a><\/td>\n<\/tr>\n<tr class=\"row-19\">\n\t<td class=\"column-1\">117<\/td><td class=\"column-2\">ADMINISTRACI\u00d3N DE LAS TECNOLOG\u00cdAS DE LA INFORMACI\u00d3N<\/td><td class=\"column-3\">                <a href=\"\/wp-content\/uploads\/sites\/77\/pdf\/monitoreo\/progs16\/mirsinpres\/117.pdf\" target=\"_blank\" rel=\"noopener\"><br \/>\n                    <i class=\"fa fa-download\"><\/i><\/a><\/td><td class=\"column-4\">                <a href=\"\/wp-content\/uploads\/sites\/77\/pdf\/monitoreo\/progs16\/ft\/PROGRAMA_117_FT_FP.pdf\" target=\"_blank\" rel=\"noopener\"><br \/>\n                    <i class=\"fa fa-download\"><\/i><\/a><\/td><td class=\"column-5\">                <a href=\"\/wp-content\/uploads\/sites\/77\/pdf\/monitoreo\/progs16\/RAG1\/RAG1_117.pdf\" target=\"_blank\" rel=\"noopener\"><br \/>\n                    <i class=\"fa fa-download\"><\/i><\/a><\/td><td class=\"column-6\">                <a href=\"\/wp-content\/uploads\/sites\/77\/pdf\/monitoreo\/progs16\/RAG2\/RAG2_117.pdf\" target=\"_blank\" rel=\"noopener\"><br \/>\n                    <i class=\"fa fa-download\"><\/i><\/a><\/td><td class=\"column-7\">                <a href=\"\/wp-content\/uploads\/sites\/77\/pdf\/monitoreo\/progs16\/RAG3\/RAG3_117.pdf\" target=\"_blank\" rel=\"noopener\"><br \/>\n                    <i class=\"fa fa-download\"><\/i><\/a><\/td><td class=\"column-8\">                <a href=\"\/wp-content\/uploads\/sites\/77\/pdf\/monitoreo\/progs16\/RAG4\/RAG4_117.pdf\" target=\"_blank\" rel=\"noopener\"><br \/>\n                    <i class=\"fa fa-download\"><\/i><\/a><\/td>\n<\/tr>\n<tr class=\"row-20\">\n\t<td class=\"column-1\">118<\/td><td class=\"column-2\">RESTAURACI\u00d3N Y CONSERVACI\u00d3N DEL PATRIMONIO CULTURAL<\/td><td class=\"column-3\">                <a href=\"\/wp-content\/uploads\/sites\/77\/pdf\/monitoreo\/progs16\/mirsinpres\/118.pdf\" target=\"_blank\" rel=\"noopener\"><br \/>\n                    <i class=\"fa fa-download\"><\/i><\/a><\/td><td class=\"column-4\">                <a href=\"\/wp-content\/uploads\/sites\/77\/pdf\/monitoreo\/progs16\/ft\/PROGRAMA_118_FT_FP.pdf\" target=\"_blank\" rel=\"noopener\"><br \/>\n                    <i class=\"fa fa-download\"><\/i><\/a><\/td><td class=\"column-5\">                <a href=\"\/wp-content\/uploads\/sites\/77\/pdf\/monitoreo\/progs16\/RAG1\/RAG1_118.pdf\" target=\"_blank\" rel=\"noopener\"><br \/>\n                    <i class=\"fa fa-download\"><\/i><\/a><\/td><td class=\"column-6\">                <a href=\"\/wp-content\/uploads\/sites\/77\/pdf\/monitoreo\/progs16\/RAG2\/RAG2_118.pdf\" target=\"_blank\" rel=\"noopener\"><br \/>\n                    <i class=\"fa fa-download\"><\/i><\/a><\/td><td class=\"column-7\">                <a href=\"\/wp-content\/uploads\/sites\/77\/pdf\/monitoreo\/progs16\/RAG3\/RAG3_118.pdf\" target=\"_blank\" rel=\"noopener\"><br \/>\n                    <i class=\"fa fa-download\"><\/i><\/a><\/td><td class=\"column-8\">                <a href=\"\/wp-content\/uploads\/sites\/77\/pdf\/monitoreo\/progs16\/RAG4\/RAG4_118.pdf\" target=\"_blank\" rel=\"noopener\"><br \/>\n                    <i class=\"fa fa-download\"><\/i><\/a><\/td>\n<\/tr>\n<tr class=\"row-21\">\n\t<td class=\"column-1\">119<\/td><td class=\"column-2\">IMPARTICI\u00d3N DE JUSTICIA LABORAL<\/td><td class=\"column-3\">                <a href=\"\/wp-content\/uploads\/sites\/77\/pdf\/monitoreo\/progs16\/mirsinpres\/119.pdf\" target=\"_blank\" rel=\"noopener\"><br \/>\n                    <i class=\"fa fa-download\"><\/i><\/a><\/td><td class=\"column-4\">                <a href=\"#\" target=\"_blank\" rel=\"noopener\"><br \/>\n                    <i class=\"fa fa-download\"><\/i><\/a><\/td><td class=\"column-5\">                <a href=\"\/wp-content\/uploads\/sites\/77\/pdf\/monitoreo\/progs16\/RAG1\/RAG1_119.pdf\" target=\"_blank\" rel=\"noopener\"><br \/>\n                    <i class=\"fa fa-download\"><\/i><\/a><\/td><td class=\"column-6\">                <a href=\"\/wp-content\/uploads\/sites\/77\/pdf\/monitoreo\/progs16\/RAG2\/RAG2_119.pdf\" target=\"_blank\" rel=\"noopener\"><br \/>\n                    <i class=\"fa fa-download\"><\/i><\/a><\/td><td class=\"column-7\">                <a href=\"\/wp-content\/uploads\/sites\/77\/pdf\/monitoreo\/progs16\/RAG3\/RAG3_119.pdf\" target=\"_blank\" rel=\"noopener\"><br \/>\n                    <i class=\"fa fa-download\"><\/i><\/a><\/td><td class=\"column-8\">                <a href=\"\/wp-content\/uploads\/sites\/77\/pdf\/monitoreo\/progs16\/RAG4\/RAG4_119.pdf\" target=\"_blank\" rel=\"noopener\"><br \/>\n                    <i class=\"fa fa-download\"><\/i><\/a><\/td>\n<\/tr>\n<tr class=\"row-22\">\n\t<td class=\"column-1\">120<\/td><td class=\"column-2\">SEGURIDAD Y PROTECCI\u00d3N P\u00daBLICA<\/td><td class=\"column-3\">                <a href=\"\/wp-content\/uploads\/sites\/77\/pdf\/monitoreo\/progs16\/mirsinpres\/120.pdf\" target=\"_blank\" rel=\"noopener\"><br \/>\n                    <i class=\"fa fa-download\"><\/i><\/a><\/td><td class=\"column-4\">                <a href=\"\/wp-content\/uploads\/sites\/77\/pdf\/monitoreo\/progs16\/ft\/PROGRAMA_120_FT_FP.pdf\" target=\"_blank\" rel=\"noopener\"><br \/>\n                    <i class=\"fa fa-download\"><\/i><\/a><\/td><td class=\"column-5\">                <a href=\"\/wp-content\/uploads\/sites\/77\/pdf\/monitoreo\/progs16\/RAG1\/RAG1_120.pdf\" target=\"_blank\" rel=\"noopener\"><br \/>\n                    <i class=\"fa fa-download\"><\/i><\/a><\/td><td class=\"column-6\">                <a href=\"\/wp-content\/uploads\/sites\/77\/pdf\/monitoreo\/progs16\/RAG2\/RAG2_120.pdf\" target=\"_blank\" rel=\"noopener\"><br \/>\n                    <i class=\"fa fa-download\"><\/i><\/a><\/td><td class=\"column-7\">                <a href=\"\/wp-content\/uploads\/sites\/77\/pdf\/monitoreo\/progs16\/RAG3\/RAG3_120.pdf\" target=\"_blank\" rel=\"noopener\"><br \/>\n                    <i class=\"fa fa-download\"><\/i><\/a><\/td><td class=\"column-8\">                <a href=\"\/wp-content\/uploads\/sites\/77\/pdf\/monitoreo\/progs16\/RAG4\/RAG4_120.pdf\" target=\"_blank\" rel=\"noopener\"><br \/>\n                    <i class=\"fa fa-download\"><\/i><\/a><\/td>\n<\/tr>\n<tr class=\"row-23\">\n\t<td class=\"column-1\">121<\/td><td class=\"column-2\">REHABILITACI\u00d3N Y REINSERCI\u00d3N SOCIAL<\/td><td class=\"column-3\">                <a href=\"\/wp-content\/uploads\/sites\/77\/pdf\/monitoreo\/progs16\/mirsinpres\/121.pdf\" target=\"_blank\" rel=\"noopener\"><br \/>\n                    <i class=\"fa fa-download\"><\/i><\/a><\/td><td class=\"column-4\">                <a href=\"\/wp-content\/uploads\/sites\/77\/pdf\/monitoreo\/progs16\/ft\/PROGRAMA_121_FT_FP.pdf\" target=\"_blank\" rel=\"noopener\"><br \/>\n                    <i class=\"fa fa-download\"><\/i><\/a><\/td><td class=\"column-5\">                <a href=\"\/wp-content\/uploads\/sites\/77\/pdf\/monitoreo\/progs16\/RAG1\/RAG1_121.pdf\" target=\"_blank\" rel=\"noopener\"><br \/>\n                    <i class=\"fa fa-download\"><\/i><\/a><\/td><td class=\"column-6\">                <a href=\"\/wp-content\/uploads\/sites\/77\/pdf\/monitoreo\/progs16\/RAG2\/RAG2_121.pdf\" target=\"_blank\" rel=\"noopener\"><br \/>\n                    <i class=\"fa fa-download\"><\/i><\/a><\/td><td class=\"column-7\">                <a href=\"\/wp-content\/uploads\/sites\/77\/pdf\/monitoreo\/progs16\/RAG3\/RAG3_121.pdf\" target=\"_blank\" rel=\"noopener\"><br \/>\n                    <i class=\"fa fa-download\"><\/i><\/a><\/td><td class=\"column-8\">                <a href=\"\/wp-content\/uploads\/sites\/77\/pdf\/monitoreo\/progs16\/RAG4\/RAG4_121.pdf\" target=\"_blank\" rel=\"noopener\"><br \/>\n                    <i class=\"fa fa-download\"><\/i><\/a><\/td>\n<\/tr>\n<tr class=\"row-24\">\n\t<td class=\"column-1\">122<\/td><td class=\"column-2\">MEJORAMIENTO URBANO DE LOS CENTROS DE POBLACI\u00d3N<\/td><td class=\"column-3\">                <a href=\"\/wp-content\/uploads\/sites\/77\/pdf\/monitoreo\/progs16\/mirsinpres\/122.pdf\" target=\"_blank\" rel=\"noopener\"><br \/>\n                    <i class=\"fa fa-download\"><\/i><\/a><\/td><td class=\"column-4\">                <a href=\"\/wp-content\/uploads\/sites\/77\/pdf\/monitoreo\/progs16\/ft\/PROGRAMA_122_FT_FP.pdf\" target=\"_blank\" rel=\"noopener\"><br \/>\n                    <i class=\"fa fa-download\"><\/i><\/a><\/td><td class=\"column-5\">                <a href=\"\/wp-content\/uploads\/sites\/77\/pdf\/monitoreo\/progs16\/RAG1\/RAG1_122.pdf\" target=\"_blank\" rel=\"noopener\"><br \/>\n                    <i class=\"fa fa-download\"><\/i><\/a><\/td><td class=\"column-6\">                <a href=\"\/wp-content\/uploads\/sites\/77\/pdf\/monitoreo\/progs16\/RAG2\/RAG2_122.pdf\" target=\"_blank\" rel=\"noopener\"><br \/>\n                    <i class=\"fa fa-download\"><\/i><\/a><\/td><td class=\"column-7\">                <a href=\"\/wp-content\/uploads\/sites\/77\/pdf\/monitoreo\/progs16\/RAG3\/RAG3_122.pdf\" target=\"_blank\" rel=\"noopener\"><br \/>\n                    <i class=\"fa fa-download\"><\/i><\/a><\/td><td class=\"column-8\">                <a href=\"\/wp-content\/uploads\/sites\/77\/pdf\/monitoreo\/progs16\/RAG4\/RAG4_122.pdf\" target=\"_blank\" rel=\"noopener\"><br \/>\n                    <i class=\"fa fa-download\"><\/i><\/a><\/td>\n<\/tr>\n<tr class=\"row-25\">\n\t<td class=\"column-1\">123<\/td><td class=\"column-2\">REALIZACI\u00d3N DE PROCESOS ELECTORALES Y MECANISMOS DE PARTICIPACION CIUDADANA<\/td><td class=\"column-3\">                <a href=\"\/wp-content\/uploads\/sites\/77\/pdf\/monitoreo\/progs16\/mirsinpres\/123.pdf\" target=\"_blank\" rel=\"noopener\"><br \/>\n                    <i class=\"fa fa-download\"><\/i><\/a><\/td><td class=\"column-4\">                <a href=\"#\" target=\"_blank\" rel=\"noopener\"><br \/>\n                    <i class=\"fa fa-download\"><\/i><\/a><\/td><td class=\"column-5\">                <a href=\"\/wp-content\/uploads\/sites\/77\/pdf\/monitoreo\/progs16\/RAG1\/RAG1_123.pdf\" target=\"_blank\" rel=\"noopener\"><br \/>\n                    <i class=\"fa fa-download\"><\/i><\/a><\/td><td class=\"column-6\">                <a href=\"\/wp-content\/uploads\/sites\/77\/pdf\/monitoreo\/progs16\/RAG2\/RAG2_123.pdf\" target=\"_blank\" rel=\"noopener\"><br \/>\n                    <i class=\"fa fa-download\"><\/i><\/a><\/td><td class=\"column-7\">                <a href=\"\/wp-content\/uploads\/sites\/77\/pdf\/monitoreo\/progs16\/RAG3\/RAG3_123.pdf\" target=\"_blank\" rel=\"noopener\"><br \/>\n                    <i class=\"fa fa-download\"><\/i><\/a><\/td><td class=\"column-8\">                <a href=\"\/wp-content\/uploads\/sites\/77\/pdf\/monitoreo\/progs16\/RAG4\/RAG4_123.pdf\" target=\"_blank\" rel=\"noopener\"><br \/>\n                    <i class=\"fa fa-download\"><\/i><\/a><\/td>\n<\/tr>\n<tr class=\"row-26\">\n\t<td class=\"column-1\">124<\/td><td class=\"column-2\">ORGANIZACI\u00d3N DEL PROCESO ELECTORAL MEDIANTE SISTEMAS NORMATIVOS INTERNOS<\/td><td class=\"column-3\">                <a href=\"\/wp-content\/uploads\/sites\/77\/pdf\/monitoreo\/progs16\/mirsinpres\/124.pdf\" target=\"_blank\" rel=\"noopener\"><br \/>\n                    <i class=\"fa fa-download\"><\/i><\/a><\/td><td class=\"column-4\">                <a href=\"\/wp-content\/uploads\/sites\/77\/pdf\/monitoreo\/progs16\/ft\/PROGRAMA_124_FT_FP.pdf\" target=\"_blank\" rel=\"noopener\"><br \/>\n                    <i class=\"fa fa-download\"><\/i><\/a><\/td><td class=\"column-5\">                <a href=\"\/wp-content\/uploads\/sites\/77\/pdf\/monitoreo\/progs16\/RAG1\/RAG1_124.pdf\" target=\"_blank\" rel=\"noopener\"><br \/>\n                    <i class=\"fa fa-download\"><\/i><\/a><\/td><td class=\"column-6\">                <a href=\"\/wp-content\/uploads\/sites\/77\/pdf\/monitoreo\/progs16\/RAG2\/RAG2_124.pdf\" target=\"_blank\" rel=\"noopener\"><br \/>\n                    <i class=\"fa fa-download\"><\/i><\/a><\/td><td class=\"column-7\">                <a href=\"\/wp-content\/uploads\/sites\/77\/pdf\/monitoreo\/progs16\/RAG3\/RAG3_124.pdf\" target=\"_blank\" rel=\"noopener\"><br \/>\n                    <i class=\"fa fa-download\"><\/i><\/a><\/td><td class=\"column-8\">                <a href=\"\/wp-content\/uploads\/sites\/77\/pdf\/monitoreo\/progs16\/RAG4\/RAG4_124.pdf\" target=\"_blank\" rel=\"noopener\"><br \/>\n                    <i class=\"fa fa-download\"><\/i><\/a><\/td>\n<\/tr>\n<tr class=\"row-27\">\n\t<td class=\"column-1\">125<\/td><td class=\"column-2\">EDUCACI\u00d3N PARA J\u00d3VENES Y ADULTOS<\/td><td class=\"column-3\">                <a href=\"\/wp-content\/uploads\/sites\/77\/pdf\/monitoreo\/progs16\/mirsinpres\/125.pdf\" target=\"_blank\" rel=\"noopener\"><br \/>\n                    <i class=\"fa fa-download\"><\/i><\/a><\/td><td class=\"column-4\">                <a href=\"\/wp-content\/uploads\/sites\/77\/pdf\/monitoreo\/progs16\/ft\/PROGRAMA_125_FT_FP.pdf\" target=\"_blank\" rel=\"noopener\"><br \/>\n                    <i class=\"fa fa-download\"><\/i><\/a><\/td><td class=\"column-5\">                <a href=\"\/wp-content\/uploads\/sites\/77\/pdf\/monitoreo\/progs16\/RAG1\/RAG1_125.pdf\" target=\"_blank\" rel=\"noopener\"><br \/>\n                    <i class=\"fa fa-download\"><\/i><\/a><\/td><td class=\"column-6\">                <a href=\"\/wp-content\/uploads\/sites\/77\/pdf\/monitoreo\/progs16\/RAG2\/RAG2_125.pdf\" target=\"_blank\" rel=\"noopener\"><br \/>\n                    <i class=\"fa fa-download\"><\/i><\/a><\/td><td class=\"column-7\">                <a href=\"\/wp-content\/uploads\/sites\/77\/pdf\/monitoreo\/progs16\/RAG3\/RAG3_125.pdf\" target=\"_blank\" rel=\"noopener\"><br \/>\n                    <i class=\"fa fa-download\"><\/i><\/a><\/td><td class=\"column-8\">                <a href=\"\/wp-content\/uploads\/sites\/77\/pdf\/monitoreo\/progs16\/RAG4\/RAG4_125.pdf\" target=\"_blank\" rel=\"noopener\"><br \/>\n                    <i class=\"fa fa-download\"><\/i><\/a><\/td>\n<\/tr>\n<tr class=\"row-28\">\n\t<td class=\"column-1\">126<\/td><td class=\"column-2\">REGULACI\u00d3N DEL SERVICIO DE TRANSPORTE<\/td><td class=\"column-3\">                <a href=\"\/wp-content\/uploads\/sites\/77\/pdf\/monitoreo\/progs16\/mirsinpres\/126.pdf\" target=\"_blank\" rel=\"noopener\"><br \/>\n                    <i class=\"fa fa-download\"><\/i><\/a><\/td><td class=\"column-4\">                <a href=\"\/wp-content\/uploads\/sites\/77\/pdf\/monitoreo\/progs16\/ft\/PROGRAMA_126_FT_FP.pdf\" target=\"_blank\" rel=\"noopener\"><br \/>\n                    <i class=\"fa fa-download\"><\/i><\/a><\/td><td class=\"column-5\">                <a href=\"\/wp-content\/uploads\/sites\/77\/pdf\/monitoreo\/progs16\/RAG1\/RAG1_126.pdf\" target=\"_blank\" rel=\"noopener\"><br \/>\n                    <i class=\"fa fa-download\"><\/i><\/a><\/td><td class=\"column-6\">                <a href=\"\/wp-content\/uploads\/sites\/77\/pdf\/monitoreo\/progs16\/RAG2\/RAG2_126.pdf\" target=\"_blank\" rel=\"noopener\"><br \/>\n                    <i class=\"fa fa-download\"><\/i><\/a><\/td><td class=\"column-7\">                <a href=\"\/wp-content\/uploads\/sites\/77\/pdf\/monitoreo\/progs16\/RAG3\/RAG3_126.pdf\" target=\"_blank\" rel=\"noopener\"><br \/>\n                    <i class=\"fa fa-download\"><\/i><\/a><\/td><td class=\"column-8\">                <a href=\"\/wp-content\/uploads\/sites\/77\/pdf\/monitoreo\/progs16\/RAG4\/RAG4_126.pdf\" target=\"_blank\" rel=\"noopener\"><br \/>\n                    <i class=\"fa fa-download\"><\/i><\/a><\/td>\n<\/tr>\n<tr class=\"row-29\">\n\t<td class=\"column-1\">127<\/td><td class=\"column-2\">COORDINACI\u00d3N Y FORTALECIMIENTO DE LAS INSTITUCIONES DE EDUCACI\u00d3N SUPERIOR<\/td><td class=\"column-3\">                <a href=\"\/wp-content\/uploads\/sites\/77\/pdf\/monitoreo\/progs16\/mirsinpres\/127.pdf\" target=\"_blank\" rel=\"noopener\"><br \/>\n                    <i class=\"fa fa-download\"><\/i><\/a><\/td><td class=\"column-4\">                <a href=\"\/wp-content\/uploads\/sites\/77\/pdf\/monitoreo\/progs16\/ft\/PROGRAMA_127_FT_FP.pdf\" target=\"_blank\" rel=\"noopener\"><br \/>\n                    <i class=\"fa fa-download\"><\/i><\/a><\/td><td class=\"column-5\">                <a href=\"\/wp-content\/uploads\/sites\/77\/pdf\/monitoreo\/progs16\/RAG1\/RAG1_127.pdf\" target=\"_blank\" rel=\"noopener\"><br \/>\n                    <i class=\"fa fa-download\"><\/i><\/a><\/td><td class=\"column-6\">                <a href=\"\/wp-content\/uploads\/sites\/77\/pdf\/monitoreo\/progs16\/RAG2\/RAG2_127.pdf\" target=\"_blank\" rel=\"noopener\"><br \/>\n                    <i class=\"fa fa-download\"><\/i><\/a><\/td><td class=\"column-7\">                <a href=\"\/wp-content\/uploads\/sites\/77\/pdf\/monitoreo\/progs16\/RAG3\/RAG3_127.pdf\" target=\"_blank\" rel=\"noopener\"><br \/>\n                    <i class=\"fa fa-download\"><\/i><\/a><\/td><td class=\"column-8\">                <a href=\"\/wp-content\/uploads\/sites\/77\/pdf\/monitoreo\/progs16\/RAG4\/RAG4_127.pdf\" target=\"_blank\" rel=\"noopener\"><br \/>\n                    <i class=\"fa fa-download\"><\/i><\/a><\/td>\n<\/tr>\n<tr class=\"row-30\">\n\t<td class=\"column-1\">128<\/td><td class=\"column-2\">VIGILANCIA Y EVALUACI\u00d3N A LA AUDITOR\u00cdA SUPERIOR DEL ESTADO<\/td><td class=\"column-3\">                <a href=\"\/wp-content\/uploads\/sites\/77\/pdf\/monitoreo\/progs16\/mirsinpres\/128.pdf\" target=\"_blank\" rel=\"noopener\"><br \/>\n                    <i class=\"fa fa-download\"><\/i><\/a><\/td><td class=\"column-4\">                <a href=\"\/wp-content\/uploads\/sites\/77\/pdf\/monitoreo\/progs16\/ft\/PROGRAMA_128_FT_FP.pdf\" target=\"_blank\" rel=\"noopener\"><br \/>\n                    <i class=\"fa fa-download\"><\/i><\/a><\/td><td class=\"column-5\">                <a href=\"\/wp-content\/uploads\/sites\/77\/pdf\/monitoreo\/progs16\/RAG1\/RAG1_128.pdf\" target=\"_blank\" rel=\"noopener\"><br \/>\n                    <i class=\"fa fa-download\"><\/i><\/a><\/td><td class=\"column-6\">                <a href=\"\/wp-content\/uploads\/sites\/77\/pdf\/monitoreo\/progs16\/RAG2\/RAG2_128.pdf\" target=\"_blank\" rel=\"noopener\"><br \/>\n                    <i class=\"fa fa-download\"><\/i><\/a><\/td><td class=\"column-7\">                <a href=\"\/wp-content\/uploads\/sites\/77\/pdf\/monitoreo\/progs16\/RAG3\/RAG3_128.pdf\" target=\"_blank\" rel=\"noopener\"><br \/>\n                    <i class=\"fa fa-download\"><\/i><\/a><\/td><td class=\"column-8\">                <a href=\"\/wp-content\/uploads\/sites\/77\/pdf\/monitoreo\/progs16\/RAG4\/RAG4_128.pdf\" target=\"_blank\" rel=\"noopener\"><br \/>\n                    <i class=\"fa fa-download\"><\/i><\/a><\/td>\n<\/tr>\n<tr class=\"row-31\">\n\t<td class=\"column-1\">129<\/td><td class=\"column-2\">FORTALECIMIENTO DE RECURSOS HUMANOS<\/td><td class=\"column-3\">                <a href=\"\/wp-content\/uploads\/sites\/77\/pdf\/monitoreo\/progs16\/mirsinpres\/129.pdf\" target=\"_blank\" rel=\"noopener\"><br \/>\n                    <i class=\"fa fa-download\"><\/i><\/a><\/td><td class=\"column-4\">                <a href=\"\/wp-content\/uploads\/sites\/77\/pdf\/monitoreo\/progs16\/ft\/PROGRAMA_129_FT_FP.pdf\" target=\"_blank\" rel=\"noopener\"><br \/>\n                    <i class=\"fa fa-download\"><\/i><\/a><\/td><td class=\"column-5\">                <a href=\"\/wp-content\/uploads\/sites\/77\/pdf\/monitoreo\/progs16\/RAG1\/RAG1_129.pdf\" target=\"_blank\" rel=\"noopener\"><br \/>\n                    <i class=\"fa fa-download\"><\/i><\/a><\/td><td class=\"column-6\">                <a href=\"\/wp-content\/uploads\/sites\/77\/pdf\/monitoreo\/progs16\/RAG2\/RAG2_129.pdf\" target=\"_blank\" rel=\"noopener\"><br \/>\n                    <i class=\"fa fa-download\"><\/i><\/a><\/td><td class=\"column-7\">                <a href=\"\/wp-content\/uploads\/sites\/77\/pdf\/monitoreo\/progs16\/RAG3\/RAG3_129.pdf\" target=\"_blank\" rel=\"noopener\"><br \/>\n                    <i class=\"fa fa-download\"><\/i><\/a><\/td><td class=\"column-8\">                <a href=\"\/wp-content\/uploads\/sites\/77\/pdf\/monitoreo\/progs16\/RAG4\/RAG4_129.pdf\" target=\"_blank\" rel=\"noopener\"><br \/>\n                    <i class=\"fa fa-download\"><\/i><\/a><\/td>\n<\/tr>\n<tr class=\"row-32\">\n\t<td class=\"column-1\">130<\/td><td class=\"column-2\">CONSERVACI\u00d3N Y ADMINISTRACI\u00d3N DE LOS BIENES Y SERVICIOS DEL ESTADO<\/td><td class=\"column-3\">                <a href=\"\/wp-content\/uploads\/sites\/77\/pdf\/monitoreo\/progs16\/mirsinpres\/130.pdf\" target=\"_blank\" rel=\"noopener\"><br \/>\n                    <i class=\"fa fa-download\"><\/i><\/a><\/td><td class=\"column-4\">                <a href=\"\/wp-content\/uploads\/sites\/77\/pdf\/monitoreo\/progs16\/ft\/PROGRAMA_130_FT_FP.pdf\" target=\"_blank\" rel=\"noopener\"><br \/>\n                    <i class=\"fa fa-download\"><\/i><\/a><\/td><td class=\"column-5\">                <a href=\"\/wp-content\/uploads\/sites\/77\/pdf\/monitoreo\/progs16\/RAG1\/RAG1_130.pdf\" target=\"_blank\" rel=\"noopener\"><br \/>\n                    <i class=\"fa fa-download\"><\/i><\/a><\/td><td class=\"column-6\">                <a href=\"\/wp-content\/uploads\/sites\/77\/pdf\/monitoreo\/progs16\/RAG2\/RAG2_130.pdf\" target=\"_blank\" rel=\"noopener\"><br \/>\n                    <i class=\"fa fa-download\"><\/i><\/a><\/td><td class=\"column-7\">                <a href=\"\/wp-content\/uploads\/sites\/77\/pdf\/monitoreo\/progs16\/RAG3\/RAG3_130.pdf\" target=\"_blank\" rel=\"noopener\"><br \/>\n                    <i class=\"fa fa-download\"><\/i><\/a><\/td><td class=\"column-8\">                <a href=\"\/wp-content\/uploads\/sites\/77\/pdf\/monitoreo\/progs16\/RAG4\/RAG4_130.pdf\" target=\"_blank\" rel=\"noopener\"><br \/>\n                    <i class=\"fa fa-download\"><\/i><\/a><\/td>\n<\/tr>\n<tr class=\"row-33\">\n\t<td class=\"column-1\">131<\/td><td class=\"column-2\">IMPARTICI\u00d3N DE JUSTICIA<\/td><td class=\"column-3\">                <a href=\"\/wp-content\/uploads\/sites\/77\/pdf\/monitoreo\/progs16\/mirsinpres\/131.pdf\" target=\"_blank\" rel=\"noopener\"><br \/>\n                    <i class=\"fa fa-download\"><\/i><\/a><\/td><td class=\"column-4\">                <a href=\"\/wp-content\/uploads\/sites\/77\/pdf\/monitoreo\/progs16\/ft\/PROGRAMA_131_FT_FP.pdf\" target=\"_blank\" rel=\"noopener\"><br \/>\n                    <i class=\"fa fa-download\"><\/i><\/a><\/td><td class=\"column-5\">                <a href=\"\/wp-content\/uploads\/sites\/77\/pdf\/monitoreo\/progs16\/RAG1\/RAG1_131.pdf\" target=\"_blank\" rel=\"noopener\"><br \/>\n                    <i class=\"fa fa-download\"><\/i><\/a><\/td><td class=\"column-6\">                <a href=\"\/wp-content\/uploads\/sites\/77\/pdf\/monitoreo\/progs16\/RAG2\/RAG2_131.pdf\" target=\"_blank\" rel=\"noopener\"><br \/>\n                    <i class=\"fa fa-download\"><\/i><\/a><\/td><td class=\"column-7\">                <a href=\"\/wp-content\/uploads\/sites\/77\/pdf\/monitoreo\/progs16\/RAG3\/RAG3_131.pdf\" target=\"_blank\" rel=\"noopener\"><br \/>\n                    <i class=\"fa fa-download\"><\/i><\/a><\/td><td class=\"column-8\">                <a href=\"\/wp-content\/uploads\/sites\/77\/pdf\/monitoreo\/progs16\/RAG4\/RAG4_131.pdf\" target=\"_blank\" rel=\"noopener\"><br \/>\n                    <i class=\"fa fa-download\"><\/i><\/a><\/td>\n<\/tr>\n<tr class=\"row-34\">\n\t<td class=\"column-1\">132<\/td><td class=\"column-2\">FORMACI\u00d3N CON CALIDAD EN EDUCACI\u00d3N MEDIA Y MEDIA SUPERIOR<\/td><td class=\"column-3\">                <a href=\"\/wp-content\/uploads\/sites\/77\/pdf\/monitoreo\/progs16\/mirsinpres\/132.pdf\" target=\"_blank\" rel=\"noopener\"><br \/>\n                    <i class=\"fa fa-download\"><\/i><\/a><\/td><td class=\"column-4\">                <a href=\"#\" target=\"_blank\" rel=\"noopener\"><br \/>\n                    <i class=\"fa fa-download\"><\/i><\/a><\/td><td class=\"column-5\">                <a href=\"\/wp-content\/uploads\/sites\/77\/pdf\/monitoreo\/progs16\/RAG1\/RAG1_132.pdf\" target=\"_blank\" rel=\"noopener\"><br \/>\n                    <i class=\"fa fa-download\"><\/i><\/a><\/td><td class=\"column-6\">                <a href=\"\/wp-content\/uploads\/sites\/77\/pdf\/monitoreo\/progs16\/RAG2\/RAG2_132.pdf\" target=\"_blank\" rel=\"noopener\"><br \/>\n                    <i class=\"fa fa-download\"><\/i><\/a><\/td><td class=\"column-7\">                <a href=\"\/wp-content\/uploads\/sites\/77\/pdf\/monitoreo\/progs16\/RAG3\/RAG3_132.pdf\" target=\"_blank\" rel=\"noopener\"><br \/>\n                    <i class=\"fa fa-download\"><\/i><\/a><\/td><td class=\"column-8\">                <a href=\"\/wp-content\/uploads\/sites\/77\/pdf\/monitoreo\/progs16\/RAG4\/RAG4_132.pdf\" target=\"_blank\" rel=\"noopener\"><br \/>\n                    <i class=\"fa fa-download\"><\/i><\/a><\/td>\n<\/tr>\n<tr class=\"row-35\">\n\t<td class=\"column-1\">133<\/td><td class=\"column-2\">FISCALIZACI\u00d3N DE LOS RECURSOS P\u00daBLICOS<\/td><td class=\"column-3\">                <a href=\"\/wp-content\/uploads\/sites\/77\/pdf\/monitoreo\/progs16\/mirsinpres\/133.pdf\" target=\"_blank\" rel=\"noopener\"><br \/>\n                    <i class=\"fa fa-download\"><\/i><\/a><\/td><td class=\"column-4\">                <a href=\"\/wp-content\/uploads\/sites\/77\/pdf\/monitoreo\/progs16\/ft\/PROGRAMA_133_FT_FP.pdf\" target=\"_blank\" rel=\"noopener\"><br \/>\n                    <i class=\"fa fa-download\"><\/i><\/a><\/td><td class=\"column-5\">                <a href=\"\/wp-content\/uploads\/sites\/77\/pdf\/monitoreo\/progs16\/RAG1\/RAG1_133.pdf\" target=\"_blank\" rel=\"noopener\"><br \/>\n                    <i class=\"fa fa-download\"><\/i><\/a><\/td><td class=\"column-6\">                <a href=\"\/wp-content\/uploads\/sites\/77\/pdf\/monitoreo\/progs16\/RAG2\/RAG2_133.pdf\" target=\"_blank\" rel=\"noopener\"><br \/>\n                    <i class=\"fa fa-download\"><\/i><\/a><\/td><td class=\"column-7\">                <a href=\"\/wp-content\/uploads\/sites\/77\/pdf\/monitoreo\/progs16\/RAG3\/RAG3_133.pdf\" target=\"_blank\" rel=\"noopener\"><br \/>\n                    <i class=\"fa fa-download\"><\/i><\/a><\/td><td class=\"column-8\">                <a href=\"\/wp-content\/uploads\/sites\/77\/pdf\/monitoreo\/progs16\/RAG4\/RAG4_133.pdf\" target=\"_blank\" rel=\"noopener\"><br \/>\n                    <i class=\"fa fa-download\"><\/i><\/a><\/td>\n<\/tr>\n<tr class=\"row-36\">\n\t<td class=\"column-1\">134<\/td><td class=\"column-2\">CARAVANAS BIENESTAR POR LA FAMILIA<\/td><td class=\"column-3\">                <a href=\"\/wp-content\/uploads\/sites\/77\/pdf\/monitoreo\/progs16\/mirsinpres\/134.pdf\" target=\"_blank\" rel=\"noopener\"><br \/>\n                    <i class=\"fa fa-download\"><\/i><\/a><\/td><td class=\"column-4\">                <a href=\"\/wp-content\/uploads\/sites\/77\/pdf\/monitoreo\/progs16\/ft\/PROGRAMA_134_FT_FP.pdf\" target=\"_blank\" rel=\"noopener\"><br \/>\n                    <i class=\"fa fa-download\"><\/i><\/a><\/td><td class=\"column-5\">                <a href=\"\/wp-content\/uploads\/sites\/77\/pdf\/monitoreo\/progs16\/RAG1\/RAG1_134.pdf\" target=\"_blank\" rel=\"noopener\"><br \/>\n                    <i class=\"fa fa-download\"><\/i><\/a><\/td><td class=\"column-6\">                <a href=\"\/wp-content\/uploads\/sites\/77\/pdf\/monitoreo\/progs16\/RAG2\/RAG2_134.pdf\" target=\"_blank\" rel=\"noopener\"><br \/>\n                    <i class=\"fa fa-download\"><\/i><\/a><\/td><td class=\"column-7\">                <a href=\"\/wp-content\/uploads\/sites\/77\/pdf\/monitoreo\/progs16\/RAG3\/RAG3_134.pdf\" target=\"_blank\" rel=\"noopener\"><br \/>\n                    <i class=\"fa fa-download\"><\/i><\/a><\/td><td class=\"column-8\">                <a href=\"\/wp-content\/uploads\/sites\/77\/pdf\/monitoreo\/progs16\/RAG4\/RAG4_134.pdf\" target=\"_blank\" rel=\"noopener\"><br \/>\n                    <i class=\"fa fa-download\"><\/i><\/a><\/td>\n<\/tr>\n<tr class=\"row-37\">\n\t<td class=\"column-1\">135<\/td><td class=\"column-2\">PROMOCI\u00d3N Y GESTI\u00d3N DE LA INVERSI\u00d3N P\u00daBLICA A FAVOR DE LOS MIGRANTES Y SUS FAMILIAS<\/td><td class=\"column-3\">                <a href=\"\/wp-content\/uploads\/sites\/77\/pdf\/monitoreo\/progs16\/mirsinpres\/135.pdf\" target=\"_blank\" rel=\"noopener\"><br \/>\n                    <i class=\"fa fa-download\"><\/i><\/a><\/td><td class=\"column-4\">                <a href=\"\/wp-content\/uploads\/sites\/77\/pdf\/monitoreo\/progs16\/ft\/PROGRAMA_135_FT_FP.pdf\" target=\"_blank\" rel=\"noopener\"><br \/>\n                    <i class=\"fa fa-download\"><\/i><\/a><\/td><td class=\"column-5\">                <a href=\"\/wp-content\/uploads\/sites\/77\/pdf\/monitoreo\/progs16\/RAG1\/RAG1_135.pdf\" target=\"_blank\" rel=\"noopener\"><br \/>\n                    <i class=\"fa fa-download\"><\/i><\/a><\/td><td class=\"column-6\">                <a href=\"\/wp-content\/uploads\/sites\/77\/pdf\/monitoreo\/progs16\/RAG2\/RAG2_135.pdf\" target=\"_blank\" rel=\"noopener\"><br \/>\n                    <i class=\"fa fa-download\"><\/i><\/a><\/td><td class=\"column-7\">                <a href=\"\/wp-content\/uploads\/sites\/77\/pdf\/monitoreo\/progs16\/RAG3\/RAG3_135.pdf\" target=\"_blank\" rel=\"noopener\"><br \/>\n                    <i class=\"fa fa-download\"><\/i><\/a><\/td><td class=\"column-8\">                <a href=\"\/wp-content\/uploads\/sites\/77\/pdf\/monitoreo\/progs16\/RAG4\/RAG4_135.pdf\" target=\"_blank\" rel=\"noopener\"><br \/>\n                    <i class=\"fa fa-download\"><\/i><\/a><\/td>\n<\/tr>\n<tr class=\"row-38\">\n\t<td class=\"column-1\">136<\/td><td class=\"column-2\">REPRESENTACI\u00d3N JUR\u00cdDICA DEL ESTADO<\/td><td class=\"column-3\">                <a href=\"\/wp-content\/uploads\/sites\/77\/pdf\/monitoreo\/progs16\/mirsinpres\/136.pdf\" target=\"_blank\" rel=\"noopener\"><br \/>\n                    <i class=\"fa fa-download\"><\/i><\/a><\/td><td class=\"column-4\">                <a href=\"\/wp-content\/uploads\/sites\/77\/pdf\/monitoreo\/progs16\/ft\/PROGRAMA_136_FT_FP.pdf\" target=\"_blank\" rel=\"noopener\"><br \/>\n                    <i class=\"fa fa-download\"><\/i><\/a><\/td><td class=\"column-5\">                <a href=\"\/wp-content\/uploads\/sites\/77\/pdf\/monitoreo\/progs16\/RAG1\/RAG1_136.pdf\" target=\"_blank\" rel=\"noopener\"><br \/>\n                    <i class=\"fa fa-download\"><\/i><\/a><\/td><td class=\"column-6\">                <a href=\"\/wp-content\/uploads\/sites\/77\/pdf\/monitoreo\/progs16\/RAG2\/RAG2_136.pdf\" target=\"_blank\" rel=\"noopener\"><br \/>\n                    <i class=\"fa fa-download\"><\/i><\/a><\/td><td class=\"column-7\">                <a href=\"\/wp-content\/uploads\/sites\/77\/pdf\/monitoreo\/progs16\/RAG3\/RAG3_136.pdf\" target=\"_blank\" rel=\"noopener\"><br \/>\n                    <i class=\"fa fa-download\"><\/i><\/a><\/td><td class=\"column-8\">                <a href=\"\/wp-content\/uploads\/sites\/77\/pdf\/monitoreo\/progs16\/RAG4\/RAG4_136.pdf\" target=\"_blank\" rel=\"noopener\"><br \/>\n                    <i class=\"fa fa-download\"><\/i><\/a><\/td>\n<\/tr>\n<tr class=\"row-39\">\n\t<td class=\"column-1\">137<\/td><td class=\"column-2\">AMPLIACI\u00d3N Y MEJORA DE LA COBERTURA DE ENERG\u00cdA EL\u00c9CTRICA<\/td><td class=\"column-3\">                <a href=\"\/wp-content\/uploads\/sites\/77\/pdf\/monitoreo\/progs16\/mirsinpres\/137.pdf\" target=\"_blank\" rel=\"noopener\"><br \/>\n                    <i class=\"fa fa-download\"><\/i><\/a><\/td><td class=\"column-4\">                <a href=\"\/wp-content\/uploads\/sites\/77\/pdf\/monitoreo\/progs16\/ft\/PROGRAMA_137_FT_FP.pdf\" target=\"_blank\" rel=\"noopener\"><br \/>\n                    <i class=\"fa fa-download\"><\/i><\/a><\/td><td class=\"column-5\">                <a href=\"\/wp-content\/uploads\/sites\/77\/pdf\/monitoreo\/progs16\/RAG1\/RAG1_137.pdf\" target=\"_blank\" rel=\"noopener\"><br \/>\n                    <i class=\"fa fa-download\"><\/i><\/a><\/td><td class=\"column-6\">                <a href=\"\/wp-content\/uploads\/sites\/77\/pdf\/monitoreo\/progs16\/RAG2\/RAG2_137.pdf\" target=\"_blank\" rel=\"noopener\"><br \/>\n                    <i class=\"fa fa-download\"><\/i><\/a><\/td><td class=\"column-7\">                <a href=\"\/wp-content\/uploads\/sites\/77\/pdf\/monitoreo\/progs16\/RAG3\/RAG3_137.pdf\" target=\"_blank\" rel=\"noopener\"><br \/>\n                    <i class=\"fa fa-download\"><\/i><\/a><\/td><td class=\"column-8\">                <a href=\"\/wp-content\/uploads\/sites\/77\/pdf\/monitoreo\/progs16\/RAG4\/RAG4_137.pdf\" target=\"_blank\" rel=\"noopener\"><br \/>\n                    <i class=\"fa fa-download\"><\/i><\/a><\/td>\n<\/tr>\n<tr class=\"row-40\">\n\t<td class=\"column-1\">138<\/td><td class=\"column-2\">ATENCI\u00d3N INTEGRAL A LA POBLACI\u00d3N MIGRANTE Y SUS FAMILIAS<\/td><td class=\"column-3\">                <a href=\"\/wp-content\/uploads\/sites\/77\/pdf\/monitoreo\/progs16\/mirsinpres\/138.pdf\" target=\"_blank\" rel=\"noopener\"><br \/>\n                    <i class=\"fa fa-download\"><\/i><\/a><\/td><td class=\"column-4\">                <a href=\"\/wp-content\/uploads\/sites\/77\/pdf\/monitoreo\/progs16\/ft\/PROGRAMA_138_FT_FP.pdf\" target=\"_blank\" rel=\"noopener\"><br \/>\n                    <i class=\"fa fa-download\"><\/i><\/a><\/td><td class=\"column-5\">                <a href=\"\/wp-content\/uploads\/sites\/77\/pdf\/monitoreo\/progs16\/RAG1\/RAG1_138.pdf\" target=\"_blank\" rel=\"noopener\"><br \/>\n                    <i class=\"fa fa-download\"><\/i><\/a><\/td><td class=\"column-6\">                <a href=\"\/wp-content\/uploads\/sites\/77\/pdf\/monitoreo\/progs16\/RAG2\/RAG2_138.pdf\" target=\"_blank\" rel=\"noopener\"><br \/>\n                    <i class=\"fa fa-download\"><\/i><\/a><\/td><td class=\"column-7\">                <a href=\"\/wp-content\/uploads\/sites\/77\/pdf\/monitoreo\/progs16\/RAG3\/RAG3_138.pdf\" target=\"_blank\" rel=\"noopener\"><br \/>\n                    <i class=\"fa fa-download\"><\/i><\/a><\/td><td class=\"column-8\">                <a href=\"\/wp-content\/uploads\/sites\/77\/pdf\/monitoreo\/progs16\/RAG4\/RAG4_138.pdf\" target=\"_blank\" rel=\"noopener\"><br \/>\n                    <i class=\"fa fa-download\"><\/i><\/a><\/td>\n<\/tr>\n<tr class=\"row-41\">\n\t<td class=\"column-1\">139<\/td><td class=\"column-2\">FORMACI\u00d3N PROFESIONAL Y POSGRADO<\/td><td class=\"column-3\">                <a href=\"\/wp-content\/uploads\/sites\/77\/pdf\/monitoreo\/progs16\/mirsinpres\/139.pdf\" target=\"_blank\" rel=\"noopener\"><br \/>\n                    <i class=\"fa fa-download\"><\/i><\/a><\/td><td class=\"column-4\">                <a href=\"\/wp-content\/uploads\/sites\/77\/pdf\/monitoreo\/progs16\/ft\/PROGRAMA_139_FT_FP.pdf\" target=\"_blank\" rel=\"noopener\"><br \/>\n                    <i class=\"fa fa-download\"><\/i><\/a><\/td><td class=\"column-5\">                <a href=\"\/wp-content\/uploads\/sites\/77\/pdf\/monitoreo\/progs16\/RAG1\/RAG1_139.pdf\" target=\"_blank\" rel=\"noopener\"><br \/>\n                    <i class=\"fa fa-download\"><\/i><\/a><\/td><td class=\"column-6\">                <a href=\"\/wp-content\/uploads\/sites\/77\/pdf\/monitoreo\/progs16\/RAG2\/RAG2_139.pdf\" target=\"_blank\" rel=\"noopener\"><br \/>\n                    <i class=\"fa fa-download\"><\/i><\/a><\/td><td class=\"column-7\">                <a href=\"\/wp-content\/uploads\/sites\/77\/pdf\/monitoreo\/progs16\/RAG3\/RAG3_139.pdf\" target=\"_blank\" rel=\"noopener\"><br \/>\n                    <i class=\"fa fa-download\"><\/i><\/a><\/td><td class=\"column-8\">                <a href=\"\/wp-content\/uploads\/sites\/77\/pdf\/monitoreo\/progs16\/RAG4\/RAG4_139.pdf\" target=\"_blank\" rel=\"noopener\"><br \/>\n                    <i class=\"fa fa-download\"><\/i><\/a><\/td>\n<\/tr>\n<tr class=\"row-42\">\n\t<td class=\"column-1\">140<\/td><td class=\"column-2\">EFICIENCIA EN LA CAPTACI\u00d3N DE INGRESOS<\/td><td class=\"column-3\">                <a href=\"\/wp-content\/uploads\/sites\/77\/pdf\/monitoreo\/progs16\/mirsinpres\/140.pdf\" target=\"_blank\" rel=\"noopener\"><br \/>\n                    <i class=\"fa fa-download\"><\/i><\/a><\/td><td class=\"column-4\">                <a href=\"\/wp-content\/uploads\/sites\/77\/pdf\/monitoreo\/progs16\/ft\/PROGRAMA_140_FT_FP.pdf\" target=\"_blank\" rel=\"noopener\"><br \/>\n                    <i class=\"fa fa-download\"><\/i><\/a><\/td><td class=\"column-5\">                <a href=\"\/wp-content\/uploads\/sites\/77\/pdf\/monitoreo\/progs16\/RAG1\/RAG1_140.pdf\" target=\"_blank\" rel=\"noopener\"><br \/>\n                    <i class=\"fa fa-download\"><\/i><\/a><\/td><td class=\"column-6\">                <a href=\"\/wp-content\/uploads\/sites\/77\/pdf\/monitoreo\/progs16\/RAG2\/RAG2_140.pdf\" target=\"_blank\" rel=\"noopener\"><br \/>\n                    <i class=\"fa fa-download\"><\/i><\/a><\/td><td class=\"column-7\">                <a href=\"\/wp-content\/uploads\/sites\/77\/pdf\/monitoreo\/progs16\/RAG3\/RAG3_140.pdf\" target=\"_blank\" rel=\"noopener\"><br \/>\n                    <i class=\"fa fa-download\"><\/i><\/a><\/td><td class=\"column-8\">                <a href=\"\/wp-content\/uploads\/sites\/77\/pdf\/monitoreo\/progs16\/RAG4\/RAG4_140.pdf\" target=\"_blank\" rel=\"noopener\"><br \/>\n                    <i class=\"fa fa-download\"><\/i><\/a><\/td>\n<\/tr>\n<tr class=\"row-43\">\n\t<td class=\"column-1\">141<\/td><td class=\"column-2\">ADMINISTRACI\u00d3N EFICIENTE DE LOS FONDOS DEL ESTADO<\/td><td class=\"column-3\">                <a href=\"\/wp-content\/uploads\/sites\/77\/pdf\/monitoreo\/progs16\/mirsinpres\/141.pdf\" target=\"_blank\" rel=\"noopener\"><br \/>\n                    <i class=\"fa fa-download\"><\/i><\/a><\/td><td class=\"column-4\">                <a href=\"\/wp-content\/uploads\/sites\/77\/pdf\/monitoreo\/progs16\/ft\/PROGRAMA_141_FT_FP.pdf\" target=\"_blank\" rel=\"noopener\"><br \/>\n                    <i class=\"fa fa-download\"><\/i><\/a><\/td><td class=\"column-5\">                <a href=\"\/wp-content\/uploads\/sites\/77\/pdf\/monitoreo\/progs16\/RAG1\/RAG1_141.pdf\" target=\"_blank\" rel=\"noopener\"><br \/>\n                    <i class=\"fa fa-download\"><\/i><\/a><\/td><td class=\"column-6\">                <a href=\"\/wp-content\/uploads\/sites\/77\/pdf\/monitoreo\/progs16\/RAG2\/RAG2_141.pdf\" target=\"_blank\" rel=\"noopener\"><br \/>\n                    <i class=\"fa fa-download\"><\/i><\/a><\/td><td class=\"column-7\">                <a href=\"\/wp-content\/uploads\/sites\/77\/pdf\/monitoreo\/progs16\/RAG3\/RAG3_141.pdf\" target=\"_blank\" rel=\"noopener\"><br \/>\n                    <i class=\"fa fa-download\"><\/i><\/a><\/td><td class=\"column-8\">                <a href=\"\/wp-content\/uploads\/sites\/77\/pdf\/monitoreo\/progs16\/RAG4\/RAG4_141.pdf\" target=\"_blank\" rel=\"noopener\"><br \/>\n                    <i class=\"fa fa-download\"><\/i><\/a><\/td>\n<\/tr>\n<tr class=\"row-44\">\n\t<td class=\"column-1\">142<\/td><td class=\"column-2\">FORTALECIMIENTO LEGISLATIVO DEL ESTADO<\/td><td class=\"column-3\">                <a href=\"\/wp-content\/uploads\/sites\/77\/pdf\/monitoreo\/progs16\/mirsinpres\/142.pdf\" target=\"_blank\" rel=\"noopener\"><br \/>\n                    <i class=\"fa fa-download\"><\/i><\/a><\/td><td class=\"column-4\">                <a href=\"\/wp-content\/uploads\/sites\/77\/pdf\/monitoreo\/progs16\/ft\/PROGRAMA_142_FT_FP.pdf\" target=\"_blank\" rel=\"noopener\"><br \/>\n                    <i class=\"fa fa-download\"><\/i><\/a><\/td><td class=\"column-5\">                <a href=\"\/wp-content\/uploads\/sites\/77\/pdf\/monitoreo\/progs16\/RAG1\/RAG1_142.pdf\" target=\"_blank\" rel=\"noopener\"><br \/>\n                    <i class=\"fa fa-download\"><\/i><\/a><\/td><td class=\"column-6\">                <a href=\"\/wp-content\/uploads\/sites\/77\/pdf\/monitoreo\/progs16\/RAG2\/RAG2_142.pdf\" target=\"_blank\" rel=\"noopener\"><br \/>\n                    <i class=\"fa fa-download\"><\/i><\/a><\/td><td class=\"column-7\">                <a href=\"\/wp-content\/uploads\/sites\/77\/pdf\/monitoreo\/progs16\/RAG3\/RAG3_142.pdf\" target=\"_blank\" rel=\"noopener\"><br \/>\n                    <i class=\"fa fa-download\"><\/i><\/a><\/td><td class=\"column-8\">                <a href=\"\/wp-content\/uploads\/sites\/77\/pdf\/monitoreo\/progs16\/RAG4\/RAG4_142.pdf\" target=\"_blank\" rel=\"noopener\"><br \/>\n                    <i class=\"fa fa-download\"><\/i><\/a><\/td>\n<\/tr>\n<tr class=\"row-45\">\n\t<td class=\"column-1\">143<\/td><td class=\"column-2\">ATENCI\u00d3N INTEGRAL A PENSIONADOS, JUBILADOS Y PENSIONISTAS<\/td><td class=\"column-3\">                <a href=\"\/wp-content\/uploads\/sites\/77\/pdf\/monitoreo\/progs16\/mirsinpres\/143.pdf\" target=\"_blank\" rel=\"noopener\"><br \/>\n                    <i class=\"fa fa-download\"><\/i><\/a><\/td><td class=\"column-4\">                <a href=\"\/wp-content\/uploads\/sites\/77\/pdf\/monitoreo\/progs16\/ft\/PROGRAMA_143_FT_FP.pdf\" target=\"_blank\" rel=\"noopener\"><br \/>\n                    <i class=\"fa fa-download\"><\/i><\/a><\/td><td class=\"column-5\">                <a href=\"\/wp-content\/uploads\/sites\/77\/pdf\/monitoreo\/progs16\/RAG1\/RAG1_143.pdf\" target=\"_blank\" rel=\"noopener\"><br \/>\n                    <i class=\"fa fa-download\"><\/i><\/a><\/td><td class=\"column-6\">                <a href=\"\/wp-content\/uploads\/sites\/77\/pdf\/monitoreo\/progs16\/RAG2\/RAG2_143.pdf\" target=\"_blank\" rel=\"noopener\"><br \/>\n                    <i class=\"fa fa-download\"><\/i><\/a><\/td><td class=\"column-7\">                <a href=\"\/wp-content\/uploads\/sites\/77\/pdf\/monitoreo\/progs16\/RAG3\/RAG3_143.pdf\" target=\"_blank\" rel=\"noopener\"><br \/>\n                    <i class=\"fa fa-download\"><\/i><\/a><\/td><td class=\"column-8\">                <a href=\"\/wp-content\/uploads\/sites\/77\/pdf\/monitoreo\/progs16\/RAG4\/RAG4_143.pdf\" target=\"_blank\" rel=\"noopener\"><br \/>\n                    <i class=\"fa fa-download\"><\/i><\/a><\/td>\n<\/tr>\n<tr class=\"row-46\">\n\t<td class=\"column-1\">144<\/td><td class=\"column-2\">INNOVACI\u00d3N E INVESTIGACI\u00d3N CIENT\u00cdFICA Y TECNOL\u00d3GICA<\/td><td class=\"column-3\">                <a href=\"\/wp-content\/uploads\/sites\/77\/pdf\/monitoreo\/progs16\/mirsinpres\/144.pdf\" target=\"_blank\" rel=\"noopener\"><br \/>\n                    <i class=\"fa fa-download\"><\/i><\/a><\/td><td class=\"column-4\">                <a href=\"\/wp-content\/uploads\/sites\/77\/pdf\/monitoreo\/progs16\/ft\/PROGRAMA_144_FT_FP.pdf\" target=\"_blank\" rel=\"noopener\"><br \/>\n                    <i class=\"fa fa-download\"><\/i><\/a><\/td><td class=\"column-5\">                <a href=\"\/wp-content\/uploads\/sites\/77\/pdf\/monitoreo\/progs16\/RAG1\/RAG1_144.pdf\" target=\"_blank\" rel=\"noopener\"><br \/>\n                    <i class=\"fa fa-download\"><\/i><\/a><\/td><td class=\"column-6\">                <a href=\"\/wp-content\/uploads\/sites\/77\/pdf\/monitoreo\/progs16\/RAG2\/RAG2_144.pdf\" target=\"_blank\" rel=\"noopener\"><br \/>\n                    <i class=\"fa fa-download\"><\/i><\/a><\/td><td class=\"column-7\">                <a href=\"\/wp-content\/uploads\/sites\/77\/pdf\/monitoreo\/progs16\/RAG3\/RAG3_144.pdf\" target=\"_blank\" rel=\"noopener\"><br \/>\n                    <i class=\"fa fa-download\"><\/i><\/a><\/td><td class=\"column-8\">                <a href=\"\/wp-content\/uploads\/sites\/77\/pdf\/monitoreo\/progs16\/RAG4\/RAG4_144.pdf\" target=\"_blank\" rel=\"noopener\"><br \/>\n                    <i class=\"fa fa-download\"><\/i><\/a><\/td>\n<\/tr>\n<tr class=\"row-47\">\n\t<td class=\"column-1\">145<\/td><td class=\"column-2\">DESARROLLO INTEGRAL DE LOS PUEBLOS IND\u00cdGENAS Y AFROMEXICANO<\/td><td class=\"column-3\">                <a href=\"\/wp-content\/uploads\/sites\/77\/pdf\/monitoreo\/progs16\/mirsinpres\/145.pdf\" target=\"_blank\" rel=\"noopener\"><br \/>\n                    <i class=\"fa fa-download\"><\/i><\/a><\/td><td class=\"column-4\">                <a href=\"\/wp-content\/uploads\/sites\/77\/pdf\/monitoreo\/progs16\/ft\/PROGRAMA_145_FT_FP.pdf\" target=\"_blank\" rel=\"noopener\"><br \/>\n                    <i class=\"fa fa-download\"><\/i><\/a><\/td><td class=\"column-5\">                <a href=\"\/wp-content\/uploads\/sites\/77\/pdf\/monitoreo\/progs16\/RAG1\/RAG1_145.pdf\" target=\"_blank\" rel=\"noopener\"><br \/>\n                    <i class=\"fa fa-download\"><\/i><\/a><\/td><td class=\"column-6\">                <a href=\"\/wp-content\/uploads\/sites\/77\/pdf\/monitoreo\/progs16\/RAG2\/RAG2_145.pdf\" target=\"_blank\" rel=\"noopener\"><br \/>\n                    <i class=\"fa fa-download\"><\/i><\/a><\/td><td class=\"column-7\">                <a href=\"\/wp-content\/uploads\/sites\/77\/pdf\/monitoreo\/progs16\/RAG3\/RAG3_145.pdf\" target=\"_blank\" rel=\"noopener\"><br \/>\n                    <i class=\"fa fa-download\"><\/i><\/a><\/td><td class=\"column-8\">                <a href=\"\/wp-content\/uploads\/sites\/77\/pdf\/monitoreo\/progs16\/RAG4\/RAG4_145.pdf\" target=\"_blank\" rel=\"noopener\"><br \/>\n                    <i class=\"fa fa-download\"><\/i><\/a><\/td>\n<\/tr>\n<tr class=\"row-48\">\n\t<td class=\"column-1\">146<\/td><td class=\"column-2\">AMPLIACI\u00d3N Y MEJORAMIENTO DE LA COBERTURA DE AGUA POTABLE<\/td><td class=\"column-3\">                <a href=\"\/wp-content\/uploads\/sites\/77\/pdf\/monitoreo\/progs16\/mirsinpres\/146.pdf\" target=\"_blank\" rel=\"noopener\"><br \/>\n                    <i class=\"fa fa-download\"><\/i><\/a><\/td><td class=\"column-4\">                <a href=\"\/wp-content\/uploads\/sites\/77\/pdf\/monitoreo\/progs16\/ft\/PROGRAMA_146_FT_FP.pdf\" target=\"_blank\" rel=\"noopener\"><br \/>\n                    <i class=\"fa fa-download\"><\/i><\/a><\/td><td class=\"column-5\">                <a href=\"\/wp-content\/uploads\/sites\/77\/pdf\/monitoreo\/progs16\/RAG1\/RAG1_146.pdf\" target=\"_blank\" rel=\"noopener\"><br \/>\n                    <i class=\"fa fa-download\"><\/i><\/a><\/td><td class=\"column-6\">                <a href=\"\/wp-content\/uploads\/sites\/77\/pdf\/monitoreo\/progs16\/RAG2\/RAG2_146.pdf\" target=\"_blank\" rel=\"noopener\"><br \/>\n                    <i class=\"fa fa-download\"><\/i><\/a><\/td><td class=\"column-7\">                <a href=\"\/wp-content\/uploads\/sites\/77\/pdf\/monitoreo\/progs16\/RAG3\/RAG3_146.pdf\" target=\"_blank\" rel=\"noopener\"><br \/>\n                    <i class=\"fa fa-download\"><\/i><\/a><\/td><td class=\"column-8\">                <a href=\"\/wp-content\/uploads\/sites\/77\/pdf\/monitoreo\/progs16\/RAG4\/RAG4_146.pdf\" target=\"_blank\" rel=\"noopener\"><br \/>\n                    <i class=\"fa fa-download\"><\/i><\/a><\/td>\n<\/tr>\n<tr class=\"row-49\">\n\t<td class=\"column-1\">147<\/td><td class=\"column-2\">PROMOCI\u00d3N Y FOMENTO DE LA CULTURA<\/td><td class=\"column-3\">                <a href=\"\/wp-content\/uploads\/sites\/77\/pdf\/monitoreo\/progs16\/mirsinpres\/147.pdf\" target=\"_blank\" rel=\"noopener\"><br \/>\n                    <i class=\"fa fa-download\"><\/i><\/a><\/td><td class=\"column-4\">                <a href=\"\/wp-content\/uploads\/sites\/77\/pdf\/monitoreo\/progs16\/ft\/PROGRAMA_147_FT_FP.pdf\" target=\"_blank\" rel=\"noopener\"><br \/>\n                    <i class=\"fa fa-download\"><\/i><\/a><\/td><td class=\"column-5\">                <a href=\"\/wp-content\/uploads\/sites\/77\/pdf\/monitoreo\/progs16\/RAG1\/RAG1_147.pdf\" target=\"_blank\" rel=\"noopener\"><br \/>\n                    <i class=\"fa fa-download\"><\/i><\/a><\/td><td class=\"column-6\">                <a href=\"\/wp-content\/uploads\/sites\/77\/pdf\/monitoreo\/progs16\/RAG2\/RAG2_147.pdf\" target=\"_blank\" rel=\"noopener\"><br \/>\n                    <i class=\"fa fa-download\"><\/i><\/a><\/td><td class=\"column-7\">                <a href=\"\/wp-content\/uploads\/sites\/77\/pdf\/monitoreo\/progs16\/RAG3\/RAG3_147.pdf\" target=\"_blank\" rel=\"noopener\"><br \/>\n                    <i class=\"fa fa-download\"><\/i><\/a><\/td><td class=\"column-8\">                <a href=\"\/wp-content\/uploads\/sites\/77\/pdf\/monitoreo\/progs16\/RAG4\/RAG4_147.pdf\" target=\"_blank\" rel=\"noopener\"><br \/>\n                    <i class=\"fa fa-download\"><\/i><\/a><\/td>\n<\/tr>\n<tr class=\"row-50\">\n\t<td class=\"column-1\">148<\/td><td class=\"column-2\">PLANEACI\u00d3N PARA EL DESARROLLO<\/td><td class=\"column-3\">                <a href=\"\/wp-content\/uploads\/sites\/77\/pdf\/monitoreo\/progs16\/mirsinpres\/148.pdf\" target=\"_blank\" rel=\"noopener\"><br \/>\n                    <i class=\"fa fa-download\"><\/i><\/a><\/td><td class=\"column-4\">                <a href=\"\/wp-content\/uploads\/sites\/77\/pdf\/monitoreo\/progs16\/ft\/PROGRAMA_148_FT_FP.pdf\" target=\"_blank\" rel=\"noopener\"><br \/>\n                    <i class=\"fa fa-download\"><\/i><\/a><\/td><td class=\"column-5\">                <a href=\"\/wp-content\/uploads\/sites\/77\/pdf\/monitoreo\/progs16\/RAG1\/RAG1_148.pdf\" target=\"_blank\" rel=\"noopener\"><br \/>\n                    <i class=\"fa fa-download\"><\/i><\/a><\/td><td class=\"column-6\">                <a href=\"\/wp-content\/uploads\/sites\/77\/pdf\/monitoreo\/progs16\/RAG2\/RAG2_148.pdf\" target=\"_blank\" rel=\"noopener\"><br \/>\n                    <i class=\"fa fa-download\"><\/i><\/a><\/td><td class=\"column-7\">                <a href=\"\/wp-content\/uploads\/sites\/77\/pdf\/monitoreo\/progs16\/RAG3\/RAG3_148.pdf\" target=\"_blank\" rel=\"noopener\"><br \/>\n                    <i class=\"fa fa-download\"><\/i><\/a><\/td><td class=\"column-8\">                <a href=\"\/wp-content\/uploads\/sites\/77\/pdf\/monitoreo\/progs16\/RAG4\/RAG4_148.pdf\" target=\"_blank\" rel=\"noopener\"><br \/>\n                    <i class=\"fa fa-download\"><\/i><\/a><\/td>\n<\/tr>\n<tr class=\"row-51\">\n\t<td class=\"column-1\">149<\/td><td class=\"column-2\">PREVENCI\u00d3N Y DEFENSA DE LOS DERECHOS HUMANOS<\/td><td class=\"column-3\">                <a href=\"\/wp-content\/uploads\/sites\/77\/pdf\/monitoreo\/progs16\/mirsinpres\/149.pdf\" target=\"_blank\" rel=\"noopener\"><br \/>\n                    <i class=\"fa fa-download\"><\/i><\/a><\/td><td class=\"column-4\">                <a href=\"\/wp-content\/uploads\/sites\/77\/pdf\/monitoreo\/progs16\/ft\/PROGRAMA_149_FT_FP.pdf\" target=\"_blank\" rel=\"noopener\"><br \/>\n                    <i class=\"fa fa-download\"><\/i><\/a><\/td><td class=\"column-5\">                <a href=\"\/wp-content\/uploads\/sites\/77\/pdf\/monitoreo\/progs16\/RAG1\/RAG1_149.pdf\" target=\"_blank\" rel=\"noopener\"><br \/>\n                    <i class=\"fa fa-download\"><\/i><\/a><\/td><td class=\"column-6\">                <a href=\"\/wp-content\/uploads\/sites\/77\/pdf\/monitoreo\/progs16\/RAG2\/RAG2_149.pdf\" target=\"_blank\" rel=\"noopener\"><br \/>\n                    <i class=\"fa fa-download\"><\/i><\/a><\/td><td class=\"column-7\">                <a href=\"\/wp-content\/uploads\/sites\/77\/pdf\/monitoreo\/progs16\/RAG3\/RAG3_149.pdf\" target=\"_blank\" rel=\"noopener\"><br \/>\n                    <i class=\"fa fa-download\"><\/i><\/a><\/td><td class=\"column-8\">                <a href=\"\/wp-content\/uploads\/sites\/77\/pdf\/monitoreo\/progs16\/RAG4\/RAG4_149.pdf\" target=\"_blank\" rel=\"noopener\"><br \/>\n                    <i class=\"fa fa-download\"><\/i><\/a><\/td>\n<\/tr>\n<tr class=\"row-52\">\n\t<td class=\"column-1\">150<\/td><td class=\"column-2\">DESARROLLO FORESTAL SUSTENTABLE<\/td><td class=\"column-3\">                <a href=\"\/wp-content\/uploads\/sites\/77\/pdf\/monitoreo\/progs16\/mirsinpres\/150.pdf\" target=\"_blank\" rel=\"noopener\"><br \/>\n                    <i class=\"fa fa-download\"><\/i><\/a><\/td><td class=\"column-4\">                <a href=\"\/wp-content\/uploads\/sites\/77\/pdf\/monitoreo\/progs16\/ft\/PROGRAMA_150_FT_FP.pdf\" target=\"_blank\" rel=\"noopener\"><br \/>\n                    <i class=\"fa fa-download\"><\/i><\/a><\/td><td class=\"column-5\">                <a href=\"\/wp-content\/uploads\/sites\/77\/pdf\/monitoreo\/progs16\/RAG1\/RAG1_150.pdf\" target=\"_blank\" rel=\"noopener\"><br \/>\n                    <i class=\"fa fa-download\"><\/i><\/a><\/td><td class=\"column-6\">                <a href=\"\/wp-content\/uploads\/sites\/77\/pdf\/monitoreo\/progs16\/RAG2\/RAG2_150.pdf\" target=\"_blank\" rel=\"noopener\"><br \/>\n                    <i class=\"fa fa-download\"><\/i><\/a><\/td><td class=\"column-7\">                <a href=\"\/wp-content\/uploads\/sites\/77\/pdf\/monitoreo\/progs16\/RAG3\/RAG3_150.pdf\" target=\"_blank\" rel=\"noopener\"><br \/>\n                    <i class=\"fa fa-download\"><\/i><\/a><\/td><td class=\"column-8\">                <a href=\"\/wp-content\/uploads\/sites\/77\/pdf\/monitoreo\/progs16\/RAG4\/RAG4_150.pdf\" target=\"_blank\" rel=\"noopener\"><br \/>\n                    <i class=\"fa fa-download\"><\/i><\/a><\/td>\n<\/tr>\n<tr class=\"row-53\">\n\t<td class=\"column-1\">151<\/td><td class=\"column-2\">GESTI\u00d3N INTEGRAL DE RIESGOS<\/td><td class=\"column-3\">                <a href=\"\/wp-content\/uploads\/sites\/77\/pdf\/monitoreo\/progs16\/mirsinpres\/151.pdf\" target=\"_blank\" rel=\"noopener\"><br \/>\n                    <i class=\"fa fa-download\"><\/i><\/a><\/td><td class=\"column-4\">                <a href=\"\/wp-content\/uploads\/sites\/77\/pdf\/monitoreo\/progs16\/ft\/PROGRAMA_151_FT_FP.pdf\" target=\"_blank\" rel=\"noopener\"><br \/>\n                    <i class=\"fa fa-download\"><\/i><\/a><\/td><td class=\"column-5\">                <a href=\"\/wp-content\/uploads\/sites\/77\/pdf\/monitoreo\/progs16\/RAG1\/RAG1_151.pdf\" target=\"_blank\" rel=\"noopener\"><br \/>\n                    <i class=\"fa fa-download\"><\/i><\/a><\/td><td class=\"column-6\">                <a href=\"\/wp-content\/uploads\/sites\/77\/pdf\/monitoreo\/progs16\/RAG2\/RAG2_151.pdf\" target=\"_blank\" rel=\"noopener\"><br \/>\n                    <i class=\"fa fa-download\"><\/i><\/a><\/td><td class=\"column-7\">                <a href=\"\/wp-content\/uploads\/sites\/77\/pdf\/monitoreo\/progs16\/RAG3\/RAG3_151.pdf\" target=\"_blank\" rel=\"noopener\"><br \/>\n                    <i class=\"fa fa-download\"><\/i><\/a><\/td><td class=\"column-8\">                <a href=\"\/wp-content\/uploads\/sites\/77\/pdf\/monitoreo\/progs16\/RAG4\/RAG4_151.pdf\" target=\"_blank\" rel=\"noopener\"><br \/>\n                    <i class=\"fa fa-download\"><\/i><\/a><\/td>\n<\/tr>\n<tr class=\"row-54\">\n\t<td class=\"column-1\">152<\/td><td class=\"column-2\">PROMOCI\u00d3N Y FOMENTO DE LAS POL\u00cdTICAS P\u00daBLICAS IGUALITARIAS PARA MUJERES Y HOMBRES<\/td><td class=\"column-3\">                <a href=\"\/wp-content\/uploads\/sites\/77\/pdf\/monitoreo\/progs16\/mirsinpres\/152.pdf\" target=\"_blank\" rel=\"noopener\"><br \/>\n                    <i class=\"fa fa-download\"><\/i><\/a><\/td><td class=\"column-4\">                <a href=\"\/wp-content\/uploads\/sites\/77\/pdf\/monitoreo\/progs16\/ft\/PROGRAMA_152_FT_FP.pdf\" target=\"_blank\" rel=\"noopener\"><br \/>\n                    <i class=\"fa fa-download\"><\/i><\/a><\/td><td class=\"column-5\">                <a href=\"\/wp-content\/uploads\/sites\/77\/pdf\/monitoreo\/progs16\/RAG1\/RAG1_152.pdf\" target=\"_blank\" rel=\"noopener\"><br \/>\n                    <i class=\"fa fa-download\"><\/i><\/a><\/td><td class=\"column-6\">                <a href=\"\/wp-content\/uploads\/sites\/77\/pdf\/monitoreo\/progs16\/RAG2\/RAG2_152.pdf\" target=\"_blank\" rel=\"noopener\"><br \/>\n                    <i class=\"fa fa-download\"><\/i><\/a><\/td><td class=\"column-7\">                <a href=\"\/wp-content\/uploads\/sites\/77\/pdf\/monitoreo\/progs16\/RAG3\/RAG3_152.pdf\" target=\"_blank\" rel=\"noopener\"><br \/>\n                    <i class=\"fa fa-download\"><\/i><\/a><\/td><td class=\"column-8\">                <a href=\"\/wp-content\/uploads\/sites\/77\/pdf\/monitoreo\/progs16\/RAG4\/RAG4_152.pdf\" target=\"_blank\" rel=\"noopener\"><br \/>\n                    <i class=\"fa fa-download\"><\/i><\/a><\/td>\n<\/tr>\n<tr class=\"row-55\">\n\t<td class=\"column-1\">153<\/td><td class=\"column-2\">AMPLIACI\u00d3N Y MEJORA DE LA COBERTURA DE SANEAMIENTO B\u00c1SICO<\/td><td class=\"column-3\">                <a href=\"\/wp-content\/uploads\/sites\/77\/pdf\/monitoreo\/progs16\/mirsinpres\/153.pdf\" target=\"_blank\" rel=\"noopener\"><br \/>\n                    <i class=\"fa fa-download\"><\/i><\/a><\/td><td class=\"column-4\">                <a href=\"\/wp-content\/uploads\/sites\/77\/pdf\/monitoreo\/progs16\/ft\/PROGRAMA_153_FT_FP.pdf\" target=\"_blank\" rel=\"noopener\"><br \/>\n                    <i class=\"fa fa-download\"><\/i><\/a><\/td><td class=\"column-5\">                <a href=\"\/wp-content\/uploads\/sites\/77\/pdf\/monitoreo\/progs16\/RAG1\/RAG1_153.pdf\" target=\"_blank\" rel=\"noopener\"><br \/>\n                    <i class=\"fa fa-download\"><\/i><\/a><\/td><td class=\"column-6\">                <a href=\"\/wp-content\/uploads\/sites\/77\/pdf\/monitoreo\/progs16\/RAG2\/RAG2_153.pdf\" target=\"_blank\" rel=\"noopener\"><br \/>\n                    <i class=\"fa fa-download\"><\/i><\/a><\/td><td class=\"column-7\">                <a href=\"\/wp-content\/uploads\/sites\/77\/pdf\/monitoreo\/progs16\/RAG3\/RAG3_153.pdf\" target=\"_blank\" rel=\"noopener\"><br \/>\n                    <i class=\"fa fa-download\"><\/i><\/a><\/td><td class=\"column-8\">                <a href=\"\/wp-content\/uploads\/sites\/77\/pdf\/monitoreo\/progs16\/RAG4\/RAG4_153.pdf\" target=\"_blank\" rel=\"noopener\"><br \/>\n                    <i class=\"fa fa-download\"><\/i><\/a><\/td>\n<\/tr>\n<tr class=\"row-56\">\n\t<td class=\"column-1\">154<\/td><td class=\"column-2\">SEGUIMIENTO Y EVALUACI\u00d3N DE PROGRAMAS Y POL\u00cdTICAS P\u00daBLICAS<\/td><td class=\"column-3\">                <a href=\"\/wp-content\/uploads\/sites\/77\/pdf\/monitoreo\/progs16\/mirsinpres\/154.pdf\" target=\"_blank\" rel=\"noopener\"><br \/>\n                    <i class=\"fa fa-download\"><\/i><\/a><\/td><td class=\"column-4\">                <a href=\"\/wp-content\/uploads\/sites\/77\/pdf\/monitoreo\/progs16\/ft\/PROGRAMA_154_FT_FP.pdf\" target=\"_blank\" rel=\"noopener\"><br \/>\n                    <i class=\"fa fa-download\"><\/i><\/a><\/td><td class=\"column-5\">                <a href=\"\/wp-content\/uploads\/sites\/77\/pdf\/monitoreo\/progs16\/RAG1\/RAG1_154.pdf\" target=\"_blank\" rel=\"noopener\"><br \/>\n                    <i class=\"fa fa-download\"><\/i><\/a><\/td><td class=\"column-6\">                <a href=\"\/wp-content\/uploads\/sites\/77\/pdf\/monitoreo\/progs16\/RAG2\/RAG2_154.pdf\" target=\"_blank\" rel=\"noopener\"><br \/>\n                    <i class=\"fa fa-download\"><\/i><\/a><\/td><td class=\"column-7\">                <a href=\"\/wp-content\/uploads\/sites\/77\/pdf\/monitoreo\/progs16\/RAG3\/RAG3_154.pdf\" target=\"_blank\" rel=\"noopener\"><br \/>\n                    <i class=\"fa fa-download\"><\/i><\/a><\/td><td class=\"column-8\">                <a href=\"\/wp-content\/uploads\/sites\/77\/pdf\/monitoreo\/progs16\/RAG4\/RAG4_154.pdf\" target=\"_blank\" rel=\"noopener\"><br \/>\n                    <i class=\"fa fa-download\"><\/i><\/a><\/td>\n<\/tr>\n<tr class=\"row-57\">\n\t<td class=\"column-1\">155<\/td><td class=\"column-2\">ATENCI\u00d3N TRANSVERSAL DE LOS DERECHOS HUMANOS<\/td><td class=\"column-3\">                <a href=\"\/wp-content\/uploads\/sites\/77\/pdf\/monitoreo\/progs16\/mirsinpres\/155.pdf\" target=\"_blank\" rel=\"noopener\"><br \/>\n                    <i class=\"fa fa-download\"><\/i><\/a><\/td><td class=\"column-4\">                <a href=\"\/wp-content\/uploads\/sites\/77\/pdf\/monitoreo\/progs16\/ft\/PROGRAMA_155_FT_FP.pdf\" target=\"_blank\" rel=\"noopener\"><br \/>\n                    <i class=\"fa fa-download\"><\/i><\/a><\/td><td class=\"column-5\">                <a href=\"\/wp-content\/uploads\/sites\/77\/pdf\/monitoreo\/progs16\/RAG1\/RAG1_155.pdf\" target=\"_blank\" rel=\"noopener\"><br \/>\n                    <i class=\"fa fa-download\"><\/i><\/a><\/td><td class=\"column-6\">                <a href=\"\/wp-content\/uploads\/sites\/77\/pdf\/monitoreo\/progs16\/RAG2\/RAG2_155.pdf\" target=\"_blank\" rel=\"noopener\"><br \/>\n                    <i class=\"fa fa-download\"><\/i><\/a><\/td><td class=\"column-7\">                <a href=\"\/wp-content\/uploads\/sites\/77\/pdf\/monitoreo\/progs16\/RAG3\/RAG3_155.pdf\" target=\"_blank\" rel=\"noopener\"><br \/>\n                    <i class=\"fa fa-download\"><\/i><\/a><\/td><td class=\"column-8\">                <a href=\"\/wp-content\/uploads\/sites\/77\/pdf\/monitoreo\/progs16\/RAG4\/RAG4_155.pdf\" target=\"_blank\" rel=\"noopener\"><br \/>\n                    <i class=\"fa fa-download\"><\/i><\/a><\/td>\n<\/tr>\n<tr class=\"row-58\">\n\t<td class=\"column-1\">156<\/td><td class=\"column-2\">SERVICIOS PARA EL FORTALECIMIENTO COMUNITARIO<\/td><td class=\"column-3\">                <a href=\"\/wp-content\/uploads\/sites\/77\/pdf\/monitoreo\/progs16\/mirsinpres\/156.pdf\" target=\"_blank\" rel=\"noopener\"><br \/>\n                    <i class=\"fa fa-download\"><\/i><\/a><\/td><td class=\"column-4\">                <a href=\"\/wp-content\/uploads\/sites\/77\/pdf\/monitoreo\/progs16\/ft\/PROGRAMA_156_FT_FP.pdf\" target=\"_blank\" rel=\"noopener\"><br \/>\n                    <i class=\"fa fa-download\"><\/i><\/a><\/td><td class=\"column-5\">                <a href=\"\/wp-content\/uploads\/sites\/77\/pdf\/monitoreo\/progs16\/RAG1\/RAG1_156.pdf\" target=\"_blank\" rel=\"noopener\"><br \/>\n                    <i class=\"fa fa-download\"><\/i><\/a><\/td><td class=\"column-6\">                <a href=\"\/wp-content\/uploads\/sites\/77\/pdf\/monitoreo\/progs16\/RAG2\/RAG2_156.pdf\" target=\"_blank\" rel=\"noopener\"><br \/>\n                    <i class=\"fa fa-download\"><\/i><\/a><\/td><td class=\"column-7\">                <a href=\"\/wp-content\/uploads\/sites\/77\/pdf\/monitoreo\/progs16\/RAG3\/RAG3_156.pdf\" target=\"_blank\" rel=\"noopener\"><br \/>\n                    <i class=\"fa fa-download\"><\/i><\/a><\/td><td class=\"column-8\">                <a href=\"\/wp-content\/uploads\/sites\/77\/pdf\/monitoreo\/progs16\/RAG4\/RAG4_156.pdf\" target=\"_blank\" rel=\"noopener\"><br \/>\n                    <i class=\"fa fa-download\"><\/i><\/a><\/td>\n<\/tr>\n<tr class=\"row-59\">\n\t<td class=\"column-1\">157<\/td><td class=\"column-2\">DERECHOS DE LOS PUEBLOS IND\u00cdGENAS Y AFROMEXICANO<\/td><td class=\"column-3\">                <a href=\"\/wp-content\/uploads\/sites\/77\/pdf\/monitoreo\/progs16\/mirsinpres\/157.pdf\" target=\"_blank\" rel=\"noopener\"><br \/>\n                    <i class=\"fa fa-download\"><\/i><\/a><\/td><td class=\"column-4\">                <a href=\"\/wp-content\/uploads\/sites\/77\/pdf\/monitoreo\/progs16\/ft\/PROGRAMA_157_FT_FP.pdf\" target=\"_blank\" rel=\"noopener\"><br \/>\n                    <i class=\"fa fa-download\"><\/i><\/a><\/td><td class=\"column-5\">                <a href=\"\/wp-content\/uploads\/sites\/77\/pdf\/monitoreo\/progs16\/RAG1\/RAG1_157.pdf\" target=\"_blank\" rel=\"noopener\"><br \/>\n                    <i class=\"fa fa-download\"><\/i><\/a><\/td><td class=\"column-6\">                <a href=\"\/wp-content\/uploads\/sites\/77\/pdf\/monitoreo\/progs16\/RAG2\/RAG2_157.pdf\" target=\"_blank\" rel=\"noopener\"><br \/>\n                    <i class=\"fa fa-download\"><\/i><\/a><\/td><td class=\"column-7\">                <a href=\"\/wp-content\/uploads\/sites\/77\/pdf\/monitoreo\/progs16\/RAG3\/RAG3_157.pdf\" target=\"_blank\" rel=\"noopener\"><br \/>\n                    <i class=\"fa fa-download\"><\/i><\/a><\/td><td class=\"column-8\">                <a href=\"\/wp-content\/uploads\/sites\/77\/pdf\/monitoreo\/progs16\/RAG4\/RAG4_157.pdf\" target=\"_blank\" rel=\"noopener\"><br \/>\n                    <i class=\"fa fa-download\"><\/i><\/a><\/td>\n<\/tr>\n<tr class=\"row-60\">\n\t<td class=\"column-1\">158<\/td><td class=\"column-2\">ATENCI\u00d3N INTEGRAL A LA NI\u00d1EZ<\/td><td class=\"column-3\">                <a href=\"\/wp-content\/uploads\/sites\/77\/pdf\/monitoreo\/progs16\/mirsinpres\/158.pdf\" target=\"_blank\" rel=\"noopener\"><br \/>\n                    <i class=\"fa fa-download\"><\/i><\/a><\/td><td class=\"column-4\">                <a href=\"\/wp-content\/uploads\/sites\/77\/pdf\/monitoreo\/progs16\/ft\/PROGRAMA_158_FT_FP.pdf\" target=\"_blank\" rel=\"noopener\"><br \/>\n                    <i class=\"fa fa-download\"><\/i><\/a><\/td><td class=\"column-5\">                <a href=\"\/wp-content\/uploads\/sites\/77\/pdf\/monitoreo\/progs16\/RAG1\/RAG1_158.pdf\" target=\"_blank\" rel=\"noopener\"><br \/>\n                    <i class=\"fa fa-download\"><\/i><\/a><\/td><td class=\"column-6\">                <a href=\"\/wp-content\/uploads\/sites\/77\/pdf\/monitoreo\/progs16\/RAG2\/RAG2_158.pdf\" target=\"_blank\" rel=\"noopener\"><br \/>\n                    <i class=\"fa fa-download\"><\/i><\/a><\/td><td class=\"column-7\">                <a href=\"\/wp-content\/uploads\/sites\/77\/pdf\/monitoreo\/progs16\/RAG3\/RAG3_158.pdf\" target=\"_blank\" rel=\"noopener\"><br \/>\n                    <i class=\"fa fa-download\"><\/i><\/a><\/td><td class=\"column-8\">                <a href=\"\/wp-content\/uploads\/sites\/77\/pdf\/monitoreo\/progs16\/RAG4\/RAG4_158.pdf\" target=\"_blank\" rel=\"noopener\"><br \/>\n                    <i class=\"fa fa-download\"><\/i><\/a><\/td>\n<\/tr>\n<tr class=\"row-61\">\n\t<td class=\"column-1\">159<\/td><td class=\"column-2\">ATENCI\u00d3N M\u00c9DICA<\/td><td class=\"column-3\">                <a href=\"\/wp-content\/uploads\/sites\/77\/pdf\/monitoreo\/progs16\/mirsinpres\/159.pdf\" target=\"_blank\" rel=\"noopener\"><br \/>\n                    <i class=\"fa fa-download\"><\/i><\/a><\/td><td class=\"column-4\">                <a href=\"#\" target=\"_blank\" rel=\"noopener\"><br \/>\n                    <i class=\"fa fa-download\"><\/i><\/a><\/td><td class=\"column-5\">                <a href=\"\/wp-content\/uploads\/sites\/77\/pdf\/monitoreo\/progs16\/RAG1\/RAG1_159.pdf\" target=\"_blank\" rel=\"noopener\"><br \/>\n                    <i class=\"fa fa-download\"><\/i><\/a><\/td><td class=\"column-6\">                <a href=\"\/wp-content\/uploads\/sites\/77\/pdf\/monitoreo\/progs16\/RAG2\/RAG2_159.pdf\" target=\"_blank\" rel=\"noopener\"><br \/>\n                    <i class=\"fa fa-download\"><\/i><\/a><\/td><td class=\"column-7\">                <a href=\"\/wp-content\/uploads\/sites\/77\/pdf\/monitoreo\/progs16\/RAG3\/RAG3_159.pdf\" target=\"_blank\" rel=\"noopener\"><br \/>\n                    <i class=\"fa fa-download\"><\/i><\/a><\/td><td class=\"column-8\">                <a href=\"\/wp-content\/uploads\/sites\/77\/pdf\/monitoreo\/progs16\/RAG4\/RAG4_159.pdf\" target=\"_blank\" rel=\"noopener\"><br \/>\n                    <i class=\"fa fa-download\"><\/i><\/a><\/td>\n<\/tr>\n<tr class=\"row-62\">\n\t<td class=\"column-1\">160<\/td><td class=\"column-2\">CONSERVACI\u00d3N DE LOS RECURSOS NATURALES Y DEL MEDIO AMBIENTE<\/td><td class=\"column-3\">                <a href=\"\/wp-content\/uploads\/sites\/77\/pdf\/monitoreo\/progs16\/mirsinpres\/160.pdf\" target=\"_blank\" rel=\"noopener\"><br \/>\n                    <i class=\"fa fa-download\"><\/i><\/a><\/td><td class=\"column-4\">                <a href=\"\/wp-content\/uploads\/sites\/77\/pdf\/monitoreo\/progs16\/ft\/PROGRAMA_160_FT_FP.pdf\" target=\"_blank\" rel=\"noopener\"><br \/>\n                    <i class=\"fa fa-download\"><\/i><\/a><\/td><td class=\"column-5\">                <a href=\"\/wp-content\/uploads\/sites\/77\/pdf\/monitoreo\/progs16\/RAG1\/RAG1_160.pdf\" target=\"_blank\" rel=\"noopener\"><br \/>\n                    <i class=\"fa fa-download\"><\/i><\/a><\/td><td class=\"column-6\">                <a href=\"\/wp-content\/uploads\/sites\/77\/pdf\/monitoreo\/progs16\/RAG2\/RAG2_160.pdf\" target=\"_blank\" rel=\"noopener\"><br \/>\n                    <i class=\"fa fa-download\"><\/i><\/a><\/td><td class=\"column-7\">                <a href=\"\/wp-content\/uploads\/sites\/77\/pdf\/monitoreo\/progs16\/RAG3\/RAG3_160.pdf\" target=\"_blank\" rel=\"noopener\"><br \/>\n                    <i class=\"fa fa-download\"><\/i><\/a><\/td><td class=\"column-8\">                <a href=\"\/wp-content\/uploads\/sites\/77\/pdf\/monitoreo\/progs16\/RAG4\/RAG4_160.pdf\" target=\"_blank\" rel=\"noopener\"><br \/>\n                    <i class=\"fa fa-download\"><\/i><\/a><\/td>\n<\/tr>\n<tr class=\"row-63\">\n\t<td class=\"column-1\">161<\/td><td class=\"column-2\">IMPULSO AL DESARROLLO ECON\u00d3MICO<\/td><td class=\"column-3\">                <a href=\"\/wp-content\/uploads\/sites\/77\/pdf\/monitoreo\/progs16\/mirsinpres\/161.pdf\" target=\"_blank\" rel=\"noopener\"><br \/>\n                    <i class=\"fa fa-download\"><\/i><\/a><\/td><td class=\"column-4\">                <a href=\"\/wp-content\/uploads\/sites\/77\/pdf\/monitoreo\/progs16\/ft\/PROGRAMA_161_FT_FP.pdf\" target=\"_blank\" rel=\"noopener\"><br \/>\n                    <i class=\"fa fa-download\"><\/i><\/a><\/td><td class=\"column-5\">                <a href=\"\/wp-content\/uploads\/sites\/77\/pdf\/monitoreo\/progs16\/RAG1\/RAG1_161.pdf\" target=\"_blank\" rel=\"noopener\"><br \/>\n                    <i class=\"fa fa-download\"><\/i><\/a><\/td><td class=\"column-6\">                <a href=\"\/wp-content\/uploads\/sites\/77\/pdf\/monitoreo\/progs16\/RAG2\/RAG2_161.pdf\" target=\"_blank\" rel=\"noopener\"><br \/>\n                    <i class=\"fa fa-download\"><\/i><\/a><\/td><td class=\"column-7\">                <a href=\"\/wp-content\/uploads\/sites\/77\/pdf\/monitoreo\/progs16\/RAG3\/RAG3_161.pdf\" target=\"_blank\" rel=\"noopener\"><br \/>\n                    <i class=\"fa fa-download\"><\/i><\/a><\/td><td class=\"column-8\">                <a href=\"\/wp-content\/uploads\/sites\/77\/pdf\/monitoreo\/progs16\/RAG4\/RAG4_161.pdf\" target=\"_blank\" rel=\"noopener\"><br \/>\n                    <i class=\"fa fa-download\"><\/i><\/a><\/td>\n<\/tr>\n<tr class=\"row-64\">\n\t<td class=\"column-1\">162<\/td><td class=\"column-2\">PROCURACI\u00d3N GENERAL DE JUSTICIA<\/td><td class=\"column-3\">                <a href=\"\/wp-content\/uploads\/sites\/77\/pdf\/monitoreo\/progs16\/mirsinpres\/162.pdf\" target=\"_blank\" rel=\"noopener\"><br \/>\n                    <i class=\"fa fa-download\"><\/i><\/a><\/td><td class=\"column-4\">                <a href=\"\/wp-content\/uploads\/sites\/77\/pdf\/monitoreo\/progs16\/ft\/PROGRAMA_162_FT_FP.pdf\" target=\"_blank\" rel=\"noopener\"><br \/>\n                    <i class=\"fa fa-download\"><\/i><\/a><\/td><td class=\"column-5\">                <a href=\"\/wp-content\/uploads\/sites\/77\/pdf\/monitoreo\/progs16\/RAG1\/RAG1_162.pdf\" target=\"_blank\" rel=\"noopener\"><br \/>\n                    <i class=\"fa fa-download\"><\/i><\/a><\/td><td class=\"column-6\">                <a href=\"\/wp-content\/uploads\/sites\/77\/pdf\/monitoreo\/progs16\/RAG2\/RAG2_162.pdf\" target=\"_blank\" rel=\"noopener\"><br \/>\n                    <i class=\"fa fa-download\"><\/i><\/a><\/td><td class=\"column-7\">                <a href=\"\/wp-content\/uploads\/sites\/77\/pdf\/monitoreo\/progs16\/RAG3\/RAG3_162.pdf\" target=\"_blank\" rel=\"noopener\"><br \/>\n                    <i class=\"fa fa-download\"><\/i><\/a><\/td><td class=\"column-8\">                <a href=\"\/wp-content\/uploads\/sites\/77\/pdf\/monitoreo\/progs16\/RAG4\/RAG4_162.pdf\" target=\"_blank\" rel=\"noopener\"><br \/>\n                    <i class=\"fa fa-download\"><\/i><\/a><\/td>\n<\/tr>\n<tr class=\"row-65\">\n\t<td class=\"column-1\">163<\/td><td class=\"column-2\">PROGRAMA DE PARTICIPACI\u00d3N COMUNITARIA PARA EL DESARROLLO HUMANO CON ASISTENCIA ALIMENTARIA<\/td><td class=\"column-3\">                <a href=\"\/wp-content\/uploads\/sites\/77\/pdf\/monitoreo\/progs16\/mirsinpres\/163.pdf\" target=\"_blank\" rel=\"noopener\"><br \/>\n                    <i class=\"fa fa-download\"><\/i><\/a><\/td><td class=\"column-4\">                <a href=\"\/wp-content\/uploads\/sites\/77\/pdf\/monitoreo\/progs16\/ft\/PROGRAMA_163_FT_FP.pdf\" target=\"_blank\" rel=\"noopener\"><br \/>\n                    <i class=\"fa fa-download\"><\/i><\/a><\/td><td class=\"column-5\">                <a href=\"\/wp-content\/uploads\/sites\/77\/pdf\/monitoreo\/progs16\/RAG1\/RAG1_163.pdf\" target=\"_blank\" rel=\"noopener\"><br \/>\n                    <i class=\"fa fa-download\"><\/i><\/a><\/td><td class=\"column-6\">                <a href=\"\/wp-content\/uploads\/sites\/77\/pdf\/monitoreo\/progs16\/RAG2\/RAG2_163.pdf\" target=\"_blank\" rel=\"noopener\"><br \/>\n                    <i class=\"fa fa-download\"><\/i><\/a><\/td><td class=\"column-7\">                <a href=\"\/wp-content\/uploads\/sites\/77\/pdf\/monitoreo\/progs16\/RAG3\/RAG3_163.pdf\" target=\"_blank\" rel=\"noopener\"><br \/>\n                    <i class=\"fa fa-download\"><\/i><\/a><\/td><td class=\"column-8\">                <a href=\"\/wp-content\/uploads\/sites\/77\/pdf\/monitoreo\/progs16\/RAG4\/RAG4_163.pdf\" target=\"_blank\" rel=\"noopener\"><br \/>\n                    <i class=\"fa fa-download\"><\/i><\/a><\/td>\n<\/tr>\n<tr class=\"row-66\">\n\t<td class=\"column-1\">164<\/td><td class=\"column-2\">FORTALECIMIENTO A LA INFRAESTRUCTURA DE SALUD P\u00daBLICA<\/td><td class=\"column-3\">                <a href=\"\/wp-content\/uploads\/sites\/77\/pdf\/monitoreo\/progs16\/mirsinpres\/164.pdf\" target=\"_blank\" rel=\"noopener\"><br \/>\n                    <i class=\"fa fa-download\"><\/i><\/a><\/td><td class=\"column-4\">                <a href=\"\/wp-content\/uploads\/sites\/77\/pdf\/monitoreo\/progs16\/ft\/PROGRAMA_164_FT_FP.pdf\" target=\"_blank\" rel=\"noopener\"><br \/>\n                    <i class=\"fa fa-download\"><\/i><\/a><\/td><td class=\"column-5\">                <a href=\"\/wp-content\/uploads\/sites\/77\/pdf\/monitoreo\/progs16\/RAG1\/RAG1_164.pdf\" target=\"_blank\" rel=\"noopener\"><br \/>\n                    <i class=\"fa fa-download\"><\/i><\/a><\/td><td class=\"column-6\">                <a href=\"\/wp-content\/uploads\/sites\/77\/pdf\/monitoreo\/progs16\/RAG2\/RAG2_164.pdf\" target=\"_blank\" rel=\"noopener\"><br \/>\n                    <i class=\"fa fa-download\"><\/i><\/a><\/td><td class=\"column-7\">                <a href=\"\/wp-content\/uploads\/sites\/77\/pdf\/monitoreo\/progs16\/RAG3\/RAG3_164.pdf\" target=\"_blank\" rel=\"noopener\"><br \/>\n                    <i class=\"fa fa-download\"><\/i><\/a><\/td><td class=\"column-8\">                <a href=\"\/wp-content\/uploads\/sites\/77\/pdf\/monitoreo\/progs16\/RAG4\/RAG4_164.pdf\" target=\"_blank\" rel=\"noopener\"><br \/>\n                    <i class=\"fa fa-download\"><\/i><\/a><\/td>\n<\/tr>\n<tr class=\"row-67\">\n\t<td class=\"column-1\">165<\/td><td class=\"column-2\">TRANSPARENCIA, RENDICI\u00d3N DE CUENTAS Y PROTECCI\u00d3N DE DATOS PERSONALES<\/td><td class=\"column-3\">                <a href=\"\/wp-content\/uploads\/sites\/77\/pdf\/monitoreo\/progs16\/mirsinpres\/165.pdf\" target=\"_blank\" rel=\"noopener\"><br \/>\n                    <i class=\"fa fa-download\"><\/i><\/a><\/td><td class=\"column-4\">                <a href=\"\/wp-content\/uploads\/sites\/77\/pdf\/monitoreo\/progs16\/ft\/PROGRAMA_165_FT_FP.pdf\" target=\"_blank\" rel=\"noopener\"><br \/>\n                    <i class=\"fa fa-download\"><\/i><\/a><\/td><td class=\"column-5\">                <a href=\"\/wp-content\/uploads\/sites\/77\/pdf\/monitoreo\/progs16\/RAG1\/RAG1_165.pdf\" target=\"_blank\" rel=\"noopener\"><br \/>\n                    <i class=\"fa fa-download\"><\/i><\/a><\/td><td class=\"column-6\">                <a href=\"\/wp-content\/uploads\/sites\/77\/pdf\/monitoreo\/progs16\/RAG2\/RAG2_165.pdf\" target=\"_blank\" rel=\"noopener\"><br \/>\n                    <i class=\"fa fa-download\"><\/i><\/a><\/td><td class=\"column-7\">                <a href=\"\/wp-content\/uploads\/sites\/77\/pdf\/monitoreo\/progs16\/RAG3\/RAG3_165.pdf\" target=\"_blank\" rel=\"noopener\"><br \/>\n                    <i class=\"fa fa-download\"><\/i><\/a><\/td><td class=\"column-8\">                <a href=\"\/wp-content\/uploads\/sites\/77\/pdf\/monitoreo\/progs16\/RAG4\/RAG4_165.pdf\" target=\"_blank\" rel=\"noopener\"><br \/>\n                    <i class=\"fa fa-download\"><\/i><\/a><\/td>\n<\/tr>\n<tr class=\"row-68\">\n\t<td class=\"column-1\">166<\/td><td class=\"column-2\">DESARROLLO Y FORTALECIMIENTO DE CAPACIDADES EN LOS MUNICIPIOS<\/td><td class=\"column-3\">                <a href=\"\/wp-content\/uploads\/sites\/77\/pdf\/monitoreo\/progs16\/mirsinpres\/166.pdf\" target=\"_blank\" rel=\"noopener\"><br \/>\n                    <i class=\"fa fa-download\"><\/i><\/a><\/td><td class=\"column-4\">                <a href=\"\/wp-content\/uploads\/sites\/77\/pdf\/monitoreo\/progs16\/ft\/PROGRAMA_166_FT_FP.pdf\" target=\"_blank\" rel=\"noopener\"><br \/>\n                    <i class=\"fa fa-download\"><\/i><\/a><\/td><td class=\"column-5\">                <a href=\"\/wp-content\/uploads\/sites\/77\/pdf\/monitoreo\/progs16\/RAG1\/RAG1_166.pdf\" target=\"_blank\" rel=\"noopener\"><br \/>\n                    <i class=\"fa fa-download\"><\/i><\/a><\/td><td class=\"column-6\">                <a href=\"\/wp-content\/uploads\/sites\/77\/pdf\/monitoreo\/progs16\/RAG2\/RAG2_166.pdf\" target=\"_blank\" rel=\"noopener\"><br \/>\n                    <i class=\"fa fa-download\"><\/i><\/a><\/td><td class=\"column-7\">                <a href=\"\/wp-content\/uploads\/sites\/77\/pdf\/monitoreo\/progs16\/RAG3\/RAG3_166.pdf\" target=\"_blank\" rel=\"noopener\"><br \/>\n                    <i class=\"fa fa-download\"><\/i><\/a><\/td><td class=\"column-8\">                <a href=\"\/wp-content\/uploads\/sites\/77\/pdf\/monitoreo\/progs16\/RAG4\/RAG4_166.pdf\" target=\"_blank\" rel=\"noopener\"><br \/>\n                    <i class=\"fa fa-download\"><\/i><\/a><\/td>\n<\/tr>\n<tr class=\"row-69\">\n\t<td class=\"column-1\">167<\/td><td class=\"column-2\">PROCURACI\u00d3N DE JUSTICIA A GRUPOS VULNERABLES<\/td><td class=\"column-3\">                <a href=\"\/wp-content\/uploads\/sites\/77\/pdf\/monitoreo\/progs16\/mirsinpres\/167.pdf\" target=\"_blank\" rel=\"noopener\"><br \/>\n                    <i class=\"fa fa-download\"><\/i><\/a><\/td><td class=\"column-4\">                <a href=\"\/wp-content\/uploads\/sites\/77\/pdf\/monitoreo\/progs16\/ft\/PROGRAMA_167_FT_FP.pdf\" target=\"_blank\" rel=\"noopener\"><br \/>\n                    <i class=\"fa fa-download\"><\/i><\/a><\/td><td class=\"column-5\">                <a href=\"\/wp-content\/uploads\/sites\/77\/pdf\/monitoreo\/progs16\/RAG1\/RAG1_167.pdf\" target=\"_blank\" rel=\"noopener\"><br \/>\n                    <i class=\"fa fa-download\"><\/i><\/a><\/td><td class=\"column-6\">                <a href=\"\/wp-content\/uploads\/sites\/77\/pdf\/monitoreo\/progs16\/RAG2\/RAG2_167.pdf\" target=\"_blank\" rel=\"noopener\"><br \/>\n                    <i class=\"fa fa-download\"><\/i><\/a><\/td><td class=\"column-7\">                <a href=\"\/wp-content\/uploads\/sites\/77\/pdf\/monitoreo\/progs16\/RAG3\/RAG3_167.pdf\" target=\"_blank\" rel=\"noopener\"><br \/>\n                    <i class=\"fa fa-download\"><\/i><\/a><\/td><td class=\"column-8\">                <a href=\"\/wp-content\/uploads\/sites\/77\/pdf\/monitoreo\/progs16\/RAG4\/RAG4_167.pdf\" target=\"_blank\" rel=\"noopener\"><br \/>\n                    <i class=\"fa fa-download\"><\/i><\/a><\/td>\n<\/tr>\n<tr class=\"row-70\">\n\t<td class=\"column-1\">168<\/td><td class=\"column-2\">ATENCI\u00d3N SOCIAL A GRUPOS VULNERABLES<\/td><td class=\"column-3\">                <a href=\"\/wp-content\/uploads\/sites\/77\/pdf\/monitoreo\/progs16\/mirsinpres\/168.pdf\" target=\"_blank\" rel=\"noopener\"><br \/>\n                    <i class=\"fa fa-download\"><\/i><\/a><\/td><td class=\"column-4\">                <a href=\"\/wp-content\/uploads\/sites\/77\/pdf\/monitoreo\/progs16\/ft\/PROGRAMA_168_FT_FP.pdf\" target=\"_blank\" rel=\"noopener\"><br \/>\n                    <i class=\"fa fa-download\"><\/i><\/a><\/td><td class=\"column-5\">                <a href=\"\/wp-content\/uploads\/sites\/77\/pdf\/monitoreo\/progs16\/RAG1\/RAG1_168.pdf\" target=\"_blank\" rel=\"noopener\"><br \/>\n                    <i class=\"fa fa-download\"><\/i><\/a><\/td><td class=\"column-6\">                <a href=\"\/wp-content\/uploads\/sites\/77\/pdf\/monitoreo\/progs16\/RAG2\/RAG2_168.pdf\" target=\"_blank\" rel=\"noopener\"><br \/>\n                    <i class=\"fa fa-download\"><\/i><\/a><\/td><td class=\"column-7\">                <a href=\"\/wp-content\/uploads\/sites\/77\/pdf\/monitoreo\/progs16\/RAG3\/RAG3_168.pdf\" target=\"_blank\" rel=\"noopener\"><br \/>\n                    <i class=\"fa fa-download\"><\/i><\/a><\/td><td class=\"column-8\">                <a href=\"\/wp-content\/uploads\/sites\/77\/pdf\/monitoreo\/progs16\/RAG4\/RAG4_168.pdf\" target=\"_blank\" rel=\"noopener\"><br \/>\n                    <i class=\"fa fa-download\"><\/i><\/a><\/td>\n<\/tr>\n<tr class=\"row-71\">\n\t<td class=\"column-1\">169<\/td><td class=\"column-2\">PREVENCI\u00d3N Y PROMOCI\u00d3N DE LA SALUD<\/td><td class=\"column-3\">                <a href=\"\/wp-content\/uploads\/sites\/77\/pdf\/monitoreo\/progs16\/mirsinpres\/169.pdf\" target=\"_blank\" rel=\"noopener\"><br \/>\n                    <i class=\"fa fa-download\"><\/i><\/a><\/td><td class=\"column-4\">                <a href=\"#\" target=\"_blank\" rel=\"noopener\"><br \/>\n                    <i class=\"fa fa-download\"><\/i><\/a><\/td><td class=\"column-5\">                <a href=\"\/wp-content\/uploads\/sites\/77\/pdf\/monitoreo\/progs16\/RAG1\/RAG1_169.pdf\" target=\"_blank\" rel=\"noopener\"><br \/>\n                    <i class=\"fa fa-download\"><\/i><\/a><\/td><td class=\"column-6\">                <a href=\"\/wp-content\/uploads\/sites\/77\/pdf\/monitoreo\/progs16\/RAG2\/RAG2_169.pdf\" target=\"_blank\" rel=\"noopener\"><br \/>\n                    <i class=\"fa fa-download\"><\/i><\/a><\/td><td class=\"column-7\">                <a href=\"\/wp-content\/uploads\/sites\/77\/pdf\/monitoreo\/progs16\/RAG3\/RAG3_169.pdf\" target=\"_blank\" rel=\"noopener\"><br \/>\n                    <i class=\"fa fa-download\"><\/i><\/a><\/td><td class=\"column-8\">                <a href=\"\/wp-content\/uploads\/sites\/77\/pdf\/monitoreo\/progs16\/RAG4\/RAG4_169.pdf\" target=\"_blank\" rel=\"noopener\"><br \/>\n                    <i class=\"fa fa-download\"><\/i><\/a><\/td>\n<\/tr>\n<tr class=\"row-72\">\n\t<td class=\"column-1\">170<\/td><td class=\"column-2\">EPIDEMIOLOG\u00cdA<\/td><td class=\"column-3\">                <a href=\"\/wp-content\/uploads\/sites\/77\/pdf\/monitoreo\/progs16\/mirsinpres\/170.pdf\" target=\"_blank\" rel=\"noopener\"><br \/>\n                    <i class=\"fa fa-download\"><\/i><\/a><\/td><td class=\"column-4\">                <a href=\"#\" target=\"_blank\" rel=\"noopener\"><br \/>\n                    <i class=\"fa fa-download\"><\/i><\/a><\/td><td class=\"column-5\">                <a href=\"\/wp-content\/uploads\/sites\/77\/pdf\/monitoreo\/progs16\/RAG1\/RAG1_170.pdf\" target=\"_blank\" rel=\"noopener\"><br \/>\n                    <i class=\"fa fa-download\"><\/i><\/a><\/td><td class=\"column-6\">                <a href=\"\/wp-content\/uploads\/sites\/77\/pdf\/monitoreo\/progs16\/RAG2\/RAG2_170.pdf\" target=\"_blank\" rel=\"noopener\"><br \/>\n                    <i class=\"fa fa-download\"><\/i><\/a><\/td><td class=\"column-7\">                <a href=\"\/wp-content\/uploads\/sites\/77\/pdf\/monitoreo\/progs16\/RAG3\/RAG3_170.pdf\" target=\"_blank\" rel=\"noopener\"><br \/>\n                    <i class=\"fa fa-download\"><\/i><\/a><\/td><td class=\"column-8\">                <a href=\"\/wp-content\/uploads\/sites\/77\/pdf\/monitoreo\/progs16\/RAG4\/RAG4_170.pdf\" target=\"_blank\" rel=\"noopener\"><br \/>\n                    <i class=\"fa fa-download\"><\/i><\/a><\/td>\n<\/tr>\n<tr class=\"row-73\">\n\t<td class=\"column-1\">171<\/td><td class=\"column-2\">FISCALIZACI\u00d3N DE LOS RECURSOS P\u00daBLICOS Y ACTUACI\u00d3N DE LOS SERVIDORES P\u00daBLICOS<\/td><td class=\"column-3\">                <a href=\"\/wp-content\/uploads\/sites\/77\/pdf\/monitoreo\/progs16\/mirsinpres\/171.pdf\" target=\"_blank\" rel=\"noopener\"><br \/>\n                    <i class=\"fa fa-download\"><\/i><\/a><\/td><td class=\"column-4\">                <a href=\"\/wp-content\/uploads\/sites\/77\/pdf\/monitoreo\/progs16\/ft\/PROGRAMA_171_FT_FP.pdf\" target=\"_blank\" rel=\"noopener\"><br \/>\n                    <i class=\"fa fa-download\"><\/i><\/a><\/td><td class=\"column-5\">                <a href=\"\/wp-content\/uploads\/sites\/77\/pdf\/monitoreo\/progs16\/RAG1\/RAG1_171.pdf\" target=\"_blank\" rel=\"noopener\"><br \/>\n                    <i class=\"fa fa-download\"><\/i><\/a><\/td><td class=\"column-6\">                <a href=\"\/wp-content\/uploads\/sites\/77\/pdf\/monitoreo\/progs16\/RAG2\/RAG2_171.pdf\" target=\"_blank\" rel=\"noopener\"><br \/>\n                    <i class=\"fa fa-download\"><\/i><\/a><\/td><td class=\"column-7\">                <a href=\"\/wp-content\/uploads\/sites\/77\/pdf\/monitoreo\/progs16\/RAG3\/RAG3_171.pdf\" target=\"_blank\" rel=\"noopener\"><br \/>\n                    <i class=\"fa fa-download\"><\/i><\/a><\/td><td class=\"column-8\">                <a href=\"\/wp-content\/uploads\/sites\/77\/pdf\/monitoreo\/progs16\/RAG4\/RAG4_171.pdf\" target=\"_blank\" rel=\"noopener\"><br \/>\n                    <i class=\"fa fa-download\"><\/i><\/a><\/td>\n<\/tr>\n<tr class=\"row-74\">\n\t<td class=\"column-1\">172<\/td><td class=\"column-2\">PROMOCI\u00d3N Y FOMENTO A LA JUVENTUD<\/td><td class=\"column-3\">                <a href=\"\/wp-content\/uploads\/sites\/77\/pdf\/monitoreo\/progs16\/mirsinpres\/172.pdf\" target=\"_blank\" rel=\"noopener\"><br \/>\n                    <i class=\"fa fa-download\"><\/i><\/a><\/td><td class=\"column-4\">                <a href=\"\/wp-content\/uploads\/sites\/77\/pdf\/monitoreo\/progs16\/ft\/PROGRAMA_172_FT_FP.pdf\" target=\"_blank\" rel=\"noopener\"><br \/>\n                    <i class=\"fa fa-download\"><\/i><\/a><\/td><td class=\"column-5\">                <a href=\"\/wp-content\/uploads\/sites\/77\/pdf\/monitoreo\/progs16\/RAG1\/RAG1_172.pdf\" target=\"_blank\" rel=\"noopener\"><br \/>\n                    <i class=\"fa fa-download\"><\/i><\/a><\/td><td class=\"column-6\">                <a href=\"\/wp-content\/uploads\/sites\/77\/pdf\/monitoreo\/progs16\/RAG2\/RAG2_172.pdf\" target=\"_blank\" rel=\"noopener\"><br \/>\n                    <i class=\"fa fa-download\"><\/i><\/a><\/td><td class=\"column-7\">                <a href=\"\/wp-content\/uploads\/sites\/77\/pdf\/monitoreo\/progs16\/RAG3\/RAG3_172.pdf\" target=\"_blank\" rel=\"noopener\"><br \/>\n                    <i class=\"fa fa-download\"><\/i><\/a><\/td><td class=\"column-8\">                <a href=\"\/wp-content\/uploads\/sites\/77\/pdf\/monitoreo\/progs16\/RAG4\/RAG4_172.pdf\" target=\"_blank\" rel=\"noopener\"><br \/>\n                    <i class=\"fa fa-download\"><\/i><\/a><\/td>\n<\/tr>\n<tr class=\"row-75\">\n\t<td class=\"column-1\">173<\/td><td class=\"column-2\">PREVENCI\u00d3N Y RESOLUCI\u00d3N DE CONFLICTOS EN LA PRESTACI\u00d3N DE LOS SERVICIOS DE SALUD<\/td><td class=\"column-3\">                <a href=\"\/wp-content\/uploads\/sites\/77\/pdf\/monitoreo\/progs16\/mirsinpres\/173.pdf\" target=\"_blank\" rel=\"noopener\"><br \/>\n                    <i class=\"fa fa-download\"><\/i><\/a><\/td><td class=\"column-4\">                <a href=\"\/wp-content\/uploads\/sites\/77\/pdf\/monitoreo\/progs16\/ft\/PROGRAMA_173_FT_FP.pdf\" target=\"_blank\" rel=\"noopener\"><br \/>\n                    <i class=\"fa fa-download\"><\/i><\/a><\/td><td class=\"column-5\">                <a href=\"\/wp-content\/uploads\/sites\/77\/pdf\/monitoreo\/progs16\/RAG1\/RAG1_173.pdf\" target=\"_blank\" rel=\"noopener\"><br \/>\n                    <i class=\"fa fa-download\"><\/i><\/a><\/td><td class=\"column-6\">                <a href=\"\/wp-content\/uploads\/sites\/77\/pdf\/monitoreo\/progs16\/RAG2\/RAG2_173.pdf\" target=\"_blank\" rel=\"noopener\"><br \/>\n                    <i class=\"fa fa-download\"><\/i><\/a><\/td><td class=\"column-7\">                <a href=\"\/wp-content\/uploads\/sites\/77\/pdf\/monitoreo\/progs16\/RAG3\/RAG3_173.pdf\" target=\"_blank\" rel=\"noopener\"><br \/>\n                    <i class=\"fa fa-download\"><\/i><\/a><\/td><td class=\"column-8\">                <a href=\"\/wp-content\/uploads\/sites\/77\/pdf\/monitoreo\/progs16\/RAG4\/RAG4_173.pdf\" target=\"_blank\" rel=\"noopener\"><br \/>\n                    <i class=\"fa fa-download\"><\/i><\/a><\/td>\n<\/tr>\n<tr class=\"row-76\">\n\t<td class=\"column-1\">174<\/td><td class=\"column-2\">PROMOCI\u00d3N Y FOMENTO DE LA ACTIVACI\u00d3N F\u00cdSICA Y DEL DEPORTE<\/td><td class=\"column-3\">                <a href=\"\/wp-content\/uploads\/sites\/77\/pdf\/monitoreo\/progs16\/mirsinpres\/174.pdf\" target=\"_blank\" rel=\"noopener\"><br \/>\n                    <i class=\"fa fa-download\"><\/i><\/a><\/td><td class=\"column-4\">                <a href=\"\/wp-content\/uploads\/sites\/77\/pdf\/monitoreo\/progs16\/ft\/PROGRAMA_174_FT_FP.pdf\" target=\"_blank\" rel=\"noopener\"><br \/>\n                    <i class=\"fa fa-download\"><\/i><\/a><\/td><td class=\"column-5\">                <a href=\"\/wp-content\/uploads\/sites\/77\/pdf\/monitoreo\/progs16\/RAG1\/RAG1_174.pdf\" target=\"_blank\" rel=\"noopener\"><br \/>\n                    <i class=\"fa fa-download\"><\/i><\/a><\/td><td class=\"column-6\">                <a href=\"\/wp-content\/uploads\/sites\/77\/pdf\/monitoreo\/progs16\/RAG2\/RAG2_174.pdf\" target=\"_blank\" rel=\"noopener\"><br \/>\n                    <i class=\"fa fa-download\"><\/i><\/a><\/td><td class=\"column-7\">                <a href=\"\/wp-content\/uploads\/sites\/77\/pdf\/monitoreo\/progs16\/RAG3\/RAG3_174.pdf\" target=\"_blank\" rel=\"noopener\"><br \/>\n                    <i class=\"fa fa-download\"><\/i><\/a><\/td><td class=\"column-8\">                <a href=\"\/wp-content\/uploads\/sites\/77\/pdf\/monitoreo\/progs16\/RAG4\/RAG4_174.pdf\" target=\"_blank\" rel=\"noopener\"><br \/>\n                    <i class=\"fa fa-download\"><\/i><\/a><\/td>\n<\/tr>\n<tr class=\"row-77\">\n\t<td class=\"column-1\">175<\/td><td class=\"column-2\">REGULACI\u00d3N Y FOMENTO SANITARIO<\/td><td class=\"column-3\">                <a href=\"\/wp-content\/uploads\/sites\/77\/pdf\/monitoreo\/progs16\/mirsinpres\/175.pdf\" target=\"_blank\" rel=\"noopener\"><br \/>\n                    <i class=\"fa fa-download\"><\/i><\/a><\/td><td class=\"column-4\">                <div class=\"graii\"><a target=\"_blank\" rel=\"noopener\"><br \/>\n                        <i class=\"fa fa-download\" \/><br \/>\n                    <\/a><br \/>\n            <\/div><\/td><td class=\"column-5\">                <a href=\"\/wp-content\/uploads\/sites\/77\/pdf\/monitoreo\/progs16\/RAG1\/RAG1_175.pdf\" target=\"_blank\" rel=\"noopener\"><br \/>\n                    <i class=\"fa fa-download\"><\/i><\/a><\/td><td class=\"column-6\">                <a href=\"\/wp-content\/uploads\/sites\/77\/pdf\/monitoreo\/progs16\/RAG2\/RAG2_175.pdf\" target=\"_blank\" rel=\"noopener\"><br \/>\n                    <i class=\"fa fa-download\"><\/i><\/a><\/td><td class=\"column-7\">                <a href=\"\/wp-content\/uploads\/sites\/77\/pdf\/monitoreo\/progs16\/RAG3\/RAG3_175.pdf\" target=\"_blank\" rel=\"noopener\"><br \/>\n                    <i class=\"fa fa-download\"><\/i><\/a><\/td><td class=\"column-8\">                <a href=\"\/wp-content\/uploads\/sites\/77\/pdf\/monitoreo\/progs16\/RAG4\/RAG4_175.pdf\" target=\"_blank\" rel=\"noopener\"><br \/>\n                    <i class=\"fa fa-download\"><\/i><\/a><\/td>\n<\/tr>\n<tr class=\"row-78\">\n\t<td class=\"column-1\">176<\/td><td class=\"column-2\">REGULARIZACI\u00d3N DE LA TENENCIA DE LA TIERRA URBANA<\/td><td class=\"column-3\">                <a href=\"\/wp-content\/uploads\/sites\/77\/pdf\/monitoreo\/progs16\/mirsinpres\/176.pdf\" target=\"_blank\" rel=\"noopener\"><br \/>\n                    <i class=\"fa fa-download\"><\/i><\/a><\/td><td class=\"column-4\">                <a href=\"\/wp-content\/uploads\/sites\/77\/pdf\/monitoreo\/progs16\/ft\/PROGRAMA_176_FT_FP.pdf\" target=\"_blank\" rel=\"noopener\"><br \/>\n                    <i class=\"fa fa-download\"><\/i><\/a><\/td><td class=\"column-5\">                <a href=\"\/wp-content\/uploads\/sites\/77\/pdf\/monitoreo\/progs16\/RAG1\/RAG1_176.pdf\" target=\"_blank\" rel=\"noopener\"><br \/>\n                    <i class=\"fa fa-download\"><\/i><\/a><\/td><td class=\"column-6\">                <a href=\"\/wp-content\/uploads\/sites\/77\/pdf\/monitoreo\/progs16\/RAG2\/RAG2_176.pdf\" target=\"_blank\" rel=\"noopener\"><br \/>\n                    <i class=\"fa fa-download\"><\/i><\/a><\/td><td class=\"column-7\">                <a href=\"\/wp-content\/uploads\/sites\/77\/pdf\/monitoreo\/progs16\/RAG3\/RAG3_176.pdf\" target=\"_blank\" rel=\"noopener\"><br \/>\n                    <i class=\"fa fa-download\"><\/i><\/a><\/td><td class=\"column-8\">                <a href=\"\/wp-content\/uploads\/sites\/77\/pdf\/monitoreo\/progs16\/RAG4\/RAG4_176.pdf\" target=\"_blank\" rel=\"noopener\"><br \/>\n                    <i class=\"fa fa-download\"><\/i><\/a><\/td>\n<\/tr>\n<tr class=\"row-79\">\n\t<td class=\"column-1\">177<\/td><td class=\"column-2\">PRODUCCI\u00d3N Y TRANSMISI\u00d3N DE RADIO Y TELEVISI\u00d3N P\u00daBLICA<\/td><td class=\"column-3\">                <a href=\"\/wp-content\/uploads\/sites\/77\/pdf\/monitoreo\/progs16\/mirsinpres\/177.pdf\" target=\"_blank\" rel=\"noopener\"><br \/>\n                    <i class=\"fa fa-download\"><\/i><\/a><\/td><td class=\"column-4\">                <div class=\"graii\"><a target=\"_blank\" rel=\"noopener\"><br \/>\n                        <i class=\"fa fa-download\" \/><br \/>\n                    <\/a><br \/>\n            <\/div><\/td><td class=\"column-5\">                <a href=\"\/wp-content\/uploads\/sites\/77\/pdf\/monitoreo\/progs16\/RAG1\/RAG1_177.pdf\" target=\"_blank\" rel=\"noopener\"><br \/>\n                    <i class=\"fa fa-download\"><\/i><\/a><\/td><td class=\"column-6\">                <a href=\"\/wp-content\/uploads\/sites\/77\/pdf\/monitoreo\/progs16\/RAG2\/RAG2_177.pdf\" target=\"_blank\" rel=\"noopener\"><br \/>\n                    <i class=\"fa fa-download\"><\/i><\/a><\/td><td class=\"column-7\">                <a href=\"\/wp-content\/uploads\/sites\/77\/pdf\/monitoreo\/progs16\/RAG3\/RAG3_177.pdf\" target=\"_blank\" rel=\"noopener\"><br \/>\n                    <i class=\"fa fa-download\"><\/i><\/a><\/td><td class=\"column-8\">                <a href=\"\/wp-content\/uploads\/sites\/77\/pdf\/monitoreo\/progs16\/RAG4\/RAG4_177.pdf\" target=\"_blank\" rel=\"noopener\"><br \/>\n                    <i class=\"fa fa-download\"><\/i><\/a><\/td>\n<\/tr>\n<tr class=\"row-80\">\n\t<td class=\"column-1\">178<\/td><td class=\"column-2\">DIFUSI\u00d3N DE ACCIONES, PROGRAMAS Y POL\u00cdTICAS GUBERNAMENTALES<\/td><td class=\"column-3\">                <a href=\"\/wp-content\/uploads\/sites\/77\/pdf\/monitoreo\/progs16\/mirsinpres\/178.pdf\" target=\"_blank\" rel=\"noopener\"><br \/>\n                    <i class=\"fa fa-download\"><\/i><\/a><\/td><td class=\"column-4\">                <div class=\"graii\"><a target=\"_blank\" rel=\"noopener\"><br \/>\n                        <i class=\"fa fa-download\" \/><br \/>\n                    <\/a><br \/>\n            <\/div><\/td><td class=\"column-5\">                <a href=\"\/wp-content\/uploads\/sites\/77\/pdf\/monitoreo\/progs16\/RAG1\/RAG1_178.pdf\" target=\"_blank\" rel=\"noopener\"><br \/>\n                    <i class=\"fa fa-download\"><\/i><\/a><\/td><td class=\"column-6\">                <a href=\"\/wp-content\/uploads\/sites\/77\/pdf\/monitoreo\/progs16\/RAG2\/RAG2_178.pdf\" target=\"_blank\" rel=\"noopener\"><br \/>\n                    <i class=\"fa fa-download\"><\/i><\/a><\/td><td class=\"column-7\">                <a href=\"\/wp-content\/uploads\/sites\/77\/pdf\/monitoreo\/progs16\/RAG3\/RAG3_178.pdf\" target=\"_blank\" rel=\"noopener\"><br \/>\n                    <i class=\"fa fa-download\"><\/i><\/a><\/td><td class=\"column-8\">                <a href=\"\/wp-content\/uploads\/sites\/77\/pdf\/monitoreo\/progs16\/RAG4\/RAG4_178.pdf\" target=\"_blank\" rel=\"noopener\"><br \/>\n                    <i class=\"fa fa-download\"><\/i><\/a><\/td>\n<\/tr>\n<tr class=\"row-81\">\n\t<td class=\"column-1\">179<\/td><td class=\"column-2\">FORTALECIMIENTO DE LAS ACTIVIDADES DEL TITULAR DEL PODER EJECUTIVO<\/td><td class=\"column-3\">                <a href=\"\/wp-content\/uploads\/sites\/77\/pdf\/monitoreo\/progs16\/mirsinpres\/179.pdf\" target=\"_blank\" rel=\"noopener\"><br \/>\n                    <i class=\"fa fa-download\"><\/i><\/a><\/td><td class=\"column-4\">                <a href=\"\/wp-content\/uploads\/sites\/77\/pdf\/monitoreo\/progs16\/ft\/PROGRAMA_179_FT_FP.pdf\" target=\"_blank\" rel=\"noopener\"><br \/>\n                    <i class=\"fa fa-download\"><\/i><\/a><\/td><td class=\"column-5\">                <a href=\"\/wp-content\/uploads\/sites\/77\/pdf\/monitoreo\/progs16\/RAG1\/RAG1_179.pdf\" target=\"_blank\" rel=\"noopener\"><br \/>\n                    <i class=\"fa fa-download\"><\/i><\/a><\/td><td class=\"column-6\">                <a href=\"\/wp-content\/uploads\/sites\/77\/pdf\/monitoreo\/progs16\/RAG2\/RAG2_179.pdf\" target=\"_blank\" rel=\"noopener\"><br \/>\n                    <i class=\"fa fa-download\"><\/i><\/a><\/td><td class=\"column-7\">                <a href=\"\/wp-content\/uploads\/sites\/77\/pdf\/monitoreo\/progs16\/RAG3\/RAG3_179.pdf\" target=\"_blank\" rel=\"noopener\"><br \/>\n                    <i class=\"fa fa-download\"><\/i><\/a><\/td><td class=\"column-8\">                <a href=\"\/wp-content\/uploads\/sites\/77\/pdf\/monitoreo\/progs16\/RAG4\/RAG4_179.pdf\" target=\"_blank\" rel=\"noopener\"><br \/>\n                    <i class=\"fa fa-download\"><\/i><\/a><\/td>\n<\/tr>\n<tr class=\"row-82\">\n\t<td class=\"column-1\">180<\/td><td class=\"column-2\">JUBILACIONES Y PENSIONES PARA LOS CUERPOS POLICIALES<\/td><td class=\"column-3\">                <a href=\"\/wp-content\/uploads\/sites\/77\/pdf\/monitoreo\/progs16\/mirsinpres\/180.pdf\" target=\"_blank\" rel=\"noopener\"><br \/>\n                    <i class=\"fa fa-download\"><\/i><\/a><\/td><td class=\"column-4\">                <a href=\"\/wp-content\/uploads\/sites\/77\/pdf\/monitoreo\/progs16\/ft\/PROGRAMA_180_FT_FP.pdf\" target=\"_blank\" rel=\"noopener\"><br \/>\n                    <i class=\"fa fa-download\"><\/i><\/a><\/td><td class=\"column-5\">                <a href=\"\/wp-content\/uploads\/sites\/77\/pdf\/monitoreo\/progs16\/RAG1\/RAG1_180.pdf\" target=\"_blank\" rel=\"noopener\"><br \/>\n                    <i class=\"fa fa-download\"><\/i><\/a><\/td><td class=\"column-6\">                <a href=\"\/wp-content\/uploads\/sites\/77\/pdf\/monitoreo\/progs16\/RAG2\/RAG2_180.pdf\" target=\"_blank\" rel=\"noopener\"><br \/>\n                    <i class=\"fa fa-download\"><\/i><\/a><\/td><td class=\"column-7\">                <a href=\"\/wp-content\/uploads\/sites\/77\/pdf\/monitoreo\/progs16\/RAG3\/RAG3_180.pdf\" target=\"_blank\" rel=\"noopener\"><br \/>\n                    <i class=\"fa fa-download\"><\/i><\/a><\/td><td class=\"column-8\">                <a href=\"\/wp-content\/uploads\/sites\/77\/pdf\/monitoreo\/progs16\/RAG4\/RAG4_180.pdf\" target=\"_blank\" rel=\"noopener\"><br \/>\n                    <i class=\"fa fa-download\"><\/i><\/a><\/td>\n<\/tr>\n<\/tbody>\n<\/table>\n\n<\/div>\n<div id=\"nav_2015\" class=\"tab-pane fade\" role=\"tabpanel\" aria-labelledby=\"nav_tab_2015\">\n<h4>Matriz de Indicadores para Resultados 2015<\/h4>\n\n<table id=\"tablepress-12\" class=\"tablepress tablepress-id-12\">\n<thead>\n<tr class=\"row-1\">\n\t<th class=\"column-1\">N\u00fam.<\/th><th class=\"column-2\">UR<\/th><th class=\"column-3\">Nombre de UR<\/th><th class=\"column-4\">No. de Pp<\/th><th class=\"column-5\">Programa presupuestario<\/th><th class=\"column-6\">MIR<\/th>\n<\/tr>\n<\/thead>\n<tbody class=\"row-striping row-hover\">\n<tr class=\"row-2\">\n\t<td class=\"column-1\">0.1<\/td><td class=\"column-2\">101<\/td><td class=\"column-3\">CONGRESO DEL ESTADO<\/td><td class=\"column-4\">Prg: 10 <\/td><td class=\"column-5\">LEGISLACION, FORTALECIMIENTO DEMOCRATICO Y REPRESENTATIVIDAD<\/td><td class=\"column-6\">                <a href=\"\/wp-content\/uploads\/sites\/77\/pdf\/monitoreo\/progs_pres\/mir\/101_congreso\/programa_10.pdf\" target=\"_blank\"><br \/>\n                    <i class=\"fa fa-download\"><\/i><\/a><\/td>\n<\/tr>\n<tr class=\"row-3\">\n\t<td class=\"column-1\">0.2<\/td><td class=\"column-2\">101<\/td><td class=\"column-3\">CONGRESO DEL ESTADO<\/td><td class=\"column-4\">Prg: 11<\/td><td class=\"column-5\">VIGILANCIA, EVALUACI\u00d3N Y CONTROL DE LA AUDITOR\u00cdA SUPERIOR DEL ESTADO<\/td><td class=\"column-6\">                <a href=\"\/wp-content\/uploads\/sites\/77\/pdf\/monitoreo\/progs_pres\/mir\/101_congreso\/programa_11.pdf\" target=\"_blank\"><br \/>\n                    <i class=\"fa fa-download\"><\/i><\/a><\/td>\n<\/tr>\n<tr class=\"row-4\">\n\t<td class=\"column-1\">1.1<\/td><td class=\"column-2\">102<\/td><td class=\"column-3\">AUDITORIA SUPERIOR DEL ESTADO DE OAXACA<\/td><td class=\"column-4\">Prg: 10 <\/td><td class=\"column-5\">REVISI\u00d3N Y FISCALIZACI\u00d3N DE LOS RECURSOS P\u00daBLICOS<\/td><td class=\"column-6\">                <a href=\"\/wp-content\/uploads\/sites\/77\/pdf\/monitoreo\/progs_pres\/mir\/102_ase\/programa_10.pdf\" target=\"_blank\"><br \/>\n                    <i class=\"fa fa-download\"><\/i><\/a><\/td>\n<\/tr>\n<tr class=\"row-5\">\n\t<td class=\"column-1\">2.1<\/td><td class=\"column-2\">202<\/td><td class=\"column-3\">TRIBUNAL SUPERIOR DE JUSTICIA<\/td><td class=\"column-4\">Prg: 10 <\/td><td class=\"column-5\">RESOLUCI\u00d3N DE RECURSOS EN SEGUNDA INSTANCIA<\/td><td class=\"column-6\">                <a href=\"\/wp-content\/uploads\/sites\/77\/pdf\/monitoreo\/progs_pres\/mir\/202_tribunal\/programa_10.pdf\" target=\"_blank\"><br \/>\n                    <i class=\"fa fa-download\"><\/i><\/a><\/td>\n<\/tr>\n<tr class=\"row-6\">\n\t<td class=\"column-1\">3.1<\/td><td class=\"column-2\">203<\/td><td class=\"column-3\">CONSEJO DE LA JUDICATURA<\/td><td class=\"column-4\">Prg: 10 <\/td><td class=\"column-5\">IMPARTICI\u00d3N DE JUSTICIA EN PRIMERA INSTANCIA<\/td><td class=\"column-6\">                <a href=\"\/wp-content\/uploads\/sites\/77\/pdf\/monitoreo\/progs_pres\/mir\/203_judicatura\/programa_10.pdf\" target=\"_blank\"><br \/>\n                    <i class=\"fa fa-download\"><\/i><\/a><\/td>\n<\/tr>\n<tr class=\"row-7\">\n\t<td class=\"column-1\">3.2<\/td><td class=\"column-2\">203<\/td><td class=\"column-3\">CONSEJO DE LA JUDICATURA<\/td><td class=\"column-4\">Prg: 11<\/td><td class=\"column-5\">IMPARTICI\u00d3N DE JUSTICIA ESPECIALIZADA EN PRIMERA Y SEGUNDA INSTANCIA<\/td><td class=\"column-6\">                <a href=\"\/wp-content\/uploads\/sites\/77\/pdf\/monitoreo\/progs_pres\/mir\/203_judicatura\/programa_11.pdf\" target=\"_blank\"><br \/>\n                    <i class=\"fa fa-download\"><\/i><\/a><\/td>\n<\/tr>\n<tr class=\"row-8\">\n\t<td class=\"column-1\">4.1<\/td><td class=\"column-2\">306<\/td><td class=\"column-3\">SECRETARIA DE LAS INFRAESTRUCTURAS Y EL ORDENAMIENTO TERRITORIAL SUSTENTABLE<\/td><td class=\"column-4\">Prg: 10 <\/td><td class=\"column-5\">DESARROLLO DE INFRAESTRUCTURA SOCIAL B\u00c1SICA Y PRODUCTIVA<\/td><td class=\"column-6\">                <a href=\"\/wp-content\/uploads\/sites\/77\/pdf\/monitoreo\/progs_pres\/mir\/306_sinfra\/programa_10.pdf\" target=\"_blank\"><br \/>\n                    <i class=\"fa fa-download\"><\/i><\/a><\/td>\n<\/tr>\n<tr class=\"row-9\">\n\t<td class=\"column-1\">5.1<\/td><td class=\"column-2\">307<\/td><td class=\"column-3\">SECRETARIA DE TURISMO Y DESARROLLO ECON\u00d3MICO<\/td><td class=\"column-4\">Prg: 10 <\/td><td class=\"column-5\">SISTEMA DE AGUA POTABLE<\/td><td class=\"column-6\">                <a href=\"\/wp-content\/uploads\/sites\/77\/pdf\/monitoreo\/progs_pres\/mir\/307_styde\/programa_10.pdf\" target=\"_blank\"><br \/>\n                    <i class=\"fa fa-download\"><\/i><\/a><\/td>\n<\/tr>\n<tr class=\"row-10\">\n\t<td class=\"column-1\">5.2<\/td><td class=\"column-2\">307<\/td><td class=\"column-3\">SECRETARIA DE TURISMO Y DESARROLLO ECON\u00d3MICO<\/td><td class=\"column-4\">Prg: 11<\/td><td class=\"column-5\">SISTEMAS DE ALCANTARALLIDO SANITARIO Y PLUVIAL <\/td><td class=\"column-6\">                <a href=\"\/wp-content\/uploads\/sites\/77\/pdf\/monitoreo\/progs_pres\/mir\/307_styde\/programa_11.pdf\" target=\"_blank\"><br \/>\n                    <i class=\"fa fa-download\"><\/i><\/a><\/td>\n<\/tr>\n<tr class=\"row-11\">\n\t<td class=\"column-1\">5.3<\/td><td class=\"column-2\">307<\/td><td class=\"column-3\">SECRETARIA DE TURISMO Y DESARROLLO ECON\u00d3MICO<\/td><td class=\"column-4\">Prg: 12<\/td><td class=\"column-5\">SANEAMIENTO<\/td><td class=\"column-6\">                <a href=\"\/wp-content\/uploads\/sites\/77\/pdf\/monitoreo\/progs_pres\/mir\/307_styde\/programa_12.pdf\" target=\"_blank\"><br \/>\n                    <i class=\"fa fa-download\"><\/i><\/a><\/td>\n<\/tr>\n<tr class=\"row-12\">\n\t<td class=\"column-1\">6.1<\/td><td class=\"column-2\">309<\/td><td class=\"column-3\">SECRETARIA DE LAS CULTURAS Y ARTES DE OAXACA<\/td><td class=\"column-4\">Prg: 10 <\/td><td class=\"column-5\">SALVAGUARDA Y FORTALECIMIENTO DEL PATRIMONIO CULTURAL MATERIAL E INMATERIAL<\/td><td class=\"column-6\">                <a href=\"\/wp-content\/uploads\/sites\/77\/pdf\/monitoreo\/progs_pres\/mir\/309_seculta\/programa_10.pdf\" target=\"_blank\"><br \/>\n                    <i class=\"fa fa-download\"><\/i><\/a><\/td>\n<\/tr>\n<tr class=\"row-13\">\n\t<td class=\"column-1\">6.2<\/td><td class=\"column-2\">309<\/td><td class=\"column-3\">SECRETARIA DE LAS CULTURAS Y ARTES DE OAXACA<\/td><td class=\"column-4\">Prg: 12<\/td><td class=\"column-5\">FORTALECIMIENTO A LA FORMACI\u00d3N Y CAPACITACI\u00d3N ART\u00cdSTICA Y CULTURAL<\/td><td class=\"column-6\">                <a href=\"\/wp-content\/uploads\/sites\/77\/pdf\/monitoreo\/progs_pres\/mir\/309_seculta\/programa_12.pdf\" target=\"_blank\"><br \/>\n                    <i class=\"fa fa-download\"><\/i><\/a><\/td>\n<\/tr>\n<tr class=\"row-14\">\n\t<td class=\"column-1\">6.3<\/td><td class=\"column-2\">309<\/td><td class=\"column-3\">SECRETARIA DE LAS CULTURAS Y ARTES DE OAXACA<\/td><td class=\"column-4\">Prg: 13<\/td><td class=\"column-5\">FOMENTO DEL DESARROLLO CULTURAL SUSTENTABLE DEL ESTADO<\/td><td class=\"column-6\">                <a href=\"\/wp-content\/uploads\/sites\/77\/pdf\/monitoreo\/progs_pres\/mir\/309_seculta\/programa_13.pdf\" target=\"_blank\"><br \/>\n                    <i class=\"fa fa-download\"><\/i><\/a><\/td>\n<\/tr>\n<tr class=\"row-15\">\n\t<td class=\"column-1\">7.1<\/td><td class=\"column-2\">310<\/td><td class=\"column-3\">SECRETARIA DE DESARROLLO SOCIAL Y HUMANO<\/td><td class=\"column-4\">Prg: 11<\/td><td class=\"column-5\">COORDINACI\u00d3N, CONCERTACI\u00d3N Y APOYO A LA ECONOM\u00cdA SOLIDARIA<\/td><td class=\"column-6\">                <a href=\"\/wp-content\/uploads\/sites\/77\/pdf\/monitoreo\/progs_pres\/mir\/310_sedesoh\/programa_11.pdf\" target=\"_blank\"><br \/>\n                    <i class=\"fa fa-download\"><\/i><\/a><\/td>\n<\/tr>\n<tr class=\"row-16\">\n\t<td class=\"column-1\">7.2<\/td><td class=\"column-2\">310<\/td><td class=\"column-3\">SECRETARIA DE DESARROLLO SOCIAL Y HUMANO<\/td><td class=\"column-4\">Prg: 13<\/td><td class=\"column-5\">DOTACI\u00d3N GRATUITA DE \u00daTILES Y UNIFORMES ESCOLARES<\/td><td class=\"column-6\">                <a href=\"\/wp-content\/uploads\/sites\/77\/pdf\/monitoreo\/progs_pres\/mir\/310_sedesoh\/programa_13.pdf\" target=\"_blank\"><br \/>\n                    <i class=\"fa fa-download\"><\/i><\/a><\/td>\n<\/tr>\n<tr class=\"row-17\">\n\t<td class=\"column-1\">8.1<\/td><td class=\"column-2\">311<\/td><td class=\"column-3\">SECRETARIA DE ASUNTOS IND\u00cdGENAS<\/td><td class=\"column-4\">Prg: 10 <\/td><td class=\"column-5\">DERECHOS DE LOS PUEBLOS IND\u00cdGENAS Y AFROMEXICANO<\/td><td class=\"column-6\">                <a href=\"\/wp-content\/uploads\/sites\/77\/pdf\/monitoreo\/progs_pres\/mir\/311_sai\/programa_10.pdf\" target=\"_blank\"><br \/>\n                    <i class=\"fa fa-download\"><\/i><\/a><\/td>\n<\/tr>\n<tr class=\"row-18\">\n\t<td class=\"column-1\">8.2<\/td><td class=\"column-2\">311<\/td><td class=\"column-3\">SECRETARIA DE ASUNTOS IND\u00cdGENAS<\/td><td class=\"column-4\">Prg: 11<\/td><td class=\"column-5\">DESARROLLO INTEGRAL, INTERCULTURAL Y SOSTENIBLE DE LOS PUEBLOS IND\u00cdGENAS Y AFROMEXICANO<\/td><td class=\"column-6\">                <a href=\"\/wp-content\/uploads\/sites\/77\/pdf\/monitoreo\/progs_pres\/mir\/311_sai\/programa_11.pdf\" target=\"_blank\"><br \/>\n                    <i class=\"fa fa-download\"><\/i><\/a><\/td>\n<\/tr>\n<tr class=\"row-19\">\n\t<td class=\"column-1\">8.3<\/td><td class=\"column-2\">311<\/td><td class=\"column-3\">SECRETARIA DE ASUNTOS IND\u00cdGENAS<\/td><td class=\"column-4\">Prg: 12<\/td><td class=\"column-5\">PROCURACI\u00d3N DE JUSTICIA PARA LA POBLACI\u00d3N IND\u00cdGENA Y DE ESCASOS RECURSOS<\/td><td class=\"column-6\">                <a href=\"\/wp-content\/uploads\/sites\/77\/pdf\/monitoreo\/progs_pres\/mir\/311_sai\/programa_12.pdf\" target=\"_blank\"><br \/>\n                    <i class=\"fa fa-download\"><\/i><\/a><\/td>\n<\/tr>\n<tr class=\"row-20\">\n\t<td class=\"column-1\">8.4<\/td><td class=\"column-2\">311<\/td><td class=\"column-3\">SECRETARIA DE ASUNTOS IND\u00cdGENAS<\/td><td class=\"column-4\">Prg: 13<\/td><td class=\"column-5\">PROMOCION CULTURAL E INTERCULTURALIDAD<\/td><td class=\"column-6\">                <a href=\"\/wp-content\/uploads\/sites\/77\/pdf\/monitoreo\/progs_pres\/mir\/311_sai\/programa_13.pdf\" target=\"_blank\"><br \/>\n                    <i class=\"fa fa-download\"><\/i><\/a><\/td>\n<\/tr>\n<tr class=\"row-21\">\n\t<td class=\"column-1\">9.1<\/td><td class=\"column-2\">312<\/td><td class=\"column-3\">SECRETARIA DE DESARROLLO AGROPECUARIO, FORESTAL, PESCA Y ACUACULTURA<\/td><td class=\"column-4\">Prg: 10 <\/td><td class=\"column-5\">DESARROLLO AGR\u00cdCOLA<\/td><td class=\"column-6\">                <a href=\"\/wp-content\/uploads\/sites\/77\/pdf\/monitoreo\/progs_pres\/mir\/312_sedafpa\/programa_10.pdf\" target=\"_blank\"><br \/>\n                    <i class=\"fa fa-download\"><\/i><\/a><\/td>\n<\/tr>\n<tr class=\"row-22\">\n\t<td class=\"column-1\">9.2<\/td><td class=\"column-2\">312<\/td><td class=\"column-3\">SECRETARIA DE DESARROLLO AGROPECUARIO, FORESTAL, PESCA Y ACUACULTURA<\/td><td class=\"column-4\">Prg: 11<\/td><td class=\"column-5\">DESARROLLO PECUARIO<\/td><td class=\"column-6\">                <a href=\"\/wp-content\/uploads\/sites\/77\/pdf\/monitoreo\/progs_pres\/mir\/312_sedafpa\/programa_11.pdf\" target=\"_blank\"><br \/>\n                    <i class=\"fa fa-download\"><\/i><\/a><\/td>\n<\/tr>\n<tr class=\"row-23\">\n\t<td class=\"column-1\">9.3<\/td><td class=\"column-2\">312<\/td><td class=\"column-3\">SECRETARIA DE DESARROLLO AGROPECUARIO, FORESTAL, PESCA Y ACUACULTURA<\/td><td class=\"column-4\">Prg: 13<\/td><td class=\"column-5\">DESARROLLO PESQUERO Y ACU\u00cdCOLA<\/td><td class=\"column-6\">                <a href=\"\/wp-content\/uploads\/sites\/77\/pdf\/monitoreo\/progs_pres\/mir\/312_sedafpa\/programa_13.pdf\" target=\"_blank\"><br \/>\n                    <i class=\"fa fa-download\"><\/i><\/a><\/td>\n<\/tr>\n<tr class=\"row-24\">\n\t<td class=\"column-1\">10.1<\/td><td class=\"column-2\">313<\/td><td class=\"column-3\">SECRETARIA DE FINANZAS<\/td><td class=\"column-4\">Prg: 10 <\/td><td class=\"column-5\">POL\u00cdTICA Y ADMINISTRACI\u00d3N DE INGRESOS<\/td><td class=\"column-6\">                <a href=\"\/wp-content\/uploads\/sites\/77\/pdf\/monitoreo\/progs_pres\/mir\/313_sefin\/programa_10.pdf\" target=\"_blank\"><br \/>\n                    <i class=\"fa fa-download\"><\/i><\/a><\/td>\n<\/tr>\n<tr class=\"row-25\">\n\t<td class=\"column-1\">10.2<\/td><td class=\"column-2\">313<\/td><td class=\"column-3\">SECRETARIA DE FINANZAS<\/td><td class=\"column-4\">Prg: 11<\/td><td class=\"column-5\">POL\u00cdTICA DE EGRESOS, EJERCICIO PRESUPUESTARIO Y CONTABILIDAD GUBERNAMENTAL<\/td><td class=\"column-6\">                <a href=\"\/wp-content\/uploads\/sites\/77\/pdf\/monitoreo\/progs_pres\/mir\/313_sefin\/programa_11.pdf\" target=\"_blank\"><br \/>\n                    <i class=\"fa fa-download\"><\/i><\/a><\/td>\n<\/tr>\n<tr class=\"row-26\">\n\t<td class=\"column-1\">10.3<\/td><td class=\"column-2\">313<\/td><td class=\"column-3\">SECRETARIA DE FINANZAS<\/td><td class=\"column-4\">Prg: 12<\/td><td class=\"column-5\">PLANEACI\u00d3N Y PROGRAMACI\u00d3N DE LA INVERSI\u00d3N P\u00daBLICA<\/td><td class=\"column-6\">                <a href=\"\/wp-content\/uploads\/sites\/77\/pdf\/monitoreo\/progs_pres\/mir\/313_sefin\/programa_12.pdf\" target=\"_blank\"><br \/>\n                    <i class=\"fa fa-download\"><\/i><\/a><\/td>\n<\/tr>\n<tr class=\"row-27\">\n\t<td class=\"column-1\">10.4<\/td><td class=\"column-2\">313<\/td><td class=\"column-3\">SECRETARIA DE FINANZAS<\/td><td class=\"column-4\">Prg: 13<\/td><td class=\"column-5\">CONTROL Y SEGUIMIENTO DE LOS PAGOS<\/td><td class=\"column-6\">                <a href=\"\/wp-content\/uploads\/sites\/77\/pdf\/monitoreo\/progs_pres\/mir\/313_sefin\/programa_13.pdf\" target=\"_blank\"><br \/>\n                    <i class=\"fa fa-download\"><\/i><\/a><\/td>\n<\/tr>\n<tr class=\"row-28\">\n\t<td class=\"column-1\">10.5<\/td><td class=\"column-2\">313<\/td><td class=\"column-3\">SECRETARIA DE FINANZAS<\/td><td class=\"column-4\">Prg: 14<\/td><td class=\"column-5\">SISTEMA DE INFORMACION TERRITORIAL<\/td><td class=\"column-6\">                <a href=\"\/wp-content\/uploads\/sites\/77\/pdf\/monitoreo\/progs_pres\/mir\/313_sefin\/programa_14.pdf\" target=\"_blank\"><br \/>\n                    <i class=\"fa fa-download\"><\/i><\/a><\/td>\n<\/tr>\n<tr class=\"row-29\">\n\t<td class=\"column-1\">10.6<\/td><td class=\"column-2\">313<\/td><td class=\"column-3\">SECRETARIA DE FINANZAS<\/td><td class=\"column-4\">Prg: 15<\/td><td class=\"column-5\">PADRON UNICO DE BENEFICIARIOS DEL ESTADO DE OAXACA (RED OAXACA DE TODOS)<\/td><td class=\"column-6\">                <a href=\"\/wp-content\/uploads\/sites\/77\/pdf\/monitoreo\/progs_pres\/mir\/313_sefin\/programa_15.pdf\" target=\"_blank\"><br \/>\n                    <i class=\"fa fa-download\"><\/i><\/a><\/td>\n<\/tr>\n<tr class=\"row-30\">\n\t<td class=\"column-1\">11.1<\/td><td class=\"column-2\">315<\/td><td class=\"column-3\">SECRETARIA DE FINANZAS-NORMATIVA<\/td><td class=\"column-4\">Prg: 89<\/td><td class=\"column-5\">PROGRAMA MAS OAXACA<\/td><td class=\"column-6\">                <a href=\"\/wp-content\/uploads\/sites\/77\/pdf\/monitoreo\/progs_pres\/mir\/315_sefin_normativa\/programa_89.pdf\" target=\"_blank\"><br \/>\n                    <i class=\"fa fa-download\"><\/i><\/a><\/td>\n<\/tr>\n<tr class=\"row-31\">\n\t<td class=\"column-1\">12.1<\/td><td class=\"column-2\">317<\/td><td class=\"column-3\">SECRETARIA DE ADMINISTRACI\u00d3N<\/td><td class=\"column-4\">Prg: 10 <\/td><td class=\"column-5\">ADMINISTRACI\u00d3N DE LOS RECURSOS HUMANOS DEL GOBIERNO DEL ESTADO<\/td><td class=\"column-6\">                <a href=\"\/wp-content\/uploads\/sites\/77\/pdf\/monitoreo\/progs_pres\/mir\/317_sa\/programa_10.pdf\" target=\"_blank\"><br \/>\n                    <i class=\"fa fa-download\"><\/i><\/a><\/td>\n<\/tr>\n<tr class=\"row-32\">\n\t<td class=\"column-1\">12.2<\/td><td class=\"column-2\">317<\/td><td class=\"column-3\">SECRETARIA DE ADMINISTRACI\u00d3N<\/td><td class=\"column-4\">Prg: 11<\/td><td class=\"column-5\">OPTIMIZACI\u00d3N Y CONSERVACI\u00d3N DE BIENES, SERVICIOS Y ACERVOS DOCUMENTALES DEL GOBIERNO DEL ESTADO<\/td><td class=\"column-6\">                <a href=\"\/wp-content\/uploads\/sites\/77\/pdf\/monitoreo\/progs_pres\/mir\/317_sa\/programa_11.pdf\" target=\"_blank\"><br \/>\n                    <i class=\"fa fa-download\"><\/i><\/a><\/td>\n<\/tr>\n<tr class=\"row-33\">\n\t<td class=\"column-1\">12.3<\/td><td class=\"column-2\">317<\/td><td class=\"column-3\">SECRETARIA DE ADMINISTRACI\u00d3N<\/td><td class=\"column-4\">Prg: 12<\/td><td class=\"column-5\">OPTIMIZACI\u00d3N DE LA RED DE VOZ Y DATOS DEL GOBIERNO DEL ESTADO<\/td><td class=\"column-6\">                <a href=\"\/wp-content\/uploads\/sites\/77\/pdf\/monitoreo\/progs_pres\/mir\/317_sa\/programa_12.pdf\" target=\"_blank\"><br \/>\n                    <i class=\"fa fa-download\"><\/i><\/a><\/td>\n<\/tr>\n<tr class=\"row-34\">\n\t<td class=\"column-1\">12.4<\/td><td class=\"column-2\">317<\/td><td class=\"column-3\">SECRETARIA DE ADMINISTRACI\u00d3N<\/td><td class=\"column-4\">Prg: 13<\/td><td class=\"column-5\">OPERACIONES PARA LAS ACTIVIDADES DEL EJECUTIVO DEL ESTADO<\/td><td class=\"column-6\">                <a href=\"\/wp-content\/uploads\/sites\/77\/pdf\/monitoreo\/progs_pres\/mir\/317_sa\/programa_13.pdf\" target=\"_blank\"><br \/>\n                    <i class=\"fa fa-download\"><\/i><\/a><\/td>\n<\/tr>\n<tr class=\"row-35\">\n\t<td class=\"column-1\">12.5<\/td><td class=\"column-2\">317<\/td><td class=\"column-3\">SECRETARIA DE ADMINISTRACI\u00d3N<\/td><td class=\"column-4\">Prg: 14<\/td><td class=\"column-5\">EVENTOS Y ACTIVIDADES ESPECIALES DEL GOBIERNO DEL ESTADO DE OAXACA<\/td><td class=\"column-6\">                <a href=\"\/wp-content\/uploads\/sites\/77\/pdf\/monitoreo\/progs_pres\/mir\/317_sa\/programa_14.pdf\" target=\"_blank\"><br \/>\n                    <i class=\"fa fa-download\"><\/i><\/a><\/td>\n<\/tr>\n<tr class=\"row-36\">\n\t<td class=\"column-1\">13.1<\/td><td class=\"column-2\">319<\/td><td class=\"column-3\">SECRETARIA DE LA CONTRALOR\u00cdA Y TRANSPARENCIA GUBERNAMENTAL<\/td><td class=\"column-4\">Prg: 10 <\/td><td class=\"column-5\">FISCALIZACION FINANCIERA<\/td><td class=\"column-6\">                <a href=\"\/wp-content\/uploads\/sites\/77\/pdf\/monitoreo\/progs_pres\/mir\/319_contraloria\/programa_10.pdf\" target=\"_blank\"><br \/>\n                    <i class=\"fa fa-download\"><\/i><\/a><\/td>\n<\/tr>\n<tr class=\"row-37\">\n\t<td class=\"column-1\">13.2<\/td><td class=\"column-2\">319<\/td><td class=\"column-3\">SECRETARIA DE LA CONTRALOR\u00cdA Y TRANSPARENCIA GUBERNAMENTAL<\/td><td class=\"column-4\">Prg: 11<\/td><td class=\"column-5\">FISCALIZACI\u00d3N, CONTROL Y SEGUIMIENTO DE INVERSI\u00d3N Y OBRA P\u00daBLICA<\/td><td class=\"column-6\">                <a href=\"\/wp-content\/uploads\/sites\/77\/pdf\/monitoreo\/progs_pres\/mir\/319_contraloria\/programa_11.pdf\" target=\"_blank\"><br \/>\n                    <i class=\"fa fa-download\"><\/i><\/a><\/td>\n<\/tr>\n<tr class=\"row-38\">\n\t<td class=\"column-1\">13.3<\/td><td class=\"column-2\">319<\/td><td class=\"column-3\">SECRETARIA DE LA CONTRALOR\u00cdA Y TRANSPARENCIA GUBERNAMENTAL<\/td><td class=\"column-4\">Prg: 12<\/td><td class=\"column-5\">FOMENTO Y MEJORA DE LA POLITICA DE TRANSPARENCIA Y RENDICION DE CUENTAS<\/td><td class=\"column-6\">                <a href=\"\/wp-content\/uploads\/sites\/77\/pdf\/monitoreo\/progs_pres\/mir\/319_contraloria\/programa_12.pdf\" target=\"_blank\"><br \/>\n                    <i class=\"fa fa-download\"><\/i><\/a><\/td>\n<\/tr>\n<tr class=\"row-39\">\n\t<td class=\"column-1\">13.4<\/td><td class=\"column-2\">319<\/td><td class=\"column-3\">SECRETARIA DE LA CONTRALOR\u00cdA Y TRANSPARENCIA GUBERNAMENTAL<\/td><td class=\"column-4\">Prg: 13<\/td><td class=\"column-5\">IMPLEMENTACION DE LA CONTRALORIA SOCIAL EN EL ESTADO DE OAXACA<\/td><td class=\"column-6\">                <a href=\"\/wp-content\/uploads\/sites\/77\/pdf\/monitoreo\/progs_pres\/mir\/319_contraloria\/programa_13.pdf\" target=\"_blank\"><br \/>\n                    <i class=\"fa fa-download\"><\/i><\/a><\/td>\n<\/tr>\n<tr class=\"row-40\">\n\t<td class=\"column-1\">13.5<\/td><td class=\"column-2\">319<\/td><td class=\"column-3\">SECRETARIA DE LA CONTRALOR\u00cdA Y TRANSPARENCIA GUBERNAMENTAL<\/td><td class=\"column-4\">Prg: 14<\/td><td class=\"column-5\">SUSTANCIACION DE PROCEDIMIENTOS ADMINISTRATIVOS<\/td><td class=\"column-6\">                <a href=\"\/wp-content\/uploads\/sites\/77\/pdf\/monitoreo\/progs_pres\/mir\/319_contraloria\/programa_14.pdf\" target=\"_blank\"><br \/>\n                    <i class=\"fa fa-download\"><\/i><\/a><\/td>\n<\/tr>\n<tr class=\"row-41\">\n\t<td class=\"column-1\">13.6<\/td><td class=\"column-2\">319<\/td><td class=\"column-3\">SECRETARIA DE LA CONTRALOR\u00cdA Y TRANSPARENCIA GUBERNAMENTAL<\/td><td class=\"column-4\">Prg: 15<\/td><td class=\"column-5\">EVOLUCION PATRIMONIAL DE LOS SERVIDORES PUBLICOS.<\/td><td class=\"column-6\">                <a href=\"\/wp-content\/uploads\/sites\/77\/pdf\/monitoreo\/progs_pres\/mir\/319_contraloria\/programa_15.pdf\" target=\"_blank\"><br \/>\n                    <i class=\"fa fa-download\"><\/i><\/a><\/td>\n<\/tr>\n<tr class=\"row-42\">\n\t<td class=\"column-1\">14.1<\/td><td class=\"column-2\">320<\/td><td class=\"column-3\">JEFATURA DE LA GUBERNATURA<\/td><td class=\"column-4\">Prg: 10 <\/td><td class=\"column-5\">ATENCI\u00d3N CIUDADANA Y VINCULACI\u00d3N SOCIAL<\/td><td class=\"column-6\">                <a href=\"\/wp-content\/uploads\/sites\/77\/pdf\/monitoreo\/progs_pres\/mir\/320_jg\/programa_10.pdf\" target=\"_blank\"><br \/>\n                    <i class=\"fa fa-download\"><\/i><\/a><\/td>\n<\/tr>\n<tr class=\"row-43\">\n\t<td class=\"column-1\">14.2<\/td><td class=\"column-2\">320<\/td><td class=\"column-3\">JEFATURA DE LA GUBERNATURA<\/td><td class=\"column-4\">Prg: 11<\/td><td class=\"column-5\">SEGUIMIENTO Y EVALUACI\u00d3N DE PROGRAMAS Y POL\u00cdTICAS P\u00daBLICAS<\/td><td class=\"column-6\">                <a href=\"\/wp-content\/uploads\/sites\/77\/pdf\/monitoreo\/progs_pres\/mir\/320_jg\/programa_11.pdf\" target=\"_blank\"><br \/>\n                    <i class=\"fa fa-download\"><\/i><\/a><\/td>\n<\/tr>\n<tr class=\"row-44\">\n\t<td class=\"column-1\">14.3<\/td><td class=\"column-2\">320<\/td><td class=\"column-3\">JEFATURA DE LA GUBERNATURA<\/td><td class=\"column-4\">Prg: 12<\/td><td class=\"column-5\">ATENCION DE ASUNTOS INTERNACIONALES<\/td><td class=\"column-6\">                <a href=\"\/wp-content\/uploads\/sites\/77\/pdf\/monitoreo\/progs_pres\/mir\/320_jg\/programa_12.pdf\" target=\"_blank\"><br \/>\n                    <i class=\"fa fa-download\"><\/i><\/a><\/td>\n<\/tr>\n<tr class=\"row-45\">\n\t<td class=\"column-1\">15.1<\/td><td class=\"column-2\">324<\/td><td class=\"column-3\">CONSEJER\u00cdA JUR\u00cdDICA DEL GOBIERNO DEL ESTADO<\/td><td class=\"column-4\">Prg: 10 <\/td><td class=\"column-5\">REPRESENTACION JUR\u00cdDICA DEL ESTADO<\/td><td class=\"column-6\">                <a href=\"\/wp-content\/uploads\/sites\/77\/pdf\/monitoreo\/progs_pres\/mir\/324_consejeria\/programa_10.pdf\" target=\"_blank\"><br \/>\n                    <i class=\"fa fa-download\"><\/i><\/a><\/td>\n<\/tr>\n<tr class=\"row-46\">\n\t<td class=\"column-1\">15.2<\/td><td class=\"column-2\">324<\/td><td class=\"column-3\">CONSEJER\u00cdA JUR\u00cdDICA DEL GOBIERNO DEL ESTADO<\/td><td class=\"column-4\">Prg: 11<\/td><td class=\"column-5\">IMPRESOS OFICIALES<\/td><td class=\"column-6\">                <a href=\"\/wp-content\/uploads\/sites\/77\/pdf\/monitoreo\/progs_pres\/mir\/324_consejeria\/programa_11.pdf\" target=\"_blank\"><br \/>\n                    <i class=\"fa fa-download\"><\/i><\/a><\/td>\n<\/tr>\n<tr class=\"row-47\">\n\t<td class=\"column-1\">15.3<\/td><td class=\"column-2\">324<\/td><td class=\"column-3\">CONSEJER\u00cdA JUR\u00cdDICA DEL GOBIERNO DEL ESTADO<\/td><td class=\"column-4\">Prg: 12<\/td><td class=\"column-5\">SUPERVISION Y CONTROL DE NOTARIOS PUBLICOS<\/td><td class=\"column-6\">                <a href=\"\/wp-content\/uploads\/sites\/77\/pdf\/monitoreo\/progs_pres\/mir\/324_consejeria\/programa_12.pdf\" target=\"_blank\"><br \/>\n                    <i class=\"fa fa-download\"><\/i><\/a><\/td>\n<\/tr>\n<tr class=\"row-48\">\n\t<td class=\"column-1\">16.1<\/td><td class=\"column-2\">328<\/td><td class=\"column-3\">COORDINACI\u00d3N GENERAL DE COMUNICACI\u00d3N SOCIAL<\/td><td class=\"column-4\">Prg: 10 <\/td><td class=\"column-5\">DIFUSI\u00d3N AMPLIA DE LAS ACCIONES, PROGRAMAS Y POL\u00cdTICAS GUBERNAMENTALES<\/td><td class=\"column-6\">                <a href=\"\/wp-content\/uploads\/sites\/77\/pdf\/monitoreo\/progs_pres\/mir\/328_comunicacion_soc\/programa_10.pdf\" target=\"_blank\"><br \/>\n                    <i class=\"fa fa-download\"><\/i><\/a><\/td>\n<\/tr>\n<tr class=\"row-49\">\n\t<td class=\"column-1\">17.1<\/td><td class=\"column-2\">331<\/td><td class=\"column-3\">COORDINACI\u00d3N PARA LA ATENCI\u00d3N DE LOS DERECHOS HUMANOS<\/td><td class=\"column-4\">Prg: 10 <\/td><td class=\"column-5\">FORMULACI\u00d3N DE MECANISMOS PARA LA TRANSVERSALIZACI\u00d3N DE LOS DERECHOS HUMANOS<\/td><td class=\"column-6\">                <a href=\"\/wp-content\/uploads\/sites\/77\/pdf\/monitoreo\/progs_pres\/mir\/331_caddhh\/programa_10.pdf\" target=\"_blank\"><br \/>\n                    <i class=\"fa fa-download\"><\/i><\/a><\/td>\n<\/tr>\n<tr class=\"row-50\">\n\t<td class=\"column-1\">18.1<\/td><td class=\"column-2\">333<\/td><td class=\"column-3\">COORDINACI\u00d3N GENERAL DEL COMIT\u00c9 ESTATAL DE PLANEACI\u00d3N PARA EL DESARROLLO DE OAXACA<\/td><td class=\"column-4\">Prg: 10 <\/td><td class=\"column-5\">ORIENTAR LA PLANEACION PARA EL DESARROLLO CON SUSTENTABILIDAD <\/td><td class=\"column-6\">                <a href=\"\/wp-content\/uploads\/sites\/77\/pdf\/monitoreo\/progs_pres\/mir\/333_coplade\/programa_10.pdf\" target=\"_blank\"><br \/>\n                    <i class=\"fa fa-download\"><\/i><\/a><\/td>\n<\/tr>\n<tr class=\"row-51\">\n\t<td class=\"column-1\">18.2<\/td><td class=\"column-2\">333<\/td><td class=\"column-3\">COORDINACI\u00d3N GENERAL DEL COMIT\u00c9 ESTATAL DE PLANEACI\u00d3N PARA EL DESARROLLO DE OAXACA<\/td><td class=\"column-4\">Prg: 11<\/td><td class=\"column-5\">OPERACION REGIONAL <\/td><td class=\"column-6\">                <a href=\"\/wp-content\/uploads\/sites\/77\/pdf\/monitoreo\/progs_pres\/mir\/333_coplade\/programa_11.pdf\" target=\"_blank\"><br \/>\n                    <i class=\"fa fa-download\"><\/i><\/a><\/td>\n<\/tr>\n<tr class=\"row-52\">\n\t<td class=\"column-1\">18.3<\/td><td class=\"column-2\">333<\/td><td class=\"column-3\">COORDINACI\u00d3N GENERAL DEL COMIT\u00c9 ESTATAL DE PLANEACI\u00d3N PARA EL DESARROLLO DE OAXACA<\/td><td class=\"column-4\">Prg: 12<\/td><td class=\"column-5\">OPERACI\u00d3N SECTORIAL<\/td><td class=\"column-6\">                <a href=\"\/wp-content\/uploads\/sites\/77\/pdf\/monitoreo\/progs_pres\/mir\/333_coplade\/programa_12.pdf\" target=\"_blank\"><br \/>\n                    <i class=\"fa fa-download\"><\/i><\/a><\/td>\n<\/tr>\n<tr class=\"row-53\">\n\t<td class=\"column-1\">18.4<\/td><td class=\"column-2\">333<\/td><td class=\"column-3\">COORDINACI\u00d3N GENERAL DEL COMIT\u00c9 ESTATAL DE PLANEACI\u00d3N PARA EL DESARROLLO DE OAXACA<\/td><td class=\"column-4\">Prg: 13<\/td><td class=\"column-5\">COORDINACIONES REGIONALES DEL COPLADE (M\u00d3DULOS)<\/td><td class=\"column-6\">                <a href=\"\/wp-content\/uploads\/sites\/77\/pdf\/monitoreo\/progs_pres\/mir\/333_coplade\/programa_13.pdf\" target=\"_blank\"><br \/>\n                    <i class=\"fa fa-download\"><\/i><\/a><\/td>\n<\/tr>\n<tr class=\"row-54\">\n\t<td class=\"column-1\">19.1<\/td><td class=\"column-2\">401<\/td><td class=\"column-3\">CAMINOS Y AEROPISTAS DE OAXACA<\/td><td class=\"column-4\">Prg: 10 <\/td><td class=\"column-5\">CAMINOS RURALES<\/td><td class=\"column-6\">                <a href=\"\/wp-content\/uploads\/sites\/77\/pdf\/monitoreo\/progs_pres\/mir\/401_cao\/programa_10.pdf\" target=\"_blank\"><br \/>\n                    <i class=\"fa fa-download\"><\/i><\/a><\/td>\n<\/tr>\n<tr class=\"row-55\">\n\t<td class=\"column-1\">19.2<\/td><td class=\"column-2\">401<\/td><td class=\"column-3\">CAMINOS Y AEROPISTAS DE OAXACA<\/td><td class=\"column-4\">Prg: 11<\/td><td class=\"column-5\">CARRETERAS ALIMENTADORAS<\/td><td class=\"column-6\">                <a href=\"\/wp-content\/uploads\/sites\/77\/pdf\/monitoreo\/progs_pres\/mir\/401_cao\/programa_11.pdf\" target=\"_blank\"><br \/>\n                    <i class=\"fa fa-download\"><\/i><\/a><\/td>\n<\/tr>\n<tr class=\"row-56\">\n\t<td class=\"column-1\">20.1<\/td><td class=\"column-2\">402<\/td><td class=\"column-3\">CASA DE LA CULTURA OAXAQUE\u00d1A<\/td><td class=\"column-4\">Prg: 10 <\/td><td class=\"column-5\">FOMENTO Y PROMOCI\u00d3N ART\u00cdSTICA Y CULTURAL<\/td><td class=\"column-6\">                <a href=\"\/wp-content\/uploads\/sites\/77\/pdf\/monitoreo\/progs_pres\/mir\/402_casacultura\/programa_10.pdf\" target=\"_blank\"><br \/>\n                    <i class=\"fa fa-download\"><\/i><\/a><\/td>\n<\/tr>\n<tr class=\"row-57\">\n\t<td class=\"column-1\">21.1<\/td><td class=\"column-2\">403<\/td><td class=\"column-3\">CENTRO DE DISE\u00d1O DE OAXACA<\/td><td class=\"column-4\">Prg: 10 <\/td><td class=\"column-5\">PROMOCI\u00d3N Y DIFUSI\u00d3N DEL DISE\u00d1O EN LA ESCENA CULTURAL DE OAXACA<\/td><td class=\"column-6\">                <a href=\"\/wp-content\/uploads\/sites\/77\/pdf\/monitoreo\/progs_pres\/mir\/403_cdo\/programa_10.pdf\" target=\"_blank\"><br \/>\n                    <i class=\"fa fa-download\"><\/i><\/a><\/td>\n<\/tr>\n<tr class=\"row-58\">\n\t<td class=\"column-1\">22.1<\/td><td class=\"column-2\">406<\/td><td class=\"column-3\">COLEGIO DE BACHILLERES DEL ESTADO DE OAXACA<\/td><td class=\"column-4\">Prg: 10 <\/td><td class=\"column-5\">FORMACI\u00d3N EN EDUCACI\u00d3N DEL NIVEL MEDIO SUPERIOR<\/td><td class=\"column-6\">                <a href=\"\/wp-content\/uploads\/sites\/77\/pdf\/monitoreo\/progs_pres\/mir\/406_cobao\/programa_10.pdf\" target=\"_blank\"><br \/>\n                    <i class=\"fa fa-download\"><\/i><\/a><\/td>\n<\/tr>\n<tr class=\"row-59\">\n\t<td class=\"column-1\">23.1<\/td><td class=\"column-2\">407<\/td><td class=\"column-3\">COLEGIO DE ESTUDIOS CIENT\u00cdFICOS Y TECNOL\u00d3GICOS DEL ESTADO DE OAXACA<\/td><td class=\"column-4\">Prg: 10 <\/td><td class=\"column-5\">EDUCACI\u00d3N MEDIA SUPERIOR<\/td><td class=\"column-6\">                <a href=\"\/wp-content\/uploads\/sites\/77\/pdf\/monitoreo\/progs_pres\/mir\/407_cecyte\/programa_10.pdf\" target=\"_blank\"><br \/>\n                    <i class=\"fa fa-download\"><\/i><\/a><\/td>\n<\/tr>\n<tr class=\"row-60\">\n\t<td class=\"column-1\">24.1<\/td><td class=\"column-2\">412<\/td><td class=\"column-3\">COMISI\u00d3N ESTATAL DEL AGUA<\/td><td class=\"column-4\">Prg: 10 <\/td><td class=\"column-5\">SISTEMA DE AGUA POTABLE<\/td><td class=\"column-6\">                <a href=\"\/wp-content\/uploads\/sites\/77\/pdf\/monitoreo\/progs_pres\/mir\/412_cea\/programa_10.pdf\" target=\"_blank\"><br \/>\n                    <i class=\"fa fa-download\"><\/i><\/a><\/td>\n<\/tr>\n<tr class=\"row-61\">\n\t<td class=\"column-1\">24.2<\/td><td class=\"column-2\">412<\/td><td class=\"column-3\">COMISI\u00d3N ESTATAL DEL AGUA<\/td><td class=\"column-4\">Prg: 11<\/td><td class=\"column-5\">SISTEMA DE ALCANTARILLADO<\/td><td class=\"column-6\">                <a href=\"\/wp-content\/uploads\/sites\/77\/pdf\/monitoreo\/progs_pres\/mir\/412_cea\/programa_11.pdf\" target=\"_blank\"><br \/>\n                    <i class=\"fa fa-download\"><\/i><\/a><\/td>\n<\/tr>\n<tr class=\"row-62\">\n\t<td class=\"column-1\">24.3<\/td><td class=\"column-2\">412<\/td><td class=\"column-3\">COMISI\u00d3N ESTATAL DEL AGUA<\/td><td class=\"column-4\">Prg: 12<\/td><td class=\"column-5\">SISTEMA DE TRATAMIENTO DE AGUAS RESIDUALES<\/td><td class=\"column-6\">                <a href=\"\/wp-content\/uploads\/sites\/77\/pdf\/monitoreo\/progs_pres\/mir\/412_cea\/programa_12.pdf\" target=\"_blank\"><br \/>\n                    <i class=\"fa fa-download\"><\/i><\/a><\/td>\n<\/tr>\n<tr class=\"row-63\">\n\t<td class=\"column-1\">24.4<\/td><td class=\"column-2\">412<\/td><td class=\"column-3\">COMISI\u00d3N ESTATAL DEL AGUA<\/td><td class=\"column-4\">Prg: 13<\/td><td class=\"column-5\">ADMINISTRACI\u00d3N DEL SERVICIO<\/td><td class=\"column-6\">                <a href=\"\/wp-content\/uploads\/sites\/77\/pdf\/monitoreo\/progs_pres\/mir\/412_cea\/programa_13.pdf\" target=\"_blank\"><br \/>\n                    <i class=\"fa fa-download\"><\/i><\/a><\/td>\n<\/tr>\n<tr class=\"row-64\">\n\t<td class=\"column-1\">25.1<\/td><td class=\"column-2\">414<\/td><td class=\"column-3\">COMISI\u00d3N ESTATAL PARA LA PLANEACI\u00d3N DE LA EDUCACI\u00d3N SUPERIOR<\/td><td class=\"column-4\">Prg: 10 <\/td><td class=\"column-5\">PLANEACI\u00d3N DE LA EDUCACI\u00d3N SUPERIOR EN EL ESTADO DE OAXACA<\/td><td class=\"column-6\">                <a href=\"\/wp-content\/uploads\/sites\/77\/pdf\/monitoreo\/progs_pres\/mir\/414_coplaes\/programa_10.pdf\" target=\"_blank\"><br \/>\n                    <i class=\"fa fa-download\"><\/i><\/a><\/td>\n<\/tr>\n<tr class=\"row-65\">\n\t<td class=\"column-1\">26.1<\/td><td class=\"column-2\">417<\/td><td class=\"column-3\">CONSEJO ESTATAL DE PREVENCI\u00d3N Y CONTROL DEL SIDA<\/td><td class=\"column-4\">Prg: 10 <\/td><td class=\"column-5\">PROMOCI\u00d3N DE LAS MEDIDAS DE PREVENCI\u00d3N DEL VIH\/SIDA E ITS.<\/td><td class=\"column-6\">                <a href=\"\/wp-content\/uploads\/sites\/77\/pdf\/monitoreo\/progs_pres\/mir\/417_coesida\/programa_10.pdf\" target=\"_blank\"><br \/>\n                    <i class=\"fa fa-download\"><\/i><\/a><\/td>\n<\/tr>\n<tr class=\"row-66\">\n\t<td class=\"column-1\">26.2<\/td><td class=\"column-2\">417<\/td><td class=\"column-3\">CONSEJO ESTATAL DE PREVENCI\u00d3N Y CONTROL DEL SIDA<\/td><td class=\"column-4\">Prg: 11<\/td><td class=\"column-5\">PROMOCI\u00d3N, ASESORIA Y ACOMPA\u00d1AMIENTO LEGAL PARA LA DEFENSA DE LOS DERECHOS HUMANOS.<\/td><td class=\"column-6\">                <a href=\"\/wp-content\/uploads\/sites\/77\/pdf\/monitoreo\/progs_pres\/mir\/417_coesida\/programa_11.pdf\" target=\"_blank\"><br \/>\n                    <i class=\"fa fa-download\"><\/i><\/a><\/td>\n<\/tr>\n<tr class=\"row-67\">\n\t<td class=\"column-1\">26.3<\/td><td class=\"column-2\">417<\/td><td class=\"column-3\">CONSEJO ESTATAL DE PREVENCI\u00d3N Y CONTROL DEL SIDA<\/td><td class=\"column-4\">Prg: 12<\/td><td class=\"column-5\">ATENCI\u00d3N M\u00c9DICA INTEGRAL A LAS PERSONAS QUE VIVEN CON VIH\/SIDA E ITS.<\/td><td class=\"column-6\">                <a href=\"\/wp-content\/uploads\/sites\/77\/pdf\/monitoreo\/progs_pres\/mir\/417_coesida\/programa_12.pdf\" target=\"_blank\"><br \/>\n                    <i class=\"fa fa-download\"><\/i><\/a><\/td>\n<\/tr>\n<tr class=\"row-68\">\n\t<td class=\"column-1\">27.1<\/td><td class=\"column-2\">418<\/td><td class=\"column-3\">CONSEJO ESTATAL DEL CAF\u00c9 DE OAXACA<\/td><td class=\"column-4\">Prg: 10 <\/td><td class=\"column-5\">FOMENTO A LA CAFETICULTURA<\/td><td class=\"column-6\">                <a href=\"\/wp-content\/uploads\/sites\/77\/pdf\/monitoreo\/progs_pres\/mir\/418_cecafe\/programa_10.pdf\" target=\"_blank\"><br \/>\n                    <i class=\"fa fa-download\"><\/i><\/a><\/td>\n<\/tr>\n<tr class=\"row-69\">\n\t<td class=\"column-1\">28.1<\/td><td class=\"column-2\">419<\/td><td class=\"column-3\">CONSEJO OAXAQUE\u00d1O DE CIENCIA Y TECNOLOG\u00cdA<\/td><td class=\"column-4\">Prg: 10 <\/td><td class=\"column-5\">PROMOCI\u00d3N, DIFUSI\u00d3N Y DIVULGACI\u00d3N DE LA CIENCIA, TECNOLOG\u00cdA E INNOVACI\u00d3N<\/td><td class=\"column-6\">                <a href=\"\/wp-content\/uploads\/sites\/77\/pdf\/monitoreo\/progs_pres\/mir\/419_cocyt\/programa_10.pdf\" target=\"_blank\"><br \/>\n                    <i class=\"fa fa-download\"><\/i><\/a><\/td>\n<\/tr>\n<tr class=\"row-70\">\n\t<td class=\"column-1\">28.2<\/td><td class=\"column-2\">419<\/td><td class=\"column-3\">CONSEJO OAXAQUE\u00d1O DE CIENCIA Y TECNOLOG\u00cdA<\/td><td class=\"column-4\">Prg: 11<\/td><td class=\"column-5\">FORMACI\u00d3N DE CAPITAL HUMANO<\/td><td class=\"column-6\">                <a href=\"\/wp-content\/uploads\/sites\/77\/pdf\/monitoreo\/progs_pres\/mir\/419_cocyt\/programa_11.pdf\" target=\"_blank\"><br \/>\n                    <i class=\"fa fa-download\"><\/i><\/a><\/td>\n<\/tr>\n<tr class=\"row-71\">\n\t<td class=\"column-1\">28.3<\/td><td class=\"column-2\">419<\/td><td class=\"column-3\">CONSEJO OAXAQUE\u00d1O DE CIENCIA Y TECNOLOG\u00cdA<\/td><td class=\"column-4\">Prg: 12<\/td><td class=\"column-5\">VINCULACI\u00d3N CIENT\u00cdFICA Y TECNOL\u00d3GICA CON EL SECTOR EDUCATIVO Y PRODUCTIVO<\/td><td class=\"column-6\">                <a href=\"\/wp-content\/uploads\/sites\/77\/pdf\/monitoreo\/progs_pres\/mir\/419_cocyt\/programa_12.pdf\" target=\"_blank\"><br \/>\n                    <i class=\"fa fa-download\"><\/i><\/a><\/td>\n<\/tr>\n<tr class=\"row-72\">\n\t<td class=\"column-1\">29.1<\/td><td class=\"column-2\">420<\/td><td class=\"column-3\">CORPORACI\u00d3N OAXAQUE\u00d1A DE RADIO Y TELEVISI\u00d3N<\/td><td class=\"column-4\">Prg: 10 <\/td><td class=\"column-5\">PROGRAMACI\u00d3N Y TRANSMISI\u00d3N DE RADIO Y TELEVISI\u00d3N<\/td><td class=\"column-6\">                <a href=\"\/wp-content\/uploads\/sites\/77\/pdf\/monitoreo\/progs_pres\/mir\/420_cortv\/programa_10.pdf\" target=\"_blank\"><br \/>\n                    <i class=\"fa fa-download\"><\/i><\/a><\/td>\n<\/tr>\n<tr class=\"row-73\">\n\t<td class=\"column-1\">30.1<\/td><td class=\"column-2\">421<\/td><td class=\"column-3\">DIRECCI\u00d3N GENERAL DE POBLACI\u00d3N DE OAXACA<\/td><td class=\"column-4\">Prg: 10 <\/td><td class=\"column-5\">CONTRIBUCI\u00d3N AL FORTALECIMIENTO DE LA CULTURA SOCIODEMOGR\u00c1FICA.<\/td><td class=\"column-6\">                <a href=\"\/wp-content\/uploads\/sites\/77\/pdf\/monitoreo\/progs_pres\/mir\/421_digepo\/programa_10.pdf\" target=\"_blank\"><br \/>\n                    <i class=\"fa fa-download\"><\/i><\/a><\/td>\n<\/tr>\n<tr class=\"row-74\">\n\t<td class=\"column-1\">31.1<\/td><td class=\"column-2\">422<\/td><td class=\"column-3\">HOSPITAL DE LA NI\u00d1EZ OAXAQUE\u00d1A<\/td><td class=\"column-4\">Prg: 10 <\/td><td class=\"column-5\">ATENCI\u00d3N M\u00c9DICO ESPECIALIZADA<\/td><td class=\"column-6\">                <a href=\"\/wp-content\/uploads\/sites\/77\/pdf\/monitoreo\/progs_pres\/mir\/422_hno\/programa_10.pdf\" target=\"_blank\"><br \/>\n                    <i class=\"fa fa-download\"><\/i><\/a><\/td>\n<\/tr>\n<tr class=\"row-75\">\n\t<td class=\"column-1\">32.1<\/td><td class=\"column-2\">423<\/td><td class=\"column-3\">INSTITUTO DE CAPACITACI\u00d3N Y PRODUCTIVIDAD PARA EL TRABAJO DEL ESTADO DE OAXACA<\/td><td class=\"column-4\">Prg: 10 <\/td><td class=\"column-5\">PROMOCI\u00d3N Y FOMENTO A LA CAPACITACI\u00d3N PARA Y EN EL TRABAJO<\/td><td class=\"column-6\">                <a href=\"\/wp-content\/uploads\/sites\/77\/pdf\/monitoreo\/progs_pres\/mir\/423_icapet\/programa_10.pdf\" target=\"_blank\"><br \/>\n                    <i class=\"fa fa-download\"><\/i><\/a><\/td>\n<\/tr>\n<tr class=\"row-76\">\n\t<td class=\"column-1\">32.2<\/td><td class=\"column-2\">423<\/td><td class=\"column-3\">INSTITUTO DE CAPACITACI\u00d3N Y PRODUCTIVIDAD PARA EL TRABAJO DEL ESTADO DE OAXACA<\/td><td class=\"column-4\">Prg: 11<\/td><td class=\"column-5\">CERTIFICACI\u00d3N DE COMPETENCIAS LABORALES<\/td><td class=\"column-6\">                <a href=\"\/wp-content\/uploads\/sites\/77\/pdf\/monitoreo\/progs_pres\/mir\/423_icapet\/programa_11.pdf\" target=\"_blank\"><br \/>\n                    <i class=\"fa fa-download\"><\/i><\/a><\/td>\n<\/tr>\n<tr class=\"row-77\">\n\t<td class=\"column-1\">33.1<\/td><td class=\"column-2\">424<\/td><td class=\"column-3\">INSTITUTO TECNOL\u00d3GICO SUPERIOR DE SAN MIGUEL EL GRANDE<\/td><td class=\"column-4\">Prg: 10 <\/td><td class=\"column-5\">ACTIVIDADES ACAD\u00c9MICAS DE EDUCACI\u00d3N SUPERIOR<\/td><td class=\"column-6\">                <a href=\"\/wp-content\/uploads\/sites\/77\/pdf\/monitoreo\/progs_pres\/mir\/424_itssanmiguel\/programa_10.pdf\" target=\"_blank\"><br \/>\n                    <i class=\"fa fa-download\"><\/i><\/a><\/td>\n<\/tr>\n<tr class=\"row-78\">\n\t<td class=\"column-1\">34.1<\/td><td class=\"column-2\">427<\/td><td class=\"column-3\">INSTITUTO DE LA MUJER OAXAQUE\u00d1A<\/td><td class=\"column-4\">Prg: 10 <\/td><td class=\"column-5\">PROMOCI\u00d3N Y FOMENTO DE LAS POL\u00cdTICAS P\u00daBLICAS IGUALITARIAS PARA MUJERES Y HOMBRES<\/td><td class=\"column-6\">                <a href=\"\/wp-content\/uploads\/sites\/77\/pdf\/monitoreo\/progs_pres\/mir\/427_imo\/programa_10.pdf\" target=\"_blank\"><br \/>\n                    <i class=\"fa fa-download\"><\/i><\/a><\/td>\n<\/tr>\n<tr class=\"row-79\">\n\t<td class=\"column-1\">34.2<\/td><td class=\"column-2\">427<\/td><td class=\"column-3\">INSTITUTO DE LA MUJER OAXAQUE\u00d1A<\/td><td class=\"column-4\">Prg: 11<\/td><td class=\"column-5\">LABORATORIO DE COHESI\u00d3N SOCIAL II-UNI\u00d3N EUROPEA-M\u00c9XICO<\/td><td class=\"column-6\">                <a href=\"\/wp-content\/uploads\/sites\/77\/pdf\/monitoreo\/progs_pres\/mir\/427_imo\/programa_11.pdf\" target=\"_blank\"><br \/>\n                    <i class=\"fa fa-download\"><\/i><\/a><\/td>\n<\/tr>\n<tr class=\"row-80\">\n\t<td class=\"column-1\">35.1<\/td><td class=\"column-2\">429<\/td><td class=\"column-3\">INSTITUTO ESTATAL DE ECOLOG\u00cdA Y DESARROLLO SUSTENTABLE<\/td><td class=\"column-4\">Prg: 10 <\/td><td class=\"column-5\">PROGRAMA DE GESTION TERRITORIAL, CONSERVACION Y MANEJO SUSTENTABLE DE LOS RECURSOS NATURALES Y BIODI<\/td><td class=\"column-6\">                <a href=\"\/wp-content\/uploads\/sites\/77\/pdf\/monitoreo\/progs_pres\/mir\/429_ieeds\/programa_10.pdf\" target=\"_blank\"><br \/>\n                    <i class=\"fa fa-download\"><\/i><\/a><\/td>\n<\/tr>\n<tr class=\"row-81\">\n\t<td class=\"column-1\">35.2<\/td><td class=\"column-2\">429<\/td><td class=\"column-3\">INSTITUTO ESTATAL DE ECOLOG\u00cdA Y DESARROLLO SUSTENTABLE<\/td><td class=\"column-4\">Prg: 11<\/td><td class=\"column-5\">PREVENCI\u00d3N Y CONTROL DE LA CONTAMINACI\u00d3N DEL SUELO Y AIRE PROVOCADO POR LAS ACTIV. ECONOMICAS Y SOCI<\/td><td class=\"column-6\">                <a href=\"\/wp-content\/uploads\/sites\/77\/pdf\/monitoreo\/progs_pres\/mir\/429_ieeds\/programa_11.pdf\" target=\"_blank\"><br \/>\n                    <i class=\"fa fa-download\"><\/i><\/a><\/td>\n<\/tr>\n<tr class=\"row-82\">\n\t<td class=\"column-1\">35.3<\/td><td class=\"column-2\">429<\/td><td class=\"column-3\">INSTITUTO ESTATAL DE ECOLOG\u00cdA Y DESARROLLO SUSTENTABLE<\/td><td class=\"column-4\">Prg: 12<\/td><td class=\"column-5\">PROGRAMA DE ADMINISTRACION DE JUSTICIA AMBIENTAL<\/td><td class=\"column-6\">                <a href=\"\/wp-content\/uploads\/sites\/77\/pdf\/monitoreo\/progs_pres\/mir\/429_ieeds\/programa_12.pdf\" target=\"_blank\"><br \/>\n                    <i class=\"fa fa-download\"><\/i><\/a><\/td>\n<\/tr>\n<tr class=\"row-83\">\n\t<td class=\"column-1\">35.4<\/td><td class=\"column-2\">429<\/td><td class=\"column-3\">INSTITUTO ESTATAL DE ECOLOG\u00cdA Y DESARROLLO SUSTENTABLE<\/td><td class=\"column-4\">Prg: 13<\/td><td class=\"column-5\">PROGRAMA DE EDUCACION AMBIENTAL<\/td><td class=\"column-6\">                <a href=\"\/wp-content\/uploads\/sites\/77\/pdf\/monitoreo\/progs_pres\/mir\/429_ieeds\/programa_13.pdf\" target=\"_blank\"><br \/>\n                    <i class=\"fa fa-download\"><\/i><\/a><\/td>\n<\/tr>\n<tr class=\"row-84\">\n\t<td class=\"column-1\">36.1<\/td><td class=\"column-2\">433<\/td><td class=\"column-3\">INSTITUTO OAXAQUE\u00d1O CONSTRUCTOR DE INFRAESTRUCTURA F\u00cdSICA EDUCATIVA <\/td><td class=\"column-4\">Prg: 10 <\/td><td class=\"column-5\">CONSTRUCCION, REPARACION Y\/O EQUIPAMIENTO DE ESPACIOS EDUCATIVOS<\/td><td class=\"column-6\">                <a href=\"\/wp-content\/uploads\/sites\/77\/pdf\/monitoreo\/progs_pres\/mir\/433_iocifed\/programa_10.pdf\" target=\"_blank\"><br \/>\n                    <i class=\"fa fa-download\"><\/i><\/a><\/td>\n<\/tr>\n<tr class=\"row-85\">\n\t<td class=\"column-1\">37.1<\/td><td class=\"column-2\">440<\/td><td class=\"column-3\">UNIVERSIDAD DE CHALCATONGO<\/td><td class=\"column-4\">Prg: 10 <\/td><td class=\"column-5\">FORMACI\u00d3N PROFESIONAL Y POSTGRADO<\/td><td class=\"column-6\">                <a href=\"\/wp-content\/uploads\/sites\/77\/pdf\/monitoreo\/progs_pres\/mir\/440_uchalcatongo\/programa_10.pdf\" target=\"_blank\"><br \/>\n                    <i class=\"fa fa-download\"><\/i><\/a><\/td>\n<\/tr>\n<tr class=\"row-86\">\n\t<td class=\"column-1\">37.2<\/td><td class=\"column-2\">440<\/td><td class=\"column-3\">UNIVERSIDAD DE CHALCATONGO<\/td><td class=\"column-4\">Prg: 11<\/td><td class=\"column-5\">INVESTIGACI\u00d3N<\/td><td class=\"column-6\">                <a href=\"\/wp-content\/uploads\/sites\/77\/pdf\/monitoreo\/progs_pres\/mir\/440_uchalcatongo\/programa_11.pdf\" target=\"_blank\"><br \/>\n                    <i class=\"fa fa-download\"><\/i><\/a><\/td>\n<\/tr>\n<tr class=\"row-87\">\n\t<td class=\"column-1\">37.3<\/td><td class=\"column-2\">440<\/td><td class=\"column-3\">UNIVERSIDAD DE CHALCATONGO<\/td><td class=\"column-4\">Prg: 12<\/td><td class=\"column-5\">PROMOCI\u00d3N DEL DESARROLLO<\/td><td class=\"column-6\">                <a href=\"\/wp-content\/uploads\/sites\/77\/pdf\/monitoreo\/progs_pres\/mir\/440_uchalcatongo\/programa_12.pdf\" target=\"_blank\"><br \/>\n                    <i class=\"fa fa-download\"><\/i><\/a><\/td>\n<\/tr>\n<tr class=\"row-88\">\n\t<td class=\"column-1\">37.4<\/td><td class=\"column-2\">440<\/td><td class=\"column-3\">UNIVERSIDAD DE CHALCATONGO<\/td><td class=\"column-4\">Prg: 13<\/td><td class=\"column-5\">PROMOCI\u00d3N Y FOMENTO DE LA CULTURA<\/td><td class=\"column-6\">                <a href=\"\/wp-content\/uploads\/sites\/77\/pdf\/monitoreo\/progs_pres\/mir\/440_uchalcatongo\/programa_13.pdf\" target=\"_blank\"><br \/>\n                    <i class=\"fa fa-download\"><\/i><\/a><\/td>\n<\/tr>\n<tr class=\"row-89\">\n\t<td class=\"column-1\">38.1<\/td><td class=\"column-2\">441<\/td><td class=\"column-3\">UNIVERSIDAD DE LA CA\u00d1ADA<\/td><td class=\"column-4\">Prg: 10 <\/td><td class=\"column-5\">FORMACI\u00d3N PROFESIONAL Y POSTGRADO<\/td><td class=\"column-6\">                <a href=\"\/wp-content\/uploads\/sites\/77\/pdf\/monitoreo\/progs_pres\/mir\/441_uca\u00f1ada\/programa_10.pdf\" target=\"_blank\"><br \/>\n                    <i class=\"fa fa-download\"><\/i><\/a><\/td>\n<\/tr>\n<tr class=\"row-90\">\n\t<td class=\"column-1\">38.2<\/td><td class=\"column-2\">441<\/td><td class=\"column-3\">UNIVERSIDAD DE LA CA\u00d1ADA<\/td><td class=\"column-4\">Prg: 11<\/td><td class=\"column-5\">INVESTIGACI\u00d3N<\/td><td class=\"column-6\">                <a href=\"\/wp-content\/uploads\/sites\/77\/pdf\/monitoreo\/progs_pres\/mir\/441_uca\u00f1ada\/programa_11.pdf\" target=\"_blank\"><br \/>\n                    <i class=\"fa fa-download\"><\/i><\/a><\/td>\n<\/tr>\n<tr class=\"row-91\">\n\t<td class=\"column-1\">38.3<\/td><td class=\"column-2\">441<\/td><td class=\"column-3\">UNIVERSIDAD DE LA CA\u00d1ADA<\/td><td class=\"column-4\">Prg: 12<\/td><td class=\"column-5\">PROMOCI\u00d3N DEL DESARROLLO<\/td><td class=\"column-6\">                <a href=\"\/wp-content\/uploads\/sites\/77\/pdf\/monitoreo\/progs_pres\/mir\/441_uca\u00f1ada\/programa_12.pdf\" target=\"_blank\"><br \/>\n                    <i class=\"fa fa-download\"><\/i><\/a><\/td>\n<\/tr>\n<tr class=\"row-92\">\n\t<td class=\"column-1\">38.4<\/td><td class=\"column-2\">441<\/td><td class=\"column-3\">UNIVERSIDAD DE LA CA\u00d1ADA<\/td><td class=\"column-4\">Prg: 13<\/td><td class=\"column-5\">PROMOCI\u00d3N Y FOMENTO DE LA CULTURA<\/td><td class=\"column-6\">                <a href=\"\/wp-content\/uploads\/sites\/77\/pdf\/monitoreo\/progs_pres\/mir\/441_uca\u00f1ada\/programa_13.pdf\" target=\"_blank\"><br \/>\n                    <i class=\"fa fa-download\"><\/i><\/a><\/td>\n<\/tr>\n<tr class=\"row-93\">\n\t<td class=\"column-1\">39.1<\/td><td class=\"column-2\">442<\/td><td class=\"column-3\">UNIVERSIDAD DE LA COSTA<\/td><td class=\"column-4\">Prg: 10 <\/td><td class=\"column-5\">FORMACI\u00d3N PROFESIONAL Y POSTGRADO<\/td><td class=\"column-6\">                <a href=\"\/wp-content\/uploads\/sites\/77\/pdf\/monitoreo\/progs_pres\/mir\/442_ucosta\/programa_10.pdf\" target=\"_blank\"><br \/>\n                    <i class=\"fa fa-download\"><\/i><\/a><\/td>\n<\/tr>\n<tr class=\"row-94\">\n\t<td class=\"column-1\">39.2<\/td><td class=\"column-2\">442<\/td><td class=\"column-3\">UNIVERSIDAD DE LA COSTA<\/td><td class=\"column-4\">Prg: 11<\/td><td class=\"column-5\">INVESTIGACI\u00d3N<\/td><td class=\"column-6\">                <a href=\"\/wp-content\/uploads\/sites\/77\/pdf\/monitoreo\/progs_pres\/mir\/442_ucosta\/programa_11.pdf\" target=\"_blank\"><br \/>\n                    <i class=\"fa fa-download\"><\/i><\/a><\/td>\n<\/tr>\n<tr class=\"row-95\">\n\t<td class=\"column-1\">39.3<\/td><td class=\"column-2\">442<\/td><td class=\"column-3\">UNIVERSIDAD DE LA COSTA<\/td><td class=\"column-4\">Prg: 12<\/td><td class=\"column-5\">PROMOCI\u00d3N DEL DESARROLLO<\/td><td class=\"column-6\">                <a href=\"\/wp-content\/uploads\/sites\/77\/pdf\/monitoreo\/progs_pres\/mir\/442_ucosta\/programa_12.pdf\" target=\"_blank\"><br \/>\n                    <i class=\"fa fa-download\"><\/i><\/a><\/td>\n<\/tr>\n<tr class=\"row-96\">\n\t<td class=\"column-1\">39.4<\/td><td class=\"column-2\">442<\/td><td class=\"column-3\">UNIVERSIDAD DE LA COSTA<\/td><td class=\"column-4\">Prg: 13<\/td><td class=\"column-5\">PROMOCI\u00d3N Y FOMENTO DE LA CULTURA<\/td><td class=\"column-6\">                <a href=\"\/wp-content\/uploads\/sites\/77\/pdf\/monitoreo\/progs_pres\/mir\/442_ucosta\/programa_13.pdf\" target=\"_blank\"><br \/>\n                    <i class=\"fa fa-download\"><\/i><\/a><\/td>\n<\/tr>\n<tr class=\"row-97\">\n\t<td class=\"column-1\">40.1<\/td><td class=\"column-2\">443<\/td><td class=\"column-3\">UNIVERSIDAD DE LA SIERRA JU\u00c1REZ<\/td><td class=\"column-4\">Prg: 10 <\/td><td class=\"column-5\">FORMACI\u00d3N PROFESIONAL Y POSTGRADO<\/td><td class=\"column-6\">                <a href=\"\/wp-content\/uploads\/sites\/77\/pdf\/monitoreo\/progs_pres\/mir\/443_usierrajuarez\/programa_10.pdf\" target=\"_blank\"><br \/>\n                    <i class=\"fa fa-download\"><\/i><\/a><\/td>\n<\/tr>\n<tr class=\"row-98\">\n\t<td class=\"column-1\">40.2<\/td><td class=\"column-2\">443<\/td><td class=\"column-3\">UNIVERSIDAD DE LA SIERRA JU\u00c1REZ<\/td><td class=\"column-4\">Prg: 11<\/td><td class=\"column-5\">INVESTIGACI\u00d3N<\/td><td class=\"column-6\">                <a href=\"\/wp-content\/uploads\/sites\/77\/pdf\/monitoreo\/progs_pres\/mir\/443_usierrajuarez\/programa_11.pdf\" target=\"_blank\"><br \/>\n                    <i class=\"fa fa-download\"><\/i><\/a><\/td>\n<\/tr>\n<tr class=\"row-99\">\n\t<td class=\"column-1\">40.3<\/td><td class=\"column-2\">443<\/td><td class=\"column-3\">UNIVERSIDAD DE LA SIERRA JU\u00c1REZ<\/td><td class=\"column-4\">Prg: 12<\/td><td class=\"column-5\">PROMOCI\u00d3N DEL DESARROLLO<\/td><td class=\"column-6\">                <a href=\"\/wp-content\/uploads\/sites\/77\/pdf\/monitoreo\/progs_pres\/mir\/443_usierrajuarez\/programa_12.pdf\" target=\"_blank\"><br \/>\n                    <i class=\"fa fa-download\"><\/i><\/a><\/td>\n<\/tr>\n<tr class=\"row-100\">\n\t<td class=\"column-1\">40.4<\/td><td class=\"column-2\">443<\/td><td class=\"column-3\">UNIVERSIDAD DE LA SIERRA JU\u00c1REZ<\/td><td class=\"column-4\">Prg: 13<\/td><td class=\"column-5\">PROMOCI\u00d3N Y FOMENTO DE LA CULTURA<\/td><td class=\"column-6\">                <a href=\"\/wp-content\/uploads\/sites\/77\/pdf\/monitoreo\/progs_pres\/mir\/443_usierrajuarez\/programa_13.pdf\" target=\"_blank\"><br \/>\n                    <i class=\"fa fa-download\"><\/i><\/a><\/td>\n<\/tr>\n<tr class=\"row-101\">\n\t<td class=\"column-1\">41.1<\/td><td class=\"column-2\">444<\/td><td class=\"column-3\">UNIVERSIDAD DE LA SIERRA SUR<\/td><td class=\"column-4\">Prg: 10 <\/td><td class=\"column-5\">FORMACI\u00d3N PROFESIONAL Y POSTGRADO<\/td><td class=\"column-6\">                <a href=\"\/wp-content\/uploads\/sites\/77\/pdf\/monitoreo\/progs_pres\/mir\/444_usierrasur\/programa_10.pdf\" target=\"_blank\"><br \/>\n                    <i class=\"fa fa-download\"><\/i><\/a><\/td>\n<\/tr>\n<tr class=\"row-102\">\n\t<td class=\"column-1\">41.2<\/td><td class=\"column-2\">444<\/td><td class=\"column-3\">UNIVERSIDAD DE LA SIERRA SUR<\/td><td class=\"column-4\">Prg: 11<\/td><td class=\"column-5\">INVESTIGACI\u00d3N<\/td><td class=\"column-6\">                <a href=\"\/wp-content\/uploads\/sites\/77\/pdf\/monitoreo\/progs_pres\/mir\/444_usierrasur\/programa_11.pdf\" target=\"_blank\"><br \/>\n                    <i class=\"fa fa-download\"><\/i><\/a><\/td>\n<\/tr>\n<tr class=\"row-103\">\n\t<td class=\"column-1\">41.3<\/td><td class=\"column-2\">444<\/td><td class=\"column-3\">UNIVERSIDAD DE LA SIERRA SUR<\/td><td class=\"column-4\">Prg: 12<\/td><td class=\"column-5\">PROMOCI\u00d3N DEL DESARROLLO<\/td><td class=\"column-6\">                <a href=\"\/wp-content\/uploads\/sites\/77\/pdf\/monitoreo\/progs_pres\/mir\/444_usierrasur\/programa_12.pdf\" target=\"_blank\"><br \/>\n                    <i class=\"fa fa-download\"><\/i><\/a><\/td>\n<\/tr>\n<tr class=\"row-104\">\n\t<td class=\"column-1\">41.4<\/td><td class=\"column-2\">444<\/td><td class=\"column-3\">UNIVERSIDAD DE LA SIERRA SUR<\/td><td class=\"column-4\">Prg: 13<\/td><td class=\"column-5\">PROMOCI\u00d3N Y FOMENTO DE LA CULTURA<\/td><td class=\"column-6\">                <a href=\"\/wp-content\/uploads\/sites\/77\/pdf\/monitoreo\/progs_pres\/mir\/444_usierrasur\/programa_13.pdf\" target=\"_blank\"><br \/>\n                    <i class=\"fa fa-download\"><\/i><\/a><\/td>\n<\/tr>\n<tr class=\"row-105\">\n\t<td class=\"column-1\">42.1<\/td><td class=\"column-2\">445<\/td><td class=\"column-3\">UNIVERSIDAD DEL ISTMO<\/td><td class=\"column-4\">Prg: 10 <\/td><td class=\"column-5\">FORMACI\u00d3N PROFESIONAL Y POSTGRADO<\/td><td class=\"column-6\">                <a href=\"\/wp-content\/uploads\/sites\/77\/pdf\/monitoreo\/progs_pres\/mir\/445_uistmo\/programa_10.pdf\" target=\"_blank\"><br \/>\n                    <i class=\"fa fa-download\"><\/i><\/a><\/td>\n<\/tr>\n<tr class=\"row-106\">\n\t<td class=\"column-1\">42.2<\/td><td class=\"column-2\">445<\/td><td class=\"column-3\">UNIVERSIDAD DEL ISTMO<\/td><td class=\"column-4\">Prg: 11<\/td><td class=\"column-5\">INVESTIGACI\u00d3N<\/td><td class=\"column-6\">                <a href=\"\/wp-content\/uploads\/sites\/77\/pdf\/monitoreo\/progs_pres\/mir\/445_uistmo\/programa_11.pdf\" target=\"_blank\"><br \/>\n                    <i class=\"fa fa-download\"><\/i><\/a><\/td>\n<\/tr>\n<tr class=\"row-107\">\n\t<td class=\"column-1\">42.3<\/td><td class=\"column-2\">445<\/td><td class=\"column-3\">UNIVERSIDAD DEL ISTMO<\/td><td class=\"column-4\">Prg: 12<\/td><td class=\"column-5\">PROMOCI\u00d3N DEL DESARROLLO<\/td><td class=\"column-6\">                <a href=\"\/wp-content\/uploads\/sites\/77\/pdf\/monitoreo\/progs_pres\/mir\/445_uistmo\/programa_12.pdf\" target=\"_blank\"><br \/>\n                    <i class=\"fa fa-download\"><\/i><\/a><\/td>\n<\/tr>\n<tr class=\"row-108\">\n\t<td class=\"column-1\">42.4<\/td><td class=\"column-2\">445<\/td><td class=\"column-3\">UNIVERSIDAD DEL ISTMO<\/td><td class=\"column-4\">Prg: 13<\/td><td class=\"column-5\">PROMOCI\u00d3N Y FOMENTO DE LA CULTURA<\/td><td class=\"column-6\">                <a href=\"\/wp-content\/uploads\/sites\/77\/pdf\/monitoreo\/progs_pres\/mir\/445_uistmo\/programa_13.pdf\" target=\"_blank\"><br \/>\n                    <i class=\"fa fa-download\"><\/i><\/a><\/td>\n<\/tr>\n<tr class=\"row-109\">\n\t<td class=\"column-1\">43.1<\/td><td class=\"column-2\">446<\/td><td class=\"column-3\">UNIVERSIDAD DEL MAR<\/td><td class=\"column-4\">Prg: 10 <\/td><td class=\"column-5\">FORMACI\u00d3N PROFESIONAL Y POSTGRADO<\/td><td class=\"column-6\">                <a href=\"\/wp-content\/uploads\/sites\/77\/pdf\/monitoreo\/progs_pres\/mir\/446_umar\/programa_10.pdf\" target=\"_blank\"><br \/>\n                    <i class=\"fa fa-download\"><\/i><\/a><\/td>\n<\/tr>\n<tr class=\"row-110\">\n\t<td class=\"column-1\">43.2<\/td><td class=\"column-2\">446<\/td><td class=\"column-3\">UNIVERSIDAD DEL MAR<\/td><td class=\"column-4\">Prg: 11<\/td><td class=\"column-5\">INVESTIGACI\u00d3N<\/td><td class=\"column-6\">                <a href=\"\/wp-content\/uploads\/sites\/77\/pdf\/monitoreo\/progs_pres\/mir\/446_umar\/programa_11.pdf\" target=\"_blank\"><br \/>\n                    <i class=\"fa fa-download\"><\/i><\/a><\/td>\n<\/tr>\n<tr class=\"row-111\">\n\t<td class=\"column-1\">43.3<\/td><td class=\"column-2\">446<\/td><td class=\"column-3\">UNIVERSIDAD DEL MAR<\/td><td class=\"column-4\">Prg: 12<\/td><td class=\"column-5\">PROMOCI\u00d3N DEL DESARROLLO<\/td><td class=\"column-6\">                <a href=\"\/wp-content\/uploads\/sites\/77\/pdf\/monitoreo\/progs_pres\/mir\/446_umar\/programa_12.pdf\" target=\"_blank\"><br \/>\n                    <i class=\"fa fa-download\"><\/i><\/a><\/td>\n<\/tr>\n<tr class=\"row-112\">\n\t<td class=\"column-1\">43.4<\/td><td class=\"column-2\">446<\/td><td class=\"column-3\">UNIVERSIDAD DEL MAR<\/td><td class=\"column-4\">Prg: 13<\/td><td class=\"column-5\">PROMOCI\u00d3N Y FOMENTO DE LA CULTURA<\/td><td class=\"column-6\">                <a href=\"\/wp-content\/uploads\/sites\/77\/pdf\/monitoreo\/progs_pres\/mir\/446_umar\/programa_13.pdf\" target=\"_blank\"><br \/>\n                    <i class=\"fa fa-download\"><\/i><\/a><\/td>\n<\/tr>\n<tr class=\"row-113\">\n\t<td class=\"column-1\">44.1<\/td><td class=\"column-2\">447<\/td><td class=\"column-3\">UNIVERSIDAD DEL PAPALOAPAN<\/td><td class=\"column-4\">Prg: 10 <\/td><td class=\"column-5\">FORMACI\u00d3N PROFESIONAL Y POSTGRADO<\/td><td class=\"column-6\">                <a href=\"\/wp-content\/uploads\/sites\/77\/pdf\/monitoreo\/progs_pres\/mir\/447_upapaloapan\/programa_10.pdf\" target=\"_blank\"><br \/>\n                    <i class=\"fa fa-download\"><\/i><\/a><\/td>\n<\/tr>\n<tr class=\"row-114\">\n\t<td class=\"column-1\">44.2<\/td><td class=\"column-2\">447<\/td><td class=\"column-3\">UNIVERSIDAD DEL PAPALOAPAN<\/td><td class=\"column-4\">Prg: 11<\/td><td class=\"column-5\">INVESTIGACI\u00d3N<\/td><td class=\"column-6\">                <a href=\"\/wp-content\/uploads\/sites\/77\/pdf\/monitoreo\/progs_pres\/mir\/447_upapaloapan\/programa_11.pdf\" target=\"_blank\"><br \/>\n                    <i class=\"fa fa-download\"><\/i><\/a><\/td>\n<\/tr>\n<tr class=\"row-115\">\n\t<td class=\"column-1\">44.3<\/td><td class=\"column-2\">447<\/td><td class=\"column-3\">UNIVERSIDAD DEL PAPALOAPAN<\/td><td class=\"column-4\">Prg: 12<\/td><td class=\"column-5\">PROMOCI\u00d3N DEL DESARROLLO<\/td><td class=\"column-6\">                <a href=\"\/wp-content\/uploads\/sites\/77\/pdf\/monitoreo\/progs_pres\/mir\/447_upapaloapan\/programa_12.pdf\" target=\"_blank\"><br \/>\n                    <i class=\"fa fa-download\"><\/i><\/a><\/td>\n<\/tr>\n<tr class=\"row-116\">\n\t<td class=\"column-1\">44.4<\/td><td class=\"column-2\">447<\/td><td class=\"column-3\">UNIVERSIDAD DEL PAPALOAPAN<\/td><td class=\"column-4\">Prg: 13<\/td><td class=\"column-5\">PROMOCI\u00d3N Y FOMENTO DE LA CULTURA<\/td><td class=\"column-6\">                <a href=\"\/wp-content\/uploads\/sites\/77\/pdf\/monitoreo\/progs_pres\/mir\/447_upapaloapan\/programa_13.pdf\" target=\"_blank\"><br \/>\n                    <i class=\"fa fa-download\"><\/i><\/a><\/td>\n<\/tr>\n<tr class=\"row-117\">\n\t<td class=\"column-1\">45.1<\/td><td class=\"column-2\">448<\/td><td class=\"column-3\">UNIVERSIDAD TECNOL\u00d3GICA DE LA MIXTECA<\/td><td class=\"column-4\">Prg: 10 <\/td><td class=\"column-5\">FORMACI\u00d3N PROFESIONAL Y POSTGRADO<\/td><td class=\"column-6\">                <a href=\"\/wp-content\/uploads\/sites\/77\/pdf\/monitoreo\/progs_pres\/mir\/448_utm\/programa_10.pdf\" target=\"_blank\"><br \/>\n                    <i class=\"fa fa-download\"><\/i><\/a><\/td>\n<\/tr>\n<tr class=\"row-118\">\n\t<td class=\"column-1\">45.2<\/td><td class=\"column-2\">448<\/td><td class=\"column-3\">UNIVERSIDAD TECNOL\u00d3GICA DE LA MIXTECA<\/td><td class=\"column-4\">Prg: 11<\/td><td class=\"column-5\">INVESTIGACI\u00d3N<\/td><td class=\"column-6\">                <a href=\"\/wp-content\/uploads\/sites\/77\/pdf\/monitoreo\/progs_pres\/mir\/448_utm\/programa_11.pdf\" target=\"_blank\"><br \/>\n                    <i class=\"fa fa-download\"><\/i><\/a><\/td>\n<\/tr>\n<tr class=\"row-119\">\n\t<td class=\"column-1\">45.3<\/td><td class=\"column-2\">448<\/td><td class=\"column-3\">UNIVERSIDAD TECNOL\u00d3GICA DE LA MIXTECA<\/td><td class=\"column-4\">Prg: 12<\/td><td class=\"column-5\">PROMOCI\u00d3N DEL DESARROLLO<\/td><td class=\"column-6\">                <a href=\"\/wp-content\/uploads\/sites\/77\/pdf\/monitoreo\/progs_pres\/mir\/448_utm\/programa_12.pdf\" target=\"_blank\"><br \/>\n                    <i class=\"fa fa-download\"><\/i><\/a><\/td>\n<\/tr>\n<tr class=\"row-120\">\n\t<td class=\"column-1\">45.4<\/td><td class=\"column-2\">448<\/td><td class=\"column-3\">UNIVERSIDAD TECNOL\u00d3GICA DE LA MIXTECA<\/td><td class=\"column-4\">Prg: 13<\/td><td class=\"column-5\">PROMOCI\u00d3N Y FOMENTO DE LA CULTURA<\/td><td class=\"column-6\">                <a href=\"\/wp-content\/uploads\/sites\/77\/pdf\/monitoreo\/progs_pres\/mir\/448_utm\/programa_13.pdf\" target=\"_blank\"><br \/>\n                    <i class=\"fa fa-download\"><\/i><\/a><\/td>\n<\/tr>\n<tr class=\"row-121\">\n\t<td class=\"column-1\">46.1<\/td><td class=\"column-2\">449<\/td><td class=\"column-3\">UNIVERSIDAD TECNOL\u00d3GICA DE LOS VALLES CENTRALES<\/td><td class=\"column-4\">Prg: 10 <\/td><td class=\"column-5\">FORMACI\u00d3N SUPERIOR TECNOL\u00d3GICA<\/td><td class=\"column-6\">                <a href=\"\/wp-content\/uploads\/sites\/77\/pdf\/monitoreo\/progs_pres\/mir\/449_utvallescentrales\/programa_10.pdf\" target=\"_blank\"><br \/>\n                    <i class=\"fa fa-download\"><\/i><\/a><\/td>\n<\/tr>\n<tr class=\"row-122\">\n\t<td class=\"column-1\">47.1<\/td><td class=\"column-2\">450<\/td><td class=\"column-3\">NOVAUNIVERSITAS-OCOTLAN<\/td><td class=\"column-4\">Prg: 10 <\/td><td class=\"column-5\">FORMACI\u00d3N PROFESIONAL Y POSTGRADO<\/td><td class=\"column-6\">                <a href=\"\/wp-content\/uploads\/sites\/77\/pdf\/monitoreo\/progs_pres\/mir\/450_novauniversitas\/programa_10.pdf\" target=\"_blank\"><br \/>\n                    <i class=\"fa fa-download\"><\/i><\/a><\/td>\n<\/tr>\n<tr class=\"row-123\">\n\t<td class=\"column-1\">47.2<\/td><td class=\"column-2\">450<\/td><td class=\"column-3\">NOVAUNIVERSITAS-OCOTLAN<\/td><td class=\"column-4\">Prg: 11<\/td><td class=\"column-5\">INVESTIGACI\u00d3N<\/td><td class=\"column-6\">                <a href=\"\/wp-content\/uploads\/sites\/77\/pdf\/monitoreo\/progs_pres\/mir\/450_novauniversitas\/programa_11.pdf\" target=\"_blank\"><br \/>\n                    <i class=\"fa fa-download\"><\/i><\/a><\/td>\n<\/tr>\n<tr class=\"row-124\">\n\t<td class=\"column-1\">47.3<\/td><td class=\"column-2\">450<\/td><td class=\"column-3\">NOVAUNIVERSITAS-OCOTLAN<\/td><td class=\"column-4\">Prg: 12<\/td><td class=\"column-5\">PROMOCI\u00d3N DEL DESARROLLO<\/td><td class=\"column-6\">                <a href=\"\/wp-content\/uploads\/sites\/77\/pdf\/monitoreo\/progs_pres\/mir\/450_novauniversitas\/programa_12.pdf\" target=\"_blank\"><br \/>\n                    <i class=\"fa fa-download\"><\/i><\/a><\/td>\n<\/tr>\n<tr class=\"row-125\">\n\t<td class=\"column-1\">47.4<\/td><td class=\"column-2\">450<\/td><td class=\"column-3\">NOVAUNIVERSITAS-OCOTLAN<\/td><td class=\"column-4\">Prg: 13<\/td><td class=\"column-5\">PROMOCI\u00d3N Y FOMENTO DE LA CULTURA<\/td><td class=\"column-6\">                <a href=\"\/wp-content\/uploads\/sites\/77\/pdf\/monitoreo\/progs_pres\/mir\/450_novauniversitas\/programa_13.pdf\" target=\"_blank\"><br \/>\n                    <i class=\"fa fa-download\"><\/i><\/a><\/td>\n<\/tr>\n<tr class=\"row-126\">\n\t<td class=\"column-1\">48.1<\/td><td class=\"column-2\">469<\/td><td class=\"column-3\">INSTITUTO DE LA JUVENTUD DEL ESTADO DE OAXACA<\/td><td class=\"column-4\">Prg: 10 <\/td><td class=\"column-5\">PROMOCI\u00d3N Y FOMENTO A LA JUVENTUD<\/td><td class=\"column-6\">                <a href=\"\/wp-content\/uploads\/sites\/77\/pdf\/monitoreo\/progs_pres\/mir\/469_ijo\/programa_10.pdf\" target=\"_blank\"><br \/>\n                    <i class=\"fa fa-download\"><\/i><\/a><\/td>\n<\/tr>\n<tr class=\"row-127\">\n\t<td class=\"column-1\">48.2<\/td><td class=\"column-2\">469<\/td><td class=\"column-3\">INSTITUTO DE LA JUVENTUD DEL ESTADO DE OAXACA<\/td><td class=\"column-4\">Prg: 11<\/td><td class=\"column-5\">BECAS BIENESTAR<\/td><td class=\"column-6\">                <a href=\"\/wp-content\/uploads\/sites\/77\/pdf\/monitoreo\/progs_pres\/mir\/469_ijo\/programa_11.pdf\" target=\"_blank\"><br \/>\n                    <i class=\"fa fa-download\"><\/i><\/a><\/td>\n<\/tr>\n<tr class=\"row-128\">\n\t<td class=\"column-1\">49.1<\/td><td class=\"column-2\">470<\/td><td class=\"column-3\">SISTEMA PARA EL DESARROLLO INTEGRAL DE LA FAMILIA DEL ESTADO DE OAXACA<\/td><td class=\"column-4\">Prg: 10 <\/td><td class=\"column-5\">ATENCI\u00d3N INTEGRAL A LA NI\u00d1EZ DESDE LA PERSPECTIVA DE LOS DERECHOS HUMANOS<\/td><td class=\"column-6\">                <a href=\"\/wp-content\/uploads\/sites\/77\/pdf\/monitoreo\/progs_pres\/mir\/470_dif\/programa_10.pdf\" target=\"_blank\"><br \/>\n                    <i class=\"fa fa-download\"><\/i><\/a><\/td>\n<\/tr>\n<tr class=\"row-129\">\n\t<td class=\"column-1\">49.2<\/td><td class=\"column-2\">470<\/td><td class=\"column-3\">SISTEMA PARA EL DESARROLLO INTEGRAL DE LA FAMILIA DEL ESTADO DE OAXACA<\/td><td class=\"column-4\">Prg: 11<\/td><td class=\"column-5\">ATENCI\u00d3N INTEGRAL DE PERSONAS CON DISCAPACIDAD<\/td><td class=\"column-6\">                <a href=\"\/wp-content\/uploads\/sites\/77\/pdf\/monitoreo\/progs_pres\/mir\/470_dif\/programa_11.pdf\" target=\"_blank\"><br \/>\n                    <i class=\"fa fa-download\"><\/i><\/a><\/td>\n<\/tr>\n<tr class=\"row-130\">\n\t<td class=\"column-1\">49.3<\/td><td class=\"column-2\">470<\/td><td class=\"column-3\">SISTEMA PARA EL DESARROLLO INTEGRAL DE LA FAMILIA DEL ESTADO DE OAXACA<\/td><td class=\"column-4\">Prg: 12<\/td><td class=\"column-5\">PROTECCI\u00d3N A LOS DERECHOS DE LAS FAMILIAS Y LOS ADULTOS MAYORES<\/td><td class=\"column-6\">                <a href=\"\/wp-content\/uploads\/sites\/77\/pdf\/monitoreo\/progs_pres\/mir\/470_dif\/programa_12.pdf\" target=\"_blank\"><br \/>\n                    <i class=\"fa fa-download\"><\/i><\/a><\/td>\n<\/tr>\n<tr class=\"row-131\">\n\t<td class=\"column-1\">49.4<\/td><td class=\"column-2\">470<\/td><td class=\"column-3\">SISTEMA PARA EL DESARROLLO INTEGRAL DE LA FAMILIA DEL ESTADO DE OAXACA<\/td><td class=\"column-4\">Prg: 13<\/td><td class=\"column-5\">PROTECCION DE LOS DERECHOS DE LA MUJER<\/td><td class=\"column-6\">                <a href=\"\/wp-content\/uploads\/sites\/77\/pdf\/monitoreo\/progs_pres\/mir\/470_dif\/programa_13.pdf\" target=\"_blank\"><br \/>\n                    <i class=\"fa fa-download\"><\/i><\/a><\/td>\n<\/tr>\n<tr class=\"row-132\">\n\t<td class=\"column-1\">49.5<\/td><td class=\"column-2\">470<\/td><td class=\"column-3\">SISTEMA PARA EL DESARROLLO INTEGRAL DE LA FAMILIA DEL ESTADO DE OAXACA<\/td><td class=\"column-4\">Prg: 70<\/td><td class=\"column-5\">PROGRAMA DE PARTICIPACI\u00d3N COMUNITARIA PARA EL DESARROLLO HUMANO CON ASISTENCIA ALIMENTARIA<\/td><td class=\"column-6\">                <a href=\"\/wp-content\/uploads\/sites\/77\/pdf\/monitoreo\/progs_pres\/mir\/470_dif\/programa_70.pdf\" target=\"_blank\"><br \/>\n                    <i class=\"fa fa-download\"><\/i><\/a><\/td>\n<\/tr>\n<tr class=\"row-133\">\n\t<td class=\"column-1\">50.1<\/td><td class=\"column-2\">471<\/td><td class=\"column-3\">SERVICIOS DE AGUA POTABLE Y ALCANTARILLADO DE OAXACA<\/td><td class=\"column-4\">Prg: 10 <\/td><td class=\"column-5\">SISTEMA DE AGUA POTABLE<\/td><td class=\"column-6\">                <a href=\"\/wp-content\/uploads\/sites\/77\/pdf\/monitoreo\/progs_pres\/mir\/471_sapao\/programa_10.pdf\" target=\"_blank\"><br \/>\n                    <i class=\"fa fa-download\"><\/i><\/a><\/td>\n<\/tr>\n<tr class=\"row-134\">\n\t<td class=\"column-1\">50.2<\/td><td class=\"column-2\">471<\/td><td class=\"column-3\">SERVICIOS DE AGUA POTABLE Y ALCANTARILLADO DE OAXACA<\/td><td class=\"column-4\">Prg: 11<\/td><td class=\"column-5\">SISTEMAS DE ALCANTARALLIDO SANITARIO Y PLUVIAL <\/td><td class=\"column-6\">                <a href=\"\/wp-content\/uploads\/sites\/77\/pdf\/monitoreo\/progs_pres\/mir\/471_sapao\/programa_11.pdf\" target=\"_blank\"><br \/>\n                    <i class=\"fa fa-download\"><\/i><\/a><\/td>\n<\/tr>\n<tr class=\"row-135\">\n\t<td class=\"column-1\">50.3<\/td><td class=\"column-2\">471<\/td><td class=\"column-3\">SERVICIOS DE AGUA POTABLE Y ALCANTARILLADO DE OAXACA<\/td><td class=\"column-4\">Prg: 12<\/td><td class=\"column-5\">SANEAMIENTO<\/td><td class=\"column-6\">                <a href=\"\/wp-content\/uploads\/sites\/77\/pdf\/monitoreo\/progs_pres\/mir\/471_sapao\/programa_12.pdf\" target=\"_blank\"><br \/>\n                    <i class=\"fa fa-download\"><\/i><\/a><\/td>\n<\/tr>\n<tr class=\"row-136\">\n\t<td class=\"column-1\">51.1<\/td><td class=\"column-2\">472<\/td><td class=\"column-3\">COMISION ESTATAL FORESTAL <\/td><td class=\"column-4\">Prg: 10 <\/td><td class=\"column-5\">PLANEACION FORESTAL<\/td><td class=\"column-6\">                <a href=\"\/wp-content\/uploads\/sites\/77\/pdf\/monitoreo\/progs_pres\/mir\/472_coesfor\/programa_10.pdf\" target=\"_blank\"><br \/>\n                    <i class=\"fa fa-download\"><\/i><\/a><\/td>\n<\/tr>\n<tr class=\"row-137\">\n\t<td class=\"column-1\">51.2<\/td><td class=\"column-2\">472<\/td><td class=\"column-3\">COMISION ESTATAL FORESTAL <\/td><td class=\"column-4\">Prg: 11<\/td><td class=\"column-5\">FOMENTO FORESTAL <\/td><td class=\"column-6\">                <a href=\"\/wp-content\/uploads\/sites\/77\/pdf\/monitoreo\/progs_pres\/mir\/472_coesfor\/programa_11.pdf\" target=\"_blank\"><br \/>\n                    <i class=\"fa fa-download\"><\/i><\/a><\/td>\n<\/tr>\n<tr class=\"row-138\">\n\t<td class=\"column-1\">51.3<\/td><td class=\"column-2\">472<\/td><td class=\"column-3\">COMISION ESTATAL FORESTAL <\/td><td class=\"column-4\">Prg: 12<\/td><td class=\"column-5\">RESTAURACION FORESTAL <\/td><td class=\"column-6\">                <a href=\"\/wp-content\/uploads\/sites\/77\/pdf\/monitoreo\/progs_pres\/mir\/472_coesfor\/programa_12.pdf\" target=\"_blank\"><br \/>\n                    <i class=\"fa fa-download\"><\/i><\/a><\/td>\n<\/tr>\n<tr class=\"row-139\">\n\t<td class=\"column-1\">51.4<\/td><td class=\"column-2\">472<\/td><td class=\"column-3\">COMISION ESTATAL FORESTAL <\/td><td class=\"column-4\">Prg: 13<\/td><td class=\"column-5\">PROTECCION Y VIGILANCIA FORESTAL <\/td><td class=\"column-6\">                <a href=\"\/wp-content\/uploads\/sites\/77\/pdf\/monitoreo\/progs_pres\/mir\/472_coesfor\/programa_13.pdf\" target=\"_blank\"><br \/>\n                    <i class=\"fa fa-download\"><\/i><\/a><\/td>\n<\/tr>\n<tr class=\"row-140\">\n\t<td class=\"column-1\">52.1<\/td><td class=\"column-2\">502<\/td><td class=\"column-3\">FONDO PARA EL FOMENTO ESTATAL DE LAS ACTIVIDADES PRODUCTIVAS DE OAXACA<\/td><td class=\"column-4\">Prg: 10 <\/td><td class=\"column-5\">FORTALECIMIENTO A MIPYMES<\/td><td class=\"column-6\">                <a href=\"\/wp-content\/uploads\/sites\/77\/pdf\/monitoreo\/progs_pres\/mir\/502_fideapo\/programa_10.pdf\" target=\"_blank\"><br \/>\n                    <i class=\"fa fa-download\"><\/i><\/a><\/td>\n<\/tr>\n<tr class=\"row-141\">\n\t<td class=\"column-1\">52.2<\/td><td class=\"column-2\">502<\/td><td class=\"column-3\">FONDO PARA EL FOMENTO ESTATAL DE LAS ACTIVIDADES PRODUCTIVAS DE OAXACA<\/td><td class=\"column-4\">Prg: 11<\/td><td class=\"column-5\">FINANCIAMIENTO DE ACTIVIDADES PRODUCTIVAS <\/td><td class=\"column-6\">                <a href=\"\/wp-content\/uploads\/sites\/77\/pdf\/monitoreo\/progs_pres\/mir\/502_fideapo\/programa_11.pdf\" target=\"_blank\"><br \/>\n                    <i class=\"fa fa-download\"><\/i><\/a><\/td>\n<\/tr>\n<tr class=\"row-142\">\n\t<td class=\"column-1\">53.1<\/td><td class=\"column-2\">503<\/td><td class=\"column-3\">OFICINA DE CONVENCIONES Y VISITANTES DE OAXACA<\/td><td class=\"column-4\">Prg: 10 <\/td><td class=\"column-5\">FOMENTO A LA PROMOCION TURISTICA EN EL SEGMENTO DE TURISMO DE REUNIONES.<\/td><td class=\"column-6\">                <a href=\"\/wp-content\/uploads\/sites\/77\/pdf\/monitoreo\/progs_pres\/mir\/503_ocv\/programa_10.pdf\" target=\"_blank\"><br \/>\n                    <i class=\"fa fa-download\"><\/i><\/a><\/td>\n<\/tr>\n<tr class=\"row-143\">\n\t<td class=\"column-1\">54.1<\/td><td class=\"column-2\">702<\/td><td class=\"column-3\">INSTITUTO ESTATAL ELECTORAL Y DE PARTICIPACI\u00d3N CIUDADANA<\/td><td class=\"column-4\">Prg: 10 <\/td><td class=\"column-5\">REALIZACI\u00d3N DE PROCESOS ELECTORALES<\/td><td class=\"column-6\">                <a href=\"\/wp-content\/uploads\/sites\/77\/pdf\/monitoreo\/progs_pres\/mir\/702_ieepco\/programa_10.pdf\" target=\"_blank\"><br \/>\n                    <i class=\"fa fa-download\"><\/i><\/a><\/td>\n<\/tr>\n<tr class=\"row-144\">\n\t<td class=\"column-1\">54.2<\/td><td class=\"column-2\">702<\/td><td class=\"column-3\">INSTITUTO ESTATAL ELECTORAL Y DE PARTICIPACI\u00d3N CIUDADANA<\/td><td class=\"column-4\">Prg: 11<\/td><td class=\"column-5\">PROCESO ELECTORAL 2015-2016<\/td><td class=\"column-6\">                <a href=\"\/wp-content\/uploads\/sites\/77\/pdf\/monitoreo\/progs_pres\/mir\/702_ieepco\/programa_11.pdf\" target=\"_blank\"><br \/>\n                    <i class=\"fa fa-download\"><\/i><\/a><\/td>\n<\/tr>\n<\/tbody>\n<\/table>\n\n<\/div>\n<\/div>\n<\/div>\n<div id=\"nav_cuatro\" class=\"tab-pane fade\" role=\"tabpanel\" aria-labelledby=\"nav_tab_cuatro\">\n<h4>Monitoreo de Programas de Desarrollo Social 2012-2015<\/h4>\n<h3>Inventario de programas sociales<\/h3>\r\n<table class=\"tablepress dataTable\" style=\"width:100%;\">\r\n    <thead>\r\n        <tr>\r\n            <th>N\u00fam.<\/th>\r\n            <th>Descripci\u00f3n<\/th>\r\n            <th>Descarga<\/th>\r\n        <\/tr>\r\n    <\/thead>\r\n    <tbody>\r\n        <tr>\r\n            <td>1<\/td>\r\n            <td>Instrumento que permite identificar los programas que contribuyen a reducir la pobreza o alguna de las carencias que la componen<\/td>\r\n            <td>\r\n                <div class=\"circle chalfone\">\r\n                    <a href=\"\/jefatura\/wp-content\/uploads\/sites\/77\/pdf\/monitoreo\/progs_des_soc\/InventarioDeProgramasSocialesOaxaca.xlsx\" target=\"_blank\">\r\n                        <i class=\"fa fa-download\"><\/i>\r\n                    <\/a>\r\n            <\/td>\r\n        <\/tr>\r\n    <\/tbody>\r\n<\/table>\r\n<p>\r\n    \u00a0<\/p>\r\n<h3>Matrices de Indicadores de Resultados (MIR) incluidas en las Reglas de Operaci\u00f3n<\/h3>\r\n<p>\r\n    \u00a0<\/p>\r\n<h4>2015<\/h4>\r\n<table class=\"tablepress dataTable\" style=\"width:100%;\">\r\n    <thead>\r\n        <tr>\r\n            <th>N\u00fam.<\/th>\r\n            <th>Programa<\/th>\r\n            <th>MIR<\/th>\r\n        <\/tr>\r\n    <\/thead>\r\n    <tbody>\r\n        <tr>\r\n            <td>1<\/td>\r\n            <td>Programa de Dotaci\u00f3n Gratuita de Uniformes y \u00datiles Escolares a Alumnos de Escuelas P\u00fablicas de Educaci\u00f3n B\u00e1sica de Oaxaca<\/td>\r\n            <td>\r\n                <a href=\"\/jefatura\/wp-content\/uploads\/sites\/77\/pdf\/monitoreo\/progs_des_soc\/mir\/2015\/MIR_UTILES_2015.pdf\" target=\"_blank\">\r\n                    <i class=\"fa fa-download\"><\/i>\r\n                <\/a>\r\n            <\/td>\r\n        <\/tr>\r\n        <tr>\r\n            <td>2<\/td>\r\n            <td>Programa Bienestar de Apoyo a Personas con Discapacidad<\/td>\r\n            <td>\r\n                <a href=\"\/jefatura\/wp-content\/uploads\/sites\/77\/pdf\/monitoreo\/progs_des_soc\/mir\/2015\/MIR_APOYO_PERSONAS_DISCAPACIDAD_2015.pdf\" target=\"_blank\">\r\n                    <i class=\"fa fa-download\"><\/i>\r\n                <\/a>\r\n            <\/td>\r\n        <\/tr>\r\n        <tr>\r\n            <td>3<\/td>\r\n            <td>Programa Bienestar de Microfinanciamiento a la Econom\u00eda Familiar con Perspectiva de G\u00e9nero<\/td>\r\n            <td>\r\n                <a href=\"\/jefatura\/wp-content\/uploads\/sites\/77\/pdf\/monitoreo\/progs_des_soc\/mir\/2015\/MIR_MICROFINANCIAMIENTO_2015.pdf\" target=\"_blank\">\r\n                    <i class=\"fa fa-download\"><\/i>\r\n                <\/a>\r\n            <\/td>\r\n        <\/tr>\r\n        <tr>\r\n            <td>4<\/td>\r\n            <td>Programa de Participaci\u00f3n Comunitaria para el Desarrollo Humano con Asistencia Alimentaria<\/td>\r\n            <td>\r\n                <a href=\"\/jefatura\/wp-content\/uploads\/sites\/77\/pdf\/monitoreo\/progs_des_soc\/mir\/2015\/MIR_COCINAS_2015.pdf\" target=\"_blank\">\r\n                    <i class=\"fa fa-download\"><\/i>\r\n                <\/a>\r\n            <\/td>\r\n        <\/tr>\r\n    <\/tbody>\r\n<\/table>\r\n<p>\r\n    \u00a0<\/p>\r\n<h4>2014<\/h4>\r\n<table class=\"tablepress dataTable\" style=\"width:100%;\">\r\n    <thead>\r\n        <tr>\r\n            <th>N\u00fam.<\/th>\r\n            <th>Programa<\/th>\r\n            <th>MIR<\/th>\r\n        <\/tr>\r\n    <\/thead>\r\n    <tbody>\r\n        <tr>\r\n            <td>1<\/td>\r\n            <td>Programa Bienestar de Dotaci\u00f3n Gratuita de Uniformes y \u00datiles Escolares a los Alumnos de Educaci\u00f3n B\u00e1sica en Escuelas P\u00fablicas del Estado de Oaxaca, \"Uniformes y \u00datiles Bienestar\"<\/td>\r\n            <td>\r\n                <a href=\"\/jefatura\/wp-content\/uploads\/sites\/77\/pdf\/monitoreo\/progs_des_soc\/mir\/2014\/MIR_UTILESYUNIFORMES_2014.pdf\" target=\"_blank\">\r\n                    <i class=\"fa fa-download\"><\/i>\r\n                <\/a>\r\n            <\/td>\r\n        <\/tr>\r\n        <tr>\r\n            <td>2<\/td>\r\n            <td>Programa Bienestar de Apoyo a Personas con Discapacidad para el Ejercicio Fiscal 2014<\/td>\r\n            <td>\r\n                <a href=\"\/jefatura\/wp-content\/uploads\/sites\/77\/pdf\/monitoreo\/progs_des_soc\/mir\/2014\/MIR_DISCAPACIDAD_2014.pdf\" target=\"_blank\">\r\n                    <i class=\"fa fa-download\"><\/i>\r\n                <\/a>\r\n            <\/td>\r\n        <\/tr>\r\n        <tr>\r\n            <td>3<\/td>\r\n            <td>Programa Bienestar de Microfinanciamiento a la Econom\u00eda Familiar con Perspectiva de G\u00e9nero para el Ejercicio Fiscal 2014<\/td>\r\n            <td>\r\n                <a href=\"\/jefatura\/wp-content\/uploads\/sites\/77\/pdf\/monitoreo\/progs_des_soc\/mir\/2014\/MIR_MICROFINANCIAMIENTO_2014.pdf\" target=\"_blank\">\r\n                    <i class=\"fa fa-download\"><\/i>\r\n                <\/a>\r\n            <\/td>\r\n        <\/tr>\r\n        <tr>\r\n            <td>4<\/td>\r\n            <td>Programa Fondo Bienestar de Coinversi\u00f3n Social para el Ejercicio Fiscal 2014<\/td>\r\n            <td>\r\n                <a href=\"\/jefatura\/wp-content\/uploads\/sites\/77\/pdf\/monitoreo\/progs_des_soc\/mir\/2014\/MIR_COINVERSION_2014.pdf\" target=\"_blank\">\r\n                    <i class=\"fa fa-download\"><\/i>\r\n                <\/a>\r\n            <\/td>\r\n        <\/tr>\r\n        <tr>\r\n            <td>5<\/td>\r\n            <td>Programa Estatal de Becas para J\u00f3venes Estudiantes de Nivel Superior en el Estado de Oaxaca, \"Becas Bienestar\", para el Ejercicio Fiscal 2014<\/td>\r\n            <td>\r\n                <a href=\"\/jefatura\/wp-content\/uploads\/sites\/77\/pdf\/monitoreo\/progs_des_soc\/mir\/2014\/MIR_BECAS_2014.pdf\" target=\"_blank\">\r\n                    <i class=\"fa fa-download\"><\/i>\r\n                <\/a>\r\n            <\/td>\r\n        <\/tr>\r\n    <\/tbody>\r\n<\/table>\r\n<p>\r\n    \u00a0<\/p>\r\n<h4>2013<\/h4>\r\n<table class=\"tablepress dataTable\" style=\"width:100%;\">\r\n    <thead>\r\n        <tr>\r\n            <th>N\u00fam.<\/th>\r\n            <th>Programa<\/th>\r\n            <th>MIR<\/th>\r\n        <\/tr>\r\n    <\/thead>\r\n    <tbody>\r\n        <tr>\r\n            <td>1<\/td>\r\n            <td>Programa Bienestar de Dotaci\u00f3n Gratuita de Uniformes Escolares a los Alumnos de Educaci\u00f3n B\u00e1sica en Escuelas P\u00fablicas del Estado de Oaxaca, \"Uniformes Bienestar\" para el Ejercicio Fiscal 2013<\/td>\r\n            <td>\r\n                <a href=\"\/jefatura\/wp-content\/uploads\/sites\/77\/pdf\/monitoreo\/progs_des_soc\/mir\/2013\/MIR_UNIFORMES_ESCOLARES_2013.pdf\" target=\"_blank\">\r\n                    <i class=\"fa fa-download\"><\/i>\r\n                <\/a>\r\n            <\/td>\r\n        <\/tr>\r\n        <tr>\r\n            <td>2<\/td>\r\n            <td>Programa Bienestar de Dotaci\u00f3n Gratuita de \u00datiles Escolares a los Alumnos de Educaci\u00f3n B\u00e1sica en Escuelas P\u00fablicas del Estado de Oaxaca, \"\u00datiles Bienestar\" para el Ejercicio Fiscal 2013<\/td>\r\n            <td>\r\n                <a href=\"\/jefatura\/wp-content\/uploads\/sites\/77\/pdf\/monitoreo\/progs_des_soc\/mir\/2013\/MIR_UTILES_ESCOLARES_2013.pdf\" target=\"_blank\">\r\n                    <i class=\"fa fa-download\"><\/i>\r\n                <\/a>\r\n            <\/td>\r\n        <\/tr>\r\n        <tr>\r\n            <td>3<\/td>\r\n            <td>Programa Bienestar de Apoyo a Personas con Discapacidad para el Ejercicio Fiscal 2013<\/td>\r\n            <td>\r\n                <a href=\"\/jefatura\/wp-content\/uploads\/sites\/77\/pdf\/monitoreo\/progs_des_soc\/mir\/2013\/MIR_DISCAPACIDAD_2013.pdf\" target=\"_blank\">\r\n                    <i class=\"fa fa-download\"><\/i>\r\n                <\/a>\r\n            <\/td>\r\n        <\/tr>\r\n        <tr>\r\n            <td>4<\/td>\r\n            <td>Programa Bienestar de Micro Financiamiento a la Econom\u00eda Solidaria para el Ejercicio Fiscal 2013<\/td>\r\n            <td>\r\n                <a href=\"\/jefatura\/wp-content\/uploads\/sites\/77\/pdf\/monitoreo\/progs_des_soc\/mir\/2013\/MIR_MICROFINANCIAMIENTO_2013.pdf\" target=\"_blank\">\r\n                    <i class=\"fa fa-download\"><\/i>\r\n                <\/a>\r\n            <\/td>\r\n        <\/tr>\r\n        <tr>\r\n            <td>5<\/td>\r\n            <td>Programa Fondo Bienestar de Coinversi\u00f3n Social para el Ejercicio Fiscal 2013<\/td>\r\n            <td>\r\n                <a href=\"\/jefatura\/wp-content\/uploads\/sites\/77\/pdf\/monitoreo\/progs_des_soc\/mir\/2013\/MIR_COINVERSION_2013.pdf\" target=\"_blank\">\r\n                    <i class=\"fa fa-download\"><\/i>\r\n                <\/a>\r\n            <\/td>\r\n        <\/tr>\r\n        <tr>\r\n            <td>6<\/td>\r\n            <td>Programa Estatal de Becas para J\u00f3venes Estudiantes de Nivel Superior Residentes en el Estado de Oaxaca, \"Becas Bienestar\" para el Ejercicio Fiscal 2013<\/td>\r\n            <td>\r\n                <a href=\"\/jefatura\/wp-content\/uploads\/sites\/77\/pdf\/monitoreo\/progs_des_soc\/mir\/2013\/MIR_BECAS_2013.pdf\" target=\"_blank\">\r\n                    <i class=\"fa fa-download\"><\/i>\r\n                <\/a>\r\n            <\/td>\r\n        <\/tr>\r\n        <tr>\r\n            <td>7<\/td>\r\n            <td>Programa Integral Bienestar de Prevenci\u00f3n al C\u00e1ncer C\u00e9rvico-Uterino para el Ejercicio Fiscal 2013<\/td>\r\n            <td>\r\n                <a href=\"\/jefatura\/wp-content\/uploads\/sites\/77\/pdf\/monitoreo\/progs_des_soc\/mir\/2013\/MIR_CANCER_CERVICO_2013.pdf\" target=\"_blank\">\r\n                    <i class=\"fa fa-download\"><\/i>\r\n                <\/a>\r\n            <\/td>\r\n        <\/tr>\r\n        <tr>\r\n            <td>8<\/td>\r\n            <td>Programa Bienestar Impulso a las Jefas de Familia Desempleadas o en Situaci\u00f3n de Violencia de G\u00e9nero, para el Ejercicio Fiscal 2013<\/td>\r\n            <td>\r\n                <a href=\"\/jefatura\/wp-content\/uploads\/sites\/77\/pdf\/monitoreo\/progs_des_soc\/mir\/2013\/MIR_JEFAS_DE_FAMILIAS_2013.pdf\" target=\"_blank\">\r\n                    <i class=\"fa fa-download\"><\/i>\r\n                <\/a>\r\n            <\/td>\r\n        <\/tr>\r\n    <\/tbody>\r\n<\/table>\r\n<p>\r\n    \u00a0<\/p>\r\n<h4>2012<\/h4>\r\n<table class=\"tablepress dataTable\" style=\"width:100%;\">\r\n    <thead>\r\n        <tr>\r\n            <th>N\u00fam.<\/th>\r\n            <th>Programa<\/th>\r\n            <th>MIR<\/th>\r\n        <\/tr>\r\n    <\/thead>\r\n    <tbody>\r\n        <tr>\r\n            <td>1<\/td>\r\n            <td>Programa de Pensi\u00f3n Alimentaria Bienestar Para Adultos Mayores de 70 y m\u00e1s A\u00f1os del Estado de Oaxaca<\/td>\r\n            <td>\r\n                <a href=\"\/jefatura\/wp-content\/uploads\/sites\/77\/pdf\/monitoreo\/progs_des_soc\/mir\/MIR_ADULTOSMAYORES_2012.pdf\" target=\"_blank\">\r\n                    <i class=\"fa fa-download\"><\/i>\r\n                <\/a>\r\n            <\/td>\r\n        <\/tr>\r\n        <tr>\r\n            <td>2<\/td>\r\n            <td>Programa Estatal de Becas para J\u00f3venes Estudiantes de Nivel Superior Residentes en el Estado de Oaxaca<\/td>\r\n            <td>\r\n                <a href=\"\/jefatura\/wp-content\/uploads\/sites\/77\/pdf\/monitoreo\/progs_des_soc\/mir\/MIR_BECAS_2012.pdf\" target=\"_blank\">\r\n                    <i class=\"fa fa-download\"><\/i>\r\n                <\/a>\r\n            <\/td>\r\n        <\/tr>\r\n        <tr>\r\n            <td>3<\/td>\r\n            <td>Programa Integral Bienestar de Prevenci\u00f3n al C\u00e1ncer C\u00e9rvico Uterino<\/td>\r\n            <td>\r\n                <a href=\"\/jefatura\/wp-content\/uploads\/sites\/77\/pdf\/monitoreo\/progs_des_soc\/mir\/MIR_C\u00c1NCER_CERVICOUTERINO_2012.pdf\" target=\"_blank\">\r\n                    <i class=\"fa fa-download\"><\/i>\r\n                <\/a>\r\n            <\/td>\r\n        <\/tr>\r\n        <tr>\r\n            <td>4<\/td>\r\n            <td>Programa Fondo Bienestar de Coinversi\u00f3n Social<\/td>\r\n            <td>\r\n                <a href=\"\/jefatura\/wp-content\/uploads\/sites\/77\/pdf\/monitoreo\/progs_des_soc\/mir\/MIR_COINVERSI\u00d3N_2012.pdf\" target=\"_blank\">\r\n                    <i class=\"fa fa-download\"><\/i>\r\n                <\/a>\r\n            <\/td>\r\n        <\/tr>\r\n        <tr>\r\n            <td>5<\/td>\r\n            <td>Programa Bienestar Impulso a las Jefas de Familia desempleadas o en situaci\u00f3n de violencia de g\u00e9nero<\/td>\r\n            <td>\r\n                <a href=\"\/jefatura\/wp-content\/uploads\/sites\/77\/pdf\/monitoreo\/progs_des_soc\/mir\/MIR_JEFAS_2012.pdf\" target=\"_blank\">\r\n                    <i class=\"fa fa-download\"><\/i>\r\n                <\/a>\r\n            <\/td>\r\n        <\/tr>\r\n        <tr>\r\n            <td>6<\/td>\r\n            <td>Programa Bienestar de Dotaci\u00f3n Gratuita de Uniformes Escolares a los Alumnos de Educaci\u00f3n B\u00e1sica en Escuelas P\u00fablicas del Estado de Oaxaca<\/td>\r\n            <td>\r\n                <a href=\"\/jefatura\/wp-content\/uploads\/sites\/77\/pdf\/monitoreo\/progs_des_soc\/mir\/MIR_UNIFORMES_2012.pdf\" target=\"_blank\">\r\n                    <i class=\"fa fa-download\"><\/i>\r\n                <\/a>\r\n            <\/td>\r\n        <\/tr>\r\n        <tr>\r\n            <td>7<\/td>\r\n            <td>Programa Bienestar de Dotaci\u00f3n Gratuita de \u00datiles Escolares a los Alumnos de Educaci\u00f3n B\u00e1sica en Escuelas P\u00fablicas del Estado de Oaxaca<\/td>\r\n            <td>\r\n                <a href=\"\/jefatura\/wp-content\/uploads\/sites\/77\/pdf\/monitoreo\/progs_des_soc\/mir\/MIR_\u00daTILES_2012.pdf\" target=\"_blank\">\r\n                    <i class=\"fa fa-download\"><\/i>\r\n                <\/a>\r\n            <\/td>\r\n        <\/tr>\r\n        <tr>\r\n            <td>8<\/td>\r\n            <td>Programa Bienestar de Apoyo a Personas con Discapacidad<\/td>\r\n            <td>\r\n                <a href=\"\/jefatura\/wp-content\/uploads\/sites\/77\/pdf\/monitoreo\/progs_des_soc\/mir\/MIR_APOYO_PERSONAS_DISCAPACIDAD_2012.pdf\" target=\"_blank\">\r\n                    <i class=\"fa fa-download\"><\/i>\r\n                <\/a>\r\n            <\/td>\r\n        <\/tr>\r\n        <tr>\r\n            <td>9<\/td>\r\n            <td>Programa Alfabetizaci\u00f3n<\/td>\r\n            <td>\r\n                <a href=\"\/jefatura\/wp-content\/uploads\/sites\/77\/pdf\/monitoreo\/progs_des_soc\/mir\/MIR_ALFABETIZACI\u00d3N_2012.pdf\" target=\"_blank\">\r\n                    <i class=\"fa fa-download\"><\/i>\r\n                <\/a>\r\n            <\/td>\r\n        <\/tr>\r\n        <tr>\r\n            <td>10<\/td>\r\n            <td>Programa Caminos y Carreteras<\/td>\r\n            <td>\r\n                <a href=\"\/jefatura\/wp-content\/uploads\/sites\/77\/pdf\/monitoreo\/progs_des_soc\/mir\/MIR_CAMINOS Y CARRETERAS_2012.pdf\" target=\"_blank\">\r\n                    <i class=\"fa fa-download\"><\/i>\r\n                <\/a>\r\n            <\/td>\r\n        <\/tr>\r\n        <tr>\r\n            <td>11<\/td>\r\n            <td>Programa Canc\u00e9r de Mama<\/td>\r\n            <td>\r\n                <a href=\"\/jefatura\/wp-content\/uploads\/sites\/77\/pdf\/monitoreo\/progs_des_soc\/mir\/MIR_CANCER_DE_MAMA_2012.pdf\" target=\"_blank\">\r\n                    <i class=\"fa fa-download\"><\/i>\r\n                <\/a>\r\n            <\/td>\r\n        <\/tr>\r\n    <\/tbody>\r\n<\/table>\n<\/div>\n<\/div>\n","protected":false},"excerpt":{"rendered":"<p>Indicadores Estrat\u00e9gicos Indicadores de Gesti\u00f3n Programas Estatales Programas de Desarrollo Social Plan Estatal de Desarrollo 2022-2028 Datos abiertos Anteriores Plan Estatal de Desarrollo 2022-2028 Anteriores MIR 2021 MIR 2020 MIR 2019 MIR 2018 MIR 2017 MIR 2016 MIR 2015 Matriz de Indicadores para Resultados 2021 Matriz de Indicadores para Resultados 2020 Matriz de Indicadores para [&hellip;]<\/p>\n","protected":false},"author":1,"featured_media":0,"parent":0,"menu_order":0,"comment_status":"closed","ping_status":"closed","template":"","meta":{"episode_type":"","audio_file":"","podmotor_file_id":"","podmotor_episode_id":"","cover_image":"","cover_image_id":"","duration":"","filesize":"","filesize_raw":"","date_recorded":"","explicit":"","block":"","itunes_episode_number":"","itunes_title":"","itunes_season_number":"","itunes_episode_type":"","footnotes":""},"categories":[],"tags":[],"class_list":["post-246","page","type-page","status-publish","hentry"],"acf":[],"publishpress_future_action":{"enabled":false,"date":"2026-05-10 02:49:59","action":"change-status","newStatus":"draft","terms":[],"taxonomy":"category","extraData":[]},"publishpress_future_workflow_manual_trigger":{"enabledWorkflows":[]},"_links":{"self":[{"href":"https:\/\/www.oaxaca.gob.mx\/sed\/wp-json\/wp\/v2\/pages\/246","targetHints":{"allow":["GET"]}}],"collection":[{"href":"https:\/\/www.oaxaca.gob.mx\/sed\/wp-json\/wp\/v2\/pages"}],"about":[{"href":"https:\/\/www.oaxaca.gob.mx\/sed\/wp-json\/wp\/v2\/types\/page"}],"author":[{"embeddable":true,"href":"https:\/\/www.oaxaca.gob.mx\/sed\/wp-json\/wp\/v2\/users\/1"}],"replies":[{"embeddable":true,"href":"https:\/\/www.oaxaca.gob.mx\/sed\/wp-json\/wp\/v2\/comments?post=246"}],"version-history":[{"count":2,"href":"https:\/\/www.oaxaca.gob.mx\/sed\/wp-json\/wp\/v2\/pages\/246\/revisions"}],"predecessor-version":[{"id":6883,"href":"https:\/\/www.oaxaca.gob.mx\/sed\/wp-json\/wp\/v2\/pages\/246\/revisions\/6883"}],"wp:attachment":[{"href":"https:\/\/www.oaxaca.gob.mx\/sed\/wp-json\/wp\/v2\/media?parent=246"}],"wp:term":[{"taxonomy":"category","embeddable":true,"href":"https:\/\/www.oaxaca.gob.mx\/sed\/wp-json\/wp\/v2\/categories?post=246"},{"taxonomy":"post_tag","embeddable":true,"href":"https:\/\/www.oaxaca.gob.mx\/sed\/wp-json\/wp\/v2\/tags?post=246"}],"curies":[{"name":"wp","href":"https:\/\/api.w.org\/{rel}","templated":true}]}}