{"id":4430,"date":"2019-08-05T23:23:07","date_gmt":"2019-08-05T21:23:07","guid":{"rendered":"https:\/\/www.oaxaca.gob.mx\/sectur\/?page_id=4430"},"modified":"2019-08-05T23:23:07","modified_gmt":"2019-08-05T21:23:07","slug":"marco-juridico","status":"publish","type":"page","link":"https:\/\/www.oaxaca.gob.mx\/sectur\/marco-juridico\/","title":{"rendered":"Marco Jur\u00eddico"},"content":{"rendered":"\n<table id=\"tablepress-tbl_marco_juridico\" class=\"tablepress tablepress-id-tbl_marco_juridico\">\n<thead>\n<tr class=\"row-1\">\n\t<th class=\"column-1\">Documento<\/th><th class=\"column-2\">Descarga<\/th>\n<\/tr>\n<\/thead>\n<tbody class=\"row-striping row-hover\">\n<tr class=\"row-2\">\n\t<td class=\"column-1\"><b>TRATADOS INTERNACIONALES<\/b><\/td><td class=\"column-2\"><\/td>\n<\/tr>\n<tr class=\"row-3\">\n\t<td class=\"column-1\">Acuerdo de integraci\u00f3n comercial entre los estados unidos mexicanos y la rep\u00fablica del Per\u00fa<\/td><td class=\"column-2\"><a href=\"https:\/\/www.oaxaca.gob.mx\/sectur\/wp-content\/uploads\/sites\/65\/2024\/10\/ACUERDO-DE-INTEGRACION-COMERCIAL-ENTRE-LOS-ESTADOS-UNIDAOS-MEXICANOS-Y-LA-REPUBLICA-DEL-PERU.pdf\" target=\"_blank\" rel=\"noopener noreferrer\"><i class=\"far fa-file-pdf fa-2x\"> <\/i><\/a><\/td>\n<\/tr>\n<tr class=\"row-4\">\n\t<td class=\"column-1\">Carta de la organizaci\u00f3n de los estados americanos.<\/td><td class=\"column-2\"><a href=\"https:\/\/www.oaxaca.gob.mx\/sectur\/wp-content\/uploads\/sites\/65\/2024\/10\/CARTA-DE-LA-ORGANIZACION-DE-LOS-ESTADOS-AMERICANOS.pdf\" target=\"_blank\" rel=\"noopener noreferrer\"><i class=\"far fa-file-pdf fa-2x\"> <\/i><\/a><\/td>\n<\/tr>\n<tr class=\"row-5\">\n\t<td class=\"column-1\">Carta de la organizaci\u00f3n de las naciones unidas<\/td><td class=\"column-2\"><a href=\"https:\/\/www.oaxaca.gob.mx\/sectur\/wp-content\/uploads\/sites\/65\/2024\/10\/CARTA-DE-LA-ORGANIZACION-DE-LAS-NACIONES-UNIDAS.pdf\" target=\"_blank\" rel=\"noopener noreferrer\"><i class=\"far fa-file-pdf fa-2x\"> <\/i><\/a><\/td>\n<\/tr>\n<tr class=\"row-6\">\n\t<td class=\"column-1\">Convenci\u00f3n americana sobre derechos humanos \u201cPacto de San Jos\u00e9 de Costa Rica\u201d<\/td><td class=\"column-2\"><a href=\"https:\/\/www.oaxaca.gob.mx\/sectur\/wp-content\/uploads\/sites\/65\/2024\/10\/CONVENCION-AMERICANA-SOBRE-DERECHOS-HUMANOS-PACTO-SAN-JOSE-DE-COSTA-RICA-.pdf\" target=\"_blank\" rel=\"noopener noreferrer\"><i class=\"far fa-file-pdf fa-2x\"> <\/i><\/a><\/td>\n<\/tr>\n<tr class=\"row-7\">\n\t<td class=\"column-1\">Convenci\u00f3n de Viena sobre el derecho de los tratados<\/td><td class=\"column-2\"><a href=\"https:\/\/www.oaxaca.gob.mx\/sectur\/wp-content\/uploads\/sites\/65\/2024\/10\/CONVENCION-DE-VIENA-SOBRE-EL-DERECHO-DE-LOS-TRATADOS.pdf\" target=\"_blank\" rel=\"noopener noreferrer\"><i class=\"far fa-file-pdf fa-2x\"> <\/i><\/a><\/td>\n<\/tr>\n<tr class=\"row-8\">\n\t<td class=\"column-1\">Convenio modificatorio del acuerdo de cooperaci\u00f3n en materia de asistencia jur\u00eddica entre el gobierno de los estados unidos mexicanos y el gobierno de la rep\u00fablica de Colombia<\/td><td class=\"column-2\"><a href=\"https:\/\/www.oaxaca.gob.mx\/sectur\/wp-content\/uploads\/sites\/65\/2024\/10\/CONVENIO-MODIFICATORIO-EN-MATERIA-DE-ASISTENCIA-JURIDICA.pdf\" target=\"_blank\" rel=\"noopener noreferrer\"><i class=\"far fa-file-pdf fa-2x\"> <\/i><\/a><\/td>\n<\/tr>\n<tr class=\"row-9\">\n\t<td class=\"column-1\">Tratado de libre comercio entre los estados unidos mexicanos, la rep\u00fablica de Colombia y la rep\u00fablica de Venezuela<\/td><td class=\"column-2\"><a href=\"https:\/\/www.oaxaca.gob.mx\/sectur\/wp-content\/uploads\/sites\/65\/2024\/10\/TRATADO-DEL-LIBRE-COMERCIO-ENTRE-LOS-ESTADOS-UNIDOS-MEXICANOS-Y-LA-REPUBLICA-DE-COLOMBIA.pdf\" target=\"_blank\" rel=\"noopener noreferrer\"><i class=\"far fa-file-pdf fa-2x\"> <\/i><\/a><\/td>\n<\/tr>\n<tr class=\"row-10\">\n\t<td class=\"column-1\"><b>LEYES FEDERALES<\/b><\/td><td class=\"column-2\"><\/td>\n<\/tr>\n<tr class=\"row-11\">\n\t<td class=\"column-1\">C\u00f3digo civil federal<\/td><td class=\"column-2\"><a href=\"https:\/\/www.oaxaca.gob.mx\/sectur\/wp-content\/uploads\/sites\/65\/2024\/10\/CODIGO-CIVIL-FEDERAL.pdf\" target=\"_blank\" rel=\"noopener noreferrer\"><i class=\"far fa-file-pdf fa-2x\"> <\/i><\/a><\/td>\n<\/tr>\n<tr class=\"row-12\">\n\t<td class=\"column-1\">C\u00f3digo de comercio<\/td><td class=\"column-2\"><a href=\"https:\/\/www.oaxaca.gob.mx\/sectur\/wp-content\/uploads\/sites\/65\/2024\/10\/CODIGO-DE-COMERCIO.pdf\" target=\"_blank\" rel=\"noopener noreferrer\"><i class=\"far fa-file-pdf fa-2x\"> <\/i><\/a><\/td>\n<\/tr>\n<tr class=\"row-13\">\n\t<td class=\"column-1\">C\u00f3digo federal de procedimientos civiles<\/td><td class=\"column-2\"><a href=\"https:\/\/www.oaxaca.gob.mx\/sectur\/wp-content\/uploads\/sites\/65\/2024\/10\/CODIGO-FEDERAL-DE-PROCEDIMIENTOS-CIVILES.pdf\" target=\"_blank\" rel=\"noopener noreferrer\"><i class=\"far fa-file-pdf fa-2x\"> <\/i><\/a><\/td>\n<\/tr>\n<tr class=\"row-14\">\n\t<td class=\"column-1\">C\u00f3digo nacional de procedimientos civiles y familiares<\/td><td class=\"column-2\"><a href=\"https:\/\/www.oaxaca.gob.mx\/sectur\/wp-content\/uploads\/sites\/65\/2024\/10\/CODIGO-NACIONAL-DE-PROCEDIMIENTOS-CIVILES-Y-FAMILIARES.pdf\" target=\"_blank\" rel=\"noopener noreferrer\"><i class=\"far fa-file-pdf fa-2x\"> <\/i><\/a><\/td>\n<\/tr>\n<tr class=\"row-15\">\n\t<td class=\"column-1\">C\u00f3digo nacional de procedimientos penales<\/td><td class=\"column-2\"><a href=\"https:\/\/www.oaxaca.gob.mx\/sectur\/wp-content\/uploads\/sites\/65\/2024\/10\/CODIGO-NACIONAL-DE-PROCEDIMIENTOS-PENALES.pdf\" target=\"_blank\" rel=\"noopener noreferrer\"><i class=\"far fa-file-pdf fa-2x\"> <\/i><\/a><\/td>\n<\/tr>\n<tr class=\"row-16\">\n\t<td class=\"column-1\">C\u00f3digo penal federal<\/td><td class=\"column-2\"><a href=\"https:\/\/www.oaxaca.gob.mx\/sectur\/wp-content\/uploads\/sites\/65\/2024\/10\/CODIGO-PENAL-FEDERAL.pdf\" target=\"_blank\" rel=\"noopener noreferrer\"><i class=\"far fa-file-pdf fa-2x\"> <\/i><\/a><\/td>\n<\/tr>\n<tr class=\"row-17\">\n\t<td class=\"column-1\">Constituci\u00f3n pol\u00edtica de los Estados Unidos Mexicanos<\/td><td class=\"column-2\"><a href=\"https:\/\/www.oaxaca.gob.mx\/sectur\/wp-content\/uploads\/sites\/65\/2024\/10\/CONSTITUCION-POLITICA-DE-LOS-ESTADOS-UNIDOS-MEXICANOS.pdf\" target=\"_blank\" rel=\"noopener noreferrer\"><i class=\"far fa-file-pdf fa-2x\"> <\/i><\/a><\/td>\n<\/tr>\n<tr class=\"row-18\">\n\t<td class=\"column-1\">Ley de adquisiciones, arrendamientos y servicios del sector p\u00fablico<\/td><td class=\"column-2\"><a href=\"https:\/\/www.oaxaca.gob.mx\/sectur\/wp-content\/uploads\/sites\/65\/2024\/10\/LEY-DE-ADQUISICIONES-ARRENDAMIENTOS-Y-SERVICIOS-DEL-SECTOR-PUBLICO.pdf\" target=\"_blank\" rel=\"noopener noreferrer\"><i class=\"far fa-file-pdf fa-2x\"> <\/i><\/a><\/td>\n<\/tr>\n<tr class=\"row-19\">\n\t<td class=\"column-1\">Ley de amparo<\/td><td class=\"column-2\"><a href=\"https:\/\/www.oaxaca.gob.mx\/sectur\/wp-content\/uploads\/sites\/65\/2024\/10\/LEY-DE-AMPARO.pdf\" target=\"_blank\" rel=\"noopener noreferrer\"><i class=\"far fa-file-pdf fa-2x\"> <\/i><\/a><\/td>\n<\/tr>\n<tr class=\"row-20\">\n\t<td class=\"column-1\">Ley del seguro social<\/td><td class=\"column-2\"><a href=\"https:\/\/www.oaxaca.gob.mx\/sectur\/wp-content\/uploads\/sites\/65\/2024\/10\/LEY-DEL-SEGURO-SOCIAL.pdf\" target=\"_blank\" rel=\"noopener noreferrer\"><i class=\"far fa-file-pdf fa-2x\"> <\/i><\/a><\/td>\n<\/tr>\n<tr class=\"row-21\">\n\t<td class=\"column-1\">Ley federal de derechos<\/td><td class=\"column-2\"><a href=\"https:\/\/www.oaxaca.gob.mx\/sectur\/wp-content\/uploads\/sites\/65\/2024\/10\/LEY-FEDERAL-DE-DERECHOS.pdf\" target=\"_blank\" rel=\"noopener noreferrer\"><i class=\"far fa-file-pdf fa-2x\"> <\/i><\/a><\/td>\n<\/tr>\n<tr class=\"row-22\">\n\t<td class=\"column-1\">Ley federal del trabajo<\/td><td class=\"column-2\"><a href=\"https:\/\/www.oaxaca.gob.mx\/sectur\/wp-content\/uploads\/sites\/65\/2024\/10\/LEY-FEDERAL-DEL-TRABAJO.pdf\" target=\"_blank\" rel=\"noopener noreferrer\"><i class=\"far fa-file-pdf fa-2x\"> <\/i><\/a><\/td>\n<\/tr>\n<tr class=\"row-23\">\n\t<td class=\"column-1\">Ley general de archivos<\/td><td class=\"column-2\"><a href=\"https:\/\/www.oaxaca.gob.mx\/sectur\/wp-content\/uploads\/sites\/65\/2024\/10\/LEY-GENERAL-DE-ARCHIVOS.pdf\" target=\"_blank\" rel=\"noopener noreferrer\"><i class=\"far fa-file-pdf fa-2x\"> <\/i><\/a><\/td>\n<\/tr>\n<tr class=\"row-24\">\n\t<td class=\"column-1\">Ley general de sociedades mercantiles<\/td><td class=\"column-2\"><a href=\"https:\/\/www.oaxaca.gob.mx\/sectur\/wp-content\/uploads\/sites\/65\/2024\/10\/LEY-GENERAL-DE-SOCIEDADES-MERCANTILES.pdf\" target=\"_blank\" rel=\"noopener noreferrer\"><i class=\"far fa-file-pdf fa-2x\"> <\/i><\/a><\/td>\n<\/tr>\n<tr class=\"row-25\">\n\t<td class=\"column-1\">Ley general de transparencia y acceso a la informaci\u00f3n p\u00fablica<\/td><td class=\"column-2\"><a href=\"https:\/\/www.oaxaca.gob.mx\/sectur\/wp-content\/uploads\/sites\/65\/2024\/10\/LEY-GENERAL-DE-TRANSPARENCIA-Y-ACCESO-A-LA-INFORMACION-PUBLICA.pdf\" target=\"_blank\" rel=\"noopener noreferrer\"><i class=\"far fa-file-pdf fa-2x\"> <\/i><\/a><\/td>\n<\/tr>\n<tr class=\"row-26\">\n\t<td class=\"column-1\">Ley general de turismo<\/td><td class=\"column-2\"><a href=\"https:\/\/www.oaxaca.gob.mx\/sectur\/wp-content\/uploads\/sites\/65\/2024\/10\/LEY-GENERAL-DE-TURISMO.pdf\" target=\"_blank\" rel=\"noopener noreferrer\"><i class=\"far fa-file-pdf fa-2x\"> <\/i><\/a><\/td>\n<\/tr>\n<tr class=\"row-27\">\n\t<td class=\"column-1\"><b>LEYES LOCALES<\/b><\/td><td class=\"column-2\"><\/td>\n<\/tr>\n<tr class=\"row-28\">\n\t<td class=\"column-1\">C\u00f3digo penal para el estado libre y soberano de Oaxaca<\/td><td class=\"column-2\"><a href=\"https:\/\/www.oaxaca.gob.mx\/sectur\/wp-content\/uploads\/sites\/65\/2024\/10\/CODIGO-PENAL-PARA-EL-ESTADO-LIBRE-Y-SOBERANO-DE-OAXACA.pdf\" target=\"_blank\" rel=\"noopener noreferrer\"><i class=\"far fa-file-pdf fa-2x\"> <\/i><\/a><\/td>\n<\/tr>\n<tr class=\"row-29\">\n\t<td class=\"column-1\">Constituci\u00f3n pol\u00edtica del estado libre y soberano de Oaxaca<\/td><td class=\"column-2\"><a href=\"https:\/\/www.oaxaca.gob.mx\/sectur\/wp-content\/uploads\/sites\/65\/2024\/10\/CONSTITUCION-POLITICA-DEL-ESTADO-LIBRE-Y-SOBERANO-DE-OAX.pdf\" target=\"_blank\" rel=\"noopener noreferrer\"><i class=\"far fa-file-pdf fa-2x\"> <\/i><\/a><\/td>\n<\/tr>\n<tr class=\"row-30\">\n\t<td class=\"column-1\">Ley de adquisiciones, enajenaciones, arrendamientos, prestaci\u00f3n de servicios y administraci\u00f3n de bienes muebles e inmuebles del estado de Oaxaca<\/td><td class=\"column-2\"><a href=\"https:\/\/www.oaxaca.gob.mx\/sectur\/wp-content\/uploads\/sites\/65\/2024\/10\/LEY-DE-ADQUISICIONES-ENAJENACIONES-ARRENDAMIENTOS-PRESTACION-DE-SERVICIOS-Y-ADMINISTRACION-DE-BIENES-MUEBLES-E-INMUEBLES-DEL-ESTADO-DE-OAXACA.pdf\" target=\"_blank\" rel=\"noopener noreferrer\"><i class=\"far fa-file-pdf fa-2x\"> <\/i><\/a><\/td>\n<\/tr>\n<tr class=\"row-31\">\n\t<td class=\"column-1\">Ley de archivos para el estado de Oaxaca<\/td><td class=\"column-2\"><a href=\"https:\/\/www.oaxaca.gob.mx\/sectur\/wp-content\/uploads\/sites\/65\/2024\/10\/LEY-DE-ARCHIVOS-PARA-EL-ESTADO-DE-OAXACA.pdf\" target=\"_blank\" rel=\"noopener noreferrer\"><i class=\"far fa-file-pdf fa-2x\"> <\/i><\/a><\/td>\n<\/tr>\n<tr class=\"row-32\">\n\t<td class=\"column-1\">Ley de bienes pertenecientes al estado de Oaxaca<\/td><td class=\"column-2\"><a href=\"https:\/\/www.oaxaca.gob.mx\/sectur\/wp-content\/uploads\/sites\/65\/2024\/10\/Ley-de-Bienes-Pertenecientes-al-Estado-de-Oaxaca.pdf\" target=\"_blank\" rel=\"noopener noreferrer\"><i class=\"far fa-file-pdf fa-2x\"> <\/i><\/a><\/td>\n<\/tr>\n<tr class=\"row-33\">\n\t<td class=\"column-1\">Ley de entidades paraestatales del estado de Oaxaca<\/td><td class=\"column-2\"><a href=\"https:\/\/www.oaxaca.gob.mx\/sectur\/wp-content\/uploads\/sites\/65\/2024\/10\/LEY-DE-ENTIDADES-PARAESTATALES-DEL-ESTADO-DE-OAXACA.pdf\" target=\"_blank\" rel=\"noopener noreferrer\"><i class=\"far fa-file-pdf fa-2x\"> <\/i><\/a><\/td>\n<\/tr>\n<tr class=\"row-34\">\n\t<td class=\"column-1\">Ley de mejora regulatoria para el estado de Oaxaca y sus municipios<\/td><td class=\"column-2\"><a href=\"https:\/\/www.oaxaca.gob.mx\/sectur\/wp-content\/uploads\/sites\/65\/2024\/10\/LEY-DE-MEJORA-REGULATORIA-PARA-EL-ESTADO-DE-OAXACA-Y-SUS-MUNICIPIOS.pdf\" target=\"_blank\" rel=\"noopener noreferrer\"><i class=\"far fa-file-pdf fa-2x\"> <\/i><\/a><\/td>\n<\/tr>\n<tr class=\"row-35\">\n\t<td class=\"column-1\">Ley de planeaci\u00f3n, desarrollo administrativo y servicios p\u00fablicos municipales<\/td><td class=\"column-2\"><a href=\"https:\/\/www.oaxaca.gob.mx\/sectur\/wp-content\/uploads\/sites\/65\/2024\/10\/LEY-DE-PLANEACION-DESARROLLO-ADMINISTRATIVO-Y-SERVICIOS-PUBLICOS-MUNICIPALES.pdf\" target=\"_blank\" rel=\"noopener noreferrer\"><i class=\"far fa-file-pdf fa-2x\"> <\/i><\/a><\/td>\n<\/tr>\n<tr class=\"row-36\">\n\t<td class=\"column-1\">Ley de protecci\u00f3n de datos personales en posesi\u00f3n de sujetos obligados del estado de Oaxaca<\/td><td class=\"column-2\"><a href=\"https:\/\/www.oaxaca.gob.mx\/sectur\/wp-content\/uploads\/sites\/65\/2024\/10\/LEY-DE-PROTECCION-DE-DATOS-PERSONALES-EN-POSESION-DE-SUJETOS-OBLIGADOS-DEL-ESTADO-DE-OAXACA.pdf\" target=\"_blank\" rel=\"noopener noreferrer\"><i class=\"far fa-file-pdf fa-2x\"> <\/i><\/a><\/td>\n<\/tr>\n<tr class=\"row-37\">\n\t<td class=\"column-1\">Ley de responsabilidades administrativas del estado y municipios de Oaxaca<\/td><td class=\"column-2\"><a href=\"https:\/\/www.oaxaca.gob.mx\/sectur\/wp-content\/uploads\/sites\/65\/2024\/10\/LEY-DE-RESPONSABILIDADES-ADMINISTRATIVAS-DEL-ESTADO-Y-MUNICIPIOS-DE-OAXACA.pdf\" target=\"_blank\" rel=\"noopener noreferrer\"><i class=\"far fa-file-pdf fa-2x\"> <\/i><\/a><\/td>\n<\/tr>\n<tr class=\"row-38\">\n\t<td class=\"column-1\">Ley de coordinaci\u00f3n para el fomento del aprovechamiento sustentable de las fuentes de energ\u00eda renovable en el estado de Oaxaca<\/td><td class=\"column-2\"><a href=\"https:\/\/www.oaxaca.gob.mx\/sectur\/wp-content\/uploads\/sites\/65\/2024\/10\/LEY-DE-COORDINACION-PARA-EL-FOMENTO-DEL-APROVECHAMIENTO-SUSTENTABLE-DE-LAS-FUENTES-DE-ENERGIA-RENOVABLE-EN-EL-ESTADO-DE-OAXACA.pdf\" target=\"_blank\" rel=\"noopener noreferrer\"><i class=\"far fa-file-pdf fa-2x\"> <\/i><\/a><\/td>\n<\/tr>\n<tr class=\"row-39\">\n\t<td class=\"column-1\">Ley de derechos de los pueblos y comunidades ind\u00edgenas y afromexicano del estado de Oaxaca<\/td><td class=\"column-2\"><a href=\"https:\/\/www.oaxaca.gob.mx\/sectur\/wp-content\/uploads\/sites\/65\/2024\/10\/LEY-DE-DERECHOS-DE-LOS-PUEBLOS-Y-COMUNIDADES-INDIGENAS-Y-AFROMEXICANO-DEL-ESTADO-DE-OAXACA.pdf\" target=\"_blank\" rel=\"noopener noreferrer\"><i class=\"far fa-file-pdf fa-2x\"> <\/i><\/a><\/td>\n<\/tr>\n<tr class=\"row-40\">\n\t<td class=\"column-1\">Ley de ingresos del estado de Oaxaca para el ejercicio fiscal 2024<\/td><td class=\"column-2\"><a href=\"https:\/\/www.oaxaca.gob.mx\/sectur\/wp-content\/uploads\/sites\/65\/2024\/10\/LEY-DE-INGRESOS-DEL-ESTADO-DE-OAXACA-PARA-EL-EJERCICIO-FISCAL-2024.pdf\" target=\"_blank\" rel=\"noopener noreferrer\"><i class=\"far fa-file-pdf fa-2x\"> <\/i><\/a><\/td>\n<\/tr>\n<tr class=\"row-41\">\n\t<td class=\"column-1\">Ley de procedimiento y justicia administrativa para el estado de Oaxaca<\/td><td class=\"column-2\"><a href=\"https:\/\/www.oaxaca.gob.mx\/sectur\/wp-content\/uploads\/sites\/65\/2024\/10\/LEY-DE-PROCEDIMIENTO-Y-JUSTICIA-ADMINISTRATIVA-PARA-EL-ESTADO-DE-OAXACA.pdf\" target=\"_blank\" rel=\"noopener noreferrer\"><i class=\"far fa-file-pdf fa-2x\"> <\/i><\/a><\/td>\n<\/tr>\n<tr class=\"row-42\">\n\t<td class=\"column-1\">Ley de transparencia, acceso a la informaci\u00f3n p\u00fablica y buen gobierno del estado de Oaxaca<\/td><td class=\"column-2\"><a href=\"https:\/\/www.oaxaca.gob.mx\/sectur\/wp-content\/uploads\/sites\/65\/2024\/10\/LEY-DE-TRANSPARENCIA-ACCESO-A-LA-INFORMACION-PUBLICA-Y-BUEN-GOBIERNO-DEL-ESTADO-DE-OAXACA.pdf\" target=\"_blank\" rel=\"noopener noreferrer\"><i class=\"far fa-file-pdf fa-2x\"> <\/i><\/a><\/td>\n<\/tr>\n<tr class=\"row-43\">\n\t<td class=\"column-1\">Ley de turismo del estado de Oaxaca<\/td><td class=\"column-2\"><a href=\"https:\/\/www.oaxaca.gob.mx\/sectur\/wp-content\/uploads\/sites\/65\/2024\/10\/LEY-DE-TURISMO-DEL-ESTADO-DE-OAXACA.pdf\" target=\"_blank\" rel=\"noopener noreferrer\"><i class=\"far fa-file-pdf fa-2x\"> <\/i><\/a><\/td>\n<\/tr>\n<tr class=\"row-44\">\n\t<td class=\"column-1\">Ley estatal de derechos de Oaxaca<\/td><td class=\"column-2\"><a href=\"https:\/\/www.oaxaca.gob.mx\/sectur\/wp-content\/uploads\/sites\/65\/2024\/10\/LEY-ESTATAL-DE-DERECHOS-DE-OAXACA.pdf\" target=\"_blank\" rel=\"noopener noreferrer\"><i class=\"far fa-file-pdf fa-2x\"> <\/i><\/a><\/td>\n<\/tr>\n<tr class=\"row-45\">\n\t<td class=\"column-1\">Ley estatal de hacienda<\/td><td class=\"column-2\"><a href=\"https:\/\/www.oaxaca.gob.mx\/sectur\/wp-content\/uploads\/sites\/65\/2024\/10\/LEY-ESTATAL-DE-HACIENDA.pdf\" target=\"_blank\" rel=\"noopener noreferrer\"><i class=\"far fa-file-pdf fa-2x\"> <\/i><\/a><\/td>\n<\/tr>\n<tr class=\"row-46\">\n\t<td class=\"column-1\">Ley estatal de presupuesto y responsabilidad hacendaria<\/td><td class=\"column-2\"><a href=\"https:\/\/www.oaxaca.gob.mx\/sectur\/wp-content\/uploads\/sites\/65\/2024\/10\/LEY-ESTATAL-DE-PRESUPUESTO-Y-RESPONSABILIDAD-HACENDARIA.pdf\" target=\"_blank\" rel=\"noopener noreferrer\"><i class=\"far fa-file-pdf fa-2x\"> <\/i><\/a><\/td>\n<\/tr>\n<tr class=\"row-47\">\n\t<td class=\"column-1\">Ley org\u00e1nica del poder ejecutivo del estado de Oaxaca<\/td><td class=\"column-2\"><a href=\"https:\/\/www.oaxaca.gob.mx\/sectur\/wp-content\/uploads\/sites\/65\/2024\/10\/LEY-ORGANICA-DEL-PODER-EJECUTIVO-DEL-ESTADO-DE-OAXACA.pdf\" target=\"_blank\" rel=\"noopener noreferrer\"><i class=\"far fa-file-pdf fa-2x\"> <\/i><\/a><\/td>\n<\/tr>\n<tr class=\"row-48\">\n\t<td class=\"column-1\">Ley org\u00e1nica municipal del estado de Oaxaca<\/td><td class=\"column-2\"><a href=\"https:\/\/www.oaxaca.gob.mx\/sectur\/wp-content\/uploads\/sites\/65\/2024\/10\/LEY-ORGANICA-MUNICIPAL-DEL-ESTADO-DE-OAXACA.pdf\" target=\"_blank\" rel=\"noopener noreferrer\"><i class=\"far fa-file-pdf fa-2x\"> <\/i><\/a><\/td>\n<\/tr>\n<tr class=\"row-49\">\n\t<td class=\"column-1\">REGLAMENTOS Y MANUALES<\/td><td class=\"column-2\"><\/td>\n<\/tr>\n<tr class=\"row-50\">\n\t<td class=\"column-1\">Reglamento de la ley de adquisiciones, arrendamientos y servicios del sector p\u00fablico<\/td><td class=\"column-2\"><a href=\"https:\/\/www.oaxaca.gob.mx\/sectur\/wp-content\/uploads\/sites\/65\/2024\/10\/REGLAMENTO-DE-LA-LEY-DE-ADQUISICIONES-ARRENDAMIENTOS-Y-SERVICIOS-DEL-SECTOR-PUBLICO.pdf\" target=\"_blank\" rel=\"noopener noreferrer\"><i class=\"far fa-file-pdf fa-2x\"> <\/i><\/a><\/td>\n<\/tr>\n<tr class=\"row-51\">\n\t<td class=\"column-1\">Reglamento de la ley estatal de presupuesto y responsabilidad hacendaria<\/td><td class=\"column-2\"><a href=\"https:\/\/www.oaxaca.gob.mx\/sectur\/wp-content\/uploads\/sites\/65\/2024\/10\/REGLAMENTO-DE-LA-LEY-ESTATAL-DE-PRESUPUESTO-Y-RESPONSABILIDAD-HACENDARIA.pdf\" target=\"_blank\" rel=\"noopener noreferrer\"><i class=\"far fa-file-pdf fa-2x\"> <\/i><\/a><\/td>\n<\/tr>\n<tr class=\"row-52\">\n\t<td class=\"column-1\">Reglamento interno de la Secretar\u00eda de Turismo<\/td><td class=\"column-2\"><a href=\"https:\/\/www.oaxaca.gob.mx\/sectur\/wp-content\/uploads\/sites\/65\/2024\/11\/P.O.-REGLAMENTO-INTERNO-DE-LA-SECRETARIA-DE-TURISMO-9-11-2024.pdf\" target=\"_blank\" rel=\"noopener noreferrer\"><i class=\"far fa-file-pdf fa-2x\"> <\/i><\/a><\/td>\n<\/tr>\n<\/tbody>\n<\/table>\n<!-- #tablepress-tbl_marco_juridico from cache -->\n","protected":false},"excerpt":{"rendered":"","protected":false},"author":1,"featured_media":0,"parent":0,"menu_order":0,"comment_status":"closed","ping_status":"closed","template":"","meta":{"episode_type":"","audio_file":"","podmotor_file_id":"","podmotor_episode_id":"","cover_image":"","cover_image_id":"","duration":"","filesize":"","filesize_raw":"","date_recorded":"","explicit":"","block":"","itunes_episode_number":"","itunes_title":"","itunes_season_number":"","itunes_episode_type":"","footnotes":""},"categories":[],"tags":[],"class_list":["post-4430","page","type-page","status-publish","hentry"],"acf":[],"publishpress_future_action":{"enabled":false,"date":"2026-05-07 13:07:11","action":"change-status","newStatus":"draft","terms":[],"taxonomy":"category","extraData":[]},"publishpress_future_workflow_manual_trigger":{"enabledWorkflows":[]},"_links":{"self":[{"href":"https:\/\/www.oaxaca.gob.mx\/sectur\/wp-json\/wp\/v2\/pages\/4430","targetHints":{"allow":["GET"]}}],"collection":[{"href":"https:\/\/www.oaxaca.gob.mx\/sectur\/wp-json\/wp\/v2\/pages"}],"about":[{"href":"https:\/\/www.oaxaca.gob.mx\/sectur\/wp-json\/wp\/v2\/types\/page"}],"author":[{"embeddable":true,"href":"https:\/\/www.oaxaca.gob.mx\/sectur\/wp-json\/wp\/v2\/users\/1"}],"replies":[{"embeddable":true,"href":"https:\/\/www.oaxaca.gob.mx\/sectur\/wp-json\/wp\/v2\/comments?post=4430"}],"version-history":[{"count":0,"href":"https:\/\/www.oaxaca.gob.mx\/sectur\/wp-json\/wp\/v2\/pages\/4430\/revisions"}],"wp:attachment":[{"href":"https:\/\/www.oaxaca.gob.mx\/sectur\/wp-json\/wp\/v2\/media?parent=4430"}],"wp:term":[{"taxonomy":"category","embeddable":true,"href":"https:\/\/www.oaxaca.gob.mx\/sectur\/wp-json\/wp\/v2\/categories?post=4430"},{"taxonomy":"post_tag","embeddable":true,"href":"https:\/\/www.oaxaca.gob.mx\/sectur\/wp-json\/wp\/v2\/tags?post=4430"}],"curies":[{"name":"wp","href":"https:\/\/api.w.org\/{rel}","templated":true}]}}