{"id":356,"date":"2017-03-24T23:40:23","date_gmt":"2017-03-25T05:40:23","guid":{"rendered":"http:\/\/www.coplade.oaxaca.gob.mx\/?page_id=356"},"modified":"2022-06-06T15:04:47","modified_gmt":"2022-06-06T20:04:47","slug":"noticias","status":"publish","type":"page","link":"https:\/\/www.oaxaca.gob.mx\/planeacion\/noticias\/","title":{"rendered":"Noticias"},"content":{"rendered":"\n\n<div class=\"su-posts su-posts-default-loop \">\n\n\t\n\t\t\t\t\t\n\t\t\t\n\t\t\t<div id=\"su-post-13780\" class=\"su-post \">\n\n\t\t\t\t\t\t\t\t\t<a class=\"su-post-thumbnail\" href=\"https:\/\/www.oaxaca.gob.mx\/planeacion\/publicacion-de-resultados-integracion-cepci-2026-2029\/\"><img loading=\"lazy\" decoding=\"async\" width=\"1420\" height=\"600\" src=\"https:\/\/www.oaxaca.gob.mx\/planeacion\/wp-content\/uploads\/sites\/29\/2026\/04\/Resultados-de-votacion.png\" class=\"attachment-post-thumbnail size-post-thumbnail wp-post-image\" alt=\"\" srcset=\"https:\/\/www.oaxaca.gob.mx\/planeacion\/wp-content\/uploads\/sites\/29\/2026\/04\/Resultados-de-votacion.png 1420w, https:\/\/www.oaxaca.gob.mx\/planeacion\/wp-content\/uploads\/sites\/29\/2026\/04\/Resultados-de-votacion-300x127.png 300w, https:\/\/www.oaxaca.gob.mx\/planeacion\/wp-content\/uploads\/sites\/29\/2026\/04\/Resultados-de-votacion-1024x433.png 1024w, https:\/\/www.oaxaca.gob.mx\/planeacion\/wp-content\/uploads\/sites\/29\/2026\/04\/Resultados-de-votacion-768x325.png 768w\" sizes=\"auto, (max-width: 1420px) 100vw, 1420px\" \/><\/a>\n\t\t\t\t\n\t\t\t\t<h2 class=\"su-post-title\"><a href=\"https:\/\/www.oaxaca.gob.mx\/planeacion\/publicacion-de-resultados-integracion-cepci-2026-2029\/\">PUBLICACION DE RESULTADOS INTEGRACION CEPCI 2026-2029<\/a><\/h2>\n\n\t\t\t\t<div class=\"su-post-meta\">\n\t\t\t\t\tPublicado: 8 abril, 2026\t\t\t\t<\/div>\n\n\t\t\t\t<div class=\"su-post-excerpt\">\n\t\t\t\t\t\t\t\t\t<\/div>\n\n\t\t\t\t\t\t\t\t\t<a href=\"https:\/\/www.oaxaca.gob.mx\/planeacion\/publicacion-de-resultados-integracion-cepci-2026-2029\/#respond\" class=\"su-post-comments-link\">0 comentarios<\/a>\n\t\t\t\t\n\t\t\t<\/div>\n\n\t\t\t\t\t\n\t\t\t\n\t\t\t<div id=\"su-post-13749\" class=\"su-post \">\n\n\t\t\t\t\t\t\t\t\t<a class=\"su-post-thumbnail\" href=\"https:\/\/www.oaxaca.gob.mx\/planeacion\/validacion-de-planes-municipales-de-desarrollo-2025\/\"><img loading=\"lazy\" decoding=\"async\" width=\"1420\" height=\"600\" src=\"https:\/\/www.oaxaca.gob.mx\/planeacion\/wp-content\/uploads\/sites\/29\/2026\/03\/PMD-2025.png\" class=\"attachment-post-thumbnail size-post-thumbnail wp-post-image\" alt=\"\" srcset=\"https:\/\/www.oaxaca.gob.mx\/planeacion\/wp-content\/uploads\/sites\/29\/2026\/03\/PMD-2025.png 1420w, https:\/\/www.oaxaca.gob.mx\/planeacion\/wp-content\/uploads\/sites\/29\/2026\/03\/PMD-2025-300x127.png 300w, https:\/\/www.oaxaca.gob.mx\/planeacion\/wp-content\/uploads\/sites\/29\/2026\/03\/PMD-2025-1024x433.png 1024w, https:\/\/www.oaxaca.gob.mx\/planeacion\/wp-content\/uploads\/sites\/29\/2026\/03\/PMD-2025-768x325.png 768w\" sizes=\"auto, (max-width: 1420px) 100vw, 1420px\" \/><\/a>\n\t\t\t\t\n\t\t\t\t<h2 class=\"su-post-title\"><a href=\"https:\/\/www.oaxaca.gob.mx\/planeacion\/validacion-de-planes-municipales-de-desarrollo-2025\/\">Validaci\u00f3n de Planes Municipales de Desarrollo 2025<\/a><\/h2>\n\n\t\t\t\t<div class=\"su-post-meta\">\n\t\t\t\t\tPublicado: 30 marzo, 2026\t\t\t\t<\/div>\n\n\t\t\t\t<div class=\"su-post-excerpt\">\n\t\t\t\t\t<p>El Instituto de Planeaci\u00f3n para el Bienestar valid\u00f3 150 Planes Municipales de Desarrollo en las 8 regiones del estado, fortaleciendo una planeaci\u00f3n participativa, territorial y orientada al bienestar de las comunidades oaxaque\u00f1as.<\/p>\n\t\t\t\t<\/div>\n\n\t\t\t\t\t\t\t\t\t<a href=\"https:\/\/www.oaxaca.gob.mx\/planeacion\/validacion-de-planes-municipales-de-desarrollo-2025\/#respond\" class=\"su-post-comments-link\">0 comentarios<\/a>\n\t\t\t\t\n\t\t\t<\/div>\n\n\t\t\t\t\t\n\t\t\t\n\t\t\t<div id=\"su-post-13725\" class=\"su-post \">\n\n\t\t\t\t\t\t\t\t\t<a class=\"su-post-thumbnail\" href=\"https:\/\/www.oaxaca.gob.mx\/planeacion\/1er-sesion-ordinaria-del-ceieg-oaxaca-2026\/\"><img loading=\"lazy\" decoding=\"async\" width=\"1420\" height=\"600\" src=\"https:\/\/www.oaxaca.gob.mx\/planeacion\/wp-content\/uploads\/sites\/29\/2026\/04\/5-1.png\" class=\"attachment-post-thumbnail size-post-thumbnail wp-post-image\" alt=\"\" srcset=\"https:\/\/www.oaxaca.gob.mx\/planeacion\/wp-content\/uploads\/sites\/29\/2026\/04\/5-1.png 1420w, https:\/\/www.oaxaca.gob.mx\/planeacion\/wp-content\/uploads\/sites\/29\/2026\/04\/5-1-300x127.png 300w, https:\/\/www.oaxaca.gob.mx\/planeacion\/wp-content\/uploads\/sites\/29\/2026\/04\/5-1-1024x433.png 1024w, https:\/\/www.oaxaca.gob.mx\/planeacion\/wp-content\/uploads\/sites\/29\/2026\/04\/5-1-768x325.png 768w\" sizes=\"auto, (max-width: 1420px) 100vw, 1420px\" \/><\/a>\n\t\t\t\t\n\t\t\t\t<h2 class=\"su-post-title\"><a href=\"https:\/\/www.oaxaca.gob.mx\/planeacion\/1er-sesion-ordinaria-del-ceieg-oaxaca-2026\/\">1er Sesi\u00f3n Ordinaria del CEIEG Oaxaca 2026<\/a><\/h2>\n\n\t\t\t\t<div class=\"su-post-meta\">\n\t\t\t\t\tPublicado: 26 marzo, 2026\t\t\t\t<\/div>\n\n\t\t\t\t<div class=\"su-post-excerpt\">\n\t\t\t\t\t<p>En representaci\u00f3n de la Directora General del Instituto de Planeaci\u00f3n para el Bienestar y Presidenta del Comit\u00e9 Estatal de Informaci\u00f3n Estad\u00edstica y Geogr\u00e1fica de Oaxaca, la Lic. Juanita Cruz Cruz, los Subdirectores Generales Ing. Juan Diego Velasco Merl\u00edn y Dr. Marco Aurelio Mathus Robles asistieron en calidad de suplentes a la Primera Sesi\u00f3n Ordinaria 2026 [&hellip;]<\/p>\n\t\t\t\t<\/div>\n\n\t\t\t\t\t\t\t\t\t<a href=\"https:\/\/www.oaxaca.gob.mx\/planeacion\/1er-sesion-ordinaria-del-ceieg-oaxaca-2026\/#respond\" class=\"su-post-comments-link\">0 comentarios<\/a>\n\t\t\t\t\n\t\t\t<\/div>\n\n\t\t\t\t\t\n\t\t\t\n\t\t\t<div id=\"su-post-13721\" class=\"su-post \">\n\n\t\t\t\t\t\t\t\t\t<a class=\"su-post-thumbnail\" href=\"https:\/\/www.oaxaca.gob.mx\/planeacion\/instalacion-de-cdsm-y-priorizacion-de-obras-2026\/\"><img loading=\"lazy\" decoding=\"async\" width=\"1420\" height=\"600\" src=\"https:\/\/www.oaxaca.gob.mx\/planeacion\/wp-content\/uploads\/sites\/29\/2026\/04\/4-1.png\" class=\"attachment-post-thumbnail size-post-thumbnail wp-post-image\" alt=\"\" srcset=\"https:\/\/www.oaxaca.gob.mx\/planeacion\/wp-content\/uploads\/sites\/29\/2026\/04\/4-1.png 1420w, https:\/\/www.oaxaca.gob.mx\/planeacion\/wp-content\/uploads\/sites\/29\/2026\/04\/4-1-300x127.png 300w, https:\/\/www.oaxaca.gob.mx\/planeacion\/wp-content\/uploads\/sites\/29\/2026\/04\/4-1-1024x433.png 1024w, https:\/\/www.oaxaca.gob.mx\/planeacion\/wp-content\/uploads\/sites\/29\/2026\/04\/4-1-768x325.png 768w\" sizes=\"auto, (max-width: 1420px) 100vw, 1420px\" \/><\/a>\n\t\t\t\t\n\t\t\t\t<h2 class=\"su-post-title\"><a href=\"https:\/\/www.oaxaca.gob.mx\/planeacion\/instalacion-de-cdsm-y-priorizacion-de-obras-2026\/\">Instalaci\u00f3n de CDSM y Priorizaci\u00f3n de Obras 2026<\/a><\/h2>\n\n\t\t\t\t<div class=\"su-post-meta\">\n\t\t\t\t\tPublicado: 26 marzo, 2026\t\t\t\t<\/div>\n\n\t\t\t\t<div class=\"su-post-excerpt\">\n\t\t\t\t\t<p>En el Instituto de Planeaci\u00f3n para el Bienestar, que encabeza la Directora General, Juanita Cruz Cruz, a trav\u00e9s de los M\u00f3dulos de Participaci\u00f3n Social, se brinda acompa\u00f1amiento t\u00e9cnico a los municipios en las sesiones de priorizaci\u00f3n de obras, acciones, proyectos e inversiones 2026 de los Consejos de Desarrollo Social Municipal. Estos espacios fortalecen la participaci\u00f3n [&hellip;]<\/p>\n\t\t\t\t<\/div>\n\n\t\t\t\t\t\t\t\t\t<a href=\"https:\/\/www.oaxaca.gob.mx\/planeacion\/instalacion-de-cdsm-y-priorizacion-de-obras-2026\/#respond\" class=\"su-post-comments-link\">0 comentarios<\/a>\n\t\t\t\t\n\t\t\t<\/div>\n\n\t\t\t\t\t\n\t\t\t\n\t\t\t<div id=\"su-post-13701\" class=\"su-post \">\n\n\t\t\t\t\t\t\t\t\t<a class=\"su-post-thumbnail\" href=\"https:\/\/www.oaxaca.gob.mx\/planeacion\/candidatos-comite-de-etica-2026\/\"><img loading=\"lazy\" decoding=\"async\" width=\"1420\" height=\"600\" src=\"https:\/\/www.oaxaca.gob.mx\/planeacion\/wp-content\/uploads\/sites\/29\/2026\/03\/V1.png\" class=\"attachment-post-thumbnail size-post-thumbnail wp-post-image\" alt=\"\" srcset=\"https:\/\/www.oaxaca.gob.mx\/planeacion\/wp-content\/uploads\/sites\/29\/2026\/03\/V1.png 1420w, https:\/\/www.oaxaca.gob.mx\/planeacion\/wp-content\/uploads\/sites\/29\/2026\/03\/V1-300x127.png 300w, https:\/\/www.oaxaca.gob.mx\/planeacion\/wp-content\/uploads\/sites\/29\/2026\/03\/V1-1024x433.png 1024w, https:\/\/www.oaxaca.gob.mx\/planeacion\/wp-content\/uploads\/sites\/29\/2026\/03\/V1-768x325.png 768w\" sizes=\"auto, (max-width: 1420px) 100vw, 1420px\" \/><\/a>\n\t\t\t\t\n\t\t\t\t<h2 class=\"su-post-title\"><a href=\"https:\/\/www.oaxaca.gob.mx\/planeacion\/candidatos-comite-de-etica-2026\/\">Candidatos Comit\u00e9 de \u00c9tica 2026<\/a><\/h2>\n\n\t\t\t\t<div class=\"su-post-meta\">\n\t\t\t\t\tPublicado: 23 marzo, 2026\t\t\t\t<\/div>\n\n\t\t\t\t<div class=\"su-post-excerpt\">\n\t\t\t\t\t<p>En cumplimiento a la convocatoria de fecha 23 de febrero del a\u00f1o en curso, se remite la lista oficial de candidaturas para las vocal\u00edas A, B, C, D, E y F, mismas que cumplieron con los requisitos establecidos en dicha convocatoria. Registro de candidaturas &nbsp;<\/p>\n\t\t\t\t<\/div>\n\n\t\t\t\t\t\t\t\t\t<a href=\"https:\/\/www.oaxaca.gob.mx\/planeacion\/candidatos-comite-de-etica-2026\/#respond\" class=\"su-post-comments-link\">0 comentarios<\/a>\n\t\t\t\t\n\t\t\t<\/div>\n\n\t\t\t\t\t\n\t\t\t\n\t\t\t<div id=\"su-post-13692\" class=\"su-post \">\n\n\t\t\t\t\t\t\t\t\t<a class=\"su-post-thumbnail\" href=\"https:\/\/www.oaxaca.gob.mx\/planeacion\/13692-2\/\"><img loading=\"lazy\" decoding=\"async\" width=\"1420\" height=\"600\" src=\"https:\/\/www.oaxaca.gob.mx\/planeacion\/wp-content\/uploads\/sites\/29\/2026\/03\/260312-Banner-comite.png\" class=\"attachment-post-thumbnail size-post-thumbnail wp-post-image\" alt=\"\" srcset=\"https:\/\/www.oaxaca.gob.mx\/planeacion\/wp-content\/uploads\/sites\/29\/2026\/03\/260312-Banner-comite.png 1420w, https:\/\/www.oaxaca.gob.mx\/planeacion\/wp-content\/uploads\/sites\/29\/2026\/03\/260312-Banner-comite-300x127.png 300w, https:\/\/www.oaxaca.gob.mx\/planeacion\/wp-content\/uploads\/sites\/29\/2026\/03\/260312-Banner-comite-1024x433.png 1024w, https:\/\/www.oaxaca.gob.mx\/planeacion\/wp-content\/uploads\/sites\/29\/2026\/03\/260312-Banner-comite-768x325.png 768w\" sizes=\"auto, (max-width: 1420px) 100vw, 1420px\" \/><\/a>\n\t\t\t\t\n\t\t\t\t<h2 class=\"su-post-title\"><a href=\"https:\/\/www.oaxaca.gob.mx\/planeacion\/13692-2\/\">Convocatoria CEPCI<\/a><\/h2>\n\n\t\t\t\t<div class=\"su-post-meta\">\n\t\t\t\t\tPublicado: 11 marzo, 2026\t\t\t\t<\/div>\n\n\t\t\t\t<div class=\"su-post-excerpt\">\n\t\t\t\t\t<p>https:\/\/sisplade.oaxaca.gob.mx\/cepci\/convocatoria\/convocatoria.pdf<\/p>\n\t\t\t\t<\/div>\n\n\t\t\t\t\t\t\t\t\t<a href=\"https:\/\/www.oaxaca.gob.mx\/planeacion\/13692-2\/#respond\" class=\"su-post-comments-link\">0 comentarios<\/a>\n\t\t\t\t\n\t\t\t<\/div>\n\n\t\t\t\t\t\n\t\t\t\n\t\t\t<div id=\"su-post-11324\" class=\"su-post \">\n\n\t\t\t\t\t\t\t\t\t<a class=\"su-post-thumbnail\" href=\"https:\/\/www.oaxaca.gob.mx\/planeacion\/lineamientos-fais-2025\/\"><img loading=\"lazy\" decoding=\"async\" width=\"1025\" height=\"473\" src=\"https:\/\/www.oaxaca.gob.mx\/planeacion\/wp-content\/uploads\/sites\/29\/2025\/01\/FAIS-2025.jpg\" class=\"attachment-post-thumbnail size-post-thumbnail wp-post-image\" alt=\"\" srcset=\"https:\/\/www.oaxaca.gob.mx\/planeacion\/wp-content\/uploads\/sites\/29\/2025\/01\/FAIS-2025.jpg 1025w, https:\/\/www.oaxaca.gob.mx\/planeacion\/wp-content\/uploads\/sites\/29\/2025\/01\/FAIS-2025-300x138.jpg 300w, https:\/\/www.oaxaca.gob.mx\/planeacion\/wp-content\/uploads\/sites\/29\/2025\/01\/FAIS-2025-768x354.jpg 768w\" sizes=\"auto, (max-width: 1025px) 100vw, 1025px\" \/><\/a>\n\t\t\t\t\n\t\t\t\t<h2 class=\"su-post-title\"><a href=\"https:\/\/www.oaxaca.gob.mx\/planeacion\/lineamientos-fais-2025\/\">Lineamientos FAIS 2025<\/a><\/h2>\n\n\t\t\t\t<div class=\"su-post-meta\">\n\t\t\t\t\tPublicado: 22 enero, 2025\t\t\t\t<\/div>\n\n\t\t\t\t<div class=\"su-post-excerpt\">\n\t\t\t\t\t\t\t\t\t<\/div>\n\n\t\t\t\t\t\t\t\t\t<a href=\"https:\/\/www.oaxaca.gob.mx\/planeacion\/lineamientos-fais-2025\/#respond\" class=\"su-post-comments-link\">0 comentarios<\/a>\n\t\t\t\t\n\t\t\t<\/div>\n\n\t\t\t\t\t\n\t\t\t\n\t\t\t<div id=\"su-post-11041\" class=\"su-post \">\n\n\t\t\t\t\t\t\t\t\t<a class=\"su-post-thumbnail\" href=\"https:\/\/www.oaxaca.gob.mx\/planeacion\/mas-alla-del-mapa-plano-lidar-de-alta-densidad-e-inteligencia-artificial-transforman-oaxaca\/\"><img loading=\"lazy\" decoding=\"async\" width=\"2133\" height=\"842\" src=\"https:\/\/www.oaxaca.gob.mx\/planeacion\/wp-content\/uploads\/sites\/29\/2025\/01\/25_01_13_Banner_SIGEO_1.png\" class=\"attachment-post-thumbnail size-post-thumbnail wp-post-image\" alt=\"\" srcset=\"https:\/\/www.oaxaca.gob.mx\/planeacion\/wp-content\/uploads\/sites\/29\/2025\/01\/25_01_13_Banner_SIGEO_1.png 2133w, https:\/\/www.oaxaca.gob.mx\/planeacion\/wp-content\/uploads\/sites\/29\/2025\/01\/25_01_13_Banner_SIGEO_1-300x118.png 300w, https:\/\/www.oaxaca.gob.mx\/planeacion\/wp-content\/uploads\/sites\/29\/2025\/01\/25_01_13_Banner_SIGEO_1-1024x404.png 1024w, https:\/\/www.oaxaca.gob.mx\/planeacion\/wp-content\/uploads\/sites\/29\/2025\/01\/25_01_13_Banner_SIGEO_1-768x303.png 768w, https:\/\/www.oaxaca.gob.mx\/planeacion\/wp-content\/uploads\/sites\/29\/2025\/01\/25_01_13_Banner_SIGEO_1-1536x606.png 1536w, https:\/\/www.oaxaca.gob.mx\/planeacion\/wp-content\/uploads\/sites\/29\/2025\/01\/25_01_13_Banner_SIGEO_1-2048x808.png 2048w\" sizes=\"auto, (max-width: 2133px) 100vw, 2133px\" \/><\/a>\n\t\t\t\t\n\t\t\t\t<h2 class=\"su-post-title\"><a href=\"https:\/\/www.oaxaca.gob.mx\/planeacion\/mas-alla-del-mapa-plano-lidar-de-alta-densidad-e-inteligencia-artificial-transforman-oaxaca\/\">M\u00e1s all\u00e1 del mapa plano: LiDAR de alta densidad e Inteligencia Artificial transforman Oaxaca<\/a><\/h2>\n\n\t\t\t\t<div class=\"su-post-meta\">\n\t\t\t\t\tPublicado: 16 enero, 2025\t\t\t\t<\/div>\n\n\t\t\t\t<div class=\"su-post-excerpt\">\n\t\t\t\t\t<p>Oaxaca, M\u00e9xico &#8211; 09 de Enero de 2025 \u2022 El Instituto de Planeaci\u00f3n para el Bienestar del Estado de Oaxaca (INPLAN) encabezado por la Lic. Juanita Cruz Cruz est\u00e1 liderando un avance hist\u00f3rico en la gesti\u00f3n territorial mediante la implementaci\u00f3n del Sistema Estatal de Informaci\u00f3n Geogr\u00e1fica (SIGEO). Este sistema, que combina conocimiento territorial con tecnolog\u00eda [&hellip;]<\/p>\n\t\t\t\t<\/div>\n\n\t\t\t\t\t\t\t\t\t<a href=\"https:\/\/www.oaxaca.gob.mx\/planeacion\/mas-alla-del-mapa-plano-lidar-de-alta-densidad-e-inteligencia-artificial-transforman-oaxaca\/#respond\" class=\"su-post-comments-link\">0 comentarios<\/a>\n\t\t\t\t\n\t\t\t<\/div>\n\n\t\t\t\t\t\n\t\t\t\n\t\t\t<div id=\"su-post-10988\" class=\"su-post \">\n\n\t\t\t\t\t\t\t\t\t<a class=\"su-post-thumbnail\" href=\"https:\/\/www.oaxaca.gob.mx\/planeacion\/pronunciamiento-de-cero-tolerancia-a-las-conductas-de-hostigamiento-y-acoso-sexual-asi-como-a-todo-tipo-y-modalidad-de-violencia-en-contra-de-ninas-adolescentesy-mujeres-en-las-dependencias\/\"><img loading=\"lazy\" decoding=\"async\" width=\"1067\" height=\"421\" src=\"https:\/\/www.oaxaca.gob.mx\/planeacion\/wp-content\/uploads\/sites\/29\/2024\/11\/24_11_29_CeroToleranciaHostigamientoAcosoSexual_1_1.png\" class=\"attachment-post-thumbnail size-post-thumbnail wp-post-image\" alt=\"\" srcset=\"https:\/\/www.oaxaca.gob.mx\/planeacion\/wp-content\/uploads\/sites\/29\/2024\/11\/24_11_29_CeroToleranciaHostigamientoAcosoSexual_1_1.png 1067w, https:\/\/www.oaxaca.gob.mx\/planeacion\/wp-content\/uploads\/sites\/29\/2024\/11\/24_11_29_CeroToleranciaHostigamientoAcosoSexual_1_1-300x118.png 300w, https:\/\/www.oaxaca.gob.mx\/planeacion\/wp-content\/uploads\/sites\/29\/2024\/11\/24_11_29_CeroToleranciaHostigamientoAcosoSexual_1_1-1024x404.png 1024w, https:\/\/www.oaxaca.gob.mx\/planeacion\/wp-content\/uploads\/sites\/29\/2024\/11\/24_11_29_CeroToleranciaHostigamientoAcosoSexual_1_1-768x303.png 768w\" sizes=\"auto, (max-width: 1067px) 100vw, 1067px\" \/><\/a>\n\t\t\t\t\n\t\t\t\t<h2 class=\"su-post-title\"><a href=\"https:\/\/www.oaxaca.gob.mx\/planeacion\/pronunciamiento-de-cero-tolerancia-a-las-conductas-de-hostigamiento-y-acoso-sexual-asi-como-a-todo-tipo-y-modalidad-de-violencia-en-contra-de-ninas-adolescentesy-mujeres-en-las-dependencias\/\">PRONUNCIAMIENTO DE CERO TOLERANCIA A LAS CONDUCTAS DE HOSTIGAMIENTO Y ACOSO SEXUAL, AS\u00cd COMO A TODO TIPO Y MODALIDAD DE VIOLENCIA EN CONTRA DE NI\u00d1AS, ADOLESCENTES\u2022Y MUJERES EN LAS DEPENDENCIAS Y ENTIDADES DE LA ADMINISTRACI\u00d3N P\u00daBLICA ESTATAL.<\/a><\/h2>\n\n\t\t\t\t<div class=\"su-post-meta\">\n\t\t\t\t\tPublicado: 29 noviembre, 2024\t\t\t\t<\/div>\n\n\t\t\t\t<div class=\"su-post-excerpt\">\n\t\t\t\t\t<p>INSTITUTO DE PLANEACI\u00d3N PARA EL BIENESTAR De conformidad con lo dispuesto en los articulos 1 y 4 de la Constituci\u00f3n Pol\u00edtica de los Estados Unidos Mexicanos; 1, 2, 3, 6, 10, 13, 14, y 15 de la Ley General de Acceso de las Mujeres a una Vida Libre de Violencia; I, 6, 1S, 17 y [&hellip;]<\/p>\n\t\t\t\t<\/div>\n\n\t\t\t\t\t\t\t\t\t<a href=\"https:\/\/www.oaxaca.gob.mx\/planeacion\/pronunciamiento-de-cero-tolerancia-a-las-conductas-de-hostigamiento-y-acoso-sexual-asi-como-a-todo-tipo-y-modalidad-de-violencia-en-contra-de-ninas-adolescentesy-mujeres-en-las-dependencias\/#respond\" class=\"su-post-comments-link\">0 comentarios<\/a>\n\t\t\t\t\n\t\t\t<\/div>\n\n\t\t\t\t\t\n\t\t\t\n\t\t\t<div id=\"su-post-10974\" class=\"su-post \">\n\n\t\t\t\t\t\t\t\t\t<a class=\"su-post-thumbnail\" href=\"https:\/\/www.oaxaca.gob.mx\/planeacion\/fomento-a-la-lectura\/\"><img loading=\"lazy\" decoding=\"async\" width=\"1067\" height=\"421\" src=\"https:\/\/www.oaxaca.gob.mx\/planeacion\/wp-content\/uploads\/sites\/29\/2024\/11\/23_07_05_BannerPED_1.png\" class=\"attachment-post-thumbnail size-post-thumbnail wp-post-image\" alt=\"\" srcset=\"https:\/\/www.oaxaca.gob.mx\/planeacion\/wp-content\/uploads\/sites\/29\/2024\/11\/23_07_05_BannerPED_1.png 1067w, https:\/\/www.oaxaca.gob.mx\/planeacion\/wp-content\/uploads\/sites\/29\/2024\/11\/23_07_05_BannerPED_1-300x118.png 300w, https:\/\/www.oaxaca.gob.mx\/planeacion\/wp-content\/uploads\/sites\/29\/2024\/11\/23_07_05_BannerPED_1-1024x404.png 1024w, https:\/\/www.oaxaca.gob.mx\/planeacion\/wp-content\/uploads\/sites\/29\/2024\/11\/23_07_05_BannerPED_1-768x303.png 768w\" sizes=\"auto, (max-width: 1067px) 100vw, 1067px\" \/><\/a>\n\t\t\t\t\n\t\t\t\t<h2 class=\"su-post-title\"><a href=\"https:\/\/www.oaxaca.gob.mx\/planeacion\/fomento-a-la-lectura\/\">Fomento a la Lectura<\/a><\/h2>\n\n\t\t\t\t<div class=\"su-post-meta\">\n\t\t\t\t\tPublicado: 27 noviembre, 2024\t\t\t\t<\/div>\n\n\t\t\t\t<div class=\"su-post-excerpt\">\n\t\t\t\t\t<p>Fomento a la Lectura \u201cUn pueblo leyendo, para transformar su Historia\u201d Con el objetivo de Impulsar y desarrollar habilidades para mejorar la compresi\u00f3n lectora en ni\u00f1as y ni\u00f1os de Oaxaca, lo que forma parte de la visi\u00f3n y ejes transversales de este Gobierno, que reconoce el inter\u00e9s en la ni\u00f1ez Oaxaque\u00f1a. El d\u00eda lunes 21 [&hellip;]<\/p>\n\t\t\t\t<\/div>\n\n\t\t\t\t\t\t\t\t\t<a href=\"https:\/\/www.oaxaca.gob.mx\/planeacion\/fomento-a-la-lectura\/#respond\" class=\"su-post-comments-link\">0 comentarios<\/a>\n\t\t\t\t\n\t\t\t<\/div>\n\n\t\t\n\t\n<\/div>\n\n","protected":false},"excerpt":{"rendered":"","protected":false},"author":1,"featured_media":0,"parent":0,"menu_order":0,"comment_status":"closed","ping_status":"closed","template":"","meta":{"episode_type":"","audio_file":"","podmotor_file_id":"","podmotor_episode_id":"","cover_image":"","cover_image_id":"","duration":"","filesize":"","filesize_raw":"","date_recorded":"","explicit":"","block":"","itunes_episode_number":"","itunes_title":"","itunes_season_number":"","itunes_episode_type":"","footnotes":""},"categories":[],"tags":[],"class_list":["post-356","page","type-page","status-publish","hentry"],"acf":[],"publishpress_future_action":{"enabled":false,"date":"2026-05-10 04:21:47","action":"change-status","newStatus":"draft","terms":[],"taxonomy":"category","extraData":[]},"publishpress_future_workflow_manual_trigger":{"enabledWorkflows":[]},"_links":{"self":[{"href":"https:\/\/www.oaxaca.gob.mx\/planeacion\/wp-json\/wp\/v2\/pages\/356","targetHints":{"allow":["GET"]}}],"collection":[{"href":"https:\/\/www.oaxaca.gob.mx\/planeacion\/wp-json\/wp\/v2\/pages"}],"about":[{"href":"https:\/\/www.oaxaca.gob.mx\/planeacion\/wp-json\/wp\/v2\/types\/page"}],"author":[{"embeddable":true,"href":"https:\/\/www.oaxaca.gob.mx\/planeacion\/wp-json\/wp\/v2\/users\/1"}],"replies":[{"embeddable":true,"href":"https:\/\/www.oaxaca.gob.mx\/planeacion\/wp-json\/wp\/v2\/comments?post=356"}],"version-history":[{"count":7,"href":"https:\/\/www.oaxaca.gob.mx\/planeacion\/wp-json\/wp\/v2\/pages\/356\/revisions"}],"predecessor-version":[{"id":5034,"href":"https:\/\/www.oaxaca.gob.mx\/planeacion\/wp-json\/wp\/v2\/pages\/356\/revisions\/5034"}],"wp:attachment":[{"href":"https:\/\/www.oaxaca.gob.mx\/planeacion\/wp-json\/wp\/v2\/media?parent=356"}],"wp:term":[{"taxonomy":"category","embeddable":true,"href":"https:\/\/www.oaxaca.gob.mx\/planeacion\/wp-json\/wp\/v2\/categories?post=356"},{"taxonomy":"post_tag","embeddable":true,"href":"https:\/\/www.oaxaca.gob.mx\/planeacion\/wp-json\/wp\/v2\/tags?post=356"}],"curies":[{"name":"wp","href":"https:\/\/api.w.org\/{rel}","templated":true}]}}