{"id":20854,"date":"2024-11-12T12:42:41","date_gmt":"2024-11-12T18:42:41","guid":{"rendered":"https:\/\/www.oaxaca.gob.mx\/medioambiente\/?page_id=20854"},"modified":"2025-03-27T11:56:32","modified_gmt":"2025-03-27T17:56:32","slug":"programas-de-ordenamiento-ecologicos","status":"publish","type":"page","link":"https:\/\/www.oaxaca.gob.mx\/medioambiente\/programas-de-ordenamiento-ecologicos\/","title":{"rendered":"Programas de Ordenamiento Ecol\u00f3gicos"},"content":{"rendered":"\n\n<link rel='stylesheet' id='20474-css'  href='https:\/\/www.oaxaca.gob.mx\/medioambiente\/wp-content\/uploads\/sites\/59\/winp-css-js\/20474.css?ver=1728337657' type='text\/css' media='all' \/>\n\n<script type='text\/javascript'>\nvar id = \"19667\";<\/script>\n<script type='text\/javascript' src='https:\/\/www.oaxaca.gob.mx\/medioambiente\/wp-content\/uploads\/sites\/59\/winp-css-js\/19667.js?ver=1727125213'><\/script>\n\n<p><!--Woody snippets \n19651 LIBRERIA PARA ICONOS DE BOOSTRAP\n19665 CSS PARA EXPANDIR IMAGENES CUANDO SE LES DA CLICK SOBRE ELLAS\n18118  \n20474 CSS PARA OCULTAR LOS TITULOS DE LAS PAGINAS\n20635 JS PARA EXTRAER EL IDENTICADOR DE LA URL (#modal) \n19667 JS DE LA LIBRERIA DE BOOSTRAP--><\/p>\n<div class=\"text-center\">\n<p><img decoding=\"async\" class=\"alignnone wp-image-1269 size-full\" src=\"https:\/\/www.oaxaca.gob.mx\/medioambiente\/wp-content\/uploads\/sites\/59\/2024\/11\/ordenamiento-ecologicos.png\" alt=\"\" width=\"100%\" height=\"350\" style=\"margin-top: -16px\" \/><\/p>\n<\/div>\n<div class=\"container\" style=\"margin-top:30px;margin-bottom:30px\">\n<nav style=\"margin-bottom: 30px\">\n<div id=\"nav-tab\" class=\"nav nav-tabs\" role=\"tablist\">\n                <a id=\"nav_tab_uno\" class=\"nav-item nav-link active\" role=\"tab\" href=\"#nav_uno\" data-bs-toggle=\"tab\">  <strong>POERTEO<\/strong><\/a><br \/>\n                <a id=\"nav_tab_dos\" class=\"nav-item nav-link\" role=\"tab\" href=\"#nav_dos\" data-bs-toggle=\"tab\"><strong>POERT RSS-C<\/strong><\/a>\n            <\/div>\n<\/nav>\n<div id=\"nav-tabContent\" class=\"tab-content\">\n<p>            <!--TAB UNO--><\/p>\n<div id=\"nav_uno\" class=\"tab-pane fade show active\" role=\"tabpanel\" aria-labelledby=\"nav_tab_uno\">\n<div class=\"row\">\n<div class=\"col-sm-12 col-lg-12\" style=\"margin-bottom: 0px\">\n<h5 style=\"border-left: 12px solid #0098D4;color:#777;padding:10px 20px;font-size:17px;width:100%\">Programa de Ordenamiento Ecol\u00f3gico Regional del Territorio del Estado de Oaxaca (POERTEO)<\/h5>\n<div style=\"width:100%;height:4px;background:#ccc\"> &nbsp;<\/div>\n<p>                     &nbsp;<br \/>\n                          &nbsp;<br \/>\n                        <span class=\"su-lightbox\" data-mfp-src=\"https:\/\/www.oaxaca.gob.mx\/medioambiente\/wp-content\/uploads\/sites\/59\/2024\/11\/poerteo.jpg\" data-mfp-type=\"image\" data-mobile=\"yes\"><img decoding=\"async\" align=\"left\" class=\"img-responsive\" style=\"width:430px;margin-right: 20px;margin-bottom: 5px;cursor: pointer;text-align: left;border: 1px solid #aaaaaa;padding: 5px\" src=\"https:\/\/www.oaxaca.gob.mx\/medioambiente\/wp-content\/uploads\/sites\/59\/2024\/11\/poerteo.jpg\" \/><\/span> <\/p>\n<p style=\"font-size:15px;margin-top: -15px;text-align: justify;color: #222\">El Programa de Ordenamiento Ecol\u00f3gico Regional del Territorio del Estado de Oaxaca (POERTEO), en su secci\u00f3n dedicada al documento que propone el Modelo de Ordenamiento Ecol\u00f3gico (MOE), pretende organizar el territorio en zonas denominadas Unidades de Gesti\u00f3n Ambiental (UGAs) y establecer normas para su protecci\u00f3n. Por otro lado, las Estrategias Ecol\u00f3gicas se enfocan en definir objetivos y acciones para todos los sectores involucrados.<\/p>\n<p style=\"font-size: 15px;text-align: justify;color: #222\">\n                        El principal reto del POERTEO es lograr que las actividades de los distintos sectores sean amigables con el entorno, equilibrando el uso del suelo para actividades econ\u00f3micas, sociales y de conservaci\u00f3n de la naturaleza.<\/p>\n<p style=\"font-size: 15px;text-align: justify;color: #222\">\n    El contenido de <b>documento propuesta<\/b> del POERTEO se organiza de la siguiente manera:<br \/>\n&nbsp;<br \/>\n<b>Cap\u00edtulo 1:<\/b> Explica las bases legales y administrativas para crear el POERTEO.<br \/>\n&nbsp;<br \/>\n<b>Cap\u00edtulo 2:<\/b> Trata sobre la metodolog\u00eda y decisiones empleadas en el modelo de ordenamiento.<br \/>\n&nbsp;<br \/>\n<b>Cap\u00edtulo 3:<\/b> Detalla el MOE, incluyendo las 55 UGAs, sus caracter\u00edsticas, y las gu\u00edas y estrategias ecol\u00f3gicas pertinentes.<br \/>\n&nbsp;<br \/>\n<b>Cap\u00edtulo 4:<\/b> Ofrece recomendaciones finales y conclusiones tras formular el POERTEO.<br \/>\n&nbsp;<br \/>\nAdem\u00e1s, los anexos proporcionan informaci\u00f3n detallada sobre cada una de las 55 UGAs. En resumen, este esfuerzo busca gestionar el territorio de manera sostenible, encontrando un equilibrio entre el desarrollo y la conservaci\u00f3n en el estado de Oaxaca.\n                        <\/p>\n<\/p><\/div>\n<\/p><\/div>\n<div class=\"row\">\n<div style=\"width:100%;height:4px;background:#0098D4\"> &nbsp;<\/div>\n<\/p><\/div>\n<div style=\"width:100%;height:2px;background:#CCC\"> &nbsp;<\/div>\n<p>                &nbsp;<\/p>\n<div class=\"card-body\" style=\"border: 1px solid #ccc\">\n<div class=\"row\">\n<div class=\"col-sm-12 col-lg-12\" style=\"margin-bottom: 0px\">\n                                          \n<table id=\"tablepress-78\" class=\"tablepress tablepress-id-78\">\n<thead>\n<tr class=\"row-1\">\n\t<th class=\"column-1\">POERTEO<\/th><th class=\"column-2\"><div style=\"text-align: center\">DESCARGA<\/div><\/th>\n<\/tr>\n<\/thead>\n<tbody class=\"row-striping row-hover\">\n<tr class=\"row-2\">\n\t<td class=\"column-1\">Documento POERTEO<\/td><td class=\"column-2\"><a href=\"https:\/\/www.oaxaca.gob.mx\/medioambiente\/wp-content\/uploads\/sites\/59\/2022\/10\/Documento-POERTEO.pdf\" target=\"_blank\" rel=\"noopener noreferrer\"><div style=\"text-align: center\"><i class=\"far fa-file-pdf fa-2x\">\u00a0<\/i><\/div><\/a><\/td>\n<\/tr>\n<tr class=\"row-3\">\n\t<td class=\"column-1\">Fichas POERTEO<\/td><td class=\"column-2\"><a href=\"https:\/\/www.oaxaca.gob.mx\/medioambiente\/wp-content\/uploads\/sites\/59\/2022\/10\/Fichas-POERTEO.pdf\" target=\"_blank\" rel=\"noopener noreferrer\"><div style=\"text-align: center\"><i class=\"far fa-file-pdf fa-2x\">\u00a0<\/i><\/div><\/a><\/td>\n<\/tr>\n<tr class=\"row-4\">\n\t<td class=\"column-1\">POERTEO - Publicaci\u00f3n del resumen ejecutivo en el Periodico Oficial de Gobierno del Estado. <\/td><td class=\"column-2\"><a href=\"https:\/\/www.oaxaca.gob.mx\/medioambiente\/wp-content\/uploads\/sites\/59\/2022\/10\/Publicacion-P.O.-POERTEO.pdf\" target=\"_blank\" rel=\"noopener noreferrer\"><div style=\"text-align: center\"><i class=\"far fa-file-pdf fa-2x\">\u00a0<\/i><\/div><\/a><\/td>\n<\/tr>\n<\/tbody>\n<\/table>\n<!-- #tablepress-78 from cache -->\n                                    <\/div>\n<\/p><\/div>\n<\/p><\/div>\n<\/p><\/div>\n<div class=\"expanded-image-container\"><\/div>\n<p> <!-- Contenedor para la imagen expandida --><\/p>\n<p>            <!--TAB 2--><\/p>\n<div id=\"nav_dos\" class=\"tab-pane fade\" role=\"tabpanel\" aria-labelledby=\"nav_tab_ocho\">\n<div class=\"row\">\n<div class=\"col-sm-12 col-lg-12\" style=\"margin-bottom: 0px\">\n<h5 style=\"border-left: 12px solid #F44C63;color:#777;padding:10px 20px;font-size:17px;width:100%\">Programa de Ordenamiento Ecol\u00f3gico Regional del Territorio de la Sierra Sur &#8211; Costa del Estado de Oaxaca (POERT RSS-C)<\/h5>\n<div style=\"width:100%;height:4px;background:#ccc\"> &nbsp;<\/div>\n<p>                        &nbsp;<br \/>\n                          &nbsp;<br \/>\n                        <span class=\"su-lightbox\" data-mfp-src=\"https:\/\/www.oaxaca.gob.mx\/medioambiente\/wp-content\/uploads\/sites\/59\/2024\/11\/poert-rss.jpg\" data-mfp-type=\"image\" data-mobile=\"yes\"><img decoding=\"async\" align=\"left\" class=\"img-responsive\" style=\"width:430px;margin-right: 20px;margin-bottom: 5px;cursor: pointer;text-align: right;border: 1px solid #aaaaaa;padding: 5px\" src=\"https:\/\/www.oaxaca.gob.mx\/medioambiente\/wp-content\/uploads\/sites\/59\/2024\/11\/poert-rss-min.jpg\" \/><\/span> <\/p>\n<p style=\"font-size:15px;margin-top: -15px;text-align: justify;color: #222\">El programa, es considerado de utilidad p\u00fablica, involucra la participaci\u00f3n de diversos sectores y actores regionales. Seg\u00fan la Ley General del Equilibrio Ecol\u00f3gico y la Protecci\u00f3n al Ambiente (LGEEPA 2021), el programa es un instrumento de pol\u00edtica ambiental destinado a regular el uso del suelo y las actividades productivas para proteger el medio ambiente y garantizar el aprovechamiento sustentable de los recursos naturales. Se basa en el an\u00e1lisis de las tendencias de deterioro y el potencial de aprovechamiento de los recursos, y est\u00e1 dise\u00f1ado para caracterizar, diagnosticar y proponer usos del territorio de manera racional, diversificada y participativa.<\/p>\n<p style=\"font-size: 15px;text-align: justify;color: #222\">\n                       El POERT RSS-C inici\u00f3 con el establecimiento del Convenio de Coordinaci\u00f3n entre Gobierno del Estado, liderado por la Secretar\u00eda de Medio Ambiente, Gobierno Federal (SEMARNAT y CONANP) y Conservaci\u00f3n Internacional M\u00e9xico, donde se definieron los 76 municipios que participan en el \u00e1rea de estudio, con 1.9 millones de hect\u00e1reas (19 162km\u00b2) y una poblaci\u00f3n en 2020 de 683 mil habitantes.<\/p>\n<p style=\"font-size: 15px;text-align: justify;color: #222\">\nUn a\u00f1o despu\u00e9s, el 5 de agosto del 2021 se realiz\u00f3 la instalaci\u00f3n del Comit\u00e9 de Ordenamiento, el cual est\u00e1 conformado por el \u00f3rgano ejecutivo y el \u00f3rgano t\u00e9cnico.<br \/>\n&nbsp;<br \/>\nSiendo el \u00f3rgano ejecutivo el responsable de la toma de decisiones de la instrumentaci\u00f3n de las acciones, procedimientos, estrategias y programas del proceso de ordenamiento y el \u00f3rgano t\u00e9cnico el responsable de realizar los estudios y an\u00e1lisis t\u00e9cnicos necesarios para su instrumentaci\u00f3n (Reglamento LGEEPA, Art\u00edculo 70, fracci\u00f3n I y II).<br \/>\n&nbsp;<br \/>\nEl instrumento se desarroll\u00f3 en las cinco etapas que se detallan a continuaci\u00f3n:<br \/>\n&nbsp;<b><br \/>\n&nbsp; &nbsp; 1.\tAgenda Ambiental<br \/>\n&nbsp; &nbsp; 2.\tCaracterizaci\u00f3n<br \/>\n&nbsp; &nbsp; 3.\tDiagn\u00f3stico<br \/>\n&nbsp; &nbsp; 4.\tPron\u00f3stico<br \/>\n&nbsp; &nbsp; 5.\tModelo de Ordenamiento Territorial<\/b><br \/>\n&nbsp;<br \/>\nUna vez finalizada la \u00faltima etapa, se dio inicio a la consulta p\u00fablica.<br \/>\n&nbsp;<br \/>\nEn el Modelo de Ordenamiento Ecol\u00f3gico del POERT RSS-C, se dise\u00f1aron y delimitaron 39 Unidades de Gesti\u00f3n Ambiental (UGA). De estas, 9 son consideradas UGA adhoc, lo que significa que, debido a sus criterios naturales y sociales, as\u00ed como a su valor ecol\u00f3gico y social intr\u00ednseco, deben definirse autom\u00e1ticamente como una UGA.<br \/>\n&nbsp;<br \/>\nLas 9 UGA adhoc abarcan 193.5 mil hect\u00e1ras e incluyen ANP y ADVC, ordenamientos comunitarios, playas, manglares, lagunas costeras y cuerpos de agua, r\u00edos y escurrimientos, as\u00ed como l\u00edmites urbanos, rurales y manantiales. Las UGA de la 10 a la 31, cubren 1.3 millones de hect\u00e1reas, son \u00e1reas con aptitud forestal y se dividen seg\u00fan su condici\u00f3n ecol\u00f3gica y tipo de ecosistemas, como bosques mes\u00f3filos y diversas selvas. Las UGA 32 a 38 est\u00e1n destinadas al uso agr\u00edcola, con 340 mil hect\u00e1reas, y la UGA 39 est\u00e1 enfocada en zonas con aptitud minera.<br \/>\n&nbsp;<br \/>\nFinalmente, este programa fue decretado en el Peri\u00f3dico Oficial del Gobierno del Estado el 30 de septiembre de 2024 por el Ing. Salom\u00f3n Jara Cruz, Gobernador Constitucional del Estado Libre y Soberano de Oaxaca.\n<\/p>\n<\/p><\/div>\n<\/p><\/div>\n<div class=\"row\">\n<div style=\"width:100%;height:4px;background:#F44C63\"> &nbsp;<\/div>\n<\/p><\/div>\n<div style=\"width:100%;height:2px;background:#CCC\"> &nbsp;<\/div>\n<p>                &nbsp;<\/p>\n<div class=\"card-body\" style=\"border: 1px solid #ccc\">\n<div class=\"row\">\n<div class=\"col-sm-12 col-lg-12\" style=\"margin-bottom: 0px\">\n                                          \n<table id=\"tablepress-140\" class=\"tablepress tablepress-id-140\">\n<thead>\n<tr class=\"row-1\">\n\t<th class=\"column-1\">POERT RSS-C<\/th><th class=\"column-2\"><div style=\"text-align: center\">DESCARGA<\/div><\/th>\n<\/tr>\n<\/thead>\n<tbody class=\"row-striping row-hover\">\n<tr class=\"row-2\">\n\t<td class=\"column-1\">POERT RSS-C  Publicaci\u00f3n del resumen ejecutivo en el Periodico Oficial de Gobierno del Estado. <\/td><td class=\"column-2\"><a href=\"https:\/\/www.oaxaca.gob.mx\/medioambiente\/wp-content\/uploads\/sites\/59\/2024\/11\/2024-09-30_POERT-RSS-C_RESUMEN-EJECUTIVO.pdf\" target=\"_blank\" rel=\"noopener noreferrer\"><div style=\"text-align: center\"><i class=\"far fa-file-pdf fa-2x\">\u00a0<\/i><\/div><\/a><\/td>\n<\/tr>\n<tr class=\"row-3\">\n\t<td class=\"column-1\">Anexo del Decreto. RESUMEN EJECUTIVO_POERTR SS-C<\/td><td class=\"column-2\"><a href=\"https:\/\/www.oaxaca.gob.mx\/medioambiente\/wp-content\/uploads\/sites\/59\/2024\/11\/Anexo-del-Decreto.-RESUMEN-EJECUTIVO_POERTR-SS-C.pdf\" target=\"_blank\" rel=\"noopener noreferrer\"><div style=\"text-align: center\"><i class=\"far fa-file-pdf fa-2x\">\u00a0<\/i><\/div><\/a><\/td>\n<\/tr>\n<\/tbody>\n<\/table>\n<!-- #tablepress-140 from cache -->\n                                    <\/div>\n<\/p><\/div>\n<\/p><\/div>\n<hr>\n<p>&nbsp;\n            <\/div>\n<\/p><\/div>\n<\/p><\/div>\n","protected":false},"excerpt":{"rendered":"<p>POERTEO POERT RSS-C Programa de Ordenamiento Ecol\u00f3gico Regional del Territorio del Estado de Oaxaca (POERTEO) &nbsp; &nbsp; &nbsp; El Programa de Ordenamiento Ecol\u00f3gico Regional del Territorio del Estado de Oaxaca (POERTEO), en su secci\u00f3n dedicada al documento que propone el Modelo de Ordenamiento Ecol\u00f3gico (MOE), pretende organizar el territorio en zonas denominadas Unidades de Gesti\u00f3n [&hellip;]<\/p>\n","protected":false},"author":67,"featured_media":0,"parent":0,"menu_order":0,"comment_status":"closed","ping_status":"closed","template":"","meta":{"episode_type":"","audio_file":"","podmotor_file_id":"","podmotor_episode_id":"","cover_image":"","cover_image_id":"","duration":"","filesize":"","filesize_raw":"","date_recorded":"","explicit":"","block":"","itunes_episode_number":"","itunes_title":"","itunes_season_number":"","itunes_episode_type":"","footnotes":""},"categories":[],"tags":[],"class_list":["post-20854","page","type-page","status-publish","hentry"],"acf":[],"publishpress_future_action":{"enabled":false,"date":"2026-05-06 13:00:31","action":"change-status","newStatus":"draft","terms":[],"taxonomy":"category","extraData":[]},"publishpress_future_workflow_manual_trigger":{"enabledWorkflows":[]},"_links":{"self":[{"href":"https:\/\/www.oaxaca.gob.mx\/medioambiente\/wp-json\/wp\/v2\/pages\/20854","targetHints":{"allow":["GET"]}}],"collection":[{"href":"https:\/\/www.oaxaca.gob.mx\/medioambiente\/wp-json\/wp\/v2\/pages"}],"about":[{"href":"https:\/\/www.oaxaca.gob.mx\/medioambiente\/wp-json\/wp\/v2\/types\/page"}],"author":[{"embeddable":true,"href":"https:\/\/www.oaxaca.gob.mx\/medioambiente\/wp-json\/wp\/v2\/users\/67"}],"replies":[{"embeddable":true,"href":"https:\/\/www.oaxaca.gob.mx\/medioambiente\/wp-json\/wp\/v2\/comments?post=20854"}],"version-history":[{"count":3,"href":"https:\/\/www.oaxaca.gob.mx\/medioambiente\/wp-json\/wp\/v2\/pages\/20854\/revisions"}],"predecessor-version":[{"id":20860,"href":"https:\/\/www.oaxaca.gob.mx\/medioambiente\/wp-json\/wp\/v2\/pages\/20854\/revisions\/20860"}],"wp:attachment":[{"href":"https:\/\/www.oaxaca.gob.mx\/medioambiente\/wp-json\/wp\/v2\/media?parent=20854"}],"wp:term":[{"taxonomy":"category","embeddable":true,"href":"https:\/\/www.oaxaca.gob.mx\/medioambiente\/wp-json\/wp\/v2\/categories?post=20854"},{"taxonomy":"post_tag","embeddable":true,"href":"https:\/\/www.oaxaca.gob.mx\/medioambiente\/wp-json\/wp\/v2\/tags?post=20854"}],"curies":[{"name":"wp","href":"https:\/\/api.w.org\/{rel}","templated":true}]}}