{"id":61,"date":"2016-02-22T14:07:42","date_gmt":"2016-02-22T20:07:42","guid":{"rendered":"http:\/\/www.sai.oaxaca.gob.mx\/?page_id=61"},"modified":"2023-12-06T14:36:29","modified_gmt":"2023-12-06T20:36:29","slug":"mapa-del-sitio","status":"publish","type":"page","link":"https:\/\/www.oaxaca.gob.mx\/interculturalidad\/mapa-del-sitio\/","title":{"rendered":"Mapa del sitio"},"content":{"rendered":"<div class=\"wsp-container\"><h2 class=\"wsp-pages-title\">P\u00e1ginas<\/h2>\n<ul class=\"wsp-pages-list\">\n<li class=\"page_item page-item-44\"><a href=\"https:\/\/www.oaxaca.gob.mx\/interculturalidad\/actividades\/\">Actividades<\/a><\/li>\n<li class=\"page_item page-item-2559\"><a href=\"https:\/\/www.oaxaca.gob.mx\/interculturalidad\/articulo-21\/\">Articulo 21 &#8211; Fracci\u00f3n  VIII (Estatal)<\/a><\/li>\n<li class=\"page_item page-item-2562\"><a href=\"https:\/\/www.oaxaca.gob.mx\/interculturalidad\/articulo-36\/\">Articulo 36 \u00fanico parrafo (Estatal)<\/a><\/li>\n<li class=\"page_item page-item-1098\"><a href=\"https:\/\/www.oaxaca.gob.mx\/interculturalidad\/c-lgtip\/\">ART\u00cdCULO 70<\/a><\/li>\n<li class=\"page_item page-item-2121\"><a href=\"https:\/\/www.oaxaca.gob.mx\/interculturalidad\/lgtip71\/\">ART\u00cdCULO 71 &#8211; Fracci\u00f3n I<\/a><\/li>\n<li class=\"page_item page-item-2125\"><a href=\"https:\/\/www.oaxaca.gob.mx\/interculturalidad\/lgtip80\/\">ARTICULO 80<\/a><\/li>\n<li class=\"page_item page-item-3933\"><a href=\"https:\/\/www.oaxaca.gob.mx\/interculturalidad\/asesoria-y-acompanamiento-a-mujeres-indigenas-victimas-de-violencia\/\">Asesor\u00eda y acompa\u00f1amiento a mujeres ind\u00edgenas v\u00edctimas de violencia<\/a><\/li>\n<li class=\"page_item page-item-121\"><a href=\"https:\/\/www.oaxaca.gob.mx\/interculturalidad\/t01\/\">Asesor\u00eda y acompa\u00f1amiento a mujeres ind\u00edgenas v\u00edctimas de violencia<\/a><\/li>\n<li class=\"page_item page-item-3942\"><a href=\"https:\/\/www.oaxaca.gob.mx\/interculturalidad\/atencion-gestion-y-acompanamiento-a-los-pueblos-y-comunidades-indigenas-de-oaxaca-ante-las-instancias-gubernamentales-para-la-atencion-de-sus-demandas\/\">Atenci\u00f3n, gestion y acompa\u00f1amiento a los pueblos y comunidades Ind\u00edgenas de Oaxaca, ante las instancias gubernamentales para la atenci\u00f3n de sus demandas.<\/a><\/li>\n<li class=\"page_item page-item-127\"><a href=\"https:\/\/www.oaxaca.gob.mx\/interculturalidad\/t04\/\">Atenci\u00f3n, gestion y acompa\u00f1amiento a los pueblos y comunidades Ind\u00edgenas de Oaxaca, ante las instancias gubernamentales para la atenci\u00f3n de sus demandas.<\/a><\/li>\n<li class=\"page_item page-item-6269\"><a href=\"https:\/\/www.oaxaca.gob.mx\/interculturalidad\/aviso-de-privacidad\/\">Aviso de Privacidad<\/a><\/li>\n<li class=\"page_item page-item-6652\"><a href=\"https:\/\/www.oaxaca.gob.mx\/interculturalidad\/beneficiarias-del-programa-mujeres-familia-2020\/\">Beneficiarias del Programa MujerEs Familia 2020<\/a><\/li>\n<li class=\"page_item page-item-15406\"><a href=\"https:\/\/www.oaxaca.gob.mx\/interculturalidad\/beneficiarias-y-beneficiarios-programas-2025\/\">Beneficiarias y beneficiarios 2025<\/a><\/li>\n<li class=\"page_item page-item-13535\"><a href=\"https:\/\/www.oaxaca.gob.mx\/interculturalidad\/beneficiarias-y-beneficiarios-de-los-programas-de-la-sipcia-2024\/\">Beneficiarias y Beneficiarios de los Programas de la SIPCIA 2024<\/a><\/li>\n<li class=\"page_item page-item-3705\"><a href=\"https:\/\/www.oaxaca.gob.mx\/interculturalidad\/beneficiarios\/\">beneficiarios<\/a><\/li>\n<li class=\"page_item page-item-6344\"><a href=\"https:\/\/www.oaxaca.gob.mx\/interculturalidad\/beneficiarios-st2020\/\">Beneficiarios del Programa Semillas de Talento 2020<\/a><\/li>\n<li class=\"page_item page-item-3935\"><a href=\"https:\/\/www.oaxaca.gob.mx\/interculturalidad\/brindar-asesoria-y-capacitacion-a-los-pueblos-y-comunidades-indigenas-y-afromexicana\/\">Brindar Asesor\u00eda y capacitaci\u00f3n a los pueblos y comunidades Ind\u00edgenas y afromexicana<\/a><\/li>\n<li class=\"page_item page-item-123\"><a href=\"https:\/\/www.oaxaca.gob.mx\/interculturalidad\/t02\/\">Brindar Asesor\u00eda y capacitaci\u00f3n a los pueblos y comunidades Ind\u00edgenas y afromexicana<\/a><\/li>\n<li class=\"page_item page-item-8133\"><a href=\"https:\/\/www.oaxaca.gob.mx\/interculturalidad\/buzon-de-quejas-y-denuncias\/\">Buz\u00f3n de Quejas y Denuncias<\/a><\/li>\n<li class=\"page_item page-item-3867\"><a href=\"https:\/\/www.oaxaca.gob.mx\/interculturalidad\/calendar\/\">Calendar<\/a><\/li>\n<li class=\"page_item page-item-3937\"><a href=\"https:\/\/www.oaxaca.gob.mx\/interculturalidad\/capacitacion-para-la-sensibilizacion-a-servidores-publicos-en-el-tema-indigena-y-afromexicano\/\">Capacitaci\u00f3n para la sensibilizaci\u00f3n a servidores p\u00fablicos, en el tema ind\u00edgena y afromexicano<\/a><\/li>\n<li class=\"page_item page-item-125\"><a href=\"https:\/\/www.oaxaca.gob.mx\/interculturalidad\/t03\/\">Capacitaci\u00f3n para la sensibilizaci\u00f3n a servidores p\u00fablicos, en el tema ind\u00edgena y afromexicano<\/a><\/li>\n<li class=\"page_item page-item-15361\"><a href=\"https:\/\/www.oaxaca.gob.mx\/interculturalidad\/comite-de-etica-3\/\">Comit\u00e9 de \u00c9tica<\/a><\/li>\n<li class=\"page_item page-item-14092\"><a href=\"https:\/\/www.oaxaca.gob.mx\/interculturalidad\/comite-de-etica-2\/\">COMIT\u00c9 DE \u00c9TICA<\/a><\/li>\n<li class=\"page_item page-item-5351\"><a href=\"https:\/\/www.oaxaca.gob.mx\/interculturalidad\/cepci\/\">Comit\u00e9 de \u00c9tica y de Prevenci\u00f3n de Conflicto de Inter\u00e9s (CEPCI)<\/a><\/li>\n<li class=\"page_item page-item-5258\"><a href=\"https:\/\/www.oaxaca.gob.mx\/interculturalidad\/conmemoraciones-del-ano-2019-de-la-secretaria-de-pueblos-indigenas-y-afromexicano\/\">CONMEMORACIONES DEL A\u00d1O 2019 DE LA SECRETAR\u00cdA DE PUEBLOS IND\u00cdGENAS Y AFROMEXICANO<\/a><\/li>\n<li class=\"page_item page-item-64\"><a href=\"https:\/\/www.oaxaca.gob.mx\/interculturalidad\/contacto\/\">Contacto<\/a><\/li>\n<li class=\"page_item page-item-3275\"><a href=\"https:\/\/www.oaxaca.gob.mx\/interculturalidad\/cumplimiento-obligaciones-lgtaip\/\">CUMPLIMIENTO DE OBLIGACIONES DE TRANSPARENCIA<\/a><\/li>\n<li class=\"page_item page-item-50\"><a href=\"https:\/\/www.oaxaca.gob.mx\/interculturalidad\/transparencia\/\">CUMPLIMIENTO DE OBLIGACIONES DE TRANSPARENCIA<\/a><\/li>\n<li class=\"page_item page-item-2601\"><a href=\"https:\/\/www.oaxaca.gob.mx\/interculturalidad\/denunciar\/\">Denunciar<\/a><\/li>\n<li class=\"page_item page-item-76\"><a href=\"https:\/\/www.oaxaca.gob.mx\/interculturalidad\/dfci\/\">Direcci\u00f3n de Fortalecimiento Cultural e Interculturalidad<\/a><\/li>\n<li class=\"page_item page-item-72\"><a href=\"https:\/\/www.oaxaca.gob.mx\/interculturalidad\/dppia\/\">Direcci\u00f3n de Participaci\u00f3n de los Pueblos Ind\u00edgenas y Afromexicano<\/a><\/li>\n<li class=\"page_item page-item-74\"><a href=\"https:\/\/www.oaxaca.gob.mx\/interculturalidad\/dpgdc\/\">Direcci\u00f3n de Planeaci\u00f3n y Gesti\u00f3n para el Desarrollo Comunitario<\/a><\/li>\n<li class=\"page_item page-item-69\"><a href=\"https:\/\/www.oaxaca.gob.mx\/interculturalidad\/dvdi\/\">Direcci\u00f3n de Vigencia de Derechos Ind\u00edgenas<\/a><\/li>\n<li class=\"page_item page-item-11442\"><a href=\"https:\/\/www.oaxaca.gob.mx\/interculturalidad\/directorio\/\">Directorio<\/a><\/li>\n<li class=\"page_item page-item-12005\"><a href=\"https:\/\/www.oaxaca.gob.mx\/interculturalidad\/directorio-2023\/\">Directorio-2023<\/a><\/li>\n<li class=\"page_item page-item-274\"><a href=\"https:\/\/www.oaxaca.gob.mx\/interculturalidad\/discursos\/\">Discursos<\/a><\/li>\n<li class=\"page_item page-item-705\"><a href=\"https:\/\/www.oaxaca.gob.mx\/interculturalidad\/doctos\/\">Documentos<\/a><\/li>\n<li class=\"page_item page-item-292\"><a href=\"https:\/\/www.oaxaca.gob.mx\/interculturalidad\/docint\/\">Documentos de Interes<\/a><\/li>\n<li class=\"page_item page-item-301\"><a href=\"https:\/\/www.oaxaca.gob.mx\/interculturalidad\/varios\/\">Documentos varios<\/a><\/li>\n<li class=\"page_item page-item-30\"><a href=\"https:\/\/www.oaxaca.gob.mx\/interculturalidad\/estructura\/\">Estructura Org\u00e1nica u Organigrama<\/a><\/li>\n<li class=\"page_item page-item-11694 page_item_has_children\"><a href=\"https:\/\/www.oaxaca.gob.mx\/interculturalidad\/eventos\/\">Eventos<\/a>\n<ul class='children'>\n\t<li class=\"page_item page-item-11696\"><a href=\"https:\/\/www.oaxaca.gob.mx\/interculturalidad\/eventos\/categorias\/\">Categor\u00edas<\/a><\/li>\n\t<li class=\"page_item page-item-11697\"><a href=\"https:\/\/www.oaxaca.gob.mx\/interculturalidad\/eventos\/etiquetas\/\">Etiquetas<\/a><\/li>\n\t<li class=\"page_item page-item-11698\"><a href=\"https:\/\/www.oaxaca.gob.mx\/interculturalidad\/eventos\/mis-reservas\/\">Mis Reservas<\/a><\/li>\n\t<li class=\"page_item page-item-11695\"><a href=\"https:\/\/www.oaxaca.gob.mx\/interculturalidad\/eventos\/ubicaciones\/\">Ubicaciones<\/a><\/li>\n<\/ul>\n<\/li>\n<li class=\"page_item page-item-11470\"><a href=\"https:\/\/www.oaxaca.gob.mx\/interculturalidad\/foro-virtual-perspectivas-afro\/\">Foro Virtual \u201cPerspectivas Afro\u201d<\/a><\/li>\n<li class=\"page_item page-item-47\"><a href=\"https:\/\/www.oaxaca.gob.mx\/interculturalidad\/galeria\/\">Fotogaler\u00eda<\/a><\/li>\n<li class=\"page_item page-item-16\"><a href=\"https:\/\/www.oaxaca.gob.mx\/interculturalidad\/funciones\/\">Funciones<\/a><\/li>\n<li class=\"page_item page-item-459\"><a href=\"https:\/\/www.oaxaca.gob.mx\/interculturalidad\/fund\/\">Fundamentos<\/a><\/li>\n<li class=\"page_item page-item-448\"><a href=\"https:\/\/www.oaxaca.gob.mx\/interculturalidad\/tinv\/\">Inventarios<\/a><\/li>\n<li class=\"page_item page-item-3400\"><a href=\"https:\/\/www.oaxaca.gob.mx\/interculturalidad\/manual-de-organizacion\/\">Manual de Organizaci\u00f3n<\/a><\/li>\n<li class=\"page_item page-item-61\"><a href=\"https:\/\/www.oaxaca.gob.mx\/interculturalidad\/mapa-del-sitio\/\">Mapa del sitio<\/a><\/li>\n<li class=\"page_item page-item-3402\"><a href=\"https:\/\/www.oaxaca.gob.mx\/interculturalidad\/marco-juridico\/\">Marco Jur\u00eddico<\/a><\/li>\n<li class=\"page_item page-item-3478\"><a href=\"https:\/\/www.oaxaca.gob.mx\/interculturalidad\/mision-y-vision\/\">Misi\u00f3n, Visi\u00f3n y Objetivos<\/a><\/li>\n<li class=\"page_item page-item-41\"><a href=\"https:\/\/www.oaxaca.gob.mx\/interculturalidad\/noticias\/\">Noticias<\/a><\/li>\n<li class=\"page_item page-item-3479\"><a href=\"https:\/\/www.oaxaca.gob.mx\/interculturalidad\/objetivo-general\/\">Objetivo General<\/a><\/li>\n<li class=\"page_item page-item-2838\"><a href=\"https:\/\/www.oaxaca.gob.mx\/interculturalidad\/lgtip15_17\/\">Obligaciones de Transparencia 2015-2017<\/a><\/li>\n<li class=\"page_item page-item-3481\"><a href=\"https:\/\/www.oaxaca.gob.mx\/interculturalidad\/pagina-ejemplo\/\">P\u00e1gina de ejemplo<\/a><\/li>\n<li class=\"page_item page-item-15321\"><a href=\"https:\/\/www.oaxaca.gob.mx\/interculturalidad\/plan-especial-de-interculturalidad-pueblos-y-comunidades-indigenas-y-afromexicanas\/\">Plan Especial de Interculturalidad, Pueblos y Comunidades Ind\u00edgenas y Afromexicanas<\/a><\/li>\n<li class=\"page_item page-item-3413\"><a href=\"https:\/\/www.oaxaca.gob.mx\/interculturalidad\/plan-estrategico\/\">Plan Estrat\u00e9gico<\/a><\/li>\n<li class=\"page_item page-item-2810\"><a href=\"https:\/\/www.oaxaca.gob.mx\/interculturalidad\/pet\/\">Plan Estrat\u00e9gico Transversal<\/a><\/li>\n<li class=\"page_item page-item-14748\"><a href=\"https:\/\/www.oaxaca.gob.mx\/interculturalidad\/plan-institucional-de-tecnologias-de-la-informacion-y-comunicacion\/\">Plan Institucional de Tecnolog\u00edas de la Informaci\u00f3n y Comunicaci\u00f3n<\/a><\/li>\n<li class=\"page_item page-item-2553\"><a href=\"https:\/\/www.oaxaca.gob.mx\/interculturalidad\/programa-operativo-anual\/\">Programa Operativo Anual<\/a><\/li>\n<li class=\"page_item page-item-13516\"><a href=\"https:\/\/www.oaxaca.gob.mx\/interculturalidad\/programas-2024-vigentes\/\">PROGRAMAS 2024 VIGENTES<\/a><\/li>\n<li class=\"page_item page-item-446\"><a href=\"https:\/\/www.oaxaca.gob.mx\/interculturalidad\/trf\/\">Recursos Financieros<\/a><\/li>\n<li class=\"page_item page-item-444\"><a href=\"https:\/\/www.oaxaca.gob.mx\/interculturalidad\/trh\/\">Recursos Humanos<\/a><\/li>\n<li class=\"page_item page-item-131\"><a href=\"https:\/\/www.oaxaca.gob.mx\/interculturalidad\/t05\/\">Servicio de traducci\u00f3n e interpretaci\u00f3n de lenguas ind\u00edgenas de Oaxaca<\/a><\/li>\n<li class=\"page_item page-item-15821\"><a href=\"https:\/\/www.oaxaca.gob.mx\/interculturalidad\/sistema-institucional-de-archivos\/\">Sistema Institucional de archivos<\/a><\/li>\n<li class=\"page_item page-item-4480\"><a href=\"https:\/\/www.oaxaca.gob.mx\/interculturalidad\/sistema-institucional-de-archivos-de-la-sepia\/\">SISTEMA INSTITUCIONAL DE ARCHIVOS DE LA SEPIA<\/a><\/li>\n<li class=\"page_item page-item-2674\"><a href=\"https:\/\/www.oaxaca.gob.mx\/interculturalidad\/\">TE DAMOS LA BIENVENIDA A LA SECRETAR\u00cdA DE INTERCULTURALIDAD, PUEBLOS Y COMUNIDADES IND\u00cdGENAS Y AFROMEXICANAS<\/a><\/li>\n<li class=\"page_item page-item-3927\"><a href=\"https:\/\/www.oaxaca.gob.mx\/interculturalidad\/tramites-y-servicios-2\/\">Tr\u00e1mites y servicios<\/a><\/li>\n<li class=\"page_item page-item-118\"><a href=\"https:\/\/www.oaxaca.gob.mx\/interculturalidad\/tramites-y-servicios\/\">Tramites y Servicios<\/a><\/li>\n<li class=\"page_item page-item-5358\"><a href=\"https:\/\/www.oaxaca.gob.mx\/interculturalidad\/tramites-y-servicios-transparencia\/\">Tr\u00e1mites y Servicios Transparencia<\/a><\/li>\n<li class=\"page_item page-item-441\"><a href=\"https:\/\/www.oaxaca.gob.mx\/interculturalidad\/transparencia-sai\/\">Transparencia SAI<\/a><\/li>\n<li class=\"page_item page-item-78\"><a href=\"https:\/\/www.oaxaca.gob.mx\/interculturalidad\/ua\/\">Unidad Administrativa<\/a><\/li>\n<li class=\"page_item page-item-83\"><a href=\"https:\/\/www.oaxaca.gob.mx\/interculturalidad\/uj\/\">Unidad Juridica<\/a><\/li>\n<li class=\"page_item page-item-81\"><a href=\"https:\/\/www.oaxaca.gob.mx\/interculturalidad\/ut\/\">Unidad T\u00e9cnica<\/a><\/li>\n<li class=\"page_item page-item-6035\"><a href=\"https:\/\/www.oaxaca.gob.mx\/interculturalidad\/slide-anything-popup-preview\/\">Slide Anything Popup Preview<\/a><\/li>\n<\/ul>\n<\/div>\n","protected":false},"excerpt":{"rendered":"","protected":false},"author":1,"featured_media":0,"parent":0,"menu_order":0,"comment_status":"closed","ping_status":"closed","template":"","meta":{"episode_type":"","audio_file":"","podmotor_file_id":"","podmotor_episode_id":"","cover_image":"","cover_image_id":"","duration":"","filesize":"","filesize_raw":"","date_recorded":"","explicit":"","block":"","itunes_episode_number":"","itunes_title":"","itunes_season_number":"","itunes_episode_type":"","footnotes":""},"categories":[],"tags":[],"class_list":["post-61","page","type-page","status-publish","hentry"],"acf":[],"publishpress_future_action":{"enabled":false,"date":"2026-05-06 13:38:49","action":"change-status","newStatus":"draft","terms":[],"taxonomy":"category","extraData":[]},"publishpress_future_workflow_manual_trigger":{"enabledWorkflows":[]},"_links":{"self":[{"href":"https:\/\/www.oaxaca.gob.mx\/interculturalidad\/wp-json\/wp\/v2\/pages\/61","targetHints":{"allow":["GET"]}}],"collection":[{"href":"https:\/\/www.oaxaca.gob.mx\/interculturalidad\/wp-json\/wp\/v2\/pages"}],"about":[{"href":"https:\/\/www.oaxaca.gob.mx\/interculturalidad\/wp-json\/wp\/v2\/types\/page"}],"author":[{"embeddable":true,"href":"https:\/\/www.oaxaca.gob.mx\/interculturalidad\/wp-json\/wp\/v2\/users\/1"}],"replies":[{"embeddable":true,"href":"https:\/\/www.oaxaca.gob.mx\/interculturalidad\/wp-json\/wp\/v2\/comments?post=61"}],"version-history":[{"count":1,"href":"https:\/\/www.oaxaca.gob.mx\/interculturalidad\/wp-json\/wp\/v2\/pages\/61\/revisions"}],"predecessor-version":[{"id":12374,"href":"https:\/\/www.oaxaca.gob.mx\/interculturalidad\/wp-json\/wp\/v2\/pages\/61\/revisions\/12374"}],"wp:attachment":[{"href":"https:\/\/www.oaxaca.gob.mx\/interculturalidad\/wp-json\/wp\/v2\/media?parent=61"}],"wp:term":[{"taxonomy":"category","embeddable":true,"href":"https:\/\/www.oaxaca.gob.mx\/interculturalidad\/wp-json\/wp\/v2\/categories?post=61"},{"taxonomy":"post_tag","embeddable":true,"href":"https:\/\/www.oaxaca.gob.mx\/interculturalidad\/wp-json\/wp\/v2\/tags?post=61"}],"curies":[{"name":"wp","href":"https:\/\/api.w.org\/{rel}","templated":true}]}}