{"id":5351,"date":"2020-03-13T12:59:55","date_gmt":"2020-03-13T18:59:55","guid":{"rendered":"https:\/\/www.oaxaca.gob.mx\/sepia\/?page_id=5351"},"modified":"2020-07-10T18:08:46","modified_gmt":"2020-07-10T23:08:46","slug":"comite-de-etica","status":"publish","type":"page","link":"https:\/\/www.oaxaca.gob.mx\/interculturalidad\/cepci\/","title":{"rendered":"Comit\u00e9 de \u00c9tica y de Prevenci\u00f3n de Conflicto de Inter\u00e9s (CEPCI)"},"content":{"rendered":"<h2 class=\"entry-title mt25\" style=\"width: 100%\">Integrantes del CEPCI de la SEPIA<\/h2>\n<p>https:\/\/www.oaxaca.gob.mx\/sepia\/integrantes-del-comite-de-etica-sepia\/<\/p>\n<h2 class=\"entry-title mt25\" style=\"width: 100%\">Marco Jur\u00eddico del CEPCI<\/h2>\n<table class=\"table table-striped table-hover\">\n<thead class=\"thead-dark\">\n<tr>\n<th scope=\"col\">N\u00daM.<\/th>\n<th scope=\"col\">NORMATIVIDAD<\/th>\n<th scope=\"col\">LINK<\/th>\n<\/tr>\n<\/thead>\n<tbody>\n<tr>\n<th scope=\"row\">1<\/th>\n<td>Art\u00edculo 1\u00ba, 109 fracci\u00f3n III y 133 de la Constituci\u00f3n Pol\u00edtica de los Estados Unidos Mexicanos.<\/td>\n<td><a href=\"https:\/\/www.oaxaca.gob.mx\/sepia\/wp-content\/uploads\/sites\/7\/2019\/06\/Constituci\u00f3n-Federal.pdf\" target=\"_blank\" rel=\"noopener noreferrer\">Descarga<\/a><\/td>\n<\/tr>\n<tr>\n<th scope=\"row\">2<\/th>\n<td>Art\u00edculos 5 y 8 de la Convenci\u00f3n Interamericana para Prevenir, Sancionar y Erradicar la Violencia Contra la Mujer \u201cConvenci\u00f3n de Belem do Para\u201d.<\/td>\n<td><a href=\"https:\/\/www.oaxaca.gob.mx\/sepia\/wp-content\/uploads\/sites\/7\/2020\/06\/convencion_BelemdoPara.pdf\" target=\"_blank\" rel=\"noopener noreferrer\">Descarga<\/a><\/td>\n<\/tr>\n<tr>\n<th scope=\"row\">3<\/th>\n<td>Art\u00edculo 8, numeral I de la Convenci\u00f3n de las Naciones Unidas Contra la Corrupci\u00f3n<\/td>\n<td><a href=\"https:\/\/www.oaxaca.gob.mx\/sepia\/wp-content\/uploads\/sites\/7\/2020\/06\/Convencion_de_las_NU_contra_la_Corrupcion.pdf\" target=\"_blank\" rel=\"noopener noreferrer\">Descarga<\/a><\/td>\n<\/tr>\n<tr>\n<th scope=\"row\">4<\/th>\n<td>Art\u00edculo III, numeral 3 de la Convenci\u00f3n Interamericana contra la Corrupci\u00f3n.<\/td>\n<td><a href=\"https:\/\/www.oaxaca.gob.mx\/sepia\/wp-content\/uploads\/sites\/7\/2020\/06\/Convenci\u00f3n-Interamericana-contra-la-corrupci\u00f3n.pdf\" target=\"_blank\" rel=\"noopener noreferrer\">Descarga<\/a><\/td>\n<\/tr>\n<tr>\n<th scope=\"row\">5<\/th>\n<td>Convenio 169 de la OTI sobre Pueblos Ind\u00edgenas y Tribales en Pa\u00edses Independientes<\/td>\n<td><a href=\"http:\/\/www.sai.oaxaca.gob.mx\/wp-content\/uploads\/2017\/10\/MN-73.pdf\" target=\"_blank\" rel=\"noopener noreferrer\">Descarga<\/a><\/td>\n<\/tr>\n<tr>\n<th scope=\"row\">6<\/th>\n<td>Art\u00edculo 115 y 116 fracci\u00f3n III de la Constituci\u00f3n Pol\u00edtica del Estado Libre y Soberano de Oaxaca.<\/td>\n<td><a href=\"https:\/\/www.oaxaca.gob.mx\/sepia\/wp-content\/uploads\/sites\/7\/2020\/03\/Constituci\u00f3n_Pol\u00edtica_del_Estado_Libre_y_Soberano_de_Oaxaca_Ref_Dto_695_LXIII_legisl_aprob_30_ago_2017_PO_Extra_21_sep_2017-1.pdf\" target=\"_blank\" rel=\"noopener noreferrer\">Descarga<\/a><\/td>\n<\/tr>\n<tr>\n<th scope=\"row\">7<\/th>\n<td>Art\u00edculos 24 fracci\u00f3n VI y 70 de la Ley General de Transparencia y Acceso a la Informaci\u00f3n P\u00fablica.<\/td>\n<td><a href=\"http:\/\/www.sai.oaxaca.gob.mx\/wp-content\/uploads\/2017\/10\/MN-02.pdf\" target=\"_blank\" rel=\"noopener noreferrer\">Descarga<\/a><\/td>\n<\/tr>\n<tr>\n<th scope=\"row\">8<\/th>\n<td>Art\u00edculos 6 y 7 de la Ley General de Responsabilidades Administrativas.<\/td>\n<td><a href=\"https:\/\/www.oaxaca.gob.mx\/sepia\/wp-content\/uploads\/sites\/7\/2019\/06\/Ley-Gral-de-Responsab-Admvas.pdf\" target=\"_blank\" rel=\"noopener noreferrer\">Descarga<\/a><\/td>\n<\/tr>\n<tr>\n<th scope=\"row\">9<\/th>\n<td>Art\u00edculo 14 de la Ley de Responsabilidades Administrativas del Estado y Municipios de Oaxaca.<\/td>\n<td><a href=\"http:\/\/www.sai.oaxaca.gob.mx\/wp-content\/uploads\/2018\/07\/Ley_de_Responsabilidades_Administrativas_del_Estado_y_Municipios_de_Oaxaca_Texto_orig_dto_701_aprob_LXIII_Legis_30_ago_2017_PO_Extra_3_oct_2017.pdf\" target=\"_blank\" rel=\"noopener noreferrer\">Descarga<\/a><\/td>\n<\/tr>\n<tr>\n<th scope=\"row\">10<\/th>\n<td>Art\u00edculos 27 Fracci\u00f3n I y 43 de la Ley Org\u00e1nica del Poder Ejecutivo del Estado de Oaxaca.<\/td>\n<td><a href=\"https:\/\/www.oaxaca.gob.mx\/sepia\/wp-content\/uploads\/sites\/7\/2020\/02\/LeyOrganicadelPoderEjecutivoRef27abr2019.pdf\" target=\"_blank\" rel=\"noopener noreferrer\">Descarga<\/a><\/td>\n<\/tr>\n<tr>\n<th scope=\"row\">11<\/th>\n<td>Art\u00edculos 19 y 58 de la Ley de Transparencia y Acceso a la Informaci\u00f3n P\u00fablica para el Estado de Oaxaca.<\/td>\n<td><a href=\"http:\/\/www.sai.oaxaca.gob.mx\/wp-content\/uploads\/2017\/10\/MN-47.pdf\" target=\"_blank\" rel=\"noopener noreferrer\">Descarga<\/a><\/td>\n<\/tr>\n<tr>\n<th scope=\"row\">12<\/th>\n<td>Acuerdo por el que se emiten los Lineamientos Generales del C\u00f3digo de \u00c9tica para las servidoras y servidores p\u00fablicos del Poder Ejecutivo del Estado de Oaxaca, publicado en el Peri\u00f3dico Oficial del Gobierno del Estado el 24 de abril del 2019.<\/td>\n<td><a href=\"https:\/\/www.oaxaca.gob.mx\/sepia\/wp-content\/uploads\/sites\/7\/2020\/06\/Acuerdo-por-el-que-se-expide-el-C\u00f3digo-de-\u00c9tica-para-Servidoras-y-Servidores-P\u00fablicos-del-Poder-Ejecutivo-del-Estado-de-Oaxaca.pdf\" target=\"_blank\" rel=\"noopener noreferrer\">Descarga<\/a><\/td>\n<\/tr>\n<tr>\n<th scope=\"row\">13<\/th>\n<td>Reglamento Interno de la Secretar\u00eda.<\/td>\n<td><a href=\"http:\/\/www.sai.oaxaca.gob.mx\/wp-content\/uploads\/2017\/10\/MN-34.pdf\" target=\"_blank\" rel=\"noopener noreferrer\">Descarga<\/a><\/td>\n<\/tr>\n<\/tbody>\n<\/table>\n<h2 class=\"entry-title mt25\" style=\"width: 100%\">Listado de servidores p\u00fablicos nominados para integrar el CEPCI de la SEPIA<\/h2>\n<p>https:\/\/www.oaxaca.gob.mx\/sepia\/comite_etica\/<\/p>\n<h2 class=\"entry-title mt25\" style=\"width: 100%\">Servidores p\u00fablicos electos para conformar el CEPCI de la SEPIA<\/h2>\n<p>https:\/\/www.oaxaca.gob.mx\/sepia\/electos-comite-etica-sepia\/<\/p>\n<h2 class=\"entry-title mt25\" style=\"width: 100%\">Acta de Instalaci\u00f3n del CEPCI de la SEPIA<\/h2>\n<p>https:\/\/www.oaxaca.gob.mx\/sepia\/acta-comite-etica-sepia0001\/<\/p>\n<h2 class=\"entry-title mt25\" style=\"width: 100%\">Acuerdo de Confidencialidad del CEPCI de la SEPIA<\/h2>\n<p>https:\/\/www.oaxaca.gob.mx\/sepia\/acuerdo-confidencialidad-etica-sepia0001\/<\/p>\n<h2 class=\"entry-title mt25\" style=\"width: 100%\">C\u00f3digo de Conducta de la SEPIA<\/h2>\n<p>https:\/\/www.oaxaca.gob.mx\/sepia\/codigo-de-conducta-sepia\/<\/p>\n<h2 class=\"entry-title mt25\" style=\"width: 100%\">Actas de sesi\u00f3n del CEPCI<\/h2>\n<table class=\"table table-striped table-hover\">\n<thead class=\"thead-dark\">\n<tr>\n<th scope=\"col\">N\u00daM.<\/th>\n<th scope=\"col\">ACTAS<\/th>\n<th scope=\"col\">LINK<\/th>\n<\/tr>\n<\/thead>\n<tbody>\n<tr>\n<th scope=\"row\">1<\/th>\n<td>Acta de Renovaci\u00f3n<\/td>\n<td><a href=\"https:\/\/www.oaxaca.gob.mx\/sepia\/acta-renovacion-2019\/\" target=\"_blank\" rel=\"noopener noreferrer\">Descarga<\/a><\/td>\n<\/tr>\n<tr>\n<th scope=\"row\">2<\/th>\n<td>Primera Sesi\u00f3n Extraordinaria<\/td>\n<td><a href=\"https:\/\/www.oaxaca.gob.mx\/sepia\/acta-1a-sesion-extraordinaria-2019\/\" target=\"_blank\" rel=\"noopener noreferrer\">Descarga<\/a><\/td>\n<\/tr>\n<tr>\n<th scope=\"row\">3<\/th>\n<td>Primera Sesi\u00f3n Ordinaria<\/td>\n<td><a href=\"https:\/\/www.oaxaca.gob.mx\/sepia\/acta-1a-sesion-ordinaria-2019\/\" target=\"_blank\" rel=\"noopener noreferrer\">Descarga<\/a><\/td>\n<\/tr>\n<tr>\n<th scope=\"row\">4<\/th>\n<td>Segunda Sesi\u00f3n Ordinaria<\/td>\n<td><a href=\"https:\/\/www.oaxaca.gob.mx\/sepia\/acta-2a-sesion-ordinaria-2019\/\" target=\"_blank\" rel=\"noopener noreferrer\">Descarga<\/a><\/td>\n<\/tr>\n<\/tbody>\n<\/table>\n<h2 class=\"entry-title mt25\" style=\"width: 100%\">Calendario de Sesiones 2020<\/h2>\n<p>https:\/\/www.oaxaca.gob.mx\/sepia\/calendario-de-sesiones-2020\/<\/p>\n<h2 class=\"entry-title mt25\" style=\"width: 100%\">Plan de Trabajo<\/h2>\n<table class=\"table table-striped table-hover\">\n<thead class=\"thead-dark\">\n<tr>\n<th scope=\"col\">N\u00daM.<\/th>\n<th scope=\"col\">DOCUMENTO<\/th>\n<th scope=\"col\">LINK<\/th>\n<\/tr>\n<\/thead>\n<tbody>\n<tr>\n<th scope=\"row\">1<\/th>\n<td>Plan Anual de Trabajo 2019<\/td>\n<td><a href=\"https:\/\/www.oaxaca.gob.mx\/sepia\/plan-anual-de-trabajo-2019\/\" target=\"_blank\" rel=\"noopener noreferrer\">Descarga<\/a><\/td>\n<\/tr>\n<tr>\n<th scope=\"row\">2<\/th>\n<td>Informe 2019<\/td>\n<td><a href=\"https:\/\/www.oaxaca.gob.mx\/sepia\/informe-2019\/\" target=\"_blank\" rel=\"noopener noreferrer\">Descarga<\/a><\/td>\n<\/tr>\n<tr>\n<th scope=\"row\">3<\/th>\n<td>Plan Anual de Trabajo 2020<\/td>\n<td><a href=\"\/\/www.oaxaca.gob.mx\/sepia\/plan-anual-de-trabajo-2020-docx\/\" target=\"_blank\" rel=\"noopener noreferrer\">Descarga<\/a><\/td>\n<\/tr>\n<\/tbody>\n<\/table>\n","protected":false},"excerpt":{"rendered":"<p>Integrantes del CEPCI de la SEPIA https:\/\/www.oaxaca.gob.mx\/sepia\/integrantes-del-comite-de-etica-sepia\/ Marco Jur\u00eddico del CEPCI N\u00daM. NORMATIVIDAD LINK 1 Art\u00edculo 1\u00ba, 109 fracci\u00f3n III y 133 de la Constituci\u00f3n Pol\u00edtica de los Estados Unidos Mexicanos. Descarga 2 Art\u00edculos 5 y 8 de la Convenci\u00f3n Interamericana para Prevenir, Sancionar y Erradicar la Violencia Contra la Mujer \u201cConvenci\u00f3n de Belem do [&hellip;]<\/p>\n","protected":false},"author":7,"featured_media":0,"parent":0,"menu_order":0,"comment_status":"closed","ping_status":"closed","template":"","meta":{"episode_type":"","audio_file":"","podmotor_file_id":"","podmotor_episode_id":"","cover_image":"","cover_image_id":"","duration":"","filesize":"","filesize_raw":"","date_recorded":"","explicit":"","block":"","itunes_episode_number":"","itunes_title":"","itunes_season_number":"","itunes_episode_type":"","footnotes":""},"categories":[],"tags":[],"class_list":["post-5351","page","type-page","status-publish","hentry"],"acf":[],"publishpress_future_action":{"enabled":false,"date":"2026-05-06 15:28:05","action":"change-status","newStatus":"draft","terms":[],"taxonomy":"category","extraData":[]},"publishpress_future_workflow_manual_trigger":{"enabledWorkflows":[]},"_links":{"self":[{"href":"https:\/\/www.oaxaca.gob.mx\/interculturalidad\/wp-json\/wp\/v2\/pages\/5351","targetHints":{"allow":["GET"]}}],"collection":[{"href":"https:\/\/www.oaxaca.gob.mx\/interculturalidad\/wp-json\/wp\/v2\/pages"}],"about":[{"href":"https:\/\/www.oaxaca.gob.mx\/interculturalidad\/wp-json\/wp\/v2\/types\/page"}],"author":[{"embeddable":true,"href":"https:\/\/www.oaxaca.gob.mx\/interculturalidad\/wp-json\/wp\/v2\/users\/7"}],"replies":[{"embeddable":true,"href":"https:\/\/www.oaxaca.gob.mx\/interculturalidad\/wp-json\/wp\/v2\/comments?post=5351"}],"version-history":[{"count":16,"href":"https:\/\/www.oaxaca.gob.mx\/interculturalidad\/wp-json\/wp\/v2\/pages\/5351\/revisions"}],"predecessor-version":[{"id":6287,"href":"https:\/\/www.oaxaca.gob.mx\/interculturalidad\/wp-json\/wp\/v2\/pages\/5351\/revisions\/6287"}],"wp:attachment":[{"href":"https:\/\/www.oaxaca.gob.mx\/interculturalidad\/wp-json\/wp\/v2\/media?parent=5351"}],"wp:term":[{"taxonomy":"category","embeddable":true,"href":"https:\/\/www.oaxaca.gob.mx\/interculturalidad\/wp-json\/wp\/v2\/categories?post=5351"},{"taxonomy":"post_tag","embeddable":true,"href":"https:\/\/www.oaxaca.gob.mx\/interculturalidad\/wp-json\/wp\/v2\/tags?post=5351"}],"curies":[{"name":"wp","href":"https:\/\/api.w.org\/{rel}","templated":true}]}}