{"id":47,"date":"2016-02-22T13:49:06","date_gmt":"2016-02-22T19:49:06","guid":{"rendered":"http:\/\/www.sai.oaxaca.gob.mx\/?page_id=47"},"modified":"2020-07-13T15:18:38","modified_gmt":"2020-07-13T20:18:38","slug":"galeria","status":"publish","type":"page","link":"https:\/\/www.oaxaca.gob.mx\/interculturalidad\/galeria\/","title":{"rendered":"Fotogaler\u00eda"},"content":{"rendered":"\r\n<div class=\"gdgallery-gallery-container\" id=\"gdgallery-container-12\" data-id=\"12\">\r\n    \r\n<div id=\"gdgallery_container_12\" style=\"display:none;\" data-view=\"justified\">\r\n            <a href=\"\" target=\"_blank\">\r\n            <img decoding=\"async\" alt=\"Tlalixtac de Cabrera\"\r\n                 data-type=\"image\"\r\n                 src=\"https:\/\/www.oaxaca.gob.mx\/interculturalidad\/wp-content\/uploads\/sites\/7\/2020\/01\/so02.jpg\"\r\n                 data-image=\"https:\/\/www.oaxaca.gob.mx\/interculturalidad\/wp-content\/uploads\/sites\/7\/2020\/01\/so02.jpg\"\r\n                 data-description=\"M\u00f3dulo de informaci\u00f3n para municipios regidos por Sistemas Normativos Ind\u00edgenas\"\r\n                                 style=\"display:block\">\r\n        <\/a>\r\n            <a href=\"\" target=\"_blank\">\r\n            <img decoding=\"async\" alt=\"Pinotepa Nacional\"\r\n                 data-type=\"image\"\r\n                 src=\"https:\/\/www.oaxaca.gob.mx\/interculturalidad\/wp-content\/uploads\/sites\/7\/2020\/02\/Imagen-2-2.jpg\"\r\n                 data-image=\"https:\/\/www.oaxaca.gob.mx\/interculturalidad\/wp-content\/uploads\/sites\/7\/2020\/02\/Imagen-2-2.jpg\"\r\n                 data-description=\"D\u00eda Internacional de la Mujer Afrodescendiente\"\r\n                                 style=\"display:block\">\r\n        <\/a>\r\n            <a href=\"\" target=\"_blank\">\r\n            <img decoding=\"async\" alt=\"San Bartolom\u00e9 Quialana\"\r\n                 data-type=\"image\"\r\n                 src=\"https:\/\/www.oaxaca.gob.mx\/interculturalidad\/wp-content\/uploads\/sites\/7\/2020\/02\/Imagen-6-1.jpg\"\r\n                 data-image=\"https:\/\/www.oaxaca.gob.mx\/interculturalidad\/wp-content\/uploads\/sites\/7\/2020\/02\/Imagen-6-1.jpg\"\r\n                 data-description=\"D\u00eda Internacional de la Mujer\"\r\n                                 style=\"display:block\">\r\n        <\/a>\r\n            <a href=\"\" target=\"_blank\">\r\n            <img decoding=\"async\" alt=\"San Bartolom\u00e9 Quialana\"\r\n                 data-type=\"image\"\r\n                 src=\"https:\/\/www.oaxaca.gob.mx\/interculturalidad\/wp-content\/uploads\/sites\/7\/2020\/02\/Imagen-5-1.jpg\"\r\n                 data-image=\"https:\/\/www.oaxaca.gob.mx\/interculturalidad\/wp-content\/uploads\/sites\/7\/2020\/02\/Imagen-5-1.jpg\"\r\n                 data-description=\"D\u00eda Internacional de la Mujer\"\r\n                                 style=\"display:block\">\r\n        <\/a>\r\n            <a href=\"\" target=\"_blank\">\r\n            <img decoding=\"async\" alt=\"San Bartolom\u00e9 Quialana\"\r\n                 data-type=\"image\"\r\n                 src=\"https:\/\/www.oaxaca.gob.mx\/interculturalidad\/wp-content\/uploads\/sites\/7\/2020\/02\/Imagen-2-1.jpg\"\r\n                 data-image=\"https:\/\/www.oaxaca.gob.mx\/interculturalidad\/wp-content\/uploads\/sites\/7\/2020\/02\/Imagen-2-1.jpg\"\r\n                 data-description=\"D\u00eda Internacional de la Mujer\"\r\n                                 style=\"display:block\">\r\n        <\/a>\r\n            <a href=\"\" target=\"_blank\">\r\n            <img decoding=\"async\" alt=\"Oaxaca de Ju\u00e1rez\"\r\n                 data-type=\"image\"\r\n                 src=\"https:\/\/www.oaxaca.gob.mx\/interculturalidad\/wp-content\/uploads\/sites\/7\/2020\/02\/Imagen-44.jpg\"\r\n                 data-image=\"https:\/\/www.oaxaca.gob.mx\/interculturalidad\/wp-content\/uploads\/sites\/7\/2020\/02\/Imagen-44.jpg\"\r\n                 data-description=\"Convocatoria Premios Bartolom\u00e9 de las Casas\"\r\n                                 style=\"display:block\">\r\n        <\/a>\r\n            <a href=\"\" target=\"_blank\">\r\n            <img decoding=\"async\" alt=\"Santa Luc\u00eda del Camino\"\r\n                 data-type=\"image\"\r\n                 src=\"https:\/\/www.oaxaca.gob.mx\/interculturalidad\/wp-content\/uploads\/sites\/7\/2020\/02\/Imagen-9.jpg\"\r\n                 data-image=\"https:\/\/www.oaxaca.gob.mx\/interculturalidad\/wp-content\/uploads\/sites\/7\/2020\/02\/Imagen-9.jpg\"\r\n                 data-description=\"D\u00eda Internacional de la Lengua Materna\"\r\n                                 style=\"display:block\">\r\n        <\/a>\r\n            <a href=\"\" target=\"_blank\">\r\n            <img decoding=\"async\" alt=\"Santa Luc\u00eda del Camino\"\r\n                 data-type=\"image\"\r\n                 src=\"https:\/\/www.oaxaca.gob.mx\/interculturalidad\/wp-content\/uploads\/sites\/7\/2020\/02\/Imagen-8.jpg\"\r\n                 data-image=\"https:\/\/www.oaxaca.gob.mx\/interculturalidad\/wp-content\/uploads\/sites\/7\/2020\/02\/Imagen-8.jpg\"\r\n                 data-description=\"D\u00eda Internacional de la Lengua Materna\"\r\n                                 style=\"display:block\">\r\n        <\/a>\r\n            <a href=\"\" target=\"_blank\">\r\n            <img decoding=\"async\" alt=\"Oaxaca de Ju\u00e1rez\"\r\n                 data-type=\"image\"\r\n                 src=\"https:\/\/www.oaxaca.gob.mx\/interculturalidad\/wp-content\/uploads\/sites\/7\/2020\/02\/Imagen-4.jpg\"\r\n                 data-image=\"https:\/\/www.oaxaca.gob.mx\/interculturalidad\/wp-content\/uploads\/sites\/7\/2020\/02\/Imagen-4.jpg\"\r\n                 data-description=\"Convocatoria Premios Bartolom\u00e9 de las Casas\"\r\n                                 style=\"display:block\">\r\n        <\/a>\r\n            <a href=\"\" target=\"_blank\">\r\n            <img decoding=\"async\" alt=\"Buena Vista Loxicha\"\r\n                 data-type=\"image\"\r\n                 src=\"https:\/\/www.oaxaca.gob.mx\/interculturalidad\/wp-content\/uploads\/sites\/7\/2020\/02\/com01.jpg\"\r\n                 data-image=\"https:\/\/www.oaxaca.gob.mx\/interculturalidad\/wp-content\/uploads\/sites\/7\/2020\/02\/com01.jpg\"\r\n                 data-description=\"Atiende \u201cMujeres Abriendo Caminos\u201d a comunidades ind\u00edgenas y afromexicanas\"\r\n                                 style=\"display:block\">\r\n        <\/a>\r\n            <a href=\"\" target=\"_blank\">\r\n            <img decoding=\"async\" alt=\"Pinotepa Nacional\"\r\n                 data-type=\"image\"\r\n                 src=\"https:\/\/www.oaxaca.gob.mx\/interculturalidad\/wp-content\/uploads\/sites\/7\/2020\/02\/Imagen-4-2.jpg\"\r\n                 data-image=\"https:\/\/www.oaxaca.gob.mx\/interculturalidad\/wp-content\/uploads\/sites\/7\/2020\/02\/Imagen-4-2.jpg\"\r\n                 data-description=\"D\u00eda Internacional de la Mujer Afrodescendiente\"\r\n                                 style=\"display:block\">\r\n        <\/a>\r\n            <a href=\"\" target=\"_blank\">\r\n            <img decoding=\"async\" alt=\"Tlalixtac de Cabrera\"\r\n                 data-type=\"image\"\r\n                 src=\"https:\/\/www.oaxaca.gob.mx\/interculturalidad\/wp-content\/uploads\/sites\/7\/2020\/01\/sp01.jpg\"\r\n                 data-image=\"https:\/\/www.oaxaca.gob.mx\/interculturalidad\/wp-content\/uploads\/sites\/7\/2020\/01\/sp01.jpg\"\r\n                 data-description=\"Programa \"Mujeres Abriendo Caminos\"\"\r\n                                 style=\"display:block\">\r\n        <\/a>\r\n            <a href=\"\" target=\"_blank\">\r\n            <img decoding=\"async\" alt=\"San Marcos Tlapazola\"\r\n                 data-type=\"image\"\r\n                 src=\"https:\/\/www.oaxaca.gob.mx\/interculturalidad\/wp-content\/uploads\/sites\/7\/2019\/06\/Web.jpg\"\r\n                 data-image=\"https:\/\/www.oaxaca.gob.mx\/interculturalidad\/wp-content\/uploads\/sites\/7\/2019\/06\/Web.jpg\"\r\n                 data-description=\"Programa \"Ver a Oaxaca con Amor\"\"\r\n                                 style=\"display:block\">\r\n        <\/a>\r\n            <a href=\"\" target=\"_blank\">\r\n            <img decoding=\"async\" alt=\"Oaxaca\"\r\n                 data-type=\"image\"\r\n                 src=\"https:\/\/www.oaxaca.gob.mx\/interculturalidad\/wp-content\/uploads\/sites\/7\/2019\/06\/AFRO.jpg\"\r\n                 data-image=\"https:\/\/www.oaxaca.gob.mx\/interculturalidad\/wp-content\/uploads\/sites\/7\/2019\/06\/AFRO.jpg\"\r\n                 data-description=\"Programa \"Ver a Oaxaca con Amor\"\"\r\n                                 style=\"display:block\">\r\n        <\/a>\r\n            <a href=\"\" target=\"_blank\">\r\n            <img decoding=\"async\" alt=\"Nejapa de Madero\"\r\n                 data-type=\"image\"\r\n                 src=\"https:\/\/www.oaxaca.gob.mx\/interculturalidad\/wp-content\/uploads\/sites\/7\/2019\/05\/3.jpg\"\r\n                 data-image=\"https:\/\/www.oaxaca.gob.mx\/interculturalidad\/wp-content\/uploads\/sites\/7\/2019\/05\/3.jpg\"\r\n                 data-description=\"Programa \"Ver a Oaxaca con Amor\"\"\r\n                                 style=\"display:block\">\r\n        <\/a>\r\n            <a href=\"\" target=\"_blank\">\r\n            <img decoding=\"async\" alt=\"Oaxaca de Ju\u00e1rez\"\r\n                 data-type=\"image\"\r\n                 src=\"https:\/\/www.oaxaca.gob.mx\/interculturalidad\/wp-content\/uploads\/sites\/7\/2019\/06\/Ella-1-e1603753146602.jpg\"\r\n                 data-image=\"https:\/\/www.oaxaca.gob.mx\/interculturalidad\/wp-content\/uploads\/sites\/7\/2019\/06\/Ella-1-e1603753146602.jpg\"\r\n                 data-description=\"Hacer realidad el derecho al agua; compromiso del Gobierno de Oaxaca\"\r\n                                 style=\"display:block\">\r\n        <\/a>\r\n            <a href=\"\" target=\"_blank\">\r\n            <img decoding=\"async\" alt=\"San Raymundo Jalpan\"\r\n                 data-type=\"image\"\r\n                 src=\"https:\/\/www.oaxaca.gob.mx\/interculturalidad\/wp-content\/uploads\/sites\/7\/2019\/01\/Eufro1.jpg\"\r\n                 data-image=\"https:\/\/www.oaxaca.gob.mx\/interculturalidad\/wp-content\/uploads\/sites\/7\/2019\/01\/Eufro1.jpg\"\r\n                 data-description=\"Comparecencia SAI 2018\"\r\n                                 style=\"display:block\">\r\n        <\/a>\r\n            <a href=\"\" target=\"_blank\">\r\n            <img decoding=\"async\" alt=\"Capul\u00e1lpam de M\u00e9ndez\"\r\n                 data-type=\"image\"\r\n                 src=\"https:\/\/www.oaxaca.gob.mx\/interculturalidad\/wp-content\/uploads\/sites\/7\/2019\/04\/2.jpg\"\r\n                 data-image=\"https:\/\/www.oaxaca.gob.mx\/interculturalidad\/wp-content\/uploads\/sites\/7\/2019\/04\/2.jpg\"\r\n                 data-description=\"Revalorar y promover la medicina tradicional\"\r\n                                 style=\"display:block\">\r\n        <\/a>\r\n            <a href=\"\" target=\"_blank\">\r\n            <img decoding=\"async\" alt=\"Capul\u00e1lpam de M\u00e9ndez\"\r\n                 data-type=\"image\"\r\n                 src=\"https:\/\/www.oaxaca.gob.mx\/interculturalidad\/wp-content\/uploads\/sites\/7\/2019\/04\/Copia-de-1.jpg\"\r\n                 data-image=\"https:\/\/www.oaxaca.gob.mx\/interculturalidad\/wp-content\/uploads\/sites\/7\/2019\/04\/Copia-de-1.jpg\"\r\n                 data-description=\"Revalorar y promover la medicina tradicional\"\r\n                                 style=\"display:block\">\r\n        <\/a>\r\n            <a href=\"\" target=\"_blank\">\r\n            <img decoding=\"async\" alt=\"Ciudad de M\u00e9xico\"\r\n                 data-type=\"image\"\r\n                 src=\"https:\/\/www.oaxaca.gob.mx\/interculturalidad\/wp-content\/uploads\/sites\/7\/2019\/04\/21.jpg\"\r\n                 data-image=\"https:\/\/www.oaxaca.gob.mx\/interculturalidad\/wp-content\/uploads\/sites\/7\/2019\/04\/21.jpg\"\r\n                 data-description=\"Convenio de colaboraci\u00f3n con Fundaci\u00f3n Devlyn\"\r\n                                 style=\"display:block\">\r\n        <\/a>\r\n            <a href=\"\" target=\"_blank\">\r\n            <img decoding=\"async\" alt=\"Heroica Ciudad de Juchit\u00e1n de Zaragoza\"\r\n                 data-type=\"image\"\r\n                 src=\"https:\/\/www.oaxaca.gob.mx\/interculturalidad\/wp-content\/uploads\/sites\/7\/2020\/02\/df3ea8ce-4e90-487b-a8f1-fde8f3809ff0.jpg\"\r\n                 data-image=\"https:\/\/www.oaxaca.gob.mx\/interculturalidad\/wp-content\/uploads\/sites\/7\/2020\/02\/df3ea8ce-4e90-487b-a8f1-fde8f3809ff0.jpg\"\r\n                 data-description=\"Foro Ecol\u00f3gico Juchiteco\"\r\n                                 style=\"display:block\">\r\n        <\/a>\r\n            <a href=\"\" target=\"_blank\">\r\n            <img decoding=\"async\" alt=\"Totontepec Villa de Morelos\"\r\n                 data-type=\"image\"\r\n                 src=\"https:\/\/www.oaxaca.gob.mx\/interculturalidad\/wp-content\/uploads\/sites\/7\/2020\/05\/IMG-20200518-WA0001.jpg\"\r\n                 data-image=\"https:\/\/www.oaxaca.gob.mx\/interculturalidad\/wp-content\/uploads\/sites\/7\/2020\/05\/IMG-20200518-WA0001.jpg\"\r\n                 data-description=\"Pueblos de Oaxaca, toman propias medidas ante \u201cnueva normalidad\u201d\"\r\n                                 style=\"display:block\">\r\n        <\/a>\r\n            <a href=\"\" target=\"_blank\">\r\n            <img decoding=\"async\" alt=\"Tlalixtac de Cabrera\"\r\n                 data-type=\"image\"\r\n                 src=\"https:\/\/www.oaxaca.gob.mx\/interculturalidad\/wp-content\/uploads\/sites\/7\/2020\/05\/IMG-20200515-WA0005.jpg\"\r\n                 data-image=\"https:\/\/www.oaxaca.gob.mx\/interculturalidad\/wp-content\/uploads\/sites\/7\/2020\/05\/IMG-20200515-WA0005.jpg\"\r\n                 data-description=\"Gobierno de Oaxaca fortalece programas sociales en municipios ind\u00edgenas y afromexicanos\"\r\n                                 style=\"display:block\">\r\n        <\/a>\r\n            <a href=\"\" target=\"_blank\">\r\n            <img decoding=\"async\" alt=\"Oaxaca de Ju\u00e1rez\"\r\n                 data-type=\"image\"\r\n                 src=\"https:\/\/www.oaxaca.gob.mx\/interculturalidad\/wp-content\/uploads\/sites\/7\/2020\/03\/convo04.jpg\"\r\n                 data-image=\"https:\/\/www.oaxaca.gob.mx\/interculturalidad\/wp-content\/uploads\/sites\/7\/2020\/03\/convo04.jpg\"\r\n                 data-description=\"Seguimiento al Convenio de Colaboraci\u00f3n en Medicina Tradicional SEPIA-SSO\"\r\n                                 style=\"display:block\">\r\n        <\/a>\r\n            <a href=\"\" target=\"_blank\">\r\n            <img decoding=\"async\" alt=\"Oaxaca de Ju\u00e1rez\"\r\n                 data-type=\"image\"\r\n                 src=\"https:\/\/www.oaxaca.gob.mx\/interculturalidad\/wp-content\/uploads\/sites\/7\/2020\/03\/convo03.jpg\"\r\n                 data-image=\"https:\/\/www.oaxaca.gob.mx\/interculturalidad\/wp-content\/uploads\/sites\/7\/2020\/03\/convo03.jpg\"\r\n                 data-description=\"Seguimiento al Convenio de Colaboraci\u00f3n en Medicina Tradicional SEPIA-SSO\"\r\n                                 style=\"display:block\">\r\n        <\/a>\r\n            <a href=\"\" target=\"_blank\">\r\n            <img decoding=\"async\" alt=\"LXIV Legislatura del Congreso del Estado\"\r\n                 data-type=\"image\"\r\n                 src=\"https:\/\/www.oaxaca.gob.mx\/interculturalidad\/wp-content\/uploads\/sites\/7\/2020\/02\/com02-1.jpg\"\r\n                 data-image=\"https:\/\/www.oaxaca.gob.mx\/interculturalidad\/wp-content\/uploads\/sites\/7\/2020\/02\/com02-1.jpg\"\r\n                 data-description=\"Construcci\u00f3n de alianzas, clave para multiplicar recursos en favor de los pueblos ind\u00edgenas y afromexicano: ECM\"\r\n                                 style=\"display:block\">\r\n        <\/a>\r\n            <a href=\"\" target=\"_blank\">\r\n            <img decoding=\"async\" alt=\"Heroica Ciudad de Juchit\u00e1n de Zaragoza\"\r\n                 data-type=\"image\"\r\n                 src=\"https:\/\/www.oaxaca.gob.mx\/interculturalidad\/wp-content\/uploads\/sites\/7\/2020\/02\/Imagen-6-2.jpg\"\r\n                 data-image=\"https:\/\/www.oaxaca.gob.mx\/interculturalidad\/wp-content\/uploads\/sites\/7\/2020\/02\/Imagen-6-2.jpg\"\r\n                 data-description=\"Foro Ecol\u00f3gico Juchiteco\"\r\n                                 style=\"display:block\">\r\n        <\/a>\r\n            <a href=\"\" target=\"_blank\">\r\n            <img decoding=\"async\" alt=\"Heroica Ciudad de Juchit\u00e1n de Zaragoza\"\r\n                 data-type=\"image\"\r\n                 src=\"https:\/\/www.oaxaca.gob.mx\/interculturalidad\/wp-content\/uploads\/sites\/7\/2020\/02\/Imagen-5-5.jpg\"\r\n                 data-image=\"https:\/\/www.oaxaca.gob.mx\/interculturalidad\/wp-content\/uploads\/sites\/7\/2020\/02\/Imagen-5-5.jpg\"\r\n                 data-description=\"Foro Ecol\u00f3gico Juchiteco\"\r\n                                 style=\"display:block\">\r\n        <\/a>\r\n            <a href=\"\" target=\"_blank\">\r\n            <img decoding=\"async\" alt=\"Heroica Ciudad de Juchit\u00e1n de Zaragoza\"\r\n                 data-type=\"image\"\r\n                 src=\"https:\/\/www.oaxaca.gob.mx\/interculturalidad\/wp-content\/uploads\/sites\/7\/2020\/02\/Imagen-4-6.jpg\"\r\n                 data-image=\"https:\/\/www.oaxaca.gob.mx\/interculturalidad\/wp-content\/uploads\/sites\/7\/2020\/02\/Imagen-4-6.jpg\"\r\n                 data-description=\"Foro Ecol\u00f3gico Juchiteco\"\r\n                                 style=\"display:block\">\r\n        <\/a>\r\n            <a href=\"\" target=\"_blank\">\r\n            <img decoding=\"async\" alt=\"Heroica Ciudad de Juchit\u00e1n de Zaragoza\"\r\n                 data-type=\"image\"\r\n                 src=\"https:\/\/www.oaxaca.gob.mx\/interculturalidad\/wp-content\/uploads\/sites\/7\/2020\/02\/Imagen-3-7.jpg\"\r\n                 data-image=\"https:\/\/www.oaxaca.gob.mx\/interculturalidad\/wp-content\/uploads\/sites\/7\/2020\/02\/Imagen-3-7.jpg\"\r\n                 data-description=\"Foro Ecol\u00f3gico Juchiteco\"\r\n                                 style=\"display:block\">\r\n        <\/a>\r\n            <a href=\"\" target=\"_blank\">\r\n            <img decoding=\"async\" alt=\"Ixtl\u00e1n de Ju\u00e1rez\"\r\n                 data-type=\"image\"\r\n                 src=\"https:\/\/www.oaxaca.gob.mx\/interculturalidad\/wp-content\/uploads\/sites\/7\/2020\/06\/1.jpg\"\r\n                 data-image=\"https:\/\/www.oaxaca.gob.mx\/interculturalidad\/wp-content\/uploads\/sites\/7\/2020\/06\/1.jpg\"\r\n                 data-description=\"Fortalece Sepia medidas de prevenci\u00f3n ante el COVID-19 en los pueblos de Oaxaca\"\r\n                                 style=\"display:block\">\r\n        <\/a>\r\n            <a href=\"\" target=\"_blank\">\r\n            <img decoding=\"async\" alt=\"Santiago Llano Grande\"\r\n                 data-type=\"image\"\r\n                 src=\"https:\/\/www.oaxaca.gob.mx\/interculturalidad\/wp-content\/uploads\/sites\/7\/2020\/02\/Imagen-4-5.jpg\"\r\n                 data-image=\"https:\/\/www.oaxaca.gob.mx\/interculturalidad\/wp-content\/uploads\/sites\/7\/2020\/02\/Imagen-4-5.jpg\"\r\n                 data-description=\"D\u00eda del Pueblo Negro Afromexicano\"\r\n                                 style=\"display:block\">\r\n        <\/a>\r\n            <a href=\"\" target=\"_blank\">\r\n            <img decoding=\"async\" alt=\"Santiago Llano Grande\"\r\n                 data-type=\"image\"\r\n                 src=\"https:\/\/www.oaxaca.gob.mx\/interculturalidad\/wp-content\/uploads\/sites\/7\/2020\/02\/Imagen-3-6.jpg\"\r\n                 data-image=\"https:\/\/www.oaxaca.gob.mx\/interculturalidad\/wp-content\/uploads\/sites\/7\/2020\/02\/Imagen-3-6.jpg\"\r\n                 data-description=\"D\u00eda del Pueblo Negro Afromexicano\"\r\n                                 style=\"display:block\">\r\n        <\/a>\r\n            <a href=\"\" target=\"_blank\">\r\n            <img decoding=\"async\" alt=\"Santiago Llano Grande\"\r\n                 data-type=\"image\"\r\n                 src=\"https:\/\/www.oaxaca.gob.mx\/interculturalidad\/wp-content\/uploads\/sites\/7\/2020\/02\/Imagen-2-5.jpg\"\r\n                 data-image=\"https:\/\/www.oaxaca.gob.mx\/interculturalidad\/wp-content\/uploads\/sites\/7\/2020\/02\/Imagen-2-5.jpg\"\r\n                 data-description=\"D\u00eda del Pueblo Negro Afromexicano\"\r\n                                 style=\"display:block\">\r\n        <\/a>\r\n            <a href=\"\" target=\"_blank\">\r\n            <img decoding=\"async\" alt=\"Oaxaca\"\r\n                 data-type=\"image\"\r\n                 src=\"https:\/\/www.oaxaca.gob.mx\/interculturalidad\/wp-content\/uploads\/sites\/7\/2020\/02\/Imagen-1-4.jpg\"\r\n                 data-image=\"https:\/\/www.oaxaca.gob.mx\/interculturalidad\/wp-content\/uploads\/sites\/7\/2020\/02\/Imagen-1-4.jpg\"\r\n                 data-description=\"D\u00eda del Pueblo Negro Afromexicano\"\r\n                                 style=\"display:block\">\r\n        <\/a>\r\n            <a href=\"\" target=\"_blank\">\r\n            <img decoding=\"async\" alt=\"Juchit\u00e1n de Zaragoza\"\r\n                 data-type=\"image\"\r\n                 src=\"https:\/\/www.oaxaca.gob.mx\/interculturalidad\/wp-content\/uploads\/sites\/7\/2020\/02\/Imagen-4-4.jpg\"\r\n                 data-image=\"https:\/\/www.oaxaca.gob.mx\/interculturalidad\/wp-content\/uploads\/sites\/7\/2020\/02\/Imagen-4-4.jpg\"\r\n                 data-description=\"D\u00eda Internacional de la Mujer Ind\u00edgena\"\r\n                                 style=\"display:block\">\r\n        <\/a>\r\n            <a href=\"\" target=\"_blank\">\r\n            <img decoding=\"async\" alt=\"Oaxaca\"\r\n                 data-type=\"image\"\r\n                 src=\"https:\/\/www.oaxaca.gob.mx\/interculturalidad\/wp-content\/uploads\/sites\/7\/2020\/02\/Imagen-1-3.jpg\"\r\n                 data-image=\"https:\/\/www.oaxaca.gob.mx\/interculturalidad\/wp-content\/uploads\/sites\/7\/2020\/02\/Imagen-1-3.jpg\"\r\n                 data-description=\"D\u00eda Internacional de la Mujer Ind\u00edgena\"\r\n                                 style=\"display:block\">\r\n        <\/a>\r\n            <a href=\"\" target=\"_blank\">\r\n            <img decoding=\"async\" alt=\"Oaxaca\"\r\n                 data-type=\"image\"\r\n                 src=\"https:\/\/www.oaxaca.gob.mx\/interculturalidad\/wp-content\/uploads\/sites\/7\/2020\/02\/Imagen-1-2.jpg\"\r\n                 data-image=\"https:\/\/www.oaxaca.gob.mx\/interculturalidad\/wp-content\/uploads\/sites\/7\/2020\/02\/Imagen-1-2.jpg\"\r\n                 data-description=\"D\u00eda Internacional de los Pueblos Ind\u00edgenas\"\r\n                                 style=\"display:block\">\r\n        <\/a>\r\n            <a href=\"\" target=\"_blank\">\r\n            <img decoding=\"async\" alt=\"Santa Mar\u00eda Apasco\"\r\n                 data-type=\"image\"\r\n                 src=\"https:\/\/www.oaxaca.gob.mx\/interculturalidad\/wp-content\/uploads\/sites\/7\/2020\/02\/Imagen-5-2.jpg\"\r\n                 data-image=\"https:\/\/www.oaxaca.gob.mx\/interculturalidad\/wp-content\/uploads\/sites\/7\/2020\/02\/Imagen-5-2.jpg\"\r\n                 data-description=\"D\u00eda Internacional de los Pueblos Ind\u00edgenas\"\r\n                                 style=\"display:block\">\r\n        <\/a>\r\n    <\/div>\r\n\r\n\r\n\r\n<script type=\"text\/javascript\">\r\n\r\n\r\n    (function() {\r\n        var runMyCode = function() {\r\n            jQuery(document).ready(function () {\r\n                var container = jQuery(\"#gdgallery_container_12\");\r\n                container.unitegallery({\"gallery_theme\":\"justified\",\"tiles_type\":\"justified\",\"tiles_justified_space_between\":10,\"tile_enable_textpanel\":true,\"tile_textpanel_always_on\":true,\"tile_textpanel_title_text_align\":\"center\",\"tile_textpanel_title_font_size\":\"16\",\"tile_textpanel_title_color\":\"#FFFFFF\",\"tile_textpanel_bg_color\":\"#333333\",\"tile_textpanel_bg_opacity\":0.7,\"tile_enable_border\":true,\"tile_border_width\":\"0\",\"tile_border_color\":\"#333333\",\"tile_border_radius\":\"0\",\"tile_enable_overlay\":true,\"tile_enable_image_effect\":true,\"tile_image_effect_type\":\"blur\",\"tile_image_effect_reverse\":true,\"tile_enable_shadow\":false,\"tile_as_link\":false,\"tile_enable_icons\":true,\"tile_show_link_icon\":true,\"tile_textpanel_appear_type\":\"slide\",\"tile_textpanel_position\":\"inside_bottom\",\"tile_link_newpage\":true,\"lightbox_type\":\"wide\",\"lightbox_arrows_offset\":0,\"lightbox_overlay_color\":\"#000000\",\"lightbox_overlay_opacity\":1,\"lightbox_top_panel_opacity\":1,\"lightbox_show_numbers\":true,\"lightbox_numbers_size\":\"15\",\"lightbox_numbers_color\":\"#FFFFFF\",\"lightbox_slider_image_border_width\":\"0\",\"lightbox_slider_image_border_color\":\"#FFFFFF\",\"lightbox_slider_image_border_radius\":0,\"lightbox_slider_image_shadow\":true,\"lightbox_slider_control_swipe\":true,\"lightbox_slider_control_zoom\":true,\"lightbox_slider_image_border\":true,\"lightbox_show_textpanel\":true,\"lightbox_textpanel_enable_title\":true,\"lightbox_textpanel_enable_description\":false,\"lightbox_textpanel_padding_top\":5,\"lightbox_textpanel_padding_bottom\":5,\"lightbox_textpanel_padding_right\":5,\"lightbox_textpanel_padding_left\":5,\"lightbox_textpanel_title_color\":\"#FFFFFF\",\"lightbox_textpanel_title_text_align\":\"center\",\"lightbox_textpanel_title_font_size\":\"16\",\"lightbox_textpanel_desc_color\":\"#FFFFFF\",\"lightbox_textpanel_desc_text_align\":\"center\",\"lightbox_textpanel_desc_font_size\":\"14\"});\r\n            });\r\n        };\r\n        var timer = function() {\r\n            if (window.jQuery) {runMyCode(window.jQuery);}\r\n            else {window.setTimeout(timer, 100);}\r\n        };\r\n        timer();\r\n    })();\r\n<\/script><style>\r\n#gdgallery-container-12 {\r\n   text-align: center}\r\n\r\n.gdgallery-pagination-12{\r\ntext-align: center !important;\r\n}\r\n\r\n.gdgallery-pagination-12 a{\r\n    font-size: 15px !important;\r\n    padding: 8px 13px !important;\r\n    margin: 3px !important;\r\n    border: 1px solid #333333 !important;\r\n    border-radius: 0px !important;\r\n    color: #333333 !important;\r\n    background-color: #FFFFFF !important;\r\n    font-family: monospace !important;\r\n}\r\n\r\n.gdgallery-pagination-12 a:hover, .gdgallery-pagination-12 a.gdgallery-pagination-icon-active{\r\n    color: #FFFFFF !important;\r\n    background-color: #333333 !important;\r\n    border-color: #333333 !important;\r\n}\r\n\r\n#gdgallery-container-12 .gdgallery_load_more_space{\r\n    margin-top: 20px !important;\r\n    text-align: center !important;\r\n}\r\n\r\n#gdgallery-container-12 .gdgallery_load_more_space button{\r\n                      padding: 8px 13px !important;\r\n    font-size: 15px !important;\r\n    background-color: #333333 !important;\r\n    color: #FFFFFF !important;\r\n    border:1px solid #333333 !important;\r\n                      border-radius: 0px !important;\r\n                      font-family: monospace !important;\r\n                  }\r\n#gdgallery-container-12 .gdgallery_load_more_space button:hover{\r\n                      background-color: #FFFFFF !important;\r\n                      color: #333333 !important;\r\n                      border-color: #333333 !important;\r\n                  }\r\n\r\n#gdgallery-container-12 .gdgallery_load_more_space button,\r\n#gdgallery-container-12 .gdgallery_load_more_space button:hover,\r\n#gdgallery-container-12 .gdgallery_load_more_space button:active,\r\n#gdgallery-container-12 .gdgallery_load_more_space button:focus{\r\n    outline: none !important;\r\n}\r\n\r\n\r\n#gdgallery-container-12 .gdgallery_loading li{\r\n                      border: 3px solid #333333 !important;\r\n                  }\r\n\r\n.ug-lightbox .ug-lightbox-top-panel-overlay{\r\n    background-color: #000000 !important;\r\n}\r\n\r\n\r\n                  #gdgallery_container_12{}\r\n<\/style>\r\n\r\n\r\n\r\n<\/div>\r\n\r\n\r\n\r\n\r\n\r\n\n","protected":false},"excerpt":{"rendered":"","protected":false},"author":1,"featured_media":0,"parent":0,"menu_order":0,"comment_status":"closed","ping_status":"closed","template":"","meta":{"episode_type":"","audio_file":"","podmotor_file_id":"","podmotor_episode_id":"","cover_image":"","cover_image_id":"","duration":"","filesize":"","filesize_raw":"","date_recorded":"","explicit":"","block":"","itunes_episode_number":"","itunes_title":"","itunes_season_number":"","itunes_episode_type":"","footnotes":""},"categories":[],"tags":[],"class_list":["post-47","page","type-page","status-publish","hentry"],"acf":[],"publishpress_future_action":{"enabled":false,"date":"2026-05-06 13:38:04","action":"change-status","newStatus":"draft","terms":[],"taxonomy":"category","extraData":[]},"publishpress_future_workflow_manual_trigger":{"enabledWorkflows":[]},"_links":{"self":[{"href":"https:\/\/www.oaxaca.gob.mx\/interculturalidad\/wp-json\/wp\/v2\/pages\/47","targetHints":{"allow":["GET"]}}],"collection":[{"href":"https:\/\/www.oaxaca.gob.mx\/interculturalidad\/wp-json\/wp\/v2\/pages"}],"about":[{"href":"https:\/\/www.oaxaca.gob.mx\/interculturalidad\/wp-json\/wp\/v2\/types\/page"}],"author":[{"embeddable":true,"href":"https:\/\/www.oaxaca.gob.mx\/interculturalidad\/wp-json\/wp\/v2\/users\/1"}],"replies":[{"embeddable":true,"href":"https:\/\/www.oaxaca.gob.mx\/interculturalidad\/wp-json\/wp\/v2\/comments?post=47"}],"version-history":[{"count":4,"href":"https:\/\/www.oaxaca.gob.mx\/interculturalidad\/wp-json\/wp\/v2\/pages\/47\/revisions"}],"predecessor-version":[{"id":6291,"href":"https:\/\/www.oaxaca.gob.mx\/interculturalidad\/wp-json\/wp\/v2\/pages\/47\/revisions\/6291"}],"wp:attachment":[{"href":"https:\/\/www.oaxaca.gob.mx\/interculturalidad\/wp-json\/wp\/v2\/media?parent=47"}],"wp:term":[{"taxonomy":"category","embeddable":true,"href":"https:\/\/www.oaxaca.gob.mx\/interculturalidad\/wp-json\/wp\/v2\/categories?post=47"},{"taxonomy":"post_tag","embeddable":true,"href":"https:\/\/www.oaxaca.gob.mx\/interculturalidad\/wp-json\/wp\/v2\/tags?post=47"}],"curies":[{"name":"wp","href":"https:\/\/api.w.org\/{rel}","templated":true}]}}