{"id":4241,"date":"2020-02-21T12:01:37","date_gmt":"2020-02-21T18:01:37","guid":{"rendered":"https:\/\/www.oaxaca.gob.mx\/inpac\/?page_id=4241"},"modified":"2026-02-03T12:45:31","modified_gmt":"2026-02-03T18:45:31","slug":"informacion-financiera","status":"publish","type":"page","link":"https:\/\/www.oaxaca.gob.mx\/inpac\/informacion-financiera\/","title":{"rendered":"Informaci\u00f3n Financiera"},"content":{"rendered":"<div class=\"card-body\"><div class=\"su-heading su-heading-style-default su-heading-align-center\" id=\"\" style=\"font-size:26px;margin-bottom:10px\"><div class=\"su-heading-inner\">2025<\/div><\/div><\/div>\n<div class=\"su-tabs su-tabs-style-default su-tabs-mobile-stack\" data-active=\"1\" data-scroll-offset=\"0\" data-anchor-in-url=\"no\"><div class=\"su-tabs-nav\"><span class=\"\" data-url=\"\" data-target=\"blank\" tabindex=\"0\" role=\"button\">Cuarto Trimestre<\/span><span class=\"\" data-url=\"\" data-target=\"blank\" tabindex=\"0\" role=\"button\">Tercer Trimestre<\/span><span class=\"\" data-url=\"\" data-target=\"blank\" tabindex=\"0\" role=\"button\">Segundo Trimestre<\/span><span class=\"\" data-url=\"\" data-target=\"blank\" tabindex=\"0\" role=\"button\">Primer Trimestre<\/span><\/div><div class=\"su-tabs-panes\"><div class=\"su-tabs-pane su-u-clearfix su-u-trim\" data-title=\"Cuarto Trimestre\">\n\n<table id=\"tablepress-60\" class=\"tablepress tablepress-id-60\">\n<thead>\n<tr class=\"row-1\">\n\t<th class=\"column-1\">NOMBRE<\/th><th class=\"column-2\">DOCUMENTO<\/th>\n<\/tr>\n<\/thead>\n<tbody class=\"row-striping row-hover\">\n<tr class=\"row-2\">\n\t<td class=\"column-1\">AVANCE DE GESTI\u00d3N 4TO TRIMESTRE 2025<\/td><td class=\"column-2\"><a href=\"https:\/\/www.oaxaca.gob.mx\/inpac\/wp-content\/uploads\/sites\/17\/2026\/01\/AVANCE-DE-GESTION-4TO-TRIMESTRE-2025.pdf\"><img loading=\"lazy\" decoding=\"async\" src=\"https:\/\/www.oaxaca.gob.mx\/inpac\/wp-content\/uploads\/sites\/17\/2019\/06\/24-512-300x300.png\" alt=\"\" width=\"50\" height=\"50\" class=\"alignnone size-medium wp-image-2110\" \/><\/a><\/td>\n<\/tr>\n<tr class=\"row-3\">\n\t<td class=\"column-1\">EDO ANALITICO DE INGRESOS<\/td><td class=\"column-2\"><a href=\"https:\/\/www.oaxaca.gob.mx\/inpac\/wp-content\/uploads\/sites\/17\/2026\/01\/EDO-ANALITICO-DE-INGRESOS.pdf\"><img loading=\"lazy\" decoding=\"async\" src=\"https:\/\/www.oaxaca.gob.mx\/inpac\/wp-content\/uploads\/sites\/17\/2019\/06\/24-512-300x300.png\" alt=\"\" width=\"50\" height=\"50\" class=\"alignnone size-medium wp-image-2110\" \/><\/a><\/td>\n<\/tr>\n<tr class=\"row-4\">\n\t<td class=\"column-1\">EDO DE FLUJO DE EFECTIVO<\/td><td class=\"column-2\"><a href=\"https:\/\/www.oaxaca.gob.mx\/inpac\/wp-content\/uploads\/sites\/17\/2026\/02\/ESTADO-DE-FLUJOS-DE-EFECTIVO.pdf\"><img loading=\"lazy\" decoding=\"async\" src=\"https:\/\/www.oaxaca.gob.mx\/inpac\/wp-content\/uploads\/sites\/17\/2019\/06\/24-512-300x300.png\" alt=\"\" width=\"50\" height=\"50\" class=\"alignnone size-medium wp-image-2110\" \/><\/a><\/td>\n<\/tr>\n<tr class=\"row-5\">\n\t<td class=\"column-1\">ENDEUDAMIENTO NETO<\/td><td class=\"column-2\"><a href=\"https:\/\/www.oaxaca.gob.mx\/inpac\/wp-content\/uploads\/sites\/17\/2026\/01\/ENDEUDAMIENTO-NETO.pdf\"><img loading=\"lazy\" decoding=\"async\" src=\"https:\/\/www.oaxaca.gob.mx\/inpac\/wp-content\/uploads\/sites\/17\/2019\/06\/24-512-300x300.png\" alt=\"\" width=\"50\" height=\"50\" class=\"alignnone size-medium wp-image-2110\" \/><\/a><\/td>\n<\/tr>\n<tr class=\"row-6\">\n\t<td class=\"column-1\">INDICADORES DE POSTURA FISCAL<\/td><td class=\"column-2\"><a href=\"https:\/\/www.oaxaca.gob.mx\/inpac\/wp-content\/uploads\/sites\/17\/2026\/01\/INDICADORES-DE-POSTURA-FISCAL.pdf\"><img loading=\"lazy\" decoding=\"async\" src=\"https:\/\/www.oaxaca.gob.mx\/inpac\/wp-content\/uploads\/sites\/17\/2019\/06\/24-512-300x300.png\" alt=\"\" width=\"50\" height=\"50\" class=\"alignnone size-medium wp-image-2110\" \/><\/a><\/td>\n<\/tr>\n<tr class=\"row-7\">\n\t<td class=\"column-1\">INFORMES SOBRE LOS PASIVOS CONTINGENTES 4to TRIM 2025<\/td><td class=\"column-2\"><a href=\"https:\/\/www.oaxaca.gob.mx\/inpac\/wp-content\/uploads\/sites\/17\/2026\/01\/INFORMES-SOBRE-LOS-PASIVOS-CONTINGENTES-4to-TRIM-2025.pdf\"><img loading=\"lazy\" decoding=\"async\" src=\"https:\/\/www.oaxaca.gob.mx\/inpac\/wp-content\/uploads\/sites\/17\/2019\/06\/24-512-300x300.png\" alt=\"\" width=\"50\" height=\"50\" class=\"alignnone size-medium wp-image-2110\" \/><\/a><\/td>\n<\/tr>\n<tr class=\"row-8\">\n\t<td class=\"column-1\">INTERESES DE LA DEUDA<\/td><td class=\"column-2\"><a href=\"https:\/\/www.oaxaca.gob.mx\/inpac\/wp-content\/uploads\/sites\/17\/2026\/01\/INTERESES-DE-LA-DEUDA.pdf\"><img loading=\"lazy\" decoding=\"async\" src=\"https:\/\/www.oaxaca.gob.mx\/inpac\/wp-content\/uploads\/sites\/17\/2019\/06\/24-512-300x300.png\" alt=\"\" width=\"50\" height=\"50\" class=\"alignnone size-medium wp-image-2110\" \/><\/a><\/td>\n<\/tr>\n<tr class=\"row-9\">\n\t<td class=\"column-1\">RELACION DE BIENES INMUEBLES ENE-DIC<\/td><td class=\"column-2\"><a href=\"https:\/\/www.oaxaca.gob.mx\/inpac\/wp-content\/uploads\/sites\/17\/2026\/01\/RELACION-DE-BIENES-INMUEBLES-ENE-DIC.pdf\"><img loading=\"lazy\" decoding=\"async\" src=\"https:\/\/www.oaxaca.gob.mx\/inpac\/wp-content\/uploads\/sites\/17\/2019\/06\/24-512-300x300.png\" alt=\"\" width=\"50\" height=\"50\" class=\"alignnone size-medium wp-image-2110\" \/><\/a><\/td>\n<\/tr>\n<tr class=\"row-10\">\n\t<td class=\"column-1\">RELACION DE BIENES MUEBLES ENE-DIC<\/td><td class=\"column-2\"><a href=\"https:\/\/www.oaxaca.gob.mx\/inpac\/wp-content\/uploads\/sites\/17\/2026\/01\/RELACION-DE-BIENES-MUEBLES-ENE-DIC.pdf\"><img loading=\"lazy\" decoding=\"async\" src=\"https:\/\/www.oaxaca.gob.mx\/inpac\/wp-content\/uploads\/sites\/17\/2019\/06\/24-512-300x300.png\" alt=\"\" width=\"50\" height=\"50\" class=\"alignnone size-medium wp-image-2110\" \/><\/a><\/td>\n<\/tr>\n<tr class=\"row-11\">\n\t<td class=\"column-1\">RELACI\u00d3N DE ESQUEMAS BURS\u00c1TILES<\/td><td class=\"column-2\"><a href=\"https:\/\/www.oaxaca.gob.mx\/inpac\/wp-content\/uploads\/sites\/17\/2026\/01\/RELACION-DE-ESQUEMAS-BURSATILES.pdf\"><img loading=\"lazy\" decoding=\"async\" src=\"https:\/\/www.oaxaca.gob.mx\/inpac\/wp-content\/uploads\/sites\/17\/2019\/06\/24-512-300x300.png\" alt=\"\" width=\"50\" height=\"50\" class=\"alignnone size-medium wp-image-2110\" \/><\/a><\/td>\n<\/tr>\n<tr class=\"row-12\">\n\t<td class=\"column-1\">REPORTES DE LOS SUBSIDIOS Y OTRAS AYUDAS SOCIALES<\/td><td class=\"column-2\"><a href=\"https:\/\/www.oaxaca.gob.mx\/inpac\/wp-content\/uploads\/sites\/17\/2026\/01\/REPORTES-DE-LOS-SUBSIDIOS-Y-OTRAS-AYUDAS-SOCIALES.pdf\"><img loading=\"lazy\" decoding=\"async\" src=\"https:\/\/www.oaxaca.gob.mx\/inpac\/wp-content\/uploads\/sites\/17\/2019\/06\/24-512-300x300.png\" alt=\"\" width=\"50\" height=\"50\" class=\"alignnone size-medium wp-image-2110\" \/><\/a><\/td>\n<\/tr>\n<tr class=\"row-13\">\n\t<td class=\"column-1\">CLASIFICACI\u00d3N ADMINISTRATIVA<\/td><td class=\"column-2\"><a href=\"https:\/\/www.oaxaca.gob.mx\/inpac\/wp-content\/uploads\/sites\/17\/2026\/01\/CLASIFICACION-ADMINISTRATIVA.pdf\"><img loading=\"lazy\" decoding=\"async\" src=\"https:\/\/www.oaxaca.gob.mx\/inpac\/wp-content\/uploads\/sites\/17\/2019\/06\/24-512-300x300.png\" alt=\"\" width=\"50\" height=\"50\" class=\"alignnone size-medium wp-image-2110\" \/><\/a><\/td>\n<\/tr>\n<tr class=\"row-14\">\n\t<td class=\"column-1\">CLASIFICACI\u00d3N ECON\u00d3MICA<\/td><td class=\"column-2\"><a href=\"https:\/\/www.oaxaca.gob.mx\/inpac\/wp-content\/uploads\/sites\/17\/2026\/01\/CLASIFICACION-ECONOMICA.pdf\"><img loading=\"lazy\" decoding=\"async\" src=\"https:\/\/www.oaxaca.gob.mx\/inpac\/wp-content\/uploads\/sites\/17\/2019\/06\/24-512-300x300.png\" alt=\"\" width=\"50\" height=\"50\" class=\"alignnone size-medium wp-image-2110\" \/><\/a><\/td>\n<\/tr>\n<tr class=\"row-15\">\n\t<td class=\"column-1\">CLASIFICACI\u00d3N FUNCIONAL (finalidad y funci\u00f3n)<\/td><td class=\"column-2\"><a href=\"https:\/\/www.oaxaca.gob.mx\/inpac\/wp-content\/uploads\/sites\/17\/2026\/01\/CLASIFICACION-FUNCIONAL-finalidad-y-funcion.pdf\"><img loading=\"lazy\" decoding=\"async\" src=\"https:\/\/www.oaxaca.gob.mx\/inpac\/wp-content\/uploads\/sites\/17\/2019\/06\/24-512-300x300.png\" alt=\"\" width=\"50\" height=\"50\" class=\"alignnone size-medium wp-image-2110\" \/><\/a><\/td>\n<\/tr>\n<tr class=\"row-16\">\n\t<td class=\"column-1\">CLASIFICACI\u00d3N POR OBJETO DEL GASTO (cap\u00edtulo-concepto)<\/td><td class=\"column-2\"><a href=\"https:\/\/www.oaxaca.gob.mx\/inpac\/wp-content\/uploads\/sites\/17\/2026\/01\/CLASIFICACION-POR-OBJETO-DEL-GASTO-capitulo-concepto.pdf\"><img loading=\"lazy\" decoding=\"async\" src=\"https:\/\/www.oaxaca.gob.mx\/inpac\/wp-content\/uploads\/sites\/17\/2019\/06\/24-512-300x300.png\" alt=\"\" width=\"50\" height=\"50\" class=\"alignnone size-medium wp-image-2110\" \/><\/a><\/td>\n<\/tr>\n<tr class=\"row-17\">\n\t<td class=\"column-1\">EDO ANALITICO DE LA DEUDA Y OTROS PASIVOS<\/td><td class=\"column-2\"><a href=\"https:\/\/www.oaxaca.gob.mx\/inpac\/wp-content\/uploads\/sites\/17\/2026\/02\/ESTADO-ANALITICO-DE-LA-DEUDA-Y-OTROS-PASIVOS.pdf\"><img loading=\"lazy\" decoding=\"async\" src=\"https:\/\/www.oaxaca.gob.mx\/inpac\/wp-content\/uploads\/sites\/17\/2019\/06\/24-512-300x300.png\" alt=\"\" width=\"50\" height=\"50\" class=\"alignnone size-medium wp-image-2110\" \/><\/a><\/td>\n<\/tr>\n<tr class=\"row-18\">\n\t<td class=\"column-1\">EDO ANAL\u00cdTICO DEL ACTIVO<\/td><td class=\"column-2\"><a href=\"https:\/\/www.oaxaca.gob.mx\/inpac\/wp-content\/uploads\/sites\/17\/2026\/02\/ESTADO-ANALITICO-DEL-ACTIVO.pdf\"><img loading=\"lazy\" decoding=\"async\" src=\"https:\/\/www.oaxaca.gob.mx\/inpac\/wp-content\/uploads\/sites\/17\/2019\/06\/24-512-300x300.png\" alt=\"\" width=\"50\" height=\"50\" class=\"alignnone size-medium wp-image-2110\" \/><\/a><\/td>\n<\/tr>\n<tr class=\"row-19\">\n\t<td class=\"column-1\">EDO DE ACTIVIDADES<\/td><td class=\"column-2\"><a href=\"https:\/\/www.oaxaca.gob.mx\/inpac\/wp-content\/uploads\/sites\/17\/2026\/02\/ESTADO-DE-ACTIVIDADES.pdf\"><img loading=\"lazy\" decoding=\"async\" src=\"https:\/\/www.oaxaca.gob.mx\/inpac\/wp-content\/uploads\/sites\/17\/2019\/06\/24-512-300x300.png\" alt=\"\" width=\"50\" height=\"50\" class=\"alignnone size-medium wp-image-2110\" \/><\/a><\/td>\n<\/tr>\n<tr class=\"row-20\">\n\t<td class=\"column-1\">EDO DE CAMBIOS EN LA SITUACI\u00d3N FINANCIERA<\/td><td class=\"column-2\"><a href=\"https:\/\/www.oaxaca.gob.mx\/inpac\/wp-content\/uploads\/sites\/17\/2026\/02\/ESTADO-DE-CAMBIOS-EN-LA-SITUACION-FINANCIERA.pdf\"><img loading=\"lazy\" decoding=\"async\" src=\"https:\/\/www.oaxaca.gob.mx\/inpac\/wp-content\/uploads\/sites\/17\/2019\/06\/24-512-300x300.png\" alt=\"\" width=\"50\" height=\"50\" class=\"alignnone size-medium wp-image-2110\" \/><\/a><\/td>\n<\/tr>\n<tr class=\"row-21\">\n\t<td class=\"column-1\">EDO DE SITUACI\u00d3N FINANCIERA<\/td><td class=\"column-2\"><a href=\"https:\/\/www.oaxaca.gob.mx\/inpac\/wp-content\/uploads\/sites\/17\/2026\/02\/ESTADO-DE-SITUACION-FINANCIERA.pdf\"><img loading=\"lazy\" decoding=\"async\" src=\"https:\/\/www.oaxaca.gob.mx\/inpac\/wp-content\/uploads\/sites\/17\/2019\/06\/24-512-300x300.png\" alt=\"\" width=\"50\" height=\"50\" class=\"alignnone size-medium wp-image-2110\" \/><\/a><\/td>\n<\/tr>\n<tr class=\"row-22\">\n\t<td class=\"column-1\">EDO DE VARIACI\u00d3N EN LA HACIENDA PUBLICA<\/td><td class=\"column-2\"><a href=\"https:\/\/www.oaxaca.gob.mx\/inpac\/wp-content\/uploads\/sites\/17\/2026\/02\/ESTADO-DE-VARIACION-EN-LA-HACIENDA-PUBLICA.pdf\"><img loading=\"lazy\" decoding=\"async\" src=\"https:\/\/www.oaxaca.gob.mx\/inpac\/wp-content\/uploads\/sites\/17\/2019\/06\/24-512-300x300.png\" alt=\"\" width=\"50\" height=\"50\" class=\"alignnone size-medium wp-image-2110\" \/><\/a><\/td>\n<\/tr>\n<tr class=\"row-23\">\n\t<td class=\"column-1\">NOTAS A LOS ESTADOS FINANCIEROS<\/td><td class=\"column-2\"><a href=\"https:\/\/www.oaxaca.gob.mx\/inpac\/wp-content\/uploads\/sites\/17\/2026\/02\/NOTAS-A-LOS-ESTADOS-FINANCIEROS.pdf\"><img loading=\"lazy\" decoding=\"async\" src=\"https:\/\/www.oaxaca.gob.mx\/inpac\/wp-content\/uploads\/sites\/17\/2019\/06\/24-512-300x300.png\" alt=\"\" width=\"50\" height=\"50\" class=\"alignnone size-medium wp-image-2110\" \/><\/a><\/td>\n<\/tr>\n<tr class=\"row-24\">\n\t<td class=\"column-1\">PROGRAMAS Y PROYECTOS DE INVERSI\u00d3N<\/td><td class=\"column-2\"><a href=\"https:\/\/www.oaxaca.gob.mx\/inpac\/wp-content\/uploads\/sites\/17\/2026\/01\/PROGRAMAS-Y-PROYECTOS-DE-INVERSION.pdf\"><img loading=\"lazy\" decoding=\"async\" src=\"https:\/\/www.oaxaca.gob.mx\/inpac\/wp-content\/uploads\/sites\/17\/2019\/06\/24-512-300x300.png\" alt=\"\" width=\"50\" height=\"50\" class=\"alignnone size-medium wp-image-2110\" \/><\/a><\/td>\n<\/tr>\n<tr class=\"row-25\">\n\t<td class=\"column-1\">RESUMEN POR PROGRAMA PRESUPUESTARIO<\/td><td class=\"column-2\"><a href=\"https:\/\/www.oaxaca.gob.mx\/inpac\/wp-content\/uploads\/sites\/17\/2026\/01\/RESUMEN-POR-PROGRAMA-PRESUPUESTARIO.pdf\"><img loading=\"lazy\" decoding=\"async\" src=\"https:\/\/www.oaxaca.gob.mx\/inpac\/wp-content\/uploads\/sites\/17\/2019\/06\/24-512-300x300.png\" alt=\"\" width=\"50\" height=\"50\" class=\"alignnone size-medium wp-image-2110\" \/><\/a><\/td>\n<\/tr>\n<\/tbody>\n<\/table>\n<!-- #tablepress-60 from cache -->\n<\/div>\n<div class=\"su-tabs-pane su-u-clearfix su-u-trim\" data-title=\"Tercer Trimestre\">\n\n<table id=\"tablepress-51\" class=\"tablepress tablepress-id-51\">\n<thead>\n<tr class=\"row-1\">\n\t<th class=\"column-1\"><strong><b>Tercer Trimestre<\/b><\/strong><\/th><th class=\"column-2\">Archivo<\/th>\n<\/tr>\n<\/thead>\n<tbody class=\"row-striping row-hover\">\n<tr class=\"row-2\">\n\t<td class=\"column-1\">RESUMEN POR PROGRAMA PRESUPUESTARIO 3ER TRIM 2025<\/td><td class=\"column-2\"><a href=\"https:\/\/www.oaxaca.gob.mx\/inpac\/wp-content\/uploads\/sites\/17\/2025\/10\/RESUMEN-POR-PROGRAMA-PRESUPUESTARIO-3ER-TRIM-2025.pdf\"><a href=\"https:\/\/www.oaxaca.gob.mx\/inpac\/wp-content\/uploads\/sites\/17\/2025\/10\/RESUMEN-POR-PROGRAMA-PRESUPUESTARIO-3ER-TRIM-2025.pdf\"><img loading=\"lazy\" decoding=\"async\" src=\"https:\/\/www.oaxaca.gob.mx\/inpac\/wp-content\/uploads\/sites\/17\/2019\/06\/24-512-300x300.png\" alt=\"\" width=\"50\" height=\"50\" class=\"alignnone size-medium wp-image-2110\" \/><\/a><\/a><\/td>\n<\/tr>\n<tr class=\"row-3\">\n\t<td class=\"column-1\">PROGRAMAS Y PROYECTOS DE INVERSI\u00d3N<\/td><td class=\"column-2\"><a href=\"https:\/\/www.oaxaca.gob.mx\/inpac\/wp-content\/uploads\/sites\/17\/2025\/10\/PROGRAMAS-Y-PROYECTOS-DE-INVERSION.pdf\"><img loading=\"lazy\" decoding=\"async\" src=\"https:\/\/www.oaxaca.gob.mx\/inpac\/wp-content\/uploads\/sites\/17\/2019\/06\/24-512-300x300.png\" alt=\"\" width=\"50\" height=\"50\" class=\"alignnone size-medium wp-image-2110\" \/><\/a><\/td>\n<\/tr>\n<tr class=\"row-4\">\n\t<td class=\"column-1\">AVANCE DE GESTI\u00d3N 3ER TRIM 2025<\/td><td class=\"column-2\"><a href=\"https:\/\/www.oaxaca.gob.mx\/inpac\/wp-content\/uploads\/sites\/17\/2025\/10\/AVANCE-DE-GESTION-3ER-TRIM-2025.pdf\"><img loading=\"lazy\" decoding=\"async\" src=\"https:\/\/www.oaxaca.gob.mx\/inpac\/wp-content\/uploads\/sites\/17\/2019\/06\/24-512-300x300.png\" alt=\"\" width=\"50\" height=\"50\" class=\"alignnone size-medium wp-image-2110\" \/><\/a><\/td>\n<\/tr>\n<tr class=\"row-5\">\n\t<td class=\"column-1\">INDICADORES DE POSTURA FISCAL 3ER TRIM 2025<\/td><td class=\"column-2\"><a href=\"https:\/\/www.oaxaca.gob.mx\/inpac\/wp-content\/uploads\/sites\/17\/2025\/10\/INDICADORES-DE-POSTURA-FISCAL-3ER-TRIM-2025.pdf\"><img loading=\"lazy\" decoding=\"async\" src=\"https:\/\/www.oaxaca.gob.mx\/inpac\/wp-content\/uploads\/sites\/17\/2019\/06\/24-512-300x300.png\" alt=\"\" width=\"50\" height=\"50\" class=\"alignnone size-medium wp-image-2110\" \/><\/a><\/td>\n<\/tr>\n<tr class=\"row-6\">\n\t<td class=\"column-1\">INTERESES DE LA DEUDA 3ER TRIM 2025<\/td><td class=\"column-2\"><a href=\"https:\/\/www.oaxaca.gob.mx\/inpac\/wp-content\/uploads\/sites\/17\/2025\/10\/INTERESES-DE-LA-DEUDA-3ER-TRIM-2025.pdf\"><img loading=\"lazy\" decoding=\"async\" src=\"https:\/\/www.oaxaca.gob.mx\/inpac\/wp-content\/uploads\/sites\/17\/2019\/06\/24-512-300x300.png\" alt=\"\" width=\"50\" height=\"50\" class=\"alignnone size-medium wp-image-2110\" \/><\/a><\/td>\n<\/tr>\n<tr class=\"row-7\">\n\t<td class=\"column-1\">ENDEUDAMIENTO NETO 3ER TRIM 2025<\/td><td class=\"column-2\"><a href=\"https:\/\/www.oaxaca.gob.mx\/inpac\/wp-content\/uploads\/sites\/17\/2025\/10\/ENDEUDAMIENTO-NETO-3ER-TRIM-2025.pdf\"><img loading=\"lazy\" decoding=\"async\" src=\"https:\/\/www.oaxaca.gob.mx\/inpac\/wp-content\/uploads\/sites\/17\/2019\/06\/24-512-300x300.png\" alt=\"\" width=\"50\" height=\"50\" class=\"alignnone size-medium wp-image-2110\" \/><\/a><\/td>\n<\/tr>\n<tr class=\"row-8\">\n\t<td class=\"column-1\">CLASIFICACI\u00d3N FUNCIONAL (FINALIDAD Y FUNCI\u00d3N) 3ER TRIM 2025<\/td><td class=\"column-2\"><a href=\"https:\/\/www.oaxaca.gob.mx\/inpac\/wp-content\/uploads\/sites\/17\/2025\/10\/CLASIFICACION-FUNCIONAL-FINALIDAD-Y-FUNCION-3ER-TRIM-2025.pdf\"><img loading=\"lazy\" decoding=\"async\" src=\"https:\/\/www.oaxaca.gob.mx\/inpac\/wp-content\/uploads\/sites\/17\/2019\/06\/24-512-300x300.png\" alt=\"\" width=\"50\" height=\"50\" class=\"alignnone size-medium wp-image-2110\" \/><\/a><\/td>\n<\/tr>\n<tr class=\"row-9\">\n\t<td class=\"column-1\">CLASIFICACI\u00d3N ADMINISTRATIVA 3ER TRIM 2025<\/td><td class=\"column-2\"><a href=\"https:\/\/www.oaxaca.gob.mx\/inpac\/wp-content\/uploads\/sites\/17\/2025\/10\/CLASIFICACION-ADMINISTRATIVA-3ER-TRIM-2025.pdf\"><img loading=\"lazy\" decoding=\"async\" src=\"https:\/\/www.oaxaca.gob.mx\/inpac\/wp-content\/uploads\/sites\/17\/2019\/06\/24-512-300x300.png\" alt=\"\" width=\"50\" height=\"50\" class=\"alignnone size-medium wp-image-2110\" \/><\/a><\/td>\n<\/tr>\n<tr class=\"row-10\">\n\t<td class=\"column-1\">CLASIFICACI\u00d3N ECON\u00d3MICA 3ER TRIM 2025<\/td><td class=\"column-2\"><a href=\"https:\/\/www.oaxaca.gob.mx\/inpac\/wp-content\/uploads\/sites\/17\/2025\/10\/CLASIFICACION-ECONOMICA-3ER-TRIM-2025.pdf\"><img loading=\"lazy\" decoding=\"async\" src=\"https:\/\/www.oaxaca.gob.mx\/inpac\/wp-content\/uploads\/sites\/17\/2019\/06\/24-512-300x300.png\" alt=\"\" width=\"50\" height=\"50\" class=\"alignnone size-medium wp-image-2110\" \/><\/a><\/td>\n<\/tr>\n<tr class=\"row-11\">\n\t<td class=\"column-1\">CLASIFICACI\u00d3N POR OBJETO DEL GASTO (CAPITULO-CONCEPTO) 3ER TRM 2025<\/td><td class=\"column-2\"><a href=\"https:\/\/www.oaxaca.gob.mx\/inpac\/wp-content\/uploads\/sites\/17\/2025\/10\/CLASIFICACION-POR-OBJETO-DEL-GASTO-CAPITULO-CONCEPTO-3ER-TRM-2025.pdf\"><img loading=\"lazy\" decoding=\"async\" src=\"https:\/\/www.oaxaca.gob.mx\/inpac\/wp-content\/uploads\/sites\/17\/2019\/06\/24-512-300x300.png\" alt=\"\" width=\"50\" height=\"50\" class=\"alignnone size-medium wp-image-2110\" \/><\/a><\/td>\n<\/tr>\n<tr class=\"row-12\">\n\t<td class=\"column-1\">ESTADO ANAL\u00cdTICO DE INGRESOS<\/td><td class=\"column-2\"><a href=\"https:\/\/www.oaxaca.gob.mx\/inpac\/wp-content\/uploads\/sites\/17\/2025\/10\/ESTADO-ANALITICO-DE-INGRESOS.pdf\"><img loading=\"lazy\" decoding=\"async\" src=\"https:\/\/www.oaxaca.gob.mx\/inpac\/wp-content\/uploads\/sites\/17\/2019\/06\/24-512-300x300.png\" alt=\"\" width=\"50\" height=\"50\" class=\"alignnone size-medium wp-image-2110\" \/><\/a><\/td>\n<\/tr>\n<tr class=\"row-13\">\n\t<td class=\"column-1\">NOTAS A LOS ESTADOS FINANCIEROS<\/td><td class=\"column-2\"><a href=\"https:\/\/www.oaxaca.gob.mx\/inpac\/wp-content\/uploads\/sites\/17\/2025\/10\/NOTAS-A-LOS-ESTADOS-FINANCIEROS.pdf\"><img loading=\"lazy\" decoding=\"async\" src=\"https:\/\/www.oaxaca.gob.mx\/inpac\/wp-content\/uploads\/sites\/17\/2019\/06\/24-512-300x300.png\" alt=\"\" width=\"50\" height=\"50\" class=\"alignnone size-medium wp-image-2110\" \/><\/a><\/td>\n<\/tr>\n<tr class=\"row-14\">\n\t<td class=\"column-1\">ESTADO ANAL\u00cdTICIO DE LA DEUDA Y OTROS PASIVOS<\/td><td class=\"column-2\"><a href=\"https:\/\/www.oaxaca.gob.mx\/inpac\/wp-content\/uploads\/sites\/17\/2025\/10\/ESTADO-ANALITICIO-DE-LA-DEUDA-Y-OTROS-PASIVOS.pdf\"><img loading=\"lazy\" decoding=\"async\" src=\"https:\/\/www.oaxaca.gob.mx\/inpac\/wp-content\/uploads\/sites\/17\/2019\/06\/24-512-300x300.png\" alt=\"\" width=\"50\" height=\"50\" class=\"alignnone size-medium wp-image-2110\" \/><\/a><\/td>\n<\/tr>\n<tr class=\"row-15\">\n\t<td class=\"column-1\">ESTADO ANAL\u00cdTICO DEL ACTIVO<\/td><td class=\"column-2\"><a href=\"https:\/\/www.oaxaca.gob.mx\/inpac\/wp-content\/uploads\/sites\/17\/2025\/10\/ESTADO-ANALITICO-DEL-ACTIVO.pdf\"><img loading=\"lazy\" decoding=\"async\" src=\"https:\/\/www.oaxaca.gob.mx\/inpac\/wp-content\/uploads\/sites\/17\/2019\/06\/24-512-300x300.png\" alt=\"\" width=\"50\" height=\"50\" class=\"alignnone size-medium wp-image-2110\" \/><\/a><\/td>\n<\/tr>\n<tr class=\"row-16\">\n\t<td class=\"column-1\">ESTADO DE FLUJO DE EFECTIVO<\/td><td class=\"column-2\"><a href=\"https:\/\/www.oaxaca.gob.mx\/inpac\/wp-content\/uploads\/sites\/17\/2025\/10\/ESTADO-DE-FLUJO-DE-EFECTIVO.pdf\"><img loading=\"lazy\" decoding=\"async\" src=\"https:\/\/www.oaxaca.gob.mx\/inpac\/wp-content\/uploads\/sites\/17\/2019\/06\/24-512-300x300.png\" alt=\"\" width=\"50\" height=\"50\" class=\"alignnone size-medium wp-image-2110\" \/><\/a><\/td>\n<\/tr>\n<tr class=\"row-17\">\n\t<td class=\"column-1\">ESTADO DE CAMBIOS DE LA SITUACI\u00d3N FINANCIERA<\/td><td class=\"column-2\"><a href=\"https:\/\/www.oaxaca.gob.mx\/inpac\/wp-content\/uploads\/sites\/17\/2025\/10\/ESTADO-DE-CAMBIOS-DE-LA-SITUACION-FINANCIERA.pdf\"><img loading=\"lazy\" decoding=\"async\" src=\"https:\/\/www.oaxaca.gob.mx\/inpac\/wp-content\/uploads\/sites\/17\/2019\/06\/24-512-300x300.png\" alt=\"\" width=\"50\" height=\"50\" class=\"alignnone size-medium wp-image-2110\" \/><\/a><\/td>\n<\/tr>\n<tr class=\"row-18\">\n\t<td class=\"column-1\">ESTADO DE VARIACI\u00d3N EN LA HACIENDA P\u00daBLICA<\/td><td class=\"column-2\"><a href=\"https:\/\/www.oaxaca.gob.mx\/inpac\/wp-content\/uploads\/sites\/17\/2025\/10\/ESTADO-DE-VARIACION-EN-LA-HACIENDA-PUBLICA.pdf\"><img loading=\"lazy\" decoding=\"async\" src=\"https:\/\/www.oaxaca.gob.mx\/inpac\/wp-content\/uploads\/sites\/17\/2019\/06\/24-512-300x300.png\" alt=\"\" width=\"50\" height=\"50\" class=\"alignnone size-medium wp-image-2110\" \/><\/a><\/td>\n<\/tr>\n<tr class=\"row-19\">\n\t<td class=\"column-1\">ESTADO DE SITUACI\u00d3N FINANCIERA<\/td><td class=\"column-2\"><a href=\"https:\/\/www.oaxaca.gob.mx\/inpac\/wp-content\/uploads\/sites\/17\/2025\/10\/ESTADO-DE-SITUACION-FINANCIERA.pdf\"><img loading=\"lazy\" decoding=\"async\" src=\"https:\/\/www.oaxaca.gob.mx\/inpac\/wp-content\/uploads\/sites\/17\/2019\/06\/24-512-300x300.png\" alt=\"\" width=\"50\" height=\"50\" class=\"alignnone size-medium wp-image-2110\" \/><\/a><\/td>\n<\/tr>\n<tr class=\"row-20\">\n\t<td class=\"column-1\">ESTADO DE ACTIVIDADES<\/td><td class=\"column-2\"><a href=\"https:\/\/www.oaxaca.gob.mx\/inpac\/wp-content\/uploads\/sites\/17\/2025\/10\/ESTADO-DE-ACTIVIDADES.pdf\"><img loading=\"lazy\" decoding=\"async\" src=\"https:\/\/www.oaxaca.gob.mx\/inpac\/wp-content\/uploads\/sites\/17\/2019\/06\/24-512-300x300.png\" alt=\"\" width=\"50\" height=\"50\" class=\"alignnone size-medium wp-image-2110\" \/><\/a><\/td>\n<\/tr>\n<tr class=\"row-21\">\n\t<td class=\"column-1\">REPORTES DE LOS SUBSIDIOS Y OTRAS AYUDAS SOCIALES<br \/>\n<\/td><td class=\"column-2\"><a href=\"https:\/\/www.oaxaca.gob.mx\/inpac\/wp-content\/uploads\/sites\/17\/2025\/11\/5.-REPORTES-DE-LOS-SUBSIDIOS-Y-OTRAS-AYUDAS-SOCIALES.pdf\"><img loading=\"lazy\" decoding=\"async\" src=\"https:\/\/www.oaxaca.gob.mx\/inpac\/wp-content\/uploads\/sites\/17\/2019\/06\/24-512-300x300.png\" alt=\"\" width=\"50\" height=\"50\" class=\"alignnone size-medium wp-image-2110\" \/><\/a><\/td>\n<\/tr>\n<tr class=\"row-22\">\n\t<td class=\"column-1\">INFORMES SOBRE PASIVOS CONTINGENTES <\/td><td class=\"column-2\"><a href=\"https:\/\/www.oaxaca.gob.mx\/inpac\/wp-content\/uploads\/sites\/17\/2025\/11\/8.-INFORMES-SOBRE-PASIVOS-CONTINGENTES-3ER-TRIM-2025.pdf\"><img loading=\"lazy\" decoding=\"async\" src=\"https:\/\/www.oaxaca.gob.mx\/inpac\/wp-content\/uploads\/sites\/17\/2019\/06\/24-512-300x300.png\" alt=\"\" width=\"50\" height=\"50\" class=\"alignnone size-medium wp-image-2110\" \/><\/a><\/td>\n<\/tr>\n<\/tbody>\n<\/table>\n<!-- #tablepress-51 from cache -->\n<\/div>\n<div class=\"su-tabs-pane su-u-clearfix su-u-trim\" data-title=\"Segundo Trimestre\">\n\n<table id=\"tablepress-50\" class=\"tablepress tablepress-id-50\">\n<thead>\n<tr class=\"row-1\">\n\t<td class=\"column-1\"><\/td><td class=\"column-2\"><\/td>\n<\/tr>\n<\/thead>\n<tbody class=\"row-striping row-hover\">\n<tr class=\"row-2\">\n\t<td class=\"column-1\"><strong><b>Segundo Trimestre<\/b><\/strong><\/td><td class=\"column-2\">Archivo<\/td>\n<\/tr>\n<tr class=\"row-3\">\n\t<td class=\"column-1\">ANALITICO DE INGRESOS<\/td><td class=\"column-2\"><a href=\"https:\/\/www.oaxaca.gob.mx\/inpac\/wp-content\/uploads\/sites\/17\/2025\/08\/ANALITICO-DE-INGRESOS.pdf\"><a href=\"https:\/\/www.oaxaca.gob.mx\/inpac\/wp-content\/uploads\/sites\/17\/2025\/08\/ANALITICO-DE-INGRESOS.pdf\"><img loading=\"lazy\" decoding=\"async\" src=\"https:\/\/www.oaxaca.gob.mx\/inpac\/wp-content\/uploads\/sites\/17\/2019\/06\/24-512-300x300.png\" alt=\"\" width=\"50\" height=\"50\" class=\"alignnone size-medium wp-image-2110\" \/><\/a><\/a><\/td>\n<\/tr>\n<tr class=\"row-4\">\n\t<td class=\"column-1\">AVANCE DE GESTI\u00d3N<\/td><td class=\"column-2\"><a href=\"https:\/\/www.oaxaca.gob.mx\/inpac\/wp-content\/uploads\/sites\/17\/2025\/08\/AVANCE-DE-GESTION.pdf\"><img loading=\"lazy\" decoding=\"async\" src=\"https:\/\/www.oaxaca.gob.mx\/inpac\/wp-content\/uploads\/sites\/17\/2019\/06\/24-512-300x300.png\" alt=\"\" width=\"50\" height=\"50\" class=\"alignnone size-medium wp-image-2110\" \/><\/a><\/td>\n<\/tr>\n<tr class=\"row-5\">\n\t<td class=\"column-1\">CLASIFICACION ADMINISTRATIVA 2o. TRIM 2025<\/td><td class=\"column-2\"><a href=\"https:\/\/www.oaxaca.gob.mx\/inpac\/wp-content\/uploads\/sites\/17\/2025\/08\/CLASIFICACION-ADMINISTRATIVA-2o.-TRIM-2025.pdf\"><img loading=\"lazy\" decoding=\"async\" src=\"https:\/\/www.oaxaca.gob.mx\/inpac\/wp-content\/uploads\/sites\/17\/2019\/06\/24-512-300x300.png\" alt=\"\" width=\"50\" height=\"50\" class=\"alignnone size-medium wp-image-2110\" \/><\/a><\/td>\n<\/tr>\n<tr class=\"row-6\">\n\t<td class=\"column-1\">CLASIFICACI\u00d3N ECONOMICA 2o. TRIM 2025<\/td><td class=\"column-2\"><a href=\"https:\/\/www.oaxaca.gob.mx\/inpac\/wp-content\/uploads\/sites\/17\/2025\/08\/CLASIFICACION-ECONOMICA-2o.-TRIM-2025.pdf\"><img loading=\"lazy\" decoding=\"async\" src=\"https:\/\/www.oaxaca.gob.mx\/inpac\/wp-content\/uploads\/sites\/17\/2019\/06\/24-512-300x300.png\" alt=\"\" width=\"50\" height=\"50\" class=\"alignnone size-medium wp-image-2110\" \/><\/a><\/td>\n<\/tr>\n<tr class=\"row-7\">\n\t<td class=\"column-1\">CLASIFICACION FUNCIONAL (FINALIDAD Y FUNCION) 2o. TRIM 2025<\/td><td class=\"column-2\"><a href=\"https:\/\/www.oaxaca.gob.mx\/inpac\/wp-content\/uploads\/sites\/17\/2025\/08\/CLASIFICACION-FUNCIONAL-FINALIDAD-Y-FUNCION-2o.-TRIM-2025.pdf\"><img loading=\"lazy\" decoding=\"async\" src=\"https:\/\/www.oaxaca.gob.mx\/inpac\/wp-content\/uploads\/sites\/17\/2019\/06\/24-512-300x300.png\" alt=\"\" width=\"50\" height=\"50\" class=\"alignnone size-medium wp-image-2110\" \/><\/a><\/td>\n<\/tr>\n<tr class=\"row-8\">\n\t<td class=\"column-1\">CLASIFICACI\u00d3N POR OBJETO DEL GASTO 2o. TRIM 2025<\/td><td class=\"column-2\"><a href=\"https:\/\/www.oaxaca.gob.mx\/inpac\/wp-content\/uploads\/sites\/17\/2025\/08\/CLASIFICACION-POR-OBJETO-DEL-GASTO-2o.-TRIM-2025.pdf\"><img loading=\"lazy\" decoding=\"async\" src=\"https:\/\/www.oaxaca.gob.mx\/inpac\/wp-content\/uploads\/sites\/17\/2019\/06\/24-512-300x300.png\" alt=\"\" width=\"50\" height=\"50\" class=\"alignnone size-medium wp-image-2110\" \/><\/a><\/td>\n<\/tr>\n<tr class=\"row-9\">\n\t<td class=\"column-1\">ESTADO ANALITICO DE LA DEUDA Y OTROS PASIVOS<\/td><td class=\"column-2\"><a href=\"https:\/\/www.oaxaca.gob.mx\/inpac\/wp-content\/uploads\/sites\/17\/2025\/08\/ESTADO-ANALITICO-DE-LA-DEUDA-Y-OTROS-PASIVOS.pdf\"><img loading=\"lazy\" decoding=\"async\" src=\"https:\/\/www.oaxaca.gob.mx\/inpac\/wp-content\/uploads\/sites\/17\/2019\/06\/24-512-300x300.png\" alt=\"\" width=\"50\" height=\"50\" class=\"alignnone size-medium wp-image-2110\" \/><\/a><\/td>\n<\/tr>\n<tr class=\"row-10\">\n\t<td class=\"column-1\">ESTADO ANALITICO DEL ACTIVO<\/td><td class=\"column-2\"><a href=\"https:\/\/www.oaxaca.gob.mx\/inpac\/wp-content\/uploads\/sites\/17\/2025\/08\/ESTADO-ANALITICO-DEL-ACTIVO.pdf\"><img loading=\"lazy\" decoding=\"async\" src=\"https:\/\/www.oaxaca.gob.mx\/inpac\/wp-content\/uploads\/sites\/17\/2019\/06\/24-512-300x300.png\" alt=\"\" width=\"50\" height=\"50\" class=\"alignnone size-medium wp-image-2110\" \/><\/a><\/td>\n<\/tr>\n<tr class=\"row-11\">\n\t<td class=\"column-1\">ESTADO DE ACTIVIDADES<\/td><td class=\"column-2\"><a href=\"https:\/\/www.oaxaca.gob.mx\/inpac\/wp-content\/uploads\/sites\/17\/2025\/08\/ESTADO-DE-ACTIVIDADES.pdf\"><img loading=\"lazy\" decoding=\"async\" src=\"https:\/\/www.oaxaca.gob.mx\/inpac\/wp-content\/uploads\/sites\/17\/2019\/06\/24-512-300x300.png\" alt=\"\" width=\"50\" height=\"50\" class=\"alignnone size-medium wp-image-2110\" \/><\/a><\/td>\n<\/tr>\n<tr class=\"row-12\">\n\t<td class=\"column-1\">ESTADO DE CAMBIOS EN LA SITUACI\u00d3N FINANCIERA<\/td><td class=\"column-2\"><a href=\"https:\/\/www.oaxaca.gob.mx\/inpac\/wp-content\/uploads\/sites\/17\/2025\/08\/ESTADO-DE-CAMBIOS-EN-LA-SITUACION-FINANCIERA.pdf\"><img loading=\"lazy\" decoding=\"async\" src=\"https:\/\/www.oaxaca.gob.mx\/inpac\/wp-content\/uploads\/sites\/17\/2019\/06\/24-512-300x300.png\" alt=\"\" width=\"50\" height=\"50\" class=\"alignnone size-medium wp-image-2110\" \/><\/a><\/td>\n<\/tr>\n<tr class=\"row-13\">\n\t<td class=\"column-1\">ESTADO DE FLUJOS DE EFECTIVO<\/td><td class=\"column-2\"><a href=\"https:\/\/www.oaxaca.gob.mx\/inpac\/wp-content\/uploads\/sites\/17\/2025\/08\/ESTADO-DE-FLUJOS-DE-EFECTIVO.pdf\"><img loading=\"lazy\" decoding=\"async\" src=\"https:\/\/www.oaxaca.gob.mx\/inpac\/wp-content\/uploads\/sites\/17\/2019\/06\/24-512-300x300.png\" alt=\"\" width=\"50\" height=\"50\" class=\"alignnone size-medium wp-image-2110\" \/><\/a><\/td>\n<\/tr>\n<tr class=\"row-14\">\n\t<td class=\"column-1\">ESTADO DE SITUACI\u00d3N FINANCIERA<\/td><td class=\"column-2\"><a href=\"https:\/\/www.oaxaca.gob.mx\/inpac\/wp-content\/uploads\/sites\/17\/2025\/08\/ESTADO-DE-SITUACION-FINANCIERA.pdf\"><img loading=\"lazy\" decoding=\"async\" src=\"https:\/\/www.oaxaca.gob.mx\/inpac\/wp-content\/uploads\/sites\/17\/2019\/06\/24-512-300x300.png\" alt=\"\" width=\"50\" height=\"50\" class=\"alignnone size-medium wp-image-2110\" \/><\/a><\/td>\n<\/tr>\n<tr class=\"row-15\">\n\t<td class=\"column-1\">ESTADO DE VARIACION EN LA HACIENDA P\u00daBLICA<\/td><td class=\"column-2\"><a href=\"https:\/\/www.oaxaca.gob.mx\/inpac\/wp-content\/uploads\/sites\/17\/2025\/08\/ESTADO-DE-VARIACION-EN-LA-HACIENDA-PUBLICA.pdf\"><img loading=\"lazy\" decoding=\"async\" src=\"https:\/\/www.oaxaca.gob.mx\/inpac\/wp-content\/uploads\/sites\/17\/2019\/06\/24-512-300x300.png\" alt=\"\" width=\"50\" height=\"50\" class=\"alignnone size-medium wp-image-2110\" \/><\/a><\/td>\n<\/tr>\n<tr class=\"row-16\">\n\t<td class=\"column-1\">NOTAS A LOS ESTADOS FINANCIEROS<\/td><td class=\"column-2\"><a href=\"https:\/\/www.oaxaca.gob.mx\/inpac\/wp-content\/uploads\/sites\/17\/2025\/08\/NOTAS-A-LOS-ESTADOS-FINANCIEROS.pdf\"><img loading=\"lazy\" decoding=\"async\" src=\"https:\/\/www.oaxaca.gob.mx\/inpac\/wp-content\/uploads\/sites\/17\/2019\/06\/24-512-300x300.png\" alt=\"\" width=\"50\" height=\"50\" class=\"alignnone size-medium wp-image-2110\" \/><\/a><\/td>\n<\/tr>\n<tr class=\"row-17\">\n\t<td class=\"column-1\">PROGRAMAS Y PROYECTOS DE INVERSI\u00d3N<\/td><td class=\"column-2\"><a href=\"https:\/\/www.oaxaca.gob.mx\/inpac\/wp-content\/uploads\/sites\/17\/2025\/08\/PROGRAMAS-Y-PROYECTOS-DE-INVERSION.pdf\"><img loading=\"lazy\" decoding=\"async\" src=\"https:\/\/www.oaxaca.gob.mx\/inpac\/wp-content\/uploads\/sites\/17\/2019\/06\/24-512-300x300.png\" alt=\"\" width=\"50\" height=\"50\" class=\"alignnone size-medium wp-image-2110\" \/><\/a><\/td>\n<\/tr>\n<tr class=\"row-18\">\n\t<td class=\"column-1\">RESUMEN POR PROGRAMA PRESUP<\/td><td class=\"column-2\"><a href=\"https:\/\/www.oaxaca.gob.mx\/inpac\/wp-content\/uploads\/sites\/17\/2025\/08\/RESUMEN-POR-PROGRAMA-PRESUP.pdf\"><a href=\"https:\/\/www.oaxaca.gob.mx\/inpac\/wp-content\/uploads\/sites\/17\/2025\/08\/RESUMEN-POR-PROGRAMA-PRESUP.pdf\"><img loading=\"lazy\" decoding=\"async\" src=\"https:\/\/www.oaxaca.gob.mx\/inpac\/wp-content\/uploads\/sites\/17\/2019\/06\/24-512-300x300.png\" alt=\"\" width=\"50\" height=\"50\" class=\"alignnone size-medium wp-image-2110\" \/><\/a><\/a><\/td>\n<\/tr>\n<tr class=\"row-19\">\n\t<td class=\"column-1\">ENDEUDAMIENTO NETO<\/td><td class=\"column-2\"><a href=\"https:\/\/www.oaxaca.gob.mx\/inpac\/wp-content\/uploads\/sites\/17\/2025\/08\/ENDEUDAMIENTO-NETO.pdf\"><img loading=\"lazy\" decoding=\"async\" src=\"https:\/\/www.oaxaca.gob.mx\/inpac\/wp-content\/uploads\/sites\/17\/2019\/06\/24-512-300x300.png\" alt=\"\" width=\"50\" height=\"50\" class=\"alignnone size-medium wp-image-2110\" \/><\/a><\/a><\/td>\n<\/tr>\n<tr class=\"row-20\">\n\t<td class=\"column-1\">INTERESES DE LA DEUDA<br \/>\n<\/td><td class=\"column-2\"><a href=\"https:\/\/www.oaxaca.gob.mx\/inpac\/wp-content\/uploads\/sites\/17\/2025\/08\/INTERESES-DE-LA-DEUDA.pdf\"><img loading=\"lazy\" decoding=\"async\" src=\"https:\/\/www.oaxaca.gob.mx\/inpac\/wp-content\/uploads\/sites\/17\/2019\/06\/24-512-300x300.png\" alt=\"\" width=\"50\" height=\"50\" class=\"alignnone size-medium wp-image-2110\" \/><\/a><\/a><\/td>\n<\/tr>\n<\/tbody>\n<\/table>\n<!-- #tablepress-50 from cache -->\n<\/div>\n<div class=\"su-tabs-pane su-u-clearfix su-u-trim\" data-title=\"Primer Trimestre\">\n\n<table id=\"tablepress-46\" class=\"tablepress tablepress-id-46\">\n<thead>\n<tr class=\"row-1\">\n\t<th class=\"column-1\">Primer Trimestre<\/th><th class=\"column-2\">Archivo<\/th>\n<\/tr>\n<\/thead>\n<tbody class=\"row-striping row-hover\">\n<tr class=\"row-2\">\n\t<td class=\"column-1\">RESUMEN POR PROGRAMA PRESUPUESTARIO <\/td><td class=\"column-2\"><a href=\"https:\/\/www.oaxaca.gob.mx\/inpac\/wp-content\/uploads\/sites\/17\/2025\/04\/RESUMEN-POR-PROGRAMA-PRESUPUESTARIO-1ER-TRIM-2025-INPAC-1.pdf\" target=\"_blank\" rel=\"noopener\"><i class=\"far fa-file-pdf fa-2x\">&nbsp;<\/i><\/a><\/td>\n<\/tr>\n<tr class=\"row-3\">\n\t<td class=\"column-1\">PROGRAMA Y PROYECTOS DE INVERSI\u00d3N <\/td><td class=\"column-2\"><a href=\"https:\/\/www.oaxaca.gob.mx\/inpac\/wp-content\/uploads\/sites\/17\/2025\/04\/PROGRAMA-Y-PROYECTOS-DE-INVERSION-1ER-TRIM-2025-INPAC.pdf\" target=\"_blank\" rel=\"noopener\"><i class=\"far fa-file-pdf fa-2x\">&nbsp;<\/i><\/a><\/td>\n<\/tr>\n<tr class=\"row-4\">\n\t<td class=\"column-1\">REPORTE AVANCE DE GESTION <\/td><td class=\"column-2\"><a href=\"https:\/\/www.oaxaca.gob.mx\/inpac\/wp-content\/uploads\/sites\/17\/2025\/04\/REPORTE-AVANCE-DE-GESTION-1er-TRIM-25.pdf\" target=\"_blank\" rel=\"noopener\"><i class=\"far fa-file-pdf fa-2x\">&nbsp;<\/i><\/a><\/td>\n<\/tr>\n<tr class=\"row-5\">\n\t<td class=\"column-1\">ESTADO ANAL\u00cdTICO DE INGRESOS <\/td><td class=\"column-2\"><a href=\"https:\/\/www.oaxaca.gob.mx\/inpac\/wp-content\/uploads\/sites\/17\/2025\/04\/ESTADO-ANALITICO-DE-INGRESOS-1ER-TRIM-2025-INPAC.pdf\" target=\"_blank\" rel=\"noopener\"><i class=\"far fa-file-pdf fa-2x\">&nbsp;<\/i><\/a><\/td>\n<\/tr>\n<tr class=\"row-6\">\n\t<td class=\"column-1\">CLASIFICACI\u00d3N FINALIDAD-FUNCION <\/td><td class=\"column-2\"><a href=\"https:\/\/www.oaxaca.gob.mx\/inpac\/wp-content\/uploads\/sites\/17\/2025\/04\/CLASIFICACION-FINALIDAD-FUNCION-1ER-TRIM-2025-INPAC.pdf\" target=\"_blank\" rel=\"noopener\"><i class=\"far fa-file-pdf fa-2x\">&nbsp;<\/i><\/a><\/td>\n<\/tr>\n<tr class=\"row-7\">\n\t<td class=\"column-1\">CLASIFICACION ADMINISTRATIVA <\/td><td class=\"column-2\"><a href=\"https:\/\/www.oaxaca.gob.mx\/inpac\/wp-content\/uploads\/sites\/17\/2025\/04\/CLASIFICACION-ADMINISTRATIVA-1ER-TRIM-2025-INPAC.pdf\" target=\"_blank\" rel=\"noopener\"><i class=\"far fa-file-pdf fa-2x\">&nbsp;<\/i><\/a><\/td>\n<\/tr>\n<tr class=\"row-8\">\n\t<td class=\"column-1\">CLASIFICACI\u00d3N ECONOMICA (POR TIPO DE GASTO)<\/td><td class=\"column-2\"><a href=\"https:\/\/www.oaxaca.gob.mx\/inpac\/wp-content\/uploads\/sites\/17\/2025\/04\/CLASIFICACION-ECONOMICA-PARTIDA-ESPECIFICA-1ER-TRIM-2025-INPAC.pdf\" target=\"_blank\" rel=\"noopener\"><i class=\"far fa-file-pdf fa-2x\">&nbsp;<\/i><\/a><\/td>\n<\/tr>\n<tr class=\"row-9\">\n\t<td class=\"column-1\">CLASIFICACION POR OBJETO DEL GASTO <\/td><td class=\"column-2\"><a href=\"https:\/\/www.oaxaca.gob.mx\/inpac\/wp-content\/uploads\/sites\/17\/2025\/04\/CLASIFICACION-POR-OBJETO-DEL-GASTO-1ER-TRIM-2025-INPAC.pdf\" target=\"_blank\" rel=\"noopener\"><i class=\"far fa-file-pdf fa-2x\">&nbsp;<\/i><\/a><\/td>\n<\/tr>\n<tr class=\"row-10\">\n\t<td class=\"column-1\">NOTAS A LOS ESTADOS FINANCIEROS <\/td><td class=\"column-2\"><a href=\"https:\/\/www.oaxaca.gob.mx\/inpac\/wp-content\/uploads\/sites\/17\/2025\/04\/NOTAS-A-LOS-ESTADOS-FINANCIEROS-1ER-TRIM-2025-INPAC.pdf\" target=\"_blank\" rel=\"noopener\"><i class=\"far fa-file-pdf fa-2x\">&nbsp;<\/i><\/a><\/td>\n<\/tr>\n<tr class=\"row-11\">\n\t<td class=\"column-1\">ESTADO ANALITICO DE LA DEUDA Y OTROS PASIVOS <\/td><td class=\"column-2\"><a href=\"https:\/\/www.oaxaca.gob.mx\/inpac\/wp-content\/uploads\/sites\/17\/2025\/04\/ESTADO-ANALITICO-DE-LA-DEUDA-Y-OTROS-PASIVOS-1ER-TRIM-2025-INPAC.pdf\" target=\"_blank\" rel=\"noopener\"><i class=\"far fa-file-pdf fa-2x\">&nbsp;<\/i><\/a><\/td>\n<\/tr>\n<tr class=\"row-12\">\n\t<td class=\"column-1\">ESTADO ANALITICO DEL ACTIVO <\/td><td class=\"column-2\"><a href=\"https:\/\/www.oaxaca.gob.mx\/inpac\/wp-content\/uploads\/sites\/17\/2025\/04\/ESTADO-ANALITICO-DEL-ACTIVO-1ER-TRIM-2025-INPAC.pdf\" target=\"_blank\" rel=\"noopener\"><i class=\"far fa-file-pdf fa-2x\">&nbsp;<\/i><\/a><\/td>\n<\/tr>\n<tr class=\"row-13\">\n\t<td class=\"column-1\">ESTADO SOBRE PASIVOS CONTINGENTES<\/td><td class=\"column-2\"><a href=\"https:\/\/www.oaxaca.gob.mx\/inpac\/wp-content\/uploads\/sites\/17\/2025\/05\/ESCRITO-PASIVOS-CONTINGENTES-1.pdf\" target=\"_blank\" rel=\"noopener\"><i class=\"far fa-file-pdf fa-2x\">&nbsp;<\/i><\/a><\/td>\n<\/tr>\n<tr class=\"row-14\">\n\t<td class=\"column-1\">ESTADO DE FLUJO DE EFECTIVO <\/td><td class=\"column-2\"><a href=\"https:\/\/www.oaxaca.gob.mx\/inpac\/wp-content\/uploads\/sites\/17\/2025\/04\/ESTADO-DE-FLUJO-DE-EFECTIVO-1ER-TRIM-2025-INPAC.pdf\" target=\"_blank\" rel=\"noopener\"><i class=\"far fa-file-pdf fa-2x\">&nbsp;<\/i><\/a><\/td>\n<\/tr>\n<tr class=\"row-15\">\n\t<td class=\"column-1\">ESTADO DE CAMBIOS EN LA SITUACI\u00d3N FINANCIERA <\/td><td class=\"column-2\"><a href=\"https:\/\/www.oaxaca.gob.mx\/inpac\/wp-content\/uploads\/sites\/17\/2025\/04\/ESTADO-DE-CAMBIOS-EN-LA-SITUACION-FINANCIERA-1ER-TRIM-2025-INPAC.pdf\" target=\"_blank\" rel=\"noopener\"><i class=\"far fa-file-pdf fa-2x\">&nbsp;<\/i><\/a><\/td>\n<\/tr>\n<tr class=\"row-16\">\n\t<td class=\"column-1\">ESTADO DE VARIACI\u00d3N EN LA HACIENDA P\u00daBLICA <\/td><td class=\"column-2\"><a href=\"https:\/\/www.oaxaca.gob.mx\/inpac\/wp-content\/uploads\/sites\/17\/2025\/04\/ESTADO-DE-VARIACION-EN-LA-HACIENDA-PUBLICA-1ER-TRIM-2025-INPAC.pdf\" target=\"_blank\" rel=\"noopener\"><i class=\"far fa-file-pdf fa-2x\">&nbsp;<\/i><\/a><\/td>\n<\/tr>\n<tr class=\"row-17\">\n\t<td class=\"column-1\">ESTADO DE SITUACI\u00d3N FINANCIERA <\/td><td class=\"column-2\"><a href=\"https:\/\/www.oaxaca.gob.mx\/inpac\/wp-content\/uploads\/sites\/17\/2025\/04\/ESTADO-DE-SITUACION-FINANCIERA-1ER-TRIM-2025-INPAC.pdf\" target=\"_blank\" rel=\"noopener\"><i class=\"far fa-file-pdf fa-2x\">&nbsp;<\/i><\/a><\/td>\n<\/tr>\n<tr class=\"row-18\">\n\t<td class=\"column-1\">ESTADO DE ACTIVIDADES <\/td><td class=\"column-2\"><a href=\"https:\/\/www.oaxaca.gob.mx\/inpac\/wp-content\/uploads\/sites\/17\/2025\/04\/ESTADO-DE-ACTIVIDADES-1ER-TRIM-2025-INPAC.pdf\" target=\"_blank\" rel=\"noopener\"><i class=\"far fa-file-pdf fa-2x\">&nbsp;<\/i><\/a><\/td>\n<\/tr>\n<tr class=\"row-19\">\n\t<td class=\"column-1\">INTERESES DE LA DEUDA<\/td><td class=\"column-2\"><a href=\"https:\/\/www.oaxaca.gob.mx\/inpac\/wp-content\/uploads\/sites\/17\/2025\/05\/ESCRITO-INTERESES-DE-LA-DEUDA.pdf\" target=\"_blank\" rel=\"noopener\"><i class=\"far fa-file-pdf fa-2x\">&nbsp;<\/i><\/a><\/td>\n<\/tr>\n<tr class=\"row-20\">\n\t<td class=\"column-1\">ENDEUDAMIENTO NETO<\/td><td class=\"column-2\"><a href=\"https:\/\/www.oaxaca.gob.mx\/inpac\/wp-content\/uploads\/sites\/17\/2025\/05\/ESCRITO-ENDEUDAMIENTO-NETO.pdf\" target=\"_blank\" rel=\"noopener\"><i class=\"far fa-file-pdf fa-2x\">&nbsp;<\/i><\/a><\/td>\n<\/tr>\n<tr class=\"row-21\">\n\t<td class=\"column-1\">AYUDAS Y SUBSIDIOS<\/td><td class=\"column-2\"><a href=\"https:\/\/www.oaxaca.gob.mx\/inpac\/wp-content\/uploads\/sites\/17\/2025\/05\/ESCRITO-AYUDAS-Y-SUBSIDIOS.pdf\" target=\"_blank\" rel=\"noopener\"><i class=\"far fa-file-pdf fa-2x\">&nbsp;<\/i><\/a><\/td>\n<\/tr>\n<\/tbody>\n<\/table>\n<!-- #tablepress-46 from cache -->\n<\/div><\/div><\/div>\n<div class=\"card-body\"><div class=\"su-heading su-heading-style-default su-heading-align-center\" id=\"\" style=\"font-size:26px;margin-bottom:10px\"><div class=\"su-heading-inner\">2024<\/div><\/div><\/div>\n<div class=\"su-tabs su-tabs-style-default su-tabs-mobile-stack\" data-active=\"1\" data-scroll-offset=\"0\" data-anchor-in-url=\"no\"><div class=\"su-tabs-nav\"><span class=\"\" data-url=\"\" data-target=\"blank\" tabindex=\"0\" role=\"button\">Cuarto Trimestre<\/span><span class=\"\" data-url=\"\" data-target=\"blank\" tabindex=\"0\" role=\"button\">Tercer Trimestre<\/span><span class=\"\" data-url=\"\" data-target=\"blank\" tabindex=\"0\" role=\"button\">Segundo Trimestre<\/span><span class=\"\" data-url=\"\" data-target=\"blank\" tabindex=\"0\" role=\"button\">Primer Trimestre<\/span><\/div><div class=\"su-tabs-panes\"><div class=\"su-tabs-pane su-u-clearfix su-u-trim\" data-title=\"Cuarto Trimestre\">\n\n<table id=\"tablepress-47\" class=\"tablepress tablepress-id-47\">\n<thead>\n<tr class=\"row-1\">\n\t<th class=\"column-1\">4to Trimestre<\/th><th class=\"column-2\">PDF<\/th><td class=\"column-3\"><\/td>\n<\/tr>\n<\/thead>\n<tbody class=\"row-striping row-hover\">\n<tr class=\"row-2\">\n\t<td class=\"column-1\">PROGRAMAS Y ROYECTOS DE INVERSI\u00d3N<\/td><td class=\"column-2\"><a href=\"https:\/\/www.oaxaca.gob.mx\/inpac\/wp-content\/uploads\/sites\/17\/2025\/04\/PROGRAMAS Y ROYECTOS DE INVERSI\u00d3N.pdf\" target=\"_blank\" rel=\"noopener\"><i class=\"far fa-file-pdf fa-2x\">&nbsp;<\/i><\/a><\/td><td class=\"column-3\"><\/td>\n<\/tr>\n<tr class=\"row-3\">\n\t<td class=\"column-1\">REPORTE DE AVANCE DE GESTI\u00d3N<\/td><td class=\"column-2\"><a href=\"https:\/\/www.oaxaca.gob.mx\/inpac\/wp-content\/uploads\/sites\/17\/2025\/04\/REPORTE DE AVANCE DE GESTI\u00d3N.pdf\" target=\"_blank\" rel=\"noopener\"><i class=\"far fa-file-pdf fa-2x\">&nbsp;<\/i><\/a><\/td><td class=\"column-3\"><\/td>\n<\/tr>\n<tr class=\"row-4\">\n\t<td class=\"column-1\">RESUMEN POR PROGRAMA PRESUPUESTARIO<\/td><td class=\"column-2\"><a href=\"https:\/\/www.oaxaca.gob.mx\/inpac\/wp-content\/uploads\/sites\/17\/2025\/04\/RESUMEN POR PROGRAMA PRESUPUESTARIO.pdf\" target=\"_blank\" rel=\"noopener\"><i class=\"far fa-file-pdf fa-2x\">&nbsp;<\/i><\/a><\/td><td class=\"column-3\"><\/td>\n<\/tr>\n<tr class=\"row-5\">\n\t<td class=\"column-1\">INTERESES DE LA DEUDA<\/td><td class=\"column-2\"><a href=\"https:\/\/www.oaxaca.gob.mx\/inpac\/wp-content\/uploads\/sites\/17\/2025\/04\/INTERESES DE LA DEUDA.pdf\" target=\"_blank\" rel=\"noopener\"><i class=\"far fa-file-pdf fa-2x\">&nbsp;<\/i><\/a><\/td><td class=\"column-3\"><\/td>\n<\/tr>\n<tr class=\"row-6\">\n\t<td class=\"column-1\">ENDEUDAMIENTO NETO<\/td><td class=\"column-2\"><a href=\"https:\/\/www.oaxaca.gob.mx\/inpac\/wp-content\/uploads\/sites\/17\/2025\/04\/ENDEUDAMIENTO NETO.pdf\" target=\"_blank\" rel=\"noopener\"><i class=\"far fa-file-pdf fa-2x\">&nbsp;<\/i><\/a><\/td><td class=\"column-3\"><\/td>\n<\/tr>\n<tr class=\"row-7\">\n\t<td class=\"column-1\">CLASIFICACI\u00d3N FUNCIONALIDAD (FINALIDAD Y FUNCION)<\/td><td class=\"column-2\"><a href=\"https:\/\/www.oaxaca.gob.mx\/inpac\/wp-content\/uploads\/sites\/17\/2025\/04\/CLASIFICACI\u00d3N FUNCIONALIDAD (FINALIDAD Y FUNCION).pdf\" target=\"_blank\" rel=\"noopener\"><i class=\"far fa-file-pdf fa-2x\">&nbsp;<\/i><\/a><\/td><td class=\"column-3\"><\/td>\n<\/tr>\n<tr class=\"row-8\">\n\t<td class=\"column-1\">CLASIFICACI\u00d3N ADMINISTRATIVA<\/td><td class=\"column-2\"><a href=\"https:\/\/www.oaxaca.gob.mx\/inpac\/wp-content\/uploads\/sites\/17\/2025\/04\/CLASIFICACI\u00d3N ADMINISTRATIVA.pdf\" target=\"_blank\" rel=\"noopener\"><i class=\"far fa-file-pdf fa-2x\">&nbsp;<\/i><\/a><\/td><td class=\"column-3\"><\/td>\n<\/tr>\n<tr class=\"row-9\">\n\t<td class=\"column-1\">CLASIFICACI\u00d3N ECON\u00d3MICA (POR TIPO DE GASTO)<\/td><td class=\"column-2\"><a href=\"https:\/\/www.oaxaca.gob.mx\/inpac\/wp-content\/uploads\/sites\/17\/2025\/04\/CLASIFICACI\u00d3N ECON\u00d3MICA (POR TIPO DE GASTO).pdf\" target=\"_blank\" rel=\"noopener\"><i class=\"far fa-file-pdf fa-2x\">&nbsp;<\/i><\/a><\/td><td class=\"column-3\"><\/td>\n<\/tr>\n<tr class=\"row-10\">\n\t<td class=\"column-1\">CLASIFICACI\u00d3N OBJETO DEL GASTO (CAPITULO-CONCEPTO)<\/td><td class=\"column-2\"><a href=\"https:\/\/www.oaxaca.gob.mx\/inpac\/wp-content\/uploads\/sites\/17\/2025\/04\/CLASIFICACI\u00d3N OBJETO DEL GASTO (CAPITULO-CONCEPTO).pdf\" target=\"_blank\" rel=\"noopener\"><i class=\"far fa-file-pdf fa-2x\">&nbsp;<\/i><\/a><\/td><td class=\"column-3\"><\/td>\n<\/tr>\n<tr class=\"row-11\">\n\t<td class=\"column-1\">ESTADO ANALITICO DE INGRESOS<\/td><td class=\"column-2\"><a href=\"https:\/\/www.oaxaca.gob.mx\/inpac\/wp-content\/uploads\/sites\/17\/2025\/04\/ESTADO ANALITICO DE INGRESOS.pdf\" target=\"_blank\" rel=\"noopener\"><i class=\"far fa-file-pdf fa-2x\">&nbsp;<\/i><\/a><\/td><td class=\"column-3\"><\/td>\n<\/tr>\n<tr class=\"row-12\">\n\t<td class=\"column-1\">NOTAS A LOS ESTADOS FINANCIEROS<\/td><td class=\"column-2\"><a href=\"https:\/\/www.oaxaca.gob.mx\/inpac\/wp-content\/uploads\/sites\/17\/2025\/04\/NOTAS A LOS ESTADOS FINANCIEROS.pdf\" target=\"_blank\" rel=\"noopener\"><i class=\"far fa-file-pdf fa-2x\">&nbsp;<\/i><\/a><\/td><td class=\"column-3\"><\/td>\n<\/tr>\n<tr class=\"row-13\">\n\t<td class=\"column-1\">INFORME SOBRE PASIVOS CONTINGENTES<\/td><td class=\"column-2\"><a href=\"https:\/\/www.oaxaca.gob.mx\/inpac\/wp-content\/uploads\/sites\/17\/2025\/04\/INFORME SOBRE PASIVOS CONTINGENTES.pdf\" target=\"_blank\" rel=\"noopener\"><i class=\"far fa-file-pdf fa-2x\">&nbsp;<\/i><\/a><\/td><td class=\"column-3\"><\/td>\n<\/tr>\n<tr class=\"row-14\">\n\t<td class=\"column-1\">ESTADO ANALITICO DE LA DEUDA Y OTROS PASIVOS<\/td><td class=\"column-2\"><a href=\"https:\/\/www.oaxaca.gob.mx\/inpac\/wp-content\/uploads\/sites\/17\/2025\/04\/ESTADO ANALITICO DE LA DEUDA Y OTROS PASIVOS.pdf\" target=\"_blank\" rel=\"noopener\"><i class=\"far fa-file-pdf fa-2x\">&nbsp;<\/i><\/a><\/td><td class=\"column-3\"><\/td>\n<\/tr>\n<tr class=\"row-15\">\n\t<td class=\"column-1\">ESTADO ANALITICO DEL ACTIVO<\/td><td class=\"column-2\"><a href=\"https:\/\/www.oaxaca.gob.mx\/inpac\/wp-content\/uploads\/sites\/17\/2025\/04\/ESTADO ANALITICO DEL ACTIVO.pdf\" target=\"_blank\" rel=\"noopener\"><i class=\"far fa-file-pdf fa-2x\">&nbsp;<\/i><\/a><\/td><td class=\"column-3\"><\/td>\n<\/tr>\n<tr class=\"row-16\">\n\t<td class=\"column-1\">ESTADO DE FLUJOS DE EFECTIVO<\/td><td class=\"column-2\"><a href=\"https:\/\/www.oaxaca.gob.mx\/inpac\/wp-content\/uploads\/sites\/17\/2025\/04\/ESTADO DE FLUJOS DE EFECTIVO.pdf\" target=\"_blank\" rel=\"noopener\"><i class=\"far fa-file-pdf fa-2x\">&nbsp;<\/i><\/a><\/td><td class=\"column-3\"><\/td>\n<\/tr>\n<tr class=\"row-17\">\n\t<td class=\"column-1\">ESTADO DE CAMBIOS EN LA SITUACI\u00d3N FINANCIERA<\/td><td class=\"column-2\"><a href=\"https:\/\/www.oaxaca.gob.mx\/inpac\/wp-content\/uploads\/sites\/17\/2025\/04\/ESTADO DE CAMBIOS EN LA SITUACI\u00d3N FINANCIERA.pdf\" target=\"_blank\" rel=\"noopener\"><i class=\"far fa-file-pdf fa-2x\">&nbsp;<\/i><\/a><\/td><td class=\"column-3\"><\/td>\n<\/tr>\n<tr class=\"row-18\">\n\t<td class=\"column-1\">ESTADO DE VARIACI\u00d3N EN LA HACIENDA P\u00daBLICA<\/td><td class=\"column-2\"><a href=\"https:\/\/www.oaxaca.gob.mx\/inpac\/wp-content\/uploads\/sites\/17\/2025\/04\/ESTADO DE VARIACI\u00d3N EN LA HACIENDA P\u00daBLICA.pdf\" target=\"_blank\" rel=\"noopener\"><i class=\"far fa-file-pdf fa-2x\">&nbsp;<\/i><\/a><\/td><td class=\"column-3\"><\/td>\n<\/tr>\n<tr class=\"row-19\">\n\t<td class=\"column-1\">ESTADO DE SITUACI\u00d3N FINANCIERA<\/td><td class=\"column-2\"><a href=\"https:\/\/www.oaxaca.gob.mx\/inpac\/wp-content\/uploads\/sites\/17\/2025\/04\/ESTADO DE SITUACI\u00d3N FINANCIERA.pdf\" target=\"_blank\" rel=\"noopener\"><i class=\"far fa-file-pdf fa-2x\">&nbsp;<\/i><\/a><\/td><td class=\"column-3\"><\/td>\n<\/tr>\n<tr class=\"row-20\">\n\t<td class=\"column-1\">ESTADO DE ACTIVIDADES<\/td><td class=\"column-2\"><a href=\"https:\/\/www.oaxaca.gob.mx\/inpac\/wp-content\/uploads\/sites\/17\/2025\/04\/ESTADO DE ACTIVIDADES.pdf\" target=\"_blank\" rel=\"noopener\"><i class=\"far fa-file-pdf fa-2x\">&nbsp;<\/i><\/a><\/td><td class=\"column-3\"><\/td>\n<\/tr>\n<\/tbody>\n<\/table>\n<!-- #tablepress-47 from cache -->\n<\/div>\n<div class=\"su-tabs-pane su-u-clearfix su-u-trim\" data-title=\"Tercer Trimestre\">\n\n<table id=\"tablepress-42\" class=\"tablepress tablepress-id-42\">\n<thead>\n<tr class=\"row-1\">\n\t<th class=\"column-1\">Tercer Trimestre<\/th><td class=\"column-2\"><\/td>\n<\/tr>\n<\/thead>\n<tbody class=\"row-striping row-hover\">\n<tr class=\"row-2\">\n\t<td class=\"column-1\">AVANCE DE GESTI\u00d3N<\/td><td class=\"column-2\"><a href=\"https:\/\/www.oaxaca.gob.mx\/inpac\/wp-content\/uploads\/sites\/17\/2024\/11\/AVANCE-DE-GESTION_-TERCER-TRIM-2024.pdf\" target=\"_blank\" rel=\"noopener\"><i class=\"far fa-file-pdf fa-2x\">&nbsp;<\/i><\/a><\/td>\n<\/tr>\n<tr class=\"row-3\">\n\t<td class=\"column-1\">CLASIFICACION ADMINISTRATIVA<\/td><td class=\"column-2\"><a href=\"https:\/\/www.oaxaca.gob.mx\/inpac\/wp-content\/uploads\/sites\/17\/2024\/11\/CLASIFICACION-ADMINISTRATIVA.pdf\" target=\"_blank\" rel=\"noopener\"><i class=\"far fa-file-pdf fa-2x\">&nbsp;<\/i><\/a><\/td>\n<\/tr>\n<tr class=\"row-4\">\n\t<td class=\"column-1\">CLASIFICACION ECONOMICA (POR TIPO DE GASTO)<\/td><td class=\"column-2\"><a href=\"https:\/\/www.oaxaca.gob.mx\/inpac\/wp-content\/uploads\/sites\/17\/2024\/11\/CLASIFICACION-ECONOMICA-POR-TIPO-DE-GASTO.pdf\" target=\"_blank\" rel=\"noopener\"><i class=\"far fa-file-pdf fa-2x\">&nbsp;<\/i><\/a><\/td>\n<\/tr>\n<tr class=\"row-5\">\n\t<td class=\"column-1\">CLASIFICACION FUNCIONAL (FINALIDAD Y FUNCION )<\/td><td class=\"column-2\"><a href=\"https:\/\/www.oaxaca.gob.mx\/inpac\/wp-content\/uploads\/sites\/17\/2024\/11\/CLASIFICACION-FUNCIONAL-FINALIDAD-Y-FUNCION-.pdf\" target=\"_blank\" rel=\"noopener\"><i class=\"far fa-file-pdf fa-2x\">&nbsp;<\/i><\/a><\/td>\n<\/tr>\n<tr class=\"row-6\">\n\t<td class=\"column-1\">CLASIFICACION POR OBJETO DEL GASTO (CAPITULO-CONCEPTO)<\/td><td class=\"column-2\"><a href=\"https:\/\/www.oaxaca.gob.mx\/inpac\/wp-content\/uploads\/sites\/17\/2024\/11\/CLASIFICACION-POR-OBJETO-DEL-GASTO-CAPITULO-CONCEPTO.pdf\" target=\"_blank\" rel=\"noopener\"><i class=\"far fa-file-pdf fa-2x\">&nbsp;<\/i><\/a><\/td>\n<\/tr>\n<tr class=\"row-7\">\n\t<td class=\"column-1\">ENDEUDAMINETO NETO<\/td><td class=\"column-2\"><a href=\"https:\/\/www.oaxaca.gob.mx\/inpac\/wp-content\/uploads\/sites\/17\/2024\/11\/ENDEUDAMIENTO-NETO.pdf\" target=\"_blank\" rel=\"noopener\"><i class=\"far fa-file-pdf fa-2x\">&nbsp;<\/i><\/a><\/td>\n<\/tr>\n<tr class=\"row-8\">\n\t<td class=\"column-1\">ESTADO ANALITICO DE INGRESOS<\/td><td class=\"column-2\"><a href=\"https:\/\/www.oaxaca.gob.mx\/inpac\/wp-content\/uploads\/sites\/17\/2024\/11\/ESTADO-ANALITICO-DE-INGRESOS.pdf\" target=\"_blank\" rel=\"noopener\"><i class=\"far fa-file-pdf fa-2x\">&nbsp;<\/i><\/a><\/td>\n<\/tr>\n<tr class=\"row-9\">\n\t<td class=\"column-1\">ESTADO ANALITICO DE LA DEUDA<\/td><td class=\"column-2\"><a href=\"https:\/\/www.oaxaca.gob.mx\/inpac\/wp-content\/uploads\/sites\/17\/2024\/11\/ESTADO-ANALITICO-DE-LA-DEUDA-Y-OTROS-PASIVOS.pdf\" target=\"_blank\" rel=\"noopener\"><i class=\"far fa-file-pdf fa-2x\">&nbsp;<\/i><\/a><\/td>\n<\/tr>\n<tr class=\"row-10\">\n\t<td class=\"column-1\">ESTADO ANALITICO DEL ACTIVO<\/td><td class=\"column-2\"><a href=\"https:\/\/www.oaxaca.gob.mx\/inpac\/wp-content\/uploads\/sites\/17\/2024\/11\/ESTADO-ANALITICO-DEL-ACTIVO.pdf\" target=\"_blank\" rel=\"noopener\"><i class=\"far fa-file-pdf fa-2x\">&nbsp;<\/i><\/a><\/td>\n<\/tr>\n<tr class=\"row-11\">\n\t<td class=\"column-1\">ESTADO DE ACTIVIDADES<br \/>\n<\/td><td class=\"column-2\"><a href=\"https:\/\/www.oaxaca.gob.mx\/inpac\/wp-content\/uploads\/sites\/17\/2024\/11\/ESTADO-DE-ACTIVIDADES.pdf\" target=\"_blank\" rel=\"noopener\"><i class=\"far fa-file-pdf fa-2x\">&nbsp;<\/i><\/a><\/td>\n<\/tr>\n<tr class=\"row-12\">\n\t<td class=\"column-1\">ESTADO DE CAMBIOS EN SIT FINANC<br \/>\n<\/td><td class=\"column-2\"><a href=\"https:\/\/www.oaxaca.gob.mx\/inpac\/wp-content\/uploads\/sites\/17\/2024\/11\/ESTADO-DE-CAMBIOS-EN-LA-SITUACION-FINANCIERA.pdf\" target=\"_blank\" rel=\"noopener\"><i class=\"far fa-file-pdf fa-2x\">&nbsp;<\/i><\/a><\/td>\n<\/tr>\n<tr class=\"row-13\">\n\t<td class=\"column-1\">ESTADO DE SITUACION FINANCIERA<br \/>\n<\/td><td class=\"column-2\"><a href=\"https:\/\/www.oaxaca.gob.mx\/inpac\/wp-content\/uploads\/sites\/17\/2024\/11\/ESTADO-DE-SITUACION-FINANCIERA.pdf\" target=\"_blank\" rel=\"noopener\"><i class=\"far fa-file-pdf fa-2x\">&nbsp;<\/i><\/a><\/td>\n<\/tr>\n<tr class=\"row-14\">\n\t<td class=\"column-1\">ESTADO DE VARIACION EN HAC PUB<br \/>\n<\/td><td class=\"column-2\"><a href=\"https:\/\/www.oaxaca.gob.mx\/inpac\/wp-content\/uploads\/sites\/17\/2024\/11\/ESTADO-DE-VARIACION-EN-LA-HACIENDA-PUBLICA.pdf\" target=\"_blank\" rel=\"noopener\"><i class=\"far fa-file-pdf fa-2x\">&nbsp;<\/i><\/a><\/td>\n<\/tr>\n<tr class=\"row-15\">\n\t<td class=\"column-1\">INFORMES SOBRE PASIOS CONTINGENTES<br \/>\n<\/td><td class=\"column-2\"><a href=\"https:\/\/www.oaxaca.gob.mx\/inpac\/wp-content\/uploads\/sites\/17\/2024\/11\/INFORME-SOBRE-PASIVOS-CONTINGENTES.pdf\" target=\"_blank\" rel=\"noopener\"><i class=\"far fa-file-pdf fa-2x\">&nbsp;<\/i><\/a><\/td>\n<\/tr>\n<tr class=\"row-16\">\n\t<td class=\"column-1\">INTERESES DE LA DEUDA<\/td><td class=\"column-2\"><a href=\"https:\/\/www.oaxaca.gob.mx\/inpac\/wp-content\/uploads\/sites\/17\/2024\/11\/INTERESES-DE-LA-DEUDA.pdf\" target=\"_blank\" rel=\"noopener\"><i class=\"far fa-file-pdf fa-2x\">&nbsp;<\/i><\/a><\/td>\n<\/tr>\n<tr class=\"row-17\">\n\t<td class=\"column-1\">NOTAS A LOS ESTADOS FINANCIEROS<br \/>\n<\/td><td class=\"column-2\"><a href=\"https:\/\/www.oaxaca.gob.mx\/inpac\/wp-content\/uploads\/sites\/17\/2024\/11\/NOTAS-A-LOS-ESTADOS-FINANCIEROS.pdf\" target=\"_blank\" rel=\"noopener\"><i class=\"far fa-file-pdf fa-2x\">&nbsp;<\/i><\/a><\/td>\n<\/tr>\n<tr class=\"row-18\">\n\t<td class=\"column-1\">PROGRAMAS Y PROYECTOS DE INVERSI\u00d3N<br \/>\n<\/td><td class=\"column-2\"><a href=\"https:\/\/www.oaxaca.gob.mx\/inpac\/wp-content\/uploads\/sites\/17\/2024\/11\/PROGRAMAS-Y-PROYECTOS-DE-INVERSION.pdf\" target=\"_blank\" rel=\"noopener\"><i class=\"far fa-file-pdf fa-2x\">&nbsp;<\/i><\/a><\/td>\n<\/tr>\n<tr class=\"row-19\">\n\t<td class=\"column-1\">RELACION DE ESQUEMAS BURSATILES<br \/>\n<\/td><td class=\"column-2\"><a href=\"https:\/\/www.oaxaca.gob.mx\/inpac\/wp-content\/uploads\/sites\/17\/2024\/11\/RELACION-DE-ESQUEMAS-BURSATILES.pdf\" target=\"_blank\" rel=\"noopener\"><i class=\"far fa-file-pdf fa-2x\">&nbsp;<\/i><\/a><\/td>\n<\/tr>\n<tr class=\"row-20\">\n\t<td class=\"column-1\">RESUMEN POR PROGRAMA PRESUPUESTARIO<\/td><td class=\"column-2\"><a href=\"https:\/\/www.oaxaca.gob.mx\/inpac\/wp-content\/uploads\/sites\/17\/2024\/11\/RESUMEN-POR-PROGRAMA-PRESUPUESTARIO.pdf\" target=\"_blank\" rel=\"noopener\"><i class=\"far fa-file-pdf fa-2x\">&nbsp;<\/i><\/a><\/td>\n<\/tr>\n<\/tbody>\n<\/table>\n<!-- #tablepress-42 from cache -->\n<\/div>\n<div class=\"su-tabs-pane su-u-clearfix su-u-trim\" data-title=\"Segundo Trimestre\">\n\n<table id=\"tablepress-40\" class=\"tablepress tablepress-id-40\">\n<thead>\n<tr class=\"row-1\">\n\t<th class=\"column-1\">Segundo Trimestre<\/th><td class=\"column-2\"><\/td>\n<\/tr>\n<\/thead>\n<tbody class=\"row-striping row-hover\">\n<tr class=\"row-2\">\n\t<td class=\"column-1\">AVANCE DE GESTI\u00d3N<\/td><td class=\"column-2\"><a href=\"https:\/\/www.oaxaca.gob.mx\/inpac\/wp-content\/uploads\/sites\/17\/2024\/08\/AVANCE-DE-GESTION-2DO-TRIM-24.pdf\" target=\"_blank\" rel=\"noopener\"><i class=\"far fa-file-pdf fa-2x\">&nbsp;<\/i><\/a><\/td>\n<\/tr>\n<tr class=\"row-3\">\n\t<td class=\"column-1\">CLASIFICACION ADMINISTRATIVA<\/td><td class=\"column-2\"><a href=\"https:\/\/www.oaxaca.gob.mx\/inpac\/wp-content\/uploads\/sites\/17\/2024\/08\/CLASIFICACION-ADMINISTRATIVA.pdf\" target=\"_blank\" rel=\"noopener\"><i class=\"far fa-file-pdf fa-2x\">&nbsp;<\/i><\/a><\/td>\n<\/tr>\n<tr class=\"row-4\">\n\t<td class=\"column-1\">CLASIFICACION ECONOMICA-PARTIDA ESPECIFICA<\/td><td class=\"column-2\"><a><i class=\"far fa-file-pdf fa-2x\">&nbsp;<\/i><\/a><\/td>\n<\/tr>\n<tr class=\"row-5\">\n\t<td class=\"column-1\">CLASIFICACION ECONOMICA-PARTIDA ESPECIFICA<br \/>\n<\/td><td class=\"column-2\"><a href=\"https:\/\/www.oaxaca.gob.mx\/inpac\/wp-content\/uploads\/sites\/17\/2024\/05\/CLASIFICACION-ECONOMICA-PARTIDA-ESPECIFICA.pdf\" target=\"_blank\" rel=\"noopener\"><i class=\"far fa-file-pdf fa-2x\">&nbsp;<\/i><\/a><\/td>\n<\/tr>\n<tr class=\"row-6\">\n\t<td class=\"column-1\">CLASIFICACION FUNCIONAL<\/td><td class=\"column-2\"><a href=\"https:\/\/www.oaxaca.gob.mx\/inpac\/wp-content\/uploads\/sites\/17\/2024\/08\/CLASIFICACION-FUNCIONAL.pdf\" target=\"_blank\" rel=\"noopener\"><i class=\"far fa-file-pdf fa-2x\">&nbsp;<\/i><\/a><\/td>\n<\/tr>\n<tr class=\"row-7\">\n\t<td class=\"column-1\">CLASIFICACION POR OBJETO DEL GASTO<\/td><td class=\"column-2\"><a href=\"https:\/\/www.oaxaca.gob.mx\/inpac\/wp-content\/uploads\/sites\/17\/2024\/08\/CLASIFICACION-POR-OBJETO-DEL-GASTO.pdf\" target=\"_blank\" rel=\"noopener\"><i class=\"far fa-file-pdf fa-2x\">&nbsp;<\/i><\/a><\/td>\n<\/tr>\n<tr class=\"row-8\">\n\t<td class=\"column-1\">ENDEUDAMINETO NETO<\/td><td class=\"column-2\"><a href=\"https:\/\/www.oaxaca.gob.mx\/inpac\/wp-content\/uploads\/sites\/17\/2024\/08\/ENDEUDAMINETO-NETO.pdf\" target=\"_blank\" rel=\"noopener\"><i class=\"far fa-file-pdf fa-2x\">&nbsp;<\/i><\/a><\/td>\n<\/tr>\n<tr class=\"row-9\">\n\t<td class=\"column-1\">ESTADO ANALITICO DE INGRESOS<\/td><td class=\"column-2\"><a href=\"https:\/\/www.oaxaca.gob.mx\/inpac\/wp-content\/uploads\/sites\/17\/2024\/08\/ESTADO-ANALITICO-DE-INGRESOS.pdf\" target=\"_blank\" rel=\"noopener\"><i class=\"far fa-file-pdf fa-2x\">&nbsp;<\/i><\/a><\/td>\n<\/tr>\n<tr class=\"row-10\">\n\t<td class=\"column-1\">ESTADO ANALITICO DE LA DEUDA<\/td><td class=\"column-2\"><a href=\"https:\/\/www.oaxaca.gob.mx\/inpac\/wp-content\/uploads\/sites\/17\/2024\/08\/ESTADO-ANALITICO-DE-LA-DEUDA.pdf\" target=\"_blank\" rel=\"noopener\"><i class=\"far fa-file-pdf fa-2x\">&nbsp;<\/i><\/a><\/td>\n<\/tr>\n<tr class=\"row-11\">\n\t<td class=\"column-1\">ESTADO ANALITICO DEL ACTIVO<\/td><td class=\"column-2\"><a href=\"https:\/\/www.oaxaca.gob.mx\/inpac\/wp-content\/uploads\/sites\/17\/2024\/08\/ESTADO-ANALITICO-DEL-ACTIVO.pdf\" target=\"_blank\" rel=\"noopener\"><i class=\"far fa-file-pdf fa-2x\">&nbsp;<\/i><\/a><\/td>\n<\/tr>\n<tr class=\"row-12\">\n\t<td class=\"column-1\">ESTADO DE ACTIVIDADES<br \/>\n<\/td><td class=\"column-2\"><a href=\"https:\/\/www.oaxaca.gob.mx\/inpac\/wp-content\/uploads\/sites\/17\/2024\/08\/ESTADO-DE-ACTIVIDADES.pdf\" target=\"_blank\" rel=\"noopener\"><i class=\"far fa-file-pdf fa-2x\">&nbsp;<\/i><\/a><\/td>\n<\/tr>\n<tr class=\"row-13\">\n\t<td class=\"column-1\">ESTADO DE CAMBIOS EN SIT FINANC<br \/>\n<\/td><td class=\"column-2\"><a href=\"https:\/\/www.oaxaca.gob.mx\/inpac\/wp-content\/uploads\/sites\/17\/2024\/08\/ESTADO-DE-CAMBIOS-EN-SIT-FINANC.pdf\" target=\"_blank\" rel=\"noopener\"><i class=\"far fa-file-pdf fa-2x\">&nbsp;<\/i><\/a><\/td>\n<\/tr>\n<tr class=\"row-14\">\n\t<td class=\"column-1\">ESTADO DE SITUACION FINANCIERA<br \/>\n<\/td><td class=\"column-2\"><a href=\"https:\/\/www.oaxaca.gob.mx\/inpac\/wp-content\/uploads\/sites\/17\/2024\/08\/ESTADO-DE-SITUACION-FINANCIERA.pdf\" target=\"_blank\" rel=\"noopener\"><i class=\"far fa-file-pdf fa-2x\">&nbsp;<\/i><\/a><\/td>\n<\/tr>\n<tr class=\"row-15\">\n\t<td class=\"column-1\">ESTADO DE VARIACION EN HAC PUB<br \/>\n<\/td><td class=\"column-2\"><a href=\"https:\/\/www.oaxaca.gob.mx\/inpac\/wp-content\/uploads\/sites\/17\/2024\/08\/ESTADO-DE-VARIACION-EN-HAC-PUB.pdf\" target=\"_blank\" rel=\"noopener\"><i class=\"far fa-file-pdf fa-2x\">&nbsp;<\/i><\/a><\/td>\n<\/tr>\n<tr class=\"row-16\">\n\t<td class=\"column-1\">FLUJOS DE EFECTIVO<br \/>\n<\/td><td class=\"column-2\"><a href=\"https:\/\/www.oaxaca.gob.mx\/inpac\/wp-content\/uploads\/sites\/17\/2024\/08\/FLUJOS-DE-EFECTIVO.pdf\" target=\"_blank\" rel=\"noopener\"><i class=\"far fa-file-pdf fa-2x\">&nbsp;<\/i><\/a><\/td>\n<\/tr>\n<tr class=\"row-17\">\n\t<td class=\"column-1\">INTERESES DE LA DEUDA<br \/>\n<\/td><td class=\"column-2\"><a href=\"https:\/\/www.oaxaca.gob.mx\/inpac\/wp-content\/uploads\/sites\/17\/2024\/08\/INTERESES-DE-LA-DEUDA.pdf\" target=\"_blank\" rel=\"noopener\"><i class=\"far fa-file-pdf fa-2x\">&nbsp;<\/i><\/a><\/td>\n<\/tr>\n<tr class=\"row-18\">\n\t<td class=\"column-1\">NOTAS A ESTADOS FINANCIEROS<br \/>\n<\/td><td class=\"column-2\"><a href=\"https:\/\/www.oaxaca.gob.mx\/inpac\/wp-content\/uploads\/sites\/17\/2024\/08\/NOTAS-A-ESTADOS-FINANCIEROS.pdf\" target=\"_blank\" rel=\"noopener\"><i class=\"far fa-file-pdf fa-2x\">&nbsp;<\/i><\/a><\/td>\n<\/tr>\n<tr class=\"row-19\">\n\t<td class=\"column-1\">PASIVOS CONTINGENTES<br \/>\n<\/td><td class=\"column-2\"><a href=\"https:\/\/www.oaxaca.gob.mx\/inpac\/wp-content\/uploads\/sites\/17\/2024\/08\/PASIVOS-CONTINGENTES.pdf\" target=\"_blank\" rel=\"noopener\"><i class=\"far fa-file-pdf fa-2x\">&nbsp;<\/i><\/a><\/td>\n<\/tr>\n<tr class=\"row-20\">\n\t<td class=\"column-1\">PROGRAMAS Y PROYECTOS DE INVERSI\u00d3N<br \/>\n<\/td><td class=\"column-2\"><a href=\"https:\/\/www.oaxaca.gob.mx\/inpac\/wp-content\/uploads\/sites\/17\/2024\/08\/PROGRAMAS-Y-PROYECTOS-DE-INVERSION.pdf\" target=\"_blank\" rel=\"noopener\"><i class=\"far fa-file-pdf fa-2x\">&nbsp;<\/i><\/a><\/td>\n<\/tr>\n<tr class=\"row-21\">\n\t<td class=\"column-1\">RESUMEN POR PROGRAMA PRESUPUESTARIO<br \/>\n<\/td><td class=\"column-2\"><a href=\"https:\/\/www.oaxaca.gob.mx\/inpac\/wp-content\/uploads\/sites\/17\/2024\/08\/RESUMEN-POR-PROGRAMA-PRESUPUESTARIO.pdf\" target=\"_blank\" rel=\"noopener\"><i class=\"far fa-file-pdf fa-2x\">&nbsp;<\/i><\/a><\/td>\n<\/tr>\n<\/tbody>\n<\/table>\n<!-- #tablepress-40 from cache -->\n<\/div>\n<div class=\"su-tabs-pane su-u-clearfix su-u-trim\" data-title=\"Primer Trimestre\">\n\n<table id=\"tablepress-39\" class=\"tablepress tablepress-id-39\">\n<thead>\n<tr class=\"row-1\">\n\t<th class=\"column-1\">PRIMER TRIMESTRE<\/th><td class=\"column-2\"><\/td>\n<\/tr>\n<\/thead>\n<tbody class=\"row-striping row-hover\">\n<tr class=\"row-2\">\n\t<td class=\"column-1\">ANALITICO INGRESOS<\/td><td class=\"column-2\"><a href=\"https:\/\/www.oaxaca.gob.mx\/inpac\/wp-content\/uploads\/sites\/17\/2024\/05\/ANALITICO-INGRESOS.pdf\" target=\"_blank\" rel=\"noopener\"><i class=\"far fa-file-pdf fa-2x\">&nbsp;<\/i><\/a><\/td>\n<\/tr>\n<tr class=\"row-3\">\n\t<td class=\"column-1\">AVANCE DE GESTION<br \/>\n<\/td><td class=\"column-2\"><a href=\"https:\/\/www.oaxaca.gob.mx\/inpac\/wp-content\/uploads\/sites\/17\/2024\/05\/AVANCE-DE-GESTION.RESM_.pdf\" target=\"_blank\" rel=\"noopener\"><i class=\"far fa-file-pdf fa-2x\">&nbsp;<\/i><\/a><\/td>\n<\/tr>\n<tr class=\"row-4\">\n\t<td class=\"column-1\">CLASIFICACION ADMINISTRATIVA<br \/>\n<\/td><td class=\"column-2\"><a href=\"https:\/\/www.oaxaca.gob.mx\/inpac\/wp-content\/uploads\/sites\/17\/2024\/05\/CLASIFICACION-ADMINISTRATIVA.pdf\" target=\"_blank\" rel=\"noopener\"><i class=\"far fa-file-pdf fa-2x\">&nbsp;<\/i><\/a><\/td>\n<\/tr>\n<tr class=\"row-5\">\n\t<td class=\"column-1\">CLASIFICACION ECONOMICA-PARTIDA ESPECIFICA<br \/>\n<\/td><td class=\"column-2\"><a href=\"https:\/\/www.oaxaca.gob.mx\/inpac\/wp-content\/uploads\/sites\/17\/2024\/05\/CLASIFICACION-ECONOMICA-PARTIDA-ESPECIFICA.pdf\" target=\"_blank\" rel=\"noopener\"><i class=\"far fa-file-pdf fa-2x\">&nbsp;<\/i><\/a><\/td>\n<\/tr>\n<tr class=\"row-6\">\n\t<td class=\"column-1\">CLASIFICACION FUNCIONAL (FINALIDAD Y FUNCION )<br \/>\n<\/td><td class=\"column-2\"><a href=\"https:\/\/www.oaxaca.gob.mx\/inpac\/wp-content\/uploads\/sites\/17\/2024\/05\/CLASIFICACION-FUNCIONAL-FINALIDAD-Y-FUNCION-.pdf\" target=\"_blank\" rel=\"noopener\"><i class=\"far fa-file-pdf fa-2x\">&nbsp;<\/i><\/a><\/td>\n<\/tr>\n<tr class=\"row-7\">\n\t<td class=\"column-1\">CLASIFICACION POR OBJETO DEL GASTO<br \/>\n<\/td><td class=\"column-2\"><a href=\"https:\/\/www.oaxaca.gob.mx\/inpac\/wp-content\/uploads\/sites\/17\/2024\/05\/CLASIFICACION-POR-OBJETO-DEL-GASTO.pdf\" target=\"_blank\" rel=\"noopener\"><i class=\"far fa-file-pdf fa-2x\">&nbsp;<\/i><\/a><\/td>\n<\/tr>\n<tr class=\"row-8\">\n\t<td class=\"column-1\">ENDEUDAMIENTO NETO<br \/>\n<\/td><td class=\"column-2\"><a href=\"https:\/\/www.oaxaca.gob.mx\/inpac\/wp-content\/uploads\/sites\/17\/2024\/05\/ENDEUDAMIENTO-NETO.pdf\" target=\"_blank\" rel=\"noopener\"><i class=\"far fa-file-pdf fa-2x\">&nbsp;<\/i><\/a><\/td>\n<\/tr>\n<tr class=\"row-9\">\n\t<td class=\"column-1\">ESTADO ANALITICO DE LA DEUDA<br \/>\n<\/td><td class=\"column-2\"><a href=\"https:\/\/www.oaxaca.gob.mx\/inpac\/wp-content\/uploads\/sites\/17\/2024\/05\/ESTADO-ANALITICO-DE-LA-DEUDA.pdf\" target=\"_blank\" rel=\"noopener\"><i class=\"far fa-file-pdf fa-2x\">&nbsp;<\/i><\/a><\/td>\n<\/tr>\n<tr class=\"row-10\">\n\t<td class=\"column-1\">ESTADO ANALITICO DEL ACTIVO<br \/>\n<\/td><td class=\"column-2\"><a href=\"https:\/\/www.oaxaca.gob.mx\/inpac\/wp-content\/uploads\/sites\/17\/2024\/05\/ESTADO-ANALITICO-DEL-ACTIVO.pdf\" target=\"_blank\" rel=\"noopener\"><i class=\"far fa-file-pdf fa-2x\">&nbsp;<\/i><\/a><\/td>\n<\/tr>\n<tr class=\"row-11\">\n\t<td class=\"column-1\">ESTADO DE ACTIVIDADES<br \/>\n<\/td><td class=\"column-2\"><a href=\"https:\/\/www.oaxaca.gob.mx\/inpac\/wp-content\/uploads\/sites\/17\/2024\/05\/ESTADO-DE-ACTIVIDADES.pdf\" target=\"_blank\" rel=\"noopener\"><i class=\"far fa-file-pdf fa-2x\">&nbsp;<\/i><\/a><\/td>\n<\/tr>\n<tr class=\"row-12\">\n\t<td class=\"column-1\">ESTADO DE CAMBIOS EN LA SITUACION FINANCIERA<br \/>\n<\/td><td class=\"column-2\"><a href=\"https:\/\/www.oaxaca.gob.mx\/inpac\/wp-content\/uploads\/sites\/17\/2024\/05\/ESTADO-DE-CAMBIOS-EN-LA-SITUACION-FINANCIERA.pdf\" target=\"_blank\" rel=\"noopener\"><i class=\"far fa-file-pdf fa-2x\">&nbsp;<\/i><\/a><\/td>\n<\/tr>\n<tr class=\"row-13\">\n\t<td class=\"column-1\">ESTADO DE FLUJOS DE EFECTIVO<br \/>\n<\/td><td class=\"column-2\"><a href=\"https:\/\/www.oaxaca.gob.mx\/inpac\/wp-content\/uploads\/sites\/17\/2024\/05\/ESTADO-DE-FLUJOS-DE-EFECTIVO.pdf\" target=\"_blank\" rel=\"noopener\"><i class=\"far fa-file-pdf fa-2x\">&nbsp;<\/i><\/a><\/td>\n<\/tr>\n<tr class=\"row-14\">\n\t<td class=\"column-1\">ESTADO DE SITUACION FINANCIERA<br \/>\n<\/td><td class=\"column-2\"><a href=\"https:\/\/www.oaxaca.gob.mx\/inpac\/wp-content\/uploads\/sites\/17\/2024\/05\/ESTADO-DE-SITUACION-FINANCIERA.pdf\" target=\"_blank\" rel=\"noopener\"><i class=\"far fa-file-pdf fa-2x\">&nbsp;<\/i><\/a><\/td>\n<\/tr>\n<tr class=\"row-15\">\n\t<td class=\"column-1\">ESTADO DE VARIACION EN LA HACIENDA PUBLICA<br \/>\n<\/td><td class=\"column-2\"><a href=\"https:\/\/www.oaxaca.gob.mx\/inpac\/wp-content\/uploads\/sites\/17\/2024\/05\/ESTADO-DE-VARIACION-EN-LA-HACIENDA-PUBLICA.pdf\" target=\"_blank\" rel=\"noopener\"><i class=\"far fa-file-pdf fa-2x\">&nbsp;<\/i><\/a><\/td>\n<\/tr>\n<tr class=\"row-16\">\n\t<td class=\"column-1\">INFORMES SOBRE PASIVOS CONTINGENTES<br \/>\n<\/td><td class=\"column-2\"><a href=\"https:\/\/www.oaxaca.gob.mx\/inpac\/wp-content\/uploads\/sites\/17\/2024\/05\/INFORMES-SOBRE-PASIVOS-CONTINGENTES.pdf\" target=\"_blank\" rel=\"noopener\"><i class=\"far fa-file-pdf fa-2x\">&nbsp;<\/i><\/a><\/td>\n<\/tr>\n<tr class=\"row-17\">\n\t<td class=\"column-1\">INTERESES DE LA DEUDA<br \/>\n<\/td><td class=\"column-2\"><a href=\"https:\/\/www.oaxaca.gob.mx\/inpac\/wp-content\/uploads\/sites\/17\/2024\/05\/INTERESES-DE-LA-DEUDA.pdf\" target=\"_blank\" rel=\"noopener\"><i class=\"far fa-file-pdf fa-2x\">&nbsp;<\/i><\/a><\/td>\n<\/tr>\n<tr class=\"row-18\">\n\t<td class=\"column-1\">NOTAS A LOS ESTADOS FINANCIEROS<br \/>\n<\/td><td class=\"column-2\"><a href=\"https:\/\/www.oaxaca.gob.mx\/inpac\/wp-content\/uploads\/sites\/17\/2024\/05\/NOTAS-A-LOS-ESTADOS-FINANCIEROS.pdf\" target=\"_blank\" rel=\"noopener\"><i class=\"far fa-file-pdf fa-2x\">&nbsp;<\/i><\/a><\/td>\n<\/tr>\n<tr class=\"row-19\">\n\t<td class=\"column-1\">PROGRAMAS<br \/>\n<\/td><td class=\"column-2\"><a href=\"https:\/\/www.oaxaca.gob.mx\/inpac\/wp-content\/uploads\/sites\/17\/2024\/05\/PROGRAMAS.pdf\" target=\"_blank\" rel=\"noopener\"><i class=\"far fa-file-pdf fa-2x\">&nbsp;<\/i><\/a><\/td>\n<\/tr>\n<tr class=\"row-20\">\n\t<td class=\"column-1\">RESUMEN POR PROGRAMA PRESUPUESTARIO<br \/>\n<\/td><td class=\"column-2\"><a href=\"https:\/\/www.oaxaca.gob.mx\/inpac\/wp-content\/uploads\/sites\/17\/2024\/05\/RESUMEN-POR-PROGRAMA-PRESUPUESTARIO.pdf\" target=\"_blank\" rel=\"noopener\"><i class=\"far fa-file-pdf fa-2x\">&nbsp;<\/i><\/a><\/td>\n<\/tr>\n<\/tbody>\n<\/table>\n<!-- #tablepress-39 from cache -->\n<\/div><\/div><\/div>\n<div id=\"accordion2021\" class=\"accordion\">\n<div class=\"card\">\n<div id=\"collapseTrimestre2021-4\" class=\"collapse show\" aria-labelledby=\"headingTrimestre2021-4\" data-parent=\"#accordion2021\">\n<div id=\"collapseTrimestre2021-4\" class=\"collapse show\" aria-labelledby=\"headingTrimestre2021-4\" data-parent=\"#accordion2021\">\n<div>\n<div id=\"collapseTrimestre2021-4\" class=\"collapse show\" aria-labelledby=\"headingTrimestre2021-4\" data-parent=\"#accordion2021\">\n<\/div>\n<div><div class=\"su-accordion su-u-trim\"><\/div><\/div>\n<\/div>\n<div><\/div>\n<div class=\"card-body\"><div class=\"su-heading su-heading-style-default su-heading-align-center\" id=\"\" style=\"font-size:26px;margin-bottom:10px\"><div class=\"su-heading-inner\">2023<\/div><\/div><\/div>\n<\/div>\n<div><div class=\"su-accordion su-u-trim\"><\/div><\/div>\n\n<table id=\"tablepress-31\" class=\"tablepress tablepress-id-31\">\n<thead>\n<tr class=\"row-1\">\n\t<th class=\"column-1\">PRIMER TRIMESTRE<\/th><td class=\"column-2\"><\/td><th class=\"column-3\">SEGUNDO TRIMESTRE<\/th><td class=\"column-4\"><\/td><th class=\"column-5\">TERCER TRIMESTRE<\/th><td class=\"column-6\"><\/td><th class=\"column-7\">CUARTO TRIMESTRE<\/th><td class=\"column-8\"><\/td>\n<\/tr>\n<\/thead>\n<tbody class=\"row-striping row-hover\">\n<tr class=\"row-2\">\n\t<td class=\"column-1\">ESTADO DE SITUACI\u00d3N FINANCIERA<\/td><td class=\"column-2\"><a href=\"https:\/\/www.oaxaca.gob.mx\/inpac\/wp-content\/uploads\/sites\/17\/2023\/05\/Estado-de-Situacion-Financiera.pdf\" target=\"_blank\" rel=\"noopener\"><i class=\"far fa-file-pdf fa-2x\">&nbsp;<\/i><\/a><\/td><td class=\"column-3\">ESTADO DE SITUACI\u00d3N FINANCIERA<\/td><td class=\"column-4\"><a href=\"https:\/\/www.oaxaca.gob.mx\/inpac\/wp-content\/uploads\/sites\/17\/2023\/08\/SIT-FINANCIERA.pdf\" target=\"_blank\" rel=\"noopener\"><i class=\"far fa-file-pdf fa-2x\">&nbsp;<\/i><\/a><\/td><td class=\"column-5\">Balance Presupuestario _modificado<\/td><td class=\"column-6\"><a href=\"https:\/\/www.oaxaca.gob.mx\/inpac\/wp-content\/uploads\/sites\/17\/2023\/10\/Balance-Presupuestario-_modificado.pdf\" target=\"_blank\" rel=\"noopener\"><i class=\"far fa-file-pdf fa-2x\">&nbsp;<\/i><\/a><\/td><td class=\"column-7\">Balance Presupuestario <\/td><td class=\"column-8\"><a href=\"https:\/\/www.oaxaca.gob.mx\/inpac\/wp-content\/uploads\/sites\/17\/2024\/02\/28.-BALANCE-PRESUPUESTARIO.pdf\" target=\"_blank\" rel=\"noopener\"><i class=\"far fa-file-pdf fa-2x\">&nbsp;<\/i><\/a><\/td>\n<\/tr>\n<tr class=\"row-3\">\n\t<td class=\"column-1\">ESTADO DE VARIACI\u00d3N DE LA HACIENDA PUBLICA<\/td><td class=\"column-2\"><a href=\"https:\/\/www.oaxaca.gob.mx\/inpac\/wp-content\/uploads\/sites\/17\/2023\/05\/Estado-de-Variacion-de-la-Hacienda-Publica.pdf\" target=\"_blank\" rel=\"noopener\"><i class=\"far fa-file-pdf fa-2x\">&nbsp;<\/i><\/a><\/td><td class=\"column-3\">ESTADO DE VARIACI\u00d3N DE LA HACIENDA P\u00daBLICA<\/td><td class=\"column-4\"><a href=\"https:\/\/www.oaxaca.gob.mx\/inpac\/wp-content\/uploads\/sites\/17\/2023\/08\/VARIACION-HAC-PUBLICA.pdf\" target=\"_blank\" rel=\"noopener\"><i class=\"far fa-file-pdf fa-2x\">&nbsp;<\/i><\/a><\/td><td class=\"column-5\">CLASIFICACION ADMINISTRATIVA<\/td><td class=\"column-6\"><a href=\"https:\/\/www.oaxaca.gob.mx\/inpac\/wp-content\/uploads\/sites\/17\/2023\/10\/CLASIFICACION-ADMINISTRATIVA.pdf\" target=\"_blank\" rel=\"noopener\"><i class=\"far fa-file-pdf fa-2x\">&nbsp;<\/i><\/a><\/td><td class=\"column-7\">CLASIFICACION ADMINISTRATIVA<\/td><td class=\"column-8\"><a href=\"https:\/\/www.oaxaca.gob.mx\/inpac\/wp-content\/uploads\/sites\/17\/2024\/02\/14.-Clasificacion-Administrativa.pdf\" target=\"_blank\" rel=\"noopener\"><i class=\"far fa-file-pdf fa-2x\">&nbsp;<\/i><\/a><\/td>\n<\/tr>\n<tr class=\"row-4\">\n\t<td class=\"column-1\">ESTADO ANAL\u00cdTICO DEL ACTIVO<\/td><td class=\"column-2\"><a href=\"https:\/\/www.oaxaca.gob.mx\/inpac\/wp-content\/uploads\/sites\/17\/2023\/05\/Estado-Analitico-del-Activo.pdf\" target=\"_blank\" rel=\"noopener\"><i class=\"far fa-file-pdf fa-2x\">&nbsp;<\/i><\/a><\/td><td class=\"column-3\">ESTADO ANAL\u00cdTICO DEL ACTIVO<\/td><td class=\"column-4\"><a href=\"https:\/\/www.oaxaca.gob.mx\/inpac\/wp-content\/uploads\/sites\/17\/2023\/08\/ANALITICO-DEL-ACTIVO.pdf\" target=\"_blank\" rel=\"noopener\"><i class=\"far fa-file-pdf fa-2x\">&nbsp;<\/i><\/a><\/td><td class=\"column-5\">CLASIFICACION ECONOMICA-PARTIDA ESPECIFICA<\/td><td class=\"column-6\"><a href=\"https:\/\/www.oaxaca.gob.mx\/inpac\/wp-content\/uploads\/sites\/17\/2023\/10\/CLASIFICACION-ECONOMICA-PARTIDA-ESPECIFICA-1.pdf\" target=\"_blank\" rel=\"noopener\"><i class=\"far fa-file-pdf fa-2x\">&nbsp;<\/i><\/a><\/td><td class=\"column-7\">CLASIFICACION ECONOMICA-PARTIDA ESPECIFICA<\/td><td class=\"column-8\"><a href=\"https:\/\/www.oaxaca.gob.mx\/inpac\/wp-content\/uploads\/sites\/17\/2024\/02\/13.-Clasificacion-Economica-POR-TIPO-DE-GASTO.pdf\" target=\"_blank\" rel=\"noopener\"><i class=\"far fa-file-pdf fa-2x\">&nbsp;<\/i><\/a><\/td>\n<\/tr>\n<tr class=\"row-5\">\n\t<td class=\"column-1\">ESTADO DE CAMBIOS EN LA SITUACI\u00d3N FINANCIERA<\/td><td class=\"column-2\"><a href=\"https:\/\/www.oaxaca.gob.mx\/inpac\/wp-content\/uploads\/sites\/17\/2023\/05\/Estado-de-Cambios-en-la-situacion-Financiera.pdf\" target=\"_blank\" rel=\"noopener\"><i class=\"far fa-file-pdf fa-2x\">&nbsp;<\/i><\/a><\/td><td class=\"column-3\">ESTADO DE CAMBIOS EN LA SITUACI\u00d3N FINANCIERA<\/td><td class=\"column-4\"><a href=\"https:\/\/www.oaxaca.gob.mx\/inpac\/wp-content\/uploads\/sites\/17\/2023\/08\/CAMBIOS-SITUACION-FINANCIERA.pdf\" target=\"_blank\" rel=\"noopener\"><i class=\"far fa-file-pdf fa-2x\">&nbsp;<\/i><\/a><\/td><td class=\"column-5\">CLASIFICACION POR OBJETO DEL GASTO (CAPITULO-CONCEPTO)<\/td><td class=\"column-6\"><a href=\"https:\/\/www.oaxaca.gob.mx\/inpac\/wp-content\/uploads\/sites\/17\/2023\/10\/CLASIFICACION-POR-OBJETO-DEL-GASTO-CAPITULO-CONCEPTO-1.pdf\" target=\"_blank\" rel=\"noopener\"><i class=\"far fa-file-pdf fa-2x\">&nbsp;<\/i><\/a><\/td><td class=\"column-7\">CLASIFICACION POR OBJETO DEL GASTO (CAPITULO-CONCEPTO)<\/td><td class=\"column-8\"><a href=\"https:\/\/www.oaxaca.gob.mx\/inpac\/wp-content\/uploads\/sites\/17\/2024\/02\/12.-Clasificacion-por-Objeto-del-gasto-capitulo-concepto.pdf\" target=\"_blank\" rel=\"noopener\"><i class=\"far fa-file-pdf fa-2x\">&nbsp;<\/i><\/a><\/td>\n<\/tr>\n<tr class=\"row-6\">\n\t<td class=\"column-1\">ESTADO DE FLUJO DE EFECTIVO<\/td><td class=\"column-2\"><a href=\"https:\/\/www.oaxaca.gob.mx\/inpac\/wp-content\/uploads\/sites\/17\/2023\/05\/Estado-de-Flujos-de-Efectivo.pdf\" target=\"_blank\" rel=\"noopener\"><i class=\"far fa-file-pdf fa-2x\">&nbsp;<\/i><\/a><\/td><td class=\"column-3\">ESTADO DE FLUJO DE EFECTIVO<\/td><td class=\"column-4\"><a href=\"https:\/\/www.oaxaca.gob.mx\/inpac\/wp-content\/uploads\/sites\/17\/2023\/08\/FLUJO-DE-EFECTIVO.pdf\" target=\"_blank\" rel=\"noopener\"><i class=\"far fa-file-pdf fa-2x\">&nbsp;<\/i><\/a><\/td><td class=\"column-5\">EDO ANALIT INGRESOS_corregido<\/td><td class=\"column-6\"><a href=\"https:\/\/www.oaxaca.gob.mx\/inpac\/wp-content\/uploads\/sites\/17\/2023\/10\/EDO-ANALIT-INGRESOS_corregido.pdf\" target=\"_blank\" rel=\"noopener\"><i class=\"far fa-file-pdf fa-2x\">&nbsp;<\/i><\/a><\/td><td class=\"column-7\">EDO ANALIT INGRESOS_<\/td><td class=\"column-8\"><a href=\"https:\/\/www.oaxaca.gob.mx\/inpac\/wp-content\/uploads\/sites\/17\/2024\/02\/11.-ANALITICO-DE-INGRESOS.pdf\" target=\"_blank\" rel=\"noopener\"><i class=\"far fa-file-pdf fa-2x\">&nbsp;<\/i><\/a><\/td>\n<\/tr>\n<tr class=\"row-7\">\n\t<td class=\"column-1\">NOTAS A LOS ESTADOS FINANCIEROS<\/td><td class=\"column-2\"><a href=\"https:\/\/www.oaxaca.gob.mx\/inpac\/wp-content\/uploads\/sites\/17\/2023\/05\/NOTAS.pdf\" target=\"_blank\" rel=\"noopener\"><i class=\"far fa-file-pdf fa-2x\">&nbsp;<\/i><\/a><\/td><td class=\"column-3\">NOTAS A LOS ESTADOS FINANCIEROS<\/td><td class=\"column-4\"><a href=\"https:\/\/www.oaxaca.gob.mx\/inpac\/wp-content\/uploads\/sites\/17\/2023\/08\/NOTAS-A-LOS-EDOS-FINANCIEROS.pdf\" target=\"_blank\" rel=\"noopener\"><i class=\"far fa-file-pdf fa-2x\">&nbsp;<\/i><\/a><\/td><td class=\"column-5\">Edo.analitico de activo<\/td><td class=\"column-6\"><a href=\"https:\/\/www.oaxaca.gob.mx\/inpac\/wp-content\/uploads\/sites\/17\/2023\/10\/Edo.analitico-de-activo.pdf\" target=\"_blank\" rel=\"noopener\"><i class=\"far fa-file-pdf fa-2x\">&nbsp;<\/i><\/a><\/td><td class=\"column-7\">Edo.analitico de activo<\/td><td class=\"column-8\"><a href=\"https:\/\/www.oaxaca.gob.mx\/inpac\/wp-content\/uploads\/sites\/17\/2024\/02\/7.-Estado-Analitico-del-Activo.pdf\" target=\"_blank\" rel=\"noopener\"><i class=\"far fa-file-pdf fa-2x\">&nbsp;<\/i><\/a><\/td>\n<\/tr>\n<tr class=\"row-8\">\n\t<td class=\"column-1\">ESTADO ANAL\u00cdTICO DE LA DEUDA Y OTROS PASIVOS<\/td><td class=\"column-2\"><a href=\"https:\/\/www.oaxaca.gob.mx\/inpac\/wp-content\/uploads\/sites\/17\/2023\/05\/Estado-Analitico-de-la-Deuda-y-Otros-Pasivos.pdf\" target=\"_blank\" rel=\"noopener\"><i class=\"far fa-file-pdf fa-2x\">&nbsp;<\/i><\/a><\/td><td class=\"column-3\">ESTADO ANAL\u00cdTICO DE LOS INGRESOS<\/td><td class=\"column-4\"><a href=\"https:\/\/www.oaxaca.gob.mx\/inpac\/wp-content\/uploads\/sites\/17\/2023\/08\/ANALITICO-DE-INGRESOS.pdf\" target=\"_blank\" rel=\"noopener\"><i class=\"far fa-file-pdf fa-2x\">&nbsp;<\/i><\/a><\/td><td class=\"column-5\">Edo.cambio en la SIT FINANC<\/td><td class=\"column-6\"><a href=\"https:\/\/www.oaxaca.gob.mx\/inpac\/wp-content\/uploads\/sites\/17\/2023\/10\/Edo.cambio-en-la-SIT-FINANC.pdf\" target=\"_blank\" rel=\"noopener\"><i class=\"far fa-file-pdf fa-2x\">&nbsp;<\/i><\/a><\/td><td class=\"column-7\">Edo.cambio en la SIT FINANC<\/td><td class=\"column-8\"><a href=\"https:\/\/www.oaxaca.gob.mx\/inpac\/wp-content\/uploads\/sites\/17\/2024\/02\/5.-Estado-de-Cambios-en-la-Situacion-Financiera.pdf\" target=\"_blank\" rel=\"noopener\"><i class=\"far fa-file-pdf fa-2x\">&nbsp;<\/i><\/a><\/td>\n<\/tr>\n<tr class=\"row-9\">\n\t<td class=\"column-1\">ESTADO DE ACTIVIDADES<\/td><td class=\"column-2\"><a href=\"https:\/\/www.oaxaca.gob.mx\/inpac\/wp-content\/uploads\/sites\/17\/2023\/05\/Estado-de-Acti.pdf\" target=\"_blank\" rel=\"noopener\"><i class=\"far fa-file-pdf fa-2x\">&nbsp;<\/i><\/a><\/td><td class=\"column-3\">ESTADO DE ACTIVIDADES<\/td><td class=\"column-4\"><a href=\"https:\/\/www.oaxaca.gob.mx\/inpac\/wp-content\/uploads\/sites\/17\/2023\/08\/EDO-ACTIVIDADES.pdf\" target=\"_blank\" rel=\"noopener\"><i class=\"far fa-file-pdf fa-2x\">&nbsp;<\/i><\/a><\/td><td class=\"column-5\">Edo.de variac en hac PUB<\/td><td class=\"column-6\"><a href=\"https:\/\/www.oaxaca.gob.mx\/inpac\/wp-content\/uploads\/sites\/17\/2023\/10\/Edo.de-variac-en-hac-PUB.pdf\" target=\"_blank\" rel=\"noopener\"><i class=\"far fa-file-pdf fa-2x\">&nbsp;<\/i><\/a><\/td><td class=\"column-7\">Edo.de variac en hac PUB<\/td><td class=\"column-8\"><a href=\"https:\/\/www.oaxaca.gob.mx\/inpac\/wp-content\/uploads\/sites\/17\/2024\/02\/4.-Estado-de-Variacion-Hacienda-Publica.pdf\" target=\"_blank\" rel=\"noopener\"><i class=\"far fa-file-pdf fa-2x\">&nbsp;<\/i><\/a><\/td>\n<\/tr>\n<tr class=\"row-10\">\n\t<td class=\"column-1\">CLASIFICACION ADMINISTRATIVA<\/td><td class=\"column-2\"><a href=\"https:\/\/www.oaxaca.gob.mx\/inpac\/wp-content\/uploads\/sites\/17\/2023\/05\/CLASIFICACION-ADMINISTRATIVA.pdf\" target=\"_blank\" rel=\"noopener\"><i class=\"far fa-file-pdf fa-2x\">&nbsp;<\/i><\/a><\/td><td class=\"column-3\">CLASIFICACI\u00d3N ADMINISTRATIVA<\/td><td class=\"column-4\"><a href=\"https:\/\/www.oaxaca.gob.mx\/inpac\/wp-content\/uploads\/sites\/17\/2023\/08\/CLASIFICACION-ADMINISTRATIVA.pdf\" target=\"_blank\" rel=\"noopener\"><i class=\"far fa-file-pdf fa-2x\">&nbsp;<\/i><\/a><\/td><td class=\"column-5\">Endeudamiento Neto<\/td><td class=\"column-6\"><a href=\"https:\/\/www.oaxaca.gob.mx\/inpac\/wp-content\/uploads\/sites\/17\/2023\/10\/Endeudamiento-Neto.pdf\" target=\"_blank\" rel=\"noopener\"><i class=\"far fa-file-pdf fa-2x\">&nbsp;<\/i><\/a><\/td><td class=\"column-7\">Endeudamiento Neto<\/td><td class=\"column-8\"><a href=\"https:\/\/www.oaxaca.gob.mx\/inpac\/wp-content\/uploads\/sites\/17\/2024\/02\/16.-ENDEUDAMIENTO-NETO.pdf\" target=\"_blank\" rel=\"noopener\"><i class=\"far fa-file-pdf fa-2x\">&nbsp;<\/i><\/a><\/td>\n<\/tr>\n<tr class=\"row-11\">\n\t<td class=\"column-1\">CLASIFICACION ECONOMICA (POR TIPO DE GASTO<\/td><td class=\"column-2\"><a href=\"https:\/\/www.oaxaca.gob.mx\/inpac\/wp-content\/uploads\/sites\/17\/2023\/05\/CLASIFICACION-ECONOMICA-POR-TIPO-DE-GASTO.pdf\" target=\"_blank\" rel=\"noopener\"><i class=\"far fa-file-pdf fa-2x\">&nbsp;<\/i><\/a><\/td><td class=\"column-3\">CLASIFICACI\u00d3N ECON\u00d3MICA (TIPO DE GASTO)<\/td><td class=\"column-4\"><\/td><td class=\"column-5\">Est de Situa Finnc detalle LDF_ok corregido<\/td><td class=\"column-6\"><a href=\"https:\/\/www.oaxaca.gob.mx\/inpac\/wp-content\/uploads\/sites\/17\/2023\/10\/Est-de-Situa-Finnc-detalle-LDF_ok-corregido.pdf\" target=\"_blank\" rel=\"noopener\"><i class=\"far fa-file-pdf fa-2x\">&nbsp;<\/i><\/a><\/td><td class=\"column-7\">Est de Situa Finnc detalle LDF<\/td><td class=\"column-8\"><a href=\"https:\/\/www.oaxaca.gob.mx\/inpac\/wp-content\/uploads\/sites\/17\/2024\/02\/27.-Estado-de-Situacion-Financiera-detalalda-LDF.pdf\" target=\"_blank\" rel=\"noopener\"><i class=\"far fa-file-pdf fa-2x\">&nbsp;<\/i><\/a><\/td>\n<\/tr>\n<tr class=\"row-12\">\n\t<td class=\"column-1\">CLASIFICACION POR OBJETO DEL GASTO (CAPITULO-CONCEPTO)<\/td><td class=\"column-2\"><a href=\"https:\/\/www.oaxaca.gob.mx\/inpac\/wp-content\/uploads\/sites\/17\/2023\/05\/CLASIFICACION-POR-OBJETO-DEL-GASTO-CAPITULO-CONCEPTO.pdf\" target=\"_blank\" rel=\"noopener\"><i class=\"far fa-file-pdf fa-2x\">&nbsp;<\/i><\/a><\/td><td class=\"column-3\">CLASIFICACION POR OBJETO DEL GASTO<\/td><td class=\"column-4\"><a href=\"https:\/\/www.oaxaca.gob.mx\/inpac\/wp-content\/uploads\/sites\/17\/2023\/08\/CLASIFICACION-POR-OBJETO-DEL-GASTO-CAPITULO-CONCEPTO.pdf\" target=\"_blank\" rel=\"noopener\"><i class=\"far fa-file-pdf fa-2x\">&nbsp;<\/i><\/a><\/td><td class=\"column-5\">Est.de fluj EFVO<\/td><td class=\"column-6\"><a href=\"https:\/\/www.oaxaca.gob.mx\/inpac\/wp-content\/uploads\/sites\/17\/2023\/10\/Est.de-fluj-EFVO.pdf\" target=\"_blank\" rel=\"noopener\"><i class=\"far fa-file-pdf fa-2x\">&nbsp;<\/i><\/a><\/td><td class=\"column-7\">Est.de fluj EFVO<\/td><td class=\"column-8\"><a href=\"https:\/\/www.oaxaca.gob.mx\/inpac\/wp-content\/uploads\/sites\/17\/2024\/02\/6.-Estado-de-Flujo-de-Efectivo.pdf\" target=\"_blank\" rel=\"noopener\"><i class=\"far fa-file-pdf fa-2x\">&nbsp;<\/i><\/a><\/td>\n<\/tr>\n<tr class=\"row-13\">\n\t<td class=\"column-1\">RESUMEN POR PROGRAMA PRESUPUESTARIO<\/td><td class=\"column-2\"><a href=\"https:\/\/www.oaxaca.gob.mx\/inpac\/wp-content\/uploads\/sites\/17\/2023\/05\/RESUMEN-POR-PROGRAMA-PRESUPUESTARIO.pdf\" target=\"_blank\" rel=\"noopener\"><i class=\"far fa-file-pdf fa-2x\">&nbsp;<\/i><\/a><\/td><td class=\"column-3\">CLASIFICACI\u00d3N PROGRAM\u00c1TICA<\/td><td class=\"column-4\"><\/td><td class=\"column-5\">Estad ana presup egresos-clasif administrativa<\/td><td class=\"column-6\"><a href=\"https:\/\/www.oaxaca.gob.mx\/inpac\/wp-content\/uploads\/sites\/17\/2023\/10\/Estad-ana-presup-egresos-clasif-administrativa.pdf\" target=\"_blank\" rel=\"noopener\"><i class=\"far fa-file-pdf fa-2x\">&nbsp;<\/i><\/a><\/td><td class=\"column-7\">Estad ana presup egresos-clasif administrativa<\/td><td class=\"column-8\"><a href=\"https:\/\/www.oaxaca.gob.mx\/inpac\/wp-content\/uploads\/sites\/17\/2024\/02\/33.-Estado-Analt-de-presup-de-Egreso-Clasifica-Admitiva.pdf\" target=\"_blank\" rel=\"noopener\"><i class=\"far fa-file-pdf fa-2x\">&nbsp;<\/i><\/a><\/td>\n<\/tr>\n<tr class=\"row-14\">\n\t<td class=\"column-1\">CLASIFICACION FUNCIONAL (FINALIDAD Y FUNCION )<\/td><td class=\"column-2\"><a href=\"https:\/\/www.oaxaca.gob.mx\/inpac\/wp-content\/uploads\/sites\/17\/2023\/05\/CLASIFICACION-FUNCIONAL-FINALIDAD-Y-FUNCION-.pdf\" target=\"_blank\" rel=\"noopener\"><i class=\"far fa-file-pdf fa-2x\">&nbsp;<\/i><\/a><\/td><td class=\"column-3\">CLASIFICACION FUNCIONAL<\/td><td class=\"column-4\"><a href=\"https:\/\/www.oaxaca.gob.mx\/inpac\/wp-content\/uploads\/sites\/17\/2023\/08\/CLASIFICACION-FUNCIONAL-FINALIDAD-Y-FUNCION-.pdf\" target=\"_blank\" rel=\"noopener\"><i class=\"far fa-file-pdf fa-2x\">&nbsp;<\/i><\/a><\/td><td class=\"column-5\">Estad ana presup egresos-clasif administrativa_modificado ok<\/td><td class=\"column-6\"><a href=\"https:\/\/www.oaxaca.gob.mx\/inpac\/wp-content\/uploads\/sites\/17\/2023\/10\/Estad-ana-presup-egresos-clasif-administrativa_modificado-ok.pdf\" target=\"_blank\" rel=\"noopener\"><i class=\"far fa-file-pdf fa-2x\">&nbsp;<\/i><\/a><\/td><td class=\"column-7\"><\/td><td class=\"column-8\"><\/td>\n<\/tr>\n<tr class=\"row-15\">\n\t<td class=\"column-1\">B NOTAS<\/td><td class=\"column-2\"><a href=\"https:\/\/www.oaxaca.gob.mx\/inpac\/wp-content\/uploads\/sites\/17\/2023\/05\/B-Notas.pdf\" target=\"_blank\" rel=\"noopener\"><i class=\"far fa-file-pdf fa-2x\">&nbsp;<\/i><\/a><\/td><td class=\"column-3\">ESTADO ANAL\u00cdTICO DE LA DEUDA Y OTROS PASIVOS<\/td><td class=\"column-4\"><a href=\"https:\/\/www.oaxaca.gob.mx\/inpac\/wp-content\/uploads\/sites\/17\/2023\/08\/DEUDA-Y-OTROS-PASIVOS.pdf\" target=\"_blank\" rel=\"noopener\"><i class=\"far fa-file-pdf fa-2x\">&nbsp;<\/i><\/a><\/td><td class=\"column-5\">estad ana presup egresos-clasif objeto gasto<\/td><td class=\"column-6\"><a href=\"https:\/\/www.oaxaca.gob.mx\/inpac\/wp-content\/uploads\/sites\/17\/2023\/10\/estad-ana-presup-egresos-clasif-objeto-gasto.pdf\" target=\"_blank\" rel=\"noopener\"><i class=\"far fa-file-pdf fa-2x\">&nbsp;<\/i><\/a><\/td><td class=\"column-7\">estad ana presup egresos-clasif objeto gasto<\/td><td class=\"column-8\"><a href=\"https:\/\/www.oaxaca.gob.mx\/inpac\/wp-content\/uploads\/sites\/17\/2024\/02\/32.-Estad-Analt-de-presup-de-egresos-clasificad-por-objeto-del-gasto.pdf\" target=\"_blank\" rel=\"noopener\"><i class=\"far fa-file-pdf fa-2x\">&nbsp;<\/i><\/a><\/td>\n<\/tr>\n<tr class=\"row-16\">\n\t<td class=\"column-1\"> EDO ANALI INGRESOS<\/td><td class=\"column-2\"><a href=\"https:\/\/www.oaxaca.gob.mx\/inpac\/wp-content\/uploads\/sites\/17\/2023\/05\/EDO-ANALI-INGRESOS.pdf\" target=\"_blank\" rel=\"noopener\"><i class=\"far fa-file-pdf fa-2x\">&nbsp;<\/i><\/a><\/td><td class=\"column-3\">CLASIFICACION ECONOMICA-PARTIDA ESPECIFICA<\/td><td class=\"column-4\"><a href=\"https:\/\/www.oaxaca.gob.mx\/inpac\/wp-content\/uploads\/sites\/17\/2023\/08\/CLASIFICACION-ECONOMICA-PARTIDA-ESPECIFICA.pdf\" target=\"_blank\" rel=\"noopener\"><i class=\"far fa-file-pdf fa-2x\">&nbsp;<\/i><\/a><\/td><td class=\"column-5\">Estad ana presup egresos-clasif serv. personales<\/td><td class=\"column-6\"><a href=\"https:\/\/www.oaxaca.gob.mx\/inpac\/wp-content\/uploads\/sites\/17\/2023\/10\/Estad-ana-presup-egresos-clasif-serv.-personales.pdf\" target=\"_blank\" rel=\"noopener\"><i class=\"far fa-file-pdf fa-2x\">&nbsp;<\/i><\/a><\/td><td class=\"column-7\">Estad ana presup egresos-clasif serv. personales<\/td><td class=\"column-8\"><a href=\"https:\/\/www.oaxaca.gob.mx\/inpac\/wp-content\/uploads\/sites\/17\/2024\/02\/35.-Estado-Analt-del-Presupuest-de-egresos-clasificacion-de-Serv-Personales.pdf\" target=\"_blank\" rel=\"noopener\"><i class=\"far fa-file-pdf fa-2x\">&nbsp;<\/i><\/a><\/td>\n<\/tr>\n<tr class=\"row-17\">\n\t<td class=\"column-1\"><\/td><td class=\"column-2\"><\/td><td class=\"column-3\">RESUMEN POR PROGRAMA PRESUPUESTARIO<\/td><td class=\"column-4\"><a href=\"https:\/\/www.oaxaca.gob.mx\/inpac\/wp-content\/uploads\/sites\/17\/2023\/08\/RESUMEN-POR-PROGRAMA-PRESUPUESTARIO.pdf\" target=\"_blank\" rel=\"noopener\"><i class=\"far fa-file-pdf fa-2x\">&nbsp;<\/i><\/a><\/td><td class=\"column-5\">Estad ana presup egresos-clasificacion funcional<\/td><td class=\"column-6\"><a href=\"https:\/\/www.oaxaca.gob.mx\/inpac\/wp-content\/uploads\/sites\/17\/2023\/10\/Estad-ana-presup-egresos-clasificacion-funcional.pdf\" target=\"_blank\" rel=\"noopener\"><i class=\"far fa-file-pdf fa-2x\">&nbsp;<\/i><\/a><\/td><td class=\"column-7\">Estad ana presup egresos-clasificacion funcional<\/td><td class=\"column-8\"><a href=\"https:\/\/www.oaxaca.gob.mx\/inpac\/wp-content\/uploads\/sites\/17\/2024\/02\/34.-Estado-Analt-de-Presup-de-egresos-Clasificacion-Funcional.pdf\" target=\"_blank\" rel=\"noopener\"><i class=\"far fa-file-pdf fa-2x\">&nbsp;<\/i><\/a><\/td>\n<\/tr>\n<tr class=\"row-18\">\n\t<td class=\"column-1\"><\/td><td class=\"column-2\"><\/td><td class=\"column-3\">PASIVOS CONTINGENTES<\/td><td class=\"column-4\"><a href=\"https:\/\/www.oaxaca.gob.mx\/inpac\/wp-content\/uploads\/sites\/17\/2023\/08\/PASIVOS-CONTINGENTES.pdf\" target=\"_blank\" rel=\"noopener\"><i class=\"far fa-file-pdf fa-2x\">&nbsp;<\/i><\/a><\/td><td class=\"column-5\">Estado Ana Ingresos<\/td><td class=\"column-6\"><a href=\"https:\/\/www.oaxaca.gob.mx\/inpac\/wp-content\/uploads\/sites\/17\/2023\/10\/Estado-Ana-Ingresos.pdf\" target=\"_blank\" rel=\"noopener\"><i class=\"far fa-file-pdf fa-2x\">&nbsp;<\/i><\/a><\/td><td class=\"column-7\">Estado Ana Ingresos<\/td><td class=\"column-8\"><a href=\"https:\/\/www.oaxaca.gob.mx\/inpac\/wp-content\/uploads\/sites\/17\/2024\/02\/29.-Estado-Analitico-de-Ingresos.pdf\" target=\"_blank\" rel=\"noopener\"><i class=\"far fa-file-pdf fa-2x\">&nbsp;<\/i><\/a><\/td>\n<\/tr>\n<tr class=\"row-19\">\n\t<td class=\"column-1\"><\/td><td class=\"column-2\"><\/td><td class=\"column-3\">INDICADORES<\/td><td class=\"column-4\"><a href=\"https:\/\/www.oaxaca.gob.mx\/inpac\/wp-content\/uploads\/sites\/17\/2023\/08\/20.-indicadores.pdf\" target=\"_blank\" rel=\"noopener\"><i class=\"far fa-file-pdf fa-2x\">&nbsp;<\/i><\/a><\/td><td class=\"column-5\">Estado Ana Ingresos_modificado ok<\/td><td class=\"column-6\"><a href=\"https:\/\/www.oaxaca.gob.mx\/inpac\/wp-content\/uploads\/sites\/17\/2023\/10\/Estado-Ana-Ingresos_modificado-ok.pdf\" target=\"_blank\" rel=\"noopener\"><i class=\"far fa-file-pdf fa-2x\">&nbsp;<\/i><\/a><\/td><td class=\"column-7\"><\/td><td class=\"column-8\"><\/td>\n<\/tr>\n<tr class=\"row-20\">\n\t<td class=\"column-1\"><\/td><td class=\"column-2\"><\/td><td class=\"column-3\">PROGRAMAS Y PROYECTOS<\/td><td class=\"column-4\"><a href=\"https:\/\/www.oaxaca.gob.mx\/inpac\/wp-content\/uploads\/sites\/17\/2023\/08\/21.-PROGRAMAS-Y-PROYECTOS-OK.pdf\" target=\"_blank\" rel=\"noopener\"><i class=\"far fa-file-pdf fa-2x\">&nbsp;<\/i><\/a><\/td><td class=\"column-5\">ESTADO DE ACTIVIDADES<\/td><td class=\"column-6\"><a href=\"https:\/\/www.oaxaca.gob.mx\/inpac\/wp-content\/uploads\/sites\/17\/2023\/10\/ESTADO-DE-ACTIVIDADES.pdf\" target=\"_blank\" rel=\"noopener\"><i class=\"far fa-file-pdf fa-2x\">&nbsp;<\/i><\/a><\/td><td class=\"column-7\">ESTADO DE ACTIVIDADES<\/td><td class=\"column-8\"><a href=\"https:\/\/www.oaxaca.gob.mx\/inpac\/wp-content\/uploads\/sites\/17\/2024\/02\/2.-Estado-de-Actividades.pdf\" target=\"_blank\" rel=\"noopener\"><i class=\"far fa-file-pdf fa-2x\">&nbsp;<\/i><\/a><\/td>\n<\/tr>\n<tr class=\"row-21\">\n\t<td class=\"column-1\"><\/td><td class=\"column-2\"><\/td><td class=\"column-3\"><\/td><td class=\"column-4\"><\/td><td class=\"column-5\">estado SIT FINANC<\/td><td class=\"column-6\"><a href=\"https:\/\/www.oaxaca.gob.mx\/inpac\/wp-content\/uploads\/sites\/17\/2023\/10\/estado-SIT-FINANC.pdf\" target=\"_blank\" rel=\"noopener\"><i class=\"far fa-file-pdf fa-2x\">&nbsp;<\/i><\/a><\/td><td class=\"column-7\">estado SIT FINANC<\/td><td class=\"column-8\"><a href=\"https:\/\/www.oaxaca.gob.mx\/inpac\/wp-content\/uploads\/sites\/17\/2024\/02\/3.-Estado-de-Situacion-Financiera.pdf\" target=\"_blank\" rel=\"noopener\"><i class=\"far fa-file-pdf fa-2x\">&nbsp;<\/i><\/a><\/td>\n<\/tr>\n<tr class=\"row-22\">\n\t<td class=\"column-1\"><\/td><td class=\"column-2\"><\/td><td class=\"column-3\"><\/td><td class=\"column-4\"><\/td><td class=\"column-5\">Estado.analitico de la deuda<\/td><td class=\"column-6\"><a href=\"https:\/\/www.oaxaca.gob.mx\/inpac\/wp-content\/uploads\/sites\/17\/2023\/10\/Estado.analitico-de-la-deuda.pdf\" target=\"_blank\" rel=\"noopener\"><i class=\"far fa-file-pdf fa-2x\">&nbsp;<\/i><\/a><\/td><td class=\"column-7\">Estado.analitico de la deuda<\/td><td class=\"column-8\"><a href=\"https:\/\/www.oaxaca.gob.mx\/inpac\/wp-content\/uploads\/sites\/17\/2024\/02\/8.-Estado-Analitico-de-la-Deuda-y-Otros-Pasivos.pdf\" target=\"_blank\" rel=\"noopener\"><i class=\"far fa-file-pdf fa-2x\">&nbsp;<\/i><\/a><\/td>\n<\/tr>\n<tr class=\"row-23\">\n\t<td class=\"column-1\"><\/td><td class=\"column-2\"><\/td><td class=\"column-3\"><\/td><td class=\"column-4\"><\/td><td class=\"column-5\">Indicadores de Postura Fiscal<\/td><td class=\"column-6\"><a href=\"https:\/\/www.oaxaca.gob.mx\/inpac\/wp-content\/uploads\/sites\/17\/2023\/10\/Indicadores-de-Postura-Fiscal.pdf\" target=\"_blank\" rel=\"noopener\"><i class=\"far fa-file-pdf fa-2x\">&nbsp;<\/i><\/a><\/td><td class=\"column-7\">Indicadores de Postura Fiscal<\/td><td class=\"column-8\"><a href=\"https:\/\/www.oaxaca.gob.mx\/inpac\/wp-content\/uploads\/sites\/17\/2024\/02\/18.-INDICADORES-DE-POSTURA-FISCAL.pdf\" target=\"_blank\" rel=\"noopener\"><i class=\"far fa-file-pdf fa-2x\">&nbsp;<\/i><\/a><\/td>\n<\/tr>\n<tr class=\"row-24\">\n\t<td class=\"column-1\"><\/td><td class=\"column-2\"><\/td><td class=\"column-3\"><\/td><td class=\"column-4\"><\/td><td class=\"column-5\">INDICADORES<\/td><td class=\"column-6\"><a href=\"https:\/\/www.oaxaca.gob.mx\/inpac\/wp-content\/uploads\/sites\/17\/2023\/10\/INDICADORES.pdf\" target=\"_blank\" rel=\"noopener\"><i class=\"far fa-file-pdf fa-2x\">&nbsp;<\/i><\/a><\/td><td class=\"column-7\">INDICADORES<\/td><td class=\"column-8\"><a href=\"https:\/\/www.oaxaca.gob.mx\/inpac\/wp-content\/uploads\/sites\/17\/2024\/02\/20.-INDICADORES.pdf\" target=\"_blank\" rel=\"noopener\"><i class=\"far fa-file-pdf fa-2x\">&nbsp;<\/i><\/a><\/td>\n<\/tr>\n<tr class=\"row-25\">\n\t<td class=\"column-1\"><\/td><td class=\"column-2\"><\/td><td class=\"column-3\"><\/td><td class=\"column-4\"><\/td><td class=\"column-5\">Inf ana obligaciones diferen de financ<\/td><td class=\"column-6\"><a href=\"https:\/\/www.oaxaca.gob.mx\/inpac\/wp-content\/uploads\/sites\/17\/2023\/10\/Inf-ana-obligaciones-diferen-de-financ.pdf\" target=\"_blank\" rel=\"noopener\"><i class=\"far fa-file-pdf fa-2x\">&nbsp;<\/i><\/a><\/td><td class=\"column-7\">Inf ana obligaciones diferen de financ<\/td><td class=\"column-8\"><a href=\"https:\/\/www.oaxaca.gob.mx\/inpac\/wp-content\/uploads\/sites\/17\/2024\/02\/31.-Infor-Analit-de-obligac-diferent-de-financiamiento.pdf\" target=\"_blank\" rel=\"noopener\"><i class=\"far fa-file-pdf fa-2x\">&nbsp;<\/i><\/a><\/td>\n<\/tr>\n<tr class=\"row-26\">\n\t<td class=\"column-1\"><\/td><td class=\"column-2\"><\/td><td class=\"column-3\"><\/td><td class=\"column-4\"><\/td><td class=\"column-5\">Infm ana deuda public otros pasivos<\/td><td class=\"column-6\"><a href=\"https:\/\/www.oaxaca.gob.mx\/inpac\/wp-content\/uploads\/sites\/17\/2023\/10\/Infm-ana-deuda-public-otros-pasivos.pdf\" target=\"_blank\" rel=\"noopener\"><i class=\"far fa-file-pdf fa-2x\">&nbsp;<\/i><\/a><\/td><td class=\"column-7\">Infm ana deuda public otros pasivos<\/td><td class=\"column-8\"><a href=\"https:\/\/www.oaxaca.gob.mx\/inpac\/wp-content\/uploads\/sites\/17\/2024\/02\/30.-Inf-Analit-de-la-deuda-public-y-otros-pasivos.pdf\" target=\"_blank\" rel=\"noopener\"><i class=\"far fa-file-pdf fa-2x\">&nbsp;<\/i><\/a><\/td>\n<\/tr>\n<tr class=\"row-27\">\n\t<td class=\"column-1\"><\/td><td class=\"column-2\"><\/td><td class=\"column-3\"><\/td><td class=\"column-4\"><\/td><td class=\"column-5\">INFORME 3ER.TRIMESTRE 2023<\/td><td class=\"column-6\"><a href=\"https:\/\/www.oaxaca.gob.mx\/inpac\/wp-content\/uploads\/sites\/17\/2023\/10\/INFORME-3ER.TRIMESTRE-2023.pdf\" target=\"_blank\" rel=\"noopener\"><i class=\"far fa-file-pdf fa-2x\">&nbsp;<\/i><\/a><\/td><td class=\"column-7\"><\/td><td class=\"column-8\"><\/td>\n<\/tr>\n<tr class=\"row-28\">\n\t<td class=\"column-1\"><\/td><td class=\"column-2\"><\/td><td class=\"column-3\"><\/td><td class=\"column-4\"><\/td><td class=\"column-5\">Informe sobre estudios actuariales<\/td><td class=\"column-6\"><a href=\"https:\/\/www.oaxaca.gob.mx\/inpac\/wp-content\/uploads\/sites\/17\/2023\/10\/Informe-sobre-estudios-actuariales.pdf\" target=\"_blank\" rel=\"noopener\"><i class=\"far fa-file-pdf fa-2x\">&nbsp;<\/i><\/a><\/td><td class=\"column-7\">Informe sobre estudios actuariales<\/td><td class=\"column-8\"><a href=\"https:\/\/www.oaxaca.gob.mx\/inpac\/wp-content\/uploads\/sites\/17\/2024\/02\/36.-Informes-Sobre-Estudios-Actuariales.pdf\" target=\"_blank\" rel=\"noopener\"><i class=\"far fa-file-pdf fa-2x\">&nbsp;<\/i><\/a><\/td>\n<\/tr>\n<tr class=\"row-29\">\n\t<td class=\"column-1\"><\/td><td class=\"column-2\"><\/td><td class=\"column-3\"><\/td><td class=\"column-4\"><\/td><td class=\"column-5\">Informe Sobre Pasivos Contingentes<\/td><td class=\"column-6\"><a href=\"https:\/\/www.oaxaca.gob.mx\/inpac\/wp-content\/uploads\/sites\/17\/2023\/10\/Informe-Sobre-Pasivos-Contingentes.pdf\" target=\"_blank\" rel=\"noopener\"><i class=\"far fa-file-pdf fa-2x\">&nbsp;<\/i><\/a><\/td><td class=\"column-7\">Informe Sobre Pasivos Contingentes<\/td><td class=\"column-8\"><a href=\"https:\/\/www.oaxaca.gob.mx\/inpac\/wp-content\/uploads\/sites\/17\/2024\/02\/9.-INFORMES-SOBRE-LOS-PASIVOS-CONTINGENTES.pdf\" target=\"_blank\" rel=\"noopener\"><i class=\"far fa-file-pdf fa-2x\">&nbsp;<\/i><\/a><\/td>\n<\/tr>\n<tr class=\"row-30\">\n\t<td class=\"column-1\"><\/td><td class=\"column-2\"><\/td><td class=\"column-3\"><\/td><td class=\"column-4\"><\/td><td class=\"column-5\">Intereses de la Deuda<\/td><td class=\"column-6\"><a href=\"https:\/\/www.oaxaca.gob.mx\/inpac\/wp-content\/uploads\/sites\/17\/2023\/10\/Intereses-de-la-Deuda.pdf\" target=\"_blank\" rel=\"noopener\"><i class=\"far fa-file-pdf fa-2x\">&nbsp;<\/i><\/a><\/td><td class=\"column-7\">Intereses de la Deuda<\/td><td class=\"column-8\"><a href=\"https:\/\/www.oaxaca.gob.mx\/inpac\/wp-content\/uploads\/sites\/17\/2024\/02\/17.-INTERESES-DE-LA-DEUDA.pdf\" target=\"_blank\" rel=\"noopener\"><i class=\"far fa-file-pdf fa-2x\">&nbsp;<\/i><\/a><\/td>\n<\/tr>\n<tr class=\"row-31\">\n\t<td class=\"column-1\"><\/td><td class=\"column-2\"><\/td><td class=\"column-3\"><\/td><td class=\"column-4\"><\/td><td class=\"column-5\">NOTAS 3ER INFORME TRIMESTRAL 202<\/td><td class=\"column-6\"><a href=\"https:\/\/www.oaxaca.gob.mx\/inpac\/wp-content\/uploads\/sites\/17\/2023\/10\/NOTAS-3ER-INFORME-TRIMESTRAL-2023.pdf\" target=\"_blank\" rel=\"noopener\"><i class=\"far fa-file-pdf fa-2x\">&nbsp;<\/i><\/a><\/td><td class=\"column-7\">NOTAS<\/td><td class=\"column-8\"><a href=\"https:\/\/www.oaxaca.gob.mx\/inpac\/wp-content\/uploads\/sites\/17\/2024\/02\/10.-NOTAS-OK.pdf\" target=\"_blank\" rel=\"noopener\"><i class=\"far fa-file-pdf fa-2x\">&nbsp;<\/i><\/a><\/td>\n<\/tr>\n<tr class=\"row-32\">\n\t<td class=\"column-1\"><\/td><td class=\"column-2\"><\/td><td class=\"column-3\"><\/td><td class=\"column-4\"><\/td><td class=\"column-5\">PROGRAMAS Y PROYECTOS<\/td><td class=\"column-6\"><a href=\"https:\/\/www.oaxaca.gob.mx\/inpac\/wp-content\/uploads\/sites\/17\/2023\/10\/PROGRAMAS-Y-PROYECTOS.pdf\" target=\"_blank\" rel=\"noopener\"><i class=\"far fa-file-pdf fa-2x\">&nbsp;<\/i><\/a><\/td><td class=\"column-7\">PROGRAMAS Y PROYECTOS<\/td><td class=\"column-8\"><a href=\"https:\/\/www.oaxaca.gob.mx\/inpac\/wp-content\/uploads\/sites\/17\/2024\/02\/21.-PROGRAMAS-Y-PROYECTOS.pdf\" target=\"_blank\" rel=\"noopener\"><i class=\"far fa-file-pdf fa-2x\">&nbsp;<\/i><\/a><\/td>\n<\/tr>\n<tr class=\"row-33\">\n\t<td class=\"column-1\"><\/td><td class=\"column-2\"><\/td><td class=\"column-3\"><\/td><td class=\"column-4\"><\/td><td class=\"column-5\">Relacion cuent banc produc especif.<\/td><td class=\"column-6\"><a href=\"https:\/\/www.oaxaca.gob.mx\/inpac\/wp-content\/uploads\/sites\/17\/2023\/10\/Relacion-cuent-banc-produc-especif.pdf\" target=\"_blank\" rel=\"noopener\"><i class=\"far fa-file-pdf fa-2x\">&nbsp;<\/i><\/a><\/td><td class=\"column-7\">Relacion cuent banc produc especif.<\/td><td class=\"column-8\"><a href=\"https:\/\/www.oaxaca.gob.mx\/inpac\/wp-content\/uploads\/sites\/17\/2024\/02\/24.-RELACION-DE-CUENTAS-BANCARIAS-PRODUCTIVAS-ESPECIFICAS.pdf\" target=\"_blank\" rel=\"noopener\"><i class=\"far fa-file-pdf fa-2x\">&nbsp;<\/i><\/a><\/td>\n<\/tr>\n<tr class=\"row-34\">\n\t<td class=\"column-1\"><\/td><td class=\"column-2\"><\/td><td class=\"column-3\"><\/td><td class=\"column-4\"><\/td><td class=\"column-5\">Relacion de Bienes Inmuebles<\/td><td class=\"column-6\"><a href=\"https:\/\/www.oaxaca.gob.mx\/inpac\/wp-content\/uploads\/sites\/17\/2023\/10\/Relacion-de-Bienes-Inmuebles.pdf\" target=\"_blank\" rel=\"noopener\"><i class=\"far fa-file-pdf fa-2x\">&nbsp;<\/i><\/a><\/td><td class=\"column-7\">Relacion de Bienes Inmuebles<\/td><td class=\"column-8\"><a href=\"https:\/\/www.oaxaca.gob.mx\/inpac\/wp-content\/uploads\/sites\/17\/2024\/02\/22.-RELACION-DE-BIENES-INMUEBLES.pdf\" target=\"_blank\" rel=\"noopener\"><i class=\"far fa-file-pdf fa-2x\">&nbsp;<\/i><\/a><\/td>\n<\/tr>\n<tr class=\"row-35\">\n\t<td class=\"column-1\"><\/td><td class=\"column-2\"><\/td><td class=\"column-3\"><\/td><td class=\"column-4\"><\/td><td class=\"column-5\">Relacion de Bienes Muebles<\/td><td class=\"column-6\"><a href=\"https:\/\/www.oaxaca.gob.mx\/inpac\/wp-content\/uploads\/sites\/17\/2023\/10\/Relacion-de-Bienes-Muebles.pdf\" target=\"_blank\" rel=\"noopener\"><i class=\"far fa-file-pdf fa-2x\">&nbsp;<\/i><\/a><\/td><td class=\"column-7\">Relacion de Bienes Muebles<\/td><td class=\"column-8\"><a href=\"https:\/\/www.oaxaca.gob.mx\/inpac\/wp-content\/uploads\/sites\/17\/2024\/02\/23.-RELACION-DE-BIENES-MUEBLES.pdf\" target=\"_blank\" rel=\"noopener\"><i class=\"far fa-file-pdf fa-2x\">&nbsp;<\/i><\/a><\/td>\n<\/tr>\n<tr class=\"row-36\">\n\t<td class=\"column-1\"><\/td><td class=\"column-2\"><\/td><td class=\"column-3\"><\/td><td class=\"column-4\"><\/td><td class=\"column-5\">RELACIO\u0301N DE ESQUEMAS BURSA\u0301TILES_REPORTE DE SUBSIDIOS cta pub<\/td><td class=\"column-6\"><a href=\"https:\/\/www.oaxaca.gob.mx\/inpac\/wp-content\/uploads\/sites\/17\/2023\/10\/RELACION-DE-ESQUEMAS-BURSATILES_REPORTE-DE-SUBSIDIOS-cta-pub.pdf\" target=\"_blank\" rel=\"noopener\"><i class=\"far fa-file-pdf fa-2x\">&nbsp;<\/i><\/a><\/td><td class=\"column-7\">RELACIO\u0301N DE ESQUEMAS BURSA\u0301TILES_REPORTE DE SUBSIDIOS cta pub<\/td><td class=\"column-8\"><a href=\"https:\/\/www.oaxaca.gob.mx\/inpac\/wp-content\/uploads\/sites\/17\/2024\/02\/25.26-ESQUEMAS-BURSATILES-SUBSIDIOS.pdf\" target=\"_blank\" rel=\"noopener\"><i class=\"far fa-file-pdf fa-2x\">&nbsp;<\/i><\/a><\/td>\n<\/tr>\n<tr class=\"row-37\">\n\t<td class=\"column-1\"><\/td><td class=\"column-2\"><\/td><td class=\"column-3\"><\/td><td class=\"column-4\"><\/td><td class=\"column-5\">RESUMEN POR FINALIDAD-FUNCION-SUBFUNCION<\/td><td class=\"column-6\"><a href=\"https:\/\/www.oaxaca.gob.mx\/inpac\/wp-content\/uploads\/sites\/17\/2023\/10\/RESUMEN-POR-FINALIDAD-FUNCION-SUBFUNCION.pdf\" target=\"_blank\" rel=\"noopener\"><i class=\"far fa-file-pdf fa-2x\">&nbsp;<\/i><\/a><\/td><td class=\"column-7\">RESUMEN POR FINALIDAD-FUNCION-SUBFUNCION<\/td><td class=\"column-8\"><a href=\"https:\/\/www.oaxaca.gob.mx\/inpac\/wp-content\/uploads\/sites\/17\/2024\/02\/15.-Clasificaicon-Funcional-FINALIDAD-Y-FUNCION.pdf\" target=\"_blank\" rel=\"noopener\"><i class=\"far fa-file-pdf fa-2x\">&nbsp;<\/i><\/a><\/td>\n<\/tr>\n<tr class=\"row-38\">\n\t<td class=\"column-1\"><\/td><td class=\"column-2\"><\/td><td class=\"column-3\"><\/td><td class=\"column-4\"><\/td><td class=\"column-5\">RESUMEN POR PROGRAMA PRESUPUESTARIO<\/td><td class=\"column-6\"><a href=\"https:\/\/www.oaxaca.gob.mx\/inpac\/wp-content\/uploads\/sites\/17\/2023\/10\/RESUMEN-POR-PROGRAMA-PRESUPUESTARIO.pdf\" target=\"_blank\" rel=\"noopener\"><i class=\"far fa-file-pdf fa-2x\">&nbsp;<\/i><\/a><\/td><td class=\"column-7\">RESUMEN POR PROGRAMA PRESUPUESTARIO<\/td><td class=\"column-8\"><a href=\"https:\/\/www.oaxaca.gob.mx\/inpac\/wp-content\/uploads\/sites\/17\/2024\/02\/19.-RESUMEN-POR-PROGRAMA-PRESUPUESTARIO.pdf\" target=\"_blank\" rel=\"noopener\"><i class=\"far fa-file-pdf fa-2x\">&nbsp;<\/i><\/a><\/td>\n<\/tr>\n<\/tbody>\n<\/table>\n<!-- #tablepress-31 from cache -->\n<\/div>\n<\/div>\n<\/div>\n<div id=\"accordion2021\" class=\"accordion\">\n<div class=\"card\">\n<div id=\"collapseTrimestre2021-4\" class=\"collapse show\" aria-labelledby=\"headingTrimestre2021-4\" data-parent=\"#accordion2021\">\n<div>\n<div class=\"card-body\"><div class=\"su-heading su-heading-style-default su-heading-align-center\" id=\"\" style=\"font-size:26px;margin-bottom:10px\"><div class=\"su-heading-inner\">Informaci\u00f3n Disciplina Financiera 2023<\/div><\/div><\/div>\n<\/div>\n<div><div class=\"su-accordion su-u-trim\"><\/div><\/div>\n\n<table id=\"tablepress-41\" class=\"tablepress tablepress-id-41\">\n<thead>\n<tr class=\"row-1\">\n\t<td class=\"column-1\"><\/td><th class=\"column-2\">PRIMER TRIMESTRE<\/th><th class=\"column-3\">SEGUNDO TRIMESTRE<\/th><th class=\"column-4\">TERCER TRIMESTRE<\/th><th class=\"column-5\">CUARTO TRIMESTRE<\/th>\n<\/tr>\n<\/thead>\n<tbody class=\"row-striping row-hover\">\n<tr class=\"row-2\">\n\t<td class=\"column-1\">ESTADO DE SITUACION FINANCIERA<\/td><td class=\"column-2\"><a href=\"https:\/\/www.oaxaca.gob.mx\/inpac\/wp-content\/uploads\/sites\/17\/2024\/10\/1.-LDF-ESTADO-DE-SITUACION-FINANCIERA-1ER-TRIM-2023.pdf\" target=\"_blank\" rel=\"noopener\"><i class=\"far fa-file-pdf fa-2x\">&nbsp;<\/i><\/a><\/td><td class=\"column-3\"><a href=\"https:\/\/www.oaxaca.gob.mx\/inpac\/wp-content\/uploads\/sites\/17\/2024\/10\/1.-LDF-ESTADO-DE-SITUACION-FINANCIERA-2DO-TRIM-2023.pdf\" target=\"_blank\" rel=\"noopener\"><i class=\"far fa-file-pdf fa-2x\">&nbsp;<\/i><\/a><\/td><td class=\"column-4\"><a href=\"https:\/\/www.oaxaca.gob.mx\/inpac\/wp-content\/uploads\/sites\/17\/2024\/10\/1.-LDF-ESTADO-DE-SITUACION-FINANCIERA-3ER-TRIM-2023.pdf\" target=\"_blank\" rel=\"noopener\"><i class=\"far fa-file-pdf fa-2x\">&nbsp;<\/i><\/a><\/td><td class=\"column-5\"><a href=\"https:\/\/www.oaxaca.gob.mx\/inpac\/wp-content\/uploads\/sites\/17\/2024\/10\/1.-LDF-ESTADO-DE-SITUACION-FINANCIERA-4TO-TRIM-2023.pdf\" target=\"_blank\" rel=\"noopener\"><i class=\"far fa-file-pdf fa-2x\">&nbsp;<\/i><\/a><\/td>\n<\/tr>\n<tr class=\"row-3\">\n\t<td class=\"column-1\">BALANCE PRESUPUESTAL<\/td><td class=\"column-2\"><a href=\"https:\/\/www.oaxaca.gob.mx\/inpac\/wp-content\/uploads\/sites\/17\/2024\/10\/2.-LDF-BALANCE-PRESUPUESTARIO-1ER-TRIM-2023.pdf\" target=\"_blank\" rel=\"noopener\"><i class=\"far fa-file-pdf fa-2x\">&nbsp;<\/i><\/a><\/td><td class=\"column-3\"><a href=\"https:\/\/www.oaxaca.gob.mx\/inpac\/wp-content\/uploads\/sites\/17\/2024\/10\/2.-LDF-BALANCE-PRESUPUESTAL-2DO-TRIM-2023.pdf\" target=\"_blank\" rel=\"noopener\"><i class=\"far fa-file-pdf fa-2x\">&nbsp;<\/i><\/a><\/td><td class=\"column-4\"><a href=\"https:\/\/www.oaxaca.gob.mx\/inpac\/wp-content\/uploads\/sites\/17\/2024\/10\/2.-LDF-BALANCE-PRESUPUESTAL-3ER-TRIM-2023.pdf\" target=\"_blank\" rel=\"noopener\"><i class=\"far fa-file-pdf fa-2x\">&nbsp;<\/i><\/a><\/td><td class=\"column-5\"><a href=\"https:\/\/www.oaxaca.gob.mx\/inpac\/wp-content\/uploads\/sites\/17\/2024\/10\/2.-LDF-BALANCE-PRESUPUESTAL-4TO-TRIM-2023.pdf\" target=\"_blank\" rel=\"noopener\"><i class=\"far fa-file-pdf fa-2x\">&nbsp;<\/i><\/a><\/td>\n<\/tr>\n<tr class=\"row-4\">\n\t<td class=\"column-1\"> ESTADO ANALITICO DE INGRESOS <\/td><td class=\"column-2\"><a href=\"https:\/\/www.oaxaca.gob.mx\/inpac\/wp-content\/uploads\/sites\/17\/2024\/10\/3.-LDF-ESTADO-ANALITICOS-DE-INGRESOS-1ER-TRIM-2023.pdf\" target=\"_blank\" rel=\"noopener\"><i class=\"far fa-file-pdf fa-2x\">&nbsp;<\/i><\/a><\/td><td class=\"column-3\"><a href=\"https:\/\/www.oaxaca.gob.mx\/inpac\/wp-content\/uploads\/sites\/17\/2024\/10\/3.-LDF-ESTADO-ANALITICO-DE-INGRESOS-2DO-TRIM-2023.pdf\" target=\"_blank\" rel=\"noopener\"><i class=\"far fa-file-pdf fa-2x\">&nbsp;<\/i><\/a><\/td><td class=\"column-4\"><a href=\"https:\/\/www.oaxaca.gob.mx\/inpac\/wp-content\/uploads\/sites\/17\/2024\/10\/3.-LDF-ESTADO-ANALITICO-DE-INGRESOS-3ER-TRIM-2023.pdf\" target=\"_blank\" rel=\"noopener\"><i class=\"far fa-file-pdf fa-2x\">&nbsp;<\/i><\/a><\/td><td class=\"column-5\"><a href=\"https:\/\/www.oaxaca.gob.mx\/inpac\/wp-content\/uploads\/sites\/17\/2024\/10\/3.-LDF-ESTADO-ANALITICOS-DE-INGRESOS-4TO-TRIM-2023.pdf\" target=\"_blank\" rel=\"noopener\"><i class=\"far fa-file-pdf fa-2x\">&nbsp;<\/i><\/a><\/td>\n<\/tr>\n<tr class=\"row-5\">\n\t<td class=\"column-1\">ESTADO ANALITICO DE LA DEUDA <\/td><td class=\"column-2\"><a href=\"https:\/\/www.oaxaca.gob.mx\/inpac\/wp-content\/uploads\/sites\/17\/2024\/10\/4.-LDF-ESTADO-ANALITICOS-DE-LA-DEUDA-Y-OTROS-PASIVOS-1ER-TRIM-2023.pdf\" target=\"_blank\" rel=\"noopener\"><i class=\"far fa-file-pdf fa-2x\">&nbsp;<\/i><\/a><\/td><td class=\"column-3\"><a href=\"https:\/\/www.oaxaca.gob.mx\/inpac\/wp-content\/uploads\/sites\/17\/2024\/10\/4.-LDF-ESTADO-ANALITICO-DE-LA-DEUDA-2DO-TRIM-2023.pdf\" target=\"_blank\" rel=\"noopener\"><i class=\"far fa-file-pdf fa-2x\">&nbsp;<\/i><\/a><\/td><td class=\"column-4\"><a href=\"https:\/\/www.oaxaca.gob.mx\/inpac\/wp-content\/uploads\/sites\/17\/2024\/10\/4.-LDF-ESTADO-ANALITICO-DE-LA-DEUDA-3ER-TRIM-2023.pdf\" target=\"_blank\" rel=\"noopener\"><i class=\"far fa-file-pdf fa-2x\">&nbsp;<\/i><\/a><\/td><td class=\"column-5\"><a href=\"https:\/\/www.oaxaca.gob.mx\/inpac\/wp-content\/uploads\/sites\/17\/2024\/10\/4.-LDF-ESTADO-ANALITICOS-DE-LA-DEUDA-Y-OTROS-PASIVOS-4TO-TRIM-2023.pdf\" target=\"_blank\" rel=\"noopener\"><i class=\"far fa-file-pdf fa-2x\">&nbsp;<\/i><\/a><\/td>\n<\/tr>\n<tr class=\"row-6\">\n\t<td class=\"column-1\">INFORME ANALITICO DE OBLIGACIONES<\/td><td class=\"column-2\"><a href=\"https:\/\/www.oaxaca.gob.mx\/inpac\/wp-content\/uploads\/sites\/17\/2024\/10\/5.-LDF-INFORME-ANALITICO-DE-OBLIGACIONES-DIFERENTES-DE-FINANCIAMIENTO-1ER-TRIM-2023.pdf\" target=\"_blank\" rel=\"noopener\"><i class=\"far fa-file-pdf fa-2x\">&nbsp;<\/i><\/a><\/td><td class=\"column-3\"><a href=\"https:\/\/www.oaxaca.gob.mx\/inpac\/wp-content\/uploads\/sites\/17\/2024\/10\/5.-LDF-INFORME-ANALITICO-DE-OBLIGACIONES-2DO-TRIM-2023.pdf\" target=\"_blank\" rel=\"noopener\"><i class=\"far fa-file-pdf fa-2x\">&nbsp;<\/i><\/a><\/td><td class=\"column-4\"><a href=\"https:\/\/www.oaxaca.gob.mx\/inpac\/wp-content\/uploads\/sites\/17\/2024\/10\/5.-LDF-INFORME-ANALITICO-DE-OBLIGACIONES-3ER-TRIM-2023.pdf\" target=\"_blank\" rel=\"noopener\"><i class=\"far fa-file-pdf fa-2x\">&nbsp;<\/i><\/a><\/td><td class=\"column-5\"><a href=\"https:\/\/www.oaxaca.gob.mx\/inpac\/wp-content\/uploads\/sites\/17\/2024\/10\/5.-LDF-INFORME-ANALITICO-DE-OBLIGACIONES-DIFERENTES-DE-FINANCIAMIENTO-4TO-TRIM-2023.pdf\" target=\"_blank\" rel=\"noopener\"><i class=\"far fa-file-pdf fa-2x\">&nbsp;<\/i><\/a><\/td>\n<\/tr>\n<tr class=\"row-7\">\n\t<td class=\"column-1\">CLASIFICACION POR OBJETO DEL GASTO<\/td><td class=\"column-2\"><a href=\"https:\/\/www.oaxaca.gob.mx\/inpac\/wp-content\/uploads\/sites\/17\/2023\/05\/Estado-Analitico-del-Activo.pdf\" target=\"_blank\" rel=\"noopener\"><i class=\"far fa-file-pdf fa-2x\">&nbsp;<\/i><\/a><\/td><td class=\"column-3\"><a href=\"https:\/\/www.oaxaca.gob.mx\/inpac\/wp-content\/uploads\/sites\/17\/2024\/10\/6.-LDF-CLASIFICACION-POR-OBJETO-DEL-GASTO-2DO-TRIM-2023.pdf\" target=\"_blank\" rel=\"noopener\"><i class=\"far fa-file-pdf fa-2x\">&nbsp;<\/i><\/a><\/td><td class=\"column-4\"><a href=\"https:\/\/www.oaxaca.gob.mx\/inpac\/wp-content\/uploads\/sites\/17\/2024\/10\/6.-LDF-CLASIFICACION-POR-OBJETO-DEL-GASTO-3ER-TRIM-2023.pdf\" target=\"_blank\" rel=\"noopener\"><i class=\"far fa-file-pdf fa-2x\">&nbsp;<\/i><\/a><\/td><td class=\"column-5\"><a href=\"https:\/\/www.oaxaca.gob.mx\/inpac\/wp-content\/uploads\/sites\/17\/2024\/10\/6.-LDF-CLASIFICACION-POR-OBJETO-DEL-GASTO-4TO-TRIM-2023.pdf\" target=\"_blank\" rel=\"noopener\"><i class=\"far fa-file-pdf fa-2x\">&nbsp;<\/i><\/a><\/td>\n<\/tr>\n<tr class=\"row-8\">\n\t<td class=\"column-1\">CLASIFICACION ADMINISTRATIVA<\/td><td class=\"column-2\"><a href=\"https:\/\/www.oaxaca.gob.mx\/inpac\/wp-content\/uploads\/sites\/17\/2024\/10\/7.-LDF-CLASIFICACION-ADMINISTRATIVA-1ER-TRIM-2023.pdf\" target=\"_blank\" rel=\"noopener\"><i class=\"far fa-file-pdf fa-2x\">&nbsp;<\/i><\/a><\/td><td class=\"column-3\"><a href=\"https:\/\/www.oaxaca.gob.mx\/inpac\/wp-content\/uploads\/sites\/17\/2024\/10\/7.-LDF-CLASIFICACION-ADMINISTRATIVA-2DO-TRIM-2023.pdf\" target=\"_blank\" rel=\"noopener\"><i class=\"far fa-file-pdf fa-2x\">&nbsp;<\/i><\/a><\/td><td class=\"column-4\"><a href=\"https:\/\/www.oaxaca.gob.mx\/inpac\/wp-content\/uploads\/sites\/17\/2024\/10\/7.-LDF-CLASIFICACION-ADMINISTRATIVA-3ERTRIM-2023.pdf\" target=\"_blank\" rel=\"noopener\"><i class=\"far fa-file-pdf fa-2x\">&nbsp;<\/i><\/a><\/td><td class=\"column-5\"><a href=\"https:\/\/www.oaxaca.gob.mx\/inpac\/wp-content\/uploads\/sites\/17\/2024\/10\/7.-LDF-CLASIFICACION-ADMINISTRATIVA-4TO-TRIM-2023.pdf\" target=\"_blank\" rel=\"noopener\"><i class=\"far fa-file-pdf fa-2x\">&nbsp;<\/i><\/a><\/td>\n<\/tr>\n<tr class=\"row-9\">\n\t<td class=\"column-1\">CLASIFICACION FUNCIONAL<\/td><td class=\"column-2\"><a href=\"https:\/\/www.oaxaca.gob.mx\/inpac\/wp-content\/uploads\/sites\/17\/2024\/10\/8.-LDF-CLASIFICACION-FUNCIONAL-1ER-TRIM-2023.pdf\" target=\"_blank\" rel=\"noopener\"><i class=\"far fa-file-pdf fa-2x\">&nbsp;<\/i><\/a><\/td><td class=\"column-3\"><a href=\"https:\/\/www.oaxaca.gob.mx\/inpac\/wp-content\/uploads\/sites\/17\/2024\/10\/8.-LDF-CLASIFICACION-FUNCIONAL-2DO-TRIM-2023.pdf\" target=\"_blank\" rel=\"noopener\"><i class=\"far fa-file-pdf fa-2x\">&nbsp;<\/i><\/a><\/td><td class=\"column-4\"><a href=\"https:\/\/www.oaxaca.gob.mx\/inpac\/wp-content\/uploads\/sites\/17\/2024\/10\/8.-LDF-CLASIFICACION-FUNCIONAL-3ER-TRIM-2023.pdf\" target=\"_blank\" rel=\"noopener\"><i class=\"far fa-file-pdf fa-2x\">&nbsp;<\/i><\/a><\/td><td class=\"column-5\"><a href=\"\" target=\"_blank\" rel=\"noopener\"><i class=\"far fa-file-pdf fa-2x\">&nbsp;<\/a><\/td>\n<\/tr>\n<tr class=\"row-10\">\n\t<td class=\"column-1\">CLASIFICACION SERICIOS PERSONALES<\/td><td class=\"column-2\"><a href=\"https:\/\/www.oaxaca.gob.mx\/inpac\/wp-content\/uploads\/sites\/17\/2024\/10\/9.-LDF-CLASIFICACION-SERICIOS-PERSONALES-1ER-TRIM-2023.pdf\" target=\"_blank\" rel=\"noopener\"><i class=\"far fa-file-pdf fa-2x\">&nbsp;<\/i><\/a><\/td><td class=\"column-3\"><a href=\"https:\/\/www.oaxaca.gob.mx\/inpac\/wp-content\/uploads\/sites\/17\/2024\/10\/9.-LDF-CLASIFICACION-SERVICIOS-PERSONALES-2DO-TRIM-2023.pdf\" target=\"_blank\" rel=\"noopener\"><i class=\"far fa-file-pdf fa-2x\">&nbsp;<\/i><\/a><\/td><td class=\"column-4\"><a href=\"https:\/\/www.oaxaca.gob.mx\/inpac\/wp-content\/uploads\/sites\/17\/2024\/10\/9.-LDF-CLASIFICACION-SERVICIOS-PERSONALES-3ER-TRIM-2023.pdf\" target=\"_blank\" rel=\"noopener\"><i class=\"far fa-file-pdf fa-2x\">&nbsp;<\/i><\/a><\/td><td class=\"column-5\"><a href=\"https:\/\/www.oaxaca.gob.mx\/inpac\/wp-content\/uploads\/sites\/17\/2024\/10\/9.-LDF-CLASIFICACION-SERICIOS-PERSONALES-4TO-TRIM-2023.pdf\" target=\"_blank\" rel=\"noopener\"><i class=\"far fa-file-pdf fa-2x\">&nbsp;<\/i><\/a><\/td>\n<\/tr>\n<tr class=\"row-11\">\n\t<td class=\"column-1\"> INFORMES SOBRE ESTUDIOS ACTUARIALES<\/td><td class=\"column-2\"><a href=\"https:\/\/www.oaxaca.gob.mx\/inpac\/wp-content\/uploads\/sites\/17\/2024\/10\/10.-LDF-INFORMES-SOBRE-ESTUDIOS-ACTUARIALES.pdf\" target=\"_blank\" rel=\"noopener\"><i class=\"far fa-file-pdf fa-2x\">&nbsp;<\/i><\/a><\/td><td class=\"column-3\"><a href=\"https:\/\/www.oaxaca.gob.mx\/inpac\/wp-content\/uploads\/sites\/17\/2024\/10\/10.-LDF-INFORMES-SOBRE-ESTUDIOS-ACTUARIALES-2DO-TRIM-2023.pdf\" target=\"_blank\" rel=\"noopener\"><i class=\"far fa-file-pdf fa-2x\">&nbsp;<\/i><\/a><\/td><td class=\"column-4\"><a href=\"https:\/\/www.oaxaca.gob.mx\/inpac\/wp-content\/uploads\/sites\/17\/2024\/10\/10.-LDF-INFORMES-SOBRE-ESTUDIOS-ACTUARIALES-3ER-TRIM-2023.pdf\" target=\"_blank\" rel=\"noopener\"><i class=\"far fa-file-pdf fa-2x\">&nbsp;<\/i><\/a><\/td><td class=\"column-5\"><a href=\"https:\/\/www.oaxaca.gob.mx\/inpac\/wp-content\/uploads\/sites\/17\/2024\/10\/10.-LDF-INFORMES-SOBRE-ESTUDIOS-ACTUARIALES-4TO-TRIM-2023.pdf\" target=\"_blank\" rel=\"noopener\"><i class=\"far fa-file-pdf fa-2x\">&nbsp;<\/i><\/a><\/td>\n<\/tr>\n<\/tbody>\n<\/table>\n<!-- #tablepress-41 from cache -->\n<\/div>\n<\/div>\n<\/div>\n<div id=\"accordion2021\" class=\"accordion\">\n<div class=\"card\">\n<div id=\"collapseTrimestre2021-4\" class=\"collapse show\" aria-labelledby=\"headingTrimestre2021-4\" data-parent=\"#accordion2021\">\n<div>\n<div class=\"su-heading su-heading-style-default su-heading-align-center\" id=\"\" style=\"font-size:26px;margin-bottom:10px\"><div class=\"su-heading-inner\">2022<\/div><\/div>\n<div id=\"accordion2020\" class=\"accordion\">\n<div class=\"card\">\n<div id=\"headingTrimestre1\" class=\"card-header\">\n<h2 class=\"mb-0\"><button class=\"btn btn-link btn-block text-left\" type=\"button\" data-toggle=\"collapse\" data-target=\"#collapseTrimestre1\">PRIMER TRIMESTRE<\/button><\/h2>\n<\/div>\n<div id=\"collapseTrimestre1\" class=\"collapse show\" aria-labelledby=\"headingTrimestre1\" data-parent=\"#accordion2020\">\n<div class=\"card-body\">\n<table class=\"table table-striped\">\n<tbody>\n<tr>\n<th colspan=\"2\">INFORMACI\u00d3N FINANCIERA<\/th>\n<\/tr>\n<tr>\n<td>Estado de Situaci\u00f3n Financiera<\/td>\n<td><a href=\"https:\/\/www.oaxaca.gob.mx\/inpac\/wp-content\/uploads\/sites\/17\/2022\/10\/2.-SITUACION-FINANCIERA.pdf\" target=\"_blank\" rel=\"noopener noreferrer\"> Abrir <\/a><\/td>\n<\/tr>\n<tr>\n<td>Estado de Variaci\u00f3n de la Hacienda P\u00fablica<\/td>\n<td><a href=\"https:\/\/www.oaxaca.gob.mx\/inpac\/wp-content\/uploads\/sites\/17\/2022\/10\/4.-VARIACION-HAC-PUBLICA.pdf\" target=\"_blank\" rel=\"noopener noreferrer\"> Abrir <\/a><\/td>\n<\/tr>\n<tr>\n<td>Estado Anal\u00edtico del Activo<\/td>\n<td><a href=\"https:\/\/www.oaxaca.gob.mx\/inpac\/wp-content\/uploads\/sites\/17\/2022\/10\/7.-ANALITICO-ACTIVO.pdf\" target=\"_blank\" rel=\"noopener noreferrer\"> Abrir <\/a><\/td>\n<\/tr>\n<tr>\n<td>Estado de Cambios en la Situaci\u00f3n Financiera<\/td>\n<td><a href=\"https:\/\/www.oaxaca.gob.mx\/inpac\/wp-content\/uploads\/sites\/17\/2022\/10\/5.-CAMBIOS-IST-FINANC.pdf\" target=\"_blank\" rel=\"noopener noreferrer\"> Abrir <\/a><\/td>\n<\/tr>\n<tr>\n<td>Estado de Flujo de Efectivo<\/td>\n<td><a href=\"https:\/\/www.oaxaca.gob.mx\/inpac\/wp-content\/uploads\/sites\/17\/2022\/10\/6.-Flujo-efvo-cta-pub.pdf\" target=\"_blank\" rel=\"noopener noreferrer\"> Abrir <\/a><\/td>\n<\/tr>\n<tr>\n<td>Notas a los Estados Financieros<\/td>\n<td><a href=\"https:\/\/www.oaxaca.gob.mx\/inpac\/wp-content\/uploads\/sites\/17\/2022\/10\/NOTAS-A-LA-CUENTA-PUBLICA_1er-Trim-2022.pdf\" target=\"_blank\" rel=\"noopener noreferrer\"> Abrir <\/a><\/td>\n<\/tr>\n<tr>\n<td>Estado Anal\u00edtico de los Ingresos<\/td>\n<td><a href=\"https:\/\/www.oaxaca.gob.mx\/inpac\/wp-content\/uploads\/sites\/17\/2022\/10\/11.-EDO-ANALI-INGRESOS.pdf\" target=\"_blank\" rel=\"noopener noreferrer\"> Abrir <\/a><\/td>\n<\/tr>\n<tr>\n<td>Estado de Actividades<\/td>\n<td><a href=\"https:\/\/www.oaxaca.gob.mx\/inpac\/wp-content\/uploads\/sites\/17\/2022\/10\/3.-EDO-ACTIVIDADES.pdf\" target=\"_blank\" rel=\"noopener noreferrer\"> Abrir <\/a><\/td>\n<\/tr>\n<tr>\n<td>Clasificaci\u00f3n Administrativa<\/td>\n<td><a href=\"https:\/\/www.oaxaca.gob.mx\/inpac\/wp-content\/uploads\/sites\/17\/2022\/10\/14.-CLASIFICACION-ADMINISTRATIVA.pdf\" target=\"_blank\" rel=\"noopener noreferrer\"> Abrir <\/a><\/td>\n<\/tr>\n<tr>\n<td>Clasificaci\u00f3n Econ\u00f3mica (Tipo de Gasto)<\/td>\n<td><a href=\"https:\/\/www.oaxaca.gob.mx\/inpac\/wp-content\/uploads\/sites\/17\/2020\/08\/10-CLASIFICACION-ECONOMICA-TIPO-DE-GASTO.pdf\" target=\"_blank\" rel=\"noopener noreferrer\"> Abrir <\/a><\/td>\n<\/tr>\n<tr>\n<td>Clasificador por Objeto del Gasto<\/td>\n<td><a href=\"https:\/\/www.oaxaca.gob.mx\/inpac\/wp-content\/uploads\/sites\/17\/2022\/10\/12.-CLASIFIC-POR-OBJ-DEL-GASTO.pdf\" target=\"_blank\" rel=\"noopener noreferrer\"> Abrir <\/a><\/td>\n<\/tr>\n<tr>\n<td>Clasificaci\u00f3n Program\u00e1tica<\/td>\n<td><a href=\"https:\/\/www.oaxaca.gob.mx\/inpac\/wp-content\/uploads\/sites\/17\/2020\/08\/12-CLASIFICACION-PROGRAMATICA.pdf\" target=\"_blank\" rel=\"noopener noreferrer\"> Abrir <\/a><\/td>\n<\/tr>\n<tr>\n<td>Clasificaci\u00f3n Funcional<\/td>\n<td><a href=\"https:\/\/www.oaxaca.gob.mx\/inpac\/wp-content\/uploads\/sites\/17\/2022\/10\/15.-CLASIFICACION-FUNCIONAL.pdf\" target=\"_blank\" rel=\"noopener noreferrer\"> Abrir <\/a><\/td>\n<\/tr>\n<tr>\n<td>Estado Anal\u00edtico de la Deuda y Otros Pasivos<\/td>\n<td><a href=\"https:\/\/www.oaxaca.gob.mx\/inpac\/wp-content\/uploads\/sites\/17\/2022\/10\/7.-ANALITICO-ACTIVO.pdf\" target=\"_blank\" rel=\"noopener noreferrer\"> Abrir <\/a><\/td>\n<\/tr>\n<tr>\n<td>Endeudamiento Neto<\/td>\n<td><a href=\"https:\/\/www.oaxaca.gob.mx\/inpac\/wp-content\/uploads\/sites\/17\/2022\/10\/16.-ENDEUDAMIENTO-NETO.pdf\" target=\"_blank\" rel=\"noopener noreferrer\"> Abrir <\/a><\/td>\n<\/tr>\n<tr>\n<td>Intereses de la Deuda<\/td>\n<td><a href=\"https:\/\/www.oaxaca.gob.mx\/inpac\/wp-content\/uploads\/sites\/17\/2022\/10\/17.-INTERESES-DE-LA-DEUDA.pdf\" target=\"_blank\" rel=\"noopener noreferrer\"> Abrir <\/a><\/td>\n<\/tr>\n<tr>\n<td>Pasivos Contingentes<\/td>\n<td><a href=\"https:\/\/www.oaxaca.gob.mx\/inpac\/wp-content\/uploads\/sites\/17\/2022\/10\/9.-INFORMES-SOBRE-LOS-PASIVOS-CONTINGENTES.pdf\" target=\"_blank\" rel=\"noopener noreferrer\"> Abrir <\/a><\/td>\n<\/tr>\n<tr>\n<th colspan=\"2\">INFORMACI\u00d3N DISCIPLINA FINANCIERA<\/th>\n<\/tr>\n<tr>\n<td>Estado de Situaci\u00f3n Financiera Detallada LDF<\/td>\n<td><a href=\"https:\/\/www.oaxaca.gob.mx\/inpac\/wp-content\/uploads\/sites\/17\/2022\/10\/FORMATOS-LDF-22-ABR-OK.pdf\" target=\"_blank\" rel=\"noopener noreferrer\">Abrir<\/a><\/td>\n<\/tr>\n<tr>\n<td>Informe Analitico de la Deuda P\u00fablica y Otros Pasivos &#8211; LDF<\/td>\n<td><a href=\"https:\/\/www.oaxaca.gob.mx\/inpac\/wp-content\/uploads\/sites\/17\/2022\/10\/FORMATOS-LDF-22-ABR-OK.pdf\" target=\"_blank\" rel=\"noopener noreferrer\">Abrir<\/a><\/td>\n<\/tr>\n<tr>\n<td>Informe Analitico de Obligaciones Diferentes de Financiamiento &#8211; LDF<\/td>\n<td><a href=\"https:\/\/www.oaxaca.gob.mx\/inpac\/wp-content\/uploads\/sites\/17\/2022\/10\/FORMATOS-LDF-22-ABR-OK.pdf\" target=\"_blank\" rel=\"noopener noreferrer\">Abrir<\/a><\/td>\n<\/tr>\n<tr>\n<td>Balance Presupuestario &#8211; LDF<\/td>\n<td><a href=\"https:\/\/www.oaxaca.gob.mx\/inpac\/wp-content\/uploads\/sites\/17\/2022\/10\/FORMATOS-LDF-22-ABR-OK.pdf\" target=\"_blank\" rel=\"noopener noreferrer\">Abrir<\/a><\/td>\n<\/tr>\n<tr>\n<td>Estado Analitico de Ingresos Detallado &#8211; LDF<\/td>\n<td><a href=\"https:\/\/www.oaxaca.gob.mx\/inpac\/wp-content\/uploads\/sites\/17\/2022\/10\/FORMATOS-LDF-22-ABR-OK.pdf\" target=\"_blank\" rel=\"noopener noreferrer\">Abrir<\/a><\/td>\n<\/tr>\n<tr>\n<td>Estado Anal\u00edtico del Ejercicio del Presupuesto de Egresos Detallado -LDF (Casificaci\u00f3n por Objeto de Gasto Capitulo &#8211; Concepto)<\/td>\n<td><a href=\"https:\/\/www.oaxaca.gob.mx\/inpac\/wp-content\/uploads\/sites\/17\/2022\/10\/FORMATOS-LDF-22-ABR-OK.pdf\" target=\"_blank\" rel=\"noopener noreferrer\">Abrir<\/a><\/td>\n<\/tr>\n<tr>\n<td>Estado Anal\u00edtico del Ejercicio del Presupuesto de Egresos Detallado &#8211; LDF ( Clasificaci\u00f3n Administrativa)<\/td>\n<td><a href=\"https:\/\/www.oaxaca.gob.mx\/inpac\/wp-content\/uploads\/sites\/17\/2022\/10\/FORMATOS-LDF-22-ABR-OK.pdf\" target=\"_blank\" rel=\"noopener noreferrer\">Abrir<\/a><\/td>\n<\/tr>\n<tr>\n<td>Estado Anal\u00edticos del Ejercicio del Presupuesto de Egresos Detallado &#8211; LDF (Clasificaci\u00f3n Finalidad y Funci\u00f3n)<\/td>\n<td><a href=\"https:\/\/www.oaxaca.gob.mx\/inpac\/wp-content\/uploads\/sites\/17\/2022\/10\/FORMATOS-LDF-22-ABR-OK.pdf\" target=\"_blank\" rel=\"noopener noreferrer\">Abrir<\/a><\/td>\n<\/tr>\n<tr>\n<td>Estado Anal\u00edtico del Ejercicio del Presupuesto de Egresos Detallado &#8211; LDF (Clasificaci\u00f3n de Servicios Personales por Categor\u00eda)<\/td>\n<td><a href=\"https:\/\/www.oaxaca.gob.mx\/inpac\/wp-content\/uploads\/sites\/17\/2022\/10\/FORMATOS-LDF-22-ABR-OK.pdf\" target=\"_blank\" rel=\"noopener noreferrer\">Abrir<\/a><\/td>\n<\/tr>\n<\/tbody>\n<\/table>\n<div id=\"headingTrimestre1\" class=\"card-header\">\n<h2 class=\"mb-0\"><button class=\"btn btn-link btn-block text-left\" type=\"button\" data-toggle=\"collapse\" data-target=\"#collapseTrimestre1\">SEGUNDO TRIMESTRE<\/button><\/h2>\n<\/div>\n<div id=\"collapseTrimestre1\" class=\"collapse show\" aria-labelledby=\"headingTrimestre1\" data-parent=\"#accordion2020\">\n<div class=\"card-body\">\n<table class=\"table table-striped\">\n<tbody>\n<tr>\n<th colspan=\"2\">INFORMACI\u00d3N FINANCIERA<\/th>\n<\/tr>\n<tr>\n<td>Estado de Situaci\u00f3n Financiera<\/td>\n<td><a href=\"https:\/\/www.oaxaca.gob.mx\/inpac\/wp-content\/uploads\/sites\/17\/2022\/10\/2.-EDO-SIT-FINANCIERA.pdf\" target=\"_blank\" rel=\"noopener noreferrer\"> Abrir <\/a><\/td>\n<\/tr>\n<tr>\n<td>Estado de Variaci\u00f3n de la Hacienda P\u00fablica<\/td>\n<td><a href=\"https:\/\/www.oaxaca.gob.mx\/inpac\/wp-content\/uploads\/sites\/17\/2022\/10\/4.-EDO-VARIACION-HAC-PUB.pdf\" target=\"_blank\" rel=\"noopener noreferrer\"> Abrir <\/a><\/td>\n<\/tr>\n<tr>\n<td>Estado Anal\u00edtico del Activo<\/td>\n<td><a href=\"https:\/\/www.oaxaca.gob.mx\/inpac\/wp-content\/uploads\/sites\/17\/2022\/10\/7.-EDO-ANALI-ACTIVO.pdf\" target=\"_blank\" rel=\"noopener noreferrer\"> Abrir <\/a><\/td>\n<\/tr>\n<tr>\n<td>Estado de Cambios en la Situaci\u00f3n Financiera<\/td>\n<td><a href=\"https:\/\/www.oaxaca.gob.mx\/inpac\/wp-content\/uploads\/sites\/17\/2022\/10\/5.-EDO-CAMBIOS-SIT-FINANC.pdf\" target=\"_blank\" rel=\"noopener noreferrer\"> Abrir <\/a><\/td>\n<\/tr>\n<tr>\n<td>Estado de Flujo de Efectivo<\/td>\n<td><a href=\"https:\/\/www.oaxaca.gob.mx\/inpac\/wp-content\/uploads\/sites\/17\/2022\/10\/6.-Flujo-efvo-segundo-informe_SELLO.pdf\" target=\"_blank\" rel=\"noopener noreferrer\"> Abrir <\/a><\/td>\n<\/tr>\n<tr>\n<td>Notas a los Estados Financieros<\/td>\n<td><a href=\"https:\/\/www.oaxaca.gob.mx\/inpac\/wp-content\/uploads\/sites\/17\/2022\/10\/10.-NOTAS-OK.pdf\" target=\"_blank\" rel=\"noopener noreferrer\">Abrir<\/a><\/td>\n<\/tr>\n<tr>\n<td>Estado Anal\u00edtico de los Ingresos<\/td>\n<td><a href=\"https:\/\/www.oaxaca.gob.mx\/inpac\/wp-content\/uploads\/sites\/17\/2022\/10\/7.-EDO-ANALI-ACTIVO.pdf\" target=\"_blank\" rel=\"noopener noreferrer\"> Abrir <\/a><\/td>\n<\/tr>\n<tr>\n<td>Estado de Actividades<\/td>\n<td><a href=\"https:\/\/www.oaxaca.gob.mx\/inpac\/wp-content\/uploads\/sites\/17\/2022\/10\/3.-EDO-ACTIVIDADES-1.pdf\" target=\"_blank\" rel=\"noopener noreferrer\"> Abrir <\/a><\/td>\n<\/tr>\n<tr>\n<td>Clasificaci\u00f3n Administrativa<\/td>\n<td><a href=\"https:\/\/www.oaxaca.gob.mx\/inpac\/wp-content\/uploads\/sites\/17\/2022\/10\/14.-CLASIFICACION-ADMINISTRATIVA-1.pdf\" target=\"_blank\" rel=\"noopener noreferrer\"> Abrir <\/a><\/td>\n<\/tr>\n<tr>\n<td>Clasificaci\u00f3n Econ\u00f3mica (Tipo de Gasto)<\/td>\n<td><a href=\"https:\/\/www.oaxaca.gob.mx\/inpac\/wp-content\/uploads\/sites\/17\/2022\/10\/13.-CLASIFICACION-ECONOMICA-TIPO-DE-GASTO.pdf\" target=\"_blank\" rel=\"noopener noreferrer\"> Abrir <\/a><\/td>\n<\/tr>\n<tr>\n<td>Clasificador por Objeto del Gasto<\/td>\n<td><a href=\"https:\/\/www.oaxaca.gob.mx\/inpac\/wp-content\/uploads\/sites\/17\/2022\/10\/12.-CLASIF-POR-OBJ-DEL-GASTO.pdf\" target=\"_blank\" rel=\"noopener noreferrer\">Abrir<\/a><\/td>\n<\/tr>\n<tr>\n<td>Clasificaci\u00f3n Program\u00e1tica<\/td>\n<td><a href=\"https:\/\/www.oaxaca.gob.mx\/inpac\/wp-content\/uploads\/sites\/17\/2022\/10\/19.-PROGRAMA-PRESUPUESTARIO.pdf\" target=\"_blank\" rel=\"noopener noreferrer\">Abrir<\/a><\/td>\n<\/tr>\n<tr>\n<td>Clasificaci\u00f3n Funcional<\/td>\n<td><a href=\"https:\/\/www.oaxaca.gob.mx\/inpac\/wp-content\/uploads\/sites\/17\/2022\/10\/15.-RESUMEN-POR-FINALIDAD-FUNCION.pdf\" target=\"_blank\" rel=\"noopener noreferrer\"> Abrir <\/a><\/td>\n<\/tr>\n<tr>\n<td>Estado Anal\u00edtico de la Deuda y Otros Pasivos<\/td>\n<td><a href=\"https:\/\/www.oaxaca.gob.mx\/inpac\/wp-content\/uploads\/sites\/17\/2022\/10\/8.-EDO-ANALI-deuda.pdf\" target=\"_blank\" rel=\"noopener noreferrer\"> Abrir <\/a><\/td>\n<\/tr>\n<tr>\n<td>Endeudamiento Neto<\/td>\n<td><a href=\"https:\/\/www.oaxaca.gob.mx\/inpac\/wp-content\/uploads\/sites\/17\/2022\/10\/16.-endeudamin-neto.pdf\" target=\"_blank\" rel=\"noopener noreferrer\"> Abrir <\/a><\/td>\n<\/tr>\n<tr>\n<td>Intereses de la Deuda<\/td>\n<td><a href=\"https:\/\/www.oaxaca.gob.mx\/inpac\/wp-content\/uploads\/sites\/17\/2022\/10\/17.-INETERE-DEUDA.pdf\" target=\"_blank\" rel=\"noopener noreferrer\"> Abrir <\/a><\/td>\n<\/tr>\n<tr>\n<td>Pasivos Contingentes<\/td>\n<td><a href=\"https:\/\/www.oaxaca.gob.mx\/inpac\/wp-content\/uploads\/sites\/17\/2022\/10\/9.-INFORMES-PASIVOS-CONTINGENTES.pdf\" target=\"_blank\" rel=\"noopener noreferrer\"> Abrir <\/a><\/td>\n<\/tr>\n<tr>\n<th colspan=\"2\">INFORMACI\u00d3N DISCIPLINA FINANCIERA<\/th>\n<\/tr>\n<tr>\n<td>Estado de Situaci\u00f3n Financiera Detallada LDF<\/td>\n<td><a href=\"https:\/\/www.oaxaca.gob.mx\/inpac\/wp-content\/uploads\/sites\/17\/2022\/10\/9.-INFORMES-PASIVOS-CONTINGENTES.pdf\" target=\"_blank\" rel=\"noopener noreferrer\">Abrir<\/a><\/td>\n<\/tr>\n<tr>\n<td>Informe Analitico de la Deuda P\u00fablica y Otros Pasivos &#8211; LDF<\/td>\n<td><a href=\"https:\/\/www.oaxaca.gob.mx\/inpac\/wp-content\/uploads\/sites\/17\/2022\/10\/9.-INFORMES-PASIVOS-CONTINGENTES.pdf\" target=\"_blank\" rel=\"noopener noreferrer\">Abrir<\/a><\/td>\n<\/tr>\n<tr>\n<td>Informe Analitico de Obligaciones Diferentes de Financiamiento &#8211; LDF<\/td>\n<td><a href=\"https:\/\/www.oaxaca.gob.mx\/inpac\/wp-content\/uploads\/sites\/17\/2022\/10\/9.-INFORMES-PASIVOS-CONTINGENTES.pdf\" target=\"_blank\" rel=\"noopener noreferrer\">Abrir<\/a><\/td>\n<\/tr>\n<tr>\n<td>Balance Presupuestario &#8211; LDF<\/td>\n<td><a href=\"https:\/\/www.oaxaca.gob.mx\/inpac\/wp-content\/uploads\/sites\/17\/2022\/10\/9.-INFORMES-PASIVOS-CONTINGENTES.pdf\" target=\"_blank\" rel=\"noopener noreferrer\">Abrir<\/a><\/td>\n<\/tr>\n<tr>\n<td>Estado Analitico de Ingresos Detallado &#8211; LDF<\/td>\n<td><a href=\"https:\/\/www.oaxaca.gob.mx\/inpac\/wp-content\/uploads\/sites\/17\/2022\/10\/9.-INFORMES-PASIVOS-CONTINGENTES.pdf\" target=\"_blank\" rel=\"noopener noreferrer\">Abrir<\/a><\/td>\n<\/tr>\n<tr>\n<td>Estado Anal\u00edtico del Ejercicio del Presupuesto de Egresos Detallado -LDF (Casificaci\u00f3n por Objeto de Gasto Capitulo &#8211; Concepto)<\/td>\n<td><a href=\"https:\/\/www.oaxaca.gob.mx\/inpac\/wp-content\/uploads\/sites\/17\/2022\/10\/9.-INFORMES-PASIVOS-CONTINGENTES.pdf\" target=\"_blank\" rel=\"noopener noreferrer\">Abrir<\/a><\/td>\n<\/tr>\n<tr>\n<td>Estado Anal\u00edtico del Ejercicio del Presupuesto de Egresos Detallado &#8211; LDF ( Clasificaci\u00f3n Administrativa)<\/td>\n<td><a href=\"https:\/\/www.oaxaca.gob.mx\/inpac\/wp-content\/uploads\/sites\/17\/2022\/10\/9.-INFORMES-PASIVOS-CONTINGENTES.pdf\" target=\"_blank\" rel=\"noopener noreferrer\">Abrir<\/a><\/td>\n<\/tr>\n<tr>\n<td>Estado Anal\u00edticos del Ejercicio del Presupuesto de Egresos Detallado &#8211; LDF (Clasificaci\u00f3n Finalidad y Funci\u00f3n)<\/td>\n<td><a href=\"https:\/\/www.oaxaca.gob.mx\/inpac\/wp-content\/uploads\/sites\/17\/2022\/10\/9.-INFORMES-PASIVOS-CONTINGENTES.pdf\" target=\"_blank\" rel=\"noopener noreferrer\">Abrir<\/a><\/td>\n<\/tr>\n<tr>\n<td>Estado Anal\u00edtico del Ejercicio del Presupuesto de Egresos Detallado &#8211; LDF (Clasificaci\u00f3n de Servicios Personales por Categor\u00eda)<\/td>\n<td><a href=\"https:\/\/www.oaxaca.gob.mx\/inpac\/wp-content\/uploads\/sites\/17\/2022\/10\/9.-INFORMES-PASIVOS-CONTINGENTES.pdf\" target=\"_blank\" rel=\"noopener noreferrer\">Abrir<\/a><\/td>\n<\/tr>\n<\/tbody>\n<\/table>\n<div id=\"headingTrimestre1\" class=\"card-header\">\n<h2 class=\"mb-0\"><button class=\"btn btn-link btn-block text-left\" type=\"button\" data-toggle=\"collapse\" data-target=\"#collapseTrimestre1\">TERCER TRIMESTRE<\/button><\/h2>\n<\/div>\n<div id=\"collapseTrimestre1\" class=\"collapse show\" aria-labelledby=\"headingTrimestre1\" data-parent=\"#accordion2020\">\n<div class=\"card-body\">\n<table class=\"table table-striped\">\n<tbody>\n<tr>\n<th colspan=\"2\">INFORMACI\u00d3N FINANCIERA<\/th>\n<\/tr>\n<tr>\n<td>Estado de Situaci\u00f3n Financiera<\/td>\n<td><a href=\"https:\/\/www.oaxaca.gob.mx\/inpac\/wp-content\/uploads\/sites\/17\/2022\/10\/2-8.pdf\" target=\"_blank\" rel=\"noopener noreferrer\">Abrir<\/a><\/td>\n<\/tr>\n<tr>\n<td>Estado de Variaci\u00f3n de la Hacienda P\u00fablica<\/td>\n<td><a href=\"https:\/\/www.oaxaca.gob.mx\/inpac\/wp-content\/uploads\/sites\/17\/2022\/10\/2-8.pdf\" target=\"_blank\" rel=\"noopener noreferrer\">Abrir<\/a><\/td>\n<\/tr>\n<tr>\n<td>Estado Anal\u00edtico del Activo<\/td>\n<td><a href=\"https:\/\/www.oaxaca.gob.mx\/inpac\/wp-content\/uploads\/sites\/17\/2022\/10\/11.-EDO-ANALI-INGRESOS_jun-22-1.pdf\" target=\"_blank\" rel=\"noopener noreferrer\"> Abrir <\/a><\/td>\n<\/tr>\n<tr>\n<td>Estado de Cambios en la Situaci\u00f3n Financiera<\/td>\n<td><a href=\"https:\/\/www.oaxaca.gob.mx\/inpac\/wp-content\/uploads\/sites\/17\/2022\/10\/2-8.pdf\" target=\"_blank\" rel=\"noopener noreferrer\">Abrir<\/a><\/td>\n<\/tr>\n<tr>\n<td>Estado de Flujo de Efectivo<\/td>\n<td><a href=\"https:\/\/www.oaxaca.gob.mx\/inpac\/wp-content\/uploads\/sites\/17\/2022\/10\/2-8.pdf\" target=\"_blank\" rel=\"noopener noreferrer\">Abrir<\/a><\/td>\n<\/tr>\n<tr>\n<td>Notas a los Estados Financieros<\/td>\n<td><a href=\"https:\/\/www.oaxaca.gob.mx\/inpac\/wp-content\/uploads\/sites\/17\/2022\/10\/10.-NOTAS-3ER-TRIM-OK.pdf\" target=\"_blank\" rel=\"noopener noreferrer\">Abrir<\/a><\/td>\n<\/tr>\n<tr>\n<td>Estado Anal\u00edtico de los Ingresos<\/td>\n<td><a href=\"https:\/\/www.oaxaca.gob.mx\/inpac\/wp-content\/uploads\/sites\/17\/2022\/10\/2-8.pdf\" target=\"_blank\" rel=\"noopener noreferrer\">Abrir<\/a><\/td>\n<\/tr>\n<tr>\n<td>Estado de Actividades<\/td>\n<td><a href=\"https:\/\/www.oaxaca.gob.mx\/inpac\/wp-content\/uploads\/sites\/17\/2022\/10\/2-8.pdf\" target=\"_blank\" rel=\"noopener noreferrer\">Abrir<\/a><\/td>\n<\/tr>\n<tr>\n<td>Clasificaci\u00f3n Administrativa<\/td>\n<td><a href=\"https:\/\/www.oaxaca.gob.mx\/inpac\/wp-content\/uploads\/sites\/17\/2022\/10\/14.-CLASIFICACION-ADMINISTRATIVA-3.pdf\" target=\"_blank\" rel=\"noopener noreferrer\"> Abrir <\/a><\/td>\n<\/tr>\n<tr>\n<td>Clasificaci\u00f3n Econ\u00f3mica (Tipo de Gasto)<\/td>\n<td><a href=\"https:\/\/www.oaxaca.gob.mx\/inpac\/wp-content\/uploads\/sites\/17\/2022\/10\/2-8.pdf\" target=\"_blank\" rel=\"noopener noreferrer\">Abrir<\/a><\/td>\n<\/tr>\n<tr>\n<td>Clasificador por Objeto del Gasto<\/td>\n<td><a href=\"https:\/\/www.oaxaca.gob.mx\/inpac\/wp-content\/uploads\/sites\/17\/2022\/10\/12.-OBJETO-DEL-GASTO.pdf\" target=\"_blank\" rel=\"noopener noreferrer\">Abrir<\/a><\/td>\n<\/tr>\n<tr>\n<td>Clasificaci\u00f3n Program\u00e1tica<\/td>\n<td><a href=\"https:\/\/www.oaxaca.gob.mx\/inpac\/wp-content\/uploads\/sites\/17\/2022\/10\/2-8.pdf\" target=\"_blank\" rel=\"noopener noreferrer\">Abrir<\/a><\/td>\n<\/tr>\n<tr>\n<td>Clasificaci\u00f3n Funcional<\/td>\n<td><a href=\"https:\/\/www.oaxaca.gob.mx\/inpac\/wp-content\/uploads\/sites\/17\/2022\/10\/2-8.pdf\" target=\"_blank\" rel=\"noopener noreferrer\">Abrir<\/a><\/td>\n<\/tr>\n<tr>\n<td>Estado Anal\u00edtico de la Deuda y Otros Pasivos<\/td>\n<td><a href=\"https:\/\/www.oaxaca.gob.mx\/inpac\/wp-content\/uploads\/sites\/17\/2022\/10\/2-8.pdf\" target=\"_blank\" rel=\"noopener noreferrer\">Abrir<\/a><\/td>\n<\/tr>\n<tr>\n<td>Endeudamiento Neto<\/td>\n<td><a href=\"https:\/\/www.oaxaca.gob.mx\/inpac\/wp-content\/uploads\/sites\/17\/2022\/10\/16.-endeudamiento.pdf\" target=\"_blank\" rel=\"noopener noreferrer\"> Abrir <\/a><\/td>\n<\/tr>\n<tr>\n<td>Intereses de la Deuda<\/td>\n<td><a href=\"https:\/\/www.oaxaca.gob.mx\/inpac\/wp-content\/uploads\/sites\/17\/2022\/10\/17.-intereses-deuda.pdf\" target=\"_blank\" rel=\"noopener noreferrer\"> Abrir <\/a><\/td>\n<\/tr>\n<tr>\n<td>Pasivos Contingentes<\/td>\n<td><a href=\"https:\/\/www.oaxaca.gob.mx\/inpac\/wp-content\/uploads\/sites\/17\/2022\/10\/9.-INFORMES-SOBRE-LOS-PASIVOS-CONTINGENTES-1.pdf\" target=\"_blank\" rel=\"noopener noreferrer\"> Abrir <\/a><\/td>\n<\/tr>\n<tr>\n<th colspan=\"2\">INFORMACI\u00d3N DISCIPLINA FINANCIERA<\/th>\n<\/tr>\n<tr>\n<td>Estado de Situaci\u00f3n Financiera Detallada LDF<\/td>\n<td><a href=\"https:\/\/www.oaxaca.gob.mx\/inpac\/wp-content\/uploads\/sites\/17\/2022\/10\/27.-LDF-5.-INFORME-ANALITICO-DE-OBLIGACIONES.pdf\" target=\"_blank\" rel=\"noopener noreferrer\">Abrir<\/a><\/td>\n<\/tr>\n<tr>\n<td>Informe Analitico de la Deuda P\u00fablica y Otros Pasivos &#8211; LDF<\/td>\n<td><a href=\"https:\/\/www.oaxaca.gob.mx\/inpac\/wp-content\/uploads\/sites\/17\/2022\/10\/27.-LDF-5.-INFORME-ANALITICO-DE-OBLIGACIONES.pdf\" target=\"_blank\" rel=\"noopener noreferrer\">Abrir<\/a><\/td>\n<\/tr>\n<tr>\n<td>Informe Analitico de Obligaciones Diferentes de Financiamiento &#8211; LDF<\/td>\n<td><a href=\"https:\/\/www.oaxaca.gob.mx\/inpac\/wp-content\/uploads\/sites\/17\/2022\/10\/27.-LDF-5.-INFORME-ANALITICO-DE-OBLIGACIONES.pdf\" target=\"_blank\" rel=\"noopener noreferrer\">Abrir<\/a><\/td>\n<\/tr>\n<tr>\n<td>Balance Presupuestario &#8211; LDF<\/td>\n<td><a href=\"https:\/\/www.oaxaca.gob.mx\/inpac\/wp-content\/uploads\/sites\/17\/2022\/10\/27.-LDF-5.-INFORME-ANALITICO-DE-OBLIGACIONES.pdf\" target=\"_blank\" rel=\"noopener noreferrer\">Abrir<\/a><\/td>\n<\/tr>\n<tr>\n<td>Estado Analitico de Ingresos Detallado &#8211; LDF<\/td>\n<td><a href=\"https:\/\/www.oaxaca.gob.mx\/inpac\/wp-content\/uploads\/sites\/17\/2022\/10\/27.-LDF-5.-INFORME-ANALITICO-DE-OBLIGACIONES.pdf\" target=\"_blank\" rel=\"noopener noreferrer\">Abrir<\/a><\/td>\n<\/tr>\n<tr>\n<td>Estado Anal\u00edtico del Ejercicio del Presupuesto de Egresos Detallado -LDF (Casificaci\u00f3n por Objeto de Gasto Capitulo &#8211; Concepto)<\/td>\n<td><a href=\"https:\/\/www.oaxaca.gob.mx\/inpac\/wp-content\/uploads\/sites\/17\/2022\/10\/27.-LDF-5.-INFORME-ANALITICO-DE-OBLIGACIONES.pdf\" target=\"_blank\" rel=\"noopener noreferrer\">Abrir<\/a><\/td>\n<\/tr>\n<tr>\n<td>Estado Anal\u00edtico del Ejercicio del Presupuesto de Egresos Detallado &#8211; LDF ( Clasificaci\u00f3n Administrativa)<\/td>\n<td><a href=\"https:\/\/www.oaxaca.gob.mx\/inpac\/wp-content\/uploads\/sites\/17\/2022\/10\/27.-LDF-5.-INFORME-ANALITICO-DE-OBLIGACIONES.pdf\" target=\"_blank\" rel=\"noopener noreferrer\">Abrir<\/a><\/td>\n<\/tr>\n<tr>\n<td>Estado Anal\u00edticos del Ejercicio del Presupuesto de Egresos Detallado &#8211; LDF (Clasificaci\u00f3n Finalidad y Funci\u00f3n)<\/td>\n<td><a href=\"https:\/\/www.oaxaca.gob.mx\/inpac\/wp-content\/uploads\/sites\/17\/2022\/10\/27.-LDF-5.-INFORME-ANALITICO-DE-OBLIGACIONES.pdf\" target=\"_blank\" rel=\"noopener noreferrer\">Abrir<\/a><\/td>\n<\/tr>\n<tr>\n<td>Estado Anal\u00edtico del Ejercicio del Presupuesto de Egresos Detallado &#8211; LDF (Clasificaci\u00f3n de Servicios Personales por Categor\u00eda)<\/td>\n<td><a href=\"https:\/\/www.oaxaca.gob.mx\/inpac\/wp-content\/uploads\/sites\/17\/2022\/10\/27.-LDF-5.-INFORME-ANALITICO-DE-OBLIGACIONES.pdf\" target=\"_blank\" rel=\"noopener noreferrer\">Abrir<\/a><\/td>\n<\/tr>\n<\/tbody>\n<\/table>\n<\/div>\n<\/div>\n<\/div>\n<\/div>\n<\/div>\n<\/div>\n<\/div>\n<\/div>\n<\/div>\n<\/div>\n<\/div>\n<div><\/div>\n<div class=\"card\">\n<div id=\"collapseTrimestre2021-4\" class=\"collapse show\" aria-labelledby=\"headingTrimestre2021-4\" data-parent=\"#accordion2021\">\n<div>\n<div id=\"accordion2020\" class=\"accordion\">\n<div class=\"card\">\n<div id=\"headingTrimestre1\" class=\"card-header\">\n<h2 class=\"mb-0\"><button class=\"btn btn-link btn-block text-left\" type=\"button\" data-toggle=\"collapse\" data-target=\"#collapseTrimestre1\">CUARTO TRIMESTRE<\/button><\/h2>\n<\/div>\n<div id=\"collapseTrimestre1\" class=\"collapse show\" aria-labelledby=\"headingTrimestre1\" data-parent=\"#accordion2020\">\n<div class=\"card-body\">\n<table class=\"table table-striped\">\n<tbody>\n<tr>\n<th colspan=\"2\"><\/th>\n<\/tr>\n<tr>\n<th colspan=\"2\">INFORMACI\u00d3N CONTABLE<\/th>\n<\/tr>\n<tr>\n<td>Estado de Variaci\u00f3n de la Hacienda P\u00fablica<\/td>\n<td><a href=\"https:\/\/www.oaxaca.gob.mx\/inpac\/wp-content\/uploads\/sites\/17\/2024\/02\/EDO-VARIACION-EN-HAC-PUBLICA.pdf\" target=\"_blank\" rel=\"noopener noreferrer\">Abrir<\/a><\/td>\n<\/tr>\n<tr>\n<td>Estado de Cambios en la Situaci\u00f3n Financiera<\/td>\n<td><a href=\"https:\/\/www.oaxaca.gob.mx\/inpac\/wp-content\/uploads\/sites\/17\/2024\/02\/EDO-CAMBIOS-SITUACION-FINANCIERA.pdf\" target=\"_blank\" rel=\"noopener noreferrer\">Abrir<\/a><\/td>\n<\/tr>\n<tr>\n<td>Estado de Flujo de Efectivo<\/td>\n<td><a href=\"https:\/\/www.oaxaca.gob.mx\/inpac\/wp-content\/uploads\/sites\/17\/2024\/02\/ESTADOS-FLUJOS-DE-EFECTIVO.pdf\" target=\"_blank\" rel=\"noopener noreferrer\">Abrir<\/a><\/td>\n<\/tr>\n<tr>\n<td>Informe sobre Pasivos Contingentes<\/td>\n<td><a href=\"https:\/\/www.oaxaca.gob.mx\/inpac\/wp-content\/uploads\/sites\/17\/2024\/02\/INFORMES-SOBRE-LOS-PASIVOS-CONTINGENTES.pdf\" target=\"_blank\" rel=\"noopener noreferrer\">Abrir<\/a><\/td>\n<\/tr>\n<tr>\n<td>Notas a los Estados Financieros<\/td>\n<td><a href=\"https:\/\/www.oaxaca.gob.mx\/inpac\/wp-content\/uploads\/sites\/17\/2024\/02\/NOTAS-A-LOS-ESTADOS-FINANCIEROS.pdf\" target=\"_blank\" rel=\"noopener noreferrer\">Abrir<\/a><\/td>\n<\/tr>\n<tr>\n<td>Estado Anal\u00edtico del Activo<\/td>\n<td><a href=\"https:\/\/www.oaxaca.gob.mx\/inpac\/wp-content\/uploads\/sites\/17\/2024\/02\/EDO-ANALITICO-DEL-ACTIVO.pdf\" target=\"_blank\" rel=\"noopener noreferrer\">Abrir<\/a><\/td>\n<\/tr>\n<tr>\n<td>Estado Anal\u00edtico de la Deuda y Otros Pasivos<\/td>\n<td><a href=\"https:\/\/www.oaxaca.gob.mx\/inpac\/wp-content\/uploads\/sites\/17\/2024\/02\/EDO-ANALITICO-DE-LA-DEUDA.pdf\" target=\"_blank\" rel=\"noopener noreferrer\">Abrir<\/a><\/td>\n<\/tr>\n<tr>\n<th colspan=\"2\">INFORMACI\u00d3N PRESUPUESTARIA<\/th>\n<\/tr>\n<tr>\n<td>Estado Analitico de Ingresos<\/td>\n<td><a href=\"https:\/\/www.oaxaca.gob.mx\/inpac\/wp-content\/uploads\/sites\/17\/2024\/02\/EDO-ANALI-INGRESOS_.pdf\" target=\"_blank\" rel=\"noopener noreferrer\">Abrir<\/a><\/td>\n<\/tr>\n<tr>\n<td>Estado del Ejercicio Analitico del Presupuesto de Egresos ( Clasificaci\u00f3n Administrativa)<\/td>\n<td><a href=\"https:\/\/www.oaxaca.gob.mx\/inpac\/wp-content\/uploads\/sites\/17\/2024\/02\/CLASIFICACION-ADMINISTRATIVA.pdf\" target=\"_blank\" rel=\"noopener noreferrer\">Abrir<\/a><\/td>\n<\/tr>\n<tr>\n<td>Estado del Ejercicio Analitico del Presupuesto de Egresos ( Clasificaci\u00f3n Economica)<\/td>\n<td><a href=\"https:\/\/www.oaxaca.gob.mx\/inpac\/wp-content\/uploads\/sites\/17\/2024\/02\/CLASIFICACION-ECONOMICA-POR-TIPO-DE-GASTO.pdf\" target=\"_blank\" rel=\"noopener noreferrer\">Abrir<\/a><\/td>\n<\/tr>\n<tr>\n<td>Estado del Ejercicio Analitico del Presupuesto de Egresos ( Clasificaci\u00f3n por Objeto de Gasto)<\/td>\n<td><a href=\"https:\/\/www.oaxaca.gob.mx\/inpac\/wp-content\/uploads\/sites\/17\/2024\/02\/CLASIFICACION-POR-OBJETO-DEL-GASTO-CAPITULO-CONCEPTO.pdf\" target=\"_blank\" rel=\"noopener noreferrer\">Abrir<\/a><\/td>\n<\/tr>\n<tr>\n<td>Estado del Ejercicio Analitico del Presupuesto de Egresos ( Clasificaci\u00f3n Funcional)<\/td>\n<td><a href=\"https:\/\/www.oaxaca.gob.mx\/inpac\/wp-content\/uploads\/sites\/17\/2024\/02\/CLASIFICACION-FUNCIONAL-FINALIDAD-Y-FUNCION-.pdf\" target=\"_blank\" rel=\"noopener noreferrer\">Abrir<\/a><\/td>\n<\/tr>\n<tr>\n<td>Endeudamiento Neto<\/td>\n<td><a href=\"https:\/\/www.oaxaca.gob.mx\/inpac\/wp-content\/uploads\/sites\/17\/2024\/02\/ENDEUDAMIENTO-NETO.pdf\" target=\"_blank\" rel=\"noopener noreferrer\">Abrir<\/a><\/td>\n<\/tr>\n<tr>\n<td>Intereses de la Deuda<\/td>\n<td><a href=\"https:\/\/www.oaxaca.gob.mx\/inpac\/wp-content\/uploads\/sites\/17\/2024\/02\/INTERESES-DE-LA-DEUDA.pdf\" target=\"_blank\" rel=\"noopener noreferrer\">Abrir<\/a><\/td>\n<\/tr>\n<tr>\n<th colspan=\"2\">INFORMACI\u00d3N PROGRAM\u00c1TICA<\/th>\n<\/tr>\n<tr>\n<td>Gasto por Categoria Program\u00e1tica<\/td>\n<td><a href=\"https:\/\/www.oaxaca.gob.mx\/inpac\/wp-content\/uploads\/sites\/17\/2024\/02\/RESUMEN-POR-PROGRAMA-PRESUPUESTARIO.pdf\" target=\"_blank\" rel=\"noopener noreferrer\">Abrir<\/a><\/td>\n<\/tr>\n<tr>\n<td>Programas y Proyectos de Inversi\u00f3n<\/td>\n<td><a href=\"https:\/\/www.oaxaca.gob.mx\/inpac\/wp-content\/uploads\/sites\/17\/2024\/02\/PROGRAMAS-Y-PROYECTOS.pdf\" target=\"_blank\" rel=\"noopener noreferrer\"> Abrir <\/a><\/td>\n<\/tr>\n<tr>\n<td>Indicadores de Postura Fiscal<\/td>\n<td><a href=\"https:\/\/www.oaxaca.gob.mx\/inpac\/wp-content\/uploads\/sites\/17\/2024\/02\/INDICADORES-DE-POSTURA-FISCAL.pdf\" target=\"_blank\" rel=\"noopener noreferrer\"> Abrir <\/a><\/td>\n<\/tr>\n<tr>\n<th colspan=\"2\"><\/th>\n<\/tr>\n<tr>\n<td>Estado de Situaci\u00f3n Financiera Detallada LDF<\/td>\n<td><a href=\"https:\/\/www.oaxaca.gob.mx\/inpac\/wp-content\/uploads\/sites\/17\/2024\/02\/EDO-SITUACION-FINANCIERA-LDF.pdf\" target=\"_blank\" rel=\"noopener noreferrer\">Abrir<\/a><\/td>\n<\/tr>\n<tr>\n<td>Informe Analitico de la Deuda P\u00fablica y Otros Pasivos &#8211; LDF<\/td>\n<td><a href=\"https:\/\/www.oaxaca.gob.mx\/inpac\/wp-content\/uploads\/sites\/17\/2024\/02\/INFORME-ANALITICO-DE-LA-DEUDA-LDF.pdf\" target=\"_blank\" rel=\"noopener noreferrer\">Abrir<\/a><\/td>\n<\/tr>\n<tr>\n<td>Informe Analitico de Obligaciones Diferentes de Financiamiento &#8211; LDF<\/td>\n<td><a href=\"https:\/\/www.oaxaca.gob.mx\/inpac\/wp-content\/uploads\/sites\/17\/2024\/02\/INFORME-ANALITICO-DE-OBLIGACIONES-LDF.pdf\" target=\"_blank\" rel=\"noopener noreferrer\">Abrir<\/a><\/td>\n<\/tr>\n<tr>\n<td>Balance Presupuestario &#8211; LDF<\/td>\n<td><a href=\"https:\/\/www.oaxaca.gob.mx\/inpac\/wp-content\/uploads\/sites\/17\/2024\/02\/BALANCE-PRESUPUESTARIO-LDF.pdf\" target=\"_blank\" rel=\"noopener noreferrer\">Abrir<\/a><\/td>\n<\/tr>\n<tr>\n<td>Estado Analitico de Ingresos Detallado &#8211; LDF<\/td>\n<td><a href=\"https:\/\/www.oaxaca.gob.mx\/inpac\/wp-content\/uploads\/sites\/17\/2024\/02\/EDO-ANALI-INGRESOS_LDF.pdf\" target=\"_blank\" rel=\"noopener noreferrer\">Abrir<\/a><\/td>\n<\/tr>\n<tr>\n<td>Estado Anal\u00edtico del Ejercicio del Presupuesto de Egresos Detallado -LDF (Casificaci\u00f3n por Objeto de Gasto Capitulo &#8211; Concepto)<\/td>\n<td><a href=\"https:\/\/www.oaxaca.gob.mx\/inpac\/wp-content\/uploads\/sites\/17\/2024\/02\/EDO-ANALITICO-OBJ-DEL-GSTO-LDF.pdf\" target=\"_blank\" rel=\"noopener noreferrer\">Abrir<\/a><\/td>\n<\/tr>\n<tr>\n<td>Estado Anal\u00edtico del Ejercicio del Presupuesto de Egresos Detallado &#8211; LDF ( Clasificaci\u00f3n Administrativa)<\/td>\n<td><a href=\"https:\/\/www.oaxaca.gob.mx\/inpac\/wp-content\/uploads\/sites\/17\/2024\/02\/EDO-ANALI-CLASIFICACION-ADMVTA-LDF.pdf\" target=\"_blank\" rel=\"noopener noreferrer\">Abrir<\/a><\/td>\n<\/tr>\n<tr>\n<td>Estado Anal\u00edticos del Ejercicio del Presupuesto de Egresos Detallado &#8211; LDF (Clasificaci\u00f3n Finalidad y Funci\u00f3n)<\/td>\n<td><a href=\"https:\/\/www.oaxaca.gob.mx\/inpac\/wp-content\/uploads\/sites\/17\/2024\/02\/EDO-ANALI-CLASIFICACION-FUNCIONAL-LDF.pdf\" target=\"_blank\" rel=\"noopener noreferrer\">Abrir<\/a><\/td>\n<\/tr>\n<tr>\n<td>Estado Anal\u00edtico del Ejercicio del Presupuesto de Egresos Detallado &#8211; LDF (Clasificaci\u00f3n de Servicios Personales por Categor\u00eda)<\/td>\n<td><a href=\"https:\/\/www.oaxaca.gob.mx\/inpac\/wp-content\/uploads\/sites\/17\/2024\/02\/EDO-ANALI-SERV-PERSONALES-LDF.pdf\" target=\"_blank\" rel=\"noopener noreferrer\">Abrir<\/a><\/td>\n<\/tr>\n<\/tbody>\n<\/table>\n<\/div>\n<\/div>\n<\/div>\n<\/div>\n<\/div>\n<div><\/div>\n<div class=\"card-body\"><div class=\"su-heading su-heading-style-default su-heading-align-center\" id=\"\" style=\"font-size:26px;margin-bottom:10px\"><div class=\"su-heading-inner\">2021<\/div><\/div><\/div>\n<\/div>\n<div><div class=\"su-accordion su-u-trim\"><\/div><\/div>\n<div>\n<div class=\"card\">\n<div id=\"headingTrimestre2021-1\" class=\"card-header\">\n<h2 class=\"mb-0\"><button class=\"btn btn-link btn-block text-left\" type=\"button\" data-toggle=\"collapse\" data-target=\"#collapseTrimestre2021-1\">PRIMER TRIMESTRE<\/button><\/h2>\n<\/div>\n<\/div>\n<div class=\"card\">\n<table class=\"table table-striped\">\n<tbody>\n<tr>\n<th colspan=\"2\">INFORMACI\u00d3N FINANCIERA<\/th>\n<\/tr>\n<tr>\n<td>Estado de Situaci\u00f3n Financiera<\/td>\n<td><a href=\"https:\/\/www.oaxaca.gob.mx\/inpac\/wp-content\/uploads\/sites\/17\/2022\/04\/SEGUNDO-TRIMESTRE-2021-INFORMACION-FINANCIERA0001.pdf\"> Abrir <\/a><\/td>\n<\/tr>\n<\/tbody>\n<\/table>\n<table class=\"table table-striped\">\n<tbody>\n<tr>\n<td>Avance de Gesti\u00f3n<\/td>\n<td><a href=\"https:\/\/www.oaxaca.gob.mx\/inpac\/wp-content\/uploads\/sites\/17\/2021\/10\/PRIMER-TRIMESTRE-2021.pdf\">Abrir<\/a><\/td>\n<\/tr>\n<\/tbody>\n<\/table>\n<\/div>\n<\/div>\n<\/div>\n<\/div>\n<div>\n<h2 class=\"mb-0\"><button class=\"btn btn-link btn-block text-left\" type=\"button\" data-toggle=\"collapse\" data-target=\"#collapseTrimestre2021-2\">SEGUNDO TRIMESTRE<\/button><\/h2>\n<\/div>\n<div>\n<div class=\"card\">\n<div id=\"headingTrimestre2021-1\" class=\"card-header\">\n<table class=\"table table-striped\">\n<tbody>\n<tr>\n<th colspan=\"2\">INFORMACI\u00d3N FINANCIERA<\/th>\n<\/tr>\n<tr>\n<td>Estado de Situaci\u00f3n Financiera<\/td>\n<td><a href=\"https:\/\/www.oaxaca.gob.mx\/inpac\/wp-content\/uploads\/sites\/17\/2022\/04\/PRIMER-TRIMESTRE-2021-INFORMACION-FINANCIERA0001.pdf\"><i class=\"fas fa-external-link-alt\"><\/i>Abrir<\/a><\/td>\n<\/tr>\n<\/tbody>\n<\/table>\n<\/div>\n<div id=\"collapseTrimestre2021-1\" class=\"collapse show\" aria-labelledby=\"headingTrimestre2021-1\" data-parent=\"#accordion2021\">\n<div class=\"card-body\">\n<table class=\"table table-striped\">\n<tbody>\n<tr>\n<td>Avance de Gesti\u00f3n<\/td>\n<td><a href=\"https:\/\/www.oaxaca.gob.mx\/inpac\/wp-content\/uploads\/sites\/17\/2021\/10\/SEGUNDO-TRIMESTRE-2021.pdf\"><i class=\"fas fa-external-link-alt\"><\/i>Abrir<\/a><\/td>\n<\/tr>\n<\/tbody>\n<\/table>\n<\/div>\n<\/div>\n<\/div>\n<\/div>\n<div id=\"accordion2021\" class=\"accordion\">\n<div class=\"card\">\n<div id=\"headingTrimestre2021-3\" class=\"card-header\">\n<h2 class=\"mb-0\"><button class=\"btn btn-link btn-block text-left\" type=\"button\" data-toggle=\"collapse\" data-target=\"#collapseTrimestre2021-3\">TERCER TRIMESTRE<\/button><\/h2>\n<\/div>\n<table class=\"table table-striped\">\n<tbody>\n<tr>\n<th colspan=\"2\">INFORMACI\u00d3N FINANCIERA<\/th>\n<\/tr>\n<tr>\n<td>Estado de Situaci\u00f3n Financiera<\/td>\n<td><a href=\"https:\/\/www.oaxaca.gob.mx\/inpac\/wp-content\/uploads\/sites\/17\/2022\/04\/TERCER-TRIMESTRE-2021-INFORMACION-FINANCIERA0001.pdf\"> <i class=\"fas fa-external-link-alt\"><\/i> Abrir <\/a><\/td>\n<\/tr>\n<\/tbody>\n<\/table>\n<table class=\"table table-striped\">\n<tbody>\n<tr>\n<td>Avance de Gesti\u00f3n<\/td>\n<td><a href=\"https:\/\/www.oaxaca.gob.mx\/inpac\/wp-content\/uploads\/sites\/17\/2021\/10\/TERCER-TRIMESTRE-2021.pdf\"><i class=\"fas fa-external-link-alt\"><\/i>Abrir<\/a><\/td>\n<\/tr>\n<\/tbody>\n<\/table>\n<\/div>\n<div class=\"card\">\n<div id=\"headingTrimestre2021-4\" class=\"card-header\">\n<h2 class=\"mb-0\"><button class=\"btn btn-link btn-block text-left\" type=\"button\" data-toggle=\"collapse\" data-target=\"#collapseTrimestre2021-4\">CUARTO TRIMESTRE<\/button><\/h2>\n<\/div>\n<table class=\"table table-striped\">\n<tbody>\n<tr>\n<th colspan=\"2\">INFORMACI\u00d3N FINANCIERA<\/th>\n<\/tr>\n<tr>\n<td>Estado de Situaci\u00f3n Financiera<\/td>\n<td><a href=\"https:\/\/www.oaxaca.gob.mx\/inpac\/wp-content\/uploads\/sites\/17\/2022\/04\/EdoSituacionFinaciera4trimestre.pdf\" target=\"_blank\" rel=\"noopener noreferrer\"> <i class=\"fas fa-external-link-alt\"><\/i> Abrir <\/a><\/td>\n<\/tr>\n<\/tbody>\n<\/table>\n<table class=\"table table-striped\">\n<tbody>\n<tr>\n<td>Avance de Gesti\u00f3n<\/td>\n<td><a href=\"https:\/\/www.oaxaca.gob.mx\/inpac\/wp-content\/uploads\/sites\/17\/2022\/11\/4-AVANCE-DE-GESTION-2021.pdf\"><i class=\"fas fa-external-link-alt\"><\/i>Abrir<\/a><\/td>\n<\/tr>\n<\/tbody>\n<\/table>\n<\/div>\n<\/div>\n<div class=\"su-heading su-heading-style-default su-heading-align-center\" id=\"\" style=\"font-size:26px;margin-bottom:10px\"><div class=\"su-heading-inner\">2020<\/div><\/div>\n<div id=\"accordion2020\" class=\"accordion\">\n<div class=\"card\">\n<div id=\"headingTrimestre1\" class=\"card-header\">\n<h2 class=\"mb-0\"><button class=\"btn btn-link btn-block text-left\" type=\"button\" data-toggle=\"collapse\" data-target=\"#collapseTrimestre1\">PRIMER TRIMESTRE<\/button><\/h2>\n<\/div>\n<div id=\"collapseTrimestre1\" class=\"collapse show\" aria-labelledby=\"headingTrimestre1\" data-parent=\"#accordion2020\">\n<div class=\"card-body\">\n<table class=\"table table-striped\">\n<tbody>\n<tr>\n<th colspan=\"2\">INFORMACI\u00d3N FINANCIERA<\/th>\n<\/tr>\n<tr>\n<td>Estado de Situaci\u00f3n Financiera<\/td>\n<td><a href=\"https:\/\/www.oaxaca.gob.mx\/inpac\/wp-content\/uploads\/sites\/17\/2020\/08\/1-ESTADO-DE-SITUACION-FINANCIERA.pdf\" target=\"_blank\" rel=\"noopener noreferrer\"> <i class=\"fas fa-external-link-alt\"><\/i> Abrir <\/a><\/td>\n<\/tr>\n<tr>\n<td>Estado de Variaci\u00f3n de la Hacienda P\u00fablica<\/td>\n<td><a href=\"https:\/\/www.oaxaca.gob.mx\/inpac\/wp-content\/uploads\/sites\/17\/2020\/08\/2-ESTADO-DE-VARIACION-DE-LA-HACIENDA-PUBLICA.pdf\" target=\"_blank\" rel=\"noopener noreferrer\"> <i class=\"fas fa-external-link-alt\"><\/i> Abrir <\/a><\/td>\n<\/tr>\n<tr>\n<td>Estado Anal\u00edtico del Activo<\/td>\n<td><a href=\"https:\/\/www.oaxaca.gob.mx\/inpac\/wp-content\/uploads\/sites\/17\/2020\/08\/3-ESTADO-ANALITICO-DEL-ACTIVO.pdf\" target=\"_blank\" rel=\"noopener noreferrer\"> <i class=\"fas fa-external-link-alt\"><\/i> Abrir <\/a><\/td>\n<\/tr>\n<tr>\n<td>Estado de Cambios en la Situaci\u00f3n Financiera<\/td>\n<td><a href=\"https:\/\/www.oaxaca.gob.mx\/inpac\/wp-content\/uploads\/sites\/17\/2020\/08\/4-ESTADO-DE-CAMBIOS-EN-LA-SITUACION-FINANCIERA.pdf\" target=\"_blank\" rel=\"noopener noreferrer\"> <i class=\"fas fa-external-link-alt\"><\/i> Abrir <\/a><\/td>\n<\/tr>\n<tr>\n<td>Estado de Flujo de Efectivo<\/td>\n<td><a href=\"https:\/\/www.oaxaca.gob.mx\/inpac\/wp-content\/uploads\/sites\/17\/2020\/08\/5-ESTADO-DE-FLUJO-DE-EFECTIVO.pdf\" target=\"_blank\" rel=\"noopener noreferrer\"> <i class=\"fas fa-external-link-alt\"><\/i> Abrir <\/a><\/td>\n<\/tr>\n<tr>\n<td>Notas a los Estados Financieros<\/td>\n<td><a href=\"https:\/\/www.oaxaca.gob.mx\/inpac\/wp-content\/uploads\/sites\/17\/2020\/08\/6-NOTAS-A-LOS-ESTADOS-FINANCIEROS.pdf\" target=\"_blank\" rel=\"noopener noreferrer\"> <i class=\"fas fa-external-link-alt\"><\/i> Abrir <\/a><\/td>\n<\/tr>\n<tr>\n<td>Estado Anal\u00edtico de los Ingresos<\/td>\n<td><a href=\"https:\/\/www.oaxaca.gob.mx\/inpac\/wp-content\/uploads\/sites\/17\/2020\/08\/7-ESTADO-ANALITICO-DE-LOS-INGRESOS.pdf\" target=\"_blank\" rel=\"noopener noreferrer\"> <i class=\"fas fa-external-link-alt\"><\/i> Abrir <\/a><\/td>\n<\/tr>\n<tr>\n<td>Estado de Actividades<\/td>\n<td><a href=\"https:\/\/www.oaxaca.gob.mx\/inpac\/wp-content\/uploads\/sites\/17\/2020\/08\/8-ESTADO-DE-ACTIVIDADES.pdf\" target=\"_blank\" rel=\"noopener noreferrer\"> <i class=\"fas fa-external-link-alt\"><\/i> Abrir <\/a><\/td>\n<\/tr>\n<tr>\n<td>Clasificaci\u00f3n Administrativa<\/td>\n<td><a href=\"https:\/\/www.oaxaca.gob.mx\/inpac\/wp-content\/uploads\/sites\/17\/2020\/08\/9-CLASIFICACION-ADMINISTRATIVA.pdf\" target=\"_blank\" rel=\"noopener noreferrer\"> <i class=\"fas fa-external-link-alt\"><\/i> Abrir <\/a><\/td>\n<\/tr>\n<tr>\n<td>Clasificaci\u00f3n Econ\u00f3mica (Tipo de Gasto)<\/td>\n<td><a href=\"https:\/\/www.oaxaca.gob.mx\/inpac\/wp-content\/uploads\/sites\/17\/2020\/08\/10-CLASIFICACION-ECONOMICA-TIPO-DE-GASTO.pdf\" target=\"_blank\" rel=\"noopener noreferrer\"> <i class=\"fas fa-external-link-alt\"><\/i> Abrir <\/a><\/td>\n<\/tr>\n<tr>\n<td>Clasificador por Objeto del Gasto<\/td>\n<td><a href=\"https:\/\/www.oaxaca.gob.mx\/inpac\/wp-content\/uploads\/sites\/17\/2020\/08\/11-CLASIFICACION-POR-OBJETO-DEL-GASTO.pdf\" target=\"_blank\" rel=\"noopener noreferrer\"> <i class=\"fas fa-external-link-alt\"><\/i> Abrir <\/a><\/td>\n<\/tr>\n<tr>\n<td>Clasificaci\u00f3n Program\u00e1tica<\/td>\n<td><a href=\"https:\/\/www.oaxaca.gob.mx\/inpac\/wp-content\/uploads\/sites\/17\/2020\/08\/12-CLASIFICACION-PROGRAMATICA.pdf\" target=\"_blank\" rel=\"noopener noreferrer\"> <i class=\"fas fa-external-link-alt\"><\/i> Abrir <\/a><\/td>\n<\/tr>\n<tr>\n<td>Clasificaci\u00f3n Funcional<\/td>\n<td><a href=\"https:\/\/www.oaxaca.gob.mx\/inpac\/wp-content\/uploads\/sites\/17\/2020\/08\/13-CLASIFICACION-FUNCIONAL.pdf\" target=\"_blank\" rel=\"noopener noreferrer\"> <i class=\"fas fa-external-link-alt\"><\/i> Abrir <\/a><\/td>\n<\/tr>\n<tr>\n<td>Estado Anal\u00edtico de la Deuda y Otros Pasivos<\/td>\n<td><a href=\"https:\/\/www.oaxaca.gob.mx\/inpac\/wp-content\/uploads\/sites\/17\/2020\/08\/14-ESTADO-ANALITICO-DE-LA-DEUDA-Y-OTROS-PASIVOS.pdf\" target=\"_blank\" rel=\"noopener noreferrer\"> <i class=\"fas fa-external-link-alt\"><\/i> Abrir <\/a><\/td>\n<\/tr>\n<tr>\n<td>Endeudamiento Neto<\/td>\n<td><a href=\"https:\/\/www.oaxaca.gob.mx\/inpac\/wp-content\/uploads\/sites\/17\/2020\/08\/15-ENDEUDAMIENTO-NETO.pdf\" target=\"_blank\" rel=\"noopener noreferrer\"> <i class=\"fas fa-external-link-alt\"><\/i> Abrir <\/a><\/td>\n<\/tr>\n<tr>\n<td>Intereses de la Deuda<\/td>\n<td><a href=\"https:\/\/www.oaxaca.gob.mx\/inpac\/wp-content\/uploads\/sites\/17\/2020\/08\/16-INTERES-DE-LA-DEUDA.pdf\" target=\"_blank\" rel=\"noopener noreferrer\"> <i class=\"fas fa-external-link-alt\"><\/i> Abrir <\/a><\/td>\n<\/tr>\n<tr>\n<td>Pasivos Contingentes<\/td>\n<td><a href=\"https:\/\/www.oaxaca.gob.mx\/inpac\/wp-content\/uploads\/sites\/17\/2020\/08\/17-PASIVOS-CONTINGENTES.pdf\" target=\"_blank\" rel=\"noopener noreferrer\"> <i class=\"fas fa-external-link-alt\"><\/i> Abrir <\/a><\/td>\n<\/tr>\n<tr>\n<th colspan=\"2\">INFORMACI\u00d3N DISCIPLINA FINANCIERA<\/th>\n<\/tr>\n<tr>\n<td>Estado de Situaci\u00f3n Financiera Detallada LDF<\/td>\n<td><a href=\"https:\/\/www.oaxaca.gob.mx\/inpac\/wp-content\/uploads\/sites\/17\/2020\/08\/1-ESTADO-DE-SITUACION-FINANCIERA-DETALLADA-LDF.pdf\" target=\"_blank\" rel=\"noopener noreferrer\"> <i class=\"fas fa-external-link-alt\"><\/i> Abrir <\/a><\/td>\n<\/tr>\n<tr>\n<td>Informe Analitico de la Deuda P\u00fablica y Otros Pasivos &#8211; LDF<\/td>\n<td><a href=\"https:\/\/www.oaxaca.gob.mx\/inpac\/wp-content\/uploads\/sites\/17\/2020\/08\/2-INFORME-ANALITICO-DE-LA-DEUDA-PUBLICA-Y-OTROS-PASIVOS-LDF.pdf\" target=\"_blank\" rel=\"noopener noreferrer\"> <i class=\"fas fa-external-link-alt\"><\/i> Abrir <\/a><\/td>\n<\/tr>\n<tr>\n<td>Informe Analitico de Obligaciones Diferentes de Financiamiento &#8211; LDF<\/td>\n<td><a href=\"https:\/\/www.oaxaca.gob.mx\/inpac\/wp-content\/uploads\/sites\/17\/2020\/08\/3-INFORME-ANALITICO-DE-OBLIGACIONES-DIFERENTES-DE-FINANCIAMIENTO-LDF.pdf\" target=\"_blank\" rel=\"noopener noreferrer\"> <i class=\"fas fa-external-link-alt\"><\/i> Abrir <\/a><\/td>\n<\/tr>\n<tr>\n<td>Balance Presupuestario &#8211; LDF<\/td>\n<td><a href=\"https:\/\/www.oaxaca.gob.mx\/inpac\/wp-content\/uploads\/sites\/17\/2020\/08\/4-BALANCE-PRESUPUESTARIO-LDF.pdf\" target=\"_blank\" rel=\"noopener noreferrer\"> <i class=\"fas fa-external-link-alt\"><\/i> Abrir <\/a><\/td>\n<\/tr>\n<tr>\n<td>Estado Analitico de Ingresos Detallado &#8211; LDF<\/td>\n<td><a href=\"https:\/\/www.oaxaca.gob.mx\/inpac\/wp-content\/uploads\/sites\/17\/2020\/08\/5-ESTADO-ANALITICO-DE-INGRESO-DETALLADO-LDF.pdf\" target=\"_blank\" rel=\"noopener noreferrer\"> <i class=\"fas fa-external-link-alt\"><\/i> Abrir <\/a><\/td>\n<\/tr>\n<tr>\n<td>Estado Anal\u00edtico del Ejercicio del Presupuesto de Egresos Detallado -LDF (Casificaci\u00f3n por Objeto de Gasto Capitulo &#8211; Concepto)<\/td>\n<td><a href=\"https:\/\/www.oaxaca.gob.mx\/inpac\/wp-content\/uploads\/sites\/17\/2020\/08\/31-ESTADO-ANALITICO-DEL-EJERCICIO-DEL-PRESUPUESTO-DE-EGRESOS-DETALLADO-LDF.pdf\" target=\"_blank\" rel=\"noopener noreferrer\"> <i class=\"fas fa-external-link-alt\"><\/i> Abrir <\/a><\/td>\n<\/tr>\n<tr>\n<td>Estado Anal\u00edtico del Ejercicio del Presupuesto de Egresos Detallado &#8211; LDF ( Clasificaci\u00f3n Administrativa)<\/td>\n<td><a href=\"https:\/\/www.oaxaca.gob.mx\/inpac\/wp-content\/uploads\/sites\/17\/2020\/08\/32.-6a-ESTADO-ANALITICO-DEL-EJERCICIO-DEL-PRESUPUESTO-DE-EGRESOS-DETALLADO-LDF.pdf\" target=\"_blank\" rel=\"noopener noreferrer\"> <i class=\"fas fa-external-link-alt\"><\/i> Abrir <\/a><\/td>\n<\/tr>\n<tr>\n<td>Estado Anal\u00edticos del Ejercicio del Presupuesto de Egresos Detallado &#8211; LDF (Clasificaci\u00f3n Finalidad y Funci\u00f3n)<\/td>\n<td><a href=\"https:\/\/www.oaxaca.gob.mx\/inpac\/wp-content\/uploads\/sites\/17\/2020\/08\/33.xlsx-ESTADOS-ANALITICOS-DEL-EJERCICIO-DEL-PRESUPUESTO-DE-EGRESOS-DETALLADO-LDF.pdf\" target=\"_blank\" rel=\"noopener noreferrer\"> <i class=\"fas fa-external-link-alt\"><\/i> Abrir <\/a><\/td>\n<\/tr>\n<tr>\n<td>Estado Anal\u00edtico del Ejercicio del Presupuesto de Egresos Detallado &#8211; LDF (Clasificaci\u00f3n de Servicios Personales por Categor\u00eda)<\/td>\n<td><a href=\"https:\/\/www.oaxaca.gob.mx\/inpac\/wp-content\/uploads\/sites\/17\/2020\/08\/Libro-1-ESTADO-ANALITICO-DEL-EJERCICIO-DEL-PRESUPUESTO-DE-EGRESOS-DETALLADO-LDF.pdf\" target=\"_blank\" rel=\"noopener noreferrer\"> <i class=\"fas fa-external-link-alt\"><\/i> Abrir <\/a><\/td>\n<\/tr>\n<\/tbody>\n<\/table>\n<\/div>\n<\/div>\n<\/div>\n<div class=\"card\">\n<div id=\"headingTrimestre2\" class=\"card-header\">\n<h2 class=\"mb-0\"><button class=\"btn btn-link btn-block text-left\" type=\"button\" data-toggle=\"collapse\" data-target=\"#collapseTrimestre2\">SEGUNDO TRIMESTRE<\/button><\/h2>\n<\/div>\n<div id=\"collapseTrimestre2\" class=\"collapse show\" aria-labelledby=\"headingTrimestre2\" data-parent=\"#accordion2020\">\n<div class=\"card-body\">\n<table class=\"table table-striped\">\n<tbody>\n<tr>\n<th colspan=\"2\">INFORMACI\u00d3N FINANCIERA<\/th>\n<\/tr>\n<tr>\n<td>Estado de Situaci\u00f3n Financieral<\/td>\n<td><a href=\"https:\/\/www.oaxaca.gob.mx\/inpac\/wp-content\/uploads\/sites\/17\/2020\/08\/1.-2ESTADO-DE-SITUACION-FINANCIERA_repaired.pdf\" target=\"_blank\" rel=\"noopener noreferrer\"> <i class=\"fas fa-external-link-alt\"><\/i> Abrir <\/a><\/td>\n<\/tr>\n<tr>\n<td>Estado de Variaci\u00f3n de la Hacienda P\u00fablica<\/td>\n<td><a href=\"https:\/\/www.oaxaca.gob.mx\/inpac\/wp-content\/uploads\/sites\/17\/2020\/08\/2.-2ESTADO-DE-VARIACION-DE-LA-HACIENDA-PUBLICA.pdf\" target=\"_blank\" rel=\"noopener noreferrer\"> <i class=\"fas fa-external-link-alt\"><\/i> Abrir <\/a><\/td>\n<\/tr>\n<tr>\n<td>Estado Anal\u00edtico del Activo<\/td>\n<td><a href=\"https:\/\/www.oaxaca.gob.mx\/inpac\/wp-content\/uploads\/sites\/17\/2020\/08\/3.-2ESTADO-ANALITICO-DEL-ACTIVO.pdf\" target=\"_blank\" rel=\"noopener noreferrer\"> <i class=\"fas fa-external-link-alt\"><\/i> Abrir <\/a><\/td>\n<\/tr>\n<tr>\n<td>Estado de Cambios en la Situaci\u00f3n Financiera<\/td>\n<td><a href=\"https:\/\/www.oaxaca.gob.mx\/inpac\/wp-content\/uploads\/sites\/17\/2020\/08\/4.-2ESTADO-DE-CAMBIOS-EN-LA-SITUACION-FINANCIERA.pdf\" target=\"_blank\" rel=\"noopener noreferrer\"> <i class=\"fas fa-external-link-alt\"><\/i> Abrir <\/a><\/td>\n<\/tr>\n<tr>\n<td>Estado de Flujo de Efectivo<\/td>\n<td><a href=\"https:\/\/www.oaxaca.gob.mx\/inpac\/wp-content\/uploads\/sites\/17\/2020\/08\/5.-2ESTADO-DE-FLUJO-DE-EFECTIVO.pdf\" target=\"_blank\" rel=\"noopener noreferrer\"> <i class=\"fas fa-external-link-alt\"><\/i> Abrir <\/a><\/td>\n<\/tr>\n<tr>\n<td>Notas a los Estados Financieros<\/td>\n<td><a href=\"https:\/\/www.oaxaca.gob.mx\/inpac\/wp-content\/uploads\/sites\/17\/2020\/08\/6.-2NOTAS-A-LOS-ESTADOS-FINANCIEROS.pdf\" target=\"_blank\" rel=\"noopener noreferrer\"> <i class=\"fas fa-external-link-alt\"><\/i> Abrir <\/a><\/td>\n<\/tr>\n<tr>\n<td>Estado Anal\u00edtico de los Ingresos<\/td>\n<td><a href=\"https:\/\/www.oaxaca.gob.mx\/inpac\/wp-content\/uploads\/sites\/17\/2020\/08\/7.-2ESTADO-ANALITICO-DE-LOS-INGRESOS.pdf\" target=\"_blank\" rel=\"noopener noreferrer\"> <i class=\"fas fa-external-link-alt\"><\/i> Abrir <\/a><\/td>\n<\/tr>\n<tr>\n<td>Estado de Actividades<\/td>\n<td><a href=\"https:\/\/www.oaxaca.gob.mx\/inpac\/wp-content\/uploads\/sites\/17\/2020\/08\/8.-2ESTADO-DE-ACTIVIDADES.pdf\" target=\"_blank\" rel=\"noopener noreferrer\"> <i class=\"fas fa-external-link-alt\"><\/i> Abrir <\/a><\/td>\n<\/tr>\n<tr>\n<td>Clasificaci\u00f3n Administrativa<\/td>\n<td><a href=\"https:\/\/www.oaxaca.gob.mx\/inpac\/wp-content\/uploads\/sites\/17\/2020\/08\/9.-2CLASIFICACION-ADMINISTRATIVA.pdf\" target=\"_blank\" rel=\"noopener noreferrer\"> <i class=\"fas fa-external-link-alt\"><\/i> Abrir <\/a><\/td>\n<\/tr>\n<tr>\n<td>Clasificaci\u00f3n Econ\u00f3mica (Tipo de Gasto)<\/td>\n<td><a href=\"https:\/\/www.oaxaca.gob.mx\/inpac\/wp-content\/uploads\/sites\/17\/2020\/08\/10.-2CLASIFICACION-ECONOMICA-TIPO-DE-GASTO.pdf\" target=\"_blank\" rel=\"noopener noreferrer\"> <i class=\"fas fa-external-link-alt\"><\/i> Abrir <\/a><\/td>\n<\/tr>\n<tr>\n<td>Clasificador por Objeto del Gasto<\/td>\n<td><a href=\"https:\/\/www.oaxaca.gob.mx\/inpac\/wp-content\/uploads\/sites\/17\/2020\/08\/11.-2CLASIFICACION-POR-OBJETO-DEL-GASTO.pdf\" target=\"_blank\" rel=\"noopener noreferrer\"> <i class=\"fas fa-external-link-alt\"><\/i> Abrir <\/a><\/td>\n<\/tr>\n<tr>\n<td>Clasificaci\u00f3n Program\u00e1tica<\/td>\n<td><a href=\"https:\/\/www.oaxaca.gob.mx\/inpac\/wp-content\/uploads\/sites\/17\/2020\/08\/12.-2CLASIFICACION-PROGRAMATICA.pdf\" target=\"_blank\" rel=\"noopener noreferrer\"> <i class=\"fas fa-external-link-alt\"><\/i> Abrir <\/a><\/td>\n<\/tr>\n<tr>\n<td>Clasificaci\u00f3n Funcional<\/td>\n<td><a href=\"https:\/\/www.oaxaca.gob.mx\/inpac\/wp-content\/uploads\/sites\/17\/2020\/08\/13.-2CLASIFICACION-FUNCIONAL.pdf\" target=\"_blank\" rel=\"noopener noreferrer\"> <i class=\"fas fa-external-link-alt\"><\/i> Abrir <\/a><\/td>\n<\/tr>\n<tr>\n<td>Estado Anal\u00edtico de la Deuda y Otros Pasivos<\/td>\n<td><a href=\"https:\/\/www.oaxaca.gob.mx\/inpac\/wp-content\/uploads\/sites\/17\/2020\/08\/14.-2ESTADO-ANALITICO-DE-LA-DEUDA-Y-OTROS-PASIVOS.pdf\" target=\"_blank\" rel=\"noopener noreferrer\"> <i class=\"fas fa-external-link-alt\"><\/i> Abrir <\/a><\/td>\n<\/tr>\n<tr>\n<td>Endeudamiento Neto<\/td>\n<td><a href=\"https:\/\/www.oaxaca.gob.mx\/inpac\/wp-content\/uploads\/sites\/17\/2020\/08\/15.-2ENDEUDAMIENTO-NETO.pdf\" target=\"_blank\" rel=\"noopener noreferrer\"> <i class=\"fas fa-external-link-alt\"><\/i> Abrir <\/a><\/td>\n<\/tr>\n<tr>\n<td>Intereses de la Deuda<\/td>\n<td><a href=\"https:\/\/www.oaxaca.gob.mx\/inpac\/wp-content\/uploads\/sites\/17\/2020\/08\/16.-2INTERESES-DE-LA-DEUDA.pdf\" target=\"_blank\" rel=\"noopener noreferrer\"> <i class=\"fas fa-external-link-alt\"><\/i> Abrir <\/a><\/td>\n<\/tr>\n<tr>\n<td>Pasivos Contingentes<\/td>\n<td><a href=\"https:\/\/www.oaxaca.gob.mx\/inpac\/wp-content\/uploads\/sites\/17\/2020\/08\/17.-2PASIVOS-CONTINGENTES.pdf\" target=\"_blank\" rel=\"noopener noreferrer\"> <i class=\"fas fa-external-link-alt\"><\/i> Abrir <\/a><\/td>\n<\/tr>\n<tr>\n<th colspan=\"2\">INFORMACI\u00d3N DISCIPLINA FINANCIERA<\/th>\n<\/tr>\n<tr>\n<td>Estado de Situaci\u00f3n Financiera Detallada LDF<\/td>\n<td><a href=\"https:\/\/www.oaxaca.gob.mx\/inpac\/wp-content\/uploads\/sites\/17\/2020\/08\/1.-2ESTADO-DE-SITUACION-FINANCIERA-DETALLADA-LDF.pdf\" target=\"_blank\" rel=\"noopener noreferrer\"> <i class=\"fas fa-external-link-alt\"><\/i> Abrir <\/a><\/td>\n<\/tr>\n<tr>\n<td>Informe Analitico de la Deuda P\u00fablica y Otros Pasivos &#8211; LDF<\/td>\n<td><a href=\"https:\/\/www.oaxaca.gob.mx\/inpac\/wp-content\/uploads\/sites\/17\/2020\/08\/2.-2INFORME-ANALITICO-DE-LA-DEUDA-PUBLICA-Y-OTROS-PASIVOS-LDF.pdf\" target=\"_blank\" rel=\"noopener noreferrer\"> <i class=\"fas fa-external-link-alt\"><\/i> Abrir <\/a><\/td>\n<\/tr>\n<tr>\n<td>Informe Analitico de Obligaciones Diferentes de Financiamiento &#8211; LDF<\/td>\n<td><a href=\"https:\/\/www.oaxaca.gob.mx\/inpac\/wp-content\/uploads\/sites\/17\/2020\/08\/3.-2INFORME-ANALITICO-DE-OBLIGACIONES-DIFERENTES-DE-FINANCIAMIENTO-LDF.pdf\" target=\"_blank\" rel=\"noopener noreferrer\"> <i class=\"fas fa-external-link-alt\"><\/i> Abrir <\/a><\/td>\n<\/tr>\n<tr>\n<td>Balance Presupuestario &#8211; LDF<\/td>\n<td><a href=\"https:\/\/www.oaxaca.gob.mx\/inpac\/wp-content\/uploads\/sites\/17\/2020\/08\/4.-2BALANCE-PRESUPUESTARIO-LDF.pdf\" target=\"_blank\" rel=\"noopener noreferrer\"> <i class=\"fas fa-external-link-alt\"><\/i> Abrir <\/a><\/td>\n<\/tr>\n<tr>\n<td>Estado Analitico de Ingresos Detallado &#8211; LDF<\/td>\n<td><a href=\"https:\/\/www.oaxaca.gob.mx\/inpac\/wp-content\/uploads\/sites\/17\/2020\/08\/5.-2ESTADO-ANALITICO-DE-INGRESOS-DETALLADO-LDF.pdf\" target=\"_blank\" rel=\"noopener noreferrer\"> <i class=\"fas fa-external-link-alt\"><\/i> Abrir <\/a><\/td>\n<\/tr>\n<tr>\n<td>Estado Anal\u00edtico del Ejercicio del Presupuesto de Egresos Detallado -LDF (Casificaci\u00f3n por Objeto de Gasto Capitulo &#8211; Concepto)<\/td>\n<td><a href=\"https:\/\/www.oaxaca.gob.mx\/inpac\/wp-content\/uploads\/sites\/17\/2020\/08\/31.-2ESTADO-ANALITICO-DEL-EJERCICIO-DEL-PRESUPUESTO-DE-EGRESOS-DETALLADO-LDF.pdf\" target=\"_blank\" rel=\"noopener noreferrer\"> <i class=\"fas fa-external-link-alt\"><\/i> Abrir <\/a><\/td>\n<\/tr>\n<tr>\n<td>Estado Anal\u00edtico del Ejercicio del Presupuesto de Egresos Detallado &#8211; LDF ( Clasificaci\u00f3n Administrativa)<\/td>\n<td><a href=\"https:\/\/www.oaxaca.gob.mx\/inpac\/wp-content\/uploads\/sites\/17\/2020\/08\/32.-6a-2ESTADO-ANALITICO-DEL-EJERCICIO-DEL-PRESUPUESTO-DE-EGRESOS-DETALLADO-LDFCLASIFICACION-ADMINISTRATIVA.pdf\" target=\"_blank\" rel=\"noopener noreferrer\"> <i class=\"fas fa-external-link-alt\"><\/i> Abrir <\/a><\/td>\n<\/tr>\n<tr>\n<td>Estado Anal\u00edticos del Ejercicio del Presupuesto de Egresos Detallado &#8211; LDF (Clasificaci\u00f3n Finalidad y Funci\u00f3n)<\/td>\n<td><a href=\"https:\/\/www.oaxaca.gob.mx\/inpac\/wp-content\/uploads\/sites\/17\/2020\/08\/33.xlsx-2ESTADOS-ANALITICOS-DEL-EJERCICIO-DEL-PRESUPUESTO-DE-EGRESOS-DETALLADO-LDF-CLASIFICACION-FINALIDAD-Y-FUNCION.pdf\" target=\"_blank\" rel=\"noopener noreferrer\"> <i class=\"fas fa-external-link-alt\"><\/i> Abrir <\/a><\/td>\n<\/tr>\n<tr>\n<td>Estado Anal\u00edtico del Ejercicio del Presupuesto de Egresos Detallado &#8211; LDF (Clasificaci\u00f3n de Servicios Personales por Categor\u00eda)<\/td>\n<td><a href=\"https:\/\/www.oaxaca.gob.mx\/inpac\/wp-content\/uploads\/sites\/17\/2020\/08\/Libro-1-.2ESTADO-ANALITICO-DEL-EJERCICIO-DEL-PRESUPUESTO-DE-EGRESOS-DETALLADO-LDF-CLASIFICACION-DE-SERVICIOS-PERSONALES-POR-CATEGORIA.pdf\" target=\"_blank\" rel=\"noopener noreferrer\"> <i class=\"fas fa-external-link-alt\"><\/i> Abrir <\/a><\/td>\n<\/tr>\n<\/tbody>\n<\/table>\n<\/div>\n<\/div>\n<\/div>\n<div class=\"card\">\n<div id=\"headingTrimestre3\" class=\"card-header\">\n<h2 class=\"mb-0\"><button class=\"btn btn-link btn-block text-left\" type=\"button\" data-toggle=\"collapse\" data-target=\"#collapseTrimestre3\">TERCER TRIMESTRE<\/button><\/h2>\n<\/div>\n<div id=\"collapseTrimestre3\" class=\"collapse show\" aria-labelledby=\"headingTrimestre3\" data-parent=\"#accordion2020\">\n<div class=\"card-body\">\n<table class=\"table table-striped\">\n<tbody>\n<tr>\n<th colspan=\"2\">NFORMACI\u00d3N FINANCIERA<\/th>\n<\/tr>\n<tr>\n<td>Estado de Situaci\u00f3n Financieral<\/td>\n<td><a href=\"https:\/\/www.oaxaca.gob.mx\/inpac\/wp-content\/uploads\/sites\/17\/2020\/12\/1.-ESTADO-DE-SITUACION-FINANCIERA.pdf\" target=\"_blank\" rel=\"noopener noreferrer\"> <i class=\"fas fa-external-link-alt\"><\/i> Abrir <\/a><\/td>\n<\/tr>\n<tr>\n<td>Estado de Variaci\u00f3n de la Hacienda P\u00fablica<\/td>\n<td><a href=\"https:\/\/www.oaxaca.gob.mx\/inpac\/wp-content\/uploads\/sites\/17\/2020\/12\/2.-ESTADO-DE-VARIACION-DE-LA-HACIENDA-PUBLICA.pdf\" target=\"_blank\" rel=\"noopener noreferrer\"> <i class=\"fas fa-external-link-alt\"><\/i> Abrir <\/a><\/td>\n<\/tr>\n<tr>\n<td>Estado Anal\u00edtico del Activo<\/td>\n<td><a href=\"https:\/\/www.oaxaca.gob.mx\/inpac\/wp-content\/uploads\/sites\/17\/2020\/12\/3.-ESTADO-ANALITICO-DEL-ACTIVO.pdf\" target=\"_blank\" rel=\"noopener noreferrer\"> <i class=\"fas fa-external-link-alt\"><\/i> Abrir <\/a><\/td>\n<\/tr>\n<tr>\n<td>Estado de Cambios en la Situaci\u00f3n Financiera<\/td>\n<td><a href=\"https:\/\/www.oaxaca.gob.mx\/inpac\/wp-content\/uploads\/sites\/17\/2020\/12\/4.-ESTADO-DE-CAMBIOS-EN-LA-SITUACION-FINANCIERA.pdf\" target=\"_blank\" rel=\"noopener noreferrer\"> <i class=\"fas fa-external-link-alt\"><\/i> Abrir <\/a><\/td>\n<\/tr>\n<tr>\n<td>Estado de Flujo de Efectivo<\/td>\n<td><a href=\"https:\/\/www.oaxaca.gob.mx\/inpac\/wp-content\/uploads\/sites\/17\/2020\/12\/5.-ESTADO-DE-FLUJO-DE-EFECTIVO.pdf\" target=\"_blank\" rel=\"noopener noreferrer\"> <i class=\"fas fa-external-link-alt\"><\/i> Abrir <\/a><\/td>\n<\/tr>\n<tr>\n<td>Notas a los Estados Financieros<\/td>\n<td><a href=\"https:\/\/www.oaxaca.gob.mx\/inpac\/wp-content\/uploads\/sites\/17\/2020\/12\/6.-NOTAS-A-LOS-ESTADOS-FINANCIEROS.pdf\" target=\"_blank\" rel=\"noopener noreferrer\"> <i class=\"fas fa-external-link-alt\"><\/i> Abrir <\/a><\/td>\n<\/tr>\n<tr>\n<td>Estado Anal\u00edtico de los Ingresos<\/td>\n<td><a href=\"https:\/\/www.oaxaca.gob.mx\/inpac\/wp-content\/uploads\/sites\/17\/2020\/12\/7.-ESTADO-ANALITICO-DE-INGRESOS.pdf\" target=\"_blank\" rel=\"noopener noreferrer\"> <i class=\"fas fa-external-link-alt\"><\/i> Abrir <\/a><\/td>\n<\/tr>\n<tr>\n<td>Estado de Actividades<\/td>\n<td><a href=\"https:\/\/www.oaxaca.gob.mx\/inpac\/wp-content\/uploads\/sites\/17\/2020\/12\/8.-ESTADO-DE-ACTIVIDADES.pdf\" target=\"_blank\" rel=\"noopener noreferrer\"> <i class=\"fas fa-external-link-alt\"><\/i> Abrir <\/a><\/td>\n<\/tr>\n<tr>\n<td>Clasificaci\u00f3n Administrativa<\/td>\n<td><a href=\"https:\/\/www.oaxaca.gob.mx\/inpac\/wp-content\/uploads\/sites\/17\/2020\/12\/9.-CLASIFICACION-ADMINISTRATIVA.pdf\" target=\"_blank\" rel=\"noopener noreferrer\"> <i class=\"fas fa-external-link-alt\"><\/i> Abrir <\/a><\/td>\n<\/tr>\n<tr>\n<td>Clasificaci\u00f3n Econ\u00f3mica (Tipo de Gasto)<\/td>\n<td><a href=\"https:\/\/www.oaxaca.gob.mx\/inpac\/wp-content\/uploads\/sites\/17\/2020\/12\/10.-CLASIFICACION-ECONOMICA.pdf\" target=\"_blank\" rel=\"noopener noreferrer\"> <i class=\"fas fa-external-link-alt\"><\/i> Abrir <\/a><\/td>\n<\/tr>\n<tr>\n<td>Clasificador por Objeto del Gasto<\/td>\n<td><a href=\"https:\/\/www.oaxaca.gob.mx\/inpac\/wp-content\/uploads\/sites\/17\/2020\/12\/11.-CLASIFICACION-OBJ-DEL-GASTO.pdf\" target=\"_blank\" rel=\"noopener noreferrer\"> <i class=\"fas fa-external-link-alt\"><\/i> Abrir <\/a><\/td>\n<\/tr>\n<tr>\n<td>Clasificaci\u00f3n Program\u00e1tica<\/td>\n<td><a href=\"https:\/\/www.oaxaca.gob.mx\/inpac\/wp-content\/uploads\/sites\/17\/2020\/12\/12.-PROGRAMATICA.pdf\" target=\"_blank\" rel=\"noopener noreferrer\"> <i class=\"fas fa-external-link-alt\"><\/i> Abrir <\/a><\/td>\n<\/tr>\n<tr>\n<td>Clasificaci\u00f3n Funcional<\/td>\n<td><a href=\"https:\/\/www.oaxaca.gob.mx\/inpac\/wp-content\/uploads\/sites\/17\/2020\/12\/13.-CLASIFICACION-FUNCIONAL.pdf\" target=\"_blank\" rel=\"noopener noreferrer\"> <i class=\"fas fa-external-link-alt\"><\/i> Abrir <\/a><\/td>\n<\/tr>\n<tr>\n<td>Estado Anal\u00edtico de la Deuda y Otros Pasivos<\/td>\n<td><a href=\"https:\/\/www.oaxaca.gob.mx\/inpac\/wp-content\/uploads\/sites\/17\/2020\/12\/14.-ESTADO-ANALITICO-DE-LA-DEUDA-Y-OTROS-PASIVOS.pdf\" target=\"_blank\" rel=\"noopener noreferrer\"> <i class=\"fas fa-external-link-alt\"><\/i> Abrir <\/a><\/td>\n<\/tr>\n<tr>\n<td>Endeudamiento Neto<\/td>\n<td><a href=\"https:\/\/www.oaxaca.gob.mx\/inpac\/wp-content\/uploads\/sites\/17\/2020\/12\/15.-ENDEUDAMIENTO-NETO.pdf\" target=\"_blank\" rel=\"noopener noreferrer\"> <i class=\"fas fa-external-link-alt\"><\/i> Abrir <\/a><\/td>\n<\/tr>\n<tr>\n<td>Intereses de la Deuda<\/td>\n<td><a href=\"https:\/\/www.oaxaca.gob.mx\/inpac\/wp-content\/uploads\/sites\/17\/2020\/12\/16.-INTERESES-DE-LA-DEUDA.pdf\" target=\"_blank\" rel=\"noopener noreferrer\"> <i class=\"fas fa-external-link-alt\"><\/i> Abrir <\/a><\/td>\n<\/tr>\n<tr>\n<td>Pasivos Contingentes<\/td>\n<td><a href=\"https:\/\/www.oaxaca.gob.mx\/inpac\/wp-content\/uploads\/sites\/17\/2020\/12\/17.-INFORME-SOBRE-PASIVOS-CONTINGENTES.pdf\" target=\"_blank\" rel=\"noopener noreferrer\"> <i class=\"fas fa-external-link-alt\"><\/i> Abrir <\/a><\/td>\n<\/tr>\n<tr>\n<th colspan=\"2\">INFORMACI\u00d3N DISCIPLINA FINANCIERA<\/th>\n<\/tr>\n<tr>\n<td>Estado de Situaci\u00f3n Financiera Detallada LDF<\/td>\n<td><a href=\"https:\/\/www.oaxaca.gob.mx\/inpac\/wp-content\/uploads\/sites\/17\/2020\/12\/18.-ESTADO-DE-SITUACION-FINANCIERA-DETALLADO-LDF.pdf\" target=\"_blank\" rel=\"noopener noreferrer\"> <i class=\"fas fa-external-link-alt\"><\/i> Abrir <\/a><\/td>\n<\/tr>\n<tr>\n<td>Informe Analitico de la Deuda P\u00fablica y Otros Pasivos \u2013 LDF<\/td>\n<td><a href=\"https:\/\/www.oaxaca.gob.mx\/inpac\/wp-content\/uploads\/sites\/17\/2020\/12\/19.-INFORME-ANALITICO-DE-LA-DEUDA-PUBLICA.pdf\" target=\"_blank\" rel=\"noopener noreferrer\"> <i class=\"fas fa-external-link-alt\"><\/i> Abrir <\/a><\/td>\n<\/tr>\n<tr>\n<td>Informe Analitico de Obligaciones Diferentes de Financiamiento \u2013 LDF<\/td>\n<td><a href=\"https:\/\/www.oaxaca.gob.mx\/inpac\/wp-content\/uploads\/sites\/17\/2020\/12\/20.-INFORME-ANALITICO-DE-OBLIGACIONES-DIFERENTES.pdf\" target=\"_blank\" rel=\"noopener noreferrer\"> <i class=\"fas fa-external-link-alt\"><\/i> Abrir <\/a><\/td>\n<\/tr>\n<tr>\n<td>Balance Presupuestario \u2013 LDF<\/td>\n<td><a href=\"https:\/\/www.oaxaca.gob.mx\/inpac\/wp-content\/uploads\/sites\/17\/2020\/12\/21.-BALANCE-PRESUPUESTARIO.pdf\" target=\"_blank\" rel=\"noopener noreferrer\"> <i class=\"fas fa-external-link-alt\"><\/i> Abrir <\/a><\/td>\n<\/tr>\n<tr>\n<td>Estado Analitico de Ingresos Detallado \u2013 LDF<\/td>\n<td><a href=\"https:\/\/www.oaxaca.gob.mx\/inpac\/wp-content\/uploads\/sites\/17\/2020\/12\/22.-ESTADO-ANALITICO-DE-INGRSOS.pdf\" target=\"_blank\" rel=\"noopener noreferrer\"> <i class=\"fas fa-external-link-alt\"><\/i> Abrir <\/a><\/td>\n<\/tr>\n<tr>\n<td>Estado Anal\u00edtico del Ejercicio del Presupuesto de Egresos Detallado -LDF (Casificaci\u00f3n por Objeto de Gasto Capitulo \u2013 Concepto)<\/td>\n<td><a href=\"https:\/\/www.oaxaca.gob.mx\/inpac\/wp-content\/uploads\/sites\/17\/2020\/12\/23.-EDO-ANALITICO-PRES-EGRE-CLAS-OBJETO-DEL-GASTO.pdf\" target=\"_blank\" rel=\"noopener noreferrer\"> <i class=\"fas fa-external-link-alt\"><\/i> Abrir <\/a><\/td>\n<\/tr>\n<tr>\n<td>Estado Anal\u00edtico del Ejercicio del Presupuesto de Egresos Detallado \u2013 LDF ( Clasificaci\u00f3n Administrativa)<\/td>\n<td><a href=\"https:\/\/www.oaxaca.gob.mx\/inpac\/wp-content\/uploads\/sites\/17\/2020\/12\/24.-EDO-ANALITICO-PRES-CLAS-ADMINISTRATIVA.pdf\" target=\"_blank\" rel=\"noopener noreferrer\"> <i class=\"fas fa-external-link-alt\"><\/i> Abrir <\/a><\/td>\n<\/tr>\n<tr>\n<td>Estado Anal\u00edticos del Ejercicio del Presupuesto de Egresos Detallado \u2013 LDF (Clasificaci\u00f3n Finalidad y Funci\u00f3n)<\/td>\n<td><a href=\"https:\/\/www.oaxaca.gob.mx\/inpac\/wp-content\/uploads\/sites\/17\/2020\/12\/25.-EDO-ANALITICO-PRES-CLAS-CLASIFICACION-FUNCIONAL.pdf\" target=\"_blank\" rel=\"noopener noreferrer\"> <i class=\"fas fa-external-link-alt\"><\/i> Abrir <\/a><\/td>\n<\/tr>\n<tr>\n<td>Estado Anal\u00edtico del Ejercicio del Presupuesto de Egresos Detallado \u2013 LDF (Clasificaci\u00f3n de Servicios Personales por Categor\u00eda)<\/td>\n<td><a href=\"https:\/\/www.oaxaca.gob.mx\/inpac\/wp-content\/uploads\/sites\/17\/2020\/12\/26.-EDO-ANALITICO-PRES-CLAS-SERV-PERSONALES.pdf\" target=\"_blank\" rel=\"noopener noreferrer\"> <i class=\"fas fa-external-link-alt\"><\/i> Abrir <\/a><\/td>\n<\/tr>\n<\/tbody>\n<\/table>\n<\/div>\n<\/div>\n<\/div>\n<div class=\"card\">\n<div id=\"headingTrimestre4\" class=\"card-header\">\n<h2 class=\"mb-0\"><button class=\"btn btn-link btn-block text-left\" type=\"button\" data-toggle=\"collapse\" data-target=\"#collapseTrimestre4\">CUARTO TRIMESTRE<\/button><\/h2>\n<\/div>\n<div id=\"collapseTrimestre4\" class=\"collapse show\" aria-labelledby=\"headingTrimestre4\" data-parent=\"#accordion2020\">\n<div class=\"card-body\">\n<table class=\"table table-striped\">\n<tbody>\n<tr>\n<th colspan=\"2\">INFORMACI\u00d3N FINANCIERA<\/th>\n<\/tr>\n<tr>\n<td>Estado de Situaci\u00f3n Financieral<\/td>\n<td><a href=\"https:\/\/www.oaxaca.gob.mx\/inpac\/wp-content\/uploads\/sites\/17\/2021\/02\/1.-ESTADO-DE-SITUACION-FINANCIERA.pdf.pdf\" target=\"_blank\" rel=\"noopener\"> <i class=\"fas fa-external-link-alt\"><\/i> Abrir <\/a><\/td>\n<\/tr>\n<tr>\n<td>Estado de Variaci\u00f3n de la Hacienda P\u00fablica<\/td>\n<td><a href=\"https:\/\/www.oaxaca.gob.mx\/inpac\/wp-content\/uploads\/sites\/17\/2021\/02\/2.-ESTADO-DE-VARIACION-DE-LA-HACEINDA-PUBLICA.pdf.pdf\" target=\"_blank\" rel=\"noopener\"> <i class=\"fas fa-external-link-alt\"><\/i> Abrir <\/a><\/td>\n<\/tr>\n<tr>\n<td>Estado Anal\u00edtico del Activo<\/td>\n<td><a href=\"https:\/\/www.oaxaca.gob.mx\/inpac\/wp-content\/uploads\/sites\/17\/2021\/02\/3.-ESTADO-ANALITICO-DEL-ACTIVO.pdf.pdf\" target=\"_blank\" rel=\"noopener\"> <i class=\"fas fa-external-link-alt\"><\/i> Abrir <\/a><\/td>\n<\/tr>\n<tr>\n<td>Estado de Cambios en la Situaci\u00f3n Financiera<\/td>\n<td><a href=\"https:\/\/www.oaxaca.gob.mx\/inpac\/wp-content\/uploads\/sites\/17\/2021\/02\/4.-ESTADO-DE-CAMBIOS-EN-LA-SITUACION-FINANCIERA.pdf.pdf\" target=\"_blank\" rel=\"noopener\"> <i class=\"fas fa-external-link-alt\"><\/i> Abrir <\/a><\/td>\n<\/tr>\n<tr>\n<td>Estado de Flujo de Efectivo<\/td>\n<td><a href=\"https:\/\/www.oaxaca.gob.mx\/inpac\/wp-content\/uploads\/sites\/17\/2021\/02\/5.-ESTADO-DE-FLUJO-DE-EFECTIVO.pdf.pdf\" target=\"_blank\" rel=\"noopener\"> <i class=\"fas fa-external-link-alt\"><\/i> Abrir <\/a><\/td>\n<\/tr>\n<tr>\n<td>Notas a los Estados Financieros<\/td>\n<td><a href=\"https:\/\/www.oaxaca.gob.mx\/inpac\/wp-content\/uploads\/sites\/17\/2021\/02\/6.-NOTAS-A-LOS-ESTADOS-FINANCIEROS.pdf.pdf\" target=\"_blank\" rel=\"noopener\"> <i class=\"fas fa-external-link-alt\"><\/i> Abrir <\/a><\/td>\n<\/tr>\n<tr>\n<td>Estado Anal\u00edtico de los Ingresos<\/td>\n<td><a href=\"https:\/\/www.oaxaca.gob.mx\/inpac\/wp-content\/uploads\/sites\/17\/2021\/02\/7.-ESTADO-ANALITICO-DE-INGRESOS.pdf.pdf\" target=\"_blank\" rel=\"noopener\"> <i class=\"fas fa-external-link-alt\"><\/i> Abrir <\/a><\/td>\n<\/tr>\n<tr>\n<td>Estado de Actividades<\/td>\n<td><a href=\"https:\/\/www.oaxaca.gob.mx\/inpac\/wp-content\/uploads\/sites\/17\/2021\/02\/8.-ESTADO-DE-ACTIVIDADES.pdf.pdf\" target=\"_blank\" rel=\"noopener\"> <i class=\"fas fa-external-link-alt\"><\/i> Abrir <\/a><\/td>\n<\/tr>\n<tr>\n<td>Clasificaci\u00f3n Administrativa<\/td>\n<td><a href=\"https:\/\/www.oaxaca.gob.mx\/inpac\/wp-content\/uploads\/sites\/17\/2021\/02\/9.-CLASIFICACION-ADMINISTRATIVA.pdf\" target=\"_blank\" rel=\"noopener\"> <i class=\"fas fa-external-link-alt\"><\/i> Abrir <\/a><\/td>\n<\/tr>\n<tr>\n<td>Clasificaci\u00f3n Econ\u00f3mica (Tipo de Gasto)<\/td>\n<td><a href=\"https:\/\/www.oaxaca.gob.mx\/inpac\/wp-content\/uploads\/sites\/17\/2021\/02\/10.-CLASIFICACION-ECONOMICA-PARTIDA-ESPECIFICA.pdf\" target=\"_blank\" rel=\"noopener\"> <i class=\"fas fa-external-link-alt\"><\/i> Abrir <\/a><\/td>\n<\/tr>\n<tr>\n<td>Clasificador por Objeto del Gasto<\/td>\n<td><a href=\"https:\/\/www.oaxaca.gob.mx\/inpac\/wp-content\/uploads\/sites\/17\/2021\/02\/11.-RESUMEN-POR-ENTIDAD-Y-PARTIDA-PRESUPUESTAL.pdf\" target=\"_blank\" rel=\"noopener\"> <i class=\"fas fa-external-link-alt\"><\/i> Abrir <\/a><\/td>\n<\/tr>\n<tr>\n<td>Clasificaci\u00f3n Program\u00e1tica<\/td>\n<td><a href=\"https:\/\/www.oaxaca.gob.mx\/inpac\/wp-content\/uploads\/sites\/17\/2021\/02\/12.-CLASIFICACION-PROGRAMATICA.pdf\" target=\"_blank\" rel=\"noopener\"> <i class=\"fas fa-external-link-alt\"><\/i> Abrir <\/a><\/td>\n<\/tr>\n<tr>\n<td>Clasificaci\u00f3n Funcional<\/td>\n<td><a href=\"https:\/\/www.oaxaca.gob.mx\/inpac\/wp-content\/uploads\/sites\/17\/2021\/02\/13.-CLASIFICACION-FUNCIONAL.pdf\" target=\"_blank\" rel=\"noopener\"> <i class=\"fas fa-external-link-alt\"><\/i> Abrir <\/a><\/td>\n<\/tr>\n<tr>\n<td>Estado Anal\u00edtico de la Deuda y Otros Pasivos<\/td>\n<td><a href=\"https:\/\/www.oaxaca.gob.mx\/inpac\/wp-content\/uploads\/sites\/17\/2021\/02\/14.-ESTADO-ANALITICO-DE-LA-DEUDA-Y-OTROS-PASIVOS.pdf.pdf\" target=\"_blank\" rel=\"noopener\"> <i class=\"fas fa-external-link-alt\"><\/i> Abrir <\/a><\/td>\n<\/tr>\n<tr>\n<td>Endeudamiento Neto<\/td>\n<td><a href=\"https:\/\/www.oaxaca.gob.mx\/inpac\/wp-content\/uploads\/sites\/17\/2021\/02\/15.-ENDEUDAMIENTO-NETO.pdf.pdf\" target=\"_blank\" rel=\"noopener\"> <i class=\"fas fa-external-link-alt\"><\/i> Abrir <\/a><\/td>\n<\/tr>\n<tr>\n<td>Intereses de la Deuda<\/td>\n<td><a href=\"https:\/\/www.oaxaca.gob.mx\/inpac\/wp-content\/uploads\/sites\/17\/2021\/02\/16.-INTERESES-DE-LA-DEUDA.pdf.pdf\" target=\"_blank\" rel=\"noopener\"> <i class=\"fas fa-external-link-alt\"><\/i> Abrir <\/a><\/td>\n<\/tr>\n<tr>\n<td>Pasivos Contingentes<\/td>\n<td><a href=\"https:\/\/www.oaxaca.gob.mx\/inpac\/wp-content\/uploads\/sites\/17\/2021\/02\/17.-INFORME-SOBRE-PASIVOS-CONTINGENTES.pdf.pdf\" target=\"_blank\" rel=\"noopener\"> <i class=\"fas fa-external-link-alt\"><\/i> Abrir <\/a><\/td>\n<\/tr>\n<tr>\n<th colspan=\"2\">INFORMACI\u00d3N DISCIPLINA FINANCIERA<\/th>\n<\/tr>\n<tr>\n<td>Estado de Situaci\u00f3n Financiera Detallada LDF<\/td>\n<td><a href=\"https:\/\/www.oaxaca.gob.mx\/inpac\/wp-content\/uploads\/sites\/17\/2021\/02\/18.-ESTADO-DE-SITUACION-FINANCIERA-DATALLADO-LDF.pdf.pdf\" target=\"_blank\" rel=\"noopener\"> <i class=\"fas fa-external-link-alt\"><\/i> Abrir <\/a><\/td>\n<\/tr>\n<tr>\n<td>Informe Analitico de la Deuda P\u00fablica y Otros Pasivos &#8211; LDF<\/td>\n<td><a href=\"https:\/\/www.oaxaca.gob.mx\/inpac\/wp-content\/uploads\/sites\/17\/2021\/02\/19.-INFORME-ANALITICO-DE-LA-DEUDA-PUBLICA.pdf.pdf\" target=\"_blank\" rel=\"noopener\"> <i class=\"fas fa-external-link-alt\"><\/i> Abrir <\/a><\/td>\n<\/tr>\n<tr>\n<td>Informe Analitico de Obligaciones Diferentes de Financiamiento &#8211; LDF<\/td>\n<td><a href=\"https:\/\/www.oaxaca.gob.mx\/inpac\/wp-content\/uploads\/sites\/17\/2021\/02\/20.-INFORME-ANALITICO-DE-OBLIGACIONES-DIFERENTES.pdf.pdf\" target=\"_blank\" rel=\"noopener\"> <i class=\"fas fa-external-link-alt\"><\/i> Abrir <\/a><\/td>\n<\/tr>\n<tr>\n<td>Balance Presupuestario &#8211; LDF<\/td>\n<td><a href=\"https:\/\/www.oaxaca.gob.mx\/inpac\/wp-content\/uploads\/sites\/17\/2021\/02\/21.-BALANCE-PRESUPUESTARIO.pdf.pdf\" target=\"_blank\" rel=\"noopener\"> <i class=\"fas fa-external-link-alt\"><\/i> Abrir <\/a><\/td>\n<\/tr>\n<tr>\n<td>Estado Analitico de Ingresos Detallado &#8211; LDF<\/td>\n<td><a href=\"https:\/\/www.oaxaca.gob.mx\/inpac\/wp-content\/uploads\/sites\/17\/2021\/02\/22.-ESTADO-ANALITICO-DE-INGRESOS.pdf.pdf\" target=\"_blank\" rel=\"noopener\"> <i class=\"fas fa-external-link-alt\"><\/i> Abrir <\/a><\/td>\n<\/tr>\n<tr>\n<td>Estado Anal\u00edtico del Ejercicio del Presupuesto de Egresos Detallado -LDF (Casificaci\u00f3n por Objeto de Gasto Capitulo &#8211; Concepto)<\/td>\n<td><a href=\"https:\/\/www.oaxaca.gob.mx\/inpac\/wp-content\/uploads\/sites\/17\/2021\/02\/23.-EDO-ANALITICO-PRES-EGRE-CLAS-OBJETO-DEL-GASTO.pdf.pdf\" target=\"_blank\" rel=\"noopener\"> <i class=\"fas fa-external-link-alt\"><\/i> Abrir <\/a><\/td>\n<\/tr>\n<tr>\n<td>Estado Anal\u00edtico del Ejercicio del Presupuesto de Egresos Detallado &#8211; LDF ( Clasificaci\u00f3n Administrativa)<\/td>\n<td><a href=\"https:\/\/www.oaxaca.gob.mx\/inpac\/wp-content\/uploads\/sites\/17\/2021\/02\/24.-EDO-ANALITICO-PRES-CLAS-ADMINISTRATIVA.pdf.pdf\" target=\"_blank\" rel=\"noopener\"> <i class=\"fas fa-external-link-alt\"><\/i> Abrir <\/a><\/td>\n<\/tr>\n<tr>\n<td>Estado Anal\u00edticos del Ejercicio del Presupuesto de Egresos Detallado &#8211; LDF (Clasificaci\u00f3n Finalidad y Funci\u00f3n)<\/td>\n<td><a href=\"https:\/\/www.oaxaca.gob.mx\/inpac\/wp-content\/uploads\/sites\/17\/2021\/02\/25.-EDO-ANALITICO-PRES-CLAS-CLASIFICACION-FUNCIONAL.pdf.pdf\" target=\"_blank\" rel=\"noopener\"> <i class=\"fas fa-external-link-alt\"><\/i> Abrir <\/a><\/td>\n<\/tr>\n<tr>\n<td>Estado Anal\u00edtico del Ejercicio del Presupuesto de Egresos Detallado &#8211; LDF (Clasificaci\u00f3n de Servicios Personales por Categor\u00eda)<\/td>\n<td><a href=\"https:\/\/www.oaxaca.gob.mx\/inpac\/wp-content\/uploads\/sites\/17\/2021\/02\/26.-EDO-ANALITICO-PRES-CLAS-SERV-PERSONALES.pdf.pdf\" target=\"_blank\" rel=\"noopener\"> <i class=\"fas fa-external-link-alt\"><\/i> Abrir <\/a><\/td>\n<\/tr>\n<\/tbody>\n<\/table>\n<\/div>\n<\/div>\n<\/div>\n<\/div>\n<div class=\"su-heading su-heading-style-default su-heading-align-center\" id=\"\" style=\"font-size:26px;margin-bottom:10px\"><div class=\"su-heading-inner\">2019<\/div><\/div>\n\n<table id=\"tablepress-27\" class=\"tablepress tablepress-id-27\">\n<thead>\n<tr class=\"row-1\">\n\t<th class=\"column-1\">INFORMACI\u00d3N FINANCIERA <\/th><td class=\"column-2\"><\/td><th class=\"column-3\">DOCUMENTO<\/th>\n<\/tr>\n<\/thead>\n<tbody class=\"row-striping row-hover\">\n<tr class=\"row-2\">\n\t<td class=\"column-1\"><strong><b>Estado de Situaci\u00f3n Financieral<br \/>\n<\/b><\/strong><br \/>\n<\/td><td class=\"column-2\"><\/td><td class=\"column-3\"><a href=\"https:\/\/www.oaxaca.gob.mx\/inpac\/wp-content\/uploads\/sites\/17\/2020\/02\/1-Estado-de-Situaci\u00f3n-Financiera.pdf\"><img loading=\"lazy\" decoding=\"async\" src=\"https:\/\/www.oaxaca.gob.mx\/inpac\/wp-content\/uploads\/sites\/17\/2019\/06\/24-512-300x300.png\" alt=\"\" width=\"50\" height=\"50\" class=\"alignnone size-medium wp-image-2110\" \/><\/a><\/td>\n<\/tr>\n<tr class=\"row-3\">\n\t<td class=\"column-1\"><strong><b>Estado de Variaci\u00f3n de la Hacienda P\u00fablica<br \/>\n<\/b><\/strong><br \/>\n<\/td><td class=\"column-2\"><\/td><td class=\"column-3\"><a href=\"https:\/\/www.oaxaca.gob.mx\/inpac\/wp-content\/uploads\/sites\/17\/2020\/02\/2.-Estado-de-Variaci\u00f3n-de-la-Hacienda-P\u00fablica.pdf\"><img loading=\"lazy\" decoding=\"async\" src=\"https:\/\/www.oaxaca.gob.mx\/inpac\/wp-content\/uploads\/sites\/17\/2019\/06\/24-512-300x300.png\" alt=\"\" width=\"50\" height=\"50\" class=\"alignnone size-medium wp-image-2110\" \/><\/a><\/td>\n<\/tr>\n<tr class=\"row-4\">\n\t<td class=\"column-1\"><strong><b>Estado Anal\u00edtico del Activo<br \/>\n<\/b><\/strong><br \/>\n<\/td><td class=\"column-2\"><\/td><td class=\"column-3\"><a href=\"https:\/\/www.oaxaca.gob.mx\/inpac\/wp-content\/uploads\/sites\/17\/2020\/02\/3.-Estado-Anal\u00edtico-del-Activo.pdf\"><img loading=\"lazy\" decoding=\"async\" src=\"https:\/\/www.oaxaca.gob.mx\/inpac\/wp-content\/uploads\/sites\/17\/2019\/06\/24-512-300x300.png\" alt=\"\" width=\"50\" height=\"50\" class=\"alignnone size-medium wp-image-2110\" \/><\/a><\/td>\n<\/tr>\n<tr class=\"row-5\">\n\t<td class=\"column-1\"><strong><b>Estado de Cambios en la Situaci\u00f3n Financiera<br \/>\n<\/b><\/strong><br \/>\n<\/td><td class=\"column-2\"><\/td><td class=\"column-3\"><a href=\"https:\/\/www.oaxaca.gob.mx\/inpac\/wp-content\/uploads\/sites\/17\/2020\/02\/4.-Estado-de-Cambios-en-la-Situaci\u00f3n-Financiera.pdf\"><img loading=\"lazy\" decoding=\"async\" src=\"https:\/\/www.oaxaca.gob.mx\/inpac\/wp-content\/uploads\/sites\/17\/2019\/06\/24-512-300x300.png\" alt=\"\" width=\"50\" height=\"50\" class=\"alignnone size-medium wp-image-2110\" \/><\/a><\/td>\n<\/tr>\n<tr class=\"row-6\">\n\t<td class=\"column-1\"><strong><b>Estado de Flujo de Efectivo<br \/>\n<\/b><\/strong><br \/>\n<\/td><td class=\"column-2\"><\/td><td class=\"column-3\"><a href=\"https:\/\/www.oaxaca.gob.mx\/inpac\/wp-content\/uploads\/sites\/17\/2020\/02\/5.-Estado-de-Flujo-de-Efectivo.pdf\"><img loading=\"lazy\" decoding=\"async\" src=\"https:\/\/www.oaxaca.gob.mx\/inpac\/wp-content\/uploads\/sites\/17\/2019\/06\/24-512-300x300.png\" alt=\"\" width=\"50\" height=\"50\" class=\"alignnone size-medium wp-image-2110\" \/><\/a><\/td>\n<\/tr>\n<tr class=\"row-7\">\n\t<td class=\"column-1\"><strong><b>Notas a los Estados Financieros<br \/>\n<\/b><\/strong><br \/>\n<\/td><td class=\"column-2\"><\/td><td class=\"column-3\"><a href=\"https:\/\/www.oaxaca.gob.mx\/inpac\/wp-content\/uploads\/sites\/17\/2020\/02\/6.-Notas-a-los-Estados-Financieros.pdf\"><img loading=\"lazy\" decoding=\"async\" src=\"https:\/\/www.oaxaca.gob.mx\/inpac\/wp-content\/uploads\/sites\/17\/2019\/06\/24-512-300x300.png\" alt=\"\" width=\"50\" height=\"50\" class=\"alignnone size-medium wp-image-2110\" \/><\/a><\/td>\n<\/tr>\n<tr class=\"row-8\">\n\t<td class=\"column-1\"><strong><b>Estado Anal\u00edtico de los Ingresos<br \/>\n<\/b><\/strong><br \/>\n<\/td><td class=\"column-2\"><\/td><td class=\"column-3\"><a href=\"https:\/\/www.oaxaca.gob.mx\/inpac\/wp-content\/uploads\/sites\/17\/2020\/02\/7.-Estado-Anal\u00edtico-de-los-Ingresos.pdf\"><img loading=\"lazy\" decoding=\"async\" src=\"https:\/\/www.oaxaca.gob.mx\/inpac\/wp-content\/uploads\/sites\/17\/2019\/06\/24-512-300x300.png\" alt=\"\" width=\"50\" height=\"50\" class=\"alignnone size-medium wp-image-2110\" \/><\/a><\/td>\n<\/tr>\n<tr class=\"row-9\">\n\t<td class=\"column-1\"><strong><b>Estado de Actividades<br \/>\n<\/b><\/strong><br \/>\n<\/td><td class=\"column-2\"><\/td><td class=\"column-3\"><a href=\"https:\/\/www.oaxaca.gob.mx\/inpac\/wp-content\/uploads\/sites\/17\/2020\/02\/8.-Estado-de-Actividades.pdf\"><img loading=\"lazy\" decoding=\"async\" src=\"https:\/\/www.oaxaca.gob.mx\/inpac\/wp-content\/uploads\/sites\/17\/2019\/06\/24-512-300x300.png\" alt=\"\" width=\"50\" height=\"50\" class=\"alignnone size-medium wp-image-2110\" \/><\/a><\/td>\n<\/tr>\n<tr class=\"row-10\">\n\t<td class=\"column-1\"><strong><b>Clasificaci\u00f3n Administrativa<br \/>\n<\/b><\/strong><br \/>\n<\/td><td class=\"column-2\"><\/td><td class=\"column-3\"><a href=\"https:\/\/www.oaxaca.gob.mx\/inpac\/wp-content\/uploads\/sites\/17\/2020\/02\/9.-Clasificaci\u00f3n-Administrativa.pdf\"><img loading=\"lazy\" decoding=\"async\" src=\"https:\/\/www.oaxaca.gob.mx\/inpac\/wp-content\/uploads\/sites\/17\/2019\/06\/24-512-300x300.png\" alt=\"\" width=\"50\" height=\"50\" class=\"alignnone size-medium wp-image-2110\" \/><\/a><\/td>\n<\/tr>\n<tr class=\"row-11\">\n\t<td class=\"column-1\"><strong><b>Clasificaci\u00f3n Econ\u00f3mica (Tipo de Gasto)<br \/>\n<\/b><\/strong><br \/>\n<\/td><td class=\"column-2\"><\/td><td class=\"column-3\"><a href=\"https:\/\/www.oaxaca.gob.mx\/inpac\/wp-content\/uploads\/sites\/17\/2020\/02\/10.-Clasificaci\u00f3n-Econ\u00f3mica-Tipo-de-Gasto.pdf\"><img loading=\"lazy\" decoding=\"async\" src=\"https:\/\/www.oaxaca.gob.mx\/inpac\/wp-content\/uploads\/sites\/17\/2019\/06\/24-512-300x300.png\" alt=\"\" width=\"50\" height=\"50\" class=\"alignnone size-medium wp-image-2110\" \/><\/a><\/td>\n<\/tr>\n<tr class=\"row-12\">\n\t<td class=\"column-1\"><strong><b>Clasificador por Objeto del Gasto<br \/>\n<\/b><\/strong><br \/>\n<\/td><td class=\"column-2\"><\/td><td class=\"column-3\"><a href=\"https:\/\/www.oaxaca.gob.mx\/inpac\/wp-content\/uploads\/sites\/17\/2020\/02\/11.-Clasificador-por-Objeto-del-Gasto.pdf\"><img loading=\"lazy\" decoding=\"async\" src=\"https:\/\/www.oaxaca.gob.mx\/inpac\/wp-content\/uploads\/sites\/17\/2019\/06\/24-512-300x300.png\" alt=\"\" width=\"50\" height=\"50\" class=\"alignnone size-medium wp-image-2110\" \/><\/a><\/td>\n<\/tr>\n<tr class=\"row-13\">\n\t<td class=\"column-1\"><strong><b>Clasificaci\u00f3n Program\u00e1tica<br \/>\n<\/b><\/strong><br \/>\n<\/td><td class=\"column-2\"><\/td><td class=\"column-3\"><a href=\"https:\/\/www.oaxaca.gob.mx\/inpac\/wp-content\/uploads\/sites\/17\/2020\/02\/12.-Clasificaci\u00f3n-Program\u00e1tica.pdf\"><img loading=\"lazy\" decoding=\"async\" src=\"https:\/\/www.oaxaca.gob.mx\/inpac\/wp-content\/uploads\/sites\/17\/2019\/06\/24-512-300x300.png\" alt=\"\" width=\"50\" height=\"50\" class=\"alignnone size-medium wp-image-2110\" \/><\/a><\/td>\n<\/tr>\n<tr class=\"row-14\">\n\t<td class=\"column-1\"><strong><b>Clasificaci\u00f3n Funcional<br \/>\n<\/b><\/strong><br \/>\n<\/td><td class=\"column-2\"><\/td><td class=\"column-3\"><a href=\"https:\/\/www.oaxaca.gob.mx\/inpac\/wp-content\/uploads\/sites\/17\/2020\/02\/13.-Clasificaci\u00f3n-Funcional.pdf\"><img loading=\"lazy\" decoding=\"async\" src=\"https:\/\/www.oaxaca.gob.mx\/inpac\/wp-content\/uploads\/sites\/17\/2019\/06\/24-512-300x300.png\" alt=\"\" width=\"50\" height=\"50\" class=\"alignnone size-medium wp-image-2110\" \/><\/a><\/td>\n<\/tr>\n<tr class=\"row-15\">\n\t<td class=\"column-1\"><strong><b>Estado Anal\u00edtico de la Deuda y Otros Pasivos<br \/>\n<\/b><\/strong><br \/>\n<\/td><td class=\"column-2\"><\/td><td class=\"column-3\"><a href=\"https:\/\/www.oaxaca.gob.mx\/inpac\/wp-content\/uploads\/sites\/17\/2020\/02\/14.-Estado-Anal\u00edtico-de-la-Deuda-y-Otros-Pasivos.pdf\"><img loading=\"lazy\" decoding=\"async\" src=\"https:\/\/www.oaxaca.gob.mx\/inpac\/wp-content\/uploads\/sites\/17\/2019\/06\/24-512-300x300.png\" alt=\"\" width=\"50\" height=\"50\" class=\"alignnone size-medium wp-image-2110\" \/><\/a><\/td>\n<\/tr>\n<tr class=\"row-16\">\n\t<td class=\"column-1\"><strong><b>Endeudamiento Neto<br \/>\n<\/b><\/strong><br \/>\n<\/td><td class=\"column-2\"><\/td><td class=\"column-3\"><a href=\"https:\/\/www.oaxaca.gob.mx\/inpac\/wp-content\/uploads\/sites\/17\/2020\/02\/15.-Endeudamiento-Neto.pdf\"><img loading=\"lazy\" decoding=\"async\" src=\"https:\/\/www.oaxaca.gob.mx\/inpac\/wp-content\/uploads\/sites\/17\/2019\/06\/24-512-300x300.png\" alt=\"\" width=\"50\" height=\"50\" class=\"alignnone size-medium wp-image-2110\" \/><\/a><\/td>\n<\/tr>\n<tr class=\"row-17\">\n\t<td class=\"column-1\"><strong><b>Intereses de la Deuda<br \/>\n<\/b><\/strong><br \/>\n<\/td><td class=\"column-2\"><\/td><td class=\"column-3\"><a href=\"https:\/\/www.oaxaca.gob.mx\/inpac\/wp-content\/uploads\/sites\/17\/2020\/02\/16.-Intereses-de-la-Deuda.pdf\"><img loading=\"lazy\" decoding=\"async\" src=\"https:\/\/www.oaxaca.gob.mx\/inpac\/wp-content\/uploads\/sites\/17\/2019\/06\/24-512-300x300.png\" alt=\"\" width=\"50\" height=\"50\" class=\"alignnone size-medium wp-image-2110\" \/><\/a><\/td>\n<\/tr>\n<tr class=\"row-18\">\n\t<td class=\"column-1\"><strong><b>Pasivos Contingentes<\/b><\/strong><br \/>\n<\/td><td class=\"column-2\"><\/td><td class=\"column-3\"><a href=\"https:\/\/www.oaxaca.gob.mx\/inpac\/wp-content\/uploads\/sites\/17\/2020\/02\/17.-Pasivos-Contingentes.pdf\"><img loading=\"lazy\" decoding=\"async\" src=\"https:\/\/www.oaxaca.gob.mx\/inpac\/wp-content\/uploads\/sites\/17\/2019\/06\/24-512-300x300.png\" alt=\"\" width=\"50\" height=\"50\" class=\"alignnone size-medium wp-image-2110\" \/><\/a><\/td>\n<\/tr>\n<\/tbody>\n<\/table>\n<!-- #tablepress-27 from cache -->\n\n<table id=\"tablepress-28\" class=\"tablepress tablepress-id-28\">\n<thead>\n<tr class=\"row-1\">\n\t<th class=\"column-1\">INFORMACI\u00d3N DISCIPLINA FINANCIERA <\/th><td class=\"column-2\"><\/td><th class=\"column-3\">DOCUMENTO<\/th>\n<\/tr>\n<\/thead>\n<tbody class=\"row-striping row-hover\">\n<tr class=\"row-2\">\n\t<td class=\"column-1\"><strong><b>Estado de Situaci\u00f3n Financiera Detallada LDF<br \/>\n<\/b><\/strong><br \/>\n<\/td><td class=\"column-2\"><\/td><td class=\"column-3\"><a href=\"https:\/\/www.oaxaca.gob.mx\/inpac\/wp-content\/uploads\/sites\/17\/2020\/02\/1.-Estado-de-Situaci\u00f3n-Financiera-Detallada-LDF.pdf\"><img loading=\"lazy\" decoding=\"async\" src=\"https:\/\/www.oaxaca.gob.mx\/inpac\/wp-content\/uploads\/sites\/17\/2019\/06\/24-512-300x300.png\" alt=\"\" width=\"50\" height=\"50\" class=\"alignnone size-medium wp-image-2110\" \/><\/a><\/td>\n<\/tr>\n<tr class=\"row-3\">\n\t<td class=\"column-1\"><strong><b>Informe Analitico de la Deuda P\u00fablica y Otros Pasivos - LDF<br \/>\n<\/b><\/strong><br \/>\n<\/td><td class=\"column-2\"><\/td><td class=\"column-3\"><a href=\"https:\/\/www.oaxaca.gob.mx\/inpac\/wp-content\/uploads\/sites\/17\/2020\/02\/2.-Informe-Analitico-de-la-Deuda-P\u00fablica-y-Otros-Pasivos-LDF.pdf\"><img loading=\"lazy\" decoding=\"async\" src=\"https:\/\/www.oaxaca.gob.mx\/inpac\/wp-content\/uploads\/sites\/17\/2019\/06\/24-512-300x300.png\" alt=\"\" width=\"50\" height=\"50\" class=\"alignnone size-medium wp-image-2110\" \/><\/a><\/td>\n<\/tr>\n<tr class=\"row-4\">\n\t<td class=\"column-1\"><strong><b>Informe Analitico de Obligaciones Diferentes de Financiamiento - LDF<br \/>\n<\/b><\/strong><br \/>\n<\/td><td class=\"column-2\"><\/td><td class=\"column-3\"><a href=\"https:\/\/www.oaxaca.gob.mx\/inpac\/wp-content\/uploads\/sites\/17\/2020\/02\/3.-Informe-Analitico-de-Obligaciones-Diferentes-de-Financiamiento-LDF.pdf\"><img loading=\"lazy\" decoding=\"async\" src=\"https:\/\/www.oaxaca.gob.mx\/inpac\/wp-content\/uploads\/sites\/17\/2019\/06\/24-512-300x300.png\" alt=\"\" width=\"50\" height=\"50\" class=\"alignnone size-medium wp-image-2110\" \/><\/a><\/td>\n<\/tr>\n<tr class=\"row-5\">\n\t<td class=\"column-1\"><strong><b>Balance Presupuestario - LDF<br \/>\n<\/b><\/strong><br \/>\n<\/td><td class=\"column-2\"><\/td><td class=\"column-3\"><a href=\"https:\/\/www.oaxaca.gob.mx\/inpac\/wp-content\/uploads\/sites\/17\/2020\/02\/4.-Balance-Presupuestario-LDF.pdf\"><img loading=\"lazy\" decoding=\"async\" src=\"https:\/\/www.oaxaca.gob.mx\/inpac\/wp-content\/uploads\/sites\/17\/2019\/06\/24-512-300x300.png\" alt=\"\" width=\"50\" height=\"50\" class=\"alignnone size-medium wp-image-2110\" \/><\/a><\/td>\n<\/tr>\n<tr class=\"row-6\">\n\t<td class=\"column-1\"><strong><b>Estado Analitico de Ingresos Detallado - LDF<br \/>\n<\/b><\/strong><br \/>\n<\/td><td class=\"column-2\"><\/td><td class=\"column-3\"><a href=\"https:\/\/www.oaxaca.gob.mx\/inpac\/wp-content\/uploads\/sites\/17\/2020\/02\/5.-Estado-Analitico-de-Ingresos-Detallado-LDF.pdf\"><img loading=\"lazy\" decoding=\"async\" src=\"https:\/\/www.oaxaca.gob.mx\/inpac\/wp-content\/uploads\/sites\/17\/2019\/06\/24-512-300x300.png\" alt=\"\" width=\"50\" height=\"50\" class=\"alignnone size-medium wp-image-2110\" \/><\/a><\/td>\n<\/tr>\n<tr class=\"row-7\">\n\t<td class=\"column-1\"><strong><b>Estado Anal\u00edtico del Ejercicio del Presupuesto de Egresos Detallado -LDF (Casificaci\u00f3n por Objeto de Gasto Capitulo - Concepto)<br \/>\n<\/b><\/strong><br \/>\n<\/td><td class=\"column-2\"><\/td><td class=\"column-3\"><a href=\"https:\/\/www.oaxaca.gob.mx\/inpac\/wp-content\/uploads\/sites\/17\/2020\/02\/6-ESTA1.pdf\"><img loading=\"lazy\" decoding=\"async\" src=\"https:\/\/www.oaxaca.gob.mx\/inpac\/wp-content\/uploads\/sites\/17\/2019\/06\/24-512-300x300.png\" alt=\"\" width=\"50\" height=\"50\" class=\"alignnone size-medium wp-image-2110\" \/><\/a><\/td>\n<\/tr>\n<tr class=\"row-8\">\n\t<td class=\"column-1\"><strong><b>Estado Anal\u00edtico del Ejercicio del Presupuesto de Egresos Detallado - LDF ( Clasificaci\u00f3n Administrativa)<br \/>\n<\/b><\/strong><br \/>\n<\/td><td class=\"column-2\"><\/td><td class=\"column-3\"><a href=\"https:\/\/www.oaxaca.gob.mx\/inpac\/wp-content\/uploads\/sites\/17\/2020\/02\/7.-Estado-Anal\u00edtico-del-Ejercicio-del-Presupuesto-de-Egresos-Detallado-LDF-Clasificaci\u00f3n-Administrativa.pdf\"><img loading=\"lazy\" decoding=\"async\" src=\"https:\/\/www.oaxaca.gob.mx\/inpac\/wp-content\/uploads\/sites\/17\/2019\/06\/24-512-300x300.png\" alt=\"\" width=\"50\" height=\"50\" class=\"alignnone size-medium wp-image-2110\" \/><\/a><\/td>\n<\/tr>\n<tr class=\"row-9\">\n\t<td class=\"column-1\"><strong><b>Estado Anal\u00edticos del Ejercicio del Presupuesto de Egresos Detallado - LDF (Clasificaci\u00f3n Finalidad y Funci\u00f3n)<br \/>\n<\/b><\/strong><br \/>\n<\/td><td class=\"column-2\"><\/td><td class=\"column-3\"><a href=\"https:\/\/www.oaxaca.gob.mx\/inpac\/wp-content\/uploads\/sites\/17\/2020\/02\/8.-Estado-Anal\u00edticos-del-Ejercicio-del-Presupuesto-de-Egresos-Detallado-LDF-Clasificaci\u00f3n-Finalidad-y-Funci\u00f3n.pdf\"><img loading=\"lazy\" decoding=\"async\" src=\"https:\/\/www.oaxaca.gob.mx\/inpac\/wp-content\/uploads\/sites\/17\/2019\/06\/24-512-300x300.png\" alt=\"\" width=\"50\" height=\"50\" class=\"alignnone size-medium wp-image-2110\" \/><\/a><\/td>\n<\/tr>\n<tr class=\"row-10\">\n\t<td class=\"column-1\"><strong><b>Estado Anal\u00edtico del Ejercicio del Presupuesto de Egresos Detallado - LDF (Clasificaci\u00f3n de Servicios Personales por Categor\u00eda)<br \/>\n<\/b><\/strong><br \/>\n<\/td><td class=\"column-2\"><\/td><td class=\"column-3\"><a href=\"https:\/\/www.oaxaca.gob.mx\/inpac\/wp-content\/uploads\/sites\/17\/2020\/02\/9-ESTA1.pdf\"><img loading=\"lazy\" decoding=\"async\" src=\"https:\/\/www.oaxaca.gob.mx\/inpac\/wp-content\/uploads\/sites\/17\/2019\/06\/24-512-300x300.png\" alt=\"\" width=\"50\" height=\"50\" class=\"alignnone size-medium wp-image-2110\" \/><\/a><\/td>\n<\/tr>\n<\/tbody>\n<\/table>\n<!-- #tablepress-28 from cache -->\n<div class=\"su-heading su-heading-style-default su-heading-align-center\" id=\"\" style=\"font-size:26px;margin-bottom:10px\"><div class=\"su-heading-inner\">2018<\/div><\/div>\n<table class=\"table table-striped\">\n<thead>\n<tr>\n<th colspan=\"2\">INFORMES DEL PRIMER TRIMESTRE 2018 SEVAC<\/th>\n<\/tr>\n<\/thead>\n<tbody>\n<tr>\n<td>D.1.1 Publica la informaci\u00f3n de los montos efectivamente pagados durante el periodo por conceptos de ayudas y subsidios.<\/td>\n<td><a href=\"\/inpac\/wp-content\/uploads\/sites\/17\/2018\/05\/Publica-la-informaci\u00f3n-de-los-montos-efectivamente-pagados.pdf\" target=\"_blank\" rel=\"noopener noreferrer\"><i class=\"fas fa-external-link-alt\"><\/i> Abrir<\/a><\/td>\n<\/tr>\n<tr>\n<td>D.2.1 Publica el Estado de Actividades.<\/td>\n<td><a href=\"\/inpac\/wp-content\/uploads\/sites\/17\/2018\/05\/Publica-el-Estado-de-Actividades..pdf\" target=\"_blank\" rel=\"noopener noreferrer\"><i class=\"fas fa-external-link-alt\"><\/i> Abrir<\/a><\/td>\n<\/tr>\n<tr>\n<td>D.2.2 Publica el Estado de Situaci\u00f3n Financiera.<\/td>\n<td><a href=\"\/inpac\/wp-content\/uploads\/sites\/17\/2018\/05\/Publica-el-Estado-de-Situaci\u00f3n-Financiera.pdf\" target=\"_blank\" rel=\"noopener noreferrer\"><i class=\"fas fa-external-link-alt\"><\/i> Abrir<\/a><\/td>\n<\/tr>\n<tr>\n<td>D.2.3 Publica el Estado de Variaci\u00f3n en la Hacienda P\u00fablica.<\/td>\n<td><a href=\"\/inpac\/wp-content\/uploads\/sites\/17\/2018\/05\/Publica-el-Estado-de-Variaci\u00f3n-en-la-Hacienda-P\u00fablica..pdf\" target=\"_blank\" rel=\"noopener noreferrer\"><i class=\"fas fa-external-link-alt\"><\/i> Abrir<\/a><\/td>\n<\/tr>\n<tr>\n<td>D.2.4 Publica el Estado de Cambios en la Situaci\u00f3n Financiera.<\/td>\n<td><a href=\"\/inpac\/wp-content\/uploads\/sites\/17\/2018\/05\/Publica-el-Estado-de-Cambios-en-la-Situaci\u00f3n-Financiera..pdf\" target=\"_blank\" rel=\"noopener noreferrer\"><i class=\"fas fa-external-link-alt\"><\/i> Abrir<\/a><\/td>\n<\/tr>\n<tr>\n<td>D.2.5 Publica el Estado de Flujos de Efectivos.<\/td>\n<td><a href=\"\/inpac\/wp-content\/uploads\/sites\/17\/2018\/05\/Publica-el-Estado-de-Flujos-de-Efectivos.pdf\" target=\"_blank\" rel=\"noopener noreferrer\"><i class=\"fas fa-external-link-alt\"><\/i> Abrir<\/a><\/td>\n<\/tr>\n<tr>\n<td>D.2.6 Publica el Estado sobre Pasivo Contigentes.<\/td>\n<td><a href=\"\/inpac\/wp-content\/uploads\/sites\/17\/2018\/05\/Publica-el-Estado-sobre-Pasivo-Contigentes.pdf\" target=\"_blank\" rel=\"noopener noreferrer\"><i class=\"fas fa-external-link-alt\"><\/i> Abrir<\/a><\/td>\n<\/tr>\n<tr>\n<td>D.2.7 Publica las Notas a los Estados Financieros.<\/td>\n<td><a href=\"\/inpac\/wp-content\/uploads\/sites\/17\/2018\/05\/Publica-las-Notas-a-los-Estados-Financieros.pdf\" target=\"_blank\" rel=\"noopener noreferrer\"><i class=\"fas fa-external-link-alt\"><\/i> Abrir<\/a><\/td>\n<\/tr>\n<tr>\n<td>D.2.8 Publica el Estado Anal\u00edtico del Activo.<\/td>\n<td><a href=\"\/inpac\/wp-content\/uploads\/sites\/17\/2018\/05\/Publica-el-Estado-Anal\u00edtico-del-Activo..pdf\" target=\"_blank\" rel=\"noopener noreferrer\"><i class=\"fas fa-external-link-alt\"><\/i> Abrir<\/a><\/td>\n<\/tr>\n<tr>\n<td>D.2.9 Publica el Estado Anal\u00edtico y Otros Pasivos.<\/td>\n<td><a href=\"\/inpac\/wp-content\/uploads\/sites\/17\/2018\/05\/Publica-el-Estado-Anal\u00edtico-y-Otros-Pasivos..pdf\" target=\"_blank\" rel=\"noopener noreferrer\"><i class=\"fas fa-external-link-alt\"><\/i> Abrir<\/a><\/td>\n<\/tr>\n<tr>\n<td>D.3.1 Publica el Estado Anal\u00edtico y e Ingresos.<\/td>\n<td><a href=\"\/inpac\/wp-content\/uploads\/sites\/17\/2018\/05\/Publica-el-Estado-Anal\u00edtico-y-e-Ingresos..pdf\" target=\"_blank\" rel=\"noopener noreferrer\"><i class=\"fas fa-external-link-alt\"><\/i> Abrir<\/a><\/td>\n<\/tr>\n<tr>\n<td>D.3.2 Publica el Estado Anal\u00edtico del Ejercicio del Presupuesto de Egresos con Clasificaci\u00f3n Administrativa.<\/td>\n<td><a href=\"\/inpac\/wp-content\/uploads\/sites\/17\/2018\/05\/Publica-el-Estado-Anal\u00edtico-del-Ejercicio-del-Presupuesto-de-Egresos-con-Clasificaci\u00f3n-Administrativa.pdf\" target=\"_blank\" rel=\"noopener noreferrer\"><i class=\"fas fa-external-link-alt\"><\/i> Abrir<\/a><\/td>\n<\/tr>\n<tr>\n<td>D.3.3 Publica el Estado Anal\u00edtico del Ejercicio del Presupuesto de Egresos con Clasificaci\u00f3n Econ\u00f3mica (por Tipo de Gasto).<\/td>\n<td><a href=\"\/inpac\/wp-content\/uploads\/sites\/17\/2018\/05\/Publica-el-Estado-Anal\u00edtico-del-Ejercicio-del-Presupuesto-de-Egresos-con-Clasificaci\u00f3n-Econ\u00f3mica.pdf\" target=\"_blank\" rel=\"noopener noreferrer\"><i class=\"fas fa-external-link-alt\"><\/i> Abrir<\/a><\/td>\n<\/tr>\n<tr>\n<td>D.3.4 Publica el Estado Anal\u00edtico del Ejercicio del Presupuesto de Egresos con Clasificaci\u00f3n por Objeto del Gasto.<\/td>\n<td><a href=\"\/inpac\/wp-content\/uploads\/sites\/17\/2018\/05\/Publica-el-Estado-Anal\u00edtico-del-Ejercicio-del-Presupuesto-de-Egresos-con-Clasificaci\u00f3n-por-Objeto-del-Gasto.pdf\" target=\"_blank\" rel=\"noopener noreferrer\"><i class=\"fas fa-external-link-alt\"><\/i> Abrir<\/a><\/td>\n<\/tr>\n<tr>\n<td>D.3.5 Publica el Estado Analitico del Ejercicio del Presupuesto de Egresos con Clasificaci\u00f3n Funcional.<\/td>\n<td><a href=\"\/inpac\/wp-content\/uploads\/sites\/17\/2018\/05\/Publica-el-Estado-Analitico-del-Ejercicio-del-Presupuesto-de-Egresos-con-Clasificaci\u00f3n-Funcional.pdf\" target=\"_blank\" rel=\"noopener noreferrer\"><i class=\"fas fa-external-link-alt\"><\/i> Abrir<\/a><\/td>\n<\/tr>\n<tr>\n<td>D.3.6 Publica el Endeudamiento Neto.<\/td>\n<td><a href=\"\/inpac\/wp-content\/uploads\/sites\/17\/2018\/05\/Publica-el-Endeudamiento-Neto.pdf\" target=\"_blank\" rel=\"noopener noreferrer\"><i class=\"fas fa-external-link-alt\"><\/i> Abrir<\/a><\/td>\n<\/tr>\n<tr>\n<td>D.3.7 Publica Intereses de la Deuda.<\/td>\n<td><a href=\"\/inpac\/wp-content\/uploads\/sites\/17\/2018\/05\/Publica-Intereses-de-la-Deuda.pdf\" target=\"_blank\" rel=\"noopener noreferrer\"><i class=\"fas fa-external-link-alt\"><\/i> Abrir<\/a><\/td>\n<\/tr>\n<tr>\n<td>D.4.1 Publica el Gasto por Categor\u00eda Program\u00e1tica<\/td>\n<td><a href=\"\/inpac\/wp-content\/uploads\/sites\/17\/2018\/05\/Publica-el-Gasto-por-Categor\u00eda-Program\u00e1tica.pdf\" target=\"_blank\" rel=\"noopener noreferrer\"><i class=\"fas fa-external-link-alt\"><\/i> Abrir<\/a><\/td>\n<\/tr>\n<tr>\n<td>D.4.2 Publica los Indicadores de Resultados.<\/td>\n<td><a href=\"\/inpac\/wp-content\/uploads\/sites\/17\/2018\/05\/Publica-los-Indicadores-de-Resultados..pdf\" target=\"_blank\" rel=\"noopener noreferrer\"><i class=\"fas fa-external-link-alt\"><\/i> Abrir<\/a><\/td>\n<\/tr>\n<tr>\n<td>D.4.3 Publica los Programas y Proyectos de la Inversi\u00f3n.<\/td>\n<td><a href=\"\/inpac\/wp-content\/uploads\/sites\/17\/2018\/05\/Publica-los-Programas-y-Proyectos-de-la-Iversi\u00f3n.pdf\" target=\"_blank\" rel=\"noopener noreferrer\"><i class=\"fas fa-external-link-alt\"><\/i> Abrir<\/a><\/td>\n<\/tr>\n<\/tbody>\n<\/table>\n<p>&nbsp;<\/p>\n","protected":false},"excerpt":{"rendered":"<p>PRIMER TRIMESTRE INFORMACI\u00d3N FINANCIERA Estado de Situaci\u00f3n Financiera Abrir Estado de Variaci\u00f3n de la Hacienda P\u00fablica Abrir Estado Anal\u00edtico del Activo Abrir Estado de Cambios en la Situaci\u00f3n Financiera Abrir Estado de Flujo de Efectivo Abrir Notas a los Estados Financieros Abrir Estado Anal\u00edtico de los Ingresos Abrir Estado de Actividades Abrir Clasificaci\u00f3n Administrativa Abrir [&hellip;]<\/p>\n","protected":false},"author":16,"featured_media":0,"parent":0,"menu_order":0,"comment_status":"closed","ping_status":"closed","template":"","meta":{"episode_type":"","audio_file":"","podmotor_file_id":"","podmotor_episode_id":"","cover_image":"","cover_image_id":"","duration":"","filesize":"","filesize_raw":"","date_recorded":"","explicit":"","block":"","itunes_episode_number":"","itunes_title":"","itunes_season_number":"","itunes_episode_type":"","footnotes":""},"categories":[],"tags":[],"class_list":["post-4241","page","type-page","status-publish","hentry"],"acf":[],"publishpress_future_action":{"enabled":false,"date":"2026-05-07 13:33:08","action":"change-status","newStatus":"draft","terms":[],"taxonomy":"category","extraData":[]},"publishpress_future_workflow_manual_trigger":{"enabledWorkflows":[]},"_links":{"self":[{"href":"https:\/\/www.oaxaca.gob.mx\/inpac\/wp-json\/wp\/v2\/pages\/4241","targetHints":{"allow":["GET"]}}],"collection":[{"href":"https:\/\/www.oaxaca.gob.mx\/inpac\/wp-json\/wp\/v2\/pages"}],"about":[{"href":"https:\/\/www.oaxaca.gob.mx\/inpac\/wp-json\/wp\/v2\/types\/page"}],"author":[{"embeddable":true,"href":"https:\/\/www.oaxaca.gob.mx\/inpac\/wp-json\/wp\/v2\/users\/16"}],"replies":[{"embeddable":true,"href":"https:\/\/www.oaxaca.gob.mx\/inpac\/wp-json\/wp\/v2\/comments?post=4241"}],"version-history":[{"count":3,"href":"https:\/\/www.oaxaca.gob.mx\/inpac\/wp-json\/wp\/v2\/pages\/4241\/revisions"}],"predecessor-version":[{"id":10525,"href":"https:\/\/www.oaxaca.gob.mx\/inpac\/wp-json\/wp\/v2\/pages\/4241\/revisions\/10525"}],"wp:attachment":[{"href":"https:\/\/www.oaxaca.gob.mx\/inpac\/wp-json\/wp\/v2\/media?parent=4241"}],"wp:term":[{"taxonomy":"category","embeddable":true,"href":"https:\/\/www.oaxaca.gob.mx\/inpac\/wp-json\/wp\/v2\/categories?post=4241"},{"taxonomy":"post_tag","embeddable":true,"href":"https:\/\/www.oaxaca.gob.mx\/inpac\/wp-json\/wp\/v2\/tags?post=4241"}],"curies":[{"name":"wp","href":"https:\/\/api.w.org\/{rel}","templated":true}]}}