{"id":301,"date":"2018-08-25T20:45:28","date_gmt":"2018-08-25T20:45:28","guid":{"rendered":"https:\/\/www.oaxaca.gob.mx\/ieepo\/portal\/?page_id=301"},"modified":"2024-04-16T13:21:08","modified_gmt":"2024-04-16T19:21:08","slug":"tramites","status":"publish","type":"page","link":"https:\/\/www.oaxaca.gob.mx\/ieepo\/tramites\/","title":{"rendered":"Tr\u00e1mites"},"content":{"rendered":"<ul class=\"nav nav-tabs\" id=\"myTab\" role=\"tablist\">\n<li class=\"nav-item\" role=\"presentation\">\n    <button class=\"nav-link active\" id=\"nav_tab_uno\" type=\"button\" role=\"tab\" data-bs-target=\"#nav_uno\" data-bs-toggle=\"tab\" aria-controls=\"nav_uno\" aria-selected=\"true\"><br \/>\n      Alumnos<br \/>\n    <\/button>\n  <\/li>\n<li class=\"nav-item\" role=\"presentation\">\n    <button class=\"nav-link\" id=\"nav_tab_dos\" type=\"button\" role=\"tab\" data-bs-target=\"#nav_dos\" data-bs-toggle=\"tab\" aria-controls=\"nav_dos\" aria-selected=\"false\"><br \/>\n      Escuelas particulares<br \/>\n    <\/button>\n  <\/li>\n<\/ul>\n<div class=\"tab-content\" id=\"myTabContent\">\n<div id=\"nav_uno\" class=\"tab-pane fade show active\" role=\"tabpanel\" aria-labelledby=\"nav_tab_uno\" tabindex=\"0\">\n<h4>Tr\u00e1mites para alumnos<\/h4>\n\n<table id=\"tablepress-18\" class=\"tablepress tablepress-id-18\">\n<thead>\n<tr class=\"row-1\">\n\t<th class=\"column-1\">Fecha de Actualizaci\u00f3n:<\/th><th class=\"column-2\">Nombre del Tr\u00e1mite<\/th><th class=\"column-3\">\u00c1rea responsable<\/th><th class=\"column-4\">Consulta la c\u00e9dula de informaci\u00f3n <\/th><th class=\"column-5\">Archivos adjuntos<\/th>\n<\/tr>\n<\/thead>\n<tbody class=\"row-striping row-hover\">\n<tr class=\"row-2\">\n\t<td class=\"column-1\">20\/08\/2024<\/td><td class=\"column-2\">Certificaci\u00f3n de estudios de educaci\u00f3n Preescolar (Duplicado)<\/td><td class=\"column-3\">Direcci\u00f3n de Planeaci\u00f3n Educativa<\/td><td class=\"column-4\"><a href=\"https:\/\/transparencia.ieepo.gob.mx\/TRAMITES\/DPE\/01001.-Certificado-preescolar(Duplicado).pdf\" target=\"_blank\" rel=\"attachment wp-att-432 noopener noreferrer\"><i class=\"far fa-file-pdf fa-2x\">\u00a0<\/i><\/a><\/td><td class=\"column-5\"><a href=\"https:\/\/transparencia.ieepo.gob.mx\/TRAMITES\/DPE\/FR\/01001.-Solicitud-PREES2024.pdf\" target=\"_blank\" rel=\"attachment wp-att-432 noopener noreferrer\"><i class=\"far fa-file-pdf fa-2x\">\u00a0<\/i><\/a><br \/>\n<br \/>\n<\/td>\n<\/tr>\n<tr class=\"row-3\">\n\t<td class=\"column-1\">20\/08\/2024<\/td><td class=\"column-2\">Certificaci\u00f3n de estudios de educaci\u00f3n Primaria (Duplicado)<\/td><td class=\"column-3\">Direcci\u00f3n de Planeaci\u00f3n Educativa<\/td><td class=\"column-4\"><a href=\"https:\/\/transparencia.ieepo.gob.mx\/TRAMITES\/DPE\/01002.-Certificado-primaria(Duplicado).pdf\" target=\"_blank\" rel=\"attachment wp-att-432 noopener noreferrer\"><i class=\"far fa-file-pdf fa-2x\">\u00a0<\/i><\/a><\/td><td class=\"column-5\"><a href=\"https:\/\/transparencia.ieepo.gob.mx\/TRAMITES\/DPE\/FR\/01002.-Solicitud-PRIM2024.pdf\" target=\"_blank\" rel=\"attachment wp-att-432 noopener noreferrer\"><i class=\"far fa-file-pdf fa-2x\">\u00a0<\/i><\/a><\/td>\n<\/tr>\n<tr class=\"row-4\">\n\t<td class=\"column-1\">20\/08\/2024<\/td><td class=\"column-2\">Certificaci\u00f3n de estudios de educaci\u00f3n Secundaria (Duplicado) <\/td><td class=\"column-3\">Direcci\u00f3n de Planeaci\u00f3n Educativa<\/td><td class=\"column-4\"><a href=\"https:\/\/transparencia.ieepo.gob.mx\/TRAMITES\/DPE\/01003.-Certificado-secundaria(Duplicado).pdf\" target=\"_blank\" rel=\"attachment wp-att-432 noopener noreferrer\"><i class=\"far fa-file-pdf fa-2x\">\u00a0<\/i><\/a><\/td><td class=\"column-5\"><a href=\"https:\/\/transparencia.ieepo.gob.mx\/TRAMITES\/DPE\/FR\/01003.-Solicitud-SECU2024.pdf\" target=\"_blank\" rel=\"attachment wp-att-432 noopener noreferrer\"><i class=\"far fa-file-pdf fa-2x\">\u00a0<\/i><\/a><\/td>\n<\/tr>\n<tr class=\"row-5\">\n\t<td class=\"column-1\">06\/01\/2023<\/td><td class=\"column-2\">Correcci\u00f3n  de certificados de estudios de educaci\u00f3n Preescolar<\/td><td class=\"column-3\">Direcci\u00f3n de Planeaci\u00f3n Educativa<\/td><td class=\"column-4\"><a href=\"https:\/\/transparencia.ieepo.gob.mx\/TRAMITES\/DPE\/01005.-Correccion-certificado-preescolar.pdf\" target=\"_blank\" rel=\"attachment wp-att-432 noopener noreferrer\"><i class=\"far fa-file-pdf fa-2x\">\u00a0<\/i><\/a><\/td><td class=\"column-5\"><a href=\"https:\/\/transparencia.ieepo.gob.mx\/TRAMITES\/DPE\/FR\/01005.-Correccion-de-Certificados.pdf\" target=\"_blank\" rel=\"attachment wp-att-432 noopener noreferrer\"><i class=\"far fa-file-pdf fa-2x\">\u00a0<\/i><\/a><\/td>\n<\/tr>\n<tr class=\"row-6\">\n\t<td class=\"column-1\">06\/01\/2023<\/td><td class=\"column-2\">Correcci\u00f3n  de certificados de estudios de educaci\u00f3n Primaria<\/td><td class=\"column-3\">Direcci\u00f3n de Planeaci\u00f3n Educativa<\/td><td class=\"column-4\"><a href=\"https:\/\/transparencia.ieepo.gob.mx\/TRAMITES\/DPE\/01006.-Correccion-certificado-primaria.pdf\" target=\"_blank\" rel=\"attachment wp-att-432 noopener noreferrer\"><i class=\"far fa-file-pdf fa-2x\">\u00a0<\/i><\/a><\/td><td class=\"column-5\"><a href=\"https:\/\/transparencia.ieepo.gob.mx\/TRAMITES\/DPE\/FR\/01006.-Correccion-de-Certificados.pdf\" target=\"_blank\" rel=\"attachment wp-att-432 noopener noreferrer\"><i class=\"far fa-file-pdf fa-2x\">\u00a0<\/i><\/a><\/td>\n<\/tr>\n<tr class=\"row-7\">\n\t<td class=\"column-1\">06\/01\/2023<\/td><td class=\"column-2\">Correcci\u00f3n  de certificados de estudios de educaci\u00f3n Secundaria<\/td><td class=\"column-3\">Direcci\u00f3n de Planeaci\u00f3n Educativa<\/td><td class=\"column-4\"><a href=\"https:\/\/transparencia.ieepo.gob.mx\/TRAMITES\/DPE\/01007.-Correccion-certificado-secundaria.pdf\" target=\"_blank\" rel=\"attachment wp-att-432 noopener noreferrer\"><i class=\"far fa-file-pdf fa-2x\">\u00a0<\/i><\/a><\/td><td class=\"column-5\"><a href=\"https:\/\/transparencia.ieepo.gob.mx\/TRAMITES\/DPE\/FR\/01007.-Correccion-de-Certificados.pdf\" target=\"_blank\" rel=\"attachment wp-att-432 noopener noreferrer\"><i class=\"far fa-file-pdf fa-2x\">\u00a0<\/i><\/a><\/td>\n<\/tr>\n<tr class=\"row-8\">\n\t<td class=\"column-1\">06\/01\/2023<\/td><td class=\"column-2\">Constancia de historial acad\u00e9mico de Educaci\u00f3n B\u00e1sica<\/td><td class=\"column-3\">Direcci\u00f3n de Planeaci\u00f3n Educativa<\/td><td class=\"column-4\"><a href=\"https:\/\/transparencia.ieepo.gob.mx\/TRAMITES\/DPE\/01008.-Historial-academico.pdf\" target=\"_blank\" rel=\"attachment wp-att-432 noopener noreferrer\"><i class=\"far fa-file-pdf fa-2x\">\u00a0<\/i><\/a><\/td><td class=\"column-5\"><\/td>\n<\/tr>\n<tr class=\"row-9\">\n\t<td class=\"column-1\">06\/01\/2023<\/td><td class=\"column-2\"> Revalidaci\u00f3n de estudios de educaci\u00f3n Primaria<\/td><td class=\"column-3\">Direcci\u00f3n de Planeaci\u00f3n Educativa<\/td><td class=\"column-4\"><a href=\"https:\/\/transparencia.ieepo.gob.mx\/TRAMITES\/DPE\/01011.-Revalidacion-primaria.pdf\" target=\"_blank\" rel=\"attachment wp-att-432 noopener noreferrer\"><i class=\"far fa-file-pdf fa-2x\">\u00a0<\/i><\/a><\/td><td class=\"column-5\"><a href=\"https:\/\/transparencia.ieepo.gob.mx\/TRAMITES\/DPE\/FR\/01011.-Solicitud_Revalidacion.xlsx\" rel=\"attachment wp-att-432\"><i class=\"far fa-file-word fa-2x\">\u00a0<\/i><\/a><\/td>\n<\/tr>\n<tr class=\"row-10\">\n\t<td class=\"column-1\">06\/01\/2023<\/td><td class=\"column-2\"> Revalidaci\u00f3n de estudios de educaci\u00f3n Secundaria<\/td><td class=\"column-3\">Direcci\u00f3n de Planeaci\u00f3n Educativa<\/td><td class=\"column-4\"><a href=\"https:\/\/transparencia.ieepo.gob.mx\/TRAMITES\/DPE\/01012.-Revalidacion-secundaria.pdf\" target=\"_blank\" rel=\"attachment wp-att-432 noopener noreferrer\"><i class=\"far fa-file-pdf fa-2x\">\u00a0<\/i><\/a><\/td><td class=\"column-5\"><a href=\"https:\/\/transparencia.ieepo.gob.mx\/TRAMITES\/DPE\/FR\/01012.-Solicitud_Revalidacion.xlsx\" rel=\"attachment wp-att-432\"><i class=\"far fa-file-word fa-2x\">\u00a0<\/i><\/a><\/td>\n<\/tr>\n<tr class=\"row-11\">\n\t<td class=\"column-1\">06\/01\/2023<\/td><td class=\"column-2\"> Revalidaci\u00f3n de estudios de educaci\u00f3n Normal<\/td><td class=\"column-3\">Direcci\u00f3n de Planeaci\u00f3n Educativa<\/td><td class=\"column-4\"><a href=\"https:\/\/transparencia.ieepo.gob.mx\/TRAMITES\/DPE\/01013.-Revalidacion-normal.pdf\" target=\"_blank\" rel=\"attachment wp-att-432 noopener noreferrer\"><i class=\"far fa-file-pdf fa-2x\">\u00a0<\/i><\/a><\/td><td class=\"column-5\"><\/td>\n<\/tr>\n<tr class=\"row-12\">\n\t<td class=\"column-1\">30\/09\/2019<\/td><td class=\"column-2\">CURP<\/td><td class=\"column-3\"><\/td><td class=\"column-4\">Accesar al sitio web:<br \/>\n<a href=\"https:\/\/consultas.curp.gob.mx\/CurpSP\/inicio2_2.jsp\" target=\"_blank\" rel=\"noopener noreferrer\">https:\/\/consultas.curp.gob.mx\/CurpSP\/inicio2_2.jsp<\/a><\/td><td class=\"column-5\"><\/td>\n<\/tr>\n<tr class=\"row-13\">\n\t<td class=\"column-1\">30\/09\/2019<\/td><td class=\"column-2\"><strong>BECAS:<\/strong> Madres J\u00f3venes y J\u00f3venes Embarazadas<\/td><td class=\"column-3\">Direcci\u00f3n de Desarrollo Educativo<\/td><td class=\"column-4\">Accesar a la liga:<br \/>\n<a href=\"https:\/\/www.oaxaca.gob.mx\/ieepo\/beca-de-apoyo-a-la-educacion-para-madres-jovenes-y-jovenes-embarazadas\/\" target=\"_blank\" rel=\"noopener noreferrer\">https:\/\/www.oaxaca.gob.mx\/ieepo\/beca-de-apoyo-a-la-educacion-para-madres-jovenes-y-jovenes-embarazadas\/<\/a><\/td><td class=\"column-5\"><\/td>\n<\/tr>\n<\/tbody>\n<\/table>\n<!-- #tablepress-18 from cache --><\/div>\n<div id=\"nav_dos\" class=\"tab-pane fade\" role=\"tabpanel\" aria-labelledby=\"nav_tab_dos\" tabindex=\"0\">\n<h4>Tr\u00e1mites para Escuelas Particulares<\/h4>\n\n<table id=\"tablepress-49\" class=\"tablepress tablepress-id-49\">\n<thead>\n<tr class=\"row-1\">\n\t<th class=\"column-1\">Fecha de Actualizaci\u00f3n:<\/th><th class=\"column-2\">Nombre del Tr\u00e1mite<\/th><th class=\"column-3\">\u00c1rea responsable<\/th><th class=\"column-4\">Consulta la c\u00e9dula de informaci\u00f3n <\/th><th class=\"column-5\">Archivos adjuntos<\/th>\n<\/tr>\n<\/thead>\n<tbody class=\"row-striping row-hover\">\n<tr class=\"row-2\">\n\t<td class=\"column-1\">05\/01\/2023<\/td><td class=\"column-2\">Autorizaci\u00f3n de validez oficial de estudios de tipo b\u00e1sico (Preescolar) AVOE<\/td><td class=\"column-3\">Direcci\u00f3n de Planeaci\u00f3n Educativa<\/td><td class=\"column-4\"><a href=\"https:\/\/transparencia.ieepo.gob.mx\/TRAMITES\/DPE\/01014.-Autorizacion-AVOE(preescolar).pdf\" target=\"_blank\" rel=\"attachment wp-att-432 noopener noreferrer\"><i class=\"far fa-file-pdf fa-2x\">\u00a0<\/i><\/a><\/td><td class=\"column-5\">Instructivo<a href=\"https:\/\/transparencia.ieepo.gob.mx\/TRAMITES\/DPE\/FR\/01014.-Instructivo-Preescolar2020-2021.pdf\" target=\"_blank\" rel=\"attachment wp-att-432 noopener noreferrer\"><i class=\"far fa-file-pdf fa-2x\">\u00a0<\/i><\/a><br \/>\nFormato<a href=\"https:\/\/transparencia.ieepo.gob.mx\/TRAMITES\/DPE\/FR\/01014.-Preescolar-Formatos-autorizacion2020-2021.docx\" target=\"_blank\" rel=\"attachment wp-att-432 noopener noreferrer\"><i class=\"far fa-file-word fa-2x\">\u00a0<\/i><\/a><\/td>\n<\/tr>\n<tr class=\"row-3\">\n\t<td class=\"column-1\">05\/01\/2023<\/td><td class=\"column-2\"> Autorizaci\u00f3n de validez oficial de estudios de tipo b\u00e1sico (Primaria) AVOE<\/td><td class=\"column-3\">Direcci\u00f3n de Planeaci\u00f3n Educativa<\/td><td class=\"column-4\"><a href=\"https:\/\/transparencia.ieepo.gob.mx\/TRAMITES\/DPE\/01015.-Autorizacion-AVOE(primaria).pdf\" target=\"_blank\" rel=\"attachment wp-att-432 noopener noreferrer\"><i class=\"far fa-file-pdf fa-2x\">\u00a0<\/i><\/a><\/td><td class=\"column-5\">Instructivo<br \/>\n<a href=\"https:\/\/transparencia.ieepo.gob.mx\/TRAMITES\/DPE\/FR\/01015.-Instructivo-Primaria2020-2021.pdf\" target=\"_blank\" rel=\"attachment wp-att-432 noopener noreferrer\"><i class=\"far fa-file-pdf fa-2x\">\u00a0<\/i><\/a><br \/>\nFormato<br \/>\n<a href=\"http:\/\/www.ieepo.oaxaca.gob.mx\/Transparencia\/Tramites\/DPE\/FR\/01015.-Primaria-Formatos-autorizacion2020-2021.docx\" target=\"_blank\" rel=\"attachment wp-att-432 noopener noreferrer\"><i class=\"far fa-file-word fa-2x\">\u00a0<\/i><\/a><\/td>\n<\/tr>\n<tr class=\"row-4\">\n\t<td class=\"column-1\">05\/01\/2023<\/td><td class=\"column-2\"> Autorizaci\u00f3n de validez oficial de estudios de tipo b\u00e1sico (Secundaria) AVOE<\/td><td class=\"column-3\">Direcci\u00f3n de Planeaci\u00f3n Educativa<\/td><td class=\"column-4\"><a href=\"https:\/\/transparencia.ieepo.gob.mx\/TRAMITES\/DPE\/01016.-Autorizacion-AVOE(secundaria).pdf\" target=\"_blank\" rel=\"attachment wp-att-432 noopener noreferrer\"><i class=\"far fa-file-pdf fa-2x\">\u00a0<\/i><\/a><\/td><td class=\"column-5\">Instructivo<a href=\"https:\/\/transparencia.ieepo.gob.mx\/TRAMITES\/DPE\/FR\/01016.-Instructivo-Secundaria2020-2021.pdf\" target=\"_blank\" rel=\"attachment wp-att-432 noopener noreferrer\"><i class=\"far fa-file-pdf fa-2x\">\u00a0<\/i><\/a><br \/>\nFormato:<br \/>\n<a href=\"https:\/\/transparencia.ieepo.gob.mx\/TRAMITES\/DPE\/FR\/01016.-Secundaria-Formatos-autorizacion2020-2021.docx\" target=\"_blank\" rel=\"attachment wp-att-432 noopener noreferrer\"><i class=\"far fa-file-word fa-2x\">\u00a0<\/i><\/a><\/td>\n<\/tr>\n<tr class=\"row-5\">\n\t<td class=\"column-1\">05\/01\/2023<\/td><td class=\"column-2\">Actualizaci\u00f3n de acuerdo de validez oficial de estudios de nivel (Preescolar)<br \/>\n<\/td><td class=\"column-3\">Direcci\u00f3n de Planeaci\u00f3n Educativa<\/td><td class=\"column-4\"><a href=\"https:\/\/transparencia.ieepo.gob.mx\/TRAMITES\/DPE\/01017.-Actualizacion-de-validez(preescolar).pdf\" target=\"_blank\" rel=\"attachment wp-att-432 noopener noreferrer\"><i class=\"far fa-file-pdf fa-2x\">\u00a0<\/i><\/a><\/td><td class=\"column-5\">Instructivo<br \/>\n<a href=\"https:\/\/transparencia.ieepo.gob.mx\/TRAMITES\/DPE\/FR\/01017.-Instructivo-Actualizacion(Preescolar)024.docx\" target=\"_blank\" rel=\"attachment wp-att-432 noopener noreferrer\"><i class=\"far fa-file-word fa-2x\">\u00a0<\/i><\/a><br \/>\nFormatos:<br \/>\n<a href=\"https:\/\/transparencia.ieepo.gob.mx\/TRAMITES\/DPE\/FR\/01017-1.-Cambio-Domicilio(Preescolar).pdf\" target=\"_blank\" rel=\"attachment wp-att-432 noopener noreferrer\"><i class=\"far fa-file-pdf fa-2x\">\u00a0<\/i><\/a><br \/>\n<a href=\"http:\/\/www.ieepo.oaxaca.gob.mx\/Transparencia\/Tramites\/DPE\/FR\/01017-2.-Cambio-Titular(Preescolar).pdf\" target=\"_blank\" rel=\"attachment wp-att-432 noopener noreferrer\"><i class=\"far fa-file-pdf fa-2x\">\u00a0<\/i><\/a><\/td>\n<\/tr>\n<tr class=\"row-6\">\n\t<td class=\"column-1\">05\/01\/2023<\/td><td class=\"column-2\">Actualizaci\u00f3n de acuerdo de validez oficial de estudios de nivel (Primaria)<br \/>\n<\/td><td class=\"column-3\">Direcci\u00f3n de Planeaci\u00f3n Educativa<\/td><td class=\"column-4\"><a href=\"https:\/\/transparencia.ieepo.gob.mx\/TRAMITES\/DPE\/01018.-Actualizacion-de-validez(primaria).pdf\" target=\"_blank\" rel=\"attachment wp-att-432 noopener noreferrer\"><i class=\"far fa-file-pdf fa-2x\">\u00a0<\/i><\/a><\/td><td class=\"column-5\">Instructivo<br \/>\n<a href=\"https:\/\/transparencia.ieepo.gob.mx\/TRAMITES\/DPE\/FR\/01018.-Instructivo-Actualizacion(Primaria)024.docx\" target=\"_blank\" rel=\"attachment wp-att-432 noopener noreferrer\"><i class=\"far fa-file-word fa-2x\">\u00a0<\/i><\/a><br \/>\nFormatos:<br \/>\n<a href=\"\/\/transparencia.ieepo.gob.mx\/TRAMITES\/DPE\/FR\/01018-1.-Cambio-Domicilio(Primaria).pdf\" target=\"_blank\" rel=\"attachment wp-att-432 noopener noreferrer\"><i class=\"far fa-file-pdf fa-2x\">\u00a0<\/i><\/a><br \/>\n<a href=\"https:\/\/transparencia.ieepo.gob.mx\/TRAMITES\/DPE\/FR\/01018-2.-Cambio-Titular(Primaria).pdf\" target=\"_blank\" rel=\"attachment wp-att-432 noopener noreferrer\"><i class=\"far fa-file-pdf fa-2x\">\u00a0<\/i><\/a><\/td>\n<\/tr>\n<tr class=\"row-7\">\n\t<td class=\"column-1\">05\/01\/2023<\/td><td class=\"column-2\">Actualizaci\u00f3n de acuerdo de validez oficial de estudios de nivel (Secundaria)<br \/>\n<\/td><td class=\"column-3\">Direcci\u00f3n de Planeaci\u00f3n Educativa<\/td><td class=\"column-4\"><a href=\"https:\/\/transparencia.ieepo.gob.mx\/TRAMITES\/DPE\/01019.-Actualizacion-de-validez(secundaria).pdf\" target=\"_blank\" rel=\"attachment wp-att-432 noopener noreferrer\"><i class=\"far fa-file-pdf fa-2x\">\u00a0<\/i><\/a><\/td><td class=\"column-5\">Instructivo<br \/>\n<a href=\"https:\/\/transparencia.ieepo.gob.mx\/TRAMITES\/DPE\/FR\/01019.-Instructivo-Actualizacion(Secundaria)024.docx\" target=\"_blank\" rel=\"attachment wp-att-432 noopener noreferrer\"><i class=\"far fa-file-word fa-2x\">\u00a0<\/i><\/a><br \/>\nFormatos:<br \/>\n<a href=\"https:\/\/transparencia.ieepo.gob.mx\/TRAMITES\/DPE\/FR\/01019-1.-Cambio-Domicilio(Secundaria).pdf\" target=\"_blank\" rel=\"attachment wp-att-432 noopener noreferrer\"><i class=\"far fa-file-pdf fa-2x\">\u00a0<\/i><\/a><br \/>\n<a href=\"https:\/\/transparencia.ieepo.gob.mx\/TRAMITES\/DPE\/FR\/01019-2.-Cambio-Titular(Secundaria).pdf\" target=\"_blank\" rel=\"attachment wp-att-432 noopener noreferrer\"><i class=\"far fa-file-pdf fa-2x\">\u00a0<\/i><\/a><\/td>\n<\/tr>\n<tr class=\"row-8\">\n\t<td class=\"column-1\">05\/01\/2023<\/td><td class=\"column-2\">Continuidad de operaciones o Refrendos anuales (Preescolar)<br \/>\n<\/td><td class=\"column-3\">Direcci\u00f3n de Planeaci\u00f3n Educativa<\/td><td class=\"column-4\"><a href=\"https:\/\/transparencia.ieepo.gob.mx\/TRAMITES\/DPE\/01020.-Refrendo-preescolar.pdf\" target=\"_blank\" rel=\"attachment wp-att-432 noopener noreferrer\"><i class=\"far fa-file-pdf fa-2x\">\u00a0<\/i><\/a><\/td><td class=\"column-5\">Instructivo<br \/>\n<a href=\"https:\/\/transparencia.ieepo.gob.mx\/TRAMITES\/DPE\/FR\/01020.-Instructivo-REFRENDO propuesta DAyR.docx\" target=\"_blank\" rel=\"attachment wp-att-432 noopener noreferrer\"><i class=\"far fa-file-word fa-2x\">\u00a0<\/i><\/a><br \/>\nFormato:<br \/>\n<a href=\"https:\/\/transparencia.ieepo.gob.mx\/TRAMITES\/DPE\/FR\/01020.-Formato-R1-Refrendo.xlsx\" target=\"_blank\" rel=\"attachment wp-att-432 noopener noreferrer\"><i class=\"far fa-file-excel fa-2x\">\u00a0<\/i><\/a><br \/>\n<\/td>\n<\/tr>\n<tr class=\"row-9\">\n\t<td class=\"column-1\">05\/01\/2023<\/td><td class=\"column-2\">Continuidad de operaciones o Refrendos anuales (Primaria)<br \/>\n<\/td><td class=\"column-3\">Direcci\u00f3n de Planeaci\u00f3n Educativa<\/td><td class=\"column-4\"><a href=\"https:\/\/transparencia.ieepo.gob.mx\/TRAMITES\/DPE\/01021.-Refrendo-primaria.pdf\" target=\"_blank\" rel=\"attachment wp-att-432 noopener noreferrer\"><i class=\"far fa-file-pdf fa-2x\">\u00a0<\/i><\/a><\/td><td class=\"column-5\">Instructivo<br \/>\n<a href=\"https:\/\/transparencia.ieepo.gob.mx\/TRAMITES\/DPE\/FR\/01021.-Instructivo-REFRENDO propuesta DAyR.docx\" target=\"_blank\" rel=\"attachment wp-att-432 noopener noreferrer\"><i class=\"far fa-file-word fa-2x\">\u00a0<\/i><\/a><br \/>\nFormato:<br \/>\n<a href=\"https:\/\/transparencia.ieepo.gob.mx\/TRAMITES\/DPE\/FR\/01021.-Formato-R1-Refrendo.xlsx\" target=\"_blank\" rel=\"attachment wp-att-432 noopener noreferrer\"><i class=\"far fa-file-excel fa-2x\">\u00a0<\/i><\/a><br \/>\n<\/td>\n<\/tr>\n<tr class=\"row-10\">\n\t<td class=\"column-1\">05\/01\/2023<\/td><td class=\"column-2\">Continuidad de operaciones o Refrendos anuales (Secundaria)<br \/>\n<\/td><td class=\"column-3\">Direcci\u00f3n de Planeaci\u00f3n Educativa<\/td><td class=\"column-4\"><a href=\"https:\/\/transparencia.ieepo.gob.mx\/TRAMITES\/DPE\/01022.-Refrendo-secundaria.pdf\" target=\"_blank\" rel=\"attachment wp-att-432 noopener noreferrer\"><i class=\"far fa-file-pdf fa-2x\">\u00a0<\/i><\/a><\/td><td class=\"column-5\">Instructivo<br \/>\n<a href=\"https:\/\/transparencia.ieepo.gob.mx\/TRAMITES\/DPE\/FR\/01022.-Instructivo-REFRENDO propuesta DAyR.docx\" rel=\"attachment wp-att-432\"><i class=\"far fa-file-word fa-2x\">\u00a0<\/i><\/a><br \/>\nFormato:<br \/>\n<a href=\"https:\/\/transparencia.ieepo.gob.mx\/TRAMITES\/DPE\/FR\/01022.-Formato-R1-Refrendo.xlsx\" target=\"_blank\" rel=\"attachment wp-att-432 noopener noreferrer\"><i class=\"far fa-file-excel fa-2x\">\u00a0<\/i><\/a><br \/>\n<\/td>\n<\/tr>\n<tr class=\"row-11\">\n\t<td class=\"column-1\">05\/01\/2023<\/td><td class=\"column-2\">Aval de nombramiento de director t\u00e9cnico<\/td><td class=\"column-3\">Direcci\u00f3n de Planeaci\u00f3n Educativa<\/td><td class=\"column-4\"><a href=\"https:\/\/transparencia.ieepo.gob.mx\/TRAMITES\/DPE\/01023.-Aval-nombramiento-DT.pdf\" target=\"_blank\" rel=\"attachment wp-att-432 noopener noreferrer\"><i class=\"far fa-file-pdf fa-2x\">\u00a0<\/i><\/a><\/td><td class=\"column-5\">Circular<br \/>\n<a href=\"https:\/\/transparencia.ieepo.gob.mx\/TRAMITES\/DPE\/FR\/01023.-CIRCULAR SGE.DPE.04-2019R.pdf\" rel=\"attachment wp-att-432\"><i class=\"far fa-file-word fa-2x\">\u00a0<\/i><\/a><br \/>\nFormatos:<br \/>\n<a href=\"https:\/\/transparencia.ieepo.gob.mx\/TRAMITES\/DPE\/FR\/01023-1.-FORMATO-SOLICITUD-DIRECTOR-TECNICO-2019-2020.xlsx\" target=\"_blank\" rel=\"attachment wp-att-432 noopener noreferrer\"><i class=\"far fa-file-excel fa-2x\">\u00a0<\/i><\/a><br \/>\n<a href=\"https:\/\/transparencia.ieepo.gob.mx\/TRAMITES\/DPE\/FR\/01023-2.-Formato-carta-compromiso.docx\" target=\"_blank\" rel=\"attachment wp-att-432 noopener noreferrer\"><i class=\"far fa-file-word fa-2x\">\u00a0<\/i><\/a><br \/>\n<\/td>\n<\/tr>\n<\/tbody>\n<\/table>\n<!-- #tablepress-49 from cache --><\/div>\n<\/div>\n","protected":false},"excerpt":{"rendered":"excerpt","protected":false},"author":1,"featured_media":0,"parent":0,"menu_order":0,"comment_status":"closed","ping_status":"closed","template":"","meta":{"episode_type":"","audio_file":"","podmotor_file_id":"","podmotor_episode_id":"","cover_image":"","cover_image_id":"","duration":"","filesize":"","filesize_raw":"","date_recorded":"","explicit":"","block":"","footnotes":""},"categories":[],"tags":[],"class_list":["post-301","page","type-page","status-publish","hentry"],"acf":[],"publishpress_future_action":{"enabled":false,"date":"2026-05-10 09:03:13","action":"change-status","newStatus":"draft","terms":[],"taxonomy":"category","extraData":[]},"publishpress_future_workflow_manual_trigger":{"enabledWorkflows":[]},"_links":{"self":[{"href":"https:\/\/www.oaxaca.gob.mx\/ieepo\/wp-json\/wp\/v2\/pages\/301","targetHints":{"allow":["GET"]}}],"collection":[{"href":"https:\/\/www.oaxaca.gob.mx\/ieepo\/wp-json\/wp\/v2\/pages"}],"about":[{"href":"https:\/\/www.oaxaca.gob.mx\/ieepo\/wp-json\/wp\/v2\/types\/page"}],"author":[{"embeddable":true,"href":"https:\/\/www.oaxaca.gob.mx\/ieepo\/wp-json\/wp\/v2\/users\/1"}],"replies":[{"embeddable":true,"href":"https:\/\/www.oaxaca.gob.mx\/ieepo\/wp-json\/wp\/v2\/comments?post=301"}],"version-history":[{"count":2,"href":"https:\/\/www.oaxaca.gob.mx\/ieepo\/wp-json\/wp\/v2\/pages\/301\/revisions"}],"predecessor-version":[{"id":32732,"href":"https:\/\/www.oaxaca.gob.mx\/ieepo\/wp-json\/wp\/v2\/pages\/301\/revisions\/32732"}],"wp:attachment":[{"href":"https:\/\/www.oaxaca.gob.mx\/ieepo\/wp-json\/wp\/v2\/media?parent=301"}],"wp:term":[{"taxonomy":"category","embeddable":true,"href":"https:\/\/www.oaxaca.gob.mx\/ieepo\/wp-json\/wp\/v2\/categories?post=301"},{"taxonomy":"post_tag","embeddable":true,"href":"https:\/\/www.oaxaca.gob.mx\/ieepo\/wp-json\/wp\/v2\/tags?post=301"}],"curies":[{"name":"wp","href":"https:\/\/api.w.org\/{rel}","templated":true}]}}