{"id":14541,"date":"2020-06-10T15:09:16","date_gmt":"2020-06-10T20:09:16","guid":{"rendered":"https:\/\/www.oaxaca.gob.mx\/ieepo\/?page_id=14541"},"modified":"2024-04-26T09:48:05","modified_gmt":"2024-04-26T15:48:05","slug":"atencion-al-magisterio","status":"publish","type":"page","link":"https:\/\/www.oaxaca.gob.mx\/ieepo\/atencion-al-magisterio\/","title":{"rendered":"Logros y atenci\u00f3n a incidencias administrativas del magisterio"},"content":{"rendered":"<h3 class=\"text-center\">Noticias<\/h3>\n\r\n<div id=\"carouselExampleInterval\" class=\"carousel slide\" data-bs-ride=\"carousel\">\r\n  <div class=\"carousel-inner\">\r\n      \r\n            <a href=\"https:\/\/www.oaxaca.gob.mx\/ieepo\/en-pago-de-incidencias-trabajadores-deben-contar-con-expediente-validado-ieepo\/\" title=\"En pago de incidencias, trabajadores deben  contar con expediente validado: IEEPO\" target=\"_blank\">\r\n                    <div class=\"carousel-item active\" data-bs-interval=\"5000\">\r\n                          <img decoding=\"async\" src=\"https:\/\/www.oaxaca.gob.mx\/ieepo\/wp-content\/uploads\/sites\/75\/2022\/03\/08-03-22.png \" class=\"d-block w-100\" alt=\"En pago de incidencias, trabajadores deben  contar con expediente validado: IEEPO\"\/>\r\n                      <\/div>\r\n        <\/a>\r\n          \r\n            <a href=\"https:\/\/www.oaxaca.gob.mx\/ieepo\/en-atencion-y-pago-unico-de-incidencias-administrativas-el-ieepo-ha-ejercido-350-mdp\/\" title=\"En atenci\u00f3n y pago \u00fanico de incidencias  administrativas el IEEPO ha ejercido 350 MDP\" target=\"_blank\">\r\n                    <div class=\"carousel-item \" data-bs-interval=\"5000\">\r\n                          <img decoding=\"async\" src=\"https:\/\/www.oaxaca.gob.mx\/ieepo\/wp-content\/uploads\/sites\/75\/2022\/03\/07-03-22.png \" class=\"d-block w-100\" alt=\"En atenci\u00f3n y pago \u00fanico de incidencias  administrativas el IEEPO ha ejercido 350 MDP\"\/>\r\n                      <\/div>\r\n        <\/a>\r\n          \r\n            <a href=\"https:\/\/www.oaxaca.gob.mx\/ieepo\/pago-unico-de-incidencias-administrativas-se-realiza-con-total-transparencia-ieepo\/\" title=\"Pago \u00fanico de incidencias administrativas  se realiza con total transparencia: IEEPO\" target=\"_blank\">\r\n                    <div class=\"carousel-item \" data-bs-interval=\"5000\">\r\n                          <img decoding=\"async\" src=\"https:\/\/www.oaxaca.gob.mx\/ieepo\/wp-content\/uploads\/sites\/75\/2021\/02\/02-02-21-06.png \" class=\"d-block w-100\" alt=\"Pago \u00fanico de incidencias administrativas  se realiza con total transparencia: IEEPO\"\/>\r\n                      <\/div>\r\n        <\/a>\r\n          \r\n            <a href=\"https:\/\/www.oaxaca.gob.mx\/ieepo\/continua-ieepo-pago-unico-de-incidencias-administrativas-al-magisterio\/\" title=\"Contin\u00faa IEEPO pago \u00fanico de incidencias administrativas al magisterio\" target=\"_blank\">\r\n                    <div class=\"carousel-item \" data-bs-interval=\"5000\">\r\n                          <img decoding=\"async\" src=\"https:\/\/www.oaxaca.gob.mx\/ieepo\/wp-content\/uploads\/sites\/75\/2021\/01\/31-01-21.png \" class=\"d-block w-100\" alt=\"Contin\u00faa IEEPO pago \u00fanico de incidencias administrativas al magisterio\"\/>\r\n                      <\/div>\r\n        <\/a>\r\n          \r\n            <a href=\"https:\/\/www.oaxaca.gob.mx\/ieepo\/realiza-ieepo-pago-unico-de-incidencias-administrativas-a-trabajadores-de-secundarias-tecnicas\/\" title=\"Realiza IEEPO pago \u00fanico de incidencias administrativas  a trabajadores de Secundarias T\u00e9cnicas\" target=\"_blank\">\r\n                    <div class=\"carousel-item \" data-bs-interval=\"5000\">\r\n                          <img decoding=\"async\" src=\"https:\/\/www.oaxaca.gob.mx\/ieepo\/wp-content\/uploads\/sites\/75\/2021\/01\/11-01-21-04.png \" class=\"d-block w-100\" alt=\"Realiza IEEPO pago \u00fanico de incidencias administrativas  a trabajadores de Secundarias T\u00e9cnicas\"\/>\r\n                      <\/div>\r\n        <\/a>\r\n          \r\n            <a href=\"https:\/\/www.oaxaca.gob.mx\/ieepo\/ieepo-paga-al-magisterio-250-mdp-de-incidencias-administrativas-generadas-por-la-implementacion-de-la-reforma-educativa-de-2013\/\" title=\"IEEPO paga al magisterio 250 mdp de incidencias administrativas  generadas por la implementaci\u00f3n de la Reforma Educativa de 2013\" target=\"_blank\">\r\n                    <div class=\"carousel-item \" data-bs-interval=\"5000\">\r\n                          <img decoding=\"async\" src=\"https:\/\/www.oaxaca.gob.mx\/ieepo\/wp-content\/uploads\/sites\/75\/2020\/11\/20-11-20-07.png \" class=\"d-block w-100\" alt=\"IEEPO paga al magisterio 250 mdp de incidencias administrativas  generadas por la implementaci\u00f3n de la Reforma Educativa de 2013\"\/>\r\n                      <\/div>\r\n        <\/a>\r\n          \r\n            <a href=\"https:\/\/www.oaxaca.gob.mx\/ieepo\/iniciara-ieepo-pago-de-segunda-etapa-de-incidencias-administrativas-del-magisterio\/\" title=\"Iniciar\u00e1 IEEPO pago de segunda etapa de incidencias administrativas del magisterio\" target=\"_blank\">\r\n                    <div class=\"carousel-item \" data-bs-interval=\"5000\">\r\n                          <img decoding=\"async\" src=\"https:\/\/www.oaxaca.gob.mx\/ieepo\/wp-content\/uploads\/sites\/75\/2020\/11\/16-11-20.png \" class=\"d-block w-100\" alt=\"Iniciar\u00e1 IEEPO pago de segunda etapa de incidencias administrativas del magisterio\"\/>\r\n                      <\/div>\r\n        <\/a>\r\n          \r\n            <a href=\"https:\/\/www.oaxaca.gob.mx\/ieepo\/en-2021-continuara-en-oaxaca-la-estrategia-de-iniciacion-a-la-docencia-en-el-medio-indigena-ieepo\/\" title=\"En 2021 continuar\u00e1 en Oaxaca la Estrategia de Iniciaci\u00f3n a la  Docencia en el Medio Ind\u00edgena: IEEPO\" target=\"_blank\">\r\n                    <div class=\"carousel-item \" data-bs-interval=\"5000\">\r\n                          <img decoding=\"async\" src=\"https:\/\/www.oaxaca.gob.mx\/ieepo\/wp-content\/uploads\/sites\/75\/2020\/11\/12-11-20-B.png \" class=\"d-block w-100\" alt=\"En 2021 continuar\u00e1 en Oaxaca la Estrategia de Iniciaci\u00f3n a la  Docencia en el Medio Ind\u00edgena: IEEPO\"\/>\r\n                      <\/div>\r\n        <\/a>\r\n          \r\n            <a href=\"https:\/\/www.oaxaca.gob.mx\/ieepo\/resuelta-despues-de-10-anos-la-regularizacion-de-personal-paae-en-oaxaca-ieepo\/\" title=\"Resuelta despu\u00e9s de 10 a\u00f1os la regularizaci\u00f3n  de personal PAAE en Oaxaca: IEEPO\" target=\"_blank\">\r\n                    <div class=\"carousel-item \" data-bs-interval=\"5000\">\r\n                          <img decoding=\"async\" src=\"https:\/\/www.oaxaca.gob.mx\/ieepo\/wp-content\/uploads\/sites\/75\/2020\/11\/05-11-20.png \" class=\"d-block w-100\" alt=\"Resuelta despu\u00e9s de 10 a\u00f1os la regularizaci\u00f3n  de personal PAAE en Oaxaca: IEEPO\"\/>\r\n                      <\/div>\r\n        <\/a>\r\n          \r\n            <a href=\"https:\/\/www.oaxaca.gob.mx\/ieepo\/atencion-puntual-del-ieepo-para-la-regularizacion-de-claves-e2403-y-e2405\/\" title=\"Atenci\u00f3n puntual del IEEPO para la regularizaci\u00f3n de claves E2403 y E2405\" target=\"_blank\">\r\n                    <div class=\"carousel-item \" data-bs-interval=\"5000\">\r\n                          <img decoding=\"async\" src=\"https:\/\/www.oaxaca.gob.mx\/ieepo\/wp-content\/uploads\/sites\/75\/2020\/10\/23-10-20.png \" class=\"d-block w-100\" alt=\"Atenci\u00f3n puntual del IEEPO para la regularizaci\u00f3n de claves E2403 y E2405\"\/>\r\n                      <\/div>\r\n        <\/a>\r\n          <\/div>\r\n  <button class=\"carousel-control-prev\" type=\"button\" data-bs-target=\"#carouselExampleInterval\" data-bs-slide=\"prev\">\r\n              <style>\r\n                .carousel-control-prev-icon, .carousel-control-next-icon {\r\n                  display: inline-block;\r\n                  height: 40px;\r\n                  width: 40px;\r\n                  border-radius: 0.5rem;\r\n                  line-height: 40px;\r\n                  text-align: center;\r\n                  background-color: #9D2449;\r\n                  font-weight: bold;\r\n                  color: #FFF;\r\n                  \/*margin-left: auto;*\/\r\n                  opacity: 0.9!important;\r\n                }\r\n              <\/style>\r\n            <span class=\"carousel-control-prev-icon\" aria-hidden=\"true\"><\/span>\r\n            <span class=\"visually-hidden\">Previous<\/span>\r\n            <\/button>\r\n            <button class=\"carousel-control-next\" type=\"button\" data-bs-target=\"#carouselExampleInterval\" data-bs-slide=\"next\">\r\n            <span class=\"carousel-control-next-icon\" aria-hidden=\"true\"><\/span>\r\n            <span class=\"visually-hidden\">Next<\/span>\r\n    <\/button>\r\n<\/div>\r\n<br\/>\r\n\n<div class=\"row\">\n<div class=\"col-md-6 col-sm-2 col-xs-12\">\n<h3 class=\"text-center\">Presentaci\u00f3n<\/h3>\n<figure class=\"aligncenter\"><a class=\"text-center\" href=\"https:\/\/www.oaxaca.gob.mx\/ieepo\/presentacion\/\" rel=\"noopener noreferrer\"><img loading=\"lazy\" decoding=\"async\" class=\"alignnone wp-image-6117 size-full\" src=\"https:\/\/www.oaxaca.gob.mx\/ieepo\/wp-content\/uploads\/sites\/75\/2020\/06\/Presentacion02.png\" alt=\"\" width=\"400\" height=\"250\" \/><\/a><\/figure>\n<\/div>\n<div class=\"col-md-6 col-sm-2 col-xs-12\">\n<h3 class=\"text-center\">Multimedia<\/h3>\n<div class=\"ytcontenedor\"><iframe loading=\"lazy\" width=\"400\" height=\"250\" src=\"https:\/\/www.youtube.com\/embed\/videoseries?list=PLK5p5SVF1L10_AMfFYtsohTATf7WjwHiM;autoplay=1\" frameborder=\"0\" allow=\"accelerometer; autoplay; encrypted-media; gyroscope; picture-in-picture\" allowfullscreen><\/iframe>\r\n<\/div><\/div>\n<\/div>\n<div class=\"row\">\n<div class=\"col-md-6 col-sm-2 col-xs-12\">\n<h3 class=\"text-center\">Listado de Beneficiarios<\/h3>\n<p><a class=\"text-center\" href=\"https:\/\/www.oaxaca.gob.mx\/ieepo\/lista-de-beneficiaros\/\" rel=\"noopener\"><br \/>\n<img loading=\"lazy\" decoding=\"async\" src=\"https:\/\/www.oaxaca.gob.mx\/ieepo\/wp-content\/uploads\/sites\/75\/2020\/06\/BENEFICIARIOS.png\" alt=\"Marco\" width=\"400\" height=\"160\" \/><\/a><\/p>\n<\/div>\n<div class=\"col-md-6 col-sm-2 col-xs-12\">\n<h3 class=\"text-center\">L\u00ednea de tiempo de atenci\u00f3n al magisterio<\/h3>\n<figure class=\"aligncenter\"><a class=\"text-center\" href=\"https:\/\/www.oaxaca.gob.mx\/ieepo\/linea_de_tiempo\/\" rel=\"noopener noreferrer\"><img loading=\"lazy\" decoding=\"async\" class=\"wp-image-7362\" src=\"https:\/\/www.oaxaca.gob.mx\/ieepo\/wp-content\/uploads\/sites\/75\/2020\/06\/Linea-del-tiempo.png\" alt=\"\" width=\"400\" height=\"160\" \/><\/a><\/figure>\n<p>&nbsp;<\/p>\n<\/div>\n<\/div>\n<h3 class=\"text-center\">Galer\u00eda Fotogr\u00e1fica<\/h3>\n\r\n<div class=\"gdgallery-gallery-container\" id=\"gdgallery-container-50\" data-id=\"50\">\r\n    \r\n<div id=\"gdgallery_container_50\" style=\"display:none;\" data-view=\"carousel\">\r\n            <a href=\"\">\r\n            <img decoding=\"async\" alt=\"04-10-20\"\r\n                 data-type=\"image\"\r\n                 src=\"https:\/\/www.oaxaca.gob.mx\/ieepo\/wp-content\/uploads\/sites\/75\/2020\/10\/04-10-20.jpg\"\r\n                 data-image=\"https:\/\/www.oaxaca.gob.mx\/ieepo\/wp-content\/uploads\/sites\/75\/2020\/10\/04-10-20.jpg\"\r\n                 data-description=\"\"\r\n                                 style=\"display:block\">\r\n        <\/a>\r\n            <a href=\"\">\r\n            <img decoding=\"async\" alt=\"27-04-2019-2\"\r\n                 data-type=\"image\"\r\n                 src=\"https:\/\/www.oaxaca.gob.mx\/ieepo\/wp-content\/uploads\/sites\/75\/2020\/06\/27-04-2019-2.png\"\r\n                 data-image=\"https:\/\/www.oaxaca.gob.mx\/ieepo\/wp-content\/uploads\/sites\/75\/2020\/06\/27-04-2019-2.png\"\r\n                 data-description=\"\"\r\n                                 style=\"display:block\">\r\n        <\/a>\r\n            <a href=\"\">\r\n            <img decoding=\"async\" alt=\"27-04-19-1\"\r\n                 data-type=\"image\"\r\n                 src=\"https:\/\/www.oaxaca.gob.mx\/ieepo\/wp-content\/uploads\/sites\/75\/2020\/06\/27-04-19-1.png\"\r\n                 data-image=\"https:\/\/www.oaxaca.gob.mx\/ieepo\/wp-content\/uploads\/sites\/75\/2020\/06\/27-04-19-1.png\"\r\n                 data-description=\"\"\r\n                                 style=\"display:block\">\r\n        <\/a>\r\n            <a href=\"\">\r\n            <img decoding=\"async\" alt=\"27-01-2020\"\r\n                 data-type=\"image\"\r\n                 src=\"https:\/\/www.oaxaca.gob.mx\/ieepo\/wp-content\/uploads\/sites\/75\/2020\/06\/27-01-2020.png\"\r\n                 data-image=\"https:\/\/www.oaxaca.gob.mx\/ieepo\/wp-content\/uploads\/sites\/75\/2020\/06\/27-01-2020.png\"\r\n                 data-description=\"\"\r\n                                 style=\"display:block\">\r\n        <\/a>\r\n            <a href=\"\">\r\n            <img decoding=\"async\" alt=\"26-11-2019\"\r\n                 data-type=\"image\"\r\n                 src=\"https:\/\/www.oaxaca.gob.mx\/ieepo\/wp-content\/uploads\/sites\/75\/2020\/06\/26-11-2019.png\"\r\n                 data-image=\"https:\/\/www.oaxaca.gob.mx\/ieepo\/wp-content\/uploads\/sites\/75\/2020\/06\/26-11-2019.png\"\r\n                 data-description=\"\"\r\n                                 style=\"display:block\">\r\n        <\/a>\r\n            <a href=\"\">\r\n            <img decoding=\"async\" alt=\"21-10-2019\"\r\n                 data-type=\"image\"\r\n                 src=\"https:\/\/www.oaxaca.gob.mx\/ieepo\/wp-content\/uploads\/sites\/75\/2020\/06\/21-10-2019.png\"\r\n                 data-image=\"https:\/\/www.oaxaca.gob.mx\/ieepo\/wp-content\/uploads\/sites\/75\/2020\/06\/21-10-2019.png\"\r\n                 data-description=\"\"\r\n                                 style=\"display:block\">\r\n        <\/a>\r\n            <a href=\"\">\r\n            <img decoding=\"async\" alt=\"21-08-2019\"\r\n                 data-type=\"image\"\r\n                 src=\"https:\/\/www.oaxaca.gob.mx\/ieepo\/wp-content\/uploads\/sites\/75\/2020\/06\/21-08-2019.png\"\r\n                 data-image=\"https:\/\/www.oaxaca.gob.mx\/ieepo\/wp-content\/uploads\/sites\/75\/2020\/06\/21-08-2019.png\"\r\n                 data-description=\"\"\r\n                                 style=\"display:block\">\r\n        <\/a>\r\n            <a href=\"\">\r\n            <img decoding=\"async\" alt=\"19-08-2019\"\r\n                 data-type=\"image\"\r\n                 src=\"https:\/\/www.oaxaca.gob.mx\/ieepo\/wp-content\/uploads\/sites\/75\/2020\/06\/19-08-2019.png\"\r\n                 data-image=\"https:\/\/www.oaxaca.gob.mx\/ieepo\/wp-content\/uploads\/sites\/75\/2020\/06\/19-08-2019.png\"\r\n                 data-description=\"\"\r\n                                 style=\"display:block\">\r\n        <\/a>\r\n            <a href=\"\">\r\n            <img decoding=\"async\" alt=\"17-09-2019\"\r\n                 data-type=\"image\"\r\n                 src=\"https:\/\/www.oaxaca.gob.mx\/ieepo\/wp-content\/uploads\/sites\/75\/2020\/06\/17-09-2019.png\"\r\n                 data-image=\"https:\/\/www.oaxaca.gob.mx\/ieepo\/wp-content\/uploads\/sites\/75\/2020\/06\/17-09-2019.png\"\r\n                 data-description=\"\"\r\n                                 style=\"display:block\">\r\n        <\/a>\r\n            <a href=\"\">\r\n            <img decoding=\"async\" alt=\"12-11-2019\"\r\n                 data-type=\"image\"\r\n                 src=\"https:\/\/www.oaxaca.gob.mx\/ieepo\/wp-content\/uploads\/sites\/75\/2020\/06\/12-11-2019.png\"\r\n                 data-image=\"https:\/\/www.oaxaca.gob.mx\/ieepo\/wp-content\/uploads\/sites\/75\/2020\/06\/12-11-2019.png\"\r\n                 data-description=\"\"\r\n                                 style=\"display:block\">\r\n        <\/a>\r\n            <a href=\"\">\r\n            <img decoding=\"async\" alt=\"10-06-2019\"\r\n                 data-type=\"image\"\r\n                 src=\"https:\/\/www.oaxaca.gob.mx\/ieepo\/wp-content\/uploads\/sites\/75\/2020\/06\/10-06-2019.png\"\r\n                 data-image=\"https:\/\/www.oaxaca.gob.mx\/ieepo\/wp-content\/uploads\/sites\/75\/2020\/06\/10-06-2019.png\"\r\n                 data-description=\"\"\r\n                                 style=\"display:block\">\r\n        <\/a>\r\n            <a href=\"\">\r\n            <img decoding=\"async\" alt=\"05-11-2019\"\r\n                 data-type=\"image\"\r\n                 src=\"https:\/\/www.oaxaca.gob.mx\/ieepo\/wp-content\/uploads\/sites\/75\/2020\/06\/05-11-2019.png\"\r\n                 data-image=\"https:\/\/www.oaxaca.gob.mx\/ieepo\/wp-content\/uploads\/sites\/75\/2020\/06\/05-11-2019.png\"\r\n                 data-description=\"\"\r\n                                 style=\"display:block\">\r\n        <\/a>\r\n            <a href=\"\">\r\n            <img decoding=\"async\" alt=\"04-06-2019\"\r\n                 data-type=\"image\"\r\n                 src=\"https:\/\/www.oaxaca.gob.mx\/ieepo\/wp-content\/uploads\/sites\/75\/2020\/06\/04-06-2019.png\"\r\n                 data-image=\"https:\/\/www.oaxaca.gob.mx\/ieepo\/wp-content\/uploads\/sites\/75\/2020\/06\/04-06-2019.png\"\r\n                 data-description=\"\"\r\n                                 style=\"display:block\">\r\n        <\/a>\r\n            <a href=\"\">\r\n            <img decoding=\"async\" alt=\"02-12-2019\"\r\n                 data-type=\"image\"\r\n                 src=\"https:\/\/www.oaxaca.gob.mx\/ieepo\/wp-content\/uploads\/sites\/75\/2020\/06\/02-12-2019.png\"\r\n                 data-image=\"https:\/\/www.oaxaca.gob.mx\/ieepo\/wp-content\/uploads\/sites\/75\/2020\/06\/02-12-2019.png\"\r\n                 data-description=\"\"\r\n                                 style=\"display:block\">\r\n        <\/a>\r\n            <a href=\"\">\r\n            <img decoding=\"async\" alt=\"01-05-2019\"\r\n                 data-type=\"image\"\r\n                 src=\"https:\/\/www.oaxaca.gob.mx\/ieepo\/wp-content\/uploads\/sites\/75\/2020\/06\/01-05-2019.png\"\r\n                 data-image=\"https:\/\/www.oaxaca.gob.mx\/ieepo\/wp-content\/uploads\/sites\/75\/2020\/06\/01-05-2019.png\"\r\n                 data-description=\"\"\r\n                                 style=\"display:block\">\r\n        <\/a>\r\n            <a href=\"https:\/\/www.oaxaca.gob.mx\/ieepo\/desarrollan-sep-ieepo-y-dirigencia-magisterial-trabajos-de-mesa-tripartita-para-la-atencion-de-temas-educativos\/\">\r\n            <img decoding=\"async\" alt=\"07-09-20 (1)\"\r\n                 data-type=\"image\"\r\n                 src=\"https:\/\/www.oaxaca.gob.mx\/ieepo\/wp-content\/uploads\/sites\/75\/2020\/09\/07-09-20-1.jpg\"\r\n                 data-image=\"https:\/\/www.oaxaca.gob.mx\/ieepo\/wp-content\/uploads\/sites\/75\/2020\/09\/07-09-20-1.jpg\"\r\n                 data-description=\"\"\r\n                                 style=\"display:block\">\r\n        <\/a>\r\n            <a href=\"https:\/\/www.oaxaca.gob.mx\/ieepo\/desarrollan-sep-ieepo-y-dirigencia-magisterial-trabajos-de-mesa-tripartita-para-la-atencion-de-temas-educativos\/\">\r\n            <img decoding=\"async\" alt=\"07-09-20 (3)\"\r\n                 data-type=\"image\"\r\n                 src=\"https:\/\/www.oaxaca.gob.mx\/ieepo\/wp-content\/uploads\/sites\/75\/2020\/09\/07-09-20-3.jpg\"\r\n                 data-image=\"https:\/\/www.oaxaca.gob.mx\/ieepo\/wp-content\/uploads\/sites\/75\/2020\/09\/07-09-20-3.jpg\"\r\n                 data-description=\"\"\r\n                                 style=\"display:block\">\r\n        <\/a>\r\n            <a href=\"\">\r\n            <img decoding=\"async\" alt=\"07-09-20 (2)\"\r\n                 data-type=\"image\"\r\n                 src=\"https:\/\/www.oaxaca.gob.mx\/ieepo\/wp-content\/uploads\/sites\/75\/2020\/09\/07-09-20-2.jpg\"\r\n                 data-image=\"https:\/\/www.oaxaca.gob.mx\/ieepo\/wp-content\/uploads\/sites\/75\/2020\/09\/07-09-20-2.jpg\"\r\n                 data-description=\"\"\r\n                                 style=\"display:block\">\r\n        <\/a>\r\n            <a href=\"\">\r\n            <img decoding=\"async\" alt=\"07-09-20 (4)\"\r\n                 data-type=\"image\"\r\n                 src=\"https:\/\/www.oaxaca.gob.mx\/ieepo\/wp-content\/uploads\/sites\/75\/2020\/09\/07-09-20-4.jpeg\"\r\n                 data-image=\"https:\/\/www.oaxaca.gob.mx\/ieepo\/wp-content\/uploads\/sites\/75\/2020\/09\/07-09-20-4.jpeg\"\r\n                 data-description=\"\"\r\n                                 style=\"display:block\">\r\n        <\/a>\r\n    <\/div>\r\n\r\n<script type=\"text\/javascript\">\r\n\r\n    (function() {\r\n        var runMyCode = function() {\r\n            jQuery(document).ready(function () {\r\n                var container = jQuery(\"#gdgallery_container_50\");\r\n                container.unitegallery({\"gallery_theme\":\"carousel\",\"carousel_space_between_tiles\":10,\"tile_width\":200,\"tile_height\":\"200\",\"tile_enable_outline\":false,\"theme_carousel_align\":\"center\",\"carousel_navigation_numtiles\":1,\"carousel_scroll_duration\":500,\"carousel_autoplay\":true,\"carousel_autoplay_timeout\":\"3000\",\"carousel_autoplay_direction\":\"right\",\"carousel_autoplay_pause_onhover\":true,\"theme_enable_navigation\":true,\"theme_navigation_position\":\"bottom\",\"theme_navigation_align\":\"center\",\"theme_navigation_enable_play\":true,\"theme_space_between_arrows\":\"20\",\"tile_enable_textpanel\":true,\"tile_textpanel_always_on\":true,\"tile_textpanel_title_text_align\":\"center\",\"tile_textpanel_title_font_size\":\"16\",\"tile_textpanel_title_color\":\"#FFFFFF\",\"tile_textpanel_bg_color\":\"#333333\",\"tile_textpanel_bg_opacity\":0.7,\"tile_enable_border\":true,\"tile_border_width\":\"0\",\"tile_border_color\":\"#333333\",\"tile_border_radius\":\"0\",\"tile_enable_overlay\":true,\"tile_enable_image_effect\":true,\"tile_image_effect_type\":\"blur\",\"tile_image_effect_reverse\":true,\"tile_enable_shadow\":false,\"tile_as_link\":false,\"tile_enable_icons\":true,\"tile_show_link_icon\":true,\"tile_textpanel_appear_type\":\"slide\",\"tile_textpanel_position\":\"inside_bottom\",\"tile_link_newpage\":true,\"lightbox_type\":\"wide\",\"lightbox_arrows_offset\":0,\"lightbox_overlay_color\":\"#000000\",\"lightbox_overlay_opacity\":1,\"lightbox_top_panel_opacity\":1,\"lightbox_show_numbers\":true,\"lightbox_numbers_size\":\"15\",\"lightbox_numbers_color\":\"#FFFFFF\",\"lightbox_slider_image_border_width\":\"0\",\"lightbox_slider_image_border_color\":\"#FFFFFF\",\"lightbox_slider_image_border_radius\":0,\"lightbox_slider_image_shadow\":true,\"lightbox_slider_control_swipe\":true,\"lightbox_slider_control_zoom\":true,\"lightbox_slider_image_border\":true,\"lightbox_show_textpanel\":true,\"lightbox_textpanel_enable_title\":true,\"lightbox_textpanel_enable_description\":false,\"lightbox_textpanel_padding_top\":5,\"lightbox_textpanel_padding_bottom\":5,\"lightbox_textpanel_padding_right\":5,\"lightbox_textpanel_padding_left\":5,\"lightbox_textpanel_title_color\":\"#FFFFFF\",\"lightbox_textpanel_title_text_align\":\"center\",\"lightbox_textpanel_title_font_size\":\"16\",\"lightbox_textpanel_desc_color\":\"#FFFFFF\",\"lightbox_textpanel_desc_text_align\":\"center\",\"lightbox_textpanel_desc_font_size\":\"14\"});\r\n            });\r\n        };\r\n        var timer = function() {\r\n            if (window.jQuery) {runMyCode(window.jQuery);}\r\n            else {window.setTimeout(timer, 100);}\r\n        };\r\n        timer();\r\n    })();\r\n\r\n\r\n<\/script><style>\r\n#gdgallery-container-50 a.ug-thumb-wrapper{\r\n    box-shadow: none !important;\r\n}\r\n\r\n.ug-lightbox .ug-lightbox-top-panel-overlay{\r\n    background-color: #000000 !important;\r\n}\r\n\r\n#gdgallery_container_50{}<\/style>\r\n<\/div>\r\n\r\n\r\n\r\n\r\n\r\n\n","protected":false},"excerpt":{"rendered":"excerpt","protected":false},"author":87,"featured_media":0,"parent":0,"menu_order":0,"comment_status":"closed","ping_status":"closed","template":"","meta":{"episode_type":"","audio_file":"","podmotor_file_id":"","podmotor_episode_id":"","cover_image":"","cover_image_id":"","duration":"","filesize":"","filesize_raw":"","date_recorded":"","explicit":"","block":"","footnotes":""},"categories":[],"tags":[],"class_list":["post-14541","page","type-page","status-publish","hentry"],"acf":[],"publishpress_future_action":{"enabled":false,"date":"2026-05-07 22:15:28","action":"change-status","newStatus":"draft","terms":[],"taxonomy":"category","extraData":[]},"publishpress_future_workflow_manual_trigger":{"enabledWorkflows":[]},"_links":{"self":[{"href":"https:\/\/www.oaxaca.gob.mx\/ieepo\/wp-json\/wp\/v2\/pages\/14541","targetHints":{"allow":["GET"]}}],"collection":[{"href":"https:\/\/www.oaxaca.gob.mx\/ieepo\/wp-json\/wp\/v2\/pages"}],"about":[{"href":"https:\/\/www.oaxaca.gob.mx\/ieepo\/wp-json\/wp\/v2\/types\/page"}],"author":[{"embeddable":true,"href":"https:\/\/www.oaxaca.gob.mx\/ieepo\/wp-json\/wp\/v2\/users\/87"}],"replies":[{"embeddable":true,"href":"https:\/\/www.oaxaca.gob.mx\/ieepo\/wp-json\/wp\/v2\/comments?post=14541"}],"version-history":[{"count":53,"href":"https:\/\/www.oaxaca.gob.mx\/ieepo\/wp-json\/wp\/v2\/pages\/14541\/revisions"}],"predecessor-version":[{"id":25886,"href":"https:\/\/www.oaxaca.gob.mx\/ieepo\/wp-json\/wp\/v2\/pages\/14541\/revisions\/25886"}],"wp:attachment":[{"href":"https:\/\/www.oaxaca.gob.mx\/ieepo\/wp-json\/wp\/v2\/media?parent=14541"}],"wp:term":[{"taxonomy":"category","embeddable":true,"href":"https:\/\/www.oaxaca.gob.mx\/ieepo\/wp-json\/wp\/v2\/categories?post=14541"},{"taxonomy":"post_tag","embeddable":true,"href":"https:\/\/www.oaxaca.gob.mx\/ieepo\/wp-json\/wp\/v2\/tags?post=14541"}],"curies":[{"name":"wp","href":"https:\/\/api.w.org\/{rel}","templated":true}]}}