{"id":2543,"date":"2018-06-08T13:26:50","date_gmt":"2018-06-08T19:26:50","guid":{"rendered":"https:\/\/www.oaxaca.gob.mx\/ieea\/?page_id=2543"},"modified":"2023-03-24T14:33:28","modified_gmt":"2023-03-24T20:33:28","slug":"directorio-direccion","status":"publish","type":"page","link":"https:\/\/www.oaxaca.gob.mx\/ieea\/directorio-direccion\/","title":{"rendered":"Directorio"},"content":{"rendered":"<p>&nbsp;<\/p>\n<div class=\"su-tabs su-tabs-style-default su-tabs-mobile-stack\" data-active=\"1\" data-scroll-offset=\"0\" data-anchor-in-url=\"no\"><div class=\"su-tabs-nav\"><span class=\"\" data-url=\"\" data-target=\"blank\" tabindex=\"0\" role=\"button\">DIRECCION GENERAL <\/span><span class=\"\" data-url=\"\" data-target=\"blank\" tabindex=\"0\" role=\"button\">COORDINACION DE ZONA <\/span><\/div><div class=\"su-tabs-panes\"><div class=\"su-tabs-pane su-u-clearfix su-u-trim\" data-title=\"DIRECCION GENERAL \">\n\n<table id=\"tablepress-16\" class=\"tablepress tablepress-id-16\">\n<thead>\n<tr class=\"row-1\">\n\t<td class=\"column-1\"><\/td><th class=\"column-2\">NOMBRE<\/th><th class=\"column-3\">TEL\u00c9FONO\/EXT.<\/th><th class=\"column-4\">PUESTO<\/th>\n<\/tr>\n<\/thead>\n<tbody class=\"row-striping row-hover\">\n<tr class=\"row-2\">\n\t<td class=\"column-1\"><img decoding=\"async\" src=\"\/ieea\/wp-content\/uploads\/sites\/49\/2025\/01\/juanita.jpg\" alt=\"Directora General\" class=\"aligncenter size-thumbnail wp-image-2546\" \/><\/td><td class=\"column-2\"><b> Mtra. Juana Aguilar Espinoza<\/td><td class=\"column-3\">Ext. 558<\/td><td class=\"column-4\">DIRECTORA GENERAL<\/td>\n<\/tr>\n<tr class=\"row-3\">\n\t<td class=\"column-1\"><img decoding=\"async\" src=\"\/ieea\/wp-content\/uploads\/sites\/49\/2025\/06\/TE205.jpeg\" alt=\"Personal\" class=\"aligncenter size-thumbnail wp-image-2546\" \/><\/td><td class=\"column-2\"><b>Lic. Rub\u00e9n Cort\u00e9s Mendoza<\/td><td class=\"column-3\">Ext. 504<\/td><td class=\"column-4\">JEFE DE LA UNIDAD ADMINISTRATIVA<\/td>\n<\/tr>\n<tr class=\"row-4\">\n\t<td class=\"column-1\"><img decoding=\"async\" src=\"\/ieea\/wp-content\/uploads\/sites\/49\/2024\/04\/fotos-directorio-direccion.jpg\" alt=\"Administrador\" class=\"aligncenter size-thumbnail wp-image-2546\" \/><\/td><td class=\"column-2\"><b> Ing. Jorge Hern\u00e1ndez Ram\u00edrez <\/td><td class=\"column-3\">Ext. 509<\/td><td class=\"column-4\">JEFE DEL DEPTO. DE PERSONAL<\/td>\n<\/tr>\n<tr class=\"row-5\">\n\t<td class=\"column-1\"><img decoding=\"async\" src=\"\/ieea\/wp-content\/uploads\/sites\/49\/2025\/11\/rito.jpg\" alt=\"Materiales\" class=\"aligncenter size-thumbnail wp-image-2546\" \/><\/td><td class=\"column-2\"><b> Lic. Hern\u00e1n Rito Estrada<\/td><td class=\"column-3\">Ext. 511<\/td><td class=\"column-4\">JEFE DEL DEPTO. DE RECURSOS MATERIALES Y SERVICIOS GENERALES<\/td>\n<\/tr>\n<tr class=\"row-6\">\n\t<td class=\"column-1\"><img decoding=\"async\" src=\"\/ieea\/wp-content\/uploads\/sites\/49\/2025\/01\/SIN-FOTOH3.jpg\" alt=\"Financieros\" class=\"aligncenter size-thumbnail wp-image-2546\" \/><\/td><td class=\"column-2\"><b> <\/td><td class=\"column-3\">Ext. 505<\/td><td class=\"column-4\">JEFE DEL DEPTO. DE RECURSOS FINANCIEROS<\/td>\n<\/tr>\n<tr class=\"row-7\">\n\t<td class=\"column-1\"><img decoding=\"async\" src=\"\/ieea\/wp-content\/uploads\/sites\/49\/2025\/06\/juridico25.png\" alt=\"Juridico\" class=\"aligncenter size-thumbnail wp-image-2546\" \/><\/td><td class=\"column-2\"><b> Lic. Jes\u00fas Santiago G\u00f3mez<\/td><td class=\"column-3\">Ext. 528<\/td><td class=\"column-4\">JEFE DEL DEPTO. JUR\u00cdDICO<\/td>\n<\/tr>\n<tr class=\"row-8\">\n\t<td class=\"column-1\"><img decoding=\"async\" src=\"\/ieea\/wp-content\/uploads\/sites\/49\/2025\/01\/SIN-FOTOH3.jpg\" alt=\"Coordinacion Planeacion\" class=\"aligncenter size-thumbnail wp-image-2546\" \/><\/td><td class=\"column-2\"><b> Dr. Jorge Rodriguez de la Rosa<\/td><td class=\"column-3\">Ext. 522<\/td><td class=\"column-4\">COORDINADOR DE PLANEACI\u00d3N<\/td>\n<\/tr>\n<tr class=\"row-9\">\n\t<td class=\"column-1\"><img decoding=\"async\" src=\"\/ieea\/wp-content\/uploads\/sites\/49\/2025\/02\/administrado25.jpg\" alt=\"Coordinacion Plazas\" class=\"aligncenter size-thumbnail wp-image-2546\" \/><\/td><td class=\"column-2\"><b>    Lic. Juan Carlos Godoy Magos<\/td><td class=\"column-3\">Ext. 542<\/td><td class=\"column-4\">COORDINADOR DE SERVICIOS EDUCATIVOS<\/td>\n<\/tr>\n<tr class=\"row-10\">\n\t<td class=\"column-1\"><img decoding=\"async\" src=\"\/ieea\/wp-content\/uploads\/sites\/49\/2025\/06\/rgio25.png\" class=\"aligncenter size-thumbnail wp-image-2546\" \/><\/td><td class=\"column-2\"><b> Lic. Enrique Eduardo Ruiz Estudillo<\/td><td class=\"column-3\">Ext. 547<\/td><td class=\"column-4\">COORDINADOR REGIONAL<\/td>\n<\/tr>\n<\/tbody>\n<\/table>\n<!-- #tablepress-16 from cache -->\n<\/div>\n<div class=\"su-tabs-pane su-u-clearfix su-u-trim\" data-title=\"COORDINACION DE ZONA \">\n\n<table id=\"tablepress-57\" class=\"tablepress tablepress-id-57\">\n<thead>\n<tr class=\"row-1\">\n\t<th class=\"column-1\">CZ<\/th><th class=\"column-2\">Nombre Coordinacion<\/th><th class=\"column-3\">Coordinador<\/th><th class=\"column-4\">Direccion<\/th><th class=\"column-5\">Telefono<\/th><th class=\"column-6\">Ver Plazas Comunitarias<\/th>\n<\/tr>\n<\/thead>\n<tbody class=\"row-striping row-hover\">\n<tr class=\"row-2\">\n\t<td class=\"column-1\">2001<\/td><td class=\"column-2\">TULE TLACOLULA<\/td><td class=\"column-3\">ADRIAN  A. JIMENEZ LOPEZ <\/td><td class=\"column-4\">HIDALGO #16, CAMINO A STO. DOMINGO TOMALTEPEC, STA. MAR\u00cdA EL TULE, OAX.<\/td><td class=\"column-5\"> 951 14 432 49<\/td><td class=\"column-6\"><a href='\/ieea\/plazas-comunitarias-tule-tlacolula\/'>VER<\/a><\/td>\n<\/tr>\n<tr class=\"row-3\">\n\t<td class=\"column-1\">2002<\/td><td class=\"column-2\">OCOTL\u00c1N<\/td><td class=\"column-3\">MAURO D\u00cdAZ IB\u00c1\u00d1EZ<\/td><td class=\"column-4\">ZARAGOZA #22, COL. CENTRO, OCOTL\u00c1N DE MORELOS, OAX.<\/td><td class=\"column-5\"> 951 57 109 66<\/td><td class=\"column-6\"><a href='\/ieea\/plazas-comunitarias-ocotlan\/'>VER<\/a><\/td>\n<\/tr>\n<tr class=\"row-4\">\n\t<td class=\"column-1\">2003<\/td><td class=\"column-2\">ZIMATL\u00c1N<\/td><td class=\"column-3\">DULCE ROSAL\u00cdA JU\u00c1REZ FLORE\u00c1N<\/td><td class=\"column-4\">16 DE SEPTIEMBRE ESQ. BUSTAMANTE ALTOS, COL. CENTRO, ZIMATL\u00c1N DE \u00c1LVAREZ, OAX.<\/td><td class=\"column-5\"> 951 57 155 80<\/td><td class=\"column-6\"><a href='\/ieea\/plazas-comunitarias-zimatlan\/'>VER<\/a><\/td>\n<\/tr>\n<tr class=\"row-5\">\n\t<td class=\"column-1\">2004<\/td><td class=\"column-2\">MIAHUATL\u00c1N<\/td><td class=\"column-3\">KENIA NAIROVI HERN\u00c1DEZ AQUINO<\/td><td class=\"column-4\">NICOL\u00c1S ROMERO #110, COL. CENTRO, MIAHUATL\u00c1N DE PORFIRIO D\u00cdAZ, OAX.<\/td><td class=\"column-5\"> 951 57 220 43<\/td><td class=\"column-6\"><a href='\/ieea\/plazas-comunitarias-miahuatlan\/'>VER<\/a><\/td>\n<\/tr>\n<tr class=\"row-6\">\n\t<td class=\"column-1\">2005<\/td><td class=\"column-2\">TEHUANTEPEC<\/td><td class=\"column-3\">CONSUELO SANTOS MART\u00cdNEZ<\/td><td class=\"column-4\">GUERRERO #23, BARRIO SAN JER\u00d3NIMO, STO. DOMINGO TEHUANTEPEC, OAX.<\/td><td class=\"column-5\">971 71 509 71<\/td><td class=\"column-6\"><a href='\/ieea\/plazas-comunitarias-tehuantepec\/'>VER<\/a><\/td>\n<\/tr>\n<tr class=\"row-7\">\n\t<td class=\"column-1\">2006<\/td><td class=\"column-2\">MAT\u00cdAS ROMERO<\/td><td class=\"column-3\">NANCY MORALES JACINTO<\/td><td class=\"column-4\">ALLENDE #306, COL. CENTRO, MAT\u00cdAS ROMERO, OAX.<\/td><td class=\"column-5\">972 72 234 26<\/td><td class=\"column-6\"><a href='\/ieea\/plazas-comunitarias-matias-romero\/'>VER<\/a><\/td>\n<\/tr>\n<tr class=\"row-8\">\n\t<td class=\"column-1\">2007<\/td><td class=\"column-2\">TEOTITL\u00c1N<\/td><td class=\"column-3\">IV\u00c1N FORTINO GARZ\u00d3N RAY\u00d3N<\/td><td class=\"column-4\">5 DE MAYO #45, COL. CENTRO, TEOTITL\u00c1N DE FLORES MAG\u00d3N, OAX.<\/td><td class=\"column-5\">236 37 200 81<\/td><td class=\"column-6\"><a href='\/ieea\/plazas-comunitarias-teotitlan\/'>VER<\/a><\/td>\n<\/tr>\n<tr class=\"row-9\">\n\t<td class=\"column-1\">2008<\/td><td class=\"column-2\">NOCHIXTL\u00c1N<\/td><td class=\"column-3\">LUIS ARTURO P\u00c9REZ GARC\u00cdA<\/td><td class=\"column-4\">PORFIRIO D\u00cdAZ #12 3ER. PISO, BARRIO EL CALVARIO, ASUNCI\u00d3N NOCHIXTL\u00c1N, OAX.<\/td><td class=\"column-5\">951 52 204 15<\/td><td class=\"column-6\"><a href='\/ieea\/plazas-comunitarias-nochixtlan\/'>VER<\/a><\/td>\n<\/tr>\n<tr class=\"row-10\">\n\t<td class=\"column-1\">2009<\/td><td class=\"column-2\">TLAXIACO<\/td><td class=\"column-3\">JULIO CESAR GONZ\u00c1LEZ L\u00d3PEZ<\/td><td class=\"column-4\">INDEPENDENCIA #5 COL. CENTRO. HEROICA CIUDAD DE TLAXIACO, OAX.<\/td><td class=\"column-5\">953 55 219  05<\/td><td class=\"column-6\"><a href='\/ieea\/plazas-comunitarias-tlaxiaco\/'>VER<\/a><\/td>\n<\/tr>\n<tr class=\"row-11\">\n\t<td class=\"column-1\">2010<\/td><td class=\"column-2\">HUAJUAPAN<\/td><td class=\"column-3\">ARIADNA NARV\u00c1EZ SARMIENTO<\/td><td class=\"column-4\">JIM\u00c9NEZ #51, COL. CENTRO, HEROICA CIUDAD DE HUAJUAPAN DE LE\u00d3N, OAX.<\/td><td class=\"column-5\">953 53 213 71<\/td><td class=\"column-6\"><a href='\/ieea\/plazas-comunitarias-huajuapan\/'>VER<\/a><\/td>\n<\/tr>\n<tr class=\"row-12\">\n\t<td class=\"column-1\">2011<\/td><td class=\"column-2\">PINOTEPA NAL.<\/td><td class=\"column-3\">YARELI CARI\u00d1O LOPEZ<\/td><td class=\"column-4\">AV. HEROICO COLEGIO MILITAR ESQ. 8A. SUR, COL. CENTRO, SANTIAGO PINOTEPA NACIONAL, OAX.<\/td><td class=\"column-5\"> 954 543 30 51<\/td><td class=\"column-6\"><a href='\/ieea\/plazas-comunitarias-pinotepa\/'>VER<\/a><\/td>\n<\/tr>\n<tr class=\"row-13\">\n\t<td class=\"column-1\">2012<\/td><td class=\"column-2\">PUERTO ESCONDIDO<\/td><td class=\"column-3\">OMAR CUEVAS Z\u00c1RATE<\/td><td class=\"column-4\">AV. OAXACA #400, 1ER. PISO, COL. CENTRO PUERTO ESCONDIDO, OAX.<\/td><td class=\"column-5\">954 58 228 33<\/td><td class=\"column-6\"><a href='\/ieea\/plazas-comunitarias-puerto-escondido\/'>VER<\/a><\/td>\n<\/tr>\n<tr class=\"row-14\">\n\t<td class=\"column-1\">2013<\/td><td class=\"column-2\">IXTL\u00c1N<\/td><td class=\"column-3\">JOS\u00c9 ANTONIO REYES MIGUEL<\/td><td class=\"column-4\">VENUSTIANO CARRANZA #11, BARRIO SAN PEDRO, IXTL\u00c1N DE JU\u00c1REZ, OAX.<\/td><td class=\"column-5\"> 951 55 363 89<\/td><td class=\"column-6\"><a href='\/ieea\/plazas-comunitarias-ixtlan\/'>VER<\/a><\/td>\n<\/tr>\n<tr class=\"row-15\">\n\t<td class=\"column-1\">2014<\/td><td class=\"column-2\">TUXTEPEC<\/td><td class=\"column-3\">LUIS ALBERTO GREGORIO GUERRERO<\/td><td class=\"column-4\">AV. FRANCISCO I. MADERO S\/N, FRACC. COSTA VERDE, SAN JUAN BAUTISTA TUXTEPEC, OAX.<\/td><td class=\"column-5\"> 287 87 501 88<\/td><td class=\"column-6\"><a href='\/ieea\/plazas-comunitarias-tuxtepec\/'>VER<\/a><\/td>\n<\/tr>\n<tr class=\"row-16\">\n\t<td class=\"column-1\">2015<\/td><td class=\"column-2\">AYUTLA MIXE<\/td><td class=\"column-3\">AMANDO MART\u00cdNEZ RAM\u00cdREZ<\/td><td class=\"column-4\">EP'X YUKP, CALLE PRINCIPAL, CENTRO, A UN COSTADO DEL TEMPLO CAT\u00d3LICO, SAN PEDRO Y SAN PABLO AYUTLA MIXE, OAX.<\/td><td class=\"column-5\"> 951 55 820-88<\/td><td class=\"column-6\"><a href='\/ieea\/plazas-comunitarias-ayutla\/'>VER<\/a><\/td>\n<\/tr>\n<tr class=\"row-17\">\n\t<td class=\"column-1\">2016<\/td><td class=\"column-2\">ETLA<\/td><td class=\"column-3\">ARACELI HERN\u00c9NDEZ MATADAMAS<\/td><td class=\"column-4\">CENTENARIO #306, COL. CENTRO, VILLA DE ETLA, OAX.<\/td><td class=\"column-5\">951 521 8353<\/td><td class=\"column-6\"><a href='\/ieea\/plazas-comunitarias-etla\/'>VER<\/a><\/td>\n<\/tr>\n<tr class=\"row-18\">\n\t<td class=\"column-1\">2017<\/td><td class=\"column-2\">JUCHIT\u00c1N<\/td><td class=\"column-3\">ROBERTO OROZCO CASTILLO<\/td><td class=\"column-4\">AV. MORELOS #40, CASI ESQ. INDEPENDENCIA, 2A. SECCI\u00d3N, JUCHIT\u00c1N DE ZARAGOZA, OAX.<\/td><td class=\"column-5\">971 2810058<\/td><td class=\"column-6\"><a href='\/ieea\/plazas-comunitarias-juchitan\/'>VER<\/a><\/td>\n<\/tr>\n<tr class=\"row-19\">\n\t<td class=\"column-1\">2018<\/td><td class=\"column-2\">JUXTLAHUACA<\/td><td class=\"column-3\">ADA BLANCA ROMERO L\u00d3PEZ<\/td><td class=\"column-4\">INDEPENDENCIA #300 SUR, COL. CENTRO, SANTIAGO JUXTLAHUACA, OAX.<\/td><td class=\"column-5\">953 55 403 35<\/td><td class=\"column-6\"><a href='\/ieea\/plazas-comunitarias-juxtlahuaca\/'>VER<\/a><\/td>\n<\/tr>\n<tr class=\"row-20\">\n\t<td class=\"column-1\">2019<\/td><td class=\"column-2\">OAXACA<\/td><td class=\"column-3\">JUAN CARLOS FAGOAGA RODR\u00cdGUEZ<\/td><td class=\"column-4\">ANTEQUERA #116, BARRIO DE JALATLACO, OAXACA DE JU\u00c1REZ, OAX.<\/td><td class=\"column-5\">951 51 446 15<\/td><td class=\"column-6\"><a href='\/ieea\/plazas-comunitarias-oaxaca\/'>VER<\/a><\/td>\n<\/tr>\n<tr class=\"row-21\">\n\t<td class=\"column-1\">2020<\/td><td class=\"column-2\">MA. LOMBARDO<\/td><td class=\"column-3\">PATRICIA GUADALUPE MORALES JIM\u00c9NEZ<\/td><td class=\"column-4\">AV. MELCHOR OCAMPO #5, FRACCI\u00d3N A, COL. ZAMORA, MAR\u00cdA LOMBARDO, OAX.<\/td><td class=\"column-5\">283 87 223 48<\/td><td class=\"column-6\"><a href='\/ieea\/plazas-comunitarias-maria-lombardo\/'>VER<\/a><\/td>\n<\/tr>\n<tr class=\"row-22\">\n\t<td class=\"column-1\">2023<\/td><td class=\"column-2\">HUAUTLA DE JIMENEZ<\/td><td class=\"column-3\">SAGRARIO D\u00cdAZ CASIMIRO<\/td><td class=\"column-4\">VICENTE GUERRERO #33-B, COL. PLAN DEL CARRIL, HUAUTLA DE JIM\u00c9NEZ, OAX.<\/td><td class=\"column-5\">236 37 808 70<\/td><td class=\"column-6\"><\/td>\n<\/tr>\n<tr class=\"row-23\">\n\t<td class=\"column-1\">2024<\/td><td class=\"column-2\">JAMILTEPEC<\/td><td class=\"column-3\">ADELA REGINA MELO ROJAS<\/td><td class=\"column-4\">IGNACIO L\u00d3PEZ RAY\u00d3N S\/N, 5\u00aa SECCI\u00d3N, COL. CENTRO, SANTIAGO JAMILTEPEC, OAX.<\/td><td class=\"column-5\">954 582 85 40<\/td><td class=\"column-6\"><a href='\/ieea\/plazas-comunitarias-jamiltepec\/'>VER<\/a><\/td>\n<\/tr>\n<tr class=\"row-24\">\n\t<td class=\"column-1\">2025<\/td><td class=\"column-2\">XOXOCOTL\u00c1N, OAXACA<\/td><td class=\"column-3\">BLADIEL MIJAIL GARC\u00cdA VELASCO<\/td><td class=\"column-4\">RAY\u00d3N #37, CENTRO, SANTA CRUZ XOXOCOTL\u00c1N, OAX.<\/td><td class=\"column-5\">951 205 2456<\/td><td class=\"column-6\"><a href='\/ieea\/plazas-comunitarias-xoxocotlan\/'>VER<\/a><\/td>\n<\/tr>\n<tr class=\"row-25\">\n\t<td class=\"column-1\">2026<\/td><td class=\"column-2\">POCHUTLA<\/td><td class=\"column-3\">ALEJANDRO IMANOL GALGUERA GONZ\u00c1LEZ<\/td><td class=\"column-4\">UNI\u00d3N Y PROGRESO #5, COL. LA PASADITA, SAN PEDRO POCHUTLA, OAX.<\/td><td class=\"column-5\">958 58 4 0828<\/td><td class=\"column-6\"><a href='\/ieea\/plazas-comunitarias-pochutla\/'>VER<\/a><\/td>\n<\/tr>\n<tr class=\"row-26\">\n\t<td class=\"column-1\">2027<\/td><td class=\"column-2\">ZANATEPEC<\/td><td class=\"column-3\">JOS\u00c9 ANTONIO RAM\u00cdREZ CORIA<\/td><td class=\"column-4\">AVENIDA 20 DE NOVIEMBRE S\/N ENTRE HIDALGO Y ALDAMA, STO. DOMINGO ZANATEPEC, OAX.<\/td><td class=\"column-5\">994 72 1 0160<\/td><td class=\"column-6\"><a href='\/ieea\/plazas-comunitarias-zanatepec\/'>VER<\/a><\/td>\n<\/tr>\n<tr class=\"row-27\">\n\t<td class=\"column-1\">2028<\/td><td class=\"column-2\">SAN LUCAS OJITL\u00c1N<\/td><td class=\"column-3\">MARCELA RAM\u00d3N BRAVO<\/td><td class=\"column-4\">OAXACA S\/N CASI ESQUINA SEBASTI\u00c1N ORT\u00cdZ, SECCI\u00d3N 3\u00aa, SAN LUCAS OJITL\u00c1N, OAX.<\/td><td class=\"column-5\">287 87 7 6079<\/td><td class=\"column-6\"><a href='\/ieea\/plazas-comunitarias-ojitlan\/'>VER<\/a><\/td>\n<\/tr>\n<\/tbody>\n<\/table>\n<!-- #tablepress-57 from cache -->\n<\/div><\/div><\/div>\n<p>&nbsp;<\/p>\n","protected":false},"excerpt":{"rendered":"<p>&nbsp; &nbsp;<\/p>\n","protected":false},"author":1,"featured_media":0,"parent":0,"menu_order":0,"comment_status":"closed","ping_status":"closed","template":"","meta":{"episode_type":"","audio_file":"","podmotor_file_id":"","podmotor_episode_id":"","cover_image":"","cover_image_id":"","duration":"","filesize":"","filesize_raw":"","date_recorded":"","explicit":"","block":"","itunes_episode_number":"","itunes_title":"","itunes_season_number":"","itunes_episode_type":"","footnotes":""},"categories":[],"tags":[],"class_list":["post-2543","page","type-page","status-publish","hentry"],"acf":[],"publishpress_future_action":{"enabled":false,"date":"2026-05-08 12:57:00","action":"change-status","newStatus":"draft","terms":[],"taxonomy":"category","extraData":[]},"publishpress_future_workflow_manual_trigger":{"enabledWorkflows":[]},"_links":{"self":[{"href":"https:\/\/www.oaxaca.gob.mx\/ieea\/wp-json\/wp\/v2\/pages\/2543","targetHints":{"allow":["GET"]}}],"collection":[{"href":"https:\/\/www.oaxaca.gob.mx\/ieea\/wp-json\/wp\/v2\/pages"}],"about":[{"href":"https:\/\/www.oaxaca.gob.mx\/ieea\/wp-json\/wp\/v2\/types\/page"}],"author":[{"embeddable":true,"href":"https:\/\/www.oaxaca.gob.mx\/ieea\/wp-json\/wp\/v2\/users\/1"}],"replies":[{"embeddable":true,"href":"https:\/\/www.oaxaca.gob.mx\/ieea\/wp-json\/wp\/v2\/comments?post=2543"}],"version-history":[{"count":6,"href":"https:\/\/www.oaxaca.gob.mx\/ieea\/wp-json\/wp\/v2\/pages\/2543\/revisions"}],"predecessor-version":[{"id":6233,"href":"https:\/\/www.oaxaca.gob.mx\/ieea\/wp-json\/wp\/v2\/pages\/2543\/revisions\/6233"}],"wp:attachment":[{"href":"https:\/\/www.oaxaca.gob.mx\/ieea\/wp-json\/wp\/v2\/media?parent=2543"}],"wp:term":[{"taxonomy":"category","embeddable":true,"href":"https:\/\/www.oaxaca.gob.mx\/ieea\/wp-json\/wp\/v2\/categories?post=2543"},{"taxonomy":"post_tag","embeddable":true,"href":"https:\/\/www.oaxaca.gob.mx\/ieea\/wp-json\/wp\/v2\/tags?post=2543"}],"curies":[{"name":"wp","href":"https:\/\/api.w.org\/{rel}","templated":true}]}}