{"id":50,"date":"2015-09-02T14:13:46","date_gmt":"2015-09-02T20:13:46","guid":{"rendered":"https:\/\/www.oaxaca.gob.mx\/ioam\/?page_id=50"},"modified":"2023-02-03T14:17:14","modified_gmt":"2023-02-03T20:17:14","slug":"noticias","status":"publish","type":"page","link":"https:\/\/www.oaxaca.gob.mx\/iaimo\/noticias\/","title":{"rendered":"Noticias"},"content":{"rendered":"\n\n<div class=\"su-posts su-posts-teaser-loop \">\n\n\t\t\t\t\t\t\n\t\t\t\n\t\t\t<div id=\"su-post-6581\" class=\"su-post \">\n\t\t\t\t\t\t\t\t\t<a class=\"su-post-thumbnail\" href=\"https:\/\/www.oaxaca.gob.mx\/iaimo\/6581-2\/\"><img loading=\"lazy\" decoding=\"async\" width=\"1600\" height=\"910\" src=\"https:\/\/www.oaxaca.gob.mx\/iaimo\/wp-content\/uploads\/sites\/25\/2023\/08\/IMG-20230804-WA0147.jpg\" class=\"attachment-post-thumbnail size-post-thumbnail wp-post-image\" alt=\"\" srcset=\"https:\/\/www.oaxaca.gob.mx\/iaimo\/wp-content\/uploads\/sites\/25\/2023\/08\/IMG-20230804-WA0147.jpg 1600w, https:\/\/www.oaxaca.gob.mx\/iaimo\/wp-content\/uploads\/sites\/25\/2023\/08\/IMG-20230804-WA0147-300x171.jpg 300w, https:\/\/www.oaxaca.gob.mx\/iaimo\/wp-content\/uploads\/sites\/25\/2023\/08\/IMG-20230804-WA0147-1024x582.jpg 1024w, https:\/\/www.oaxaca.gob.mx\/iaimo\/wp-content\/uploads\/sites\/25\/2023\/08\/IMG-20230804-WA0147-768x437.jpg 768w, https:\/\/www.oaxaca.gob.mx\/iaimo\/wp-content\/uploads\/sites\/25\/2023\/08\/IMG-20230804-WA0147-1536x874.jpg 1536w\" sizes=\"auto, (max-width: 1600px) 100vw, 1600px\" \/><\/a>\n\t\t\t\t\t\t\t\t<h2 class=\"su-post-title\"><a href=\"https:\/\/www.oaxaca.gob.mx\/iaimo\/6581-2\/\"><\/a><\/h2>\n\t\t\t<\/div>\n\n\t\t\t\t\t\n\t\t\t\n\t\t\t<div id=\"su-post-6493\" class=\"su-post \">\n\t\t\t\t\t\t\t\t\t<a class=\"su-post-thumbnail\" href=\"https:\/\/www.oaxaca.gob.mx\/iaimo\/6493-2\/\"><img loading=\"lazy\" decoding=\"async\" width=\"1600\" height=\"691\" src=\"https:\/\/www.oaxaca.gob.mx\/iaimo\/wp-content\/uploads\/sites\/25\/2023\/03\/WhatsApp-Image-2023-06-28-at-11.10.27.jpeg\" class=\"attachment-post-thumbnail size-post-thumbnail wp-post-image\" alt=\"\" srcset=\"https:\/\/www.oaxaca.gob.mx\/iaimo\/wp-content\/uploads\/sites\/25\/2023\/03\/WhatsApp-Image-2023-06-28-at-11.10.27.jpeg 1600w, https:\/\/www.oaxaca.gob.mx\/iaimo\/wp-content\/uploads\/sites\/25\/2023\/03\/WhatsApp-Image-2023-06-28-at-11.10.27-300x130.jpeg 300w, https:\/\/www.oaxaca.gob.mx\/iaimo\/wp-content\/uploads\/sites\/25\/2023\/03\/WhatsApp-Image-2023-06-28-at-11.10.27-1024x442.jpeg 1024w, https:\/\/www.oaxaca.gob.mx\/iaimo\/wp-content\/uploads\/sites\/25\/2023\/03\/WhatsApp-Image-2023-06-28-at-11.10.27-768x332.jpeg 768w, https:\/\/www.oaxaca.gob.mx\/iaimo\/wp-content\/uploads\/sites\/25\/2023\/03\/WhatsApp-Image-2023-06-28-at-11.10.27-1536x663.jpeg 1536w\" sizes=\"auto, (max-width: 1600px) 100vw, 1600px\" \/><\/a>\n\t\t\t\t\t\t\t\t<h2 class=\"su-post-title\"><a href=\"https:\/\/www.oaxaca.gob.mx\/iaimo\/6493-2\/\"><\/a><\/h2>\n\t\t\t<\/div>\n\n\t\t\t\t\t\n\t\t\t\n\t\t\t<div id=\"su-post-6535\" class=\"su-post \">\n\t\t\t\t\t\t\t\t\t<a class=\"su-post-thumbnail\" href=\"https:\/\/www.oaxaca.gob.mx\/iaimo\/prevenir-es-una-accion-fundamental-del-iaimo-se-continua-con-la-campana-hablemos-de-migracion\/\"><img loading=\"lazy\" decoding=\"async\" width=\"1600\" height=\"1066\" src=\"https:\/\/www.oaxaca.gob.mx\/iaimo\/wp-content\/uploads\/sites\/25\/2023\/07\/226a3078-5f12-4d81-a118-61bc7c305a45.jpg\" class=\"attachment-post-thumbnail size-post-thumbnail wp-post-image\" alt=\"\" srcset=\"https:\/\/www.oaxaca.gob.mx\/iaimo\/wp-content\/uploads\/sites\/25\/2023\/07\/226a3078-5f12-4d81-a118-61bc7c305a45.jpg 1600w, https:\/\/www.oaxaca.gob.mx\/iaimo\/wp-content\/uploads\/sites\/25\/2023\/07\/226a3078-5f12-4d81-a118-61bc7c305a45-300x200.jpg 300w, https:\/\/www.oaxaca.gob.mx\/iaimo\/wp-content\/uploads\/sites\/25\/2023\/07\/226a3078-5f12-4d81-a118-61bc7c305a45-1024x682.jpg 1024w, https:\/\/www.oaxaca.gob.mx\/iaimo\/wp-content\/uploads\/sites\/25\/2023\/07\/226a3078-5f12-4d81-a118-61bc7c305a45-768x512.jpg 768w, https:\/\/www.oaxaca.gob.mx\/iaimo\/wp-content\/uploads\/sites\/25\/2023\/07\/226a3078-5f12-4d81-a118-61bc7c305a45-1536x1023.jpg 1536w\" sizes=\"auto, (max-width: 1600px) 100vw, 1600px\" \/><\/a>\n\t\t\t\t\t\t\t\t<h2 class=\"su-post-title\"><a href=\"https:\/\/www.oaxaca.gob.mx\/iaimo\/prevenir-es-una-accion-fundamental-del-iaimo-se-continua-con-la-campana-hablemos-de-migracion\/\">Prevenir es una acci\u00f3n fundamental del IAIMO, se continua con la campa\u00f1a \u201cHablemos de migraci\u00f3n\u201d<\/a><\/h2>\n\t\t\t<\/div>\n\n\t\t\t\t\t\n\t\t\t\n\t\t\t<div id=\"su-post-6532\" class=\"su-post \">\n\t\t\t\t\t\t\t\t\t<a class=\"su-post-thumbnail\" href=\"https:\/\/www.oaxaca.gob.mx\/iaimo\/conferencia-interinstitucional-para-la-prevencion-de-fraudes-dirigido-a-enlaces-municipales-tiene-como-proposito-prevenir-estafas\/\"><img loading=\"lazy\" decoding=\"async\" width=\"1600\" height=\"900\" src=\"https:\/\/www.oaxaca.gob.mx\/iaimo\/wp-content\/uploads\/sites\/25\/2023\/07\/WhatsApp-Image-2023-05-31-at-4.31.54-PM-2.jpeg\" class=\"attachment-post-thumbnail size-post-thumbnail wp-post-image\" alt=\"\" srcset=\"https:\/\/www.oaxaca.gob.mx\/iaimo\/wp-content\/uploads\/sites\/25\/2023\/07\/WhatsApp-Image-2023-05-31-at-4.31.54-PM-2.jpeg 1600w, https:\/\/www.oaxaca.gob.mx\/iaimo\/wp-content\/uploads\/sites\/25\/2023\/07\/WhatsApp-Image-2023-05-31-at-4.31.54-PM-2-300x169.jpeg 300w, https:\/\/www.oaxaca.gob.mx\/iaimo\/wp-content\/uploads\/sites\/25\/2023\/07\/WhatsApp-Image-2023-05-31-at-4.31.54-PM-2-1024x576.jpeg 1024w, https:\/\/www.oaxaca.gob.mx\/iaimo\/wp-content\/uploads\/sites\/25\/2023\/07\/WhatsApp-Image-2023-05-31-at-4.31.54-PM-2-768x432.jpeg 768w, https:\/\/www.oaxaca.gob.mx\/iaimo\/wp-content\/uploads\/sites\/25\/2023\/07\/WhatsApp-Image-2023-05-31-at-4.31.54-PM-2-1536x864.jpeg 1536w\" sizes=\"auto, (max-width: 1600px) 100vw, 1600px\" \/><\/a>\n\t\t\t\t\t\t\t\t<h2 class=\"su-post-title\"><a href=\"https:\/\/www.oaxaca.gob.mx\/iaimo\/conferencia-interinstitucional-para-la-prevencion-de-fraudes-dirigido-a-enlaces-municipales-tiene-como-proposito-prevenir-estafas\/\">\u201cConferencia interinstitucional para la prevenci\u00f3n de fraudes\u201d, dirigido a enlaces municipales, tiene como prop\u00f3sito prevenir estafas.<\/a><\/h2>\n\t\t\t<\/div>\n\n\t\t\t\t\t\n\t\t\t\n\t\t\t<div id=\"su-post-6526\" class=\"su-post \">\n\t\t\t\t\t\t\t\t\t<a class=\"su-post-thumbnail\" href=\"https:\/\/www.oaxaca.gob.mx\/iaimo\/hablemos-de-migracion-platica-dirigida-a-bachilleres-para-incentivarlos-a-continuar-sus-estudios-profesionales\/\"><img loading=\"lazy\" decoding=\"async\" width=\"2560\" height=\"1920\" src=\"https:\/\/www.oaxaca.gob.mx\/iaimo\/wp-content\/uploads\/sites\/25\/2023\/07\/IMG_20230524_113329-scaled.jpg\" class=\"attachment-post-thumbnail size-post-thumbnail wp-post-image\" alt=\"\" srcset=\"https:\/\/www.oaxaca.gob.mx\/iaimo\/wp-content\/uploads\/sites\/25\/2023\/07\/IMG_20230524_113329-scaled.jpg 2560w, https:\/\/www.oaxaca.gob.mx\/iaimo\/wp-content\/uploads\/sites\/25\/2023\/07\/IMG_20230524_113329-300x225.jpg 300w, https:\/\/www.oaxaca.gob.mx\/iaimo\/wp-content\/uploads\/sites\/25\/2023\/07\/IMG_20230524_113329-1024x768.jpg 1024w, https:\/\/www.oaxaca.gob.mx\/iaimo\/wp-content\/uploads\/sites\/25\/2023\/07\/IMG_20230524_113329-768x576.jpg 768w, https:\/\/www.oaxaca.gob.mx\/iaimo\/wp-content\/uploads\/sites\/25\/2023\/07\/IMG_20230524_113329-1536x1152.jpg 1536w, https:\/\/www.oaxaca.gob.mx\/iaimo\/wp-content\/uploads\/sites\/25\/2023\/07\/IMG_20230524_113329-2048x1536.jpg 2048w\" sizes=\"auto, (max-width: 2560px) 100vw, 2560px\" \/><\/a>\n\t\t\t\t\t\t\t\t<h2 class=\"su-post-title\"><a href=\"https:\/\/www.oaxaca.gob.mx\/iaimo\/hablemos-de-migracion-platica-dirigida-a-bachilleres-para-incentivarlos-a-continuar-sus-estudios-profesionales\/\">Hablemos de migraci\u00f3n\u201d, pl\u00e1tica dirigida a bachilleres para incentivarlos a continuar sus estudios profesionales<\/a><\/h2>\n\t\t\t<\/div>\n\n\t\t\t\t\t\n\t\t\t\n\t\t\t<div id=\"su-post-6523\" class=\"su-post \">\n\t\t\t\t\t\t\t\t\t<a class=\"su-post-thumbnail\" href=\"https:\/\/www.oaxaca.gob.mx\/iaimo\/el-iaimo-y-la-setrao-en-colaboracion-a-favor-de-migrantes-jornaleros\/\"><img loading=\"lazy\" decoding=\"async\" width=\"1600\" height=\"1066\" src=\"https:\/\/www.oaxaca.gob.mx\/iaimo\/wp-content\/uploads\/sites\/25\/2023\/07\/347235138_2180145035706573_8116590079649889608_n.jpg\" class=\"attachment-post-thumbnail size-post-thumbnail wp-post-image\" alt=\"\" srcset=\"https:\/\/www.oaxaca.gob.mx\/iaimo\/wp-content\/uploads\/sites\/25\/2023\/07\/347235138_2180145035706573_8116590079649889608_n.jpg 1600w, https:\/\/www.oaxaca.gob.mx\/iaimo\/wp-content\/uploads\/sites\/25\/2023\/07\/347235138_2180145035706573_8116590079649889608_n-300x200.jpg 300w, https:\/\/www.oaxaca.gob.mx\/iaimo\/wp-content\/uploads\/sites\/25\/2023\/07\/347235138_2180145035706573_8116590079649889608_n-1024x682.jpg 1024w, https:\/\/www.oaxaca.gob.mx\/iaimo\/wp-content\/uploads\/sites\/25\/2023\/07\/347235138_2180145035706573_8116590079649889608_n-768x512.jpg 768w, https:\/\/www.oaxaca.gob.mx\/iaimo\/wp-content\/uploads\/sites\/25\/2023\/07\/347235138_2180145035706573_8116590079649889608_n-1536x1023.jpg 1536w\" sizes=\"auto, (max-width: 1600px) 100vw, 1600px\" \/><\/a>\n\t\t\t\t\t\t\t\t<h2 class=\"su-post-title\"><a href=\"https:\/\/www.oaxaca.gob.mx\/iaimo\/el-iaimo-y-la-setrao-en-colaboracion-a-favor-de-migrantes-jornaleros\/\">El IAIMO y la SETRAO en colaboraci\u00f3n a favor de migrantes jornaleros.<\/a><\/h2>\n\t\t\t<\/div>\n\n\t\t\t\t\t\n\t\t\t\n\t\t\t<div id=\"su-post-6520\" class=\"su-post \">\n\t\t\t\t\t\t\t\t\t<a class=\"su-post-thumbnail\" href=\"https:\/\/www.oaxaca.gob.mx\/iaimo\/oim-presenta-iniciativa-iris-ante-el-gabinete-de-gobierno\/\"><img loading=\"lazy\" decoding=\"async\" width=\"600\" height=\"373\" src=\"https:\/\/www.oaxaca.gob.mx\/iaimo\/wp-content\/uploads\/sites\/25\/2023\/07\/347119998_930156018207350_1131793838010884173_n.jpg\" class=\"attachment-post-thumbnail size-post-thumbnail wp-post-image\" alt=\"\" srcset=\"https:\/\/www.oaxaca.gob.mx\/iaimo\/wp-content\/uploads\/sites\/25\/2023\/07\/347119998_930156018207350_1131793838010884173_n.jpg 600w, https:\/\/www.oaxaca.gob.mx\/iaimo\/wp-content\/uploads\/sites\/25\/2023\/07\/347119998_930156018207350_1131793838010884173_n-300x187.jpg 300w\" sizes=\"auto, (max-width: 600px) 100vw, 600px\" \/><\/a>\n\t\t\t\t\t\t\t\t<h2 class=\"su-post-title\"><a href=\"https:\/\/www.oaxaca.gob.mx\/iaimo\/oim-presenta-iniciativa-iris-ante-el-gabinete-de-gobierno\/\">OIM presenta iniciativa IRIS ante el Gabinete de Gobierno.<\/a><\/h2>\n\t\t\t<\/div>\n\n\t\t\t\t\t\n\t\t\t\n\t\t\t<div id=\"su-post-6515\" class=\"su-post \">\n\t\t\t\t\t\t\t\t\t<a class=\"su-post-thumbnail\" href=\"https:\/\/www.oaxaca.gob.mx\/iaimo\/capacita-el-iaimo-a-municipios-en-san-miguel-aloapam\/\"><img loading=\"lazy\" decoding=\"async\" width=\"1600\" height=\"1200\" src=\"https:\/\/www.oaxaca.gob.mx\/iaimo\/wp-content\/uploads\/sites\/25\/2023\/07\/346781728_985322239295822_1475803801065414345_n-1.jpg\" class=\"attachment-post-thumbnail size-post-thumbnail wp-post-image\" alt=\"\" srcset=\"https:\/\/www.oaxaca.gob.mx\/iaimo\/wp-content\/uploads\/sites\/25\/2023\/07\/346781728_985322239295822_1475803801065414345_n-1.jpg 1600w, https:\/\/www.oaxaca.gob.mx\/iaimo\/wp-content\/uploads\/sites\/25\/2023\/07\/346781728_985322239295822_1475803801065414345_n-1-300x225.jpg 300w, https:\/\/www.oaxaca.gob.mx\/iaimo\/wp-content\/uploads\/sites\/25\/2023\/07\/346781728_985322239295822_1475803801065414345_n-1-1024x768.jpg 1024w, https:\/\/www.oaxaca.gob.mx\/iaimo\/wp-content\/uploads\/sites\/25\/2023\/07\/346781728_985322239295822_1475803801065414345_n-1-768x576.jpg 768w, https:\/\/www.oaxaca.gob.mx\/iaimo\/wp-content\/uploads\/sites\/25\/2023\/07\/346781728_985322239295822_1475803801065414345_n-1-1536x1152.jpg 1536w\" sizes=\"auto, (max-width: 1600px) 100vw, 1600px\" \/><\/a>\n\t\t\t\t\t\t\t\t<h2 class=\"su-post-title\"><a href=\"https:\/\/www.oaxaca.gob.mx\/iaimo\/capacita-el-iaimo-a-municipios-en-san-miguel-aloapam\/\">Capacita el IAIMO a municipios en San Miguel Aloapam.<\/a><\/h2>\n\t\t\t<\/div>\n\n\t\t\t\t\t\n\t\t\t\n\t\t\t<div id=\"su-post-6033\" class=\"su-post \">\n\t\t\t\t\t\t\t\t\t<a class=\"su-post-thumbnail\" href=\"https:\/\/www.oaxaca.gob.mx\/iaimo\/directorio-del-coepci\/\"><img loading=\"lazy\" decoding=\"async\" width=\"1600\" height=\"910\" src=\"https:\/\/www.oaxaca.gob.mx\/iaimo\/wp-content\/uploads\/sites\/25\/2023\/03\/DIRECTORIO.jpeg\" class=\"attachment-post-thumbnail size-post-thumbnail wp-post-image\" alt=\"\" srcset=\"https:\/\/www.oaxaca.gob.mx\/iaimo\/wp-content\/uploads\/sites\/25\/2023\/03\/DIRECTORIO.jpeg 1600w, https:\/\/www.oaxaca.gob.mx\/iaimo\/wp-content\/uploads\/sites\/25\/2023\/03\/DIRECTORIO-300x171.jpeg 300w, https:\/\/www.oaxaca.gob.mx\/iaimo\/wp-content\/uploads\/sites\/25\/2023\/03\/DIRECTORIO-1024x582.jpeg 1024w, https:\/\/www.oaxaca.gob.mx\/iaimo\/wp-content\/uploads\/sites\/25\/2023\/03\/DIRECTORIO-768x437.jpeg 768w, https:\/\/www.oaxaca.gob.mx\/iaimo\/wp-content\/uploads\/sites\/25\/2023\/03\/DIRECTORIO-1536x874.jpeg 1536w\" sizes=\"auto, (max-width: 1600px) 100vw, 1600px\" \/><\/a>\n\t\t\t\t\t\t\t\t<h2 class=\"su-post-title\"><a href=\"https:\/\/www.oaxaca.gob.mx\/iaimo\/directorio-del-coepci\/\">Directorio del COEPCI<\/a><\/h2>\n\t\t\t<\/div>\n\n\t\t\t\t\t\n\t\t\t\n\t\t\t<div id=\"su-post-5970\" class=\"su-post \">\n\t\t\t\t\t\t\t\t\t<a class=\"su-post-thumbnail\" href=\"https:\/\/www.oaxaca.gob.mx\/iaimo\/el-ieepco-invita-a-las-ciudadanas-indigenas-o-afromexicanas-a-postularse-al-cargo-de-titular-de-la-unidad-tecnica-de-igualdad-de-genero-y-no-discriminacion\/\"><img loading=\"lazy\" decoding=\"async\" width=\"946\" height=\"591\" src=\"https:\/\/www.oaxaca.gob.mx\/iaimo\/wp-content\/uploads\/sites\/25\/2023\/03\/banner_convocatoria_5x8-cm-1.jpg\" class=\"attachment-post-thumbnail size-post-thumbnail wp-post-image\" alt=\"\" srcset=\"https:\/\/www.oaxaca.gob.mx\/iaimo\/wp-content\/uploads\/sites\/25\/2023\/03\/banner_convocatoria_5x8-cm-1.jpg 946w, https:\/\/www.oaxaca.gob.mx\/iaimo\/wp-content\/uploads\/sites\/25\/2023\/03\/banner_convocatoria_5x8-cm-1-300x187.jpg 300w, https:\/\/www.oaxaca.gob.mx\/iaimo\/wp-content\/uploads\/sites\/25\/2023\/03\/banner_convocatoria_5x8-cm-1-768x480.jpg 768w\" sizes=\"auto, (max-width: 946px) 100vw, 946px\" \/><\/a>\n\t\t\t\t\t\t\t\t<h2 class=\"su-post-title\"><a href=\"https:\/\/www.oaxaca.gob.mx\/iaimo\/el-ieepco-invita-a-las-ciudadanas-indigenas-o-afromexicanas-a-postularse-al-cargo-de-titular-de-la-unidad-tecnica-de-igualdad-de-genero-y-no-discriminacion\/\">El IEEPCO invita a las CIUDADANAS IND\u00cdGENAS O AFROMEXICANAS a postularse al cargo de Titular de la Unidad T\u00e9cnica de Igualdad de G\u00e9nero y no Discriminaci\u00f3n.<\/a><\/h2>\n\t\t\t<\/div>\n\n\t\t\t\n<\/div>\n\n","protected":false},"excerpt":{"rendered":"","protected":false},"author":1,"featured_media":0,"parent":0,"menu_order":0,"comment_status":"closed","ping_status":"closed","template":"","meta":{"episode_type":"","audio_file":"","podmotor_file_id":"","podmotor_episode_id":"","cover_image":"","cover_image_id":"","duration":"","filesize":"","filesize_raw":"","date_recorded":"","explicit":"","block":"","itunes_episode_number":"","itunes_title":"","itunes_season_number":"","itunes_episode_type":"","footnotes":""},"categories":[],"tags":[],"class_list":["post-50","page","type-page","status-publish","hentry"],"acf":[],"publishpress_future_action":{"enabled":false,"date":"2026-05-10 02:50:19","action":"change-status","newStatus":"draft","terms":[],"taxonomy":"category","extraData":[]},"publishpress_future_workflow_manual_trigger":{"enabledWorkflows":[]},"_links":{"self":[{"href":"https:\/\/www.oaxaca.gob.mx\/iaimo\/wp-json\/wp\/v2\/pages\/50","targetHints":{"allow":["GET"]}}],"collection":[{"href":"https:\/\/www.oaxaca.gob.mx\/iaimo\/wp-json\/wp\/v2\/pages"}],"about":[{"href":"https:\/\/www.oaxaca.gob.mx\/iaimo\/wp-json\/wp\/v2\/types\/page"}],"author":[{"embeddable":true,"href":"https:\/\/www.oaxaca.gob.mx\/iaimo\/wp-json\/wp\/v2\/users\/1"}],"replies":[{"embeddable":true,"href":"https:\/\/www.oaxaca.gob.mx\/iaimo\/wp-json\/wp\/v2\/comments?post=50"}],"version-history":[{"count":6,"href":"https:\/\/www.oaxaca.gob.mx\/iaimo\/wp-json\/wp\/v2\/pages\/50\/revisions"}],"predecessor-version":[{"id":5929,"href":"https:\/\/www.oaxaca.gob.mx\/iaimo\/wp-json\/wp\/v2\/pages\/50\/revisions\/5929"}],"wp:attachment":[{"href":"https:\/\/www.oaxaca.gob.mx\/iaimo\/wp-json\/wp\/v2\/media?parent=50"}],"wp:term":[{"taxonomy":"category","embeddable":true,"href":"https:\/\/www.oaxaca.gob.mx\/iaimo\/wp-json\/wp\/v2\/categories?post=50"},{"taxonomy":"post_tag","embeddable":true,"href":"https:\/\/www.oaxaca.gob.mx\/iaimo\/wp-json\/wp\/v2\/tags?post=50"}],"curies":[{"name":"wp","href":"https:\/\/api.w.org\/{rel}","templated":true}]}}