{"id":60,"date":"2016-02-03T12:52:06","date_gmt":"2016-02-03T18:52:06","guid":{"rendered":"https:\/\/www.oaxaca.gob.mx\/sctg\/?page_id=60"},"modified":"2024-11-15T12:48:29","modified_gmt":"2024-11-15T18:48:29","slug":"boletines-de-prensa","status":"publish","type":"page","link":"https:\/\/www.oaxaca.gob.mx\/honestidad\/boletines-de-prensa\/","title":{"rendered":"Noticias"},"content":{"rendered":"\n\n<div class=\"su-posts su-posts-default-loop \">\n\n\t\n\t\t\t\t\t\n\t\t\t\n\t\t\t<div id=\"su-post-9373\" class=\"su-post \">\n\n\t\t\t\t\t\t\t\t\t<a class=\"su-post-thumbnail\" href=\"https:\/\/www.oaxaca.gob.mx\/honestidad\/abre-secretaria-de-honestidad-investigacion-contra-servidoras-del-dif-oaxaca-por-hechos-de-casa-pato\/\"><img loading=\"lazy\" decoding=\"async\" width=\"451\" height=\"349\" src=\"https:\/\/www.oaxaca.gob.mx\/honestidad\/wp-content\/uploads\/sites\/40\/2026\/02\/BannerDerecho2.jpg.jpeg\" class=\"attachment-post-thumbnail size-post-thumbnail wp-post-image\" alt=\"\" srcset=\"https:\/\/www.oaxaca.gob.mx\/honestidad\/wp-content\/uploads\/sites\/40\/2026\/02\/BannerDerecho2.jpg.jpeg 451w, https:\/\/www.oaxaca.gob.mx\/honestidad\/wp-content\/uploads\/sites\/40\/2026\/02\/BannerDerecho2.jpg-300x232.jpeg 300w\" sizes=\"auto, (max-width: 451px) 100vw, 451px\" \/><\/a>\n\t\t\t\t\n\t\t\t\t<h2 class=\"su-post-title\"><a href=\"https:\/\/www.oaxaca.gob.mx\/honestidad\/abre-secretaria-de-honestidad-investigacion-contra-servidoras-del-dif-oaxaca-por-hechos-de-casa-pato\/\">Abre Secretar\u00eda de Honestidad investigaci\u00f3n contra servidoras del DIF Oaxaca por hechos de \u201cCasa Pato\u201d<\/a><\/h2>\n\n\t\t\t\t<div class=\"su-post-meta\">\n\t\t\t\t\tPublicado: 25 febrero, 2026\t\t\t\t<\/div>\n\n\t\t\t\t<div class=\"su-post-excerpt\">\n\t\t\t\t\t<p>\u2022 La dependencia garantiza que la investigaci\u00f3n se lleve conforme a la ley Tlalixtac de Cabrera, Oax., 24 de febrero de 2026.- Derivado de los lamentables hechos suscitados en el Centro de Asistencia Social \u201cCasa Pato\u201d, en el que dos menores fallecieron, la Secretar\u00eda de Honestidad, Transparencia y Funci\u00f3n P\u00fablica, abri\u00f3 un expediente de investigaci\u00f3n [&hellip;]<\/p>\n\t\t\t\t<\/div>\n\n\t\t\t\t\t\t\t\t\t<a href=\"https:\/\/www.oaxaca.gob.mx\/honestidad\/abre-secretaria-de-honestidad-investigacion-contra-servidoras-del-dif-oaxaca-por-hechos-de-casa-pato\/#respond\" class=\"su-post-comments-link\">0 comentarios<\/a>\n\t\t\t\t\n\t\t\t<\/div>\n\n\t\t\t\t\t\n\t\t\t\n\t\t\t<div id=\"su-post-9295\" class=\"su-post \">\n\n\t\t\t\t\n\t\t\t\t<h2 class=\"su-post-title\"><a href=\"https:\/\/www.oaxaca.gob.mx\/honestidad\/nace-instituto-de-transparencia-para-el-pueblo-de-oaxaca-organismo-desconcentrado-y-sectorizado-a-la-secretaria-de-honestidad\/\">Nace Instituto de Transparencia para el Pueblo de Oaxaca, organismo desconcentrado y sectorizado a la Secretar\u00eda de Honestidad<\/a><\/h2>\n\n\t\t\t\t<div class=\"su-post-meta\">\n\t\t\t\t\tPublicado: 4 febrero, 2026\t\t\t\t<\/div>\n\n\t\t\t\t<div class=\"su-post-excerpt\">\n\t\t\t\t\t<p>\u2022 Garantizar\u00e1 a la ciudadan\u00eda el acceso a la informaci\u00f3n p\u00fablica del Poder Ejecutivo estatal y de los 570 municipios Oaxaca de Ju\u00e1rez, Oax. 1 de febrero de 2026.- A partir de este mes las y los ciudadanos contar\u00e1n con el Instituto de Transparencia para el Pueblo de Oaxaca, nuevo organismo desconcentrado y sectorizado a [&hellip;]<\/p>\n\t\t\t\t<\/div>\n\n\t\t\t\t\t\t\t\t\t<a href=\"https:\/\/www.oaxaca.gob.mx\/honestidad\/nace-instituto-de-transparencia-para-el-pueblo-de-oaxaca-organismo-desconcentrado-y-sectorizado-a-la-secretaria-de-honestidad\/#respond\" class=\"su-post-comments-link\">0 comentarios<\/a>\n\t\t\t\t\n\t\t\t<\/div>\n\n\t\t\t\t\t\n\t\t\t\n\t\t\t<div id=\"su-post-9291\" class=\"su-post \">\n\n\t\t\t\t\n\t\t\t\t<h2 class=\"su-post-title\"><a href=\"https:\/\/www.oaxaca.gob.mx\/honestidad\/padron-de-proveedores-de-la-administracion-publica-estatal\/\">Padr\u00f3n de Proveedores de la Administraci\u00f3n P\u00fablica Estatal<\/a><\/h2>\n\n\t\t\t\t<div class=\"su-post-meta\">\n\t\t\t\t\tPublicado: 4 febrero, 2026\t\t\t\t<\/div>\n\n\t\t\t\t<div class=\"su-post-excerpt\">\n\t\t\t\t\t<p>A partir de febrero, el Padr\u00f3n de Proveedores de la Administraci\u00f3n P\u00fablica Estatal ser\u00e1 administrado por la Secretar\u00eda de Honestidad Las y los interesados podr\u00e1n consultar los requisitos en www.oaxaca.gob.mx\/ honestidad o o acudir a las instalaciones de esta dependencia Oaxaca de Ju\u00e1rez, Oax. 1 de febrero de 2026.- La Secretar\u00eda de Honestidad, Transparencia y [&hellip;]<\/p>\n\t\t\t\t<\/div>\n\n\t\t\t\t\t\t\t\t\t<a href=\"https:\/\/www.oaxaca.gob.mx\/honestidad\/padron-de-proveedores-de-la-administracion-publica-estatal\/#respond\" class=\"su-post-comments-link\">0 comentarios<\/a>\n\t\t\t\t\n\t\t\t<\/div>\n\n\t\t\t\t\t\n\t\t\t\n\t\t\t<div id=\"su-post-9199\" class=\"su-post \">\n\n\t\t\t\t\n\t\t\t\t<h2 class=\"su-post-title\"><a href=\"https:\/\/www.oaxaca.gob.mx\/honestidad\/oaxaca-sede-de-la-segunda-asamblea-ordinaria-de-la-region-centro-golfo-istmo-de-contralores-de-mexico\/\">Oaxaca sede de la Segunda Asamblea Ordinaria de la Regi\u00f3n Centro Golfo-Istmo de Contralores de M\u00e9xico<\/a><\/h2>\n\n\t\t\t\t<div class=\"su-post-meta\">\n\t\t\t\t\tPublicado: 8 octubre, 2025\t\t\t\t<\/div>\n\n\t\t\t\t<div class=\"su-post-excerpt\">\n\t\t\t\t\t<p>Presenta Oaxaca avances del esquema \u201cGuardianes del campo\u201d que impulsar\u00e1 el uso de las TIC\u00b4s en los procesos de solicitudes, seguimiento y entrega de apoyos de los programas Oaxaca de Ju\u00e1rez, Oax., 3 de octubre de 2025. Oaxaca fue sede de la Segunda Asamblea Ordinaria de la Regi\u00f3n Centro Golfo-Istmo 2025 de la Comisi\u00f3n Permanente [&hellip;]<\/p>\n\t\t\t\t<\/div>\n\n\t\t\t\t\t\t\t\t\t<a href=\"https:\/\/www.oaxaca.gob.mx\/honestidad\/oaxaca-sede-de-la-segunda-asamblea-ordinaria-de-la-region-centro-golfo-istmo-de-contralores-de-mexico\/#respond\" class=\"su-post-comments-link\">0 comentarios<\/a>\n\t\t\t\t\n\t\t\t<\/div>\n\n\t\t\t\t\t\n\t\t\t\n\t\t\t<div id=\"su-post-9195\" class=\"su-post \">\n\n\t\t\t\t\n\t\t\t\t<h2 class=\"su-post-title\"><a href=\"https:\/\/www.oaxaca.gob.mx\/honestidad\/enaltece-secretaria-de-honestidad-los-aportes-de-las-mexicanas-en-la-historia-nacional\/\">Enaltece Secretar\u00eda de Honestidad los aportes de las mexicanas en la historia nacional<\/a><\/h2>\n\n\t\t\t\t<div class=\"su-post-meta\">\n\t\t\t\t\tPublicado: 8 octubre, 2025\t\t\t\t<\/div>\n\n\t\t\t\t<div class=\"su-post-excerpt\">\n\t\t\t\t\t<p>\u2022 Llama a la ciudadan\u00eda a tener bien cimentados los valores nacionales y el respeto a los s\u00edmbolos patrios Oaxaca de Ju\u00e1rez, Oax. 30 de septiembre de 2025.- Al encabezar la ceremonia de izamiento de la Bandera Nacional en la Alameda de Le\u00f3n, la titular de la Secretar\u00eda de Honestidad, Transparencia y Funci\u00f3n P\u00fablica, Leticia [&hellip;]<\/p>\n\t\t\t\t<\/div>\n\n\t\t\t\t\t\t\t\t\t<a href=\"https:\/\/www.oaxaca.gob.mx\/honestidad\/enaltece-secretaria-de-honestidad-los-aportes-de-las-mexicanas-en-la-historia-nacional\/#respond\" class=\"su-post-comments-link\">0 comentarios<\/a>\n\t\t\t\t\n\t\t\t<\/div>\n\n\t\t\t\t\t\n\t\t\t\n\t\t\t<div id=\"su-post-9174\" class=\"su-post \">\n\n\t\t\t\t\n\t\t\t\t<h2 class=\"su-post-title\"><a href=\"https:\/\/www.oaxaca.gob.mx\/honestidad\/rompamos-el-cerco-y-me-ensenas-representaran-a-oaxaca-en-el-concurso-nacional-transparencia-en-corto-2025\/\">\u201cRompamos el cerco\u201d y \u201cMe ense\u00f1as\u201d representar\u00e1n a Oaxaca en el Concurso Nacional Transparencia en Corto 2025<\/a><\/h2>\n\n\t\t\t\t<div class=\"su-post-meta\">\n\t\t\t\t\tPublicado: 11 septiembre, 2025\t\t\t\t<\/div>\n\n\t\t\t\t<div class=\"su-post-excerpt\">\n\t\t\t\t\t<p>\u2022 La Secretar\u00eda de Honestidad da a conocer los videos ganadores en su etapa estatal, que expresan los mecanismos de impulso a la transparencia para combatir la desinformaci\u00f3n Tlalixtac de Cabrera, Oax. 11 de septiembre de 2025.- La Secretar\u00eda de Honestidad, Transparencia y Funci\u00f3n P\u00fablica dio a conocer que los cortometrajes \u201cRompamos el cerco\u201d y [&hellip;]<\/p>\n\t\t\t\t<\/div>\n\n\t\t\t\t\t\t\t\t\t<a href=\"https:\/\/www.oaxaca.gob.mx\/honestidad\/rompamos-el-cerco-y-me-ensenas-representaran-a-oaxaca-en-el-concurso-nacional-transparencia-en-corto-2025\/#respond\" class=\"su-post-comments-link\">0 comentarios<\/a>\n\t\t\t\t\n\t\t\t<\/div>\n\n\t\t\t\t\t\n\t\t\t\n\t\t\t<div id=\"su-post-9153\" class=\"su-post \">\n\n\t\t\t\t\t\t\t\t\t<a class=\"su-post-thumbnail\" href=\"https:\/\/www.oaxaca.gob.mx\/honestidad\/entrega-secretaria-de-honestidad-premio-nacional-de-contraloria-social-2025-en-su-etapa-estatal\/\"><img loading=\"lazy\" decoding=\"async\" width=\"1600\" height=\"874\" src=\"https:\/\/www.oaxaca.gob.mx\/honestidad\/wp-content\/uploads\/sites\/40\/2025\/08\/WhatsApp-Image-2025-08-08-at-19.00.26.jpeg\" class=\"attachment-post-thumbnail size-post-thumbnail wp-post-image\" alt=\"\" srcset=\"https:\/\/www.oaxaca.gob.mx\/honestidad\/wp-content\/uploads\/sites\/40\/2025\/08\/WhatsApp-Image-2025-08-08-at-19.00.26.jpeg 1600w, https:\/\/www.oaxaca.gob.mx\/honestidad\/wp-content\/uploads\/sites\/40\/2025\/08\/WhatsApp-Image-2025-08-08-at-19.00.26-300x164.jpeg 300w, https:\/\/www.oaxaca.gob.mx\/honestidad\/wp-content\/uploads\/sites\/40\/2025\/08\/WhatsApp-Image-2025-08-08-at-19.00.26-1024x559.jpeg 1024w, https:\/\/www.oaxaca.gob.mx\/honestidad\/wp-content\/uploads\/sites\/40\/2025\/08\/WhatsApp-Image-2025-08-08-at-19.00.26-768x420.jpeg 768w, https:\/\/www.oaxaca.gob.mx\/honestidad\/wp-content\/uploads\/sites\/40\/2025\/08\/WhatsApp-Image-2025-08-08-at-19.00.26-1536x839.jpeg 1536w\" sizes=\"auto, (max-width: 1600px) 100vw, 1600px\" \/><\/a>\n\t\t\t\t\n\t\t\t\t<h2 class=\"su-post-title\"><a href=\"https:\/\/www.oaxaca.gob.mx\/honestidad\/entrega-secretaria-de-honestidad-premio-nacional-de-contraloria-social-2025-en-su-etapa-estatal\/\">Entrega Secretar\u00eda de Honestidad Premio Nacional de Contralor\u00eda Social 2025 en su etapa estatal<\/a><\/h2>\n\n\t\t\t\t<div class=\"su-post-meta\">\n\t\t\t\t\tPublicado: 8 agosto, 2025\t\t\t\t<\/div>\n\n\t\t\t\t<div class=\"su-post-excerpt\">\n\t\t\t\t\t<p>&nbsp; Obtienen primer lugar el Comit\u00e9 de Contralor\u00eda Social de Santa Mar\u00eda Pe\u00f1oles y Odil\u00f3n Gonz\u00e1lez Ruiz \u00a0 Los ganadores representar\u00e1n al estado de Oaxaca a nivel nacional &nbsp; Tlalixtac de Cabrera, Oax. 8 de agosto de 2025.- El Comit\u00e9 de Contralor\u00eda Social del municipio de Santa Mar\u00eda Pe\u00f1oles y Odil\u00f3n Gonz\u00e1lez Ruiz ser\u00e1n quienes [&hellip;]<\/p>\n\t\t\t\t<\/div>\n\n\t\t\t\t\t\t\t\t\t<a href=\"https:\/\/www.oaxaca.gob.mx\/honestidad\/entrega-secretaria-de-honestidad-premio-nacional-de-contraloria-social-2025-en-su-etapa-estatal\/#respond\" class=\"su-post-comments-link\">0 comentarios<\/a>\n\t\t\t\t\n\t\t\t<\/div>\n\n\t\t\t\t\t\n\t\t\t\n\t\t\t<div id=\"su-post-9147\" class=\"su-post \">\n\n\t\t\t\t\t\t\t\t\t<a class=\"su-post-thumbnail\" href=\"https:\/\/www.oaxaca.gob.mx\/honestidad\/invita-secretaria-de-honestidad-a-participar-en-la-etapa-estatal-del-xx-concurso-nacional-transparencia-en-corto-2025\/\"><img loading=\"lazy\" decoding=\"async\" width=\"1329\" height=\"1600\" src=\"https:\/\/www.oaxaca.gob.mx\/honestidad\/wp-content\/uploads\/sites\/40\/2025\/08\/WhatsApp-Image-2025-08-05-at-14.04.52.jpeg\" class=\"attachment-post-thumbnail size-post-thumbnail wp-post-image\" alt=\"\" srcset=\"https:\/\/www.oaxaca.gob.mx\/honestidad\/wp-content\/uploads\/sites\/40\/2025\/08\/WhatsApp-Image-2025-08-05-at-14.04.52.jpeg 1329w, https:\/\/www.oaxaca.gob.mx\/honestidad\/wp-content\/uploads\/sites\/40\/2025\/08\/WhatsApp-Image-2025-08-05-at-14.04.52-249x300.jpeg 249w, https:\/\/www.oaxaca.gob.mx\/honestidad\/wp-content\/uploads\/sites\/40\/2025\/08\/WhatsApp-Image-2025-08-05-at-14.04.52-851x1024.jpeg 851w, https:\/\/www.oaxaca.gob.mx\/honestidad\/wp-content\/uploads\/sites\/40\/2025\/08\/WhatsApp-Image-2025-08-05-at-14.04.52-768x925.jpeg 768w, https:\/\/www.oaxaca.gob.mx\/honestidad\/wp-content\/uploads\/sites\/40\/2025\/08\/WhatsApp-Image-2025-08-05-at-14.04.52-1276x1536.jpeg 1276w\" sizes=\"auto, (max-width: 1329px) 100vw, 1329px\" \/><\/a>\n\t\t\t\t\n\t\t\t\t<h2 class=\"su-post-title\"><a href=\"https:\/\/www.oaxaca.gob.mx\/honestidad\/invita-secretaria-de-honestidad-a-participar-en-la-etapa-estatal-del-xx-concurso-nacional-transparencia-en-corto-2025\/\">Invita Secretar\u00eda de Honestidad a participar en la etapa estatal del XX Concurso Nacional Transparencia en Corto 2025<\/a><\/h2>\n\n\t\t\t\t<div class=\"su-post-meta\">\n\t\t\t\t\tPublicado: 5 agosto, 2025\t\t\t\t<\/div>\n\n\t\t\t\t<div class=\"su-post-excerpt\">\n\t\t\t\t\t<p>\u2022 Podr\u00e1n enviar un cortometraje las y los j\u00f3venes de 15 a 25 a\u00f1os con el tema \u201cMecanismos de impulso a la transparencia para combatir la desinformaci\u00f3n\u201d \u2022 La convocatoria cerrar\u00e1 el 1 de septiembre del actual; se premiar\u00e1n a los tres primeros lugares Tlalixtac de Cabrera, Oax. 5 de agosto de 2025.- La Comisi\u00f3n [&hellip;]<\/p>\n\t\t\t\t<\/div>\n\n\t\t\t\t\t\t\t\t\t<a href=\"https:\/\/www.oaxaca.gob.mx\/honestidad\/invita-secretaria-de-honestidad-a-participar-en-la-etapa-estatal-del-xx-concurso-nacional-transparencia-en-corto-2025\/#respond\" class=\"su-post-comments-link\">0 comentarios<\/a>\n\t\t\t\t\n\t\t\t<\/div>\n\n\t\t\t\t\t\n\t\t\t\n\t\t\t<div id=\"su-post-9120\" class=\"su-post \">\n\n\t\t\t\t\t\t\t\t\t<a class=\"su-post-thumbnail\" href=\"https:\/\/www.oaxaca.gob.mx\/honestidad\/da-a-conocer-secretaria-de-honestidad-listado-de-personas-contratistas-empadronadas-en-el-primer-semestre\/\"><img loading=\"lazy\" decoding=\"async\" width=\"1600\" height=\"1600\" src=\"https:\/\/www.oaxaca.gob.mx\/honestidad\/wp-content\/uploads\/sites\/40\/2025\/02\/img_shtfp.jpeg\" class=\"attachment-post-thumbnail size-post-thumbnail wp-post-image\" alt=\"\" srcset=\"https:\/\/www.oaxaca.gob.mx\/honestidad\/wp-content\/uploads\/sites\/40\/2025\/02\/img_shtfp.jpeg 1600w, https:\/\/www.oaxaca.gob.mx\/honestidad\/wp-content\/uploads\/sites\/40\/2025\/02\/img_shtfp-300x300.jpeg 300w, https:\/\/www.oaxaca.gob.mx\/honestidad\/wp-content\/uploads\/sites\/40\/2025\/02\/img_shtfp-1024x1024.jpeg 1024w, https:\/\/www.oaxaca.gob.mx\/honestidad\/wp-content\/uploads\/sites\/40\/2025\/02\/img_shtfp-150x150.jpeg 150w, https:\/\/www.oaxaca.gob.mx\/honestidad\/wp-content\/uploads\/sites\/40\/2025\/02\/img_shtfp-768x768.jpeg 768w, https:\/\/www.oaxaca.gob.mx\/honestidad\/wp-content\/uploads\/sites\/40\/2025\/02\/img_shtfp-1536x1536.jpeg 1536w\" sizes=\"auto, (max-width: 1600px) 100vw, 1600px\" \/><\/a>\n\t\t\t\t\n\t\t\t\t<h2 class=\"su-post-title\"><a href=\"https:\/\/www.oaxaca.gob.mx\/honestidad\/da-a-conocer-secretaria-de-honestidad-listado-de-personas-contratistas-empadronadas-en-el-primer-semestre\/\">Da a conocer Secretar\u00eda de Honestidad listado de personas contratistas empadronadas en el primer semestre<\/a><\/h2>\n\n\t\t\t\t<div class=\"su-post-meta\">\n\t\t\t\t\tPublicado: 2 julio, 2025\t\t\t\t<\/div>\n\n\t\t\t\t<div class=\"su-post-excerpt\">\n\t\t\t\t\t<p>\u2022 La inscripci\u00f3n en el Padr\u00f3n de Contratistas del Estado contin\u00faa abierta para las personas interesadas Tlalixtac de Cabrera, Oax. 30 de junio de 2025.- La Secretar\u00eda de Honestidad, Transparencia y Funci\u00f3n P\u00fablica dio a conocer este lunes a trav\u00e9s del Peri\u00f3dico Oficial del Gobierno del Estado el listado de las empresas empadronadas por esta [&hellip;]<\/p>\n\t\t\t\t<\/div>\n\n\t\t\t\t\t\t\t\t\t<a href=\"https:\/\/www.oaxaca.gob.mx\/honestidad\/da-a-conocer-secretaria-de-honestidad-listado-de-personas-contratistas-empadronadas-en-el-primer-semestre\/#respond\" class=\"su-post-comments-link\">0 comentarios<\/a>\n\t\t\t\t\n\t\t\t<\/div>\n\n\t\t\t\t\t\n\t\t\t\n\t\t\t<div id=\"su-post-9097\" class=\"su-post \">\n\n\t\t\t\t\t\t\t\t\t<a class=\"su-post-thumbnail\" href=\"https:\/\/www.oaxaca.gob.mx\/honestidad\/convoca-secretaria-de-honestidad-al-premio-estatal-de-contraloria-social-2025\/\"><img loading=\"lazy\" decoding=\"async\" width=\"1035\" height=\"1600\" src=\"https:\/\/www.oaxaca.gob.mx\/honestidad\/wp-content\/uploads\/sites\/40\/2025\/06\/WhatsApp-Image-2025-06-09-at-16.21.28.jpeg\" class=\"attachment-post-thumbnail size-post-thumbnail wp-post-image\" alt=\"\" srcset=\"https:\/\/www.oaxaca.gob.mx\/honestidad\/wp-content\/uploads\/sites\/40\/2025\/06\/WhatsApp-Image-2025-06-09-at-16.21.28.jpeg 1035w, https:\/\/www.oaxaca.gob.mx\/honestidad\/wp-content\/uploads\/sites\/40\/2025\/06\/WhatsApp-Image-2025-06-09-at-16.21.28-194x300.jpeg 194w, https:\/\/www.oaxaca.gob.mx\/honestidad\/wp-content\/uploads\/sites\/40\/2025\/06\/WhatsApp-Image-2025-06-09-at-16.21.28-662x1024.jpeg 662w, https:\/\/www.oaxaca.gob.mx\/honestidad\/wp-content\/uploads\/sites\/40\/2025\/06\/WhatsApp-Image-2025-06-09-at-16.21.28-768x1187.jpeg 768w, https:\/\/www.oaxaca.gob.mx\/honestidad\/wp-content\/uploads\/sites\/40\/2025\/06\/WhatsApp-Image-2025-06-09-at-16.21.28-994x1536.jpeg 994w\" sizes=\"auto, (max-width: 1035px) 100vw, 1035px\" \/><\/a>\n\t\t\t\t\n\t\t\t\t<h2 class=\"su-post-title\"><a href=\"https:\/\/www.oaxaca.gob.mx\/honestidad\/convoca-secretaria-de-honestidad-al-premio-estatal-de-contraloria-social-2025\/\">Convoca Secretar\u00eda de Honestidad al Premio Estatal de Contralor\u00eda Social 2025<\/a><\/h2>\n\n\t\t\t\t<div class=\"su-post-meta\">\n\t\t\t\t\tPublicado: 10 junio, 2025\t\t\t\t<\/div>\n\n\t\t\t\t<div class=\"su-post-excerpt\">\n\t\t\t\t\t<p>La fecha l\u00edmite para recibir las propuestas es el 23 de julio de 2025 \u00a0 Tlalixtac de Cabrera, Oax. 9 de junio de 2025. En el marco de la XVII Edici\u00f3n del Premio Nacional de Contralor\u00eda Social 2025, convocado por la Comisi\u00f3n Permanente de Contralores Estados-Federaci\u00f3n, la Secretar\u00eda de Honestidad, Transparencia y Funci\u00f3n P\u00fablica invita [&hellip;]<\/p>\n\t\t\t\t<\/div>\n\n\t\t\t\t\t\t\t\t\t<a href=\"https:\/\/www.oaxaca.gob.mx\/honestidad\/convoca-secretaria-de-honestidad-al-premio-estatal-de-contraloria-social-2025\/#respond\" class=\"su-post-comments-link\">0 comentarios<\/a>\n\t\t\t\t\n\t\t\t<\/div>\n\n\t\t\n\t\n<\/div>\n\n","protected":false},"excerpt":{"rendered":"","protected":false},"author":1,"featured_media":0,"parent":0,"menu_order":0,"comment_status":"closed","ping_status":"closed","template":"","meta":{"episode_type":"","audio_file":"","podmotor_file_id":"","podmotor_episode_id":"","cover_image":"","cover_image_id":"","duration":"","filesize":"","filesize_raw":"","date_recorded":"","explicit":"","block":"","itunes_episode_number":"","itunes_title":"","itunes_season_number":"","itunes_episode_type":"","footnotes":""},"categories":[],"tags":[],"class_list":["post-60","page","type-page","status-publish","hentry"],"acf":[],"publishpress_future_action":{"enabled":false,"date":"2026-05-09 04:17:41","action":"change-status","newStatus":"draft","terms":[],"taxonomy":"category","extraData":[]},"publishpress_future_workflow_manual_trigger":{"enabledWorkflows":[]},"_links":{"self":[{"href":"https:\/\/www.oaxaca.gob.mx\/honestidad\/wp-json\/wp\/v2\/pages\/60","targetHints":{"allow":["GET"]}}],"collection":[{"href":"https:\/\/www.oaxaca.gob.mx\/honestidad\/wp-json\/wp\/v2\/pages"}],"about":[{"href":"https:\/\/www.oaxaca.gob.mx\/honestidad\/wp-json\/wp\/v2\/types\/page"}],"author":[{"embeddable":true,"href":"https:\/\/www.oaxaca.gob.mx\/honestidad\/wp-json\/wp\/v2\/users\/1"}],"replies":[{"embeddable":true,"href":"https:\/\/www.oaxaca.gob.mx\/honestidad\/wp-json\/wp\/v2\/comments?post=60"}],"version-history":[{"count":2,"href":"https:\/\/www.oaxaca.gob.mx\/honestidad\/wp-json\/wp\/v2\/pages\/60\/revisions"}],"predecessor-version":[{"id":8778,"href":"https:\/\/www.oaxaca.gob.mx\/honestidad\/wp-json\/wp\/v2\/pages\/60\/revisions\/8778"}],"wp:attachment":[{"href":"https:\/\/www.oaxaca.gob.mx\/honestidad\/wp-json\/wp\/v2\/media?parent=60"}],"wp:term":[{"taxonomy":"category","embeddable":true,"href":"https:\/\/www.oaxaca.gob.mx\/honestidad\/wp-json\/wp\/v2\/categories?post=60"},{"taxonomy":"post_tag","embeddable":true,"href":"https:\/\/www.oaxaca.gob.mx\/honestidad\/wp-json\/wp\/v2\/tags?post=60"}],"curies":[{"name":"wp","href":"https:\/\/api.w.org\/{rel}","templated":true}]}}