{"id":5,"date":"2024-05-21T20:57:42","date_gmt":"2024-05-21T20:57:42","guid":{"rendered":"https:\/\/qa-www.oaxaca.gob.mx\/giras\/?page_id=5"},"modified":"2024-07-12T19:24:17","modified_gmt":"2024-07-12T17:24:17","slug":"inicio","status":"publish","type":"page","link":"https:\/\/www.oaxaca.gob.mx\/giras\/","title":{"rendered":"Inicio"},"content":{"rendered":"<div class=\"row\">\n<div class=\"col\"><!-- Slider Principal -->\r\n  <section>\r\n      <div class=\"row align-items-stretch mb-2\">\r\n        <div class=\"col-md-12\">\r\n          <div id=\"carouselExampleControls\" class=\"carousel slide carousel-fade\" data-bs-ride=\"carousel\">\r\n            <div class=\"carousel-inner\">\r\n              <a href=\"https:\/\/www.oaxaca.gob.mx\/giras\/tipo_gira\/con-nuestro-presidente-andres-manuel-lopez-obrador\/\" alt=\"Con nuestro Presidente Andr\u00e9s Manuel L\u00f3pez Obrador\" target=\"_blank\">                      \t<div class=\"carousel-item active\" data-bs-interval=\"5000\">\r\n\t\t\t\t\t\t  <img decoding=\"async\" src=\"https:\/\/www.oaxaca.gob.mx\/giras\/wp-content\/uploads\/sites\/99\/2024\/08\/392932992_872816944205865_8021045907188160674_n.jpg\" class=\"d-block w-100\" style=\"height: 620px;\" alt=\"Con nuestro Presidente Andr\u00e9s Manuel L\u00f3pez Obrador\"\/>\t\t\t\t\t\t<\/div>\r\n\t\t\t\t\t<\/a><a href=\"https:\/\/www.oaxaca.gob.mx\/giras\/tipo_gira\/an-juan-guichicovi-donde-en-julio-arrancamos-los-programas-alimentarios-del-dif-estatal-oaxaca-en-el-istmo-de-tehuantepec\/\" alt=\"an Juan Guichicovi, donde en julio arrancamos los Programas Alimentarios del DIF Estatal Oaxaca en el Istmo de Tehuantepec\" target=\"_blank\">                      \t<div class=\"carousel-item \" data-bs-interval=\"5000\">\r\n\t\t\t\t\t\t  <img decoding=\"async\" src=\"https:\/\/www.oaxaca.gob.mx\/giras\/wp-content\/uploads\/sites\/99\/2024\/08\/391756404_873231870831039_6208062679034055590_n.jpg\" class=\"d-block w-100\" style=\"height: 620px;\" alt=\"an Juan Guichicovi, donde en julio arrancamos los Programas Alimentarios del DIF Estatal Oaxaca en el Istmo de Tehuantepec\"\/>\t\t\t\t\t\t<\/div>\r\n\t\t\t\t\t<\/a><a href=\"https:\/\/www.oaxaca.gob.mx\/giras\/tipo_gira\/matias-romero-con-nuestra-estrategia-trabajo-que-transforma-tu-municipio\/\" alt=\"Mat\u00edas Romero con nuestra estrategia Trabajo que Transforma tu Municipio\" target=\"_blank\">                      \t<div class=\"carousel-item \" data-bs-interval=\"5000\">\r\n\t\t\t\t\t\t  <img decoding=\"async\" src=\"https:\/\/www.oaxaca.gob.mx\/giras\/wp-content\/uploads\/sites\/99\/2024\/08\/392932745_873322970821929_3107860356720413166_n.jpg\" class=\"d-block w-100\" style=\"height: 620px;\" alt=\"Mat\u00edas Romero con nuestra estrategia Trabajo que Transforma tu Municipio\"\/>\t\t\t\t\t\t<\/div>\r\n\t\t\t\t\t<\/a>            <\/div>\r\n            <button class=\"carousel-control-prev\" type=\"button\" data-bs-target=\"#carouselExampleControls\" data-bs-slide=\"prev\">\r\n              <style>\r\n                .carousel-control-prev-icon, .carousel-control-next-icon {\r\n                  display: inline-block;\r\n                  height: 40px;\r\n                  width: 40px;\r\n                  border-radius: 0.5rem;\r\n                  line-height: 40px;\r\n                  text-align: center;\r\n                  background-color: #9D2449;\r\n                  font-weight: bold;\r\n                  color: #FFF;\r\n                  opacity: 0.9!important;\r\n                }\r\n              <\/style>\r\n            <span class=\"carousel-control-prev-icon\" aria-hidden=\"true\"><\/span>\r\n            <span class=\"visually-hidden\">Previous<\/span>\r\n            <\/button>\r\n            <button class=\"carousel-control-next\" type=\"button\" data-bs-target=\"#carouselExampleControls\" data-bs-slide=\"next\">\r\n            <span class=\"carousel-control-next-icon\" aria-hidden=\"true\"><\/span>\r\n            <span class=\"visually-hidden\">Next<\/span>\r\n            <\/button>\r\n          <\/div>\r\n        <\/div>\r\n      <\/div>\r\n  <\/section><\/div>\n<\/div>\n<div class=\"row\">\n<div class=\"col\">\n<h3 class=\"titulos text-center\">Municipios Visitados<\/h3>\n<link rel=\"stylesheet\" href=\"https:\/\/unpkg.com\/leaflet@1.7.1\/dist\/leaflet.css\" \/>\r\n  <style>\r\n    #map { width:100%; height: 400px; }\r\n  <\/style>\r\n\r\n<div class=\"row mb-3\">\r\n  <div class=\"col\">\r\n    <table class=\"table table-striped\" id=\"tblMunic\">\r\n      <thead>\r\n        <tr>\r\n          <th scope=\"col\">Fecha<\/th>\r\n          <th scope=\"col\">Gira<\/th>\r\n          <th scope=\"col\">Regi\u00f3n<\/th>\r\n          <th scope=\"col\">Descripci\u00f3n<\/th>\r\n          <th scope=\"col\">Fotograf\u00eda<\/th>\r\n        <\/tr>\r\n      <\/thead>\r\n      <tbody class=\"table-group-divider\">\r\n                <tr>\r\n          <th scope=\"row\">\r\n\t\t  14\/10\/2023\t\t  <\/th>\r\n          <td>\r\n\t\t\t  Presidenciales\t\t  <\/td>\r\n          <td>Istmo<\/td>\r\n          <td>Con nuestro Presidente Andr\u00e9s Manuel L\u00f3pez Obrador<\/td>\r\n          <td>\r\n            <img decoding=\"async\" src=\"https:\/\/www.oaxaca.gob.mx\/giras\/wp-content\/uploads\/sites\/99\/2024\/08\/392932992_872816944205865_8021045907188160674_n-150x150.jpg\" alt=\"Con nuestro Presidente Andr\u00e9s Manuel L\u00f3pez Obrador\" \/>  \r\n          <\/td>\r\n        <\/tr>\r\n                <tr>\r\n          <th scope=\"row\">\r\n\t\t  15\/10\/2023\t\t  <\/th>\r\n          <td>\r\n\t\t\t  Trabajos que transforman tu municipio\t\t  <\/td>\r\n          <td>Istmo<\/td>\r\n          <td>an Juan Guichicovi, donde en julio arrancamos los Programas Alimentarios del DIF Estatal Oaxaca en el Istmo de Tehuantepec<\/td>\r\n          <td>\r\n            <img decoding=\"async\" src=\"https:\/\/www.oaxaca.gob.mx\/giras\/wp-content\/uploads\/sites\/99\/2024\/08\/391756404_873231870831039_6208062679034055590_n-150x150.jpg\" alt=\"an Juan Guichicovi, donde en julio arrancamos los Programas Alimentarios del DIF Estatal Oaxaca en el Istmo de Tehuantepec\" \/>  \r\n          <\/td>\r\n        <\/tr>\r\n                <tr>\r\n          <th scope=\"row\">\r\n\t\t  15\/10\/2023\t\t  <\/th>\r\n          <td>\r\n\t\t\t  Trabajos que transforman tu municipio\t\t  <\/td>\r\n          <td>Istmo<\/td>\r\n          <td>Mat\u00edas Romero con nuestra estrategia Trabajo que Transforma tu Municipio<\/td>\r\n          <td>\r\n            <img decoding=\"async\" src=\"https:\/\/www.oaxaca.gob.mx\/giras\/wp-content\/uploads\/sites\/99\/2024\/08\/392932745_873322970821929_3107860356720413166_n-150x150.jpg\" alt=\"Mat\u00edas Romero con nuestra estrategia Trabajo que Transforma tu Municipio\" \/>  \r\n          <\/td>\r\n        <\/tr>\r\n                <tr>\r\n          <th scope=\"row\">\r\n\t\t  18\/10\/2023\t\t  <\/th>\r\n          <td>\r\n\t\t\t  Trabajos que transforman tu municipio\t\t  <\/td>\r\n          <td>Sierra Sur<\/td>\r\n          <td>Seguimos trabajando desde el territorio para saldar la deuda hist\u00f3rica con los pueblos, por eso venimos a San Pablo Coatl\u00e1n<\/td>\r\n          <td>\r\n            <img decoding=\"async\" src=\"https:\/\/www.oaxaca.gob.mx\/giras\/wp-content\/uploads\/sites\/99\/2024\/08\/393940731_874953693992190_1672847287110542738_n-150x150.jpg\" alt=\"Seguimos trabajando desde el territorio para saldar la deuda hist\u00f3rica con los pueblos, por eso venimos a San Pablo Coatl\u00e1n\" \/>  \r\n          <\/td>\r\n        <\/tr>\r\n                <tr>\r\n          <th scope=\"row\">\r\n\t\t  18\/10\/2023\t\t  <\/th>\r\n          <td>\r\n\t\t\t  Trabajos que transforman tu municipio\t\t  <\/td>\r\n          <td>Sierra Sur<\/td>\r\n          <td>Visitamos San Sebasti\u00e1n Coatl\u00e1n, en esta localidad estuvimos en 2009 con nuestro Presidente<\/td>\r\n          <td>\r\n            <img decoding=\"async\" src=\"https:\/\/www.oaxaca.gob.mx\/giras\/wp-content\/uploads\/sites\/99\/2024\/08\/393620201_875008683986691_2197471350844888929_n-150x150.jpg\" alt=\"Visitamos San Sebasti\u00e1n Coatl\u00e1n, en esta localidad estuvimos en 2009 con nuestro Presidente\" \/>  \r\n          <\/td>\r\n        <\/tr>\r\n                <tr>\r\n          <th scope=\"row\">\r\n\t\t  19\/10\/2023\t\t  <\/th>\r\n          <td>\r\n\t\t\t  Trabajos que transforman tu municipio\t\t  <\/td>\r\n          <td>Costa<\/td>\r\n          <td>Costa en San Jos\u00e9 Estancia Grande, en donde estuvimos en 2009 con el Presidente Andr\u00e9s Manuel L\u00f3pez Obrador<\/td>\r\n          <td>\r\n            <img decoding=\"async\" src=\"https:\/\/www.oaxaca.gob.mx\/giras\/wp-content\/uploads\/sites\/99\/2024\/08\/393729622_875497237271169_6227315499185458248_n-150x150.jpg\" alt=\"Costa en San Jos\u00e9 Estancia Grande, en donde estuvimos en 2009 con el Presidente Andr\u00e9s Manuel L\u00f3pez Obrador\" \/>  \r\n          <\/td>\r\n        <\/tr>\r\n                <tr>\r\n          <th scope=\"row\">\r\n\t\t  19\/10\/2023\t\t  <\/th>\r\n          <td>\r\n\t\t\t  Trabajos que transforman tu municipio\t\t  <\/td>\r\n          <td>Costa<\/td>\r\n          <td>Visitamos M\u00e1rtires de Tacubaya con nuestra estrategia Trabajo que Transforma tu Municipio<\/td>\r\n          <td>\r\n            <img decoding=\"async\" src=\"https:\/\/www.oaxaca.gob.mx\/giras\/wp-content\/uploads\/sites\/99\/2024\/08\/393655066_875531443934415_2434595366240435596_n-150x150.jpg\" alt=\"Visitamos M\u00e1rtires de Tacubaya con nuestra estrategia Trabajo que Transforma tu Municipio\" \/>  \r\n          <\/td>\r\n        <\/tr>\r\n                <tr>\r\n          <th scope=\"row\">\r\n\t\t  19\/10\/2023\t\t  <\/th>\r\n          <td>\r\n\t\t\t  Trabajos que transforman tu municipio\t\t  <\/td>\r\n          <td>Costa<\/td>\r\n          <td>Presentamos nuestra estrategia Trabajo que Transforma tu Municipio en San Sebasti\u00e1n Ixcapa<\/td>\r\n          <td>\r\n            <img decoding=\"async\" src=\"https:\/\/www.oaxaca.gob.mx\/giras\/wp-content\/uploads\/sites\/99\/2024\/08\/393752773_875570380597188_7857699865002525286_n-150x150.jpg\" alt=\"Presentamos nuestra estrategia Trabajo que Transforma tu Municipio en San Sebasti\u00e1n Ixcapa\" \/>  \r\n          <\/td>\r\n        <\/tr>\r\n                <tr>\r\n          <th scope=\"row\">\r\n\t\t  19\/10\/2023\t\t  <\/th>\r\n          <td>\r\n\t\t\t  Trabajos que transforman tu municipio\t\t  <\/td>\r\n          <td>Costa<\/td>\r\n          <td>Venimos a San Juan Cacahuatepec, la tierra de \u00c1lvaro Carrillo<\/td>\r\n          <td>\r\n            <img decoding=\"async\" src=\"https:\/\/www.oaxaca.gob.mx\/giras\/wp-content\/uploads\/sites\/99\/2024\/08\/393764340_875596400594586_6381315672581940383_n-150x150.jpg\" alt=\"Venimos a San Juan Cacahuatepec, la tierra de \u00c1lvaro Carrillo\" \/>  \r\n          <\/td>\r\n        <\/tr>\r\n                <tr>\r\n          <th scope=\"row\">\r\n\t\t  01\/08\/2024\t\t  <\/th>\r\n          <td>\r\n\t\t\t  Trabajos que transforman tu municipio\t\t  <\/td>\r\n          <td>Ca\u00f1ada<\/td>\r\n          <td>Trabajo que Transforma tu Municipio en Santa Ana Cuauht\u00e9moc<\/td>\r\n          <td>\r\n            <img decoding=\"async\" src=\"https:\/\/www.oaxaca.gob.mx\/giras\/wp-content\/uploads\/sites\/99\/2024\/08\/453413878_1039788134175411_7221205325647589411_n-150x150.jpg\" alt=\"Trabajo que Transforma tu Municipio en Santa Ana Cuauht\u00e9moc\" \/>  \r\n          <\/td>\r\n        <\/tr>\r\n                <tr>\r\n          <th scope=\"row\">\r\n\t\t  01\/08\/2024\t\t  <\/th>\r\n          <td>\r\n\t\t\t  Trabajos que transforman tu municipio\t\t  <\/td>\r\n          <td>Ca\u00f1ada<\/td>\r\n          <td>ontinuamos nuestra gira por la Sierra de Flores Mag\u00f3n en Cuyamecalco Villa de Zaragoza<\/td>\r\n          <td>\r\n            <img decoding=\"async\" src=\"https:\/\/www.oaxaca.gob.mx\/giras\/wp-content\/uploads\/sites\/99\/2024\/08\/453478224_1039875144166710_4316497425186427336_n-150x150.jpg\" alt=\"ontinuamos nuestra gira por la Sierra de Flores Mag\u00f3n en Cuyamecalco Villa de Zaragoza\" \/>  \r\n          <\/td>\r\n        <\/tr>\r\n                <tr>\r\n          <th scope=\"row\">\r\n\t\t  01\/08\/2024\t\t  <\/th>\r\n          <td>\r\n\t\t\t  Trabajos que transforman tu municipio\t\t  <\/td>\r\n          <td>Ca\u00f1ada<\/td>\r\n          <td>Venimos a Santiago Nacaltepec a presentar nuestra estrategia Trabajo que Transforma tu Municipio<\/td>\r\n          <td>\r\n            <img decoding=\"async\" src=\"https:\/\/www.oaxaca.gob.mx\/giras\/wp-content\/uploads\/sites\/99\/2024\/08\/453478205_1039943724159852_2482436253713440443_n-150x150.jpg\" alt=\"Venimos a Santiago Nacaltepec a presentar nuestra estrategia Trabajo que Transforma tu Municipio\" \/>  \r\n          <\/td>\r\n        <\/tr>\r\n                <tr>\r\n          <th scope=\"row\">\r\n\t\t  02\/08\/2024\t\t  <\/th>\r\n          <td>\r\n\t\t\t  Trabajos que transforman tu municipio\t\t  <\/td>\r\n          <td>Mixteca<\/td>\r\n          <td>Estamos recorriendo la Mixteca con nuestra estrategia Trabajo que Transforma tu Municipio y hoy venimos a San Crist\u00f3bal Amoltepec<\/td>\r\n          <td>\r\n            <img decoding=\"async\" src=\"https:\/\/www.oaxaca.gob.mx\/giras\/wp-content\/uploads\/sites\/99\/2024\/08\/453771774_1040488297438728_3562006392531007841_n-150x150.jpg\" alt=\"Estamos recorriendo la Mixteca con nuestra estrategia Trabajo que Transforma tu Municipio y hoy venimos a San Crist\u00f3bal Amoltepec\" \/>  \r\n          <\/td>\r\n        <\/tr>\r\n                <tr>\r\n          <th scope=\"row\">\r\n\t\t  02\/08\/2024\t\t  <\/th>\r\n          <td>\r\n\t\t\t  Territorios Bienestar\t\t  <\/td>\r\n          <td>Mixteca<\/td>\r\n          <td>En San Juan Teita, presentamos la estrategia de Atenci\u00f3n a Municipios Territorios Bienestar<\/td>\r\n          <td>\r\n            <img decoding=\"async\" src=\"https:\/\/www.oaxaca.gob.mx\/giras\/wp-content\/uploads\/sites\/99\/2024\/08\/453802521_1040536037433954_6759940977421938023_n-150x150.jpg\" alt=\"En San Juan Teita, presentamos la estrategia de Atenci\u00f3n a Municipios Territorios Bienestar\" \/>  \r\n          <\/td>\r\n        <\/tr>\r\n                <tr>\r\n          <th scope=\"row\">\r\n\t\t  02\/08\/2024\t\t  <\/th>\r\n          <td>\r\n\t\t\t  Trabajos que transforman tu municipio\t\t  <\/td>\r\n          <td>Mixteca<\/td>\r\n          <td>Santa Mar\u00eda Tataltepec, donde presentamos la estrategia Trabajo que Transforma tu Municipio<\/td>\r\n          <td>\r\n            <img decoding=\"async\" src=\"https:\/\/www.oaxaca.gob.mx\/giras\/wp-content\/uploads\/sites\/99\/2024\/08\/453777956_1040593057428252_8555618849238328672_n-150x150.jpg\" alt=\"Santa Mar\u00eda Tataltepec, donde presentamos la estrategia Trabajo que Transforma tu Municipio\" \/>  \r\n          <\/td>\r\n        <\/tr>\r\n                <tr>\r\n          <th scope=\"row\">\r\n\t\t  03\/08\/2024\t\t  <\/th>\r\n          <td>\r\n\t\t\t  Trabajos que transforman tu municipio\t\t  <\/td>\r\n          <td>Valles Centrales<\/td>\r\n          <td>Seguimos haciendo un trabajo de territorio, por eso venimos a Santo Domingo Albarradas con la estrategia Trabajo que Transforma tu Municipio<\/td>\r\n          <td>\r\n            <img decoding=\"async\" src=\"https:\/\/www.oaxaca.gob.mx\/giras\/wp-content\/uploads\/sites\/99\/2024\/08\/453654486_1041184514035773_6773653241798076675_n-150x150.jpg\" alt=\"Seguimos haciendo un trabajo de territorio, por eso venimos a Santo Domingo Albarradas con la estrategia Trabajo que Transforma tu Municipio\" \/>  \r\n          <\/td>\r\n        <\/tr>\r\n                <tr>\r\n          <th scope=\"row\">\r\n\t\t  03\/08\/2024\t\t  <\/th>\r\n          <td>\r\n\t\t\t  Trabajos que transforman tu municipio\t\t  <\/td>\r\n          <td>Valles Centrales<\/td>\r\n          <td>Continuamos nuestra gira por los Valles Centrales en San Juan del R\u00edo<\/td>\r\n          <td>\r\n            <img decoding=\"async\" src=\"https:\/\/www.oaxaca.gob.mx\/giras\/wp-content\/uploads\/sites\/99\/2024\/08\/453752308_1041224357365122_1286398792986001660_n-150x150.jpg\" alt=\"Continuamos nuestra gira por los Valles Centrales en San Juan del R\u00edo\" \/>  \r\n          <\/td>\r\n        <\/tr>\r\n                <tr>\r\n          <th scope=\"row\">\r\n\t\t  03\/08\/2024\t\t  <\/th>\r\n          <td>\r\n\t\t\t  Trabajos que transforman tu municipio\t\t  <\/td>\r\n          <td>Valles Centrales<\/td>\r\n          <td>Llevamos la estrategia Trabajo que Transforma tu Municipio a San Lorenzo Albarradas<\/td>\r\n          <td>\r\n            <img decoding=\"async\" src=\"https:\/\/www.oaxaca.gob.mx\/giras\/wp-content\/uploads\/sites\/99\/2024\/08\/453907983_1041277910693100_4564805125268939249_n-150x150.jpg\" alt=\"Llevamos la estrategia Trabajo que Transforma tu Municipio a San Lorenzo Albarradas\" \/>  \r\n          <\/td>\r\n        <\/tr>\r\n                <tr>\r\n          <th scope=\"row\">\r\n\t\t  19\/10\/2023\t\t  <\/th>\r\n          <td>\r\n\t\t\t  Trabajos que transforman tu municipio\t\t  <\/td>\r\n          <td>Sierra Sur<\/td>\r\n          <td>La primera vez que vine a San Pedro Amuzgos fue cuando ten\u00eda 10 a\u00f1os<\/td>\r\n          <td>\r\n            <img decoding=\"async\" src=\"https:\/\/www.oaxaca.gob.mx\/giras\/wp-content\/uploads\/sites\/99\/2024\/07\/393846742_875637910590435_1006996484665470596_n-150x150.jpg\" alt=\"La primera vez que vine a San Pedro Amuzgos fue cuando ten\u00eda 10 a\u00f1os\" \/>  \r\n          <\/td>\r\n        <\/tr>\r\n                <tr>\r\n          <th scope=\"row\">\r\n\t\t  25\/10\/2023\t\t  <\/th>\r\n          <td>\r\n\t\t\t  Trabajos que transforman tu municipio\t\t  <\/td>\r\n          <td>Ca\u00f1ada<\/td>\r\n          <td>Empezamos nuestro recorrido por la Sierra de Flores Mag\u00f3n en Santiago Texcalcingo<\/td>\r\n          <td>\r\n            <img decoding=\"async\" src=\"https:\/\/www.oaxaca.gob.mx\/giras\/wp-content\/uploads\/sites\/99\/2024\/07\/395730153_878719256948967_4752100826543037629_n-150x150.jpg\" alt=\"Empezamos nuestro recorrido por la Sierra de Flores Mag\u00f3n en Santiago Texcalcingo\" \/>  \r\n          <\/td>\r\n        <\/tr>\r\n                <tr>\r\n          <th scope=\"row\">\r\n\t\t  25\/10\/2023\t\t  <\/th>\r\n          <td>\r\n\t\t\t  Trabajos que transforman tu municipio\t\t  <\/td>\r\n          <td>Ca\u00f1ada<\/td>\r\n          <td>Me da gusto volver a San Francisco Huehuetl\u00e1n, aqu\u00ed hemos venido desde los a\u00f1os 90<\/td>\r\n          <td>\r\n            <img decoding=\"async\" src=\"https:\/\/www.oaxaca.gob.mx\/giras\/wp-content\/uploads\/sites\/99\/2024\/07\/395885431_878770870277139_6496066372081977212_n-150x150.jpg\" alt=\"Me da gusto volver a San Francisco Huehuetl\u00e1n, aqu\u00ed hemos venido desde los a\u00f1os 90\" \/>  \r\n          <\/td>\r\n        <\/tr>\r\n                <tr>\r\n          <th scope=\"row\">\r\n\t\t  25\/10\/2023\t\t  <\/th>\r\n          <td>\r\n\t\t\t  \u00c1gata\t\t  <\/td>\r\n          <td>Valles Centrales<\/td>\r\n          <td>Visitamos San Lorenzo Cuaunecuiltitla para trabajar e informar las acciones que vamos a realizar<\/td>\r\n          <td>\r\n            <img decoding=\"async\" src=\"https:\/\/www.oaxaca.gob.mx\/giras\/wp-content\/uploads\/sites\/99\/2024\/07\/395840329_878795506941342_4784928773892942785_n-150x150.jpg\" alt=\"Visitamos San Lorenzo Cuaunecuiltitla para trabajar e informar las acciones que vamos a realizar\" \/>  \r\n          <\/td>\r\n        <\/tr>\r\n                <tr>\r\n          <th scope=\"row\">\r\n\t\t  25\/10\/2023\t\t  <\/th>\r\n          <td>\r\n\t\t\t  Trabajos que transforman tu municipio\t\t  <\/td>\r\n          <td>Ca\u00f1ada<\/td>\r\n          <td>Estamos transformando Oaxaca desde el territorio, por eso hoy venimos a San Pedro Ocopetatillo<\/td>\r\n          <td>\r\n            <img decoding=\"async\" src=\"https:\/\/www.oaxaca.gob.mx\/giras\/wp-content\/uploads\/sites\/99\/2024\/07\/395573143_878827513604808_6645604069757679183_n-150x150.jpg\" alt=\"Estamos transformando Oaxaca desde el territorio, por eso hoy venimos a San Pedro Ocopetatillo\" \/>  \r\n          <\/td>\r\n        <\/tr>\r\n                <tr>\r\n          <th scope=\"row\">\r\n\t\t  25\/10\/2023\t\t  <\/th>\r\n          <td>\r\n\t\t\t  Trabajos que transforman tu municipio\t\t  <\/td>\r\n          <td>Ca\u00f1ada<\/td>\r\n          <td>San Mart\u00edn Toxpalan, donde dimos a conocer el nuevo modelo de atenci\u00f3n<\/td>\r\n          <td>\r\n            <img decoding=\"async\" src=\"https:\/\/www.oaxaca.gob.mx\/giras\/wp-content\/uploads\/sites\/99\/2024\/07\/395422573_878897556931137_4350099369358834787_n-150x150.jpg\" alt=\"San Mart\u00edn Toxpalan, donde dimos a conocer el nuevo modelo de atenci\u00f3n\" \/>  \r\n          <\/td>\r\n        <\/tr>\r\n                <tr>\r\n          <th scope=\"row\">\r\n\t\t  04\/11\/2023\t\t  <\/th>\r\n          <td>\r\n\t\t\t  Trabajos que transforman tu municipio\t\t  <\/td>\r\n          <td>Costa<\/td>\r\n          <td>Estamos recorriendo la Costa y empezamos nuestra gira en Santos Reyes Nopala<\/td>\r\n          <td>\r\n            <img decoding=\"async\" src=\"https:\/\/www.oaxaca.gob.mx\/giras\/wp-content\/uploads\/sites\/99\/2024\/07\/398978712_883938106427082_544214078639221594_n-150x150.jpg\" alt=\"Estamos recorriendo la Costa y empezamos nuestra gira en Santos Reyes Nopala\" \/>  \r\n          <\/td>\r\n        <\/tr>\r\n                <tr>\r\n          <th scope=\"row\">\r\n\t\t  04\/11\/2023\t\t  <\/th>\r\n          <td>\r\n\t\t\t  Trabajos que transforman tu municipio\t\t  <\/td>\r\n          <td>Costa<\/td>\r\n          <td>Me da mucho gusto venir a San Gabriel Mixtepec para informar la inversi\u00f3n que vamos a hacer<\/td>\r\n          <td>\r\n            <img decoding=\"async\" src=\"https:\/\/www.oaxaca.gob.mx\/giras\/wp-content\/uploads\/sites\/99\/2024\/07\/399032852_883994239754802_5346839577229810956_n-150x150.jpg\" alt=\"Me da mucho gusto venir a San Gabriel Mixtepec para informar la inversi\u00f3n que vamos a hacer\" \/>  \r\n          <\/td>\r\n        <\/tr>\r\n                <tr>\r\n          <th scope=\"row\">\r\n\t\t  04\/11\/2023\t\t  <\/th>\r\n          <td>\r\n\t\t\t  Trabajos que transforman tu municipio\t\t  <\/td>\r\n          <td>Costa<\/td>\r\n          <td>Visitamos San Pedro Juchatengo con nuestra estrategia Trabajo que Transforma tu Municipio<\/td>\r\n          <td>\r\n            <img decoding=\"async\" src=\"https:\/\/www.oaxaca.gob.mx\/giras\/wp-content\/uploads\/sites\/99\/2024\/07\/398860202_884028426418050_154988948370948656_n-150x150.jpg\" alt=\"Visitamos San Pedro Juchatengo con nuestra estrategia Trabajo que Transforma tu Municipio\" \/>  \r\n          <\/td>\r\n        <\/tr>\r\n                <tr>\r\n          <th scope=\"row\">\r\n\t\t  05\/11\/2023\t\t  <\/th>\r\n          <td>\r\n\t\t\t  \u00c1gata\t\t  <\/td>\r\n          <td>Papaloapan<\/td>\r\n          <td>Venimos a la agencia de \u200b\u200bJaltepec de Candayoc, en el municipio de San Juan Cotzoc\u00f3n,<\/td>\r\n          <td>\r\n            <img decoding=\"async\" src=\"https:\/\/www.oaxaca.gob.mx\/giras\/wp-content\/uploads\/sites\/99\/2024\/07\/398959763_884573043030255_8522764900538065367_n-150x150.jpg\" alt=\"Venimos a la agencia de \u200b\u200bJaltepec de Candayoc, en el municipio de San Juan Cotzoc\u00f3n,\" \/>  \r\n          <\/td>\r\n        <\/tr>\r\n                <tr>\r\n          <th scope=\"row\">\r\n\t\t  10\/11\/2023\t\t  <\/th>\r\n          <td>\r\n\t\t\t  Trabajos que transforman tu municipio\t\t  <\/td>\r\n          <td>Istmo<\/td>\r\n          <td>Venimos a Santa Mar\u00eda Xadani a presentar nuestra estrategia Trabajo que Transforma tu Municipio<\/td>\r\n          <td>\r\n            <img decoding=\"async\" src=\"https:\/\/www.oaxaca.gob.mx\/giras\/wp-content\/uploads\/sites\/99\/2024\/07\/369685133_886924626128430_6052826403436547610_n-150x150.jpg\" alt=\"Venimos a Santa Mar\u00eda Xadani a presentar nuestra estrategia Trabajo que Transforma tu Municipio\" \/>  \r\n          <\/td>\r\n        <\/tr>\r\n                <tr>\r\n          <th scope=\"row\">\r\n\t\t  10\/11\/2023\t\t  <\/th>\r\n          <td>\r\n\t\t\t  Trabajos que transforman tu municipio\t\t  <\/td>\r\n          <td>Istmo<\/td>\r\n          <td>Compartimos la estrategia Trabajo que Transforma tu Municipio con nuestras hermanas y hermanos de Santa Mar\u00eda Mixtequilla<\/td>\r\n          <td>\r\n            <img decoding=\"async\" src=\"https:\/\/www.oaxaca.gob.mx\/giras\/wp-content\/uploads\/sites\/99\/2024\/07\/401566358_886961179458108_3162343560271092203_n-150x150.jpg\" alt=\"Compartimos la estrategia Trabajo que Transforma tu Municipio con nuestras hermanas y hermanos de Santa Mar\u00eda Mixtequilla\" \/>  \r\n          <\/td>\r\n        <\/tr>\r\n                <tr>\r\n          <th scope=\"row\">\r\n\t\t  17\/11\/2023\t\t  <\/th>\r\n          <td>\r\n\t\t\t  Territorios Bienestar\t\t  <\/td>\r\n          <td>Sierra Sur<\/td>\r\n          <td>Seguimos recorriendo los municipios y hoy venimos a Miahuatl\u00e1n de Porfirio D\u00edaz<\/td>\r\n          <td>\r\n            <img decoding=\"async\" src=\"https:\/\/www.oaxaca.gob.mx\/giras\/wp-content\/uploads\/sites\/99\/2024\/07\/401596736_890390435781849_7010027402501551085_n-150x150.jpg\" alt=\"Seguimos recorriendo los municipios y hoy venimos a Miahuatl\u00e1n de Porfirio D\u00edaz\" \/>  \r\n          <\/td>\r\n        <\/tr>\r\n                <tr>\r\n          <th scope=\"row\">\r\n\t\t  17\/11\/2023\t\t  <\/th>\r\n          <td>\r\n\t\t\t  Trabajos que transforman tu municipio\t\t  <\/td>\r\n          <td>Valles Centrales<\/td>\r\n          <td>Visitamos Ocotl\u00e1n de Morelos para compartir con nuestras hermanas y hermanos la inversi\u00f3n que haremos<\/td>\r\n          <td>\r\n            <img decoding=\"async\" src=\"https:\/\/www.oaxaca.gob.mx\/giras\/wp-content\/uploads\/sites\/99\/2024\/07\/401726485_890444065776486_5356212267906886889_n-150x150.jpg\" alt=\"Visitamos Ocotl\u00e1n de Morelos para compartir con nuestras hermanas y hermanos la inversi\u00f3n que haremos\" \/>  \r\n          <\/td>\r\n        <\/tr>\r\n                <tr>\r\n          <th scope=\"row\">\r\n\t\t  17\/11\/2023\t\t  <\/th>\r\n          <td>\r\n\t\t\t  Trabajos que transforman tu municipio\t\t  <\/td>\r\n          <td>Valles Centrales<\/td>\r\n          <td>Estamos trabajando para saldar la deuda hist\u00f3rica con los pueblos, por eso venimos a San Raymundo Jalpan<\/td>\r\n          <td>\r\n            <img decoding=\"async\" src=\"https:\/\/www.oaxaca.gob.mx\/giras\/wp-content\/uploads\/sites\/99\/2024\/07\/401745135_890478432439716_838791500827677203_n-150x150.jpg\" alt=\"Estamos trabajando para saldar la deuda hist\u00f3rica con los pueblos, por eso venimos a San Raymundo Jalpan\" \/>  \r\n          <\/td>\r\n        <\/tr>\r\n                <tr>\r\n          <th scope=\"row\">\r\n\t\t  17\/11\/2023\t\t  <\/th>\r\n          <td>\r\n\t\t\t  Trabajos que transforman tu municipio\t\t  <\/td>\r\n          <td>Valles Centrales<\/td>\r\n          <td>Llevamos nuestra estrategia Trabajo que Transforma tu Municipio a Cuil\u00e1pam de Guerrero<\/td>\r\n          <td>\r\n            <img decoding=\"async\" src=\"https:\/\/www.oaxaca.gob.mx\/giras\/wp-content\/uploads\/sites\/99\/2024\/07\/401754734_890500025770890_567689770665137815_n-150x150.jpg\" alt=\"Llevamos nuestra estrategia Trabajo que Transforma tu Municipio a Cuil\u00e1pam de Guerrero\" \/>  \r\n          <\/td>\r\n        <\/tr>\r\n                <tr>\r\n          <th scope=\"row\">\r\n\t\t  17\/11\/2024\t\t  <\/th>\r\n          <td>\r\n\t\t\t  Trabajos que transforman tu municipio\t\t  <\/td>\r\n          <td>Valles Centrales<\/td>\r\n          <td>Venimos a San Antonio de la Cal para informar sobre las acciones que estamos realizando<\/td>\r\n          <td>\r\n            <img decoding=\"async\" src=\"https:\/\/www.oaxaca.gob.mx\/giras\/wp-content\/uploads\/sites\/99\/2024\/07\/401729111_890531345767758_6675943910512133867_n-150x150.jpg\" alt=\"Venimos a San Antonio de la Cal para informar sobre las acciones que estamos realizando\" \/>  \r\n          <\/td>\r\n        <\/tr>\r\n                <tr>\r\n          <th scope=\"row\">\r\n\t\t  18\/11\/2023\t\t  <\/th>\r\n          <td>\r\n\t\t\t  Trabajos que transforman tu municipio\t\t  <\/td>\r\n          <td>Valles Centrales<\/td>\r\n          <td>Venimos a San Sebasti\u00e1n Tutla con un modelo de atenci\u00f3n diferente al pasado, cercano al pueblo y a las comunidades<\/td>\r\n          <td>\r\n            <img decoding=\"async\" src=\"https:\/\/www.oaxaca.gob.mx\/giras\/wp-content\/uploads\/sites\/99\/2024\/07\/401755989_890897075731185_5491558566016399157_n-150x150.jpg\" alt=\"Venimos a San Sebasti\u00e1n Tutla con un modelo de atenci\u00f3n diferente al pasado, cercano al pueblo y a las comunidades\" \/>  \r\n          <\/td>\r\n        <\/tr>\r\n                <tr>\r\n          <th scope=\"row\">\r\n\t\t  18\/11\/2023\t\t  <\/th>\r\n          <td>\r\n\t\t\t  Territorios Bienestar\t\t  <\/td>\r\n          <td>Valles Centrales<\/td>\r\n          <td>Compartimos nuestra estrategia 100 Municipios Territorios Bienestar en Santa Cruz Xoxocotl\u00e1n<\/td>\r\n          <td>\r\n            <img decoding=\"async\" src=\"https:\/\/www.oaxaca.gob.mx\/giras\/wp-content\/uploads\/sites\/99\/2024\/07\/404109391_890943332393226_3786845739185771505_n-150x150.jpg\" alt=\"Compartimos nuestra estrategia 100 Municipios Territorios Bienestar en Santa Cruz Xoxocotl\u00e1n\" \/>  \r\n          <\/td>\r\n        <\/tr>\r\n                <tr>\r\n          <th scope=\"row\">\r\n\t\t  30\/11\/2023\t\t  <\/th>\r\n          <td>\r\n\t\t\t  Trabajos que transforman tu municipio\t\t  <\/td>\r\n          <td>Mixteca<\/td>\r\n          <td>Presentamos nuestra estrategia Trabajo que Transforma tu Municipio en Santiago Huajolotitl\u00e1n<\/td>\r\n          <td>\r\n            <img decoding=\"async\" src=\"https:\/\/www.oaxaca.gob.mx\/giras\/wp-content\/uploads\/sites\/99\/2024\/07\/406835805_896955855125307_322147503142036584_n-150x150.jpg\" alt=\"Presentamos nuestra estrategia Trabajo que Transforma tu Municipio en Santiago Huajolotitl\u00e1n\" \/>  \r\n          <\/td>\r\n        <\/tr>\r\n                <tr>\r\n          <th scope=\"row\">\r\n\t\t  30\/11\/2023\t\t  <\/th>\r\n          <td>\r\n\t\t\t  Trabajos que transforman tu municipio\t\t  <\/td>\r\n          <td>Mixteca<\/td>\r\n          <td>Visitamos Villa Tej\u00fapam de la Uni\u00f3n para compartir con nuestras paisanas y paisanos la estrategia Trabajo que Transforma tu Municipio<\/td>\r\n          <td>\r\n            <img decoding=\"async\" src=\"https:\/\/www.oaxaca.gob.mx\/giras\/wp-content\/uploads\/sites\/99\/2024\/07\/399509887_896996525121240_5134957982535975366_n-150x150.jpg\" alt=\"Visitamos Villa Tej\u00fapam de la Uni\u00f3n para compartir con nuestras paisanas y paisanos la estrategia Trabajo que Transforma tu Municipio\" \/>  \r\n          <\/td>\r\n        <\/tr>\r\n                <tr>\r\n          <th scope=\"row\">\r\n\t\t  02\/12\/2023\t\t  <\/th>\r\n          <td>\r\n\t\t\t  Trabajos que transforman tu municipio\t\t  <\/td>\r\n          <td>Valles Centrales<\/td>\r\n          <td>Venimos a Santa Mar\u00eda del Tule para informar las acciones e inversi\u00f3n que realizaremos con nuestra estrategia Trabajo que Transforma tu Municipio<\/td>\r\n          <td>\r\n            <img decoding=\"async\" src=\"https:\/\/www.oaxaca.gob.mx\/giras\/wp-content\/uploads\/sites\/99\/2024\/07\/405277271_897907131696846_2883611657681667092_n-150x150.jpg\" alt=\"Venimos a Santa Mar\u00eda del Tule para informar las acciones e inversi\u00f3n que realizaremos con nuestra estrategia Trabajo que Transforma tu Municipio\" \/>  \r\n          <\/td>\r\n        <\/tr>\r\n                <tr>\r\n          <th scope=\"row\">\r\n\t\t  02\/12\/2023\t\t  <\/th>\r\n          <td>\r\n\t\t\t  Trabajos que transforman tu municipio\t\t  <\/td>\r\n          <td>Valles Centrales<\/td>\r\n          <td>Llegamos a Santo Domingo Tomaltepec para informarles a nuestras paisanas y paisanos sobre las actividades que vamos a realizar<\/td>\r\n          <td>\r\n            <img decoding=\"async\" src=\"https:\/\/www.oaxaca.gob.mx\/giras\/wp-content\/uploads\/sites\/99\/2024\/07\/401447523_897958988358327_5738734187968571183_n-150x150.jpg\" alt=\"Llegamos a Santo Domingo Tomaltepec para informarles a nuestras paisanas y paisanos sobre las actividades que vamos a realizar\" \/>  \r\n          <\/td>\r\n        <\/tr>\r\n                <tr>\r\n          <th scope=\"row\">\r\n\t\t  02\/12\/2023\t\t  <\/th>\r\n          <td>\r\n\t\t\t  Trabajos que transforman tu municipio\t\t  <\/td>\r\n          <td>Valles Centrales<\/td>\r\n          <td>Presentamos nuestra estrategia Trabajo que Transforma tu Municipio en Tlalixtac de Cabrera<\/td>\r\n          <td>\r\n            <img decoding=\"async\" src=\"https:\/\/www.oaxaca.gob.mx\/giras\/wp-content\/uploads\/sites\/99\/2024\/07\/393158325_897986358355590_6922235711148415964_n-150x150.jpg\" alt=\"Presentamos nuestra estrategia Trabajo que Transforma tu Municipio en Tlalixtac de Cabrera\" \/>  \r\n          <\/td>\r\n        <\/tr>\r\n                <tr>\r\n          <th scope=\"row\">\r\n\t\t  02\/12\/2023\t\t  <\/th>\r\n          <td>\r\n\t\t\t  Trabajos que transforman tu municipio\t\t  <\/td>\r\n          <td>Valles Centrales<\/td>\r\n          <td>En San Andr\u00e9s Huay\u00e1pam, compartimos con nuestras hermanas y hermanos las acciones que vamos a realizar<\/td>\r\n          <td>\r\n            <img decoding=\"async\" src=\"https:\/\/www.oaxaca.gob.mx\/giras\/wp-content\/uploads\/sites\/99\/2024\/07\/401447732_898007385020154_7042174968744731444_n-150x150.jpg\" alt=\"En San Andr\u00e9s Huay\u00e1pam, compartimos con nuestras hermanas y hermanos las acciones que vamos a realizar\" \/>  \r\n          <\/td>\r\n        <\/tr>\r\n                <tr>\r\n          <th scope=\"row\">\r\n\t\t  03\/12\/2023\t\t  <\/th>\r\n          <td>\r\n\t\t\t  Trabajos que transforman tu municipio\t\t  <\/td>\r\n          <td>Papaloapan<\/td>\r\n          <td>Santiago Cho\u00e1pam, aqu\u00ed estuvimos en 2019 y hoy regresamos para presentar la estrategia Trabajo que Transforma tu Municipio<\/td>\r\n          <td>\r\n            <img decoding=\"async\" src=\"https:\/\/www.oaxaca.gob.mx\/giras\/wp-content\/uploads\/sites\/99\/2024\/07\/393168194_898431918311034_5854623491002986638_n-150x150.jpg\" alt=\"Santiago Cho\u00e1pam, aqu\u00ed estuvimos en 2019 y hoy regresamos para presentar la estrategia Trabajo que Transforma tu Municipio\" \/>  \r\n          <\/td>\r\n        <\/tr>\r\n                <tr>\r\n          <th scope=\"row\">\r\n\t\t  03\/12\/2023\t\t  <\/th>\r\n          <td>\r\n\t\t\t  Territorios Bienestar\t\t  <\/td>\r\n          <td>Papaloapan<\/td>\r\n          <td>Llevamos la estrategia 100 Municipios Territorios Bienestar a San Juan Comaltepec<\/td>\r\n          <td>\r\n            <img decoding=\"async\" src=\"https:\/\/www.oaxaca.gob.mx\/giras\/wp-content\/uploads\/sites\/99\/2024\/07\/405325423_898485184972374_6634925817084952251_n-150x150.jpg\" alt=\"Llevamos la estrategia 100 Municipios Territorios Bienestar a San Juan Comaltepec\" \/>  \r\n          <\/td>\r\n        <\/tr>\r\n                <tr>\r\n          <th scope=\"row\">\r\n\t\t  03\/12\/2023\t\t  <\/th>\r\n          <td>\r\n\t\t\t  Trabajos que transforman tu municipio\t\t  <\/td>\r\n          <td>Sierra Sur<\/td>\r\n          <td>Presentamos la estrategia Trabajo que Transforma tu Municipio en Totontepec Villa de Morelos<\/td>\r\n          <td>\r\n            <img decoding=\"async\" src=\"https:\/\/www.oaxaca.gob.mx\/giras\/wp-content\/uploads\/sites\/99\/2024\/07\/407258112_898529671634592_1612237838380900780_n-150x150.jpg\" alt=\"Presentamos la estrategia Trabajo que Transforma tu Municipio en Totontepec Villa de Morelos\" \/>  \r\n          <\/td>\r\n        <\/tr>\r\n                <tr>\r\n          <th scope=\"row\">\r\n\t\t  03\/12\/2023\t\t  <\/th>\r\n          <td>\r\n\t\t\t  Trabajos que transforman tu municipio\t\t  <\/td>\r\n          <td>Sierra Sur<\/td>\r\n          <td>Visitamos Tamazul\u00e1pam del Esp\u00edritu Santo para compartir con nuestras hermanas y hermanos la estrategia Trabajo que Transforma tu Municipio<\/td>\r\n          <td>\r\n            <img decoding=\"async\" src=\"https:\/\/www.oaxaca.gob.mx\/giras\/wp-content\/uploads\/sites\/99\/2024\/07\/405328080_898578674963025_852581500623884504_n-150x150.jpg\" alt=\"Visitamos Tamazul\u00e1pam del Esp\u00edritu Santo para compartir con nuestras hermanas y hermanos la estrategia Trabajo que Transforma tu Municipio\" \/>  \r\n          <\/td>\r\n        <\/tr>\r\n                <tr>\r\n          <th scope=\"row\">\r\n\t\t  06\/12\/2023\t\t  <\/th>\r\n          <td>\r\n\t\t\t  Trabajos que transforman tu municipio\t\t  <\/td>\r\n          <td>Sierra Sur<\/td>\r\n          <td>Monjas, comunidad de la Sierra Sur, en donde presentamos la estrategia Trabajo que Transforma tu Municipio<\/td>\r\n          <td>\r\n            <img decoding=\"async\" src=\"https:\/\/www.oaxaca.gob.mx\/giras\/wp-content\/uploads\/sites\/99\/2024\/07\/408315989_899976954823197_3293276650986252476_n-150x150.jpg\" alt=\"Monjas, comunidad de la Sierra Sur, en donde presentamos la estrategia Trabajo que Transforma tu Municipio\" \/>  \r\n          <\/td>\r\n        <\/tr>\r\n                <tr>\r\n          <th scope=\"row\">\r\n\t\t  08\/12\/2023\t\t  <\/th>\r\n          <td>\r\n\t\t\t  Trabajos que transforman tu municipio\t\t  <\/td>\r\n          <td>Valles Centrales<\/td>\r\n          <td>Venimos a Coatecas Altas a informar la inversi\u00f3n que haremos<\/td>\r\n          <td>\r\n            <img decoding=\"async\" src=\"https:\/\/www.oaxaca.gob.mx\/giras\/wp-content\/uploads\/sites\/99\/2024\/07\/408459947_900005161487043_6944347236058764458_n-150x150.jpg\" alt=\"Venimos a Coatecas Altas a informar la inversi\u00f3n que haremos\" \/>  \r\n          <\/td>\r\n        <\/tr>\r\n                <tr>\r\n          <th scope=\"row\">\r\n\t\t  06\/12\/2023\t\t  <\/th>\r\n          <td>\r\n\t\t\t  Trabajos que transforman tu municipio\t\t  <\/td>\r\n          <td>Valles Centrales<\/td>\r\n          <td>Llevamos nuestro nuevo modelo de atenci\u00f3n a Ejutla de Crespo, para compartir nuestra estrategia Trabajo que Transforma tu Municipio<\/td>\r\n          <td>\r\n            <img decoding=\"async\" src=\"https:\/\/www.oaxaca.gob.mx\/giras\/wp-content\/uploads\/sites\/99\/2024\/07\/408819270_900044601483099_2641933103133074588_n-150x150.jpg\" alt=\"Llevamos nuestro nuevo modelo de atenci\u00f3n a Ejutla de Crespo, para compartir nuestra estrategia Trabajo que Transforma tu Municipio\" \/>  \r\n          <\/td>\r\n        <\/tr>\r\n                <tr>\r\n          <th scope=\"row\">\r\n\t\t  08\/12\/2023\t\t  <\/th>\r\n          <td>\r\n\t\t\t  Trabajos que transforman tu municipio\t\t  <\/td>\r\n          <td>Valles Centrales<\/td>\r\n          <td>Presentamos la estrategia Trabajo que Transforma tu Municipio con nuestras hermanas y hermanos de San Mart\u00edn de los Cansecos<\/td>\r\n          <td>\r\n            <img decoding=\"async\" src=\"https:\/\/www.oaxaca.gob.mx\/giras\/wp-content\/uploads\/sites\/99\/2024\/07\/408721414_900082434812649_8373293480710917269_n-150x150.jpg\" alt=\"Presentamos la estrategia Trabajo que Transforma tu Municipio con nuestras hermanas y hermanos de San Mart\u00edn de los Cansecos\" \/>  \r\n          <\/td>\r\n        <\/tr>\r\n                <tr>\r\n          <th scope=\"row\">\r\n\t\t  06\/12\/2023\t\t  <\/th>\r\n          <td>\r\n\t\t\t  Trabajos que transforman tu municipio\t\t  <\/td>\r\n          <td>Valles Centrales<\/td>\r\n          <td>En San Jos\u00e9 del Progreso, anunciamos la inversi\u00f3n que realizaremos en programas sociales y apoyos para el bienestar<\/td>\r\n          <td>\r\n            <img decoding=\"async\" src=\"https:\/\/www.oaxaca.gob.mx\/giras\/wp-content\/uploads\/sites\/99\/2024\/07\/408710315_900109868143239_7835143646583458561_n-150x150.jpg\" alt=\"En San Jos\u00e9 del Progreso, anunciamos la inversi\u00f3n que realizaremos en programas sociales y apoyos para el bienestar\" \/>  \r\n          <\/td>\r\n        <\/tr>\r\n                <tr>\r\n          <th scope=\"row\">\r\n\t\t  08\/12\/2023\t\t  <\/th>\r\n          <td>\r\n\t\t\t  Trabajos que transforman tu municipio\t\t  <\/td>\r\n          <td>Mixteca<\/td>\r\n          <td>Venimos a Silacayo\u00e1pam a informar las acciones e inversi\u00f3n que vamos a realizar con la estrategia Trabajo que Transforma tu Municipio<\/td>\r\n          <td>\r\n            <img decoding=\"async\" src=\"https:\/\/www.oaxaca.gob.mx\/giras\/wp-content\/uploads\/sites\/99\/2024\/07\/409443052_901053501382209_5270083432151983231_n-150x150.jpg\" alt=\"Venimos a Silacayo\u00e1pam a informar las acciones e inversi\u00f3n que vamos a realizar con la estrategia Trabajo que Transforma tu Municipio\" \/>  \r\n          <\/td>\r\n        <\/tr>\r\n                <tr>\r\n          <th scope=\"row\">\r\n\t\t  08\/12\/2023\t\t  <\/th>\r\n          <td>\r\n\t\t\t  Trabajos que transforman tu municipio\t\t  <\/td>\r\n          <td>Mixteca<\/td>\r\n          <td>Presentamos la estrategia Trabajo que Transforma tu Municipio en Ixpantepec Nieves<\/td>\r\n          <td>\r\n            <img decoding=\"async\" src=\"https:\/\/www.oaxaca.gob.mx\/giras\/wp-content\/uploads\/sites\/99\/2024\/07\/409500322_901084974712395_6775352331165997076_n-150x150.jpg\" alt=\"Presentamos la estrategia Trabajo que Transforma tu Municipio en Ixpantepec Nieves\" \/>  \r\n          <\/td>\r\n        <\/tr>\r\n                <tr>\r\n          <th scope=\"row\">\r\n\t\t  08\/12\/2023\t\t  <\/th>\r\n          <td>\r\n\t\t\t  Trabajos que transforman tu municipio\t\t  <\/td>\r\n          <td>Mixteca<\/td>\r\n          <td>Seguimos recorriendo la regi\u00f3n Mixteca, donde visitamos a nuestras hermanas y hermanos de Santo Domingo Tonal\u00e1<\/td>\r\n          <td>\r\n            <img decoding=\"async\" src=\"https:\/\/www.oaxaca.gob.mx\/giras\/wp-content\/uploads\/sites\/99\/2024\/07\/409469088_901137634707129_2680059958600244915_n-150x150.jpg\" alt=\"Seguimos recorriendo la regi\u00f3n Mixteca, donde visitamos a nuestras hermanas y hermanos de Santo Domingo Tonal\u00e1\" \/>  \r\n          <\/td>\r\n        <\/tr>\r\n                <tr>\r\n          <th scope=\"row\">\r\n\t\t  08\/12\/2023\t\t  <\/th>\r\n          <td>\r\n\t\t\t  Trabajos que transforman tu municipio\t\t  <\/td>\r\n          <td>Mixteca<\/td>\r\n          <td>San Marcos Arteaga, una comunidad de la Mixteca<\/td>\r\n          <td>\r\n            <img decoding=\"async\" src=\"https:\/\/www.oaxaca.gob.mx\/giras\/wp-content\/uploads\/sites\/99\/2024\/07\/409530830_901180424702850_6054537861767047598_n-150x150.jpg\" alt=\"San Marcos Arteaga, una comunidad de la Mixteca\" \/>  \r\n          <\/td>\r\n        <\/tr>\r\n                <tr>\r\n          <th scope=\"row\">\r\n\t\t  09\/12\/2023\t\t  <\/th>\r\n          <td>\r\n\t\t\t  Trabajos que transforman tu municipio\t\t  <\/td>\r\n          <td>Valles Centrales<\/td>\r\n          <td>Visitamos Santa Catarina Minas, tierra del mezcal ancestral, para compartir la estrategia Trabajo que Transforma tu Municipio<\/td>\r\n          <td>\r\n            <img decoding=\"async\" src=\"https:\/\/www.oaxaca.gob.mx\/giras\/wp-content\/uploads\/sites\/99\/2024\/07\/409531306_901664184654474_3626281575770393429_n-150x150.jpg\" alt=\"Visitamos Santa Catarina Minas, tierra del mezcal ancestral, para compartir la estrategia Trabajo que Transforma tu Municipio\" \/>  \r\n          <\/td>\r\n        <\/tr>\r\n                <tr>\r\n          <th scope=\"row\">\r\n\t\t  10\/12\/2023\t\t  <\/th>\r\n          <td>\r\n\t\t\t  Territorios Bienestar\t\t  <\/td>\r\n          <td>Ca\u00f1ada<\/td>\r\n          <td>Nuestro recorrido en Mazatl\u00e1n Villa de Flores<\/td>\r\n          <td>\r\n            <img decoding=\"async\" src=\"https:\/\/www.oaxaca.gob.mx\/giras\/wp-content\/uploads\/sites\/99\/2024\/07\/409171748_902116894609203_544560612642665440_n-150x150.jpg\" alt=\"Nuestro recorrido en Mazatl\u00e1n Villa de Flores\" \/>  \r\n          <\/td>\r\n        <\/tr>\r\n                <tr>\r\n          <th scope=\"row\">\r\n\t\t  10\/12\/2023\t\t  <\/th>\r\n          <td>\r\n\t\t\t  Territorios Bienestar\t\t  <\/td>\r\n          <td>Ca\u00f1ada<\/td>\r\n          <td>Presentamos la estrategia 100 Municipios Territorios Bienestar en San Lucas Zoqui\u00e1pam<\/td>\r\n          <td>\r\n            <img decoding=\"async\" src=\"https:\/\/www.oaxaca.gob.mx\/giras\/wp-content\/uploads\/sites\/99\/2024\/07\/410231853_902154374605455_5518220512990864569_n-150x150.jpg\" alt=\"Presentamos la estrategia 100 Municipios Territorios Bienestar en San Lucas Zoqui\u00e1pam\" \/>  \r\n          <\/td>\r\n        <\/tr>\r\n                <tr>\r\n          <th scope=\"row\">\r\n\t\t  10\/12\/2023\t\t  <\/th>\r\n          <td>\r\n\t\t\t  Trabajos que transforman tu municipio\t\t  <\/td>\r\n          <td>Ca\u00f1ada<\/td>\r\n          <td>Visitamos San Mateo Yoloxochitl\u00e1n para compartir la estrategia Trabajo que Transforma tu Municipio<\/td>\r\n          <td>\r\n            <img decoding=\"async\" src=\"https:\/\/www.oaxaca.gob.mx\/giras\/wp-content\/uploads\/sites\/99\/2024\/07\/409551615_902192341268325_207013924050657617_n-150x150.jpg\" alt=\"Visitamos San Mateo Yoloxochitl\u00e1n para compartir la estrategia Trabajo que Transforma tu Municipio\" \/>  \r\n          <\/td>\r\n        <\/tr>\r\n                <tr>\r\n          <th scope=\"row\">\r\n\t\t  10\/12\/2023\t\t  <\/th>\r\n          <td>\r\n\t\t\t  Trabajos que transforman tu municipio\t\t  <\/td>\r\n          <td>Ca\u00f1ada<\/td>\r\n          <td>En San Juan de los Cu\u00e9s presentamos la estrategia Trabajo que Transforma tu Municipio<\/td>\r\n          <td>\r\n            <img decoding=\"async\" src=\"https:\/\/www.oaxaca.gob.mx\/giras\/wp-content\/uploads\/sites\/99\/2024\/07\/409468005_902264584594434_7259847944025461982_n-150x150.jpg\" alt=\"En San Juan de los Cu\u00e9s presentamos la estrategia Trabajo que Transforma tu Municipio\" \/>  \r\n          <\/td>\r\n        <\/tr>\r\n                <tr>\r\n          <th scope=\"row\">\r\n\t\t  14\/12\/2023\t\t  <\/th>\r\n          <td>\r\n\t\t\t  Trabajos que transforman tu municipio\t\t  <\/td>\r\n          <td>Valles Centrales<\/td>\r\n          <td>Teotitl\u00e1n del Valle, donde compartimos la inversi\u00f3n que haremos<\/td>\r\n          <td>\r\n            <img decoding=\"async\" src=\"https:\/\/www.oaxaca.gob.mx\/giras\/wp-content\/uploads\/sites\/99\/2024\/07\/410386447_904125507741675_7768400858327122690_n-150x150.jpg\" alt=\"Teotitl\u00e1n del Valle, donde compartimos la inversi\u00f3n que haremos\" \/>  \r\n          <\/td>\r\n        <\/tr>\r\n                <tr>\r\n          <th scope=\"row\">\r\n\t\t  14\/12\/2023\t\t  <\/th>\r\n          <td>\r\n\t\t\t  Trabajos que transforman tu municipio\t\t  <\/td>\r\n          <td>Valles Centrales<\/td>\r\n          <td>Venimos a San Juan Guelav\u00eda a presentar la estrategia Trabajo que Transforma tu Municipio<\/td>\r\n          <td>\r\n            <img decoding=\"async\" src=\"https:\/\/www.oaxaca.gob.mx\/giras\/wp-content\/uploads\/sites\/99\/2024\/07\/410475898_904157484405144_3575089075571180359_n-150x150.jpg\" alt=\"Venimos a San Juan Guelav\u00eda a presentar la estrategia Trabajo que Transforma tu Municipio\" \/>  \r\n          <\/td>\r\n        <\/tr>\r\n                <tr>\r\n          <th scope=\"row\">\r\n\t\t  14\/12\/2023\t\t  <\/th>\r\n          <td>\r\n\t\t\t  Trabajos que transforman tu municipio\t\t  <\/td>\r\n          <td>Valles Centrales<\/td>\r\n          <td>Presentamos la estrategia Trabajo que Transforma tu Municipio en San Agust\u00edn Yatareni<\/td>\r\n          <td>\r\n            <img decoding=\"async\" src=\"https:\/\/www.oaxaca.gob.mx\/giras\/wp-content\/uploads\/sites\/99\/2024\/07\/410540994_904211967733029_7505949575622985000_n-150x150.jpg\" alt=\"Presentamos la estrategia Trabajo que Transforma tu Municipio en San Agust\u00edn Yatareni\" \/>  \r\n          <\/td>\r\n        <\/tr>\r\n                <tr>\r\n          <th scope=\"row\">\r\n\t\t  20\/12\/2023\t\t  <\/th>\r\n          <td>\r\n\t\t\t  Territorios Bienestar\t\t  <\/td>\r\n          <td>Ca\u00f1ada<\/td>\r\n          <td>Venimos a Santa Mar\u00eda Ixcatl\u00e1n, en la Sierra de Flores Mag\u00f3n, una comunidad que visitamos en 2009 con nuestro Presidente Andr\u00e9s Manuel L\u00f3pez Obrador<\/td>\r\n          <td>\r\n            <img decoding=\"async\" src=\"https:\/\/www.oaxaca.gob.mx\/giras\/wp-content\/uploads\/sites\/99\/2024\/07\/411430173_907583987395827_515502699152943333_n-150x150.jpg\" alt=\"Venimos a Santa Mar\u00eda Ixcatl\u00e1n, en la Sierra de Flores Mag\u00f3n, una comunidad que visitamos en 2009 con nuestro Presidente Andr\u00e9s Manuel L\u00f3pez Obrador\" \/>  \r\n          <\/td>\r\n        <\/tr>\r\n                <tr>\r\n          <th scope=\"row\">\r\n\t\t  20\/12\/2023\t\t  <\/th>\r\n          <td>\r\n\t\t\t  Trabajos que transforman tu municipio\t\t  <\/td>\r\n          <td>Ca\u00f1ada<\/td>\r\n          <td>Presentamos la estrategia Trabajo que Transforma tu Municipio en San Juan Bautista Cuicatl\u00e1n<\/td>\r\n          <td>\r\n            <img decoding=\"async\" src=\"https:\/\/www.oaxaca.gob.mx\/giras\/wp-content\/uploads\/sites\/99\/2024\/07\/411324408_907629284057964_6206695295333960367_n-150x150.jpg\" alt=\"Presentamos la estrategia Trabajo que Transforma tu Municipio en San Juan Bautista Cuicatl\u00e1n\" \/>  \r\n          <\/td>\r\n        <\/tr>\r\n                <tr>\r\n          <th scope=\"row\">\r\n\t\t  22\/12\/2023\t\t  <\/th>\r\n          <td>\r\n\t\t\t  Presidenciales\t\t  <\/td>\r\n          <td>Istmo<\/td>\r\n          <td>Estamos viviendo un momento hist\u00f3rico para el Istmo de Tehuantepec y para Oaxaca, con la inauguraci\u00f3n de la L\u00ednea Z del Tren de Pasajeros en Salina Cruz<\/td>\r\n          <td>\r\n            <img decoding=\"async\" src=\"https:\/\/www.oaxaca.gob.mx\/giras\/wp-content\/uploads\/sites\/99\/2024\/07\/412889647_908730860614473_6771454576957655755_n-150x150.jpg\" alt=\"Estamos viviendo un momento hist\u00f3rico para el Istmo de Tehuantepec y para Oaxaca, con la inauguraci\u00f3n de la L\u00ednea Z del Tren de Pasajeros en Salina Cruz\" \/>  \r\n          <\/td>\r\n        <\/tr>\r\n                <tr>\r\n          <th scope=\"row\">\r\n\t\t  22\/12\/2023\t\t  <\/th>\r\n          <td>\r\n\t\t\t  Presidenciales\t\t  <\/td>\r\n          <td>Istmo<\/td>\r\n          <td>\u00a1Ya llegamos a Ixtepec! Con nuestro Presidente Andr\u00e9s Manuel L\u00f3pez Obrador<\/td>\r\n          <td>\r\n            <img decoding=\"async\" src=\"https:\/\/www.oaxaca.gob.mx\/giras\/wp-content\/uploads\/sites\/99\/2024\/07\/412987404_908797753941117_2090340778452947796_n-150x150.jpg\" alt=\"\u00a1Ya llegamos a Ixtepec! Con nuestro Presidente Andr\u00e9s Manuel L\u00f3pez Obrador\" \/>  \r\n          <\/td>\r\n        <\/tr>\r\n                <tr>\r\n          <th scope=\"row\">\r\n\t\t  05\/01\/2024\t\t  <\/th>\r\n          <td>\r\n\t\t\t  Trabajos que transforman tu municipio\t\t  <\/td>\r\n          <td>Valles Centrales<\/td>\r\n          <td>Iniciamos nuestra primera gira del a\u00f1o en San Juan Lachigalla, donde hemos estado en varias ocasiones con nuestro Presidente Andr\u00e9s Manuel L\u00f3pez Obrador<\/td>\r\n          <td>\r\n            <img decoding=\"async\" src=\"https:\/\/www.oaxaca.gob.mx\/giras\/wp-content\/uploads\/sites\/99\/2024\/07\/417145444_917006573120235_5775981633803731047_n-150x150.jpg\" alt=\"Iniciamos nuestra primera gira del a\u00f1o en San Juan Lachigalla, donde hemos estado en varias ocasiones con nuestro Presidente Andr\u00e9s Manuel L\u00f3pez Obrador\" \/>  \r\n          <\/td>\r\n        <\/tr>\r\n                <tr>\r\n          <th scope=\"row\">\r\n\t\t  05\/01\/2024\t\t  <\/th>\r\n          <td>\r\n\t\t\t  Trabajos que transforman tu municipio\t\t  <\/td>\r\n          <td>Valles Centrales<\/td>\r\n          <td>Presentamos la estrategia Trabajo que Transforma tu Municipio en San Miguel Ejutla<\/td>\r\n          <td>\r\n            <img decoding=\"async\" src=\"https:\/\/www.oaxaca.gob.mx\/giras\/wp-content\/uploads\/sites\/99\/2024\/07\/417159939_917040419783517_2582071645785478165_n-150x150.jpg\" alt=\"Presentamos la estrategia Trabajo que Transforma tu Municipio en San Miguel Ejutla\" \/>  \r\n          <\/td>\r\n        <\/tr>\r\n                <tr>\r\n          <th scope=\"row\">\r\n\t\t  05\/01\/2024\t\t  <\/th>\r\n          <td>\r\n\t\t\t  Trabajos que transforman tu municipio\t\t  <\/td>\r\n          <td>Valles Centrales<\/td>\r\n          <td>Venimos al municipio de La Pe, en el distrito de Ejutla<\/td>\r\n          <td>\r\n            <img decoding=\"async\" src=\"https:\/\/www.oaxaca.gob.mx\/giras\/wp-content\/uploads\/sites\/99\/2024\/07\/416996056_917091386445087_1469116026278457353_n-150x150.jpg\" alt=\"Venimos al municipio de La Pe, en el distrito de Ejutla\" \/>  \r\n          <\/td>\r\n        <\/tr>\r\n                <tr>\r\n          <th scope=\"row\">\r\n\t\t  05\/01\/2024\t\t  <\/th>\r\n          <td>\r\n\t\t\t  Trabajos que transforman tu municipio\t\t  <\/td>\r\n          <td>Valles Centrales<\/td>\r\n          <td>San Pedro Ap\u00f3stol, donde le compartimos a nuestras paisanas y paisanos la estrategia Trabajo que Transforma tu Municipio<\/td>\r\n          <td>\r\n            <img decoding=\"async\" src=\"https:\/\/www.oaxaca.gob.mx\/giras\/wp-content\/uploads\/sites\/99\/2024\/07\/417167960_917128486441377_658288957697225068_n-150x150.jpg\" alt=\"San Pedro Ap\u00f3stol, donde le compartimos a nuestras paisanas y paisanos la estrategia Trabajo que Transforma tu Municipio\" \/>  \r\n          <\/td>\r\n        <\/tr>\r\n                <tr>\r\n          <th scope=\"row\">\r\n\t\t  06\/01\/2024\t\t  <\/th>\r\n          <td>\r\n\t\t\t  Territorios Bienestar\t\t  <\/td>\r\n          <td>Mixteca<\/td>\r\n          <td>Hoy estamos recorriendo la Mixteca, donde visitamos San Francisco Tlapacingo<\/td>\r\n          <td>\r\n            <img decoding=\"async\" src=\"https:\/\/www.oaxaca.gob.mx\/giras\/wp-content\/uploads\/sites\/99\/2024\/07\/415492953_917514493069443_7700958419011065895_n-150x150.jpg\" alt=\"Hoy estamos recorriendo la Mixteca, donde visitamos San Francisco Tlapacingo\" \/>  \r\n          <\/td>\r\n        <\/tr>\r\n                <tr>\r\n          <th scope=\"row\">\r\n\t\t  06\/01\/2024\t\t  <\/th>\r\n          <td>\r\n\t\t\t  Trabajos que transforman tu municipio\t\t  <\/td>\r\n          <td>Mixteca<\/td>\r\n          <td>Presentamos la estrategia Trabajo que Transforma tu Municipio en Santiago Tamazola<\/td>\r\n          <td>\r\n            <img decoding=\"async\" src=\"https:\/\/www.oaxaca.gob.mx\/giras\/wp-content\/uploads\/sites\/99\/2024\/07\/417134992_917583269729232_9094915415624782357_n-150x150.jpg\" alt=\"Presentamos la estrategia Trabajo que Transforma tu Municipio en Santiago Tamazola\" \/>  \r\n          <\/td>\r\n        <\/tr>\r\n                <tr>\r\n          <th scope=\"row\">\r\n\t\t  06\/01\/2024\t\t  <\/th>\r\n          <td>\r\n\t\t\t  Trabajos que transforman tu municipio\t\t  <\/td>\r\n          <td>Mixteca<\/td>\r\n          <td>Seguimos nuestros recorridos por las comunidades de la Mixteca, por eso estuvimos en San Nicol\u00e1s Hidalgo<\/td>\r\n          <td>\r\n            <img decoding=\"async\" src=\"https:\/\/www.oaxaca.gob.mx\/giras\/wp-content\/uploads\/sites\/99\/2024\/07\/417168241_917608999726659_3492554492397870942_n-150x150.jpg\" alt=\"Seguimos nuestros recorridos por las comunidades de la Mixteca, por eso estuvimos en San Nicol\u00e1s Hidalgo\" \/>  \r\n          <\/td>\r\n        <\/tr>\r\n                <tr>\r\n          <th scope=\"row\">\r\n\t\t  06\/01\/2024\t\t  <\/th>\r\n          <td>\r\n\t\t\t  Trabajos que transforman tu municipio\t\t  <\/td>\r\n          <td>Mixteca<\/td>\r\n          <td>En Mariscala de Ju\u00e1rez, presentamos nuestra estrategia Trabajo que Transforma tu Municipio<\/td>\r\n          <td>\r\n            <img decoding=\"async\" src=\"https:\/\/www.oaxaca.gob.mx\/giras\/wp-content\/uploads\/sites\/99\/2024\/07\/417183285_917675436386682_4274698075655391183_n-150x150.jpg\" alt=\"En Mariscala de Ju\u00e1rez, presentamos nuestra estrategia Trabajo que Transforma tu Municipio\" \/>  \r\n          <\/td>\r\n        <\/tr>\r\n                <tr>\r\n          <th scope=\"row\">\r\n\t\t  07\/01\/2024\t\t  <\/th>\r\n          <td>\r\n\t\t\t  Trabajos que transforman tu municipio\t\t  <\/td>\r\n          <td>Valles Centrales<\/td>\r\n          <td>Presentamos la estrategia Trabajo que Transforma tu Municipio en San Agust\u00edn Amatengo<\/td>\r\n          <td>\r\n            <img decoding=\"async\" src=\"https:\/\/www.oaxaca.gob.mx\/giras\/wp-content\/uploads\/sites\/99\/2024\/07\/417148518_918137503007142_7295453141430883833_n-150x150.jpg\" alt=\"Presentamos la estrategia Trabajo que Transforma tu Municipio en San Agust\u00edn Amatengo\" \/>  \r\n          <\/td>\r\n        <\/tr>\r\n                <tr>\r\n          <th scope=\"row\">\r\n\t\t  11\/01\/2024\t\t  <\/th>\r\n          <td>\r\n\t\t\t  Trabajos que transforman tu municipio\t\t  <\/td>\r\n          <td>Valles Centrales<\/td>\r\n          <td>San Jer\u00f3nimo Tlacochahuaya, una comunidad que visitamos junto a nuestro Presidente Andr\u00e9s Manuel L\u00f3pez Obrador<\/td>\r\n          <td>\r\n            <img decoding=\"async\" src=\"https:\/\/www.oaxaca.gob.mx\/giras\/wp-content\/uploads\/sites\/99\/2024\/07\/418581543_920431959444363_4140582312570000144_n-150x150.jpg\" alt=\"San Jer\u00f3nimo Tlacochahuaya, una comunidad que visitamos junto a nuestro Presidente Andr\u00e9s Manuel L\u00f3pez Obrador\" \/>  \r\n          <\/td>\r\n        <\/tr>\r\n                <tr>\r\n          <th scope=\"row\">\r\n\t\t  11\/01\/2024\t\t  <\/th>\r\n          <td>\r\n\t\t\t  Trabajos que transforman tu municipio\t\t  <\/td>\r\n          <td>Valles Centrales<\/td>\r\n          <td>Llevamos la estrategia Trabajo que Transforma tu Municipio a Santa Cruz Papalutla<\/td>\r\n          <td>\r\n            <img decoding=\"async\" src=\"https:\/\/www.oaxaca.gob.mx\/giras\/wp-content\/uploads\/sites\/99\/2024\/07\/418744890_920479866106239_4616556279967293138_n-150x150.jpg\" alt=\"Llevamos la estrategia Trabajo que Transforma tu Municipio a Santa Cruz Papalutla\" \/>  \r\n          <\/td>\r\n        <\/tr>\r\n                <tr>\r\n          <th scope=\"row\">\r\n\t\t  11\/01\/2024\t\t  <\/th>\r\n          <td>\r\n\t\t\t  Trabajos que transforman tu municipio\t\t  <\/td>\r\n          <td>Valles Centrales<\/td>\r\n          <td>Visitamos a nuestras hermanas y hermanos de San Sebasti\u00e1n Abasolo<\/td>\r\n          <td>\r\n            <img decoding=\"async\" src=\"https:\/\/www.oaxaca.gob.mx\/giras\/wp-content\/uploads\/sites\/99\/2024\/07\/419045664_920521539435405_1192108513669671366_n-150x150.jpg\" alt=\"Visitamos a nuestras hermanas y hermanos de San Sebasti\u00e1n Abasolo\" \/>  \r\n          <\/td>\r\n        <\/tr>\r\n                <tr>\r\n          <th scope=\"row\">\r\n\t\t  11\/01\/2024\t\t  <\/th>\r\n          <td>\r\n\t\t\t  Trabajos que transforman tu municipio\t\t  <\/td>\r\n          <td>Valles Centrales<\/td>\r\n          <td>recorridos del d\u00eda en Santa Mar\u00eda Guelac\u00e9<\/td>\r\n          <td>\r\n            <img decoding=\"async\" src=\"https:\/\/www.oaxaca.gob.mx\/giras\/wp-content\/uploads\/sites\/99\/2024\/07\/418937076_920564236097802_2426080974853729204_n-150x150.jpg\" alt=\"recorridos del d\u00eda en Santa Mar\u00eda Guelac\u00e9\" \/>  \r\n          <\/td>\r\n        <\/tr>\r\n                <tr>\r\n          <th scope=\"row\">\r\n\t\t  12\/01\/2024\t\t  <\/th>\r\n          <td>\r\n\t\t\t  Trabajos que transforman tu municipio\t\t  <\/td>\r\n          <td>Mixteca<\/td>\r\n          <td>Iniciamos nuestro recorrido de hoy en Tepelmeme Villa de Morelos<\/td>\r\n          <td>\r\n            <img decoding=\"async\" src=\"https:\/\/www.oaxaca.gob.mx\/giras\/wp-content\/uploads\/sites\/99\/2024\/07\/419097397_921043192716573_421105269792316322_n-150x150.jpg\" alt=\"Iniciamos nuestro recorrido de hoy en Tepelmeme Villa de Morelos\" \/>  \r\n          <\/td>\r\n        <\/tr>\r\n                <tr>\r\n          <th scope=\"row\">\r\n\t\t  12\/01\/2024\t\t  <\/th>\r\n          <td>\r\n\t\t\t  Trabajos que transforman tu municipio\t\t  <\/td>\r\n          <td>Mixteca<\/td>\r\n          <td>Presentamos la estrategia Trabajo que Transforma tu Municipio en San Crist\u00f3bal Suchixtlahuaca<\/td>\r\n          <td>\r\n            <img decoding=\"async\" src=\"https:\/\/www.oaxaca.gob.mx\/giras\/wp-content\/uploads\/sites\/99\/2024\/07\/419086617_921112102709682_886993919682392680_n-150x150.jpg\" alt=\"Presentamos la estrategia Trabajo que Transforma tu Municipio en San Crist\u00f3bal Suchixtlahuaca\" \/>  \r\n          <\/td>\r\n        <\/tr>\r\n                <tr>\r\n          <th scope=\"row\">\r\n\t\t  12\/01\/2024\t\t  <\/th>\r\n          <td>\r\n\t\t\t  Trabajos que transforman tu municipio\t\t  <\/td>\r\n          <td>Mixteca<\/td>\r\n          <td>Continuamos nuestra gira de hoy por la Mixteca, donde visitamos San Juan Bautista Coixtlahuaca<\/td>\r\n          <td>\r\n            <img decoding=\"async\" src=\"https:\/\/www.oaxaca.gob.mx\/giras\/wp-content\/uploads\/sites\/99\/2024\/07\/419686091_921142849373274_1149224052704751397_n-150x150.jpg\" alt=\"Continuamos nuestra gira de hoy por la Mixteca, donde visitamos San Juan Bautista Coixtlahuaca\" \/>  \r\n          <\/td>\r\n        <\/tr>\r\n                <tr>\r\n          <th scope=\"row\">\r\n\t\t  12\/01\/2024\t\t  <\/th>\r\n          <td>\r\n\t\t\t  Trabajos que transforman tu municipio\t\t  <\/td>\r\n          <td>Mixteca<\/td>\r\n          <td>Llevamos la estrategia Trabajo que Transforma tu Municipio a Santa Mar\u00eda Nativitas<\/td>\r\n          <td>\r\n            <img decoding=\"async\" src=\"https:\/\/www.oaxaca.gob.mx\/giras\/wp-content\/uploads\/sites\/99\/2024\/07\/419674330_921186176035608_4719713230604295388_n-150x150.jpg\" alt=\"Llevamos la estrategia Trabajo que Transforma tu Municipio a Santa Mar\u00eda Nativitas\" \/>  \r\n          <\/td>\r\n        <\/tr>\r\n                <tr>\r\n          <th scope=\"row\">\r\n\t\t  12\/01\/2024\t\t  <\/th>\r\n          <td>\r\n\t\t\t  Trabajos que transforman tu municipio\t\t  <\/td>\r\n          <td>Valles Centrales<\/td>\r\n          <td>Compartimos la estrategia Trabajo que Transforma tu Municipio con nuestras hermanas y hermanos de San Jer\u00f3nimo Sosola<\/td>\r\n          <td>\r\n            <img decoding=\"async\" src=\"https:\/\/www.oaxaca.gob.mx\/giras\/wp-content\/uploads\/sites\/99\/2024\/07\/419087051_921209326033293_5632378156232853291_n-150x150.jpg\" alt=\"Compartimos la estrategia Trabajo que Transforma tu Municipio con nuestras hermanas y hermanos de San Jer\u00f3nimo Sosola\" \/>  \r\n          <\/td>\r\n        <\/tr>\r\n                <tr>\r\n          <th scope=\"row\">\r\n\t\t  12\/01\/2024\t\t  <\/th>\r\n          <td>\r\n\t\t\t  Trabajos que transforman tu municipio\t\t  <\/td>\r\n          <td>Valles Centrales<\/td>\r\n          <td>Hoy en Santiago Tenango, a donde vamos a llevar programas y apoyos<\/td>\r\n          <td>\r\n            <img decoding=\"async\" src=\"https:\/\/www.oaxaca.gob.mx\/giras\/wp-content\/uploads\/sites\/99\/2024\/07\/419675771_921237862697106_6792075092787757864_n-150x150.jpg\" alt=\"Hoy en Santiago Tenango, a donde vamos a llevar programas y apoyos\" \/>  \r\n          <\/td>\r\n        <\/tr>\r\n                <tr>\r\n          <th scope=\"row\">\r\n\t\t  13\/01\/2024\t\t  <\/th>\r\n          <td>\r\n\t\t\t  Trabajos que transforman tu municipio\t\t  <\/td>\r\n          <td>Sierra Norte<\/td>\r\n          <td>Vamos a beneficiar a nuestras hermanas y hermanos de Santiago Zoochila<\/td>\r\n          <td>\r\n            <img decoding=\"async\" src=\"https:\/\/www.oaxaca.gob.mx\/giras\/wp-content\/uploads\/sites\/99\/2024\/07\/419678011_921673719320187_7261022006175575004_n-150x150.jpg\" alt=\"Vamos a beneficiar a nuestras hermanas y hermanos de Santiago Zoochila\" \/>  \r\n          <\/td>\r\n        <\/tr>\r\n                <tr>\r\n          <th scope=\"row\">\r\n\t\t  13\/01\/2024\t\t  <\/th>\r\n          <td>\r\n\t\t\t  Trabajos que transforman tu municipio\t\t  <\/td>\r\n          <td>Sierra Norte<\/td>\r\n          <td>Llegamos a San Baltazar Yatzachi El Bajo para compartir la inversi\u00f3n que haremos<\/td>\r\n          <td>\r\n            <img decoding=\"async\" src=\"https:\/\/www.oaxaca.gob.mx\/giras\/wp-content\/uploads\/sites\/99\/2024\/07\/419698134_921725052648387_5020074029180533234_n-150x150.jpg\" alt=\"Llegamos a San Baltazar Yatzachi El Bajo para compartir la inversi\u00f3n que haremos\" \/>  \r\n          <\/td>\r\n        <\/tr>\r\n                <tr>\r\n          <th scope=\"row\">\r\n\t\t  13\/01\/2024\t\t  <\/th>\r\n          <td>\r\n\t\t\t  Trabajos que transforman tu municipio\t\t  <\/td>\r\n          <td>Sierra Norte<\/td>\r\n          <td>En San Bartolom\u00e9 Zoogocho, visitamos a nuestras paisanas y paisanos<\/td>\r\n          <td>\r\n            <img decoding=\"async\" src=\"https:\/\/www.oaxaca.gob.mx\/giras\/wp-content\/uploads\/sites\/99\/2024\/07\/419680474_921759032644989_6156320800926724570_n-150x150.jpg\" alt=\"En San Bartolom\u00e9 Zoogocho, visitamos a nuestras paisanas y paisanos\" \/>  \r\n          <\/td>\r\n        <\/tr>\r\n                <tr>\r\n          <th scope=\"row\">\r\n\t\t  13\/01\/2024\t\t  <\/th>\r\n          <td>\r\n\t\t\t  Trabajos que transforman tu municipio\t\t  <\/td>\r\n          <td>Sierra Norte<\/td>\r\n          <td>Presentamos la estrategia Trabajo que Transforma tu Municipio en San Andr\u00e9s Solaga<\/td>\r\n          <td>\r\n            <img decoding=\"async\" src=\"https:\/\/www.oaxaca.gob.mx\/giras\/wp-content\/uploads\/sites\/99\/2024\/07\/419678027_921784869309072_7746861188816686232_n-150x150.jpg\" alt=\"Presentamos la estrategia Trabajo que Transforma tu Municipio en San Andr\u00e9s Solaga\" \/>  \r\n          <\/td>\r\n        <\/tr>\r\n                <tr>\r\n          <th scope=\"row\">\r\n\t\t  13\/01\/2024\t\t  <\/th>\r\n          <td>\r\n\t\t\t  Trabajos que transforman tu municipio\t\t  <\/td>\r\n          <td>Sierra Norte<\/td>\r\n          <td>Continuamos nuestra gira en San Juan Taba\u00e1<\/td>\r\n          <td>\r\n            <img decoding=\"async\" src=\"https:\/\/www.oaxaca.gob.mx\/giras\/wp-content\/uploads\/sites\/99\/2024\/07\/419685186_921868715967354_4093710672241807241_n-150x150.jpg\" alt=\"Continuamos nuestra gira en San Juan Taba\u00e1\" \/>  \r\n          <\/td>\r\n        <\/tr>\r\n                <tr>\r\n          <th scope=\"row\">\r\n\t\t  13\/01\/2024\t\t  <\/th>\r\n          <td>\r\n\t\t\t  Trabajos que transforman tu municipio\t\t  <\/td>\r\n          <td>Sierra Norte<\/td>\r\n          <td>San Crist\u00f3bal Lachirioag, donde presentamos la estrategia Trabajo que Transforma tu Municipio<\/td>\r\n          <td>\r\n            <img decoding=\"async\" src=\"https:\/\/www.oaxaca.gob.mx\/giras\/wp-content\/uploads\/sites\/99\/2024\/07\/419675430_921921662628726_483287259548955692_n-150x150.jpg\" alt=\"San Crist\u00f3bal Lachirioag, donde presentamos la estrategia Trabajo que Transforma tu Municipio\" \/>  \r\n          <\/td>\r\n        <\/tr>\r\n                <tr>\r\n          <th scope=\"row\">\r\n\t\t  14\/01\/2024\t\t  <\/th>\r\n          <td>\r\n\t\t\t  Territorios Bienestar\t\t  <\/td>\r\n          <td>Sierra Norte<\/td>\r\n          <td>Con mucha alegr\u00eda y cari\u00f1o, en mi tierra San Melchor Betaza damos seguimiento a la estrategia 100 Municipios<\/td>\r\n          <td>\r\n            <img decoding=\"async\" src=\"https:\/\/www.oaxaca.gob.mx\/giras\/wp-content\/uploads\/sites\/99\/2024\/07\/419669070_922338285920397_2294027154856400857_n-150x150.jpg\" alt=\"Con mucha alegr\u00eda y cari\u00f1o, en mi tierra San Melchor Betaza damos seguimiento a la estrategia 100 Municipios\" \/>  \r\n          <\/td>\r\n        <\/tr>\r\n                <tr>\r\n          <th scope=\"row\">\r\n\t\t  14\/01\/2024\t\t  <\/th>\r\n          <td>\r\n\t\t\t  Trabajos que transforman tu municipio\t\t  <\/td>\r\n          <td>Sierra Norte<\/td>\r\n          <td>Nuestra presencia en las comunidades es fundamental para estar al tanto de las necesidades de los municipios. En Santa Mar\u00eda Tlahuitoltepec<\/td>\r\n          <td>\r\n            <img decoding=\"async\" src=\"https:\/\/www.oaxaca.gob.mx\/giras\/wp-content\/uploads\/sites\/99\/2024\/07\/419671812_922408585913367_5250282608099255940_n-150x150.jpg\" alt=\"Nuestra presencia en las comunidades es fundamental para estar al tanto de las necesidades de los municipios. En Santa Mar\u00eda Tlahuitoltepec\" \/>  \r\n          <\/td>\r\n        <\/tr>\r\n                <tr>\r\n          <th scope=\"row\">\r\n\t\t  14\/01\/2024\t\t  <\/th>\r\n          <td>\r\n\t\t\t  Trabajos que transforman tu municipio\t\t  <\/td>\r\n          <td>Sierra Norte<\/td>\r\n          <td>Visitamos San Pedro y San Pablo Ayutla<\/td>\r\n          <td>\r\n            <img decoding=\"async\" src=\"https:\/\/www.oaxaca.gob.mx\/giras\/wp-content\/uploads\/sites\/99\/2024\/07\/419704533_922446639242895_5900822917994545747_n-150x150.jpg\" alt=\"Visitamos San Pedro y San Pablo Ayutla\" \/>  \r\n          <\/td>\r\n        <\/tr>\r\n                <tr>\r\n          <th scope=\"row\">\r\n\t\t  17\/01\/2024\t\t  <\/th>\r\n          <td>\r\n\t\t\t  Trabajos que transforman tu municipio\t\t  <\/td>\r\n          <td>Mixteca<\/td>\r\n          <td>nuestra gira por la Mixteca en San Agust\u00edn Atenango<\/td>\r\n          <td>\r\n            <img decoding=\"async\" src=\"https:\/\/www.oaxaca.gob.mx\/giras\/wp-content\/uploads\/sites\/99\/2024\/07\/419673163_924142725739953_5189604045866066853_n-150x150.jpg\" alt=\"nuestra gira por la Mixteca en San Agust\u00edn Atenango\" \/>  \r\n          <\/td>\r\n        <\/tr>\r\n                <tr>\r\n          <th scope=\"row\">\r\n\t\t  17\/01\/2024\t\t  <\/th>\r\n          <td>\r\n\t\t\t  Trabajos que transforman tu municipio\t\t  <\/td>\r\n          <td>Mixteca<\/td>\r\n          <td>Llevamos la estrategia Trabajo que Transforma tu Municipio a la Heroica Villa Tezoatl\u00e1n de Segura y Luna<\/td>\r\n          <td>\r\n            <img decoding=\"async\" src=\"https:\/\/www.oaxaca.gob.mx\/giras\/wp-content\/uploads\/sites\/99\/2024\/07\/420650312_924221685732057_4948763394750016455_n-150x150.jpg\" alt=\"Llevamos la estrategia Trabajo que Transforma tu Municipio a la Heroica Villa Tezoatl\u00e1n de Segura y Luna\" \/>  \r\n          <\/td>\r\n        <\/tr>\r\n                <tr>\r\n          <th scope=\"row\">\r\n\t\t  17\/01\/2024\t\t  <\/th>\r\n          <td>\r\n\t\t\t  Trabajos que transforman tu municipio\t\t  <\/td>\r\n          <td>Mixteca<\/td>\r\n          <td>Presentamos la estrategia Trabajo que Transforma tu Municipio con nuestras hermanas y hermanos de Chilapa de D\u00edaz<\/td>\r\n          <td>\r\n            <img decoding=\"async\" src=\"https:\/\/www.oaxaca.gob.mx\/giras\/wp-content\/uploads\/sites\/99\/2024\/07\/419906776_924269742393918_9159892244805118656_n-150x150.jpg\" alt=\"Presentamos la estrategia Trabajo que Transforma tu Municipio con nuestras hermanas y hermanos de Chilapa de D\u00edaz\" \/>  \r\n          <\/td>\r\n        <\/tr>\r\n                <tr>\r\n          <th scope=\"row\">\r\n\t\t  19\/01\/2024\t\t  <\/th>\r\n          <td>\r\n\t\t\t  Trabajos que transforman tu municipio\t\t  <\/td>\r\n          <td>Costa<\/td>\r\n          <td>Hoy estamos recorriendo la Costa y comenzamos nuestro recorrido en San Juan Colorado<\/td>\r\n          <td>\r\n            <img decoding=\"async\" src=\"https:\/\/www.oaxaca.gob.mx\/giras\/wp-content\/uploads\/sites\/99\/2024\/07\/421248849_925351105619115_543004658972762647_n-150x150.jpg\" alt=\"Hoy estamos recorriendo la Costa y comenzamos nuestro recorrido en San Juan Colorado\" \/>  \r\n          <\/td>\r\n        <\/tr>\r\n                <tr>\r\n          <th scope=\"row\">\r\n\t\t  19\/01\/2024\t\t  <\/th>\r\n          <td>\r\n\t\t\t  Trabajos que transforman tu municipio\t\t  <\/td>\r\n          <td>Costa<\/td>\r\n          <td>Venimos a San Pedro Atoyac, una comunidad que hemos visitado dos veces con nuestro Presidente Andr\u00e9s Manuel L\u00f3pez Obrador<\/td>\r\n          <td>\r\n            <img decoding=\"async\" src=\"https:\/\/www.oaxaca.gob.mx\/giras\/wp-content\/uploads\/sites\/99\/2024\/07\/420662109_925411482279744_5340151969955549753_n-150x150.jpg\" alt=\"Venimos a San Pedro Atoyac, una comunidad que hemos visitado dos veces con nuestro Presidente Andr\u00e9s Manuel L\u00f3pez Obrador\" \/>  \r\n          <\/td>\r\n        <\/tr>\r\n                <tr>\r\n          <th scope=\"row\">\r\n\t\t  19\/01\/2024\t\t  <\/th>\r\n          <td>\r\n\t\t\t  Territorios Bienestar\t\t  <\/td>\r\n          <td>Costa<\/td>\r\n          <td>En San Pedro Jicay\u00e1n, compartimos la estrategia 100 Municipios<\/td>\r\n          <td>\r\n            <img decoding=\"async\" src=\"https:\/\/www.oaxaca.gob.mx\/giras\/wp-content\/uploads\/sites\/99\/2024\/07\/417391914_925483442272548_6274650646189014956_n-150x150.jpg\" alt=\"En San Pedro Jicay\u00e1n, compartimos la estrategia 100 Municipios\" \/>  \r\n          <\/td>\r\n        <\/tr>\r\n                <tr>\r\n          <th scope=\"row\">\r\n\t\t  19\/01\/2024\t\t  <\/th>\r\n          <td>\r\n\t\t\t  Trabajos que transforman tu municipio\t\t  <\/td>\r\n          <td>Costa<\/td>\r\n          <td>Continuando con nuestro recorrido por la regi\u00f3n de la Costa, con mis compa\u00f1eras y compa\u00f1eros de la #PrimaveraOaxaque\u00f1a, venimos a San Miguel Tlacamama<\/td>\r\n          <td>\r\n            <img decoding=\"async\" src=\"https:\/\/www.oaxaca.gob.mx\/giras\/wp-content\/uploads\/sites\/99\/2024\/07\/420653423_925534762267416_2243285148326435655_n-150x150.jpg\" alt=\"Continuando con nuestro recorrido por la regi\u00f3n de la Costa, con mis compa\u00f1eras y compa\u00f1eros de la #PrimaveraOaxaque\u00f1a, venimos a San Miguel Tlacamama\" \/>  \r\n          <\/td>\r\n        <\/tr>\r\n                <tr>\r\n          <th scope=\"row\">\r\n\t\t  19\/01\/2024\t\t  <\/th>\r\n          <td>\r\n\t\t\t  Trabajos que transforman tu municipio\t\t  <\/td>\r\n          <td>Costa<\/td>\r\n          <td>Para terminar nuestra gira de hoy por comunidades de la Costa, en Santiago Tetepec<\/td>\r\n          <td>\r\n            <img decoding=\"async\" src=\"https:\/\/www.oaxaca.gob.mx\/giras\/wp-content\/uploads\/sites\/99\/2024\/07\/420137618_925594888928070_6980914773201330536_n-150x150.jpg\" alt=\"Para terminar nuestra gira de hoy por comunidades de la Costa, en Santiago Tetepec\" \/>  \r\n          <\/td>\r\n        <\/tr>\r\n                <tr>\r\n          <th scope=\"row\">\r\n\t\t  20\/01\/2024\t\t  <\/th>\r\n          <td>\r\n\t\t\t  Trabajos que transforman tu municipio\t\t  <\/td>\r\n          <td>Costa<\/td>\r\n          <td>El a\u00f1o pasado venimos a Santa Mar\u00eda Temaxcaltepec para escuchar las necesidades de la comunidad y nos comprometimos a regresar<\/td>\r\n          <td>\r\n            <img decoding=\"async\" src=\"https:\/\/www.oaxaca.gob.mx\/giras\/wp-content\/uploads\/sites\/99\/2024\/07\/421234889_925952892225603_5688791455925740762_n-150x150.jpg\" alt=\"El a\u00f1o pasado venimos a Santa Mar\u00eda Temaxcaltepec para escuchar las necesidades de la comunidad y nos comprometimos a regresar\" \/>  \r\n          <\/td>\r\n        <\/tr>\r\n                <tr>\r\n          <th scope=\"row\">\r\n\t\t  20\/01\/2024\t\t  <\/th>\r\n          <td>\r\n\t\t\t  Trabajos que transforman tu municipio\t\t  <\/td>\r\n          <td>Costa<\/td>\r\n          <td>Visitamos San Juan Lachao para llevar nuestro nuevo modelo de atenci\u00f3n directa<\/td>\r\n          <td>\r\n            <img decoding=\"async\" src=\"https:\/\/www.oaxaca.gob.mx\/giras\/wp-content\/uploads\/sites\/99\/2024\/07\/420621530_926052142215678_557120360474696705_n-150x150.jpg\" alt=\"Visitamos San Juan Lachao para llevar nuestro nuevo modelo de atenci\u00f3n directa\" \/>  \r\n          <\/td>\r\n        <\/tr>\r\n                <tr>\r\n          <th scope=\"row\">\r\n\t\t  20\/01\/2024\t\t  <\/th>\r\n          <td>\r\n\t\t\t  Territorios Bienestar\t\t  <\/td>\r\n          <td>Costa<\/td>\r\n          <td>En Santiago Yaitepec, presentamos la estrategia 100 Municipios<\/td>\r\n          <td>\r\n            <img decoding=\"async\" src=\"https:\/\/www.oaxaca.gob.mx\/giras\/wp-content\/uploads\/sites\/99\/2024\/07\/420625115_926144742206418_805675006736215075_n-150x150.jpg\" alt=\"En Santiago Yaitepec, presentamos la estrategia 100 Municipios\" \/>  \r\n          <\/td>\r\n        <\/tr>\r\n                <tr>\r\n          <th scope=\"row\">\r\n\t\t  24\/01\/2024\t\t  <\/th>\r\n          <td>\r\n\t\t\t  Trabajos que transforman tu municipio\t\t  <\/td>\r\n          <td>Sierra Norte<\/td>\r\n          <td>Junto a la Presidenta Honoraria del DIF Estatal Oaxaca, Irma Bola\u00f1os, comenzamos nuestra gira por la Sierra Ju\u00e1rez en San Juan Evangelista Analco<\/td>\r\n          <td>\r\n            <img decoding=\"async\" src=\"https:\/\/www.oaxaca.gob.mx\/giras\/wp-content\/uploads\/sites\/99\/2024\/07\/422278225_928476055306620_755160506208410879_n-150x150.jpg\" alt=\"Junto a la Presidenta Honoraria del DIF Estatal Oaxaca, Irma Bola\u00f1os, comenzamos nuestra gira por la Sierra Ju\u00e1rez en San Juan Evangelista Analco\" \/>  \r\n          <\/td>\r\n        <\/tr>\r\n                <tr>\r\n          <th scope=\"row\">\r\n\t\t  24\/01\/2024\t\t  <\/th>\r\n          <td>\r\n\t\t\t  Trabajos que transforman tu municipio\t\t  <\/td>\r\n          <td>Sierra Norte<\/td>\r\n          <td>Presentamos la estrategia Trabajo que Transforma tu Municipio en Santa Mar\u00eda Jaltianguis<\/td>\r\n          <td>\r\n            <img decoding=\"async\" src=\"https:\/\/www.oaxaca.gob.mx\/giras\/wp-content\/uploads\/sites\/99\/2024\/07\/422245360_928524561968436_4291122273592658584_n-150x150.jpg\" alt=\"Presentamos la estrategia Trabajo que Transforma tu Municipio en Santa Mar\u00eda Jaltianguis\" \/>  \r\n          <\/td>\r\n        <\/tr>\r\n                <tr>\r\n          <th scope=\"row\">\r\n\t\t  24\/01\/2024\t\t  <\/th>\r\n          <td>\r\n\t\t\t  Trabajos que transforman tu municipio\t\t  <\/td>\r\n          <td>Sierra Norte<\/td>\r\n          <td>Llevamos la estrategia Trabajo que Transforma tu Municipio a Guelatao de Ju\u00e1rez<\/td>\r\n          <td>\r\n            <img decoding=\"async\" src=\"https:\/\/www.oaxaca.gob.mx\/giras\/wp-content\/uploads\/sites\/99\/2024\/07\/422277298_928572325296993_5692857832756460936_n-150x150.jpg\" alt=\"Llevamos la estrategia Trabajo que Transforma tu Municipio a Guelatao de Ju\u00e1rez\" \/>  \r\n          <\/td>\r\n        <\/tr>\r\n                <tr>\r\n          <th scope=\"row\">\r\n\t\t  25\/01\/2024\t\t  <\/th>\r\n          <td>\r\n\t\t\t  Trabajos que transforman tu municipio\t\t  <\/td>\r\n          <td>Valles Centrales<\/td>\r\n          <td>Llevamos la estrategia Trabajo que Transforma tu Municipio a San Antonino Castillo Velasco<\/td>\r\n          <td>\r\n            <img decoding=\"async\" src=\"https:\/\/www.oaxaca.gob.mx\/giras\/wp-content\/uploads\/sites\/99\/2024\/07\/422409462_929055588582000_3974906730008426862_n-150x150.jpg\" alt=\"Llevamos la estrategia Trabajo que Transforma tu Municipio a San Antonino Castillo Velasco\" \/>  \r\n          <\/td>\r\n        <\/tr>\r\n                <tr>\r\n          <th scope=\"row\">\r\n\t\t  25\/01\/2024\t\t  <\/th>\r\n          <td>\r\n\t\t\t  Trabajos que transforman tu municipio\t\t  <\/td>\r\n          <td>Valles Centrales<\/td>\r\n          <td>Visitamos San Juan Chilateca, donde entregamos una patrulla el a\u00f1o pasado y apoyamos con programas alimentarios<\/td>\r\n          <td>\r\n            <img decoding=\"async\" src=\"https:\/\/www.oaxaca.gob.mx\/giras\/wp-content\/uploads\/sites\/99\/2024\/07\/422233428_929129701907922_2764832125626172935_n-150x150.jpg\" alt=\"Visitamos San Juan Chilateca, donde entregamos una patrulla el a\u00f1o pasado y apoyamos con programas alimentarios\" \/>  \r\n          <\/td>\r\n        <\/tr>\r\n                <tr>\r\n          <th scope=\"row\">\r\n\t\t  25\/01\/2024\t\t  <\/th>\r\n          <td>\r\n\t\t\t  Trabajos que transforman tu municipio\t\t  <\/td>\r\n          <td>Valles Centrales<\/td>\r\n          <td>En Santo Tom\u00e1s Jalieza, informamos las acciones que vamos a realizar con la estrategia Trabajo que Transforma tu Municipio<\/td>\r\n          <td>\r\n            <img decoding=\"async\" src=\"https:\/\/www.oaxaca.gob.mx\/giras\/wp-content\/uploads\/sites\/99\/2024\/07\/422203813_929167531904139_5143207394226251231_n-150x150.jpg\" alt=\"En Santo Tom\u00e1s Jalieza, informamos las acciones que vamos a realizar con la estrategia Trabajo que Transforma tu Municipio\" \/>  \r\n          <\/td>\r\n        <\/tr>\r\n                <tr>\r\n          <th scope=\"row\">\r\n\t\t  25\/01\/2024\t\t  <\/th>\r\n          <td>\r\n\t\t\t  Trabajos que transforman tu municipio\t\t  <\/td>\r\n          <td>Valles Centrales<\/td>\r\n          <td>San Mart\u00edn Tilcajete, tierra de gran tradici\u00f3n en la elaboraci\u00f3n de alebrijes<\/td>\r\n          <td>\r\n            <img decoding=\"async\" src=\"https:\/\/www.oaxaca.gob.mx\/giras\/wp-content\/uploads\/sites\/99\/2024\/07\/422245160_929208535233372_2785103862047057412_n-150x150.jpg\" alt=\"San Mart\u00edn Tilcajete, tierra de gran tradici\u00f3n en la elaboraci\u00f3n de alebrijes\" \/>  \r\n          <\/td>\r\n        <\/tr>\r\n                <tr>\r\n          <th scope=\"row\">\r\n\t\t  26\/01\/2024\t\t  <\/th>\r\n          <td>\r\n\t\t\t  Trabajos que transforman tu municipio\t\t  <\/td>\r\n          <td>Mixteca<\/td>\r\n          <td>Santa Mar\u00eda Yosoy\u00faa, una comunidad con gran talento en las artesan\u00edas de palma<\/td>\r\n          <td>\r\n            <img decoding=\"async\" src=\"https:\/\/www.oaxaca.gob.mx\/giras\/wp-content\/uploads\/sites\/99\/2024\/07\/421630926_929736911847201_7784279948916247336_n-150x150.jpg\" alt=\"Santa Mar\u00eda Yosoy\u00faa, una comunidad con gran talento en las artesan\u00edas de palma\" \/>  \r\n          <\/td>\r\n        <\/tr>\r\n                <tr>\r\n          <th scope=\"row\">\r\n\t\t  26\/01\/2024\t\t  <\/th>\r\n          <td>\r\n\t\t\t  Trabajos que transforman tu municipio\t\t  <\/td>\r\n          <td>Mixteca<\/td>\r\n          <td>Con nuestra estrategia Trabajo que Transforma tu Municipio, vamos a apoyar como nunca antes a nuestras hermanas y hermanos de San Mateo Pe\u00f1asco<\/td>\r\n          <td>\r\n            <img decoding=\"async\" src=\"https:\/\/www.oaxaca.gob.mx\/giras\/wp-content\/uploads\/sites\/99\/2024\/07\/422269487_929762728511286_3639965697183020504_n-150x150.jpg\" alt=\"Con nuestra estrategia Trabajo que Transforma tu Municipio, vamos a apoyar como nunca antes a nuestras hermanas y hermanos de San Mateo Pe\u00f1asco\" \/>  \r\n          <\/td>\r\n        <\/tr>\r\n                <tr>\r\n          <th scope=\"row\">\r\n\t\t  26\/01\/2024\t\t  <\/th>\r\n          <td>\r\n\t\t\t  Trabajos que transforman tu municipio\t\t  <\/td>\r\n          <td>Mixteca<\/td>\r\n          <td>Visitamos San Agust\u00edn Tlacotepec, donde nos recibieron con la tradicional danza de los Moros<\/td>\r\n          <td>\r\n            <img decoding=\"async\" src=\"https:\/\/www.oaxaca.gob.mx\/giras\/wp-content\/uploads\/sites\/99\/2024\/07\/422289604_929822818505277_4239614909800455669_n-150x150.jpg\" alt=\"Visitamos San Agust\u00edn Tlacotepec, donde nos recibieron con la tradicional danza de los Moros\" \/>  \r\n          <\/td>\r\n        <\/tr>\r\n                <tr>\r\n          <th scope=\"row\">\r\n\t\t  26\/01\/2024\t\t  <\/th>\r\n          <td>\r\n\t\t\t  Trabajos que transforman tu municipio\t\t  <\/td>\r\n          <td>Mixteca<\/td>\r\n          <td>Presentamos la estrategia Trabajo que Transforma en Magdalena Pe\u00f1asco<\/td>\r\n          <td>\r\n            <img decoding=\"async\" src=\"https:\/\/www.oaxaca.gob.mx\/giras\/wp-content\/uploads\/sites\/99\/2024\/07\/422278070_929878258499733_4879708050817828793_n-150x150.jpg\" alt=\"Presentamos la estrategia Trabajo que Transforma en Magdalena Pe\u00f1asco\" \/>  \r\n          <\/td>\r\n        <\/tr>\r\n                <tr>\r\n          <th scope=\"row\">\r\n\t\t  26\/01\/2024\t\t  <\/th>\r\n          <td>\r\n\t\t\t  Trabajos que transforman tu municipio\t\t  <\/td>\r\n          <td>Mixteca<\/td>\r\n          <td>Santo Tom\u00e1s Ocotepec, un municipio en el que hemos estado en m\u00e1s de una ocasi\u00f3n<\/td>\r\n          <td>\r\n            <img decoding=\"async\" src=\"https:\/\/www.oaxaca.gob.mx\/giras\/wp-content\/uploads\/sites\/99\/2024\/07\/422306366_929914245162801_1687785020494884456_n-150x150.jpg\" alt=\"Santo Tom\u00e1s Ocotepec, un municipio en el que hemos estado en m\u00e1s de una ocasi\u00f3n\" \/>  \r\n          <\/td>\r\n        <\/tr>\r\n                <tr>\r\n          <th scope=\"row\">\r\n\t\t  27\/01\/2024\t\t  <\/th>\r\n          <td>\r\n\t\t\t  Trabajos que transforman tu municipio\t\t  <\/td>\r\n          <td>Mixteca<\/td>\r\n          <td>Seguimos recorriendo la Mixteca este s\u00e1bado, y venimos a San Bartolom\u00e9 Yucua\u00f1e<\/td>\r\n          <td>\r\n            <img decoding=\"async\" src=\"https:\/\/www.oaxaca.gob.mx\/giras\/wp-content\/uploads\/sites\/99\/2024\/07\/421586390_930324108455148_7076669426264983114_n-150x150.jpg\" alt=\"Seguimos recorriendo la Mixteca este s\u00e1bado, y venimos a San Bartolom\u00e9 Yucua\u00f1e\" \/>  \r\n          <\/td>\r\n        <\/tr>\r\n                <tr>\r\n          <th scope=\"row\">\r\n\t\t  27\/01\/2024\t\t  <\/th>\r\n          <td>\r\n\t\t\t  Trabajos que transforman tu municipio\t\t  <\/td>\r\n          <td>Mixteca<\/td>\r\n          <td>Llevamos nuestro modelo de atenci\u00f3n directa a San Miguel Achiutla, donde compartimos la estrategia Trabajo que Transforma tu Municipio<\/td>\r\n          <td>\r\n            <img decoding=\"async\" src=\"https:\/\/www.oaxaca.gob.mx\/giras\/wp-content\/uploads\/sites\/99\/2024\/07\/421631078_930377958449763_1346170250775110228_n-150x150.jpg\" alt=\"Llevamos nuestro modelo de atenci\u00f3n directa a San Miguel Achiutla, donde compartimos la estrategia Trabajo que Transforma tu Municipio\" \/>  \r\n          <\/td>\r\n        <\/tr>\r\n                <tr>\r\n          <th scope=\"row\">\r\n\t\t  27\/01\/2024\t\t  <\/th>\r\n          <td>\r\n\t\t\t  Trabajos que transforman tu municipio\t\t  <\/td>\r\n          <td>Mixteca<\/td>\r\n          <td>Venimos a San Juan Achiutla para informar la inversi\u00f3n que haremos<\/td>\r\n          <td>\r\n            <img decoding=\"async\" src=\"https:\/\/www.oaxaca.gob.mx\/giras\/wp-content\/uploads\/sites\/99\/2024\/07\/421581742_930425575111668_9031875965016382029_n-150x150.jpg\" alt=\"Venimos a San Juan Achiutla para informar la inversi\u00f3n que haremos\" \/>  \r\n          <\/td>\r\n        <\/tr>\r\n                <tr>\r\n          <th scope=\"row\">\r\n\t\t  27\/01\/2024\t\t  <\/th>\r\n          <td>\r\n\t\t\t  Trabajos que transforman tu municipio\t\t  <\/td>\r\n          <td>Mixteca<\/td>\r\n          <td>Venimos a Santa Catarina Tayata con nuestra estrategia Trabajo que Transforma tu Municipio<\/td>\r\n          <td>\r\n            <img decoding=\"async\" src=\"https:\/\/www.oaxaca.gob.mx\/giras\/wp-content\/uploads\/sites\/99\/2024\/07\/423248669_930467995107426_3388476287520941534_n-150x150.jpg\" alt=\"Venimos a Santa Catarina Tayata con nuestra estrategia Trabajo que Transforma tu Municipio\" \/>  \r\n          <\/td>\r\n        <\/tr>\r\n                <tr>\r\n          <th scope=\"row\">\r\n\t\t  27\/01\/2024\t\t  <\/th>\r\n          <td>\r\n\t\t\t  Trabajos que transforman tu municipio\t\t  <\/td>\r\n          <td>Mixteca<\/td>\r\n          <td>Santa Cruz Tayata, donde estamos apoyando a nuestras paisanas y paisanos con asistencia social a grupos prioritarios<\/td>\r\n          <td>\r\n            <img decoding=\"async\" src=\"https:\/\/www.oaxaca.gob.mx\/giras\/wp-content\/uploads\/sites\/99\/2024\/07\/423134386_930488938438665_8638028739336728691_n-150x150.jpg\" alt=\"Santa Cruz Tayata, donde estamos apoyando a nuestras paisanas y paisanos con asistencia social a grupos prioritarios\" \/>  \r\n          <\/td>\r\n        <\/tr>\r\n                <tr>\r\n          <th scope=\"row\">\r\n\t\t  31\/01\/2024\t\t  <\/th>\r\n          <td>\r\n\t\t\t  Trabajos que transforman tu municipio\t\t  <\/td>\r\n          <td>Valles Centrales<\/td>\r\n          <td>Hoy estamos recorriendo los Valles Centrales con nuestra estrategia Trabajo que Transforma tu Municipio, por eso venimos a San Lucas Quiavin\u00ed<\/td>\r\n          <td>\r\n            <img decoding=\"async\" src=\"https:\/\/www.oaxaca.gob.mx\/giras\/wp-content\/uploads\/sites\/99\/2024\/07\/423327162_932691838218375_8312778752233745993_n-150x150.jpg\" alt=\"Hoy estamos recorriendo los Valles Centrales con nuestra estrategia Trabajo que Transforma tu Municipio, por eso venimos a San Lucas Quiavin\u00ed\" \/>  \r\n          <\/td>\r\n        <\/tr>\r\n                <tr>\r\n          <th scope=\"row\">\r\n\t\t  31\/01\/2024\t\t  <\/th>\r\n          <td>\r\n\t\t\t  Trabajos que transforman tu municipio\t\t  <\/td>\r\n          <td>Valles Centrales<\/td>\r\n          <td>Presentamos la estrategia Trabajo que Transforma tu Municipio en San Bartolom\u00e9 Quialana<\/td>\r\n          <td>\r\n            <img decoding=\"async\" src=\"https:\/\/www.oaxaca.gob.mx\/giras\/wp-content\/uploads\/sites\/99\/2024\/07\/423315818_932739534880272_6555183326339217923_n-150x150.jpg\" alt=\"Presentamos la estrategia Trabajo que Transforma tu Municipio en San Bartolom\u00e9 Quialana\" \/>  \r\n          <\/td>\r\n        <\/tr>\r\n                <tr>\r\n          <th scope=\"row\">\r\n\t\t  31\/01\/2024\t\t  <\/th>\r\n          <td>\r\n\t\t\t  Trabajos que transforman tu municipio\t\t  <\/td>\r\n          <td>Valles Centrales<\/td>\r\n          <td>Venimos a Santa Ana del Valle, para compartirle a nuestras paisanas y paisanos la inversi\u00f3n que haremos<\/td>\r\n          <td>\r\n            <img decoding=\"async\" src=\"https:\/\/www.oaxaca.gob.mx\/giras\/wp-content\/uploads\/sites\/99\/2024\/07\/424785712_932776814876544_7821851031420840448_n-150x150.jpg\" alt=\"Venimos a Santa Ana del Valle, para compartirle a nuestras paisanas y paisanos la inversi\u00f3n que haremos\" \/>  \r\n          <\/td>\r\n        <\/tr>\r\n                <tr>\r\n          <th scope=\"row\">\r\n\t\t  31\/01\/2024\t\t  <\/th>\r\n          <td>\r\n\t\t\t  Trabajos que transforman tu municipio\t\t  <\/td>\r\n          <td>Valles Centrales<\/td>\r\n          <td>Llevamos la estrategia Trabajo que Transforma tu Municipio a San Francisco Lachigol\u00f3<\/td>\r\n          <td>\r\n            <img decoding=\"async\" src=\"https:\/\/www.oaxaca.gob.mx\/giras\/wp-content\/uploads\/sites\/99\/2024\/07\/424785749_932844021536490_3808498714390845625_n-150x150.jpg\" alt=\"Llevamos la estrategia Trabajo que Transforma tu Municipio a San Francisco Lachigol\u00f3\" \/>  \r\n          <\/td>\r\n        <\/tr>\r\n                <tr>\r\n          <th scope=\"row\">\r\n\t\t  31\/01\/2024\t\t  <\/th>\r\n          <td>\r\n\t\t\t  Trabajos que transforman tu municipio\t\t  <\/td>\r\n          <td>Valles Centrales<\/td>\r\n          <td>San Juan Teitipac la estrategia Trabajo que Transforma tu Municipio<\/td>\r\n          <td>\r\n            <img decoding=\"async\" src=\"https:\/\/www.oaxaca.gob.mx\/giras\/wp-content\/uploads\/sites\/99\/2024\/07\/423005764_932892548198304_6956014278633571352_n-150x150.jpg\" alt=\"San Juan Teitipac la estrategia Trabajo que Transforma tu Municipio\" \/>  \r\n          <\/td>\r\n        <\/tr>\r\n                <tr>\r\n          <th scope=\"row\">\r\n\t\t  31\/01\/2024\t\t  <\/th>\r\n          <td>\r\n\t\t\t  Trabajos que transforman tu municipio\t\t  <\/td>\r\n          <td>Valles Centrales<\/td>\r\n          <td>San Sebasti\u00e1n Teitipac, otra de las comunidades que vamos a beneficiar con la estrategia Trabajo que Transforma tu Municipio<\/td>\r\n          <td>\r\n            <img decoding=\"async\" src=\"https:\/\/www.oaxaca.gob.mx\/giras\/wp-content\/uploads\/sites\/99\/2024\/07\/417548828_932923151528577_1537423525865496647_n-150x150.jpg\" alt=\"San Sebasti\u00e1n Teitipac, otra de las comunidades que vamos a beneficiar con la estrategia Trabajo que Transforma tu Municipio\" \/>  \r\n          <\/td>\r\n        <\/tr>\r\n                <tr>\r\n          <th scope=\"row\">\r\n\t\t  02\/02\/2024\t\t  <\/th>\r\n          <td>\r\n\t\t\t  Trabajos que transforman tu municipio\t\t  <\/td>\r\n          <td>Istmo<\/td>\r\n          <td>Venimos a San Francisco del Mar para presentar la estrategia Trabajo que Transforma tu Municipio<\/td>\r\n          <td>\r\n            <img decoding=\"async\" src=\"https:\/\/www.oaxaca.gob.mx\/giras\/wp-content\/uploads\/sites\/99\/2024\/07\/425577905_933940364760189_972154461473094773_n-150x150.jpg\" alt=\"Venimos a San Francisco del Mar para presentar la estrategia Trabajo que Transforma tu Municipio\" \/>  \r\n          <\/td>\r\n        <\/tr>\r\n                <tr>\r\n          <th scope=\"row\">\r\n\t\t  02\/02\/2024\t\t  <\/th>\r\n          <td>\r\n\t\t\t  Trabajos que transforman tu municipio\t\t  <\/td>\r\n          <td>Istmo<\/td>\r\n          <td>hoy en San Pedro Huilotepec, donde presentamos la estrategia Trabajo que Transforma tu Municipio<\/td>\r\n          <td>\r\n            <img decoding=\"async\" src=\"https:\/\/www.oaxaca.gob.mx\/giras\/wp-content\/uploads\/sites\/99\/2024\/07\/425541900_934048191416073_7122686619404317539_n-150x150.jpg\" alt=\"hoy en San Pedro Huilotepec, donde presentamos la estrategia Trabajo que Transforma tu Municipio\" \/>  \r\n          <\/td>\r\n        <\/tr>\r\n                <tr>\r\n          <th scope=\"row\">\r\n\t\t  03\/02\/2024\t\t  <\/th>\r\n          <td>\r\n\t\t\t  Presidenciales\t\t  <\/td>\r\n          <td>Istmo<\/td>\r\n          <td>Recibimos con mucho gusto al Presidente Andr\u00e9s Manuel L\u00f3pez Obrador en el aeropuerto de Ciudad Ixtepec<\/td>\r\n          <td>\r\n            <img decoding=\"async\" src=\"https:\/\/www.oaxaca.gob.mx\/giras\/wp-content\/uploads\/sites\/99\/2024\/07\/425456485_934573238030235_1730225228070201082_n-150x150.jpg\" alt=\"Recibimos con mucho gusto al Presidente Andr\u00e9s Manuel L\u00f3pez Obrador en el aeropuerto de Ciudad Ixtepec\" \/>  \r\n          <\/td>\r\n        <\/tr>\r\n                <tr>\r\n          <th scope=\"row\">\r\n\t\t  09\/02\/2024\t\t  <\/th>\r\n          <td>\r\n\t\t\t  Trabajos que transforman tu municipio\t\t  <\/td>\r\n          <td>Sierra Norte<\/td>\r\n          <td>Sierra Ju\u00e1rez en Santiago Lalopa, donde vamos a invertir en programas sociales<\/td>\r\n          <td>\r\n            <img decoding=\"async\" src=\"https:\/\/www.oaxaca.gob.mx\/giras\/wp-content\/uploads\/sites\/99\/2024\/07\/426576543_938212530999639_9215069070080870403_n-150x150.jpg\" alt=\"Sierra Ju\u00e1rez en Santiago Lalopa, donde vamos a invertir en programas sociales\" \/>  \r\n          <\/td>\r\n        <\/tr>\r\n                <tr>\r\n          <th scope=\"row\">\r\n\t\t  09\/02\/2024\t\t  <\/th>\r\n          <td>\r\n\t\t\t  Territorios Bienestar\t\t  <\/td>\r\n          <td>Sierra Norte<\/td>\r\n          <td>En San Juan Yae\u00e9, compartimos la estrategia 100 Municipios<\/td>\r\n          <td>\r\n            <img decoding=\"async\" src=\"https:\/\/www.oaxaca.gob.mx\/giras\/wp-content\/uploads\/sites\/99\/2024\/07\/426164712_938246574329568_1829762672206955908_n-150x150.jpg\" alt=\"En San Juan Yae\u00e9, compartimos la estrategia 100 Municipios\" \/>  \r\n          <\/td>\r\n        <\/tr>\r\n                <tr>\r\n          <th scope=\"row\">\r\n\t\t  09\/02\/2024\t\t  <\/th>\r\n          <td>\r\n\t\t\t  Territorios Bienestar\t\t  <\/td>\r\n          <td>Sierra Norte<\/td>\r\n          <td>San Miguel Yotao para informarles la inversi\u00f3n que haremos en infraestructura<\/td>\r\n          <td>\r\n            <img decoding=\"async\" src=\"https:\/\/www.oaxaca.gob.mx\/giras\/wp-content\/uploads\/sites\/99\/2024\/07\/426178715_938317964322429_5031893200284933855_n-150x150.jpg\" alt=\"San Miguel Yotao para informarles la inversi\u00f3n que haremos en infraestructura\" \/>  \r\n          <\/td>\r\n        <\/tr>\r\n                <tr>\r\n          <th scope=\"row\">\r\n\t\t  09\/02\/2024\t\t  <\/th>\r\n          <td>\r\n\t\t\t  Trabajos que transforman tu municipio\t\t  <\/td>\r\n          <td>Sierra Norte<\/td>\r\n          <td>Venimos a hacer historia a San Juan Juquila Vijanos, con nuestra estrategia Trabajo que Transforma tu Municipio<\/td>\r\n          <td>\r\n            <img decoding=\"async\" src=\"https:\/\/www.oaxaca.gob.mx\/giras\/wp-content\/uploads\/sites\/99\/2024\/07\/426265989_938389744315251_265572163315892272_n-150x150.jpg\" alt=\"Venimos a hacer historia a San Juan Juquila Vijanos, con nuestra estrategia Trabajo que Transforma tu Municipio\" \/>  \r\n          <\/td>\r\n        <\/tr>\r\n                <tr>\r\n          <th scope=\"row\">\r\n\t\t  15\/02\/2024\t\t  <\/th>\r\n          <td>\r\n\t\t\t  Territorios Bienestar\t\t  <\/td>\r\n          <td>Mixteca<\/td>\r\n          <td>San Miguel Piedras, donde presentamos la estrategia 100 Municipios<\/td>\r\n          <td>\r\n            <img decoding=\"async\" src=\"https:\/\/www.oaxaca.gob.mx\/giras\/wp-content\/uploads\/sites\/99\/2024\/07\/426490251_941810153973210_4145862031417234131_n-150x150.jpg\" alt=\"San Miguel Piedras, donde presentamos la estrategia 100 Municipios\" \/>  \r\n          <\/td>\r\n        <\/tr>\r\n                <tr>\r\n          <th scope=\"row\">\r\n\t\t  15\/02\/2024\t\t  <\/th>\r\n          <td>\r\n\t\t\t  Trabajos que transforman tu municipio\t\t  <\/td>\r\n          <td>Mixteca<\/td>\r\n          <td>Venimos a San Pedro Teozacoalco con nuestra estrategia Trabajo que Transforma tu Municipio<\/td>\r\n          <td>\r\n            <img decoding=\"async\" src=\"https:\/\/www.oaxaca.gob.mx\/giras\/wp-content\/uploads\/sites\/99\/2024\/07\/426551640_941925187295040_4671520714249742276_n-150x150.jpg\" alt=\"Venimos a San Pedro Teozacoalco con nuestra estrategia Trabajo que Transforma tu Municipio\" \/>  \r\n          <\/td>\r\n        <\/tr>\r\n                <tr>\r\n          <th scope=\"row\">\r\n\t\t  15\/02\/2024\t\t  <\/th>\r\n          <td>\r\n\t\t\t  Trabajos que transforman tu municipio\t\t  <\/td>\r\n          <td>Mixteca<\/td>\r\n          <td>Visitamos Yutanduchi de Guerrero para compartir con nuestras hermanas y hermanos la inversi\u00f3n que haremos en infraestructura<\/td>\r\n          <td>\r\n            <img decoding=\"async\" src=\"https:\/\/www.oaxaca.gob.mx\/giras\/wp-content\/uploads\/sites\/99\/2024\/07\/420182258_941942300626662_6472757140839326793_n-150x150.jpg\" alt=\"Visitamos Yutanduchi de Guerrero para compartir con nuestras hermanas y hermanos la inversi\u00f3n que haremos en infraestructura\" \/>  \r\n          <\/td>\r\n        <\/tr>\r\n                <tr>\r\n          <th scope=\"row\">\r\n\t\t  16\/02\/2024\t\t  <\/th>\r\n          <td>\r\n\t\t\t  Trabajos que transforman tu municipio\t\t  <\/td>\r\n          <td>Mixteca<\/td>\r\n          <td>Venimos a hacer historia a Santiago Tilantongo, comunidad que ser\u00e1 beneficiada con la estrategia Trabajo que Transforma tu Municipio<\/td>\r\n          <td>\r\n            <img decoding=\"async\" src=\"https:\/\/www.oaxaca.gob.mx\/giras\/wp-content\/uploads\/sites\/99\/2024\/07\/427983272_941991770621715_3117398320744377272_n-150x150.jpg\" alt=\"Venimos a hacer historia a Santiago Tilantongo, comunidad que ser\u00e1 beneficiada con la estrategia Trabajo que Transforma tu Municipio\" \/>  \r\n          <\/td>\r\n        <\/tr>\r\n                <tr>\r\n          <th scope=\"row\">\r\n\t\t  16\/02\/2024\t\t  <\/th>\r\n          <td>\r\n\t\t\t  Trabajos que transforman tu municipio\t\t  <\/td>\r\n          <td>Sierra Norte<\/td>\r\n          <td>Venimos a San Miguel Alo\u00e1pam para presentar la estrategia Trabajo que Transforma tu Municipio<\/td>\r\n          <td>\r\n            <img decoding=\"async\" src=\"https:\/\/www.oaxaca.gob.mx\/giras\/wp-content\/uploads\/sites\/99\/2024\/07\/427994546_942364953917730_1992037807333916245_n-150x150.jpg\" alt=\"Venimos a San Miguel Alo\u00e1pam para presentar la estrategia Trabajo que Transforma tu Municipio\" \/>  \r\n          <\/td>\r\n        <\/tr>\r\n                <tr>\r\n          <th scope=\"row\">\r\n\t\t  16\/02\/2024\t\t  <\/th>\r\n          <td>\r\n\t\t\t  Trabajos que transforman tu municipio\t\t  <\/td>\r\n          <td>Sierra Norte<\/td>\r\n          <td>Vamos a beneficiar a nuestras hermanas y hermanos de Santa Ana Yareni<\/td>\r\n          <td>\r\n            <img decoding=\"async\" src=\"https:\/\/www.oaxaca.gob.mx\/giras\/wp-content\/uploads\/sites\/99\/2024\/07\/428625526_942435987243960_6831017994379543788_n-150x150.jpg\" alt=\"Vamos a beneficiar a nuestras hermanas y hermanos de Santa Ana Yareni\" \/>  \r\n          <\/td>\r\n        <\/tr>\r\n                <tr>\r\n          <th scope=\"row\">\r\n\t\t  16\/02\/2024\t\t  <\/th>\r\n          <td>\r\n\t\t\t  Trabajos que transforman tu municipio\t\t  <\/td>\r\n          <td>Sierra Norte<\/td>\r\n          <td>En Teococuilco de Marcos P\u00e9rez, la #PrimaveraOaxaque\u00f1a florece con desarrollo y bienestar<\/td>\r\n          <td>\r\n            <img decoding=\"async\" src=\"https:\/\/www.oaxaca.gob.mx\/giras\/wp-content\/uploads\/sites\/99\/2024\/07\/428637783_942485290572363_6908889615658118268_n-150x150.jpg\" alt=\"En Teococuilco de Marcos P\u00e9rez, la #PrimaveraOaxaque\u00f1a florece con desarrollo y bienestar\" \/>  \r\n          <\/td>\r\n        <\/tr>\r\n                <tr>\r\n          <th scope=\"row\">\r\n\t\t  16\/02\/2024\t\t  <\/th>\r\n          <td>\r\n\t\t\t  Trabajos que transforman tu municipio\t\t  <\/td>\r\n          <td>Sierra Norte<\/td>\r\n          <td>Nuevo Zoqui\u00e1pam, donde la Reparaci\u00f3n Hist\u00f3rica de los Pueblos<\/td>\r\n          <td>\r\n            <img decoding=\"async\" src=\"https:\/\/www.oaxaca.gob.mx\/giras\/wp-content\/uploads\/sites\/99\/2024\/07\/428623846_942504913903734_4527494133179455462_n-150x150.jpg\" alt=\"Nuevo Zoqui\u00e1pam, donde la Reparaci\u00f3n Hist\u00f3rica de los Pueblos\" \/>  \r\n          <\/td>\r\n        <\/tr>\r\n                <tr>\r\n          <th scope=\"row\">\r\n\t\t  22\/02\/2024\t\t  <\/th>\r\n          <td>\r\n\t\t\t  Trabajos que transforman tu municipio\t\t  <\/td>\r\n          <td>Ca\u00f1ada<\/td>\r\n          <td>Venimos a San Andr\u00e9s Teotil\u00e1lpam, en donde hemos estado en m\u00e1s de una ocasi\u00f3n, para informar la inversi\u00f3n<\/td>\r\n          <td>\r\n            <img decoding=\"async\" src=\"https:\/\/www.oaxaca.gob.mx\/giras\/wp-content\/uploads\/sites\/99\/2024\/07\/428638500_945565913597634_4289473183367194539_n-150x150.jpg\" alt=\"Venimos a San Andr\u00e9s Teotil\u00e1lpam, en donde hemos estado en m\u00e1s de una ocasi\u00f3n, para informar la inversi\u00f3n\" \/>  \r\n          <\/td>\r\n        <\/tr>\r\n                <tr>\r\n          <th scope=\"row\">\r\n\t\t  22\/02\/2024\t\t  <\/th>\r\n          <td>\r\n\t\t\t  Trabajos que transforman tu municipio\t\t  <\/td>\r\n          <td>Ca\u00f1ada<\/td>\r\n          <td>Me da mucho gusto volver a San Pedro Teutila, donde hemos estado en varias ocasiones y hoy, trajimos nuestra estrategia Trabajo que Transforma tu Municipio<\/td>\r\n          <td>\r\n            <img decoding=\"async\" src=\"https:\/\/www.oaxaca.gob.mx\/giras\/wp-content\/uploads\/sites\/99\/2024\/07\/428646104_945640540256838_3839537652878820830_n-150x150.jpg\" alt=\"Me da mucho gusto volver a San Pedro Teutila, donde hemos estado en varias ocasiones y hoy, trajimos nuestra estrategia Trabajo que Transforma tu Municipio\" \/>  \r\n          <\/td>\r\n        <\/tr>\r\n                <tr>\r\n          <th scope=\"row\">\r\n\t\t  22\/02\/2024\t\t  <\/th>\r\n          <td>\r\n\t\t\t  Trabajos que transforman tu municipio\t\t  <\/td>\r\n          <td>Ca\u00f1ada<\/td>\r\n          <td>Trabajo que Transforma tu Municipio, por eso, con nuestras hermanas y hermanos de Santa Mar\u00eda Tlalixtac<\/td>\r\n          <td>\r\n            <img decoding=\"async\" src=\"https:\/\/www.oaxaca.gob.mx\/giras\/wp-content\/uploads\/sites\/99\/2024\/07\/428633236_945704530250439_6489083159218786354_n-150x150.jpg\" alt=\"Trabajo que Transforma tu Municipio, por eso, con nuestras hermanas y hermanos de Santa Mar\u00eda Tlalixtac\" \/>  \r\n          <\/td>\r\n        <\/tr>\r\n                <tr>\r\n          <th scope=\"row\">\r\n\t\t  22\/02\/2024\t\t  <\/th>\r\n          <td>\r\n\t\t\t  Trabajos que transforman tu municipio\t\t  <\/td>\r\n          <td>Ca\u00f1ada<\/td>\r\n          <td>En San Francisco Chapulapa refrendamos que el destino de los pueblos no es la pobreza<\/td>\r\n          <td>\r\n            <img decoding=\"async\" src=\"https:\/\/www.oaxaca.gob.mx\/giras\/wp-content\/uploads\/sites\/99\/2024\/07\/428631979_945758803578345_6827728543847906005_n-150x150.jpg\" alt=\"En San Francisco Chapulapa refrendamos que el destino de los pueblos no es la pobreza\" \/>  \r\n          <\/td>\r\n        <\/tr>\r\n                <tr>\r\n          <th scope=\"row\">\r\n\t\t  22\/02\/2024\t\t  <\/th>\r\n          <td>\r\n\t\t\t  Trabajos que transforman tu municipio\t\t  <\/td>\r\n          <td>Ca\u00f1ada<\/td>\r\n          <td>Chiquihuitl\u00e1n de Benito Ju\u00e1rez, donde le presentamos a su gente nuestra estrategia Trabajo que Transforma tu Municipio<\/td>\r\n          <td>\r\n            <img decoding=\"async\" src=\"https:\/\/www.oaxaca.gob.mx\/giras\/wp-content\/uploads\/sites\/99\/2024\/07\/428629269_945793533574872_1893962494814434029_n-150x150.jpg\" alt=\"Chiquihuitl\u00e1n de Benito Ju\u00e1rez, donde le presentamos a su gente nuestra estrategia Trabajo que Transforma tu Municipio\" \/>  \r\n          <\/td>\r\n        <\/tr>\r\n                <tr>\r\n          <th scope=\"row\">\r\n\t\t  23\/02\/2024\t\t  <\/th>\r\n          <td>\r\n\t\t\t  Territorios Bienestar\t\t  <\/td>\r\n          <td>Costa<\/td>\r\n          <td>Seguimos recorriendo las comunidades y comenzamos nuestra gira de hoy en San Agust\u00edn Loxicha<\/td>\r\n          <td>\r\n            <img decoding=\"async\" src=\"https:\/\/www.oaxaca.gob.mx\/giras\/wp-content\/uploads\/sites\/99\/2024\/07\/409126637_946121903542035_1928803819195867807_n-150x150.jpg\" alt=\"Seguimos recorriendo las comunidades y comenzamos nuestra gira de hoy en San Agust\u00edn Loxicha\" \/>  \r\n          <\/td>\r\n        <\/tr>\r\n                <tr>\r\n          <th scope=\"row\">\r\n\t\t  23\/02\/2024\t\t  <\/th>\r\n          <td>\r\n\t\t\t  Trabajos que transforman tu municipio\t\t  <\/td>\r\n          <td>Sierra Sur<\/td>\r\n          <td>Visitamos San Mateo R\u00edo Hondo, una comunidad con una riqueza natural maravillosa<\/td>\r\n          <td>\r\n            <img decoding=\"async\" src=\"https:\/\/www.oaxaca.gob.mx\/giras\/wp-content\/uploads\/sites\/99\/2024\/07\/428637699_946208303533395_8758520472104188237_n-150x150.jpg\" alt=\"Visitamos San Mateo R\u00edo Hondo, una comunidad con una riqueza natural maravillosa\" \/>  \r\n          <\/td>\r\n        <\/tr>\r\n                <tr>\r\n          <th scope=\"row\">\r\n\t\t  23\/02\/2024\t\t  <\/th>\r\n          <td>\r\n\t\t\t  Trabajos que transforman tu municipio\t\t  <\/td>\r\n          <td>Sierra Sur<\/td>\r\n          <td>Seguimos presentando el programa Trabajo que Transforma tu Municipio a las poblaciones de la Sierra Sur y esta tarde nos trasladamos a San Sebasti\u00e1n R\u00edo Hondo<\/td>\r\n          <td>\r\n            <img decoding=\"async\" src=\"https:\/\/www.oaxaca.gob.mx\/giras\/wp-content\/uploads\/sites\/99\/2024\/07\/428639633_946234816864077_733389041531115300_n-150x150.jpg\" alt=\"Seguimos presentando el programa Trabajo que Transforma tu Municipio a las poblaciones de la Sierra Sur y esta tarde nos trasladamos a San Sebasti\u00e1n R\u00edo Hondo\" \/>  \r\n          <\/td>\r\n        <\/tr>\r\n                <tr>\r\n          <th scope=\"row\">\r\n\t\t  23\/02\/2024\t\t  <\/th>\r\n          <td>\r\n\t\t\t  Trabajos que transforman tu municipio\t\t  <\/td>\r\n          <td>Sierra Sur<\/td>\r\n          <td>Venimos a San Andr\u00e9s Paxtl\u00e1n para continuar dando respuesta a las necesidades de la poblaci\u00f3n<\/td>\r\n          <td>\r\n            <img decoding=\"async\" src=\"https:\/\/www.oaxaca.gob.mx\/giras\/wp-content\/uploads\/sites\/99\/2024\/07\/428653270_946283606859198_6059888666592093923_n-150x150.jpg\" alt=\"Venimos a San Andr\u00e9s Paxtl\u00e1n para continuar dando respuesta a las necesidades de la poblaci\u00f3n\" \/>  \r\n          <\/td>\r\n        <\/tr>\r\n                <tr>\r\n          <th scope=\"row\">\r\n\t\t  23\/02\/2024\t\t  <\/th>\r\n          <td>\r\n\t\t\t  Trabajos que transforman tu municipio\t\t  <\/td>\r\n          <td>Valles Centrales<\/td>\r\n          <td>Santa Luc\u00eda Ocotl\u00e1n, una comunidad que ser\u00e1 beneficiada con la estrategia Trabajo que Transforma tu Municipio<\/td>\r\n          <td>\r\n            <img decoding=\"async\" src=\"https:\/\/www.oaxaca.gob.mx\/giras\/wp-content\/uploads\/sites\/99\/2024\/07\/428649199_946326076854951_4228730308342982654_n-150x150.jpg\" alt=\"Santa Luc\u00eda Ocotl\u00e1n, una comunidad que ser\u00e1 beneficiada con la estrategia Trabajo que Transforma tu Municipio\" \/>  \r\n          <\/td>\r\n        <\/tr>\r\n                <tr>\r\n          <th scope=\"row\">\r\n\t\t  24\/02\/2024\t\t  <\/th>\r\n          <td>\r\n\t\t\t  Trabajos que transforman tu municipio\t\t  <\/td>\r\n          <td>Valles Centrales<\/td>\r\n          <td>Visitamos San Felipe Tejal\u00e1pam, donde siempre nos reciben con gran cari\u00f1o<\/td>\r\n          <td>\r\n            <img decoding=\"async\" src=\"https:\/\/www.oaxaca.gob.mx\/giras\/wp-content\/uploads\/sites\/99\/2024\/07\/428656989_946611253493100_859214418460595867_n-150x150.jpg\" alt=\"Visitamos San Felipe Tejal\u00e1pam, donde siempre nos reciben con gran cari\u00f1o\" \/>  \r\n          <\/td>\r\n        <\/tr>\r\n                <tr>\r\n          <th scope=\"row\">\r\n\t\t  24\/02\/2024\t\t  <\/th>\r\n          <td>\r\n\t\t\t  Trabajos que transforman tu municipio\t\t  <\/td>\r\n          <td>Valles Centrales<\/td>\r\n          <td>Hoy regresamos a Ayoquezco de Aldama con resultados Acompa\u00f1ados de nuestras hermanas y hermanos<\/td>\r\n          <td>\r\n            <img decoding=\"async\" src=\"https:\/\/www.oaxaca.gob.mx\/giras\/wp-content\/uploads\/sites\/99\/2024\/07\/428653133_946752333478992_3352542030491538862_n-150x150.jpg\" alt=\"Hoy regresamos a Ayoquezco de Aldama con resultados Acompa\u00f1ados de nuestras hermanas y hermanos\" \/>  \r\n          <\/td>\r\n        <\/tr>\r\n                <tr>\r\n          <th scope=\"row\">\r\n\t\t  24\/02\/2024\t\t  <\/th>\r\n          <td>\r\n\t\t\t  Trabajos que transforman tu municipio\t\t  <\/td>\r\n          <td>Valles Centrales<\/td>\r\n          <td>Seguimos nuestro recorrido por los pueblos de Valles Centrales y en esta ocasi\u00f3n, venimos a Santa Catarina Quian\u00e9<\/td>\r\n          <td>\r\n            <img decoding=\"async\" src=\"https:\/\/www.oaxaca.gob.mx\/giras\/wp-content\/uploads\/sites\/99\/2024\/07\/428643957_946778706809688_8395057481001891610_n-150x150.jpg\" alt=\"Seguimos nuestro recorrido por los pueblos de Valles Centrales y en esta ocasi\u00f3n, venimos a Santa Catarina Quian\u00e9\" \/>  \r\n          <\/td>\r\n        <\/tr>\r\n                <tr>\r\n          <th scope=\"row\">\r\n\t\t  25\/02\/2024\t\t  <\/th>\r\n          <td>\r\n\t\t\t  Trabajos que transforman tu municipio\t\t  <\/td>\r\n          <td>Sierra Sur<\/td>\r\n          <td>Venimos a Santa Ana Tavela a presentar nuestra estrategia Trabajo que Transforma tu Municipio<\/td>\r\n          <td>\r\n            <img decoding=\"async\" src=\"https:\/\/www.oaxaca.gob.mx\/giras\/wp-content\/uploads\/sites\/99\/2024\/07\/428655753_947256403428585_3542783719797704054_n-150x150.jpg\" alt=\"Venimos a Santa Ana Tavela a presentar nuestra estrategia Trabajo que Transforma tu Municipio\" \/>  \r\n          <\/td>\r\n        <\/tr>\r\n                <tr>\r\n          <th scope=\"row\">\r\n\t\t  25\/02\/2024\t\t  <\/th>\r\n          <td>\r\n\t\t\t  Trabajos que transforman tu municipio\t\t  <\/td>\r\n          <td>Sierra Sur<\/td>\r\n          <td>Nejapa de Madero nunca m\u00e1s estar\u00e1 en el abandono y el olvido. Ahora estamos m\u00e1s cerca de su gente<\/td>\r\n          <td>\r\n            <img decoding=\"async\" src=\"https:\/\/www.oaxaca.gob.mx\/giras\/wp-content\/uploads\/sites\/99\/2024\/07\/428648909_947305426757016_5896027540574574563_n-150x150.jpg\" alt=\"Nejapa de Madero nunca m\u00e1s estar\u00e1 en el abandono y el olvido. Ahora estamos m\u00e1s cerca de su gente\" \/>  \r\n          <\/td>\r\n        <\/tr>\r\n                <tr>\r\n          <th scope=\"row\">\r\n\t\t  25\/02\/2024\t\t  <\/th>\r\n          <td>\r\n\t\t\t  Trabajos que transforman tu municipio\t\t  <\/td>\r\n          <td>Istmo<\/td>\r\n          <td>Me llena de alegr\u00eda visitar San Pedro Comitancillo, a quienes les presentamos la estrategia Trabajo que Transforma tu Municipio<\/td>\r\n          <td>\r\n            <img decoding=\"async\" src=\"https:\/\/www.oaxaca.gob.mx\/giras\/wp-content\/uploads\/sites\/99\/2024\/07\/428654079_947397056747853_6382911762116235231_n-150x150.jpg\" alt=\"Me llena de alegr\u00eda visitar San Pedro Comitancillo, a quienes les presentamos la estrategia Trabajo que Transforma tu Municipio\" \/>  \r\n          <\/td>\r\n        <\/tr>\r\n                <tr>\r\n          <th scope=\"row\">\r\n\t\t  26\/02\/2024\t\t  <\/th>\r\n          <td>\r\n\t\t\t  Presidenciales\t\t  <\/td>\r\n          <td>Istmo<\/td>\r\n          <td>Junto con nuestro Presidente Andr\u00e9s Manuel L\u00f3pez Obrador, recorrimos los alrededores del Rompeolas De Salina Cruz<\/td>\r\n          <td>\r\n            <img decoding=\"async\" src=\"https:\/\/www.oaxaca.gob.mx\/giras\/wp-content\/uploads\/sites\/99\/2024\/07\/392776509_947837076703851_6848099782039997216_n-150x150.jpg\" alt=\"Junto con nuestro Presidente Andr\u00e9s Manuel L\u00f3pez Obrador, recorrimos los alrededores del Rompeolas De Salina Cruz\" \/>  \r\n          <\/td>\r\n        <\/tr>\r\n                <tr>\r\n          <th scope=\"row\">\r\n\t\t  29\/02\/2024\t\t  <\/th>\r\n          <td>\r\n\t\t\t  Trabajos que transforman tu municipio\t\t  <\/td>\r\n          <td>Costa<\/td>\r\n          <td>San Juan Bautista Lo de Soto, una comunidad principalmente afrodescendiente<\/td>\r\n          <td>\r\n            <img decoding=\"async\" src=\"https:\/\/www.oaxaca.gob.mx\/giras\/wp-content\/uploads\/sites\/99\/2024\/07\/429568649_949250263229199_190700567501042224_n-150x150.jpg\" alt=\"San Juan Bautista Lo de Soto, una comunidad principalmente afrodescendiente\" \/>  \r\n          <\/td>\r\n        <\/tr>\r\n                <tr>\r\n          <th scope=\"row\">\r\n\t\t  29\/02\/2024\t\t  <\/th>\r\n          <td>\r\n\t\t\t  Trabajos que transforman tu municipio\t\t  <\/td>\r\n          <td>Costa<\/td>\r\n          <td>Venimos a Santa Mar\u00eda Cortijo, donde estuvimos en 2015 con nuestro Presidente Andr\u00e9s Manuel L\u00f3pez Obrador<\/td>\r\n          <td>\r\n            <img decoding=\"async\" src=\"https:\/\/www.oaxaca.gob.mx\/giras\/wp-content\/uploads\/sites\/99\/2024\/07\/428657938_949306636556895_3058602338645905128_n-150x150.jpg\" alt=\"Venimos a Santa Mar\u00eda Cortijo, donde estuvimos en 2015 con nuestro Presidente Andr\u00e9s Manuel L\u00f3pez Obrador\" \/>  \r\n          <\/td>\r\n        <\/tr>\r\n                <tr>\r\n          <th scope=\"row\">\r\n\t\t  29\/02\/2024\t\t  <\/th>\r\n          <td>\r\n\t\t\t  Trabajos que transforman tu municipio\t\t  <\/td>\r\n          <td>Costa<\/td>\r\n          <td>Llevamos la estrategia Trabajo que Transforma tu Municipio a Santiago Tapextla<\/td>\r\n          <td>\r\n            <img decoding=\"async\" src=\"https:\/\/www.oaxaca.gob.mx\/giras\/wp-content\/uploads\/sites\/99\/2024\/07\/428681121_949349749885917_6961505883359808183_n-150x150.jpg\" alt=\"Llevamos la estrategia Trabajo que Transforma tu Municipio a Santiago Tapextla\" \/>  \r\n          <\/td>\r\n        <\/tr>\r\n                <tr>\r\n          <th scope=\"row\">\r\n\t\t  29\/02\/2024\t\t  <\/th>\r\n          <td>\r\n\t\t\t  Trabajos que transforman tu municipio\t\t  <\/td>\r\n          <td>Costa<\/td>\r\n          <td>Estamos trabajando con un nuevo modelo de atenci\u00f3n, donde el gobierno va a las comunidades. Por eso, fuimos a Santo Domingo Armenta<\/td>\r\n          <td>\r\n            <img decoding=\"async\" src=\"https:\/\/www.oaxaca.gob.mx\/giras\/wp-content\/uploads\/sites\/99\/2024\/07\/428671723_949394586548100_2409737135326432622_n-150x150.jpg\" alt=\"Estamos trabajando con un nuevo modelo de atenci\u00f3n, donde el gobierno va a las comunidades. Por eso, fuimos a Santo Domingo Armenta\" \/>  \r\n          <\/td>\r\n        <\/tr>\r\n                <tr>\r\n          <th scope=\"row\">\r\n\t\t  21\/03\/2024\t\t  <\/th>\r\n          <td>\r\n\t\t\t  Presidenciales\t\t  <\/td>\r\n          <td>Valles Centrales<\/td>\r\n          <td>En el marco del natalicio del Benem\u00e9rito de las Am\u00e9ricas, participamos en la conferencia matutina de nuestro Presidente<\/td>\r\n          <td>\r\n            <img decoding=\"async\" src=\"https:\/\/www.oaxaca.gob.mx\/giras\/wp-content\/uploads\/sites\/99\/2024\/07\/434053236_960399722114253_113440212940079961_n-150x150.jpg\" alt=\"En el marco del natalicio del Benem\u00e9rito de las Am\u00e9ricas, participamos en la conferencia matutina de nuestro Presidente\" \/>  \r\n          <\/td>\r\n        <\/tr>\r\n                <tr>\r\n          <th scope=\"row\">\r\n\t\t  21\/03\/2024\t\t  <\/th>\r\n          <td>\r\n\t\t\t  Presidenciales\t\t  <\/td>\r\n          <td>Sierra Norte<\/td>\r\n          <td>En un d\u00eda significativo para la memoria de nuestro pa\u00eds, conmemoramos el 218 aniversario del natalicio de Benito Ju\u00e1rez<\/td>\r\n          <td>\r\n            <img decoding=\"async\" src=\"https:\/\/www.oaxaca.gob.mx\/giras\/wp-content\/uploads\/sites\/99\/2024\/07\/432956013_960588498762042_3419535443289702689_n-150x150.jpg\" alt=\"En un d\u00eda significativo para la memoria de nuestro pa\u00eds, conmemoramos el 218 aniversario del natalicio de Benito Ju\u00e1rez\" \/>  \r\n          <\/td>\r\n        <\/tr>\r\n                <tr>\r\n          <th scope=\"row\">\r\n\t\t  22\/03\/2024\t\t  <\/th>\r\n          <td>\r\n\t\t\t  Presidenciales\t\t  <\/td>\r\n          <td>Valles Centrales<\/td>\r\n          <td>Fue un gusto recibir la visita del Presidente Andr\u00e9s Manuel L\u00f3pez Obrador en la Casa del Pueblo<\/td>\r\n          <td>\r\n            <img decoding=\"async\" src=\"https:\/\/www.oaxaca.gob.mx\/giras\/wp-content\/uploads\/sites\/99\/2024\/07\/432925231_960973632056862_7245058309687511813_n-150x150.jpg\" alt=\"Fue un gusto recibir la visita del Presidente Andr\u00e9s Manuel L\u00f3pez Obrador en la Casa del Pueblo\" \/>  \r\n          <\/td>\r\n        <\/tr>\r\n                <tr>\r\n          <th scope=\"row\">\r\n\t\t  20\/04\/2024\t\t  <\/th>\r\n          <td>\r\n\t\t\t  Presidenciales\t\t  <\/td>\r\n          <td>Istmo<\/td>\r\n          <td>Supervisamos el avance en la construcci\u00f3n de la planta coquizadora de Salina Cruz<\/td>\r\n          <td>\r\n            <img decoding=\"async\" src=\"https:\/\/www.oaxaca.gob.mx\/giras\/wp-content\/uploads\/sites\/99\/2024\/07\/439312886_977891530365072_1622040195689185544_n-150x150.jpg\" alt=\"Supervisamos el avance en la construcci\u00f3n de la planta coquizadora de Salina Cruz\" \/>  \r\n          <\/td>\r\n        <\/tr>\r\n                <tr>\r\n          <th scope=\"row\">\r\n\t\t  18\/05\/2024\t\t  <\/th>\r\n          <td>\r\n\t\t\t  Presidenciales\t\t  <\/td>\r\n          <td>Valles Centrales<\/td>\r\n          <td>Recibimos en Oaxaca a nuestro Presidente Andr\u00e9s Manuel L\u00f3pez Obrador<\/td>\r\n          <td>\r\n            <img decoding=\"async\" src=\"https:\/\/www.oaxaca.gob.mx\/giras\/wp-content\/uploads\/sites\/99\/2024\/07\/444846044_994890488665176_7614040211670294445_n-150x150.jpg\" alt=\"Recibimos en Oaxaca a nuestro Presidente Andr\u00e9s Manuel L\u00f3pez Obrador\" \/>  \r\n          <\/td>\r\n        <\/tr>\r\n                <tr>\r\n          <th scope=\"row\">\r\n\t\t  12\/06\/2024\t\t  <\/th>\r\n          <td>\r\n\t\t\t  Trabajos que transforman tu municipio\t\t  <\/td>\r\n          <td>Mixteca<\/td>\r\n          <td>Hoy retomamos nuestras giras por los municipios y con mucho entusiasmo visitamos San Juan Diuxi<\/td>\r\n          <td>\r\n            <img decoding=\"async\" src=\"https:\/\/www.oaxaca.gob.mx\/giras\/wp-content\/uploads\/sites\/99\/2024\/07\/448237095_1009479533872938_7236911320451956685_n-150x150.jpg\" alt=\"Hoy retomamos nuestras giras por los municipios y con mucho entusiasmo visitamos San Juan Diuxi\" \/>  \r\n          <\/td>\r\n        <\/tr>\r\n                <tr>\r\n          <th scope=\"row\">\r\n\t\t  12\/06\/2024\t\t  <\/th>\r\n          <td>\r\n\t\t\t  Trabajos que transforman tu municipio\t\t  <\/td>\r\n          <td>Mixteca<\/td>\r\n          <td>Con la Presidenta Honoraria del DIF Estatal Oaxaca, Irma Bola\u00f1os, trajimos la #PrimaveraOaxaque\u00f1a a San Pedro Tida\u00e1<\/td>\r\n          <td>\r\n            <img decoding=\"async\" src=\"https:\/\/www.oaxaca.gob.mx\/giras\/wp-content\/uploads\/sites\/99\/2024\/07\/448334950_1009516577202567_2640511077428770661_n-150x150.jpg\" alt=\"Con la Presidenta Honoraria del DIF Estatal Oaxaca, Irma Bola\u00f1os, trajimos la #PrimaveraOaxaque\u00f1a a San Pedro Tida\u00e1\" \/>  \r\n          <\/td>\r\n        <\/tr>\r\n                <tr>\r\n          <th scope=\"row\">\r\n\t\t  12\/06\/2024\t\t  <\/th>\r\n          <td>\r\n\t\t\t  Trabajos que transforman tu municipio\t\t  <\/td>\r\n          <td>Mixteca<\/td>\r\n          <td>Estuvimos en Magdalena Yodocono con nuestro Presidente Andr\u00e9s Manuel L\u00f3pez Obrador, y hoy regresamos para traer resultados con nuestra estrategia Trabajo que Transforma tu Municipio<\/td>\r\n          <td>\r\n            <img decoding=\"async\" src=\"https:\/\/www.oaxaca.gob.mx\/giras\/wp-content\/uploads\/sites\/99\/2024\/07\/448268627_1009543177199907_5214341058935633293_n-150x150.jpg\" alt=\"Estuvimos en Magdalena Yodocono con nuestro Presidente Andr\u00e9s Manuel L\u00f3pez Obrador, y hoy regresamos para traer resultados con nuestra estrategia Trabajo que Transforma tu Municipio\" \/>  \r\n          <\/td>\r\n        <\/tr>\r\n                <tr>\r\n          <th scope=\"row\">\r\n\t\t  12\/06\/2024\t\t  <\/th>\r\n          <td>\r\n\t\t\t  Trabajos que transforman tu municipio\t\t  <\/td>\r\n          <td>Mixteca<\/td>\r\n          <td>En compa\u00f1\u00eda de la Presidenta Honoraria del DIF Estatal, Irma Bola\u00f1os, venimos a San Francisco Nuxa\u00f1o<\/td>\r\n          <td>\r\n            <img decoding=\"async\" src=\"https:\/\/www.oaxaca.gob.mx\/giras\/wp-content\/uploads\/sites\/99\/2024\/07\/448338061_1009564133864478_6832982009932262756_n-150x150.jpg\" alt=\"En compa\u00f1\u00eda de la Presidenta Honoraria del DIF Estatal, Irma Bola\u00f1os, venimos a San Francisco Nuxa\u00f1o\" \/>  \r\n          <\/td>\r\n        <\/tr>\r\n                <tr>\r\n          <th scope=\"row\">\r\n\t\t  12\/06\/2024\t\t  <\/th>\r\n          <td>\r\n\t\t\t  Trabajos que transforman tu municipio\t\t  <\/td>\r\n          <td>Mixteca<\/td>\r\n          <td>Llegamos a Santo Domingo Tlatay\u00e1pam para presentar nuestra estrategia Trabajo que Transforma tu Municipio<\/td>\r\n          <td>\r\n            <img decoding=\"async\" src=\"https:\/\/www.oaxaca.gob.mx\/giras\/wp-content\/uploads\/sites\/99\/2024\/07\/448271105_1009595960527962_226499874380680292_n-150x150.jpg\" alt=\"Llegamos a Santo Domingo Tlatay\u00e1pam para presentar nuestra estrategia Trabajo que Transforma tu Municipio\" \/>  \r\n          <\/td>\r\n        <\/tr>\r\n                <tr>\r\n          <th scope=\"row\">\r\n\t\t  05\/07\/2024\t\t  <\/th>\r\n          <td>\r\n\t\t\t  Trabajos que transforman tu municipio\t\t  <\/td>\r\n          <td>Valles Centrales<\/td>\r\n          <td>Retomamos los recorridos por los pueblos y comunidades de Oaxaca. En esta ocasi\u00f3n, venimos a La Compa\u00f1\u00eda<\/td>\r\n          <td>\r\n            <img decoding=\"async\" src=\"https:\/\/www.oaxaca.gob.mx\/giras\/wp-content\/uploads\/sites\/99\/2024\/07\/450215539_1023413179146240_5551651234002223591_n-150x150.jpg\" alt=\"Retomamos los recorridos por los pueblos y comunidades de Oaxaca. En esta ocasi\u00f3n, venimos a La Compa\u00f1\u00eda\" \/>  \r\n          <\/td>\r\n        <\/tr>\r\n                <tr>\r\n          <th scope=\"row\">\r\n\t\t  05\/07\/2024\t\t  <\/th>\r\n          <td>\r\n\t\t\t  Trabajos que transforman tu municipio\t\t  <\/td>\r\n          <td>Valles Centrales<\/td>\r\n          <td>Visitamos la tierra de la tuna y el mezcal, San Mart\u00edn Lachil\u00e1, donde informamos los trabajos que realizaremos<\/td>\r\n          <td>\r\n            <img decoding=\"async\" src=\"https:\/\/www.oaxaca.gob.mx\/giras\/wp-content\/uploads\/sites\/99\/2024\/07\/450005922_1023468882474003_8718459120712673184_n-150x150.jpg\" alt=\"Visitamos la tierra de la tuna y el mezcal, San Mart\u00edn Lachil\u00e1, donde informamos los trabajos que realizaremos\" \/>  \r\n          <\/td>\r\n        <\/tr>\r\n                <tr>\r\n          <th scope=\"row\">\r\n\t\t  06\/07\/2024\t\t  <\/th>\r\n          <td>\r\n\t\t\t  Trabajos que transforman tu municipio\t\t  <\/td>\r\n          <td>Ca\u00f1ada<\/td>\r\n          <td>S\u00e1bado en Santa Mar\u00eda P\u00e1palo, lugar de las mariposas<\/td>\r\n          <td>\r\n            <img decoding=\"async\" src=\"https:\/\/www.oaxaca.gob.mx\/giras\/wp-content\/uploads\/sites\/99\/2024\/07\/449827529_1023868899100668_7593245374835648940_n-150x150.jpg\" alt=\"S\u00e1bado en Santa Mar\u00eda P\u00e1palo, lugar de las mariposas\" \/>  \r\n          <\/td>\r\n        <\/tr>\r\n                <tr>\r\n          <th scope=\"row\">\r\n\t\t  06\/07\/2024\t\t  <\/th>\r\n          <td>\r\n\t\t\t  Trabajos que transforman tu municipio\t\t  <\/td>\r\n          <td>Ca\u00f1ada<\/td>\r\n          <td>Continuamos nuestro recorrido por la Sierra de Flores Mag\u00f3n en Concepci\u00f3n P\u00e1palo, donde la #PrimaveraOaxaque\u00f1a<\/td>\r\n          <td>\r\n            <img decoding=\"async\" src=\"https:\/\/www.oaxaca.gob.mx\/giras\/wp-content\/uploads\/sites\/99\/2024\/07\/450344706_1023956785758546_6038679704055813453_n-150x150.jpg\" alt=\"Continuamos nuestro recorrido por la Sierra de Flores Mag\u00f3n en Concepci\u00f3n P\u00e1palo, donde la #PrimaveraOaxaque\u00f1a\" \/>  \r\n          <\/td>\r\n        <\/tr>\r\n                <tr>\r\n          <th scope=\"row\">\r\n\t\t  06\/07\/2024\t\t  <\/th>\r\n          <td>\r\n\t\t\t  Trabajos que transforman tu municipio\t\t  <\/td>\r\n          <td>Ca\u00f1ada<\/td>\r\n          <td>Estuvimos en Santa Mar\u00eda Texcatitl\u00e1n, una tierra maravillosa que volvimos a visitar. Venimos a cambiar su historia<\/td>\r\n          <td>\r\n            <img decoding=\"async\" src=\"https:\/\/www.oaxaca.gob.mx\/giras\/wp-content\/uploads\/sites\/99\/2024\/07\/450012015_1024013112419580_4778327015381522797_n-150x150.jpg\" alt=\"Estuvimos en Santa Mar\u00eda Texcatitl\u00e1n, una tierra maravillosa que volvimos a visitar. Venimos a cambiar su historia\" \/>  \r\n          <\/td>\r\n        <\/tr>\r\n                <tr>\r\n          <th scope=\"row\">\r\n\t\t  06\/07\/2024\t\t  <\/th>\r\n          <td>\r\n\t\t\t  Territorios Bienestar\t\t  <\/td>\r\n          <td>Ca\u00f1ada<\/td>\r\n          <td>Venimos a San Pedro Jaltepetongo, comunidad que ser\u00e1 beneficiada a trav\u00e9s de nuestra estrategia 100 Municipios Territorios Bienestar<\/td>\r\n          <td>\r\n            <img decoding=\"async\" src=\"https:\/\/www.oaxaca.gob.mx\/giras\/wp-content\/uploads\/sites\/99\/2024\/07\/450206694_1024097662411125_9210300292905625499_n-150x150.jpg\" alt=\"Venimos a San Pedro Jaltepetongo, comunidad que ser\u00e1 beneficiada a trav\u00e9s de nuestra estrategia 100 Municipios Territorios Bienestar\" \/>  \r\n          <\/td>\r\n        <\/tr>\r\n                <tr>\r\n          <th scope=\"row\">\r\n\t\t  10\/07\/2024\t\t  <\/th>\r\n          <td>\r\n\t\t\t  Trabajos que transforman tu municipio\t\t  <\/td>\r\n          <td>Sierra Sur<\/td>\r\n          <td>San Jos\u00e9 del Pe\u00f1asco, donde informamos las acciones que vamos a llevar a cabo con la estrategia Trabajo que Transforma tu Municipio<\/td>\r\n          <td>\r\n            <img decoding=\"async\" src=\"https:\/\/www.oaxaca.gob.mx\/giras\/wp-content\/uploads\/sites\/99\/2024\/07\/450511127_1026285145525710_7704857245850744548_n-150x150.jpg\" alt=\"San Jos\u00e9 del Pe\u00f1asco, donde informamos las acciones que vamos a llevar a cabo con la estrategia Trabajo que Transforma tu Municipio\" \/>  \r\n          <\/td>\r\n        <\/tr>\r\n                <tr>\r\n          <th scope=\"row\">\r\n\t\t  10\/07\/2024\t\t  <\/th>\r\n          <td>\r\n\t\t\t  Trabajos que transforman tu municipio\t\t  <\/td>\r\n          <td>Sierra Sur<\/td>\r\n          <td>Visitamos Santa Cruz Xitla, un municipio de la Sierra Sur que hab\u00eda padecido d\u00e9cadas de abandono y olvido<\/td>\r\n          <td>\r\n            <img decoding=\"async\" src=\"https:\/\/www.oaxaca.gob.mx\/giras\/wp-content\/uploads\/sites\/99\/2024\/07\/450407446_1026369188850639_6140543572945820690_n-150x150.jpg\" alt=\"Visitamos Santa Cruz Xitla, un municipio de la Sierra Sur que hab\u00eda padecido d\u00e9cadas de abandono y olvido\" \/>  \r\n          <\/td>\r\n        <\/tr>\r\n                <tr>\r\n          <th scope=\"row\">\r\n\t\t  10\/07\/2024\t\t  <\/th>\r\n          <td>\r\n\t\t\t  Trabajos que transforman tu municipio\t\t  <\/td>\r\n          <td>Sierra Sur<\/td>\r\n          <td>Visitando Santa Catarina Cuixtla<\/td>\r\n          <td>\r\n            <img decoding=\"async\" src=\"https:\/\/www.oaxaca.gob.mx\/giras\/wp-content\/uploads\/sites\/99\/2024\/07\/450639185_1026410662179825_5530961914415901146_n-150x150.jpg\" alt=\"Visitando Santa Catarina Cuixtla\" \/>  \r\n          <\/td>\r\n        <\/tr>\r\n                <tr>\r\n          <th scope=\"row\">\r\n\t\t  11\/07\/2024\t\t  <\/th>\r\n          <td>\r\n\t\t\t  Trabajos que transforman tu municipio\t\t  <\/td>\r\n          <td>Costa<\/td>\r\n          <td>Llevamos la #PrimaveraOaxaque\u00f1a a San Antonio Tepetlapa, una comunidad que he visitado en muchas ocasiones<\/td>\r\n          <td>\r\n            <img decoding=\"async\" src=\"https:\/\/www.oaxaca.gob.mx\/giras\/wp-content\/uploads\/sites\/99\/2024\/07\/450724037_1026952552125636_2461670432846347342_n-150x150.jpg\" alt=\"Llevamos la #PrimaveraOaxaque\u00f1a a San Antonio Tepetlapa, una comunidad que he visitado en muchas ocasiones\" \/>  \r\n          <\/td>\r\n        <\/tr>\r\n                <tr>\r\n          <th scope=\"row\">\r\n\t\t  11\/07\/2024\t\t  <\/th>\r\n          <td>\r\n\t\t\t  Trabajos que transforman tu municipio\t\t  <\/td>\r\n          <td>Costa<\/td>\r\n          <td>En la agencia municipal de San Pedro Tulixtlahuaca, presentamos la estrategia Trabajo que Transforma tu Municipio<\/td>\r\n          <td>\r\n            <img decoding=\"async\" src=\"https:\/\/www.oaxaca.gob.mx\/giras\/wp-content\/uploads\/sites\/99\/2024\/07\/450608444_1026981258789432_3646019891627354252_n-150x150.jpg\" alt=\"En la agencia municipal de San Pedro Tulixtlahuaca, presentamos la estrategia Trabajo que Transforma tu Municipio\" \/>  \r\n          <\/td>\r\n        <\/tr>\r\n                <tr>\r\n          <th scope=\"row\">\r\n\t\t  11\/07\/2024\t\t  <\/th>\r\n          <td>\r\n\t\t\t  Trabajos que transforman tu municipio\t\t  <\/td>\r\n          <td>Costa<\/td>\r\n          <td>Venimos a San Agust\u00edn Chayuco para presentar nuestra estrategia Trabajo que Transforma tu Municipio<\/td>\r\n          <td>\r\n            <img decoding=\"async\" src=\"https:\/\/www.oaxaca.gob.mx\/giras\/wp-content\/uploads\/sites\/99\/2024\/07\/450788712_1027028848784673_1019409362754781823_n-150x150.jpg\" alt=\"Venimos a San Agust\u00edn Chayuco para presentar nuestra estrategia Trabajo que Transforma tu Municipio\" \/>  \r\n          <\/td>\r\n        <\/tr>\r\n                <tr>\r\n          <th scope=\"row\">\r\n\t\t  12\/07\/2024\t\t  <\/th>\r\n          <td>\r\n\t\t\t  Trabajos que transforman tu municipio\t\t  <\/td>\r\n          <td>Istmo<\/td>\r\n          <td>Venimos a Santiago Lachiguiri a informar las acciones que vamos a realizar con la estrategia Trabajo que Transforma tu Municipio<\/td>\r\n          <td>\r\n            <img decoding=\"async\" src=\"https:\/\/www.oaxaca.gob.mx\/giras\/wp-content\/uploads\/sites\/99\/2024\/07\/450750660_1027477995406425_8085286802776964687_n-150x150.jpg\" alt=\"Venimos a Santiago Lachiguiri a informar las acciones que vamos a realizar con la estrategia Trabajo que Transforma tu Municipio\" \/>  \r\n          <\/td>\r\n        <\/tr>\r\n                <tr>\r\n          <th scope=\"row\">\r\n\t\t  12\/07\/2024\t\t  <\/th>\r\n          <td>\r\n\t\t\t  Territorios Bienestar\t\t  <\/td>\r\n          <td>Istmo<\/td>\r\n          <td>En 2009 visit\u00e9 Santa Mar\u00eda Totolapilla, cuando acompa\u00f1\u00e9 a nuestro Presidente Andr\u00e9s Manuel L\u00f3pez Obrador en su recorrido por los 570 municipios de Oaxaca. Hoy, regresamos<\/td>\r\n          <td>\r\n            <img decoding=\"async\" src=\"https:\/\/www.oaxaca.gob.mx\/giras\/wp-content\/uploads\/sites\/99\/2024\/07\/450796794_1027560388731519_1535113118752347387_n-150x150.jpg\" alt=\"En 2009 visit\u00e9 Santa Mar\u00eda Totolapilla, cuando acompa\u00f1\u00e9 a nuestro Presidente Andr\u00e9s Manuel L\u00f3pez Obrador en su recorrido por los 570 municipios de Oaxaca. Hoy, regresamos\" \/>  \r\n          <\/td>\r\n        <\/tr>\r\n                <tr>\r\n          <th scope=\"row\">\r\n\t\t  13\/07\/2024\t\t  <\/th>\r\n          <td>\r\n\t\t\t  Trabajos que transforman tu municipio\t\t  <\/td>\r\n          <td>Mixteca<\/td>\r\n          <td>Venimos a Santa Mar\u00eda Chacho\u00e1pam para compartir nuestra estrategia Trabajo que Transforma tu Municipio<\/td>\r\n          <td>\r\n            <img decoding=\"async\" src=\"https:\/\/www.oaxaca.gob.mx\/giras\/wp-content\/uploads\/sites\/99\/2024\/07\/450811146_1028020098685548_7115324938969092694_n-150x150.jpg\" alt=\"Venimos a Santa Mar\u00eda Chacho\u00e1pam para compartir nuestra estrategia Trabajo que Transforma tu Municipio\" \/>  \r\n          <\/td>\r\n        <\/tr>\r\n                <tr>\r\n          <th scope=\"row\">\r\n\t\t  13\/07\/2024\t\t  <\/th>\r\n          <td>\r\n\t\t\t  Trabajos que transforman tu municipio\t\t  <\/td>\r\n          <td>Mixteca<\/td>\r\n          <td>Visitamos a nuestras hermanas y hermanos de San Juan Yucuita, para informarles las acciones que llevaremos a cabo<\/td>\r\n          <td>\r\n            <img decoding=\"async\" src=\"https:\/\/www.oaxaca.gob.mx\/giras\/wp-content\/uploads\/sites\/99\/2024\/07\/450909787_1028044418683116_8269097081102806772_n-150x150.jpg\" alt=\"Visitamos a nuestras hermanas y hermanos de San Juan Yucuita, para informarles las acciones que llevaremos a cabo\" \/>  \r\n          <\/td>\r\n        <\/tr>\r\n                <tr>\r\n          <th scope=\"row\">\r\n\t\t  13\/07\/2024\t\t  <\/th>\r\n          <td>\r\n\t\t\t  Trabajos que transforman tu municipio\t\t  <\/td>\r\n          <td>Mixteca<\/td>\r\n          <td>Esta tarde nos trasladamos a San Andr\u00e9s Sinaxtla, donde le refrendamos a su gente que somos un gobierno de territorio y cercano a sus necesidades<\/td>\r\n          <td>\r\n            <img decoding=\"async\" src=\"https:\/\/www.oaxaca.gob.mx\/giras\/wp-content\/uploads\/sites\/99\/2024\/07\/450596450_1028085572012334_2922384791901458470_n-150x150.jpg\" alt=\"Esta tarde nos trasladamos a San Andr\u00e9s Sinaxtla, donde le refrendamos a su gente que somos un gobierno de territorio y cercano a sus necesidades\" \/>  \r\n          <\/td>\r\n        <\/tr>\r\n                <tr>\r\n          <th scope=\"row\">\r\n\t\t  13\/07\/2024\t\t  <\/th>\r\n          <td>\r\n\t\t\t  Trabajos que transforman tu municipio\t\t  <\/td>\r\n          <td>Mixteca<\/td>\r\n          <td>Venimos a San Juan Sayultepec para continuar la Reparaci\u00f3n Hist\u00f3rica de los Pueblos y a darle respuesta a las necesidades de la poblaci\u00f3n<\/td>\r\n          <td>\r\n            <img decoding=\"async\" src=\"https:\/\/www.oaxaca.gob.mx\/giras\/wp-content\/uploads\/sites\/99\/2024\/07\/451011181_1028105888676969_3196185587836133660_n-150x150.jpg\" alt=\"Venimos a San Juan Sayultepec para continuar la Reparaci\u00f3n Hist\u00f3rica de los Pueblos y a darle respuesta a las necesidades de la poblaci\u00f3n\" \/>  \r\n          <\/td>\r\n        <\/tr>\r\n                <tr>\r\n          <th scope=\"row\">\r\n\t\t  13\/07\/2024\t\t  <\/th>\r\n          <td>\r\n\t\t\t  Trabajos que transforman tu municipio\t\t  <\/td>\r\n          <td>Mixteca<\/td>\r\n          <td>San Francisco Chind\u00faa, donde presentamos la estrategia Trabajo que Transforma tu Municipio<\/td>\r\n          <td>\r\n            <img decoding=\"async\" src=\"https:\/\/www.oaxaca.gob.mx\/giras\/wp-content\/uploads\/sites\/99\/2024\/07\/450594798_1028156332005258_6442388932025453794_n-150x150.jpg\" alt=\"San Francisco Chind\u00faa, donde presentamos la estrategia Trabajo que Transforma tu Municipio\" \/>  \r\n          <\/td>\r\n        <\/tr>\r\n                <tr>\r\n          <th scope=\"row\">\r\n\t\t  14\/06\/2024\t\t  <\/th>\r\n          <td>\r\n\t\t\t  Trabajos que transforman tu municipio\t\t  <\/td>\r\n          <td>Mixteca<\/td>\r\n          <td>Santo Domingo Tianguistengo, cuna de la pitaya, donde informamos la inversi\u00f3n que haremos<\/td>\r\n          <td>\r\n            <img decoding=\"async\" src=\"https:\/\/www.oaxaca.gob.mx\/giras\/wp-content\/uploads\/sites\/99\/2024\/07\/448397590_1010632697090955_2631366557125369707_n-150x150.jpg\" alt=\"Santo Domingo Tianguistengo, cuna de la pitaya, donde informamos la inversi\u00f3n que haremos\" \/>  \r\n          <\/td>\r\n        <\/tr>\r\n                <tr>\r\n          <th scope=\"row\">\r\n\t\t  14\/06\/2024\t\t  <\/th>\r\n          <td>\r\n\t\t\t  Trabajos que transforman tu municipio\t\t  <\/td>\r\n          <td>Mixteca<\/td>\r\n          <td>En 2009 estuvimos en Santa Catarina Zapoquila con nuestro Presidente Andr\u00e9s Manuel L\u00f3pez Obrador y hoy, venimos a traer la #PrimaveraOaxaque\u00f1a<\/td>\r\n          <td>\r\n            <img decoding=\"async\" src=\"https:\/\/www.oaxaca.gob.mx\/giras\/wp-content\/uploads\/sites\/99\/2024\/07\/448399483_1010667883754103_7995329362660195996_n-150x150.jpg\" alt=\"En 2009 estuvimos en Santa Catarina Zapoquila con nuestro Presidente Andr\u00e9s Manuel L\u00f3pez Obrador y hoy, venimos a traer la #PrimaveraOaxaque\u00f1a\" \/>  \r\n          <\/td>\r\n        <\/tr>\r\n                <tr>\r\n          <th scope=\"row\">\r\n\t\t  14\/06\/2024\t\t  <\/th>\r\n          <td>\r\n\t\t\t  Trabajos que transforman tu municipio\t\t  <\/td>\r\n          <td>Mixteca<\/td>\r\n          <td>Para m\u00ed es un gusto poder regresar a Cosoltepec, comunidad que visit\u00e9 en 2009 al lado de nuestro Presidente Andr\u00e9s Manuel L\u00f3pez Obrador<\/td>\r\n          <td>\r\n            <img decoding=\"async\" src=\"https:\/\/www.oaxaca.gob.mx\/giras\/wp-content\/uploads\/sites\/99\/2024\/07\/448395509_1010693257084899_6776595808516337434_n-150x150.jpg\" alt=\"Para m\u00ed es un gusto poder regresar a Cosoltepec, comunidad que visit\u00e9 en 2009 al lado de nuestro Presidente Andr\u00e9s Manuel L\u00f3pez Obrador\" \/>  \r\n          <\/td>\r\n        <\/tr>\r\n                <tr>\r\n          <th scope=\"row\">\r\n\t\t  14\/06\/2024\t\t  <\/th>\r\n          <td>\r\n\t\t\t  Trabajos que transforman tu municipio\t\t  <\/td>\r\n          <td>Mixteca<\/td>\r\n          <td>Camin\u00e9 al lado del Presidente Andr\u00e9s Manuel L\u00f3pez Obrador por los 570 municipios de Oaxaca y juntos visitamos San Pedro y San Pablo Tequixtepec<\/td>\r\n          <td>\r\n            <img decoding=\"async\" src=\"https:\/\/www.oaxaca.gob.mx\/giras\/wp-content\/uploads\/sites\/99\/2024\/07\/448340941_1010718557082369_4470744580221108822_n-150x150.jpg\" alt=\"Camin\u00e9 al lado del Presidente Andr\u00e9s Manuel L\u00f3pez Obrador por los 570 municipios de Oaxaca y juntos visitamos San Pedro y San Pablo Tequixtepec\" \/>  \r\n          <\/td>\r\n        <\/tr>\r\n                <tr>\r\n          <th scope=\"row\">\r\n\t\t  15\/06\/2024\t\t  <\/th>\r\n          <td>\r\n\t\t\t  Territorios Bienestar\t\t  <\/td>\r\n          <td>Valles Centrales<\/td>\r\n          <td>La Soledad Salinas, para presentar la estrategia 100 Municipios<\/td>\r\n          <td>\r\n            <img decoding=\"async\" src=\"https:\/\/www.oaxaca.gob.mx\/giras\/wp-content\/uploads\/sites\/99\/2024\/07\/448399892_1011178110369747_2605532441209972365_n-150x150.jpg\" alt=\"La Soledad Salinas, para presentar la estrategia 100 Municipios\" \/>  \r\n          <\/td>\r\n        <\/tr>\r\n                <tr>\r\n          <th scope=\"row\">\r\n\t\t  15\/06\/2024\t\t  <\/th>\r\n          <td>\r\n\t\t\t  Trabajos que transforman tu municipio\t\t  <\/td>\r\n          <td>Valles Centrales<\/td>\r\n          <td>Con nuestra estrategia Trabajo que Transforma tu Municipio, llevamos la #PrimaveraOaxaque\u00f1a a San Pablo G\u00fcil\u00e1<\/td>\r\n          <td>\r\n            <img decoding=\"async\" src=\"https:\/\/www.oaxaca.gob.mx\/giras\/wp-content\/uploads\/sites\/99\/2024\/07\/448400362_1011213020366256_394104438834638236_n-150x150.jpg\" alt=\"Con nuestra estrategia Trabajo que Transforma tu Municipio, llevamos la #PrimaveraOaxaque\u00f1a a San Pablo G\u00fcil\u00e1\" \/>  \r\n          <\/td>\r\n        <\/tr>\r\n                <tr>\r\n          <th scope=\"row\">\r\n\t\t  15\/06\/2024\t\t  <\/th>\r\n          <td>\r\n\t\t\t  Trabajos que transforman tu municipio\t\t  <\/td>\r\n          <td>Valles Centrales<\/td>\r\n          <td>Santiago Matatl\u00e1n, la Cuna del Mezcal. Venimos a presentarle a la poblaci\u00f3n nuestra estrategia Trabajo que Transforma tu Municipio<\/td>\r\n          <td>\r\n            <img decoding=\"async\" src=\"https:\/\/www.oaxaca.gob.mx\/giras\/wp-content\/uploads\/sites\/99\/2024\/07\/448397590_1011246537029571_7785259415537280590_n-150x150.jpg\" alt=\"Santiago Matatl\u00e1n, la Cuna del Mezcal. Venimos a presentarle a la poblaci\u00f3n nuestra estrategia Trabajo que Transforma tu Municipio\" \/>  \r\n          <\/td>\r\n        <\/tr>\r\n                <tr>\r\n          <th scope=\"row\">\r\n\t\t  21\/06\/2024\t\t  <\/th>\r\n          <td>\r\n\t\t\t  Presidenciales\t\t  <\/td>\r\n          <td>Istmo<\/td>\r\n          <td>Estamos con el Presidente Andr\u00e9s Manuel L\u00f3pez Obrador y la virtual Presidenta electa Claudia Sheinbaum en Mat\u00edas Romero<\/td>\r\n          <td>\r\n            <img decoding=\"async\" src=\"https:\/\/www.oaxaca.gob.mx\/giras\/wp-content\/uploads\/sites\/99\/2024\/07\/448911998_1014857416668483_8338108315456974804_n-150x150.jpg\" alt=\"Estamos con el Presidente Andr\u00e9s Manuel L\u00f3pez Obrador y la virtual Presidenta electa Claudia Sheinbaum en Mat\u00edas Romero\" \/>  \r\n          <\/td>\r\n        <\/tr>\r\n                <tr>\r\n          <th scope=\"row\">\r\n\t\t  22\/06\/2024\t\t  <\/th>\r\n          <td>\r\n\t\t\t  Presidenciales\t\t  <\/td>\r\n          <td>Costa<\/td>\r\n          <td>Con nuestro Presidente Andr\u00e9s Manuel L\u00f3pez Obrador y la virtual Presidenta electa Claudia Sheinbaum, supervisamos el astillero y el rompeolas del Puerto de Salina Cruz<\/td>\r\n          <td>\r\n            <img decoding=\"async\" src=\"https:\/\/www.oaxaca.gob.mx\/giras\/wp-content\/uploads\/sites\/99\/2024\/07\/448954014_1015284679959090_3068316352290184026_n-150x150.jpg\" alt=\"Con nuestro Presidente Andr\u00e9s Manuel L\u00f3pez Obrador y la virtual Presidenta electa Claudia Sheinbaum, supervisamos el astillero y el rompeolas del Puerto de Salina Cruz\" \/>  \r\n          <\/td>\r\n        <\/tr>\r\n                <tr>\r\n          <th scope=\"row\">\r\n\t\t  22\/06\/2024\t\t  <\/th>\r\n          <td>\r\n\t\t\t  Presidenciales\t\t  <\/td>\r\n          <td>Costa<\/td>\r\n          <td>En Santa Mar\u00eda Huatulco, acompa\u00f1amos al Presidente Andr\u00e9s Manuel L\u00f3pez Obrador y a la virtual Presidenta electa Claudia Sheinbaum<\/td>\r\n          <td>\r\n            <img decoding=\"async\" src=\"https:\/\/www.oaxaca.gob.mx\/giras\/wp-content\/uploads\/sites\/99\/2024\/07\/448915597_1015406453280246_4870411293954341789_n-150x150.jpg\" alt=\"En Santa Mar\u00eda Huatulco, acompa\u00f1amos al Presidente Andr\u00e9s Manuel L\u00f3pez Obrador y a la virtual Presidenta electa Claudia Sheinbaum\" \/>  \r\n          <\/td>\r\n        <\/tr>\r\n                <tr>\r\n          <th scope=\"row\">\r\n\t\t  22\/06\/2024\t\t  <\/th>\r\n          <td>\r\n\t\t\t  Presidenciales\t\t  <\/td>\r\n          <td>Sierra Sur<\/td>\r\n          <td>Con el Presidente Andr\u00e9s Manuel L\u00f3pez Obrador y la virtual Presidenta electa, Claudia Sheinbaum, inauguramos el Camino de Mano de Obra de Santa Catarina Coatl\u00e1n a Santa Ana Miahuatl\u00e1n<\/td>\r\n          <td>\r\n            <img decoding=\"async\" src=\"https:\/\/www.oaxaca.gob.mx\/giras\/wp-content\/uploads\/sites\/99\/2024\/07\/448953819_1015541929933365_2627618782301293999_n-150x150.jpg\" alt=\"Con el Presidente Andr\u00e9s Manuel L\u00f3pez Obrador y la virtual Presidenta electa, Claudia Sheinbaum, inauguramos el Camino de Mano de Obra de Santa Catarina Coatl\u00e1n a Santa Ana Miahuatl\u00e1n\" \/>  \r\n          <\/td>\r\n        <\/tr>\r\n                <tr>\r\n          <th scope=\"row\">\r\n\t\t  23\/06\/2024\t\t  <\/th>\r\n          <td>\r\n\t\t\t  Presidenciales\t\t  <\/td>\r\n          <td>Valles Centrales<\/td>\r\n          <td>En compa\u00f1\u00eda del Presidente Andr\u00e9s Manuel L\u00f3pez Obrador y la virtual Presidenta electa, Claudia Sheinbaum, inauguramos las instalaciones de la Guardia Nacional<\/td>\r\n          <td>\r\n            <img decoding=\"async\" src=\"https:\/\/www.oaxaca.gob.mx\/giras\/wp-content\/uploads\/sites\/99\/2024\/07\/448905006_1016047886549436_7562980735028155632_n-150x150.jpg\" alt=\"En compa\u00f1\u00eda del Presidente Andr\u00e9s Manuel L\u00f3pez Obrador y la virtual Presidenta electa, Claudia Sheinbaum, inauguramos las instalaciones de la Guardia Nacional\" \/>  \r\n          <\/td>\r\n        <\/tr>\r\n                <tr>\r\n          <th scope=\"row\">\r\n\t\t  28\/06\/2024\t\t  <\/th>\r\n          <td>\r\n\t\t\t  Trabajos que transforman tu municipio\t\t  <\/td>\r\n          <td>Mixteca<\/td>\r\n          <td>visitamos Magdalena Ocotl\u00e1n para presentar la estrategia Trabajo que Transforma tu Municipio,<\/td>\r\n          <td>\r\n            <img decoding=\"async\" src=\"https:\/\/www.oaxaca.gob.mx\/giras\/wp-content\/uploads\/sites\/99\/2024\/07\/449316774_1019071469580411_2319191024943636714_n-150x150.jpg\" alt=\"visitamos Magdalena Ocotl\u00e1n para presentar la estrategia Trabajo que Transforma tu Municipio,\" \/>  \r\n          <\/td>\r\n        <\/tr>\r\n                <tr>\r\n          <th scope=\"row\">\r\n\t\t  28\/06\/2024\t\t  <\/th>\r\n          <td>\r\n\t\t\t  Trabajos que transforman tu municipio\t\t  <\/td>\r\n          <td>Mixteca<\/td>\r\n          <td>En San Pedro M\u00e1rtir, refrendamos el compromiso de nuestra #PrimaveraOaxaque\u00f1a con la Reparaci\u00f3n Hist\u00f3rica de los Pueblos<\/td>\r\n          <td>\r\n            <img decoding=\"async\" src=\"https:\/\/www.oaxaca.gob.mx\/giras\/wp-content\/uploads\/sites\/99\/2024\/07\/449367363_1019116142909277_525683899509273102_n-150x150.jpg\" alt=\"En San Pedro M\u00e1rtir, refrendamos el compromiso de nuestra #PrimaveraOaxaque\u00f1a con la Reparaci\u00f3n Hist\u00f3rica de los Pueblos\" \/>  \r\n          <\/td>\r\n        <\/tr>\r\n                <tr>\r\n          <th scope=\"row\">\r\n\t\t  28\/06\/2024\t\t  <\/th>\r\n          <td>\r\n\t\t\t  Trabajos que transforman tu municipio\t\t  <\/td>\r\n          <td>Mixteca<\/td>\r\n          <td>Santiago Ap\u00f3stol! Junto con las funcionarias y funcionarios del Gobierno del Estado<\/td>\r\n          <td>\r\n            <img decoding=\"async\" src=\"https:\/\/www.oaxaca.gob.mx\/giras\/wp-content\/uploads\/sites\/99\/2024\/07\/449318374_1019140806240144_7177065777137364060_n-150x150.jpg\" alt=\"Santiago Ap\u00f3stol! Junto con las funcionarias y funcionarios del Gobierno del Estado\" \/>  \r\n          <\/td>\r\n        <\/tr>\r\n                <tr>\r\n          <th scope=\"row\">\r\n\t\t  28\/06\/2024\t\t  <\/th>\r\n          <td>\r\n\t\t\t  Trabajos que transforman tu municipio\t\t  <\/td>\r\n          <td>Mixteca<\/td>\r\n          <td>Santa Ana Zegache, donde presentamos nuestra estrategia Trabajo que Transforma tu Municipio<\/td>\r\n          <td>\r\n            <img decoding=\"async\" src=\"https:\/\/www.oaxaca.gob.mx\/giras\/wp-content\/uploads\/sites\/99\/2024\/07\/449401427_1019190072901884_6558988768358874818_n-150x150.jpg\" alt=\"Santa Ana Zegache, donde presentamos nuestra estrategia Trabajo que Transforma tu Municipio\" \/>  \r\n          <\/td>\r\n        <\/tr>\r\n                <tr>\r\n          <th scope=\"row\">\r\n\t\t  20\/12\/2023\t\t  <\/th>\r\n          <td>\r\n\t\t\t  \u00c1gata\t\t  <\/td>\r\n          <td>Ca\u00f1ada<\/td>\r\n          <td>Entrega de patrulla y uniforme a polic\u00edas municipales para fortalecer la labor de seguridad<\/td>\r\n          <td>\r\n            <img decoding=\"async\" src=\"https:\/\/www.oaxaca.gob.mx\/giras\/wp-content\/uploads\/sites\/99\/2024\/06\/411324408_907629284057964_6206695295333960367_n-150x150.jpg\" alt=\"Entrega de patrulla y uniforme a polic\u00edas municipales para fortalecer la labor de seguridad\" \/>  \r\n          <\/td>\r\n        <\/tr>\r\n                <tr>\r\n          <th scope=\"row\">\r\n\t\t  29\/04\/2024\t\t  <\/th>\r\n          <td>\r\n\t\t\t  Presidenciales\t\t  <\/td>\r\n          <td>Valles Centrales<\/td>\r\n          <td>Evaluaci\u00f3n al avance de las obras de infraestructura<\/td>\r\n          <td>\r\n            <img decoding=\"async\" src=\"https:\/\/www.oaxaca.gob.mx\/giras\/wp-content\/uploads\/sites\/99\/2024\/06\/439306211_977766407044251_3714634088609949557_n-150x150.jpg\" alt=\"Evaluaci\u00f3n al avance de las obras de infraestructura\" \/>  \r\n          <\/td>\r\n        <\/tr>\r\n                <tr>\r\n          <th scope=\"row\">\r\n\t\t  26\/04\/2024\t\t  <\/th>\r\n          <td>\r\n\t\t\t  Supervisiones\t\t  <\/td>\r\n          <td>Istmo<\/td>\r\n          <td>Supervisi\u00f3n de los inmuebles inscritos al plan nacional de reconstrucci\u00f3n del gobierno del estado, para la conservaci\u00f3n del patrimonio hist\u00f3rico<\/td>\r\n          <td>\r\n            <img decoding=\"async\" src=\"https:\/\/www.oaxaca.gob.mx\/giras\/wp-content\/uploads\/sites\/99\/2024\/06\/438834359_981284050025820_4055079468622121457_n-150x150.jpg\" alt=\"Supervisi\u00f3n de los inmuebles inscritos al plan nacional de reconstrucci\u00f3n del gobierno del estado, para la conservaci\u00f3n del patrimonio hist\u00f3rico\" \/>  \r\n          <\/td>\r\n        <\/tr>\r\n              <\/tbody>\r\n    <\/table>\r\n  <\/div>\r\n<\/div>\r\n\r\n<div class=\"row mb-4\">\r\n  <div class=\"col\">\r\n    <select id=\"cmbTipoGira\" name=\"cmbTipoGira\" class=\"form-select\" aria-label=\"Tipo de Gira\">\r\n      <option selected>Selecciona el tipo de gira<\/option>\r\n      <option value=\"agata\">\u00c1gata<\/option>\r\n      <option value=\"distritales\">Distritales<\/option>\r\n\t  <option value=\"inauguracion\">Inauguraci\u00f3n<\/option>\r\n      <option value=\"territorios_bienestar\">Territorios Bienestar<\/option>\r\n      <option value=\"trabajos_municipio\">Trabajos que transforman tu municipio<\/option>\r\n      <option value=\"presidenciales\">Presidenciales<\/option>\r\n      <option value=\"supervisiones\">Supervisiones<\/option>\r\n    <\/select>\r\n  <\/div>\r\n  <div class=\"col\">\r\n    <select id=\"cmbMes\" name=\"cmbMes\" class=\"form-select\" aria-label=\"Mes\">\r\n      <option selected>Selecciona el mes<\/option>\r\n      <option value=\"01\">Enero<\/option>\r\n      <option value=\"02\">Febrero<\/option>\r\n      <option value=\"03\">Marzo<\/option>\r\n      <option value=\"04\">Abril<\/option>\r\n      <option value=\"05\">Mayo<\/option>\r\n      <option value=\"06\">Junio<\/option>\r\n      <option value=\"07\">Julio<\/option>\r\n      <option value=\"08\">Agosto<\/option>\r\n      <option value=\"09\">Septiembre<\/option>\r\n      <option value=\"10\">Octubre<\/option>\r\n      <option value=\"11\">Noviembre<\/option>\r\n      <option value=\"12\">Diciembre<\/option>\r\n    <\/select>\r\n  <\/div>\r\n  <div class=\"col\">\r\n    <select id=\"cmbEjercicio\" name=\"cmbEjercicio\" class=\"form-select\" aria-label=\"A\u00f1o\">\r\n      <option selected>Selecciona el a\u00f1o<\/option>\r\n      <option value=\"2026\">2026<\/option><option value=\"2025\">2025<\/option><option value=\"2024\">2024<\/option><option value=\"2023\">2023<\/option>    <\/select>\r\n  <\/div>\r\n  <div class=\"col\">\r\n    <button id=\"btnMostrar\" type=\"button\" class=\"btn btn-primary\">Mostrar<\/button>\r\n  <\/div>\r\n<\/div>\r\n<div id=\"alert-container\"><\/div>\r\n<div id=\"map\"><\/div>\r\n\r\n<script src=\"https:\/\/unpkg.com\/leaflet@1.7.1\/dist\/leaflet.js\"><\/script>\r\n<script>\r\n  var map = L.map('map').setView([17.073239318145646, -96.72590659462116], 10); \/\/ Coordenadas iniciales y zoom\r\n  L.tileLayer('https:\/\/{s}.tile.openstreetmap.org\/{z}\/{x}\/{y}.png', {\r\n    attribution: ''\r\n  }).addTo(map);\r\n\tvar markerLayer = L.layerGroup().addTo(map);\r\n  \r\n  $( '#btnMostrar' ).on (\"click\", function() {\r\n\t  var tipo_gira;\r\n\t  var mes;\r\n\t  var ejercicio;\r\n\t  tipo_gira = $(\"#cmbTipoGira option:selected\").val();\r\n\t  mes = $(\"#cmbMes option:selected\").val();\r\n\t  ejercicio = $(\"#cmbEjercicio option:selected\").val();\r\nvar markers = [];\r\n\r\n   $.ajax({\r\n    url: '\/custom-post\/buscadorgirasajax.php',\r\n    type: 'POST',\r\n    data: {\r\n        tipo_gira: tipo_gira,\r\n        mes: mes,\r\n        ejercicio: ejercicio\r\n    },\r\n    dataType: 'json', \r\n    success: function(response) {\r\n      markerLayer.clearLayers();  \r\n\t\t $('#alert-container').html('');\r\n\t\t if (!response || response.length === 0) {\r\n        \/\/ Mostrar la alerta si no hay datos\r\n        $('#alert-container').html(`\r\n          <div class=\"alert alert-warning alert-dismissible fade show\" role=\"alert\">\r\n            <strong>\u00a1No Existe Informaci\u00f3n!<\/strong> No hay datos con la informaci\u00f3n seleccionada.\r\n            <button type=\"button\" class=\"btn-close\" data-bs-dismiss=\"alert\" aria-label=\"Close\"><\/button>\r\n          <\/div>\r\n        `);\r\n\t\t\t } else {\r\n        response.forEach(function(marker) {\r\n        L.marker([marker.latitud, marker.longitud])\r\n          .bindPopup(marker.municipio)\r\n          .addTo(markerLayer)\r\n\t\t\t.openPopup();\t\t\r\n      });\r\n\t }\r\n    },\r\n    error: function(xhr, status, error) {\r\n        console.error('Error en la solicitud Ajax: ' + error);\r\n    }\r\n  });\r\n\t  \t  \r\n  });\r\n  \r\n\tlet table = new DataTable('#tblMunic', {\r\n      language: {\r\n\t\t\"decimal\":        \"\",\r\n\t\t\"emptyTable\":     \"No hay datos disponibles en la tabla\",\r\n\t\t\"info\":           \"Mostrando _START_ a _END_ de _TOTAL_ giras\",\r\n\t\t\"infoEmpty\":      \"Mostrando 0 a 0 de 0 giras\",\r\n\t\t\"infoFiltered\":   \"(filtrado de _MAX_ total giras)\",\r\n\t\t\"infoPostFix\":    \"\",\r\n\t\t\"thousands\":      \",\",\r\n\t\t\"lengthMenu\":     \"Mostrar _MENU_ giras\",\r\n\t\t\"loadingRecords\": \"Cargando...\",\r\n\t\t\"processing\":     \"\",\r\n\t\t\"search\":         \"Buscar:\",\r\n\t\t\"zeroRecords\":    \"No se encontraron registros coincidentes\",\r\n\t\t\"paginate\": {\r\n\t\t\t\"first\":      \"Primero\",\r\n\t\t\t\"last\":       \"\u00daltimo\",\r\n\t\t\t\"next\":       \"Siguiente\",\r\n\t\t\t\"previous\":   \"Anterior\"\r\n\t\t},\r\n\t\t\"aria\": {\r\n\t\t\t\"orderable\":  \"Ordenar por esta columna\",\r\n\t\t\t\"orderableReverse\": \"Ordenar esta columna en orden inverso\"\r\n\t\t}\r\n\t  },\r\n\t  order: [[0, 'desc']]\r\n    });\r\n<\/script><\/div>\n<\/div>\n","protected":false},"excerpt":{"rendered":"<p>Municipios Visitados<\/p>\n","protected":false},"author":1,"featured_media":0,"parent":0,"menu_order":0,"comment_status":"closed","ping_status":"closed","template":"plantillas\/template-pagina-giras.php","meta":{"_acf_changed":false,"episode_type":"","audio_file":"","podmotor_file_id":"","podmotor_episode_id":"","cover_image":"","cover_image_id":"","duration":"","filesize":"","filesize_raw":"","date_recorded":"","explicit":"","block":"","itunes_episode_number":"","itunes_title":"","itunes_season_number":"","itunes_episode_type":"","footnotes":""},"categories":[],"tags":[],"class_list":["post-5","page","type-page","status-publish","hentry"],"acf":[],"publishpress_future_action":{"enabled":false,"date":"2026-05-08 03:25:18","action":"change-status","newStatus":"draft","terms":[],"taxonomy":"category","extraData":[]},"publishpress_future_workflow_manual_trigger":{"enabledWorkflows":[]},"_links":{"self":[{"href":"https:\/\/www.oaxaca.gob.mx\/giras\/wp-json\/wp\/v2\/pages\/5","targetHints":{"allow":["GET"]}}],"collection":[{"href":"https:\/\/www.oaxaca.gob.mx\/giras\/wp-json\/wp\/v2\/pages"}],"about":[{"href":"https:\/\/www.oaxaca.gob.mx\/giras\/wp-json\/wp\/v2\/types\/page"}],"author":[{"embeddable":true,"href":"https:\/\/www.oaxaca.gob.mx\/giras\/wp-json\/wp\/v2\/users\/1"}],"replies":[{"embeddable":true,"href":"https:\/\/www.oaxaca.gob.mx\/giras\/wp-json\/wp\/v2\/comments?post=5"}],"version-history":[{"count":2,"href":"https:\/\/www.oaxaca.gob.mx\/giras\/wp-json\/wp\/v2\/pages\/5\/revisions"}],"predecessor-version":[{"id":197,"href":"https:\/\/www.oaxaca.gob.mx\/giras\/wp-json\/wp\/v2\/pages\/5\/revisions\/197"}],"wp:attachment":[{"href":"https:\/\/www.oaxaca.gob.mx\/giras\/wp-json\/wp\/v2\/media?parent=5"}],"wp:term":[{"taxonomy":"category","embeddable":true,"href":"https:\/\/www.oaxaca.gob.mx\/giras\/wp-json\/wp\/v2\/categories?post=5"},{"taxonomy":"post_tag","embeddable":true,"href":"https:\/\/www.oaxaca.gob.mx\/giras\/wp-json\/wp\/v2\/tags?post=5"}],"curies":[{"name":"wp","href":"https:\/\/api.w.org\/{rel}","templated":true}]}}