{"id":7312,"date":"2019-06-18T22:10:34","date_gmt":"2019-06-18T20:10:34","guid":{"rendered":"https:\/\/www.oaxaca.gob.mx\/cortv\/?page_id=7312"},"modified":"2026-04-24T17:46:52","modified_gmt":"2026-04-24T23:46:52","slug":"convocatorias-internas","status":"publish","type":"page","link":"https:\/\/www.oaxaca.gob.mx\/cortv\/convocatorias-internas\/","title":{"rendered":"Convocatorias"},"content":{"rendered":"<h2><strong>RESULTADO DE LA CONVOCATORIA PRODUCCIONES INDEPENDIENTES 2025<\/strong><\/h2>\n<a href=\"https:\/\/www.oaxaca.gob.mx\/cortv\/wp-content\/uploads\/sites\/79\/2026\/01\/PRODUCTORES-INDEPENDIENTES-SELECCIONADOS.pdf\" class=\"pdfemb-viewer\" style=\"\" data-width=\"max\" data-height=\"max\" data-toolbar=\"top\" data-toolbar-fixed=\"on\">PRODUCTORES-INDEPENDIENTES-SELECCIONADOS<\/a>\n<h2><\/h2>\n<h2><strong>CONVOCATORIA PARA OCUPAR EL CARGO HONORIFICO DE LA DEFENSORIA DE LA AUDIENCIAS DE LA CORTV<\/strong><\/h2>\n<a href=\"https:\/\/www.oaxaca.gob.mx\/cortv\/wp-content\/uploads\/sites\/79\/2025\/12\/CONVOCATORIA-DEFENSORIA-DE-LAS-AUDIENCIAS-DE-LA-CORTV.pdf\" class=\"pdfemb-viewer\" style=\"\" data-width=\"max\" data-height=\"max\" data-toolbar=\"top\" data-toolbar-fixed=\"on\">CONVOCATORIA-DEFENSORIA-DE-LAS-AUDIENCIAS-DE-LA-CORTV<\/a>\n<h2><strong>CONVOCATORIA PRODUCCIONES INDEPENDIENTES 2025<\/strong><\/h2>\n<a href=\"https:\/\/www.oaxaca.gob.mx\/cortv\/wp-content\/uploads\/sites\/79\/2025\/08\/CONVOCATORIA-2025-Pi-11.pdf\" class=\"pdfemb-viewer\" style=\"\" data-width=\"max\" data-height=\"max\" data-toolbar=\"top\" data-toolbar-fixed=\"on\">CONVOCATORIA-2025-Pi-11<\/a>\n<h2>FICHA &#8211; CONVOCATORIA Pi11 &#8211; 2025<\/h2>\n<p><a href=\"https:\/\/www.oaxaca.gob.mx\/cortv\/wp-content\/uploads\/sites\/79\/2025\/08\/FICHA-2025-Pi-11-1.pdf\">https:\/\/www.oaxaca.gob.mx\/cortv\/wp-content\/uploads\/sites\/79\/2025\/08\/FICHA-2025-Pi-11.pdf<\/a><\/p>\n<h2><strong>RESULTADOS PRODUCCIONES INDEPENDIENTES 2024<\/strong><\/h2>\n<p>&nbsp;<\/p>\n<h2><strong>RADIO<\/strong><\/h2>\n<a href=\"https:\/\/www.oaxaca.gob.mx\/cortv\/wp-content\/uploads\/sites\/79\/2025\/04\/ANUCNIO-PI10-RADIO.pdf\" class=\"pdfemb-viewer\" style=\"\" data-width=\"max\" data-height=\"max\" data-toolbar=\"top\" data-toolbar-fixed=\"on\">ANUCNIO-PI10-RADIO<\/a>\n<h2><strong>TELEVISI\u00d3N<\/strong><\/h2>\n<a href=\"https:\/\/www.oaxaca.gob.mx\/cortv\/wp-content\/uploads\/sites\/79\/2025\/04\/ANUCNIO-PI10-TELE.pdf\" class=\"pdfemb-viewer\" style=\"\" data-width=\"max\" data-height=\"max\" data-toolbar=\"top\" data-toolbar-fixed=\"on\">ANUCNIO-PI10-TELE<\/a>\n<h2><strong>CONVOCATORIA PRODUCCIONES INDEPENDIENTES 2024<\/strong><\/h2>\n<a href=\"https:\/\/www.oaxaca.gob.mx\/cortv\/wp-content\/uploads\/sites\/79\/2024\/11\/CONVOCATORIA-Pi10-2024-1.pdf\" class=\"pdfemb-viewer\" style=\"\" data-width=\"max\" data-height=\"max\" data-toolbar=\"top\" data-toolbar-fixed=\"on\">CONVOCATORIA-Pi10-2024-1<\/a>\n<h2>FICHA &#8211; CONVOCATORIA Pi10 &#8211; 2024<\/h2>\n<p><a href=\"https:\/\/www.oaxaca.gob.mx\/cortv\/wp-content\/uploads\/sites\/79\/2024\/11\/FICHA-CONVOCATORIA-Pi10-2024.pdf\">https:\/\/www.oaxaca.gob.mx\/cortv\/wp-content\/uploads\/sites\/79\/2024\/11\/FICHA-CONVOCATORIA-Pi10-2024.pdf<\/a><\/p>\n<p>&nbsp;<\/p>\n<h2>RESULTADOS CONVOCATORIA PARA LA TITULARIDAD DE LA DEFENSOR\u00cdA DE LAS AUDIENCIAS DE LA CORTV<\/h2>\n<a href=\"https:\/\/www.oaxaca.gob.mx\/cortv\/wp-content\/uploads\/sites\/79\/2024\/11\/RESULTADOS-CONVOCATORIA-PARA-LA-TITULARIDAD-DE-LA-DEFENSORIA-DE-LAS-AUDIENCIAS-DE-LA-CORTV.pdf\" class=\"pdfemb-viewer\" style=\"\" data-width=\"max\" data-height=\"max\" data-toolbar=\"top\" data-toolbar-fixed=\"on\">RESULTADOS-CONVOCATORIA-PARA-LA-TITULARIDAD-DE-LA-DEFENSORIA-DE-LAS-AUDIENCIAS-DE-LA-CORTV<\/a>\n<p>&nbsp;<\/p>\n<h2><strong>PERSONAS POSTULANTES REGISTRADAS EN LA CONVOCATORIA PARA OCUPAR LA TITULARIDAD DE LA DEFENSOR\u00cdA DE LAS AUDIENCIAS DE LA CORTV <\/strong><\/h2>\n<a href=\"https:\/\/www.oaxaca.gob.mx\/cortv\/wp-content\/uploads\/sites\/79\/2024\/10\/DEFENSORIA-DE-LAS-AUDIENCIAS.pdf\" class=\"pdfemb-viewer\" style=\"\" data-width=\"max\" data-height=\"max\" data-toolbar=\"top\" data-toolbar-fixed=\"on\">DEFENSORIA-DE-LAS-AUDIENCIAS<\/a>\n<h2><strong>CONVOCATORIA PARA OCUPAR LA TITULARIDAD DE LA DEFENSOR\u00cdA DE LAS AUDIENCIAS DE LA CORTV<\/strong><\/h2>\n<a href=\"https:\/\/www.oaxaca.gob.mx\/cortv\/wp-content\/uploads\/sites\/79\/2024\/10\/DEFENSOR-DE-LAS-AUDIENCIAS-2024-.pdf\" class=\"pdfemb-viewer\" style=\"\" data-width=\"max\" data-height=\"max\" data-toolbar=\"top\" data-toolbar-fixed=\"on\">DEFENSOR-DE-LAS-AUDIENCIAS-2024-<\/a>\n<h2><strong>RESULTADOS PRODUCTORES INDEPENDIENTES 2023<\/strong><\/h2>\n<p><span style=\"color: #993366\"><a style=\"color: #993366\" href=\"https:\/\/www.oaxaca.gob.mx\/cortv\/wp-content\/uploads\/sites\/79\/2024\/04\/PUBLICACION-DE-RESULTADOS-PRODUCTORES-INDEPENDIENTES-2023.pdf\" target=\"_blank\" rel=\"noopener noreferrer\"><b>Descargar Resultados de Productores Independientes 2023<\/b><\/a><\/span><\/p>\n<a href=\"https:\/\/www.oaxaca.gob.mx\/cortv\/wp-content\/uploads\/sites\/79\/2024\/04\/PUBLICACION-DE-RESULTADOS-PRODUCTORES-INDEPENDIENTES-2023.pdf\" class=\"pdfemb-viewer\" style=\"\" data-width=\"max\" data-height=\"max\" data-toolbar=\"top\" data-toolbar-fixed=\"on\">PUBLICACION-DE-RESULTADOS-PRODUCTORES-INDEPENDIENTES-2023<\/a>\n<p>&nbsp;<\/p>\n<h2><strong>POSTULANTES CONSEJO DE PARTICIPACION CIUDADANA<\/strong><\/h2>\n<a href=\"https:\/\/www.oaxaca.gob.mx\/cortv\/wp-content\/uploads\/sites\/79\/2023\/12\/POSTULANTES-CONSEJO-DE-PARTICIPACION-CIUDADANA.pdf\" class=\"pdfemb-viewer\" style=\"\" data-width=\"max\" data-height=\"max\" data-toolbar=\"top\" data-toolbar-fixed=\"on\">POSTULANTES-CONSEJO-DE-PARTICIPACION-CIUDADANA<\/a>\n<p>&nbsp;<\/p>\n<h2><strong>CONVOCATORIA PRODUCTORES INDEPENDIENTES 2023<\/strong><\/h2>\n<p><span style=\"color: #993366\"><strong>Ficha T\u00e9cnica<\/strong><\/span><\/p>\n<p><a href=\"https:\/\/www.oaxaca.gob.mx\/cortv\/wp-content\/uploads\/sites\/79\/2024\/03\/FICHA-TECNICA_.pdf\">https:\/\/www.oaxaca.gob.mx\/cortv\/wp-content\/uploads\/sites\/79\/2024\/03\/FICHA-TECNICA_.pdf<\/a><\/p>\n<p><span style=\"color: #993366\"><a style=\"color: #993366\" href=\"https:\/\/www.oaxaca.gob.mx\/cortv\/wp-content\/uploads\/sites\/79\/2023\/12\/CONVOCATORIA-Pi-2023-D.pdf\"><b>Descargar Convocatoria de Productores Independientes 2023<\/b><\/a><\/span><\/p>\n<a href=\"https:\/\/www.oaxaca.gob.mx\/cortv\/wp-content\/uploads\/sites\/79\/2023\/12\/CONVOCATORIA-Pi-2023-D.pdf\" class=\"pdfemb-viewer\" style=\"\" data-width=\"max\" data-height=\"max\" data-toolbar=\"top\" data-toolbar-fixed=\"on\">CONVOCATORIA-Pi-2023-D<\/a>\n<p>&nbsp;<\/p>\n<h2>CONVOCATORIA CONSEJO CIUDADANO 2023<\/h2>\n<a href=\"https:\/\/www.oaxaca.gob.mx\/cortv\/wp-content\/uploads\/sites\/79\/2023\/09\/CONVOCATORIA-CONSEJO-CIUDADANO-2023-1.pdf\" class=\"pdfemb-viewer\" style=\"\" data-width=\"max\" data-height=\"max\" data-toolbar=\"top\" data-toolbar-fixed=\"on\">CONVOCATORIA-CONSEJO-CIUDADANO-2023-1<\/a>\n<a href=\"https:\/\/www.oaxaca.gob.mx\/cortv\/wp-content\/uploads\/sites\/79\/2023\/06\/convocatoria-consejo-ciudadano-2023.pdf\" class=\"pdfemb-viewer\" style=\"\" data-width=\"max\" data-height=\"max\" data-toolbar=\"top\" data-toolbar-fixed=\"on\">convocatoria-consejo-ciudadano-2023<\/a>\n<h2><strong>CONVOCATORIA PRODUCTORES INDEPENDIENTES 2022<\/strong><\/h2>\n<a href=\"https:\/\/www.oaxaca.gob.mx\/cortv\/wp-content\/uploads\/sites\/79\/2022\/07\/03-CONVOCATORIA-Pi-2022.pdf\" class=\"pdfemb-viewer\" style=\"\" data-width=\"max\" data-height=\"max\" data-toolbar=\"top\" data-toolbar-fixed=\"on\">03-CONVOCATORIA-Pi-2022<\/a>\n<p>&nbsp;<\/p>\n<h2>FICHA TECNICA PRODUCTORES INDEPENDIENTES 2022<\/h2>\n<p><a href=\"https:\/\/www.oaxaca.gob.mx\/cortv\/wp-content\/uploads\/sites\/79\/2022\/07\/FICHA-TECNICA-CONVOCATORIA-8aTemp.docx\">https:\/\/www.oaxaca.gob.mx\/cortv\/wp-content\/uploads\/sites\/79\/2022\/07\/FICHA-TECNICA-CONVOCATORIA-8aTemp.docx<\/a><\/p>\n<p>&nbsp;<\/p>\n<p>&nbsp;<\/p>\n<p>En cumplimiento a lo establecido en la \u201cConvocatoria para Presentar Producciones Audiovisuales 2021\u201d, se anexan los nombres de los materiales seleccionados que integrar\u00e1n el programa: \u201cProducciones Independientes\u201d en su S\u00e9ptima Temporada, los cuales ser\u00e1n transmitidos en nuestras frecuencias de radio y televisi\u00f3n.<\/p>\n<p>&nbsp;<\/p>\n<p><img loading=\"lazy\" decoding=\"async\" class=\"wp-image-8593 aligncenter\" src=\"https:\/\/www.oaxaca.gob.mx\/cortv\/wp-content\/uploads\/sites\/79\/2021\/11\/IMG-20211113-WA0011-300x240.jpg\" alt=\"\" width=\"1374\" height=\"1099\" srcset=\"https:\/\/www.oaxaca.gob.mx\/cortv\/wp-content\/uploads\/sites\/79\/2021\/11\/IMG-20211113-WA0011-300x240.jpg 300w, https:\/\/www.oaxaca.gob.mx\/cortv\/wp-content\/uploads\/sites\/79\/2021\/11\/IMG-20211113-WA0011-1024x819.jpg 1024w, https:\/\/www.oaxaca.gob.mx\/cortv\/wp-content\/uploads\/sites\/79\/2021\/11\/IMG-20211113-WA0011-768x614.jpg 768w, https:\/\/www.oaxaca.gob.mx\/cortv\/wp-content\/uploads\/sites\/79\/2021\/11\/IMG-20211113-WA0011.jpg 1280w\" sizes=\"auto, (max-width: 1374px) 100vw, 1374px\" \/><\/p>\n<p><img loading=\"lazy\" decoding=\"async\" class=\"wp-image-8592 aligncenter\" src=\"https:\/\/www.oaxaca.gob.mx\/cortv\/wp-content\/uploads\/sites\/79\/2021\/11\/IMG-20211113-WA0010-300x240.jpg\" alt=\"\" width=\"1374\" height=\"1099\" srcset=\"https:\/\/www.oaxaca.gob.mx\/cortv\/wp-content\/uploads\/sites\/79\/2021\/11\/IMG-20211113-WA0010-300x240.jpg 300w, https:\/\/www.oaxaca.gob.mx\/cortv\/wp-content\/uploads\/sites\/79\/2021\/11\/IMG-20211113-WA0010-1024x819.jpg 1024w, https:\/\/www.oaxaca.gob.mx\/cortv\/wp-content\/uploads\/sites\/79\/2021\/11\/IMG-20211113-WA0010-768x614.jpg 768w, https:\/\/www.oaxaca.gob.mx\/cortv\/wp-content\/uploads\/sites\/79\/2021\/11\/IMG-20211113-WA0010.jpg 1280w\" sizes=\"auto, (max-width: 1374px) 100vw, 1374px\" \/><\/p>\n<p><img loading=\"lazy\" decoding=\"async\" class=\"wp-image-8591 aligncenter\" src=\"https:\/\/www.oaxaca.gob.mx\/cortv\/wp-content\/uploads\/sites\/79\/2021\/11\/IMG-20211113-WA0009-300x240.jpg\" alt=\"\" width=\"1379\" height=\"1103\" srcset=\"https:\/\/www.oaxaca.gob.mx\/cortv\/wp-content\/uploads\/sites\/79\/2021\/11\/IMG-20211113-WA0009-300x240.jpg 300w, https:\/\/www.oaxaca.gob.mx\/cortv\/wp-content\/uploads\/sites\/79\/2021\/11\/IMG-20211113-WA0009-1024x819.jpg 1024w, https:\/\/www.oaxaca.gob.mx\/cortv\/wp-content\/uploads\/sites\/79\/2021\/11\/IMG-20211113-WA0009-768x614.jpg 768w, https:\/\/www.oaxaca.gob.mx\/cortv\/wp-content\/uploads\/sites\/79\/2021\/11\/IMG-20211113-WA0009.jpg 1280w\" sizes=\"auto, (max-width: 1379px) 100vw, 1379px\" \/><\/p>\n<p><img loading=\"lazy\" decoding=\"async\" class=\"wp-image-8590 aligncenter\" src=\"https:\/\/www.oaxaca.gob.mx\/cortv\/wp-content\/uploads\/sites\/79\/2021\/11\/IMG-20211113-WA0008-1-300x240.jpg\" alt=\"\" width=\"1380\" height=\"1104\" srcset=\"https:\/\/www.oaxaca.gob.mx\/cortv\/wp-content\/uploads\/sites\/79\/2021\/11\/IMG-20211113-WA0008-1-300x240.jpg 300w, https:\/\/www.oaxaca.gob.mx\/cortv\/wp-content\/uploads\/sites\/79\/2021\/11\/IMG-20211113-WA0008-1-1024x819.jpg 1024w, https:\/\/www.oaxaca.gob.mx\/cortv\/wp-content\/uploads\/sites\/79\/2021\/11\/IMG-20211113-WA0008-1-768x614.jpg 768w, https:\/\/www.oaxaca.gob.mx\/cortv\/wp-content\/uploads\/sites\/79\/2021\/11\/IMG-20211113-WA0008-1.jpg 1280w\" sizes=\"auto, (max-width: 1380px) 100vw, 1380px\" \/><\/p>\n<p><img loading=\"lazy\" decoding=\"async\" class=\"wp-image-8589 aligncenter\" src=\"https:\/\/www.oaxaca.gob.mx\/cortv\/wp-content\/uploads\/sites\/79\/2021\/11\/IMG-20211113-WA0007-1-300x240.jpg\" alt=\"\" width=\"1383\" height=\"1106\" srcset=\"https:\/\/www.oaxaca.gob.mx\/cortv\/wp-content\/uploads\/sites\/79\/2021\/11\/IMG-20211113-WA0007-1-300x240.jpg 300w, https:\/\/www.oaxaca.gob.mx\/cortv\/wp-content\/uploads\/sites\/79\/2021\/11\/IMG-20211113-WA0007-1-1024x819.jpg 1024w, https:\/\/www.oaxaca.gob.mx\/cortv\/wp-content\/uploads\/sites\/79\/2021\/11\/IMG-20211113-WA0007-1-768x614.jpg 768w, https:\/\/www.oaxaca.gob.mx\/cortv\/wp-content\/uploads\/sites\/79\/2021\/11\/IMG-20211113-WA0007-1.jpg 1280w\" sizes=\"auto, (max-width: 1383px) 100vw, 1383px\" \/><\/p>\n<p>Producciones Audiovisuales 2021<\/p>\n<a href=\"https:\/\/www.oaxaca.gob.mx\/cortv\/wp-content\/uploads\/sites\/79\/2021\/08\/CONVOCATORIA-7a-Temporada-OK.pdf\" class=\"pdfemb-viewer\" style=\"\" data-width=\"max\" data-height=\"max\" data-toolbar=\"top\" data-toolbar-fixed=\"on\">CONVOCATORIA-7a-Temporada-OK<\/a>\n<p>CONVOCATORIA CONSEJO CIUDADANO CORTV ENERO 2021<br \/>\n<a href=\"https:\/\/www.oaxaca.gob.mx\/cortv\/wp-content\/uploads\/sites\/79\/2021\/04\/CONVOCATORIA-CONSEJO-CIUDADANO-CORTVENERO2021.pdf\" class=\"pdfemb-viewer\" style=\"\" data-width=\"max\" data-height=\"max\" data-toolbar=\"top\" data-toolbar-fixed=\"on\">CONVOCATORIA-CONSEJO-CIUDADANO-CORTVENERO2021<\/a>\n<p>ACUERDO JUNTA DIRECTIVA CPC 2021<\/p>\n<a href=\"https:\/\/www.oaxaca.gob.mx\/cortv\/wp-content\/uploads\/sites\/79\/2021\/04\/acueropublicacionconvocatoriacpc2021.pdf\" class=\"pdfemb-viewer\" style=\"\" data-width=\"max\" data-height=\"max\" data-toolbar=\"top\" data-toolbar-fixed=\"on\">acueropublicacionconvocatoriacpc2021<\/a>\n<p>Resultados de la convocatoria<\/p>\n<a href=\"https:\/\/www.oaxaca.gob.mx\/cortv\/wp-content\/uploads\/sites\/79\/2020\/02\/resultados-de-la-convocatoria.pdf\" class=\"pdfemb-viewer\" style=\"\" data-width=\"max\" data-height=\"max\" data-toolbar=\"top\" data-toolbar-fixed=\"on\">resultados-de-la-convocatoria<\/a>\n<a href=\"https:\/\/www.oaxaca.gob.mx\/cortv\/wp-content\/uploads\/sites\/79\/2020\/12\/cortv.pdf\" class=\"pdfemb-viewer\" style=\"\" data-width=\"max\" data-height=\"max\" data-toolbar=\"top\" data-toolbar-fixed=\"on\">cortv<\/a>\n<p>Acuerdo habilitando 2019<\/p>\n<a href=\"https:\/\/www.oaxaca.gob.mx\/cortv\/wp-content\/uploads\/sites\/79\/2020\/02\/CPC-1.pdf\" class=\"pdfemb-viewer\" style=\"\" data-width=\"max\" data-height=\"max\" data-toolbar=\"top\" data-toolbar-fixed=\"on\">CPC-1<\/a>\n<a href=\"https:\/\/www.oaxaca.gob.mx\/cortv\/wp-content\/uploads\/sites\/79\/2020\/02\/CPC.pdf\" class=\"pdfemb-viewer\" style=\"\" data-width=\"max\" data-height=\"max\" data-toolbar=\"top\" data-toolbar-fixed=\"on\">CPC<\/a>\nCONVOCATORIA CONSEJO DE PARTICIPACI\u00d3N CIUDADANA 2019<br \/>\n<a href=\"https:\/\/www.oaxaca.gob.mx\/cortv\/wp-content\/uploads\/sites\/79\/2020\/02\/CONSEJO-PARTICIPACION-CIUDADANA-2019-2021-FINAL.pdf\" class=\"pdfemb-viewer\" style=\"\" data-width=\"max\" data-height=\"max\" data-toolbar=\"top\" data-toolbar-fixed=\"on\">CONSEJO-PARTICIPACION-CIUDADANA-2019-2021-FINAL<\/a>\n","protected":false},"excerpt":{"rendered":"<p>RESULTADO DE LA CONVOCATORIA PRODUCCIONES INDEPENDIENTES 2025 CONVOCATORIA PARA OCUPAR EL CARGO HONORIFICO DE LA DEFENSORIA DE LA AUDIENCIAS DE LA CORTV CONVOCATORIA PRODUCCIONES INDEPENDIENTES 2025 FICHA &#8211; CONVOCATORIA Pi11 &#8211; 2025 https:\/\/www.oaxaca.gob.mx\/cortv\/wp-content\/uploads\/sites\/79\/2025\/08\/FICHA-2025-Pi-11.pdf RESULTADOS PRODUCCIONES INDEPENDIENTES 2024 &nbsp; RADIO TELEVISI\u00d3N CONVOCATORIA PRODUCCIONES INDEPENDIENTES 2024 FICHA &#8211; CONVOCATORIA Pi10 &#8211; 2024 https:\/\/www.oaxaca.gob.mx\/cortv\/wp-content\/uploads\/sites\/79\/2024\/11\/FICHA-CONVOCATORIA-Pi10-2024.pdf &nbsp; RESULTADOS CONVOCATORIA PARA [&hellip;]<\/p>\n","protected":false},"author":1,"featured_media":0,"parent":0,"menu_order":0,"comment_status":"closed","ping_status":"closed","template":"","meta":{"episode_type":"","audio_file":"","podmotor_file_id":"","podmotor_episode_id":"","cover_image":"","cover_image_id":"","duration":"","filesize":"","filesize_raw":"","date_recorded":"","explicit":"","block":"","itunes_episode_number":"","itunes_title":"","itunes_season_number":"","itunes_episode_type":"","footnotes":""},"categories":[],"tags":[],"class_list":["post-7312","page","type-page","status-publish","hentry"],"acf":[],"publishpress_future_action":{"enabled":false,"date":"2026-05-05 19:58:43","action":"change-status","newStatus":"draft","terms":[],"taxonomy":"category","extraData":[]},"publishpress_future_workflow_manual_trigger":{"enabledWorkflows":[]},"_links":{"self":[{"href":"https:\/\/www.oaxaca.gob.mx\/cortv\/wp-json\/wp\/v2\/pages\/7312","targetHints":{"allow":["GET"]}}],"collection":[{"href":"https:\/\/www.oaxaca.gob.mx\/cortv\/wp-json\/wp\/v2\/pages"}],"about":[{"href":"https:\/\/www.oaxaca.gob.mx\/cortv\/wp-json\/wp\/v2\/types\/page"}],"author":[{"embeddable":true,"href":"https:\/\/www.oaxaca.gob.mx\/cortv\/wp-json\/wp\/v2\/users\/1"}],"replies":[{"embeddable":true,"href":"https:\/\/www.oaxaca.gob.mx\/cortv\/wp-json\/wp\/v2\/comments?post=7312"}],"version-history":[{"count":4,"href":"https:\/\/www.oaxaca.gob.mx\/cortv\/wp-json\/wp\/v2\/pages\/7312\/revisions"}],"predecessor-version":[{"id":16216,"href":"https:\/\/www.oaxaca.gob.mx\/cortv\/wp-json\/wp\/v2\/pages\/7312\/revisions\/16216"}],"wp:attachment":[{"href":"https:\/\/www.oaxaca.gob.mx\/cortv\/wp-json\/wp\/v2\/media?parent=7312"}],"wp:term":[{"taxonomy":"category","embeddable":true,"href":"https:\/\/www.oaxaca.gob.mx\/cortv\/wp-json\/wp\/v2\/categories?post=7312"},{"taxonomy":"post_tag","embeddable":true,"href":"https:\/\/www.oaxaca.gob.mx\/cortv\/wp-json\/wp\/v2\/tags?post=7312"}],"curies":[{"name":"wp","href":"https:\/\/api.w.org\/{rel}","templated":true}]}}