{"id":148616,"date":"2025-03-11T13:24:28","date_gmt":"2025-03-11T19:24:28","guid":{"rendered":"https:\/\/www.oaxaca.gob.mx\/comunicacion\/?page_id=148616"},"modified":"2026-04-07T12:42:57","modified_gmt":"2026-04-07T18:42:57","slug":"programa-operativo-anual","status":"publish","type":"page","link":"https:\/\/www.oaxaca.gob.mx\/comunicacion\/programa-operativo-anual\/","title":{"rendered":"Programa Operativo Anual"},"content":{"rendered":"<p>POA 2022<\/p>\n<p><a href=\"https:\/\/www.oaxaca.gob.mx\/comunicacion\/wp-content\/uploads\/sites\/28\/2023\/11\/POA-2022-CCS.pdf\">PROGRAMA OPERATIVO ANUAL DE LA COORDINACI\u00d3N DE COMUNICACI\u00d3N SOCIAL 2022.<\/a><\/p>\n<p>POA 2023<\/p>\n<p><a href=\"https:\/\/www.oaxaca.gob.mx\/comunicacion\/wp-content\/uploads\/sites\/28\/2025\/03\/POA-2023.pdf\">PROGRAMA OPERATIVO ANUAL DE LA COORDINACI\u00d3N DE COMUNICACI\u00d3N SOCIAL 2023.<\/a><\/p>\n<p>POA 2024<\/p>\n<p><a href=\"https:\/\/www.oaxaca.gob.mx\/comunicacion\/wp-content\/uploads\/sites\/28\/2025\/03\/POA-2024-CCS.pdf\">PROGRAMA OPERATIVO ANUAL DE LA COORDINACI\u00d3N DE COMUNICACI\u00d3N SOCIAL 2024.<\/a><\/p>\n<p>POA 2025<\/p>\n<p><a href=\"https:\/\/www.oaxaca.gob.mx\/comunicacion\/wp-content\/uploads\/sites\/28\/2026\/04\/POA-2025.pdf\">PROGRAMA OPERATIVO ANUAL DE LA COORDINACI\u00d3N DE COMUNICACI\u00d3N SOCIAL 2025.<\/a><\/p>\n<p>POA 2026<\/p>\n<p><a href=\"https:\/\/www.oaxaca.gob.mx\/comunicacion\/wp-content\/uploads\/sites\/28\/2026\/04\/POA-2026.pdf\">PROGRAMA OPERATIVO ANUAL DE LA COORDINACI\u00d3N DE COMUNICACI\u00d3N SOCIAL 2026.<\/a><\/p>\n","protected":false},"excerpt":{"rendered":"<p>POA 2022 PROGRAMA OPERATIVO ANUAL DE LA COORDINACI\u00d3N DE COMUNICACI\u00d3N SOCIAL 2022. POA 2023 PROGRAMA OPERATIVO ANUAL DE LA COORDINACI\u00d3N DE COMUNICACI\u00d3N SOCIAL 2023. POA 2024 PROGRAMA OPERATIVO ANUAL DE LA COORDINACI\u00d3N DE COMUNICACI\u00d3N SOCIAL 2024. POA 2025 PROGRAMA OPERATIVO ANUAL DE LA COORDINACI\u00d3N DE COMUNICACI\u00d3N SOCIAL 2025. POA 2026 PROGRAMA OPERATIVO ANUAL DE LA [&hellip;]<\/p>\n","protected":false},"author":29,"featured_media":0,"parent":0,"menu_order":0,"comment_status":"closed","ping_status":"closed","template":"","meta":{"episode_type":"","audio_file":"","podmotor_file_id":"","podmotor_episode_id":"","cover_image":"","cover_image_id":"","duration":"","filesize":"","filesize_raw":"","date_recorded":"","explicit":"","block":"","itunes_episode_number":"","itunes_title":"","itunes_season_number":"","itunes_episode_type":"","footnotes":""},"categories":[],"tags":[],"class_list":["post-148616","page","type-page","status-publish","hentry"],"acf":[],"publishpress_future_action":{"enabled":false,"date":"2026-05-05 03:59:49","action":"change-status","newStatus":"draft","terms":[],"taxonomy":"category","extraData":[]},"publishpress_future_workflow_manual_trigger":{"enabledWorkflows":[]},"_links":{"self":[{"href":"https:\/\/www.oaxaca.gob.mx\/comunicacion\/wp-json\/wp\/v2\/pages\/148616","targetHints":{"allow":["GET"]}}],"collection":[{"href":"https:\/\/www.oaxaca.gob.mx\/comunicacion\/wp-json\/wp\/v2\/pages"}],"about":[{"href":"https:\/\/www.oaxaca.gob.mx\/comunicacion\/wp-json\/wp\/v2\/types\/page"}],"author":[{"embeddable":true,"href":"https:\/\/www.oaxaca.gob.mx\/comunicacion\/wp-json\/wp\/v2\/users\/29"}],"replies":[{"embeddable":true,"href":"https:\/\/www.oaxaca.gob.mx\/comunicacion\/wp-json\/wp\/v2\/comments?post=148616"}],"version-history":[{"count":3,"href":"https:\/\/www.oaxaca.gob.mx\/comunicacion\/wp-json\/wp\/v2\/pages\/148616\/revisions"}],"predecessor-version":[{"id":175437,"href":"https:\/\/www.oaxaca.gob.mx\/comunicacion\/wp-json\/wp\/v2\/pages\/148616\/revisions\/175437"}],"wp:attachment":[{"href":"https:\/\/www.oaxaca.gob.mx\/comunicacion\/wp-json\/wp\/v2\/media?parent=148616"}],"wp:term":[{"taxonomy":"category","embeddable":true,"href":"https:\/\/www.oaxaca.gob.mx\/comunicacion\/wp-json\/wp\/v2\/categories?post=148616"},{"taxonomy":"post_tag","embeddable":true,"href":"https:\/\/www.oaxaca.gob.mx\/comunicacion\/wp-json\/wp\/v2\/tags?post=148616"}],"curies":[{"name":"wp","href":"https:\/\/api.w.org\/{rel}","templated":true}]}}