{"id":145278,"date":"2025-02-06T10:57:16","date_gmt":"2025-02-06T16:57:16","guid":{"rendered":"https:\/\/www.oaxaca.gob.mx\/comunicacion\/?page_id=145278"},"modified":"2026-04-10T13:12:57","modified_gmt":"2026-04-10T19:12:57","slug":"directorio","status":"publish","type":"page","link":"https:\/\/www.oaxaca.gob.mx\/comunicacion\/directorio\/","title":{"rendered":"Directorio"},"content":{"rendered":"<div class=\"su-table su-table-responsive su-table-alternate\">\n<table>\n<tbody>\n<tr>\n<td><strong>N\u00b0<\/strong><\/td>\n<td><strong>NOMBRE<\/strong><\/td>\n<td><strong>DEPARTAMENTO<\/strong><\/td>\n<td><strong>DIRECCI\u00d3N<\/strong><\/td>\n<td><strong>N\u00daMERO TEL. DE OFICINA<\/strong><\/td>\n<td><strong>CORREO<\/strong><\/td>\n<\/tr>\n<tr>\n<td><strong>1<\/strong><\/td>\n<td>Eulogio Daniel Hern\u00e1ndez Ju\u00e1rez<\/td>\n<td>Coordinador General de Comunicaci\u00f3n Social<\/td>\n<td>Palacio de Gobierno Valerio Trujano s\/n, Centro Hist\u00f3rico. Oaxaca de Ju\u00e1rez, Oaxaca C.P. 68000<\/td>\n<td>01 (951) 5018 100 Ext. 40007<\/td>\n<td>eulogio.hernandez@oaxaca.gob.mx<\/td>\n<\/tr>\n<tr>\n<td><strong>2<\/strong><\/td>\n<td>Jes\u00fas Emilio de Leo Blanco<\/td>\n<td>Director Administrativo<\/td>\n<td>Ciudad Administrativa \u201cBenem\u00e9rito de las Am\u00e9ricas\u201d Edificio 3 \u201cAndr\u00e9s Henestrosa\u201d, Nivel 2 Carretera Oaxaca-Istmo, KM. 11.5, Tlalixtac de Cabrera, Oaxaca. C.P. 68270<\/td>\n<td>01 (951) 5015000, Extensi\u00f3n 11501<\/td>\n<td>emilio.leo@oaxaca.gob.mx<\/td>\n<\/tr>\n<tr>\n<td><strong>3<\/strong><\/td>\n<td>Manuel P\u00e9rez Gonz\u00e1lez<\/td>\n<td>Jefe de Departamento de Recursos Humanos<\/td>\n<td>Ciudad Administrativa \u201cBenem\u00e9rito de las Am\u00e9ricas\u201d Edificio 3 \u201cAndr\u00e9s Henestrosa\u201d, Nivel 2 Carretera Oaxaca-Istmo, KM. 11.5, Tlalixtac de Cabrera, Oaxaca. C.P. 68270<\/td>\n<td>01 (951) 5015000, Extensi\u00f3n 11527 y 11510<\/td>\n<td>depto.recursos.humanos.ccs@oaxaca.gob.mx<\/td>\n<\/tr>\n<tr>\n<td><strong>4<\/strong><\/td>\n<td>Alberto Salvador Montes Quiroz<\/td>\n<td>Jefe de Departamento de Recursos Financieros<\/td>\n<td>Ciudad Administrativa \u201cBenem\u00e9rito de las Am\u00e9ricas\u201d Edificio 3 \u201cAndr\u00e9s Henestrosa\u201d, Nivel 2 Carretera Oaxaca-Istmo, KM. 11.5, Tlalixtac de Cabrera, Oaxaca. C.P. 68270<\/td>\n<td>01 (951) 5015000, Extensi\u00f3n 11505<\/td>\n<td>depto.recursos.financieros.ccs@oaxaca.gob.mx<\/td>\n<\/tr>\n<tr>\n<td><strong>5<\/strong><\/td>\n<td>S\u00f3simo Hern\u00e1ndez Santos<\/td>\n<td>Jefe de Departamento de Recursos Materiales y Servicios Generales<\/td>\n<td>Ciudad Administrativa \u201cBenem\u00e9rito de las Am\u00e9ricas\u201d Edificio 3 \u201cAndr\u00e9s Henestrosa\u201d, Nivel 2 Carretera Oaxaca-Istmo, KM. 11.5, Tlalixtac de Cabrera, Oaxaca. C.P. 68270<\/td>\n<td>01 (951) 5015000, Extensi\u00f3n 11518 y 11533<\/td>\n<td>depto.recursos.materiales.ccs@oaxaca.gob.mx<\/td>\n<\/tr>\n<tr>\n<td><strong>6<\/strong><\/td>\n<td>Miguel Gayt\u00e1n Ram\u00edrez<\/td>\n<td>Jefe de Departamento de Inform\u00e1tica y Tecnolog\u00eda<\/td>\n<td>Ciudad Administrativa \u201cBenem\u00e9rito de las Am\u00e9ricas\u201d Edificio 3 \u201cAndr\u00e9s Henestrosa\u201d, Nivel 2 Carretera Oaxaca-Istmo, KM. 11.5, Tlalixtac de Cabrera, Oaxaca. C.P. 68270<\/td>\n<td>01 (951) 5015 000 Ext. 11513<\/td>\n<td>miguel.gaytan@oaxaca.gob.mx<\/td>\n<\/tr>\n<tr>\n<td><strong>7<\/strong><\/td>\n<td>Miguel Alfonso Curioca Vega<\/td>\n<td>Jefe de Departamento Jur\u00eddico<\/td>\n<td>Ciudad Administrativa \u201cBenem\u00e9rito de las Am\u00e9ricas\u201d Edificio 3 \u201cAndr\u00e9s Henestrosa\u201d, Nivel 2 Carretera Oaxaca-Istmo, KM. 11.5, Tlalixtac de Cabrera, Oaxaca. C.P. 68270<\/td>\n<td>01 (951) 5015000, Extensi\u00f3n 11504<\/td>\n<td>departamento.juridico.ccs@oaxaca.gob.mx<\/td>\n<\/tr>\n<tr>\n<td><strong>8<\/strong><\/td>\n<td>Ariana Itzel Cruz Mesinas<\/td>\n<td>Jefa de Departamento de Pautas Institucionales<\/td>\n<td>Ciudad Administrativa \u201cBenem\u00e9rito de las Am\u00e9ricas\u201d Edificio 3 \u201cAndr\u00e9s Henestrosa\u201d, Nivel 2 Carretera Oaxaca-Istmo, KM. 11.5, Tlalixtac de Cabrera, Oaxaca. C.P. 68270<\/td>\n<td>01 (951) 5015000, Extensi\u00f3n 11530<\/td>\n<td>ariana.cruz@oaxaca.gob.mx<\/td>\n<\/tr>\n<tr>\n<td><strong>9<\/strong><\/td>\n<td>Alberto Harim\u00a0 S\u00e1nchez Ramos<\/td>\n<td>Director de Imagen y Producci\u00f3n<\/td>\n<td>Palacio de Gobierno Valerio Trujano s\/n, Centro Hist\u00f3rico. Oaxaca de Ju\u00e1rez, Oaxaca C.P. 68000<\/td>\n<td>01 (951) 5018 100 Ext. 40007<\/td>\n<td>\u00a0dir.imagenyproduccion@oaxaca.gob.mx<\/td>\n<\/tr>\n<tr>\n<td><strong>10<\/strong><\/td>\n<td>Romeo Mendoza Herrera<\/td>\n<td>Jefe de Departamento de Producci\u00f3n Audiovisual<\/td>\n<td>Palacio de Gobierno Valerio Trujano s\/n, Centro Hist\u00f3rico. Oaxaca de Ju\u00e1rez, Oaxaca C.P. 68000<\/td>\n<td>01 (951) 5018 100 Ext. 40007<\/td>\n<td>depto.produccionccs@oaxaca.gob.mx<\/td>\n<\/tr>\n<tr>\n<td><strong>11<\/strong><\/td>\n<td>Vacante<\/td>\n<td>Jefa de Departamento de Contenido Creativo<\/td>\n<td>Palacio de Gobierno Valerio Trujano s\/n, Centro Hist\u00f3rico. Oaxaca de Ju\u00e1rez, Oaxaca C.P. 68000<\/td>\n<td>01 (951) 5018 100 Ext. 40007<\/td>\n<td>\u00a0&#8211; &#8211;<\/td>\n<\/tr>\n<tr>\n<td><strong>12<\/strong><\/td>\n<td>Daniel Geovani Dom\u00ednguez Cortes<\/td>\n<td>Jefe de Departamento de Fotograf\u00eda<\/td>\n<td>Palacio de Gobierno Valerio Trujano s\/n, Centro Hist\u00f3rico. Oaxaca de Ju\u00e1rez, Oaxaca C.P. 68000<\/td>\n<td>01 (951) 5018 100 Ext. 40007<\/td>\n<td>\u00a0depto.fotografiaccs@oaxaca.gob.mx<\/td>\n<\/tr>\n<tr>\n<td><strong>13<\/strong><\/td>\n<td>Luis \u00c1ngel Vel\u00e1squez Morales<\/td>\n<td>Jefe de Departamento de Edici\u00f3n<\/td>\n<td>Palacio de Gobierno Valerio Trujano s\/n, Centro Hist\u00f3rico. Oaxaca de Ju\u00e1rez, Oaxaca C.P. 68000<\/td>\n<td>01 (951) 5018 100 Ext. 40007<\/td>\n<td>depto.edicionccs@oaxaca.gob.mx<\/td>\n<\/tr>\n<tr>\n<td><strong>14<\/strong><\/td>\n<td>\u00d3scar Javier Mateos Mendoza<\/td>\n<td>Jefe de Departamento de Dise\u00f1o Gr\u00e1fico<\/td>\n<td>Palacio de Gobierno Valerio Trujano s\/n, Centro Hist\u00f3rico. Oaxaca de Ju\u00e1rez, Oaxaca C.P. 68000<\/td>\n<td>01 (951) 5018 100 Ext. 40007<\/td>\n<td>\u00a0depto.disenograficoccs@oaxaca.gob.mx<\/td>\n<\/tr>\n<tr>\n<td><strong>15<\/strong><\/td>\n<td>Natanael Giovani Jarqu\u00edn Cruz<\/td>\n<td>Director de Prensa y Comunicaci\u00f3n Social<\/td>\n<td>Palacio de Gobierno Valerio Trujano s\/n, Centro Hist\u00f3rico. Oaxaca de Ju\u00e1rez, Oaxaca C.P. 68000<\/td>\n<td>01 (951) 5018 100 Ext. 40007<\/td>\n<td>\u00a0dir.prensaycomunicacion@oaxaca.gob.mx<\/td>\n<\/tr>\n<tr>\n<td><strong>16<\/strong><\/td>\n<td>Gabriela Reyes V\u00e1squez<\/td>\n<td>Jefa de Departamento de Atenci\u00f3n a Medios<\/td>\n<td>Palacio de Gobierno Valerio Trujano s\/n, Centro Hist\u00f3rico. Oaxaca de Ju\u00e1rez, Oaxaca C.P. 68000<\/td>\n<td>01 (951) 5018 100 Ext. 40007<\/td>\n<td>\u00a0depto.atencionamediosccs@oaxaca.gob.mx<\/td>\n<\/tr>\n<tr>\n<td><strong>17<\/strong><\/td>\n<td>Flor Elena Pacheco Hern\u00e1ndez<\/td>\n<td>Jefa de Departamento de Atenci\u00f3n a Medios Nacionales<\/td>\n<td>Palacio de Gobierno Valerio Trujano s\/n, Centro Hist\u00f3rico. Oaxaca de Ju\u00e1rez, Oaxaca C.P. 68000<\/td>\n<td>01 (951) 5018 100 Ext. 40007<\/td>\n<td>\u00a0depto.atencionnacionales.ccs@oaxaca.gob.mx<\/td>\n<\/tr>\n<tr>\n<td><strong>18<\/strong><\/td>\n<td>\u00d3scar Eduardo Contreras Cabrera<\/td>\n<td>Jefe de Departamento de Prensa Escrita<\/td>\n<td>Palacio de Gobierno Valerio Trujano s\/n, Centro Hist\u00f3rico. Oaxaca de Ju\u00e1rez, Oaxaca C.P. 68000<\/td>\n<td>01 (951) 5018 100 Ext. 40007<\/td>\n<td>\u00a0depto.prensaescritaccs@oaxaca.gob.mx<\/td>\n<\/tr>\n<tr>\n<td><strong>19<\/strong><\/td>\n<td>Victoria Adriana G\u00f3mez G\u00f3mez<\/td>\n<td>Jefa de Departamento de Prensa Digital<\/td>\n<td>Ciudad Administrativa \u201cBenem\u00e9rito de las Am\u00e9ricas\u201d Edificio 3 \u201cAndr\u00e9s Henestrosa\u201d, Nivel 2 Carretera Oaxaca-Istmo, KM. 11.5, Tlalixtac de Cabrera, Oaxaca. C.P. 68270<\/td>\n<td>01 (951)\u00a0 5015 000 Ext. 11506<\/td>\n<td>\u00a0depto.prensadigital@oaxaca.gob.mx<\/td>\n<\/tr>\n<tr>\n<td><strong>20<\/strong><\/td>\n<td>Andrea Lizeth Garc\u00eda Jarqu\u00edn<\/td>\n<td>Jefa de Departamento de Radio y Televisi\u00f3n<\/td>\n<td>Palacio de Gobierno Valerio Trujano s\/n, Centro Hist\u00f3rico. Oaxaca de Ju\u00e1rez, Oaxaca C.P. 68000<\/td>\n<td>01 (951) 5018 100 Ext. 40007<\/td>\n<td>depto.radioytelevision@oaxaca.gob.mx<\/td>\n<\/tr>\n<tr>\n<td><strong>21<\/strong><\/td>\n<td>Mart\u00edn Alejandro Feria S\u00e1nchez<\/td>\n<td>Jefe de Departamento de Monitoreo de Prensa<\/td>\n<td>Palacio de Gobierno Valerio Trujano s\/n, Centro Hist\u00f3rico. Oaxaca de Ju\u00e1rez, Oaxaca C.P. 68000<\/td>\n<td>01 (951) 5018 100 Ext. 40007<\/td>\n<td>depto.monitoreodeprensaccs@oaxaca.gob.mx<\/td>\n<\/tr>\n<tr>\n<td><strong>22<\/strong><\/td>\n<td>Denisse Valeria Chirinos Casco<\/td>\n<td>Directora de Comunicaci\u00f3n Digital<\/td>\n<td>Palacio de Gobierno Valerio Trujano s\/n, Centro Hist\u00f3rico. Oaxaca de Ju\u00e1rez, Oaxaca C.P. 68000<\/td>\n<td>01 (951) 5018 100 Ext. 40007<\/td>\n<td>dir.comunicaciondigital@oaxaca.gob.mx<\/td>\n<\/tr>\n<tr>\n<td><strong>23<\/strong><\/td>\n<td>Georgina Mariela Ninnette Barria Alba<\/td>\n<td>Jefa de Departamento de Redes Institucionales<\/td>\n<td>Palacio de Gobierno Valerio Trujano s\/n, Centro Hist\u00f3rico. Oaxaca de Ju\u00e1rez, Oaxaca C.P. 68000<\/td>\n<td>01 (951) 5018 100 Ext. 40007<\/td>\n<td>\u00a0depto.redesinstitucionales.ccs@oaxaca.gob.mx<\/td>\n<\/tr>\n<tr>\n<td><strong>24<\/strong><\/td>\n<td>Keila Cruz L\u00f3pez<\/td>\n<td>Jefa de Departamento de Plataformas y Sitios Web<\/td>\n<td>Palacio de Gobierno Valerio Trujano s\/n, Centro Hist\u00f3rico. Oaxaca de Ju\u00e1rez, Oaxaca C.P. 68000<\/td>\n<td>01 (951) 5018 100 Ext. 40007<\/td>\n<td>\u00a0depto.pltaformasysitios@oaxaca.gob.mx<\/td>\n<\/tr>\n<tr>\n<td><strong>25<\/strong><\/td>\n<td>Gildardo Arturo Elorza Garc\u00eda<\/td>\n<td>Jefe de Departamento de Publicaci\u00f3n Digital<\/td>\n<td>Palacio de Gobierno Valerio Trujano s\/n, Centro Hist\u00f3rico. Oaxaca de Ju\u00e1rez, Oaxaca C.P. 68000<\/td>\n<td>01 (951) 5018 100 Ext. 40007<\/td>\n<td>gildardo.elorza@oaxaca.gob.mx<\/td>\n<\/tr>\n<tr>\n<td><strong>26<\/strong><\/td>\n<td>Jael Alejandra Ram\u00edrez Garc\u00eda<\/td>\n<td>Directora de An\u00e1lisis, Pol\u00edticas P\u00fablicas y Discurso<\/td>\n<td>Palacio de Gobierno Valerio Trujano s\/n, Centro Hist\u00f3rico. Oaxaca de Ju\u00e1rez, Oaxaca C.P. 68000<\/td>\n<td>01 (951) 5018 100 Ext. 40007<\/td>\n<td>direccion.analisis.politicas.publicas.ccs@oaxaca.gob.mx<\/td>\n<\/tr>\n<tr>\n<td><strong>27<\/strong><\/td>\n<td>Diana Isis Molina Dom\u00ednguez<\/td>\n<td>Jefa de Departamento de Monitoreo de la Opini\u00f3n P\u00fablica<\/td>\n<td>Palacio de Gobierno Valerio Trujano s\/n, Centro Hist\u00f3rico. Oaxaca de Ju\u00e1rez, Oaxaca C.P. 68000<\/td>\n<td>01 (951) 5018 100 Ext. 40007<\/td>\n<td>\u00a0depto.opinionpublica.ccs@oaxaca.gob.mx<\/td>\n<\/tr>\n<tr>\n<td><strong>28<\/strong><\/td>\n<td>Alan de Jes\u00fas Nicol\u00e1s S\u00e1nchez<\/td>\n<td>Jefe de Departamento de Comunicaci\u00f3n de las Pol\u00edticas P\u00fablicas<\/td>\n<td>Palacio de Gobierno Valerio Trujano s\/n, Centro Hist\u00f3rico. Oaxaca de Ju\u00e1rez, Oaxaca C.P. 68000<\/td>\n<td>01 (951) 5018 100 Ext. 40007<\/td>\n<td>depto.comunicacion.politicas.publicas.ccs@oaxaca.gob.mx<\/td>\n<\/tr>\n<tr>\n<td><strong>29<\/strong><\/td>\n<td>\u00a0Constantino Cruz L\u00f3pez<\/td>\n<td>Jefe de Departamento de Discurso<\/td>\n<td>Palacio de Gobierno Valerio Trujano s\/n, Centro Hist\u00f3rico. Oaxaca de Ju\u00e1rez, Oaxaca C.P. 68000<\/td>\n<td>01 (951) 5018 100 Ext. 40007<\/td>\n<td>constantino.cruz@oaxaca.gob.mx<\/td>\n<\/tr>\n<tr>\n<td><strong>30<\/strong><\/td>\n<td>Nallely Morales Medina<\/td>\n<td>Directora de Vinculaci\u00f3n y Enlace Institucional<\/td>\n<td>Palacio de Gobierno Valerio Trujano s\/n, Centro Hist\u00f3rico. Oaxaca de Ju\u00e1rez, Oaxaca C.P. 68000<\/td>\n<td>01 (951) 5018 100 Ext. 40007<\/td>\n<td>direccionvinculacion.enlace@oaxaca.gob.mx<\/td>\n<\/tr>\n<tr>\n<td><strong>31<\/strong><\/td>\n<td>David Garc\u00eda Luis<\/td>\n<td>Jefe de Departamento de Enlace con el Gobierno Federal<\/td>\n<td>Palacio de Gobierno Valerio Trujano s\/n, Centro Hist\u00f3rico. Oaxaca de Ju\u00e1rez, Oaxaca C.P. 68000<\/td>\n<td>01 (951) 5018 100 Ext. 40007<\/td>\n<td>\u00a0depto.enlacefederal@oaxaca.gob.mx<\/td>\n<\/tr>\n<tr>\n<td><strong>32<\/strong><\/td>\n<td>Monserrat Antonio Ch\u00e1vez<\/td>\n<td>Jefa de Departamento de Enlace Interinstitucional<\/td>\n<td>Palacio de Gobierno Valerio Trujano s\/n, Centro Hist\u00f3rico. Oaxaca de Ju\u00e1rez, Oaxaca C.P. 68000<\/td>\n<td>01 (951) 5018 100 Ext. 40007<\/td>\n<td>depto.enlaceinterinstitucional@oaxaca.gob.mx<\/td>\n<\/tr>\n<tr>\n<td><strong>33<\/strong><\/td>\n<td>Marlene L\u00f3pez Gij\u00f3n<\/td>\n<td>Jefa de Departamento de Eventos Especiales<\/td>\n<td>Palacio de Gobierno Valerio Trujano s\/n, Centro Hist\u00f3rico. Oaxaca de Ju\u00e1rez, Oaxaca C.P. 68000<\/td>\n<td>01 (951) 5018 100 Ext. 40007<\/td>\n<td>\u00a0depto.eventosespeciales.ccs@oaxaca.gob.mx<\/td>\n<\/tr>\n<\/tbody>\n<\/table>\n<\/div>\n","protected":false},"excerpt":{"rendered":"","protected":false},"author":29,"featured_media":0,"parent":0,"menu_order":0,"comment_status":"closed","ping_status":"closed","template":"","meta":{"episode_type":"","audio_file":"","podmotor_file_id":"","podmotor_episode_id":"","cover_image":"","cover_image_id":"","duration":"","filesize":"","filesize_raw":"","date_recorded":"","explicit":"","block":"","itunes_episode_number":"","itunes_title":"","itunes_season_number":"","itunes_episode_type":"","footnotes":""},"categories":[],"tags":[],"class_list":["post-145278","page","type-page","status-publish","hentry"],"acf":[],"publishpress_future_action":{"enabled":false,"date":"2026-05-06 00:13:19","action":"change-status","newStatus":"draft","terms":[],"taxonomy":"category","extraData":[]},"publishpress_future_workflow_manual_trigger":{"enabledWorkflows":[]},"_links":{"self":[{"href":"https:\/\/www.oaxaca.gob.mx\/comunicacion\/wp-json\/wp\/v2\/pages\/145278","targetHints":{"allow":["GET"]}}],"collection":[{"href":"https:\/\/www.oaxaca.gob.mx\/comunicacion\/wp-json\/wp\/v2\/pages"}],"about":[{"href":"https:\/\/www.oaxaca.gob.mx\/comunicacion\/wp-json\/wp\/v2\/types\/page"}],"author":[{"embeddable":true,"href":"https:\/\/www.oaxaca.gob.mx\/comunicacion\/wp-json\/wp\/v2\/users\/29"}],"replies":[{"embeddable":true,"href":"https:\/\/www.oaxaca.gob.mx\/comunicacion\/wp-json\/wp\/v2\/comments?post=145278"}],"version-history":[{"count":2,"href":"https:\/\/www.oaxaca.gob.mx\/comunicacion\/wp-json\/wp\/v2\/pages\/145278\/revisions"}],"predecessor-version":[{"id":175516,"href":"https:\/\/www.oaxaca.gob.mx\/comunicacion\/wp-json\/wp\/v2\/pages\/145278\/revisions\/175516"}],"wp:attachment":[{"href":"https:\/\/www.oaxaca.gob.mx\/comunicacion\/wp-json\/wp\/v2\/media?parent=145278"}],"wp:term":[{"taxonomy":"category","embeddable":true,"href":"https:\/\/www.oaxaca.gob.mx\/comunicacion\/wp-json\/wp\/v2\/categories?post=145278"},{"taxonomy":"post_tag","embeddable":true,"href":"https:\/\/www.oaxaca.gob.mx\/comunicacion\/wp-json\/wp\/v2\/tags?post=145278"}],"curies":[{"name":"wp","href":"https:\/\/api.w.org\/{rel}","templated":true}]}}