{"id":710,"date":"2016-04-01T13:57:35","date_gmt":"2016-04-01T19:57:35","guid":{"rendered":"https:\/\/www.oaxaca.gob.mx\/cco\/?page_id=710"},"modified":"2022-11-30T14:06:05","modified_gmt":"2022-11-30T20:06:05","slug":"indelebles","status":"publish","type":"page","link":"https:\/\/www.oaxaca.gob.mx\/cco\/indelebles\/","title":{"rendered":"Indelebles"},"content":{"rendered":"<p>&nbsp;<\/p>\n<p>&nbsp;<\/p>\n<table style=\"height: 3663px\" width=\"824\">\n<tbody>\n<tr>\n<td width=\"219\"><a href=\"\/cco\/wp-content\/uploads\/sites\/31\/2016\/04\/Indelebles01.pdf\"><img decoding=\"async\" class=\"aligncenter\" src=\"\/cco\/wp-content\/uploads\/sites\/31\/2016\/08\/portadaInd01.jpg\" alt=\"\" \/><\/a><\/td>\n<td width=\"219\"><a href=\"\/cco\/wp-content\/uploads\/sites\/31\/2016\/04\/Indelebles02.pdf\"><img decoding=\"async\" class=\"aligncenter\" src=\"\/cco\/wp-content\/uploads\/sites\/31\/2016\/08\/portadaInd02.jpg\" alt=\"\" \/><\/a><\/td>\n<td width=\"219\"><a href=\"\/cco\/wp-content\/uploads\/sites\/31\/2016\/04\/Indelebles03.pdf\"><img decoding=\"async\" class=\"aligncenter\" src=\"\/cco\/wp-content\/uploads\/sites\/31\/2016\/08\/portadaInd03.jpg\" alt=\"\" \/><\/a><\/td>\n<td width=\"219\"><a href=\"\/cco\/wp-content\/uploads\/sites\/31\/2016\/04\/Indelebles04.pdf\"><img decoding=\"async\" class=\"aligncenter\" src=\"\/cco\/wp-content\/uploads\/sites\/31\/2016\/08\/portadaInd04.jpg\" alt=\"\" \/><\/a><\/td>\n<\/tr>\n<tr>\n<td width=\"219\">\n<p style=\"text-align: center\"><strong>Manuel Mart\u00ednez Gracida<\/strong><\/p>\n<\/td>\n<td width=\"219\">\n<p style=\"text-align: center\"><strong>Julio Bustillos Montiel<\/strong><\/p>\n<\/td>\n<td width=\"219\">\n<p style=\"text-align: center\"><strong>Jorge P\u00e9rez Guerrero<\/strong><\/p>\n<\/td>\n<td width=\"219\">\n<p style=\"text-align: center\"><strong>Samuel Mondrag\u00f3n Noriega<\/strong><\/p>\n<\/td>\n<\/tr>\n<tr>\n<td width=\"219\"><a href=\"\/cco\/wp-content\/uploads\/sites\/31\/2016\/04\/Indelebles05.pdf\"><img decoding=\"async\" class=\"aligncenter\" src=\"\/cco\/wp-content\/uploads\/sites\/31\/2016\/08\/portadaInd05.jpg\" alt=\"\" \/><\/a><\/td>\n<td width=\"219\"><a href=\"\/cco\/wp-content\/uploads\/sites\/31\/2016\/04\/Indelebles06.pdf\"><img decoding=\"async\" class=\"aligncenter\" src=\"\/cco\/wp-content\/uploads\/sites\/31\/2016\/08\/portadaInd06.jpg\" alt=\"\" \/><\/a><\/td>\n<td width=\"219\"><a href=\"\/cco\/wp-content\/uploads\/sites\/31\/2016\/04\/Indelebles07.pdf\"><img decoding=\"async\" class=\"aligncenter\" src=\"\/cco\/wp-content\/uploads\/sites\/31\/2016\/08\/portadaInd07.jpg\" alt=\"\" \/><\/a><\/td>\n<td width=\"219\"><a href=\"\/cco\/wp-content\/uploads\/sites\/31\/2016\/04\/Indelebles08.pdf\"><img decoding=\"async\" class=\"aligncenter\" src=\"\/cco\/wp-content\/uploads\/sites\/31\/2016\/08\/portadaInd08.jpg\" alt=\"\" \/><\/a><\/td>\n<\/tr>\n<tr>\n<td width=\"219\">\n<p style=\"text-align: center\"><strong>Gabino Garc\u00eda Aranda<\/strong><\/p>\n<\/td>\n<td width=\"219\">\n<p style=\"text-align: center\"><strong>Mariela Morales<\/strong><\/p>\n<\/td>\n<td width=\"219\">\n<p style=\"text-align: center\"><strong>Humberto Mu\u00f1ozcano Z\u00e1rate<\/strong><\/p>\n<\/td>\n<td width=\"219\">\n<p style=\"text-align: center\"><strong>Jorge Fernando Iturribarria Mart\u00ednez<\/strong><\/p>\n<\/td>\n<\/tr>\n<tr>\n<td width=\"219\"><a href=\"\/cco\/wp-content\/uploads\/sites\/31\/2016\/04\/Indelebles09.pdf\"><img decoding=\"async\" class=\"aligncenter\" src=\"\/cco\/wp-content\/uploads\/sites\/31\/2016\/08\/portadaInd09.jpg\" alt=\"\" \/><\/a><\/td>\n<td width=\"219\"><a href=\"\/cco\/wp-content\/uploads\/sites\/31\/2016\/04\/Indelebles10.pdf\"><img decoding=\"async\" class=\"aligncenter\" src=\"\/cco\/wp-content\/uploads\/sites\/31\/2016\/08\/portadaInd10.jpg\" alt=\"\" \/><\/a><\/td>\n<td width=\"219\"><a href=\"\/cco\/wp-content\/uploads\/sites\/31\/2016\/04\/Indelebles11.pdf\"><img decoding=\"async\" class=\"aligncenter\" src=\"\/cco\/wp-content\/uploads\/sites\/31\/2016\/08\/portadaInd11.jpg\" alt=\"\" \/><\/a><\/td>\n<td width=\"219\"><a href=\"\/cco\/wp-content\/uploads\/sites\/31\/2016\/04\/Indelebles12.pdf\"><img decoding=\"async\" class=\"aligncenter\" src=\"\/cco\/wp-content\/uploads\/sites\/31\/2016\/08\/portadaInd12.jpg\" alt=\"\" \/><\/a><\/td>\n<\/tr>\n<tr>\n<td width=\"219\">\n<p style=\"text-align: center\"><strong>Francisco Herm\u00e1ndez Dom\u00ednguez<\/strong><\/p>\n<\/td>\n<td width=\"219\">\n<p style=\"text-align: center\">\u00a0<b>Juana Catalina Romero<\/b><\/p>\n<\/td>\n<td width=\"219\">\n<p style=\"text-align: center\"><b>Alfonso Francisco Ram\u00edrez<\/b><\/p>\n<\/td>\n<td width=\"219\">\n<p style=\"text-align: center\"><strong>Everardo Ram\u00edrez Boh\u00f3rquez<\/strong><\/p>\n<\/td>\n<\/tr>\n<tr>\n<td width=\"219\"><a href=\"\/cco\/wp-content\/uploads\/sites\/31\/2016\/04\/Indelebles13.pdf\"><img decoding=\"async\" class=\"aligncenter\" src=\"\/cco\/wp-content\/uploads\/sites\/31\/2016\/08\/portadaInd13.jpg\" alt=\"\" \/><\/a><\/td>\n<td width=\"219\"><a href=\"\/cco\/wp-content\/uploads\/sites\/31\/2016\/04\/Indelebles14.pdf\"><img decoding=\"async\" class=\"aligncenter\" src=\"\/cco\/wp-content\/uploads\/sites\/31\/2016\/08\/portadaInd14.jpg\" alt=\"\" \/><\/a><\/td>\n<td width=\"219\"><a href=\"\/cco\/wp-content\/uploads\/sites\/31\/2016\/04\/Indelebles15.pdf\"><img decoding=\"async\" class=\"aligncenter\" src=\"\/cco\/wp-content\/uploads\/sites\/31\/2016\/08\/portadaInd15.jpg\" alt=\"\" \/><\/a><\/td>\n<td width=\"219\"><a href=\"\/cco\/wp-content\/uploads\/sites\/31\/2016\/04\/Indelebles-16.pdf\"><img decoding=\"async\" class=\"aligncenter\" src=\"\/cco\/wp-content\/uploads\/sites\/31\/2016\/08\/portadaInd16.jpg\" alt=\"\" \/><\/a><\/td>\n<\/tr>\n<tr>\n<td width=\"219\">\n<p style=\"text-align: center\"><strong>Guillermo Villa Casta\u00f1eda<\/strong><\/p>\n<\/td>\n<td width=\"219\">\n<p style=\"text-align: center\"><strong>Fernando Ram\u00edrez de Aguilar (Jacobo Dalevuelta)<\/strong><\/p>\n<\/td>\n<td width=\"219\">\n<p style=\"text-align: center\">\u00a0<b>Guillermo Rosas Solaegui (Chochois)<\/b><\/p>\n<\/td>\n<td width=\"219\">\n<p style=\"text-align: center\"><strong>Octavio Flores Aguill\u00f3n<\/strong><\/p>\n<\/td>\n<\/tr>\n<tr>\n<td width=\"219\"><a href=\"\/cco\/wp-content\/uploads\/sites\/31\/2016\/04\/Indelebles17.pdf\"><img decoding=\"async\" class=\"aligncenter\" src=\"\/cco\/wp-content\/uploads\/sites\/31\/2016\/08\/portadaInd17.jpg\" alt=\"\" \/><\/a><\/td>\n<td width=\"219\"><a href=\"\/cco\/wp-content\/uploads\/sites\/31\/2016\/06\/Indelebles18.pdf\"><img decoding=\"async\" class=\"aligncenter\" src=\"\/cco\/wp-content\/uploads\/sites\/31\/2016\/08\/portadaInd18.jpg\" alt=\"\" \/><\/a><\/td>\n<td width=\"219\"><a href=\"\/cco\/wp-content\/uploads\/sites\/31\/2016\/08\/Indelebles19.pdf\"><img decoding=\"async\" class=\"aligncenter\" src=\"\/cco\/wp-content\/uploads\/sites\/31\/2016\/08\/portadaInd19.jpg\" alt=\"\" \/><\/a><\/td>\n<td width=\"219\"><a href=\"\/cco\/wp-content\/uploads\/sites\/31\/2016\/08\/Indelebles20.pdf\"><img decoding=\"async\" class=\"aligncenter\" src=\"\/cco\/wp-content\/uploads\/sites\/31\/2016\/08\/portadaInd20.jpg\" alt=\"\" \/><\/a><\/td>\n<\/tr>\n<tr>\n<td width=\"219\">\n<p style=\"text-align: center\"><strong>Felix Mart\u00ednez Dolz<\/strong><\/p>\n<\/td>\n<td width=\"219\">\n<p style=\"text-align: center\"><strong>Luis Casta\u00f1eda Guzm\u00e1n<\/strong><\/p>\n<\/td>\n<td width=\"219\">\n<p style=\"text-align: center\"><strong>N\u00e9stor S\u00e1nchez Hern\u00e1ndez<\/strong><\/p>\n<\/td>\n<td width=\"219\">\n<p style=\"text-align: center\"><strong>Mar\u00eda Sabina<\/strong><\/p>\n<\/td>\n<\/tr>\n<tr>\n<td width=\"219\"><a href=\"\/cco\/wp-content\/uploads\/sites\/31\/2016\/11\/Indelebles-21.pdf\"><img decoding=\"async\" class=\"aligncenter\" src=\"\/cco\/wp-content\/uploads\/sites\/31\/2016\/11\/indeleble21.jpg\" alt=\"\" \/><\/a><\/td>\n<td width=\"219\"><a href=\"\/cco\/wp-content\/uploads\/sites\/31\/2016\/10\/Indelebles-22.pdf\"><img decoding=\"async\" class=\"aligncenter\" src=\"\/cco\/wp-content\/uploads\/sites\/31\/2016\/10\/portadaInd22.jpg\" alt=\"\" \/><\/a><\/td>\n<td width=\"219\"><a href=\"\/cco\/wp-content\/uploads\/sites\/31\/2016\/11\/Indelebles23-1.pdf\"><img decoding=\"async\" class=\"aligncenter\" src=\"\/cco\/wp-content\/uploads\/sites\/31\/2016\/11\/Indeleble23.jpg\" alt=\"\" \/><\/a><\/td>\n<td width=\"219\"><a href=\"\/cco\/wp-content\/uploads\/sites\/31\/2017\/03\/Indelebles24.pdf\"><img decoding=\"async\" class=\"aligncenter\" src=\"\/cco\/wp-content\/uploads\/sites\/31\/2017\/03\/portada24.jpg\" alt=\"\" \/><\/a><\/td>\n<\/tr>\n<tr>\n<td width=\"219\">\n<p style=\"text-align: center\"><strong>Cristina P\u00e9rez Guerrero <\/strong><\/p>\n<\/td>\n<td width=\"219\">\n<p style=\"text-align: center\"><strong>Alfredo Canseco Feraud <\/strong><\/p>\n<\/td>\n<td width=\"219\">\n<p style=\"text-align: center\"><strong>Fernando G\u00f3mez Sandoval<\/strong><\/p>\n<\/td>\n<td width=\"219\">\n<p style=\"text-align: center\"><strong>Enrique Audiffred Bustamante<\/strong><\/p>\n<\/td>\n<\/tr>\n<tr>\n<td width=\"219\"><a href=\"\/cco\/wp-content\/uploads\/sites\/31\/2017\/03\/Indelebles25.pdf\"><img decoding=\"async\" class=\"aligncenter\" src=\"\/cco\/wp-content\/uploads\/sites\/31\/2017\/03\/portada25.jpg\" alt=\"\" \/><\/a><\/td>\n<td width=\"219\"><a href=\"\/cco\/wp-content\/uploads\/sites\/31\/2017\/03\/Indelebles26.pdf\"><img decoding=\"async\" class=\"aligncenter\" src=\"\/cco\/wp-content\/uploads\/sites\/31\/2017\/03\/potada26.jpg\" alt=\"\" \/><\/a><\/td>\n<td width=\"219\"><a href=\"\/cco\/wp-content\/uploads\/sites\/31\/2017\/03\/Indelebles27.pdf\"><img decoding=\"async\" class=\"aligncenter\" src=\"\/cco\/wp-content\/uploads\/sites\/31\/2017\/03\/portada27.jpg\" alt=\"\" \/><\/a><\/td>\n<td width=\"219\"><a href=\"\/cco\/wp-content\/uploads\/sites\/31\/2017\/09\/Indelebles28.pdf\"><img decoding=\"async\" class=\"aligncenter\" src=\"\/cco\/wp-content\/uploads\/sites\/31\/2017\/09\/portada-28.jpg\" alt=\"\" \/><\/a><\/td>\n<\/tr>\n<tr>\n<td width=\"219\">\n<p style=\"text-align: center\"><strong>Guillermo Mart\u00ednez Le\u00f3n, Efren D\u00edaz Cervantes, Alfredo Feria Rend\u00f3n<\/strong><\/p>\n<\/td>\n<td width=\"219\">\n<p style=\"text-align: center\"><strong>Emilio Pimentel, Genaro V. V\u00e1squez, Eduardo Vasconcelos<\/strong><\/p>\n<\/td>\n<td width=\"219\">\n<p style=\"text-align: center\"><strong>Arcelia Ya\u00f1iz <\/strong><\/p>\n<\/td>\n<td width=\"219\">\n<p style=\"text-align: center\"><strong>Fray Francisco de Aparicio<\/strong><\/p>\n<\/td>\n<\/tr>\n<tr>\n<td width=\"219\"><a href=\"\/cco\/wp-content\/uploads\/sites\/31\/2017\/09\/Indelebles29.pdf\"><img decoding=\"async\" class=\"aligncenter\" src=\"\/cco\/wp-content\/uploads\/sites\/31\/2017\/09\/Portada-29.jpg\" alt=\"\" \/><\/a><\/td>\n<td width=\"219\"><a href=\"\/cco\/wp-content\/uploads\/sites\/31\/2017\/09\/Indelebles30.pdf\"><img decoding=\"async\" class=\"aligncenter\" src=\"\/cco\/wp-content\/uploads\/sites\/31\/2017\/09\/portada-30.jpg\" alt=\"\" \/><\/a><\/td>\n<td width=\"219\"><a href=\"\/cco\/wp-content\/uploads\/sites\/31\/2017\/09\/Indelebles31.pdf\"><img decoding=\"async\" class=\"aligncenter\" src=\"\/cco\/wp-content\/uploads\/sites\/31\/2017\/09\/portada-31.jpg\" alt=\"\" \/><\/a><\/td>\n<td width=\"219\"><a href=\"\/cco\/wp-content\/uploads\/sites\/31\/2017\/11\/indeleble-32-todo.pdf\"><img decoding=\"async\" class=\"aligncenter\" src=\"\/cco\/wp-content\/uploads\/sites\/31\/2017\/11\/portada-32.jpg\" alt=\"\" \/><\/a><\/td>\n<\/tr>\n<tr>\n<td width=\"219\">\n<p style=\"text-align: center\"><strong>Roberto Ort\u00edz Gil<\/strong><\/p>\n<\/td>\n<td width=\"219\">\n<p style=\"text-align: center\"><strong>Mateo Solana y Guti\u00e9rrez<\/strong><\/p>\n<\/td>\n<td width=\"219\">\n<p style=\"text-align: center\"><strong>Carlos Mar\u00eda de Bustamante<\/strong><\/p>\n<\/td>\n<td width=\"219\">\n<p style=\"text-align: center\"><strong>Manuel Dubl\u00e1n<\/strong><\/p>\n<\/td>\n<\/tr>\n<tr>\n<td width=\"219\"><a href=\"\/cco\/wp-content\/uploads\/sites\/31\/2017\/12\/Indelebles-33-.pdf\"><img decoding=\"async\" class=\"aligncenter\" src=\"\/cco\/wp-content\/uploads\/sites\/31\/2018\/01\/portada-33.jpg\" alt=\"\" \/><\/a><\/td>\n<td width=\"219\"><a href=\"\/cco\/wp-content\/uploads\/sites\/31\/2018\/01\/Inelebles-34.pdf\"><img decoding=\"async\" class=\"aligncenter\" src=\"\/cco\/wp-content\/uploads\/sites\/31\/2018\/01\/portada-34.jpg\" alt=\"\" \/><\/a><\/td>\n<td width=\"219\"><a href=\"\/cco\/wp-content\/uploads\/sites\/31\/2018\/03\/indeleble-35.pdf\"><img decoding=\"async\" class=\"aligncenter\" src=\"\/cco\/wp-content\/uploads\/sites\/31\/2018\/03\/portada-indeleble-35.jpg\" alt=\"\" \/><\/a><\/td>\n<td width=\"219\"><a href=\"\/cco\/wp-content\/uploads\/sites\/31\/2018\/05\/Indelebles-361.pdf\"><img decoding=\"async\" class=\"aligncenter\" src=\"\/cco\/wp-content\/uploads\/sites\/31\/2018\/05\/portada-361.jpg\" alt=\"\" \/><\/a><\/td>\n<\/tr>\n<tr>\n<td width=\"219\">\n<p style=\"text-align: center\"><strong>\u00a0Abel Santiago<\/strong><\/p>\n<\/td>\n<td width=\"219\">\n<p style=\"text-align: center\"><strong>Mat\u00edas Romero<\/strong><a style=\"font-family: inherit;font-size: inherit\"><img class=\"aligncenter\" alt=\"\" \/><\/a><\/p>\n<\/td>\n<td width=\"219\">\n<p style=\"text-align: center\"><strong>Basilio Rojas Bustamante<\/strong><\/p>\n<p style=\"text-align: center\"><strong>Guillermo Rojas Mijangos<\/strong><a><img class=\"aligncenter\" alt=\"\" \/><\/a><\/p>\n<\/td>\n<td style=\"text-align: center\" width=\"219\"><strong>Casimira Candiani\u00a0<\/strong><a><img class=\"aligncenter\" alt=\"\" \/><\/a><\/td>\n<\/tr>\n<tr>\n<td width=\"219\"><a href=\"\/cco\/wp-content\/uploads\/sites\/31\/2018\/10\/Indelebles-37.pdf\"><img decoding=\"async\" class=\"aligncenter\" src=\"\/cco\/wp-content\/uploads\/sites\/31\/2018\/10\/portada-37-.jpg\" alt=\"\" \/><\/a><\/td>\n<td width=\"219\"><a href=\"\/cco\/wp-content\/uploads\/sites\/31\/2018\/10\/indeleble-38-final.pdf\"><img decoding=\"async\" class=\"aligncenter\" src=\"\/cco\/wp-content\/uploads\/sites\/31\/2018\/10\/portada-38.jpg\" alt=\"\" \/><\/a><\/td>\n<td width=\"219\"><a href=\"\/cco\/wp-content\/uploads\/sites\/31\/2018\/10\/Indelebles-39.pdf\"><img decoding=\"async\" class=\"aligncenter\" src=\"\/cco\/wp-content\/uploads\/sites\/31\/2018\/10\/portada-39.jpg\" alt=\"\" \/><\/a><\/td>\n<td width=\"219\"><a href=\"\/cco\/wp-content\/uploads\/sites\/31\/2019\/02\/Indelebles-40.pdf\"><img decoding=\"async\" class=\"aligncenter\" src=\"\/cco\/wp-content\/uploads\/sites\/31\/2019\/02\/portadaInd40.jpg\" alt=\"\" \/><\/a><\/td>\n<td width=\"219\"><\/td>\n<\/tr>\n<tr>\n<td width=\"219\">\n<p style=\"text-align: center\"><strong>Jos\u00e9 Luis Aceves de la Mora<\/strong><\/p>\n<\/td>\n<td width=\"219\">\n<p style=\"text-align: center\"><strong>Rogelio Barriga Rivas<\/strong><\/p>\n<\/td>\n<td width=\"219\">\n<p style=\"text-align: center\"><strong>Carlos Gracida<\/strong><\/p>\n<\/td>\n<td style=\"text-align: center\" width=\"219\">\u00a0<strong>Demetrio Sodi Guerg\u00e9 Antu\u00f1ana<\/strong><\/td>\n<\/tr>\n<tr>\n<td width=\"219\"><a href=\"https:\/\/www.oaxaca.gob.mx\/cco\/wp-content\/uploads\/sites\/31\/2022\/03\/Indeleble-41-completo.pdf\"><img decoding=\"async\" class=\"aligncenter\" src=\"https:\/\/www.oaxaca.gob.mx\/cco\/wp-content\/uploads\/sites\/31\/2022\/03\/Indeleble_41.png\" alt=\"\" \/><\/a><\/td>\n<td width=\"219\"><a href=\"https:\/\/www.oaxaca.gob.mx\/cco\/wp-content\/uploads\/sites\/31\/2022\/03\/Indelebles-42.pdf\"><img decoding=\"async\" class=\"aligncenter\" src=\"https:\/\/www.oaxaca.gob.mx\/cco\/wp-content\/uploads\/sites\/31\/2022\/03\/Indeleble_42.png\" alt=\"\" \/><\/a><\/td>\n<td width=\"219\"><a href=\"https:\/\/www.oaxaca.gob.mx\/cco\/wp-content\/uploads\/sites\/31\/2022\/03\/Indelebles-43.pdf\"><img decoding=\"async\" class=\"aligncenter\" src=\"https:\/\/www.oaxaca.gob.mx\/cco\/wp-content\/uploads\/sites\/31\/2022\/03\/Indeleble_43.png\" alt=\"\" \/><\/a><\/td>\n<td width=\"219\"><a href=\"https:\/\/www.oaxaca.gob.mx\/cco\/wp-content\/uploads\/sites\/31\/2022\/03\/Indelebles-44.pdf\"><img decoding=\"async\" class=\"aligncenter\" src=\"https:\/\/www.oaxaca.gob.mx\/cco\/wp-content\/uploads\/sites\/31\/2022\/03\/Indeleble_44.png\" alt=\"\" \/><\/a><\/td>\n<td width=\"219\"><\/td>\n<\/tr>\n<tr>\n<td width=\"219\">\n<p style=\"text-align: center\"><strong>M\u00e1ximo Ram\u00f3n Ortiz<\/strong><\/p>\n<\/td>\n<td width=\"219\">\n<p style=\"text-align: center\"><strong>Fray Francisco de Burgoa<\/strong><\/p>\n<\/td>\n<td width=\"219\">\n<p style=\"text-align: center\"><strong>Ignacio Mej\u00eda<\/strong><\/p>\n<\/td>\n<td style=\"text-align: center\" width=\"219\">\u00a0<strong>Do\u00f1a Casilda<\/strong><\/td>\n<\/tr>\n<tr>\n<td width=\"219\"><a href=\"https:\/\/www.oaxaca.gob.mx\/cco\/wp-content\/uploads\/sites\/31\/2022\/03\/Indeleble-45.pdf\"><img decoding=\"async\" class=\"aligncenter\" src=\"https:\/\/www.oaxaca.gob.mx\/cco\/wp-content\/uploads\/sites\/31\/2022\/03\/Indeleble_45.png\" alt=\"\" \/><\/a><\/td>\n<td width=\"219\"><a href=\"https:\/\/www.oaxaca.gob.mx\/cco\/wp-content\/uploads\/sites\/31\/2022\/03\/Indeleble-46.pdf\"><img decoding=\"async\" class=\"aligncenter\" src=\"https:\/\/www.oaxaca.gob.mx\/cco\/wp-content\/uploads\/sites\/31\/2022\/03\/Indeleble_46.png\" alt=\"\" \/><\/a><\/td>\n<td width=\"219\"><a href=\"https:\/\/www.oaxaca.gob.mx\/cco\/wp-content\/uploads\/sites\/31\/2022\/11\/Indeleble-47_book.pdf\"><img decoding=\"async\" class=\"aligncenter\" src=\"https:\/\/www.oaxaca.gob.mx\/cco\/wp-content\/uploads\/sites\/31\/2022\/11\/Indeleble-47_book-1.jpg\" alt=\"\" width=\"245\" \/><\/a><\/td>\n<\/tr>\n<tr>\n<td width=\"219\">\n<p style=\"text-align: center\"><strong>Margarita Toledo<\/strong><\/p>\n<\/td>\n<td width=\"219\">\n<p style=\"text-align: center\"><strong>Mar\u00eda de la Luz Sara Gonz\u00e1lez Esper\u00f3n \u00abLa G\u00fcera Gonz\u00e1lez\u00bb<\/strong><\/p>\n<\/td>\n<td width=\"219\">\n<p style=\"text-align: center\"><strong>Andr\u00e9s Henestrosa \u00abRetrato de Henestrosa\u00bb<\/strong><\/p>\n<\/td>\n<\/tr>\n<\/tbody>\n<\/table>\n<p>&nbsp;<\/p>\n","protected":false},"excerpt":{"rendered":"<p>&nbsp; &nbsp; Manuel Mart\u00ednez Gracida Julio Bustillos Montiel Jorge P\u00e9rez Guerrero Samuel Mondrag\u00f3n Noriega Gabino Garc\u00eda Aranda Mariela Morales Humberto Mu\u00f1ozcano Z\u00e1rate Jorge Fernando Iturribarria Mart\u00ednez Francisco Herm\u00e1ndez Dom\u00ednguez \u00a0Juana Catalina Romero Alfonso Francisco Ram\u00edrez Everardo Ram\u00edrez Boh\u00f3rquez Guillermo Villa Casta\u00f1eda Fernando Ram\u00edrez de Aguilar (Jacobo Dalevuelta) \u00a0Guillermo Rosas Solaegui (Chochois) Octavio Flores Aguill\u00f3n Felix [&hellip;]<\/p>\n","protected":false},"author":1,"featured_media":712,"parent":0,"menu_order":0,"comment_status":"closed","ping_status":"closed","template":"","meta":{"episode_type":"","audio_file":"","podmotor_file_id":"","podmotor_episode_id":"","cover_image":"","cover_image_id":"","duration":"","filesize":"","filesize_raw":"","date_recorded":"","explicit":"","block":"","itunes_episode_number":"","itunes_title":"","itunes_season_number":"","itunes_episode_type":"","footnotes":""},"categories":[],"tags":[],"class_list":["post-710","page","type-page","status-publish","has-post-thumbnail","hentry"],"acf":[],"publishpress_future_action":{"enabled":false,"date":"2026-05-06 23:44:21","action":"change-status","newStatus":"draft","terms":[],"taxonomy":"category","extraData":[]},"publishpress_future_workflow_manual_trigger":{"enabledWorkflows":[]},"_links":{"self":[{"href":"https:\/\/www.oaxaca.gob.mx\/cco\/wp-json\/wp\/v2\/pages\/710","targetHints":{"allow":["GET"]}}],"collection":[{"href":"https:\/\/www.oaxaca.gob.mx\/cco\/wp-json\/wp\/v2\/pages"}],"about":[{"href":"https:\/\/www.oaxaca.gob.mx\/cco\/wp-json\/wp\/v2\/types\/page"}],"author":[{"embeddable":true,"href":"https:\/\/www.oaxaca.gob.mx\/cco\/wp-json\/wp\/v2\/users\/1"}],"replies":[{"embeddable":true,"href":"https:\/\/www.oaxaca.gob.mx\/cco\/wp-json\/wp\/v2\/comments?post=710"}],"version-history":[{"count":7,"href":"https:\/\/www.oaxaca.gob.mx\/cco\/wp-json\/wp\/v2\/pages\/710\/revisions"}],"predecessor-version":[{"id":8720,"href":"https:\/\/www.oaxaca.gob.mx\/cco\/wp-json\/wp\/v2\/pages\/710\/revisions\/8720"}],"wp:featuredmedia":[{"embeddable":true,"href":"https:\/\/www.oaxaca.gob.mx\/cco\/wp-json\/wp\/v2\/media\/712"}],"wp:attachment":[{"href":"https:\/\/www.oaxaca.gob.mx\/cco\/wp-json\/wp\/v2\/media?parent=710"}],"wp:term":[{"taxonomy":"category","embeddable":true,"href":"https:\/\/www.oaxaca.gob.mx\/cco\/wp-json\/wp\/v2\/categories?post=710"},{"taxonomy":"post_tag","embeddable":true,"href":"https:\/\/www.oaxaca.gob.mx\/cco\/wp-json\/wp\/v2\/tags?post=710"}],"curies":[{"name":"wp","href":"https:\/\/api.w.org\/{rel}","templated":true}]}}