{"id":4428,"date":"2019-01-08T11:43:35","date_gmt":"2019-01-08T16:43:35","guid":{"rendered":"https:\/\/www.oaxaca.gob.mx\/cao\/?page_id=4428"},"modified":"2021-08-27T13:57:51","modified_gmt":"2021-08-27T18:57:51","slug":"boletines-ano-2019","status":"publish","type":"page","link":"https:\/\/www.oaxaca.gob.mx\/cao\/boletines-ano-2019\/","title":{"rendered":"Boletines A\u00f1o 2019"},"content":{"rendered":"<div class=\"su-posts su-posts-default-loop\">\r\n\t\r\n\t\t\t\t<div id=\"su-post-8365\" class=\"su-post\">\r\n\t\t\t\t\t\t\t\t\t\t\t<a class=\"su-post-thumbnail\" href=\"https:\/\/www.oaxaca.gob.mx\/cao\/entregan-obras-carreteras-por-45-5-mdp-en-la-mixteca\/\"><img loading=\"lazy\" decoding=\"async\" width=\"952\" height=\"400\" src=\"https:\/\/www.oaxaca.gob.mx\/cao\/wp-content\/uploads\/sites\/5\/2019\/12\/inauguracion-obras-mixteca.png\" class=\"attachment-post-thumbnail size-post-thumbnail wp-post-image\" alt=\"Entregan obras carreteras por 45.5  mdp en la Mixteca.\" srcset=\"https:\/\/www.oaxaca.gob.mx\/cao\/wp-content\/uploads\/sites\/5\/2019\/12\/inauguracion-obras-mixteca.png 952w, https:\/\/www.oaxaca.gob.mx\/cao\/wp-content\/uploads\/sites\/5\/2019\/12\/inauguracion-obras-mixteca-300x126.png 300w, https:\/\/www.oaxaca.gob.mx\/cao\/wp-content\/uploads\/sites\/5\/2019\/12\/inauguracion-obras-mixteca-768x323.png 768w\" sizes=\"auto, (max-width: 952px) 100vw, 952px\" title=\"Entregan obras carreteras por 45.5  mdp en la Mixteca.\" \/><\/a>\r\n\t\t\t\t\t\t\t\t\t\t<h2 class=\"su-post-title\"><a href=\"https:\/\/www.oaxaca.gob.mx\/cao\/entregan-obras-carreteras-por-45-5-mdp-en-la-mixteca\/\">Entregan obras carreteras por 45.5  mdp en la Mixteca.<\/a><\/h2>\r\n\t\t\t\t\t<div class=\"su-post-meta\">Publicado: 13 diciembre, 2019<\/div>\r\n\t\t\t\t\t<div class=\"su-post-excerpt\">\r\n\t\t\t\t\t\t<p>Regi\u00f3n de la Mixteca, Oax. 11 de Diciembre del 2019.-&nbsp;En gira de trabajo por esta regi\u00f3n del estado, el gobernador Alejandro Murat Hinojosa puso en operaci\u00f3n obra p\u00fablica para el mejoramiento de la infraestructura carretera, el impulso empresarial y la educaci\u00f3n superior de esta zona, dispersando m\u00e1s de 72.32 millones de pesos. En la Villa [&hellip;]<\/p>\n\t\t\t\t\t<\/div>\r\n\t\t\t\t\t<a href=\"https:\/\/www.oaxaca.gob.mx\/cao\/entregan-obras-carreteras-por-45-5-mdp-en-la-mixteca\/#respond\" class=\"su-post-comments-link\">0 comentarios<\/a>\r\n\t\t\t\t<\/div>\r\n\r\n\t\t\t\t\r\n\t\t\t\t<div id=\"su-post-8251\" class=\"su-post\">\r\n\t\t\t\t\t\t\t\t\t\t\t<a class=\"su-post-thumbnail\" href=\"https:\/\/www.oaxaca.gob.mx\/cao\/alas-para-el-cambio-sumate\/\"><img loading=\"lazy\" decoding=\"async\" width=\"952\" height=\"400\" src=\"https:\/\/www.oaxaca.gob.mx\/cao\/wp-content\/uploads\/sites\/5\/2019\/11\/alas-para-el-cambio2.png\" class=\"attachment-post-thumbnail size-post-thumbnail wp-post-image\" alt=\"ALAS PARA EL CAMBIO, S\u00daMATE\" srcset=\"https:\/\/www.oaxaca.gob.mx\/cao\/wp-content\/uploads\/sites\/5\/2019\/11\/alas-para-el-cambio2.png 952w, https:\/\/www.oaxaca.gob.mx\/cao\/wp-content\/uploads\/sites\/5\/2019\/11\/alas-para-el-cambio2-300x126.png 300w, https:\/\/www.oaxaca.gob.mx\/cao\/wp-content\/uploads\/sites\/5\/2019\/11\/alas-para-el-cambio2-768x323.png 768w\" sizes=\"auto, (max-width: 952px) 100vw, 952px\" title=\"ALAS PARA EL CAMBIO, S\u00daMATE\" \/><\/a>\r\n\t\t\t\t\t\t\t\t\t\t<h2 class=\"su-post-title\"><a href=\"https:\/\/www.oaxaca.gob.mx\/cao\/alas-para-el-cambio-sumate\/\">ALAS PARA EL CAMBIO, S\u00daMATE<\/a><\/h2>\r\n\t\t\t\t\t<div class=\"su-post-meta\">Publicado: 28 noviembre, 2019<\/div>\r\n\t\t\t\t\t<div class=\"su-post-excerpt\">\r\n\t\t\t\t\t\t<p>Reyes Mantec\u00f3n, Oax. 28 de Noviembre del 2019.-&nbsp;-. Caminos y Aeropistas de Oaxaca se une a la estrategia nacional \u201cAlas para el cambio\u201d, puesta en marcha por el Instituto Nacional de Desarrollo Social (INDESOL), cuyo objetivo es movilizar a la ciudadan\u00eda para tomar conciencia del problema de la violencia contra las mujeres y tomar acciones [&hellip;]<\/p>\n\t\t\t\t\t<\/div>\r\n\t\t\t\t\t<a href=\"https:\/\/www.oaxaca.gob.mx\/cao\/alas-para-el-cambio-sumate\/#respond\" class=\"su-post-comments-link\">0 comentarios<\/a>\r\n\t\t\t\t<\/div>\r\n\r\n\t\t\t\t\r\n\t\t\t\t<div id=\"su-post-8200\" class=\"su-post\">\r\n\t\t\t\t\t\t\t\t\t\t\t<a class=\"su-post-thumbnail\" href=\"https:\/\/www.oaxaca.gob.mx\/cao\/2019\/11\/11\/inician-obras-carreteras-en-tlaxiaco\/\"><img loading=\"lazy\" decoding=\"async\" width=\"952\" height=\"400\" src=\"https:\/\/www.oaxaca.gob.mx\/cao\/wp-content\/uploads\/sites\/5\/2019\/11\/obras-tlaxiaco.png\" class=\"attachment-post-thumbnail size-post-thumbnail wp-post-image\" alt=\"Inician obras carreteras en Tlaxiaco.\" srcset=\"https:\/\/www.oaxaca.gob.mx\/cao\/wp-content\/uploads\/sites\/5\/2019\/11\/obras-tlaxiaco.png 952w, https:\/\/www.oaxaca.gob.mx\/cao\/wp-content\/uploads\/sites\/5\/2019\/11\/obras-tlaxiaco-300x126.png 300w, https:\/\/www.oaxaca.gob.mx\/cao\/wp-content\/uploads\/sites\/5\/2019\/11\/obras-tlaxiaco-768x323.png 768w\" sizes=\"auto, (max-width: 952px) 100vw, 952px\" title=\"Inician obras carreteras en Tlaxiaco.\" \/><\/a>\r\n\t\t\t\t\t\t\t\t\t\t<h2 class=\"su-post-title\"><a href=\"https:\/\/www.oaxaca.gob.mx\/cao\/2019\/11\/11\/inician-obras-carreteras-en-tlaxiaco\/\">Inician obras carreteras en Tlaxiaco.<\/a><\/h2>\r\n\t\t\t\t\t<div class=\"su-post-meta\">Publicado: 12 noviembre, 2019<\/div>\r\n\t\t\t\t\t<div class=\"su-post-excerpt\">\r\n\t\t\t\t\t\t<p>Reyes Mantec\u00f3n, Oax. 11 de Noviembre del 2019.-&nbsp;-. El Gobierno del Estado de Oaxaca a trav\u00e9s de Caminos y Aeropistas de Oaxaca, dio inicio a los trabajos de reconstrucci\u00f3n y ampliaci\u00f3n de 7.17 kil\u00f3metros de tramos carreteros en el distrito de Tlaxiaco, con una inversi\u00f3n de 34 millones 600 mil pesos. El Director de esta [&hellip;]<\/p>\n\t\t\t\t\t<\/div>\r\n\t\t\t\t\t<a href=\"https:\/\/www.oaxaca.gob.mx\/cao\/2019\/11\/11\/inician-obras-carreteras-en-tlaxiaco\/#respond\" class=\"su-post-comments-link\">0 comentarios<\/a>\r\n\t\t\t\t<\/div>\r\n\r\n\t\t\t\t\r\n\t\t\t\t<div id=\"su-post-8028\" class=\"su-post\">\r\n\t\t\t\t\t\t\t\t\t\t\t<a class=\"su-post-thumbnail\" href=\"https:\/\/www.oaxaca.gob.mx\/cao\/invierten-40-mdp-en-carreteras-de-la-mixteca\/\"><img loading=\"lazy\" decoding=\"async\" width=\"952\" height=\"400\" src=\"https:\/\/www.oaxaca.gob.mx\/cao\/wp-content\/uploads\/sites\/5\/2019\/10\/obras-mixteca.png\" class=\"attachment-post-thumbnail size-post-thumbnail wp-post-image\" alt=\"Invierten 40 mdp en carreteras de la Mixteca.\" srcset=\"https:\/\/www.oaxaca.gob.mx\/cao\/wp-content\/uploads\/sites\/5\/2019\/10\/obras-mixteca.png 952w, https:\/\/www.oaxaca.gob.mx\/cao\/wp-content\/uploads\/sites\/5\/2019\/10\/obras-mixteca-300x126.png 300w, https:\/\/www.oaxaca.gob.mx\/cao\/wp-content\/uploads\/sites\/5\/2019\/10\/obras-mixteca-768x323.png 768w\" sizes=\"auto, (max-width: 952px) 100vw, 952px\" title=\"Invierten 40 mdp en carreteras de la Mixteca.\" \/><\/a>\r\n\t\t\t\t\t\t\t\t\t\t<h2 class=\"su-post-title\"><a href=\"https:\/\/www.oaxaca.gob.mx\/cao\/invierten-40-mdp-en-carreteras-de-la-mixteca\/\">Invierten 40 mdp en carreteras de la Mixteca.<\/a><\/h2>\r\n\t\t\t\t\t<div class=\"su-post-meta\">Publicado: 24 octubre, 2019<\/div>\r\n\t\t\t\t\t<div class=\"su-post-excerpt\">\r\n\t\t\t\t\t\t<p>Reyes Mantec\u00f3n, Oax. 23 de Octubre del 2019.-&nbsp;El Gobierno del Estado a trav\u00e9s de Caminos y Aeropistas de Oaxaca (CAO), realiz\u00f3 la entrega de obras de infraestructura carretera en la Regi\u00f3n Mixteca por un monto de 40.1 millones de pesos en beneficio de 59 mil 462 habitantes. El director general de la dependencia David Mayr\u00e9n [&hellip;]<\/p>\n\t\t\t\t\t<\/div>\r\n\t\t\t\t\t<a href=\"https:\/\/www.oaxaca.gob.mx\/cao\/invierten-40-mdp-en-carreteras-de-la-mixteca\/#respond\" class=\"su-post-comments-link\">0 comentarios<\/a>\r\n\t\t\t\t<\/div>\r\n\r\n\t\t\t\t\r\n\t\t\t\t<div id=\"su-post-7904\" class=\"su-post\">\r\n\t\t\t\t\t\t\t\t\t\t\t<a class=\"su-post-thumbnail\" href=\"https:\/\/www.oaxaca.gob.mx\/cao\/2019\/10\/16\/ejecutara-cao-obra-de-urbanizacion-en-zoquiapam\/\"><img loading=\"lazy\" decoding=\"async\" width=\"952\" height=\"400\" src=\"https:\/\/www.oaxaca.gob.mx\/cao\/wp-content\/uploads\/sites\/5\/2019\/10\/obra-zoquiapam.png\" class=\"attachment-post-thumbnail size-post-thumbnail wp-post-image\" alt=\"Ejecutar\u00e1 CAO obra de urbanizaci\u00f3n en Zoquiap\u00e1m.\" srcset=\"https:\/\/www.oaxaca.gob.mx\/cao\/wp-content\/uploads\/sites\/5\/2019\/10\/obra-zoquiapam.png 952w, https:\/\/www.oaxaca.gob.mx\/cao\/wp-content\/uploads\/sites\/5\/2019\/10\/obra-zoquiapam-300x126.png 300w, https:\/\/www.oaxaca.gob.mx\/cao\/wp-content\/uploads\/sites\/5\/2019\/10\/obra-zoquiapam-768x323.png 768w\" sizes=\"auto, (max-width: 952px) 100vw, 952px\" title=\"Ejecutar\u00e1 CAO obra de urbanizaci\u00f3n en Zoquiap\u00e1m.\" \/><\/a>\r\n\t\t\t\t\t\t\t\t\t\t<h2 class=\"su-post-title\"><a href=\"https:\/\/www.oaxaca.gob.mx\/cao\/2019\/10\/16\/ejecutara-cao-obra-de-urbanizacion-en-zoquiapam\/\">Ejecutar\u00e1 CAO obra de urbanizaci\u00f3n en Zoquiap\u00e1m.<\/a><\/h2>\r\n\t\t\t\t\t<div class=\"su-post-meta\">Publicado: 18 octubre, 2019<\/div>\r\n\t\t\t\t\t<div class=\"su-post-excerpt\">\r\n\t\t\t\t\t\t<p>Nuevo Zoquiap\u00e1m, Oax. 16 de Octubre del 2019.-&nbsp;En representaci\u00f3n del gobernador del estado, Mtro. Alejandro Murat Hinojosa, el titular de Caminos y Aeropistas de Oaxaca, David Mayr\u00e9n Carrasco, dio el Banderazo de inicio de la obra \u201cConstrucci\u00f3n de pavimento con concreto hidr\u00e1ulico de la avenida 24 de febrero en la localidad de Nuevo Zoqui\u00e1pam\u201d, en [&hellip;]<\/p>\n\t\t\t\t\t<\/div>\r\n\t\t\t\t\t<a href=\"https:\/\/www.oaxaca.gob.mx\/cao\/2019\/10\/16\/ejecutara-cao-obra-de-urbanizacion-en-zoquiapam\/#respond\" class=\"su-post-comments-link\">0 comentarios<\/a>\r\n\t\t\t\t<\/div>\r\n\r\n\t\t\t\t\r\n\t\t\t\t<div id=\"su-post-7900\" class=\"su-post\">\r\n\t\t\t\t\t\t\t\t\t\t\t<a class=\"su-post-thumbnail\" href=\"https:\/\/www.oaxaca.gob.mx\/cao\/con-actividades-deportivas-cao-celebra-dia-del-caminero\/\"><img loading=\"lazy\" decoding=\"async\" width=\"952\" height=\"400\" src=\"https:\/\/www.oaxaca.gob.mx\/cao\/wp-content\/uploads\/sites\/5\/2019\/10\/dia-caminero.png\" class=\"attachment-post-thumbnail size-post-thumbnail wp-post-image\" alt=\"Con actividades deportivas CAO celebra D\u00eda del Caminero.\" srcset=\"https:\/\/www.oaxaca.gob.mx\/cao\/wp-content\/uploads\/sites\/5\/2019\/10\/dia-caminero.png 952w, https:\/\/www.oaxaca.gob.mx\/cao\/wp-content\/uploads\/sites\/5\/2019\/10\/dia-caminero-300x126.png 300w, https:\/\/www.oaxaca.gob.mx\/cao\/wp-content\/uploads\/sites\/5\/2019\/10\/dia-caminero-768x323.png 768w\" sizes=\"auto, (max-width: 952px) 100vw, 952px\" title=\"Con actividades deportivas CAO celebra D\u00eda del Caminero.\" \/><\/a>\r\n\t\t\t\t\t\t\t\t\t\t<h2 class=\"su-post-title\"><a href=\"https:\/\/www.oaxaca.gob.mx\/cao\/con-actividades-deportivas-cao-celebra-dia-del-caminero\/\">Con actividades deportivas CAO celebra D\u00eda del Caminero.<\/a><\/h2>\r\n\t\t\t\t\t<div class=\"su-post-meta\">Publicado: 16 octubre, 2019<\/div>\r\n\t\t\t\t\t<div class=\"su-post-excerpt\">\r\n\t\t\t\t\t\t<p>Reyes Mantec\u00f3n, Oax. 16 de Octubre del 2019.-&nbsp;En un marco de compa\u00f1erismo, las y los trabajadores de Caminos y Aeropistas de Oaxaca, participaron en las actividades deportivas que se desarrollaron como parte de los festejos del \u201cD\u00eda del caminero 2019\u201d. Con la participaci\u00f3n de mujeres y hombres que laboran en esta dependencia, se llev\u00f3 a [&hellip;]<\/p>\n\t\t\t\t\t<\/div>\r\n\t\t\t\t\t<a href=\"https:\/\/www.oaxaca.gob.mx\/cao\/con-actividades-deportivas-cao-celebra-dia-del-caminero\/#respond\" class=\"su-post-comments-link\">0 comentarios<\/a>\r\n\t\t\t\t<\/div>\r\n\r\n\t\t\t\t\r\n\t\t\t\t<div id=\"su-post-7880\" class=\"su-post\">\r\n\t\t\t\t\t\t\t\t\t\t\t<a class=\"su-post-thumbnail\" href=\"https:\/\/www.oaxaca.gob.mx\/cao\/reconoce-cao-trayectoria-de-empleados-en-el-dia-del-caminero\/\"><img loading=\"lazy\" decoding=\"async\" width=\"952\" height=\"400\" src=\"https:\/\/www.oaxaca.gob.mx\/cao\/wp-content\/uploads\/sites\/5\/2019\/10\/boletin-entrega-reconocimientos-2019.png\" class=\"attachment-post-thumbnail size-post-thumbnail wp-post-image\" alt=\"Reconoce CAO trayectoria de empleados en el D\u00eda del Caminero.\" srcset=\"https:\/\/www.oaxaca.gob.mx\/cao\/wp-content\/uploads\/sites\/5\/2019\/10\/boletin-entrega-reconocimientos-2019.png 952w, https:\/\/www.oaxaca.gob.mx\/cao\/wp-content\/uploads\/sites\/5\/2019\/10\/boletin-entrega-reconocimientos-2019-300x126.png 300w, https:\/\/www.oaxaca.gob.mx\/cao\/wp-content\/uploads\/sites\/5\/2019\/10\/boletin-entrega-reconocimientos-2019-768x323.png 768w\" sizes=\"auto, (max-width: 952px) 100vw, 952px\" title=\"Reconoce CAO trayectoria de empleados en el D\u00eda del Caminero.\" \/><\/a>\r\n\t\t\t\t\t\t\t\t\t\t<h2 class=\"su-post-title\"><a href=\"https:\/\/www.oaxaca.gob.mx\/cao\/reconoce-cao-trayectoria-de-empleados-en-el-dia-del-caminero\/\">Reconoce CAO trayectoria de empleados en el D\u00eda del Caminero.<\/a><\/h2>\r\n\t\t\t\t\t<div class=\"su-post-meta\">Publicado: 15 octubre, 2019<\/div>\r\n\t\t\t\t\t<div class=\"su-post-excerpt\">\r\n\t\t\t\t\t\t<p>Reyes Mantec\u00f3n, Oax. 14 de Octubre del 2019.-&nbsp;El titular de caminos y Aeropistas de Oaxaca, Ing. David Miguel Mayr\u00e9n Carrasco, encabezo la entrega de reconocimientos a trabajadoras y trabajadores que han prestado sus servicios durante 20, 25 y 29 a\u00f1os en esta instituci\u00f3n. Con la presencia del Secretario de Administraci\u00f3n, German Espinoza Santib\u00e1\u00f1ez, Secretario de [&hellip;]<\/p>\n\t\t\t\t\t<\/div>\r\n\t\t\t\t\t<a href=\"https:\/\/www.oaxaca.gob.mx\/cao\/reconoce-cao-trayectoria-de-empleados-en-el-dia-del-caminero\/#respond\" class=\"su-post-comments-link\">0 comentarios<\/a>\r\n\t\t\t\t<\/div>\r\n\r\n\t\t\t\t\r\n\t\t\t\t<div id=\"su-post-7824\" class=\"su-post\">\r\n\t\t\t\t\t\t\t\t\t\t\t<a class=\"su-post-thumbnail\" href=\"https:\/\/www.oaxaca.gob.mx\/cao\/continua-cao-atendiendo-caminos-afectados-por-narda\/\"><img loading=\"lazy\" decoding=\"async\" width=\"952\" height=\"400\" src=\"https:\/\/www.oaxaca.gob.mx\/cao\/wp-content\/uploads\/sites\/5\/2019\/10\/tramos-atendidos-narda.png\" class=\"attachment-post-thumbnail size-post-thumbnail wp-post-image\" alt=\"CONTINUA CAO ATENDIENDO CAMINOS AFECTADOS POR NARDA.\" srcset=\"https:\/\/www.oaxaca.gob.mx\/cao\/wp-content\/uploads\/sites\/5\/2019\/10\/tramos-atendidos-narda.png 952w, https:\/\/www.oaxaca.gob.mx\/cao\/wp-content\/uploads\/sites\/5\/2019\/10\/tramos-atendidos-narda-300x126.png 300w, https:\/\/www.oaxaca.gob.mx\/cao\/wp-content\/uploads\/sites\/5\/2019\/10\/tramos-atendidos-narda-768x323.png 768w\" sizes=\"auto, (max-width: 952px) 100vw, 952px\" title=\"CONTINUA CAO ATENDIENDO CAMINOS AFECTADOS POR NARDA.\" \/><\/a>\r\n\t\t\t\t\t\t\t\t\t\t<h2 class=\"su-post-title\"><a href=\"https:\/\/www.oaxaca.gob.mx\/cao\/continua-cao-atendiendo-caminos-afectados-por-narda\/\">CONTINUA CAO ATENDIENDO CAMINOS AFECTADOS POR NARDA.<\/a><\/h2>\r\n\t\t\t\t\t<div class=\"su-post-meta\">Publicado: 10 octubre, 2019<\/div>\r\n\t\t\t\t\t<div class=\"su-post-excerpt\">\r\n\t\t\t\t\t\t<p>Reyes Mantec\u00f3n, Oax. 09 de Octubre del 2019.-&nbsp;A 11 d\u00edas de que la Tormenta Tropical \u201cNarda\u201d dejara afectaciones en varios tramos carreteros de la entidad, el Gobierno del Estado a trav\u00e9s Caminos y Aeropistas de Oaxaca (CAO), sigue realizando acciones para atender las v\u00edas que sufrieron afectaciones y restablecer el paso en las localidades que [&hellip;]<\/p>\n\t\t\t\t\t<\/div>\r\n\t\t\t\t\t<a href=\"https:\/\/www.oaxaca.gob.mx\/cao\/continua-cao-atendiendo-caminos-afectados-por-narda\/#respond\" class=\"su-post-comments-link\">0 comentarios<\/a>\r\n\t\t\t\t<\/div>\r\n\r\n\t\t\t\t\r\n\t\t\t\t<div id=\"su-post-7700\" class=\"su-post\">\r\n\t\t\t\t\t\t\t\t\t\t\t<a class=\"su-post-thumbnail\" href=\"https:\/\/www.oaxaca.gob.mx\/cao\/son-118-tramos-carreteros-afectados-por-narda-cao\/\"><img loading=\"lazy\" decoding=\"async\" width=\"952\" height=\"400\" src=\"https:\/\/www.oaxaca.gob.mx\/cao\/wp-content\/uploads\/sites\/5\/2019\/10\/118-tramos.png\" class=\"attachment-post-thumbnail size-post-thumbnail wp-post-image\" alt=\"Son 118 tramos carreteros afectados por Narda: CAO.\" srcset=\"https:\/\/www.oaxaca.gob.mx\/cao\/wp-content\/uploads\/sites\/5\/2019\/10\/118-tramos.png 952w, https:\/\/www.oaxaca.gob.mx\/cao\/wp-content\/uploads\/sites\/5\/2019\/10\/118-tramos-300x126.png 300w, https:\/\/www.oaxaca.gob.mx\/cao\/wp-content\/uploads\/sites\/5\/2019\/10\/118-tramos-768x323.png 768w\" sizes=\"auto, (max-width: 952px) 100vw, 952px\" title=\"Son 118 tramos carreteros afectados por Narda: CAO.\" \/><\/a>\r\n\t\t\t\t\t\t\t\t\t\t<h2 class=\"su-post-title\"><a href=\"https:\/\/www.oaxaca.gob.mx\/cao\/son-118-tramos-carreteros-afectados-por-narda-cao\/\">Son 118 tramos carreteros afectados por Narda: CAO.<\/a><\/h2>\r\n\t\t\t\t\t<div class=\"su-post-meta\">Publicado: 3 octubre, 2019<\/div>\r\n\t\t\t\t\t<div class=\"su-post-excerpt\">\r\n\t\t\t\t\t\t<p>Reyes Mantec\u00f3n, Oax. 03 de Octubre del 2019.-&nbsp;Como consecuencia de las intensas lluvias provocadas por la Tormenta Tropical \u201cNarda\u201d, Caminos y Aeropistas de Oaxaca (CAO), hasta el momento tiene el reporte de 118 tramos carreteros afectados por deslaves, derrumbes e inundaciones. El director general de CAO, David Mayr\u00e9n Carrasco precis\u00f3 que en el \u00faltimo reporte [&hellip;]<\/p>\n\t\t\t\t\t<\/div>\r\n\t\t\t\t\t<a href=\"https:\/\/www.oaxaca.gob.mx\/cao\/son-118-tramos-carreteros-afectados-por-narda-cao\/#respond\" class=\"su-post-comments-link\">0 comentarios<\/a>\r\n\t\t\t\t<\/div>\r\n\r\n\t\t\t\t\r\n\t\t\t\t<div id=\"su-post-7668\" class=\"su-post\">\r\n\t\t\t\t\t\t\t\t\t\t\t<a class=\"su-post-thumbnail\" href=\"https:\/\/www.oaxaca.gob.mx\/cao\/inicia-reconstruccion-de-carretera-a-puerto-escondido\/\"><img loading=\"lazy\" decoding=\"async\" width=\"952\" height=\"400\" src=\"https:\/\/www.oaxaca.gob.mx\/cao\/wp-content\/uploads\/sites\/5\/2019\/10\/pto-escondido.png\" class=\"attachment-post-thumbnail size-post-thumbnail wp-post-image\" alt=\"Inicia reconstrucci\u00f3n de carretera a Puerto Escondido.\" srcset=\"https:\/\/www.oaxaca.gob.mx\/cao\/wp-content\/uploads\/sites\/5\/2019\/10\/pto-escondido.png 952w, https:\/\/www.oaxaca.gob.mx\/cao\/wp-content\/uploads\/sites\/5\/2019\/10\/pto-escondido-300x126.png 300w, https:\/\/www.oaxaca.gob.mx\/cao\/wp-content\/uploads\/sites\/5\/2019\/10\/pto-escondido-768x323.png 768w\" sizes=\"auto, (max-width: 952px) 100vw, 952px\" title=\"Inicia reconstrucci\u00f3n de carretera a Puerto Escondido.\" \/><\/a>\r\n\t\t\t\t\t\t\t\t\t\t<h2 class=\"su-post-title\"><a href=\"https:\/\/www.oaxaca.gob.mx\/cao\/inicia-reconstruccion-de-carretera-a-puerto-escondido\/\">Inicia reconstrucci\u00f3n de carretera a Puerto Escondido.<\/a><\/h2>\r\n\t\t\t\t\t<div class=\"su-post-meta\">Publicado: 2 octubre, 2019<\/div>\r\n\t\t\t\t\t<div class=\"su-post-excerpt\">\r\n\t\t\t\t\t\t<p>Reyes Mantec\u00f3n, Oax. 02 de Octubre del 2019.-&nbsp;El coordinador general del Comit\u00e9 Estatal de Planeaci\u00f3n para el Desarrollo de Oaxaca (Coplade), Javier Lazcano Vargas dio el banderazo de inicio de los trabajos de reconstrucci\u00f3n de 28.84 kil\u00f3metros de la carretera Sola de Vega \u2013 Puerto Escondido en la regi\u00f3n de la Costa, obra que tendr\u00e1 [&hellip;]<\/p>\n\t\t\t\t\t<\/div>\r\n\t\t\t\t\t<a href=\"https:\/\/www.oaxaca.gob.mx\/cao\/inicia-reconstruccion-de-carretera-a-puerto-escondido\/#respond\" class=\"su-post-comments-link\">0 comentarios<\/a>\r\n\t\t\t\t<\/div>\r\n\r\n\t\t\t\t\t\t<div class=\"row\">\r\n            <div class=\"col-md-6 text-left\"><h5><a href=\"https:\/\/www.oaxaca.gob.mx\/cao\/wp-json\/wp\/v2\/pages\/4428\/page\/2\/\" >Noticias anteriores<\/a><\/h5><\/div>\r\n            <div class=\"col-md-6 text-right\"><h5><\/h5><\/div>\r\n        <\/div>\r\n        <\/div>\n","protected":false},"excerpt":{"rendered":"","protected":false},"author":1,"featured_media":0,"parent":0,"menu_order":0,"comment_status":"closed","ping_status":"closed","template":"","meta":{"episode_type":"","audio_file":"","podmotor_file_id":"","podmotor_episode_id":"","cover_image":"","cover_image_id":"","duration":"","filesize":"","filesize_raw":"","date_recorded":"","explicit":"","block":"","itunes_episode_number":"","itunes_title":"","itunes_season_number":"","itunes_episode_type":"","footnotes":""},"categories":[],"tags":[],"class_list":["post-4428","page","type-page","status-publish","hentry"],"publishpress_future_action":{"enabled":false,"date":"2026-05-04 12:32:11","action":"change-status","newStatus":"draft","terms":[],"taxonomy":"category","extraData":[]},"publishpress_future_workflow_manual_trigger":{"enabledWorkflows":[]},"_links":{"self":[{"href":"https:\/\/www.oaxaca.gob.mx\/cao\/wp-json\/wp\/v2\/pages\/4428","targetHints":{"allow":["GET"]}}],"collection":[{"href":"https:\/\/www.oaxaca.gob.mx\/cao\/wp-json\/wp\/v2\/pages"}],"about":[{"href":"https:\/\/www.oaxaca.gob.mx\/cao\/wp-json\/wp\/v2\/types\/page"}],"author":[{"embeddable":true,"href":"https:\/\/www.oaxaca.gob.mx\/cao\/wp-json\/wp\/v2\/users\/1"}],"replies":[{"embeddable":true,"href":"https:\/\/www.oaxaca.gob.mx\/cao\/wp-json\/wp\/v2\/comments?post=4428"}],"version-history":[{"count":2,"href":"https:\/\/www.oaxaca.gob.mx\/cao\/wp-json\/wp\/v2\/pages\/4428\/revisions"}],"predecessor-version":[{"id":11630,"href":"https:\/\/www.oaxaca.gob.mx\/cao\/wp-json\/wp\/v2\/pages\/4428\/revisions\/11630"}],"wp:attachment":[{"href":"https:\/\/www.oaxaca.gob.mx\/cao\/wp-json\/wp\/v2\/media?parent=4428"}],"wp:term":[{"taxonomy":"category","embeddable":true,"href":"https:\/\/www.oaxaca.gob.mx\/cao\/wp-json\/wp\/v2\/categories?post=4428"},{"taxonomy":"post_tag","embeddable":true,"href":"https:\/\/www.oaxaca.gob.mx\/cao\/wp-json\/wp\/v2\/tags?post=4428"}],"curies":[{"name":"wp","href":"https:\/\/api.w.org\/{rel}","templated":true}]}}